{"id":5056,"date":"2016-11-07T17:18:00","date_gmt":"2016-11-07T16:18:00","guid":{"rendered":"https:\/\/fonds-risq.qc.ca\/our-impact\/portraits-dentreprises\/"},"modified":"2022-05-18T14:11:33","modified_gmt":"2022-05-18T18:11:33","slug":"business-portraits","status":"publish","type":"page","link":"https:\/\/fonds-risq.qc.ca\/en\/our-impact\/business-portraits\/","title":{"rendered":"Business portraits"},"content":{"rendered":"<section class=\"l-section wpb_row us_custom_5fb9c346 height_small\"><div class=\"l-section-h i-cf\"><div class=\"g-cols vc_row via_flex valign_top type_default stacking_default\"><div class=\"vc_col-sm-12 wpb_column vc_column_container has_text_color\"><div class=\"vc_column-inner us_custom_6df4bc3a\"><div class=\"wpb_wrapper\"><div class=\"wpb_text_column\"><div class=\"wpb_wrapper\"><h4>FOCUS ON COLLECTIVE ENTERPRISES!<strong><span style=\"font-size: 10pt;\">*<\/span><\/strong><\/h4>\n<p>RISQ is proud to support these enterprises. Their exceptional impact and essential contributions to their communities continue to multiply over the years.<\/p>\n<p>Since 1997, RISQ has invested over $35 million in the emergence, development, growth, and consolidation of innovative and beneficial enterprises. With projects that contribute to their communities\u2019 development, they provide quality services and bolster their sectors while creating long-lasting and quality employment.<\/p>\n<p><strong>Learn about them, get inspired, and, above all, encourage them!<\/strong><\/p>\n<p>*RISQ has 945 enterprises in its portfolio.\u00a0 Some examples:<\/p>\n<\/div><\/div><\/div><\/div><\/div><\/div><\/div><\/section><!-- Row Backgrounds --><div class=\"upb_grad\" data-grad=\"background: -webkit-gradient(linear, left top, left bottom, color-stop(0%, #B7C634), color-stop(100%, #0096C8));background: -moz-linear-gradient(-45deg,#B7C634 0%,#0096C8 100%);background: -webkit-linear-gradient(-45deg,#B7C634 0%,#0096C8 100%);background: -o-linear-gradient(-45deg,#B7C634 0%,#0096C8 100%);background: -ms-linear-gradient(-45deg,#B7C634 0%,#0096C8 100%);background: linear-gradient(-45deg,#B7C634 0%,#0096C8 100%);\" data-bg-override=\"0\" data-upb-overlay-color=\"\" data-upb-bg-animation=\"\" data-fadeout=\"\" data-fadeout-percentage=\"30\" data-parallax-content=\"\" data-parallax-content-sense=\"30\" data-row-effect-mobile-disable=\"true\" data-img-parallax-mobile-disable=\"true\" data-rtl=\"false\"  data-custom-vc-row=\"\"  data-vc=\"8.7.2\"  data-is_old_vc=\"\"  data-theme-support=\"\"   data-overlay=\"false\" data-overlay-color=\"\" data-overlay-pattern=\"\" data-overlay-pattern-opacity=\"\" data-overlay-pattern-size=\"\"    ><\/div><section class=\"l-section wpb_row height_medium\"><div class=\"l-section-h i-cf\"><div class=\"g-cols vc_row via_flex valign_top type_default stacking_default\"><div class=\"vc_col-sm-12 wpb_column vc_column_container\"><div class=\"vc_column-inner\"><div class=\"wpb_wrapper\"><!-- The Grid Plugin Version 2.8.1 --><!-- The Grid Wrapper Start --><div class=\"tg-grid-wrapper tg-txt\" id=\"grid-5033\" data-version=\"2.8.1\"><!-- The Grid Styles --><style class=\"tg-grid-styles\" type=\"text\/css\">#grid-5033 .tg-nav-color:not(.dots):not(.tg-dropdown-value):not(.tg-dropdown-title):hover,#grid-5033 .tg-nav-color:hover .tg-nav-color,#grid-5033 .tg-page-number.tg-page-current,#grid-5033 .tg-filter.tg-filter-active span{color:#ff6863}#grid-5033 .tg-filter:before,#grid-5033 .tg-filter.tg-filter-active:before{color:#999999}#grid-5033 .tg-dropdown-holder,#grid-5033 .tg-search-inner,#grid-5033 .tg-sorter-order{border:1px solid #DDDDDD}#grid-5033 .tg-search-clear,#grid-5033 .tg-search-clear:hover{border:none;border-left:1px solid #DDDDDD}.tg-txt .tg-nav-font,.tg-txt input[type=text].tg-search{font-size:14px;font-weight:600}.tg-txt .tg-search::-webkit-input-placeholder{font-size:14px}.tg-txt .tg-search::-moz-placeholder{font-size:14px}.tg-txt .tg-search:-ms-input-placeholder{font-size:14px}.tg-txt .tg-icon-left-arrow:before{content:\"\\e604\";font-size:32px;font-weight:100}.tg-txt .tg-icon-right-arrow:before{content:\"\\e602\";font-size:32px;font-weight:100}.tg-txt .tg-icon-dropdown-open:before,.tg-txt .tg-icon-sorter-down:before{content:\"\\e60a\"}.tg-txt .tg-icon-sorter-up:before{content:\"\\e609\"}.tg-txt .tg-search-clear:before{content:\"\\e611\";font-weight:300}.tg-txt .tg-search-icon:before{content:\"\\e62e\";font-size:16px;font-weight:600}#grid-5033 .tg-nav-color,#grid-5033 .tg-search-icon:hover:before,#grid-5033 .tg-search-icon:hover input,#grid-5033 .tg-disabled:hover .tg-icon-left-arrow,#grid-5033 .tg-disabled:hover .tg-icon-right-arrow,#grid-5033 .tg-dropdown-title.tg-nav-color:hover{color:#999999}#grid-5033 input.tg-search:hover{color:#999999 !important}#grid-5033 input.tg-search::-webkit-input-placeholder{color:#999999}#grid-5033 input.tg-search::-moz-placeholder{color:#999999;opacity:1}#grid-5033 input.tg-search:-ms-input-placeholder{color:#999999}.grid-5033 .tg-dropdown-item{color:#777777;background:#ffffff}.grid-5033 .tg-filter-active,.grid-5033 .tg-dropdown-item:hover{color:#444444;background:#f5f6fa}#grid-5033 .tg-slider-bullets li.tg-active-item span{background:#59585b}#grid-5033 .tg-slider-bullets li span{background:#DDDDDD}#grid-5033 .tg-grid-area-top1{text-align:center}.kampala a,.kampala a:active,.kampala a:focus,.kampala .tg-share-icons i{text-decoration:none;border:none;-webkit-box-shadow:none;box-shadow:none;-webkit-transition:opacity 0.25s ease,color 0.25s ease,-webkit-transform 0.5s cubic-bezier(.39,1.89,.55,1.45);-moz-transition:opacity 0.25s ease,color 0.25s ease,-moz-transform 0.5s cubic-bezier(.39,1.89,.55,1.45);-ms-transition:opacity 0.25s ease,color 0.25s ease,-ms-transform 0.5s cubic-bezier(.39,1.89,.55,1.45);-o-transition:opacity 0.25s ease,color 0.25s ease,-o-transform 0.5s cubic-bezier(.39,1.89,.55,1.45);transition:opacity 0.25s ease,color 0.25s ease,transform 0.5s cubic-bezier(.39,1.89,.55,1.45)}.kampala a:not(.mejs-volume-slider):hover{opacity:0.85}.kampala .tg-item-overlay{position:absolute;left:0;right:0;top:0;width:75px;height:75px;margin:0 auto;border-radius:50%;-webkit-transform:matrix3d(0.8,0,0,0,0,0.8,0,0,0,0,1,0,0,0,0,1);-moz-transform:matrix3d(0.8,0,0,0,0,0.8,0,0,0,0,1,0,0,0,0,1);-ms-transform:matrix3d(0.8,0,0,0,0,0.8,0,0,0,0,1,0,0,0,0,1);-o-transform:matrix3d(0.8,0,0,0,0,0.8,0,0,0,0,1,0,0,0,0,1);transform:matrix3d(0.8,0,0,0,0,0.8,0,0,0,0,1,0,0,0,0,1)}.kampala .tg-media-button,.kampala .tg-link-button{position:relative;display:block;vertical-align:middle;height:75px;width:75px;margin:0 auto;padding:0;cursor:pointer}.kampala .tg-item-overlay,.kampala .tg-media-button,.kampala .tg-link-button{opacity:0;-webkit-transition:all 0.5s cubic-bezier(.39,1.89,.55,1.45);-moz-transition:all 0.5s cubic-bezier(.39,1.89,.55,1.45);-ms-transition:all 0.5s cubic-bezier(.39,1.89,.55,1.45);-o-transition:all 0.5s cubic-bezier(.39,1.89,.55,1.45);transition:all 0.5s cubic-bezier(.39,1.89,.55,1.45)}.kampala .tg-media-button i,.kampala .tg-link-button i{position:relative;display:block;height:100%;width:100%;line-height:75px;font-size:24px;text-align:center}.kampala .tg-media-button,.kampala .tg-link-button{-webkit-transform:matrix3d(1.35,0,0,0,0,1.35,0,0,0,0,1,0,0,0,0,1);-moz-transform:matrix3d(1.35,0,0,0,0,1.35,0,0,0,0,1,0,0,0,0,1);-ms-transform:matrix3d(1.35,0,0,0,0,1.35,0,0,0,0,1,0,0,0,0,1);-o-transform:matrix3d(1.35,0,0,0,0,1.35,0,0,0,0,1,0,0,0,0,1);transform:matrix3d(1.35,0,0,0,0,1.35,0,0,0,0,1,0,0,0,0,1)}.kampala .tg-item-media-holder:hover .tg-item-overlay,.kampala .tg-item-media-holder:hover .tg-media-button,.kampala .tg-item-media-holder:hover .tg-link-button{opacity:1;-webkit-transform:matrix3d(1,0,0,0,0,1,0,0,0,0,1,0,0,0,0,1);-moz-transform:matrix3d(1,0,0,0,0,1,0,0,0,0,1,0,0,0,0,1);-ms-transform:matrix3d(1,0,0,0,0,1,0,0,0,0,1,0,0,0,0,1);-o-transform:matrix3d(1,0,0,0,0,1,0,0,0,0,1,0,0,0,0,1);transform:matrix3d(1,0,0,0,0,1,0,0,0,0,1,0,0,0,0,1)}.kampala .tg-item-decoration{position:absolute;display:block;width:20%;right:0;bottom:-1px}.triangle-up-left{width:0;height:0;padding-bottom:100%;padding-left:100%;overflow:hidden}.triangle-up-left:after{content:\"\";display:block;width:0;height:0;margin-left:-500px;border-bottom:500px solid transparent;border-left:500px solid;border-left-color:inherit}.triangle-down-right{width:100%;height:0;padding-top:100%;overflow:hidden}.triangle-down-right:after{content:\"\";display:block;width:0;height:0;margin-top:-500px;border-top:500px solid transparent;border-right:500px solid;border-right-color:inherit}.kampala .tg-icon-reply{position:absolute;display:block;top:15%;left:12%;height:30px;width:30px;padding:0;margin:0 auto 0 auto;text-align:center;font-size:20px;cursor:pointer}.kampala .tg-item-decoration svg{position:absolute;display:block;bottom:0;right:0}.kampala .tg-item-share-holder{position:absolute;display:block;width:20%;min-width:74px;left:0px;top:0}.kampala .tg-share-icons{position:absolute;display:block;z-index:2;width:30px;top:30%;left:20%;margin:14px 0 0 -7px;padding:4px 0;opacity:0;text-align:center;visibility:hidden;background-color:rgba(255,255,255,0.9);-webkit-box-shadow:0 0 20px rgba(0,0,0,0.25);-moz-box-shadow:0 0 20px rgba(0,0,0,0.25);box-shadow:0 0 20px rgba(0,0,0,0.25);-webkit-transform:translateY(14px);-moz-transform:translateY(14px);-ms-transform:translateY(14px);-o-transform:translateY(14px);transform:translateY(14px);-webkit-transition:-webkit-transform 0.15s ease,opacity 0.15s ease,visibility 0.15s step-end;-moz-transition:-moz-transform 0.15s ease,opacity 0.15s ease,visibility 0.15s step-end;-ms-transition:-ms-transform 0.15s ease,opacity 0.15s ease,visibility 0.15s step-end;-o-transition:-o-transform 0.15s ease,opacity 0.15s ease,visibility 0.15s step-end;transition:transform 0.15s ease,opacity 0.15s ease,visibility 0.15s step-end}.kampala .tg-icon-reply:hover + .tg-share-icons,.kampala .tg-share-icons:hover{opacity:1;visibility:visible;-webkit-transform:translateY(0);-moz-transform:translateY(0);-ms-transform:translateY(0);-o-transform:translateY(0);transform:translateY(0);-webkit-transition:-webkit-transform 0.15s ease,opacity 0.15s ease,visibility 0s step-end;-moz-transition:-moz-transform 0.15s ease,opacity 0.15s ease,visibility 0s step-end;-ms-transition:-ms-transform 0.15s ease,opacity 0.15s ease,visibility 0s step-end;-o-transition:-o-transform 0.15s ease,opacity 0.15s ease,visibility 0s step-end;transition:transform 0.15s ease,opacity 0.15s ease,visibility 0s step-end}.kampala .tg-share-icons:before{position:absolute;content:'';width:0;height:0;left:50%;top:-5px;margin-left:-5px;border-bottom:5px solid rgba(255,255,255,0.9);border-left:5px solid transparent;border-right:5px solid transparent}.kampala .tg-share-icons a,.kampala .tg-share-icons i{position:relative;float:left;width:100%;height:24px;font-size:14px;line-height:24px;color:#444444 !important;cursor:pointer}.kampala .tg-share-icons i.tg-icon-facebook:hover{color:#3b5998 !important}.kampala .tg-share-icons i.tg-icon-twitter:hover{color:#55acee !important}.kampala .tg-share-icons i.tg-icon-google-plus:hover{color:#d34836 !important}.kampala .tg-share-icons i.tg-icon-pinterest:hover{color:#cb2027 !important}.kampala .tg-item-content-holder{position:relative;display:block;padding:20px 9%}.kampala .quote-format.tg-item-content-holder,.kampala .link-format.tg-item-content-holder{z-index:auto}.kampala h2{margin:0 10px !important;padding:0 !important;outline:none}.kampala .tg-item-title,.kampala .tg-item-title a{margin:0 !important;padding:0 !important;text-align:center;font-size:18px;line-height:26px;font-weight:600;text-transform:uppercase}.kampala .tg-item-title{margin:30px 0 0 0 !important}.kampala h2.tg-quote-content,.kampala h2.tg-link-content{margin:0 !important;padding:0 !important;line-height:26px}.kampala .tg-quote-author,.kampala .tg-link-url{position:relative;display:inline-block;width:100%;margin:8px 0 0 0;text-align:center;font-size:12px;line-height:16px;font-weight:normal;font-variant:normal;font-style:italic;text-transform:none}.kampala .tg-quote-icon,.kampala .tg-link-icon{font-size:22px}.kampala .tg-item-date{position:relative;display:block;margin:10px 30px 0 30px;text-align:center;font-size:13px;font-weight:600;font-style:italic;text-transform:uppercase;line-height:16px}.kampala .quote-format .tg-item-date,.kampala .link-format .tg-item-date{margin:10px 30px 30px 30px}.kampala .tg-cats-holder{position:relative;display:block;padding:0;margin:4px 0 0 0;text-align:center;font-size:13px;line-height:16px;font-weight:600;text-transform:uppercase}.kampala .tg-cats-holder *{position:relative}.kampala .tg-item-excerpt{font-size:14px;line-height:28px;margin:0;padding:30px 0 0 0}.kampala .tg-item-footer{position:relative;display:inline-block;width:100%;margin:30px 0 0 0}.kampala .tg-item-comment{display:inline-block;float:left;font-size:13px;text-transform:uppercase;font-weight:600}.kampala .to-post-like{float:right;font-size:14px}.kampala .to-heart-icon{margin:1px 4px 0 0}.tg-item .tg-dark div,.tg-item .tg-dark h1,.tg-item .tg-dark h1 a,.tg-item .tg-dark h2,.tg-item .tg-dark h2 a,.tg-item .tg-dark h3,.tg-item .tg-dark h3 a,.tg-item .tg-dark h4,.tg-item .tg-dark h4 a,.tg-item .tg-dark h5,.tg-item .tg-dark h5 a,.tg-item .tg-dark h6,.tg-item .tg-dark h6 a,.tg-item .tg-dark a,.tg-item .tg-dark a.tg-link-url,.tg-item .tg-dark i,.tg-item .tg-dark .tg-media-button,.tg-item .tg-dark .tg-item-price span{color:#444444;fill:#444444;stroke:#444444;border-color:#444444}.tg-item .tg-dark p,.tg-item .tg-dark ol,.tg-item .tg-dark ul,.tg-item .tg-dark li{color:#777777;fill:#777777;stroke:#777777;border-color:#777777}.tg-item .tg-dark span,.tg-item .tg-dark .no-liked .to-heart-icon path,.tg-item .tg-dark .empty-heart .to-heart-icon path,.tg-item .tg-dark .tg-item-comment i,.tg-item .tg-dark .tg-item-price del span{color:#999999;fill:#999999;stroke:#999999;border-color:#999999}.tg-item .tg-light div,.tg-item .tg-light h1,.tg-item .tg-light h1 a,.tg-item .tg-light h2,.tg-item .tg-light h2 a,.tg-item .tg-light h3,.tg-item .tg-light h3 a,.tg-item .tg-light h4,.tg-item .tg-light h4 a,.tg-item .tg-light h5,.tg-item .tg-light h5 a,.tg-item .tg-light h6,.tg-item .tg-light h6 a,.tg-item .tg-light a,.tg-item .tg-light a.tg-link-url,.tg-item .tg-light i,.tg-item .tg-light .tg-media-button,.tg-item .tg-light .tg-item-price span{color:#ffffff;fill:#ffffff;stroke:#ffffff;border-color:#ffffff}.tg-item .tg-light p,.tg-item .tg-light ol,.tg-item .tg-light ul,.tg-item .tg-light li{color:#f5f5f5;fill:#f5f5f5;stroke:#f5f5f5;border-color:#f5f5f5}.tg-item .tg-light span,.tg-item .tg-light .no-liked .to-heart-icon path,.tg-item .tg-light .empty-heart .to-heart-icon path,.tg-item .tg-light .tg-item-comment i,.tg-item .tg-light .tg-item-price del span{color:#f6f6f6;fill:#f6f6f6;stroke:#f6f6f6;border-color:#f6f6f6}#grid-5033 .tg-item-content-holder{background-color:#ffffff}#grid-5033 .tg-item-overlay{background-color:rgba(22,22,22,0.65)}<\/style><!-- The Grid Item Sizer --><div class=\"tg-grid-sizer\"><\/div><!-- The Grid Gutter Sizer --><div class=\"tg-gutter-sizer\"><\/div><!-- The Grid Area Top 1 --><div class=\"tg-grid-area-top1\"><!-- The Grid Search holder --><div class=\"tg-search-holder\"><div class=\"tg-search-inner tg-nav-border\"><span class=\"tg-search-icon tg-nav-color tg-nav-font\"><\/span><input type=\"text\" class=\"tg-search tg-nav-color tg-nav-font\" autocomplete=\"off\" placeholder=\"Search...\" \/><span class=\"tg-search-clear tg-nav-color tg-nav-border tg-nav-font\"><\/span><\/div><\/div><\/div><!-- The Grid Items Holder --><div class=\"tg-grid-holder tg-layout-masonry\"  data-name=\"Entreprises EN\"  data-style=\"masonry\" data-row=\"1\" data-layout=\"vertical\" data-rtl=\"\" data-fitrows=\"\" data-filtercomb=\"\" data-filterlogic=\"AND\" data-filterload =\"\" data-sortbyload =\"\" data-orderload =\"false\" data-fullwidth=\"\" data-fullheight=\"null\" data-gutters=\"[[320,0],[480,0],[768,0],[980,0],[1200,0],[9999,0]]\" data-slider='{\"itemNav\":\"null\",\"swingSpeed\":0.1,\"cycleBy\":\"null\",\"cycle\":5000,\"startAt\":1}' data-ratio=\"1.00\" data-cols=\"[[320,1],[480,2],[768,3],[980,3],[1200,4],[9999,4]]\" data-rows=\"[[320,200],[480,200],[768,220],[980,220],[1200,240],[9999,240]]\" data-animation='{&quot;name&quot;:&quot;Fade in&quot;,&quot;visible&quot;:&quot;&quot;,&quot;hidden&quot;:&quot;&quot;}' data-transition=\"700ms\" data-ajaxmethod=\"\" data-ajaxdelay=\"100\" data-preloader=\"\" data-itemdelay=\"100\" data-gallery=\"\" data-ajax=\"\"><!-- The Grid item #1 --><article class=\"tg-item tg-post-20978 kampala f263 f148 f151 f149 f128 f153\" data-row=\"1\" data-col=\"1\"><div class=\"tg-item-inner\"><div class=\"tg-item-media-holder tg-light\"><div class=\"tg-item-media-inner\"><img decoding=\"async\" class=\"tg-item-image\" alt=\"\" width=\"1536\" height=\"2048\" src=\"https:\/\/fonds-risq.qc.ca\/wp-content\/uploads\/2026\/03\/Photo-Coop-Recyborg.jpg\"><\/div><div class=\"tg-center-holder\"><div class=\"tg-center-inner\"><div class=\"tg-item-overlay\"><\/div><a class=\"tg-link-button\" href=\"https:\/\/fonds-risq.qc.ca\/en\/entreprise\/coop-recyborg\/\" target=\"_self\"><i class=\"tg-icon-link\"><\/i><\/a><\/div><\/div><div class=\"tg-item-decoration\"><div class=\"triangle-down-right\" style=\"border-color:#0097c8\"><\/div><\/div><div class=\"tg-item-share-holder\"><div class=\"triangle-up-left\" style=\"border-color:rgba(22,22,22,0.65)\"><\/div><i class=\"tg-icon-reply\" style=\"color:#ffffff\"><\/i><div class=\"tg-share-icons\"><a class=\"tg-social-share tg-facebook\" href=\"https:\/\/www.facebook.com\/sharer.php?u=https%3A%2F%2Ffonds-risq.qc.ca%2Fen%2Fentreprise%2Fcoop-recyborg%2F&#038;t=Coop%20Recyborg\"><i class=\"tg-icon-facebook\"><\/i><\/a><a class=\"tg-social-share tg-twitter\" href=\"https:\/\/twitter.com\/share?url=https%3A%2F%2Ffonds-risq.qc.ca%2Fen%2Fentreprise%2Fcoop-recyborg%2F&#038;text=Coop%20Recyborg\"><i class=\"tg-icon-twitter\"><\/i><\/a><a class=\"tg-social-share tg-google-plus\" href=\"https:\/\/plus.google.com\/share?url=https%3A%2F%2Ffonds-risq.qc.ca%2Fen%2Fentreprise%2Fcoop-recyborg%2F\"><i class=\"tg-icon-google-plus\"><\/i><\/a><a class=\"tg-social-share tg-pinterest\" href=\"https:\/\/pinterest.com\/pin\/create\/button\/?url=https%3A%2F%2Ffonds-risq.qc.ca%2Fen%2Fentreprise%2Fcoop-recyborg%2F&#038;description=Coop%20Recyborg&#038;media=https%3A%2F%2Ffonds-risq.qc.ca%2Fwp-content%2Fuploads%2F2026%2F03%2FPhoto-Coop-Recyborg.jpg\"><i class=\"tg-icon-pinterest\"><\/i><\/a><\/div><\/div><\/div><div class=\"tg-item-content-holder tg-light image-format\" style=\"background-color:#0097c8\"><span class=\"tg-item-date\">24 April 2026<\/span><h2 class=\"tg-item-title\"><a href=\"https:\/\/fonds-risq.qc.ca\/en\/entreprise\/coop-recyborg\/\" target=\"_self\">Coop Recyborg<\/a><\/h2><span class=\"tg-cats-holder\"><a class=\"filtres_des_entreprises\" href=\"https:\/\/fonds-risq.qc.ca\/en\/filtres_des_entreprises\/2025-en\/\" rel=\"category\" data-term-id=\"263\"><span class=\"tg-item-term\" >2025<\/span><\/a><span>, <\/span><a class=\"filtres_des_entreprises\" href=\"https:\/\/fonds-risq.qc.ca\/en\/filtres_des_entreprises\/capitalization-loan\/\" rel=\"category\" data-term-id=\"148\"><span class=\"tg-item-term\" >Capitalization loan<\/span><\/a><span>, <\/span><a class=\"filtres_des_entreprises\" href=\"https:\/\/fonds-risq.qc.ca\/en\/filtres_des_entreprises\/coop-en\/\" rel=\"category\" data-term-id=\"151\"><span class=\"tg-item-term\" >COOP<\/span><\/a><span>, <\/span><a class=\"filtres_des_entreprises\" href=\"https:\/\/fonds-risq.qc.ca\/en\/filtres_des_entreprises\/environment\/\" rel=\"category\" data-term-id=\"149\"><span class=\"tg-item-term\" >Environment<\/span><\/a><span>, <\/span><a class=\"filtres_des_entreprises\" href=\"https:\/\/fonds-risq.qc.ca\/en\/filtres_des_entreprises\/montreal-en\/\" rel=\"category\" data-term-id=\"128\"><span class=\"tg-item-term\" >Montr\u00e9al<\/span><\/a><span>, <\/span><a class=\"filtres_des_entreprises\" href=\"https:\/\/fonds-risq.qc.ca\/en\/filtres_des_entreprises\/recycling\/\" rel=\"category\" data-term-id=\"153\"><span class=\"tg-item-term\" >Recycling<\/span><\/a><\/span><div class=\"tg-item-footer\"><a class=\"tg-item-comment\" href=\"https:\/\/fonds-risq.qc.ca\/en\/entreprise\/coop-recyborg\/\"  target=\"_self\">No comment<\/a><span class=\"no-ajaxy to-post-like no-liked empty-heart\" data-post-id=\"20978\" title=\"Like\"><span class=\"to-heart-icon\"><svg xmlns=\"http:\/\/www.w3.org\/2000\/svg\" version=\"1.1\" viewBox=\"0 0 64 64\"><g transform=\"translate(0, 0)\"><path stroke-width=\"6\" stroke-linecap=\"square\" stroke-miterlimit=\"10\" d=\"M1,21c0,20,31,38,31,38s31-18,31-38 c0-8.285-6-16-15-16c-8.285,0-16,5.715-16,14c0-8.285-7.715-14-16-14C7,5,1,12.715,1,21z\"><\/path><\/g><\/svg><\/span><span class=\"to-like-count\">0<\/span><\/span><\/div><\/div><\/div><\/article><!-- The Grid item #2 --><article class=\"tg-item tg-post-20664 kampala f263 f148 f141 f151 f132 f135\" data-row=\"1\" data-col=\"1\"><div class=\"tg-item-inner\"><div class=\"tg-item-media-holder tg-light\"><div class=\"tg-item-media-inner\"><img decoding=\"async\" class=\"tg-item-image\" alt=\"\" width=\"1200\" height=\"628\" src=\"https:\/\/fonds-risq.qc.ca\/wp-content\/uploads\/2026\/03\/DSC_Vivaces-Strategies.jpg\"><\/div><div class=\"tg-center-holder\"><div class=\"tg-center-inner\"><div class=\"tg-item-overlay\"><\/div><a class=\"tg-link-button\" href=\"https:\/\/fonds-risq.qc.ca\/en\/entreprise\/vivaces-strategies\/\" target=\"_self\"><i class=\"tg-icon-link\"><\/i><\/a><\/div><\/div><div class=\"tg-item-decoration\"><div class=\"triangle-down-right\" style=\"border-color:#0097c8\"><\/div><\/div><div class=\"tg-item-share-holder\"><div class=\"triangle-up-left\" style=\"border-color:rgba(22,22,22,0.65)\"><\/div><i class=\"tg-icon-reply\" style=\"color:#ffffff\"><\/i><div class=\"tg-share-icons\"><a class=\"tg-social-share tg-facebook\" href=\"https:\/\/www.facebook.com\/sharer.php?u=https%3A%2F%2Ffonds-risq.qc.ca%2Fen%2Fentreprise%2Fvivaces-strategies%2F&#038;t=Vivaces%20Strat%C3%A9gies\"><i class=\"tg-icon-facebook\"><\/i><\/a><a class=\"tg-social-share tg-twitter\" href=\"https:\/\/twitter.com\/share?url=https%3A%2F%2Ffonds-risq.qc.ca%2Fen%2Fentreprise%2Fvivaces-strategies%2F&#038;text=Vivaces%20Strat%C3%A9gies\"><i class=\"tg-icon-twitter\"><\/i><\/a><a class=\"tg-social-share tg-google-plus\" href=\"https:\/\/plus.google.com\/share?url=https%3A%2F%2Ffonds-risq.qc.ca%2Fen%2Fentreprise%2Fvivaces-strategies%2F\"><i class=\"tg-icon-google-plus\"><\/i><\/a><a class=\"tg-social-share tg-pinterest\" href=\"https:\/\/pinterest.com\/pin\/create\/button\/?url=https%3A%2F%2Ffonds-risq.qc.ca%2Fen%2Fentreprise%2Fvivaces-strategies%2F&#038;description=Vivaces%20Strat%C3%A9gies&#038;media=https%3A%2F%2Ffonds-risq.qc.ca%2Fwp-content%2Fuploads%2F2026%2F03%2FDSC_Vivaces-Strategies.jpg\"><i class=\"tg-icon-pinterest\"><\/i><\/a><\/div><\/div><\/div><div class=\"tg-item-content-holder tg-light image-format\" style=\"background-color:#0097c8\"><span class=\"tg-item-date\">24 April 2026<\/span><h2 class=\"tg-item-title\"><a href=\"https:\/\/fonds-risq.qc.ca\/en\/entreprise\/vivaces-strategies\/\" target=\"_self\">Vivaces Strat\u00e9gies<\/a><\/h2><span class=\"tg-cats-holder\"><a class=\"filtres_des_entreprises\" href=\"https:\/\/fonds-risq.qc.ca\/en\/filtres_des_entreprises\/2025-en\/\" rel=\"category\" data-term-id=\"263\"><span class=\"tg-item-term\" >2025<\/span><\/a><span>, <\/span><a class=\"filtres_des_entreprises\" href=\"https:\/\/fonds-risq.qc.ca\/en\/filtres_des_entreprises\/capitalization-loan\/\" rel=\"category\" data-term-id=\"148\"><span class=\"tg-item-term\" >Capitalization loan<\/span><\/a><span>, <\/span><a class=\"filtres_des_entreprises\" href=\"https:\/\/fonds-risq.qc.ca\/en\/filtres_des_entreprises\/communication-en\/\" rel=\"category\" data-term-id=\"141\"><span class=\"tg-item-term\" >Communication<\/span><\/a><span>, <\/span><a class=\"filtres_des_entreprises\" href=\"https:\/\/fonds-risq.qc.ca\/en\/filtres_des_entreprises\/coop-en\/\" rel=\"category\" data-term-id=\"151\"><span class=\"tg-item-term\" >COOP<\/span><\/a><span>, <\/span><a class=\"filtres_des_entreprises\" href=\"https:\/\/fonds-risq.qc.ca\/en\/filtres_des_entreprises\/monteregie-en\/\" rel=\"category\" data-term-id=\"132\"><span class=\"tg-item-term\" >Mont\u00e9r\u00e9gie<\/span><\/a><span>, <\/span><a class=\"filtres_des_entreprises\" href=\"https:\/\/fonds-risq.qc.ca\/en\/filtres_des_entreprises\/services-en\/\" rel=\"category\" data-term-id=\"135\"><span class=\"tg-item-term\" >Services<\/span><\/a><\/span><div class=\"tg-item-footer\"><a class=\"tg-item-comment\" href=\"https:\/\/fonds-risq.qc.ca\/en\/entreprise\/vivaces-strategies\/\"  target=\"_self\">No comment<\/a><span class=\"no-ajaxy to-post-like no-liked empty-heart\" data-post-id=\"20664\" title=\"Like\"><span class=\"to-heart-icon\"><svg xmlns=\"http:\/\/www.w3.org\/2000\/svg\" version=\"1.1\" viewBox=\"0 0 64 64\"><g transform=\"translate(0, 0)\"><path stroke-width=\"6\" stroke-linecap=\"square\" stroke-miterlimit=\"10\" d=\"M1,21c0,20,31,38,31,38s31-18,31-38 c0-8.285-6-16-15-16c-8.285,0-16,5.715-16,14c0-8.285-7.715-14-16-14C7,5,1,12.715,1,21z\"><\/path><\/g><\/svg><\/span><span class=\"to-like-count\">0<\/span><\/span><\/div><\/div><\/div><\/article><!-- The Grid item #3 --><article class=\"tg-item tg-post-21000 kampala f263 f128 f150 f135 f142 f146\" data-row=\"1\" data-col=\"1\"><div class=\"tg-item-inner\"><div class=\"tg-item-media-holder tg-light\"><div class=\"tg-item-media-inner\"><img decoding=\"async\" class=\"tg-item-image\" alt=\"\" width=\"2048\" height=\"1542\" src=\"https:\/\/fonds-risq.qc.ca\/wp-content\/uploads\/2026\/03\/606030902_1473275351467945_6279051471139459219_n.jpg\"><\/div><div class=\"tg-center-holder\"><div class=\"tg-center-inner\"><div class=\"tg-item-overlay\"><\/div><a class=\"tg-link-button\" href=\"https:\/\/fonds-risq.qc.ca\/en\/entreprise\/fondation-de-larc\/\" target=\"_self\"><i class=\"tg-icon-link\"><\/i><\/a><\/div><\/div><div class=\"tg-item-decoration\"><div class=\"triangle-down-right\" style=\"border-color:#b7c634\"><\/div><\/div><div class=\"tg-item-share-holder\"><div class=\"triangle-up-left\" style=\"border-color:rgba(22,22,22,0.65)\"><\/div><i class=\"tg-icon-reply\" style=\"color:#ffffff\"><\/i><div class=\"tg-share-icons\"><a class=\"tg-social-share tg-facebook\" href=\"https:\/\/www.facebook.com\/sharer.php?u=https%3A%2F%2Ffonds-risq.qc.ca%2Fen%2Fentreprise%2Ffondation-de-larc%2F&#038;t=Fondation%20de%20l%E2%80%99arc\"><i class=\"tg-icon-facebook\"><\/i><\/a><a class=\"tg-social-share tg-twitter\" href=\"https:\/\/twitter.com\/share?url=https%3A%2F%2Ffonds-risq.qc.ca%2Fen%2Fentreprise%2Ffondation-de-larc%2F&#038;text=Fondation%20de%20l%E2%80%99arc\"><i class=\"tg-icon-twitter\"><\/i><\/a><a class=\"tg-social-share tg-google-plus\" href=\"https:\/\/plus.google.com\/share?url=https%3A%2F%2Ffonds-risq.qc.ca%2Fen%2Fentreprise%2Ffondation-de-larc%2F\"><i class=\"tg-icon-google-plus\"><\/i><\/a><a class=\"tg-social-share tg-pinterest\" href=\"https:\/\/pinterest.com\/pin\/create\/button\/?url=https%3A%2F%2Ffonds-risq.qc.ca%2Fen%2Fentreprise%2Ffondation-de-larc%2F&#038;description=Fondation%20de%20l%E2%80%99arc&#038;media=https%3A%2F%2Ffonds-risq.qc.ca%2Fwp-content%2Fuploads%2F2026%2F03%2F606030902_1473275351467945_6279051471139459219_n.jpg\"><i class=\"tg-icon-pinterest\"><\/i><\/a><\/div><\/div><\/div><div class=\"tg-item-content-holder tg-light image-format\" style=\"background-color:#b7c634\"><span class=\"tg-item-date\">24 April 2026<\/span><h2 class=\"tg-item-title\"><a href=\"https:\/\/fonds-risq.qc.ca\/en\/entreprise\/fondation-de-larc\/\" target=\"_self\">Fondation de l\u2019arc<\/a><\/h2><span class=\"tg-cats-holder\"><a class=\"filtres_des_entreprises\" href=\"https:\/\/fonds-risq.qc.ca\/en\/filtres_des_entreprises\/2025-en\/\" rel=\"category\" data-term-id=\"263\"><span class=\"tg-item-term\" >2025<\/span><\/a><span>, <\/span><a class=\"filtres_des_entreprises\" href=\"https:\/\/fonds-risq.qc.ca\/en\/filtres_des_entreprises\/montreal-en\/\" rel=\"category\" data-term-id=\"128\"><span class=\"tg-item-term\" >Montr\u00e9al<\/span><\/a><span>, <\/span><a class=\"filtres_des_entreprises\" href=\"https:\/\/fonds-risq.qc.ca\/en\/filtres_des_entreprises\/npo\/\" rel=\"category\" data-term-id=\"150\"><span class=\"tg-item-term\" >NPO<\/span><\/a><span>, <\/span><a class=\"filtres_des_entreprises\" href=\"https:\/\/fonds-risq.qc.ca\/en\/filtres_des_entreprises\/services-en\/\" rel=\"category\" data-term-id=\"135\"><span class=\"tg-item-term\" >Services<\/span><\/a><span>, <\/span><a class=\"filtres_des_entreprises\" href=\"https:\/\/fonds-risq.qc.ca\/en\/filtres_des_entreprises\/services-to-people\/\" rel=\"category\" data-term-id=\"142\"><span class=\"tg-item-term\" >Services to people<\/span><\/a><span>, <\/span><a class=\"filtres_des_entreprises\" href=\"https:\/\/fonds-risq.qc.ca\/en\/filtres_des_entreprises\/pret-pour-aide-technique-en\/\" rel=\"category\" data-term-id=\"146\"><span class=\"tg-item-term\" >Technical assistance loan<\/span><\/a><\/span><div class=\"tg-item-footer\"><a class=\"tg-item-comment\" href=\"https:\/\/fonds-risq.qc.ca\/en\/entreprise\/fondation-de-larc\/\"  target=\"_self\">No comment<\/a><span class=\"no-ajaxy to-post-like no-liked empty-heart\" data-post-id=\"21000\" title=\"Like\"><span class=\"to-heart-icon\"><svg xmlns=\"http:\/\/www.w3.org\/2000\/svg\" version=\"1.1\" viewBox=\"0 0 64 64\"><g transform=\"translate(0, 0)\"><path stroke-width=\"6\" stroke-linecap=\"square\" stroke-miterlimit=\"10\" d=\"M1,21c0,20,31,38,31,38s31-18,31-38 c0-8.285-6-16-15-16c-8.285,0-16,5.715-16,14c0-8.285-7.715-14-16-14C7,5,1,12.715,1,21z\"><\/path><\/g><\/svg><\/span><span class=\"to-like-count\">0<\/span><\/span><\/div><\/div><\/div><\/article><!-- The Grid item #4 --><article class=\"tg-item tg-post-21140 kampala f263 f197 f148 f151 f133\" data-row=\"1\" data-col=\"1\"><div class=\"tg-item-inner\"><div class=\"tg-item-media-holder tg-light\"><div class=\"tg-item-media-inner\"><img decoding=\"async\" class=\"tg-item-image\" alt=\"\" width=\"2048\" height=\"1649\" src=\"https:\/\/fonds-risq.qc.ca\/wp-content\/uploads\/2026\/04\/photo23.jpg\"><\/div><div class=\"tg-center-holder\"><div class=\"tg-center-inner\"><div class=\"tg-item-overlay\"><\/div><a class=\"tg-link-button\" href=\"https:\/\/fonds-risq.qc.ca\/en\/entreprise\/cs-aide-chez-soi-des-pays-den-haut\/\" target=\"_self\"><i class=\"tg-icon-link\"><\/i><\/a><\/div><\/div><div class=\"tg-item-decoration\"><div class=\"triangle-down-right\" style=\"border-color:#0097c8\"><\/div><\/div><div class=\"tg-item-share-holder\"><div class=\"triangle-up-left\" style=\"border-color:rgba(22,22,22,0.65)\"><\/div><i class=\"tg-icon-reply\" style=\"color:#ffffff\"><\/i><div class=\"tg-share-icons\"><a class=\"tg-social-share tg-facebook\" href=\"https:\/\/www.facebook.com\/sharer.php?u=https%3A%2F%2Ffonds-risq.qc.ca%2Fen%2Fentreprise%2Fcs-aide-chez-soi-des-pays-den-haut%2F&#038;t=CS%20Aide%20Chez%20Soi%20des%20Pays-d%E2%80%99en-Haut\"><i class=\"tg-icon-facebook\"><\/i><\/a><a class=\"tg-social-share tg-twitter\" href=\"https:\/\/twitter.com\/share?url=https%3A%2F%2Ffonds-risq.qc.ca%2Fen%2Fentreprise%2Fcs-aide-chez-soi-des-pays-den-haut%2F&#038;text=CS%20Aide%20Chez%20Soi%20des%20Pays-d%E2%80%99en-Haut\"><i class=\"tg-icon-twitter\"><\/i><\/a><a class=\"tg-social-share tg-google-plus\" href=\"https:\/\/plus.google.com\/share?url=https%3A%2F%2Ffonds-risq.qc.ca%2Fen%2Fentreprise%2Fcs-aide-chez-soi-des-pays-den-haut%2F\"><i class=\"tg-icon-google-plus\"><\/i><\/a><a class=\"tg-social-share tg-pinterest\" href=\"https:\/\/pinterest.com\/pin\/create\/button\/?url=https%3A%2F%2Ffonds-risq.qc.ca%2Fen%2Fentreprise%2Fcs-aide-chez-soi-des-pays-den-haut%2F&#038;description=CS%20Aide%20Chez%20Soi%20des%20Pays-d%E2%80%99en-Haut&#038;media=https%3A%2F%2Ffonds-risq.qc.ca%2Fwp-content%2Fuploads%2F2026%2F04%2Fphoto23.jpg\"><i class=\"tg-icon-pinterest\"><\/i><\/a><\/div><\/div><\/div><div class=\"tg-item-content-holder tg-light image-format\" style=\"background-color:#0097c8\"><span class=\"tg-item-date\">24 April 2026<\/span><h2 class=\"tg-item-title\"><a href=\"https:\/\/fonds-risq.qc.ca\/en\/entreprise\/cs-aide-chez-soi-des-pays-den-haut\/\" target=\"_self\">CS Aide Chez Soi des Pays-d&#8217;en-Haut<\/a><\/h2><span class=\"tg-cats-holder\"><a class=\"filtres_des_entreprises\" href=\"https:\/\/fonds-risq.qc.ca\/en\/filtres_des_entreprises\/2025-en\/\" rel=\"category\" data-term-id=\"263\"><span class=\"tg-item-term\" >2025<\/span><\/a><span>, <\/span><a class=\"filtres_des_entreprises\" href=\"https:\/\/fonds-risq.qc.ca\/en\/filtres_des_entreprises\/assistance-sociale-en\/\" rel=\"category\" data-term-id=\"197\"><span class=\"tg-item-term\" >Assistance sociale<\/span><\/a><span>, <\/span><a class=\"filtres_des_entreprises\" href=\"https:\/\/fonds-risq.qc.ca\/en\/filtres_des_entreprises\/capitalization-loan\/\" rel=\"category\" data-term-id=\"148\"><span class=\"tg-item-term\" >Capitalization loan<\/span><\/a><span>, <\/span><a class=\"filtres_des_entreprises\" href=\"https:\/\/fonds-risq.qc.ca\/en\/filtres_des_entreprises\/coop-en\/\" rel=\"category\" data-term-id=\"151\"><span class=\"tg-item-term\" >COOP<\/span><\/a><span>, <\/span><a class=\"filtres_des_entreprises\" href=\"https:\/\/fonds-risq.qc.ca\/en\/filtres_des_entreprises\/laurentides-en\/\" rel=\"category\" data-term-id=\"133\"><span class=\"tg-item-term\" >Laurentides<\/span><\/a><\/span><div class=\"tg-item-footer\"><a class=\"tg-item-comment\" href=\"https:\/\/fonds-risq.qc.ca\/en\/entreprise\/cs-aide-chez-soi-des-pays-den-haut\/\"  target=\"_self\">No comment<\/a><span class=\"no-ajaxy to-post-like no-liked empty-heart\" data-post-id=\"21140\" title=\"Like\"><span class=\"to-heart-icon\"><svg xmlns=\"http:\/\/www.w3.org\/2000\/svg\" version=\"1.1\" viewBox=\"0 0 64 64\"><g transform=\"translate(0, 0)\"><path stroke-width=\"6\" stroke-linecap=\"square\" stroke-miterlimit=\"10\" d=\"M1,21c0,20,31,38,31,38s31-18,31-38 c0-8.285-6-16-15-16c-8.285,0-16,5.715-16,14c0-8.285-7.715-14-16-14C7,5,1,12.715,1,21z\"><\/path><\/g><\/svg><\/span><span class=\"to-like-count\">0<\/span><\/span><\/div><\/div><\/div><\/article><!-- The Grid item #5 --><article class=\"tg-item tg-post-21110 kampala f263 f148 f152 f150 f135\" data-row=\"1\" data-col=\"1\"><div class=\"tg-item-inner\"><div class=\"tg-item-media-holder tg-light\"><div class=\"tg-item-media-inner\"><img decoding=\"async\" class=\"tg-item-image\" alt=\"\" width=\"1920\" height=\"1280\" src=\"https:\/\/fonds-risq.qc.ca\/wp-content\/uploads\/2026\/03\/photo-Ressourcerie-de-Lotbiniere.jpg\"><\/div><div class=\"tg-center-holder\"><div class=\"tg-center-inner\"><div class=\"tg-item-overlay\"><\/div><a class=\"tg-link-button\" href=\"https:\/\/fonds-risq.qc.ca\/en\/entreprise\/ressourcerie-de-lotbiniere\/\" target=\"_self\"><i class=\"tg-icon-link\"><\/i><\/a><\/div><\/div><div class=\"tg-item-decoration\"><div class=\"triangle-down-right\" style=\"border-color:#0097c8\"><\/div><\/div><div class=\"tg-item-share-holder\"><div class=\"triangle-up-left\" style=\"border-color:rgba(22,22,22,0.65)\"><\/div><i class=\"tg-icon-reply\" style=\"color:#ffffff\"><\/i><div class=\"tg-share-icons\"><a class=\"tg-social-share tg-facebook\" href=\"https:\/\/www.facebook.com\/sharer.php?u=https%3A%2F%2Ffonds-risq.qc.ca%2Fen%2Fentreprise%2Fressourcerie-de-lotbiniere%2F&#038;t=Ressourcerie%20de%20lotbini%C3%A8re\"><i class=\"tg-icon-facebook\"><\/i><\/a><a class=\"tg-social-share tg-twitter\" href=\"https:\/\/twitter.com\/share?url=https%3A%2F%2Ffonds-risq.qc.ca%2Fen%2Fentreprise%2Fressourcerie-de-lotbiniere%2F&#038;text=Ressourcerie%20de%20lotbini%C3%A8re\"><i class=\"tg-icon-twitter\"><\/i><\/a><a class=\"tg-social-share tg-google-plus\" href=\"https:\/\/plus.google.com\/share?url=https%3A%2F%2Ffonds-risq.qc.ca%2Fen%2Fentreprise%2Fressourcerie-de-lotbiniere%2F\"><i class=\"tg-icon-google-plus\"><\/i><\/a><a class=\"tg-social-share tg-pinterest\" href=\"https:\/\/pinterest.com\/pin\/create\/button\/?url=https%3A%2F%2Ffonds-risq.qc.ca%2Fen%2Fentreprise%2Fressourcerie-de-lotbiniere%2F&#038;description=Ressourcerie%20de%20lotbini%C3%A8re&#038;media=https%3A%2F%2Ffonds-risq.qc.ca%2Fwp-content%2Fuploads%2F2026%2F03%2Fphoto-Ressourcerie-de-Lotbiniere.jpg\"><i class=\"tg-icon-pinterest\"><\/i><\/a><\/div><\/div><\/div><div class=\"tg-item-content-holder tg-light image-format\" style=\"background-color:#0097c8\"><span class=\"tg-item-date\">24 April 2026<\/span><h2 class=\"tg-item-title\"><a href=\"https:\/\/fonds-risq.qc.ca\/en\/entreprise\/ressourcerie-de-lotbiniere\/\" target=\"_self\">Ressourcerie de lotbini\u00e8re<\/a><\/h2><span class=\"tg-cats-holder\"><a class=\"filtres_des_entreprises\" href=\"https:\/\/fonds-risq.qc.ca\/en\/filtres_des_entreprises\/2025-en\/\" rel=\"category\" data-term-id=\"263\"><span class=\"tg-item-term\" >2025<\/span><\/a><span>, <\/span><a class=\"filtres_des_entreprises\" href=\"https:\/\/fonds-risq.qc.ca\/en\/filtres_des_entreprises\/capitalization-loan\/\" rel=\"category\" data-term-id=\"148\"><span class=\"tg-item-term\" >Capitalization loan<\/span><\/a><span>, <\/span><a class=\"filtres_des_entreprises\" href=\"https:\/\/fonds-risq.qc.ca\/en\/filtres_des_entreprises\/chaudiere-appalaches-en\/\" rel=\"category\" data-term-id=\"152\"><span class=\"tg-item-term\" >Chaudi\u00e8re-Appalaches<\/span><\/a><span>, <\/span><a class=\"filtres_des_entreprises\" href=\"https:\/\/fonds-risq.qc.ca\/en\/filtres_des_entreprises\/npo\/\" rel=\"category\" data-term-id=\"150\"><span class=\"tg-item-term\" >NPO<\/span><\/a><span>, <\/span><a class=\"filtres_des_entreprises\" href=\"https:\/\/fonds-risq.qc.ca\/en\/filtres_des_entreprises\/services-en\/\" rel=\"category\" data-term-id=\"135\"><span class=\"tg-item-term\" >Services<\/span><\/a><\/span><div class=\"tg-item-footer\"><a class=\"tg-item-comment\" href=\"https:\/\/fonds-risq.qc.ca\/en\/entreprise\/ressourcerie-de-lotbiniere\/\"  target=\"_self\">No comment<\/a><span class=\"no-ajaxy to-post-like no-liked empty-heart\" data-post-id=\"21110\" title=\"Like\"><span class=\"to-heart-icon\"><svg xmlns=\"http:\/\/www.w3.org\/2000\/svg\" version=\"1.1\" viewBox=\"0 0 64 64\"><g transform=\"translate(0, 0)\"><path stroke-width=\"6\" stroke-linecap=\"square\" stroke-miterlimit=\"10\" d=\"M1,21c0,20,31,38,31,38s31-18,31-38 c0-8.285-6-16-15-16c-8.285,0-16,5.715-16,14c0-8.285-7.715-14-16-14C7,5,1,12.715,1,21z\"><\/path><\/g><\/svg><\/span><span class=\"to-like-count\">0<\/span><\/span><\/div><\/div><\/div><\/article><!-- The Grid item #6 --><article class=\"tg-item tg-post-21152 kampala f263 f134 f177 f166 f150 f146\" data-row=\"1\" data-col=\"1\"><div class=\"tg-item-inner\"><div class=\"tg-item-media-holder tg-light\"><div class=\"tg-item-media-inner\"><img decoding=\"async\" class=\"tg-item-image\" alt=\"\" width=\"1080\" height=\"720\" src=\"https:\/\/fonds-risq.qc.ca\/wp-content\/uploads\/2026\/04\/GENT-1.jpg\"><\/div><div class=\"tg-center-holder\"><div class=\"tg-center-inner\"><div class=\"tg-item-overlay\"><\/div><a class=\"tg-link-button\" href=\"https:\/\/fonds-risq.qc.ca\/en\/entreprise\/musee-de-la-gaspesie\/\" target=\"_self\"><i class=\"tg-icon-link\"><\/i><\/a><\/div><\/div><div class=\"tg-item-decoration\"><div class=\"triangle-down-right\" style=\"border-color:#b7c634\"><\/div><\/div><div class=\"tg-item-share-holder\"><div class=\"triangle-up-left\" style=\"border-color:rgba(22,22,22,0.65)\"><\/div><i class=\"tg-icon-reply\" style=\"color:#ffffff\"><\/i><div class=\"tg-share-icons\"><a class=\"tg-social-share tg-facebook\" href=\"https:\/\/www.facebook.com\/sharer.php?u=https%3A%2F%2Ffonds-risq.qc.ca%2Fen%2Fentreprise%2Fmusee-de-la-gaspesie%2F&#038;t=Mus%C3%A9e%20de%20la%20Gasp%C3%A9sie\"><i class=\"tg-icon-facebook\"><\/i><\/a><a class=\"tg-social-share tg-twitter\" href=\"https:\/\/twitter.com\/share?url=https%3A%2F%2Ffonds-risq.qc.ca%2Fen%2Fentreprise%2Fmusee-de-la-gaspesie%2F&#038;text=Mus%C3%A9e%20de%20la%20Gasp%C3%A9sie\"><i class=\"tg-icon-twitter\"><\/i><\/a><a class=\"tg-social-share tg-google-plus\" href=\"https:\/\/plus.google.com\/share?url=https%3A%2F%2Ffonds-risq.qc.ca%2Fen%2Fentreprise%2Fmusee-de-la-gaspesie%2F\"><i class=\"tg-icon-google-plus\"><\/i><\/a><a class=\"tg-social-share tg-pinterest\" href=\"https:\/\/pinterest.com\/pin\/create\/button\/?url=https%3A%2F%2Ffonds-risq.qc.ca%2Fen%2Fentreprise%2Fmusee-de-la-gaspesie%2F&#038;description=Mus%C3%A9e%20de%20la%20Gasp%C3%A9sie&#038;media=https%3A%2F%2Ffonds-risq.qc.ca%2Fwp-content%2Fuploads%2F2026%2F04%2FGENT-1.jpg\"><i class=\"tg-icon-pinterest\"><\/i><\/a><\/div><\/div><\/div><div class=\"tg-item-content-holder tg-light image-format\" style=\"background-color:#b7c634\"><span class=\"tg-item-date\">24 April 2026<\/span><h2 class=\"tg-item-title\"><a href=\"https:\/\/fonds-risq.qc.ca\/en\/entreprise\/musee-de-la-gaspesie\/\" target=\"_self\">Mus\u00e9e de la Gasp\u00e9sie<\/a><\/h2><span class=\"tg-cats-holder\"><a class=\"filtres_des_entreprises\" href=\"https:\/\/fonds-risq.qc.ca\/en\/filtres_des_entreprises\/2025-en\/\" rel=\"category\" data-term-id=\"263\"><span class=\"tg-item-term\" >2025<\/span><\/a><span>, <\/span><a class=\"filtres_des_entreprises\" href=\"https:\/\/fonds-risq.qc.ca\/en\/filtres_des_entreprises\/arts-and-culture\/\" rel=\"category\" data-term-id=\"134\"><span class=\"tg-item-term\" >Arts and culture<\/span><\/a><span>, <\/span><a class=\"filtres_des_entreprises\" href=\"https:\/\/fonds-risq.qc.ca\/en\/filtres_des_entreprises\/culture-en\/\" rel=\"category\" data-term-id=\"177\"><span class=\"tg-item-term\" >Culture<\/span><\/a><span>, <\/span><a class=\"filtres_des_entreprises\" href=\"https:\/\/fonds-risq.qc.ca\/en\/filtres_des_entreprises\/gaspesie-iles-de-la-madeleine-en\/\" rel=\"category\" data-term-id=\"166\"><span class=\"tg-item-term\" >Gasp\u00e9sie-\u00celes-de-la-Madeleine<\/span><\/a><span>, <\/span><a class=\"filtres_des_entreprises\" href=\"https:\/\/fonds-risq.qc.ca\/en\/filtres_des_entreprises\/npo\/\" rel=\"category\" data-term-id=\"150\"><span class=\"tg-item-term\" >NPO<\/span><\/a><span>, <\/span><a class=\"filtres_des_entreprises\" href=\"https:\/\/fonds-risq.qc.ca\/en\/filtres_des_entreprises\/pret-pour-aide-technique-en\/\" rel=\"category\" data-term-id=\"146\"><span class=\"tg-item-term\" >Technical assistance loan<\/span><\/a><\/span><div class=\"tg-item-footer\"><a class=\"tg-item-comment\" href=\"https:\/\/fonds-risq.qc.ca\/en\/entreprise\/musee-de-la-gaspesie\/\"  target=\"_self\">No comment<\/a><span class=\"no-ajaxy to-post-like no-liked empty-heart\" data-post-id=\"21152\" title=\"Like\"><span class=\"to-heart-icon\"><svg xmlns=\"http:\/\/www.w3.org\/2000\/svg\" version=\"1.1\" viewBox=\"0 0 64 64\"><g transform=\"translate(0, 0)\"><path stroke-width=\"6\" stroke-linecap=\"square\" stroke-miterlimit=\"10\" d=\"M1,21c0,20,31,38,31,38s31-18,31-38 c0-8.285-6-16-15-16c-8.285,0-16,5.715-16,14c0-8.285-7.715-14-16-14C7,5,1,12.715,1,21z\"><\/path><\/g><\/svg><\/span><span class=\"to-like-count\">0<\/span><\/span><\/div><\/div><\/div><\/article><!-- The Grid item #7 --><article class=\"tg-item tg-post-21034 kampala f263 f151 f156 f135 f146\" data-row=\"1\" data-col=\"1\"><div class=\"tg-item-inner\"><div class=\"tg-item-media-holder tg-light\"><div class=\"tg-item-media-inner\"><img decoding=\"async\" class=\"tg-item-image\" alt=\"\" width=\"2048\" height=\"1365\" src=\"https:\/\/fonds-risq.qc.ca\/wp-content\/uploads\/2026\/04\/place-marche2.jpg\"><\/div><div class=\"tg-center-holder\"><div class=\"tg-center-inner\"><div class=\"tg-item-overlay\"><\/div><a class=\"tg-link-button\" href=\"https:\/\/fonds-risq.qc.ca\/en\/entreprise\/cooperative-de-solidarite-place-du-marche\/\" target=\"_self\"><i class=\"tg-icon-link\"><\/i><\/a><\/div><\/div><div class=\"tg-item-decoration\"><div class=\"triangle-down-right\" style=\"border-color:#b7c634\"><\/div><\/div><div class=\"tg-item-share-holder\"><div class=\"triangle-up-left\" style=\"border-color:rgba(22,22,22,0.65)\"><\/div><i class=\"tg-icon-reply\" style=\"color:#ffffff\"><\/i><div class=\"tg-share-icons\"><a class=\"tg-social-share tg-facebook\" href=\"https:\/\/www.facebook.com\/sharer.php?u=https%3A%2F%2Ffonds-risq.qc.ca%2Fen%2Fentreprise%2Fcooperative-de-solidarite-place-du-marche%2F&#038;t=Coop%C3%A9rative%20de%20solidarit%C3%A9%20Place%20du%20March%C3%A9\"><i class=\"tg-icon-facebook\"><\/i><\/a><a class=\"tg-social-share tg-twitter\" href=\"https:\/\/twitter.com\/share?url=https%3A%2F%2Ffonds-risq.qc.ca%2Fen%2Fentreprise%2Fcooperative-de-solidarite-place-du-marche%2F&#038;text=Coop%C3%A9rative%20de%20solidarit%C3%A9%20Place%20du%20March%C3%A9\"><i class=\"tg-icon-twitter\"><\/i><\/a><a class=\"tg-social-share tg-google-plus\" href=\"https:\/\/plus.google.com\/share?url=https%3A%2F%2Ffonds-risq.qc.ca%2Fen%2Fentreprise%2Fcooperative-de-solidarite-place-du-marche%2F\"><i class=\"tg-icon-google-plus\"><\/i><\/a><a class=\"tg-social-share tg-pinterest\" href=\"https:\/\/pinterest.com\/pin\/create\/button\/?url=https%3A%2F%2Ffonds-risq.qc.ca%2Fen%2Fentreprise%2Fcooperative-de-solidarite-place-du-marche%2F&#038;description=Coop%C3%A9rative%20de%20solidarit%C3%A9%20Place%20du%20March%C3%A9&#038;media=https%3A%2F%2Ffonds-risq.qc.ca%2Fwp-content%2Fuploads%2F2026%2F04%2Fplace-marche2.jpg\"><i class=\"tg-icon-pinterest\"><\/i><\/a><\/div><\/div><\/div><div class=\"tg-item-content-holder tg-light image-format\" style=\"background-color:#b7c634\"><span class=\"tg-item-date\">24 April 2026<\/span><h2 class=\"tg-item-title\"><a href=\"https:\/\/fonds-risq.qc.ca\/en\/entreprise\/cooperative-de-solidarite-place-du-marche\/\" target=\"_self\">Coop\u00e9rative de solidarit\u00e9 Place du March\u00e9<\/a><\/h2><span class=\"tg-cats-holder\"><a class=\"filtres_des_entreprises\" href=\"https:\/\/fonds-risq.qc.ca\/en\/filtres_des_entreprises\/2025-en\/\" rel=\"category\" data-term-id=\"263\"><span class=\"tg-item-term\" >2025<\/span><\/a><span>, <\/span><a class=\"filtres_des_entreprises\" href=\"https:\/\/fonds-risq.qc.ca\/en\/filtres_des_entreprises\/coop-en\/\" rel=\"category\" data-term-id=\"151\"><span class=\"tg-item-term\" >COOP<\/span><\/a><span>, <\/span><a class=\"filtres_des_entreprises\" href=\"https:\/\/fonds-risq.qc.ca\/en\/filtres_des_entreprises\/outaouais-en\/\" rel=\"category\" data-term-id=\"156\"><span class=\"tg-item-term\" >Outaouais<\/span><\/a><span>, <\/span><a class=\"filtres_des_entreprises\" href=\"https:\/\/fonds-risq.qc.ca\/en\/filtres_des_entreprises\/services-en\/\" rel=\"category\" data-term-id=\"135\"><span class=\"tg-item-term\" >Services<\/span><\/a><span>, <\/span><a class=\"filtres_des_entreprises\" href=\"https:\/\/fonds-risq.qc.ca\/en\/filtres_des_entreprises\/pret-pour-aide-technique-en\/\" rel=\"category\" data-term-id=\"146\"><span class=\"tg-item-term\" >Technical assistance loan<\/span><\/a><\/span><div class=\"tg-item-footer\"><a class=\"tg-item-comment\" href=\"https:\/\/fonds-risq.qc.ca\/en\/entreprise\/cooperative-de-solidarite-place-du-marche\/\"  target=\"_self\">No comment<\/a><span class=\"no-ajaxy to-post-like no-liked empty-heart\" data-post-id=\"21034\" title=\"Like\"><span class=\"to-heart-icon\"><svg xmlns=\"http:\/\/www.w3.org\/2000\/svg\" version=\"1.1\" viewBox=\"0 0 64 64\"><g transform=\"translate(0, 0)\"><path stroke-width=\"6\" stroke-linecap=\"square\" stroke-miterlimit=\"10\" d=\"M1,21c0,20,31,38,31,38s31-18,31-38 c0-8.285-6-16-15-16c-8.285,0-16,5.715-16,14c0-8.285-7.715-14-16-14C7,5,1,12.715,1,21z\"><\/path><\/g><\/svg><\/span><span class=\"to-like-count\">0<\/span><\/span><\/div><\/div><\/div><\/article><!-- The Grid item #8 --><article class=\"tg-item tg-post-20964 kampala f263 f130 f258 f257 f150\" data-row=\"1\" data-col=\"1\"><div class=\"tg-item-inner\"><div class=\"tg-item-media-holder tg-light\"><div class=\"tg-item-media-inner\"><img decoding=\"async\" class=\"tg-item-image\" alt=\"\" width=\"940\" height=\"788\" src=\"https:\/\/fonds-risq.qc.ca\/wp-content\/uploads\/2026\/03\/img.jpg\"><\/div><div class=\"tg-center-holder\"><div class=\"tg-center-inner\"><div class=\"tg-item-overlay\"><\/div><a class=\"tg-link-button\" href=\"https:\/\/fonds-risq.qc.ca\/en\/entreprise\/groupe-taq\/\" target=\"_self\"><i class=\"tg-icon-link\"><\/i><\/a><\/div><\/div><div class=\"tg-item-decoration\"><div class=\"triangle-down-right\" style=\"border-color:#dd9933\"><\/div><\/div><div class=\"tg-item-share-holder\"><div class=\"triangle-up-left\" style=\"border-color:rgba(22,22,22,0.65)\"><\/div><i class=\"tg-icon-reply\" style=\"color:#ffffff\"><\/i><div class=\"tg-share-icons\"><a class=\"tg-social-share tg-facebook\" href=\"https:\/\/www.facebook.com\/sharer.php?u=https%3A%2F%2Ffonds-risq.qc.ca%2Fen%2Fentreprise%2Fgroupe-taq%2F&#038;t=Groupe%20TAQ\"><i class=\"tg-icon-facebook\"><\/i><\/a><a class=\"tg-social-share tg-twitter\" href=\"https:\/\/twitter.com\/share?url=https%3A%2F%2Ffonds-risq.qc.ca%2Fen%2Fentreprise%2Fgroupe-taq%2F&#038;text=Groupe%20TAQ\"><i class=\"tg-icon-twitter\"><\/i><\/a><a class=\"tg-social-share tg-google-plus\" href=\"https:\/\/plus.google.com\/share?url=https%3A%2F%2Ffonds-risq.qc.ca%2Fen%2Fentreprise%2Fgroupe-taq%2F\"><i class=\"tg-icon-google-plus\"><\/i><\/a><a class=\"tg-social-share tg-pinterest\" href=\"https:\/\/pinterest.com\/pin\/create\/button\/?url=https%3A%2F%2Ffonds-risq.qc.ca%2Fen%2Fentreprise%2Fgroupe-taq%2F&#038;description=Groupe%20TAQ&#038;media=https%3A%2F%2Ffonds-risq.qc.ca%2Fwp-content%2Fuploads%2F2026%2F03%2Fimg.jpg\"><i class=\"tg-icon-pinterest\"><\/i><\/a><\/div><\/div><\/div><div class=\"tg-item-content-holder tg-light image-format\" style=\"background-color:#dd9933\"><span class=\"tg-item-date\">23 April 2026<\/span><h2 class=\"tg-item-title\"><a href=\"https:\/\/fonds-risq.qc.ca\/en\/entreprise\/groupe-taq\/\" target=\"_self\">Groupe TAQ<\/a><\/h2><span class=\"tg-cats-holder\"><a class=\"filtres_des_entreprises\" href=\"https:\/\/fonds-risq.qc.ca\/en\/filtres_des_entreprises\/2025-en\/\" rel=\"category\" data-term-id=\"263\"><span class=\"tg-item-term\" >2025<\/span><\/a><span>, <\/span><a class=\"filtres_des_entreprises\" href=\"https:\/\/fonds-risq.qc.ca\/en\/filtres_des_entreprises\/capitale-nationale-en\/\" rel=\"category\" data-term-id=\"130\"><span class=\"tg-item-term\" >Capitale-Nationale<\/span><\/a><span>, <\/span><a class=\"filtres_des_entreprises\" href=\"https:\/\/fonds-risq.qc.ca\/en\/filtres_des_entreprises\/fonds-lampli-2-en\/\" rel=\"category\" data-term-id=\"258\"><span class=\"tg-item-term\" >Fonds l&rsquo;ampli<\/span><\/a><span>, <\/span><a class=\"filtres_des_entreprises\" href=\"https:\/\/fonds-risq.qc.ca\/en\/filtres_des_entreprises\/fonds-lampli-en\/\" rel=\"category\" data-term-id=\"257\"><span class=\"tg-item-term\" >Fonds l&rsquo;ampli<\/span><\/a><span>, <\/span><a class=\"filtres_des_entreprises\" href=\"https:\/\/fonds-risq.qc.ca\/en\/filtres_des_entreprises\/npo\/\" rel=\"category\" data-term-id=\"150\"><span class=\"tg-item-term\" >NPO<\/span><\/a><\/span><div class=\"tg-item-footer\"><a class=\"tg-item-comment\" href=\"https:\/\/fonds-risq.qc.ca\/en\/entreprise\/groupe-taq\/\"  target=\"_self\">No comment<\/a><span class=\"no-ajaxy to-post-like no-liked empty-heart\" data-post-id=\"20964\" title=\"Like\"><span class=\"to-heart-icon\"><svg xmlns=\"http:\/\/www.w3.org\/2000\/svg\" version=\"1.1\" viewBox=\"0 0 64 64\"><g transform=\"translate(0, 0)\"><path stroke-width=\"6\" stroke-linecap=\"square\" stroke-miterlimit=\"10\" d=\"M1,21c0,20,31,38,31,38s31-18,31-38 c0-8.285-6-16-15-16c-8.285,0-16,5.715-16,14c0-8.285-7.715-14-16-14C7,5,1,12.715,1,21z\"><\/path><\/g><\/svg><\/span><span class=\"to-like-count\">0<\/span><\/span><\/div><\/div><\/div><\/article><!-- The Grid item #9 --><article class=\"tg-item tg-post-20657 kampala f263 f148 f150 f156 f158 f142\" data-row=\"1\" data-col=\"1\"><div class=\"tg-item-inner\"><div class=\"tg-item-media-holder tg-light\"><div class=\"tg-item-media-inner\"><img decoding=\"async\" class=\"tg-item-image\" alt=\"\" width=\"1080\" height=\"811\" src=\"https:\/\/fonds-risq.qc.ca\/wp-content\/uploads\/2026\/03\/photo-Cafe-autiste.jpg\"><\/div><div class=\"tg-center-holder\"><div class=\"tg-center-inner\"><div class=\"tg-item-overlay\"><\/div><a class=\"tg-link-button\" href=\"https:\/\/fonds-risq.qc.ca\/en\/entreprise\/cafe-autiste\/\" target=\"_self\"><i class=\"tg-icon-link\"><\/i><\/a><\/div><\/div><div class=\"tg-item-decoration\"><div class=\"triangle-down-right\" style=\"border-color:#0097c8\"><\/div><\/div><div class=\"tg-item-share-holder\"><div class=\"triangle-up-left\" style=\"border-color:rgba(22,22,22,0.65)\"><\/div><i class=\"tg-icon-reply\" style=\"color:#ffffff\"><\/i><div class=\"tg-share-icons\"><a class=\"tg-social-share tg-facebook\" href=\"https:\/\/www.facebook.com\/sharer.php?u=https%3A%2F%2Ffonds-risq.qc.ca%2Fen%2Fentreprise%2Fcafe-autiste%2F&#038;t=Caf%C3%A9%20autiste\"><i class=\"tg-icon-facebook\"><\/i><\/a><a class=\"tg-social-share tg-twitter\" href=\"https:\/\/twitter.com\/share?url=https%3A%2F%2Ffonds-risq.qc.ca%2Fen%2Fentreprise%2Fcafe-autiste%2F&#038;text=Caf%C3%A9%20autiste\"><i class=\"tg-icon-twitter\"><\/i><\/a><a class=\"tg-social-share tg-google-plus\" href=\"https:\/\/plus.google.com\/share?url=https%3A%2F%2Ffonds-risq.qc.ca%2Fen%2Fentreprise%2Fcafe-autiste%2F\"><i class=\"tg-icon-google-plus\"><\/i><\/a><a class=\"tg-social-share tg-pinterest\" href=\"https:\/\/pinterest.com\/pin\/create\/button\/?url=https%3A%2F%2Ffonds-risq.qc.ca%2Fen%2Fentreprise%2Fcafe-autiste%2F&#038;description=Caf%C3%A9%20autiste&#038;media=https%3A%2F%2Ffonds-risq.qc.ca%2Fwp-content%2Fuploads%2F2026%2F03%2Fphoto-Cafe-autiste.jpg\"><i class=\"tg-icon-pinterest\"><\/i><\/a><\/div><\/div><\/div><div class=\"tg-item-content-holder tg-light image-format\" style=\"background-color:#0097c8\"><span class=\"tg-item-date\">23 April 2026<\/span><h2 class=\"tg-item-title\"><a href=\"https:\/\/fonds-risq.qc.ca\/en\/entreprise\/cafe-autiste\/\" target=\"_self\">Caf\u00e9 autiste<\/a><\/h2><span class=\"tg-cats-holder\"><a class=\"filtres_des_entreprises\" href=\"https:\/\/fonds-risq.qc.ca\/en\/filtres_des_entreprises\/2025-en\/\" rel=\"category\" data-term-id=\"263\"><span class=\"tg-item-term\" >2025<\/span><\/a><span>, <\/span><a class=\"filtres_des_entreprises\" href=\"https:\/\/fonds-risq.qc.ca\/en\/filtres_des_entreprises\/capitalization-loan\/\" rel=\"category\" data-term-id=\"148\"><span class=\"tg-item-term\" >Capitalization loan<\/span><\/a><span>, <\/span><a class=\"filtres_des_entreprises\" href=\"https:\/\/fonds-risq.qc.ca\/en\/filtres_des_entreprises\/npo\/\" rel=\"category\" data-term-id=\"150\"><span class=\"tg-item-term\" >NPO<\/span><\/a><span>, <\/span><a class=\"filtres_des_entreprises\" href=\"https:\/\/fonds-risq.qc.ca\/en\/filtres_des_entreprises\/outaouais-en\/\" rel=\"category\" data-term-id=\"156\"><span class=\"tg-item-term\" >Outaouais<\/span><\/a><span>, <\/span><a class=\"filtres_des_entreprises\" href=\"https:\/\/fonds-risq.qc.ca\/en\/filtres_des_entreprises\/restaurant\/\" rel=\"category\" data-term-id=\"158\"><span class=\"tg-item-term\" >Restaurant<\/span><\/a><span>, <\/span><a class=\"filtres_des_entreprises\" href=\"https:\/\/fonds-risq.qc.ca\/en\/filtres_des_entreprises\/services-to-people\/\" rel=\"category\" data-term-id=\"142\"><span class=\"tg-item-term\" >Services to people<\/span><\/a><\/span><div class=\"tg-item-footer\"><a class=\"tg-item-comment\" href=\"https:\/\/fonds-risq.qc.ca\/en\/entreprise\/cafe-autiste\/\"  target=\"_self\">No comment<\/a><span class=\"no-ajaxy to-post-like no-liked empty-heart\" data-post-id=\"20657\" title=\"Like\"><span class=\"to-heart-icon\"><svg xmlns=\"http:\/\/www.w3.org\/2000\/svg\" version=\"1.1\" viewBox=\"0 0 64 64\"><g transform=\"translate(0, 0)\"><path stroke-width=\"6\" stroke-linecap=\"square\" stroke-miterlimit=\"10\" d=\"M1,21c0,20,31,38,31,38s31-18,31-38 c0-8.285-6-16-15-16c-8.285,0-16,5.715-16,14c0-8.285-7.715-14-16-14C7,5,1,12.715,1,21z\"><\/path><\/g><\/svg><\/span><span class=\"to-like-count\">0<\/span><\/span><\/div><\/div><\/div><\/article><!-- The Grid item #10 --><article class=\"tg-item tg-post-20889 kampala f263 f131 f148 f150 f175\" data-row=\"1\" data-col=\"1\"><div class=\"tg-item-inner\"><div class=\"tg-item-media-holder tg-light\"><div class=\"tg-item-media-inner\"><img decoding=\"async\" class=\"tg-item-image\" alt=\"\" width=\"1743\" height=\"1744\" src=\"https:\/\/fonds-risq.qc.ca\/wp-content\/uploads\/2026\/04\/Logo-Corporation-de-developpement-touristique-BicSt-Fabien.jpg\"><\/div><div class=\"tg-center-holder\"><div class=\"tg-center-inner\"><div class=\"tg-item-overlay\"><\/div><a class=\"tg-link-button\" href=\"https:\/\/fonds-risq.qc.ca\/en\/entreprise\/corporation-de-developpement-touristique-bic\/\" target=\"_self\"><i class=\"tg-icon-link\"><\/i><\/a><\/div><\/div><div class=\"tg-item-decoration\"><div class=\"triangle-down-right\" style=\"border-color:#0097c8\"><\/div><\/div><div class=\"tg-item-share-holder\"><div class=\"triangle-up-left\" style=\"border-color:rgba(22,22,22,0.65)\"><\/div><i class=\"tg-icon-reply\" style=\"color:#ffffff\"><\/i><div class=\"tg-share-icons\"><a class=\"tg-social-share tg-facebook\" href=\"https:\/\/www.facebook.com\/sharer.php?u=https%3A%2F%2Ffonds-risq.qc.ca%2Fen%2Fentreprise%2Fcorporation-de-developpement-touristique-bic%2F&#038;t=Corporation%20de%20d%C3%A9veloppement%20touristique%20Bic%2FSt-Fabien\"><i class=\"tg-icon-facebook\"><\/i><\/a><a class=\"tg-social-share tg-twitter\" href=\"https:\/\/twitter.com\/share?url=https%3A%2F%2Ffonds-risq.qc.ca%2Fen%2Fentreprise%2Fcorporation-de-developpement-touristique-bic%2F&#038;text=Corporation%20de%20d%C3%A9veloppement%20touristique%20Bic%2FSt-Fabien\"><i class=\"tg-icon-twitter\"><\/i><\/a><a class=\"tg-social-share tg-google-plus\" href=\"https:\/\/plus.google.com\/share?url=https%3A%2F%2Ffonds-risq.qc.ca%2Fen%2Fentreprise%2Fcorporation-de-developpement-touristique-bic%2F\"><i class=\"tg-icon-google-plus\"><\/i><\/a><a class=\"tg-social-share tg-pinterest\" href=\"https:\/\/pinterest.com\/pin\/create\/button\/?url=https%3A%2F%2Ffonds-risq.qc.ca%2Fen%2Fentreprise%2Fcorporation-de-developpement-touristique-bic%2F&#038;description=Corporation%20de%20d%C3%A9veloppement%20touristique%20Bic%2FSt-Fabien&#038;media=https%3A%2F%2Ffonds-risq.qc.ca%2Fwp-content%2Fuploads%2F2026%2F04%2FLogo-Corporation-de-developpement-touristique-BicSt-Fabien.jpg\"><i class=\"tg-icon-pinterest\"><\/i><\/a><\/div><\/div><\/div><div class=\"tg-item-content-holder tg-light image-format\" style=\"background-color:#0097c8\"><span class=\"tg-item-date\">23 April 2026<\/span><h2 class=\"tg-item-title\"><a href=\"https:\/\/fonds-risq.qc.ca\/en\/entreprise\/corporation-de-developpement-touristique-bic\/\" target=\"_self\">Corporation de d\u00e9veloppement touristique Bic\/St-Fabien<\/a><\/h2><span class=\"tg-cats-holder\"><a class=\"filtres_des_entreprises\" href=\"https:\/\/fonds-risq.qc.ca\/en\/filtres_des_entreprises\/2025-en\/\" rel=\"category\" data-term-id=\"263\"><span class=\"tg-item-term\" >2025<\/span><\/a><span>, <\/span><a class=\"filtres_des_entreprises\" href=\"https:\/\/fonds-risq.qc.ca\/en\/filtres_des_entreprises\/bas-saint-laurent-en\/\" rel=\"category\" data-term-id=\"131\"><span class=\"tg-item-term\" >Bas-Saint-Laurent<\/span><\/a><span>, <\/span><a class=\"filtres_des_entreprises\" href=\"https:\/\/fonds-risq.qc.ca\/en\/filtres_des_entreprises\/capitalization-loan\/\" rel=\"category\" data-term-id=\"148\"><span class=\"tg-item-term\" >Capitalization loan<\/span><\/a><span>, <\/span><a class=\"filtres_des_entreprises\" href=\"https:\/\/fonds-risq.qc.ca\/en\/filtres_des_entreprises\/npo\/\" rel=\"category\" data-term-id=\"150\"><span class=\"tg-item-term\" >NPO<\/span><\/a><span>, <\/span><a class=\"filtres_des_entreprises\" href=\"https:\/\/fonds-risq.qc.ca\/en\/filtres_des_entreprises\/tourism\/\" rel=\"category\" data-term-id=\"175\"><span class=\"tg-item-term\" >Tourism<\/span><\/a><\/span><div class=\"tg-item-footer\"><a class=\"tg-item-comment\" href=\"https:\/\/fonds-risq.qc.ca\/en\/entreprise\/corporation-de-developpement-touristique-bic\/\"  target=\"_self\">No comment<\/a><span class=\"no-ajaxy to-post-like no-liked empty-heart\" data-post-id=\"20889\" title=\"Like\"><span class=\"to-heart-icon\"><svg xmlns=\"http:\/\/www.w3.org\/2000\/svg\" version=\"1.1\" viewBox=\"0 0 64 64\"><g transform=\"translate(0, 0)\"><path stroke-width=\"6\" stroke-linecap=\"square\" stroke-miterlimit=\"10\" d=\"M1,21c0,20,31,38,31,38s31-18,31-38 c0-8.285-6-16-15-16c-8.285,0-16,5.715-16,14c0-8.285-7.715-14-16-14C7,5,1,12.715,1,21z\"><\/path><\/g><\/svg><\/span><span class=\"to-like-count\">0<\/span><\/span><\/div><\/div><\/div><\/article><!-- The Grid item #11 --><article class=\"tg-item tg-post-20929 kampala f263 f134 f131 f148 f177 f144 f150 f175\" data-row=\"1\" data-col=\"1\"><div class=\"tg-item-inner\"><div class=\"tg-item-media-holder tg-light\"><div class=\"tg-item-media-inner\"><img decoding=\"async\" class=\"tg-item-image\" alt=\"\" width=\"900\" height=\"563\" src=\"https:\/\/fonds-risq.qc.ca\/wp-content\/uploads\/2026\/03\/museeempress6-Site-historique-maritime-de-Pointe-au-Pere.jpg\"><\/div><div class=\"tg-center-holder\"><div class=\"tg-center-inner\"><div class=\"tg-item-overlay\"><\/div><a class=\"tg-link-button\" href=\"https:\/\/fonds-risq.qc.ca\/en\/entreprise\/site-historique-maritime-de-pointe-au-pere\/\" target=\"_self\"><i class=\"tg-icon-link\"><\/i><\/a><\/div><\/div><div class=\"tg-item-decoration\"><div class=\"triangle-down-right\" style=\"border-color:#0097c8\"><\/div><\/div><div class=\"tg-item-share-holder\"><div class=\"triangle-up-left\" style=\"border-color:rgba(22,22,22,0.65)\"><\/div><i class=\"tg-icon-reply\" style=\"color:#ffffff\"><\/i><div class=\"tg-share-icons\"><a class=\"tg-social-share tg-facebook\" href=\"https:\/\/www.facebook.com\/sharer.php?u=https%3A%2F%2Ffonds-risq.qc.ca%2Fen%2Fentreprise%2Fsite-historique-maritime-de-pointe-au-pere%2F&#038;t=Site%20historique%20maritime%20de%20Pointe-au-P%C3%A8re\"><i class=\"tg-icon-facebook\"><\/i><\/a><a class=\"tg-social-share tg-twitter\" href=\"https:\/\/twitter.com\/share?url=https%3A%2F%2Ffonds-risq.qc.ca%2Fen%2Fentreprise%2Fsite-historique-maritime-de-pointe-au-pere%2F&#038;text=Site%20historique%20maritime%20de%20Pointe-au-P%C3%A8re\"><i class=\"tg-icon-twitter\"><\/i><\/a><a class=\"tg-social-share tg-google-plus\" href=\"https:\/\/plus.google.com\/share?url=https%3A%2F%2Ffonds-risq.qc.ca%2Fen%2Fentreprise%2Fsite-historique-maritime-de-pointe-au-pere%2F\"><i class=\"tg-icon-google-plus\"><\/i><\/a><a class=\"tg-social-share tg-pinterest\" href=\"https:\/\/pinterest.com\/pin\/create\/button\/?url=https%3A%2F%2Ffonds-risq.qc.ca%2Fen%2Fentreprise%2Fsite-historique-maritime-de-pointe-au-pere%2F&#038;description=Site%20historique%20maritime%20de%20Pointe-au-P%C3%A8re&#038;media=https%3A%2F%2Ffonds-risq.qc.ca%2Fwp-content%2Fuploads%2F2026%2F03%2Fmuseeempress6-Site-historique-maritime-de-Pointe-au-Pere.jpg\"><i class=\"tg-icon-pinterest\"><\/i><\/a><\/div><\/div><\/div><div class=\"tg-item-content-holder tg-light image-format\" style=\"background-color:#0097c8\"><span class=\"tg-item-date\">10 April 2026<\/span><h2 class=\"tg-item-title\"><a href=\"https:\/\/fonds-risq.qc.ca\/en\/entreprise\/site-historique-maritime-de-pointe-au-pere\/\" target=\"_self\">Site historique maritime de Pointe-au-P\u00e8re<\/a><\/h2><span class=\"tg-cats-holder\"><a class=\"filtres_des_entreprises\" href=\"https:\/\/fonds-risq.qc.ca\/en\/filtres_des_entreprises\/2025-en\/\" rel=\"category\" data-term-id=\"263\"><span class=\"tg-item-term\" >2025<\/span><\/a><span>, <\/span><a class=\"filtres_des_entreprises\" href=\"https:\/\/fonds-risq.qc.ca\/en\/filtres_des_entreprises\/arts-and-culture\/\" rel=\"category\" data-term-id=\"134\"><span class=\"tg-item-term\" >Arts and culture<\/span><\/a><span>, <\/span><a class=\"filtres_des_entreprises\" href=\"https:\/\/fonds-risq.qc.ca\/en\/filtres_des_entreprises\/bas-saint-laurent-en\/\" rel=\"category\" data-term-id=\"131\"><span class=\"tg-item-term\" >Bas-Saint-Laurent<\/span><\/a><span>, <\/span><a class=\"filtres_des_entreprises\" href=\"https:\/\/fonds-risq.qc.ca\/en\/filtres_des_entreprises\/capitalization-loan\/\" rel=\"category\" data-term-id=\"148\"><span class=\"tg-item-term\" >Capitalization loan<\/span><\/a><span>, <\/span><a class=\"filtres_des_entreprises\" href=\"https:\/\/fonds-risq.qc.ca\/en\/filtres_des_entreprises\/culture-en\/\" rel=\"category\" data-term-id=\"177\"><span class=\"tg-item-term\" >Culture<\/span><\/a><span>, <\/span><a class=\"filtres_des_entreprises\" href=\"https:\/\/fonds-risq.qc.ca\/en\/filtres_des_entreprises\/leisure-tourism\/\" rel=\"category\" data-term-id=\"144\"><span class=\"tg-item-term\" >Leisure \/ Tourism<\/span><\/a><span>, <\/span><a class=\"filtres_des_entreprises\" href=\"https:\/\/fonds-risq.qc.ca\/en\/filtres_des_entreprises\/npo\/\" rel=\"category\" data-term-id=\"150\"><span class=\"tg-item-term\" >NPO<\/span><\/a><span>, <\/span><a class=\"filtres_des_entreprises\" href=\"https:\/\/fonds-risq.qc.ca\/en\/filtres_des_entreprises\/tourism\/\" rel=\"category\" data-term-id=\"175\"><span class=\"tg-item-term\" >Tourism<\/span><\/a><\/span><div class=\"tg-item-footer\"><a class=\"tg-item-comment\" href=\"https:\/\/fonds-risq.qc.ca\/en\/entreprise\/site-historique-maritime-de-pointe-au-pere\/\"  target=\"_self\">No comment<\/a><span class=\"no-ajaxy to-post-like no-liked empty-heart\" data-post-id=\"20929\" title=\"Like\"><span class=\"to-heart-icon\"><svg xmlns=\"http:\/\/www.w3.org\/2000\/svg\" version=\"1.1\" viewBox=\"0 0 64 64\"><g transform=\"translate(0, 0)\"><path stroke-width=\"6\" stroke-linecap=\"square\" stroke-miterlimit=\"10\" d=\"M1,21c0,20,31,38,31,38s31-18,31-38 c0-8.285-6-16-15-16c-8.285,0-16,5.715-16,14c0-8.285-7.715-14-16-14C7,5,1,12.715,1,21z\"><\/path><\/g><\/svg><\/span><span class=\"to-like-count\">0<\/span><\/span><\/div><\/div><\/div><\/article><!-- The Grid item #12 --><article class=\"tg-item tg-post-20613 kampala f263 f149 f259 f247 f128 f150 f153\" data-row=\"1\" data-col=\"1\"><div class=\"tg-item-inner\"><div class=\"tg-item-media-holder tg-light\"><div class=\"tg-item-media-inner\"><img decoding=\"async\" class=\"tg-item-image\" alt=\"\" width=\"800\" height=\"400\" src=\"https:\/\/fonds-risq.qc.ca\/wp-content\/uploads\/2026\/02\/velo-electrique-urbain.jpg\"><\/div><div class=\"tg-center-holder\"><div class=\"tg-center-inner\"><div class=\"tg-item-overlay\"><\/div><a class=\"tg-link-button\" href=\"https:\/\/fonds-risq.qc.ca\/en\/entreprise\/r2-energie\/\" target=\"_self\"><i class=\"tg-icon-link\"><\/i><\/a><\/div><\/div><div class=\"tg-item-decoration\"><div class=\"triangle-down-right\" style=\"border-color:#08607d\"><\/div><\/div><div class=\"tg-item-share-holder\"><div class=\"triangle-up-left\" style=\"border-color:rgba(22,22,22,0.65)\"><\/div><i class=\"tg-icon-reply\" style=\"color:#ffffff\"><\/i><div class=\"tg-share-icons\"><a class=\"tg-social-share tg-facebook\" href=\"https:\/\/www.facebook.com\/sharer.php?u=https%3A%2F%2Ffonds-risq.qc.ca%2Fen%2Fentreprise%2Fr2-energie%2F&#038;t=R2%20%C3%89nergie\"><i class=\"tg-icon-facebook\"><\/i><\/a><a class=\"tg-social-share tg-twitter\" href=\"https:\/\/twitter.com\/share?url=https%3A%2F%2Ffonds-risq.qc.ca%2Fen%2Fentreprise%2Fr2-energie%2F&#038;text=R2%20%C3%89nergie\"><i class=\"tg-icon-twitter\"><\/i><\/a><a class=\"tg-social-share tg-google-plus\" href=\"https:\/\/plus.google.com\/share?url=https%3A%2F%2Ffonds-risq.qc.ca%2Fen%2Fentreprise%2Fr2-energie%2F\"><i class=\"tg-icon-google-plus\"><\/i><\/a><a class=\"tg-social-share tg-pinterest\" href=\"https:\/\/pinterest.com\/pin\/create\/button\/?url=https%3A%2F%2Ffonds-risq.qc.ca%2Fen%2Fentreprise%2Fr2-energie%2F&#038;description=R2%20%C3%89nergie&#038;media=https%3A%2F%2Ffonds-risq.qc.ca%2Fwp-content%2Fuploads%2F2026%2F02%2Fvelo-electrique-urbain.jpg\"><i class=\"tg-icon-pinterest\"><\/i><\/a><\/div><\/div><\/div><div class=\"tg-item-content-holder tg-light image-format\" style=\"background-color:#08607d\"><span class=\"tg-item-date\">19 March 2026<\/span><h2 class=\"tg-item-title\"><a href=\"https:\/\/fonds-risq.qc.ca\/en\/entreprise\/r2-energie\/\" target=\"_self\">R2 \u00c9nergie<\/a><\/h2><span class=\"tg-cats-holder\"><a class=\"filtres_des_entreprises\" href=\"https:\/\/fonds-risq.qc.ca\/en\/filtres_des_entreprises\/2025-en\/\" rel=\"category\" data-term-id=\"263\"><span class=\"tg-item-term\" >2025<\/span><\/a><span>, <\/span><a class=\"filtres_des_entreprises\" href=\"https:\/\/fonds-risq.qc.ca\/en\/filtres_des_entreprises\/environment\/\" rel=\"category\" data-term-id=\"149\"><span class=\"tg-item-term\" >Environment<\/span><\/a><span>, <\/span><a class=\"filtres_des_entreprises\" href=\"https:\/\/fonds-risq.qc.ca\/en\/filtres_des_entreprises\/fices-2-en\/\" rel=\"category\" data-term-id=\"259\"><span class=\"tg-item-term\" >FIC\u00c9S<\/span><\/a><span>, <\/span><a class=\"filtres_des_entreprises\" href=\"https:\/\/fonds-risq.qc.ca\/en\/filtres_des_entreprises\/fices-en\/\" rel=\"category\" data-term-id=\"247\"><span class=\"tg-item-term\" >FIC\u00c9S<\/span><\/a><span>, <\/span><a class=\"filtres_des_entreprises\" href=\"https:\/\/fonds-risq.qc.ca\/en\/filtres_des_entreprises\/montreal-en\/\" rel=\"category\" data-term-id=\"128\"><span class=\"tg-item-term\" >Montr\u00e9al<\/span><\/a><span>, <\/span><a class=\"filtres_des_entreprises\" href=\"https:\/\/fonds-risq.qc.ca\/en\/filtres_des_entreprises\/npo\/\" rel=\"category\" data-term-id=\"150\"><span class=\"tg-item-term\" >NPO<\/span><\/a><span>, <\/span><a class=\"filtres_des_entreprises\" href=\"https:\/\/fonds-risq.qc.ca\/en\/filtres_des_entreprises\/recycling\/\" rel=\"category\" data-term-id=\"153\"><span class=\"tg-item-term\" >Recycling<\/span><\/a><\/span><div class=\"tg-item-footer\"><a class=\"tg-item-comment\" href=\"https:\/\/fonds-risq.qc.ca\/en\/entreprise\/r2-energie\/\"  target=\"_self\">No comment<\/a><span class=\"no-ajaxy to-post-like no-liked empty-heart\" data-post-id=\"20613\" title=\"Like\"><span class=\"to-heart-icon\"><svg xmlns=\"http:\/\/www.w3.org\/2000\/svg\" version=\"1.1\" viewBox=\"0 0 64 64\"><g transform=\"translate(0, 0)\"><path stroke-width=\"6\" stroke-linecap=\"square\" stroke-miterlimit=\"10\" d=\"M1,21c0,20,31,38,31,38s31-18,31-38 c0-8.285-6-16-15-16c-8.285,0-16,5.715-16,14c0-8.285-7.715-14-16-14C7,5,1,12.715,1,21z\"><\/path><\/g><\/svg><\/span><span class=\"to-like-count\">0<\/span><\/span><\/div><\/div><\/div><\/article><!-- The Grid item #13 --><article class=\"tg-item tg-post-20349 kampala f263 f134 f195 f150 f156 f146\" data-row=\"1\" data-col=\"1\"><div class=\"tg-item-inner\"><div class=\"tg-item-media-holder tg-light\"><div class=\"tg-item-media-inner\"><img decoding=\"async\" class=\"tg-item-image\" alt=\"\" width=\"1080\" height=\"721\" src=\"https:\/\/fonds-risq.qc.ca\/wp-content\/uploads\/2026\/01\/Mozaika-lab-1.png\"><\/div><div class=\"tg-center-holder\"><div class=\"tg-center-inner\"><div class=\"tg-item-overlay\"><\/div><a class=\"tg-link-button\" href=\"https:\/\/fonds-risq.qc.ca\/en\/entreprise\/mozaika-lab\/\" target=\"_self\"><i class=\"tg-icon-link\"><\/i><\/a><\/div><\/div><div class=\"tg-item-decoration\"><div class=\"triangle-down-right\" style=\"border-color:#b7c634\"><\/div><\/div><div class=\"tg-item-share-holder\"><div class=\"triangle-up-left\" style=\"border-color:rgba(22,22,22,0.65)\"><\/div><i class=\"tg-icon-reply\" style=\"color:#ffffff\"><\/i><div class=\"tg-share-icons\"><a class=\"tg-social-share tg-facebook\" href=\"https:\/\/www.facebook.com\/sharer.php?u=https%3A%2F%2Ffonds-risq.qc.ca%2Fen%2Fentreprise%2Fmozaika-lab%2F&#038;t=Mozaika%20Lab\"><i class=\"tg-icon-facebook\"><\/i><\/a><a class=\"tg-social-share tg-twitter\" href=\"https:\/\/twitter.com\/share?url=https%3A%2F%2Ffonds-risq.qc.ca%2Fen%2Fentreprise%2Fmozaika-lab%2F&#038;text=Mozaika%20Lab\"><i class=\"tg-icon-twitter\"><\/i><\/a><a class=\"tg-social-share tg-google-plus\" href=\"https:\/\/plus.google.com\/share?url=https%3A%2F%2Ffonds-risq.qc.ca%2Fen%2Fentreprise%2Fmozaika-lab%2F\"><i class=\"tg-icon-google-plus\"><\/i><\/a><a class=\"tg-social-share tg-pinterest\" href=\"https:\/\/pinterest.com\/pin\/create\/button\/?url=https%3A%2F%2Ffonds-risq.qc.ca%2Fen%2Fentreprise%2Fmozaika-lab%2F&#038;description=Mozaika%20Lab&#038;media=https%3A%2F%2Ffonds-risq.qc.ca%2Fwp-content%2Fuploads%2F2026%2F01%2FMozaika-lab-1.png\"><i class=\"tg-icon-pinterest\"><\/i><\/a><\/div><\/div><\/div><div class=\"tg-item-content-holder tg-light image-format\" style=\"background-color:#b7c634\"><span class=\"tg-item-date\">27 January 2026<\/span><h2 class=\"tg-item-title\"><a href=\"https:\/\/fonds-risq.qc.ca\/en\/entreprise\/mozaika-lab\/\" target=\"_self\">Mozaika Lab<\/a><\/h2><span class=\"tg-cats-holder\"><a class=\"filtres_des_entreprises\" href=\"https:\/\/fonds-risq.qc.ca\/en\/filtres_des_entreprises\/2025-en\/\" rel=\"category\" data-term-id=\"263\"><span class=\"tg-item-term\" >2025<\/span><\/a><span>, <\/span><a class=\"filtres_des_entreprises\" href=\"https:\/\/fonds-risq.qc.ca\/en\/filtres_des_entreprises\/arts-and-culture\/\" rel=\"category\" data-term-id=\"134\"><span class=\"tg-item-term\" >Arts and culture<\/span><\/a><span>, <\/span><a class=\"filtres_des_entreprises\" href=\"https:\/\/fonds-risq.qc.ca\/en\/filtres_des_entreprises\/immobilier-collectif-en\/\" rel=\"category\" data-term-id=\"195\"><span class=\"tg-item-term\" >Immobilier collectif<\/span><\/a><span>, <\/span><a class=\"filtres_des_entreprises\" href=\"https:\/\/fonds-risq.qc.ca\/en\/filtres_des_entreprises\/npo\/\" rel=\"category\" data-term-id=\"150\"><span class=\"tg-item-term\" >NPO<\/span><\/a><span>, <\/span><a class=\"filtres_des_entreprises\" href=\"https:\/\/fonds-risq.qc.ca\/en\/filtres_des_entreprises\/outaouais-en\/\" rel=\"category\" data-term-id=\"156\"><span class=\"tg-item-term\" >Outaouais<\/span><\/a><span>, <\/span><a class=\"filtres_des_entreprises\" href=\"https:\/\/fonds-risq.qc.ca\/en\/filtres_des_entreprises\/pret-pour-aide-technique-en\/\" rel=\"category\" data-term-id=\"146\"><span class=\"tg-item-term\" >Technical assistance loan<\/span><\/a><\/span><div class=\"tg-item-footer\"><a class=\"tg-item-comment\" href=\"https:\/\/fonds-risq.qc.ca\/en\/entreprise\/mozaika-lab\/\"  target=\"_self\">No comment<\/a><span class=\"no-ajaxy to-post-like no-liked empty-heart\" data-post-id=\"20349\" title=\"Like\"><span class=\"to-heart-icon\"><svg xmlns=\"http:\/\/www.w3.org\/2000\/svg\" version=\"1.1\" viewBox=\"0 0 64 64\"><g transform=\"translate(0, 0)\"><path stroke-width=\"6\" stroke-linecap=\"square\" stroke-miterlimit=\"10\" d=\"M1,21c0,20,31,38,31,38s31-18,31-38 c0-8.285-6-16-15-16c-8.285,0-16,5.715-16,14c0-8.285-7.715-14-16-14C7,5,1,12.715,1,21z\"><\/path><\/g><\/svg><\/span><span class=\"to-like-count\">0<\/span><\/span><\/div><\/div><\/div><\/article><!-- The Grid item #14 --><article class=\"tg-item tg-post-20214 kampala f263 f128 f150 f192 f146\" data-row=\"1\" data-col=\"1\"><div class=\"tg-item-inner\"><div class=\"tg-item-media-holder tg-light\"><div class=\"tg-item-media-inner\"><img decoding=\"async\" class=\"tg-item-image\" alt=\"\" width=\"1408\" height=\"1007\" src=\"https:\/\/fonds-risq.qc.ca\/wp-content\/uploads\/2025\/11\/Havre-des-pins.jpg\"><\/div><div class=\"tg-center-holder\"><div class=\"tg-center-inner\"><div class=\"tg-item-overlay\"><\/div><a class=\"tg-link-button\" href=\"https:\/\/fonds-risq.qc.ca\/en\/entreprise\/havre-du-pin-solitaire\/\" target=\"_self\"><i class=\"tg-icon-link\"><\/i><\/a><\/div><\/div><div class=\"tg-item-decoration\"><div class=\"triangle-down-right\" style=\"border-color:#b7c634\"><\/div><\/div><div class=\"tg-item-share-holder\"><div class=\"triangle-up-left\" style=\"border-color:rgba(22,22,22,0.65)\"><\/div><i class=\"tg-icon-reply\" style=\"color:#ffffff\"><\/i><div class=\"tg-share-icons\"><a class=\"tg-social-share tg-facebook\" href=\"https:\/\/www.facebook.com\/sharer.php?u=https%3A%2F%2Ffonds-risq.qc.ca%2Fen%2Fentreprise%2Fhavre-du-pin-solitaire%2F&#038;t=Havre%20du%20pin%20solitaire\"><i class=\"tg-icon-facebook\"><\/i><\/a><a class=\"tg-social-share tg-twitter\" href=\"https:\/\/twitter.com\/share?url=https%3A%2F%2Ffonds-risq.qc.ca%2Fen%2Fentreprise%2Fhavre-du-pin-solitaire%2F&#038;text=Havre%20du%20pin%20solitaire\"><i class=\"tg-icon-twitter\"><\/i><\/a><a class=\"tg-social-share tg-google-plus\" href=\"https:\/\/plus.google.com\/share?url=https%3A%2F%2Ffonds-risq.qc.ca%2Fen%2Fentreprise%2Fhavre-du-pin-solitaire%2F\"><i class=\"tg-icon-google-plus\"><\/i><\/a><a class=\"tg-social-share tg-pinterest\" href=\"https:\/\/pinterest.com\/pin\/create\/button\/?url=https%3A%2F%2Ffonds-risq.qc.ca%2Fen%2Fentreprise%2Fhavre-du-pin-solitaire%2F&#038;description=Havre%20du%20pin%20solitaire&#038;media=https%3A%2F%2Ffonds-risq.qc.ca%2Fwp-content%2Fuploads%2F2025%2F11%2FHavre-des-pins.jpg\"><i class=\"tg-icon-pinterest\"><\/i><\/a><\/div><\/div><\/div><div class=\"tg-item-content-holder tg-light image-format\" style=\"background-color:#b7c634\"><span class=\"tg-item-date\">16 December 2025<\/span><h2 class=\"tg-item-title\"><a href=\"https:\/\/fonds-risq.qc.ca\/en\/entreprise\/havre-du-pin-solitaire\/\" target=\"_self\">Havre du pin solitaire<\/a><\/h2><span class=\"tg-cats-holder\"><a class=\"filtres_des_entreprises\" href=\"https:\/\/fonds-risq.qc.ca\/en\/filtres_des_entreprises\/2025-en\/\" rel=\"category\" data-term-id=\"263\"><span class=\"tg-item-term\" >2025<\/span><\/a><span>, <\/span><a class=\"filtres_des_entreprises\" href=\"https:\/\/fonds-risq.qc.ca\/en\/filtres_des_entreprises\/montreal-en\/\" rel=\"category\" data-term-id=\"128\"><span class=\"tg-item-term\" >Montr\u00e9al<\/span><\/a><span>, <\/span><a class=\"filtres_des_entreprises\" href=\"https:\/\/fonds-risq.qc.ca\/en\/filtres_des_entreprises\/npo\/\" rel=\"category\" data-term-id=\"150\"><span class=\"tg-item-term\" >NPO<\/span><\/a><span>, <\/span><a class=\"filtres_des_entreprises\" href=\"https:\/\/fonds-risq.qc.ca\/en\/filtres_des_entreprises\/organisme-civique-et-amicale-en\/\" rel=\"category\" data-term-id=\"192\"><span class=\"tg-item-term\" >Organisme civique et amicale<\/span><\/a><span>, <\/span><a class=\"filtres_des_entreprises\" href=\"https:\/\/fonds-risq.qc.ca\/en\/filtres_des_entreprises\/pret-pour-aide-technique-en\/\" rel=\"category\" data-term-id=\"146\"><span class=\"tg-item-term\" >Technical assistance loan<\/span><\/a><\/span><div class=\"tg-item-footer\"><a class=\"tg-item-comment\" href=\"https:\/\/fonds-risq.qc.ca\/en\/entreprise\/havre-du-pin-solitaire\/\"  target=\"_self\">No comment<\/a><span class=\"no-ajaxy to-post-like no-liked empty-heart\" data-post-id=\"20214\" title=\"Like\"><span class=\"to-heart-icon\"><svg xmlns=\"http:\/\/www.w3.org\/2000\/svg\" version=\"1.1\" viewBox=\"0 0 64 64\"><g transform=\"translate(0, 0)\"><path stroke-width=\"6\" stroke-linecap=\"square\" stroke-miterlimit=\"10\" d=\"M1,21c0,20,31,38,31,38s31-18,31-38 c0-8.285-6-16-15-16c-8.285,0-16,5.715-16,14c0-8.285-7.715-14-16-14C7,5,1,12.715,1,21z\"><\/path><\/g><\/svg><\/span><span class=\"to-like-count\">0<\/span><\/span><\/div><\/div><\/div><\/article><!-- The Grid item #15 --><article class=\"tg-item tg-post-20203 kampala f263 f197 f130 f148 f150 f153 f160 f142\" data-row=\"1\" data-col=\"1\"><div class=\"tg-item-inner\"><div class=\"tg-item-media-holder tg-light\"><div class=\"tg-item-media-inner\"><img decoding=\"async\" class=\"tg-item-image\" alt=\"\" width=\"940\" height=\"788\" src=\"https:\/\/fonds-risq.qc.ca\/wp-content\/uploads\/2025\/10\/Photo-Entraide-Agape.jpg\"><\/div><div class=\"tg-center-holder\"><div class=\"tg-center-inner\"><div class=\"tg-item-overlay\"><\/div><a class=\"tg-link-button\" href=\"https:\/\/fonds-risq.qc.ca\/en\/entreprise\/entraide-agape\/\" target=\"_self\"><i class=\"tg-icon-link\"><\/i><\/a><\/div><\/div><div class=\"tg-item-decoration\"><div class=\"triangle-down-right\" style=\"border-color:#0097c8\"><\/div><\/div><div class=\"tg-item-share-holder\"><div class=\"triangle-up-left\" style=\"border-color:rgba(22,22,22,0.65)\"><\/div><i class=\"tg-icon-reply\" style=\"color:#ffffff\"><\/i><div class=\"tg-share-icons\"><a class=\"tg-social-share tg-facebook\" href=\"https:\/\/www.facebook.com\/sharer.php?u=https%3A%2F%2Ffonds-risq.qc.ca%2Fen%2Fentreprise%2Fentraide-agape%2F&#038;t=Entraide%20Agap%C3%A8\"><i class=\"tg-icon-facebook\"><\/i><\/a><a class=\"tg-social-share tg-twitter\" href=\"https:\/\/twitter.com\/share?url=https%3A%2F%2Ffonds-risq.qc.ca%2Fen%2Fentreprise%2Fentraide-agape%2F&#038;text=Entraide%20Agap%C3%A8\"><i class=\"tg-icon-twitter\"><\/i><\/a><a class=\"tg-social-share tg-google-plus\" href=\"https:\/\/plus.google.com\/share?url=https%3A%2F%2Ffonds-risq.qc.ca%2Fen%2Fentreprise%2Fentraide-agape%2F\"><i class=\"tg-icon-google-plus\"><\/i><\/a><a class=\"tg-social-share tg-pinterest\" href=\"https:\/\/pinterest.com\/pin\/create\/button\/?url=https%3A%2F%2Ffonds-risq.qc.ca%2Fen%2Fentreprise%2Fentraide-agape%2F&#038;description=Entraide%20Agap%C3%A8&#038;media=https%3A%2F%2Ffonds-risq.qc.ca%2Fwp-content%2Fuploads%2F2025%2F10%2FPhoto-Entraide-Agape.jpg\"><i class=\"tg-icon-pinterest\"><\/i><\/a><\/div><\/div><\/div><div class=\"tg-item-content-holder tg-light image-format\" style=\"background-color:#0097c8\"><span class=\"tg-item-date\">16 December 2025<\/span><h2 class=\"tg-item-title\"><a href=\"https:\/\/fonds-risq.qc.ca\/en\/entreprise\/entraide-agape\/\" target=\"_self\">Entraide Agap\u00e8<\/a><\/h2><span class=\"tg-cats-holder\"><a class=\"filtres_des_entreprises\" href=\"https:\/\/fonds-risq.qc.ca\/en\/filtres_des_entreprises\/2025-en\/\" rel=\"category\" data-term-id=\"263\"><span class=\"tg-item-term\" >2025<\/span><\/a><span>, <\/span><a class=\"filtres_des_entreprises\" href=\"https:\/\/fonds-risq.qc.ca\/en\/filtres_des_entreprises\/assistance-sociale-en\/\" rel=\"category\" data-term-id=\"197\"><span class=\"tg-item-term\" >Assistance sociale<\/span><\/a><span>, <\/span><a class=\"filtres_des_entreprises\" href=\"https:\/\/fonds-risq.qc.ca\/en\/filtres_des_entreprises\/capitale-nationale-en\/\" rel=\"category\" data-term-id=\"130\"><span class=\"tg-item-term\" >Capitale-Nationale<\/span><\/a><span>, <\/span><a class=\"filtres_des_entreprises\" href=\"https:\/\/fonds-risq.qc.ca\/en\/filtres_des_entreprises\/capitalization-loan\/\" rel=\"category\" data-term-id=\"148\"><span class=\"tg-item-term\" >Capitalization loan<\/span><\/a><span>, <\/span><a class=\"filtres_des_entreprises\" href=\"https:\/\/fonds-risq.qc.ca\/en\/filtres_des_entreprises\/npo\/\" rel=\"category\" data-term-id=\"150\"><span class=\"tg-item-term\" >NPO<\/span><\/a><span>, <\/span><a class=\"filtres_des_entreprises\" href=\"https:\/\/fonds-risq.qc.ca\/en\/filtres_des_entreprises\/recycling\/\" rel=\"category\" data-term-id=\"153\"><span class=\"tg-item-term\" >Recycling<\/span><\/a><span>, <\/span><a class=\"filtres_des_entreprises\" href=\"https:\/\/fonds-risq.qc.ca\/en\/filtres_des_entreprises\/ressourcerie-en\/\" rel=\"category\" data-term-id=\"160\"><span class=\"tg-item-term\" >Ressourcerie<\/span><\/a><span>, <\/span><a class=\"filtres_des_entreprises\" href=\"https:\/\/fonds-risq.qc.ca\/en\/filtres_des_entreprises\/services-to-people\/\" rel=\"category\" data-term-id=\"142\"><span class=\"tg-item-term\" >Services to people<\/span><\/a><\/span><div class=\"tg-item-footer\"><a class=\"tg-item-comment\" href=\"https:\/\/fonds-risq.qc.ca\/en\/entreprise\/entraide-agape\/\"  target=\"_self\">No comment<\/a><span class=\"no-ajaxy to-post-like no-liked empty-heart\" data-post-id=\"20203\" title=\"Like\"><span class=\"to-heart-icon\"><svg xmlns=\"http:\/\/www.w3.org\/2000\/svg\" version=\"1.1\" viewBox=\"0 0 64 64\"><g transform=\"translate(0, 0)\"><path stroke-width=\"6\" stroke-linecap=\"square\" stroke-miterlimit=\"10\" d=\"M1,21c0,20,31,38,31,38s31-18,31-38 c0-8.285-6-16-15-16c-8.285,0-16,5.715-16,14c0-8.285-7.715-14-16-14C7,5,1,12.715,1,21z\"><\/path><\/g><\/svg><\/span><span class=\"to-like-count\">0<\/span><\/span><\/div><\/div><\/div><\/article><!-- The Grid item #16 --><article class=\"tg-item tg-post-20146 kampala f263 f148 f128 f150 f153\" data-row=\"1\" data-col=\"1\"><div class=\"tg-item-inner\"><div class=\"tg-item-media-holder tg-light\"><div class=\"tg-item-media-inner\"><img decoding=\"async\" class=\"tg-item-image\" alt=\"\" width=\"2499\" height=\"906\" src=\"https:\/\/fonds-risq.qc.ca\/wp-content\/uploads\/2025\/10\/photo-Sollicite1.png\"><\/div><div class=\"tg-center-holder\"><div class=\"tg-center-inner\"><div class=\"tg-item-overlay\"><\/div><a class=\"tg-link-button\" href=\"https:\/\/fonds-risq.qc.ca\/en\/entreprise\/sollicite\/\" target=\"_self\"><i class=\"tg-icon-link\"><\/i><\/a><\/div><\/div><div class=\"tg-item-decoration\"><div class=\"triangle-down-right\" style=\"border-color:#0097c8\"><\/div><\/div><div class=\"tg-item-share-holder\"><div class=\"triangle-up-left\" style=\"border-color:rgba(22,22,22,0.65)\"><\/div><i class=\"tg-icon-reply\" style=\"color:#ffffff\"><\/i><div class=\"tg-share-icons\"><a class=\"tg-social-share tg-facebook\" href=\"https:\/\/www.facebook.com\/sharer.php?u=https%3A%2F%2Ffonds-risq.qc.ca%2Fen%2Fentreprise%2Fsollicite%2F&#038;t=Sollicit%C3%A9\"><i class=\"tg-icon-facebook\"><\/i><\/a><a class=\"tg-social-share tg-twitter\" href=\"https:\/\/twitter.com\/share?url=https%3A%2F%2Ffonds-risq.qc.ca%2Fen%2Fentreprise%2Fsollicite%2F&#038;text=Sollicit%C3%A9\"><i class=\"tg-icon-twitter\"><\/i><\/a><a class=\"tg-social-share tg-google-plus\" href=\"https:\/\/plus.google.com\/share?url=https%3A%2F%2Ffonds-risq.qc.ca%2Fen%2Fentreprise%2Fsollicite%2F\"><i class=\"tg-icon-google-plus\"><\/i><\/a><a class=\"tg-social-share tg-pinterest\" href=\"https:\/\/pinterest.com\/pin\/create\/button\/?url=https%3A%2F%2Ffonds-risq.qc.ca%2Fen%2Fentreprise%2Fsollicite%2F&#038;description=Sollicit%C3%A9&#038;media=https%3A%2F%2Ffonds-risq.qc.ca%2Fwp-content%2Fuploads%2F2025%2F10%2Fphoto-Sollicite1.png\"><i class=\"tg-icon-pinterest\"><\/i><\/a><\/div><\/div><\/div><div class=\"tg-item-content-holder tg-light image-format\" style=\"background-color:#0097c8\"><span class=\"tg-item-date\">21 November 2025<\/span><h2 class=\"tg-item-title\"><a href=\"https:\/\/fonds-risq.qc.ca\/en\/entreprise\/sollicite\/\" target=\"_self\">Sollicit\u00e9<\/a><\/h2><span class=\"tg-cats-holder\"><a class=\"filtres_des_entreprises\" href=\"https:\/\/fonds-risq.qc.ca\/en\/filtres_des_entreprises\/2025-en\/\" rel=\"category\" data-term-id=\"263\"><span class=\"tg-item-term\" >2025<\/span><\/a><span>, <\/span><a class=\"filtres_des_entreprises\" href=\"https:\/\/fonds-risq.qc.ca\/en\/filtres_des_entreprises\/capitalization-loan\/\" rel=\"category\" data-term-id=\"148\"><span class=\"tg-item-term\" >Capitalization loan<\/span><\/a><span>, <\/span><a class=\"filtres_des_entreprises\" href=\"https:\/\/fonds-risq.qc.ca\/en\/filtres_des_entreprises\/montreal-en\/\" rel=\"category\" data-term-id=\"128\"><span class=\"tg-item-term\" >Montr\u00e9al<\/span><\/a><span>, <\/span><a class=\"filtres_des_entreprises\" href=\"https:\/\/fonds-risq.qc.ca\/en\/filtres_des_entreprises\/npo\/\" rel=\"category\" data-term-id=\"150\"><span class=\"tg-item-term\" >NPO<\/span><\/a><span>, <\/span><a class=\"filtres_des_entreprises\" href=\"https:\/\/fonds-risq.qc.ca\/en\/filtres_des_entreprises\/recycling\/\" rel=\"category\" data-term-id=\"153\"><span class=\"tg-item-term\" >Recycling<\/span><\/a><\/span><div class=\"tg-item-footer\"><a class=\"tg-item-comment\" href=\"https:\/\/fonds-risq.qc.ca\/en\/entreprise\/sollicite\/\"  target=\"_self\">No comment<\/a><span class=\"no-ajaxy to-post-like no-liked empty-heart\" data-post-id=\"20146\" title=\"Like\"><span class=\"to-heart-icon\"><svg xmlns=\"http:\/\/www.w3.org\/2000\/svg\" version=\"1.1\" viewBox=\"0 0 64 64\"><g transform=\"translate(0, 0)\"><path stroke-width=\"6\" stroke-linecap=\"square\" stroke-miterlimit=\"10\" d=\"M1,21c0,20,31,38,31,38s31-18,31-38 c0-8.285-6-16-15-16c-8.285,0-16,5.715-16,14c0-8.285-7.715-14-16-14C7,5,1,12.715,1,21z\"><\/path><\/g><\/svg><\/span><span class=\"to-like-count\">0<\/span><\/span><\/div><\/div><\/div><\/article><!-- The Grid item #17 --><article class=\"tg-item tg-post-20199 kampala f263 f166 f150 f135 f142 f146\" data-row=\"1\" data-col=\"1\"><div class=\"tg-item-inner\"><div class=\"tg-item-media-holder tg-light\"><div class=\"tg-item-media-inner\"><img decoding=\"async\" class=\"tg-item-image\" alt=\"\" width=\"2048\" height=\"1536\" src=\"https:\/\/fonds-risq.qc.ca\/wp-content\/uploads\/2025\/06\/collectif-chaleur.jpg\"><\/div><div class=\"tg-center-holder\"><div class=\"tg-center-inner\"><div class=\"tg-item-overlay\"><\/div><a class=\"tg-link-button\" href=\"https:\/\/fonds-risq.qc.ca\/en\/entreprise\/collectif-chaleur-2\/\" target=\"_self\"><i class=\"tg-icon-link\"><\/i><\/a><\/div><\/div><div class=\"tg-item-decoration\"><div class=\"triangle-down-right\" style=\"border-color:#b7c634\"><\/div><\/div><div class=\"tg-item-share-holder\"><div class=\"triangle-up-left\" style=\"border-color:rgba(22,22,22,0.65)\"><\/div><i class=\"tg-icon-reply\" style=\"color:#ffffff\"><\/i><div class=\"tg-share-icons\"><a class=\"tg-social-share tg-facebook\" href=\"https:\/\/www.facebook.com\/sharer.php?u=https%3A%2F%2Ffonds-risq.qc.ca%2Fen%2Fentreprise%2Fcollectif-chaleur-2%2F&#038;t=Collectif%20Chaleur\"><i class=\"tg-icon-facebook\"><\/i><\/a><a class=\"tg-social-share tg-twitter\" href=\"https:\/\/twitter.com\/share?url=https%3A%2F%2Ffonds-risq.qc.ca%2Fen%2Fentreprise%2Fcollectif-chaleur-2%2F&#038;text=Collectif%20Chaleur\"><i class=\"tg-icon-twitter\"><\/i><\/a><a class=\"tg-social-share tg-google-plus\" href=\"https:\/\/plus.google.com\/share?url=https%3A%2F%2Ffonds-risq.qc.ca%2Fen%2Fentreprise%2Fcollectif-chaleur-2%2F\"><i class=\"tg-icon-google-plus\"><\/i><\/a><a class=\"tg-social-share tg-pinterest\" href=\"https:\/\/pinterest.com\/pin\/create\/button\/?url=https%3A%2F%2Ffonds-risq.qc.ca%2Fen%2Fentreprise%2Fcollectif-chaleur-2%2F&#038;description=Collectif%20Chaleur&#038;media=https%3A%2F%2Ffonds-risq.qc.ca%2Fwp-content%2Fuploads%2F2025%2F06%2Fcollectif-chaleur.jpg\"><i class=\"tg-icon-pinterest\"><\/i><\/a><\/div><\/div><\/div><div class=\"tg-item-content-holder tg-light image-format\" style=\"background-color:#b7c634\"><span class=\"tg-item-date\">9 October 2025<\/span><h2 class=\"tg-item-title\"><a href=\"https:\/\/fonds-risq.qc.ca\/en\/entreprise\/collectif-chaleur-2\/\" target=\"_self\">Collectif Chaleur<\/a><\/h2><span class=\"tg-cats-holder\"><a class=\"filtres_des_entreprises\" href=\"https:\/\/fonds-risq.qc.ca\/en\/filtres_des_entreprises\/2025-en\/\" rel=\"category\" data-term-id=\"263\"><span class=\"tg-item-term\" >2025<\/span><\/a><span>, <\/span><a class=\"filtres_des_entreprises\" href=\"https:\/\/fonds-risq.qc.ca\/en\/filtres_des_entreprises\/gaspesie-iles-de-la-madeleine-en\/\" rel=\"category\" data-term-id=\"166\"><span class=\"tg-item-term\" >Gasp\u00e9sie-\u00celes-de-la-Madeleine<\/span><\/a><span>, <\/span><a class=\"filtres_des_entreprises\" href=\"https:\/\/fonds-risq.qc.ca\/en\/filtres_des_entreprises\/npo\/\" rel=\"category\" data-term-id=\"150\"><span class=\"tg-item-term\" >NPO<\/span><\/a><span>, <\/span><a class=\"filtres_des_entreprises\" href=\"https:\/\/fonds-risq.qc.ca\/en\/filtres_des_entreprises\/services-en\/\" rel=\"category\" data-term-id=\"135\"><span class=\"tg-item-term\" >Services<\/span><\/a><span>, <\/span><a class=\"filtres_des_entreprises\" href=\"https:\/\/fonds-risq.qc.ca\/en\/filtres_des_entreprises\/services-to-people\/\" rel=\"category\" data-term-id=\"142\"><span class=\"tg-item-term\" >Services to people<\/span><\/a><span>, <\/span><a class=\"filtres_des_entreprises\" href=\"https:\/\/fonds-risq.qc.ca\/en\/filtres_des_entreprises\/pret-pour-aide-technique-en\/\" rel=\"category\" data-term-id=\"146\"><span class=\"tg-item-term\" >Technical assistance loan<\/span><\/a><\/span><div class=\"tg-item-footer\"><a class=\"tg-item-comment\" href=\"https:\/\/fonds-risq.qc.ca\/en\/entreprise\/collectif-chaleur-2\/\"  target=\"_self\">No comment<\/a><span class=\"no-ajaxy to-post-like no-liked empty-heart\" data-post-id=\"20199\" title=\"Like\"><span class=\"to-heart-icon\"><svg xmlns=\"http:\/\/www.w3.org\/2000\/svg\" version=\"1.1\" viewBox=\"0 0 64 64\"><g transform=\"translate(0, 0)\"><path stroke-width=\"6\" stroke-linecap=\"square\" stroke-miterlimit=\"10\" d=\"M1,21c0,20,31,38,31,38s31-18,31-38 c0-8.285-6-16-15-16c-8.285,0-16,5.715-16,14c0-8.285-7.715-14-16-14C7,5,1,12.715,1,21z\"><\/path><\/g><\/svg><\/span><span class=\"to-like-count\">0<\/span><\/span><\/div><\/div><\/div><\/article><!-- The Grid item #18 --><article class=\"tg-item tg-post-20029 kampala f263 f134 f148 f177 f190 f150 f156\" data-row=\"1\" data-col=\"1\"><div class=\"tg-item-inner\"><div class=\"tg-item-media-holder tg-light\"><div class=\"tg-item-media-inner\"><img decoding=\"async\" class=\"tg-item-image\" alt=\"\" width=\"940\" height=\"788\" src=\"https:\/\/fonds-risq.qc.ca\/wp-content\/uploads\/2025\/09\/Photo-Estacade.jpg\"><\/div><div class=\"tg-center-holder\"><div class=\"tg-center-inner\"><div class=\"tg-item-overlay\"><\/div><a class=\"tg-link-button\" href=\"https:\/\/fonds-risq.qc.ca\/en\/entreprise\/carrefour-culturel-estacade\/\" target=\"_self\"><i class=\"tg-icon-link\"><\/i><\/a><\/div><\/div><div class=\"tg-item-decoration\"><div class=\"triangle-down-right\" style=\"border-color:#0097c8\"><\/div><\/div><div class=\"tg-item-share-holder\"><div class=\"triangle-up-left\" style=\"border-color:rgba(22,22,22,0.65)\"><\/div><i class=\"tg-icon-reply\" style=\"color:#ffffff\"><\/i><div class=\"tg-share-icons\"><a class=\"tg-social-share tg-facebook\" href=\"https:\/\/www.facebook.com\/sharer.php?u=https%3A%2F%2Ffonds-risq.qc.ca%2Fen%2Fentreprise%2Fcarrefour-culturel-estacade%2F&#038;t=Carrefour%20culturel%20Estacade\"><i class=\"tg-icon-facebook\"><\/i><\/a><a class=\"tg-social-share tg-twitter\" href=\"https:\/\/twitter.com\/share?url=https%3A%2F%2Ffonds-risq.qc.ca%2Fen%2Fentreprise%2Fcarrefour-culturel-estacade%2F&#038;text=Carrefour%20culturel%20Estacade\"><i class=\"tg-icon-twitter\"><\/i><\/a><a class=\"tg-social-share tg-google-plus\" href=\"https:\/\/plus.google.com\/share?url=https%3A%2F%2Ffonds-risq.qc.ca%2Fen%2Fentreprise%2Fcarrefour-culturel-estacade%2F\"><i class=\"tg-icon-google-plus\"><\/i><\/a><a class=\"tg-social-share tg-pinterest\" href=\"https:\/\/pinterest.com\/pin\/create\/button\/?url=https%3A%2F%2Ffonds-risq.qc.ca%2Fen%2Fentreprise%2Fcarrefour-culturel-estacade%2F&#038;description=Carrefour%20culturel%20Estacade&#038;media=https%3A%2F%2Ffonds-risq.qc.ca%2Fwp-content%2Fuploads%2F2025%2F09%2FPhoto-Estacade.jpg\"><i class=\"tg-icon-pinterest\"><\/i><\/a><\/div><\/div><\/div><div class=\"tg-item-content-holder tg-light image-format\" style=\"background-color:#0097c8\"><span class=\"tg-item-date\">3 October 2025<\/span><h2 class=\"tg-item-title\"><a href=\"https:\/\/fonds-risq.qc.ca\/en\/entreprise\/carrefour-culturel-estacade\/\" target=\"_self\">Carrefour culturel Estacade<\/a><\/h2><span class=\"tg-cats-holder\"><a class=\"filtres_des_entreprises\" href=\"https:\/\/fonds-risq.qc.ca\/en\/filtres_des_entreprises\/2025-en\/\" rel=\"category\" data-term-id=\"263\"><span class=\"tg-item-term\" >2025<\/span><\/a><span>, <\/span><a class=\"filtres_des_entreprises\" href=\"https:\/\/fonds-risq.qc.ca\/en\/filtres_des_entreprises\/arts-and-culture\/\" rel=\"category\" data-term-id=\"134\"><span class=\"tg-item-term\" >Arts and culture<\/span><\/a><span>, <\/span><a class=\"filtres_des_entreprises\" href=\"https:\/\/fonds-risq.qc.ca\/en\/filtres_des_entreprises\/capitalization-loan\/\" rel=\"category\" data-term-id=\"148\"><span class=\"tg-item-term\" >Capitalization loan<\/span><\/a><span>, <\/span><a class=\"filtres_des_entreprises\" href=\"https:\/\/fonds-risq.qc.ca\/en\/filtres_des_entreprises\/culture-en\/\" rel=\"category\" data-term-id=\"177\"><span class=\"tg-item-term\" >Culture<\/span><\/a><span>, <\/span><a class=\"filtres_des_entreprises\" href=\"https:\/\/fonds-risq.qc.ca\/en\/filtres_des_entreprises\/loisirs-divertissement-en\/\" rel=\"category\" data-term-id=\"190\"><span class=\"tg-item-term\" >Loisirs-Divertissement<\/span><\/a><span>, <\/span><a class=\"filtres_des_entreprises\" href=\"https:\/\/fonds-risq.qc.ca\/en\/filtres_des_entreprises\/npo\/\" rel=\"category\" data-term-id=\"150\"><span class=\"tg-item-term\" >NPO<\/span><\/a><span>, <\/span><a class=\"filtres_des_entreprises\" href=\"https:\/\/fonds-risq.qc.ca\/en\/filtres_des_entreprises\/outaouais-en\/\" rel=\"category\" data-term-id=\"156\"><span class=\"tg-item-term\" >Outaouais<\/span><\/a><\/span><div class=\"tg-item-footer\"><a class=\"tg-item-comment\" href=\"https:\/\/fonds-risq.qc.ca\/en\/entreprise\/carrefour-culturel-estacade\/\"  target=\"_self\">No comment<\/a><span class=\"no-ajaxy to-post-like no-liked empty-heart\" data-post-id=\"20029\" title=\"Like\"><span class=\"to-heart-icon\"><svg xmlns=\"http:\/\/www.w3.org\/2000\/svg\" version=\"1.1\" viewBox=\"0 0 64 64\"><g transform=\"translate(0, 0)\"><path stroke-width=\"6\" stroke-linecap=\"square\" stroke-miterlimit=\"10\" d=\"M1,21c0,20,31,38,31,38s31-18,31-38 c0-8.285-6-16-15-16c-8.285,0-16,5.715-16,14c0-8.285-7.715-14-16-14C7,5,1,12.715,1,21z\"><\/path><\/g><\/svg><\/span><span class=\"to-like-count\">0<\/span><\/span><\/div><\/div><\/div><\/article><!-- The Grid item #19 --><article class=\"tg-item tg-post-20028 kampala f263 f141 f151 f127 f135 f146\" data-row=\"1\" data-col=\"1\"><div class=\"tg-item-inner\"><div class=\"tg-item-media-holder tg-light\"><div class=\"tg-item-media-inner\"><img decoding=\"async\" class=\"tg-item-image\" alt=\"\" width=\"3365\" height=\"1245\" src=\"https:\/\/fonds-risq.qc.ca\/wp-content\/uploads\/2025\/09\/Photo-Basta.png\"><\/div><div class=\"tg-center-holder\"><div class=\"tg-center-inner\"><div class=\"tg-item-overlay\"><\/div><a class=\"tg-link-button\" href=\"https:\/\/fonds-risq.qc.ca\/en\/entreprise\/basta-communication\/\" target=\"_self\"><i class=\"tg-icon-link\"><\/i><\/a><\/div><\/div><div class=\"tg-item-decoration\"><div class=\"triangle-down-right\" style=\"border-color:#b7c634\"><\/div><\/div><div class=\"tg-item-share-holder\"><div class=\"triangle-up-left\" style=\"border-color:rgba(22,22,22,0.65)\"><\/div><i class=\"tg-icon-reply\" style=\"color:#ffffff\"><\/i><div class=\"tg-share-icons\"><a class=\"tg-social-share tg-facebook\" href=\"https:\/\/www.facebook.com\/sharer.php?u=https%3A%2F%2Ffonds-risq.qc.ca%2Fen%2Fentreprise%2Fbasta-communication%2F&#038;t=Basta%20communication\"><i class=\"tg-icon-facebook\"><\/i><\/a><a class=\"tg-social-share tg-twitter\" href=\"https:\/\/twitter.com\/share?url=https%3A%2F%2Ffonds-risq.qc.ca%2Fen%2Fentreprise%2Fbasta-communication%2F&#038;text=Basta%20communication\"><i class=\"tg-icon-twitter\"><\/i><\/a><a class=\"tg-social-share tg-google-plus\" href=\"https:\/\/plus.google.com\/share?url=https%3A%2F%2Ffonds-risq.qc.ca%2Fen%2Fentreprise%2Fbasta-communication%2F\"><i class=\"tg-icon-google-plus\"><\/i><\/a><a class=\"tg-social-share tg-pinterest\" href=\"https:\/\/pinterest.com\/pin\/create\/button\/?url=https%3A%2F%2Ffonds-risq.qc.ca%2Fen%2Fentreprise%2Fbasta-communication%2F&#038;description=Basta%20communication&#038;media=https%3A%2F%2Ffonds-risq.qc.ca%2Fwp-content%2Fuploads%2F2025%2F09%2FPhoto-Basta.png\"><i class=\"tg-icon-pinterest\"><\/i><\/a><\/div><\/div><\/div><div class=\"tg-item-content-holder tg-light image-format\" style=\"background-color:#b7c634\"><span class=\"tg-item-date\">3 October 2025<\/span><h2 class=\"tg-item-title\"><a href=\"https:\/\/fonds-risq.qc.ca\/en\/entreprise\/basta-communication\/\" target=\"_self\">Basta communication<\/a><\/h2><span class=\"tg-cats-holder\"><a class=\"filtres_des_entreprises\" href=\"https:\/\/fonds-risq.qc.ca\/en\/filtres_des_entreprises\/2025-en\/\" rel=\"category\" data-term-id=\"263\"><span class=\"tg-item-term\" >2025<\/span><\/a><span>, <\/span><a class=\"filtres_des_entreprises\" href=\"https:\/\/fonds-risq.qc.ca\/en\/filtres_des_entreprises\/communication-en\/\" rel=\"category\" data-term-id=\"141\"><span class=\"tg-item-term\" >Communication<\/span><\/a><span>, <\/span><a class=\"filtres_des_entreprises\" href=\"https:\/\/fonds-risq.qc.ca\/en\/filtres_des_entreprises\/coop-en\/\" rel=\"category\" data-term-id=\"151\"><span class=\"tg-item-term\" >COOP<\/span><\/a><span>, <\/span><a class=\"filtres_des_entreprises\" href=\"https:\/\/fonds-risq.qc.ca\/en\/filtres_des_entreprises\/estrie-en\/\" rel=\"category\" data-term-id=\"127\"><span class=\"tg-item-term\" >Estrie<\/span><\/a><span>, <\/span><a class=\"filtres_des_entreprises\" href=\"https:\/\/fonds-risq.qc.ca\/en\/filtres_des_entreprises\/services-en\/\" rel=\"category\" data-term-id=\"135\"><span class=\"tg-item-term\" >Services<\/span><\/a><span>, <\/span><a class=\"filtres_des_entreprises\" href=\"https:\/\/fonds-risq.qc.ca\/en\/filtres_des_entreprises\/pret-pour-aide-technique-en\/\" rel=\"category\" data-term-id=\"146\"><span class=\"tg-item-term\" >Technical assistance loan<\/span><\/a><\/span><div class=\"tg-item-footer\"><a class=\"tg-item-comment\" href=\"https:\/\/fonds-risq.qc.ca\/en\/entreprise\/basta-communication\/\"  target=\"_self\">No comment<\/a><span class=\"no-ajaxy to-post-like no-liked empty-heart\" data-post-id=\"20028\" title=\"Like\"><span class=\"to-heart-icon\"><svg xmlns=\"http:\/\/www.w3.org\/2000\/svg\" version=\"1.1\" viewBox=\"0 0 64 64\"><g transform=\"translate(0, 0)\"><path stroke-width=\"6\" stroke-linecap=\"square\" stroke-miterlimit=\"10\" d=\"M1,21c0,20,31,38,31,38s31-18,31-38 c0-8.285-6-16-15-16c-8.285,0-16,5.715-16,14c0-8.285-7.715-14-16-14C7,5,1,12.715,1,21z\"><\/path><\/g><\/svg><\/span><span class=\"to-like-count\">0<\/span><\/span><\/div><\/div><\/div><\/article><!-- The Grid item #20 --><article class=\"tg-item tg-post-20027 kampala f148 f209 f150 f156 f137 f135\" data-row=\"1\" data-col=\"1\"><div class=\"tg-item-inner\"><div class=\"tg-item-media-holder tg-light\"><div class=\"tg-item-media-inner\"><img decoding=\"async\" class=\"tg-item-image\" alt=\"\" width=\"960\" height=\"960\" src=\"https:\/\/fonds-risq.qc.ca\/wp-content\/uploads\/2025\/09\/LWP.jpg\"><\/div><div class=\"tg-center-holder\"><div class=\"tg-center-inner\"><div class=\"tg-item-overlay\"><\/div><a class=\"tg-link-button\" href=\"https:\/\/fonds-risq.qc.ca\/en\/entreprise\/live-with-purpose\/\" target=\"_self\"><i class=\"tg-icon-link\"><\/i><\/a><\/div><\/div><div class=\"tg-item-decoration\"><div class=\"triangle-down-right\" style=\"border-color:#0097c8\"><\/div><\/div><div class=\"tg-item-share-holder\"><div class=\"triangle-up-left\" style=\"border-color:rgba(22,22,22,0.65)\"><\/div><i class=\"tg-icon-reply\" style=\"color:#ffffff\"><\/i><div class=\"tg-share-icons\"><a class=\"tg-social-share tg-facebook\" href=\"https:\/\/www.facebook.com\/sharer.php?u=https%3A%2F%2Ffonds-risq.qc.ca%2Fen%2Fentreprise%2Flive-with-purpose%2F&#038;t=Live%20with%20purpose\"><i class=\"tg-icon-facebook\"><\/i><\/a><a class=\"tg-social-share tg-twitter\" href=\"https:\/\/twitter.com\/share?url=https%3A%2F%2Ffonds-risq.qc.ca%2Fen%2Fentreprise%2Flive-with-purpose%2F&#038;text=Live%20with%20purpose\"><i class=\"tg-icon-twitter\"><\/i><\/a><a class=\"tg-social-share tg-google-plus\" href=\"https:\/\/plus.google.com\/share?url=https%3A%2F%2Ffonds-risq.qc.ca%2Fen%2Fentreprise%2Flive-with-purpose%2F\"><i class=\"tg-icon-google-plus\"><\/i><\/a><a class=\"tg-social-share tg-pinterest\" href=\"https:\/\/pinterest.com\/pin\/create\/button\/?url=https%3A%2F%2Ffonds-risq.qc.ca%2Fen%2Fentreprise%2Flive-with-purpose%2F&#038;description=Live%20with%20purpose&#038;media=https%3A%2F%2Ffonds-risq.qc.ca%2Fwp-content%2Fuploads%2F2025%2F09%2FLWP.jpg\"><i class=\"tg-icon-pinterest\"><\/i><\/a><\/div><\/div><\/div><div class=\"tg-item-content-holder tg-light image-format\" style=\"background-color:#0097c8\"><span class=\"tg-item-date\">3 October 2025<\/span><h2 class=\"tg-item-title\"><a href=\"https:\/\/fonds-risq.qc.ca\/en\/entreprise\/live-with-purpose\/\" target=\"_self\">Live with purpose<\/a><\/h2><span class=\"tg-cats-holder\"><a class=\"filtres_des_entreprises\" href=\"https:\/\/fonds-risq.qc.ca\/en\/filtres_des_entreprises\/capitalization-loan\/\" rel=\"category\" data-term-id=\"148\"><span class=\"tg-item-term\" >Capitalization loan<\/span><\/a><span>, <\/span><a class=\"filtres_des_entreprises\" href=\"https:\/\/fonds-risq.qc.ca\/en\/filtres_des_entreprises\/fabrication-de-produits-metalliques-en\/\" rel=\"category\" data-term-id=\"209\"><span class=\"tg-item-term\" >Fabrication de produits m\u00e9talliques<\/span><\/a><span>, <\/span><a class=\"filtres_des_entreprises\" href=\"https:\/\/fonds-risq.qc.ca\/en\/filtres_des_entreprises\/npo\/\" rel=\"category\" data-term-id=\"150\"><span class=\"tg-item-term\" >NPO<\/span><\/a><span>, <\/span><a class=\"filtres_des_entreprises\" href=\"https:\/\/fonds-risq.qc.ca\/en\/filtres_des_entreprises\/outaouais-en\/\" rel=\"category\" data-term-id=\"156\"><span class=\"tg-item-term\" >Outaouais<\/span><\/a><span>, <\/span><a class=\"filtres_des_entreprises\" href=\"https:\/\/fonds-risq.qc.ca\/en\/filtres_des_entreprises\/retail-business\/\" rel=\"category\" data-term-id=\"137\"><span class=\"tg-item-term\" >Retail business<\/span><\/a><span>, <\/span><a class=\"filtres_des_entreprises\" href=\"https:\/\/fonds-risq.qc.ca\/en\/filtres_des_entreprises\/services-en\/\" rel=\"category\" data-term-id=\"135\"><span class=\"tg-item-term\" >Services<\/span><\/a><\/span><div class=\"tg-item-footer\"><a class=\"tg-item-comment\" href=\"https:\/\/fonds-risq.qc.ca\/en\/entreprise\/live-with-purpose\/\"  target=\"_self\">No comment<\/a><span class=\"no-ajaxy to-post-like no-liked empty-heart\" data-post-id=\"20027\" title=\"Like\"><span class=\"to-heart-icon\"><svg xmlns=\"http:\/\/www.w3.org\/2000\/svg\" version=\"1.1\" viewBox=\"0 0 64 64\"><g transform=\"translate(0, 0)\"><path stroke-width=\"6\" stroke-linecap=\"square\" stroke-miterlimit=\"10\" d=\"M1,21c0,20,31,38,31,38s31-18,31-38 c0-8.285-6-16-15-16c-8.285,0-16,5.715-16,14c0-8.285-7.715-14-16-14C7,5,1,12.715,1,21z\"><\/path><\/g><\/svg><\/span><span class=\"to-like-count\">0<\/span><\/span><\/div><\/div><\/div><\/article><!-- The Grid item #21 --><article class=\"tg-item tg-post-20026 kampala f261 f130 f148 f144 f190 f150\" data-row=\"1\" data-col=\"1\"><div class=\"tg-item-inner\"><div class=\"tg-item-media-holder tg-light\"><div class=\"tg-item-media-inner\"><img decoding=\"async\" class=\"tg-item-image\" alt=\"\" width=\"1536\" height=\"2048\" src=\"https:\/\/fonds-risq.qc.ca\/wp-content\/uploads\/2025\/10\/20251030-Aoskway-2.jpeg\"><\/div><div class=\"tg-center-holder\"><div class=\"tg-center-inner\"><div class=\"tg-item-overlay\"><\/div><a class=\"tg-link-button\" href=\"https:\/\/fonds-risq.qc.ca\/en\/entreprise\/sentiers-quebec-charlevoix\/\" target=\"_self\"><i class=\"tg-icon-link\"><\/i><\/a><\/div><\/div><div class=\"tg-item-decoration\"><div class=\"triangle-down-right\" style=\"border-color:#0097c8\"><\/div><\/div><div class=\"tg-item-share-holder\"><div class=\"triangle-up-left\" style=\"border-color:rgba(22,22,22,0.65)\"><\/div><i class=\"tg-icon-reply\" style=\"color:#ffffff\"><\/i><div class=\"tg-share-icons\"><a class=\"tg-social-share tg-facebook\" href=\"https:\/\/www.facebook.com\/sharer.php?u=https%3A%2F%2Ffonds-risq.qc.ca%2Fen%2Fentreprise%2Fsentiers-quebec-charlevoix%2F&#038;t=Sentiers%20Qu%C3%A9bec-Charlevoix\"><i class=\"tg-icon-facebook\"><\/i><\/a><a class=\"tg-social-share tg-twitter\" href=\"https:\/\/twitter.com\/share?url=https%3A%2F%2Ffonds-risq.qc.ca%2Fen%2Fentreprise%2Fsentiers-quebec-charlevoix%2F&#038;text=Sentiers%20Qu%C3%A9bec-Charlevoix\"><i class=\"tg-icon-twitter\"><\/i><\/a><a class=\"tg-social-share tg-google-plus\" href=\"https:\/\/plus.google.com\/share?url=https%3A%2F%2Ffonds-risq.qc.ca%2Fen%2Fentreprise%2Fsentiers-quebec-charlevoix%2F\"><i class=\"tg-icon-google-plus\"><\/i><\/a><a class=\"tg-social-share tg-pinterest\" href=\"https:\/\/pinterest.com\/pin\/create\/button\/?url=https%3A%2F%2Ffonds-risq.qc.ca%2Fen%2Fentreprise%2Fsentiers-quebec-charlevoix%2F&#038;description=Sentiers%20Qu%C3%A9bec-Charlevoix&#038;media=https%3A%2F%2Ffonds-risq.qc.ca%2Fwp-content%2Fuploads%2F2025%2F10%2F20251030-Aoskway-2.jpeg\"><i class=\"tg-icon-pinterest\"><\/i><\/a><\/div><\/div><\/div><div class=\"tg-item-content-holder tg-light image-format\" style=\"background-color:#0097c8\"><span class=\"tg-item-date\">3 October 2025<\/span><h2 class=\"tg-item-title\"><a href=\"https:\/\/fonds-risq.qc.ca\/en\/entreprise\/sentiers-quebec-charlevoix\/\" target=\"_self\">Sentiers Qu\u00e9bec-Charlevoix<\/a><\/h2><span class=\"tg-cats-holder\"><a class=\"filtres_des_entreprises\" href=\"https:\/\/fonds-risq.qc.ca\/en\/filtres_des_entreprises\/2024-en\/\" rel=\"category\" data-term-id=\"261\"><span class=\"tg-item-term\" >2024<\/span><\/a><span>, <\/span><a class=\"filtres_des_entreprises\" href=\"https:\/\/fonds-risq.qc.ca\/en\/filtres_des_entreprises\/capitale-nationale-en\/\" rel=\"category\" data-term-id=\"130\"><span class=\"tg-item-term\" >Capitale-Nationale<\/span><\/a><span>, <\/span><a class=\"filtres_des_entreprises\" href=\"https:\/\/fonds-risq.qc.ca\/en\/filtres_des_entreprises\/capitalization-loan\/\" rel=\"category\" data-term-id=\"148\"><span class=\"tg-item-term\" >Capitalization loan<\/span><\/a><span>, <\/span><a class=\"filtres_des_entreprises\" href=\"https:\/\/fonds-risq.qc.ca\/en\/filtres_des_entreprises\/leisure-tourism\/\" rel=\"category\" data-term-id=\"144\"><span class=\"tg-item-term\" >Leisure \/ Tourism<\/span><\/a><span>, <\/span><a class=\"filtres_des_entreprises\" href=\"https:\/\/fonds-risq.qc.ca\/en\/filtres_des_entreprises\/loisirs-divertissement-en\/\" rel=\"category\" data-term-id=\"190\"><span class=\"tg-item-term\" >Loisirs-Divertissement<\/span><\/a><span>, <\/span><a class=\"filtres_des_entreprises\" href=\"https:\/\/fonds-risq.qc.ca\/en\/filtres_des_entreprises\/npo\/\" rel=\"category\" data-term-id=\"150\"><span class=\"tg-item-term\" >NPO<\/span><\/a><\/span><div class=\"tg-item-footer\"><a class=\"tg-item-comment\" href=\"https:\/\/fonds-risq.qc.ca\/en\/entreprise\/sentiers-quebec-charlevoix\/\"  target=\"_self\">No comment<\/a><span class=\"no-ajaxy to-post-like no-liked empty-heart\" data-post-id=\"20026\" title=\"Like\"><span class=\"to-heart-icon\"><svg xmlns=\"http:\/\/www.w3.org\/2000\/svg\" version=\"1.1\" viewBox=\"0 0 64 64\"><g transform=\"translate(0, 0)\"><path stroke-width=\"6\" stroke-linecap=\"square\" stroke-miterlimit=\"10\" d=\"M1,21c0,20,31,38,31,38s31-18,31-38 c0-8.285-6-16-15-16c-8.285,0-16,5.715-16,14c0-8.285-7.715-14-16-14C7,5,1,12.715,1,21z\"><\/path><\/g><\/svg><\/span><span class=\"to-like-count\">0<\/span><\/span><\/div><\/div><\/div><\/article><!-- The Grid item #22 --><article class=\"tg-item tg-post-20025 kampala f263 f257 f258 f195 f128 f150 f135 f196\" data-row=\"1\" data-col=\"1\"><div class=\"tg-item-inner\"><div class=\"tg-item-media-holder tg-light\"><div class=\"tg-item-media-inner\"><img decoding=\"async\" class=\"tg-item-image\" alt=\"\" width=\"3840\" height=\"2946\" src=\"https:\/\/fonds-risq.qc.ca\/wp-content\/uploads\/2025\/10\/BXB-MONSOON24-7498.jpg\"><\/div><div class=\"tg-center-holder\"><div class=\"tg-center-inner\"><div class=\"tg-item-overlay\"><\/div><a class=\"tg-link-button\" href=\"https:\/\/fonds-risq.qc.ca\/en\/entreprise\/brique-par-brique\/\" target=\"_self\"><i class=\"tg-icon-link\"><\/i><\/a><\/div><\/div><div class=\"tg-item-decoration\"><div class=\"triangle-down-right\" style=\"border-color:#dd9933\"><\/div><\/div><div class=\"tg-item-share-holder\"><div class=\"triangle-up-left\" style=\"border-color:rgba(22,22,22,0.65)\"><\/div><i class=\"tg-icon-reply\" style=\"color:#ffffff\"><\/i><div class=\"tg-share-icons\"><a class=\"tg-social-share tg-facebook\" href=\"https:\/\/www.facebook.com\/sharer.php?u=https%3A%2F%2Ffonds-risq.qc.ca%2Fen%2Fentreprise%2Fbrique-par-brique%2F&#038;t=Brique%20par%20Brique\"><i class=\"tg-icon-facebook\"><\/i><\/a><a class=\"tg-social-share tg-twitter\" href=\"https:\/\/twitter.com\/share?url=https%3A%2F%2Ffonds-risq.qc.ca%2Fen%2Fentreprise%2Fbrique-par-brique%2F&#038;text=Brique%20par%20Brique\"><i class=\"tg-icon-twitter\"><\/i><\/a><a class=\"tg-social-share tg-google-plus\" href=\"https:\/\/plus.google.com\/share?url=https%3A%2F%2Ffonds-risq.qc.ca%2Fen%2Fentreprise%2Fbrique-par-brique%2F\"><i class=\"tg-icon-google-plus\"><\/i><\/a><a class=\"tg-social-share tg-pinterest\" href=\"https:\/\/pinterest.com\/pin\/create\/button\/?url=https%3A%2F%2Ffonds-risq.qc.ca%2Fen%2Fentreprise%2Fbrique-par-brique%2F&#038;description=Brique%20par%20Brique&#038;media=https%3A%2F%2Ffonds-risq.qc.ca%2Fwp-content%2Fuploads%2F2025%2F10%2FBXB-MONSOON24-7498.jpg\"><i class=\"tg-icon-pinterest\"><\/i><\/a><\/div><\/div><\/div><div class=\"tg-item-content-holder tg-light image-format\" style=\"background-color:#dd9933\"><span class=\"tg-item-date\">3 October 2025<\/span><h2 class=\"tg-item-title\"><a href=\"https:\/\/fonds-risq.qc.ca\/en\/entreprise\/brique-par-brique\/\" target=\"_self\">Brique par Brique<\/a><\/h2><span class=\"tg-cats-holder\"><a class=\"filtres_des_entreprises\" href=\"https:\/\/fonds-risq.qc.ca\/en\/filtres_des_entreprises\/2025-en\/\" rel=\"category\" data-term-id=\"263\"><span class=\"tg-item-term\" >2025<\/span><\/a><span>, <\/span><a class=\"filtres_des_entreprises\" href=\"https:\/\/fonds-risq.qc.ca\/en\/filtres_des_entreprises\/fonds-lampli-en\/\" rel=\"category\" data-term-id=\"257\"><span class=\"tg-item-term\" >Fonds l&rsquo;ampli<\/span><\/a><span>, <\/span><a class=\"filtres_des_entreprises\" href=\"https:\/\/fonds-risq.qc.ca\/en\/filtres_des_entreprises\/fonds-lampli-2-en\/\" rel=\"category\" data-term-id=\"258\"><span class=\"tg-item-term\" >Fonds l&rsquo;ampli<\/span><\/a><span>, <\/span><a class=\"filtres_des_entreprises\" href=\"https:\/\/fonds-risq.qc.ca\/en\/filtres_des_entreprises\/immobilier-collectif-en\/\" rel=\"category\" data-term-id=\"195\"><span class=\"tg-item-term\" >Immobilier collectif<\/span><\/a><span>, <\/span><a class=\"filtres_des_entreprises\" href=\"https:\/\/fonds-risq.qc.ca\/en\/filtres_des_entreprises\/montreal-en\/\" rel=\"category\" data-term-id=\"128\"><span class=\"tg-item-term\" >Montr\u00e9al<\/span><\/a><span>, <\/span><a class=\"filtres_des_entreprises\" href=\"https:\/\/fonds-risq.qc.ca\/en\/filtres_des_entreprises\/npo\/\" rel=\"category\" data-term-id=\"150\"><span class=\"tg-item-term\" >NPO<\/span><\/a><span>, <\/span><a class=\"filtres_des_entreprises\" href=\"https:\/\/fonds-risq.qc.ca\/en\/filtres_des_entreprises\/services-en\/\" rel=\"category\" data-term-id=\"135\"><span class=\"tg-item-term\" >Services<\/span><\/a><span>, <\/span><a class=\"filtres_des_entreprises\" href=\"https:\/\/fonds-risq.qc.ca\/en\/filtres_des_entreprises\/services-immobiliers-en\/\" rel=\"category\" data-term-id=\"196\"><span class=\"tg-item-term\" >Services immobiliers<\/span><\/a><\/span><div class=\"tg-item-footer\"><a class=\"tg-item-comment\" href=\"https:\/\/fonds-risq.qc.ca\/en\/entreprise\/brique-par-brique\/\"  target=\"_self\">No comment<\/a><span class=\"no-ajaxy to-post-like no-liked empty-heart\" data-post-id=\"20025\" title=\"Like\"><span class=\"to-heart-icon\"><svg xmlns=\"http:\/\/www.w3.org\/2000\/svg\" version=\"1.1\" viewBox=\"0 0 64 64\"><g transform=\"translate(0, 0)\"><path stroke-width=\"6\" stroke-linecap=\"square\" stroke-miterlimit=\"10\" d=\"M1,21c0,20,31,38,31,38s31-18,31-38 c0-8.285-6-16-15-16c-8.285,0-16,5.715-16,14c0-8.285-7.715-14-16-14C7,5,1,12.715,1,21z\"><\/path><\/g><\/svg><\/span><span class=\"to-like-count\">0<\/span><\/span><\/div><\/div><\/div><\/article><!-- The Grid item #23 --><article class=\"tg-item tg-post-19853 kampala f261 f163 f258 f257 f190 f150\" data-row=\"1\" data-col=\"1\"><div class=\"tg-item-inner\"><div class=\"tg-item-media-holder tg-light\"><div class=\"tg-item-media-inner\"><img decoding=\"async\" class=\"tg-item-image\" alt=\"\" width=\"960\" height=\"550\" src=\"https:\/\/fonds-risq.qc.ca\/wp-content\/uploads\/2025\/08\/Malartic.2.jpg\"><\/div><div class=\"tg-center-holder\"><div class=\"tg-center-inner\"><div class=\"tg-item-overlay\"><\/div><a class=\"tg-link-button\" href=\"https:\/\/fonds-risq.qc.ca\/en\/entreprise\/association-des-membres-du-golf-malartic\/\" target=\"_self\"><i class=\"tg-icon-link\"><\/i><\/a><\/div><\/div><div class=\"tg-item-decoration\"><div class=\"triangle-down-right\" style=\"border-color:#dd9933\"><\/div><\/div><div class=\"tg-item-share-holder\"><div class=\"triangle-up-left\" style=\"border-color:rgba(22,22,22,0.65)\"><\/div><i class=\"tg-icon-reply\" style=\"color:#ffffff\"><\/i><div class=\"tg-share-icons\"><a class=\"tg-social-share tg-facebook\" href=\"https:\/\/www.facebook.com\/sharer.php?u=https%3A%2F%2Ffonds-risq.qc.ca%2Fen%2Fentreprise%2Fassociation-des-membres-du-golf-malartic%2F&#038;t=Association%20des%20membres%20du%20Golf%20Malartic\"><i class=\"tg-icon-facebook\"><\/i><\/a><a class=\"tg-social-share tg-twitter\" href=\"https:\/\/twitter.com\/share?url=https%3A%2F%2Ffonds-risq.qc.ca%2Fen%2Fentreprise%2Fassociation-des-membres-du-golf-malartic%2F&#038;text=Association%20des%20membres%20du%20Golf%20Malartic\"><i class=\"tg-icon-twitter\"><\/i><\/a><a class=\"tg-social-share tg-google-plus\" href=\"https:\/\/plus.google.com\/share?url=https%3A%2F%2Ffonds-risq.qc.ca%2Fen%2Fentreprise%2Fassociation-des-membres-du-golf-malartic%2F\"><i class=\"tg-icon-google-plus\"><\/i><\/a><a class=\"tg-social-share tg-pinterest\" href=\"https:\/\/pinterest.com\/pin\/create\/button\/?url=https%3A%2F%2Ffonds-risq.qc.ca%2Fen%2Fentreprise%2Fassociation-des-membres-du-golf-malartic%2F&#038;description=Association%20des%20membres%20du%20Golf%20Malartic&#038;media=https%3A%2F%2Ffonds-risq.qc.ca%2Fwp-content%2Fuploads%2F2025%2F08%2FMalartic.2.jpg\"><i class=\"tg-icon-pinterest\"><\/i><\/a><\/div><\/div><\/div><div class=\"tg-item-content-holder tg-light image-format\" style=\"background-color:#dd9933\"><span class=\"tg-item-date\">8 August 2025<\/span><h2 class=\"tg-item-title\"><a href=\"https:\/\/fonds-risq.qc.ca\/en\/entreprise\/association-des-membres-du-golf-malartic\/\" target=\"_self\">Association des membres du Golf Malartic<\/a><\/h2><span class=\"tg-cats-holder\"><a class=\"filtres_des_entreprises\" href=\"https:\/\/fonds-risq.qc.ca\/en\/filtres_des_entreprises\/2024-en\/\" rel=\"category\" data-term-id=\"261\"><span class=\"tg-item-term\" >2024<\/span><\/a><span>, <\/span><a class=\"filtres_des_entreprises\" href=\"https:\/\/fonds-risq.qc.ca\/en\/filtres_des_entreprises\/abitibi-temiscamingue-en\/\" rel=\"category\" data-term-id=\"163\"><span class=\"tg-item-term\" >Abitibi-T\u00e9miscamingue<\/span><\/a><span>, <\/span><a class=\"filtres_des_entreprises\" href=\"https:\/\/fonds-risq.qc.ca\/en\/filtres_des_entreprises\/fonds-lampli-2-en\/\" rel=\"category\" data-term-id=\"258\"><span class=\"tg-item-term\" >Fonds l&rsquo;ampli<\/span><\/a><span>, <\/span><a class=\"filtres_des_entreprises\" href=\"https:\/\/fonds-risq.qc.ca\/en\/filtres_des_entreprises\/fonds-lampli-en\/\" rel=\"category\" data-term-id=\"257\"><span class=\"tg-item-term\" >Fonds l&rsquo;ampli<\/span><\/a><span>, <\/span><a class=\"filtres_des_entreprises\" href=\"https:\/\/fonds-risq.qc.ca\/en\/filtres_des_entreprises\/loisirs-divertissement-en\/\" rel=\"category\" data-term-id=\"190\"><span class=\"tg-item-term\" >Loisirs-Divertissement<\/span><\/a><span>, <\/span><a class=\"filtres_des_entreprises\" href=\"https:\/\/fonds-risq.qc.ca\/en\/filtres_des_entreprises\/npo\/\" rel=\"category\" data-term-id=\"150\"><span class=\"tg-item-term\" >NPO<\/span><\/a><\/span><div class=\"tg-item-footer\"><a class=\"tg-item-comment\" href=\"https:\/\/fonds-risq.qc.ca\/en\/entreprise\/association-des-membres-du-golf-malartic\/\"  target=\"_self\">No comment<\/a><span class=\"no-ajaxy to-post-like no-liked empty-heart\" data-post-id=\"19853\" title=\"Like\"><span class=\"to-heart-icon\"><svg xmlns=\"http:\/\/www.w3.org\/2000\/svg\" version=\"1.1\" viewBox=\"0 0 64 64\"><g transform=\"translate(0, 0)\"><path stroke-width=\"6\" stroke-linecap=\"square\" stroke-miterlimit=\"10\" d=\"M1,21c0,20,31,38,31,38s31-18,31-38 c0-8.285-6-16-15-16c-8.285,0-16,5.715-16,14c0-8.285-7.715-14-16-14C7,5,1,12.715,1,21z\"><\/path><\/g><\/svg><\/span><span class=\"to-like-count\">0<\/span><\/span><\/div><\/div><\/div><\/article><!-- The Grid item #24 --><article class=\"tg-item tg-post-20024 kampala f127 f195 f150 f147 f196\" data-row=\"1\" data-col=\"1\"><div class=\"tg-item-inner\"><div class=\"tg-item-media-holder tg-light\"><div class=\"tg-item-media-inner\"><img decoding=\"async\" class=\"tg-item-image\" alt=\"\" width=\"1882\" height=\"479\" src=\"https:\/\/fonds-risq.qc.ca\/wp-content\/uploads\/2025\/08\/Territoires-solidaires-1.png\"><\/div><div class=\"tg-center-holder\"><div class=\"tg-center-inner\"><div class=\"tg-item-overlay\"><\/div><a class=\"tg-link-button\" href=\"https:\/\/fonds-risq.qc.ca\/en\/entreprise\/territoires-solidaires\/\" target=\"_self\"><i class=\"tg-icon-link\"><\/i><\/a><\/div><\/div><div class=\"tg-item-decoration\"><div class=\"triangle-down-right\" style=\"border-color:#ee4224\"><\/div><\/div><div class=\"tg-item-share-holder\"><div class=\"triangle-up-left\" style=\"border-color:rgba(22,22,22,0.65)\"><\/div><i class=\"tg-icon-reply\" style=\"color:#ffffff\"><\/i><div class=\"tg-share-icons\"><a class=\"tg-social-share tg-facebook\" href=\"https:\/\/www.facebook.com\/sharer.php?u=https%3A%2F%2Ffonds-risq.qc.ca%2Fen%2Fentreprise%2Fterritoires-solidaires%2F&#038;t=Territoires%20Solidaires\"><i class=\"tg-icon-facebook\"><\/i><\/a><a class=\"tg-social-share tg-twitter\" href=\"https:\/\/twitter.com\/share?url=https%3A%2F%2Ffonds-risq.qc.ca%2Fen%2Fentreprise%2Fterritoires-solidaires%2F&#038;text=Territoires%20Solidaires\"><i class=\"tg-icon-twitter\"><\/i><\/a><a class=\"tg-social-share tg-google-plus\" href=\"https:\/\/plus.google.com\/share?url=https%3A%2F%2Ffonds-risq.qc.ca%2Fen%2Fentreprise%2Fterritoires-solidaires%2F\"><i class=\"tg-icon-google-plus\"><\/i><\/a><a class=\"tg-social-share tg-pinterest\" href=\"https:\/\/pinterest.com\/pin\/create\/button\/?url=https%3A%2F%2Ffonds-risq.qc.ca%2Fen%2Fentreprise%2Fterritoires-solidaires%2F&#038;description=Territoires%20Solidaires&#038;media=https%3A%2F%2Ffonds-risq.qc.ca%2Fwp-content%2Fuploads%2F2025%2F08%2FTerritoires-solidaires-1.png\"><i class=\"tg-icon-pinterest\"><\/i><\/a><\/div><\/div><\/div><div class=\"tg-item-content-holder tg-light image-format\" style=\"background-color:#ee4224\"><span class=\"tg-item-date\">6 August 2025<\/span><h2 class=\"tg-item-title\"><a href=\"https:\/\/fonds-risq.qc.ca\/en\/entreprise\/territoires-solidaires\/\" target=\"_self\">Territoires Solidaires<\/a><\/h2><span class=\"tg-cats-holder\"><a class=\"filtres_des_entreprises\" href=\"https:\/\/fonds-risq.qc.ca\/en\/filtres_des_entreprises\/estrie-en\/\" rel=\"category\" data-term-id=\"127\"><span class=\"tg-item-term\" >Estrie<\/span><\/a><span>, <\/span><a class=\"filtres_des_entreprises\" href=\"https:\/\/fonds-risq.qc.ca\/en\/filtres_des_entreprises\/immobilier-collectif-en\/\" rel=\"category\" data-term-id=\"195\"><span class=\"tg-item-term\" >Immobilier collectif<\/span><\/a><span>, <\/span><a class=\"filtres_des_entreprises\" href=\"https:\/\/fonds-risq.qc.ca\/en\/filtres_des_entreprises\/npo\/\" rel=\"category\" data-term-id=\"150\"><span class=\"tg-item-term\" >NPO<\/span><\/a><span>, <\/span><a class=\"filtres_des_entreprises\" href=\"https:\/\/fonds-risq.qc.ca\/en\/filtres_des_entreprises\/pre-startup-loan\/\" rel=\"category\" data-term-id=\"147\"><span class=\"tg-item-term\" >Pre-startup loan<\/span><\/a><span>, <\/span><a class=\"filtres_des_entreprises\" href=\"https:\/\/fonds-risq.qc.ca\/en\/filtres_des_entreprises\/services-immobiliers-en\/\" rel=\"category\" data-term-id=\"196\"><span class=\"tg-item-term\" >Services immobiliers<\/span><\/a><\/span><div class=\"tg-item-footer\"><a class=\"tg-item-comment\" href=\"https:\/\/fonds-risq.qc.ca\/en\/entreprise\/territoires-solidaires\/\"  target=\"_self\">No comment<\/a><span class=\"no-ajaxy to-post-like no-liked empty-heart\" data-post-id=\"20024\" title=\"Like\"><span class=\"to-heart-icon\"><svg xmlns=\"http:\/\/www.w3.org\/2000\/svg\" version=\"1.1\" viewBox=\"0 0 64 64\"><g transform=\"translate(0, 0)\"><path stroke-width=\"6\" stroke-linecap=\"square\" stroke-miterlimit=\"10\" d=\"M1,21c0,20,31,38,31,38s31-18,31-38 c0-8.285-6-16-15-16c-8.285,0-16,5.715-16,14c0-8.285-7.715-14-16-14C7,5,1,12.715,1,21z\"><\/path><\/g><\/svg><\/span><span class=\"to-like-count\">0<\/span><\/span><\/div><\/div><\/div><\/article><!-- The Grid item #25 --><article class=\"tg-item tg-post-19818 kampala f263 f130 f141 f172 f257 f258 f191 f150 f174\" data-row=\"1\" data-col=\"1\"><div class=\"tg-item-inner\"><div class=\"tg-item-media-holder tg-light\"><div class=\"tg-item-media-inner\"><img decoding=\"async\" class=\"tg-item-image\" alt=\"\" width=\"1500\" height=\"1500\" src=\"https:\/\/fonds-risq.qc.ca\/wp-content\/uploads\/2025\/07\/Photo-CKIA-FM-1.jpg\"><\/div><div class=\"tg-center-holder\"><div class=\"tg-center-inner\"><div class=\"tg-item-overlay\"><\/div><a class=\"tg-link-button\" href=\"https:\/\/fonds-risq.qc.ca\/en\/entreprise\/radio-basse-ville-ckia-fm\/\" target=\"_self\"><i class=\"tg-icon-link\"><\/i><\/a><\/div><\/div><div class=\"tg-item-decoration\"><div class=\"triangle-down-right\" style=\"border-color:#dd9933\"><\/div><\/div><div class=\"tg-item-share-holder\"><div class=\"triangle-up-left\" style=\"border-color:rgba(22,22,22,0.65)\"><\/div><i class=\"tg-icon-reply\" style=\"color:#ffffff\"><\/i><div class=\"tg-share-icons\"><a class=\"tg-social-share tg-facebook\" href=\"https:\/\/www.facebook.com\/sharer.php?u=https%3A%2F%2Ffonds-risq.qc.ca%2Fen%2Fentreprise%2Fradio-basse-ville-ckia-fm%2F&#038;t=Radio%20Basse-Ville%20CKIA%20FM\"><i class=\"tg-icon-facebook\"><\/i><\/a><a class=\"tg-social-share tg-twitter\" href=\"https:\/\/twitter.com\/share?url=https%3A%2F%2Ffonds-risq.qc.ca%2Fen%2Fentreprise%2Fradio-basse-ville-ckia-fm%2F&#038;text=Radio%20Basse-Ville%20CKIA%20FM\"><i class=\"tg-icon-twitter\"><\/i><\/a><a class=\"tg-social-share tg-google-plus\" href=\"https:\/\/plus.google.com\/share?url=https%3A%2F%2Ffonds-risq.qc.ca%2Fen%2Fentreprise%2Fradio-basse-ville-ckia-fm%2F\"><i class=\"tg-icon-google-plus\"><\/i><\/a><a class=\"tg-social-share tg-pinterest\" href=\"https:\/\/pinterest.com\/pin\/create\/button\/?url=https%3A%2F%2Ffonds-risq.qc.ca%2Fen%2Fentreprise%2Fradio-basse-ville-ckia-fm%2F&#038;description=Radio%20Basse-Ville%20CKIA%20FM&#038;media=https%3A%2F%2Ffonds-risq.qc.ca%2Fwp-content%2Fuploads%2F2025%2F07%2FPhoto-CKIA-FM-1.jpg\"><i class=\"tg-icon-pinterest\"><\/i><\/a><\/div><\/div><\/div><div class=\"tg-item-content-holder tg-light image-format\" style=\"background-color:#dd9933\"><span class=\"tg-item-date\">31 July 2025<\/span><h2 class=\"tg-item-title\"><a href=\"https:\/\/fonds-risq.qc.ca\/en\/entreprise\/radio-basse-ville-ckia-fm\/\" target=\"_self\">Radio Basse-Ville CKIA FM<\/a><\/h2><span class=\"tg-cats-holder\"><a class=\"filtres_des_entreprises\" href=\"https:\/\/fonds-risq.qc.ca\/en\/filtres_des_entreprises\/2025-en\/\" rel=\"category\" data-term-id=\"263\"><span class=\"tg-item-term\" >2025<\/span><\/a><span>, <\/span><a class=\"filtres_des_entreprises\" href=\"https:\/\/fonds-risq.qc.ca\/en\/filtres_des_entreprises\/capitale-nationale-en\/\" rel=\"category\" data-term-id=\"130\"><span class=\"tg-item-term\" >Capitale-Nationale<\/span><\/a><span>, <\/span><a class=\"filtres_des_entreprises\" href=\"https:\/\/fonds-risq.qc.ca\/en\/filtres_des_entreprises\/communication-en\/\" rel=\"category\" data-term-id=\"141\"><span class=\"tg-item-term\" >Communication<\/span><\/a><span>, <\/span><a class=\"filtres_des_entreprises\" href=\"https:\/\/fonds-risq.qc.ca\/en\/filtres_des_entreprises\/community-media\/\" rel=\"category\" data-term-id=\"172\"><span class=\"tg-item-term\" >Community Media<\/span><\/a><span>, <\/span><a class=\"filtres_des_entreprises\" href=\"https:\/\/fonds-risq.qc.ca\/en\/filtres_des_entreprises\/fonds-lampli-en\/\" rel=\"category\" data-term-id=\"257\"><span class=\"tg-item-term\" >Fonds l&rsquo;ampli<\/span><\/a><span>, <\/span><a class=\"filtres_des_entreprises\" href=\"https:\/\/fonds-risq.qc.ca\/en\/filtres_des_entreprises\/fonds-lampli-2-en\/\" rel=\"category\" data-term-id=\"258\"><span class=\"tg-item-term\" >Fonds l&rsquo;ampli<\/span><\/a><span>, <\/span><a class=\"filtres_des_entreprises\" href=\"https:\/\/fonds-risq.qc.ca\/en\/filtres_des_entreprises\/industrie-de-linformation-en\/\" rel=\"category\" data-term-id=\"191\"><span class=\"tg-item-term\" >Industrie de l&#8217;information<\/span><\/a><span>, <\/span><a class=\"filtres_des_entreprises\" href=\"https:\/\/fonds-risq.qc.ca\/en\/filtres_des_entreprises\/npo\/\" rel=\"category\" data-term-id=\"150\"><span class=\"tg-item-term\" >NPO<\/span><\/a><span>, <\/span><a class=\"filtres_des_entreprises\" href=\"https:\/\/fonds-risq.qc.ca\/en\/filtres_des_entreprises\/radio-en\/\" rel=\"category\" data-term-id=\"174\"><span class=\"tg-item-term\" >Radio<\/span><\/a><\/span><div class=\"tg-item-footer\"><a class=\"tg-item-comment\" href=\"https:\/\/fonds-risq.qc.ca\/en\/entreprise\/radio-basse-ville-ckia-fm\/\"  target=\"_self\">No comment<\/a><span class=\"no-ajaxy to-post-like no-liked empty-heart\" data-post-id=\"19818\" title=\"Like\"><span class=\"to-heart-icon\"><svg xmlns=\"http:\/\/www.w3.org\/2000\/svg\" version=\"1.1\" viewBox=\"0 0 64 64\"><g transform=\"translate(0, 0)\"><path stroke-width=\"6\" stroke-linecap=\"square\" stroke-miterlimit=\"10\" d=\"M1,21c0,20,31,38,31,38s31-18,31-38 c0-8.285-6-16-15-16c-8.285,0-16,5.715-16,14c0-8.285-7.715-14-16-14C7,5,1,12.715,1,21z\"><\/path><\/g><\/svg><\/span><span class=\"to-like-count\">0<\/span><\/span><\/div><\/div><\/div><\/article><!-- The Grid item #26 --><article class=\"tg-item tg-post-19814 kampala f263 f148 f151 f166 f202\" data-row=\"1\" data-col=\"1\"><div class=\"tg-item-inner\"><div class=\"tg-item-media-holder tg-light\"><div class=\"tg-item-media-inner\"><img decoding=\"async\" class=\"tg-item-image\" alt=\"\" width=\"548\" height=\"539\" src=\"https:\/\/fonds-risq.qc.ca\/wp-content\/uploads\/2025\/07\/Photo-CPIM.jpg\"><\/div><div class=\"tg-center-holder\"><div class=\"tg-center-inner\"><div class=\"tg-item-overlay\"><\/div><a class=\"tg-link-button\" href=\"https:\/\/fonds-risq.qc.ca\/en\/entreprise\/cooperative-des-pecheurs-des-iles-de-la-madeleine\/\" target=\"_self\"><i class=\"tg-icon-link\"><\/i><\/a><\/div><\/div><div class=\"tg-item-decoration\"><div class=\"triangle-down-right\" style=\"border-color:#0097c8\"><\/div><\/div><div class=\"tg-item-share-holder\"><div class=\"triangle-up-left\" style=\"border-color:rgba(22,22,22,0.65)\"><\/div><i class=\"tg-icon-reply\" style=\"color:#ffffff\"><\/i><div class=\"tg-share-icons\"><a class=\"tg-social-share tg-facebook\" href=\"https:\/\/www.facebook.com\/sharer.php?u=https%3A%2F%2Ffonds-risq.qc.ca%2Fen%2Fentreprise%2Fcooperative-des-pecheurs-des-iles-de-la-madeleine%2F&#038;t=Coop%C3%A9rative%20des%20p%C3%AAcheurs%20des%20Iles-de-la-Madeleine\"><i class=\"tg-icon-facebook\"><\/i><\/a><a class=\"tg-social-share tg-twitter\" href=\"https:\/\/twitter.com\/share?url=https%3A%2F%2Ffonds-risq.qc.ca%2Fen%2Fentreprise%2Fcooperative-des-pecheurs-des-iles-de-la-madeleine%2F&#038;text=Coop%C3%A9rative%20des%20p%C3%AAcheurs%20des%20Iles-de-la-Madeleine\"><i class=\"tg-icon-twitter\"><\/i><\/a><a class=\"tg-social-share tg-google-plus\" href=\"https:\/\/plus.google.com\/share?url=https%3A%2F%2Ffonds-risq.qc.ca%2Fen%2Fentreprise%2Fcooperative-des-pecheurs-des-iles-de-la-madeleine%2F\"><i class=\"tg-icon-google-plus\"><\/i><\/a><a class=\"tg-social-share tg-pinterest\" href=\"https:\/\/pinterest.com\/pin\/create\/button\/?url=https%3A%2F%2Ffonds-risq.qc.ca%2Fen%2Fentreprise%2Fcooperative-des-pecheurs-des-iles-de-la-madeleine%2F&#038;description=Coop%C3%A9rative%20des%20p%C3%AAcheurs%20des%20Iles-de-la-Madeleine&#038;media=https%3A%2F%2Ffonds-risq.qc.ca%2Fwp-content%2Fuploads%2F2025%2F07%2FPhoto-CPIM.jpg\"><i class=\"tg-icon-pinterest\"><\/i><\/a><\/div><\/div><\/div><div class=\"tg-item-content-holder tg-light image-format\" style=\"background-color:#0097c8\"><span class=\"tg-item-date\">31 July 2025<\/span><h2 class=\"tg-item-title\"><a href=\"https:\/\/fonds-risq.qc.ca\/en\/entreprise\/cooperative-des-pecheurs-des-iles-de-la-madeleine\/\" target=\"_self\">Coop\u00e9rative des p\u00eacheurs des Iles-de-la-Madeleine<\/a><\/h2><span class=\"tg-cats-holder\"><a class=\"filtres_des_entreprises\" href=\"https:\/\/fonds-risq.qc.ca\/en\/filtres_des_entreprises\/2025-en\/\" rel=\"category\" data-term-id=\"263\"><span class=\"tg-item-term\" >2025<\/span><\/a><span>, <\/span><a class=\"filtres_des_entreprises\" href=\"https:\/\/fonds-risq.qc.ca\/en\/filtres_des_entreprises\/capitalization-loan\/\" rel=\"category\" data-term-id=\"148\"><span class=\"tg-item-term\" >Capitalization loan<\/span><\/a><span>, <\/span><a class=\"filtres_des_entreprises\" href=\"https:\/\/fonds-risq.qc.ca\/en\/filtres_des_entreprises\/coop-en\/\" rel=\"category\" data-term-id=\"151\"><span class=\"tg-item-term\" >COOP<\/span><\/a><span>, <\/span><a class=\"filtres_des_entreprises\" href=\"https:\/\/fonds-risq.qc.ca\/en\/filtres_des_entreprises\/gaspesie-iles-de-la-madeleine-en\/\" rel=\"category\" data-term-id=\"166\"><span class=\"tg-item-term\" >Gasp\u00e9sie-\u00celes-de-la-Madeleine<\/span><\/a><span>, <\/span><a class=\"filtres_des_entreprises\" href=\"https:\/\/fonds-risq.qc.ca\/en\/filtres_des_entreprises\/grossiste-de-produits-alimentaires-secteurs-d-activites-en\/\" rel=\"category\" data-term-id=\"202\"><span class=\"tg-item-term\" >Grossiste de produits alimentaires<\/span><\/a><\/span><div class=\"tg-item-footer\"><a class=\"tg-item-comment\" href=\"https:\/\/fonds-risq.qc.ca\/en\/entreprise\/cooperative-des-pecheurs-des-iles-de-la-madeleine\/\"  target=\"_self\">No comment<\/a><span class=\"no-ajaxy to-post-like no-liked empty-heart\" data-post-id=\"19814\" title=\"Like\"><span class=\"to-heart-icon\"><svg xmlns=\"http:\/\/www.w3.org\/2000\/svg\" version=\"1.1\" viewBox=\"0 0 64 64\"><g transform=\"translate(0, 0)\"><path stroke-width=\"6\" stroke-linecap=\"square\" stroke-miterlimit=\"10\" d=\"M1,21c0,20,31,38,31,38s31-18,31-38 c0-8.285-6-16-15-16c-8.285,0-16,5.715-16,14c0-8.285-7.715-14-16-14C7,5,1,12.715,1,21z\"><\/path><\/g><\/svg><\/span><span class=\"to-like-count\">0<\/span><\/span><\/div><\/div><\/div><\/article><!-- The Grid item #27 --><article class=\"tg-item tg-post-19809 kampala f261 f131 f257 f258 f150 f137\" data-row=\"1\" data-col=\"1\"><div class=\"tg-item-inner\"><div class=\"tg-item-media-holder tg-light\"><div class=\"tg-item-media-inner\"><img decoding=\"async\" class=\"tg-item-image\" alt=\"\" width=\"1179\" height=\"1524\" src=\"https:\/\/fonds-risq.qc.ca\/wp-content\/uploads\/2025\/07\/Photo-CS-Baie-des-Sables.jpg\"><\/div><div class=\"tg-center-holder\"><div class=\"tg-center-inner\"><div class=\"tg-item-overlay\"><\/div><a class=\"tg-link-button\" href=\"https:\/\/fonds-risq.qc.ca\/en\/entreprise\/coop-de-solidarite-baie-des-sables\/\" target=\"_self\"><i class=\"tg-icon-link\"><\/i><\/a><\/div><\/div><div class=\"tg-item-decoration\"><div class=\"triangle-down-right\" style=\"border-color:#dd9933\"><\/div><\/div><div class=\"tg-item-share-holder\"><div class=\"triangle-up-left\" style=\"border-color:rgba(22,22,22,0.65)\"><\/div><i class=\"tg-icon-reply\" style=\"color:#ffffff\"><\/i><div class=\"tg-share-icons\"><a class=\"tg-social-share tg-facebook\" href=\"https:\/\/www.facebook.com\/sharer.php?u=https%3A%2F%2Ffonds-risq.qc.ca%2Fen%2Fentreprise%2Fcoop-de-solidarite-baie-des-sables%2F&#038;t=Coop%20de%20solidarit%C3%A9%20Baie-des-Sables\"><i class=\"tg-icon-facebook\"><\/i><\/a><a class=\"tg-social-share tg-twitter\" href=\"https:\/\/twitter.com\/share?url=https%3A%2F%2Ffonds-risq.qc.ca%2Fen%2Fentreprise%2Fcoop-de-solidarite-baie-des-sables%2F&#038;text=Coop%20de%20solidarit%C3%A9%20Baie-des-Sables\"><i class=\"tg-icon-twitter\"><\/i><\/a><a class=\"tg-social-share tg-google-plus\" href=\"https:\/\/plus.google.com\/share?url=https%3A%2F%2Ffonds-risq.qc.ca%2Fen%2Fentreprise%2Fcoop-de-solidarite-baie-des-sables%2F\"><i class=\"tg-icon-google-plus\"><\/i><\/a><a class=\"tg-social-share tg-pinterest\" href=\"https:\/\/pinterest.com\/pin\/create\/button\/?url=https%3A%2F%2Ffonds-risq.qc.ca%2Fen%2Fentreprise%2Fcoop-de-solidarite-baie-des-sables%2F&#038;description=Coop%20de%20solidarit%C3%A9%20Baie-des-Sables&#038;media=https%3A%2F%2Ffonds-risq.qc.ca%2Fwp-content%2Fuploads%2F2025%2F07%2FPhoto-CS-Baie-des-Sables.jpg\"><i class=\"tg-icon-pinterest\"><\/i><\/a><\/div><\/div><\/div><div class=\"tg-item-content-holder tg-light image-format\" style=\"background-color:#dd9933\"><span class=\"tg-item-date\">31 July 2025<\/span><h2 class=\"tg-item-title\"><a href=\"https:\/\/fonds-risq.qc.ca\/en\/entreprise\/coop-de-solidarite-baie-des-sables\/\" target=\"_self\">Coop de solidarit\u00e9 Baie-des-Sables<\/a><\/h2><span class=\"tg-cats-holder\"><a class=\"filtres_des_entreprises\" href=\"https:\/\/fonds-risq.qc.ca\/en\/filtres_des_entreprises\/2024-en\/\" rel=\"category\" data-term-id=\"261\"><span class=\"tg-item-term\" >2024<\/span><\/a><span>, <\/span><a class=\"filtres_des_entreprises\" href=\"https:\/\/fonds-risq.qc.ca\/en\/filtres_des_entreprises\/bas-saint-laurent-en\/\" rel=\"category\" data-term-id=\"131\"><span class=\"tg-item-term\" >Bas-Saint-Laurent<\/span><\/a><span>, <\/span><a class=\"filtres_des_entreprises\" href=\"https:\/\/fonds-risq.qc.ca\/en\/filtres_des_entreprises\/fonds-lampli-en\/\" rel=\"category\" data-term-id=\"257\"><span class=\"tg-item-term\" >Fonds l&rsquo;ampli<\/span><\/a><span>, <\/span><a class=\"filtres_des_entreprises\" href=\"https:\/\/fonds-risq.qc.ca\/en\/filtres_des_entreprises\/fonds-lampli-2-en\/\" rel=\"category\" data-term-id=\"258\"><span class=\"tg-item-term\" >Fonds l&rsquo;ampli<\/span><\/a><span>, <\/span><a class=\"filtres_des_entreprises\" href=\"https:\/\/fonds-risq.qc.ca\/en\/filtres_des_entreprises\/npo\/\" rel=\"category\" data-term-id=\"150\"><span class=\"tg-item-term\" >NPO<\/span><\/a><span>, <\/span><a class=\"filtres_des_entreprises\" href=\"https:\/\/fonds-risq.qc.ca\/en\/filtres_des_entreprises\/retail-business\/\" rel=\"category\" data-term-id=\"137\"><span class=\"tg-item-term\" >Retail business<\/span><\/a><\/span><div class=\"tg-item-footer\"><a class=\"tg-item-comment\" href=\"https:\/\/fonds-risq.qc.ca\/en\/entreprise\/coop-de-solidarite-baie-des-sables\/\"  target=\"_self\">No comment<\/a><span class=\"no-ajaxy to-post-like no-liked empty-heart\" data-post-id=\"19809\" title=\"Like\"><span class=\"to-heart-icon\"><svg xmlns=\"http:\/\/www.w3.org\/2000\/svg\" version=\"1.1\" viewBox=\"0 0 64 64\"><g transform=\"translate(0, 0)\"><path stroke-width=\"6\" stroke-linecap=\"square\" stroke-miterlimit=\"10\" d=\"M1,21c0,20,31,38,31,38s31-18,31-38 c0-8.285-6-16-15-16c-8.285,0-16,5.715-16,14c0-8.285-7.715-14-16-14C7,5,1,12.715,1,21z\"><\/path><\/g><\/svg><\/span><span class=\"to-like-count\">0<\/span><\/span><\/div><\/div><\/div><\/article><!-- The Grid item #28 --><article class=\"tg-item tg-post-19808 kampala f263 f134 f130 f151 f177 f190 f146\" data-row=\"1\" data-col=\"1\"><div class=\"tg-item-inner\"><div class=\"tg-item-media-holder tg-light\"><div class=\"tg-item-media-inner\"><img decoding=\"async\" class=\"tg-item-image\" alt=\"\" width=\"1440\" height=\"810\" src=\"https:\/\/fonds-risq.qc.ca\/wp-content\/uploads\/2025\/07\/CoopTouski.jpg\"><\/div><div class=\"tg-center-holder\"><div class=\"tg-center-inner\"><div class=\"tg-item-overlay\"><\/div><a class=\"tg-link-button\" href=\"https:\/\/fonds-risq.qc.ca\/en\/entreprise\/coop-touski-animation\/\" target=\"_self\"><i class=\"tg-icon-link\"><\/i><\/a><\/div><\/div><div class=\"tg-item-decoration\"><div class=\"triangle-down-right\" style=\"border-color:#b7c634\"><\/div><\/div><div class=\"tg-item-share-holder\"><div class=\"triangle-up-left\" style=\"border-color:rgba(22,22,22,0.65)\"><\/div><i class=\"tg-icon-reply\" style=\"color:#ffffff\"><\/i><div class=\"tg-share-icons\"><a class=\"tg-social-share tg-facebook\" href=\"https:\/\/www.facebook.com\/sharer.php?u=https%3A%2F%2Ffonds-risq.qc.ca%2Fen%2Fentreprise%2Fcoop-touski-animation%2F&#038;t=Coop%20Touski%20animation\"><i class=\"tg-icon-facebook\"><\/i><\/a><a class=\"tg-social-share tg-twitter\" href=\"https:\/\/twitter.com\/share?url=https%3A%2F%2Ffonds-risq.qc.ca%2Fen%2Fentreprise%2Fcoop-touski-animation%2F&#038;text=Coop%20Touski%20animation\"><i class=\"tg-icon-twitter\"><\/i><\/a><a class=\"tg-social-share tg-google-plus\" href=\"https:\/\/plus.google.com\/share?url=https%3A%2F%2Ffonds-risq.qc.ca%2Fen%2Fentreprise%2Fcoop-touski-animation%2F\"><i class=\"tg-icon-google-plus\"><\/i><\/a><a class=\"tg-social-share tg-pinterest\" href=\"https:\/\/pinterest.com\/pin\/create\/button\/?url=https%3A%2F%2Ffonds-risq.qc.ca%2Fen%2Fentreprise%2Fcoop-touski-animation%2F&#038;description=Coop%20Touski%20animation&#038;media=https%3A%2F%2Ffonds-risq.qc.ca%2Fwp-content%2Fuploads%2F2025%2F07%2FCoopTouski.jpg\"><i class=\"tg-icon-pinterest\"><\/i><\/a><\/div><\/div><\/div><div class=\"tg-item-content-holder tg-light image-format\" style=\"background-color:#b7c634\"><span class=\"tg-item-date\">31 July 2025<\/span><h2 class=\"tg-item-title\"><a href=\"https:\/\/fonds-risq.qc.ca\/en\/entreprise\/coop-touski-animation\/\" target=\"_self\">Coop Touski animation<\/a><\/h2><span class=\"tg-cats-holder\"><a class=\"filtres_des_entreprises\" href=\"https:\/\/fonds-risq.qc.ca\/en\/filtres_des_entreprises\/2025-en\/\" rel=\"category\" data-term-id=\"263\"><span class=\"tg-item-term\" >2025<\/span><\/a><span>, <\/span><a class=\"filtres_des_entreprises\" href=\"https:\/\/fonds-risq.qc.ca\/en\/filtres_des_entreprises\/arts-and-culture\/\" rel=\"category\" data-term-id=\"134\"><span class=\"tg-item-term\" >Arts and culture<\/span><\/a><span>, <\/span><a class=\"filtres_des_entreprises\" href=\"https:\/\/fonds-risq.qc.ca\/en\/filtres_des_entreprises\/capitale-nationale-en\/\" rel=\"category\" data-term-id=\"130\"><span class=\"tg-item-term\" >Capitale-Nationale<\/span><\/a><span>, <\/span><a class=\"filtres_des_entreprises\" href=\"https:\/\/fonds-risq.qc.ca\/en\/filtres_des_entreprises\/coop-en\/\" rel=\"category\" data-term-id=\"151\"><span class=\"tg-item-term\" >COOP<\/span><\/a><span>, <\/span><a class=\"filtres_des_entreprises\" href=\"https:\/\/fonds-risq.qc.ca\/en\/filtres_des_entreprises\/culture-en\/\" rel=\"category\" data-term-id=\"177\"><span class=\"tg-item-term\" >Culture<\/span><\/a><span>, <\/span><a class=\"filtres_des_entreprises\" href=\"https:\/\/fonds-risq.qc.ca\/en\/filtres_des_entreprises\/loisirs-divertissement-en\/\" rel=\"category\" data-term-id=\"190\"><span class=\"tg-item-term\" >Loisirs-Divertissement<\/span><\/a><span>, <\/span><a class=\"filtres_des_entreprises\" href=\"https:\/\/fonds-risq.qc.ca\/en\/filtres_des_entreprises\/pret-pour-aide-technique-en\/\" rel=\"category\" data-term-id=\"146\"><span class=\"tg-item-term\" >Technical assistance loan<\/span><\/a><\/span><div class=\"tg-item-footer\"><a class=\"tg-item-comment\" href=\"https:\/\/fonds-risq.qc.ca\/en\/entreprise\/coop-touski-animation\/\"  target=\"_self\">No comment<\/a><span class=\"no-ajaxy to-post-like no-liked empty-heart\" data-post-id=\"19808\" title=\"Like\"><span class=\"to-heart-icon\"><svg xmlns=\"http:\/\/www.w3.org\/2000\/svg\" version=\"1.1\" viewBox=\"0 0 64 64\"><g transform=\"translate(0, 0)\"><path stroke-width=\"6\" stroke-linecap=\"square\" stroke-miterlimit=\"10\" d=\"M1,21c0,20,31,38,31,38s31-18,31-38 c0-8.285-6-16-15-16c-8.285,0-16,5.715-16,14c0-8.285-7.715-14-16-14C7,5,1,12.715,1,21z\"><\/path><\/g><\/svg><\/span><span class=\"to-like-count\">0<\/span><\/span><\/div><\/div><\/div><\/article><!-- The Grid item #29 --><article class=\"tg-item tg-post-19799 kampala f261 f163 f148 f150 f174\" data-row=\"1\" data-col=\"1\"><div class=\"tg-item-inner\"><div class=\"tg-item-media-holder tg-light\"><div class=\"tg-item-media-inner\"><img decoding=\"async\" class=\"tg-item-image\" alt=\"\" width=\"2048\" height=\"1050\" src=\"https:\/\/fonds-risq.qc.ca\/wp-content\/uploads\/2025\/06\/Photo-Radio-boreale.jpg\"><\/div><div class=\"tg-center-holder\"><div class=\"tg-center-inner\"><div class=\"tg-item-overlay\"><\/div><a class=\"tg-link-button\" href=\"https:\/\/fonds-risq.qc.ca\/en\/entreprise\/radio-boreale\/\" target=\"_self\"><i class=\"tg-icon-link\"><\/i><\/a><\/div><\/div><div class=\"tg-item-decoration\"><div class=\"triangle-down-right\" style=\"border-color:#0097c8\"><\/div><\/div><div class=\"tg-item-share-holder\"><div class=\"triangle-up-left\" style=\"border-color:rgba(22,22,22,0.65)\"><\/div><i class=\"tg-icon-reply\" style=\"color:#ffffff\"><\/i><div class=\"tg-share-icons\"><a class=\"tg-social-share tg-facebook\" href=\"https:\/\/www.facebook.com\/sharer.php?u=https%3A%2F%2Ffonds-risq.qc.ca%2Fen%2Fentreprise%2Fradio-boreale%2F&#038;t=Radio%20Bor%C3%A9ale\"><i class=\"tg-icon-facebook\"><\/i><\/a><a class=\"tg-social-share tg-twitter\" href=\"https:\/\/twitter.com\/share?url=https%3A%2F%2Ffonds-risq.qc.ca%2Fen%2Fentreprise%2Fradio-boreale%2F&#038;text=Radio%20Bor%C3%A9ale\"><i class=\"tg-icon-twitter\"><\/i><\/a><a class=\"tg-social-share tg-google-plus\" href=\"https:\/\/plus.google.com\/share?url=https%3A%2F%2Ffonds-risq.qc.ca%2Fen%2Fentreprise%2Fradio-boreale%2F\"><i class=\"tg-icon-google-plus\"><\/i><\/a><a class=\"tg-social-share tg-pinterest\" href=\"https:\/\/pinterest.com\/pin\/create\/button\/?url=https%3A%2F%2Ffonds-risq.qc.ca%2Fen%2Fentreprise%2Fradio-boreale%2F&#038;description=Radio%20Bor%C3%A9ale&#038;media=https%3A%2F%2Ffonds-risq.qc.ca%2Fwp-content%2Fuploads%2F2025%2F06%2FPhoto-Radio-boreale.jpg\"><i class=\"tg-icon-pinterest\"><\/i><\/a><\/div><\/div><\/div><div class=\"tg-item-content-holder tg-light image-format\" style=\"background-color:#0097c8\"><span class=\"tg-item-date\">30 July 2025<\/span><h2 class=\"tg-item-title\"><a href=\"https:\/\/fonds-risq.qc.ca\/en\/entreprise\/radio-boreale\/\" target=\"_self\">Radio Bor\u00e9ale<\/a><\/h2><span class=\"tg-cats-holder\"><a class=\"filtres_des_entreprises\" href=\"https:\/\/fonds-risq.qc.ca\/en\/filtres_des_entreprises\/2024-en\/\" rel=\"category\" data-term-id=\"261\"><span class=\"tg-item-term\" >2024<\/span><\/a><span>, <\/span><a class=\"filtres_des_entreprises\" href=\"https:\/\/fonds-risq.qc.ca\/en\/filtres_des_entreprises\/abitibi-temiscamingue-en\/\" rel=\"category\" data-term-id=\"163\"><span class=\"tg-item-term\" >Abitibi-T\u00e9miscamingue<\/span><\/a><span>, <\/span><a class=\"filtres_des_entreprises\" href=\"https:\/\/fonds-risq.qc.ca\/en\/filtres_des_entreprises\/capitalization-loan\/\" rel=\"category\" data-term-id=\"148\"><span class=\"tg-item-term\" >Capitalization loan<\/span><\/a><span>, <\/span><a class=\"filtres_des_entreprises\" href=\"https:\/\/fonds-risq.qc.ca\/en\/filtres_des_entreprises\/npo\/\" rel=\"category\" data-term-id=\"150\"><span class=\"tg-item-term\" >NPO<\/span><\/a><span>, <\/span><a class=\"filtres_des_entreprises\" href=\"https:\/\/fonds-risq.qc.ca\/en\/filtres_des_entreprises\/radio-en\/\" rel=\"category\" data-term-id=\"174\"><span class=\"tg-item-term\" >Radio<\/span><\/a><\/span><div class=\"tg-item-footer\"><a class=\"tg-item-comment\" href=\"https:\/\/fonds-risq.qc.ca\/en\/entreprise\/radio-boreale\/\"  target=\"_self\">No comment<\/a><span class=\"no-ajaxy to-post-like no-liked empty-heart\" data-post-id=\"19799\" title=\"Like\"><span class=\"to-heart-icon\"><svg xmlns=\"http:\/\/www.w3.org\/2000\/svg\" version=\"1.1\" viewBox=\"0 0 64 64\"><g transform=\"translate(0, 0)\"><path stroke-width=\"6\" stroke-linecap=\"square\" stroke-miterlimit=\"10\" d=\"M1,21c0,20,31,38,31,38s31-18,31-38 c0-8.285-6-16-15-16c-8.285,0-16,5.715-16,14c0-8.285-7.715-14-16-14C7,5,1,12.715,1,21z\"><\/path><\/g><\/svg><\/span><span class=\"to-like-count\">0<\/span><\/span><\/div><\/div><\/div><\/article><!-- The Grid item #30 --><article class=\"tg-item tg-post-19796 kampala f263 f148 f152 f151 f209\" data-row=\"1\" data-col=\"1\"><div class=\"tg-item-inner\"><div class=\"tg-item-media-holder tg-light\"><div class=\"tg-item-media-inner\"><img decoding=\"async\" class=\"tg-item-image\" alt=\"\" width=\"3360\" height=\"1247\" src=\"https:\/\/fonds-risq.qc.ca\/wp-content\/uploads\/2025\/07\/Photo-Cs-Labo-Solidago.jpg\"><\/div><div class=\"tg-center-holder\"><div class=\"tg-center-inner\"><div class=\"tg-item-overlay\"><\/div><a class=\"tg-link-button\" href=\"https:\/\/fonds-risq.qc.ca\/en\/entreprise\/cs-labo-solidago\/\" target=\"_self\"><i class=\"tg-icon-link\"><\/i><\/a><\/div><\/div><div class=\"tg-item-decoration\"><div class=\"triangle-down-right\" style=\"border-color:#0097c8\"><\/div><\/div><div class=\"tg-item-share-holder\"><div class=\"triangle-up-left\" style=\"border-color:rgba(22,22,22,0.65)\"><\/div><i class=\"tg-icon-reply\" style=\"color:#ffffff\"><\/i><div class=\"tg-share-icons\"><a class=\"tg-social-share tg-facebook\" href=\"https:\/\/www.facebook.com\/sharer.php?u=https%3A%2F%2Ffonds-risq.qc.ca%2Fen%2Fentreprise%2Fcs-labo-solidago%2F&#038;t=Coop%20Labo%20Solidago\"><i class=\"tg-icon-facebook\"><\/i><\/a><a class=\"tg-social-share tg-twitter\" href=\"https:\/\/twitter.com\/share?url=https%3A%2F%2Ffonds-risq.qc.ca%2Fen%2Fentreprise%2Fcs-labo-solidago%2F&#038;text=Coop%20Labo%20Solidago\"><i class=\"tg-icon-twitter\"><\/i><\/a><a class=\"tg-social-share tg-google-plus\" href=\"https:\/\/plus.google.com\/share?url=https%3A%2F%2Ffonds-risq.qc.ca%2Fen%2Fentreprise%2Fcs-labo-solidago%2F\"><i class=\"tg-icon-google-plus\"><\/i><\/a><a class=\"tg-social-share tg-pinterest\" href=\"https:\/\/pinterest.com\/pin\/create\/button\/?url=https%3A%2F%2Ffonds-risq.qc.ca%2Fen%2Fentreprise%2Fcs-labo-solidago%2F&#038;description=Coop%20Labo%20Solidago&#038;media=https%3A%2F%2Ffonds-risq.qc.ca%2Fwp-content%2Fuploads%2F2025%2F07%2FPhoto-Cs-Labo-Solidago.jpg\"><i class=\"tg-icon-pinterest\"><\/i><\/a><\/div><\/div><\/div><div class=\"tg-item-content-holder tg-light image-format\" style=\"background-color:#0097c8\"><span class=\"tg-item-date\">30 July 2025<\/span><h2 class=\"tg-item-title\"><a href=\"https:\/\/fonds-risq.qc.ca\/en\/entreprise\/cs-labo-solidago\/\" target=\"_self\">Coop Labo Solidago<\/a><\/h2><span class=\"tg-cats-holder\"><a class=\"filtres_des_entreprises\" href=\"https:\/\/fonds-risq.qc.ca\/en\/filtres_des_entreprises\/2025-en\/\" rel=\"category\" data-term-id=\"263\"><span class=\"tg-item-term\" >2025<\/span><\/a><span>, <\/span><a class=\"filtres_des_entreprises\" href=\"https:\/\/fonds-risq.qc.ca\/en\/filtres_des_entreprises\/capitalization-loan\/\" rel=\"category\" data-term-id=\"148\"><span class=\"tg-item-term\" >Capitalization loan<\/span><\/a><span>, <\/span><a class=\"filtres_des_entreprises\" href=\"https:\/\/fonds-risq.qc.ca\/en\/filtres_des_entreprises\/chaudiere-appalaches-en\/\" rel=\"category\" data-term-id=\"152\"><span class=\"tg-item-term\" >Chaudi\u00e8re-Appalaches<\/span><\/a><span>, <\/span><a class=\"filtres_des_entreprises\" href=\"https:\/\/fonds-risq.qc.ca\/en\/filtres_des_entreprises\/coop-en\/\" rel=\"category\" data-term-id=\"151\"><span class=\"tg-item-term\" >COOP<\/span><\/a><span>, <\/span><a class=\"filtres_des_entreprises\" href=\"https:\/\/fonds-risq.qc.ca\/en\/filtres_des_entreprises\/fabrication-de-produits-metalliques-en\/\" rel=\"category\" data-term-id=\"209\"><span class=\"tg-item-term\" >Fabrication de produits m\u00e9talliques<\/span><\/a><\/span><div class=\"tg-item-footer\"><a class=\"tg-item-comment\" href=\"https:\/\/fonds-risq.qc.ca\/en\/entreprise\/cs-labo-solidago\/\"  target=\"_self\">No comment<\/a><span class=\"no-ajaxy to-post-like no-liked empty-heart\" data-post-id=\"19796\" title=\"Like\"><span class=\"to-heart-icon\"><svg xmlns=\"http:\/\/www.w3.org\/2000\/svg\" version=\"1.1\" viewBox=\"0 0 64 64\"><g transform=\"translate(0, 0)\"><path stroke-width=\"6\" stroke-linecap=\"square\" stroke-miterlimit=\"10\" d=\"M1,21c0,20,31,38,31,38s31-18,31-38 c0-8.285-6-16-15-16c-8.285,0-16,5.715-16,14c0-8.285-7.715-14-16-14C7,5,1,12.715,1,21z\"><\/path><\/g><\/svg><\/span><span class=\"to-like-count\">0<\/span><\/span><\/div><\/div><\/div><\/article><!-- The Grid item #31 --><article class=\"tg-item tg-post-19792 kampala f261 f148 f166 f195 f150 f135\" data-row=\"1\" data-col=\"1\"><div class=\"tg-item-inner\"><div class=\"tg-item-media-holder tg-light\"><div class=\"tg-item-media-inner\"><img decoding=\"async\" class=\"tg-item-image\" alt=\"\" width=\"622\" height=\"414\" src=\"https:\/\/fonds-risq.qc.ca\/wp-content\/uploads\/2025\/07\/Photo-CIIM-1.png\"><\/div><div class=\"tg-center-holder\"><div class=\"tg-center-inner\"><div class=\"tg-item-overlay\"><\/div><a class=\"tg-link-button\" href=\"https:\/\/fonds-risq.qc.ca\/en\/entreprise\/corporation-immobiliere-des-iles-de-la-madeleine\/\" target=\"_self\"><i class=\"tg-icon-link\"><\/i><\/a><\/div><\/div><div class=\"tg-item-decoration\"><div class=\"triangle-down-right\" style=\"border-color:#0097c8\"><\/div><\/div><div class=\"tg-item-share-holder\"><div class=\"triangle-up-left\" style=\"border-color:rgba(22,22,22,0.65)\"><\/div><i class=\"tg-icon-reply\" style=\"color:#ffffff\"><\/i><div class=\"tg-share-icons\"><a class=\"tg-social-share tg-facebook\" href=\"https:\/\/www.facebook.com\/sharer.php?u=https%3A%2F%2Ffonds-risq.qc.ca%2Fen%2Fentreprise%2Fcorporation-immobiliere-des-iles-de-la-madeleine%2F&#038;t=Corporation%20immobili%C3%A8re%20des%20Iles%20de%20la%20Madeleine\"><i class=\"tg-icon-facebook\"><\/i><\/a><a class=\"tg-social-share tg-twitter\" href=\"https:\/\/twitter.com\/share?url=https%3A%2F%2Ffonds-risq.qc.ca%2Fen%2Fentreprise%2Fcorporation-immobiliere-des-iles-de-la-madeleine%2F&#038;text=Corporation%20immobili%C3%A8re%20des%20Iles%20de%20la%20Madeleine\"><i class=\"tg-icon-twitter\"><\/i><\/a><a class=\"tg-social-share tg-google-plus\" href=\"https:\/\/plus.google.com\/share?url=https%3A%2F%2Ffonds-risq.qc.ca%2Fen%2Fentreprise%2Fcorporation-immobiliere-des-iles-de-la-madeleine%2F\"><i class=\"tg-icon-google-plus\"><\/i><\/a><a class=\"tg-social-share tg-pinterest\" href=\"https:\/\/pinterest.com\/pin\/create\/button\/?url=https%3A%2F%2Ffonds-risq.qc.ca%2Fen%2Fentreprise%2Fcorporation-immobiliere-des-iles-de-la-madeleine%2F&#038;description=Corporation%20immobili%C3%A8re%20des%20Iles%20de%20la%20Madeleine&#038;media=https%3A%2F%2Ffonds-risq.qc.ca%2Fwp-content%2Fuploads%2F2025%2F07%2FPhoto-CIIM-1.png\"><i class=\"tg-icon-pinterest\"><\/i><\/a><\/div><\/div><\/div><div class=\"tg-item-content-holder tg-light image-format\" style=\"background-color:#0097c8\"><span class=\"tg-item-date\">30 July 2025<\/span><h2 class=\"tg-item-title\"><a href=\"https:\/\/fonds-risq.qc.ca\/en\/entreprise\/corporation-immobiliere-des-iles-de-la-madeleine\/\" target=\"_self\">Corporation immobili\u00e8re des Iles de la Madeleine<\/a><\/h2><span class=\"tg-cats-holder\"><a class=\"filtres_des_entreprises\" href=\"https:\/\/fonds-risq.qc.ca\/en\/filtres_des_entreprises\/2024-en\/\" rel=\"category\" data-term-id=\"261\"><span class=\"tg-item-term\" >2024<\/span><\/a><span>, <\/span><a class=\"filtres_des_entreprises\" href=\"https:\/\/fonds-risq.qc.ca\/en\/filtres_des_entreprises\/capitalization-loan\/\" rel=\"category\" data-term-id=\"148\"><span class=\"tg-item-term\" >Capitalization loan<\/span><\/a><span>, <\/span><a class=\"filtres_des_entreprises\" href=\"https:\/\/fonds-risq.qc.ca\/en\/filtres_des_entreprises\/gaspesie-iles-de-la-madeleine-en\/\" rel=\"category\" data-term-id=\"166\"><span class=\"tg-item-term\" >Gasp\u00e9sie-\u00celes-de-la-Madeleine<\/span><\/a><span>, <\/span><a class=\"filtres_des_entreprises\" href=\"https:\/\/fonds-risq.qc.ca\/en\/filtres_des_entreprises\/immobilier-collectif-en\/\" rel=\"category\" data-term-id=\"195\"><span class=\"tg-item-term\" >Immobilier collectif<\/span><\/a><span>, <\/span><a class=\"filtres_des_entreprises\" href=\"https:\/\/fonds-risq.qc.ca\/en\/filtres_des_entreprises\/npo\/\" rel=\"category\" data-term-id=\"150\"><span class=\"tg-item-term\" >NPO<\/span><\/a><span>, <\/span><a class=\"filtres_des_entreprises\" href=\"https:\/\/fonds-risq.qc.ca\/en\/filtres_des_entreprises\/services-en\/\" rel=\"category\" data-term-id=\"135\"><span class=\"tg-item-term\" >Services<\/span><\/a><\/span><div class=\"tg-item-footer\"><a class=\"tg-item-comment\" href=\"https:\/\/fonds-risq.qc.ca\/en\/entreprise\/corporation-immobiliere-des-iles-de-la-madeleine\/\"  target=\"_self\">No comment<\/a><span class=\"no-ajaxy to-post-like no-liked empty-heart\" data-post-id=\"19792\" title=\"Like\"><span class=\"to-heart-icon\"><svg xmlns=\"http:\/\/www.w3.org\/2000\/svg\" version=\"1.1\" viewBox=\"0 0 64 64\"><g transform=\"translate(0, 0)\"><path stroke-width=\"6\" stroke-linecap=\"square\" stroke-miterlimit=\"10\" d=\"M1,21c0,20,31,38,31,38s31-18,31-38 c0-8.285-6-16-15-16c-8.285,0-16,5.715-16,14c0-8.285-7.715-14-16-14C7,5,1,12.715,1,21z\"><\/path><\/g><\/svg><\/span><span class=\"to-like-count\">0<\/span><\/span><\/div><\/div><\/div><\/article><!-- The Grid item #32 --><article class=\"tg-item tg-post-19787 kampala f263 f148 f143 f150 f155 f135\" data-row=\"1\" data-col=\"1\"><div class=\"tg-item-inner\"><div class=\"tg-item-media-holder tg-light\"><div class=\"tg-item-media-inner\"><img decoding=\"async\" class=\"tg-item-image\" alt=\"\" width=\"2048\" height=\"1536\" src=\"https:\/\/fonds-risq.qc.ca\/wp-content\/uploads\/2025\/07\/Photo-Stagem.jpg\"><\/div><div class=\"tg-center-holder\"><div class=\"tg-center-inner\"><div class=\"tg-item-overlay\"><\/div><a class=\"tg-link-button\" href=\"https:\/\/fonds-risq.qc.ca\/en\/entreprise\/stagem\/\" target=\"_self\"><i class=\"tg-icon-link\"><\/i><\/a><\/div><\/div><div class=\"tg-item-decoration\"><div class=\"triangle-down-right\" style=\"border-color:#0097c8\"><\/div><\/div><div class=\"tg-item-share-holder\"><div class=\"triangle-up-left\" style=\"border-color:rgba(22,22,22,0.65)\"><\/div><i class=\"tg-icon-reply\" style=\"color:#ffffff\"><\/i><div class=\"tg-share-icons\"><a class=\"tg-social-share tg-facebook\" href=\"https:\/\/www.facebook.com\/sharer.php?u=https%3A%2F%2Ffonds-risq.qc.ca%2Fen%2Fentreprise%2Fstagem%2F&#038;t=%C3%89quitem\"><i class=\"tg-icon-facebook\"><\/i><\/a><a class=\"tg-social-share tg-twitter\" href=\"https:\/\/twitter.com\/share?url=https%3A%2F%2Ffonds-risq.qc.ca%2Fen%2Fentreprise%2Fstagem%2F&#038;text=%C3%89quitem\"><i class=\"tg-icon-twitter\"><\/i><\/a><a class=\"tg-social-share tg-google-plus\" href=\"https:\/\/plus.google.com\/share?url=https%3A%2F%2Ffonds-risq.qc.ca%2Fen%2Fentreprise%2Fstagem%2F\"><i class=\"tg-icon-google-plus\"><\/i><\/a><a class=\"tg-social-share tg-pinterest\" href=\"https:\/\/pinterest.com\/pin\/create\/button\/?url=https%3A%2F%2Ffonds-risq.qc.ca%2Fen%2Fentreprise%2Fstagem%2F&#038;description=%C3%89quitem&#038;media=https%3A%2F%2Ffonds-risq.qc.ca%2Fwp-content%2Fuploads%2F2025%2F07%2FPhoto-Stagem.jpg\"><i class=\"tg-icon-pinterest\"><\/i><\/a><\/div><\/div><\/div><div class=\"tg-item-content-holder tg-light image-format\" style=\"background-color:#0097c8\"><span class=\"tg-item-date\">30 July 2025<\/span><h2 class=\"tg-item-title\"><a href=\"https:\/\/fonds-risq.qc.ca\/en\/entreprise\/stagem\/\" target=\"_self\">\u00c9quitem<\/a><\/h2><span class=\"tg-cats-holder\"><a class=\"filtres_des_entreprises\" href=\"https:\/\/fonds-risq.qc.ca\/en\/filtres_des_entreprises\/2025-en\/\" rel=\"category\" data-term-id=\"263\"><span class=\"tg-item-term\" >2025<\/span><\/a><span>, <\/span><a class=\"filtres_des_entreprises\" href=\"https:\/\/fonds-risq.qc.ca\/en\/filtres_des_entreprises\/capitalization-loan\/\" rel=\"category\" data-term-id=\"148\"><span class=\"tg-item-term\" >Capitalization loan<\/span><\/a><span>, <\/span><a class=\"filtres_des_entreprises\" href=\"https:\/\/fonds-risq.qc.ca\/en\/filtres_des_entreprises\/employability-services\/\" rel=\"category\" data-term-id=\"143\"><span class=\"tg-item-term\" >Employability Services<\/span><\/a><span>, <\/span><a class=\"filtres_des_entreprises\" href=\"https:\/\/fonds-risq.qc.ca\/en\/filtres_des_entreprises\/npo\/\" rel=\"category\" data-term-id=\"150\"><span class=\"tg-item-term\" >NPO<\/span><\/a><span>, <\/span><a class=\"filtres_des_entreprises\" href=\"https:\/\/fonds-risq.qc.ca\/en\/filtres_des_entreprises\/saguenay-lac-saint-jean-en\/\" rel=\"category\" data-term-id=\"155\"><span class=\"tg-item-term\" >Saguenay-Lac-Saint-Jean<\/span><\/a><span>, <\/span><a class=\"filtres_des_entreprises\" href=\"https:\/\/fonds-risq.qc.ca\/en\/filtres_des_entreprises\/services-en\/\" rel=\"category\" data-term-id=\"135\"><span class=\"tg-item-term\" >Services<\/span><\/a><\/span><div class=\"tg-item-footer\"><a class=\"tg-item-comment\" href=\"https:\/\/fonds-risq.qc.ca\/en\/entreprise\/stagem\/\"  target=\"_self\">No comment<\/a><span class=\"no-ajaxy to-post-like no-liked empty-heart\" data-post-id=\"19787\" title=\"Like\"><span class=\"to-heart-icon\"><svg xmlns=\"http:\/\/www.w3.org\/2000\/svg\" version=\"1.1\" viewBox=\"0 0 64 64\"><g transform=\"translate(0, 0)\"><path stroke-width=\"6\" stroke-linecap=\"square\" stroke-miterlimit=\"10\" d=\"M1,21c0,20,31,38,31,38s31-18,31-38 c0-8.285-6-16-15-16c-8.285,0-16,5.715-16,14c0-8.285-7.715-14-16-14C7,5,1,12.715,1,21z\"><\/path><\/g><\/svg><\/span><span class=\"to-like-count\">0<\/span><\/span><\/div><\/div><\/div><\/article><!-- The Grid item #33 --><article class=\"tg-item tg-post-19785 kampala f263 f152 f190 f150 f146\" data-row=\"1\" data-col=\"1\"><div class=\"tg-item-inner\"><div class=\"tg-item-media-holder tg-light\"><div class=\"tg-item-media-inner\"><img decoding=\"async\" class=\"tg-item-image\" alt=\"\" width=\"2040\" height=\"746\" src=\"https:\/\/fonds-risq.qc.ca\/wp-content\/uploads\/2025\/07\/Photo-Judo-Beauce.jpg\"><\/div><div class=\"tg-center-holder\"><div class=\"tg-center-inner\"><div class=\"tg-item-overlay\"><\/div><a class=\"tg-link-button\" href=\"https:\/\/fonds-risq.qc.ca\/en\/entreprise\/judo-beauce\/\" target=\"_self\"><i class=\"tg-icon-link\"><\/i><\/a><\/div><\/div><div class=\"tg-item-decoration\"><div class=\"triangle-down-right\" style=\"border-color:#b7c634\"><\/div><\/div><div class=\"tg-item-share-holder\"><div class=\"triangle-up-left\" style=\"border-color:rgba(22,22,22,0.65)\"><\/div><i class=\"tg-icon-reply\" style=\"color:#ffffff\"><\/i><div class=\"tg-share-icons\"><a class=\"tg-social-share tg-facebook\" href=\"https:\/\/www.facebook.com\/sharer.php?u=https%3A%2F%2Ffonds-risq.qc.ca%2Fen%2Fentreprise%2Fjudo-beauce%2F&#038;t=Judo%20Beauce\"><i class=\"tg-icon-facebook\"><\/i><\/a><a class=\"tg-social-share tg-twitter\" href=\"https:\/\/twitter.com\/share?url=https%3A%2F%2Ffonds-risq.qc.ca%2Fen%2Fentreprise%2Fjudo-beauce%2F&#038;text=Judo%20Beauce\"><i class=\"tg-icon-twitter\"><\/i><\/a><a class=\"tg-social-share tg-google-plus\" href=\"https:\/\/plus.google.com\/share?url=https%3A%2F%2Ffonds-risq.qc.ca%2Fen%2Fentreprise%2Fjudo-beauce%2F\"><i class=\"tg-icon-google-plus\"><\/i><\/a><a class=\"tg-social-share tg-pinterest\" href=\"https:\/\/pinterest.com\/pin\/create\/button\/?url=https%3A%2F%2Ffonds-risq.qc.ca%2Fen%2Fentreprise%2Fjudo-beauce%2F&#038;description=Judo%20Beauce&#038;media=https%3A%2F%2Ffonds-risq.qc.ca%2Fwp-content%2Fuploads%2F2025%2F07%2FPhoto-Judo-Beauce.jpg\"><i class=\"tg-icon-pinterest\"><\/i><\/a><\/div><\/div><\/div><div class=\"tg-item-content-holder tg-light image-format\" style=\"background-color:#b7c634\"><span class=\"tg-item-date\">30 July 2025<\/span><h2 class=\"tg-item-title\"><a href=\"https:\/\/fonds-risq.qc.ca\/en\/entreprise\/judo-beauce\/\" target=\"_self\">Judo Beauce<\/a><\/h2><span class=\"tg-cats-holder\"><a class=\"filtres_des_entreprises\" href=\"https:\/\/fonds-risq.qc.ca\/en\/filtres_des_entreprises\/2025-en\/\" rel=\"category\" data-term-id=\"263\"><span class=\"tg-item-term\" >2025<\/span><\/a><span>, <\/span><a class=\"filtres_des_entreprises\" href=\"https:\/\/fonds-risq.qc.ca\/en\/filtres_des_entreprises\/chaudiere-appalaches-en\/\" rel=\"category\" data-term-id=\"152\"><span class=\"tg-item-term\" >Chaudi\u00e8re-Appalaches<\/span><\/a><span>, <\/span><a class=\"filtres_des_entreprises\" href=\"https:\/\/fonds-risq.qc.ca\/en\/filtres_des_entreprises\/loisirs-divertissement-en\/\" rel=\"category\" data-term-id=\"190\"><span class=\"tg-item-term\" >Loisirs-Divertissement<\/span><\/a><span>, <\/span><a class=\"filtres_des_entreprises\" href=\"https:\/\/fonds-risq.qc.ca\/en\/filtres_des_entreprises\/npo\/\" rel=\"category\" data-term-id=\"150\"><span class=\"tg-item-term\" >NPO<\/span><\/a><span>, <\/span><a class=\"filtres_des_entreprises\" href=\"https:\/\/fonds-risq.qc.ca\/en\/filtres_des_entreprises\/pret-pour-aide-technique-en\/\" rel=\"category\" data-term-id=\"146\"><span class=\"tg-item-term\" >Technical assistance loan<\/span><\/a><\/span><div class=\"tg-item-footer\"><a class=\"tg-item-comment\" href=\"https:\/\/fonds-risq.qc.ca\/en\/entreprise\/judo-beauce\/\"  target=\"_self\">No comment<\/a><span class=\"no-ajaxy to-post-like no-liked empty-heart\" data-post-id=\"19785\" title=\"Like\"><span class=\"to-heart-icon\"><svg xmlns=\"http:\/\/www.w3.org\/2000\/svg\" version=\"1.1\" viewBox=\"0 0 64 64\"><g transform=\"translate(0, 0)\"><path stroke-width=\"6\" stroke-linecap=\"square\" stroke-miterlimit=\"10\" d=\"M1,21c0,20,31,38,31,38s31-18,31-38 c0-8.285-6-16-15-16c-8.285,0-16,5.715-16,14c0-8.285-7.715-14-16-14C7,5,1,12.715,1,21z\"><\/path><\/g><\/svg><\/span><span class=\"to-like-count\">0<\/span><\/span><\/div><\/div><\/div><\/article><!-- The Grid item #34 --><article class=\"tg-item tg-post-19567 kampala f263 f148 f144 f150 f155\" data-row=\"1\" data-col=\"1\"><div class=\"tg-item-inner\"><div class=\"tg-item-media-holder tg-light\"><div class=\"tg-item-media-inner\"><img decoding=\"async\" class=\"tg-item-image\" alt=\"\" width=\"2048\" height=\"1365\" src=\"https:\/\/fonds-risq.qc.ca\/wp-content\/uploads\/2025\/06\/Photo-Zoo-de-St-felicien-b.jpg\"><\/div><div class=\"tg-center-holder\"><div class=\"tg-center-inner\"><div class=\"tg-item-overlay\"><\/div><a class=\"tg-link-button\" href=\"https:\/\/fonds-risq.qc.ca\/en\/entreprise\/zoo-st-felicien\/\" target=\"_self\"><i class=\"tg-icon-link\"><\/i><\/a><\/div><\/div><div class=\"tg-item-decoration\"><div class=\"triangle-down-right\" style=\"border-color:#0097c8\"><\/div><\/div><div class=\"tg-item-share-holder\"><div class=\"triangle-up-left\" style=\"border-color:rgba(22,22,22,0.65)\"><\/div><i class=\"tg-icon-reply\" style=\"color:#ffffff\"><\/i><div class=\"tg-share-icons\"><a class=\"tg-social-share tg-facebook\" href=\"https:\/\/www.facebook.com\/sharer.php?u=https%3A%2F%2Ffonds-risq.qc.ca%2Fen%2Fentreprise%2Fzoo-st-felicien%2F&#038;t=Zoo%20de%20St-F%C3%A9licien\"><i class=\"tg-icon-facebook\"><\/i><\/a><a class=\"tg-social-share tg-twitter\" href=\"https:\/\/twitter.com\/share?url=https%3A%2F%2Ffonds-risq.qc.ca%2Fen%2Fentreprise%2Fzoo-st-felicien%2F&#038;text=Zoo%20de%20St-F%C3%A9licien\"><i class=\"tg-icon-twitter\"><\/i><\/a><a class=\"tg-social-share tg-google-plus\" href=\"https:\/\/plus.google.com\/share?url=https%3A%2F%2Ffonds-risq.qc.ca%2Fen%2Fentreprise%2Fzoo-st-felicien%2F\"><i class=\"tg-icon-google-plus\"><\/i><\/a><a class=\"tg-social-share tg-pinterest\" href=\"https:\/\/pinterest.com\/pin\/create\/button\/?url=https%3A%2F%2Ffonds-risq.qc.ca%2Fen%2Fentreprise%2Fzoo-st-felicien%2F&#038;description=Zoo%20de%20St-F%C3%A9licien&#038;media=https%3A%2F%2Ffonds-risq.qc.ca%2Fwp-content%2Fuploads%2F2025%2F06%2FPhoto-Zoo-de-St-felicien-b.jpg\"><i class=\"tg-icon-pinterest\"><\/i><\/a><\/div><\/div><\/div><div class=\"tg-item-content-holder tg-light image-format\" style=\"background-color:#0097c8\"><span class=\"tg-item-date\">13 June 2025<\/span><h2 class=\"tg-item-title\"><a href=\"https:\/\/fonds-risq.qc.ca\/en\/entreprise\/zoo-st-felicien\/\" target=\"_self\">Zoo de St-F\u00e9licien<\/a><\/h2><span class=\"tg-cats-holder\"><a class=\"filtres_des_entreprises\" href=\"https:\/\/fonds-risq.qc.ca\/en\/filtres_des_entreprises\/2025-en\/\" rel=\"category\" data-term-id=\"263\"><span class=\"tg-item-term\" >2025<\/span><\/a><span>, <\/span><a class=\"filtres_des_entreprises\" href=\"https:\/\/fonds-risq.qc.ca\/en\/filtres_des_entreprises\/capitalization-loan\/\" rel=\"category\" data-term-id=\"148\"><span class=\"tg-item-term\" >Capitalization loan<\/span><\/a><span>, <\/span><a class=\"filtres_des_entreprises\" href=\"https:\/\/fonds-risq.qc.ca\/en\/filtres_des_entreprises\/leisure-tourism\/\" rel=\"category\" data-term-id=\"144\"><span class=\"tg-item-term\" >Leisure \/ Tourism<\/span><\/a><span>, <\/span><a class=\"filtres_des_entreprises\" href=\"https:\/\/fonds-risq.qc.ca\/en\/filtres_des_entreprises\/npo\/\" rel=\"category\" data-term-id=\"150\"><span class=\"tg-item-term\" >NPO<\/span><\/a><span>, <\/span><a class=\"filtres_des_entreprises\" href=\"https:\/\/fonds-risq.qc.ca\/en\/filtres_des_entreprises\/saguenay-lac-saint-jean-en\/\" rel=\"category\" data-term-id=\"155\"><span class=\"tg-item-term\" >Saguenay-Lac-Saint-Jean<\/span><\/a><\/span><div class=\"tg-item-footer\"><a class=\"tg-item-comment\" href=\"https:\/\/fonds-risq.qc.ca\/en\/entreprise\/zoo-st-felicien\/\"  target=\"_self\">No comment<\/a><span class=\"no-ajaxy to-post-like no-liked empty-heart\" data-post-id=\"19567\" title=\"Like\"><span class=\"to-heart-icon\"><svg xmlns=\"http:\/\/www.w3.org\/2000\/svg\" version=\"1.1\" viewBox=\"0 0 64 64\"><g transform=\"translate(0, 0)\"><path stroke-width=\"6\" stroke-linecap=\"square\" stroke-miterlimit=\"10\" d=\"M1,21c0,20,31,38,31,38s31-18,31-38 c0-8.285-6-16-15-16c-8.285,0-16,5.715-16,14c0-8.285-7.715-14-16-14C7,5,1,12.715,1,21z\"><\/path><\/g><\/svg><\/span><span class=\"to-like-count\">0<\/span><\/span><\/div><\/div><\/div><\/article><!-- The Grid item #35 --><article class=\"tg-item tg-post-19564 kampala f148 f152 f150 f153 f160 f137\" data-row=\"1\" data-col=\"1\"><div class=\"tg-item-inner\"><div class=\"tg-item-media-holder tg-light\"><div class=\"tg-item-media-inner\"><img decoding=\"async\" class=\"tg-item-image\" alt=\"\" width=\"960\" height=\"640\" src=\"https:\/\/fonds-risq.qc.ca\/wp-content\/uploads\/2025\/06\/ecolivres.jpg\"><\/div><div class=\"tg-center-holder\"><div class=\"tg-center-inner\"><div class=\"tg-item-overlay\"><\/div><a class=\"tg-link-button\" href=\"https:\/\/fonds-risq.qc.ca\/en\/entreprise\/groupe-3r-plus-ecolivres\/\" target=\"_self\"><i class=\"tg-icon-link\"><\/i><\/a><\/div><\/div><div class=\"tg-item-decoration\"><div class=\"triangle-down-right\" style=\"border-color:#0097c8\"><\/div><\/div><div class=\"tg-item-share-holder\"><div class=\"triangle-up-left\" style=\"border-color:rgba(22,22,22,0.65)\"><\/div><i class=\"tg-icon-reply\" style=\"color:#ffffff\"><\/i><div class=\"tg-share-icons\"><a class=\"tg-social-share tg-facebook\" href=\"https:\/\/www.facebook.com\/sharer.php?u=https%3A%2F%2Ffonds-risq.qc.ca%2Fen%2Fentreprise%2Fgroupe-3r-plus-ecolivres%2F&#038;t=Groupe%20%283R%29%20Plus%20-%C3%89colivres\"><i class=\"tg-icon-facebook\"><\/i><\/a><a class=\"tg-social-share tg-twitter\" href=\"https:\/\/twitter.com\/share?url=https%3A%2F%2Ffonds-risq.qc.ca%2Fen%2Fentreprise%2Fgroupe-3r-plus-ecolivres%2F&#038;text=Groupe%20%283R%29%20Plus%20-%C3%89colivres\"><i class=\"tg-icon-twitter\"><\/i><\/a><a class=\"tg-social-share tg-google-plus\" href=\"https:\/\/plus.google.com\/share?url=https%3A%2F%2Ffonds-risq.qc.ca%2Fen%2Fentreprise%2Fgroupe-3r-plus-ecolivres%2F\"><i class=\"tg-icon-google-plus\"><\/i><\/a><a class=\"tg-social-share tg-pinterest\" href=\"https:\/\/pinterest.com\/pin\/create\/button\/?url=https%3A%2F%2Ffonds-risq.qc.ca%2Fen%2Fentreprise%2Fgroupe-3r-plus-ecolivres%2F&#038;description=Groupe%20%283R%29%20Plus%20-%C3%89colivres&#038;media=https%3A%2F%2Ffonds-risq.qc.ca%2Fwp-content%2Fuploads%2F2025%2F06%2Fecolivres.jpg\"><i class=\"tg-icon-pinterest\"><\/i><\/a><\/div><\/div><\/div><div class=\"tg-item-content-holder tg-light image-format\" style=\"background-color:#0097c8\"><span class=\"tg-item-date\">13 June 2025<\/span><h2 class=\"tg-item-title\"><a href=\"https:\/\/fonds-risq.qc.ca\/en\/entreprise\/groupe-3r-plus-ecolivres\/\" target=\"_self\">Groupe (3R) Plus -\u00c9colivres<\/a><\/h2><span class=\"tg-cats-holder\"><a class=\"filtres_des_entreprises\" href=\"https:\/\/fonds-risq.qc.ca\/en\/filtres_des_entreprises\/capitalization-loan\/\" rel=\"category\" data-term-id=\"148\"><span class=\"tg-item-term\" >Capitalization loan<\/span><\/a><span>, <\/span><a class=\"filtres_des_entreprises\" href=\"https:\/\/fonds-risq.qc.ca\/en\/filtres_des_entreprises\/chaudiere-appalaches-en\/\" rel=\"category\" data-term-id=\"152\"><span class=\"tg-item-term\" >Chaudi\u00e8re-Appalaches<\/span><\/a><span>, <\/span><a class=\"filtres_des_entreprises\" href=\"https:\/\/fonds-risq.qc.ca\/en\/filtres_des_entreprises\/npo\/\" rel=\"category\" data-term-id=\"150\"><span class=\"tg-item-term\" >NPO<\/span><\/a><span>, <\/span><a class=\"filtres_des_entreprises\" href=\"https:\/\/fonds-risq.qc.ca\/en\/filtres_des_entreprises\/recycling\/\" rel=\"category\" data-term-id=\"153\"><span class=\"tg-item-term\" >Recycling<\/span><\/a><span>, <\/span><a class=\"filtres_des_entreprises\" href=\"https:\/\/fonds-risq.qc.ca\/en\/filtres_des_entreprises\/ressourcerie-en\/\" rel=\"category\" data-term-id=\"160\"><span class=\"tg-item-term\" >Ressourcerie<\/span><\/a><span>, <\/span><a class=\"filtres_des_entreprises\" href=\"https:\/\/fonds-risq.qc.ca\/en\/filtres_des_entreprises\/retail-business\/\" rel=\"category\" data-term-id=\"137\"><span class=\"tg-item-term\" >Retail business<\/span><\/a><\/span><div class=\"tg-item-footer\"><a class=\"tg-item-comment\" href=\"https:\/\/fonds-risq.qc.ca\/en\/entreprise\/groupe-3r-plus-ecolivres\/\"  target=\"_self\">No comment<\/a><span class=\"no-ajaxy to-post-like no-liked empty-heart\" data-post-id=\"19564\" title=\"Like\"><span class=\"to-heart-icon\"><svg xmlns=\"http:\/\/www.w3.org\/2000\/svg\" version=\"1.1\" viewBox=\"0 0 64 64\"><g transform=\"translate(0, 0)\"><path stroke-width=\"6\" stroke-linecap=\"square\" stroke-miterlimit=\"10\" d=\"M1,21c0,20,31,38,31,38s31-18,31-38 c0-8.285-6-16-15-16c-8.285,0-16,5.715-16,14c0-8.285-7.715-14-16-14C7,5,1,12.715,1,21z\"><\/path><\/g><\/svg><\/span><span class=\"to-like-count\">0<\/span><\/span><\/div><\/div><\/div><\/article><!-- The Grid item #36 --><article class=\"tg-item tg-post-19555 kampala f263 f177 f150 f146\" data-row=\"1\" data-col=\"1\"><div class=\"tg-item-inner\"><div class=\"tg-item-media-holder tg-light\"><div class=\"tg-item-media-inner\"><img decoding=\"async\" class=\"tg-item-image\" alt=\"\" width=\"2048\" height=\"1536\" src=\"https:\/\/fonds-risq.qc.ca\/wp-content\/uploads\/2025\/06\/Photo-Culture-Chaudiere-Appalaches.jpg\"><\/div><div class=\"tg-center-holder\"><div class=\"tg-center-inner\"><div class=\"tg-item-overlay\"><\/div><a class=\"tg-link-button\" href=\"https:\/\/fonds-risq.qc.ca\/en\/entreprise\/culture-chaudiere-appalaches\/\" target=\"_self\"><i class=\"tg-icon-link\"><\/i><\/a><\/div><\/div><div class=\"tg-item-decoration\"><div class=\"triangle-down-right\" style=\"border-color:#b7c634\"><\/div><\/div><div class=\"tg-item-share-holder\"><div class=\"triangle-up-left\" style=\"border-color:rgba(22,22,22,0.65)\"><\/div><i class=\"tg-icon-reply\" style=\"color:#ffffff\"><\/i><div class=\"tg-share-icons\"><a class=\"tg-social-share tg-facebook\" href=\"https:\/\/www.facebook.com\/sharer.php?u=https%3A%2F%2Ffonds-risq.qc.ca%2Fen%2Fentreprise%2Fculture-chaudiere-appalaches%2F&#038;t=Culture%20Chaudi%C3%A8re-Appalaches\"><i class=\"tg-icon-facebook\"><\/i><\/a><a class=\"tg-social-share tg-twitter\" href=\"https:\/\/twitter.com\/share?url=https%3A%2F%2Ffonds-risq.qc.ca%2Fen%2Fentreprise%2Fculture-chaudiere-appalaches%2F&#038;text=Culture%20Chaudi%C3%A8re-Appalaches\"><i class=\"tg-icon-twitter\"><\/i><\/a><a class=\"tg-social-share tg-google-plus\" href=\"https:\/\/plus.google.com\/share?url=https%3A%2F%2Ffonds-risq.qc.ca%2Fen%2Fentreprise%2Fculture-chaudiere-appalaches%2F\"><i class=\"tg-icon-google-plus\"><\/i><\/a><a class=\"tg-social-share tg-pinterest\" href=\"https:\/\/pinterest.com\/pin\/create\/button\/?url=https%3A%2F%2Ffonds-risq.qc.ca%2Fen%2Fentreprise%2Fculture-chaudiere-appalaches%2F&#038;description=Culture%20Chaudi%C3%A8re-Appalaches&#038;media=https%3A%2F%2Ffonds-risq.qc.ca%2Fwp-content%2Fuploads%2F2025%2F06%2FPhoto-Culture-Chaudiere-Appalaches.jpg\"><i class=\"tg-icon-pinterest\"><\/i><\/a><\/div><\/div><\/div><div class=\"tg-item-content-holder tg-light image-format\" style=\"background-color:#b7c634\"><span class=\"tg-item-date\">13 June 2025<\/span><h2 class=\"tg-item-title\"><a href=\"https:\/\/fonds-risq.qc.ca\/en\/entreprise\/culture-chaudiere-appalaches\/\" target=\"_self\">Culture Chaudi\u00e8re-Appalaches<\/a><\/h2><span class=\"tg-cats-holder\"><a class=\"filtres_des_entreprises\" href=\"https:\/\/fonds-risq.qc.ca\/en\/filtres_des_entreprises\/2025-en\/\" rel=\"category\" data-term-id=\"263\"><span class=\"tg-item-term\" >2025<\/span><\/a><span>, <\/span><a class=\"filtres_des_entreprises\" href=\"https:\/\/fonds-risq.qc.ca\/en\/filtres_des_entreprises\/culture-en\/\" rel=\"category\" data-term-id=\"177\"><span class=\"tg-item-term\" >Culture<\/span><\/a><span>, <\/span><a class=\"filtres_des_entreprises\" href=\"https:\/\/fonds-risq.qc.ca\/en\/filtres_des_entreprises\/npo\/\" rel=\"category\" data-term-id=\"150\"><span class=\"tg-item-term\" >NPO<\/span><\/a><span>, <\/span><a class=\"filtres_des_entreprises\" href=\"https:\/\/fonds-risq.qc.ca\/en\/filtres_des_entreprises\/pret-pour-aide-technique-en\/\" rel=\"category\" data-term-id=\"146\"><span class=\"tg-item-term\" >Technical assistance loan<\/span><\/a><\/span><div class=\"tg-item-footer\"><a class=\"tg-item-comment\" href=\"https:\/\/fonds-risq.qc.ca\/en\/entreprise\/culture-chaudiere-appalaches\/\"  target=\"_self\">No comment<\/a><span class=\"no-ajaxy to-post-like no-liked empty-heart\" data-post-id=\"19555\" title=\"Like\"><span class=\"to-heart-icon\"><svg xmlns=\"http:\/\/www.w3.org\/2000\/svg\" version=\"1.1\" viewBox=\"0 0 64 64\"><g transform=\"translate(0, 0)\"><path stroke-width=\"6\" stroke-linecap=\"square\" stroke-miterlimit=\"10\" d=\"M1,21c0,20,31,38,31,38s31-18,31-38 c0-8.285-6-16-15-16c-8.285,0-16,5.715-16,14c0-8.285-7.715-14-16-14C7,5,1,12.715,1,21z\"><\/path><\/g><\/svg><\/span><span class=\"to-like-count\">0<\/span><\/span><\/div><\/div><\/div><\/article><!-- The Grid item #37 --><article class=\"tg-item tg-post-19552 kampala f263 f139 f148 f151 f127\" data-row=\"1\" data-col=\"1\"><div class=\"tg-item-inner\"><div class=\"tg-item-media-holder tg-light\"><div class=\"tg-item-media-inner\"><img decoding=\"async\" class=\"tg-item-image\" alt=\"\" width=\"960\" height=\"720\" src=\"https:\/\/fonds-risq.qc.ca\/wp-content\/uploads\/2025\/06\/Photo-Ferme-Fleurimont.jpg\"><\/div><div class=\"tg-center-holder\"><div class=\"tg-center-inner\"><div class=\"tg-item-overlay\"><\/div><a class=\"tg-link-button\" href=\"https:\/\/fonds-risq.qc.ca\/en\/entreprise\/coop-ferme-fleurimont\/\" target=\"_self\"><i class=\"tg-icon-link\"><\/i><\/a><\/div><\/div><div class=\"tg-item-decoration\"><div class=\"triangle-down-right\" style=\"border-color:#0097c8\"><\/div><\/div><div class=\"tg-item-share-holder\"><div class=\"triangle-up-left\" style=\"border-color:rgba(22,22,22,0.65)\"><\/div><i class=\"tg-icon-reply\" style=\"color:#ffffff\"><\/i><div class=\"tg-share-icons\"><a class=\"tg-social-share tg-facebook\" href=\"https:\/\/www.facebook.com\/sharer.php?u=https%3A%2F%2Ffonds-risq.qc.ca%2Fen%2Fentreprise%2Fcoop-ferme-fleurimont%2F&#038;t=Coop%20Ferme%20Fleurimont\"><i class=\"tg-icon-facebook\"><\/i><\/a><a class=\"tg-social-share tg-twitter\" href=\"https:\/\/twitter.com\/share?url=https%3A%2F%2Ffonds-risq.qc.ca%2Fen%2Fentreprise%2Fcoop-ferme-fleurimont%2F&#038;text=Coop%20Ferme%20Fleurimont\"><i class=\"tg-icon-twitter\"><\/i><\/a><a class=\"tg-social-share tg-google-plus\" href=\"https:\/\/plus.google.com\/share?url=https%3A%2F%2Ffonds-risq.qc.ca%2Fen%2Fentreprise%2Fcoop-ferme-fleurimont%2F\"><i class=\"tg-icon-google-plus\"><\/i><\/a><a class=\"tg-social-share tg-pinterest\" href=\"https:\/\/pinterest.com\/pin\/create\/button\/?url=https%3A%2F%2Ffonds-risq.qc.ca%2Fen%2Fentreprise%2Fcoop-ferme-fleurimont%2F&#038;description=Coop%20Ferme%20Fleurimont&#038;media=https%3A%2F%2Ffonds-risq.qc.ca%2Fwp-content%2Fuploads%2F2025%2F06%2FPhoto-Ferme-Fleurimont.jpg\"><i class=\"tg-icon-pinterest\"><\/i><\/a><\/div><\/div><\/div><div class=\"tg-item-content-holder tg-light image-format\" style=\"background-color:#0097c8\"><span class=\"tg-item-date\">13 June 2025<\/span><h2 class=\"tg-item-title\"><a href=\"https:\/\/fonds-risq.qc.ca\/en\/entreprise\/coop-ferme-fleurimont\/\" target=\"_self\">Coop Ferme Fleurimont<\/a><\/h2><span class=\"tg-cats-holder\"><a class=\"filtres_des_entreprises\" href=\"https:\/\/fonds-risq.qc.ca\/en\/filtres_des_entreprises\/2025-en\/\" rel=\"category\" data-term-id=\"263\"><span class=\"tg-item-term\" >2025<\/span><\/a><span>, <\/span><a class=\"filtres_des_entreprises\" href=\"https:\/\/fonds-risq.qc.ca\/en\/filtres_des_entreprises\/agriculture-en\/\" rel=\"category\" data-term-id=\"139\"><span class=\"tg-item-term\" >Agriculture<\/span><\/a><span>, <\/span><a class=\"filtres_des_entreprises\" href=\"https:\/\/fonds-risq.qc.ca\/en\/filtres_des_entreprises\/capitalization-loan\/\" rel=\"category\" data-term-id=\"148\"><span class=\"tg-item-term\" >Capitalization loan<\/span><\/a><span>, <\/span><a class=\"filtres_des_entreprises\" href=\"https:\/\/fonds-risq.qc.ca\/en\/filtres_des_entreprises\/coop-en\/\" rel=\"category\" data-term-id=\"151\"><span class=\"tg-item-term\" >COOP<\/span><\/a><span>, <\/span><a class=\"filtres_des_entreprises\" href=\"https:\/\/fonds-risq.qc.ca\/en\/filtres_des_entreprises\/estrie-en\/\" rel=\"category\" data-term-id=\"127\"><span class=\"tg-item-term\" >Estrie<\/span><\/a><\/span><div class=\"tg-item-footer\"><a class=\"tg-item-comment\" href=\"https:\/\/fonds-risq.qc.ca\/en\/entreprise\/coop-ferme-fleurimont\/\"  target=\"_self\">No comment<\/a><span class=\"no-ajaxy to-post-like no-liked empty-heart\" data-post-id=\"19552\" title=\"Like\"><span class=\"to-heart-icon\"><svg xmlns=\"http:\/\/www.w3.org\/2000\/svg\" version=\"1.1\" viewBox=\"0 0 64 64\"><g transform=\"translate(0, 0)\"><path stroke-width=\"6\" stroke-linecap=\"square\" stroke-miterlimit=\"10\" d=\"M1,21c0,20,31,38,31,38s31-18,31-38 c0-8.285-6-16-15-16c-8.285,0-16,5.715-16,14c0-8.285-7.715-14-16-14C7,5,1,12.715,1,21z\"><\/path><\/g><\/svg><\/span><span class=\"to-like-count\">0<\/span><\/span><\/div><\/div><\/div><\/article><!-- The Grid item #38 --><article class=\"tg-item tg-post-19549 kampala f263 f166 f150 f135 f142 f146\" data-row=\"1\" data-col=\"1\"><div class=\"tg-item-inner\"><div class=\"tg-item-media-holder tg-light\"><div class=\"tg-item-media-inner\"><img decoding=\"async\" class=\"tg-item-image\" alt=\"\" width=\"2048\" height=\"1536\" src=\"https:\/\/fonds-risq.qc.ca\/wp-content\/uploads\/2025\/06\/collectif-chaleur.jpg\"><\/div><div class=\"tg-center-holder\"><div class=\"tg-center-inner\"><div class=\"tg-item-overlay\"><\/div><a class=\"tg-link-button\" href=\"https:\/\/fonds-risq.qc.ca\/en\/entreprise\/collectif-chaleur\/\" target=\"_self\"><i class=\"tg-icon-link\"><\/i><\/a><\/div><\/div><div class=\"tg-item-decoration\"><div class=\"triangle-down-right\" style=\"border-color:#b7c634\"><\/div><\/div><div class=\"tg-item-share-holder\"><div class=\"triangle-up-left\" style=\"border-color:rgba(22,22,22,0.65)\"><\/div><i class=\"tg-icon-reply\" style=\"color:#ffffff\"><\/i><div class=\"tg-share-icons\"><a class=\"tg-social-share tg-facebook\" href=\"https:\/\/www.facebook.com\/sharer.php?u=https%3A%2F%2Ffonds-risq.qc.ca%2Fen%2Fentreprise%2Fcollectif-chaleur%2F&#038;t=Collectif%20Chaleur\"><i class=\"tg-icon-facebook\"><\/i><\/a><a class=\"tg-social-share tg-twitter\" href=\"https:\/\/twitter.com\/share?url=https%3A%2F%2Ffonds-risq.qc.ca%2Fen%2Fentreprise%2Fcollectif-chaleur%2F&#038;text=Collectif%20Chaleur\"><i class=\"tg-icon-twitter\"><\/i><\/a><a class=\"tg-social-share tg-google-plus\" href=\"https:\/\/plus.google.com\/share?url=https%3A%2F%2Ffonds-risq.qc.ca%2Fen%2Fentreprise%2Fcollectif-chaleur%2F\"><i class=\"tg-icon-google-plus\"><\/i><\/a><a class=\"tg-social-share tg-pinterest\" href=\"https:\/\/pinterest.com\/pin\/create\/button\/?url=https%3A%2F%2Ffonds-risq.qc.ca%2Fen%2Fentreprise%2Fcollectif-chaleur%2F&#038;description=Collectif%20Chaleur&#038;media=https%3A%2F%2Ffonds-risq.qc.ca%2Fwp-content%2Fuploads%2F2025%2F06%2Fcollectif-chaleur.jpg\"><i class=\"tg-icon-pinterest\"><\/i><\/a><\/div><\/div><\/div><div class=\"tg-item-content-holder tg-light image-format\" style=\"background-color:#b7c634\"><span class=\"tg-item-date\">13 June 2025<\/span><h2 class=\"tg-item-title\"><a href=\"https:\/\/fonds-risq.qc.ca\/en\/entreprise\/collectif-chaleur\/\" target=\"_self\">Collectif Chaleur<\/a><\/h2><span class=\"tg-cats-holder\"><a class=\"filtres_des_entreprises\" href=\"https:\/\/fonds-risq.qc.ca\/en\/filtres_des_entreprises\/2025-en\/\" rel=\"category\" data-term-id=\"263\"><span class=\"tg-item-term\" >2025<\/span><\/a><span>, <\/span><a class=\"filtres_des_entreprises\" href=\"https:\/\/fonds-risq.qc.ca\/en\/filtres_des_entreprises\/gaspesie-iles-de-la-madeleine-en\/\" rel=\"category\" data-term-id=\"166\"><span class=\"tg-item-term\" >Gasp\u00e9sie-\u00celes-de-la-Madeleine<\/span><\/a><span>, <\/span><a class=\"filtres_des_entreprises\" href=\"https:\/\/fonds-risq.qc.ca\/en\/filtres_des_entreprises\/npo\/\" rel=\"category\" data-term-id=\"150\"><span class=\"tg-item-term\" >NPO<\/span><\/a><span>, <\/span><a class=\"filtres_des_entreprises\" href=\"https:\/\/fonds-risq.qc.ca\/en\/filtres_des_entreprises\/services-en\/\" rel=\"category\" data-term-id=\"135\"><span class=\"tg-item-term\" >Services<\/span><\/a><span>, <\/span><a class=\"filtres_des_entreprises\" href=\"https:\/\/fonds-risq.qc.ca\/en\/filtres_des_entreprises\/services-to-people\/\" rel=\"category\" data-term-id=\"142\"><span class=\"tg-item-term\" >Services to people<\/span><\/a><span>, <\/span><a class=\"filtres_des_entreprises\" href=\"https:\/\/fonds-risq.qc.ca\/en\/filtres_des_entreprises\/pret-pour-aide-technique-en\/\" rel=\"category\" data-term-id=\"146\"><span class=\"tg-item-term\" >Technical assistance loan<\/span><\/a><\/span><div class=\"tg-item-footer\"><a class=\"tg-item-comment\" href=\"https:\/\/fonds-risq.qc.ca\/en\/entreprise\/collectif-chaleur\/\"  target=\"_self\">No comment<\/a><span class=\"no-ajaxy to-post-like no-liked empty-heart\" data-post-id=\"19549\" title=\"Like\"><span class=\"to-heart-icon\"><svg xmlns=\"http:\/\/www.w3.org\/2000\/svg\" version=\"1.1\" viewBox=\"0 0 64 64\"><g transform=\"translate(0, 0)\"><path stroke-width=\"6\" stroke-linecap=\"square\" stroke-miterlimit=\"10\" d=\"M1,21c0,20,31,38,31,38s31-18,31-38 c0-8.285-6-16-15-16c-8.285,0-16,5.715-16,14c0-8.285-7.715-14-16-14C7,5,1,12.715,1,21z\"><\/path><\/g><\/svg><\/span><span class=\"to-like-count\">0<\/span><\/span><\/div><\/div><\/div><\/article><!-- The Grid item #39 --><article class=\"tg-item tg-post-19542 kampala f263 f131 f150 f175\" data-row=\"1\" data-col=\"1\"><div class=\"tg-item-inner\"><div class=\"tg-item-media-holder tg-light\"><div class=\"tg-item-media-inner\"><img decoding=\"async\" class=\"tg-item-image\" alt=\"\" width=\"2048\" height=\"1535\" src=\"https:\/\/fonds-risq.qc.ca\/wp-content\/uploads\/2025\/06\/terfa.jpg\"><\/div><div class=\"tg-center-holder\"><div class=\"tg-center-inner\"><div class=\"tg-item-overlay\"><\/div><a class=\"tg-link-button\" href=\"https:\/\/fonds-risq.qc.ca\/en\/entreprise\/terfa\/\" target=\"_self\"><i class=\"tg-icon-link\"><\/i><\/a><\/div><\/div><div class=\"tg-item-decoration\"><div class=\"triangle-down-right\" style=\"border-color:#0097c8\"><\/div><\/div><div class=\"tg-item-share-holder\"><div class=\"triangle-up-left\" style=\"border-color:rgba(22,22,22,0.65)\"><\/div><i class=\"tg-icon-reply\" style=\"color:#ffffff\"><\/i><div class=\"tg-share-icons\"><a class=\"tg-social-share tg-facebook\" href=\"https:\/\/www.facebook.com\/sharer.php?u=https%3A%2F%2Ffonds-risq.qc.ca%2Fen%2Fentreprise%2Fterfa%2F&#038;t=TERFA\"><i class=\"tg-icon-facebook\"><\/i><\/a><a class=\"tg-social-share tg-twitter\" href=\"https:\/\/twitter.com\/share?url=https%3A%2F%2Ffonds-risq.qc.ca%2Fen%2Fentreprise%2Fterfa%2F&#038;text=TERFA\"><i class=\"tg-icon-twitter\"><\/i><\/a><a class=\"tg-social-share tg-google-plus\" href=\"https:\/\/plus.google.com\/share?url=https%3A%2F%2Ffonds-risq.qc.ca%2Fen%2Fentreprise%2Fterfa%2F\"><i class=\"tg-icon-google-plus\"><\/i><\/a><a class=\"tg-social-share tg-pinterest\" href=\"https:\/\/pinterest.com\/pin\/create\/button\/?url=https%3A%2F%2Ffonds-risq.qc.ca%2Fen%2Fentreprise%2Fterfa%2F&#038;description=TERFA&#038;media=https%3A%2F%2Ffonds-risq.qc.ca%2Fwp-content%2Fuploads%2F2025%2F06%2Fterfa.jpg\"><i class=\"tg-icon-pinterest\"><\/i><\/a><\/div><\/div><\/div><div class=\"tg-item-content-holder tg-light image-format\" style=\"background-color:#0097c8\"><span class=\"tg-item-date\">13 June 2025<\/span><h2 class=\"tg-item-title\"><a href=\"https:\/\/fonds-risq.qc.ca\/en\/entreprise\/terfa\/\" target=\"_self\">TERFA<\/a><\/h2><span class=\"tg-cats-holder\"><a class=\"filtres_des_entreprises\" href=\"https:\/\/fonds-risq.qc.ca\/en\/filtres_des_entreprises\/2025-en\/\" rel=\"category\" data-term-id=\"263\"><span class=\"tg-item-term\" >2025<\/span><\/a><span>, <\/span><a class=\"filtres_des_entreprises\" href=\"https:\/\/fonds-risq.qc.ca\/en\/filtres_des_entreprises\/bas-saint-laurent-en\/\" rel=\"category\" data-term-id=\"131\"><span class=\"tg-item-term\" >Bas-Saint-Laurent<\/span><\/a><span>, <\/span><a class=\"filtres_des_entreprises\" href=\"https:\/\/fonds-risq.qc.ca\/en\/filtres_des_entreprises\/npo\/\" rel=\"category\" data-term-id=\"150\"><span class=\"tg-item-term\" >NPO<\/span><\/a><span>, <\/span><a class=\"filtres_des_entreprises\" href=\"https:\/\/fonds-risq.qc.ca\/en\/filtres_des_entreprises\/tourism\/\" rel=\"category\" data-term-id=\"175\"><span class=\"tg-item-term\" >Tourism<\/span><\/a><\/span><div class=\"tg-item-footer\"><a class=\"tg-item-comment\" href=\"https:\/\/fonds-risq.qc.ca\/en\/entreprise\/terfa\/\"  target=\"_self\">No comment<\/a><span class=\"no-ajaxy to-post-like no-liked empty-heart\" data-post-id=\"19542\" title=\"Like\"><span class=\"to-heart-icon\"><svg xmlns=\"http:\/\/www.w3.org\/2000\/svg\" version=\"1.1\" viewBox=\"0 0 64 64\"><g transform=\"translate(0, 0)\"><path stroke-width=\"6\" stroke-linecap=\"square\" stroke-miterlimit=\"10\" d=\"M1,21c0,20,31,38,31,38s31-18,31-38 c0-8.285-6-16-15-16c-8.285,0-16,5.715-16,14c0-8.285-7.715-14-16-14C7,5,1,12.715,1,21z\"><\/path><\/g><\/svg><\/span><span class=\"to-like-count\">0<\/span><\/span><\/div><\/div><\/div><\/article><!-- The Grid item #40 --><article class=\"tg-item tg-post-19536 kampala f263 f150 f156 f135 f146\" data-row=\"1\" data-col=\"1\"><div class=\"tg-item-inner\"><div class=\"tg-item-media-holder tg-light\"><div class=\"tg-item-media-inner\"><img decoding=\"async\" class=\"tg-item-image\" alt=\"\" width=\"1536\" height=\"2048\" src=\"https:\/\/fonds-risq.qc.ca\/wp-content\/uploads\/2025\/05\/Photo-Foret-des-possibles-1.jpg\"><\/div><div class=\"tg-center-holder\"><div class=\"tg-center-inner\"><div class=\"tg-item-overlay\"><\/div><a class=\"tg-link-button\" href=\"https:\/\/fonds-risq.qc.ca\/en\/entreprise\/foret-des-possibles\/\" target=\"_self\"><i class=\"tg-icon-link\"><\/i><\/a><\/div><\/div><div class=\"tg-item-decoration\"><div class=\"triangle-down-right\" style=\"border-color:#b7c634\"><\/div><\/div><div class=\"tg-item-share-holder\"><div class=\"triangle-up-left\" style=\"border-color:rgba(22,22,22,0.65)\"><\/div><i class=\"tg-icon-reply\" style=\"color:#ffffff\"><\/i><div class=\"tg-share-icons\"><a class=\"tg-social-share tg-facebook\" href=\"https:\/\/www.facebook.com\/sharer.php?u=https%3A%2F%2Ffonds-risq.qc.ca%2Fen%2Fentreprise%2Fforet-des-possibles%2F&#038;t=For%C3%AAt%20des%20possibles\"><i class=\"tg-icon-facebook\"><\/i><\/a><a class=\"tg-social-share tg-twitter\" href=\"https:\/\/twitter.com\/share?url=https%3A%2F%2Ffonds-risq.qc.ca%2Fen%2Fentreprise%2Fforet-des-possibles%2F&#038;text=For%C3%AAt%20des%20possibles\"><i class=\"tg-icon-twitter\"><\/i><\/a><a class=\"tg-social-share tg-google-plus\" href=\"https:\/\/plus.google.com\/share?url=https%3A%2F%2Ffonds-risq.qc.ca%2Fen%2Fentreprise%2Fforet-des-possibles%2F\"><i class=\"tg-icon-google-plus\"><\/i><\/a><a class=\"tg-social-share tg-pinterest\" href=\"https:\/\/pinterest.com\/pin\/create\/button\/?url=https%3A%2F%2Ffonds-risq.qc.ca%2Fen%2Fentreprise%2Fforet-des-possibles%2F&#038;description=For%C3%AAt%20des%20possibles&#038;media=https%3A%2F%2Ffonds-risq.qc.ca%2Fwp-content%2Fuploads%2F2025%2F05%2FPhoto-Foret-des-possibles-1.jpg\"><i class=\"tg-icon-pinterest\"><\/i><\/a><\/div><\/div><\/div><div class=\"tg-item-content-holder tg-light image-format\" style=\"background-color:#b7c634\"><span class=\"tg-item-date\">13 June 2025<\/span><h2 class=\"tg-item-title\"><a href=\"https:\/\/fonds-risq.qc.ca\/en\/entreprise\/foret-des-possibles\/\" target=\"_self\">For\u00eat des possibles<\/a><\/h2><span class=\"tg-cats-holder\"><a class=\"filtres_des_entreprises\" href=\"https:\/\/fonds-risq.qc.ca\/en\/filtres_des_entreprises\/2025-en\/\" rel=\"category\" data-term-id=\"263\"><span class=\"tg-item-term\" >2025<\/span><\/a><span>, <\/span><a class=\"filtres_des_entreprises\" href=\"https:\/\/fonds-risq.qc.ca\/en\/filtres_des_entreprises\/npo\/\" rel=\"category\" data-term-id=\"150\"><span class=\"tg-item-term\" >NPO<\/span><\/a><span>, <\/span><a class=\"filtres_des_entreprises\" href=\"https:\/\/fonds-risq.qc.ca\/en\/filtres_des_entreprises\/outaouais-en\/\" rel=\"category\" data-term-id=\"156\"><span class=\"tg-item-term\" >Outaouais<\/span><\/a><span>, <\/span><a class=\"filtres_des_entreprises\" href=\"https:\/\/fonds-risq.qc.ca\/en\/filtres_des_entreprises\/services-en\/\" rel=\"category\" data-term-id=\"135\"><span class=\"tg-item-term\" >Services<\/span><\/a><span>, <\/span><a class=\"filtres_des_entreprises\" href=\"https:\/\/fonds-risq.qc.ca\/en\/filtres_des_entreprises\/pret-pour-aide-technique-en\/\" rel=\"category\" data-term-id=\"146\"><span class=\"tg-item-term\" >Technical assistance loan<\/span><\/a><\/span><div class=\"tg-item-footer\"><a class=\"tg-item-comment\" href=\"https:\/\/fonds-risq.qc.ca\/en\/entreprise\/foret-des-possibles\/\"  target=\"_self\">No comment<\/a><span class=\"no-ajaxy to-post-like no-liked empty-heart\" data-post-id=\"19536\" title=\"Like\"><span class=\"to-heart-icon\"><svg xmlns=\"http:\/\/www.w3.org\/2000\/svg\" version=\"1.1\" viewBox=\"0 0 64 64\"><g transform=\"translate(0, 0)\"><path stroke-width=\"6\" stroke-linecap=\"square\" stroke-miterlimit=\"10\" d=\"M1,21c0,20,31,38,31,38s31-18,31-38 c0-8.285-6-16-15-16c-8.285,0-16,5.715-16,14c0-8.285-7.715-14-16-14C7,5,1,12.715,1,21z\"><\/path><\/g><\/svg><\/span><span class=\"to-like-count\">0<\/span><\/span><\/div><\/div><\/div><\/article><!-- The Grid item #41 --><article class=\"tg-item tg-post-19534 kampala f263 f130 f257 f258 f144 f171 f150\" data-row=\"1\" data-col=\"1\"><div class=\"tg-item-inner\"><div class=\"tg-item-media-holder tg-light\"><div class=\"tg-item-media-inner\"><img decoding=\"async\" class=\"tg-item-image\" alt=\"\" width=\"915\" height=\"633\" src=\"https:\/\/fonds-risq.qc.ca\/wp-content\/uploads\/2025\/06\/Photo-Auberge-des-balcons.png\"><\/div><div class=\"tg-center-holder\"><div class=\"tg-center-inner\"><div class=\"tg-item-overlay\"><\/div><a class=\"tg-link-button\" href=\"https:\/\/fonds-risq.qc.ca\/en\/entreprise\/auberge-et-bistro-des-balcons\/\" target=\"_self\"><i class=\"tg-icon-link\"><\/i><\/a><\/div><\/div><div class=\"tg-item-decoration\"><div class=\"triangle-down-right\" style=\"border-color:#dd9933\"><\/div><\/div><div class=\"tg-item-share-holder\"><div class=\"triangle-up-left\" style=\"border-color:rgba(22,22,22,0.65)\"><\/div><i class=\"tg-icon-reply\" style=\"color:#ffffff\"><\/i><div class=\"tg-share-icons\"><a class=\"tg-social-share tg-facebook\" href=\"https:\/\/www.facebook.com\/sharer.php?u=https%3A%2F%2Ffonds-risq.qc.ca%2Fen%2Fentreprise%2Fauberge-et-bistro-des-balcons%2F&#038;t=Auberge%20et%20Bistro%20des%20Balcons\"><i class=\"tg-icon-facebook\"><\/i><\/a><a class=\"tg-social-share tg-twitter\" href=\"https:\/\/twitter.com\/share?url=https%3A%2F%2Ffonds-risq.qc.ca%2Fen%2Fentreprise%2Fauberge-et-bistro-des-balcons%2F&#038;text=Auberge%20et%20Bistro%20des%20Balcons\"><i class=\"tg-icon-twitter\"><\/i><\/a><a class=\"tg-social-share tg-google-plus\" href=\"https:\/\/plus.google.com\/share?url=https%3A%2F%2Ffonds-risq.qc.ca%2Fen%2Fentreprise%2Fauberge-et-bistro-des-balcons%2F\"><i class=\"tg-icon-google-plus\"><\/i><\/a><a class=\"tg-social-share tg-pinterest\" href=\"https:\/\/pinterest.com\/pin\/create\/button\/?url=https%3A%2F%2Ffonds-risq.qc.ca%2Fen%2Fentreprise%2Fauberge-et-bistro-des-balcons%2F&#038;description=Auberge%20et%20Bistro%20des%20Balcons&#038;media=https%3A%2F%2Ffonds-risq.qc.ca%2Fwp-content%2Fuploads%2F2025%2F06%2FPhoto-Auberge-des-balcons.png\"><i class=\"tg-icon-pinterest\"><\/i><\/a><\/div><\/div><\/div><div class=\"tg-item-content-holder tg-light image-format\" style=\"background-color:#dd9933\"><span class=\"tg-item-date\">13 June 2025<\/span><h2 class=\"tg-item-title\"><a href=\"https:\/\/fonds-risq.qc.ca\/en\/entreprise\/auberge-et-bistro-des-balcons\/\" target=\"_self\">Auberge et Bistro des Balcons<\/a><\/h2><span class=\"tg-cats-holder\"><a class=\"filtres_des_entreprises\" href=\"https:\/\/fonds-risq.qc.ca\/en\/filtres_des_entreprises\/2025-en\/\" rel=\"category\" data-term-id=\"263\"><span class=\"tg-item-term\" >2025<\/span><\/a><span>, <\/span><a class=\"filtres_des_entreprises\" href=\"https:\/\/fonds-risq.qc.ca\/en\/filtres_des_entreprises\/capitale-nationale-en\/\" rel=\"category\" data-term-id=\"130\"><span class=\"tg-item-term\" >Capitale-Nationale<\/span><\/a><span>, <\/span><a class=\"filtres_des_entreprises\" href=\"https:\/\/fonds-risq.qc.ca\/en\/filtres_des_entreprises\/fonds-lampli-en\/\" rel=\"category\" data-term-id=\"257\"><span class=\"tg-item-term\" >Fonds l&rsquo;ampli<\/span><\/a><span>, <\/span><a class=\"filtres_des_entreprises\" href=\"https:\/\/fonds-risq.qc.ca\/en\/filtres_des_entreprises\/fonds-lampli-2-en\/\" rel=\"category\" data-term-id=\"258\"><span class=\"tg-item-term\" >Fonds l&rsquo;ampli<\/span><\/a><span>, <\/span><a class=\"filtres_des_entreprises\" href=\"https:\/\/fonds-risq.qc.ca\/en\/filtres_des_entreprises\/leisure-tourism\/\" rel=\"category\" data-term-id=\"144\"><span class=\"tg-item-term\" >Leisure \/ Tourism<\/span><\/a><span>, <\/span><a class=\"filtres_des_entreprises\" href=\"https:\/\/fonds-risq.qc.ca\/en\/filtres_des_entreprises\/lodging\/\" rel=\"category\" data-term-id=\"171\"><span class=\"tg-item-term\" >Lodging<\/span><\/a><span>, <\/span><a class=\"filtres_des_entreprises\" href=\"https:\/\/fonds-risq.qc.ca\/en\/filtres_des_entreprises\/npo\/\" rel=\"category\" data-term-id=\"150\"><span class=\"tg-item-term\" >NPO<\/span><\/a><\/span><div class=\"tg-item-footer\"><a class=\"tg-item-comment\" href=\"https:\/\/fonds-risq.qc.ca\/en\/entreprise\/auberge-et-bistro-des-balcons\/\"  target=\"_self\">No comment<\/a><span class=\"no-ajaxy to-post-like no-liked empty-heart\" data-post-id=\"19534\" title=\"Like\"><span class=\"to-heart-icon\"><svg xmlns=\"http:\/\/www.w3.org\/2000\/svg\" version=\"1.1\" viewBox=\"0 0 64 64\"><g transform=\"translate(0, 0)\"><path stroke-width=\"6\" stroke-linecap=\"square\" stroke-miterlimit=\"10\" d=\"M1,21c0,20,31,38,31,38s31-18,31-38 c0-8.285-6-16-15-16c-8.285,0-16,5.715-16,14c0-8.285-7.715-14-16-14C7,5,1,12.715,1,21z\"><\/path><\/g><\/svg><\/span><span class=\"to-like-count\">0<\/span><\/span><\/div><\/div><\/div><\/article><!-- The Grid item #42 --><article class=\"tg-item tg-post-19531 kampala f263 f134 f148 f195 f128 f150\" data-row=\"1\" data-col=\"1\"><div class=\"tg-item-inner\"><div class=\"tg-item-media-holder tg-light\"><div class=\"tg-item-media-inner\"><img decoding=\"async\" class=\"tg-item-image\" alt=\"\" width=\"1024\" height=\"768\" src=\"https:\/\/fonds-risq.qc.ca\/wp-content\/uploads\/2025\/04\/Photo-BAL.jpg\"><\/div><div class=\"tg-center-holder\"><div class=\"tg-center-inner\"><div class=\"tg-item-overlay\"><\/div><a class=\"tg-link-button\" href=\"https:\/\/fonds-risq.qc.ca\/en\/entreprise\/bureau-des-artistes-du-littoral\/\" target=\"_self\"><i class=\"tg-icon-link\"><\/i><\/a><\/div><\/div><div class=\"tg-item-decoration\"><div class=\"triangle-down-right\" style=\"border-color:#0097c8\"><\/div><\/div><div class=\"tg-item-share-holder\"><div class=\"triangle-up-left\" style=\"border-color:rgba(22,22,22,0.65)\"><\/div><i class=\"tg-icon-reply\" style=\"color:#ffffff\"><\/i><div class=\"tg-share-icons\"><a class=\"tg-social-share tg-facebook\" href=\"https:\/\/www.facebook.com\/sharer.php?u=https%3A%2F%2Ffonds-risq.qc.ca%2Fen%2Fentreprise%2Fbureau-des-artistes-du-littoral%2F&#038;t=Bureau%20des%20Artistes%20du%20Littoral\"><i class=\"tg-icon-facebook\"><\/i><\/a><a class=\"tg-social-share tg-twitter\" href=\"https:\/\/twitter.com\/share?url=https%3A%2F%2Ffonds-risq.qc.ca%2Fen%2Fentreprise%2Fbureau-des-artistes-du-littoral%2F&#038;text=Bureau%20des%20Artistes%20du%20Littoral\"><i class=\"tg-icon-twitter\"><\/i><\/a><a class=\"tg-social-share tg-google-plus\" href=\"https:\/\/plus.google.com\/share?url=https%3A%2F%2Ffonds-risq.qc.ca%2Fen%2Fentreprise%2Fbureau-des-artistes-du-littoral%2F\"><i class=\"tg-icon-google-plus\"><\/i><\/a><a class=\"tg-social-share tg-pinterest\" href=\"https:\/\/pinterest.com\/pin\/create\/button\/?url=https%3A%2F%2Ffonds-risq.qc.ca%2Fen%2Fentreprise%2Fbureau-des-artistes-du-littoral%2F&#038;description=Bureau%20des%20Artistes%20du%20Littoral&#038;media=https%3A%2F%2Ffonds-risq.qc.ca%2Fwp-content%2Fuploads%2F2025%2F04%2FPhoto-BAL.jpg\"><i class=\"tg-icon-pinterest\"><\/i><\/a><\/div><\/div><\/div><div class=\"tg-item-content-holder tg-light image-format\" style=\"background-color:#0097c8\"><span class=\"tg-item-date\">13 June 2025<\/span><h2 class=\"tg-item-title\"><a href=\"https:\/\/fonds-risq.qc.ca\/en\/entreprise\/bureau-des-artistes-du-littoral\/\" target=\"_self\">Bureau des Artistes du Littoral<\/a><\/h2><span class=\"tg-cats-holder\"><a class=\"filtres_des_entreprises\" href=\"https:\/\/fonds-risq.qc.ca\/en\/filtres_des_entreprises\/2025-en\/\" rel=\"category\" data-term-id=\"263\"><span class=\"tg-item-term\" >2025<\/span><\/a><span>, <\/span><a class=\"filtres_des_entreprises\" href=\"https:\/\/fonds-risq.qc.ca\/en\/filtres_des_entreprises\/arts-and-culture\/\" rel=\"category\" data-term-id=\"134\"><span class=\"tg-item-term\" >Arts and culture<\/span><\/a><span>, <\/span><a class=\"filtres_des_entreprises\" href=\"https:\/\/fonds-risq.qc.ca\/en\/filtres_des_entreprises\/capitalization-loan\/\" rel=\"category\" data-term-id=\"148\"><span class=\"tg-item-term\" >Capitalization loan<\/span><\/a><span>, <\/span><a class=\"filtres_des_entreprises\" href=\"https:\/\/fonds-risq.qc.ca\/en\/filtres_des_entreprises\/immobilier-collectif-en\/\" rel=\"category\" data-term-id=\"195\"><span class=\"tg-item-term\" >Immobilier collectif<\/span><\/a><span>, <\/span><a class=\"filtres_des_entreprises\" href=\"https:\/\/fonds-risq.qc.ca\/en\/filtres_des_entreprises\/montreal-en\/\" rel=\"category\" data-term-id=\"128\"><span class=\"tg-item-term\" >Montr\u00e9al<\/span><\/a><span>, <\/span><a class=\"filtres_des_entreprises\" href=\"https:\/\/fonds-risq.qc.ca\/en\/filtres_des_entreprises\/npo\/\" rel=\"category\" data-term-id=\"150\"><span class=\"tg-item-term\" >NPO<\/span><\/a><\/span><div class=\"tg-item-footer\"><a class=\"tg-item-comment\" href=\"https:\/\/fonds-risq.qc.ca\/en\/entreprise\/bureau-des-artistes-du-littoral\/\"  target=\"_self\">No comment<\/a><span class=\"no-ajaxy to-post-like no-liked empty-heart\" data-post-id=\"19531\" title=\"Like\"><span class=\"to-heart-icon\"><svg xmlns=\"http:\/\/www.w3.org\/2000\/svg\" version=\"1.1\" viewBox=\"0 0 64 64\"><g transform=\"translate(0, 0)\"><path stroke-width=\"6\" stroke-linecap=\"square\" stroke-miterlimit=\"10\" d=\"M1,21c0,20,31,38,31,38s31-18,31-38 c0-8.285-6-16-15-16c-8.285,0-16,5.715-16,14c0-8.285-7.715-14-16-14C7,5,1,12.715,1,21z\"><\/path><\/g><\/svg><\/span><span class=\"to-like-count\">0<\/span><\/span><\/div><\/div><\/div><\/article><!-- The Grid item #43 --><article class=\"tg-item tg-post-19528 kampala f263 f128 f150 f137 f146\" data-row=\"1\" data-col=\"1\"><div class=\"tg-item-inner\"><div class=\"tg-item-media-holder tg-light\"><div class=\"tg-item-media-inner\"><img decoding=\"async\" class=\"tg-item-image\" alt=\"\" width=\"1600\" height=\"1600\" src=\"https:\/\/fonds-risq.qc.ca\/wp-content\/uploads\/2025\/06\/20250110162357-1048-heures-en-reinsertion-professionnelle-presqum1-tonnes-dedechets-evites-4.webp\"><\/div><div class=\"tg-center-holder\"><div class=\"tg-center-inner\"><div class=\"tg-item-overlay\"><\/div><a class=\"tg-link-button\" href=\"https:\/\/fonds-risq.qc.ca\/en\/entreprise\/reve-c\/\" target=\"_self\"><i class=\"tg-icon-link\"><\/i><\/a><\/div><\/div><div class=\"tg-item-decoration\"><div class=\"triangle-down-right\" style=\"border-color:#b7c634\"><\/div><\/div><div class=\"tg-item-share-holder\"><div class=\"triangle-up-left\" style=\"border-color:rgba(22,22,22,0.65)\"><\/div><i class=\"tg-icon-reply\" style=\"color:#ffffff\"><\/i><div class=\"tg-share-icons\"><a class=\"tg-social-share tg-facebook\" href=\"https:\/\/www.facebook.com\/sharer.php?u=https%3A%2F%2Ffonds-risq.qc.ca%2Fen%2Fentreprise%2Freve-c%2F&#038;t=R%C3%AAve-C\"><i class=\"tg-icon-facebook\"><\/i><\/a><a class=\"tg-social-share tg-twitter\" href=\"https:\/\/twitter.com\/share?url=https%3A%2F%2Ffonds-risq.qc.ca%2Fen%2Fentreprise%2Freve-c%2F&#038;text=R%C3%AAve-C\"><i class=\"tg-icon-twitter\"><\/i><\/a><a class=\"tg-social-share tg-google-plus\" href=\"https:\/\/plus.google.com\/share?url=https%3A%2F%2Ffonds-risq.qc.ca%2Fen%2Fentreprise%2Freve-c%2F\"><i class=\"tg-icon-google-plus\"><\/i><\/a><a class=\"tg-social-share tg-pinterest\" href=\"https:\/\/pinterest.com\/pin\/create\/button\/?url=https%3A%2F%2Ffonds-risq.qc.ca%2Fen%2Fentreprise%2Freve-c%2F&#038;description=R%C3%AAve-C&#038;media=https%3A%2F%2Ffonds-risq.qc.ca%2Fwp-content%2Fuploads%2F2025%2F06%2F20250110162357-1048-heures-en-reinsertion-professionnelle-presqum1-tonnes-dedechets-evites-4.webp\"><i class=\"tg-icon-pinterest\"><\/i><\/a><\/div><\/div><\/div><div class=\"tg-item-content-holder tg-light image-format\" style=\"background-color:#b7c634\"><span class=\"tg-item-date\">13 June 2025<\/span><h2 class=\"tg-item-title\"><a href=\"https:\/\/fonds-risq.qc.ca\/en\/entreprise\/reve-c\/\" target=\"_self\">R\u00eave-C<\/a><\/h2><span class=\"tg-cats-holder\"><a class=\"filtres_des_entreprises\" href=\"https:\/\/fonds-risq.qc.ca\/en\/filtres_des_entreprises\/2025-en\/\" rel=\"category\" data-term-id=\"263\"><span class=\"tg-item-term\" >2025<\/span><\/a><span>, <\/span><a class=\"filtres_des_entreprises\" href=\"https:\/\/fonds-risq.qc.ca\/en\/filtres_des_entreprises\/montreal-en\/\" rel=\"category\" data-term-id=\"128\"><span class=\"tg-item-term\" >Montr\u00e9al<\/span><\/a><span>, <\/span><a class=\"filtres_des_entreprises\" href=\"https:\/\/fonds-risq.qc.ca\/en\/filtres_des_entreprises\/npo\/\" rel=\"category\" data-term-id=\"150\"><span class=\"tg-item-term\" >NPO<\/span><\/a><span>, <\/span><a class=\"filtres_des_entreprises\" href=\"https:\/\/fonds-risq.qc.ca\/en\/filtres_des_entreprises\/retail-business\/\" rel=\"category\" data-term-id=\"137\"><span class=\"tg-item-term\" >Retail business<\/span><\/a><span>, <\/span><a class=\"filtres_des_entreprises\" href=\"https:\/\/fonds-risq.qc.ca\/en\/filtres_des_entreprises\/pret-pour-aide-technique-en\/\" rel=\"category\" data-term-id=\"146\"><span class=\"tg-item-term\" >Technical assistance loan<\/span><\/a><\/span><div class=\"tg-item-footer\"><a class=\"tg-item-comment\" href=\"https:\/\/fonds-risq.qc.ca\/en\/entreprise\/reve-c\/\"  target=\"_self\">No comment<\/a><span class=\"no-ajaxy to-post-like no-liked empty-heart\" data-post-id=\"19528\" title=\"Like\"><span class=\"to-heart-icon\"><svg xmlns=\"http:\/\/www.w3.org\/2000\/svg\" version=\"1.1\" viewBox=\"0 0 64 64\"><g transform=\"translate(0, 0)\"><path stroke-width=\"6\" stroke-linecap=\"square\" stroke-miterlimit=\"10\" d=\"M1,21c0,20,31,38,31,38s31-18,31-38 c0-8.285-6-16-15-16c-8.285,0-16,5.715-16,14c0-8.285-7.715-14-16-14C7,5,1,12.715,1,21z\"><\/path><\/g><\/svg><\/span><span class=\"to-like-count\">0<\/span><\/span><\/div><\/div><\/div><\/article><!-- The Grid item #44 --><article class=\"tg-item tg-post-19334 kampala f263 f151 f165 f257 f258 f137\" data-row=\"1\" data-col=\"1\"><div class=\"tg-item-inner\"><div class=\"tg-item-media-holder tg-light\"><div class=\"tg-item-media-inner\"><img decoding=\"async\" class=\"tg-item-image\" alt=\"\" width=\"2048\" height=\"1638\" src=\"https:\/\/fonds-risq.qc.ca\/wp-content\/uploads\/2025\/04\/Photo-Cs-Gallix.jpg\"><\/div><div class=\"tg-center-holder\"><div class=\"tg-center-inner\"><div class=\"tg-item-overlay\"><\/div><a class=\"tg-link-button\" href=\"https:\/\/fonds-risq.qc.ca\/en\/entreprise\/cooperative-de-solidarite-de-gallix\/\" target=\"_self\"><i class=\"tg-icon-link\"><\/i><\/a><\/div><\/div><div class=\"tg-item-decoration\"><div class=\"triangle-down-right\" style=\"border-color:#dd9933\"><\/div><\/div><div class=\"tg-item-share-holder\"><div class=\"triangle-up-left\" style=\"border-color:rgba(22,22,22,0.65)\"><\/div><i class=\"tg-icon-reply\" style=\"color:#ffffff\"><\/i><div class=\"tg-share-icons\"><a class=\"tg-social-share tg-facebook\" href=\"https:\/\/www.facebook.com\/sharer.php?u=https%3A%2F%2Ffonds-risq.qc.ca%2Fen%2Fentreprise%2Fcooperative-de-solidarite-de-gallix%2F&#038;t=Coop%C3%A9rative%20de%20solidarit%C3%A9%20de%20Gallix\"><i class=\"tg-icon-facebook\"><\/i><\/a><a class=\"tg-social-share tg-twitter\" href=\"https:\/\/twitter.com\/share?url=https%3A%2F%2Ffonds-risq.qc.ca%2Fen%2Fentreprise%2Fcooperative-de-solidarite-de-gallix%2F&#038;text=Coop%C3%A9rative%20de%20solidarit%C3%A9%20de%20Gallix\"><i class=\"tg-icon-twitter\"><\/i><\/a><a class=\"tg-social-share tg-google-plus\" href=\"https:\/\/plus.google.com\/share?url=https%3A%2F%2Ffonds-risq.qc.ca%2Fen%2Fentreprise%2Fcooperative-de-solidarite-de-gallix%2F\"><i class=\"tg-icon-google-plus\"><\/i><\/a><a class=\"tg-social-share tg-pinterest\" href=\"https:\/\/pinterest.com\/pin\/create\/button\/?url=https%3A%2F%2Ffonds-risq.qc.ca%2Fen%2Fentreprise%2Fcooperative-de-solidarite-de-gallix%2F&#038;description=Coop%C3%A9rative%20de%20solidarit%C3%A9%20de%20Gallix&#038;media=https%3A%2F%2Ffonds-risq.qc.ca%2Fwp-content%2Fuploads%2F2025%2F04%2FPhoto-Cs-Gallix.jpg\"><i class=\"tg-icon-pinterest\"><\/i><\/a><\/div><\/div><\/div><div class=\"tg-item-content-holder tg-light image-format\" style=\"background-color:#dd9933\"><span class=\"tg-item-date\">29 April 2025<\/span><h2 class=\"tg-item-title\"><a href=\"https:\/\/fonds-risq.qc.ca\/en\/entreprise\/cooperative-de-solidarite-de-gallix\/\" target=\"_self\">Coop\u00e9rative de solidarit\u00e9 de Gallix<\/a><\/h2><span class=\"tg-cats-holder\"><a class=\"filtres_des_entreprises\" href=\"https:\/\/fonds-risq.qc.ca\/en\/filtres_des_entreprises\/2025-en\/\" rel=\"category\" data-term-id=\"263\"><span class=\"tg-item-term\" >2025<\/span><\/a><span>, <\/span><a class=\"filtres_des_entreprises\" href=\"https:\/\/fonds-risq.qc.ca\/en\/filtres_des_entreprises\/coop-en\/\" rel=\"category\" data-term-id=\"151\"><span class=\"tg-item-term\" >COOP<\/span><\/a><span>, <\/span><a class=\"filtres_des_entreprises\" href=\"https:\/\/fonds-risq.qc.ca\/en\/filtres_des_entreprises\/cote-nord-en\/\" rel=\"category\" data-term-id=\"165\"><span class=\"tg-item-term\" >C\u00f4te-Nord<\/span><\/a><span>, <\/span><a class=\"filtres_des_entreprises\" href=\"https:\/\/fonds-risq.qc.ca\/en\/filtres_des_entreprises\/fonds-lampli-en\/\" rel=\"category\" data-term-id=\"257\"><span class=\"tg-item-term\" >Fonds l&rsquo;ampli<\/span><\/a><span>, <\/span><a class=\"filtres_des_entreprises\" href=\"https:\/\/fonds-risq.qc.ca\/en\/filtres_des_entreprises\/fonds-lampli-2-en\/\" rel=\"category\" data-term-id=\"258\"><span class=\"tg-item-term\" >Fonds l&rsquo;ampli<\/span><\/a><span>, <\/span><a class=\"filtres_des_entreprises\" href=\"https:\/\/fonds-risq.qc.ca\/en\/filtres_des_entreprises\/retail-business\/\" rel=\"category\" data-term-id=\"137\"><span class=\"tg-item-term\" >Retail business<\/span><\/a><\/span><div class=\"tg-item-footer\"><a class=\"tg-item-comment\" href=\"https:\/\/fonds-risq.qc.ca\/en\/entreprise\/cooperative-de-solidarite-de-gallix\/\"  target=\"_self\">No comment<\/a><span class=\"no-ajaxy to-post-like no-liked empty-heart\" data-post-id=\"19334\" title=\"Like\"><span class=\"to-heart-icon\"><svg xmlns=\"http:\/\/www.w3.org\/2000\/svg\" version=\"1.1\" viewBox=\"0 0 64 64\"><g transform=\"translate(0, 0)\"><path stroke-width=\"6\" stroke-linecap=\"square\" stroke-miterlimit=\"10\" d=\"M1,21c0,20,31,38,31,38s31-18,31-38 c0-8.285-6-16-15-16c-8.285,0-16,5.715-16,14c0-8.285-7.715-14-16-14C7,5,1,12.715,1,21z\"><\/path><\/g><\/svg><\/span><span class=\"to-like-count\">0<\/span><\/span><\/div><\/div><\/div><\/article><!-- The Grid item #45 --><article class=\"tg-item tg-post-19330 kampala f261 f152 f151 f145 f146\" data-row=\"1\" data-col=\"1\"><div class=\"tg-item-inner\"><div class=\"tg-item-media-holder tg-light\"><div class=\"tg-item-media-inner\"><img decoding=\"async\" class=\"tg-item-image\" alt=\"\" width=\"2937\" height=\"1427\" src=\"https:\/\/fonds-risq.qc.ca\/wp-content\/uploads\/2025\/04\/Photo-Pole-agro-de-Lotbiniere.jpg\"><\/div><div class=\"tg-center-holder\"><div class=\"tg-center-inner\"><div class=\"tg-item-overlay\"><\/div><a class=\"tg-link-button\" href=\"https:\/\/fonds-risq.qc.ca\/en\/entreprise\/pole-agroalimentaire-de-lotbiniere\/\" target=\"_self\"><i class=\"tg-icon-link\"><\/i><\/a><\/div><\/div><div class=\"tg-item-decoration\"><div class=\"triangle-down-right\" style=\"border-color:#b7c634\"><\/div><\/div><div class=\"tg-item-share-holder\"><div class=\"triangle-up-left\" style=\"border-color:rgba(22,22,22,0.65)\"><\/div><i class=\"tg-icon-reply\" style=\"color:#ffffff\"><\/i><div class=\"tg-share-icons\"><a class=\"tg-social-share tg-facebook\" href=\"https:\/\/www.facebook.com\/sharer.php?u=https%3A%2F%2Ffonds-risq.qc.ca%2Fen%2Fentreprise%2Fpole-agroalimentaire-de-lotbiniere%2F&#038;t=P%C3%B4le%20Agroalimentaire%20de%20Lotbini%C3%A8re\"><i class=\"tg-icon-facebook\"><\/i><\/a><a class=\"tg-social-share tg-twitter\" href=\"https:\/\/twitter.com\/share?url=https%3A%2F%2Ffonds-risq.qc.ca%2Fen%2Fentreprise%2Fpole-agroalimentaire-de-lotbiniere%2F&#038;text=P%C3%B4le%20Agroalimentaire%20de%20Lotbini%C3%A8re\"><i class=\"tg-icon-twitter\"><\/i><\/a><a class=\"tg-social-share tg-google-plus\" href=\"https:\/\/plus.google.com\/share?url=https%3A%2F%2Ffonds-risq.qc.ca%2Fen%2Fentreprise%2Fpole-agroalimentaire-de-lotbiniere%2F\"><i class=\"tg-icon-google-plus\"><\/i><\/a><a class=\"tg-social-share tg-pinterest\" href=\"https:\/\/pinterest.com\/pin\/create\/button\/?url=https%3A%2F%2Ffonds-risq.qc.ca%2Fen%2Fentreprise%2Fpole-agroalimentaire-de-lotbiniere%2F&#038;description=P%C3%B4le%20Agroalimentaire%20de%20Lotbini%C3%A8re&#038;media=https%3A%2F%2Ffonds-risq.qc.ca%2Fwp-content%2Fuploads%2F2025%2F04%2FPhoto-Pole-agro-de-Lotbiniere.jpg\"><i class=\"tg-icon-pinterest\"><\/i><\/a><\/div><\/div><\/div><div class=\"tg-item-content-holder tg-light image-format\" style=\"background-color:#b7c634\"><span class=\"tg-item-date\">29 April 2025<\/span><h2 class=\"tg-item-title\"><a href=\"https:\/\/fonds-risq.qc.ca\/en\/entreprise\/pole-agroalimentaire-de-lotbiniere\/\" target=\"_self\">P\u00f4le Agroalimentaire de Lotbini\u00e8re<\/a><\/h2><span class=\"tg-cats-holder\"><a class=\"filtres_des_entreprises\" href=\"https:\/\/fonds-risq.qc.ca\/en\/filtres_des_entreprises\/2024-en\/\" rel=\"category\" data-term-id=\"261\"><span class=\"tg-item-term\" >2024<\/span><\/a><span>, <\/span><a class=\"filtres_des_entreprises\" href=\"https:\/\/fonds-risq.qc.ca\/en\/filtres_des_entreprises\/chaudiere-appalaches-en\/\" rel=\"category\" data-term-id=\"152\"><span class=\"tg-item-term\" >Chaudi\u00e8re-Appalaches<\/span><\/a><span>, <\/span><a class=\"filtres_des_entreprises\" href=\"https:\/\/fonds-risq.qc.ca\/en\/filtres_des_entreprises\/coop-en\/\" rel=\"category\" data-term-id=\"151\"><span class=\"tg-item-term\" >COOP<\/span><\/a><span>, <\/span><a class=\"filtres_des_entreprises\" href=\"https:\/\/fonds-risq.qc.ca\/en\/filtres_des_entreprises\/food\/\" rel=\"category\" data-term-id=\"145\"><span class=\"tg-item-term\" >Food<\/span><\/a><span>, <\/span><a class=\"filtres_des_entreprises\" href=\"https:\/\/fonds-risq.qc.ca\/en\/filtres_des_entreprises\/pret-pour-aide-technique-en\/\" rel=\"category\" data-term-id=\"146\"><span class=\"tg-item-term\" >Technical assistance loan<\/span><\/a><\/span><div class=\"tg-item-footer\"><a class=\"tg-item-comment\" href=\"https:\/\/fonds-risq.qc.ca\/en\/entreprise\/pole-agroalimentaire-de-lotbiniere\/\"  target=\"_self\">No comment<\/a><span class=\"no-ajaxy to-post-like no-liked empty-heart\" data-post-id=\"19330\" title=\"Like\"><span class=\"to-heart-icon\"><svg xmlns=\"http:\/\/www.w3.org\/2000\/svg\" version=\"1.1\" viewBox=\"0 0 64 64\"><g transform=\"translate(0, 0)\"><path stroke-width=\"6\" stroke-linecap=\"square\" stroke-miterlimit=\"10\" d=\"M1,21c0,20,31,38,31,38s31-18,31-38 c0-8.285-6-16-15-16c-8.285,0-16,5.715-16,14c0-8.285-7.715-14-16-14C7,5,1,12.715,1,21z\"><\/path><\/g><\/svg><\/span><span class=\"to-like-count\">0<\/span><\/span><\/div><\/div><\/div><\/article><!-- The Grid item #46 --><article class=\"tg-item tg-post-19327 kampala f261 f148 f151 f194 f129\" data-row=\"1\" data-col=\"1\"><div class=\"tg-item-inner\"><div class=\"tg-item-media-holder tg-light\"><div class=\"tg-item-media-inner\"><img decoding=\"async\" class=\"tg-item-image\" alt=\"\" width=\"2048\" height=\"1536\" src=\"https:\/\/fonds-risq.qc.ca\/wp-content\/uploads\/2025\/04\/Photo-Coop-forest-du-Haut-St-Maurice.jpg\"><\/div><div class=\"tg-center-holder\"><div class=\"tg-center-inner\"><div class=\"tg-item-overlay\"><\/div><a class=\"tg-link-button\" href=\"https:\/\/fonds-risq.qc.ca\/en\/entreprise\/coop-forestiere-du-haut-st-maurice\/\" target=\"_self\"><i class=\"tg-icon-link\"><\/i><\/a><\/div><\/div><div class=\"tg-item-decoration\"><div class=\"triangle-down-right\" style=\"border-color:#0097c8\"><\/div><\/div><div class=\"tg-item-share-holder\"><div class=\"triangle-up-left\" style=\"border-color:rgba(22,22,22,0.65)\"><\/div><i class=\"tg-icon-reply\" style=\"color:#ffffff\"><\/i><div class=\"tg-share-icons\"><a class=\"tg-social-share tg-facebook\" href=\"https:\/\/www.facebook.com\/sharer.php?u=https%3A%2F%2Ffonds-risq.qc.ca%2Fen%2Fentreprise%2Fcoop-forestiere-du-haut-st-maurice%2F&#038;t=Coop%20Foresti%C3%A8re%20du%20haut%20St-Maurice\"><i class=\"tg-icon-facebook\"><\/i><\/a><a class=\"tg-social-share tg-twitter\" href=\"https:\/\/twitter.com\/share?url=https%3A%2F%2Ffonds-risq.qc.ca%2Fen%2Fentreprise%2Fcoop-forestiere-du-haut-st-maurice%2F&#038;text=Coop%20Foresti%C3%A8re%20du%20haut%20St-Maurice\"><i class=\"tg-icon-twitter\"><\/i><\/a><a class=\"tg-social-share tg-google-plus\" href=\"https:\/\/plus.google.com\/share?url=https%3A%2F%2Ffonds-risq.qc.ca%2Fen%2Fentreprise%2Fcoop-forestiere-du-haut-st-maurice%2F\"><i class=\"tg-icon-google-plus\"><\/i><\/a><a class=\"tg-social-share tg-pinterest\" href=\"https:\/\/pinterest.com\/pin\/create\/button\/?url=https%3A%2F%2Ffonds-risq.qc.ca%2Fen%2Fentreprise%2Fcoop-forestiere-du-haut-st-maurice%2F&#038;description=Coop%20Foresti%C3%A8re%20du%20haut%20St-Maurice&#038;media=https%3A%2F%2Ffonds-risq.qc.ca%2Fwp-content%2Fuploads%2F2025%2F04%2FPhoto-Coop-forest-du-Haut-St-Maurice.jpg\"><i class=\"tg-icon-pinterest\"><\/i><\/a><\/div><\/div><\/div><div class=\"tg-item-content-holder tg-light image-format\" style=\"background-color:#0097c8\"><span class=\"tg-item-date\">29 April 2025<\/span><h2 class=\"tg-item-title\"><a href=\"https:\/\/fonds-risq.qc.ca\/en\/entreprise\/coop-forestiere-du-haut-st-maurice\/\" target=\"_self\">Coop Foresti\u00e8re du haut St-Maurice<\/a><\/h2><span class=\"tg-cats-holder\"><a class=\"filtres_des_entreprises\" href=\"https:\/\/fonds-risq.qc.ca\/en\/filtres_des_entreprises\/2024-en\/\" rel=\"category\" data-term-id=\"261\"><span class=\"tg-item-term\" >2024<\/span><\/a><span>, <\/span><a class=\"filtres_des_entreprises\" href=\"https:\/\/fonds-risq.qc.ca\/en\/filtres_des_entreprises\/capitalization-loan\/\" rel=\"category\" data-term-id=\"148\"><span class=\"tg-item-term\" >Capitalization loan<\/span><\/a><span>, <\/span><a class=\"filtres_des_entreprises\" href=\"https:\/\/fonds-risq.qc.ca\/en\/filtres_des_entreprises\/coop-en\/\" rel=\"category\" data-term-id=\"151\"><span class=\"tg-item-term\" >COOP<\/span><\/a><span>, <\/span><a class=\"filtres_des_entreprises\" href=\"https:\/\/fonds-risq.qc.ca\/en\/filtres_des_entreprises\/foresterie-en\/\" rel=\"category\" data-term-id=\"194\"><span class=\"tg-item-term\" >Foresterie<\/span><\/a><span>, <\/span><a class=\"filtres_des_entreprises\" href=\"https:\/\/fonds-risq.qc.ca\/en\/filtres_des_entreprises\/mauricie-en\/\" rel=\"category\" data-term-id=\"129\"><span class=\"tg-item-term\" >Mauricie<\/span><\/a><\/span><div class=\"tg-item-footer\"><a class=\"tg-item-comment\" href=\"https:\/\/fonds-risq.qc.ca\/en\/entreprise\/coop-forestiere-du-haut-st-maurice\/\"  target=\"_self\">No comment<\/a><span class=\"no-ajaxy to-post-like no-liked empty-heart\" data-post-id=\"19327\" title=\"Like\"><span class=\"to-heart-icon\"><svg xmlns=\"http:\/\/www.w3.org\/2000\/svg\" version=\"1.1\" viewBox=\"0 0 64 64\"><g transform=\"translate(0, 0)\"><path stroke-width=\"6\" stroke-linecap=\"square\" stroke-miterlimit=\"10\" d=\"M1,21c0,20,31,38,31,38s31-18,31-38 c0-8.285-6-16-15-16c-8.285,0-16,5.715-16,14c0-8.285-7.715-14-16-14C7,5,1,12.715,1,21z\"><\/path><\/g><\/svg><\/span><span class=\"to-like-count\">0<\/span><\/span><\/div><\/div><\/div><\/article><!-- The Grid item #47 --><article class=\"tg-item tg-post-19319 kampala f261 f127 f257 f258 f150 f135 f142\" data-row=\"1\" data-col=\"1\"><div class=\"tg-item-inner\"><div class=\"tg-item-media-holder tg-light\"><div class=\"tg-item-media-inner\"><img decoding=\"async\" class=\"tg-item-image\" alt=\"\" width=\"2048\" height=\"1365\" src=\"https:\/\/fonds-risq.qc.ca\/wp-content\/uploads\/2025\/04\/Photo-Croquarium.jpg\"><\/div><div class=\"tg-center-holder\"><div class=\"tg-center-inner\"><div class=\"tg-item-overlay\"><\/div><a class=\"tg-link-button\" href=\"https:\/\/fonds-risq.qc.ca\/en\/entreprise\/croquarium-2\/\" target=\"_self\"><i class=\"tg-icon-link\"><\/i><\/a><\/div><\/div><div class=\"tg-item-decoration\"><div class=\"triangle-down-right\" style=\"border-color:#dd9933\"><\/div><\/div><div class=\"tg-item-share-holder\"><div class=\"triangle-up-left\" style=\"border-color:rgba(22,22,22,0.65)\"><\/div><i class=\"tg-icon-reply\" style=\"color:#ffffff\"><\/i><div class=\"tg-share-icons\"><a class=\"tg-social-share tg-facebook\" href=\"https:\/\/www.facebook.com\/sharer.php?u=https%3A%2F%2Ffonds-risq.qc.ca%2Fen%2Fentreprise%2Fcroquarium-2%2F&#038;t=Croquarium\"><i class=\"tg-icon-facebook\"><\/i><\/a><a class=\"tg-social-share tg-twitter\" href=\"https:\/\/twitter.com\/share?url=https%3A%2F%2Ffonds-risq.qc.ca%2Fen%2Fentreprise%2Fcroquarium-2%2F&#038;text=Croquarium\"><i class=\"tg-icon-twitter\"><\/i><\/a><a class=\"tg-social-share tg-google-plus\" href=\"https:\/\/plus.google.com\/share?url=https%3A%2F%2Ffonds-risq.qc.ca%2Fen%2Fentreprise%2Fcroquarium-2%2F\"><i class=\"tg-icon-google-plus\"><\/i><\/a><a class=\"tg-social-share tg-pinterest\" href=\"https:\/\/pinterest.com\/pin\/create\/button\/?url=https%3A%2F%2Ffonds-risq.qc.ca%2Fen%2Fentreprise%2Fcroquarium-2%2F&#038;description=Croquarium&#038;media=https%3A%2F%2Ffonds-risq.qc.ca%2Fwp-content%2Fuploads%2F2025%2F04%2FPhoto-Croquarium.jpg\"><i class=\"tg-icon-pinterest\"><\/i><\/a><\/div><\/div><\/div><div class=\"tg-item-content-holder tg-light image-format\" style=\"background-color:#dd9933\"><span class=\"tg-item-date\">28 April 2025<\/span><h2 class=\"tg-item-title\"><a href=\"https:\/\/fonds-risq.qc.ca\/en\/entreprise\/croquarium-2\/\" target=\"_self\">Croquarium<\/a><\/h2><span class=\"tg-cats-holder\"><a class=\"filtres_des_entreprises\" href=\"https:\/\/fonds-risq.qc.ca\/en\/filtres_des_entreprises\/2024-en\/\" rel=\"category\" data-term-id=\"261\"><span class=\"tg-item-term\" >2024<\/span><\/a><span>, <\/span><a class=\"filtres_des_entreprises\" href=\"https:\/\/fonds-risq.qc.ca\/en\/filtres_des_entreprises\/estrie-en\/\" rel=\"category\" data-term-id=\"127\"><span class=\"tg-item-term\" >Estrie<\/span><\/a><span>, <\/span><a class=\"filtres_des_entreprises\" href=\"https:\/\/fonds-risq.qc.ca\/en\/filtres_des_entreprises\/fonds-lampli-en\/\" rel=\"category\" data-term-id=\"257\"><span class=\"tg-item-term\" >Fonds l&rsquo;ampli<\/span><\/a><span>, <\/span><a class=\"filtres_des_entreprises\" href=\"https:\/\/fonds-risq.qc.ca\/en\/filtres_des_entreprises\/fonds-lampli-2-en\/\" rel=\"category\" data-term-id=\"258\"><span class=\"tg-item-term\" >Fonds l&rsquo;ampli<\/span><\/a><span>, <\/span><a class=\"filtres_des_entreprises\" href=\"https:\/\/fonds-risq.qc.ca\/en\/filtres_des_entreprises\/npo\/\" rel=\"category\" data-term-id=\"150\"><span class=\"tg-item-term\" >NPO<\/span><\/a><span>, <\/span><a class=\"filtres_des_entreprises\" href=\"https:\/\/fonds-risq.qc.ca\/en\/filtres_des_entreprises\/services-en\/\" rel=\"category\" data-term-id=\"135\"><span class=\"tg-item-term\" >Services<\/span><\/a><span>, <\/span><a class=\"filtres_des_entreprises\" href=\"https:\/\/fonds-risq.qc.ca\/en\/filtres_des_entreprises\/services-to-people\/\" rel=\"category\" data-term-id=\"142\"><span class=\"tg-item-term\" >Services to people<\/span><\/a><\/span><div class=\"tg-item-footer\"><a class=\"tg-item-comment\" href=\"https:\/\/fonds-risq.qc.ca\/en\/entreprise\/croquarium-2\/\"  target=\"_self\">No comment<\/a><span class=\"no-ajaxy to-post-like no-liked empty-heart\" data-post-id=\"19319\" title=\"Like\"><span class=\"to-heart-icon\"><svg xmlns=\"http:\/\/www.w3.org\/2000\/svg\" version=\"1.1\" viewBox=\"0 0 64 64\"><g transform=\"translate(0, 0)\"><path stroke-width=\"6\" stroke-linecap=\"square\" stroke-miterlimit=\"10\" d=\"M1,21c0,20,31,38,31,38s31-18,31-38 c0-8.285-6-16-15-16c-8.285,0-16,5.715-16,14c0-8.285-7.715-14-16-14C7,5,1,12.715,1,21z\"><\/path><\/g><\/svg><\/span><span class=\"to-like-count\">0<\/span><\/span><\/div><\/div><\/div><\/article><!-- The Grid item #48 --><article class=\"tg-item tg-post-19171 kampala f222 f148 f133 f150 f142\" data-row=\"1\" data-col=\"1\"><div class=\"tg-item-inner\"><div class=\"tg-item-media-holder tg-light\"><div class=\"tg-item-media-inner\"><img decoding=\"async\" class=\"tg-item-image\" alt=\"\" width=\"2048\" height=\"1243\" src=\"https:\/\/fonds-risq.qc.ca\/wp-content\/uploads\/2025\/02\/CPE-Monteregie-Photo.jpg\"><\/div><div class=\"tg-center-holder\"><div class=\"tg-center-inner\"><div class=\"tg-item-overlay\"><\/div><a class=\"tg-link-button\" href=\"https:\/\/fonds-risq.qc.ca\/en\/entreprise\/regroupement-des-cpe-de-la-monteregie\/\" target=\"_self\"><i class=\"tg-icon-link\"><\/i><\/a><\/div><\/div><div class=\"tg-item-decoration\"><div class=\"triangle-down-right\" style=\"border-color:#0097c8\"><\/div><\/div><div class=\"tg-item-share-holder\"><div class=\"triangle-up-left\" style=\"border-color:rgba(22,22,22,0.65)\"><\/div><i class=\"tg-icon-reply\" style=\"color:#ffffff\"><\/i><div class=\"tg-share-icons\"><a class=\"tg-social-share tg-facebook\" href=\"https:\/\/www.facebook.com\/sharer.php?u=https%3A%2F%2Ffonds-risq.qc.ca%2Fen%2Fentreprise%2Fregroupement-des-cpe-de-la-monteregie%2F&#038;t=Regroupement%20des%20CPE%20de%20la%20Mont%C3%A9r%C3%A9gie%C2%A0\"><i class=\"tg-icon-facebook\"><\/i><\/a><a class=\"tg-social-share tg-twitter\" href=\"https:\/\/twitter.com\/share?url=https%3A%2F%2Ffonds-risq.qc.ca%2Fen%2Fentreprise%2Fregroupement-des-cpe-de-la-monteregie%2F&#038;text=Regroupement%20des%20CPE%20de%20la%20Mont%C3%A9r%C3%A9gie%C2%A0\"><i class=\"tg-icon-twitter\"><\/i><\/a><a class=\"tg-social-share tg-google-plus\" href=\"https:\/\/plus.google.com\/share?url=https%3A%2F%2Ffonds-risq.qc.ca%2Fen%2Fentreprise%2Fregroupement-des-cpe-de-la-monteregie%2F\"><i class=\"tg-icon-google-plus\"><\/i><\/a><a class=\"tg-social-share tg-pinterest\" href=\"https:\/\/pinterest.com\/pin\/create\/button\/?url=https%3A%2F%2Ffonds-risq.qc.ca%2Fen%2Fentreprise%2Fregroupement-des-cpe-de-la-monteregie%2F&#038;description=Regroupement%20des%20CPE%20de%20la%20Mont%C3%A9r%C3%A9gie%C2%A0&#038;media=https%3A%2F%2Ffonds-risq.qc.ca%2Fwp-content%2Fuploads%2F2025%2F02%2FCPE-Monteregie-Photo.jpg\"><i class=\"tg-icon-pinterest\"><\/i><\/a><\/div><\/div><\/div><div class=\"tg-item-content-holder tg-light image-format\" style=\"background-color:#0097c8\"><span class=\"tg-item-date\">7 April 2025<\/span><h2 class=\"tg-item-title\"><a href=\"https:\/\/fonds-risq.qc.ca\/en\/entreprise\/regroupement-des-cpe-de-la-monteregie\/\" target=\"_self\">Regroupement des CPE de la Mont\u00e9r\u00e9gie\u00a0<\/a><\/h2><span class=\"tg-cats-holder\"><a class=\"filtres_des_entreprises\" href=\"https:\/\/fonds-risq.qc.ca\/en\/filtres_des_entreprises\/2017-en\/\" rel=\"category\" data-term-id=\"222\"><span class=\"tg-item-term\" >2017<\/span><\/a><span>, <\/span><a class=\"filtres_des_entreprises\" href=\"https:\/\/fonds-risq.qc.ca\/en\/filtres_des_entreprises\/capitalization-loan\/\" rel=\"category\" data-term-id=\"148\"><span class=\"tg-item-term\" >Capitalization loan<\/span><\/a><span>, <\/span><a class=\"filtres_des_entreprises\" href=\"https:\/\/fonds-risq.qc.ca\/en\/filtres_des_entreprises\/laurentides-en\/\" rel=\"category\" data-term-id=\"133\"><span class=\"tg-item-term\" >Laurentides<\/span><\/a><span>, <\/span><a class=\"filtres_des_entreprises\" href=\"https:\/\/fonds-risq.qc.ca\/en\/filtres_des_entreprises\/npo\/\" rel=\"category\" data-term-id=\"150\"><span class=\"tg-item-term\" >NPO<\/span><\/a><span>, <\/span><a class=\"filtres_des_entreprises\" href=\"https:\/\/fonds-risq.qc.ca\/en\/filtres_des_entreprises\/services-to-people\/\" rel=\"category\" data-term-id=\"142\"><span class=\"tg-item-term\" >Services to people<\/span><\/a><\/span><div class=\"tg-item-footer\"><a class=\"tg-item-comment\" href=\"https:\/\/fonds-risq.qc.ca\/en\/entreprise\/regroupement-des-cpe-de-la-monteregie\/\"  target=\"_self\">No comment<\/a><span class=\"no-ajaxy to-post-like no-liked empty-heart\" data-post-id=\"19171\" title=\"Like\"><span class=\"to-heart-icon\"><svg xmlns=\"http:\/\/www.w3.org\/2000\/svg\" version=\"1.1\" viewBox=\"0 0 64 64\"><g transform=\"translate(0, 0)\"><path stroke-width=\"6\" stroke-linecap=\"square\" stroke-miterlimit=\"10\" d=\"M1,21c0,20,31,38,31,38s31-18,31-38 c0-8.285-6-16-15-16c-8.285,0-16,5.715-16,14c0-8.285-7.715-14-16-14C7,5,1,12.715,1,21z\"><\/path><\/g><\/svg><\/span><span class=\"to-like-count\">0<\/span><\/span><\/div><\/div><\/div><\/article><!-- The Grid item #49 --><article class=\"tg-item tg-post-19168 kampala f252 f130 f148 f151 f195\" data-row=\"1\" data-col=\"1\"><div class=\"tg-item-inner\"><div class=\"tg-item-media-holder tg-light\"><div class=\"tg-item-media-inner\"><img decoding=\"async\" class=\"tg-item-image\" alt=\"\" width=\"1200\" height=\"798\" src=\"https:\/\/fonds-risq.qc.ca\/wp-content\/uploads\/2025\/03\/Coop-Petit-Champlain-Photo.jpg\"><\/div><div class=\"tg-center-holder\"><div class=\"tg-center-inner\"><div class=\"tg-item-overlay\"><\/div><a class=\"tg-link-button\" href=\"https:\/\/fonds-risq.qc.ca\/en\/entreprise\/cooperative-du-quartier-petit-champlain\/\" target=\"_self\"><i class=\"tg-icon-link\"><\/i><\/a><\/div><\/div><div class=\"tg-item-decoration\"><div class=\"triangle-down-right\" style=\"border-color:#0097c8\"><\/div><\/div><div class=\"tg-item-share-holder\"><div class=\"triangle-up-left\" style=\"border-color:rgba(22,22,22,0.65)\"><\/div><i class=\"tg-icon-reply\" style=\"color:#ffffff\"><\/i><div class=\"tg-share-icons\"><a class=\"tg-social-share tg-facebook\" href=\"https:\/\/www.facebook.com\/sharer.php?u=https%3A%2F%2Ffonds-risq.qc.ca%2Fen%2Fentreprise%2Fcooperative-du-quartier-petit-champlain%2F&#038;t=Coop%C3%A9rative%20du%20Quartier%20Petit%20Champlain\"><i class=\"tg-icon-facebook\"><\/i><\/a><a class=\"tg-social-share tg-twitter\" href=\"https:\/\/twitter.com\/share?url=https%3A%2F%2Ffonds-risq.qc.ca%2Fen%2Fentreprise%2Fcooperative-du-quartier-petit-champlain%2F&#038;text=Coop%C3%A9rative%20du%20Quartier%20Petit%20Champlain\"><i class=\"tg-icon-twitter\"><\/i><\/a><a class=\"tg-social-share tg-google-plus\" href=\"https:\/\/plus.google.com\/share?url=https%3A%2F%2Ffonds-risq.qc.ca%2Fen%2Fentreprise%2Fcooperative-du-quartier-petit-champlain%2F\"><i class=\"tg-icon-google-plus\"><\/i><\/a><a class=\"tg-social-share tg-pinterest\" href=\"https:\/\/pinterest.com\/pin\/create\/button\/?url=https%3A%2F%2Ffonds-risq.qc.ca%2Fen%2Fentreprise%2Fcooperative-du-quartier-petit-champlain%2F&#038;description=Coop%C3%A9rative%20du%20Quartier%20Petit%20Champlain&#038;media=https%3A%2F%2Ffonds-risq.qc.ca%2Fwp-content%2Fuploads%2F2025%2F03%2FCoop-Petit-Champlain-Photo.jpg\"><i class=\"tg-icon-pinterest\"><\/i><\/a><\/div><\/div><\/div><div class=\"tg-item-content-holder tg-light image-format\" style=\"background-color:#0097c8\"><span class=\"tg-item-date\">7 April 2025<\/span><h2 class=\"tg-item-title\"><a href=\"https:\/\/fonds-risq.qc.ca\/en\/entreprise\/cooperative-du-quartier-petit-champlain\/\" target=\"_self\">Coop\u00e9rative du Quartier Petit Champlain<\/a><\/h2><span class=\"tg-cats-holder\"><a class=\"filtres_des_entreprises\" href=\"https:\/\/fonds-risq.qc.ca\/en\/filtres_des_entreprises\/2023-en\/\" rel=\"category\" data-term-id=\"252\"><span class=\"tg-item-term\" >2023<\/span><\/a><span>, <\/span><a class=\"filtres_des_entreprises\" href=\"https:\/\/fonds-risq.qc.ca\/en\/filtres_des_entreprises\/capitale-nationale-en\/\" rel=\"category\" data-term-id=\"130\"><span class=\"tg-item-term\" >Capitale-Nationale<\/span><\/a><span>, <\/span><a class=\"filtres_des_entreprises\" href=\"https:\/\/fonds-risq.qc.ca\/en\/filtres_des_entreprises\/capitalization-loan\/\" rel=\"category\" data-term-id=\"148\"><span class=\"tg-item-term\" >Capitalization loan<\/span><\/a><span>, <\/span><a class=\"filtres_des_entreprises\" href=\"https:\/\/fonds-risq.qc.ca\/en\/filtres_des_entreprises\/coop-en\/\" rel=\"category\" data-term-id=\"151\"><span class=\"tg-item-term\" >COOP<\/span><\/a><span>, <\/span><a class=\"filtres_des_entreprises\" href=\"https:\/\/fonds-risq.qc.ca\/en\/filtres_des_entreprises\/immobilier-collectif-en\/\" rel=\"category\" data-term-id=\"195\"><span class=\"tg-item-term\" >Immobilier collectif<\/span><\/a><\/span><div class=\"tg-item-footer\"><a class=\"tg-item-comment\" href=\"https:\/\/fonds-risq.qc.ca\/en\/entreprise\/cooperative-du-quartier-petit-champlain\/\"  target=\"_self\">No comment<\/a><span class=\"no-ajaxy to-post-like no-liked empty-heart\" data-post-id=\"19168\" title=\"Like\"><span class=\"to-heart-icon\"><svg xmlns=\"http:\/\/www.w3.org\/2000\/svg\" version=\"1.1\" viewBox=\"0 0 64 64\"><g transform=\"translate(0, 0)\"><path stroke-width=\"6\" stroke-linecap=\"square\" stroke-miterlimit=\"10\" d=\"M1,21c0,20,31,38,31,38s31-18,31-38 c0-8.285-6-16-15-16c-8.285,0-16,5.715-16,14c0-8.285-7.715-14-16-14C7,5,1,12.715,1,21z\"><\/path><\/g><\/svg><\/span><span class=\"to-like-count\">0<\/span><\/span><\/div><\/div><\/div><\/article><!-- The Grid item #50 --><article class=\"tg-item tg-post-19163 kampala f261 f130 f150 f142 f146\" data-row=\"1\" data-col=\"1\"><div class=\"tg-item-inner\"><div class=\"tg-item-media-holder tg-light\"><div class=\"tg-item-media-inner\"><img decoding=\"async\" class=\"tg-item-image\" alt=\"\" width=\"800\" height=\"534\" src=\"https:\/\/fonds-risq.qc.ca\/wp-content\/uploads\/2025\/04\/brigham.jpg\"><\/div><div class=\"tg-center-holder\"><div class=\"tg-center-inner\"><div class=\"tg-item-overlay\"><\/div><a class=\"tg-link-button\" href=\"https:\/\/fonds-risq.qc.ca\/en\/entreprise\/fondation-de-revitalisation-de-brigham\/\" target=\"_self\"><i class=\"tg-icon-link\"><\/i><\/a><\/div><\/div><div class=\"tg-item-decoration\"><div class=\"triangle-down-right\" style=\"border-color:#b7c634\"><\/div><\/div><div class=\"tg-item-share-holder\"><div class=\"triangle-up-left\" style=\"border-color:rgba(22,22,22,0.65)\"><\/div><i class=\"tg-icon-reply\" style=\"color:#ffffff\"><\/i><div class=\"tg-share-icons\"><a class=\"tg-social-share tg-facebook\" href=\"https:\/\/www.facebook.com\/sharer.php?u=https%3A%2F%2Ffonds-risq.qc.ca%2Fen%2Fentreprise%2Ffondation-de-revitalisation-de-brigham%2F&#038;t=Fondation%20de%20revitalisation%20de%20Brigham\"><i class=\"tg-icon-facebook\"><\/i><\/a><a class=\"tg-social-share tg-twitter\" href=\"https:\/\/twitter.com\/share?url=https%3A%2F%2Ffonds-risq.qc.ca%2Fen%2Fentreprise%2Ffondation-de-revitalisation-de-brigham%2F&#038;text=Fondation%20de%20revitalisation%20de%20Brigham\"><i class=\"tg-icon-twitter\"><\/i><\/a><a class=\"tg-social-share tg-google-plus\" href=\"https:\/\/plus.google.com\/share?url=https%3A%2F%2Ffonds-risq.qc.ca%2Fen%2Fentreprise%2Ffondation-de-revitalisation-de-brigham%2F\"><i class=\"tg-icon-google-plus\"><\/i><\/a><a class=\"tg-social-share tg-pinterest\" href=\"https:\/\/pinterest.com\/pin\/create\/button\/?url=https%3A%2F%2Ffonds-risq.qc.ca%2Fen%2Fentreprise%2Ffondation-de-revitalisation-de-brigham%2F&#038;description=Fondation%20de%20revitalisation%20de%20Brigham&#038;media=https%3A%2F%2Ffonds-risq.qc.ca%2Fwp-content%2Fuploads%2F2025%2F04%2Fbrigham.jpg\"><i class=\"tg-icon-pinterest\"><\/i><\/a><\/div><\/div><\/div><div class=\"tg-item-content-holder tg-light image-format\" style=\"background-color:#b7c634\"><span class=\"tg-item-date\">7 April 2025<\/span><h2 class=\"tg-item-title\"><a href=\"https:\/\/fonds-risq.qc.ca\/en\/entreprise\/fondation-de-revitalisation-de-brigham\/\" target=\"_self\">Fondation de revitalisation de Brigham<\/a><\/h2><span class=\"tg-cats-holder\"><a class=\"filtres_des_entreprises\" href=\"https:\/\/fonds-risq.qc.ca\/en\/filtres_des_entreprises\/2024-en\/\" rel=\"category\" data-term-id=\"261\"><span class=\"tg-item-term\" >2024<\/span><\/a><span>, <\/span><a class=\"filtres_des_entreprises\" href=\"https:\/\/fonds-risq.qc.ca\/en\/filtres_des_entreprises\/capitale-nationale-en\/\" rel=\"category\" data-term-id=\"130\"><span class=\"tg-item-term\" >Capitale-Nationale<\/span><\/a><span>, <\/span><a class=\"filtres_des_entreprises\" href=\"https:\/\/fonds-risq.qc.ca\/en\/filtres_des_entreprises\/npo\/\" rel=\"category\" data-term-id=\"150\"><span class=\"tg-item-term\" >NPO<\/span><\/a><span>, <\/span><a class=\"filtres_des_entreprises\" href=\"https:\/\/fonds-risq.qc.ca\/en\/filtres_des_entreprises\/services-to-people\/\" rel=\"category\" data-term-id=\"142\"><span class=\"tg-item-term\" >Services to people<\/span><\/a><span>, <\/span><a class=\"filtres_des_entreprises\" href=\"https:\/\/fonds-risq.qc.ca\/en\/filtres_des_entreprises\/pret-pour-aide-technique-en\/\" rel=\"category\" data-term-id=\"146\"><span class=\"tg-item-term\" >Technical assistance loan<\/span><\/a><\/span><div class=\"tg-item-footer\"><a class=\"tg-item-comment\" href=\"https:\/\/fonds-risq.qc.ca\/en\/entreprise\/fondation-de-revitalisation-de-brigham\/\"  target=\"_self\">No comment<\/a><span class=\"no-ajaxy to-post-like no-liked empty-heart\" data-post-id=\"19163\" title=\"Like\"><span class=\"to-heart-icon\"><svg xmlns=\"http:\/\/www.w3.org\/2000\/svg\" version=\"1.1\" viewBox=\"0 0 64 64\"><g transform=\"translate(0, 0)\"><path stroke-width=\"6\" stroke-linecap=\"square\" stroke-miterlimit=\"10\" d=\"M1,21c0,20,31,38,31,38s31-18,31-38 c0-8.285-6-16-15-16c-8.285,0-16,5.715-16,14c0-8.285-7.715-14-16-14C7,5,1,12.715,1,21z\"><\/path><\/g><\/svg><\/span><span class=\"to-like-count\">0<\/span><\/span><\/div><\/div><\/div><\/article><!-- The Grid item #51 --><article class=\"tg-item tg-post-19160 kampala f261 f130 f177 f144 f150 f142 f146\" data-row=\"1\" data-col=\"1\"><div class=\"tg-item-inner\"><div class=\"tg-item-media-holder tg-light\"><div class=\"tg-item-media-inner\"><img decoding=\"async\" class=\"tg-item-image\" alt=\"\" width=\"811\" height=\"590\" src=\"https:\/\/fonds-risq.qc.ca\/wp-content\/uploads\/2025\/02\/Centre-Amadeus-Photo.png\"><\/div><div class=\"tg-center-holder\"><div class=\"tg-center-inner\"><div class=\"tg-item-overlay\"><\/div><a class=\"tg-link-button\" href=\"https:\/\/fonds-risq.qc.ca\/en\/entreprise\/centre-amadeus\/\" target=\"_self\"><i class=\"tg-icon-link\"><\/i><\/a><\/div><\/div><div class=\"tg-item-decoration\"><div class=\"triangle-down-right\" style=\"border-color:#b7c634\"><\/div><\/div><div class=\"tg-item-share-holder\"><div class=\"triangle-up-left\" style=\"border-color:rgba(22,22,22,0.65)\"><\/div><i class=\"tg-icon-reply\" style=\"color:#ffffff\"><\/i><div class=\"tg-share-icons\"><a class=\"tg-social-share tg-facebook\" href=\"https:\/\/www.facebook.com\/sharer.php?u=https%3A%2F%2Ffonds-risq.qc.ca%2Fen%2Fentreprise%2Fcentre-amadeus%2F&#038;t=Centre%20Amadeus\"><i class=\"tg-icon-facebook\"><\/i><\/a><a class=\"tg-social-share tg-twitter\" href=\"https:\/\/twitter.com\/share?url=https%3A%2F%2Ffonds-risq.qc.ca%2Fen%2Fentreprise%2Fcentre-amadeus%2F&#038;text=Centre%20Amadeus\"><i class=\"tg-icon-twitter\"><\/i><\/a><a class=\"tg-social-share tg-google-plus\" href=\"https:\/\/plus.google.com\/share?url=https%3A%2F%2Ffonds-risq.qc.ca%2Fen%2Fentreprise%2Fcentre-amadeus%2F\"><i class=\"tg-icon-google-plus\"><\/i><\/a><a class=\"tg-social-share tg-pinterest\" href=\"https:\/\/pinterest.com\/pin\/create\/button\/?url=https%3A%2F%2Ffonds-risq.qc.ca%2Fen%2Fentreprise%2Fcentre-amadeus%2F&#038;description=Centre%20Amadeus&#038;media=https%3A%2F%2Ffonds-risq.qc.ca%2Fwp-content%2Fuploads%2F2025%2F02%2FCentre-Amadeus-Photo.png\"><i class=\"tg-icon-pinterest\"><\/i><\/a><\/div><\/div><\/div><div class=\"tg-item-content-holder tg-light image-format\" style=\"background-color:#b7c634\"><span class=\"tg-item-date\">7 April 2025<\/span><h2 class=\"tg-item-title\"><a href=\"https:\/\/fonds-risq.qc.ca\/en\/entreprise\/centre-amadeus\/\" target=\"_self\">Centre Amadeus<\/a><\/h2><span class=\"tg-cats-holder\"><a class=\"filtres_des_entreprises\" href=\"https:\/\/fonds-risq.qc.ca\/en\/filtres_des_entreprises\/2024-en\/\" rel=\"category\" data-term-id=\"261\"><span class=\"tg-item-term\" >2024<\/span><\/a><span>, <\/span><a class=\"filtres_des_entreprises\" href=\"https:\/\/fonds-risq.qc.ca\/en\/filtres_des_entreprises\/capitale-nationale-en\/\" rel=\"category\" data-term-id=\"130\"><span class=\"tg-item-term\" >Capitale-Nationale<\/span><\/a><span>, <\/span><a class=\"filtres_des_entreprises\" href=\"https:\/\/fonds-risq.qc.ca\/en\/filtres_des_entreprises\/culture-en\/\" rel=\"category\" data-term-id=\"177\"><span class=\"tg-item-term\" >Culture<\/span><\/a><span>, <\/span><a class=\"filtres_des_entreprises\" href=\"https:\/\/fonds-risq.qc.ca\/en\/filtres_des_entreprises\/leisure-tourism\/\" rel=\"category\" data-term-id=\"144\"><span class=\"tg-item-term\" >Leisure \/ Tourism<\/span><\/a><span>, <\/span><a class=\"filtres_des_entreprises\" href=\"https:\/\/fonds-risq.qc.ca\/en\/filtres_des_entreprises\/npo\/\" rel=\"category\" data-term-id=\"150\"><span class=\"tg-item-term\" >NPO<\/span><\/a><span>, <\/span><a class=\"filtres_des_entreprises\" href=\"https:\/\/fonds-risq.qc.ca\/en\/filtres_des_entreprises\/services-to-people\/\" rel=\"category\" data-term-id=\"142\"><span class=\"tg-item-term\" >Services to people<\/span><\/a><span>, <\/span><a class=\"filtres_des_entreprises\" href=\"https:\/\/fonds-risq.qc.ca\/en\/filtres_des_entreprises\/pret-pour-aide-technique-en\/\" rel=\"category\" data-term-id=\"146\"><span class=\"tg-item-term\" >Technical assistance loan<\/span><\/a><\/span><div class=\"tg-item-footer\"><a class=\"tg-item-comment\" href=\"https:\/\/fonds-risq.qc.ca\/en\/entreprise\/centre-amadeus\/\"  target=\"_self\">No comment<\/a><span class=\"no-ajaxy to-post-like no-liked empty-heart\" data-post-id=\"19160\" title=\"Like\"><span class=\"to-heart-icon\"><svg xmlns=\"http:\/\/www.w3.org\/2000\/svg\" version=\"1.1\" viewBox=\"0 0 64 64\"><g transform=\"translate(0, 0)\"><path stroke-width=\"6\" stroke-linecap=\"square\" stroke-miterlimit=\"10\" d=\"M1,21c0,20,31,38,31,38s31-18,31-38 c0-8.285-6-16-15-16c-8.285,0-16,5.715-16,14c0-8.285-7.715-14-16-14C7,5,1,12.715,1,21z\"><\/path><\/g><\/svg><\/span><span class=\"to-like-count\">0<\/span><\/span><\/div><\/div><\/div><\/article><!-- The Grid item #52 --><article class=\"tg-item tg-post-19156 kampala f261 f148 f151 f127 f144 f190\" data-row=\"1\" data-col=\"1\"><div class=\"tg-item-inner\"><div class=\"tg-item-media-holder tg-light\"><div class=\"tg-item-media-inner\"><img decoding=\"async\" class=\"tg-item-image\" alt=\"\" width=\"772\" height=\"537\" src=\"https:\/\/fonds-risq.qc.ca\/wp-content\/uploads\/2025\/02\/Cs-st-Isidore-Photo.png\"><\/div><div class=\"tg-center-holder\"><div class=\"tg-center-inner\"><div class=\"tg-item-overlay\"><\/div><a class=\"tg-link-button\" href=\"https:\/\/fonds-risq.qc.ca\/en\/entreprise\/cooperative-de-solidarite-de-saint-isidore-de-clifton\/\" target=\"_self\"><i class=\"tg-icon-link\"><\/i><\/a><\/div><\/div><div class=\"tg-item-decoration\"><div class=\"triangle-down-right\" style=\"border-color:#0097c8\"><\/div><\/div><div class=\"tg-item-share-holder\"><div class=\"triangle-up-left\" style=\"border-color:rgba(22,22,22,0.65)\"><\/div><i class=\"tg-icon-reply\" style=\"color:#ffffff\"><\/i><div class=\"tg-share-icons\"><a class=\"tg-social-share tg-facebook\" href=\"https:\/\/www.facebook.com\/sharer.php?u=https%3A%2F%2Ffonds-risq.qc.ca%2Fen%2Fentreprise%2Fcooperative-de-solidarite-de-saint-isidore-de-clifton%2F&#038;t=Coop%C3%A9rative%20de%20solidarit%C3%A9%20de%20Saint-Isidore-de-Clifton\"><i class=\"tg-icon-facebook\"><\/i><\/a><a class=\"tg-social-share tg-twitter\" href=\"https:\/\/twitter.com\/share?url=https%3A%2F%2Ffonds-risq.qc.ca%2Fen%2Fentreprise%2Fcooperative-de-solidarite-de-saint-isidore-de-clifton%2F&#038;text=Coop%C3%A9rative%20de%20solidarit%C3%A9%20de%20Saint-Isidore-de-Clifton\"><i class=\"tg-icon-twitter\"><\/i><\/a><a class=\"tg-social-share tg-google-plus\" href=\"https:\/\/plus.google.com\/share?url=https%3A%2F%2Ffonds-risq.qc.ca%2Fen%2Fentreprise%2Fcooperative-de-solidarite-de-saint-isidore-de-clifton%2F\"><i class=\"tg-icon-google-plus\"><\/i><\/a><a class=\"tg-social-share tg-pinterest\" href=\"https:\/\/pinterest.com\/pin\/create\/button\/?url=https%3A%2F%2Ffonds-risq.qc.ca%2Fen%2Fentreprise%2Fcooperative-de-solidarite-de-saint-isidore-de-clifton%2F&#038;description=Coop%C3%A9rative%20de%20solidarit%C3%A9%20de%20Saint-Isidore-de-Clifton&#038;media=https%3A%2F%2Ffonds-risq.qc.ca%2Fwp-content%2Fuploads%2F2025%2F02%2FCs-st-Isidore-Photo.png\"><i class=\"tg-icon-pinterest\"><\/i><\/a><\/div><\/div><\/div><div class=\"tg-item-content-holder tg-light image-format\" style=\"background-color:#0097c8\"><span class=\"tg-item-date\">7 April 2025<\/span><h2 class=\"tg-item-title\"><a href=\"https:\/\/fonds-risq.qc.ca\/en\/entreprise\/cooperative-de-solidarite-de-saint-isidore-de-clifton\/\" target=\"_self\">Coop\u00e9rative de solidarit\u00e9 de Saint-Isidore-de-Clifton<\/a><\/h2><span class=\"tg-cats-holder\"><a class=\"filtres_des_entreprises\" href=\"https:\/\/fonds-risq.qc.ca\/en\/filtres_des_entreprises\/2024-en\/\" rel=\"category\" data-term-id=\"261\"><span class=\"tg-item-term\" >2024<\/span><\/a><span>, <\/span><a class=\"filtres_des_entreprises\" href=\"https:\/\/fonds-risq.qc.ca\/en\/filtres_des_entreprises\/capitalization-loan\/\" rel=\"category\" data-term-id=\"148\"><span class=\"tg-item-term\" >Capitalization loan<\/span><\/a><span>, <\/span><a class=\"filtres_des_entreprises\" href=\"https:\/\/fonds-risq.qc.ca\/en\/filtres_des_entreprises\/coop-en\/\" rel=\"category\" data-term-id=\"151\"><span class=\"tg-item-term\" >COOP<\/span><\/a><span>, <\/span><a class=\"filtres_des_entreprises\" href=\"https:\/\/fonds-risq.qc.ca\/en\/filtres_des_entreprises\/estrie-en\/\" rel=\"category\" data-term-id=\"127\"><span class=\"tg-item-term\" >Estrie<\/span><\/a><span>, <\/span><a class=\"filtres_des_entreprises\" href=\"https:\/\/fonds-risq.qc.ca\/en\/filtres_des_entreprises\/leisure-tourism\/\" rel=\"category\" data-term-id=\"144\"><span class=\"tg-item-term\" >Leisure \/ Tourism<\/span><\/a><span>, <\/span><a class=\"filtres_des_entreprises\" href=\"https:\/\/fonds-risq.qc.ca\/en\/filtres_des_entreprises\/loisirs-divertissement-en\/\" rel=\"category\" data-term-id=\"190\"><span class=\"tg-item-term\" >Loisirs-Divertissement<\/span><\/a><\/span><div class=\"tg-item-footer\"><a class=\"tg-item-comment\" href=\"https:\/\/fonds-risq.qc.ca\/en\/entreprise\/cooperative-de-solidarite-de-saint-isidore-de-clifton\/\"  target=\"_self\">No comment<\/a><span class=\"no-ajaxy to-post-like no-liked empty-heart\" data-post-id=\"19156\" title=\"Like\"><span class=\"to-heart-icon\"><svg xmlns=\"http:\/\/www.w3.org\/2000\/svg\" version=\"1.1\" viewBox=\"0 0 64 64\"><g transform=\"translate(0, 0)\"><path stroke-width=\"6\" stroke-linecap=\"square\" stroke-miterlimit=\"10\" d=\"M1,21c0,20,31,38,31,38s31-18,31-38 c0-8.285-6-16-15-16c-8.285,0-16,5.715-16,14c0-8.285-7.715-14-16-14C7,5,1,12.715,1,21z\"><\/path><\/g><\/svg><\/span><span class=\"to-like-count\">0<\/span><\/span><\/div><\/div><\/div><\/article><!-- The Grid item #53 --><article class=\"tg-item tg-post-19153 kampala f261 f148 f128 f154 f150 f208\" data-row=\"1\" data-col=\"1\"><div class=\"tg-item-inner\"><div class=\"tg-item-media-holder tg-light\"><div class=\"tg-item-media-inner\"><img decoding=\"async\" class=\"tg-item-image\" alt=\"\" width=\"960\" height=\"355\" src=\"https:\/\/fonds-risq.qc.ca\/wp-content\/uploads\/2025\/02\/Synapse-C-Photo.png\"><\/div><div class=\"tg-center-holder\"><div class=\"tg-center-inner\"><div class=\"tg-item-overlay\"><\/div><a class=\"tg-link-button\" href=\"https:\/\/fonds-risq.qc.ca\/en\/entreprise\/synapse-c\/\" target=\"_self\"><i class=\"tg-icon-link\"><\/i><\/a><\/div><\/div><div class=\"tg-item-decoration\"><div class=\"triangle-down-right\" style=\"border-color:#0097c8\"><\/div><\/div><div class=\"tg-item-share-holder\"><div class=\"triangle-up-left\" style=\"border-color:rgba(22,22,22,0.65)\"><\/div><i class=\"tg-icon-reply\" style=\"color:#ffffff\"><\/i><div class=\"tg-share-icons\"><a class=\"tg-social-share tg-facebook\" href=\"https:\/\/www.facebook.com\/sharer.php?u=https%3A%2F%2Ffonds-risq.qc.ca%2Fen%2Fentreprise%2Fsynapse-c%2F&#038;t=Synapse%20C\"><i class=\"tg-icon-facebook\"><\/i><\/a><a class=\"tg-social-share tg-twitter\" href=\"https:\/\/twitter.com\/share?url=https%3A%2F%2Ffonds-risq.qc.ca%2Fen%2Fentreprise%2Fsynapse-c%2F&#038;text=Synapse%20C\"><i class=\"tg-icon-twitter\"><\/i><\/a><a class=\"tg-social-share tg-google-plus\" href=\"https:\/\/plus.google.com\/share?url=https%3A%2F%2Ffonds-risq.qc.ca%2Fen%2Fentreprise%2Fsynapse-c%2F\"><i class=\"tg-icon-google-plus\"><\/i><\/a><a class=\"tg-social-share tg-pinterest\" href=\"https:\/\/pinterest.com\/pin\/create\/button\/?url=https%3A%2F%2Ffonds-risq.qc.ca%2Fen%2Fentreprise%2Fsynapse-c%2F&#038;description=Synapse%20C&#038;media=https%3A%2F%2Ffonds-risq.qc.ca%2Fwp-content%2Fuploads%2F2025%2F02%2FSynapse-C-Photo.png\"><i class=\"tg-icon-pinterest\"><\/i><\/a><\/div><\/div><\/div><div class=\"tg-item-content-holder tg-light image-format\" style=\"background-color:#0097c8\"><span class=\"tg-item-date\">7 April 2025<\/span><h2 class=\"tg-item-title\"><a href=\"https:\/\/fonds-risq.qc.ca\/en\/entreprise\/synapse-c\/\" target=\"_self\">Synapse C<\/a><\/h2><span class=\"tg-cats-holder\"><a class=\"filtres_des_entreprises\" href=\"https:\/\/fonds-risq.qc.ca\/en\/filtres_des_entreprises\/2024-en\/\" rel=\"category\" data-term-id=\"261\"><span class=\"tg-item-term\" >2024<\/span><\/a><span>, <\/span><a class=\"filtres_des_entreprises\" href=\"https:\/\/fonds-risq.qc.ca\/en\/filtres_des_entreprises\/capitalization-loan\/\" rel=\"category\" data-term-id=\"148\"><span class=\"tg-item-term\" >Capitalization loan<\/span><\/a><span>, <\/span><a class=\"filtres_des_entreprises\" href=\"https:\/\/fonds-risq.qc.ca\/en\/filtres_des_entreprises\/montreal-en\/\" rel=\"category\" data-term-id=\"128\"><span class=\"tg-item-term\" >Montr\u00e9al<\/span><\/a><span>, <\/span><a class=\"filtres_des_entreprises\" href=\"https:\/\/fonds-risq.qc.ca\/en\/filtres_des_entreprises\/new-information-technologies\/\" rel=\"category\" data-term-id=\"154\"><span class=\"tg-item-term\" >New information technologies<\/span><\/a><span>, <\/span><a class=\"filtres_des_entreprises\" href=\"https:\/\/fonds-risq.qc.ca\/en\/filtres_des_entreprises\/npo\/\" rel=\"category\" data-term-id=\"150\"><span class=\"tg-item-term\" >NPO<\/span><\/a><span>, <\/span><a class=\"filtres_des_entreprises\" href=\"https:\/\/fonds-risq.qc.ca\/en\/filtres_des_entreprises\/numeriques-en\/\" rel=\"category\" data-term-id=\"208\"><span class=\"tg-item-term\" >Num\u00e9riques<\/span><\/a><\/span><div class=\"tg-item-footer\"><a class=\"tg-item-comment\" href=\"https:\/\/fonds-risq.qc.ca\/en\/entreprise\/synapse-c\/\"  target=\"_self\">No comment<\/a><span class=\"no-ajaxy to-post-like no-liked empty-heart\" data-post-id=\"19153\" title=\"Like\"><span class=\"to-heart-icon\"><svg xmlns=\"http:\/\/www.w3.org\/2000\/svg\" version=\"1.1\" viewBox=\"0 0 64 64\"><g transform=\"translate(0, 0)\"><path stroke-width=\"6\" stroke-linecap=\"square\" stroke-miterlimit=\"10\" d=\"M1,21c0,20,31,38,31,38s31-18,31-38 c0-8.285-6-16-15-16c-8.285,0-16,5.715-16,14c0-8.285-7.715-14-16-14C7,5,1,12.715,1,21z\"><\/path><\/g><\/svg><\/span><span class=\"to-like-count\">0<\/span><\/span><\/div><\/div><\/div><\/article><!-- The Grid item #54 --><article class=\"tg-item tg-post-19148 kampala f261 f148 f141 f151 f127 f135\" data-row=\"1\" data-col=\"1\"><div class=\"tg-item-inner\"><div class=\"tg-item-media-holder tg-light\"><div class=\"tg-item-media-inner\"><img decoding=\"async\" class=\"tg-item-image\" alt=\"\" width=\"2048\" height=\"1365\" src=\"https:\/\/fonds-risq.qc.ca\/wp-content\/uploads\/2025\/02\/Latelier-Touristique-Photo.jpg\"><\/div><div class=\"tg-center-holder\"><div class=\"tg-center-inner\"><div class=\"tg-item-overlay\"><\/div><a class=\"tg-link-button\" href=\"https:\/\/fonds-risq.qc.ca\/en\/entreprise\/cooperative-latelier-touristique\/\" target=\"_self\"><i class=\"tg-icon-link\"><\/i><\/a><\/div><\/div><div class=\"tg-item-decoration\"><div class=\"triangle-down-right\" style=\"border-color:#0097c8\"><\/div><\/div><div class=\"tg-item-share-holder\"><div class=\"triangle-up-left\" style=\"border-color:rgba(22,22,22,0.65)\"><\/div><i class=\"tg-icon-reply\" style=\"color:#ffffff\"><\/i><div class=\"tg-share-icons\"><a class=\"tg-social-share tg-facebook\" href=\"https:\/\/www.facebook.com\/sharer.php?u=https%3A%2F%2Ffonds-risq.qc.ca%2Fen%2Fentreprise%2Fcooperative-latelier-touristique%2F&#038;t=Coop%C3%A9rative%20l%E2%80%99Atelier%20Touristique\"><i class=\"tg-icon-facebook\"><\/i><\/a><a class=\"tg-social-share tg-twitter\" href=\"https:\/\/twitter.com\/share?url=https%3A%2F%2Ffonds-risq.qc.ca%2Fen%2Fentreprise%2Fcooperative-latelier-touristique%2F&#038;text=Coop%C3%A9rative%20l%E2%80%99Atelier%20Touristique\"><i class=\"tg-icon-twitter\"><\/i><\/a><a class=\"tg-social-share tg-google-plus\" href=\"https:\/\/plus.google.com\/share?url=https%3A%2F%2Ffonds-risq.qc.ca%2Fen%2Fentreprise%2Fcooperative-latelier-touristique%2F\"><i class=\"tg-icon-google-plus\"><\/i><\/a><a class=\"tg-social-share tg-pinterest\" href=\"https:\/\/pinterest.com\/pin\/create\/button\/?url=https%3A%2F%2Ffonds-risq.qc.ca%2Fen%2Fentreprise%2Fcooperative-latelier-touristique%2F&#038;description=Coop%C3%A9rative%20l%E2%80%99Atelier%20Touristique&#038;media=https%3A%2F%2Ffonds-risq.qc.ca%2Fwp-content%2Fuploads%2F2025%2F02%2FLatelier-Touristique-Photo.jpg\"><i class=\"tg-icon-pinterest\"><\/i><\/a><\/div><\/div><\/div><div class=\"tg-item-content-holder tg-light image-format\" style=\"background-color:#0097c8\"><span class=\"tg-item-date\">7 April 2025<\/span><h2 class=\"tg-item-title\"><a href=\"https:\/\/fonds-risq.qc.ca\/en\/entreprise\/cooperative-latelier-touristique\/\" target=\"_self\">Coop\u00e9rative l\u2019Atelier Touristique<\/a><\/h2><span class=\"tg-cats-holder\"><a class=\"filtres_des_entreprises\" href=\"https:\/\/fonds-risq.qc.ca\/en\/filtres_des_entreprises\/2024-en\/\" rel=\"category\" data-term-id=\"261\"><span class=\"tg-item-term\" >2024<\/span><\/a><span>, <\/span><a class=\"filtres_des_entreprises\" href=\"https:\/\/fonds-risq.qc.ca\/en\/filtres_des_entreprises\/capitalization-loan\/\" rel=\"category\" data-term-id=\"148\"><span class=\"tg-item-term\" >Capitalization loan<\/span><\/a><span>, <\/span><a class=\"filtres_des_entreprises\" href=\"https:\/\/fonds-risq.qc.ca\/en\/filtres_des_entreprises\/communication-en\/\" rel=\"category\" data-term-id=\"141\"><span class=\"tg-item-term\" >Communication<\/span><\/a><span>, <\/span><a class=\"filtres_des_entreprises\" href=\"https:\/\/fonds-risq.qc.ca\/en\/filtres_des_entreprises\/coop-en\/\" rel=\"category\" data-term-id=\"151\"><span class=\"tg-item-term\" >COOP<\/span><\/a><span>, <\/span><a class=\"filtres_des_entreprises\" href=\"https:\/\/fonds-risq.qc.ca\/en\/filtres_des_entreprises\/estrie-en\/\" rel=\"category\" data-term-id=\"127\"><span class=\"tg-item-term\" >Estrie<\/span><\/a><span>, <\/span><a class=\"filtres_des_entreprises\" href=\"https:\/\/fonds-risq.qc.ca\/en\/filtres_des_entreprises\/services-en\/\" rel=\"category\" data-term-id=\"135\"><span class=\"tg-item-term\" >Services<\/span><\/a><\/span><div class=\"tg-item-footer\"><a class=\"tg-item-comment\" href=\"https:\/\/fonds-risq.qc.ca\/en\/entreprise\/cooperative-latelier-touristique\/\"  target=\"_self\">No comment<\/a><span class=\"no-ajaxy to-post-like no-liked empty-heart\" data-post-id=\"19148\" title=\"Like\"><span class=\"to-heart-icon\"><svg xmlns=\"http:\/\/www.w3.org\/2000\/svg\" version=\"1.1\" viewBox=\"0 0 64 64\"><g transform=\"translate(0, 0)\"><path stroke-width=\"6\" stroke-linecap=\"square\" stroke-miterlimit=\"10\" d=\"M1,21c0,20,31,38,31,38s31-18,31-38 c0-8.285-6-16-15-16c-8.285,0-16,5.715-16,14c0-8.285-7.715-14-16-14C7,5,1,12.715,1,21z\"><\/path><\/g><\/svg><\/span><span class=\"to-like-count\">0<\/span><\/span><\/div><\/div><\/div><\/article><!-- The Grid item #55 --><article class=\"tg-item tg-post-19145 kampala f261 f148 f151 f156 f135\" data-row=\"1\" data-col=\"1\"><div class=\"tg-item-inner\"><div class=\"tg-item-media-holder tg-light\"><div class=\"tg-item-media-inner\"><img decoding=\"async\" class=\"tg-item-image\" alt=\"\" width=\"1440\" height=\"1440\" src=\"https:\/\/fonds-risq.qc.ca\/wp-content\/uploads\/2025\/02\/Creations-partage-Photo.jpg\"><\/div><div class=\"tg-center-holder\"><div class=\"tg-center-inner\"><div class=\"tg-item-overlay\"><\/div><a class=\"tg-link-button\" href=\"https:\/\/fonds-risq.qc.ca\/en\/entreprise\/creations-partage-coop-de-solidarite\/\" target=\"_self\"><i class=\"tg-icon-link\"><\/i><\/a><\/div><\/div><div class=\"tg-item-decoration\"><div class=\"triangle-down-right\" style=\"border-color:#0097c8\"><\/div><\/div><div class=\"tg-item-share-holder\"><div class=\"triangle-up-left\" style=\"border-color:rgba(22,22,22,0.65)\"><\/div><i class=\"tg-icon-reply\" style=\"color:#ffffff\"><\/i><div class=\"tg-share-icons\"><a class=\"tg-social-share tg-facebook\" href=\"https:\/\/www.facebook.com\/sharer.php?u=https%3A%2F%2Ffonds-risq.qc.ca%2Fen%2Fentreprise%2Fcreations-partage-coop-de-solidarite%2F&#038;t=Cr%C3%A9ations%20Partage%20Coop%20de%20Solidarit%C3%A9\"><i class=\"tg-icon-facebook\"><\/i><\/a><a class=\"tg-social-share tg-twitter\" href=\"https:\/\/twitter.com\/share?url=https%3A%2F%2Ffonds-risq.qc.ca%2Fen%2Fentreprise%2Fcreations-partage-coop-de-solidarite%2F&#038;text=Cr%C3%A9ations%20Partage%20Coop%20de%20Solidarit%C3%A9\"><i class=\"tg-icon-twitter\"><\/i><\/a><a class=\"tg-social-share tg-google-plus\" href=\"https:\/\/plus.google.com\/share?url=https%3A%2F%2Ffonds-risq.qc.ca%2Fen%2Fentreprise%2Fcreations-partage-coop-de-solidarite%2F\"><i class=\"tg-icon-google-plus\"><\/i><\/a><a class=\"tg-social-share tg-pinterest\" href=\"https:\/\/pinterest.com\/pin\/create\/button\/?url=https%3A%2F%2Ffonds-risq.qc.ca%2Fen%2Fentreprise%2Fcreations-partage-coop-de-solidarite%2F&#038;description=Cr%C3%A9ations%20Partage%20Coop%20de%20Solidarit%C3%A9&#038;media=https%3A%2F%2Ffonds-risq.qc.ca%2Fwp-content%2Fuploads%2F2025%2F02%2FCreations-partage-Photo.jpg\"><i class=\"tg-icon-pinterest\"><\/i><\/a><\/div><\/div><\/div><div class=\"tg-item-content-holder tg-light image-format\" style=\"background-color:#0097c8\"><span class=\"tg-item-date\">7 April 2025<\/span><h2 class=\"tg-item-title\"><a href=\"https:\/\/fonds-risq.qc.ca\/en\/entreprise\/creations-partage-coop-de-solidarite\/\" target=\"_self\">Cr\u00e9ations Partage Coop de Solidarit\u00e9<\/a><\/h2><span class=\"tg-cats-holder\"><a class=\"filtres_des_entreprises\" href=\"https:\/\/fonds-risq.qc.ca\/en\/filtres_des_entreprises\/2024-en\/\" rel=\"category\" data-term-id=\"261\"><span class=\"tg-item-term\" >2024<\/span><\/a><span>, <\/span><a class=\"filtres_des_entreprises\" href=\"https:\/\/fonds-risq.qc.ca\/en\/filtres_des_entreprises\/capitalization-loan\/\" rel=\"category\" data-term-id=\"148\"><span class=\"tg-item-term\" >Capitalization loan<\/span><\/a><span>, <\/span><a class=\"filtres_des_entreprises\" href=\"https:\/\/fonds-risq.qc.ca\/en\/filtres_des_entreprises\/coop-en\/\" rel=\"category\" data-term-id=\"151\"><span class=\"tg-item-term\" >COOP<\/span><\/a><span>, <\/span><a class=\"filtres_des_entreprises\" href=\"https:\/\/fonds-risq.qc.ca\/en\/filtres_des_entreprises\/outaouais-en\/\" rel=\"category\" data-term-id=\"156\"><span class=\"tg-item-term\" >Outaouais<\/span><\/a><span>, <\/span><a class=\"filtres_des_entreprises\" href=\"https:\/\/fonds-risq.qc.ca\/en\/filtres_des_entreprises\/services-en\/\" rel=\"category\" data-term-id=\"135\"><span class=\"tg-item-term\" >Services<\/span><\/a><\/span><div class=\"tg-item-footer\"><a class=\"tg-item-comment\" href=\"https:\/\/fonds-risq.qc.ca\/en\/entreprise\/creations-partage-coop-de-solidarite\/\"  target=\"_self\">No comment<\/a><span class=\"no-ajaxy to-post-like no-liked empty-heart\" data-post-id=\"19145\" title=\"Like\"><span class=\"to-heart-icon\"><svg xmlns=\"http:\/\/www.w3.org\/2000\/svg\" version=\"1.1\" viewBox=\"0 0 64 64\"><g transform=\"translate(0, 0)\"><path stroke-width=\"6\" stroke-linecap=\"square\" stroke-miterlimit=\"10\" d=\"M1,21c0,20,31,38,31,38s31-18,31-38 c0-8.285-6-16-15-16c-8.285,0-16,5.715-16,14c0-8.285-7.715-14-16-14C7,5,1,12.715,1,21z\"><\/path><\/g><\/svg><\/span><span class=\"to-like-count\">0<\/span><\/span><\/div><\/div><\/div><\/article><!-- The Grid item #56 --><article class=\"tg-item tg-post-18940 kampala f261 f152 f257 f190\" data-row=\"1\" data-col=\"1\"><div class=\"tg-item-inner\"><div class=\"tg-item-media-holder tg-light\"><div class=\"tg-item-media-inner\"><img decoding=\"async\" class=\"tg-item-image\" alt=\"\" width=\"1080\" height=\"1350\" src=\"https:\/\/fonds-risq.qc.ca\/wp-content\/uploads\/2025\/02\/Patro-de-Levis-Photo.jpg\"><\/div><div class=\"tg-center-holder\"><div class=\"tg-center-inner\"><div class=\"tg-item-overlay\"><\/div><a class=\"tg-link-button\" href=\"https:\/\/fonds-risq.qc.ca\/en\/entreprise\/patro-de-levis\/\" target=\"_self\"><i class=\"tg-icon-link\"><\/i><\/a><\/div><\/div><div class=\"tg-item-decoration\"><div class=\"triangle-down-right\" style=\"border-color:#dd9933\"><\/div><\/div><div class=\"tg-item-share-holder\"><div class=\"triangle-up-left\" style=\"border-color:rgba(22,22,22,0.65)\"><\/div><i class=\"tg-icon-reply\" style=\"color:#ffffff\"><\/i><div class=\"tg-share-icons\"><a class=\"tg-social-share tg-facebook\" href=\"https:\/\/www.facebook.com\/sharer.php?u=https%3A%2F%2Ffonds-risq.qc.ca%2Fen%2Fentreprise%2Fpatro-de-levis%2F&#038;t=Patro%20de%20L%C3%A9vis\"><i class=\"tg-icon-facebook\"><\/i><\/a><a class=\"tg-social-share tg-twitter\" href=\"https:\/\/twitter.com\/share?url=https%3A%2F%2Ffonds-risq.qc.ca%2Fen%2Fentreprise%2Fpatro-de-levis%2F&#038;text=Patro%20de%20L%C3%A9vis\"><i class=\"tg-icon-twitter\"><\/i><\/a><a class=\"tg-social-share tg-google-plus\" href=\"https:\/\/plus.google.com\/share?url=https%3A%2F%2Ffonds-risq.qc.ca%2Fen%2Fentreprise%2Fpatro-de-levis%2F\"><i class=\"tg-icon-google-plus\"><\/i><\/a><a class=\"tg-social-share tg-pinterest\" href=\"https:\/\/pinterest.com\/pin\/create\/button\/?url=https%3A%2F%2Ffonds-risq.qc.ca%2Fen%2Fentreprise%2Fpatro-de-levis%2F&#038;description=Patro%20de%20L%C3%A9vis&#038;media=https%3A%2F%2Ffonds-risq.qc.ca%2Fwp-content%2Fuploads%2F2025%2F02%2FPatro-de-Levis-Photo.jpg\"><i class=\"tg-icon-pinterest\"><\/i><\/a><\/div><\/div><\/div><div class=\"tg-item-content-holder tg-light image-format\" style=\"background-color:#dd9933\"><span class=\"tg-item-date\">28 February 2025<\/span><h2 class=\"tg-item-title\"><a href=\"https:\/\/fonds-risq.qc.ca\/en\/entreprise\/patro-de-levis\/\" target=\"_self\">Patro de L\u00e9vis<\/a><\/h2><span class=\"tg-cats-holder\"><a class=\"filtres_des_entreprises\" href=\"https:\/\/fonds-risq.qc.ca\/en\/filtres_des_entreprises\/2024-en\/\" rel=\"category\" data-term-id=\"261\"><span class=\"tg-item-term\" >2024<\/span><\/a><span>, <\/span><a class=\"filtres_des_entreprises\" href=\"https:\/\/fonds-risq.qc.ca\/en\/filtres_des_entreprises\/chaudiere-appalaches-en\/\" rel=\"category\" data-term-id=\"152\"><span class=\"tg-item-term\" >Chaudi\u00e8re-Appalaches<\/span><\/a><span>, <\/span><a class=\"filtres_des_entreprises\" href=\"https:\/\/fonds-risq.qc.ca\/en\/filtres_des_entreprises\/fonds-lampli-en\/\" rel=\"category\" data-term-id=\"257\"><span class=\"tg-item-term\" >Fonds l&rsquo;ampli<\/span><\/a><span>, <\/span><a class=\"filtres_des_entreprises\" href=\"https:\/\/fonds-risq.qc.ca\/en\/filtres_des_entreprises\/loisirs-divertissement-en\/\" rel=\"category\" data-term-id=\"190\"><span class=\"tg-item-term\" >Loisirs-Divertissement<\/span><\/a><\/span><div class=\"tg-item-footer\"><a class=\"tg-item-comment\" href=\"https:\/\/fonds-risq.qc.ca\/en\/entreprise\/patro-de-levis\/\"  target=\"_self\">No comment<\/a><span class=\"no-ajaxy to-post-like no-liked empty-heart\" data-post-id=\"18940\" title=\"Like\"><span class=\"to-heart-icon\"><svg xmlns=\"http:\/\/www.w3.org\/2000\/svg\" version=\"1.1\" viewBox=\"0 0 64 64\"><g transform=\"translate(0, 0)\"><path stroke-width=\"6\" stroke-linecap=\"square\" stroke-miterlimit=\"10\" d=\"M1,21c0,20,31,38,31,38s31-18,31-38 c0-8.285-6-16-15-16c-8.285,0-16,5.715-16,14c0-8.285-7.715-14-16-14C7,5,1,12.715,1,21z\"><\/path><\/g><\/svg><\/span><span class=\"to-like-count\">0<\/span><\/span><\/div><\/div><\/div><\/article><!-- The Grid item #57 --><article class=\"tg-item tg-post-18659 kampala f261 f148 f127 f144 f190 f150\" data-row=\"1\" data-col=\"1\"><div class=\"tg-item-inner\"><div class=\"tg-item-media-holder tg-light\"><div class=\"tg-item-media-inner\"><img decoding=\"async\" class=\"tg-item-image\" alt=\"\" width=\"2048\" height=\"1365\" src=\"https:\/\/fonds-risq.qc.ca\/wp-content\/uploads\/2024\/12\/MSC.jpg\"><\/div><div class=\"tg-center-holder\"><div class=\"tg-center-inner\"><div class=\"tg-item-overlay\"><\/div><a class=\"tg-link-button\" href=\"https:\/\/fonds-risq.qc.ca\/en\/entreprise\/station-mont-sainte-cecile\/\" target=\"_self\"><i class=\"tg-icon-link\"><\/i><\/a><\/div><\/div><div class=\"tg-item-decoration\"><div class=\"triangle-down-right\" style=\"border-color:#0097c8\"><\/div><\/div><div class=\"tg-item-share-holder\"><div class=\"triangle-up-left\" style=\"border-color:rgba(22,22,22,0.65)\"><\/div><i class=\"tg-icon-reply\" style=\"color:#ffffff\"><\/i><div class=\"tg-share-icons\"><a class=\"tg-social-share tg-facebook\" href=\"https:\/\/www.facebook.com\/sharer.php?u=https%3A%2F%2Ffonds-risq.qc.ca%2Fen%2Fentreprise%2Fstation-mont-sainte-cecile%2F&#038;t=Station%20Mont-Sainte-C%C3%A9cile\"><i class=\"tg-icon-facebook\"><\/i><\/a><a class=\"tg-social-share tg-twitter\" href=\"https:\/\/twitter.com\/share?url=https%3A%2F%2Ffonds-risq.qc.ca%2Fen%2Fentreprise%2Fstation-mont-sainte-cecile%2F&#038;text=Station%20Mont-Sainte-C%C3%A9cile\"><i class=\"tg-icon-twitter\"><\/i><\/a><a class=\"tg-social-share tg-google-plus\" href=\"https:\/\/plus.google.com\/share?url=https%3A%2F%2Ffonds-risq.qc.ca%2Fen%2Fentreprise%2Fstation-mont-sainte-cecile%2F\"><i class=\"tg-icon-google-plus\"><\/i><\/a><a class=\"tg-social-share tg-pinterest\" href=\"https:\/\/pinterest.com\/pin\/create\/button\/?url=https%3A%2F%2Ffonds-risq.qc.ca%2Fen%2Fentreprise%2Fstation-mont-sainte-cecile%2F&#038;description=Station%20Mont-Sainte-C%C3%A9cile&#038;media=https%3A%2F%2Ffonds-risq.qc.ca%2Fwp-content%2Fuploads%2F2024%2F12%2FMSC.jpg\"><i class=\"tg-icon-pinterest\"><\/i><\/a><\/div><\/div><\/div><div class=\"tg-item-content-holder tg-light image-format\" style=\"background-color:#0097c8\"><span class=\"tg-item-date\">3 December 2024<\/span><h2 class=\"tg-item-title\"><a href=\"https:\/\/fonds-risq.qc.ca\/en\/entreprise\/station-mont-sainte-cecile\/\" target=\"_self\">Station Mont-Sainte-C\u00e9cile<\/a><\/h2><span class=\"tg-cats-holder\"><a class=\"filtres_des_entreprises\" href=\"https:\/\/fonds-risq.qc.ca\/en\/filtres_des_entreprises\/2024-en\/\" rel=\"category\" data-term-id=\"261\"><span class=\"tg-item-term\" >2024<\/span><\/a><span>, <\/span><a class=\"filtres_des_entreprises\" href=\"https:\/\/fonds-risq.qc.ca\/en\/filtres_des_entreprises\/capitalization-loan\/\" rel=\"category\" data-term-id=\"148\"><span class=\"tg-item-term\" >Capitalization loan<\/span><\/a><span>, <\/span><a class=\"filtres_des_entreprises\" href=\"https:\/\/fonds-risq.qc.ca\/en\/filtres_des_entreprises\/estrie-en\/\" rel=\"category\" data-term-id=\"127\"><span class=\"tg-item-term\" >Estrie<\/span><\/a><span>, <\/span><a class=\"filtres_des_entreprises\" href=\"https:\/\/fonds-risq.qc.ca\/en\/filtres_des_entreprises\/leisure-tourism\/\" rel=\"category\" data-term-id=\"144\"><span class=\"tg-item-term\" >Leisure \/ Tourism<\/span><\/a><span>, <\/span><a class=\"filtres_des_entreprises\" href=\"https:\/\/fonds-risq.qc.ca\/en\/filtres_des_entreprises\/loisirs-divertissement-en\/\" rel=\"category\" data-term-id=\"190\"><span class=\"tg-item-term\" >Loisirs-Divertissement<\/span><\/a><span>, <\/span><a class=\"filtres_des_entreprises\" href=\"https:\/\/fonds-risq.qc.ca\/en\/filtres_des_entreprises\/npo\/\" rel=\"category\" data-term-id=\"150\"><span class=\"tg-item-term\" >NPO<\/span><\/a><\/span><div class=\"tg-item-footer\"><a class=\"tg-item-comment\" href=\"https:\/\/fonds-risq.qc.ca\/en\/entreprise\/station-mont-sainte-cecile\/\"  target=\"_self\">No comment<\/a><span class=\"no-ajaxy to-post-like no-liked empty-heart\" data-post-id=\"18659\" title=\"Like\"><span class=\"to-heart-icon\"><svg xmlns=\"http:\/\/www.w3.org\/2000\/svg\" version=\"1.1\" viewBox=\"0 0 64 64\"><g transform=\"translate(0, 0)\"><path stroke-width=\"6\" stroke-linecap=\"square\" stroke-miterlimit=\"10\" d=\"M1,21c0,20,31,38,31,38s31-18,31-38 c0-8.285-6-16-15-16c-8.285,0-16,5.715-16,14c0-8.285-7.715-14-16-14C7,5,1,12.715,1,21z\"><\/path><\/g><\/svg><\/span><span class=\"to-like-count\">0<\/span><\/span><\/div><\/div><\/div><\/article><!-- The Grid item #58 --><article class=\"tg-item tg-post-18656 kampala f261 f148 f151 f128 f154 f208\" data-row=\"1\" data-col=\"1\"><div class=\"tg-item-inner\"><div class=\"tg-item-media-holder tg-light\"><div class=\"tg-item-media-inner\"><img decoding=\"async\" class=\"tg-item-image\" alt=\"\" width=\"1920\" height=\"1301\" src=\"https:\/\/fonds-risq.qc.ca\/wp-content\/uploads\/2024\/12\/immersive_team.jpg\"><\/div><div class=\"tg-center-holder\"><div class=\"tg-center-inner\"><div class=\"tg-item-overlay\"><\/div><a class=\"tg-link-button\" href=\"https:\/\/fonds-risq.qc.ca\/en\/entreprise\/cooperative-lab148\/\" target=\"_self\"><i class=\"tg-icon-link\"><\/i><\/a><\/div><\/div><div class=\"tg-item-decoration\"><div class=\"triangle-down-right\" style=\"border-color:#0097c8\"><\/div><\/div><div class=\"tg-item-share-holder\"><div class=\"triangle-up-left\" style=\"border-color:rgba(22,22,22,0.65)\"><\/div><i class=\"tg-icon-reply\" style=\"color:#ffffff\"><\/i><div class=\"tg-share-icons\"><a class=\"tg-social-share tg-facebook\" href=\"https:\/\/www.facebook.com\/sharer.php?u=https%3A%2F%2Ffonds-risq.qc.ca%2Fen%2Fentreprise%2Fcooperative-lab148%2F&#038;t=Coop%C3%A9rative%20Lab148\"><i class=\"tg-icon-facebook\"><\/i><\/a><a class=\"tg-social-share tg-twitter\" href=\"https:\/\/twitter.com\/share?url=https%3A%2F%2Ffonds-risq.qc.ca%2Fen%2Fentreprise%2Fcooperative-lab148%2F&#038;text=Coop%C3%A9rative%20Lab148\"><i class=\"tg-icon-twitter\"><\/i><\/a><a class=\"tg-social-share tg-google-plus\" href=\"https:\/\/plus.google.com\/share?url=https%3A%2F%2Ffonds-risq.qc.ca%2Fen%2Fentreprise%2Fcooperative-lab148%2F\"><i class=\"tg-icon-google-plus\"><\/i><\/a><a class=\"tg-social-share tg-pinterest\" href=\"https:\/\/pinterest.com\/pin\/create\/button\/?url=https%3A%2F%2Ffonds-risq.qc.ca%2Fen%2Fentreprise%2Fcooperative-lab148%2F&#038;description=Coop%C3%A9rative%20Lab148&#038;media=https%3A%2F%2Ffonds-risq.qc.ca%2Fwp-content%2Fuploads%2F2024%2F12%2Fimmersive_team.jpg\"><i class=\"tg-icon-pinterest\"><\/i><\/a><\/div><\/div><\/div><div class=\"tg-item-content-holder tg-light image-format\" style=\"background-color:#0097c8\"><span class=\"tg-item-date\">3 December 2024<\/span><h2 class=\"tg-item-title\"><a href=\"https:\/\/fonds-risq.qc.ca\/en\/entreprise\/cooperative-lab148\/\" target=\"_self\">Coop\u00e9rative Lab148<\/a><\/h2><span class=\"tg-cats-holder\"><a class=\"filtres_des_entreprises\" href=\"https:\/\/fonds-risq.qc.ca\/en\/filtres_des_entreprises\/2024-en\/\" rel=\"category\" data-term-id=\"261\"><span class=\"tg-item-term\" >2024<\/span><\/a><span>, <\/span><a class=\"filtres_des_entreprises\" href=\"https:\/\/fonds-risq.qc.ca\/en\/filtres_des_entreprises\/capitalization-loan\/\" rel=\"category\" data-term-id=\"148\"><span class=\"tg-item-term\" >Capitalization loan<\/span><\/a><span>, <\/span><a class=\"filtres_des_entreprises\" href=\"https:\/\/fonds-risq.qc.ca\/en\/filtres_des_entreprises\/coop-en\/\" rel=\"category\" data-term-id=\"151\"><span class=\"tg-item-term\" >COOP<\/span><\/a><span>, <\/span><a class=\"filtres_des_entreprises\" href=\"https:\/\/fonds-risq.qc.ca\/en\/filtres_des_entreprises\/montreal-en\/\" rel=\"category\" data-term-id=\"128\"><span class=\"tg-item-term\" >Montr\u00e9al<\/span><\/a><span>, <\/span><a class=\"filtres_des_entreprises\" href=\"https:\/\/fonds-risq.qc.ca\/en\/filtres_des_entreprises\/new-information-technologies\/\" rel=\"category\" data-term-id=\"154\"><span class=\"tg-item-term\" >New information technologies<\/span><\/a><span>, <\/span><a class=\"filtres_des_entreprises\" href=\"https:\/\/fonds-risq.qc.ca\/en\/filtres_des_entreprises\/numeriques-en\/\" rel=\"category\" data-term-id=\"208\"><span class=\"tg-item-term\" >Num\u00e9riques<\/span><\/a><\/span><div class=\"tg-item-footer\"><a class=\"tg-item-comment\" href=\"https:\/\/fonds-risq.qc.ca\/en\/entreprise\/cooperative-lab148\/\"  target=\"_self\">No comment<\/a><span class=\"no-ajaxy to-post-like no-liked empty-heart\" data-post-id=\"18656\" title=\"Like\"><span class=\"to-heart-icon\"><svg xmlns=\"http:\/\/www.w3.org\/2000\/svg\" version=\"1.1\" viewBox=\"0 0 64 64\"><g transform=\"translate(0, 0)\"><path stroke-width=\"6\" stroke-linecap=\"square\" stroke-miterlimit=\"10\" d=\"M1,21c0,20,31,38,31,38s31-18,31-38 c0-8.285-6-16-15-16c-8.285,0-16,5.715-16,14c0-8.285-7.715-14-16-14C7,5,1,12.715,1,21z\"><\/path><\/g><\/svg><\/span><span class=\"to-like-count\">0<\/span><\/span><\/div><\/div><\/div><\/article><!-- The Grid item #59 --><article class=\"tg-item tg-post-18632 kampala f252 f197 f248 f128 f150 f142\" data-row=\"1\" data-col=\"1\"><div class=\"tg-item-inner\"><div class=\"tg-item-media-holder tg-light\"><div class=\"tg-item-media-inner\"><img decoding=\"async\" class=\"tg-item-image\" alt=\"\" width=\"2048\" height=\"2048\" src=\"https:\/\/fonds-risq.qc.ca\/wp-content\/uploads\/2024\/11\/Photo2-Repit-e1730998567687.jpg\"><\/div><div class=\"tg-center-holder\"><div class=\"tg-center-inner\"><div class=\"tg-item-overlay\"><\/div><a class=\"tg-link-button\" href=\"https:\/\/fonds-risq.qc.ca\/en\/entreprise\/repit-ressource-de-lile-de-montreal\/\" target=\"_self\"><i class=\"tg-icon-link\"><\/i><\/a><\/div><\/div><div class=\"tg-item-decoration\"><div class=\"triangle-down-right\" style=\"border-color:#fdd304\"><\/div><\/div><div class=\"tg-item-share-holder\"><div class=\"triangle-up-left\" style=\"border-color:rgba(22,22,22,0.65)\"><\/div><i class=\"tg-icon-reply\" style=\"color:#ffffff\"><\/i><div class=\"tg-share-icons\"><a class=\"tg-social-share tg-facebook\" href=\"https:\/\/www.facebook.com\/sharer.php?u=https%3A%2F%2Ffonds-risq.qc.ca%2Fen%2Fentreprise%2Frepit-ressource-de-lile-de-montreal%2F&#038;t=R%C3%A9pit-Ressource%20de%20l%E2%80%99%C3%8Ele%20de%20Montr%C3%A9al\"><i class=\"tg-icon-facebook\"><\/i><\/a><a class=\"tg-social-share tg-twitter\" href=\"https:\/\/twitter.com\/share?url=https%3A%2F%2Ffonds-risq.qc.ca%2Fen%2Fentreprise%2Frepit-ressource-de-lile-de-montreal%2F&#038;text=R%C3%A9pit-Ressource%20de%20l%E2%80%99%C3%8Ele%20de%20Montr%C3%A9al\"><i class=\"tg-icon-twitter\"><\/i><\/a><a class=\"tg-social-share tg-google-plus\" href=\"https:\/\/plus.google.com\/share?url=https%3A%2F%2Ffonds-risq.qc.ca%2Fen%2Fentreprise%2Frepit-ressource-de-lile-de-montreal%2F\"><i class=\"tg-icon-google-plus\"><\/i><\/a><a class=\"tg-social-share tg-pinterest\" href=\"https:\/\/pinterest.com\/pin\/create\/button\/?url=https%3A%2F%2Ffonds-risq.qc.ca%2Fen%2Fentreprise%2Frepit-ressource-de-lile-de-montreal%2F&#038;description=R%C3%A9pit-Ressource%20de%20l%E2%80%99%C3%8Ele%20de%20Montr%C3%A9al&#038;media=https%3A%2F%2Ffonds-risq.qc.ca%2Fwp-content%2Fuploads%2F2024%2F11%2FPhoto2-Repit-e1730998567687.jpg\"><i class=\"tg-icon-pinterest\"><\/i><\/a><\/div><\/div><\/div><div class=\"tg-item-content-holder tg-light image-format\" style=\"background-color:#fdd304\"><span class=\"tg-item-date\">3 December 2024<\/span><h2 class=\"tg-item-title\"><a href=\"https:\/\/fonds-risq.qc.ca\/en\/entreprise\/repit-ressource-de-lile-de-montreal\/\" target=\"_self\">R\u00e9pit-Ressource de l\u2019\u00cele de Montr\u00e9al<\/a><\/h2><span class=\"tg-cats-holder\"><a class=\"filtres_des_entreprises\" href=\"https:\/\/fonds-risq.qc.ca\/en\/filtres_des_entreprises\/2023-en\/\" rel=\"category\" data-term-id=\"252\"><span class=\"tg-item-term\" >2023<\/span><\/a><span>, <\/span><a class=\"filtres_des_entreprises\" href=\"https:\/\/fonds-risq.qc.ca\/en\/filtres_des_entreprises\/assistance-sociale-en\/\" rel=\"category\" data-term-id=\"197\"><span class=\"tg-item-term\" >Assistance sociale<\/span><\/a><span>, <\/span><a class=\"filtres_des_entreprises\" href=\"https:\/\/fonds-risq.qc.ca\/en\/filtres_des_entreprises\/fonds-transition-en\/\" rel=\"category\" data-term-id=\"248\"><span class=\"tg-item-term\" >Fonds Transition<\/span><\/a><span>, <\/span><a class=\"filtres_des_entreprises\" href=\"https:\/\/fonds-risq.qc.ca\/en\/filtres_des_entreprises\/montreal-en\/\" rel=\"category\" data-term-id=\"128\"><span class=\"tg-item-term\" >Montr\u00e9al<\/span><\/a><span>, <\/span><a class=\"filtres_des_entreprises\" href=\"https:\/\/fonds-risq.qc.ca\/en\/filtres_des_entreprises\/npo\/\" rel=\"category\" data-term-id=\"150\"><span class=\"tg-item-term\" >NPO<\/span><\/a><span>, <\/span><a class=\"filtres_des_entreprises\" href=\"https:\/\/fonds-risq.qc.ca\/en\/filtres_des_entreprises\/services-to-people\/\" rel=\"category\" data-term-id=\"142\"><span class=\"tg-item-term\" >Services to people<\/span><\/a><\/span><div class=\"tg-item-footer\"><a class=\"tg-item-comment\" href=\"https:\/\/fonds-risq.qc.ca\/en\/entreprise\/repit-ressource-de-lile-de-montreal\/\"  target=\"_self\">No comment<\/a><span class=\"no-ajaxy to-post-like no-liked empty-heart\" data-post-id=\"18632\" title=\"Like\"><span class=\"to-heart-icon\"><svg xmlns=\"http:\/\/www.w3.org\/2000\/svg\" version=\"1.1\" viewBox=\"0 0 64 64\"><g transform=\"translate(0, 0)\"><path stroke-width=\"6\" stroke-linecap=\"square\" stroke-miterlimit=\"10\" d=\"M1,21c0,20,31,38,31,38s31-18,31-38 c0-8.285-6-16-15-16c-8.285,0-16,5.715-16,14c0-8.285-7.715-14-16-14C7,5,1,12.715,1,21z\"><\/path><\/g><\/svg><\/span><span class=\"to-like-count\">0<\/span><\/span><\/div><\/div><\/div><\/article><!-- The Grid item #60 --><article class=\"tg-item tg-post-18504 kampala f261 f148 f143 f157 f150 f153 f160\" data-row=\"1\" data-col=\"1\"><div class=\"tg-item-inner\"><div class=\"tg-item-media-holder tg-light\"><div class=\"tg-item-media-inner\"><img decoding=\"async\" class=\"tg-item-image\" alt=\"\" width=\"1500\" height=\"700\" src=\"https:\/\/fonds-risq.qc.ca\/wp-content\/uploads\/2024\/10\/Photo-ATMPRQ.jpg\"><\/div><div class=\"tg-center-holder\"><div class=\"tg-center-inner\"><div class=\"tg-item-overlay\"><\/div><a class=\"tg-link-button\" href=\"https:\/\/fonds-risq.qc.ca\/en\/entreprise\/atmprq\/\" target=\"_self\"><i class=\"tg-icon-link\"><\/i><\/a><\/div><\/div><div class=\"tg-item-decoration\"><div class=\"triangle-down-right\" style=\"border-color:#0097c8\"><\/div><\/div><div class=\"tg-item-share-holder\"><div class=\"triangle-up-left\" style=\"border-color:rgba(22,22,22,0.65)\"><\/div><i class=\"tg-icon-reply\" style=\"color:#ffffff\"><\/i><div class=\"tg-share-icons\"><a class=\"tg-social-share tg-facebook\" href=\"https:\/\/www.facebook.com\/sharer.php?u=https%3A%2F%2Ffonds-risq.qc.ca%2Fen%2Fentreprise%2Fatmprq%2F&#038;t=Atelier%20de%20tri%20de%20mati%C3%A8res%20plastiques%20recyclables%20du%20Qu%C3%A9bec\"><i class=\"tg-icon-facebook\"><\/i><\/a><a class=\"tg-social-share tg-twitter\" href=\"https:\/\/twitter.com\/share?url=https%3A%2F%2Ffonds-risq.qc.ca%2Fen%2Fentreprise%2Fatmprq%2F&#038;text=Atelier%20de%20tri%20de%20mati%C3%A8res%20plastiques%20recyclables%20du%20Qu%C3%A9bec\"><i class=\"tg-icon-twitter\"><\/i><\/a><a class=\"tg-social-share tg-google-plus\" href=\"https:\/\/plus.google.com\/share?url=https%3A%2F%2Ffonds-risq.qc.ca%2Fen%2Fentreprise%2Fatmprq%2F\"><i class=\"tg-icon-google-plus\"><\/i><\/a><a class=\"tg-social-share tg-pinterest\" href=\"https:\/\/pinterest.com\/pin\/create\/button\/?url=https%3A%2F%2Ffonds-risq.qc.ca%2Fen%2Fentreprise%2Fatmprq%2F&#038;description=Atelier%20de%20tri%20de%20mati%C3%A8res%20plastiques%20recyclables%20du%20Qu%C3%A9bec&#038;media=https%3A%2F%2Ffonds-risq.qc.ca%2Fwp-content%2Fuploads%2F2024%2F10%2FPhoto-ATMPRQ.jpg\"><i class=\"tg-icon-pinterest\"><\/i><\/a><\/div><\/div><\/div><div class=\"tg-item-content-holder tg-light image-format\" style=\"background-color:#0097c8\"><span class=\"tg-item-date\">1 November 2024<\/span><h2 class=\"tg-item-title\"><a href=\"https:\/\/fonds-risq.qc.ca\/en\/entreprise\/atmprq\/\" target=\"_self\">Atelier de tri de mati\u00e8res plastiques recyclables du Qu\u00e9bec<\/a><\/h2><span class=\"tg-cats-holder\"><a class=\"filtres_des_entreprises\" href=\"https:\/\/fonds-risq.qc.ca\/en\/filtres_des_entreprises\/2024-en\/\" rel=\"category\" data-term-id=\"261\"><span class=\"tg-item-term\" >2024<\/span><\/a><span>, <\/span><a class=\"filtres_des_entreprises\" href=\"https:\/\/fonds-risq.qc.ca\/en\/filtres_des_entreprises\/capitalization-loan\/\" rel=\"category\" data-term-id=\"148\"><span class=\"tg-item-term\" >Capitalization loan<\/span><\/a><span>, <\/span><a class=\"filtres_des_entreprises\" href=\"https:\/\/fonds-risq.qc.ca\/en\/filtres_des_entreprises\/employability-services\/\" rel=\"category\" data-term-id=\"143\"><span class=\"tg-item-term\" >Employability Services<\/span><\/a><span>, <\/span><a class=\"filtres_des_entreprises\" href=\"https:\/\/fonds-risq.qc.ca\/en\/filtres_des_entreprises\/laval-en\/\" rel=\"category\" data-term-id=\"157\"><span class=\"tg-item-term\" >Laval<\/span><\/a><span>, <\/span><a class=\"filtres_des_entreprises\" href=\"https:\/\/fonds-risq.qc.ca\/en\/filtres_des_entreprises\/npo\/\" rel=\"category\" data-term-id=\"150\"><span class=\"tg-item-term\" >NPO<\/span><\/a><span>, <\/span><a class=\"filtres_des_entreprises\" href=\"https:\/\/fonds-risq.qc.ca\/en\/filtres_des_entreprises\/recycling\/\" rel=\"category\" data-term-id=\"153\"><span class=\"tg-item-term\" >Recycling<\/span><\/a><span>, <\/span><a class=\"filtres_des_entreprises\" href=\"https:\/\/fonds-risq.qc.ca\/en\/filtres_des_entreprises\/ressourcerie-en\/\" rel=\"category\" data-term-id=\"160\"><span class=\"tg-item-term\" >Ressourcerie<\/span><\/a><\/span><div class=\"tg-item-footer\"><a class=\"tg-item-comment\" href=\"https:\/\/fonds-risq.qc.ca\/en\/entreprise\/atmprq\/\"  target=\"_self\">No comment<\/a><span class=\"no-ajaxy to-post-like no-liked empty-heart\" data-post-id=\"18504\" title=\"Like\"><span class=\"to-heart-icon\"><svg xmlns=\"http:\/\/www.w3.org\/2000\/svg\" version=\"1.1\" viewBox=\"0 0 64 64\"><g transform=\"translate(0, 0)\"><path stroke-width=\"6\" stroke-linecap=\"square\" stroke-miterlimit=\"10\" d=\"M1,21c0,20,31,38,31,38s31-18,31-38 c0-8.285-6-16-15-16c-8.285,0-16,5.715-16,14c0-8.285-7.715-14-16-14C7,5,1,12.715,1,21z\"><\/path><\/g><\/svg><\/span><span class=\"to-like-count\">0<\/span><\/span><\/div><\/div><\/div><\/article><!-- The Grid item #61 --><article class=\"tg-item tg-post-18494 kampala f261 f130 f151 f144 f142 f146\" data-row=\"1\" data-col=\"1\"><div class=\"tg-item-inner\"><div class=\"tg-item-media-holder tg-light\"><div class=\"tg-item-media-inner\"><img decoding=\"async\" class=\"tg-item-image\" alt=\"\" width=\"2048\" height=\"1150\" src=\"https:\/\/fonds-risq.qc.ca\/wp-content\/uploads\/2024\/11\/Photo-Coop-lExtraordinaire.jpg\"><\/div><div class=\"tg-center-holder\"><div class=\"tg-center-inner\"><div class=\"tg-item-overlay\"><\/div><a class=\"tg-link-button\" href=\"https:\/\/fonds-risq.qc.ca\/en\/entreprise\/lextraordinaire\/\" target=\"_self\"><i class=\"tg-icon-link\"><\/i><\/a><\/div><\/div><div class=\"tg-item-decoration\"><div class=\"triangle-down-right\" style=\"border-color:#b7c634\"><\/div><\/div><div class=\"tg-item-share-holder\"><div class=\"triangle-up-left\" style=\"border-color:rgba(22,22,22,0.65)\"><\/div><i class=\"tg-icon-reply\" style=\"color:#ffffff\"><\/i><div class=\"tg-share-icons\"><a class=\"tg-social-share tg-facebook\" href=\"https:\/\/www.facebook.com\/sharer.php?u=https%3A%2F%2Ffonds-risq.qc.ca%2Fen%2Fentreprise%2Flextraordinaire%2F&#038;t=L%E2%80%99Extraordinaire\"><i class=\"tg-icon-facebook\"><\/i><\/a><a class=\"tg-social-share tg-twitter\" href=\"https:\/\/twitter.com\/share?url=https%3A%2F%2Ffonds-risq.qc.ca%2Fen%2Fentreprise%2Flextraordinaire%2F&#038;text=L%E2%80%99Extraordinaire\"><i class=\"tg-icon-twitter\"><\/i><\/a><a class=\"tg-social-share tg-google-plus\" href=\"https:\/\/plus.google.com\/share?url=https%3A%2F%2Ffonds-risq.qc.ca%2Fen%2Fentreprise%2Flextraordinaire%2F\"><i class=\"tg-icon-google-plus\"><\/i><\/a><a class=\"tg-social-share tg-pinterest\" href=\"https:\/\/pinterest.com\/pin\/create\/button\/?url=https%3A%2F%2Ffonds-risq.qc.ca%2Fen%2Fentreprise%2Flextraordinaire%2F&#038;description=L%E2%80%99Extraordinaire&#038;media=https%3A%2F%2Ffonds-risq.qc.ca%2Fwp-content%2Fuploads%2F2024%2F11%2FPhoto-Coop-lExtraordinaire.jpg\"><i class=\"tg-icon-pinterest\"><\/i><\/a><\/div><\/div><\/div><div class=\"tg-item-content-holder tg-light image-format\" style=\"background-color:#b7c634\"><span class=\"tg-item-date\">1 November 2024<\/span><h2 class=\"tg-item-title\"><a href=\"https:\/\/fonds-risq.qc.ca\/en\/entreprise\/lextraordinaire\/\" target=\"_self\">L\u2019Extraordinaire<\/a><\/h2><span class=\"tg-cats-holder\"><a class=\"filtres_des_entreprises\" href=\"https:\/\/fonds-risq.qc.ca\/en\/filtres_des_entreprises\/2024-en\/\" rel=\"category\" data-term-id=\"261\"><span class=\"tg-item-term\" >2024<\/span><\/a><span>, <\/span><a class=\"filtres_des_entreprises\" href=\"https:\/\/fonds-risq.qc.ca\/en\/filtres_des_entreprises\/capitale-nationale-en\/\" rel=\"category\" data-term-id=\"130\"><span class=\"tg-item-term\" >Capitale-Nationale<\/span><\/a><span>, <\/span><a class=\"filtres_des_entreprises\" href=\"https:\/\/fonds-risq.qc.ca\/en\/filtres_des_entreprises\/coop-en\/\" rel=\"category\" data-term-id=\"151\"><span class=\"tg-item-term\" >COOP<\/span><\/a><span>, <\/span><a class=\"filtres_des_entreprises\" href=\"https:\/\/fonds-risq.qc.ca\/en\/filtres_des_entreprises\/leisure-tourism\/\" rel=\"category\" data-term-id=\"144\"><span class=\"tg-item-term\" >Leisure \/ Tourism<\/span><\/a><span>, <\/span><a class=\"filtres_des_entreprises\" href=\"https:\/\/fonds-risq.qc.ca\/en\/filtres_des_entreprises\/services-to-people\/\" rel=\"category\" data-term-id=\"142\"><span class=\"tg-item-term\" >Services to people<\/span><\/a><span>, <\/span><a class=\"filtres_des_entreprises\" href=\"https:\/\/fonds-risq.qc.ca\/en\/filtres_des_entreprises\/pret-pour-aide-technique-en\/\" rel=\"category\" data-term-id=\"146\"><span class=\"tg-item-term\" >Technical assistance loan<\/span><\/a><\/span><div class=\"tg-item-footer\"><a class=\"tg-item-comment\" href=\"https:\/\/fonds-risq.qc.ca\/en\/entreprise\/lextraordinaire\/\"  target=\"_self\">No comment<\/a><span class=\"no-ajaxy to-post-like no-liked empty-heart\" data-post-id=\"18494\" title=\"Like\"><span class=\"to-heart-icon\"><svg xmlns=\"http:\/\/www.w3.org\/2000\/svg\" version=\"1.1\" viewBox=\"0 0 64 64\"><g transform=\"translate(0, 0)\"><path stroke-width=\"6\" stroke-linecap=\"square\" stroke-miterlimit=\"10\" d=\"M1,21c0,20,31,38,31,38s31-18,31-38 c0-8.285-6-16-15-16c-8.285,0-16,5.715-16,14c0-8.285-7.715-14-16-14C7,5,1,12.715,1,21z\"><\/path><\/g><\/svg><\/span><span class=\"to-like-count\">0<\/span><\/span><\/div><\/div><\/div><\/article><!-- The Grid item #62 --><article class=\"tg-item tg-post-18491 kampala f261 f148 f133 f150 f142\" data-row=\"1\" data-col=\"1\"><div class=\"tg-item-inner\"><div class=\"tg-item-media-holder tg-light\"><div class=\"tg-item-media-inner\"><img decoding=\"async\" class=\"tg-item-image\" alt=\"\" width=\"851\" height=\"315\" src=\"https:\/\/fonds-risq.qc.ca\/wp-content\/uploads\/2024\/09\/Photo-Palliaco.jpg\"><\/div><div class=\"tg-center-holder\"><div class=\"tg-center-inner\"><div class=\"tg-item-overlay\"><\/div><a class=\"tg-link-button\" href=\"https:\/\/fonds-risq.qc.ca\/en\/entreprise\/palliacco\/\" target=\"_self\"><i class=\"tg-icon-link\"><\/i><\/a><\/div><\/div><div class=\"tg-item-decoration\"><div class=\"triangle-down-right\" style=\"border-color:#0097c8\"><\/div><\/div><div class=\"tg-item-share-holder\"><div class=\"triangle-up-left\" style=\"border-color:rgba(22,22,22,0.65)\"><\/div><i class=\"tg-icon-reply\" style=\"color:#ffffff\"><\/i><div class=\"tg-share-icons\"><a class=\"tg-social-share tg-facebook\" href=\"https:\/\/www.facebook.com\/sharer.php?u=https%3A%2F%2Ffonds-risq.qc.ca%2Fen%2Fentreprise%2Fpalliacco%2F&#038;t=Palliacco\"><i class=\"tg-icon-facebook\"><\/i><\/a><a class=\"tg-social-share tg-twitter\" href=\"https:\/\/twitter.com\/share?url=https%3A%2F%2Ffonds-risq.qc.ca%2Fen%2Fentreprise%2Fpalliacco%2F&#038;text=Palliacco\"><i class=\"tg-icon-twitter\"><\/i><\/a><a class=\"tg-social-share tg-google-plus\" href=\"https:\/\/plus.google.com\/share?url=https%3A%2F%2Ffonds-risq.qc.ca%2Fen%2Fentreprise%2Fpalliacco%2F\"><i class=\"tg-icon-google-plus\"><\/i><\/a><a class=\"tg-social-share tg-pinterest\" href=\"https:\/\/pinterest.com\/pin\/create\/button\/?url=https%3A%2F%2Ffonds-risq.qc.ca%2Fen%2Fentreprise%2Fpalliacco%2F&#038;description=Palliacco&#038;media=https%3A%2F%2Ffonds-risq.qc.ca%2Fwp-content%2Fuploads%2F2024%2F09%2FPhoto-Palliaco.jpg\"><i class=\"tg-icon-pinterest\"><\/i><\/a><\/div><\/div><\/div><div class=\"tg-item-content-holder tg-light image-format\" style=\"background-color:#0097c8\"><span class=\"tg-item-date\">1 November 2024<\/span><h2 class=\"tg-item-title\"><a href=\"https:\/\/fonds-risq.qc.ca\/en\/entreprise\/palliacco\/\" target=\"_self\">Palliacco<\/a><\/h2><span class=\"tg-cats-holder\"><a class=\"filtres_des_entreprises\" href=\"https:\/\/fonds-risq.qc.ca\/en\/filtres_des_entreprises\/2024-en\/\" rel=\"category\" data-term-id=\"261\"><span class=\"tg-item-term\" >2024<\/span><\/a><span>, <\/span><a class=\"filtres_des_entreprises\" href=\"https:\/\/fonds-risq.qc.ca\/en\/filtres_des_entreprises\/capitalization-loan\/\" rel=\"category\" data-term-id=\"148\"><span class=\"tg-item-term\" >Capitalization loan<\/span><\/a><span>, <\/span><a class=\"filtres_des_entreprises\" href=\"https:\/\/fonds-risq.qc.ca\/en\/filtres_des_entreprises\/laurentides-en\/\" rel=\"category\" data-term-id=\"133\"><span class=\"tg-item-term\" >Laurentides<\/span><\/a><span>, <\/span><a class=\"filtres_des_entreprises\" href=\"https:\/\/fonds-risq.qc.ca\/en\/filtres_des_entreprises\/npo\/\" rel=\"category\" data-term-id=\"150\"><span class=\"tg-item-term\" >NPO<\/span><\/a><span>, <\/span><a class=\"filtres_des_entreprises\" href=\"https:\/\/fonds-risq.qc.ca\/en\/filtres_des_entreprises\/services-to-people\/\" rel=\"category\" data-term-id=\"142\"><span class=\"tg-item-term\" >Services to people<\/span><\/a><\/span><div class=\"tg-item-footer\"><a class=\"tg-item-comment\" href=\"https:\/\/fonds-risq.qc.ca\/en\/entreprise\/palliacco\/\"  target=\"_self\">No comment<\/a><span class=\"no-ajaxy to-post-like no-liked empty-heart\" data-post-id=\"18491\" title=\"Like\"><span class=\"to-heart-icon\"><svg xmlns=\"http:\/\/www.w3.org\/2000\/svg\" version=\"1.1\" viewBox=\"0 0 64 64\"><g transform=\"translate(0, 0)\"><path stroke-width=\"6\" stroke-linecap=\"square\" stroke-miterlimit=\"10\" d=\"M1,21c0,20,31,38,31,38s31-18,31-38 c0-8.285-6-16-15-16c-8.285,0-16,5.715-16,14c0-8.285-7.715-14-16-14C7,5,1,12.715,1,21z\"><\/path><\/g><\/svg><\/span><span class=\"to-like-count\">0<\/span><\/span><\/div><\/div><\/div><\/article><!-- The Grid item #63 --><article class=\"tg-item tg-post-18487 kampala f261 f151 f156 f137 f146\" data-row=\"1\" data-col=\"1\"><div class=\"tg-item-inner\"><div class=\"tg-item-media-holder tg-light\"><div class=\"tg-item-media-inner\"><img decoding=\"async\" class=\"tg-item-image\" alt=\"\" width=\"1080\" height=\"1080\" src=\"https:\/\/fonds-risq.qc.ca\/wp-content\/uploads\/2024\/09\/Photo-Messicana.jpg\"><\/div><div class=\"tg-center-holder\"><div class=\"tg-center-inner\"><div class=\"tg-item-overlay\"><\/div><a class=\"tg-link-button\" href=\"https:\/\/fonds-risq.qc.ca\/en\/entreprise\/messicana-gourmet\/\" target=\"_self\"><i class=\"tg-icon-link\"><\/i><\/a><\/div><\/div><div class=\"tg-item-decoration\"><div class=\"triangle-down-right\" style=\"border-color:#b7c634\"><\/div><\/div><div class=\"tg-item-share-holder\"><div class=\"triangle-up-left\" style=\"border-color:rgba(22,22,22,0.65)\"><\/div><i class=\"tg-icon-reply\" style=\"color:#ffffff\"><\/i><div class=\"tg-share-icons\"><a class=\"tg-social-share tg-facebook\" href=\"https:\/\/www.facebook.com\/sharer.php?u=https%3A%2F%2Ffonds-risq.qc.ca%2Fen%2Fentreprise%2Fmessicana-gourmet%2F&#038;t=Messicana%20Gourmet\"><i class=\"tg-icon-facebook\"><\/i><\/a><a class=\"tg-social-share tg-twitter\" href=\"https:\/\/twitter.com\/share?url=https%3A%2F%2Ffonds-risq.qc.ca%2Fen%2Fentreprise%2Fmessicana-gourmet%2F&#038;text=Messicana%20Gourmet\"><i class=\"tg-icon-twitter\"><\/i><\/a><a class=\"tg-social-share tg-google-plus\" href=\"https:\/\/plus.google.com\/share?url=https%3A%2F%2Ffonds-risq.qc.ca%2Fen%2Fentreprise%2Fmessicana-gourmet%2F\"><i class=\"tg-icon-google-plus\"><\/i><\/a><a class=\"tg-social-share tg-pinterest\" href=\"https:\/\/pinterest.com\/pin\/create\/button\/?url=https%3A%2F%2Ffonds-risq.qc.ca%2Fen%2Fentreprise%2Fmessicana-gourmet%2F&#038;description=Messicana%20Gourmet&#038;media=https%3A%2F%2Ffonds-risq.qc.ca%2Fwp-content%2Fuploads%2F2024%2F09%2FPhoto-Messicana.jpg\"><i class=\"tg-icon-pinterest\"><\/i><\/a><\/div><\/div><\/div><div class=\"tg-item-content-holder tg-light image-format\" style=\"background-color:#b7c634\"><span class=\"tg-item-date\">1 November 2024<\/span><h2 class=\"tg-item-title\"><a href=\"https:\/\/fonds-risq.qc.ca\/en\/entreprise\/messicana-gourmet\/\" target=\"_self\">Messicana Gourmet<\/a><\/h2><span class=\"tg-cats-holder\"><a class=\"filtres_des_entreprises\" href=\"https:\/\/fonds-risq.qc.ca\/en\/filtres_des_entreprises\/2024-en\/\" rel=\"category\" data-term-id=\"261\"><span class=\"tg-item-term\" >2024<\/span><\/a><span>, <\/span><a class=\"filtres_des_entreprises\" href=\"https:\/\/fonds-risq.qc.ca\/en\/filtres_des_entreprises\/coop-en\/\" rel=\"category\" data-term-id=\"151\"><span class=\"tg-item-term\" >COOP<\/span><\/a><span>, <\/span><a class=\"filtres_des_entreprises\" href=\"https:\/\/fonds-risq.qc.ca\/en\/filtres_des_entreprises\/outaouais-en\/\" rel=\"category\" data-term-id=\"156\"><span class=\"tg-item-term\" >Outaouais<\/span><\/a><span>, <\/span><a class=\"filtres_des_entreprises\" href=\"https:\/\/fonds-risq.qc.ca\/en\/filtres_des_entreprises\/retail-business\/\" rel=\"category\" data-term-id=\"137\"><span class=\"tg-item-term\" >Retail business<\/span><\/a><span>, <\/span><a class=\"filtres_des_entreprises\" href=\"https:\/\/fonds-risq.qc.ca\/en\/filtres_des_entreprises\/pret-pour-aide-technique-en\/\" rel=\"category\" data-term-id=\"146\"><span class=\"tg-item-term\" >Technical assistance loan<\/span><\/a><\/span><div class=\"tg-item-footer\"><a class=\"tg-item-comment\" href=\"https:\/\/fonds-risq.qc.ca\/en\/entreprise\/messicana-gourmet\/\"  target=\"_self\">No comment<\/a><span class=\"no-ajaxy to-post-like no-liked empty-heart\" data-post-id=\"18487\" title=\"Like\"><span class=\"to-heart-icon\"><svg xmlns=\"http:\/\/www.w3.org\/2000\/svg\" version=\"1.1\" viewBox=\"0 0 64 64\"><g transform=\"translate(0, 0)\"><path stroke-width=\"6\" stroke-linecap=\"square\" stroke-miterlimit=\"10\" d=\"M1,21c0,20,31,38,31,38s31-18,31-38 c0-8.285-6-16-15-16c-8.285,0-16,5.715-16,14c0-8.285-7.715-14-16-14C7,5,1,12.715,1,21z\"><\/path><\/g><\/svg><\/span><span class=\"to-like-count\">0<\/span><\/span><\/div><\/div><\/div><\/article><!-- The Grid item #64 --><article class=\"tg-item tg-post-18470 kampala f261 f144 f190 f156 f146\" data-row=\"1\" data-col=\"1\"><div class=\"tg-item-inner\"><div class=\"tg-item-media-holder tg-light\"><div class=\"tg-item-media-inner\"><img decoding=\"async\" class=\"tg-item-image\" alt=\"\" width=\"720\" height=\"540\" src=\"https:\/\/fonds-risq.qc.ca\/wp-content\/uploads\/2024\/10\/gracefield-lac-castor-blanc-1.jpg\"><\/div><div class=\"tg-center-holder\"><div class=\"tg-center-inner\"><div class=\"tg-item-overlay\"><\/div><a class=\"tg-link-button\" href=\"https:\/\/fonds-risq.qc.ca\/en\/entreprise\/gracefield-camp\/\" target=\"_self\"><i class=\"tg-icon-link\"><\/i><\/a><\/div><\/div><div class=\"tg-item-decoration\"><div class=\"triangle-down-right\" style=\"border-color:#b7c634\"><\/div><\/div><div class=\"tg-item-share-holder\"><div class=\"triangle-up-left\" style=\"border-color:rgba(22,22,22,0.65)\"><\/div><i class=\"tg-icon-reply\" style=\"color:#ffffff\"><\/i><div class=\"tg-share-icons\"><a class=\"tg-social-share tg-facebook\" href=\"https:\/\/www.facebook.com\/sharer.php?u=https%3A%2F%2Ffonds-risq.qc.ca%2Fen%2Fentreprise%2Fgracefield-camp%2F&#038;t=Gracefield%20Camp\"><i class=\"tg-icon-facebook\"><\/i><\/a><a class=\"tg-social-share tg-twitter\" href=\"https:\/\/twitter.com\/share?url=https%3A%2F%2Ffonds-risq.qc.ca%2Fen%2Fentreprise%2Fgracefield-camp%2F&#038;text=Gracefield%20Camp\"><i class=\"tg-icon-twitter\"><\/i><\/a><a class=\"tg-social-share tg-google-plus\" href=\"https:\/\/plus.google.com\/share?url=https%3A%2F%2Ffonds-risq.qc.ca%2Fen%2Fentreprise%2Fgracefield-camp%2F\"><i class=\"tg-icon-google-plus\"><\/i><\/a><a class=\"tg-social-share tg-pinterest\" href=\"https:\/\/pinterest.com\/pin\/create\/button\/?url=https%3A%2F%2Ffonds-risq.qc.ca%2Fen%2Fentreprise%2Fgracefield-camp%2F&#038;description=Gracefield%20Camp&#038;media=https%3A%2F%2Ffonds-risq.qc.ca%2Fwp-content%2Fuploads%2F2024%2F10%2Fgracefield-lac-castor-blanc-1.jpg\"><i class=\"tg-icon-pinterest\"><\/i><\/a><\/div><\/div><\/div><div class=\"tg-item-content-holder tg-light image-format\" style=\"background-color:#b7c634\"><span class=\"tg-item-date\">25 October 2024<\/span><h2 class=\"tg-item-title\"><a href=\"https:\/\/fonds-risq.qc.ca\/en\/entreprise\/gracefield-camp\/\" target=\"_self\">Gracefield Camp<\/a><\/h2><span class=\"tg-cats-holder\"><a class=\"filtres_des_entreprises\" href=\"https:\/\/fonds-risq.qc.ca\/en\/filtres_des_entreprises\/2024-en\/\" rel=\"category\" data-term-id=\"261\"><span class=\"tg-item-term\" >2024<\/span><\/a><span>, <\/span><a class=\"filtres_des_entreprises\" href=\"https:\/\/fonds-risq.qc.ca\/en\/filtres_des_entreprises\/leisure-tourism\/\" rel=\"category\" data-term-id=\"144\"><span class=\"tg-item-term\" >Leisure \/ Tourism<\/span><\/a><span>, <\/span><a class=\"filtres_des_entreprises\" href=\"https:\/\/fonds-risq.qc.ca\/en\/filtres_des_entreprises\/loisirs-divertissement-en\/\" rel=\"category\" data-term-id=\"190\"><span class=\"tg-item-term\" >Loisirs-Divertissement<\/span><\/a><span>, <\/span><a class=\"filtres_des_entreprises\" href=\"https:\/\/fonds-risq.qc.ca\/en\/filtres_des_entreprises\/outaouais-en\/\" rel=\"category\" data-term-id=\"156\"><span class=\"tg-item-term\" >Outaouais<\/span><\/a><span>, <\/span><a class=\"filtres_des_entreprises\" href=\"https:\/\/fonds-risq.qc.ca\/en\/filtres_des_entreprises\/pret-pour-aide-technique-en\/\" rel=\"category\" data-term-id=\"146\"><span class=\"tg-item-term\" >Technical assistance loan<\/span><\/a><\/span><div class=\"tg-item-footer\"><a class=\"tg-item-comment\" href=\"https:\/\/fonds-risq.qc.ca\/en\/entreprise\/gracefield-camp\/\"  target=\"_self\">No comment<\/a><span class=\"no-ajaxy to-post-like no-liked empty-heart\" data-post-id=\"18470\" title=\"Like\"><span class=\"to-heart-icon\"><svg xmlns=\"http:\/\/www.w3.org\/2000\/svg\" version=\"1.1\" viewBox=\"0 0 64 64\"><g transform=\"translate(0, 0)\"><path stroke-width=\"6\" stroke-linecap=\"square\" stroke-miterlimit=\"10\" d=\"M1,21c0,20,31,38,31,38s31-18,31-38 c0-8.285-6-16-15-16c-8.285,0-16,5.715-16,14c0-8.285-7.715-14-16-14C7,5,1,12.715,1,21z\"><\/path><\/g><\/svg><\/span><span class=\"to-like-count\">0<\/span><\/span><\/div><\/div><\/div><\/article><!-- The Grid item #65 --><article class=\"tg-item tg-post-18459 kampala f261 f149 f144 f129 f150 f146\" data-row=\"1\" data-col=\"1\"><div class=\"tg-item-inner\"><div class=\"tg-item-media-holder tg-light\"><div class=\"tg-item-media-inner\"><img decoding=\"async\" class=\"tg-item-image\" alt=\"\" width=\"2048\" height=\"1536\" src=\"https:\/\/fonds-risq.qc.ca\/wp-content\/uploads\/2024\/09\/Photo-APSMDP.jpg\"><\/div><div class=\"tg-center-holder\"><div class=\"tg-center-inner\"><div class=\"tg-item-overlay\"><\/div><a class=\"tg-link-button\" href=\"https:\/\/fonds-risq.qc.ca\/en\/entreprise\/aire-protegee-de-saint-mathieu-du-parc\/\" target=\"_self\"><i class=\"tg-icon-link\"><\/i><\/a><\/div><\/div><div class=\"tg-item-decoration\"><div class=\"triangle-down-right\" style=\"border-color:#b7c634\"><\/div><\/div><div class=\"tg-item-share-holder\"><div class=\"triangle-up-left\" style=\"border-color:rgba(22,22,22,0.65)\"><\/div><i class=\"tg-icon-reply\" style=\"color:#ffffff\"><\/i><div class=\"tg-share-icons\"><a class=\"tg-social-share tg-facebook\" href=\"https:\/\/www.facebook.com\/sharer.php?u=https%3A%2F%2Ffonds-risq.qc.ca%2Fen%2Fentreprise%2Faire-protegee-de-saint-mathieu-du-parc%2F&#038;t=Aire%20prot%C3%A9g%C3%A9e%20de%20Saint-Mathieu-du-Parc\"><i class=\"tg-icon-facebook\"><\/i><\/a><a class=\"tg-social-share tg-twitter\" href=\"https:\/\/twitter.com\/share?url=https%3A%2F%2Ffonds-risq.qc.ca%2Fen%2Fentreprise%2Faire-protegee-de-saint-mathieu-du-parc%2F&#038;text=Aire%20prot%C3%A9g%C3%A9e%20de%20Saint-Mathieu-du-Parc\"><i class=\"tg-icon-twitter\"><\/i><\/a><a class=\"tg-social-share tg-google-plus\" href=\"https:\/\/plus.google.com\/share?url=https%3A%2F%2Ffonds-risq.qc.ca%2Fen%2Fentreprise%2Faire-protegee-de-saint-mathieu-du-parc%2F\"><i class=\"tg-icon-google-plus\"><\/i><\/a><a class=\"tg-social-share tg-pinterest\" href=\"https:\/\/pinterest.com\/pin\/create\/button\/?url=https%3A%2F%2Ffonds-risq.qc.ca%2Fen%2Fentreprise%2Faire-protegee-de-saint-mathieu-du-parc%2F&#038;description=Aire%20prot%C3%A9g%C3%A9e%20de%20Saint-Mathieu-du-Parc&#038;media=https%3A%2F%2Ffonds-risq.qc.ca%2Fwp-content%2Fuploads%2F2024%2F09%2FPhoto-APSMDP.jpg\"><i class=\"tg-icon-pinterest\"><\/i><\/a><\/div><\/div><\/div><div class=\"tg-item-content-holder tg-light image-format\" style=\"background-color:#b7c634\"><span class=\"tg-item-date\">25 October 2024<\/span><h2 class=\"tg-item-title\"><a href=\"https:\/\/fonds-risq.qc.ca\/en\/entreprise\/aire-protegee-de-saint-mathieu-du-parc\/\" target=\"_self\">Aire prot\u00e9g\u00e9e de Saint-Mathieu-du-Parc<\/a><\/h2><span class=\"tg-cats-holder\"><a class=\"filtres_des_entreprises\" href=\"https:\/\/fonds-risq.qc.ca\/en\/filtres_des_entreprises\/2024-en\/\" rel=\"category\" data-term-id=\"261\"><span class=\"tg-item-term\" >2024<\/span><\/a><span>, <\/span><a class=\"filtres_des_entreprises\" href=\"https:\/\/fonds-risq.qc.ca\/en\/filtres_des_entreprises\/environment\/\" rel=\"category\" data-term-id=\"149\"><span class=\"tg-item-term\" >Environment<\/span><\/a><span>, <\/span><a class=\"filtres_des_entreprises\" href=\"https:\/\/fonds-risq.qc.ca\/en\/filtres_des_entreprises\/leisure-tourism\/\" rel=\"category\" data-term-id=\"144\"><span class=\"tg-item-term\" >Leisure \/ Tourism<\/span><\/a><span>, <\/span><a class=\"filtres_des_entreprises\" href=\"https:\/\/fonds-risq.qc.ca\/en\/filtres_des_entreprises\/mauricie-en\/\" rel=\"category\" data-term-id=\"129\"><span class=\"tg-item-term\" >Mauricie<\/span><\/a><span>, <\/span><a class=\"filtres_des_entreprises\" href=\"https:\/\/fonds-risq.qc.ca\/en\/filtres_des_entreprises\/npo\/\" rel=\"category\" data-term-id=\"150\"><span class=\"tg-item-term\" >NPO<\/span><\/a><span>, <\/span><a class=\"filtres_des_entreprises\" href=\"https:\/\/fonds-risq.qc.ca\/en\/filtres_des_entreprises\/pret-pour-aide-technique-en\/\" rel=\"category\" data-term-id=\"146\"><span class=\"tg-item-term\" >Technical assistance loan<\/span><\/a><\/span><div class=\"tg-item-footer\"><a class=\"tg-item-comment\" href=\"https:\/\/fonds-risq.qc.ca\/en\/entreprise\/aire-protegee-de-saint-mathieu-du-parc\/\"  target=\"_self\">No comment<\/a><span class=\"no-ajaxy to-post-like no-liked empty-heart\" data-post-id=\"18459\" title=\"Like\"><span class=\"to-heart-icon\"><svg xmlns=\"http:\/\/www.w3.org\/2000\/svg\" version=\"1.1\" viewBox=\"0 0 64 64\"><g transform=\"translate(0, 0)\"><path stroke-width=\"6\" stroke-linecap=\"square\" stroke-miterlimit=\"10\" d=\"M1,21c0,20,31,38,31,38s31-18,31-38 c0-8.285-6-16-15-16c-8.285,0-16,5.715-16,14c0-8.285-7.715-14-16-14C7,5,1,12.715,1,21z\"><\/path><\/g><\/svg><\/span><span class=\"to-like-count\">0<\/span><\/span><\/div><\/div><\/div><\/article><!-- The Grid item #66 --><article class=\"tg-item tg-post-18456 kampala f261 f148 f172 f150 f155\" data-row=\"1\" data-col=\"1\"><div class=\"tg-item-inner\"><div class=\"tg-item-media-holder tg-light\"><div class=\"tg-item-media-inner\"><img decoding=\"async\" class=\"tg-item-image\" alt=\"\" width=\"1440\" height=\"1080\" src=\"https:\/\/fonds-risq.qc.ca\/wp-content\/uploads\/2024\/09\/Photo-Radio-Comm-Saguenay.jpg\"><\/div><div class=\"tg-center-holder\"><div class=\"tg-center-inner\"><div class=\"tg-item-overlay\"><\/div><a class=\"tg-link-button\" href=\"https:\/\/fonds-risq.qc.ca\/en\/entreprise\/radio-communautaire-du-saguenay\/\" target=\"_self\"><i class=\"tg-icon-link\"><\/i><\/a><\/div><\/div><div class=\"tg-item-decoration\"><div class=\"triangle-down-right\" style=\"border-color:#0097c8\"><\/div><\/div><div class=\"tg-item-share-holder\"><div class=\"triangle-up-left\" style=\"border-color:rgba(22,22,22,0.65)\"><\/div><i class=\"tg-icon-reply\" style=\"color:#ffffff\"><\/i><div class=\"tg-share-icons\"><a class=\"tg-social-share tg-facebook\" href=\"https:\/\/www.facebook.com\/sharer.php?u=https%3A%2F%2Ffonds-risq.qc.ca%2Fen%2Fentreprise%2Fradio-communautaire-du-saguenay%2F&#038;t=Radio%20communautaire%20du%20Saguenay\"><i class=\"tg-icon-facebook\"><\/i><\/a><a class=\"tg-social-share tg-twitter\" href=\"https:\/\/twitter.com\/share?url=https%3A%2F%2Ffonds-risq.qc.ca%2Fen%2Fentreprise%2Fradio-communautaire-du-saguenay%2F&#038;text=Radio%20communautaire%20du%20Saguenay\"><i class=\"tg-icon-twitter\"><\/i><\/a><a class=\"tg-social-share tg-google-plus\" href=\"https:\/\/plus.google.com\/share?url=https%3A%2F%2Ffonds-risq.qc.ca%2Fen%2Fentreprise%2Fradio-communautaire-du-saguenay%2F\"><i class=\"tg-icon-google-plus\"><\/i><\/a><a class=\"tg-social-share tg-pinterest\" href=\"https:\/\/pinterest.com\/pin\/create\/button\/?url=https%3A%2F%2Ffonds-risq.qc.ca%2Fen%2Fentreprise%2Fradio-communautaire-du-saguenay%2F&#038;description=Radio%20communautaire%20du%20Saguenay&#038;media=https%3A%2F%2Ffonds-risq.qc.ca%2Fwp-content%2Fuploads%2F2024%2F09%2FPhoto-Radio-Comm-Saguenay.jpg\"><i class=\"tg-icon-pinterest\"><\/i><\/a><\/div><\/div><\/div><div class=\"tg-item-content-holder tg-light image-format\" style=\"background-color:#0097c8\"><span class=\"tg-item-date\">25 October 2024<\/span><h2 class=\"tg-item-title\"><a href=\"https:\/\/fonds-risq.qc.ca\/en\/entreprise\/radio-communautaire-du-saguenay\/\" target=\"_self\">Radio communautaire du Saguenay<\/a><\/h2><span class=\"tg-cats-holder\"><a class=\"filtres_des_entreprises\" href=\"https:\/\/fonds-risq.qc.ca\/en\/filtres_des_entreprises\/2024-en\/\" rel=\"category\" data-term-id=\"261\"><span class=\"tg-item-term\" >2024<\/span><\/a><span>, <\/span><a class=\"filtres_des_entreprises\" href=\"https:\/\/fonds-risq.qc.ca\/en\/filtres_des_entreprises\/capitalization-loan\/\" rel=\"category\" data-term-id=\"148\"><span class=\"tg-item-term\" >Capitalization loan<\/span><\/a><span>, <\/span><a class=\"filtres_des_entreprises\" href=\"https:\/\/fonds-risq.qc.ca\/en\/filtres_des_entreprises\/community-media\/\" rel=\"category\" data-term-id=\"172\"><span class=\"tg-item-term\" >Community Media<\/span><\/a><span>, <\/span><a class=\"filtres_des_entreprises\" href=\"https:\/\/fonds-risq.qc.ca\/en\/filtres_des_entreprises\/npo\/\" rel=\"category\" data-term-id=\"150\"><span class=\"tg-item-term\" >NPO<\/span><\/a><span>, <\/span><a class=\"filtres_des_entreprises\" href=\"https:\/\/fonds-risq.qc.ca\/en\/filtres_des_entreprises\/saguenay-lac-saint-jean-en\/\" rel=\"category\" data-term-id=\"155\"><span class=\"tg-item-term\" >Saguenay-Lac-Saint-Jean<\/span><\/a><\/span><div class=\"tg-item-footer\"><a class=\"tg-item-comment\" href=\"https:\/\/fonds-risq.qc.ca\/en\/entreprise\/radio-communautaire-du-saguenay\/\"  target=\"_self\">No comment<\/a><span class=\"no-ajaxy to-post-like no-liked empty-heart\" data-post-id=\"18456\" title=\"Like\"><span class=\"to-heart-icon\"><svg xmlns=\"http:\/\/www.w3.org\/2000\/svg\" version=\"1.1\" viewBox=\"0 0 64 64\"><g transform=\"translate(0, 0)\"><path stroke-width=\"6\" stroke-linecap=\"square\" stroke-miterlimit=\"10\" d=\"M1,21c0,20,31,38,31,38s31-18,31-38 c0-8.285-6-16-15-16c-8.285,0-16,5.715-16,14c0-8.285-7.715-14-16-14C7,5,1,12.715,1,21z\"><\/path><\/g><\/svg><\/span><span class=\"to-like-count\">0<\/span><\/span><\/div><\/div><\/div><\/article><!-- The Grid item #67 --><article class=\"tg-item tg-post-18451 kampala f261 f130 f148 f136 f150 f135\" data-row=\"1\" data-col=\"1\"><div class=\"tg-item-inner\"><div class=\"tg-item-media-holder tg-light\"><div class=\"tg-item-media-inner\"><img decoding=\"async\" class=\"tg-item-image\" alt=\"\" width=\"1500\" height=\"1500\" src=\"https:\/\/fonds-risq.qc.ca\/wp-content\/uploads\/2024\/09\/Photo-Reforme.jpg\"><\/div><div class=\"tg-center-holder\"><div class=\"tg-center-inner\"><div class=\"tg-item-overlay\"><\/div><a class=\"tg-link-button\" href=\"https:\/\/fonds-risq.qc.ca\/en\/entreprise\/reforme\/\" target=\"_self\"><i class=\"tg-icon-link\"><\/i><\/a><\/div><\/div><div class=\"tg-item-decoration\"><div class=\"triangle-down-right\" style=\"border-color:#0097c8\"><\/div><\/div><div class=\"tg-item-share-holder\"><div class=\"triangle-up-left\" style=\"border-color:rgba(22,22,22,0.65)\"><\/div><i class=\"tg-icon-reply\" style=\"color:#ffffff\"><\/i><div class=\"tg-share-icons\"><a class=\"tg-social-share tg-facebook\" href=\"https:\/\/www.facebook.com\/sharer.php?u=https%3A%2F%2Ffonds-risq.qc.ca%2Fen%2Fentreprise%2Freforme%2F&#038;t=R%C3%A9forme\"><i class=\"tg-icon-facebook\"><\/i><\/a><a class=\"tg-social-share tg-twitter\" href=\"https:\/\/twitter.com\/share?url=https%3A%2F%2Ffonds-risq.qc.ca%2Fen%2Fentreprise%2Freforme%2F&#038;text=R%C3%A9forme\"><i class=\"tg-icon-twitter\"><\/i><\/a><a class=\"tg-social-share tg-google-plus\" href=\"https:\/\/plus.google.com\/share?url=https%3A%2F%2Ffonds-risq.qc.ca%2Fen%2Fentreprise%2Freforme%2F\"><i class=\"tg-icon-google-plus\"><\/i><\/a><a class=\"tg-social-share tg-pinterest\" href=\"https:\/\/pinterest.com\/pin\/create\/button\/?url=https%3A%2F%2Ffonds-risq.qc.ca%2Fen%2Fentreprise%2Freforme%2F&#038;description=R%C3%A9forme&#038;media=https%3A%2F%2Ffonds-risq.qc.ca%2Fwp-content%2Fuploads%2F2024%2F09%2FPhoto-Reforme.jpg\"><i class=\"tg-icon-pinterest\"><\/i><\/a><\/div><\/div><\/div><div class=\"tg-item-content-holder tg-light image-format\" style=\"background-color:#0097c8\"><span class=\"tg-item-date\">25 October 2024<\/span><h2 class=\"tg-item-title\"><a href=\"https:\/\/fonds-risq.qc.ca\/en\/entreprise\/reforme\/\" target=\"_self\">R\u00e9forme<\/a><\/h2><span class=\"tg-cats-holder\"><a class=\"filtres_des_entreprises\" href=\"https:\/\/fonds-risq.qc.ca\/en\/filtres_des_entreprises\/2024-en\/\" rel=\"category\" data-term-id=\"261\"><span class=\"tg-item-term\" >2024<\/span><\/a><span>, <\/span><a class=\"filtres_des_entreprises\" href=\"https:\/\/fonds-risq.qc.ca\/en\/filtres_des_entreprises\/capitale-nationale-en\/\" rel=\"category\" data-term-id=\"130\"><span class=\"tg-item-term\" >Capitale-Nationale<\/span><\/a><span>, <\/span><a class=\"filtres_des_entreprises\" href=\"https:\/\/fonds-risq.qc.ca\/en\/filtres_des_entreprises\/capitalization-loan\/\" rel=\"category\" data-term-id=\"148\"><span class=\"tg-item-term\" >Capitalization loan<\/span><\/a><span>, <\/span><a class=\"filtres_des_entreprises\" href=\"https:\/\/fonds-risq.qc.ca\/en\/filtres_des_entreprises\/education-en\/\" rel=\"category\" data-term-id=\"136\"><span class=\"tg-item-term\" >Education<\/span><\/a><span>, <\/span><a class=\"filtres_des_entreprises\" href=\"https:\/\/fonds-risq.qc.ca\/en\/filtres_des_entreprises\/npo\/\" rel=\"category\" data-term-id=\"150\"><span class=\"tg-item-term\" >NPO<\/span><\/a><span>, <\/span><a class=\"filtres_des_entreprises\" href=\"https:\/\/fonds-risq.qc.ca\/en\/filtres_des_entreprises\/services-en\/\" rel=\"category\" data-term-id=\"135\"><span class=\"tg-item-term\" >Services<\/span><\/a><\/span><div class=\"tg-item-footer\"><a class=\"tg-item-comment\" href=\"https:\/\/fonds-risq.qc.ca\/en\/entreprise\/reforme\/\"  target=\"_self\">No comment<\/a><span class=\"no-ajaxy to-post-like no-liked empty-heart\" data-post-id=\"18451\" title=\"Like\"><span class=\"to-heart-icon\"><svg xmlns=\"http:\/\/www.w3.org\/2000\/svg\" version=\"1.1\" viewBox=\"0 0 64 64\"><g transform=\"translate(0, 0)\"><path stroke-width=\"6\" stroke-linecap=\"square\" stroke-miterlimit=\"10\" d=\"M1,21c0,20,31,38,31,38s31-18,31-38 c0-8.285-6-16-15-16c-8.285,0-16,5.715-16,14c0-8.285-7.715-14-16-14C7,5,1,12.715,1,21z\"><\/path><\/g><\/svg><\/span><span class=\"to-like-count\">0<\/span><\/span><\/div><\/div><\/div><\/article><!-- The Grid item #68 --><article class=\"tg-item tg-post-18293 kampala f261 f164 f177 f190 f150 f146\" data-row=\"1\" data-col=\"1\"><div class=\"tg-item-inner\"><div class=\"tg-item-media-holder tg-light\"><div class=\"tg-item-media-inner\"><img decoding=\"async\" class=\"tg-item-image\" alt=\"\" width=\"2048\" height=\"1362\" src=\"https:\/\/fonds-risq.qc.ca\/wp-content\/uploads\/2024\/08\/Centre-art-populaires-de-nicolet.jpg\"><\/div><div class=\"tg-center-holder\"><div class=\"tg-center-inner\"><div class=\"tg-item-overlay\"><\/div><a class=\"tg-link-button\" href=\"https:\/\/fonds-risq.qc.ca\/en\/entreprise\/centre-des-arts-populaires-de-nicolet\/\" target=\"_self\"><i class=\"tg-icon-link\"><\/i><\/a><\/div><\/div><div class=\"tg-item-decoration\"><div class=\"triangle-down-right\" style=\"border-color:#b7c634\"><\/div><\/div><div class=\"tg-item-share-holder\"><div class=\"triangle-up-left\" style=\"border-color:rgba(22,22,22,0.65)\"><\/div><i class=\"tg-icon-reply\" style=\"color:#ffffff\"><\/i><div class=\"tg-share-icons\"><a class=\"tg-social-share tg-facebook\" href=\"https:\/\/www.facebook.com\/sharer.php?u=https%3A%2F%2Ffonds-risq.qc.ca%2Fen%2Fentreprise%2Fcentre-des-arts-populaires-de-nicolet%2F&#038;t=Centre%20des%20arts%20populaires%20de%20Nicolet\"><i class=\"tg-icon-facebook\"><\/i><\/a><a class=\"tg-social-share tg-twitter\" href=\"https:\/\/twitter.com\/share?url=https%3A%2F%2Ffonds-risq.qc.ca%2Fen%2Fentreprise%2Fcentre-des-arts-populaires-de-nicolet%2F&#038;text=Centre%20des%20arts%20populaires%20de%20Nicolet\"><i class=\"tg-icon-twitter\"><\/i><\/a><a class=\"tg-social-share tg-google-plus\" href=\"https:\/\/plus.google.com\/share?url=https%3A%2F%2Ffonds-risq.qc.ca%2Fen%2Fentreprise%2Fcentre-des-arts-populaires-de-nicolet%2F\"><i class=\"tg-icon-google-plus\"><\/i><\/a><a class=\"tg-social-share tg-pinterest\" href=\"https:\/\/pinterest.com\/pin\/create\/button\/?url=https%3A%2F%2Ffonds-risq.qc.ca%2Fen%2Fentreprise%2Fcentre-des-arts-populaires-de-nicolet%2F&#038;description=Centre%20des%20arts%20populaires%20de%20Nicolet&#038;media=https%3A%2F%2Ffonds-risq.qc.ca%2Fwp-content%2Fuploads%2F2024%2F08%2FCentre-art-populaires-de-nicolet.jpg\"><i class=\"tg-icon-pinterest\"><\/i><\/a><\/div><\/div><\/div><div class=\"tg-item-content-holder tg-light image-format\" style=\"background-color:#b7c634\"><span class=\"tg-item-date\">20 September 2024<\/span><h2 class=\"tg-item-title\"><a href=\"https:\/\/fonds-risq.qc.ca\/en\/entreprise\/centre-des-arts-populaires-de-nicolet\/\" target=\"_self\">Centre des arts populaires de Nicolet<\/a><\/h2><span class=\"tg-cats-holder\"><a class=\"filtres_des_entreprises\" href=\"https:\/\/fonds-risq.qc.ca\/en\/filtres_des_entreprises\/2024-en\/\" rel=\"category\" data-term-id=\"261\"><span class=\"tg-item-term\" >2024<\/span><\/a><span>, <\/span><a class=\"filtres_des_entreprises\" href=\"https:\/\/fonds-risq.qc.ca\/en\/filtres_des_entreprises\/centre-du-quebec-en\/\" rel=\"category\" data-term-id=\"164\"><span class=\"tg-item-term\" >Centre-du-Qu\u00e9bec<\/span><\/a><span>, <\/span><a class=\"filtres_des_entreprises\" href=\"https:\/\/fonds-risq.qc.ca\/en\/filtres_des_entreprises\/culture-en\/\" rel=\"category\" data-term-id=\"177\"><span class=\"tg-item-term\" >Culture<\/span><\/a><span>, <\/span><a class=\"filtres_des_entreprises\" href=\"https:\/\/fonds-risq.qc.ca\/en\/filtres_des_entreprises\/loisirs-divertissement-en\/\" rel=\"category\" data-term-id=\"190\"><span class=\"tg-item-term\" >Loisirs-Divertissement<\/span><\/a><span>, <\/span><a class=\"filtres_des_entreprises\" href=\"https:\/\/fonds-risq.qc.ca\/en\/filtres_des_entreprises\/npo\/\" rel=\"category\" data-term-id=\"150\"><span class=\"tg-item-term\" >NPO<\/span><\/a><span>, <\/span><a class=\"filtres_des_entreprises\" href=\"https:\/\/fonds-risq.qc.ca\/en\/filtres_des_entreprises\/pret-pour-aide-technique-en\/\" rel=\"category\" data-term-id=\"146\"><span class=\"tg-item-term\" >Technical assistance loan<\/span><\/a><\/span><div class=\"tg-item-footer\"><a class=\"tg-item-comment\" href=\"https:\/\/fonds-risq.qc.ca\/en\/entreprise\/centre-des-arts-populaires-de-nicolet\/\"  target=\"_self\">No comment<\/a><span class=\"no-ajaxy to-post-like no-liked empty-heart\" data-post-id=\"18293\" title=\"Like\"><span class=\"to-heart-icon\"><svg xmlns=\"http:\/\/www.w3.org\/2000\/svg\" version=\"1.1\" viewBox=\"0 0 64 64\"><g transform=\"translate(0, 0)\"><path stroke-width=\"6\" stroke-linecap=\"square\" stroke-miterlimit=\"10\" d=\"M1,21c0,20,31,38,31,38s31-18,31-38 c0-8.285-6-16-15-16c-8.285,0-16,5.715-16,14c0-8.285-7.715-14-16-14C7,5,1,12.715,1,21z\"><\/path><\/g><\/svg><\/span><span class=\"to-like-count\">0<\/span><\/span><\/div><\/div><\/div><\/article><!-- The Grid item #69 --><article class=\"tg-item tg-post-18291 kampala f261 f148 f150 f156 f142\" data-row=\"1\" data-col=\"1\"><div class=\"tg-item-inner\"><div class=\"tg-item-media-holder tg-light\"><div class=\"tg-item-media-inner\"><img decoding=\"async\" class=\"tg-item-image\" alt=\"\" width=\"1600\" height=\"1200\" src=\"https:\/\/fonds-risq.qc.ca\/wp-content\/uploads\/2024\/09\/AlzheimerOutaouais.jpg\"><\/div><div class=\"tg-center-holder\"><div class=\"tg-center-inner\"><div class=\"tg-item-overlay\"><\/div><a class=\"tg-link-button\" href=\"https:\/\/fonds-risq.qc.ca\/en\/entreprise\/alzheimer-outaouais\/\" target=\"_self\"><i class=\"tg-icon-link\"><\/i><\/a><\/div><\/div><div class=\"tg-item-decoration\"><div class=\"triangle-down-right\" style=\"border-color:#0097c8\"><\/div><\/div><div class=\"tg-item-share-holder\"><div class=\"triangle-up-left\" style=\"border-color:rgba(22,22,22,0.65)\"><\/div><i class=\"tg-icon-reply\" style=\"color:#ffffff\"><\/i><div class=\"tg-share-icons\"><a class=\"tg-social-share tg-facebook\" href=\"https:\/\/www.facebook.com\/sharer.php?u=https%3A%2F%2Ffonds-risq.qc.ca%2Fen%2Fentreprise%2Falzheimer-outaouais%2F&#038;t=Alzheimer%20Outaouais\"><i class=\"tg-icon-facebook\"><\/i><\/a><a class=\"tg-social-share tg-twitter\" href=\"https:\/\/twitter.com\/share?url=https%3A%2F%2Ffonds-risq.qc.ca%2Fen%2Fentreprise%2Falzheimer-outaouais%2F&#038;text=Alzheimer%20Outaouais\"><i class=\"tg-icon-twitter\"><\/i><\/a><a class=\"tg-social-share tg-google-plus\" href=\"https:\/\/plus.google.com\/share?url=https%3A%2F%2Ffonds-risq.qc.ca%2Fen%2Fentreprise%2Falzheimer-outaouais%2F\"><i class=\"tg-icon-google-plus\"><\/i><\/a><a class=\"tg-social-share tg-pinterest\" href=\"https:\/\/pinterest.com\/pin\/create\/button\/?url=https%3A%2F%2Ffonds-risq.qc.ca%2Fen%2Fentreprise%2Falzheimer-outaouais%2F&#038;description=Alzheimer%20Outaouais&#038;media=https%3A%2F%2Ffonds-risq.qc.ca%2Fwp-content%2Fuploads%2F2024%2F09%2FAlzheimerOutaouais.jpg\"><i class=\"tg-icon-pinterest\"><\/i><\/a><\/div><\/div><\/div><div class=\"tg-item-content-holder tg-light image-format\" style=\"background-color:#0097c8\"><span class=\"tg-item-date\">20 September 2024<\/span><h2 class=\"tg-item-title\"><a href=\"https:\/\/fonds-risq.qc.ca\/en\/entreprise\/alzheimer-outaouais\/\" target=\"_self\">Alzheimer Outaouais<\/a><\/h2><span class=\"tg-cats-holder\"><a class=\"filtres_des_entreprises\" href=\"https:\/\/fonds-risq.qc.ca\/en\/filtres_des_entreprises\/2024-en\/\" rel=\"category\" data-term-id=\"261\"><span class=\"tg-item-term\" >2024<\/span><\/a><span>, <\/span><a class=\"filtres_des_entreprises\" href=\"https:\/\/fonds-risq.qc.ca\/en\/filtres_des_entreprises\/capitalization-loan\/\" rel=\"category\" data-term-id=\"148\"><span class=\"tg-item-term\" >Capitalization loan<\/span><\/a><span>, <\/span><a class=\"filtres_des_entreprises\" href=\"https:\/\/fonds-risq.qc.ca\/en\/filtres_des_entreprises\/npo\/\" rel=\"category\" data-term-id=\"150\"><span class=\"tg-item-term\" >NPO<\/span><\/a><span>, <\/span><a class=\"filtres_des_entreprises\" href=\"https:\/\/fonds-risq.qc.ca\/en\/filtres_des_entreprises\/outaouais-en\/\" rel=\"category\" data-term-id=\"156\"><span class=\"tg-item-term\" >Outaouais<\/span><\/a><span>, <\/span><a class=\"filtres_des_entreprises\" href=\"https:\/\/fonds-risq.qc.ca\/en\/filtres_des_entreprises\/services-to-people\/\" rel=\"category\" data-term-id=\"142\"><span class=\"tg-item-term\" >Services to people<\/span><\/a><\/span><div class=\"tg-item-footer\"><a class=\"tg-item-comment\" href=\"https:\/\/fonds-risq.qc.ca\/en\/entreprise\/alzheimer-outaouais\/\"  target=\"_self\">No comment<\/a><span class=\"no-ajaxy to-post-like no-liked empty-heart\" data-post-id=\"18291\" title=\"Like\"><span class=\"to-heart-icon\"><svg xmlns=\"http:\/\/www.w3.org\/2000\/svg\" version=\"1.1\" viewBox=\"0 0 64 64\"><g transform=\"translate(0, 0)\"><path stroke-width=\"6\" stroke-linecap=\"square\" stroke-miterlimit=\"10\" d=\"M1,21c0,20,31,38,31,38s31-18,31-38 c0-8.285-6-16-15-16c-8.285,0-16,5.715-16,14c0-8.285-7.715-14-16-14C7,5,1,12.715,1,21z\"><\/path><\/g><\/svg><\/span><span class=\"to-like-count\">0<\/span><\/span><\/div><\/div><\/div><\/article><!-- The Grid item #70 --><article class=\"tg-item tg-post-18287 kampala f261 f128 f137 f146\" data-row=\"1\" data-col=\"1\"><div class=\"tg-item-inner\"><div class=\"tg-item-media-holder tg-light\"><div class=\"tg-item-media-inner\"><img decoding=\"async\" class=\"tg-item-image\" alt=\"\" width=\"2048\" height=\"1536\" src=\"https:\/\/fonds-risq.qc.ca\/wp-content\/uploads\/2024\/09\/Photo-CDC-La-Pointe.jpg\"><\/div><div class=\"tg-center-holder\"><div class=\"tg-center-inner\"><div class=\"tg-item-overlay\"><\/div><a class=\"tg-link-button\" href=\"https:\/\/fonds-risq.qc.ca\/en\/entreprise\/cdc-de-la-pointe\/\" target=\"_self\"><i class=\"tg-icon-link\"><\/i><\/a><\/div><\/div><div class=\"tg-item-decoration\"><div class=\"triangle-down-right\" style=\"border-color:#b7c634\"><\/div><\/div><div class=\"tg-item-share-holder\"><div class=\"triangle-up-left\" style=\"border-color:rgba(22,22,22,0.65)\"><\/div><i class=\"tg-icon-reply\" style=\"color:#ffffff\"><\/i><div class=\"tg-share-icons\"><a class=\"tg-social-share tg-facebook\" href=\"https:\/\/www.facebook.com\/sharer.php?u=https%3A%2F%2Ffonds-risq.qc.ca%2Fen%2Fentreprise%2Fcdc-de-la-pointe%2F&#038;t=CDC%20de%20La%20Pointe\"><i class=\"tg-icon-facebook\"><\/i><\/a><a class=\"tg-social-share tg-twitter\" href=\"https:\/\/twitter.com\/share?url=https%3A%2F%2Ffonds-risq.qc.ca%2Fen%2Fentreprise%2Fcdc-de-la-pointe%2F&#038;text=CDC%20de%20La%20Pointe\"><i class=\"tg-icon-twitter\"><\/i><\/a><a class=\"tg-social-share tg-google-plus\" href=\"https:\/\/plus.google.com\/share?url=https%3A%2F%2Ffonds-risq.qc.ca%2Fen%2Fentreprise%2Fcdc-de-la-pointe%2F\"><i class=\"tg-icon-google-plus\"><\/i><\/a><a class=\"tg-social-share tg-pinterest\" href=\"https:\/\/pinterest.com\/pin\/create\/button\/?url=https%3A%2F%2Ffonds-risq.qc.ca%2Fen%2Fentreprise%2Fcdc-de-la-pointe%2F&#038;description=CDC%20de%20La%20Pointe&#038;media=https%3A%2F%2Ffonds-risq.qc.ca%2Fwp-content%2Fuploads%2F2024%2F09%2FPhoto-CDC-La-Pointe.jpg\"><i class=\"tg-icon-pinterest\"><\/i><\/a><\/div><\/div><\/div><div class=\"tg-item-content-holder tg-light image-format\" style=\"background-color:#b7c634\"><span class=\"tg-item-date\">20 September 2024<\/span><h2 class=\"tg-item-title\"><a href=\"https:\/\/fonds-risq.qc.ca\/en\/entreprise\/cdc-de-la-pointe\/\" target=\"_self\">CDC de La Pointe<\/a><\/h2><span class=\"tg-cats-holder\"><a class=\"filtres_des_entreprises\" href=\"https:\/\/fonds-risq.qc.ca\/en\/filtres_des_entreprises\/2024-en\/\" rel=\"category\" data-term-id=\"261\"><span class=\"tg-item-term\" >2024<\/span><\/a><span>, <\/span><a class=\"filtres_des_entreprises\" href=\"https:\/\/fonds-risq.qc.ca\/en\/filtres_des_entreprises\/montreal-en\/\" rel=\"category\" data-term-id=\"128\"><span class=\"tg-item-term\" >Montr\u00e9al<\/span><\/a><span>, <\/span><a class=\"filtres_des_entreprises\" href=\"https:\/\/fonds-risq.qc.ca\/en\/filtres_des_entreprises\/retail-business\/\" rel=\"category\" data-term-id=\"137\"><span class=\"tg-item-term\" >Retail business<\/span><\/a><span>, <\/span><a class=\"filtres_des_entreprises\" href=\"https:\/\/fonds-risq.qc.ca\/en\/filtres_des_entreprises\/pret-pour-aide-technique-en\/\" rel=\"category\" data-term-id=\"146\"><span class=\"tg-item-term\" >Technical assistance loan<\/span><\/a><\/span><div class=\"tg-item-footer\"><a class=\"tg-item-comment\" href=\"https:\/\/fonds-risq.qc.ca\/en\/entreprise\/cdc-de-la-pointe\/\"  target=\"_self\">No comment<\/a><span class=\"no-ajaxy to-post-like no-liked empty-heart\" data-post-id=\"18287\" title=\"Like\"><span class=\"to-heart-icon\"><svg xmlns=\"http:\/\/www.w3.org\/2000\/svg\" version=\"1.1\" viewBox=\"0 0 64 64\"><g transform=\"translate(0, 0)\"><path stroke-width=\"6\" stroke-linecap=\"square\" stroke-miterlimit=\"10\" d=\"M1,21c0,20,31,38,31,38s31-18,31-38 c0-8.285-6-16-15-16c-8.285,0-16,5.715-16,14c0-8.285-7.715-14-16-14C7,5,1,12.715,1,21z\"><\/path><\/g><\/svg><\/span><span class=\"to-like-count\">0<\/span><\/span><\/div><\/div><\/div><\/article><!-- The Grid item #71 --><article class=\"tg-item tg-post-18268 kampala f261 f130 f148 f144 f190 f150\" data-row=\"1\" data-col=\"1\"><div class=\"tg-item-inner\"><div class=\"tg-item-media-holder tg-light\"><div class=\"tg-item-media-inner\"><img decoding=\"async\" class=\"tg-item-image\" alt=\"\" width=\"1640\" height=\"924\" src=\"https:\/\/fonds-risq.qc.ca\/wp-content\/uploads\/2024\/09\/Photo.png\"><\/div><div class=\"tg-center-holder\"><div class=\"tg-center-inner\"><div class=\"tg-item-overlay\"><\/div><a class=\"tg-link-button\" href=\"https:\/\/fonds-risq.qc.ca\/en\/entreprise\/coop-expeditions-nouvelle-vague\/\" target=\"_self\"><i class=\"tg-icon-link\"><\/i><\/a><\/div><\/div><div class=\"tg-item-decoration\"><div class=\"triangle-down-right\" style=\"border-color:#0097c8\"><\/div><\/div><div class=\"tg-item-share-holder\"><div class=\"triangle-up-left\" style=\"border-color:rgba(22,22,22,0.65)\"><\/div><i class=\"tg-icon-reply\" style=\"color:#ffffff\"><\/i><div class=\"tg-share-icons\"><a class=\"tg-social-share tg-facebook\" href=\"https:\/\/www.facebook.com\/sharer.php?u=https%3A%2F%2Ffonds-risq.qc.ca%2Fen%2Fentreprise%2Fcoop-expeditions-nouvelle-vague%2F&#038;t=Coop%20Exp%C3%A9ditions%20Nouvelle%20Vague\"><i class=\"tg-icon-facebook\"><\/i><\/a><a class=\"tg-social-share tg-twitter\" href=\"https:\/\/twitter.com\/share?url=https%3A%2F%2Ffonds-risq.qc.ca%2Fen%2Fentreprise%2Fcoop-expeditions-nouvelle-vague%2F&#038;text=Coop%20Exp%C3%A9ditions%20Nouvelle%20Vague\"><i class=\"tg-icon-twitter\"><\/i><\/a><a class=\"tg-social-share tg-google-plus\" href=\"https:\/\/plus.google.com\/share?url=https%3A%2F%2Ffonds-risq.qc.ca%2Fen%2Fentreprise%2Fcoop-expeditions-nouvelle-vague%2F\"><i class=\"tg-icon-google-plus\"><\/i><\/a><a class=\"tg-social-share tg-pinterest\" href=\"https:\/\/pinterest.com\/pin\/create\/button\/?url=https%3A%2F%2Ffonds-risq.qc.ca%2Fen%2Fentreprise%2Fcoop-expeditions-nouvelle-vague%2F&#038;description=Coop%20Exp%C3%A9ditions%20Nouvelle%20Vague&#038;media=https%3A%2F%2Ffonds-risq.qc.ca%2Fwp-content%2Fuploads%2F2024%2F09%2FPhoto.png\"><i class=\"tg-icon-pinterest\"><\/i><\/a><\/div><\/div><\/div><div class=\"tg-item-content-holder tg-light image-format\" style=\"background-color:#0097c8\"><span class=\"tg-item-date\">19 September 2024<\/span><h2 class=\"tg-item-title\"><a href=\"https:\/\/fonds-risq.qc.ca\/en\/entreprise\/coop-expeditions-nouvelle-vague\/\" target=\"_self\">Coop Exp\u00e9ditions Nouvelle Vague<\/a><\/h2><span class=\"tg-cats-holder\"><a class=\"filtres_des_entreprises\" href=\"https:\/\/fonds-risq.qc.ca\/en\/filtres_des_entreprises\/2024-en\/\" rel=\"category\" data-term-id=\"261\"><span class=\"tg-item-term\" >2024<\/span><\/a><span>, <\/span><a class=\"filtres_des_entreprises\" href=\"https:\/\/fonds-risq.qc.ca\/en\/filtres_des_entreprises\/capitale-nationale-en\/\" rel=\"category\" data-term-id=\"130\"><span class=\"tg-item-term\" >Capitale-Nationale<\/span><\/a><span>, <\/span><a class=\"filtres_des_entreprises\" href=\"https:\/\/fonds-risq.qc.ca\/en\/filtres_des_entreprises\/capitalization-loan\/\" rel=\"category\" data-term-id=\"148\"><span class=\"tg-item-term\" >Capitalization loan<\/span><\/a><span>, <\/span><a class=\"filtres_des_entreprises\" href=\"https:\/\/fonds-risq.qc.ca\/en\/filtres_des_entreprises\/leisure-tourism\/\" rel=\"category\" data-term-id=\"144\"><span class=\"tg-item-term\" >Leisure \/ Tourism<\/span><\/a><span>, <\/span><a class=\"filtres_des_entreprises\" href=\"https:\/\/fonds-risq.qc.ca\/en\/filtres_des_entreprises\/loisirs-divertissement-en\/\" rel=\"category\" data-term-id=\"190\"><span class=\"tg-item-term\" >Loisirs-Divertissement<\/span><\/a><span>, <\/span><a class=\"filtres_des_entreprises\" href=\"https:\/\/fonds-risq.qc.ca\/en\/filtres_des_entreprises\/npo\/\" rel=\"category\" data-term-id=\"150\"><span class=\"tg-item-term\" >NPO<\/span><\/a><\/span><div class=\"tg-item-footer\"><a class=\"tg-item-comment\" href=\"https:\/\/fonds-risq.qc.ca\/en\/entreprise\/coop-expeditions-nouvelle-vague\/\"  target=\"_self\">No comment<\/a><span class=\"no-ajaxy to-post-like no-liked empty-heart\" data-post-id=\"18268\" title=\"Like\"><span class=\"to-heart-icon\"><svg xmlns=\"http:\/\/www.w3.org\/2000\/svg\" version=\"1.1\" viewBox=\"0 0 64 64\"><g transform=\"translate(0, 0)\"><path stroke-width=\"6\" stroke-linecap=\"square\" stroke-miterlimit=\"10\" d=\"M1,21c0,20,31,38,31,38s31-18,31-38 c0-8.285-6-16-15-16c-8.285,0-16,5.715-16,14c0-8.285-7.715-14-16-14C7,5,1,12.715,1,21z\"><\/path><\/g><\/svg><\/span><span class=\"to-like-count\">0<\/span><\/span><\/div><\/div><\/div><\/article><!-- The Grid item #72 --><article class=\"tg-item tg-post-18266 kampala f252 f152 f150 f142 f146\" data-row=\"1\" data-col=\"1\"><div class=\"tg-item-inner\"><div class=\"tg-item-media-holder tg-light\"><div class=\"tg-item-media-inner\"><img decoding=\"async\" class=\"tg-item-image\" alt=\"\" width=\"786\" height=\"509\" src=\"https:\/\/fonds-risq.qc.ca\/wp-content\/uploads\/2024\/08\/Photo-Association-personnes-handicapees-de-Levis-1.jpg\"><\/div><div class=\"tg-center-holder\"><div class=\"tg-center-inner\"><div class=\"tg-item-overlay\"><\/div><a class=\"tg-link-button\" href=\"https:\/\/fonds-risq.qc.ca\/en\/entreprise\/association-des-personnes-handicapees-de-levis\/\" target=\"_self\"><i class=\"tg-icon-link\"><\/i><\/a><\/div><\/div><div class=\"tg-item-decoration\"><div class=\"triangle-down-right\" style=\"border-color:#b7c634\"><\/div><\/div><div class=\"tg-item-share-holder\"><div class=\"triangle-up-left\" style=\"border-color:rgba(22,22,22,0.65)\"><\/div><i class=\"tg-icon-reply\" style=\"color:#ffffff\"><\/i><div class=\"tg-share-icons\"><a class=\"tg-social-share tg-facebook\" href=\"https:\/\/www.facebook.com\/sharer.php?u=https%3A%2F%2Ffonds-risq.qc.ca%2Fen%2Fentreprise%2Fassociation-des-personnes-handicapees-de-levis%2F&#038;t=Association%20des%20personnes%20handicap%C3%A9es%20de%20L%C3%A9vis\"><i class=\"tg-icon-facebook\"><\/i><\/a><a class=\"tg-social-share tg-twitter\" href=\"https:\/\/twitter.com\/share?url=https%3A%2F%2Ffonds-risq.qc.ca%2Fen%2Fentreprise%2Fassociation-des-personnes-handicapees-de-levis%2F&#038;text=Association%20des%20personnes%20handicap%C3%A9es%20de%20L%C3%A9vis\"><i class=\"tg-icon-twitter\"><\/i><\/a><a class=\"tg-social-share tg-google-plus\" href=\"https:\/\/plus.google.com\/share?url=https%3A%2F%2Ffonds-risq.qc.ca%2Fen%2Fentreprise%2Fassociation-des-personnes-handicapees-de-levis%2F\"><i class=\"tg-icon-google-plus\"><\/i><\/a><a class=\"tg-social-share tg-pinterest\" href=\"https:\/\/pinterest.com\/pin\/create\/button\/?url=https%3A%2F%2Ffonds-risq.qc.ca%2Fen%2Fentreprise%2Fassociation-des-personnes-handicapees-de-levis%2F&#038;description=Association%20des%20personnes%20handicap%C3%A9es%20de%20L%C3%A9vis&#038;media=https%3A%2F%2Ffonds-risq.qc.ca%2Fwp-content%2Fuploads%2F2024%2F08%2FPhoto-Association-personnes-handicapees-de-Levis-1.jpg\"><i class=\"tg-icon-pinterest\"><\/i><\/a><\/div><\/div><\/div><div class=\"tg-item-content-holder tg-light image-format\" style=\"background-color:#b7c634\"><span class=\"tg-item-date\">19 September 2024<\/span><h2 class=\"tg-item-title\"><a href=\"https:\/\/fonds-risq.qc.ca\/en\/entreprise\/association-des-personnes-handicapees-de-levis\/\" target=\"_self\">Association des personnes handicap\u00e9es de L\u00e9vis<\/a><\/h2><span class=\"tg-cats-holder\"><a class=\"filtres_des_entreprises\" href=\"https:\/\/fonds-risq.qc.ca\/en\/filtres_des_entreprises\/2023-en\/\" rel=\"category\" data-term-id=\"252\"><span class=\"tg-item-term\" >2023<\/span><\/a><span>, <\/span><a class=\"filtres_des_entreprises\" href=\"https:\/\/fonds-risq.qc.ca\/en\/filtres_des_entreprises\/chaudiere-appalaches-en\/\" rel=\"category\" data-term-id=\"152\"><span class=\"tg-item-term\" >Chaudi\u00e8re-Appalaches<\/span><\/a><span>, <\/span><a class=\"filtres_des_entreprises\" href=\"https:\/\/fonds-risq.qc.ca\/en\/filtres_des_entreprises\/npo\/\" rel=\"category\" data-term-id=\"150\"><span class=\"tg-item-term\" >NPO<\/span><\/a><span>, <\/span><a class=\"filtres_des_entreprises\" href=\"https:\/\/fonds-risq.qc.ca\/en\/filtres_des_entreprises\/services-to-people\/\" rel=\"category\" data-term-id=\"142\"><span class=\"tg-item-term\" >Services to people<\/span><\/a><span>, <\/span><a class=\"filtres_des_entreprises\" href=\"https:\/\/fonds-risq.qc.ca\/en\/filtres_des_entreprises\/pret-pour-aide-technique-en\/\" rel=\"category\" data-term-id=\"146\"><span class=\"tg-item-term\" >Technical assistance loan<\/span><\/a><\/span><div class=\"tg-item-footer\"><a class=\"tg-item-comment\" href=\"https:\/\/fonds-risq.qc.ca\/en\/entreprise\/association-des-personnes-handicapees-de-levis\/\"  target=\"_self\">No comment<\/a><span class=\"no-ajaxy to-post-like no-liked empty-heart\" data-post-id=\"18266\" title=\"Like\"><span class=\"to-heart-icon\"><svg xmlns=\"http:\/\/www.w3.org\/2000\/svg\" version=\"1.1\" viewBox=\"0 0 64 64\"><g transform=\"translate(0, 0)\"><path stroke-width=\"6\" stroke-linecap=\"square\" stroke-miterlimit=\"10\" d=\"M1,21c0,20,31,38,31,38s31-18,31-38 c0-8.285-6-16-15-16c-8.285,0-16,5.715-16,14c0-8.285-7.715-14-16-14C7,5,1,12.715,1,21z\"><\/path><\/g><\/svg><\/span><span class=\"to-like-count\">0<\/span><\/span><\/div><\/div><\/div><\/article><!-- The Grid item #73 --><article class=\"tg-item tg-post-18064 kampala f261 f148 f136 f128 f150 f135\" data-row=\"1\" data-col=\"1\"><div class=\"tg-item-inner\"><div class=\"tg-item-media-holder tg-light\"><div class=\"tg-item-media-inner\"><img decoding=\"async\" class=\"tg-item-image\" alt=\"\" width=\"1080\" height=\"1080\" src=\"https:\/\/fonds-risq.qc.ca\/wp-content\/uploads\/2024\/08\/Photo.jpg\"><\/div><div class=\"tg-center-holder\"><div class=\"tg-center-inner\"><div class=\"tg-item-overlay\"><\/div><a class=\"tg-link-button\" href=\"https:\/\/fonds-risq.qc.ca\/en\/entreprise\/nova-musique\/\" target=\"_self\"><i class=\"tg-icon-link\"><\/i><\/a><\/div><\/div><div class=\"tg-item-decoration\"><div class=\"triangle-down-right\" style=\"border-color:#0097c8\"><\/div><\/div><div class=\"tg-item-share-holder\"><div class=\"triangle-up-left\" style=\"border-color:rgba(22,22,22,0.65)\"><\/div><i class=\"tg-icon-reply\" style=\"color:#ffffff\"><\/i><div class=\"tg-share-icons\"><a class=\"tg-social-share tg-facebook\" href=\"https:\/\/www.facebook.com\/sharer.php?u=https%3A%2F%2Ffonds-risq.qc.ca%2Fen%2Fentreprise%2Fnova-musique%2F&#038;t=Nova%20Musique\"><i class=\"tg-icon-facebook\"><\/i><\/a><a class=\"tg-social-share tg-twitter\" href=\"https:\/\/twitter.com\/share?url=https%3A%2F%2Ffonds-risq.qc.ca%2Fen%2Fentreprise%2Fnova-musique%2F&#038;text=Nova%20Musique\"><i class=\"tg-icon-twitter\"><\/i><\/a><a class=\"tg-social-share tg-google-plus\" href=\"https:\/\/plus.google.com\/share?url=https%3A%2F%2Ffonds-risq.qc.ca%2Fen%2Fentreprise%2Fnova-musique%2F\"><i class=\"tg-icon-google-plus\"><\/i><\/a><a class=\"tg-social-share tg-pinterest\" href=\"https:\/\/pinterest.com\/pin\/create\/button\/?url=https%3A%2F%2Ffonds-risq.qc.ca%2Fen%2Fentreprise%2Fnova-musique%2F&#038;description=Nova%20Musique&#038;media=https%3A%2F%2Ffonds-risq.qc.ca%2Fwp-content%2Fuploads%2F2024%2F08%2FPhoto.jpg\"><i class=\"tg-icon-pinterest\"><\/i><\/a><\/div><\/div><\/div><div class=\"tg-item-content-holder tg-light image-format\" style=\"background-color:#0097c8\"><span class=\"tg-item-date\">29 August 2024<\/span><h2 class=\"tg-item-title\"><a href=\"https:\/\/fonds-risq.qc.ca\/en\/entreprise\/nova-musique\/\" target=\"_self\">Nova Musique<\/a><\/h2><span class=\"tg-cats-holder\"><a class=\"filtres_des_entreprises\" href=\"https:\/\/fonds-risq.qc.ca\/en\/filtres_des_entreprises\/2024-en\/\" rel=\"category\" data-term-id=\"261\"><span class=\"tg-item-term\" >2024<\/span><\/a><span>, <\/span><a class=\"filtres_des_entreprises\" href=\"https:\/\/fonds-risq.qc.ca\/en\/filtres_des_entreprises\/capitalization-loan\/\" rel=\"category\" data-term-id=\"148\"><span class=\"tg-item-term\" >Capitalization loan<\/span><\/a><span>, <\/span><a class=\"filtres_des_entreprises\" href=\"https:\/\/fonds-risq.qc.ca\/en\/filtres_des_entreprises\/education-en\/\" rel=\"category\" data-term-id=\"136\"><span class=\"tg-item-term\" >Education<\/span><\/a><span>, <\/span><a class=\"filtres_des_entreprises\" href=\"https:\/\/fonds-risq.qc.ca\/en\/filtres_des_entreprises\/montreal-en\/\" rel=\"category\" data-term-id=\"128\"><span class=\"tg-item-term\" >Montr\u00e9al<\/span><\/a><span>, <\/span><a class=\"filtres_des_entreprises\" href=\"https:\/\/fonds-risq.qc.ca\/en\/filtres_des_entreprises\/npo\/\" rel=\"category\" data-term-id=\"150\"><span class=\"tg-item-term\" >NPO<\/span><\/a><span>, <\/span><a class=\"filtres_des_entreprises\" href=\"https:\/\/fonds-risq.qc.ca\/en\/filtres_des_entreprises\/services-en\/\" rel=\"category\" data-term-id=\"135\"><span class=\"tg-item-term\" >Services<\/span><\/a><\/span><div class=\"tg-item-footer\"><a class=\"tg-item-comment\" href=\"https:\/\/fonds-risq.qc.ca\/en\/entreprise\/nova-musique\/\"  target=\"_self\">No comment<\/a><span class=\"no-ajaxy to-post-like no-liked empty-heart\" data-post-id=\"18064\" title=\"Like\"><span class=\"to-heart-icon\"><svg xmlns=\"http:\/\/www.w3.org\/2000\/svg\" version=\"1.1\" viewBox=\"0 0 64 64\"><g transform=\"translate(0, 0)\"><path stroke-width=\"6\" stroke-linecap=\"square\" stroke-miterlimit=\"10\" d=\"M1,21c0,20,31,38,31,38s31-18,31-38 c0-8.285-6-16-15-16c-8.285,0-16,5.715-16,14c0-8.285-7.715-14-16-14C7,5,1,12.715,1,21z\"><\/path><\/g><\/svg><\/span><span class=\"to-like-count\">0<\/span><\/span><\/div><\/div><\/div><\/article><!-- The Grid item #74 --><article class=\"tg-item tg-post-18061 kampala f261 f148 f145 f128 f150 f137\" data-row=\"1\" data-col=\"1\"><div class=\"tg-item-inner\"><div class=\"tg-item-media-holder tg-light\"><div class=\"tg-item-media-inner\"><img decoding=\"async\" class=\"tg-item-image\" alt=\"\" width=\"690\" height=\"461\" src=\"https:\/\/fonds-risq.qc.ca\/wp-content\/uploads\/2024\/07\/PhotoCCHM.jpg\"><\/div><div class=\"tg-center-holder\"><div class=\"tg-center-inner\"><div class=\"tg-item-overlay\"><\/div><a class=\"tg-link-button\" href=\"https:\/\/fonds-risq.qc.ca\/en\/entreprise\/cuisine-collective-hochelaga-maisonneuve\/\" target=\"_self\"><i class=\"tg-icon-link\"><\/i><\/a><\/div><\/div><div class=\"tg-item-decoration\"><div class=\"triangle-down-right\" style=\"border-color:#0097c8\"><\/div><\/div><div class=\"tg-item-share-holder\"><div class=\"triangle-up-left\" style=\"border-color:rgba(22,22,22,0.65)\"><\/div><i class=\"tg-icon-reply\" style=\"color:#ffffff\"><\/i><div class=\"tg-share-icons\"><a class=\"tg-social-share tg-facebook\" href=\"https:\/\/www.facebook.com\/sharer.php?u=https%3A%2F%2Ffonds-risq.qc.ca%2Fen%2Fentreprise%2Fcuisine-collective-hochelaga-maisonneuve%2F&#038;t=Cuisine%20Collective%20Hochelaga-Maisonneuve\"><i class=\"tg-icon-facebook\"><\/i><\/a><a class=\"tg-social-share tg-twitter\" href=\"https:\/\/twitter.com\/share?url=https%3A%2F%2Ffonds-risq.qc.ca%2Fen%2Fentreprise%2Fcuisine-collective-hochelaga-maisonneuve%2F&#038;text=Cuisine%20Collective%20Hochelaga-Maisonneuve\"><i class=\"tg-icon-twitter\"><\/i><\/a><a class=\"tg-social-share tg-google-plus\" href=\"https:\/\/plus.google.com\/share?url=https%3A%2F%2Ffonds-risq.qc.ca%2Fen%2Fentreprise%2Fcuisine-collective-hochelaga-maisonneuve%2F\"><i class=\"tg-icon-google-plus\"><\/i><\/a><a class=\"tg-social-share tg-pinterest\" href=\"https:\/\/pinterest.com\/pin\/create\/button\/?url=https%3A%2F%2Ffonds-risq.qc.ca%2Fen%2Fentreprise%2Fcuisine-collective-hochelaga-maisonneuve%2F&#038;description=Cuisine%20Collective%20Hochelaga-Maisonneuve&#038;media=https%3A%2F%2Ffonds-risq.qc.ca%2Fwp-content%2Fuploads%2F2024%2F07%2FPhotoCCHM.jpg\"><i class=\"tg-icon-pinterest\"><\/i><\/a><\/div><\/div><\/div><div class=\"tg-item-content-holder tg-light image-format\" style=\"background-color:#0097c8\"><span class=\"tg-item-date\">29 August 2024<\/span><h2 class=\"tg-item-title\"><a href=\"https:\/\/fonds-risq.qc.ca\/en\/entreprise\/cuisine-collective-hochelaga-maisonneuve\/\" target=\"_self\">Cuisine Collective Hochelaga-Maisonneuve<\/a><\/h2><span class=\"tg-cats-holder\"><a class=\"filtres_des_entreprises\" href=\"https:\/\/fonds-risq.qc.ca\/en\/filtres_des_entreprises\/2024-en\/\" rel=\"category\" data-term-id=\"261\"><span class=\"tg-item-term\" >2024<\/span><\/a><span>, <\/span><a class=\"filtres_des_entreprises\" href=\"https:\/\/fonds-risq.qc.ca\/en\/filtres_des_entreprises\/capitalization-loan\/\" rel=\"category\" data-term-id=\"148\"><span class=\"tg-item-term\" >Capitalization loan<\/span><\/a><span>, <\/span><a class=\"filtres_des_entreprises\" href=\"https:\/\/fonds-risq.qc.ca\/en\/filtres_des_entreprises\/food\/\" rel=\"category\" data-term-id=\"145\"><span class=\"tg-item-term\" >Food<\/span><\/a><span>, <\/span><a class=\"filtres_des_entreprises\" href=\"https:\/\/fonds-risq.qc.ca\/en\/filtres_des_entreprises\/montreal-en\/\" rel=\"category\" data-term-id=\"128\"><span class=\"tg-item-term\" >Montr\u00e9al<\/span><\/a><span>, <\/span><a class=\"filtres_des_entreprises\" href=\"https:\/\/fonds-risq.qc.ca\/en\/filtres_des_entreprises\/npo\/\" rel=\"category\" data-term-id=\"150\"><span class=\"tg-item-term\" >NPO<\/span><\/a><span>, <\/span><a class=\"filtres_des_entreprises\" href=\"https:\/\/fonds-risq.qc.ca\/en\/filtres_des_entreprises\/retail-business\/\" rel=\"category\" data-term-id=\"137\"><span class=\"tg-item-term\" >Retail business<\/span><\/a><\/span><div class=\"tg-item-footer\"><a class=\"tg-item-comment\" href=\"https:\/\/fonds-risq.qc.ca\/en\/entreprise\/cuisine-collective-hochelaga-maisonneuve\/\"  target=\"_self\">No comment<\/a><span class=\"no-ajaxy to-post-like no-liked empty-heart\" data-post-id=\"18061\" title=\"Like\"><span class=\"to-heart-icon\"><svg xmlns=\"http:\/\/www.w3.org\/2000\/svg\" version=\"1.1\" viewBox=\"0 0 64 64\"><g transform=\"translate(0, 0)\"><path stroke-width=\"6\" stroke-linecap=\"square\" stroke-miterlimit=\"10\" d=\"M1,21c0,20,31,38,31,38s31-18,31-38 c0-8.285-6-16-15-16c-8.285,0-16,5.715-16,14c0-8.285-7.715-14-16-14C7,5,1,12.715,1,21z\"><\/path><\/g><\/svg><\/span><span class=\"to-like-count\">0<\/span><\/span><\/div><\/div><\/div><\/article><!-- The Grid item #75 --><article class=\"tg-item tg-post-18058 kampala f261 f148 f151 f145 f128\" data-row=\"1\" data-col=\"1\"><div class=\"tg-item-inner\"><div class=\"tg-item-media-holder tg-light\"><div class=\"tg-item-media-inner\"><img decoding=\"async\" class=\"tg-item-image\" alt=\"\" width=\"1080\" height=\"1080\" src=\"https:\/\/fonds-risq.qc.ca\/wp-content\/uploads\/2024\/08\/Photo-Coop-Boomerang.jpg\"><\/div><div class=\"tg-center-holder\"><div class=\"tg-center-inner\"><div class=\"tg-item-overlay\"><\/div><a class=\"tg-link-button\" href=\"https:\/\/fonds-risq.qc.ca\/en\/entreprise\/coop-boomerang\/\" target=\"_self\"><i class=\"tg-icon-link\"><\/i><\/a><\/div><\/div><div class=\"tg-item-decoration\"><div class=\"triangle-down-right\" style=\"border-color:#0097c8\"><\/div><\/div><div class=\"tg-item-share-holder\"><div class=\"triangle-up-left\" style=\"border-color:rgba(22,22,22,0.65)\"><\/div><i class=\"tg-icon-reply\" style=\"color:#ffffff\"><\/i><div class=\"tg-share-icons\"><a class=\"tg-social-share tg-facebook\" href=\"https:\/\/www.facebook.com\/sharer.php?u=https%3A%2F%2Ffonds-risq.qc.ca%2Fen%2Fentreprise%2Fcoop-boomerang%2F&#038;t=Coop%20Boomerang\"><i class=\"tg-icon-facebook\"><\/i><\/a><a class=\"tg-social-share tg-twitter\" href=\"https:\/\/twitter.com\/share?url=https%3A%2F%2Ffonds-risq.qc.ca%2Fen%2Fentreprise%2Fcoop-boomerang%2F&#038;text=Coop%20Boomerang\"><i class=\"tg-icon-twitter\"><\/i><\/a><a class=\"tg-social-share tg-google-plus\" href=\"https:\/\/plus.google.com\/share?url=https%3A%2F%2Ffonds-risq.qc.ca%2Fen%2Fentreprise%2Fcoop-boomerang%2F\"><i class=\"tg-icon-google-plus\"><\/i><\/a><a class=\"tg-social-share tg-pinterest\" href=\"https:\/\/pinterest.com\/pin\/create\/button\/?url=https%3A%2F%2Ffonds-risq.qc.ca%2Fen%2Fentreprise%2Fcoop-boomerang%2F&#038;description=Coop%20Boomerang&#038;media=https%3A%2F%2Ffonds-risq.qc.ca%2Fwp-content%2Fuploads%2F2024%2F08%2FPhoto-Coop-Boomerang.jpg\"><i class=\"tg-icon-pinterest\"><\/i><\/a><\/div><\/div><\/div><div class=\"tg-item-content-holder tg-light image-format\" style=\"background-color:#0097c8\"><span class=\"tg-item-date\">29 August 2024<\/span><h2 class=\"tg-item-title\"><a href=\"https:\/\/fonds-risq.qc.ca\/en\/entreprise\/coop-boomerang\/\" target=\"_self\">Coop Boomerang<\/a><\/h2><span class=\"tg-cats-holder\"><a class=\"filtres_des_entreprises\" href=\"https:\/\/fonds-risq.qc.ca\/en\/filtres_des_entreprises\/2024-en\/\" rel=\"category\" data-term-id=\"261\"><span class=\"tg-item-term\" >2024<\/span><\/a><span>, <\/span><a class=\"filtres_des_entreprises\" href=\"https:\/\/fonds-risq.qc.ca\/en\/filtres_des_entreprises\/capitalization-loan\/\" rel=\"category\" data-term-id=\"148\"><span class=\"tg-item-term\" >Capitalization loan<\/span><\/a><span>, <\/span><a class=\"filtres_des_entreprises\" href=\"https:\/\/fonds-risq.qc.ca\/en\/filtres_des_entreprises\/coop-en\/\" rel=\"category\" data-term-id=\"151\"><span class=\"tg-item-term\" >COOP<\/span><\/a><span>, <\/span><a class=\"filtres_des_entreprises\" href=\"https:\/\/fonds-risq.qc.ca\/en\/filtres_des_entreprises\/food\/\" rel=\"category\" data-term-id=\"145\"><span class=\"tg-item-term\" >Food<\/span><\/a><span>, <\/span><a class=\"filtres_des_entreprises\" href=\"https:\/\/fonds-risq.qc.ca\/en\/filtres_des_entreprises\/montreal-en\/\" rel=\"category\" data-term-id=\"128\"><span class=\"tg-item-term\" >Montr\u00e9al<\/span><\/a><\/span><div class=\"tg-item-footer\"><a class=\"tg-item-comment\" href=\"https:\/\/fonds-risq.qc.ca\/en\/entreprise\/coop-boomerang\/\"  target=\"_self\">No comment<\/a><span class=\"no-ajaxy to-post-like no-liked empty-heart\" data-post-id=\"18058\" title=\"Like\"><span class=\"to-heart-icon\"><svg xmlns=\"http:\/\/www.w3.org\/2000\/svg\" version=\"1.1\" viewBox=\"0 0 64 64\"><g transform=\"translate(0, 0)\"><path stroke-width=\"6\" stroke-linecap=\"square\" stroke-miterlimit=\"10\" d=\"M1,21c0,20,31,38,31,38s31-18,31-38 c0-8.285-6-16-15-16c-8.285,0-16,5.715-16,14c0-8.285-7.715-14-16-14C7,5,1,12.715,1,21z\"><\/path><\/g><\/svg><\/span><span class=\"to-like-count\">0<\/span><\/span><\/div><\/div><\/div><\/article><!-- The Grid item #76 --><article class=\"tg-item tg-post-18052 kampala f261 f148 f151 f149 f128 f135\" data-row=\"1\" data-col=\"1\"><div class=\"tg-item-inner\"><div class=\"tg-item-media-holder tg-light\"><div class=\"tg-item-media-inner\"><img decoding=\"async\" class=\"tg-item-image\" alt=\"\" width=\"1440\" height=\"1080\" src=\"https:\/\/fonds-risq.qc.ca\/wp-content\/uploads\/2024\/08\/Photo-Picbois.jpg\"><\/div><div class=\"tg-center-holder\"><div class=\"tg-center-inner\"><div class=\"tg-item-overlay\"><\/div><a class=\"tg-link-button\" href=\"https:\/\/fonds-risq.qc.ca\/en\/entreprise\/le-picbois-coop-3\/\" target=\"_self\"><i class=\"tg-icon-link\"><\/i><\/a><\/div><\/div><div class=\"tg-item-decoration\"><div class=\"triangle-down-right\" style=\"border-color:#0097c8\"><\/div><\/div><div class=\"tg-item-share-holder\"><div class=\"triangle-up-left\" style=\"border-color:rgba(22,22,22,0.65)\"><\/div><i class=\"tg-icon-reply\" style=\"color:#ffffff\"><\/i><div class=\"tg-share-icons\"><a class=\"tg-social-share tg-facebook\" href=\"https:\/\/www.facebook.com\/sharer.php?u=https%3A%2F%2Ffonds-risq.qc.ca%2Fen%2Fentreprise%2Fle-picbois-coop-3%2F&#038;t=Le%20Picbois%20coop\"><i class=\"tg-icon-facebook\"><\/i><\/a><a class=\"tg-social-share tg-twitter\" href=\"https:\/\/twitter.com\/share?url=https%3A%2F%2Ffonds-risq.qc.ca%2Fen%2Fentreprise%2Fle-picbois-coop-3%2F&#038;text=Le%20Picbois%20coop\"><i class=\"tg-icon-twitter\"><\/i><\/a><a class=\"tg-social-share tg-google-plus\" href=\"https:\/\/plus.google.com\/share?url=https%3A%2F%2Ffonds-risq.qc.ca%2Fen%2Fentreprise%2Fle-picbois-coop-3%2F\"><i class=\"tg-icon-google-plus\"><\/i><\/a><a class=\"tg-social-share tg-pinterest\" href=\"https:\/\/pinterest.com\/pin\/create\/button\/?url=https%3A%2F%2Ffonds-risq.qc.ca%2Fen%2Fentreprise%2Fle-picbois-coop-3%2F&#038;description=Le%20Picbois%20coop&#038;media=https%3A%2F%2Ffonds-risq.qc.ca%2Fwp-content%2Fuploads%2F2024%2F08%2FPhoto-Picbois.jpg\"><i class=\"tg-icon-pinterest\"><\/i><\/a><\/div><\/div><\/div><div class=\"tg-item-content-holder tg-light image-format\" style=\"background-color:#0097c8\"><span class=\"tg-item-date\">28 August 2024<\/span><h2 class=\"tg-item-title\"><a href=\"https:\/\/fonds-risq.qc.ca\/en\/entreprise\/le-picbois-coop-3\/\" target=\"_self\">Le Picbois coop<\/a><\/h2><span class=\"tg-cats-holder\"><a class=\"filtres_des_entreprises\" href=\"https:\/\/fonds-risq.qc.ca\/en\/filtres_des_entreprises\/2024-en\/\" rel=\"category\" data-term-id=\"261\"><span class=\"tg-item-term\" >2024<\/span><\/a><span>, <\/span><a class=\"filtres_des_entreprises\" href=\"https:\/\/fonds-risq.qc.ca\/en\/filtres_des_entreprises\/capitalization-loan\/\" rel=\"category\" data-term-id=\"148\"><span class=\"tg-item-term\" >Capitalization loan<\/span><\/a><span>, <\/span><a class=\"filtres_des_entreprises\" href=\"https:\/\/fonds-risq.qc.ca\/en\/filtres_des_entreprises\/coop-en\/\" rel=\"category\" data-term-id=\"151\"><span class=\"tg-item-term\" >COOP<\/span><\/a><span>, <\/span><a class=\"filtres_des_entreprises\" href=\"https:\/\/fonds-risq.qc.ca\/en\/filtres_des_entreprises\/environment\/\" rel=\"category\" data-term-id=\"149\"><span class=\"tg-item-term\" >Environment<\/span><\/a><span>, <\/span><a class=\"filtres_des_entreprises\" href=\"https:\/\/fonds-risq.qc.ca\/en\/filtres_des_entreprises\/montreal-en\/\" rel=\"category\" data-term-id=\"128\"><span class=\"tg-item-term\" >Montr\u00e9al<\/span><\/a><span>, <\/span><a class=\"filtres_des_entreprises\" href=\"https:\/\/fonds-risq.qc.ca\/en\/filtres_des_entreprises\/services-en\/\" rel=\"category\" data-term-id=\"135\"><span class=\"tg-item-term\" >Services<\/span><\/a><\/span><div class=\"tg-item-footer\"><a class=\"tg-item-comment\" href=\"https:\/\/fonds-risq.qc.ca\/en\/entreprise\/le-picbois-coop-3\/\"  target=\"_self\">No comment<\/a><span class=\"no-ajaxy to-post-like no-liked empty-heart\" data-post-id=\"18052\" title=\"Like\"><span class=\"to-heart-icon\"><svg xmlns=\"http:\/\/www.w3.org\/2000\/svg\" version=\"1.1\" viewBox=\"0 0 64 64\"><g transform=\"translate(0, 0)\"><path stroke-width=\"6\" stroke-linecap=\"square\" stroke-miterlimit=\"10\" d=\"M1,21c0,20,31,38,31,38s31-18,31-38 c0-8.285-6-16-15-16c-8.285,0-16,5.715-16,14c0-8.285-7.715-14-16-14C7,5,1,12.715,1,21z\"><\/path><\/g><\/svg><\/span><span class=\"to-like-count\">0<\/span><\/span><\/div><\/div><\/div><\/article><!-- The Grid item #77 --><article class=\"tg-item tg-post-18050 kampala f252 f248 f133 f150 f193\" data-row=\"1\" data-col=\"1\"><div class=\"tg-item-inner\"><div class=\"tg-item-content-holder tg-light standard-format\" style=\"background-color:#fdd304\"><span class=\"tg-item-date\">28 August 2024<\/span><h2 class=\"tg-item-title\"><a href=\"https:\/\/fonds-risq.qc.ca\/en\/entreprise\/tele-cable-la-conception-2\/\" target=\"_self\">T\u00e9l\u00e9-C\u00e2ble La Conception<\/a><\/h2><span class=\"tg-cats-holder\"><a class=\"filtres_des_entreprises\" href=\"https:\/\/fonds-risq.qc.ca\/en\/filtres_des_entreprises\/2023-en\/\" rel=\"category\" data-term-id=\"252\"><span class=\"tg-item-term\" >2023<\/span><\/a><span>, <\/span><a class=\"filtres_des_entreprises\" href=\"https:\/\/fonds-risq.qc.ca\/en\/filtres_des_entreprises\/fonds-transition-en\/\" rel=\"category\" data-term-id=\"248\"><span class=\"tg-item-term\" >Fonds Transition<\/span><\/a><span>, <\/span><a class=\"filtres_des_entreprises\" href=\"https:\/\/fonds-risq.qc.ca\/en\/filtres_des_entreprises\/laurentides-en\/\" rel=\"category\" data-term-id=\"133\"><span class=\"tg-item-term\" >Laurentides<\/span><\/a><span>, <\/span><a class=\"filtres_des_entreprises\" href=\"https:\/\/fonds-risq.qc.ca\/en\/filtres_des_entreprises\/npo\/\" rel=\"category\" data-term-id=\"150\"><span class=\"tg-item-term\" >NPO<\/span><\/a><span>, <\/span><a class=\"filtres_des_entreprises\" href=\"https:\/\/fonds-risq.qc.ca\/en\/filtres_des_entreprises\/services-de-telecommunication-en\/\" rel=\"category\" data-term-id=\"193\"><span class=\"tg-item-term\" >Services de t\u00e9l\u00e9communication<\/span><\/a><\/span><div class=\"tg-item-footer\"><a class=\"tg-item-comment\" href=\"https:\/\/fonds-risq.qc.ca\/en\/entreprise\/tele-cable-la-conception-2\/\"  target=\"_self\">No comment<\/a><span class=\"no-ajaxy to-post-like no-liked empty-heart\" data-post-id=\"18050\" title=\"Like\"><span class=\"to-heart-icon\"><svg xmlns=\"http:\/\/www.w3.org\/2000\/svg\" version=\"1.1\" viewBox=\"0 0 64 64\"><g transform=\"translate(0, 0)\"><path stroke-width=\"6\" stroke-linecap=\"square\" stroke-miterlimit=\"10\" d=\"M1,21c0,20,31,38,31,38s31-18,31-38 c0-8.285-6-16-15-16c-8.285,0-16,5.715-16,14c0-8.285-7.715-14-16-14C7,5,1,12.715,1,21z\"><\/path><\/g><\/svg><\/span><span class=\"to-like-count\">0<\/span><\/span><\/div><\/div><\/div><\/article><!-- The Grid item #78 --><article class=\"tg-item tg-post-18048 kampala f261 f148 f149 f128 f150 f135\" data-row=\"1\" data-col=\"1\"><div class=\"tg-item-inner\"><div class=\"tg-item-media-holder tg-light\"><div class=\"tg-item-media-inner\"><img decoding=\"async\" class=\"tg-item-image\" alt=\"\" width=\"1978\" height=\"1099\" src=\"https:\/\/fonds-risq.qc.ca\/wp-content\/uploads\/2024\/08\/Arpent-Photo-1.jpg\"><\/div><div class=\"tg-center-holder\"><div class=\"tg-center-inner\"><div class=\"tg-item-overlay\"><\/div><a class=\"tg-link-button\" href=\"https:\/\/fonds-risq.qc.ca\/en\/entreprise\/arpent\/\" target=\"_self\"><i class=\"tg-icon-link\"><\/i><\/a><\/div><\/div><div class=\"tg-item-decoration\"><div class=\"triangle-down-right\" style=\"border-color:#0097c8\"><\/div><\/div><div class=\"tg-item-share-holder\"><div class=\"triangle-up-left\" style=\"border-color:rgba(22,22,22,0.65)\"><\/div><i class=\"tg-icon-reply\" style=\"color:#ffffff\"><\/i><div class=\"tg-share-icons\"><a class=\"tg-social-share tg-facebook\" href=\"https:\/\/www.facebook.com\/sharer.php?u=https%3A%2F%2Ffonds-risq.qc.ca%2Fen%2Fentreprise%2Farpent%2F&#038;t=ARPENT\"><i class=\"tg-icon-facebook\"><\/i><\/a><a class=\"tg-social-share tg-twitter\" href=\"https:\/\/twitter.com\/share?url=https%3A%2F%2Ffonds-risq.qc.ca%2Fen%2Fentreprise%2Farpent%2F&#038;text=ARPENT\"><i class=\"tg-icon-twitter\"><\/i><\/a><a class=\"tg-social-share tg-google-plus\" href=\"https:\/\/plus.google.com\/share?url=https%3A%2F%2Ffonds-risq.qc.ca%2Fen%2Fentreprise%2Farpent%2F\"><i class=\"tg-icon-google-plus\"><\/i><\/a><a class=\"tg-social-share tg-pinterest\" href=\"https:\/\/pinterest.com\/pin\/create\/button\/?url=https%3A%2F%2Ffonds-risq.qc.ca%2Fen%2Fentreprise%2Farpent%2F&#038;description=ARPENT&#038;media=https%3A%2F%2Ffonds-risq.qc.ca%2Fwp-content%2Fuploads%2F2024%2F08%2FArpent-Photo-1.jpg\"><i class=\"tg-icon-pinterest\"><\/i><\/a><\/div><\/div><\/div><div class=\"tg-item-content-holder tg-light image-format\" style=\"background-color:#0097c8\"><span class=\"tg-item-date\">28 August 2024<\/span><h2 class=\"tg-item-title\"><a href=\"https:\/\/fonds-risq.qc.ca\/en\/entreprise\/arpent\/\" target=\"_self\">ARPENT<\/a><\/h2><span class=\"tg-cats-holder\"><a class=\"filtres_des_entreprises\" href=\"https:\/\/fonds-risq.qc.ca\/en\/filtres_des_entreprises\/2024-en\/\" rel=\"category\" data-term-id=\"261\"><span class=\"tg-item-term\" >2024<\/span><\/a><span>, <\/span><a class=\"filtres_des_entreprises\" href=\"https:\/\/fonds-risq.qc.ca\/en\/filtres_des_entreprises\/capitalization-loan\/\" rel=\"category\" data-term-id=\"148\"><span class=\"tg-item-term\" >Capitalization loan<\/span><\/a><span>, <\/span><a class=\"filtres_des_entreprises\" href=\"https:\/\/fonds-risq.qc.ca\/en\/filtres_des_entreprises\/environment\/\" rel=\"category\" data-term-id=\"149\"><span class=\"tg-item-term\" >Environment<\/span><\/a><span>, <\/span><a class=\"filtres_des_entreprises\" href=\"https:\/\/fonds-risq.qc.ca\/en\/filtres_des_entreprises\/montreal-en\/\" rel=\"category\" data-term-id=\"128\"><span class=\"tg-item-term\" >Montr\u00e9al<\/span><\/a><span>, <\/span><a class=\"filtres_des_entreprises\" href=\"https:\/\/fonds-risq.qc.ca\/en\/filtres_des_entreprises\/npo\/\" rel=\"category\" data-term-id=\"150\"><span class=\"tg-item-term\" >NPO<\/span><\/a><span>, <\/span><a class=\"filtres_des_entreprises\" href=\"https:\/\/fonds-risq.qc.ca\/en\/filtres_des_entreprises\/services-en\/\" rel=\"category\" data-term-id=\"135\"><span class=\"tg-item-term\" >Services<\/span><\/a><\/span><div class=\"tg-item-footer\"><a class=\"tg-item-comment\" href=\"https:\/\/fonds-risq.qc.ca\/en\/entreprise\/arpent\/\"  target=\"_self\">No comment<\/a><span class=\"no-ajaxy to-post-like no-liked empty-heart\" data-post-id=\"18048\" title=\"Like\"><span class=\"to-heart-icon\"><svg xmlns=\"http:\/\/www.w3.org\/2000\/svg\" version=\"1.1\" viewBox=\"0 0 64 64\"><g transform=\"translate(0, 0)\"><path stroke-width=\"6\" stroke-linecap=\"square\" stroke-miterlimit=\"10\" d=\"M1,21c0,20,31,38,31,38s31-18,31-38 c0-8.285-6-16-15-16c-8.285,0-16,5.715-16,14c0-8.285-7.715-14-16-14C7,5,1,12.715,1,21z\"><\/path><\/g><\/svg><\/span><span class=\"to-like-count\">0<\/span><\/span><\/div><\/div><\/div><\/article><!-- The Grid item #79 --><article class=\"tg-item tg-post-18045 kampala f261 f148 f151 f133 f135\" data-row=\"1\" data-col=\"1\"><div class=\"tg-item-inner\"><div class=\"tg-item-media-holder tg-light\"><div class=\"tg-item-media-inner\"><img decoding=\"async\" class=\"tg-item-image\" alt=\"\" width=\"2048\" height=\"1365\" src=\"https:\/\/fonds-risq.qc.ca\/wp-content\/uploads\/2024\/08\/Photo-l-Ilot.jpg\"><\/div><div class=\"tg-center-holder\"><div class=\"tg-center-inner\"><div class=\"tg-item-overlay\"><\/div><a class=\"tg-link-button\" href=\"https:\/\/fonds-risq.qc.ca\/en\/entreprise\/lilot-2\/\" target=\"_self\"><i class=\"tg-icon-link\"><\/i><\/a><\/div><\/div><div class=\"tg-item-decoration\"><div class=\"triangle-down-right\" style=\"border-color:#0097c8\"><\/div><\/div><div class=\"tg-item-share-holder\"><div class=\"triangle-up-left\" style=\"border-color:rgba(22,22,22,0.65)\"><\/div><i class=\"tg-icon-reply\" style=\"color:#ffffff\"><\/i><div class=\"tg-share-icons\"><a class=\"tg-social-share tg-facebook\" href=\"https:\/\/www.facebook.com\/sharer.php?u=https%3A%2F%2Ffonds-risq.qc.ca%2Fen%2Fentreprise%2Flilot-2%2F&#038;t=L%E2%80%99%C3%8ELOT\"><i class=\"tg-icon-facebook\"><\/i><\/a><a class=\"tg-social-share tg-twitter\" href=\"https:\/\/twitter.com\/share?url=https%3A%2F%2Ffonds-risq.qc.ca%2Fen%2Fentreprise%2Flilot-2%2F&#038;text=L%E2%80%99%C3%8ELOT\"><i class=\"tg-icon-twitter\"><\/i><\/a><a class=\"tg-social-share tg-google-plus\" href=\"https:\/\/plus.google.com\/share?url=https%3A%2F%2Ffonds-risq.qc.ca%2Fen%2Fentreprise%2Flilot-2%2F\"><i class=\"tg-icon-google-plus\"><\/i><\/a><a class=\"tg-social-share tg-pinterest\" href=\"https:\/\/pinterest.com\/pin\/create\/button\/?url=https%3A%2F%2Ffonds-risq.qc.ca%2Fen%2Fentreprise%2Flilot-2%2F&#038;description=L%E2%80%99%C3%8ELOT&#038;media=https%3A%2F%2Ffonds-risq.qc.ca%2Fwp-content%2Fuploads%2F2024%2F08%2FPhoto-l-Ilot.jpg\"><i class=\"tg-icon-pinterest\"><\/i><\/a><\/div><\/div><\/div><div class=\"tg-item-content-holder tg-light image-format\" style=\"background-color:#0097c8\"><span class=\"tg-item-date\">28 August 2024<\/span><h2 class=\"tg-item-title\"><a href=\"https:\/\/fonds-risq.qc.ca\/en\/entreprise\/lilot-2\/\" target=\"_self\">L\u2019\u00ceLOT<\/a><\/h2><span class=\"tg-cats-holder\"><a class=\"filtres_des_entreprises\" href=\"https:\/\/fonds-risq.qc.ca\/en\/filtres_des_entreprises\/2024-en\/\" rel=\"category\" data-term-id=\"261\"><span class=\"tg-item-term\" >2024<\/span><\/a><span>, <\/span><a class=\"filtres_des_entreprises\" href=\"https:\/\/fonds-risq.qc.ca\/en\/filtres_des_entreprises\/capitalization-loan\/\" rel=\"category\" data-term-id=\"148\"><span class=\"tg-item-term\" >Capitalization loan<\/span><\/a><span>, <\/span><a class=\"filtres_des_entreprises\" href=\"https:\/\/fonds-risq.qc.ca\/en\/filtres_des_entreprises\/coop-en\/\" rel=\"category\" data-term-id=\"151\"><span class=\"tg-item-term\" >COOP<\/span><\/a><span>, <\/span><a class=\"filtres_des_entreprises\" href=\"https:\/\/fonds-risq.qc.ca\/en\/filtres_des_entreprises\/laurentides-en\/\" rel=\"category\" data-term-id=\"133\"><span class=\"tg-item-term\" >Laurentides<\/span><\/a><span>, <\/span><a class=\"filtres_des_entreprises\" href=\"https:\/\/fonds-risq.qc.ca\/en\/filtres_des_entreprises\/services-en\/\" rel=\"category\" data-term-id=\"135\"><span class=\"tg-item-term\" >Services<\/span><\/a><\/span><div class=\"tg-item-footer\"><a class=\"tg-item-comment\" href=\"https:\/\/fonds-risq.qc.ca\/en\/entreprise\/lilot-2\/\"  target=\"_self\">No comment<\/a><span class=\"no-ajaxy to-post-like no-liked empty-heart\" data-post-id=\"18045\" title=\"Like\"><span class=\"to-heart-icon\"><svg xmlns=\"http:\/\/www.w3.org\/2000\/svg\" version=\"1.1\" viewBox=\"0 0 64 64\"><g transform=\"translate(0, 0)\"><path stroke-width=\"6\" stroke-linecap=\"square\" stroke-miterlimit=\"10\" d=\"M1,21c0,20,31,38,31,38s31-18,31-38 c0-8.285-6-16-15-16c-8.285,0-16,5.715-16,14c0-8.285-7.715-14-16-14C7,5,1,12.715,1,21z\"><\/path><\/g><\/svg><\/span><span class=\"to-like-count\">0<\/span><\/span><\/div><\/div><\/div><\/article><!-- The Grid item #80 --><article class=\"tg-item tg-post-17849 kampala f261 f151 f257 f258 f128 f135\" data-row=\"1\" data-col=\"1\"><div class=\"tg-item-inner\"><div class=\"tg-item-media-holder tg-light\"><div class=\"tg-item-media-inner\"><img decoding=\"async\" class=\"tg-item-image\" alt=\"\" width=\"3000\" height=\"2000\" src=\"https:\/\/fonds-risq.qc.ca\/wp-content\/uploads\/2024\/08\/ALTE_COOP-4591.jpg\"><\/div><div class=\"tg-center-holder\"><div class=\"tg-center-inner\"><div class=\"tg-item-overlay\"><\/div><a class=\"tg-link-button\" href=\"https:\/\/fonds-risq.qc.ca\/en\/entreprise\/alte-coop-3\/\" target=\"_self\"><i class=\"tg-icon-link\"><\/i><\/a><\/div><\/div><div class=\"tg-item-decoration\"><div class=\"triangle-down-right\" style=\"border-color:#dd9933\"><\/div><\/div><div class=\"tg-item-share-holder\"><div class=\"triangle-up-left\" style=\"border-color:rgba(22,22,22,0.65)\"><\/div><i class=\"tg-icon-reply\" style=\"color:#ffffff\"><\/i><div class=\"tg-share-icons\"><a class=\"tg-social-share tg-facebook\" href=\"https:\/\/www.facebook.com\/sharer.php?u=https%3A%2F%2Ffonds-risq.qc.ca%2Fen%2Fentreprise%2Falte-coop-3%2F&#038;t=Alte%20Coop\"><i class=\"tg-icon-facebook\"><\/i><\/a><a class=\"tg-social-share tg-twitter\" href=\"https:\/\/twitter.com\/share?url=https%3A%2F%2Ffonds-risq.qc.ca%2Fen%2Fentreprise%2Falte-coop-3%2F&#038;text=Alte%20Coop\"><i class=\"tg-icon-twitter\"><\/i><\/a><a class=\"tg-social-share tg-google-plus\" href=\"https:\/\/plus.google.com\/share?url=https%3A%2F%2Ffonds-risq.qc.ca%2Fen%2Fentreprise%2Falte-coop-3%2F\"><i class=\"tg-icon-google-plus\"><\/i><\/a><a class=\"tg-social-share tg-pinterest\" href=\"https:\/\/pinterest.com\/pin\/create\/button\/?url=https%3A%2F%2Ffonds-risq.qc.ca%2Fen%2Fentreprise%2Falte-coop-3%2F&#038;description=Alte%20Coop&#038;media=https%3A%2F%2Ffonds-risq.qc.ca%2Fwp-content%2Fuploads%2F2024%2F08%2FALTE_COOP-4591.jpg\"><i class=\"tg-icon-pinterest\"><\/i><\/a><\/div><\/div><\/div><div class=\"tg-item-content-holder tg-light image-format\" style=\"background-color:#dd9933\"><span class=\"tg-item-date\">20 August 2024<\/span><h2 class=\"tg-item-title\"><a href=\"https:\/\/fonds-risq.qc.ca\/en\/entreprise\/alte-coop-3\/\" target=\"_self\">Alte Coop<\/a><\/h2><span class=\"tg-cats-holder\"><a class=\"filtres_des_entreprises\" href=\"https:\/\/fonds-risq.qc.ca\/en\/filtres_des_entreprises\/2024-en\/\" rel=\"category\" data-term-id=\"261\"><span class=\"tg-item-term\" >2024<\/span><\/a><span>, <\/span><a class=\"filtres_des_entreprises\" href=\"https:\/\/fonds-risq.qc.ca\/en\/filtres_des_entreprises\/coop-en\/\" rel=\"category\" data-term-id=\"151\"><span class=\"tg-item-term\" >COOP<\/span><\/a><span>, <\/span><a class=\"filtres_des_entreprises\" href=\"https:\/\/fonds-risq.qc.ca\/en\/filtres_des_entreprises\/fonds-lampli-en\/\" rel=\"category\" data-term-id=\"257\"><span class=\"tg-item-term\" >Fonds l&rsquo;ampli<\/span><\/a><span>, <\/span><a class=\"filtres_des_entreprises\" href=\"https:\/\/fonds-risq.qc.ca\/en\/filtres_des_entreprises\/fonds-lampli-2-en\/\" rel=\"category\" data-term-id=\"258\"><span class=\"tg-item-term\" >Fonds l&rsquo;ampli<\/span><\/a><span>, <\/span><a class=\"filtres_des_entreprises\" href=\"https:\/\/fonds-risq.qc.ca\/en\/filtres_des_entreprises\/montreal-en\/\" rel=\"category\" data-term-id=\"128\"><span class=\"tg-item-term\" >Montr\u00e9al<\/span><\/a><span>, <\/span><a class=\"filtres_des_entreprises\" href=\"https:\/\/fonds-risq.qc.ca\/en\/filtres_des_entreprises\/services-en\/\" rel=\"category\" data-term-id=\"135\"><span class=\"tg-item-term\" >Services<\/span><\/a><\/span><div class=\"tg-item-footer\"><a class=\"tg-item-comment\" href=\"https:\/\/fonds-risq.qc.ca\/en\/entreprise\/alte-coop-3\/\"  target=\"_self\">No comment<\/a><span class=\"no-ajaxy to-post-like no-liked empty-heart\" data-post-id=\"17849\" title=\"Like\"><span class=\"to-heart-icon\"><svg xmlns=\"http:\/\/www.w3.org\/2000\/svg\" version=\"1.1\" viewBox=\"0 0 64 64\"><g transform=\"translate(0, 0)\"><path stroke-width=\"6\" stroke-linecap=\"square\" stroke-miterlimit=\"10\" d=\"M1,21c0,20,31,38,31,38s31-18,31-38 c0-8.285-6-16-15-16c-8.285,0-16,5.715-16,14c0-8.285-7.715-14-16-14C7,5,1,12.715,1,21z\"><\/path><\/g><\/svg><\/span><span class=\"to-like-count\">0<\/span><\/span><\/div><\/div><\/div><\/article><!-- The Grid item #81 --><article class=\"tg-item tg-post-17819 kampala f261 f151 f153 f137 f155 f135\" data-row=\"1\" data-col=\"1\"><div class=\"tg-item-inner\"><div class=\"tg-item-media-holder tg-light\"><div class=\"tg-item-media-inner\"><img decoding=\"async\" class=\"tg-item-image\" alt=\"\" width=\"720\" height=\"960\" src=\"https:\/\/fonds-risq.qc.ca\/wp-content\/uploads\/2024\/08\/Ces-informatique-Photo.jpg\"><\/div><div class=\"tg-center-holder\"><div class=\"tg-center-inner\"><div class=\"tg-item-overlay\"><\/div><a class=\"tg-link-button\" href=\"https:\/\/fonds-risq.qc.ca\/en\/entreprise\/ces-informatique\/\" target=\"_self\"><i class=\"tg-icon-link\"><\/i><\/a><\/div><\/div><div class=\"tg-item-decoration\"><div class=\"triangle-down-right\" style=\"border-color:#0097c8\"><\/div><\/div><div class=\"tg-item-share-holder\"><div class=\"triangle-up-left\" style=\"border-color:rgba(22,22,22,0.65)\"><\/div><i class=\"tg-icon-reply\" style=\"color:#ffffff\"><\/i><div class=\"tg-share-icons\"><a class=\"tg-social-share tg-facebook\" href=\"https:\/\/www.facebook.com\/sharer.php?u=https%3A%2F%2Ffonds-risq.qc.ca%2Fen%2Fentreprise%2Fces-informatique%2F&#038;t=CES%20informatique\"><i class=\"tg-icon-facebook\"><\/i><\/a><a class=\"tg-social-share tg-twitter\" href=\"https:\/\/twitter.com\/share?url=https%3A%2F%2Ffonds-risq.qc.ca%2Fen%2Fentreprise%2Fces-informatique%2F&#038;text=CES%20informatique\"><i class=\"tg-icon-twitter\"><\/i><\/a><a class=\"tg-social-share tg-google-plus\" href=\"https:\/\/plus.google.com\/share?url=https%3A%2F%2Ffonds-risq.qc.ca%2Fen%2Fentreprise%2Fces-informatique%2F\"><i class=\"tg-icon-google-plus\"><\/i><\/a><a class=\"tg-social-share tg-pinterest\" href=\"https:\/\/pinterest.com\/pin\/create\/button\/?url=https%3A%2F%2Ffonds-risq.qc.ca%2Fen%2Fentreprise%2Fces-informatique%2F&#038;description=CES%20informatique&#038;media=https%3A%2F%2Ffonds-risq.qc.ca%2Fwp-content%2Fuploads%2F2024%2F08%2FCes-informatique-Photo.jpg\"><i class=\"tg-icon-pinterest\"><\/i><\/a><\/div><\/div><\/div><div class=\"tg-item-content-holder tg-light image-format\" style=\"background-color:#0097c8\"><span class=\"tg-item-date\">13 August 2024<\/span><h2 class=\"tg-item-title\"><a href=\"https:\/\/fonds-risq.qc.ca\/en\/entreprise\/ces-informatique\/\" target=\"_self\">CES informatique<\/a><\/h2><span class=\"tg-cats-holder\"><a class=\"filtres_des_entreprises\" href=\"https:\/\/fonds-risq.qc.ca\/en\/filtres_des_entreprises\/2024-en\/\" rel=\"category\" data-term-id=\"261\"><span class=\"tg-item-term\" >2024<\/span><\/a><span>, <\/span><a class=\"filtres_des_entreprises\" href=\"https:\/\/fonds-risq.qc.ca\/en\/filtres_des_entreprises\/coop-en\/\" rel=\"category\" data-term-id=\"151\"><span class=\"tg-item-term\" >COOP<\/span><\/a><span>, <\/span><a class=\"filtres_des_entreprises\" href=\"https:\/\/fonds-risq.qc.ca\/en\/filtres_des_entreprises\/recycling\/\" rel=\"category\" data-term-id=\"153\"><span class=\"tg-item-term\" >Recycling<\/span><\/a><span>, <\/span><a class=\"filtres_des_entreprises\" href=\"https:\/\/fonds-risq.qc.ca\/en\/filtres_des_entreprises\/retail-business\/\" rel=\"category\" data-term-id=\"137\"><span class=\"tg-item-term\" >Retail business<\/span><\/a><span>, <\/span><a class=\"filtres_des_entreprises\" href=\"https:\/\/fonds-risq.qc.ca\/en\/filtres_des_entreprises\/saguenay-lac-saint-jean-en\/\" rel=\"category\" data-term-id=\"155\"><span class=\"tg-item-term\" >Saguenay-Lac-Saint-Jean<\/span><\/a><span>, <\/span><a class=\"filtres_des_entreprises\" href=\"https:\/\/fonds-risq.qc.ca\/en\/filtres_des_entreprises\/services-en\/\" rel=\"category\" data-term-id=\"135\"><span class=\"tg-item-term\" >Services<\/span><\/a><\/span><div class=\"tg-item-footer\"><a class=\"tg-item-comment\" href=\"https:\/\/fonds-risq.qc.ca\/en\/entreprise\/ces-informatique\/\"  target=\"_self\">No comment<\/a><span class=\"no-ajaxy to-post-like no-liked empty-heart\" data-post-id=\"17819\" title=\"Like\"><span class=\"to-heart-icon\"><svg xmlns=\"http:\/\/www.w3.org\/2000\/svg\" version=\"1.1\" viewBox=\"0 0 64 64\"><g transform=\"translate(0, 0)\"><path stroke-width=\"6\" stroke-linecap=\"square\" stroke-miterlimit=\"10\" d=\"M1,21c0,20,31,38,31,38s31-18,31-38 c0-8.285-6-16-15-16c-8.285,0-16,5.715-16,14c0-8.285-7.715-14-16-14C7,5,1,12.715,1,21z\"><\/path><\/g><\/svg><\/span><span class=\"to-like-count\">0<\/span><\/span><\/div><\/div><\/div><\/article><!-- The Grid item #82 --><article class=\"tg-item tg-post-17729 kampala f261 f148 f128 f150 f147 f206\" data-row=\"1\" data-col=\"1\"><div class=\"tg-item-inner\"><div class=\"tg-item-media-holder tg-light\"><div class=\"tg-item-media-inner\"><img decoding=\"async\" class=\"tg-item-image\" alt=\"\" width=\"433\" height=\"474\" src=\"https:\/\/fonds-risq.qc.ca\/wp-content\/uploads\/2024\/06\/Logo-CCPA.jpg\"><\/div><div class=\"tg-center-holder\"><div class=\"tg-center-inner\"><div class=\"tg-item-overlay\"><\/div><a class=\"tg-link-button\" href=\"https:\/\/fonds-risq.qc.ca\/en\/entreprise\/centre-psychologique-pour-artistes\/\" target=\"_self\"><i class=\"tg-icon-link\"><\/i><\/a><\/div><\/div><div class=\"tg-item-decoration\"><div class=\"triangle-down-right\" style=\"border-color:#ee4224\"><\/div><\/div><div class=\"tg-item-share-holder\"><div class=\"triangle-up-left\" style=\"border-color:rgba(22,22,22,0.65)\"><\/div><i class=\"tg-icon-reply\" style=\"color:#ffffff\"><\/i><div class=\"tg-share-icons\"><a class=\"tg-social-share tg-facebook\" href=\"https:\/\/www.facebook.com\/sharer.php?u=https%3A%2F%2Ffonds-risq.qc.ca%2Fen%2Fentreprise%2Fcentre-psychologique-pour-artistes%2F&#038;t=Centre%20psychologique%20pour%20artistes\"><i class=\"tg-icon-facebook\"><\/i><\/a><a class=\"tg-social-share tg-twitter\" href=\"https:\/\/twitter.com\/share?url=https%3A%2F%2Ffonds-risq.qc.ca%2Fen%2Fentreprise%2Fcentre-psychologique-pour-artistes%2F&#038;text=Centre%20psychologique%20pour%20artistes\"><i class=\"tg-icon-twitter\"><\/i><\/a><a class=\"tg-social-share tg-google-plus\" href=\"https:\/\/plus.google.com\/share?url=https%3A%2F%2Ffonds-risq.qc.ca%2Fen%2Fentreprise%2Fcentre-psychologique-pour-artistes%2F\"><i class=\"tg-icon-google-plus\"><\/i><\/a><a class=\"tg-social-share tg-pinterest\" href=\"https:\/\/pinterest.com\/pin\/create\/button\/?url=https%3A%2F%2Ffonds-risq.qc.ca%2Fen%2Fentreprise%2Fcentre-psychologique-pour-artistes%2F&#038;description=Centre%20psychologique%20pour%20artistes&#038;media=https%3A%2F%2Ffonds-risq.qc.ca%2Fwp-content%2Fuploads%2F2024%2F06%2FLogo-CCPA.jpg\"><i class=\"tg-icon-pinterest\"><\/i><\/a><\/div><\/div><\/div><div class=\"tg-item-content-holder tg-light image-format\" style=\"background-color:#ee4224\"><span class=\"tg-item-date\">19 June 2024<\/span><h2 class=\"tg-item-title\"><a href=\"https:\/\/fonds-risq.qc.ca\/en\/entreprise\/centre-psychologique-pour-artistes\/\" target=\"_self\">Centre psychologique pour artistes<\/a><\/h2><span class=\"tg-cats-holder\"><a class=\"filtres_des_entreprises\" href=\"https:\/\/fonds-risq.qc.ca\/en\/filtres_des_entreprises\/2024-en\/\" rel=\"category\" data-term-id=\"261\"><span class=\"tg-item-term\" >2024<\/span><\/a><span>, <\/span><a class=\"filtres_des_entreprises\" href=\"https:\/\/fonds-risq.qc.ca\/en\/filtres_des_entreprises\/capitalization-loan\/\" rel=\"category\" data-term-id=\"148\"><span class=\"tg-item-term\" >Capitalization loan<\/span><\/a><span>, <\/span><a class=\"filtres_des_entreprises\" href=\"https:\/\/fonds-risq.qc.ca\/en\/filtres_des_entreprises\/montreal-en\/\" rel=\"category\" data-term-id=\"128\"><span class=\"tg-item-term\" >Montr\u00e9al<\/span><\/a><span>, <\/span><a class=\"filtres_des_entreprises\" href=\"https:\/\/fonds-risq.qc.ca\/en\/filtres_des_entreprises\/npo\/\" rel=\"category\" data-term-id=\"150\"><span class=\"tg-item-term\" >NPO<\/span><\/a><span>, <\/span><a class=\"filtres_des_entreprises\" href=\"https:\/\/fonds-risq.qc.ca\/en\/filtres_des_entreprises\/pre-startup-loan\/\" rel=\"category\" data-term-id=\"147\"><span class=\"tg-item-term\" >Pre-startup loan<\/span><\/a><span>, <\/span><a class=\"filtres_des_entreprises\" href=\"https:\/\/fonds-risq.qc.ca\/en\/filtres_des_entreprises\/services-soins-de-sante-en\/\" rel=\"category\" data-term-id=\"206\"><span class=\"tg-item-term\" >Services soins de sant\u00e9<\/span><\/a><\/span><div class=\"tg-item-footer\"><a class=\"tg-item-comment\" href=\"https:\/\/fonds-risq.qc.ca\/en\/entreprise\/centre-psychologique-pour-artistes\/\"  target=\"_self\">No comment<\/a><span class=\"no-ajaxy to-post-like no-liked empty-heart\" data-post-id=\"17729\" title=\"Like\"><span class=\"to-heart-icon\"><svg xmlns=\"http:\/\/www.w3.org\/2000\/svg\" version=\"1.1\" viewBox=\"0 0 64 64\"><g transform=\"translate(0, 0)\"><path stroke-width=\"6\" stroke-linecap=\"square\" stroke-miterlimit=\"10\" d=\"M1,21c0,20,31,38,31,38s31-18,31-38 c0-8.285-6-16-15-16c-8.285,0-16,5.715-16,14c0-8.285-7.715-14-16-14C7,5,1,12.715,1,21z\"><\/path><\/g><\/svg><\/span><span class=\"to-like-count\">0<\/span><\/span><\/div><\/div><\/div><\/article><!-- The Grid item #83 --><article class=\"tg-item tg-post-17718 kampala f252 f134 f148 f177 f128 f150\" data-row=\"1\" data-col=\"1\"><div class=\"tg-item-inner\"><div class=\"tg-item-media-holder tg-light\"><div class=\"tg-item-media-inner\"><img decoding=\"async\" class=\"tg-item-image\" alt=\"\" width=\"1654\" height=\"1654\" src=\"https:\/\/fonds-risq.qc.ca\/wp-content\/uploads\/2024\/06\/VRIX.jpg\"><\/div><div class=\"tg-center-holder\"><div class=\"tg-center-inner\"><div class=\"tg-item-overlay\"><\/div><a class=\"tg-link-button\" href=\"https:\/\/fonds-risq.qc.ca\/en\/entreprise\/vrix\/\" target=\"_self\"><i class=\"tg-icon-link\"><\/i><\/a><\/div><\/div><div class=\"tg-item-decoration\"><div class=\"triangle-down-right\" style=\"border-color:#0097c8\"><\/div><\/div><div class=\"tg-item-share-holder\"><div class=\"triangle-up-left\" style=\"border-color:rgba(22,22,22,0.65)\"><\/div><i class=\"tg-icon-reply\" style=\"color:#ffffff\"><\/i><div class=\"tg-share-icons\"><a class=\"tg-social-share tg-facebook\" href=\"https:\/\/www.facebook.com\/sharer.php?u=https%3A%2F%2Ffonds-risq.qc.ca%2Fen%2Fentreprise%2Fvrix%2F&#038;t=VRIX\"><i class=\"tg-icon-facebook\"><\/i><\/a><a class=\"tg-social-share tg-twitter\" href=\"https:\/\/twitter.com\/share?url=https%3A%2F%2Ffonds-risq.qc.ca%2Fen%2Fentreprise%2Fvrix%2F&#038;text=VRIX\"><i class=\"tg-icon-twitter\"><\/i><\/a><a class=\"tg-social-share tg-google-plus\" href=\"https:\/\/plus.google.com\/share?url=https%3A%2F%2Ffonds-risq.qc.ca%2Fen%2Fentreprise%2Fvrix%2F\"><i class=\"tg-icon-google-plus\"><\/i><\/a><a class=\"tg-social-share tg-pinterest\" href=\"https:\/\/pinterest.com\/pin\/create\/button\/?url=https%3A%2F%2Ffonds-risq.qc.ca%2Fen%2Fentreprise%2Fvrix%2F&#038;description=VRIX&#038;media=https%3A%2F%2Ffonds-risq.qc.ca%2Fwp-content%2Fuploads%2F2024%2F06%2FVRIX.jpg\"><i class=\"tg-icon-pinterest\"><\/i><\/a><\/div><\/div><\/div><div class=\"tg-item-content-holder tg-light image-format\" style=\"background-color:#0097c8\"><span class=\"tg-item-date\">19 June 2024<\/span><h2 class=\"tg-item-title\"><a href=\"https:\/\/fonds-risq.qc.ca\/en\/entreprise\/vrix\/\" target=\"_self\">VRIX<\/a><\/h2><span class=\"tg-cats-holder\"><a class=\"filtres_des_entreprises\" href=\"https:\/\/fonds-risq.qc.ca\/en\/filtres_des_entreprises\/2023-en\/\" rel=\"category\" data-term-id=\"252\"><span class=\"tg-item-term\" >2023<\/span><\/a><span>, <\/span><a class=\"filtres_des_entreprises\" href=\"https:\/\/fonds-risq.qc.ca\/en\/filtres_des_entreprises\/arts-and-culture\/\" rel=\"category\" data-term-id=\"134\"><span class=\"tg-item-term\" >Arts and culture<\/span><\/a><span>, <\/span><a class=\"filtres_des_entreprises\" href=\"https:\/\/fonds-risq.qc.ca\/en\/filtres_des_entreprises\/capitalization-loan\/\" rel=\"category\" data-term-id=\"148\"><span class=\"tg-item-term\" >Capitalization loan<\/span><\/a><span>, <\/span><a class=\"filtres_des_entreprises\" href=\"https:\/\/fonds-risq.qc.ca\/en\/filtres_des_entreprises\/culture-en\/\" rel=\"category\" data-term-id=\"177\"><span class=\"tg-item-term\" >Culture<\/span><\/a><span>, <\/span><a class=\"filtres_des_entreprises\" href=\"https:\/\/fonds-risq.qc.ca\/en\/filtres_des_entreprises\/montreal-en\/\" rel=\"category\" data-term-id=\"128\"><span class=\"tg-item-term\" >Montr\u00e9al<\/span><\/a><span>, <\/span><a class=\"filtres_des_entreprises\" href=\"https:\/\/fonds-risq.qc.ca\/en\/filtres_des_entreprises\/npo\/\" rel=\"category\" data-term-id=\"150\"><span class=\"tg-item-term\" >NPO<\/span><\/a><\/span><div class=\"tg-item-footer\"><a class=\"tg-item-comment\" href=\"https:\/\/fonds-risq.qc.ca\/en\/entreprise\/vrix\/\"  target=\"_self\">No comment<\/a><span class=\"no-ajaxy to-post-like no-liked empty-heart\" data-post-id=\"17718\" title=\"Like\"><span class=\"to-heart-icon\"><svg xmlns=\"http:\/\/www.w3.org\/2000\/svg\" version=\"1.1\" viewBox=\"0 0 64 64\"><g transform=\"translate(0, 0)\"><path stroke-width=\"6\" stroke-linecap=\"square\" stroke-miterlimit=\"10\" d=\"M1,21c0,20,31,38,31,38s31-18,31-38 c0-8.285-6-16-15-16c-8.285,0-16,5.715-16,14c0-8.285-7.715-14-16-14C7,5,1,12.715,1,21z\"><\/path><\/g><\/svg><\/span><span class=\"to-like-count\">0<\/span><\/span><\/div><\/div><\/div><\/article><!-- The Grid item #84 --><article class=\"tg-item tg-post-17707 kampala f261 f130 f246 f248 f150 f160 f137\" data-row=\"1\" data-col=\"1\"><div class=\"tg-item-inner\"><div class=\"tg-item-media-holder tg-light\"><div class=\"tg-item-media-inner\"><img decoding=\"async\" class=\"tg-item-image\" alt=\"\" width=\"640\" height=\"500\" src=\"https:\/\/fonds-risq.qc.ca\/wp-content\/uploads\/2024\/06\/RessourcerieLSC.png\"><\/div><div class=\"tg-center-holder\"><div class=\"tg-center-inner\"><div class=\"tg-item-overlay\"><\/div><a class=\"tg-link-button\" href=\"https:\/\/fonds-risq.qc.ca\/en\/entreprise\/ressourcerie-de-lac-saint-charles\/\" target=\"_self\"><i class=\"tg-icon-link\"><\/i><\/a><\/div><\/div><div class=\"tg-item-decoration\"><div class=\"triangle-down-right\" style=\"border-color:#b7c634\"><\/div><\/div><div class=\"tg-item-share-holder\"><div class=\"triangle-up-left\" style=\"border-color:rgba(22,22,22,0.65)\"><\/div><i class=\"tg-icon-reply\" style=\"color:#ffffff\"><\/i><div class=\"tg-share-icons\"><a class=\"tg-social-share tg-facebook\" href=\"https:\/\/www.facebook.com\/sharer.php?u=https%3A%2F%2Ffonds-risq.qc.ca%2Fen%2Fentreprise%2Fressourcerie-de-lac-saint-charles%2F&#038;t=Ressourcerie%20de%20Lac%20Saint-Charles\"><i class=\"tg-icon-facebook\"><\/i><\/a><a class=\"tg-social-share tg-twitter\" href=\"https:\/\/twitter.com\/share?url=https%3A%2F%2Ffonds-risq.qc.ca%2Fen%2Fentreprise%2Fressourcerie-de-lac-saint-charles%2F&#038;text=Ressourcerie%20de%20Lac%20Saint-Charles\"><i class=\"tg-icon-twitter\"><\/i><\/a><a class=\"tg-social-share tg-google-plus\" href=\"https:\/\/plus.google.com\/share?url=https%3A%2F%2Ffonds-risq.qc.ca%2Fen%2Fentreprise%2Fressourcerie-de-lac-saint-charles%2F\"><i class=\"tg-icon-google-plus\"><\/i><\/a><a class=\"tg-social-share tg-pinterest\" href=\"https:\/\/pinterest.com\/pin\/create\/button\/?url=https%3A%2F%2Ffonds-risq.qc.ca%2Fen%2Fentreprise%2Fressourcerie-de-lac-saint-charles%2F&#038;description=Ressourcerie%20de%20Lac%20Saint-Charles&#038;media=https%3A%2F%2Ffonds-risq.qc.ca%2Fwp-content%2Fuploads%2F2024%2F06%2FRessourcerieLSC.png\"><i class=\"tg-icon-pinterest\"><\/i><\/a><\/div><\/div><\/div><div class=\"tg-item-content-holder tg-light image-format\" style=\"background-color:#b7c634\"><span class=\"tg-item-date\">18 June 2024<\/span><h2 class=\"tg-item-title\"><a href=\"https:\/\/fonds-risq.qc.ca\/en\/entreprise\/ressourcerie-de-lac-saint-charles\/\" target=\"_self\">Ressourcerie de Lac Saint-Charles<\/a><\/h2><span class=\"tg-cats-holder\"><a class=\"filtres_des_entreprises\" href=\"https:\/\/fonds-risq.qc.ca\/en\/filtres_des_entreprises\/2024-en\/\" rel=\"category\" data-term-id=\"261\"><span class=\"tg-item-term\" >2024<\/span><\/a><span>, <\/span><a class=\"filtres_des_entreprises\" href=\"https:\/\/fonds-risq.qc.ca\/en\/filtres_des_entreprises\/capitale-nationale-en\/\" rel=\"category\" data-term-id=\"130\"><span class=\"tg-item-term\" >Capitale-Nationale<\/span><\/a><span>, <\/span><a class=\"filtres_des_entreprises\" href=\"https:\/\/fonds-risq.qc.ca\/en\/filtres_des_entreprises\/fonds-de-transition-en\/\" rel=\"category\" data-term-id=\"246\"><span class=\"tg-item-term\" >Fonds de Transition<\/span><\/a><span>, <\/span><a class=\"filtres_des_entreprises\" href=\"https:\/\/fonds-risq.qc.ca\/en\/filtres_des_entreprises\/fonds-transition-en\/\" rel=\"category\" data-term-id=\"248\"><span class=\"tg-item-term\" >Fonds Transition<\/span><\/a><span>, <\/span><a class=\"filtres_des_entreprises\" href=\"https:\/\/fonds-risq.qc.ca\/en\/filtres_des_entreprises\/npo\/\" rel=\"category\" data-term-id=\"150\"><span class=\"tg-item-term\" >NPO<\/span><\/a><span>, <\/span><a class=\"filtres_des_entreprises\" href=\"https:\/\/fonds-risq.qc.ca\/en\/filtres_des_entreprises\/ressourcerie-en\/\" rel=\"category\" data-term-id=\"160\"><span class=\"tg-item-term\" >Ressourcerie<\/span><\/a><span>, <\/span><a class=\"filtres_des_entreprises\" href=\"https:\/\/fonds-risq.qc.ca\/en\/filtres_des_entreprises\/retail-business\/\" rel=\"category\" data-term-id=\"137\"><span class=\"tg-item-term\" >Retail business<\/span><\/a><\/span><div class=\"tg-item-footer\"><a class=\"tg-item-comment\" href=\"https:\/\/fonds-risq.qc.ca\/en\/entreprise\/ressourcerie-de-lac-saint-charles\/\"  target=\"_self\">No comment<\/a><span class=\"no-ajaxy to-post-like no-liked empty-heart\" data-post-id=\"17707\" title=\"Like\"><span class=\"to-heart-icon\"><svg xmlns=\"http:\/\/www.w3.org\/2000\/svg\" version=\"1.1\" viewBox=\"0 0 64 64\"><g transform=\"translate(0, 0)\"><path stroke-width=\"6\" stroke-linecap=\"square\" stroke-miterlimit=\"10\" d=\"M1,21c0,20,31,38,31,38s31-18,31-38 c0-8.285-6-16-15-16c-8.285,0-16,5.715-16,14c0-8.285-7.715-14-16-14C7,5,1,12.715,1,21z\"><\/path><\/g><\/svg><\/span><span class=\"to-like-count\">0<\/span><\/span><\/div><\/div><\/div><\/article><!-- The Grid item #85 --><article class=\"tg-item tg-post-17708 kampala f261 f134 f177 f246 f248 f128 f150\" data-row=\"1\" data-col=\"1\"><div class=\"tg-item-inner\"><div class=\"tg-item-media-holder tg-light\"><div class=\"tg-item-media-inner\"><img decoding=\"async\" class=\"tg-item-image\" alt=\"\" width=\"2048\" height=\"1365\" src=\"https:\/\/fonds-risq.qc.ca\/wp-content\/uploads\/2024\/06\/PhotoMonastere_2.jpg\"><\/div><div class=\"tg-center-holder\"><div class=\"tg-center-inner\"><div class=\"tg-item-overlay\"><\/div><a class=\"tg-link-button\" href=\"https:\/\/fonds-risq.qc.ca\/en\/entreprise\/le-monastere\/\" target=\"_self\"><i class=\"tg-icon-link\"><\/i><\/a><\/div><\/div><div class=\"tg-item-decoration\"><div class=\"triangle-down-right\" style=\"border-color:#fdd304\"><\/div><\/div><div class=\"tg-item-share-holder\"><div class=\"triangle-up-left\" style=\"border-color:rgba(22,22,22,0.65)\"><\/div><i class=\"tg-icon-reply\" style=\"color:#ffffff\"><\/i><div class=\"tg-share-icons\"><a class=\"tg-social-share tg-facebook\" href=\"https:\/\/www.facebook.com\/sharer.php?u=https%3A%2F%2Ffonds-risq.qc.ca%2Fen%2Fentreprise%2Fle-monastere%2F&#038;t=Le%20Monast%C3%A8re\"><i class=\"tg-icon-facebook\"><\/i><\/a><a class=\"tg-social-share tg-twitter\" href=\"https:\/\/twitter.com\/share?url=https%3A%2F%2Ffonds-risq.qc.ca%2Fen%2Fentreprise%2Fle-monastere%2F&#038;text=Le%20Monast%C3%A8re\"><i class=\"tg-icon-twitter\"><\/i><\/a><a class=\"tg-social-share tg-google-plus\" href=\"https:\/\/plus.google.com\/share?url=https%3A%2F%2Ffonds-risq.qc.ca%2Fen%2Fentreprise%2Fle-monastere%2F\"><i class=\"tg-icon-google-plus\"><\/i><\/a><a class=\"tg-social-share tg-pinterest\" href=\"https:\/\/pinterest.com\/pin\/create\/button\/?url=https%3A%2F%2Ffonds-risq.qc.ca%2Fen%2Fentreprise%2Fle-monastere%2F&#038;description=Le%20Monast%C3%A8re&#038;media=https%3A%2F%2Ffonds-risq.qc.ca%2Fwp-content%2Fuploads%2F2024%2F06%2FPhotoMonastere_2.jpg\"><i class=\"tg-icon-pinterest\"><\/i><\/a><\/div><\/div><\/div><div class=\"tg-item-content-holder tg-light image-format\" style=\"background-color:#fdd304\"><span class=\"tg-item-date\">18 June 2024<\/span><h2 class=\"tg-item-title\"><a href=\"https:\/\/fonds-risq.qc.ca\/en\/entreprise\/le-monastere\/\" target=\"_self\">Le Monast\u00e8re<\/a><\/h2><span class=\"tg-cats-holder\"><a class=\"filtres_des_entreprises\" href=\"https:\/\/fonds-risq.qc.ca\/en\/filtres_des_entreprises\/2024-en\/\" rel=\"category\" data-term-id=\"261\"><span class=\"tg-item-term\" >2024<\/span><\/a><span>, <\/span><a class=\"filtres_des_entreprises\" href=\"https:\/\/fonds-risq.qc.ca\/en\/filtres_des_entreprises\/arts-and-culture\/\" rel=\"category\" data-term-id=\"134\"><span class=\"tg-item-term\" >Arts and culture<\/span><\/a><span>, <\/span><a class=\"filtres_des_entreprises\" href=\"https:\/\/fonds-risq.qc.ca\/en\/filtres_des_entreprises\/culture-en\/\" rel=\"category\" data-term-id=\"177\"><span class=\"tg-item-term\" >Culture<\/span><\/a><span>, <\/span><a class=\"filtres_des_entreprises\" href=\"https:\/\/fonds-risq.qc.ca\/en\/filtres_des_entreprises\/fonds-de-transition-en\/\" rel=\"category\" data-term-id=\"246\"><span class=\"tg-item-term\" >Fonds de Transition<\/span><\/a><span>, <\/span><a class=\"filtres_des_entreprises\" href=\"https:\/\/fonds-risq.qc.ca\/en\/filtres_des_entreprises\/fonds-transition-en\/\" rel=\"category\" data-term-id=\"248\"><span class=\"tg-item-term\" >Fonds Transition<\/span><\/a><span>, <\/span><a class=\"filtres_des_entreprises\" href=\"https:\/\/fonds-risq.qc.ca\/en\/filtres_des_entreprises\/montreal-en\/\" rel=\"category\" data-term-id=\"128\"><span class=\"tg-item-term\" >Montr\u00e9al<\/span><\/a><span>, <\/span><a class=\"filtres_des_entreprises\" href=\"https:\/\/fonds-risq.qc.ca\/en\/filtres_des_entreprises\/npo\/\" rel=\"category\" data-term-id=\"150\"><span class=\"tg-item-term\" >NPO<\/span><\/a><\/span><div class=\"tg-item-footer\"><a class=\"tg-item-comment\" href=\"https:\/\/fonds-risq.qc.ca\/en\/entreprise\/le-monastere\/\"  target=\"_self\">No comment<\/a><span class=\"no-ajaxy to-post-like no-liked empty-heart\" data-post-id=\"17708\" title=\"Like\"><span class=\"to-heart-icon\"><svg xmlns=\"http:\/\/www.w3.org\/2000\/svg\" version=\"1.1\" viewBox=\"0 0 64 64\"><g transform=\"translate(0, 0)\"><path stroke-width=\"6\" stroke-linecap=\"square\" stroke-miterlimit=\"10\" d=\"M1,21c0,20,31,38,31,38s31-18,31-38 c0-8.285-6-16-15-16c-8.285,0-16,5.715-16,14c0-8.285-7.715-14-16-14C7,5,1,12.715,1,21z\"><\/path><\/g><\/svg><\/span><span class=\"to-like-count\">0<\/span><\/span><\/div><\/div><\/div><\/article><!-- The Grid item #86 --><article class=\"tg-item tg-post-17709 kampala f261 f130 f148 f136 f150 f135\" data-row=\"1\" data-col=\"1\"><div class=\"tg-item-inner\"><div class=\"tg-item-media-holder tg-light\"><div class=\"tg-item-media-inner\"><img decoding=\"async\" class=\"tg-item-image\" alt=\"\" width=\"608\" height=\"524\" src=\"https:\/\/fonds-risq.qc.ca\/wp-content\/uploads\/2024\/06\/BoiteScience.jpeg\"><\/div><div class=\"tg-center-holder\"><div class=\"tg-center-inner\"><div class=\"tg-item-overlay\"><\/div><a class=\"tg-link-button\" href=\"https:\/\/fonds-risq.qc.ca\/en\/entreprise\/boite-a-science-conseil-du-loisir-scientifique-de-quebec\/\" target=\"_self\"><i class=\"tg-icon-link\"><\/i><\/a><\/div><\/div><div class=\"tg-item-decoration\"><div class=\"triangle-down-right\" style=\"border-color:#0097c8\"><\/div><\/div><div class=\"tg-item-share-holder\"><div class=\"triangle-up-left\" style=\"border-color:rgba(22,22,22,0.65)\"><\/div><i class=\"tg-icon-reply\" style=\"color:#ffffff\"><\/i><div class=\"tg-share-icons\"><a class=\"tg-social-share tg-facebook\" href=\"https:\/\/www.facebook.com\/sharer.php?u=https%3A%2F%2Ffonds-risq.qc.ca%2Fen%2Fentreprise%2Fboite-a-science-conseil-du-loisir-scientifique-de-quebec%2F&#038;t=Bo%C3%AEte%20%C3%A0%20science-%20conseil%20du%20loisir%20scientifique%20de%20Qu%C3%A9bec\"><i class=\"tg-icon-facebook\"><\/i><\/a><a class=\"tg-social-share tg-twitter\" href=\"https:\/\/twitter.com\/share?url=https%3A%2F%2Ffonds-risq.qc.ca%2Fen%2Fentreprise%2Fboite-a-science-conseil-du-loisir-scientifique-de-quebec%2F&#038;text=Bo%C3%AEte%20%C3%A0%20science-%20conseil%20du%20loisir%20scientifique%20de%20Qu%C3%A9bec\"><i class=\"tg-icon-twitter\"><\/i><\/a><a class=\"tg-social-share tg-google-plus\" href=\"https:\/\/plus.google.com\/share?url=https%3A%2F%2Ffonds-risq.qc.ca%2Fen%2Fentreprise%2Fboite-a-science-conseil-du-loisir-scientifique-de-quebec%2F\"><i class=\"tg-icon-google-plus\"><\/i><\/a><a class=\"tg-social-share tg-pinterest\" href=\"https:\/\/pinterest.com\/pin\/create\/button\/?url=https%3A%2F%2Ffonds-risq.qc.ca%2Fen%2Fentreprise%2Fboite-a-science-conseil-du-loisir-scientifique-de-quebec%2F&#038;description=Bo%C3%AEte%20%C3%A0%20science-%20conseil%20du%20loisir%20scientifique%20de%20Qu%C3%A9bec&#038;media=https%3A%2F%2Ffonds-risq.qc.ca%2Fwp-content%2Fuploads%2F2024%2F06%2FBoiteScience.jpeg\"><i class=\"tg-icon-pinterest\"><\/i><\/a><\/div><\/div><\/div><div class=\"tg-item-content-holder tg-light image-format\" style=\"background-color:#0097c8\"><span class=\"tg-item-date\">18 June 2024<\/span><h2 class=\"tg-item-title\"><a href=\"https:\/\/fonds-risq.qc.ca\/en\/entreprise\/boite-a-science-conseil-du-loisir-scientifique-de-quebec\/\" target=\"_self\">Bo\u00eete \u00e0 science- conseil du loisir scientifique de Qu\u00e9bec<\/a><\/h2><span class=\"tg-cats-holder\"><a class=\"filtres_des_entreprises\" href=\"https:\/\/fonds-risq.qc.ca\/en\/filtres_des_entreprises\/2024-en\/\" rel=\"category\" data-term-id=\"261\"><span class=\"tg-item-term\" >2024<\/span><\/a><span>, <\/span><a class=\"filtres_des_entreprises\" href=\"https:\/\/fonds-risq.qc.ca\/en\/filtres_des_entreprises\/capitale-nationale-en\/\" rel=\"category\" data-term-id=\"130\"><span class=\"tg-item-term\" >Capitale-Nationale<\/span><\/a><span>, <\/span><a class=\"filtres_des_entreprises\" href=\"https:\/\/fonds-risq.qc.ca\/en\/filtres_des_entreprises\/capitalization-loan\/\" rel=\"category\" data-term-id=\"148\"><span class=\"tg-item-term\" >Capitalization loan<\/span><\/a><span>, <\/span><a class=\"filtres_des_entreprises\" href=\"https:\/\/fonds-risq.qc.ca\/en\/filtres_des_entreprises\/education-en\/\" rel=\"category\" data-term-id=\"136\"><span class=\"tg-item-term\" >Education<\/span><\/a><span>, <\/span><a class=\"filtres_des_entreprises\" href=\"https:\/\/fonds-risq.qc.ca\/en\/filtres_des_entreprises\/npo\/\" rel=\"category\" data-term-id=\"150\"><span class=\"tg-item-term\" >NPO<\/span><\/a><span>, <\/span><a class=\"filtres_des_entreprises\" href=\"https:\/\/fonds-risq.qc.ca\/en\/filtres_des_entreprises\/services-en\/\" rel=\"category\" data-term-id=\"135\"><span class=\"tg-item-term\" >Services<\/span><\/a><\/span><div class=\"tg-item-footer\"><a class=\"tg-item-comment\" href=\"https:\/\/fonds-risq.qc.ca\/en\/entreprise\/boite-a-science-conseil-du-loisir-scientifique-de-quebec\/\"  target=\"_self\">No comment<\/a><span class=\"no-ajaxy to-post-like no-liked empty-heart\" data-post-id=\"17709\" title=\"Like\"><span class=\"to-heart-icon\"><svg xmlns=\"http:\/\/www.w3.org\/2000\/svg\" version=\"1.1\" viewBox=\"0 0 64 64\"><g transform=\"translate(0, 0)\"><path stroke-width=\"6\" stroke-linecap=\"square\" stroke-miterlimit=\"10\" d=\"M1,21c0,20,31,38,31,38s31-18,31-38 c0-8.285-6-16-15-16c-8.285,0-16,5.715-16,14c0-8.285-7.715-14-16-14C7,5,1,12.715,1,21z\"><\/path><\/g><\/svg><\/span><span class=\"to-like-count\">0<\/span><\/span><\/div><\/div><\/div><\/article><!-- The Grid item #87 --><article class=\"tg-item tg-post-17623 kampala f261 f148 f151 f170 f128 f158\" data-row=\"1\" data-col=\"1\"><div class=\"tg-item-inner\"><div class=\"tg-item-media-holder tg-light\"><div class=\"tg-item-media-inner\"><img decoding=\"async\" class=\"tg-item-image\" alt=\"\" width=\"1081\" height=\"972\" src=\"https:\/\/fonds-risq.qc.ca\/wp-content\/uploads\/2024\/05\/CHOPE.jpg\"><\/div><div class=\"tg-center-holder\"><div class=\"tg-center-inner\"><div class=\"tg-item-overlay\"><\/div><a class=\"tg-link-button\" href=\"https:\/\/fonds-risq.qc.ca\/en\/entreprise\/la-chope-angus\/\" target=\"_self\"><i class=\"tg-icon-link\"><\/i><\/a><\/div><\/div><div class=\"tg-item-decoration\"><div class=\"triangle-down-right\" style=\"border-color:#0097c8\"><\/div><\/div><div class=\"tg-item-share-holder\"><div class=\"triangle-up-left\" style=\"border-color:rgba(22,22,22,0.65)\"><\/div><i class=\"tg-icon-reply\" style=\"color:#ffffff\"><\/i><div class=\"tg-share-icons\"><a class=\"tg-social-share tg-facebook\" href=\"https:\/\/www.facebook.com\/sharer.php?u=https%3A%2F%2Ffonds-risq.qc.ca%2Fen%2Fentreprise%2Fla-chope-angus%2F&#038;t=La%20Chope%20Angus\"><i class=\"tg-icon-facebook\"><\/i><\/a><a class=\"tg-social-share tg-twitter\" href=\"https:\/\/twitter.com\/share?url=https%3A%2F%2Ffonds-risq.qc.ca%2Fen%2Fentreprise%2Fla-chope-angus%2F&#038;text=La%20Chope%20Angus\"><i class=\"tg-icon-twitter\"><\/i><\/a><a class=\"tg-social-share tg-google-plus\" href=\"https:\/\/plus.google.com\/share?url=https%3A%2F%2Ffonds-risq.qc.ca%2Fen%2Fentreprise%2Fla-chope-angus%2F\"><i class=\"tg-icon-google-plus\"><\/i><\/a><a class=\"tg-social-share tg-pinterest\" href=\"https:\/\/pinterest.com\/pin\/create\/button\/?url=https%3A%2F%2Ffonds-risq.qc.ca%2Fen%2Fentreprise%2Fla-chope-angus%2F&#038;description=La%20Chope%20Angus&#038;media=https%3A%2F%2Ffonds-risq.qc.ca%2Fwp-content%2Fuploads%2F2024%2F05%2FCHOPE.jpg\"><i class=\"tg-icon-pinterest\"><\/i><\/a><\/div><\/div><\/div><div class=\"tg-item-content-holder tg-light image-format\" style=\"background-color:#0097c8\"><span class=\"tg-item-date\">30 May 2024<\/span><h2 class=\"tg-item-title\"><a href=\"https:\/\/fonds-risq.qc.ca\/en\/entreprise\/la-chope-angus\/\" target=\"_self\">La Chope Angus<\/a><\/h2><span class=\"tg-cats-holder\"><a class=\"filtres_des_entreprises\" href=\"https:\/\/fonds-risq.qc.ca\/en\/filtres_des_entreprises\/2024-en\/\" rel=\"category\" data-term-id=\"261\"><span class=\"tg-item-term\" >2024<\/span><\/a><span>, <\/span><a class=\"filtres_des_entreprises\" href=\"https:\/\/fonds-risq.qc.ca\/en\/filtres_des_entreprises\/capitalization-loan\/\" rel=\"category\" data-term-id=\"148\"><span class=\"tg-item-term\" >Capitalization loan<\/span><\/a><span>, <\/span><a class=\"filtres_des_entreprises\" href=\"https:\/\/fonds-risq.qc.ca\/en\/filtres_des_entreprises\/coop-en\/\" rel=\"category\" data-term-id=\"151\"><span class=\"tg-item-term\" >COOP<\/span><\/a><span>, <\/span><a class=\"filtres_des_entreprises\" href=\"https:\/\/fonds-risq.qc.ca\/en\/filtres_des_entreprises\/craft-brewery\/\" rel=\"category\" data-term-id=\"170\"><span class=\"tg-item-term\" >Craft brewery<\/span><\/a><span>, <\/span><a class=\"filtres_des_entreprises\" href=\"https:\/\/fonds-risq.qc.ca\/en\/filtres_des_entreprises\/montreal-en\/\" rel=\"category\" data-term-id=\"128\"><span class=\"tg-item-term\" >Montr\u00e9al<\/span><\/a><span>, <\/span><a class=\"filtres_des_entreprises\" href=\"https:\/\/fonds-risq.qc.ca\/en\/filtres_des_entreprises\/restaurant\/\" rel=\"category\" data-term-id=\"158\"><span class=\"tg-item-term\" >Restaurant<\/span><\/a><\/span><div class=\"tg-item-footer\"><a class=\"tg-item-comment\" href=\"https:\/\/fonds-risq.qc.ca\/en\/entreprise\/la-chope-angus\/\"  target=\"_self\">No comment<\/a><span class=\"no-ajaxy to-post-like no-liked empty-heart\" data-post-id=\"17623\" title=\"Like\"><span class=\"to-heart-icon\"><svg xmlns=\"http:\/\/www.w3.org\/2000\/svg\" version=\"1.1\" viewBox=\"0 0 64 64\"><g transform=\"translate(0, 0)\"><path stroke-width=\"6\" stroke-linecap=\"square\" stroke-miterlimit=\"10\" d=\"M1,21c0,20,31,38,31,38s31-18,31-38 c0-8.285-6-16-15-16c-8.285,0-16,5.715-16,14c0-8.285-7.715-14-16-14C7,5,1,12.715,1,21z\"><\/path><\/g><\/svg><\/span><span class=\"to-like-count\">0<\/span><\/span><\/div><\/div><\/div><\/article><!-- The Grid item #88 --><article class=\"tg-item tg-post-17710 kampala f250 f148 f190 f128 f150\" data-row=\"1\" data-col=\"1\"><div class=\"tg-item-inner\"><div class=\"tg-item-media-holder tg-light\"><div class=\"tg-item-media-inner\"><img decoding=\"async\" class=\"tg-item-image\" alt=\"\" width=\"1440\" height=\"1074\" src=\"https:\/\/fonds-risq.qc.ca\/wp-content\/uploads\/2024\/05\/SAT.jpg\"><\/div><div class=\"tg-center-holder\"><div class=\"tg-center-inner\"><div class=\"tg-item-overlay\"><\/div><a class=\"tg-link-button\" href=\"https:\/\/fonds-risq.qc.ca\/en\/entreprise\/societe-des-arts-technologiques\/\" target=\"_self\"><i class=\"tg-icon-link\"><\/i><\/a><\/div><\/div><div class=\"tg-item-decoration\"><div class=\"triangle-down-right\" style=\"border-color:#0097c8\"><\/div><\/div><div class=\"tg-item-share-holder\"><div class=\"triangle-up-left\" style=\"border-color:rgba(22,22,22,0.65)\"><\/div><i class=\"tg-icon-reply\" style=\"color:#ffffff\"><\/i><div class=\"tg-share-icons\"><a class=\"tg-social-share tg-facebook\" href=\"https:\/\/www.facebook.com\/sharer.php?u=https%3A%2F%2Ffonds-risq.qc.ca%2Fen%2Fentreprise%2Fsociete-des-arts-technologiques%2F&#038;t=Soci%C3%A9t%C3%A9%20des%20arts%20technologiques%E2%80%AF\"><i class=\"tg-icon-facebook\"><\/i><\/a><a class=\"tg-social-share tg-twitter\" href=\"https:\/\/twitter.com\/share?url=https%3A%2F%2Ffonds-risq.qc.ca%2Fen%2Fentreprise%2Fsociete-des-arts-technologiques%2F&#038;text=Soci%C3%A9t%C3%A9%20des%20arts%20technologiques%E2%80%AF\"><i class=\"tg-icon-twitter\"><\/i><\/a><a class=\"tg-social-share tg-google-plus\" href=\"https:\/\/plus.google.com\/share?url=https%3A%2F%2Ffonds-risq.qc.ca%2Fen%2Fentreprise%2Fsociete-des-arts-technologiques%2F\"><i class=\"tg-icon-google-plus\"><\/i><\/a><a class=\"tg-social-share tg-pinterest\" href=\"https:\/\/pinterest.com\/pin\/create\/button\/?url=https%3A%2F%2Ffonds-risq.qc.ca%2Fen%2Fentreprise%2Fsociete-des-arts-technologiques%2F&#038;description=Soci%C3%A9t%C3%A9%20des%20arts%20technologiques%E2%80%AF&#038;media=https%3A%2F%2Ffonds-risq.qc.ca%2Fwp-content%2Fuploads%2F2024%2F05%2FSAT.jpg\"><i class=\"tg-icon-pinterest\"><\/i><\/a><\/div><\/div><\/div><div class=\"tg-item-content-holder tg-light image-format\" style=\"background-color:#0097c8\"><span class=\"tg-item-date\">9 May 2024<\/span><h2 class=\"tg-item-title\"><a href=\"https:\/\/fonds-risq.qc.ca\/en\/entreprise\/societe-des-arts-technologiques\/\" target=\"_self\">Soci\u00e9t\u00e9 des arts technologiques\u202f<\/a><\/h2><span class=\"tg-cats-holder\"><a class=\"filtres_des_entreprises\" href=\"https:\/\/fonds-risq.qc.ca\/en\/filtres_des_entreprises\/2022-en\/\" rel=\"category\" data-term-id=\"250\"><span class=\"tg-item-term\" >2022<\/span><\/a><span>, <\/span><a class=\"filtres_des_entreprises\" href=\"https:\/\/fonds-risq.qc.ca\/en\/filtres_des_entreprises\/capitalization-loan\/\" rel=\"category\" data-term-id=\"148\"><span class=\"tg-item-term\" >Capitalization loan<\/span><\/a><span>, <\/span><a class=\"filtres_des_entreprises\" href=\"https:\/\/fonds-risq.qc.ca\/en\/filtres_des_entreprises\/loisirs-divertissement-en\/\" rel=\"category\" data-term-id=\"190\"><span class=\"tg-item-term\" >Loisirs-Divertissement<\/span><\/a><span>, <\/span><a class=\"filtres_des_entreprises\" href=\"https:\/\/fonds-risq.qc.ca\/en\/filtres_des_entreprises\/montreal-en\/\" rel=\"category\" data-term-id=\"128\"><span class=\"tg-item-term\" >Montr\u00e9al<\/span><\/a><span>, <\/span><a class=\"filtres_des_entreprises\" href=\"https:\/\/fonds-risq.qc.ca\/en\/filtres_des_entreprises\/npo\/\" rel=\"category\" data-term-id=\"150\"><span class=\"tg-item-term\" >NPO<\/span><\/a><\/span><div class=\"tg-item-footer\"><a class=\"tg-item-comment\" href=\"https:\/\/fonds-risq.qc.ca\/en\/entreprise\/societe-des-arts-technologiques\/\"  target=\"_self\">No comment<\/a><span class=\"no-ajaxy to-post-like no-liked empty-heart\" data-post-id=\"17710\" title=\"Like\"><span class=\"to-heart-icon\"><svg xmlns=\"http:\/\/www.w3.org\/2000\/svg\" version=\"1.1\" viewBox=\"0 0 64 64\"><g transform=\"translate(0, 0)\"><path stroke-width=\"6\" stroke-linecap=\"square\" stroke-miterlimit=\"10\" d=\"M1,21c0,20,31,38,31,38s31-18,31-38 c0-8.285-6-16-15-16c-8.285,0-16,5.715-16,14c0-8.285-7.715-14-16-14C7,5,1,12.715,1,21z\"><\/path><\/g><\/svg><\/span><span class=\"to-like-count\">0<\/span><\/span><\/div><\/div><\/div><\/article><!-- The Grid item #89 --><article class=\"tg-item tg-post-17518 kampala f252 f134 f151 f246 f248 f128\" data-row=\"1\" data-col=\"1\"><div class=\"tg-item-inner\"><div class=\"tg-item-media-holder tg-light\"><div class=\"tg-item-media-inner\"><img decoding=\"async\" class=\"tg-item-image\" alt=\"\" width=\"1080\" height=\"800\" src=\"https:\/\/fonds-risq.qc.ca\/wp-content\/uploads\/2024\/05\/tenk.jpg\"><\/div><div class=\"tg-center-holder\"><div class=\"tg-center-inner\"><div class=\"tg-item-overlay\"><\/div><a class=\"tg-link-button\" href=\"https:\/\/fonds-risq.qc.ca\/en\/entreprise\/tenk-canada\/\" target=\"_self\"><i class=\"tg-icon-link\"><\/i><\/a><\/div><\/div><div class=\"tg-item-decoration\"><div class=\"triangle-down-right\" style=\"border-color:#fdd304\"><\/div><\/div><div class=\"tg-item-share-holder\"><div class=\"triangle-up-left\" style=\"border-color:rgba(22,22,22,0.65)\"><\/div><i class=\"tg-icon-reply\" style=\"color:#ffffff\"><\/i><div class=\"tg-share-icons\"><a class=\"tg-social-share tg-facebook\" href=\"https:\/\/www.facebook.com\/sharer.php?u=https%3A%2F%2Ffonds-risq.qc.ca%2Fen%2Fentreprise%2Ftenk-canada%2F&#038;t=T%C3%ABnk%20Canada\"><i class=\"tg-icon-facebook\"><\/i><\/a><a class=\"tg-social-share tg-twitter\" href=\"https:\/\/twitter.com\/share?url=https%3A%2F%2Ffonds-risq.qc.ca%2Fen%2Fentreprise%2Ftenk-canada%2F&#038;text=T%C3%ABnk%20Canada\"><i class=\"tg-icon-twitter\"><\/i><\/a><a class=\"tg-social-share tg-google-plus\" href=\"https:\/\/plus.google.com\/share?url=https%3A%2F%2Ffonds-risq.qc.ca%2Fen%2Fentreprise%2Ftenk-canada%2F\"><i class=\"tg-icon-google-plus\"><\/i><\/a><a class=\"tg-social-share tg-pinterest\" href=\"https:\/\/pinterest.com\/pin\/create\/button\/?url=https%3A%2F%2Ffonds-risq.qc.ca%2Fen%2Fentreprise%2Ftenk-canada%2F&#038;description=T%C3%ABnk%20Canada&#038;media=https%3A%2F%2Ffonds-risq.qc.ca%2Fwp-content%2Fuploads%2F2024%2F05%2Ftenk.jpg\"><i class=\"tg-icon-pinterest\"><\/i><\/a><\/div><\/div><\/div><div class=\"tg-item-content-holder tg-light image-format\" style=\"background-color:#fdd304\"><span class=\"tg-item-date\">9 May 2024<\/span><h2 class=\"tg-item-title\"><a href=\"https:\/\/fonds-risq.qc.ca\/en\/entreprise\/tenk-canada\/\" target=\"_self\">T\u00ebnk Canada<\/a><\/h2><span class=\"tg-cats-holder\"><a class=\"filtres_des_entreprises\" href=\"https:\/\/fonds-risq.qc.ca\/en\/filtres_des_entreprises\/2023-en\/\" rel=\"category\" data-term-id=\"252\"><span class=\"tg-item-term\" >2023<\/span><\/a><span>, <\/span><a class=\"filtres_des_entreprises\" href=\"https:\/\/fonds-risq.qc.ca\/en\/filtres_des_entreprises\/arts-and-culture\/\" rel=\"category\" data-term-id=\"134\"><span class=\"tg-item-term\" >Arts and culture<\/span><\/a><span>, <\/span><a class=\"filtres_des_entreprises\" href=\"https:\/\/fonds-risq.qc.ca\/en\/filtres_des_entreprises\/coop-en\/\" rel=\"category\" data-term-id=\"151\"><span class=\"tg-item-term\" >COOP<\/span><\/a><span>, <\/span><a class=\"filtres_des_entreprises\" href=\"https:\/\/fonds-risq.qc.ca\/en\/filtres_des_entreprises\/fonds-de-transition-en\/\" rel=\"category\" data-term-id=\"246\"><span class=\"tg-item-term\" >Fonds de Transition<\/span><\/a><span>, <\/span><a class=\"filtres_des_entreprises\" href=\"https:\/\/fonds-risq.qc.ca\/en\/filtres_des_entreprises\/fonds-transition-en\/\" rel=\"category\" data-term-id=\"248\"><span class=\"tg-item-term\" >Fonds Transition<\/span><\/a><span>, <\/span><a class=\"filtres_des_entreprises\" href=\"https:\/\/fonds-risq.qc.ca\/en\/filtres_des_entreprises\/montreal-en\/\" rel=\"category\" data-term-id=\"128\"><span class=\"tg-item-term\" >Montr\u00e9al<\/span><\/a><\/span><div class=\"tg-item-footer\"><a class=\"tg-item-comment\" href=\"https:\/\/fonds-risq.qc.ca\/en\/entreprise\/tenk-canada\/\"  target=\"_self\">No comment<\/a><span class=\"no-ajaxy to-post-like no-liked empty-heart\" data-post-id=\"17518\" title=\"Like\"><span class=\"to-heart-icon\"><svg xmlns=\"http:\/\/www.w3.org\/2000\/svg\" version=\"1.1\" viewBox=\"0 0 64 64\"><g transform=\"translate(0, 0)\"><path stroke-width=\"6\" stroke-linecap=\"square\" stroke-miterlimit=\"10\" d=\"M1,21c0,20,31,38,31,38s31-18,31-38 c0-8.285-6-16-15-16c-8.285,0-16,5.715-16,14c0-8.285-7.715-14-16-14C7,5,1,12.715,1,21z\"><\/path><\/g><\/svg><\/span><span class=\"to-like-count\">0<\/span><\/span><\/div><\/div><\/div><\/article><!-- The Grid item #90 --><article class=\"tg-item tg-post-17507 kampala f252 f246 f248 f128 f150 f135\" data-row=\"1\" data-col=\"1\"><div class=\"tg-item-inner\"><div class=\"tg-item-media-holder tg-light\"><div class=\"tg-item-media-inner\"><img decoding=\"async\" class=\"tg-item-image\" alt=\"\" width=\"1440\" height=\"1439\" src=\"https:\/\/fonds-risq.qc.ca\/wp-content\/uploads\/2024\/05\/Photo-lespacemaker.jpg\"><\/div><div class=\"tg-center-holder\"><div class=\"tg-center-inner\"><div class=\"tg-item-overlay\"><\/div><a class=\"tg-link-button\" href=\"https:\/\/fonds-risq.qc.ca\/en\/entreprise\/lespacemaker-2\/\" target=\"_self\"><i class=\"tg-icon-link\"><\/i><\/a><\/div><\/div><div class=\"tg-item-decoration\"><div class=\"triangle-down-right\" style=\"border-color:#fdd304\"><\/div><\/div><div class=\"tg-item-share-holder\"><div class=\"triangle-up-left\" style=\"border-color:rgba(22,22,22,0.65)\"><\/div><i class=\"tg-icon-reply\" style=\"color:#ffffff\"><\/i><div class=\"tg-share-icons\"><a class=\"tg-social-share tg-facebook\" href=\"https:\/\/www.facebook.com\/sharer.php?u=https%3A%2F%2Ffonds-risq.qc.ca%2Fen%2Fentreprise%2Flespacemaker-2%2F&#038;t=LESPACEMAKER\"><i class=\"tg-icon-facebook\"><\/i><\/a><a class=\"tg-social-share tg-twitter\" href=\"https:\/\/twitter.com\/share?url=https%3A%2F%2Ffonds-risq.qc.ca%2Fen%2Fentreprise%2Flespacemaker-2%2F&#038;text=LESPACEMAKER\"><i class=\"tg-icon-twitter\"><\/i><\/a><a class=\"tg-social-share tg-google-plus\" href=\"https:\/\/plus.google.com\/share?url=https%3A%2F%2Ffonds-risq.qc.ca%2Fen%2Fentreprise%2Flespacemaker-2%2F\"><i class=\"tg-icon-google-plus\"><\/i><\/a><a class=\"tg-social-share tg-pinterest\" href=\"https:\/\/pinterest.com\/pin\/create\/button\/?url=https%3A%2F%2Ffonds-risq.qc.ca%2Fen%2Fentreprise%2Flespacemaker-2%2F&#038;description=LESPACEMAKER&#038;media=https%3A%2F%2Ffonds-risq.qc.ca%2Fwp-content%2Fuploads%2F2024%2F05%2FPhoto-lespacemaker.jpg\"><i class=\"tg-icon-pinterest\"><\/i><\/a><\/div><\/div><\/div><div class=\"tg-item-content-holder tg-light image-format\" style=\"background-color:#fdd304\"><span class=\"tg-item-date\">9 May 2024<\/span><h2 class=\"tg-item-title\"><a href=\"https:\/\/fonds-risq.qc.ca\/en\/entreprise\/lespacemaker-2\/\" target=\"_self\">LESPACEMAKER<\/a><\/h2><span class=\"tg-cats-holder\"><a class=\"filtres_des_entreprises\" href=\"https:\/\/fonds-risq.qc.ca\/en\/filtres_des_entreprises\/2023-en\/\" rel=\"category\" data-term-id=\"252\"><span class=\"tg-item-term\" >2023<\/span><\/a><span>, <\/span><a class=\"filtres_des_entreprises\" href=\"https:\/\/fonds-risq.qc.ca\/en\/filtres_des_entreprises\/fonds-de-transition-en\/\" rel=\"category\" data-term-id=\"246\"><span class=\"tg-item-term\" >Fonds de Transition<\/span><\/a><span>, <\/span><a class=\"filtres_des_entreprises\" href=\"https:\/\/fonds-risq.qc.ca\/en\/filtres_des_entreprises\/fonds-transition-en\/\" rel=\"category\" data-term-id=\"248\"><span class=\"tg-item-term\" >Fonds Transition<\/span><\/a><span>, <\/span><a class=\"filtres_des_entreprises\" href=\"https:\/\/fonds-risq.qc.ca\/en\/filtres_des_entreprises\/montreal-en\/\" rel=\"category\" data-term-id=\"128\"><span class=\"tg-item-term\" >Montr\u00e9al<\/span><\/a><span>, <\/span><a class=\"filtres_des_entreprises\" href=\"https:\/\/fonds-risq.qc.ca\/en\/filtres_des_entreprises\/npo\/\" rel=\"category\" data-term-id=\"150\"><span class=\"tg-item-term\" >NPO<\/span><\/a><span>, <\/span><a class=\"filtres_des_entreprises\" href=\"https:\/\/fonds-risq.qc.ca\/en\/filtres_des_entreprises\/services-en\/\" rel=\"category\" data-term-id=\"135\"><span class=\"tg-item-term\" >Services<\/span><\/a><\/span><div class=\"tg-item-footer\"><a class=\"tg-item-comment\" href=\"https:\/\/fonds-risq.qc.ca\/en\/entreprise\/lespacemaker-2\/\"  target=\"_self\">No comment<\/a><span class=\"no-ajaxy to-post-like no-liked empty-heart\" data-post-id=\"17507\" title=\"Like\"><span class=\"to-heart-icon\"><svg xmlns=\"http:\/\/www.w3.org\/2000\/svg\" version=\"1.1\" viewBox=\"0 0 64 64\"><g transform=\"translate(0, 0)\"><path stroke-width=\"6\" stroke-linecap=\"square\" stroke-miterlimit=\"10\" d=\"M1,21c0,20,31,38,31,38s31-18,31-38 c0-8.285-6-16-15-16c-8.285,0-16,5.715-16,14c0-8.285-7.715-14-16-14C7,5,1,12.715,1,21z\"><\/path><\/g><\/svg><\/span><span class=\"to-like-count\">0<\/span><\/span><\/div><\/div><\/div><\/article><!-- The Grid item #91 --><article class=\"tg-item tg-post-17496 kampala f252 f145 f157 f150 f146\" data-row=\"1\" data-col=\"1\"><div class=\"tg-item-inner\"><div class=\"tg-item-media-holder tg-light\"><div class=\"tg-item-media-inner\"><img decoding=\"async\" class=\"tg-item-image\" alt=\"\" width=\"960\" height=\"960\" src=\"https:\/\/fonds-risq.qc.ca\/wp-content\/uploads\/2024\/05\/Ferme-jeunes-au-travail.jpg\"><\/div><div class=\"tg-center-holder\"><div class=\"tg-center-inner\"><div class=\"tg-item-overlay\"><\/div><a class=\"tg-link-button\" href=\"https:\/\/fonds-risq.qc.ca\/en\/entreprise\/ferme-jeunes-au-travail\/\" target=\"_self\"><i class=\"tg-icon-link\"><\/i><\/a><\/div><\/div><div class=\"tg-item-decoration\"><div class=\"triangle-down-right\" style=\"border-color:#b7c634\"><\/div><\/div><div class=\"tg-item-share-holder\"><div class=\"triangle-up-left\" style=\"border-color:rgba(22,22,22,0.65)\"><\/div><i class=\"tg-icon-reply\" style=\"color:#ffffff\"><\/i><div class=\"tg-share-icons\"><a class=\"tg-social-share tg-facebook\" href=\"https:\/\/www.facebook.com\/sharer.php?u=https%3A%2F%2Ffonds-risq.qc.ca%2Fen%2Fentreprise%2Fferme-jeunes-au-travail%2F&#038;t=Ferme%20Jeunes%20au%20travail\"><i class=\"tg-icon-facebook\"><\/i><\/a><a class=\"tg-social-share tg-twitter\" href=\"https:\/\/twitter.com\/share?url=https%3A%2F%2Ffonds-risq.qc.ca%2Fen%2Fentreprise%2Fferme-jeunes-au-travail%2F&#038;text=Ferme%20Jeunes%20au%20travail\"><i class=\"tg-icon-twitter\"><\/i><\/a><a class=\"tg-social-share tg-google-plus\" href=\"https:\/\/plus.google.com\/share?url=https%3A%2F%2Ffonds-risq.qc.ca%2Fen%2Fentreprise%2Fferme-jeunes-au-travail%2F\"><i class=\"tg-icon-google-plus\"><\/i><\/a><a class=\"tg-social-share tg-pinterest\" href=\"https:\/\/pinterest.com\/pin\/create\/button\/?url=https%3A%2F%2Ffonds-risq.qc.ca%2Fen%2Fentreprise%2Fferme-jeunes-au-travail%2F&#038;description=Ferme%20Jeunes%20au%20travail&#038;media=https%3A%2F%2Ffonds-risq.qc.ca%2Fwp-content%2Fuploads%2F2024%2F05%2FFerme-jeunes-au-travail.jpg\"><i class=\"tg-icon-pinterest\"><\/i><\/a><\/div><\/div><\/div><div class=\"tg-item-content-holder tg-light image-format\" style=\"background-color:#b7c634\"><span class=\"tg-item-date\">9 May 2024<\/span><h2 class=\"tg-item-title\"><a href=\"https:\/\/fonds-risq.qc.ca\/en\/entreprise\/ferme-jeunes-au-travail\/\" target=\"_self\">Ferme Jeunes au travail<\/a><\/h2><span class=\"tg-cats-holder\"><a class=\"filtres_des_entreprises\" href=\"https:\/\/fonds-risq.qc.ca\/en\/filtres_des_entreprises\/2023-en\/\" rel=\"category\" data-term-id=\"252\"><span class=\"tg-item-term\" >2023<\/span><\/a><span>, <\/span><a class=\"filtres_des_entreprises\" href=\"https:\/\/fonds-risq.qc.ca\/en\/filtres_des_entreprises\/food\/\" rel=\"category\" data-term-id=\"145\"><span class=\"tg-item-term\" >Food<\/span><\/a><span>, <\/span><a class=\"filtres_des_entreprises\" href=\"https:\/\/fonds-risq.qc.ca\/en\/filtres_des_entreprises\/laval-en\/\" rel=\"category\" data-term-id=\"157\"><span class=\"tg-item-term\" >Laval<\/span><\/a><span>, <\/span><a class=\"filtres_des_entreprises\" href=\"https:\/\/fonds-risq.qc.ca\/en\/filtres_des_entreprises\/npo\/\" rel=\"category\" data-term-id=\"150\"><span class=\"tg-item-term\" >NPO<\/span><\/a><span>, <\/span><a class=\"filtres_des_entreprises\" href=\"https:\/\/fonds-risq.qc.ca\/en\/filtres_des_entreprises\/pret-pour-aide-technique-en\/\" rel=\"category\" data-term-id=\"146\"><span class=\"tg-item-term\" >Technical assistance loan<\/span><\/a><\/span><div class=\"tg-item-footer\"><a class=\"tg-item-comment\" href=\"https:\/\/fonds-risq.qc.ca\/en\/entreprise\/ferme-jeunes-au-travail\/\"  target=\"_self\">No comment<\/a><span class=\"no-ajaxy to-post-like no-liked empty-heart\" data-post-id=\"17496\" title=\"Like\"><span class=\"to-heart-icon\"><svg xmlns=\"http:\/\/www.w3.org\/2000\/svg\" version=\"1.1\" viewBox=\"0 0 64 64\"><g transform=\"translate(0, 0)\"><path stroke-width=\"6\" stroke-linecap=\"square\" stroke-miterlimit=\"10\" d=\"M1,21c0,20,31,38,31,38s31-18,31-38 c0-8.285-6-16-15-16c-8.285,0-16,5.715-16,14c0-8.285-7.715-14-16-14C7,5,1,12.715,1,21z\"><\/path><\/g><\/svg><\/span><span class=\"to-like-count\">0<\/span><\/span><\/div><\/div><\/div><\/article><!-- The Grid item #92 --><article class=\"tg-item tg-post-17487 kampala f252 f130 f195 f150 f146\" data-row=\"1\" data-col=\"1\"><div class=\"tg-item-inner\"><div class=\"tg-item-media-holder tg-light\"><div class=\"tg-item-media-inner\"><img decoding=\"async\" class=\"tg-item-image\" alt=\"\" width=\"2048\" height=\"1536\" src=\"https:\/\/fonds-risq.qc.ca\/wp-content\/uploads\/2024\/05\/GRT-arts.jpg\"><\/div><div class=\"tg-center-holder\"><div class=\"tg-center-inner\"><div class=\"tg-item-overlay\"><\/div><a class=\"tg-link-button\" href=\"https:\/\/fonds-risq.qc.ca\/en\/entreprise\/groupe-de-ressource-techniques-en-arts\/\" target=\"_self\"><i class=\"tg-icon-link\"><\/i><\/a><\/div><\/div><div class=\"tg-item-decoration\"><div class=\"triangle-down-right\" style=\"border-color:#b7c634\"><\/div><\/div><div class=\"tg-item-share-holder\"><div class=\"triangle-up-left\" style=\"border-color:rgba(22,22,22,0.65)\"><\/div><i class=\"tg-icon-reply\" style=\"color:#ffffff\"><\/i><div class=\"tg-share-icons\"><a class=\"tg-social-share tg-facebook\" href=\"https:\/\/www.facebook.com\/sharer.php?u=https%3A%2F%2Ffonds-risq.qc.ca%2Fen%2Fentreprise%2Fgroupe-de-ressource-techniques-en-arts%2F&#038;t=GROUPE%20DE%20RESSOURCE%20TECHNIQUES%20EN%20ARTS\"><i class=\"tg-icon-facebook\"><\/i><\/a><a class=\"tg-social-share tg-twitter\" href=\"https:\/\/twitter.com\/share?url=https%3A%2F%2Ffonds-risq.qc.ca%2Fen%2Fentreprise%2Fgroupe-de-ressource-techniques-en-arts%2F&#038;text=GROUPE%20DE%20RESSOURCE%20TECHNIQUES%20EN%20ARTS\"><i class=\"tg-icon-twitter\"><\/i><\/a><a class=\"tg-social-share tg-google-plus\" href=\"https:\/\/plus.google.com\/share?url=https%3A%2F%2Ffonds-risq.qc.ca%2Fen%2Fentreprise%2Fgroupe-de-ressource-techniques-en-arts%2F\"><i class=\"tg-icon-google-plus\"><\/i><\/a><a class=\"tg-social-share tg-pinterest\" href=\"https:\/\/pinterest.com\/pin\/create\/button\/?url=https%3A%2F%2Ffonds-risq.qc.ca%2Fen%2Fentreprise%2Fgroupe-de-ressource-techniques-en-arts%2F&#038;description=GROUPE%20DE%20RESSOURCE%20TECHNIQUES%20EN%20ARTS&#038;media=https%3A%2F%2Ffonds-risq.qc.ca%2Fwp-content%2Fuploads%2F2024%2F05%2FGRT-arts.jpg\"><i class=\"tg-icon-pinterest\"><\/i><\/a><\/div><\/div><\/div><div class=\"tg-item-content-holder tg-light image-format\" style=\"background-color:#b7c634\"><span class=\"tg-item-date\">9 May 2024<\/span><h2 class=\"tg-item-title\"><a href=\"https:\/\/fonds-risq.qc.ca\/en\/entreprise\/groupe-de-ressource-techniques-en-arts\/\" target=\"_self\">GROUPE DE RESSOURCE TECHNIQUES EN ARTS<\/a><\/h2><span class=\"tg-cats-holder\"><a class=\"filtres_des_entreprises\" href=\"https:\/\/fonds-risq.qc.ca\/en\/filtres_des_entreprises\/2023-en\/\" rel=\"category\" data-term-id=\"252\"><span class=\"tg-item-term\" >2023<\/span><\/a><span>, <\/span><a class=\"filtres_des_entreprises\" href=\"https:\/\/fonds-risq.qc.ca\/en\/filtres_des_entreprises\/capitale-nationale-en\/\" rel=\"category\" data-term-id=\"130\"><span class=\"tg-item-term\" >Capitale-Nationale<\/span><\/a><span>, <\/span><a class=\"filtres_des_entreprises\" href=\"https:\/\/fonds-risq.qc.ca\/en\/filtres_des_entreprises\/immobilier-collectif-en\/\" rel=\"category\" data-term-id=\"195\"><span class=\"tg-item-term\" >Immobilier collectif<\/span><\/a><span>, <\/span><a class=\"filtres_des_entreprises\" href=\"https:\/\/fonds-risq.qc.ca\/en\/filtres_des_entreprises\/npo\/\" rel=\"category\" data-term-id=\"150\"><span class=\"tg-item-term\" >NPO<\/span><\/a><span>, <\/span><a class=\"filtres_des_entreprises\" href=\"https:\/\/fonds-risq.qc.ca\/en\/filtres_des_entreprises\/pret-pour-aide-technique-en\/\" rel=\"category\" data-term-id=\"146\"><span class=\"tg-item-term\" >Technical assistance loan<\/span><\/a><\/span><div class=\"tg-item-footer\"><a class=\"tg-item-comment\" href=\"https:\/\/fonds-risq.qc.ca\/en\/entreprise\/groupe-de-ressource-techniques-en-arts\/\"  target=\"_self\">No comment<\/a><span class=\"no-ajaxy to-post-like no-liked empty-heart\" data-post-id=\"17487\" title=\"Like\"><span class=\"to-heart-icon\"><svg xmlns=\"http:\/\/www.w3.org\/2000\/svg\" version=\"1.1\" viewBox=\"0 0 64 64\"><g transform=\"translate(0, 0)\"><path stroke-width=\"6\" stroke-linecap=\"square\" stroke-miterlimit=\"10\" d=\"M1,21c0,20,31,38,31,38s31-18,31-38 c0-8.285-6-16-15-16c-8.285,0-16,5.715-16,14c0-8.285-7.715-14-16-14C7,5,1,12.715,1,21z\"><\/path><\/g><\/svg><\/span><span class=\"to-like-count\">0<\/span><\/span><\/div><\/div><\/div><\/article><!-- The Grid item #93 --><article class=\"tg-item tg-post-17479 kampala f252 f127 f246 f248 f150 f137\" data-row=\"1\" data-col=\"1\"><div class=\"tg-item-inner\"><div class=\"tg-item-media-holder tg-light\"><div class=\"tg-item-media-inner\"><img decoding=\"async\" class=\"tg-item-image\" alt=\"\" width=\"2048\" height=\"1536\" src=\"https:\/\/fonds-risq.qc.ca\/wp-content\/uploads\/2024\/05\/Photo-Estrie-aide.jpg\"><\/div><div class=\"tg-center-holder\"><div class=\"tg-center-inner\"><div class=\"tg-item-overlay\"><\/div><a class=\"tg-link-button\" href=\"https:\/\/fonds-risq.qc.ca\/en\/entreprise\/estrie-aide\/\" target=\"_self\"><i class=\"tg-icon-link\"><\/i><\/a><\/div><\/div><div class=\"tg-item-decoration\"><div class=\"triangle-down-right\" style=\"border-color:#fdd304\"><\/div><\/div><div class=\"tg-item-share-holder\"><div class=\"triangle-up-left\" style=\"border-color:rgba(22,22,22,0.65)\"><\/div><i class=\"tg-icon-reply\" style=\"color:#ffffff\"><\/i><div class=\"tg-share-icons\"><a class=\"tg-social-share tg-facebook\" href=\"https:\/\/www.facebook.com\/sharer.php?u=https%3A%2F%2Ffonds-risq.qc.ca%2Fen%2Fentreprise%2Festrie-aide%2F&#038;t=Estrie-Aide\"><i class=\"tg-icon-facebook\"><\/i><\/a><a class=\"tg-social-share tg-twitter\" href=\"https:\/\/twitter.com\/share?url=https%3A%2F%2Ffonds-risq.qc.ca%2Fen%2Fentreprise%2Festrie-aide%2F&#038;text=Estrie-Aide\"><i class=\"tg-icon-twitter\"><\/i><\/a><a class=\"tg-social-share tg-google-plus\" href=\"https:\/\/plus.google.com\/share?url=https%3A%2F%2Ffonds-risq.qc.ca%2Fen%2Fentreprise%2Festrie-aide%2F\"><i class=\"tg-icon-google-plus\"><\/i><\/a><a class=\"tg-social-share tg-pinterest\" href=\"https:\/\/pinterest.com\/pin\/create\/button\/?url=https%3A%2F%2Ffonds-risq.qc.ca%2Fen%2Fentreprise%2Festrie-aide%2F&#038;description=Estrie-Aide&#038;media=https%3A%2F%2Ffonds-risq.qc.ca%2Fwp-content%2Fuploads%2F2024%2F05%2FPhoto-Estrie-aide.jpg\"><i class=\"tg-icon-pinterest\"><\/i><\/a><\/div><\/div><\/div><div class=\"tg-item-content-holder tg-light image-format\" style=\"background-color:#fdd304\"><span class=\"tg-item-date\">9 May 2024<\/span><h2 class=\"tg-item-title\"><a href=\"https:\/\/fonds-risq.qc.ca\/en\/entreprise\/estrie-aide\/\" target=\"_self\">Estrie-Aide<\/a><\/h2><span class=\"tg-cats-holder\"><a class=\"filtres_des_entreprises\" href=\"https:\/\/fonds-risq.qc.ca\/en\/filtres_des_entreprises\/2023-en\/\" rel=\"category\" data-term-id=\"252\"><span class=\"tg-item-term\" >2023<\/span><\/a><span>, <\/span><a class=\"filtres_des_entreprises\" href=\"https:\/\/fonds-risq.qc.ca\/en\/filtres_des_entreprises\/estrie-en\/\" rel=\"category\" data-term-id=\"127\"><span class=\"tg-item-term\" >Estrie<\/span><\/a><span>, <\/span><a class=\"filtres_des_entreprises\" href=\"https:\/\/fonds-risq.qc.ca\/en\/filtres_des_entreprises\/fonds-de-transition-en\/\" rel=\"category\" data-term-id=\"246\"><span class=\"tg-item-term\" >Fonds de Transition<\/span><\/a><span>, <\/span><a class=\"filtres_des_entreprises\" href=\"https:\/\/fonds-risq.qc.ca\/en\/filtres_des_entreprises\/fonds-transition-en\/\" rel=\"category\" data-term-id=\"248\"><span class=\"tg-item-term\" >Fonds Transition<\/span><\/a><span>, <\/span><a class=\"filtres_des_entreprises\" href=\"https:\/\/fonds-risq.qc.ca\/en\/filtres_des_entreprises\/npo\/\" rel=\"category\" data-term-id=\"150\"><span class=\"tg-item-term\" >NPO<\/span><\/a><span>, <\/span><a class=\"filtres_des_entreprises\" href=\"https:\/\/fonds-risq.qc.ca\/en\/filtres_des_entreprises\/retail-business\/\" rel=\"category\" data-term-id=\"137\"><span class=\"tg-item-term\" >Retail business<\/span><\/a><\/span><div class=\"tg-item-footer\"><a class=\"tg-item-comment\" href=\"https:\/\/fonds-risq.qc.ca\/en\/entreprise\/estrie-aide\/\"  target=\"_self\">No comment<\/a><span class=\"no-ajaxy to-post-like no-liked empty-heart\" data-post-id=\"17479\" title=\"Like\"><span class=\"to-heart-icon\"><svg xmlns=\"http:\/\/www.w3.org\/2000\/svg\" version=\"1.1\" viewBox=\"0 0 64 64\"><g transform=\"translate(0, 0)\"><path stroke-width=\"6\" stroke-linecap=\"square\" stroke-miterlimit=\"10\" d=\"M1,21c0,20,31,38,31,38s31-18,31-38 c0-8.285-6-16-15-16c-8.285,0-16,5.715-16,14c0-8.285-7.715-14-16-14C7,5,1,12.715,1,21z\"><\/path><\/g><\/svg><\/span><span class=\"to-like-count\">0<\/span><\/span><\/div><\/div><\/div><\/article><!-- The Grid item #94 --><article class=\"tg-item tg-post-17468 kampala f252 f151 f246 f248 f137 f155\" data-row=\"1\" data-col=\"1\"><div class=\"tg-item-inner\"><div class=\"tg-item-media-holder tg-light\"><div class=\"tg-item-media-inner\"><img decoding=\"async\" class=\"tg-item-image\" alt=\"\" width=\"2048\" height=\"1536\" src=\"https:\/\/fonds-risq.qc.ca\/wp-content\/uploads\/2024\/05\/Lac-Keno.jpg\"><\/div><div class=\"tg-center-holder\"><div class=\"tg-center-inner\"><div class=\"tg-item-overlay\"><\/div><a class=\"tg-link-button\" href=\"https:\/\/fonds-risq.qc.ca\/en\/entreprise\/coop-lac-keno\/\" target=\"_self\"><i class=\"tg-icon-link\"><\/i><\/a><\/div><\/div><div class=\"tg-item-decoration\"><div class=\"triangle-down-right\" style=\"border-color:#fdd304\"><\/div><\/div><div class=\"tg-item-share-holder\"><div class=\"triangle-up-left\" style=\"border-color:rgba(22,22,22,0.65)\"><\/div><i class=\"tg-icon-reply\" style=\"color:#ffffff\"><\/i><div class=\"tg-share-icons\"><a class=\"tg-social-share tg-facebook\" href=\"https:\/\/www.facebook.com\/sharer.php?u=https%3A%2F%2Ffonds-risq.qc.ca%2Fen%2Fentreprise%2Fcoop-lac-keno%2F&#038;t=Coop%20Lac%20Keno\"><i class=\"tg-icon-facebook\"><\/i><\/a><a class=\"tg-social-share tg-twitter\" href=\"https:\/\/twitter.com\/share?url=https%3A%2F%2Ffonds-risq.qc.ca%2Fen%2Fentreprise%2Fcoop-lac-keno%2F&#038;text=Coop%20Lac%20Keno\"><i class=\"tg-icon-twitter\"><\/i><\/a><a class=\"tg-social-share tg-google-plus\" href=\"https:\/\/plus.google.com\/share?url=https%3A%2F%2Ffonds-risq.qc.ca%2Fen%2Fentreprise%2Fcoop-lac-keno%2F\"><i class=\"tg-icon-google-plus\"><\/i><\/a><a class=\"tg-social-share tg-pinterest\" href=\"https:\/\/pinterest.com\/pin\/create\/button\/?url=https%3A%2F%2Ffonds-risq.qc.ca%2Fen%2Fentreprise%2Fcoop-lac-keno%2F&#038;description=Coop%20Lac%20Keno&#038;media=https%3A%2F%2Ffonds-risq.qc.ca%2Fwp-content%2Fuploads%2F2024%2F05%2FLac-Keno.jpg\"><i class=\"tg-icon-pinterest\"><\/i><\/a><\/div><\/div><\/div><div class=\"tg-item-content-holder tg-light image-format\" style=\"background-color:#fdd304\"><span class=\"tg-item-date\">9 May 2024<\/span><h2 class=\"tg-item-title\"><a href=\"https:\/\/fonds-risq.qc.ca\/en\/entreprise\/coop-lac-keno\/\" target=\"_self\">Coop Lac Keno<\/a><\/h2><span class=\"tg-cats-holder\"><a class=\"filtres_des_entreprises\" href=\"https:\/\/fonds-risq.qc.ca\/en\/filtres_des_entreprises\/2023-en\/\" rel=\"category\" data-term-id=\"252\"><span class=\"tg-item-term\" >2023<\/span><\/a><span>, <\/span><a class=\"filtres_des_entreprises\" href=\"https:\/\/fonds-risq.qc.ca\/en\/filtres_des_entreprises\/coop-en\/\" rel=\"category\" data-term-id=\"151\"><span class=\"tg-item-term\" >COOP<\/span><\/a><span>, <\/span><a class=\"filtres_des_entreprises\" href=\"https:\/\/fonds-risq.qc.ca\/en\/filtres_des_entreprises\/fonds-de-transition-en\/\" rel=\"category\" data-term-id=\"246\"><span class=\"tg-item-term\" >Fonds de Transition<\/span><\/a><span>, <\/span><a class=\"filtres_des_entreprises\" href=\"https:\/\/fonds-risq.qc.ca\/en\/filtres_des_entreprises\/fonds-transition-en\/\" rel=\"category\" data-term-id=\"248\"><span class=\"tg-item-term\" >Fonds Transition<\/span><\/a><span>, <\/span><a class=\"filtres_des_entreprises\" href=\"https:\/\/fonds-risq.qc.ca\/en\/filtres_des_entreprises\/retail-business\/\" rel=\"category\" data-term-id=\"137\"><span class=\"tg-item-term\" >Retail business<\/span><\/a><span>, <\/span><a class=\"filtres_des_entreprises\" href=\"https:\/\/fonds-risq.qc.ca\/en\/filtres_des_entreprises\/saguenay-lac-saint-jean-en\/\" rel=\"category\" data-term-id=\"155\"><span class=\"tg-item-term\" >Saguenay-Lac-Saint-Jean<\/span><\/a><\/span><div class=\"tg-item-footer\"><a class=\"tg-item-comment\" href=\"https:\/\/fonds-risq.qc.ca\/en\/entreprise\/coop-lac-keno\/\"  target=\"_self\">No comment<\/a><span class=\"no-ajaxy to-post-like no-liked empty-heart\" data-post-id=\"17468\" title=\"Like\"><span class=\"to-heart-icon\"><svg xmlns=\"http:\/\/www.w3.org\/2000\/svg\" version=\"1.1\" viewBox=\"0 0 64 64\"><g transform=\"translate(0, 0)\"><path stroke-width=\"6\" stroke-linecap=\"square\" stroke-miterlimit=\"10\" d=\"M1,21c0,20,31,38,31,38s31-18,31-38 c0-8.285-6-16-15-16c-8.285,0-16,5.715-16,14c0-8.285-7.715-14-16-14C7,5,1,12.715,1,21z\"><\/path><\/g><\/svg><\/span><span class=\"to-like-count\">0<\/span><\/span><\/div><\/div><\/div><\/article><!-- The Grid item #95 --><article class=\"tg-item tg-post-17458 kampala f252 f261 f130 f148 f151 f259 f247 f208 f135\" data-row=\"1\" data-col=\"1\"><div class=\"tg-item-inner\"><div class=\"tg-item-media-holder tg-light\"><div class=\"tg-item-media-inner\"><img decoding=\"async\" class=\"tg-item-image\" alt=\"\" width=\"2048\" height=\"1365\" src=\"https:\/\/fonds-risq.qc.ca\/wp-content\/uploads\/2024\/05\/Photo-Baseline.jpg\"><\/div><div class=\"tg-center-holder\"><div class=\"tg-center-inner\"><div class=\"tg-item-overlay\"><\/div><a class=\"tg-link-button\" href=\"https:\/\/fonds-risq.qc.ca\/en\/entreprise\/baseline-en-intelligence-artificielle\/\" target=\"_self\"><i class=\"tg-icon-link\"><\/i><\/a><\/div><\/div><div class=\"tg-item-decoration\"><div class=\"triangle-down-right\" style=\"border-color:#0097c8\"><\/div><\/div><div class=\"tg-item-share-holder\"><div class=\"triangle-up-left\" style=\"border-color:rgba(22,22,22,0.65)\"><\/div><i class=\"tg-icon-reply\" style=\"color:#ffffff\"><\/i><div class=\"tg-share-icons\"><a class=\"tg-social-share tg-facebook\" href=\"https:\/\/www.facebook.com\/sharer.php?u=https%3A%2F%2Ffonds-risq.qc.ca%2Fen%2Fentreprise%2Fbaseline-en-intelligence-artificielle%2F&#038;t=Baseline%20en%20intelligence%20artificielle\"><i class=\"tg-icon-facebook\"><\/i><\/a><a class=\"tg-social-share tg-twitter\" href=\"https:\/\/twitter.com\/share?url=https%3A%2F%2Ffonds-risq.qc.ca%2Fen%2Fentreprise%2Fbaseline-en-intelligence-artificielle%2F&#038;text=Baseline%20en%20intelligence%20artificielle\"><i class=\"tg-icon-twitter\"><\/i><\/a><a class=\"tg-social-share tg-google-plus\" href=\"https:\/\/plus.google.com\/share?url=https%3A%2F%2Ffonds-risq.qc.ca%2Fen%2Fentreprise%2Fbaseline-en-intelligence-artificielle%2F\"><i class=\"tg-icon-google-plus\"><\/i><\/a><a class=\"tg-social-share tg-pinterest\" href=\"https:\/\/pinterest.com\/pin\/create\/button\/?url=https%3A%2F%2Ffonds-risq.qc.ca%2Fen%2Fentreprise%2Fbaseline-en-intelligence-artificielle%2F&#038;description=Baseline%20en%20intelligence%20artificielle&#038;media=https%3A%2F%2Ffonds-risq.qc.ca%2Fwp-content%2Fuploads%2F2024%2F05%2FPhoto-Baseline.jpg\"><i class=\"tg-icon-pinterest\"><\/i><\/a><\/div><\/div><\/div><div class=\"tg-item-content-holder tg-light image-format\" style=\"background-color:#0097c8\"><span class=\"tg-item-date\">9 May 2024<\/span><h2 class=\"tg-item-title\"><a href=\"https:\/\/fonds-risq.qc.ca\/en\/entreprise\/baseline-en-intelligence-artificielle\/\" target=\"_self\">Baseline en intelligence artificielle<\/a><\/h2><span class=\"tg-cats-holder\"><a class=\"filtres_des_entreprises\" href=\"https:\/\/fonds-risq.qc.ca\/en\/filtres_des_entreprises\/2023-en\/\" rel=\"category\" data-term-id=\"252\"><span class=\"tg-item-term\" >2023<\/span><\/a><span>, <\/span><a class=\"filtres_des_entreprises\" href=\"https:\/\/fonds-risq.qc.ca\/en\/filtres_des_entreprises\/2024-en\/\" rel=\"category\" data-term-id=\"261\"><span class=\"tg-item-term\" >2024<\/span><\/a><span>, <\/span><a class=\"filtres_des_entreprises\" href=\"https:\/\/fonds-risq.qc.ca\/en\/filtres_des_entreprises\/capitale-nationale-en\/\" rel=\"category\" data-term-id=\"130\"><span class=\"tg-item-term\" >Capitale-Nationale<\/span><\/a><span>, <\/span><a class=\"filtres_des_entreprises\" href=\"https:\/\/fonds-risq.qc.ca\/en\/filtres_des_entreprises\/capitalization-loan\/\" rel=\"category\" data-term-id=\"148\"><span class=\"tg-item-term\" >Capitalization loan<\/span><\/a><span>, <\/span><a class=\"filtres_des_entreprises\" href=\"https:\/\/fonds-risq.qc.ca\/en\/filtres_des_entreprises\/coop-en\/\" rel=\"category\" data-term-id=\"151\"><span class=\"tg-item-term\" >COOP<\/span><\/a><span>, <\/span><a class=\"filtres_des_entreprises\" href=\"https:\/\/fonds-risq.qc.ca\/en\/filtres_des_entreprises\/fices-2-en\/\" rel=\"category\" data-term-id=\"259\"><span class=\"tg-item-term\" >FIC\u00c9S<\/span><\/a><span>, <\/span><a class=\"filtres_des_entreprises\" href=\"https:\/\/fonds-risq.qc.ca\/en\/filtres_des_entreprises\/fices-en\/\" rel=\"category\" data-term-id=\"247\"><span class=\"tg-item-term\" >FIC\u00c9S<\/span><\/a><span>, <\/span><a class=\"filtres_des_entreprises\" href=\"https:\/\/fonds-risq.qc.ca\/en\/filtres_des_entreprises\/numeriques-en\/\" rel=\"category\" data-term-id=\"208\"><span class=\"tg-item-term\" >Num\u00e9riques<\/span><\/a><span>, <\/span><a class=\"filtres_des_entreprises\" href=\"https:\/\/fonds-risq.qc.ca\/en\/filtres_des_entreprises\/services-en\/\" rel=\"category\" data-term-id=\"135\"><span class=\"tg-item-term\" >Services<\/span><\/a><\/span><div class=\"tg-item-footer\"><a class=\"tg-item-comment\" href=\"https:\/\/fonds-risq.qc.ca\/en\/entreprise\/baseline-en-intelligence-artificielle\/\"  target=\"_self\">No comment<\/a><span class=\"no-ajaxy to-post-like no-liked empty-heart\" data-post-id=\"17458\" title=\"Like\"><span class=\"to-heart-icon\"><svg xmlns=\"http:\/\/www.w3.org\/2000\/svg\" version=\"1.1\" viewBox=\"0 0 64 64\"><g transform=\"translate(0, 0)\"><path stroke-width=\"6\" stroke-linecap=\"square\" stroke-miterlimit=\"10\" d=\"M1,21c0,20,31,38,31,38s31-18,31-38 c0-8.285-6-16-15-16c-8.285,0-16,5.715-16,14c0-8.285-7.715-14-16-14C7,5,1,12.715,1,21z\"><\/path><\/g><\/svg><\/span><span class=\"to-like-count\">0<\/span><\/span><\/div><\/div><\/div><\/article><!-- The Grid item #96 --><article class=\"tg-item tg-post-17444 kampala f252 f197 f152 f246 f248 f150\" data-row=\"1\" data-col=\"1\"><div class=\"tg-item-inner\"><div class=\"tg-item-media-holder tg-light\"><div class=\"tg-item-media-inner\"><img decoding=\"async\" class=\"tg-item-image\" alt=\"\" width=\"1284\" height=\"1365\" src=\"https:\/\/fonds-risq.qc.ca\/wp-content\/uploads\/2024\/05\/Photo-club-parentaide-aventuria.jpg\"><\/div><div class=\"tg-center-holder\"><div class=\"tg-center-inner\"><div class=\"tg-item-overlay\"><\/div><a class=\"tg-link-button\" href=\"https:\/\/fonds-risq.qc.ca\/en\/entreprise\/club-parentaide-beauce-centre\/\" target=\"_self\"><i class=\"tg-icon-link\"><\/i><\/a><\/div><\/div><div class=\"tg-item-decoration\"><div class=\"triangle-down-right\" style=\"border-color:#fdd304\"><\/div><\/div><div class=\"tg-item-share-holder\"><div class=\"triangle-up-left\" style=\"border-color:rgba(22,22,22,0.65)\"><\/div><i class=\"tg-icon-reply\" style=\"color:#ffffff\"><\/i><div class=\"tg-share-icons\"><a class=\"tg-social-share tg-facebook\" href=\"https:\/\/www.facebook.com\/sharer.php?u=https%3A%2F%2Ffonds-risq.qc.ca%2Fen%2Fentreprise%2Fclub-parentaide-beauce-centre%2F&#038;t=Club%20Parentaide%20Beauce-Centre\"><i class=\"tg-icon-facebook\"><\/i><\/a><a class=\"tg-social-share tg-twitter\" href=\"https:\/\/twitter.com\/share?url=https%3A%2F%2Ffonds-risq.qc.ca%2Fen%2Fentreprise%2Fclub-parentaide-beauce-centre%2F&#038;text=Club%20Parentaide%20Beauce-Centre\"><i class=\"tg-icon-twitter\"><\/i><\/a><a class=\"tg-social-share tg-google-plus\" href=\"https:\/\/plus.google.com\/share?url=https%3A%2F%2Ffonds-risq.qc.ca%2Fen%2Fentreprise%2Fclub-parentaide-beauce-centre%2F\"><i class=\"tg-icon-google-plus\"><\/i><\/a><a class=\"tg-social-share tg-pinterest\" href=\"https:\/\/pinterest.com\/pin\/create\/button\/?url=https%3A%2F%2Ffonds-risq.qc.ca%2Fen%2Fentreprise%2Fclub-parentaide-beauce-centre%2F&#038;description=Club%20Parentaide%20Beauce-Centre&#038;media=https%3A%2F%2Ffonds-risq.qc.ca%2Fwp-content%2Fuploads%2F2024%2F05%2FPhoto-club-parentaide-aventuria.jpg\"><i class=\"tg-icon-pinterest\"><\/i><\/a><\/div><\/div><\/div><div class=\"tg-item-content-holder tg-light image-format\" style=\"background-color:#fdd304\"><span class=\"tg-item-date\">9 May 2024<\/span><h2 class=\"tg-item-title\"><a href=\"https:\/\/fonds-risq.qc.ca\/en\/entreprise\/club-parentaide-beauce-centre\/\" target=\"_self\">Club Parentaide Beauce-Centre<\/a><\/h2><span class=\"tg-cats-holder\"><a class=\"filtres_des_entreprises\" href=\"https:\/\/fonds-risq.qc.ca\/en\/filtres_des_entreprises\/2023-en\/\" rel=\"category\" data-term-id=\"252\"><span class=\"tg-item-term\" >2023<\/span><\/a><span>, <\/span><a class=\"filtres_des_entreprises\" href=\"https:\/\/fonds-risq.qc.ca\/en\/filtres_des_entreprises\/assistance-sociale-en\/\" rel=\"category\" data-term-id=\"197\"><span class=\"tg-item-term\" >Assistance sociale<\/span><\/a><span>, <\/span><a class=\"filtres_des_entreprises\" href=\"https:\/\/fonds-risq.qc.ca\/en\/filtres_des_entreprises\/chaudiere-appalaches-en\/\" rel=\"category\" data-term-id=\"152\"><span class=\"tg-item-term\" >Chaudi\u00e8re-Appalaches<\/span><\/a><span>, <\/span><a class=\"filtres_des_entreprises\" href=\"https:\/\/fonds-risq.qc.ca\/en\/filtres_des_entreprises\/fonds-de-transition-en\/\" rel=\"category\" data-term-id=\"246\"><span class=\"tg-item-term\" >Fonds de Transition<\/span><\/a><span>, <\/span><a class=\"filtres_des_entreprises\" href=\"https:\/\/fonds-risq.qc.ca\/en\/filtres_des_entreprises\/fonds-transition-en\/\" rel=\"category\" data-term-id=\"248\"><span class=\"tg-item-term\" >Fonds Transition<\/span><\/a><span>, <\/span><a class=\"filtres_des_entreprises\" href=\"https:\/\/fonds-risq.qc.ca\/en\/filtres_des_entreprises\/npo\/\" rel=\"category\" data-term-id=\"150\"><span class=\"tg-item-term\" >NPO<\/span><\/a><\/span><div class=\"tg-item-footer\"><a class=\"tg-item-comment\" href=\"https:\/\/fonds-risq.qc.ca\/en\/entreprise\/club-parentaide-beauce-centre\/\"  target=\"_self\">No comment<\/a><span class=\"no-ajaxy to-post-like no-liked empty-heart\" data-post-id=\"17444\" title=\"Like\"><span class=\"to-heart-icon\"><svg xmlns=\"http:\/\/www.w3.org\/2000\/svg\" version=\"1.1\" viewBox=\"0 0 64 64\"><g transform=\"translate(0, 0)\"><path stroke-width=\"6\" stroke-linecap=\"square\" stroke-miterlimit=\"10\" d=\"M1,21c0,20,31,38,31,38s31-18,31-38 c0-8.285-6-16-15-16c-8.285,0-16,5.715-16,14c0-8.285-7.715-14-16-14C7,5,1,12.715,1,21z\"><\/path><\/g><\/svg><\/span><span class=\"to-like-count\">0<\/span><\/span><\/div><\/div><\/div><\/article><!-- The Grid item #97 --><article class=\"tg-item tg-post-17434 kampala f252 f131 f246 f150 f175\" data-row=\"1\" data-col=\"1\"><div class=\"tg-item-inner\"><div class=\"tg-item-media-holder tg-light\"><div class=\"tg-item-media-inner\"><img decoding=\"async\" class=\"tg-item-image\" alt=\"\" width=\"2048\" height=\"2048\" src=\"https:\/\/fonds-risq.qc.ca\/wp-content\/uploads\/2024\/05\/camping-pohenegamook.jpg\"><\/div><div class=\"tg-center-holder\"><div class=\"tg-center-inner\"><div class=\"tg-item-overlay\"><\/div><a class=\"tg-link-button\" href=\"https:\/\/fonds-risq.qc.ca\/en\/entreprise\/centre-touristique-tete-du-lac-pohenegamook\/\" target=\"_self\"><i class=\"tg-icon-link\"><\/i><\/a><\/div><\/div><div class=\"tg-item-decoration\"><div class=\"triangle-down-right\" style=\"border-color:#fdd304\"><\/div><\/div><div class=\"tg-item-share-holder\"><div class=\"triangle-up-left\" style=\"border-color:rgba(22,22,22,0.65)\"><\/div><i class=\"tg-icon-reply\" style=\"color:#ffffff\"><\/i><div class=\"tg-share-icons\"><a class=\"tg-social-share tg-facebook\" href=\"https:\/\/www.facebook.com\/sharer.php?u=https%3A%2F%2Ffonds-risq.qc.ca%2Fen%2Fentreprise%2Fcentre-touristique-tete-du-lac-pohenegamook%2F&#038;t=Centre%20touristique%20T%C3%AAte-du-Lac%20Poh%C3%A9n%C3%A9gamook\"><i class=\"tg-icon-facebook\"><\/i><\/a><a class=\"tg-social-share tg-twitter\" href=\"https:\/\/twitter.com\/share?url=https%3A%2F%2Ffonds-risq.qc.ca%2Fen%2Fentreprise%2Fcentre-touristique-tete-du-lac-pohenegamook%2F&#038;text=Centre%20touristique%20T%C3%AAte-du-Lac%20Poh%C3%A9n%C3%A9gamook\"><i class=\"tg-icon-twitter\"><\/i><\/a><a class=\"tg-social-share tg-google-plus\" href=\"https:\/\/plus.google.com\/share?url=https%3A%2F%2Ffonds-risq.qc.ca%2Fen%2Fentreprise%2Fcentre-touristique-tete-du-lac-pohenegamook%2F\"><i class=\"tg-icon-google-plus\"><\/i><\/a><a class=\"tg-social-share tg-pinterest\" href=\"https:\/\/pinterest.com\/pin\/create\/button\/?url=https%3A%2F%2Ffonds-risq.qc.ca%2Fen%2Fentreprise%2Fcentre-touristique-tete-du-lac-pohenegamook%2F&#038;description=Centre%20touristique%20T%C3%AAte-du-Lac%20Poh%C3%A9n%C3%A9gamook&#038;media=https%3A%2F%2Ffonds-risq.qc.ca%2Fwp-content%2Fuploads%2F2024%2F05%2Fcamping-pohenegamook.jpg\"><i class=\"tg-icon-pinterest\"><\/i><\/a><\/div><\/div><\/div><div class=\"tg-item-content-holder tg-light image-format\" style=\"background-color:#fdd304\"><span class=\"tg-item-date\">8 May 2024<\/span><h2 class=\"tg-item-title\"><a href=\"https:\/\/fonds-risq.qc.ca\/en\/entreprise\/centre-touristique-tete-du-lac-pohenegamook\/\" target=\"_self\">Centre touristique T\u00eate-du-Lac Poh\u00e9n\u00e9gamook<\/a><\/h2><span class=\"tg-cats-holder\"><a class=\"filtres_des_entreprises\" href=\"https:\/\/fonds-risq.qc.ca\/en\/filtres_des_entreprises\/2023-en\/\" rel=\"category\" data-term-id=\"252\"><span class=\"tg-item-term\" >2023<\/span><\/a><span>, <\/span><a class=\"filtres_des_entreprises\" href=\"https:\/\/fonds-risq.qc.ca\/en\/filtres_des_entreprises\/bas-saint-laurent-en\/\" rel=\"category\" data-term-id=\"131\"><span class=\"tg-item-term\" >Bas-Saint-Laurent<\/span><\/a><span>, <\/span><a class=\"filtres_des_entreprises\" href=\"https:\/\/fonds-risq.qc.ca\/en\/filtres_des_entreprises\/fonds-de-transition-en\/\" rel=\"category\" data-term-id=\"246\"><span class=\"tg-item-term\" >Fonds de Transition<\/span><\/a><span>, <\/span><a class=\"filtres_des_entreprises\" href=\"https:\/\/fonds-risq.qc.ca\/en\/filtres_des_entreprises\/npo\/\" rel=\"category\" data-term-id=\"150\"><span class=\"tg-item-term\" >NPO<\/span><\/a><span>, <\/span><a class=\"filtres_des_entreprises\" href=\"https:\/\/fonds-risq.qc.ca\/en\/filtres_des_entreprises\/tourism\/\" rel=\"category\" data-term-id=\"175\"><span class=\"tg-item-term\" >Tourism<\/span><\/a><\/span><div class=\"tg-item-footer\"><a class=\"tg-item-comment\" href=\"https:\/\/fonds-risq.qc.ca\/en\/entreprise\/centre-touristique-tete-du-lac-pohenegamook\/\"  target=\"_self\">No comment<\/a><span class=\"no-ajaxy to-post-like no-liked empty-heart\" data-post-id=\"17434\" title=\"Like\"><span class=\"to-heart-icon\"><svg xmlns=\"http:\/\/www.w3.org\/2000\/svg\" version=\"1.1\" viewBox=\"0 0 64 64\"><g transform=\"translate(0, 0)\"><path stroke-width=\"6\" stroke-linecap=\"square\" stroke-miterlimit=\"10\" d=\"M1,21c0,20,31,38,31,38s31-18,31-38 c0-8.285-6-16-15-16c-8.285,0-16,5.715-16,14c0-8.285-7.715-14-16-14C7,5,1,12.715,1,21z\"><\/path><\/g><\/svg><\/span><span class=\"to-like-count\">0<\/span><\/span><\/div><\/div><\/div><\/article><!-- The Grid item #98 --><article class=\"tg-item tg-post-17420 kampala f252 f152 f150 f142 f146\" data-row=\"1\" data-col=\"1\"><div class=\"tg-item-inner\"><div class=\"tg-item-media-holder tg-light\"><div class=\"tg-item-media-inner\"><img decoding=\"async\" class=\"tg-item-image\" alt=\"\" width=\"1536\" height=\"2048\" src=\"https:\/\/fonds-risq.qc.ca\/wp-content\/uploads\/2024\/05\/received_223136793457879-1.jpeg\"><\/div><div class=\"tg-center-holder\"><div class=\"tg-center-inner\"><div class=\"tg-item-overlay\"><\/div><a class=\"tg-link-button\" href=\"https:\/\/fonds-risq.qc.ca\/en\/entreprise\/aph-levis\/\" target=\"_self\"><i class=\"tg-icon-link\"><\/i><\/a><\/div><\/div><div class=\"tg-item-decoration\"><div class=\"triangle-down-right\" style=\"border-color:#b7c634\"><\/div><\/div><div class=\"tg-item-share-holder\"><div class=\"triangle-up-left\" style=\"border-color:rgba(22,22,22,0.65)\"><\/div><i class=\"tg-icon-reply\" style=\"color:#ffffff\"><\/i><div class=\"tg-share-icons\"><a class=\"tg-social-share tg-facebook\" href=\"https:\/\/www.facebook.com\/sharer.php?u=https%3A%2F%2Ffonds-risq.qc.ca%2Fen%2Fentreprise%2Faph-levis%2F&#038;t=APH%20L%C3%A9vis\"><i class=\"tg-icon-facebook\"><\/i><\/a><a class=\"tg-social-share tg-twitter\" href=\"https:\/\/twitter.com\/share?url=https%3A%2F%2Ffonds-risq.qc.ca%2Fen%2Fentreprise%2Faph-levis%2F&#038;text=APH%20L%C3%A9vis\"><i class=\"tg-icon-twitter\"><\/i><\/a><a class=\"tg-social-share tg-google-plus\" href=\"https:\/\/plus.google.com\/share?url=https%3A%2F%2Ffonds-risq.qc.ca%2Fen%2Fentreprise%2Faph-levis%2F\"><i class=\"tg-icon-google-plus\"><\/i><\/a><a class=\"tg-social-share tg-pinterest\" href=\"https:\/\/pinterest.com\/pin\/create\/button\/?url=https%3A%2F%2Ffonds-risq.qc.ca%2Fen%2Fentreprise%2Faph-levis%2F&#038;description=APH%20L%C3%A9vis&#038;media=https%3A%2F%2Ffonds-risq.qc.ca%2Fwp-content%2Fuploads%2F2024%2F05%2Freceived_223136793457879-1.jpeg\"><i class=\"tg-icon-pinterest\"><\/i><\/a><\/div><\/div><\/div><div class=\"tg-item-content-holder tg-light image-format\" style=\"background-color:#b7c634\"><span class=\"tg-item-date\">8 May 2024<\/span><h2 class=\"tg-item-title\"><a href=\"https:\/\/fonds-risq.qc.ca\/en\/entreprise\/aph-levis\/\" target=\"_self\">APH L\u00e9vis<\/a><\/h2><span class=\"tg-cats-holder\"><a class=\"filtres_des_entreprises\" href=\"https:\/\/fonds-risq.qc.ca\/en\/filtres_des_entreprises\/2023-en\/\" rel=\"category\" data-term-id=\"252\"><span class=\"tg-item-term\" >2023<\/span><\/a><span>, <\/span><a class=\"filtres_des_entreprises\" href=\"https:\/\/fonds-risq.qc.ca\/en\/filtres_des_entreprises\/chaudiere-appalaches-en\/\" rel=\"category\" data-term-id=\"152\"><span class=\"tg-item-term\" >Chaudi\u00e8re-Appalaches<\/span><\/a><span>, <\/span><a class=\"filtres_des_entreprises\" href=\"https:\/\/fonds-risq.qc.ca\/en\/filtres_des_entreprises\/npo\/\" rel=\"category\" data-term-id=\"150\"><span class=\"tg-item-term\" >NPO<\/span><\/a><span>, <\/span><a class=\"filtres_des_entreprises\" href=\"https:\/\/fonds-risq.qc.ca\/en\/filtres_des_entreprises\/services-to-people\/\" rel=\"category\" data-term-id=\"142\"><span class=\"tg-item-term\" >Services to people<\/span><\/a><span>, <\/span><a class=\"filtres_des_entreprises\" href=\"https:\/\/fonds-risq.qc.ca\/en\/filtres_des_entreprises\/pret-pour-aide-technique-en\/\" rel=\"category\" data-term-id=\"146\"><span class=\"tg-item-term\" >Technical assistance loan<\/span><\/a><\/span><div class=\"tg-item-footer\"><a class=\"tg-item-comment\" href=\"https:\/\/fonds-risq.qc.ca\/en\/entreprise\/aph-levis\/\"  target=\"_self\">No comment<\/a><span class=\"no-ajaxy to-post-like no-liked empty-heart\" data-post-id=\"17420\" title=\"Like\"><span class=\"to-heart-icon\"><svg xmlns=\"http:\/\/www.w3.org\/2000\/svg\" version=\"1.1\" viewBox=\"0 0 64 64\"><g transform=\"translate(0, 0)\"><path stroke-width=\"6\" stroke-linecap=\"square\" stroke-miterlimit=\"10\" d=\"M1,21c0,20,31,38,31,38s31-18,31-38 c0-8.285-6-16-15-16c-8.285,0-16,5.715-16,14c0-8.285-7.715-14-16-14C7,5,1,12.715,1,21z\"><\/path><\/g><\/svg><\/span><span class=\"to-like-count\">0<\/span><\/span><\/div><\/div><\/div><\/article><!-- The Grid item #99 --><article class=\"tg-item tg-post-17298 kampala f252 f148 f129 f150 f206\" data-row=\"1\" data-col=\"1\"><div class=\"tg-item-inner\"><div class=\"tg-item-media-holder tg-light\"><div class=\"tg-item-media-inner\"><img decoding=\"async\" class=\"tg-item-image\" alt=\"\" width=\"2048\" height=\"1152\" src=\"https:\/\/fonds-risq.qc.ca\/wp-content\/uploads\/2024\/04\/Mekinac.jpg\"><\/div><div class=\"tg-center-holder\"><div class=\"tg-center-inner\"><div class=\"tg-item-overlay\"><\/div><a class=\"tg-link-button\" href=\"https:\/\/fonds-risq.qc.ca\/en\/entreprise\/aide-chez-soi-mekinac\/\" target=\"_self\"><i class=\"tg-icon-link\"><\/i><\/a><\/div><\/div><div class=\"tg-item-decoration\"><div class=\"triangle-down-right\" style=\"border-color:#0097c8\"><\/div><\/div><div class=\"tg-item-share-holder\"><div class=\"triangle-up-left\" style=\"border-color:rgba(22,22,22,0.65)\"><\/div><i class=\"tg-icon-reply\" style=\"color:#ffffff\"><\/i><div class=\"tg-share-icons\"><a class=\"tg-social-share tg-facebook\" href=\"https:\/\/www.facebook.com\/sharer.php?u=https%3A%2F%2Ffonds-risq.qc.ca%2Fen%2Fentreprise%2Faide-chez-soi-mekinac%2F&#038;t=Aide%20chez%20soi%20M%C3%A9kinac\"><i class=\"tg-icon-facebook\"><\/i><\/a><a class=\"tg-social-share tg-twitter\" href=\"https:\/\/twitter.com\/share?url=https%3A%2F%2Ffonds-risq.qc.ca%2Fen%2Fentreprise%2Faide-chez-soi-mekinac%2F&#038;text=Aide%20chez%20soi%20M%C3%A9kinac\"><i class=\"tg-icon-twitter\"><\/i><\/a><a class=\"tg-social-share tg-google-plus\" href=\"https:\/\/plus.google.com\/share?url=https%3A%2F%2Ffonds-risq.qc.ca%2Fen%2Fentreprise%2Faide-chez-soi-mekinac%2F\"><i class=\"tg-icon-google-plus\"><\/i><\/a><a class=\"tg-social-share tg-pinterest\" href=\"https:\/\/pinterest.com\/pin\/create\/button\/?url=https%3A%2F%2Ffonds-risq.qc.ca%2Fen%2Fentreprise%2Faide-chez-soi-mekinac%2F&#038;description=Aide%20chez%20soi%20M%C3%A9kinac&#038;media=https%3A%2F%2Ffonds-risq.qc.ca%2Fwp-content%2Fuploads%2F2024%2F04%2FMekinac.jpg\"><i class=\"tg-icon-pinterest\"><\/i><\/a><\/div><\/div><\/div><div class=\"tg-item-content-holder tg-light image-format\" style=\"background-color:#0097c8\"><span class=\"tg-item-date\">5 April 2024<\/span><h2 class=\"tg-item-title\"><a href=\"https:\/\/fonds-risq.qc.ca\/en\/entreprise\/aide-chez-soi-mekinac\/\" target=\"_self\">Aide chez soi M\u00e9kinac<\/a><\/h2><span class=\"tg-cats-holder\"><a class=\"filtres_des_entreprises\" href=\"https:\/\/fonds-risq.qc.ca\/en\/filtres_des_entreprises\/2023-en\/\" rel=\"category\" data-term-id=\"252\"><span class=\"tg-item-term\" >2023<\/span><\/a><span>, <\/span><a class=\"filtres_des_entreprises\" href=\"https:\/\/fonds-risq.qc.ca\/en\/filtres_des_entreprises\/capitalization-loan\/\" rel=\"category\" data-term-id=\"148\"><span class=\"tg-item-term\" >Capitalization loan<\/span><\/a><span>, <\/span><a class=\"filtres_des_entreprises\" href=\"https:\/\/fonds-risq.qc.ca\/en\/filtres_des_entreprises\/mauricie-en\/\" rel=\"category\" data-term-id=\"129\"><span class=\"tg-item-term\" >Mauricie<\/span><\/a><span>, <\/span><a class=\"filtres_des_entreprises\" href=\"https:\/\/fonds-risq.qc.ca\/en\/filtres_des_entreprises\/npo\/\" rel=\"category\" data-term-id=\"150\"><span class=\"tg-item-term\" >NPO<\/span><\/a><span>, <\/span><a class=\"filtres_des_entreprises\" href=\"https:\/\/fonds-risq.qc.ca\/en\/filtres_des_entreprises\/services-soins-de-sante-en\/\" rel=\"category\" data-term-id=\"206\"><span class=\"tg-item-term\" >Services soins de sant\u00e9<\/span><\/a><\/span><div class=\"tg-item-footer\"><a class=\"tg-item-comment\" href=\"https:\/\/fonds-risq.qc.ca\/en\/entreprise\/aide-chez-soi-mekinac\/\"  target=\"_self\">No comment<\/a><span class=\"no-ajaxy to-post-like no-liked empty-heart\" data-post-id=\"17298\" title=\"Like\"><span class=\"to-heart-icon\"><svg xmlns=\"http:\/\/www.w3.org\/2000\/svg\" version=\"1.1\" viewBox=\"0 0 64 64\"><g transform=\"translate(0, 0)\"><path stroke-width=\"6\" stroke-linecap=\"square\" stroke-miterlimit=\"10\" d=\"M1,21c0,20,31,38,31,38s31-18,31-38 c0-8.285-6-16-15-16c-8.285,0-16,5.715-16,14c0-8.285-7.715-14-16-14C7,5,1,12.715,1,21z\"><\/path><\/g><\/svg><\/span><span class=\"to-like-count\">0<\/span><\/span><\/div><\/div><\/div><\/article><!-- The Grid item #100 --><article class=\"tg-item tg-post-17286 kampala f252 f130 f246 f248 f144 f171 f150\" data-row=\"1\" data-col=\"1\"><div class=\"tg-item-inner\"><div class=\"tg-item-media-holder tg-light\"><div class=\"tg-item-media-inner\"><img decoding=\"async\" class=\"tg-item-image\" alt=\"\" width=\"1080\" height=\"606\" src=\"https:\/\/fonds-risq.qc.ca\/wp-content\/uploads\/2024\/04\/Auberge-jeunesse-Qc.jpg\"><\/div><div class=\"tg-center-holder\"><div class=\"tg-center-inner\"><div class=\"tg-item-overlay\"><\/div><a class=\"tg-link-button\" href=\"https:\/\/fonds-risq.qc.ca\/en\/entreprise\/centre-international-de-sejour-de-quebec\/\" target=\"_self\"><i class=\"tg-icon-link\"><\/i><\/a><\/div><\/div><div class=\"tg-item-decoration\"><div class=\"triangle-down-right\" style=\"border-color:#fdd304\"><\/div><\/div><div class=\"tg-item-share-holder\"><div class=\"triangle-up-left\" style=\"border-color:rgba(22,22,22,0.65)\"><\/div><i class=\"tg-icon-reply\" style=\"color:#ffffff\"><\/i><div class=\"tg-share-icons\"><a class=\"tg-social-share tg-facebook\" href=\"https:\/\/www.facebook.com\/sharer.php?u=https%3A%2F%2Ffonds-risq.qc.ca%2Fen%2Fentreprise%2Fcentre-international-de-sejour-de-quebec%2F&#038;t=Centre%20international%20de%20s%C3%A9jour%20de%20Qu%C3%A9bec\"><i class=\"tg-icon-facebook\"><\/i><\/a><a class=\"tg-social-share tg-twitter\" href=\"https:\/\/twitter.com\/share?url=https%3A%2F%2Ffonds-risq.qc.ca%2Fen%2Fentreprise%2Fcentre-international-de-sejour-de-quebec%2F&#038;text=Centre%20international%20de%20s%C3%A9jour%20de%20Qu%C3%A9bec\"><i class=\"tg-icon-twitter\"><\/i><\/a><a class=\"tg-social-share tg-google-plus\" href=\"https:\/\/plus.google.com\/share?url=https%3A%2F%2Ffonds-risq.qc.ca%2Fen%2Fentreprise%2Fcentre-international-de-sejour-de-quebec%2F\"><i class=\"tg-icon-google-plus\"><\/i><\/a><a class=\"tg-social-share tg-pinterest\" href=\"https:\/\/pinterest.com\/pin\/create\/button\/?url=https%3A%2F%2Ffonds-risq.qc.ca%2Fen%2Fentreprise%2Fcentre-international-de-sejour-de-quebec%2F&#038;description=Centre%20international%20de%20s%C3%A9jour%20de%20Qu%C3%A9bec&#038;media=https%3A%2F%2Ffonds-risq.qc.ca%2Fwp-content%2Fuploads%2F2024%2F04%2FAuberge-jeunesse-Qc.jpg\"><i class=\"tg-icon-pinterest\"><\/i><\/a><\/div><\/div><\/div><div class=\"tg-item-content-holder tg-light image-format\" style=\"background-color:#fdd304\"><span class=\"tg-item-date\">3 April 2024<\/span><h2 class=\"tg-item-title\"><a href=\"https:\/\/fonds-risq.qc.ca\/en\/entreprise\/centre-international-de-sejour-de-quebec\/\" target=\"_self\">Centre international de s\u00e9jour de Qu\u00e9bec<\/a><\/h2><span class=\"tg-cats-holder\"><a class=\"filtres_des_entreprises\" href=\"https:\/\/fonds-risq.qc.ca\/en\/filtres_des_entreprises\/2023-en\/\" rel=\"category\" data-term-id=\"252\"><span class=\"tg-item-term\" >2023<\/span><\/a><span>, <\/span><a class=\"filtres_des_entreprises\" href=\"https:\/\/fonds-risq.qc.ca\/en\/filtres_des_entreprises\/capitale-nationale-en\/\" rel=\"category\" data-term-id=\"130\"><span class=\"tg-item-term\" >Capitale-Nationale<\/span><\/a><span>, <\/span><a class=\"filtres_des_entreprises\" href=\"https:\/\/fonds-risq.qc.ca\/en\/filtres_des_entreprises\/fonds-de-transition-en\/\" rel=\"category\" data-term-id=\"246\"><span class=\"tg-item-term\" >Fonds de Transition<\/span><\/a><span>, <\/span><a class=\"filtres_des_entreprises\" href=\"https:\/\/fonds-risq.qc.ca\/en\/filtres_des_entreprises\/fonds-transition-en\/\" rel=\"category\" data-term-id=\"248\"><span class=\"tg-item-term\" >Fonds Transition<\/span><\/a><span>, <\/span><a class=\"filtres_des_entreprises\" href=\"https:\/\/fonds-risq.qc.ca\/en\/filtres_des_entreprises\/leisure-tourism\/\" rel=\"category\" data-term-id=\"144\"><span class=\"tg-item-term\" >Leisure \/ Tourism<\/span><\/a><span>, <\/span><a class=\"filtres_des_entreprises\" href=\"https:\/\/fonds-risq.qc.ca\/en\/filtres_des_entreprises\/lodging\/\" rel=\"category\" data-term-id=\"171\"><span class=\"tg-item-term\" >Lodging<\/span><\/a><span>, <\/span><a class=\"filtres_des_entreprises\" href=\"https:\/\/fonds-risq.qc.ca\/en\/filtres_des_entreprises\/npo\/\" rel=\"category\" data-term-id=\"150\"><span class=\"tg-item-term\" >NPO<\/span><\/a><\/span><div class=\"tg-item-footer\"><a class=\"tg-item-comment\" href=\"https:\/\/fonds-risq.qc.ca\/en\/entreprise\/centre-international-de-sejour-de-quebec\/\"  target=\"_self\">No comment<\/a><span class=\"no-ajaxy to-post-like no-liked empty-heart\" data-post-id=\"17286\" title=\"Like\"><span class=\"to-heart-icon\"><svg xmlns=\"http:\/\/www.w3.org\/2000\/svg\" version=\"1.1\" viewBox=\"0 0 64 64\"><g transform=\"translate(0, 0)\"><path stroke-width=\"6\" stroke-linecap=\"square\" stroke-miterlimit=\"10\" d=\"M1,21c0,20,31,38,31,38s31-18,31-38 c0-8.285-6-16-15-16c-8.285,0-16,5.715-16,14c0-8.285-7.715-14-16-14C7,5,1,12.715,1,21z\"><\/path><\/g><\/svg><\/span><span class=\"to-like-count\">0<\/span><\/span><\/div><\/div><\/div><\/article><!-- The Grid item #101 --><article class=\"tg-item tg-post-17170 kampala f252 f151 f259 f247 f190 f128\" data-row=\"1\" data-col=\"1\"><div class=\"tg-item-inner\"><div class=\"tg-item-media-holder tg-light\"><div class=\"tg-item-media-inner\"><img decoding=\"async\" class=\"tg-item-image\" alt=\"\" width=\"600\" height=\"337\" src=\"https:\/\/fonds-risq.qc.ca\/wp-content\/uploads\/2022\/12\/Sally_06-12-21.jpg\"><\/div><div class=\"tg-center-holder\"><div class=\"tg-center-inner\"><div class=\"tg-item-overlay\"><\/div><a class=\"tg-link-button\" href=\"https:\/\/fonds-risq.qc.ca\/en\/entreprise\/coop-contes-lucides-2\/\" target=\"_self\"><i class=\"tg-icon-link\"><\/i><\/a><\/div><\/div><div class=\"tg-item-decoration\"><div class=\"triangle-down-right\" style=\"border-color:#00607d\"><\/div><\/div><div class=\"tg-item-share-holder\"><div class=\"triangle-up-left\" style=\"border-color:rgba(22,22,22,0.65)\"><\/div><i class=\"tg-icon-reply\" style=\"color:#ffffff\"><\/i><div class=\"tg-share-icons\"><a class=\"tg-social-share tg-facebook\" href=\"https:\/\/www.facebook.com\/sharer.php?u=https%3A%2F%2Ffonds-risq.qc.ca%2Fen%2Fentreprise%2Fcoop-contes-lucides-2%2F&#038;t=Coop%20Contes%20Lucides\"><i class=\"tg-icon-facebook\"><\/i><\/a><a class=\"tg-social-share tg-twitter\" href=\"https:\/\/twitter.com\/share?url=https%3A%2F%2Ffonds-risq.qc.ca%2Fen%2Fentreprise%2Fcoop-contes-lucides-2%2F&#038;text=Coop%20Contes%20Lucides\"><i class=\"tg-icon-twitter\"><\/i><\/a><a class=\"tg-social-share tg-google-plus\" href=\"https:\/\/plus.google.com\/share?url=https%3A%2F%2Ffonds-risq.qc.ca%2Fen%2Fentreprise%2Fcoop-contes-lucides-2%2F\"><i class=\"tg-icon-google-plus\"><\/i><\/a><a class=\"tg-social-share tg-pinterest\" href=\"https:\/\/pinterest.com\/pin\/create\/button\/?url=https%3A%2F%2Ffonds-risq.qc.ca%2Fen%2Fentreprise%2Fcoop-contes-lucides-2%2F&#038;description=Coop%20Contes%20Lucides&#038;media=https%3A%2F%2Ffonds-risq.qc.ca%2Fwp-content%2Fuploads%2F2022%2F12%2FSally_06-12-21.jpg\"><i class=\"tg-icon-pinterest\"><\/i><\/a><\/div><\/div><\/div><div class=\"tg-item-content-holder tg-light image-format\" style=\"background-color:#00607d\"><span class=\"tg-item-date\">5 February 2024<\/span><h2 class=\"tg-item-title\"><a href=\"https:\/\/fonds-risq.qc.ca\/en\/entreprise\/coop-contes-lucides-2\/\" target=\"_self\">Coop Contes Lucides<\/a><\/h2><span class=\"tg-cats-holder\"><a class=\"filtres_des_entreprises\" href=\"https:\/\/fonds-risq.qc.ca\/en\/filtres_des_entreprises\/2023-en\/\" rel=\"category\" data-term-id=\"252\"><span class=\"tg-item-term\" >2023<\/span><\/a><span>, <\/span><a class=\"filtres_des_entreprises\" href=\"https:\/\/fonds-risq.qc.ca\/en\/filtres_des_entreprises\/coop-en\/\" rel=\"category\" data-term-id=\"151\"><span class=\"tg-item-term\" >COOP<\/span><\/a><span>, <\/span><a class=\"filtres_des_entreprises\" href=\"https:\/\/fonds-risq.qc.ca\/en\/filtres_des_entreprises\/fices-2-en\/\" rel=\"category\" data-term-id=\"259\"><span class=\"tg-item-term\" >FIC\u00c9S<\/span><\/a><span>, <\/span><a class=\"filtres_des_entreprises\" href=\"https:\/\/fonds-risq.qc.ca\/en\/filtres_des_entreprises\/fices-en\/\" rel=\"category\" data-term-id=\"247\"><span class=\"tg-item-term\" >FIC\u00c9S<\/span><\/a><span>, <\/span><a class=\"filtres_des_entreprises\" href=\"https:\/\/fonds-risq.qc.ca\/en\/filtres_des_entreprises\/loisirs-divertissement-en\/\" rel=\"category\" data-term-id=\"190\"><span class=\"tg-item-term\" >Loisirs-Divertissement<\/span><\/a><span>, <\/span><a class=\"filtres_des_entreprises\" href=\"https:\/\/fonds-risq.qc.ca\/en\/filtres_des_entreprises\/montreal-en\/\" rel=\"category\" data-term-id=\"128\"><span class=\"tg-item-term\" >Montr\u00e9al<\/span><\/a><\/span><div class=\"tg-item-footer\"><a class=\"tg-item-comment\" href=\"https:\/\/fonds-risq.qc.ca\/en\/entreprise\/coop-contes-lucides-2\/\"  target=\"_self\">No comment<\/a><span class=\"no-ajaxy to-post-like no-liked empty-heart\" data-post-id=\"17170\" title=\"Like\"><span class=\"to-heart-icon\"><svg xmlns=\"http:\/\/www.w3.org\/2000\/svg\" version=\"1.1\" viewBox=\"0 0 64 64\"><g transform=\"translate(0, 0)\"><path stroke-width=\"6\" stroke-linecap=\"square\" stroke-miterlimit=\"10\" d=\"M1,21c0,20,31,38,31,38s31-18,31-38 c0-8.285-6-16-15-16c-8.285,0-16,5.715-16,14c0-8.285-7.715-14-16-14C7,5,1,12.715,1,21z\"><\/path><\/g><\/svg><\/span><span class=\"to-like-count\">0<\/span><\/span><\/div><\/div><\/div><\/article><!-- The Grid item #102 --><article class=\"tg-item tg-post-17127 kampala f252 f263 f148 f136 f128 f150\" data-row=\"1\" data-col=\"1\"><div class=\"tg-item-inner\"><div class=\"tg-item-media-holder tg-light\"><div class=\"tg-item-media-inner\"><img decoding=\"async\" class=\"tg-item-image\" alt=\"\" width=\"2048\" height=\"1365\" src=\"https:\/\/fonds-risq.qc.ca\/wp-content\/uploads\/2024\/01\/AF-Mtl.jpg\"><\/div><div class=\"tg-center-holder\"><div class=\"tg-center-inner\"><div class=\"tg-item-overlay\"><\/div><a class=\"tg-link-button\" href=\"https:\/\/fonds-risq.qc.ca\/en\/entreprise\/alliance-francaise-de-montreal\/\" target=\"_self\"><i class=\"tg-icon-link\"><\/i><\/a><\/div><\/div><div class=\"tg-item-decoration\"><div class=\"triangle-down-right\" style=\"border-color:#0097c8\"><\/div><\/div><div class=\"tg-item-share-holder\"><div class=\"triangle-up-left\" style=\"border-color:rgba(22,22,22,0.65)\"><\/div><i class=\"tg-icon-reply\" style=\"color:#ffffff\"><\/i><div class=\"tg-share-icons\"><a class=\"tg-social-share tg-facebook\" href=\"https:\/\/www.facebook.com\/sharer.php?u=https%3A%2F%2Ffonds-risq.qc.ca%2Fen%2Fentreprise%2Falliance-francaise-de-montreal%2F&#038;t=Alliance%20Fran%C3%A7aise%20de%20Montr%C3%A9al\"><i class=\"tg-icon-facebook\"><\/i><\/a><a class=\"tg-social-share tg-twitter\" href=\"https:\/\/twitter.com\/share?url=https%3A%2F%2Ffonds-risq.qc.ca%2Fen%2Fentreprise%2Falliance-francaise-de-montreal%2F&#038;text=Alliance%20Fran%C3%A7aise%20de%20Montr%C3%A9al\"><i class=\"tg-icon-twitter\"><\/i><\/a><a class=\"tg-social-share tg-google-plus\" href=\"https:\/\/plus.google.com\/share?url=https%3A%2F%2Ffonds-risq.qc.ca%2Fen%2Fentreprise%2Falliance-francaise-de-montreal%2F\"><i class=\"tg-icon-google-plus\"><\/i><\/a><a class=\"tg-social-share tg-pinterest\" href=\"https:\/\/pinterest.com\/pin\/create\/button\/?url=https%3A%2F%2Ffonds-risq.qc.ca%2Fen%2Fentreprise%2Falliance-francaise-de-montreal%2F&#038;description=Alliance%20Fran%C3%A7aise%20de%20Montr%C3%A9al&#038;media=https%3A%2F%2Ffonds-risq.qc.ca%2Fwp-content%2Fuploads%2F2024%2F01%2FAF-Mtl.jpg\"><i class=\"tg-icon-pinterest\"><\/i><\/a><\/div><\/div><\/div><div class=\"tg-item-content-holder tg-light image-format\" style=\"background-color:#0097c8\"><span class=\"tg-item-date\">25 January 2024<\/span><h2 class=\"tg-item-title\"><a href=\"https:\/\/fonds-risq.qc.ca\/en\/entreprise\/alliance-francaise-de-montreal\/\" target=\"_self\">Alliance Fran\u00e7aise de Montr\u00e9al<\/a><\/h2><span class=\"tg-cats-holder\"><a class=\"filtres_des_entreprises\" href=\"https:\/\/fonds-risq.qc.ca\/en\/filtres_des_entreprises\/2023-en\/\" rel=\"category\" data-term-id=\"252\"><span class=\"tg-item-term\" >2023<\/span><\/a><span>, <\/span><a class=\"filtres_des_entreprises\" href=\"https:\/\/fonds-risq.qc.ca\/en\/filtres_des_entreprises\/2025-en\/\" rel=\"category\" data-term-id=\"263\"><span class=\"tg-item-term\" >2025<\/span><\/a><span>, <\/span><a class=\"filtres_des_entreprises\" href=\"https:\/\/fonds-risq.qc.ca\/en\/filtres_des_entreprises\/capitalization-loan\/\" rel=\"category\" data-term-id=\"148\"><span class=\"tg-item-term\" >Capitalization loan<\/span><\/a><span>, <\/span><a class=\"filtres_des_entreprises\" href=\"https:\/\/fonds-risq.qc.ca\/en\/filtres_des_entreprises\/education-en\/\" rel=\"category\" data-term-id=\"136\"><span class=\"tg-item-term\" >Education<\/span><\/a><span>, <\/span><a class=\"filtres_des_entreprises\" href=\"https:\/\/fonds-risq.qc.ca\/en\/filtres_des_entreprises\/montreal-en\/\" rel=\"category\" data-term-id=\"128\"><span class=\"tg-item-term\" >Montr\u00e9al<\/span><\/a><span>, <\/span><a class=\"filtres_des_entreprises\" href=\"https:\/\/fonds-risq.qc.ca\/en\/filtres_des_entreprises\/npo\/\" rel=\"category\" data-term-id=\"150\"><span class=\"tg-item-term\" >NPO<\/span><\/a><\/span><div class=\"tg-item-footer\"><a class=\"tg-item-comment\" href=\"https:\/\/fonds-risq.qc.ca\/en\/entreprise\/alliance-francaise-de-montreal\/\"  target=\"_self\">No comment<\/a><span class=\"no-ajaxy to-post-like no-liked empty-heart\" data-post-id=\"17127\" title=\"Like\"><span class=\"to-heart-icon\"><svg xmlns=\"http:\/\/www.w3.org\/2000\/svg\" version=\"1.1\" viewBox=\"0 0 64 64\"><g transform=\"translate(0, 0)\"><path stroke-width=\"6\" stroke-linecap=\"square\" stroke-miterlimit=\"10\" d=\"M1,21c0,20,31,38,31,38s31-18,31-38 c0-8.285-6-16-15-16c-8.285,0-16,5.715-16,14c0-8.285-7.715-14-16-14C7,5,1,12.715,1,21z\"><\/path><\/g><\/svg><\/span><span class=\"to-like-count\">0<\/span><\/span><\/div><\/div><\/div><\/article><!-- The Grid item #103 --><article class=\"tg-item tg-post-17116 kampala f252 f148 f136 f149 f190 f128 f150\" data-row=\"1\" data-col=\"1\"><div class=\"tg-item-inner\"><div class=\"tg-item-media-holder tg-light\"><div class=\"tg-item-media-inner\"><img decoding=\"async\" class=\"tg-item-image\" alt=\"\" width=\"1800\" height=\"1200\" src=\"https:\/\/fonds-risq.qc.ca\/wp-content\/uploads\/2024\/01\/GUEPE.jpg\"><\/div><div class=\"tg-center-holder\"><div class=\"tg-center-inner\"><div class=\"tg-item-overlay\"><\/div><a class=\"tg-link-button\" href=\"https:\/\/fonds-risq.qc.ca\/en\/entreprise\/guepe\/\" target=\"_self\"><i class=\"tg-icon-link\"><\/i><\/a><\/div><\/div><div class=\"tg-item-decoration\"><div class=\"triangle-down-right\" style=\"border-color:#0097c8\"><\/div><\/div><div class=\"tg-item-share-holder\"><div class=\"triangle-up-left\" style=\"border-color:rgba(22,22,22,0.65)\"><\/div><i class=\"tg-icon-reply\" style=\"color:#ffffff\"><\/i><div class=\"tg-share-icons\"><a class=\"tg-social-share tg-facebook\" href=\"https:\/\/www.facebook.com\/sharer.php?u=https%3A%2F%2Ffonds-risq.qc.ca%2Fen%2Fentreprise%2Fguepe%2F&#038;t=GUEPE\"><i class=\"tg-icon-facebook\"><\/i><\/a><a class=\"tg-social-share tg-twitter\" href=\"https:\/\/twitter.com\/share?url=https%3A%2F%2Ffonds-risq.qc.ca%2Fen%2Fentreprise%2Fguepe%2F&#038;text=GUEPE\"><i class=\"tg-icon-twitter\"><\/i><\/a><a class=\"tg-social-share tg-google-plus\" href=\"https:\/\/plus.google.com\/share?url=https%3A%2F%2Ffonds-risq.qc.ca%2Fen%2Fentreprise%2Fguepe%2F\"><i class=\"tg-icon-google-plus\"><\/i><\/a><a class=\"tg-social-share tg-pinterest\" href=\"https:\/\/pinterest.com\/pin\/create\/button\/?url=https%3A%2F%2Ffonds-risq.qc.ca%2Fen%2Fentreprise%2Fguepe%2F&#038;description=GUEPE&#038;media=https%3A%2F%2Ffonds-risq.qc.ca%2Fwp-content%2Fuploads%2F2024%2F01%2FGUEPE.jpg\"><i class=\"tg-icon-pinterest\"><\/i><\/a><\/div><\/div><\/div><div class=\"tg-item-content-holder tg-light image-format\" style=\"background-color:#0097c8\"><span class=\"tg-item-date\">24 January 2024<\/span><h2 class=\"tg-item-title\"><a href=\"https:\/\/fonds-risq.qc.ca\/en\/entreprise\/guepe\/\" target=\"_self\">GUEPE<\/a><\/h2><span class=\"tg-cats-holder\"><a class=\"filtres_des_entreprises\" href=\"https:\/\/fonds-risq.qc.ca\/en\/filtres_des_entreprises\/2023-en\/\" rel=\"category\" data-term-id=\"252\"><span class=\"tg-item-term\" >2023<\/span><\/a><span>, <\/span><a class=\"filtres_des_entreprises\" href=\"https:\/\/fonds-risq.qc.ca\/en\/filtres_des_entreprises\/capitalization-loan\/\" rel=\"category\" data-term-id=\"148\"><span class=\"tg-item-term\" >Capitalization loan<\/span><\/a><span>, <\/span><a class=\"filtres_des_entreprises\" href=\"https:\/\/fonds-risq.qc.ca\/en\/filtres_des_entreprises\/education-en\/\" rel=\"category\" data-term-id=\"136\"><span class=\"tg-item-term\" >Education<\/span><\/a><span>, <\/span><a class=\"filtres_des_entreprises\" href=\"https:\/\/fonds-risq.qc.ca\/en\/filtres_des_entreprises\/environment\/\" rel=\"category\" data-term-id=\"149\"><span class=\"tg-item-term\" >Environment<\/span><\/a><span>, <\/span><a class=\"filtres_des_entreprises\" href=\"https:\/\/fonds-risq.qc.ca\/en\/filtres_des_entreprises\/loisirs-divertissement-en\/\" rel=\"category\" data-term-id=\"190\"><span class=\"tg-item-term\" >Loisirs-Divertissement<\/span><\/a><span>, <\/span><a class=\"filtres_des_entreprises\" href=\"https:\/\/fonds-risq.qc.ca\/en\/filtres_des_entreprises\/montreal-en\/\" rel=\"category\" data-term-id=\"128\"><span class=\"tg-item-term\" >Montr\u00e9al<\/span><\/a><span>, <\/span><a class=\"filtres_des_entreprises\" href=\"https:\/\/fonds-risq.qc.ca\/en\/filtres_des_entreprises\/npo\/\" rel=\"category\" data-term-id=\"150\"><span class=\"tg-item-term\" >NPO<\/span><\/a><\/span><div class=\"tg-item-footer\"><a class=\"tg-item-comment\" href=\"https:\/\/fonds-risq.qc.ca\/en\/entreprise\/guepe\/\"  target=\"_self\">No comment<\/a><span class=\"no-ajaxy to-post-like no-liked empty-heart\" data-post-id=\"17116\" title=\"Like\"><span class=\"to-heart-icon\"><svg xmlns=\"http:\/\/www.w3.org\/2000\/svg\" version=\"1.1\" viewBox=\"0 0 64 64\"><g transform=\"translate(0, 0)\"><path stroke-width=\"6\" stroke-linecap=\"square\" stroke-miterlimit=\"10\" d=\"M1,21c0,20,31,38,31,38s31-18,31-38 c0-8.285-6-16-15-16c-8.285,0-16,5.715-16,14c0-8.285-7.715-14-16-14C7,5,1,12.715,1,21z\"><\/path><\/g><\/svg><\/span><span class=\"to-like-count\">0<\/span><\/span><\/div><\/div><\/div><\/article><!-- The Grid item #104 --><article class=\"tg-item tg-post-17117 kampala f252 f246 f248 f128 f150 f135\" data-row=\"1\" data-col=\"1\"><div class=\"tg-item-inner\"><div class=\"tg-item-media-holder tg-light\"><div class=\"tg-item-media-inner\"><img decoding=\"async\" class=\"tg-item-image\" alt=\"\" width=\"2048\" height=\"1045\" src=\"https:\/\/fonds-risq.qc.ca\/wp-content\/uploads\/2024\/01\/Telescope.jpg\"><\/div><div class=\"tg-center-holder\"><div class=\"tg-center-inner\"><div class=\"tg-item-overlay\"><\/div><a class=\"tg-link-button\" href=\"https:\/\/fonds-risq.qc.ca\/en\/entreprise\/reseau-telescope\/\" target=\"_self\"><i class=\"tg-icon-link\"><\/i><\/a><\/div><\/div><div class=\"tg-item-decoration\"><div class=\"triangle-down-right\" style=\"border-color:#fdd304\"><\/div><\/div><div class=\"tg-item-share-holder\"><div class=\"triangle-up-left\" style=\"border-color:rgba(22,22,22,0.65)\"><\/div><i class=\"tg-icon-reply\" style=\"color:#ffffff\"><\/i><div class=\"tg-share-icons\"><a class=\"tg-social-share tg-facebook\" href=\"https:\/\/www.facebook.com\/sharer.php?u=https%3A%2F%2Ffonds-risq.qc.ca%2Fen%2Fentreprise%2Freseau-telescope%2F&#038;t=R%C3%A9seau%20T%C3%A9lescope\"><i class=\"tg-icon-facebook\"><\/i><\/a><a class=\"tg-social-share tg-twitter\" href=\"https:\/\/twitter.com\/share?url=https%3A%2F%2Ffonds-risq.qc.ca%2Fen%2Fentreprise%2Freseau-telescope%2F&#038;text=R%C3%A9seau%20T%C3%A9lescope\"><i class=\"tg-icon-twitter\"><\/i><\/a><a class=\"tg-social-share tg-google-plus\" href=\"https:\/\/plus.google.com\/share?url=https%3A%2F%2Ffonds-risq.qc.ca%2Fen%2Fentreprise%2Freseau-telescope%2F\"><i class=\"tg-icon-google-plus\"><\/i><\/a><a class=\"tg-social-share tg-pinterest\" href=\"https:\/\/pinterest.com\/pin\/create\/button\/?url=https%3A%2F%2Ffonds-risq.qc.ca%2Fen%2Fentreprise%2Freseau-telescope%2F&#038;description=R%C3%A9seau%20T%C3%A9lescope&#038;media=https%3A%2F%2Ffonds-risq.qc.ca%2Fwp-content%2Fuploads%2F2024%2F01%2FTelescope.jpg\"><i class=\"tg-icon-pinterest\"><\/i><\/a><\/div><\/div><\/div><div class=\"tg-item-content-holder tg-light image-format\" style=\"background-color:#fdd304\"><span class=\"tg-item-date\">24 January 2024<\/span><h2 class=\"tg-item-title\"><a href=\"https:\/\/fonds-risq.qc.ca\/en\/entreprise\/reseau-telescope\/\" target=\"_self\">R\u00e9seau T\u00e9lescope<\/a><\/h2><span class=\"tg-cats-holder\"><a class=\"filtres_des_entreprises\" href=\"https:\/\/fonds-risq.qc.ca\/en\/filtres_des_entreprises\/2023-en\/\" rel=\"category\" data-term-id=\"252\"><span class=\"tg-item-term\" >2023<\/span><\/a><span>, <\/span><a class=\"filtres_des_entreprises\" href=\"https:\/\/fonds-risq.qc.ca\/en\/filtres_des_entreprises\/fonds-de-transition-en\/\" rel=\"category\" data-term-id=\"246\"><span class=\"tg-item-term\" >Fonds de Transition<\/span><\/a><span>, <\/span><a class=\"filtres_des_entreprises\" href=\"https:\/\/fonds-risq.qc.ca\/en\/filtres_des_entreprises\/fonds-transition-en\/\" rel=\"category\" data-term-id=\"248\"><span class=\"tg-item-term\" >Fonds Transition<\/span><\/a><span>, <\/span><a class=\"filtres_des_entreprises\" href=\"https:\/\/fonds-risq.qc.ca\/en\/filtres_des_entreprises\/montreal-en\/\" rel=\"category\" data-term-id=\"128\"><span class=\"tg-item-term\" >Montr\u00e9al<\/span><\/a><span>, <\/span><a class=\"filtres_des_entreprises\" href=\"https:\/\/fonds-risq.qc.ca\/en\/filtres_des_entreprises\/npo\/\" rel=\"category\" data-term-id=\"150\"><span class=\"tg-item-term\" >NPO<\/span><\/a><span>, <\/span><a class=\"filtres_des_entreprises\" href=\"https:\/\/fonds-risq.qc.ca\/en\/filtres_des_entreprises\/services-en\/\" rel=\"category\" data-term-id=\"135\"><span class=\"tg-item-term\" >Services<\/span><\/a><\/span><div class=\"tg-item-footer\"><a class=\"tg-item-comment\" href=\"https:\/\/fonds-risq.qc.ca\/en\/entreprise\/reseau-telescope\/\"  target=\"_self\">No comment<\/a><span class=\"no-ajaxy to-post-like no-liked empty-heart\" data-post-id=\"17117\" title=\"Like\"><span class=\"to-heart-icon\"><svg xmlns=\"http:\/\/www.w3.org\/2000\/svg\" version=\"1.1\" viewBox=\"0 0 64 64\"><g transform=\"translate(0, 0)\"><path stroke-width=\"6\" stroke-linecap=\"square\" stroke-miterlimit=\"10\" d=\"M1,21c0,20,31,38,31,38s31-18,31-38 c0-8.285-6-16-15-16c-8.285,0-16,5.715-16,14c0-8.285-7.715-14-16-14C7,5,1,12.715,1,21z\"><\/path><\/g><\/svg><\/span><span class=\"to-like-count\">0<\/span><\/span><\/div><\/div><\/div><\/article><!-- The Grid item #105 --><article class=\"tg-item tg-post-17053 kampala f252 f139 f152 f151 f257 f258 f145 f135\" data-row=\"1\" data-col=\"1\"><div class=\"tg-item-inner\"><div class=\"tg-item-media-holder tg-light\"><div class=\"tg-item-media-inner\"><img decoding=\"async\" class=\"tg-item-image\" alt=\"\" width=\"2000\" height=\"1429\" src=\"https:\/\/fonds-risq.qc.ca\/wp-content\/uploads\/2023\/12\/choux-gras.jpg\"><\/div><div class=\"tg-center-holder\"><div class=\"tg-center-inner\"><div class=\"tg-item-overlay\"><\/div><a class=\"tg-link-button\" href=\"https:\/\/fonds-risq.qc.ca\/en\/entreprise\/les-choux-gras-2\/\" target=\"_self\"><i class=\"tg-icon-link\"><\/i><\/a><\/div><\/div><div class=\"tg-item-decoration\"><div class=\"triangle-down-right\" style=\"border-color:#dd9933\"><\/div><\/div><div class=\"tg-item-share-holder\"><div class=\"triangle-up-left\" style=\"border-color:rgba(22,22,22,0.65)\"><\/div><i class=\"tg-icon-reply\" style=\"color:#ffffff\"><\/i><div class=\"tg-share-icons\"><a class=\"tg-social-share tg-facebook\" href=\"https:\/\/www.facebook.com\/sharer.php?u=https%3A%2F%2Ffonds-risq.qc.ca%2Fen%2Fentreprise%2Fles-choux-gras-2%2F&#038;t=Les%20Choux%20Gras\"><i class=\"tg-icon-facebook\"><\/i><\/a><a class=\"tg-social-share tg-twitter\" href=\"https:\/\/twitter.com\/share?url=https%3A%2F%2Ffonds-risq.qc.ca%2Fen%2Fentreprise%2Fles-choux-gras-2%2F&#038;text=Les%20Choux%20Gras\"><i class=\"tg-icon-twitter\"><\/i><\/a><a class=\"tg-social-share tg-google-plus\" href=\"https:\/\/plus.google.com\/share?url=https%3A%2F%2Ffonds-risq.qc.ca%2Fen%2Fentreprise%2Fles-choux-gras-2%2F\"><i class=\"tg-icon-google-plus\"><\/i><\/a><a class=\"tg-social-share tg-pinterest\" href=\"https:\/\/pinterest.com\/pin\/create\/button\/?url=https%3A%2F%2Ffonds-risq.qc.ca%2Fen%2Fentreprise%2Fles-choux-gras-2%2F&#038;description=Les%20Choux%20Gras&#038;media=https%3A%2F%2Ffonds-risq.qc.ca%2Fwp-content%2Fuploads%2F2023%2F12%2Fchoux-gras.jpg\"><i class=\"tg-icon-pinterest\"><\/i><\/a><\/div><\/div><\/div><div class=\"tg-item-content-holder tg-light image-format\" style=\"background-color:#dd9933\"><span class=\"tg-item-date\">20 December 2023<\/span><h2 class=\"tg-item-title\"><a href=\"https:\/\/fonds-risq.qc.ca\/en\/entreprise\/les-choux-gras-2\/\" target=\"_self\">Les Choux Gras<\/a><\/h2><span class=\"tg-cats-holder\"><a class=\"filtres_des_entreprises\" href=\"https:\/\/fonds-risq.qc.ca\/en\/filtres_des_entreprises\/2023-en\/\" rel=\"category\" data-term-id=\"252\"><span class=\"tg-item-term\" >2023<\/span><\/a><span>, <\/span><a class=\"filtres_des_entreprises\" href=\"https:\/\/fonds-risq.qc.ca\/en\/filtres_des_entreprises\/agriculture-en\/\" rel=\"category\" data-term-id=\"139\"><span class=\"tg-item-term\" >Agriculture<\/span><\/a><span>, <\/span><a class=\"filtres_des_entreprises\" href=\"https:\/\/fonds-risq.qc.ca\/en\/filtres_des_entreprises\/chaudiere-appalaches-en\/\" rel=\"category\" data-term-id=\"152\"><span class=\"tg-item-term\" >Chaudi\u00e8re-Appalaches<\/span><\/a><span>, <\/span><a class=\"filtres_des_entreprises\" href=\"https:\/\/fonds-risq.qc.ca\/en\/filtres_des_entreprises\/coop-en\/\" rel=\"category\" data-term-id=\"151\"><span class=\"tg-item-term\" >COOP<\/span><\/a><span>, <\/span><a class=\"filtres_des_entreprises\" href=\"https:\/\/fonds-risq.qc.ca\/en\/filtres_des_entreprises\/fonds-lampli-en\/\" rel=\"category\" data-term-id=\"257\"><span class=\"tg-item-term\" >Fonds l&rsquo;ampli<\/span><\/a><span>, <\/span><a class=\"filtres_des_entreprises\" href=\"https:\/\/fonds-risq.qc.ca\/en\/filtres_des_entreprises\/fonds-lampli-2-en\/\" rel=\"category\" data-term-id=\"258\"><span class=\"tg-item-term\" >Fonds l&rsquo;ampli<\/span><\/a><span>, <\/span><a class=\"filtres_des_entreprises\" href=\"https:\/\/fonds-risq.qc.ca\/en\/filtres_des_entreprises\/food\/\" rel=\"category\" data-term-id=\"145\"><span class=\"tg-item-term\" >Food<\/span><\/a><span>, <\/span><a class=\"filtres_des_entreprises\" href=\"https:\/\/fonds-risq.qc.ca\/en\/filtres_des_entreprises\/services-en\/\" rel=\"category\" data-term-id=\"135\"><span class=\"tg-item-term\" >Services<\/span><\/a><\/span><div class=\"tg-item-footer\"><a class=\"tg-item-comment\" href=\"https:\/\/fonds-risq.qc.ca\/en\/entreprise\/les-choux-gras-2\/\"  target=\"_self\">No comment<\/a><span class=\"no-ajaxy to-post-like no-liked empty-heart\" data-post-id=\"17053\" title=\"Like\"><span class=\"to-heart-icon\"><svg xmlns=\"http:\/\/www.w3.org\/2000\/svg\" version=\"1.1\" viewBox=\"0 0 64 64\"><g transform=\"translate(0, 0)\"><path stroke-width=\"6\" stroke-linecap=\"square\" stroke-miterlimit=\"10\" d=\"M1,21c0,20,31,38,31,38s31-18,31-38 c0-8.285-6-16-15-16c-8.285,0-16,5.715-16,14c0-8.285-7.715-14-16-14C7,5,1,12.715,1,21z\"><\/path><\/g><\/svg><\/span><span class=\"to-like-count\">0<\/span><\/span><\/div><\/div><\/div><\/article><!-- The Grid item #106 --><article class=\"tg-item tg-post-17054 kampala f252 f197 f246 f248 f157 f150 f142\" data-row=\"1\" data-col=\"1\"><div class=\"tg-item-inner\"><div class=\"tg-item-media-holder tg-light\"><div class=\"tg-item-media-inner\"><img decoding=\"async\" class=\"tg-item-image\" alt=\"\" width=\"2048\" height=\"1318\" src=\"https:\/\/fonds-risq.qc.ca\/wp-content\/uploads\/2023\/12\/Marigot-2.jpg\"><\/div><div class=\"tg-center-holder\"><div class=\"tg-center-inner\"><div class=\"tg-item-overlay\"><\/div><a class=\"tg-link-button\" href=\"https:\/\/fonds-risq.qc.ca\/en\/entreprise\/centre-dentraide-et-de-services-communautaires-du-marigot\/\" target=\"_self\"><i class=\"tg-icon-link\"><\/i><\/a><\/div><\/div><div class=\"tg-item-decoration\"><div class=\"triangle-down-right\" style=\"border-color:#fdd304\"><\/div><\/div><div class=\"tg-item-share-holder\"><div class=\"triangle-up-left\" style=\"border-color:rgba(22,22,22,0.65)\"><\/div><i class=\"tg-icon-reply\" style=\"color:#ffffff\"><\/i><div class=\"tg-share-icons\"><a class=\"tg-social-share tg-facebook\" href=\"https:\/\/www.facebook.com\/sharer.php?u=https%3A%2F%2Ffonds-risq.qc.ca%2Fen%2Fentreprise%2Fcentre-dentraide-et-de-services-communautaires-du-marigot%2F&#038;t=Centre%20d%E2%80%99entraide%20et%20de%20services%20communautaires%20du%20Marigot\"><i class=\"tg-icon-facebook\"><\/i><\/a><a class=\"tg-social-share tg-twitter\" href=\"https:\/\/twitter.com\/share?url=https%3A%2F%2Ffonds-risq.qc.ca%2Fen%2Fentreprise%2Fcentre-dentraide-et-de-services-communautaires-du-marigot%2F&#038;text=Centre%20d%E2%80%99entraide%20et%20de%20services%20communautaires%20du%20Marigot\"><i class=\"tg-icon-twitter\"><\/i><\/a><a class=\"tg-social-share tg-google-plus\" href=\"https:\/\/plus.google.com\/share?url=https%3A%2F%2Ffonds-risq.qc.ca%2Fen%2Fentreprise%2Fcentre-dentraide-et-de-services-communautaires-du-marigot%2F\"><i class=\"tg-icon-google-plus\"><\/i><\/a><a class=\"tg-social-share tg-pinterest\" href=\"https:\/\/pinterest.com\/pin\/create\/button\/?url=https%3A%2F%2Ffonds-risq.qc.ca%2Fen%2Fentreprise%2Fcentre-dentraide-et-de-services-communautaires-du-marigot%2F&#038;description=Centre%20d%E2%80%99entraide%20et%20de%20services%20communautaires%20du%20Marigot&#038;media=https%3A%2F%2Ffonds-risq.qc.ca%2Fwp-content%2Fuploads%2F2023%2F12%2FMarigot-2.jpg\"><i class=\"tg-icon-pinterest\"><\/i><\/a><\/div><\/div><\/div><div class=\"tg-item-content-holder tg-light image-format\" style=\"background-color:#fdd304\"><span class=\"tg-item-date\">15 December 2023<\/span><h2 class=\"tg-item-title\"><a href=\"https:\/\/fonds-risq.qc.ca\/en\/entreprise\/centre-dentraide-et-de-services-communautaires-du-marigot\/\" target=\"_self\">Centre d&#8217;entraide et de services communautaires du Marigot<\/a><\/h2><span class=\"tg-cats-holder\"><a class=\"filtres_des_entreprises\" href=\"https:\/\/fonds-risq.qc.ca\/en\/filtres_des_entreprises\/2023-en\/\" rel=\"category\" data-term-id=\"252\"><span class=\"tg-item-term\" >2023<\/span><\/a><span>, <\/span><a class=\"filtres_des_entreprises\" href=\"https:\/\/fonds-risq.qc.ca\/en\/filtres_des_entreprises\/assistance-sociale-en\/\" rel=\"category\" data-term-id=\"197\"><span class=\"tg-item-term\" >Assistance sociale<\/span><\/a><span>, <\/span><a class=\"filtres_des_entreprises\" href=\"https:\/\/fonds-risq.qc.ca\/en\/filtres_des_entreprises\/fonds-de-transition-en\/\" rel=\"category\" data-term-id=\"246\"><span class=\"tg-item-term\" >Fonds de Transition<\/span><\/a><span>, <\/span><a class=\"filtres_des_entreprises\" href=\"https:\/\/fonds-risq.qc.ca\/en\/filtres_des_entreprises\/fonds-transition-en\/\" rel=\"category\" data-term-id=\"248\"><span class=\"tg-item-term\" >Fonds Transition<\/span><\/a><span>, <\/span><a class=\"filtres_des_entreprises\" href=\"https:\/\/fonds-risq.qc.ca\/en\/filtres_des_entreprises\/laval-en\/\" rel=\"category\" data-term-id=\"157\"><span class=\"tg-item-term\" >Laval<\/span><\/a><span>, <\/span><a class=\"filtres_des_entreprises\" href=\"https:\/\/fonds-risq.qc.ca\/en\/filtres_des_entreprises\/npo\/\" rel=\"category\" data-term-id=\"150\"><span class=\"tg-item-term\" >NPO<\/span><\/a><span>, <\/span><a class=\"filtres_des_entreprises\" href=\"https:\/\/fonds-risq.qc.ca\/en\/filtres_des_entreprises\/services-to-people\/\" rel=\"category\" data-term-id=\"142\"><span class=\"tg-item-term\" >Services to people<\/span><\/a><\/span><div class=\"tg-item-footer\"><a class=\"tg-item-comment\" href=\"https:\/\/fonds-risq.qc.ca\/en\/entreprise\/centre-dentraide-et-de-services-communautaires-du-marigot\/\"  target=\"_self\">No comment<\/a><span class=\"no-ajaxy to-post-like no-liked empty-heart\" data-post-id=\"17054\" title=\"Like\"><span class=\"to-heart-icon\"><svg xmlns=\"http:\/\/www.w3.org\/2000\/svg\" version=\"1.1\" viewBox=\"0 0 64 64\"><g transform=\"translate(0, 0)\"><path stroke-width=\"6\" stroke-linecap=\"square\" stroke-miterlimit=\"10\" d=\"M1,21c0,20,31,38,31,38s31-18,31-38 c0-8.285-6-16-15-16c-8.285,0-16,5.715-16,14c0-8.285-7.715-14-16-14C7,5,1,12.715,1,21z\"><\/path><\/g><\/svg><\/span><span class=\"to-like-count\">0<\/span><\/span><\/div><\/div><\/div><\/article><!-- The Grid item #107 --><article class=\"tg-item tg-post-17017 kampala f252 f134 f246 f248 f133 f190 f150\" data-row=\"1\" data-col=\"1\"><div class=\"tg-item-inner\"><div class=\"tg-item-media-holder tg-light\"><div class=\"tg-item-media-inner\"><img decoding=\"async\" class=\"tg-item-image\" alt=\"\" width=\"2048\" height=\"1365\" src=\"https:\/\/fonds-risq.qc.ca\/wp-content\/uploads\/2023\/12\/cammac-1.jpg\"><\/div><div class=\"tg-center-holder\"><div class=\"tg-center-inner\"><div class=\"tg-item-overlay\"><\/div><a class=\"tg-link-button\" href=\"https:\/\/fonds-risq.qc.ca\/en\/entreprise\/cammac\/\" target=\"_self\"><i class=\"tg-icon-link\"><\/i><\/a><\/div><\/div><div class=\"tg-item-decoration\"><div class=\"triangle-down-right\" style=\"border-color:#fdd304\"><\/div><\/div><div class=\"tg-item-share-holder\"><div class=\"triangle-up-left\" style=\"border-color:rgba(22,22,22,0.65)\"><\/div><i class=\"tg-icon-reply\" style=\"color:#ffffff\"><\/i><div class=\"tg-share-icons\"><a class=\"tg-social-share tg-facebook\" href=\"https:\/\/www.facebook.com\/sharer.php?u=https%3A%2F%2Ffonds-risq.qc.ca%2Fen%2Fentreprise%2Fcammac%2F&#038;t=CAMMAC\"><i class=\"tg-icon-facebook\"><\/i><\/a><a class=\"tg-social-share tg-twitter\" href=\"https:\/\/twitter.com\/share?url=https%3A%2F%2Ffonds-risq.qc.ca%2Fen%2Fentreprise%2Fcammac%2F&#038;text=CAMMAC\"><i class=\"tg-icon-twitter\"><\/i><\/a><a class=\"tg-social-share tg-google-plus\" href=\"https:\/\/plus.google.com\/share?url=https%3A%2F%2Ffonds-risq.qc.ca%2Fen%2Fentreprise%2Fcammac%2F\"><i class=\"tg-icon-google-plus\"><\/i><\/a><a class=\"tg-social-share tg-pinterest\" href=\"https:\/\/pinterest.com\/pin\/create\/button\/?url=https%3A%2F%2Ffonds-risq.qc.ca%2Fen%2Fentreprise%2Fcammac%2F&#038;description=CAMMAC&#038;media=https%3A%2F%2Ffonds-risq.qc.ca%2Fwp-content%2Fuploads%2F2023%2F12%2Fcammac-1.jpg\"><i class=\"tg-icon-pinterest\"><\/i><\/a><\/div><\/div><\/div><div class=\"tg-item-content-holder tg-light image-format\" style=\"background-color:#fdd304\"><span class=\"tg-item-date\">15 December 2023<\/span><h2 class=\"tg-item-title\"><a href=\"https:\/\/fonds-risq.qc.ca\/en\/entreprise\/cammac\/\" target=\"_self\">CAMMAC<\/a><\/h2><span class=\"tg-cats-holder\"><a class=\"filtres_des_entreprises\" href=\"https:\/\/fonds-risq.qc.ca\/en\/filtres_des_entreprises\/2023-en\/\" rel=\"category\" data-term-id=\"252\"><span class=\"tg-item-term\" >2023<\/span><\/a><span>, <\/span><a class=\"filtres_des_entreprises\" href=\"https:\/\/fonds-risq.qc.ca\/en\/filtres_des_entreprises\/arts-and-culture\/\" rel=\"category\" data-term-id=\"134\"><span class=\"tg-item-term\" >Arts and culture<\/span><\/a><span>, <\/span><a class=\"filtres_des_entreprises\" href=\"https:\/\/fonds-risq.qc.ca\/en\/filtres_des_entreprises\/fonds-de-transition-en\/\" rel=\"category\" data-term-id=\"246\"><span class=\"tg-item-term\" >Fonds de Transition<\/span><\/a><span>, <\/span><a class=\"filtres_des_entreprises\" href=\"https:\/\/fonds-risq.qc.ca\/en\/filtres_des_entreprises\/fonds-transition-en\/\" rel=\"category\" data-term-id=\"248\"><span class=\"tg-item-term\" >Fonds Transition<\/span><\/a><span>, <\/span><a class=\"filtres_des_entreprises\" href=\"https:\/\/fonds-risq.qc.ca\/en\/filtres_des_entreprises\/laurentides-en\/\" rel=\"category\" data-term-id=\"133\"><span class=\"tg-item-term\" >Laurentides<\/span><\/a><span>, <\/span><a class=\"filtres_des_entreprises\" href=\"https:\/\/fonds-risq.qc.ca\/en\/filtres_des_entreprises\/loisirs-divertissement-en\/\" rel=\"category\" data-term-id=\"190\"><span class=\"tg-item-term\" >Loisirs-Divertissement<\/span><\/a><span>, <\/span><a class=\"filtres_des_entreprises\" href=\"https:\/\/fonds-risq.qc.ca\/en\/filtres_des_entreprises\/npo\/\" rel=\"category\" data-term-id=\"150\"><span class=\"tg-item-term\" >NPO<\/span><\/a><\/span><div class=\"tg-item-footer\"><a class=\"tg-item-comment\" href=\"https:\/\/fonds-risq.qc.ca\/en\/entreprise\/cammac\/\"  target=\"_self\">No comment<\/a><span class=\"no-ajaxy to-post-like no-liked empty-heart\" data-post-id=\"17017\" title=\"Like\"><span class=\"to-heart-icon\"><svg xmlns=\"http:\/\/www.w3.org\/2000\/svg\" version=\"1.1\" viewBox=\"0 0 64 64\"><g transform=\"translate(0, 0)\"><path stroke-width=\"6\" stroke-linecap=\"square\" stroke-miterlimit=\"10\" d=\"M1,21c0,20,31,38,31,38s31-18,31-38 c0-8.285-6-16-15-16c-8.285,0-16,5.715-16,14c0-8.285-7.715-14-16-14C7,5,1,12.715,1,21z\"><\/path><\/g><\/svg><\/span><span class=\"to-like-count\">0<\/span><\/span><\/div><\/div><\/div><\/article><!-- The Grid item #108 --><article class=\"tg-item tg-post-17006 kampala f252 f177 f209 f246 f248 f128 f150 f135\" data-row=\"1\" data-col=\"1\"><div class=\"tg-item-inner\"><div class=\"tg-item-media-holder tg-light\"><div class=\"tg-item-media-inner\"><img decoding=\"async\" class=\"tg-item-image\" alt=\"\" width=\"1366\" height=\"2048\" src=\"https:\/\/fonds-risq.qc.ca\/wp-content\/uploads\/2023\/12\/Forges-Mtl.jpg\"><\/div><div class=\"tg-center-holder\"><div class=\"tg-center-inner\"><div class=\"tg-item-overlay\"><\/div><a class=\"tg-link-button\" href=\"https:\/\/fonds-risq.qc.ca\/en\/entreprise\/les-forges-de-montreal\/\" target=\"_self\"><i class=\"tg-icon-link\"><\/i><\/a><\/div><\/div><div class=\"tg-item-decoration\"><div class=\"triangle-down-right\" style=\"border-color:#fdd304\"><\/div><\/div><div class=\"tg-item-share-holder\"><div class=\"triangle-up-left\" style=\"border-color:rgba(22,22,22,0.65)\"><\/div><i class=\"tg-icon-reply\" style=\"color:#ffffff\"><\/i><div class=\"tg-share-icons\"><a class=\"tg-social-share tg-facebook\" href=\"https:\/\/www.facebook.com\/sharer.php?u=https%3A%2F%2Ffonds-risq.qc.ca%2Fen%2Fentreprise%2Fles-forges-de-montreal%2F&#038;t=Les%20Forges%20de%20Montr%C3%A9al\"><i class=\"tg-icon-facebook\"><\/i><\/a><a class=\"tg-social-share tg-twitter\" href=\"https:\/\/twitter.com\/share?url=https%3A%2F%2Ffonds-risq.qc.ca%2Fen%2Fentreprise%2Fles-forges-de-montreal%2F&#038;text=Les%20Forges%20de%20Montr%C3%A9al\"><i class=\"tg-icon-twitter\"><\/i><\/a><a class=\"tg-social-share tg-google-plus\" href=\"https:\/\/plus.google.com\/share?url=https%3A%2F%2Ffonds-risq.qc.ca%2Fen%2Fentreprise%2Fles-forges-de-montreal%2F\"><i class=\"tg-icon-google-plus\"><\/i><\/a><a class=\"tg-social-share tg-pinterest\" href=\"https:\/\/pinterest.com\/pin\/create\/button\/?url=https%3A%2F%2Ffonds-risq.qc.ca%2Fen%2Fentreprise%2Fles-forges-de-montreal%2F&#038;description=Les%20Forges%20de%20Montr%C3%A9al&#038;media=https%3A%2F%2Ffonds-risq.qc.ca%2Fwp-content%2Fuploads%2F2023%2F12%2FForges-Mtl.jpg\"><i class=\"tg-icon-pinterest\"><\/i><\/a><\/div><\/div><\/div><div class=\"tg-item-content-holder tg-light image-format\" style=\"background-color:#fdd304\"><span class=\"tg-item-date\">15 December 2023<\/span><h2 class=\"tg-item-title\"><a href=\"https:\/\/fonds-risq.qc.ca\/en\/entreprise\/les-forges-de-montreal\/\" target=\"_self\">Les Forges de Montr\u00e9al<\/a><\/h2><span class=\"tg-cats-holder\"><a class=\"filtres_des_entreprises\" href=\"https:\/\/fonds-risq.qc.ca\/en\/filtres_des_entreprises\/2023-en\/\" rel=\"category\" data-term-id=\"252\"><span class=\"tg-item-term\" >2023<\/span><\/a><span>, <\/span><a class=\"filtres_des_entreprises\" href=\"https:\/\/fonds-risq.qc.ca\/en\/filtres_des_entreprises\/culture-en\/\" rel=\"category\" data-term-id=\"177\"><span class=\"tg-item-term\" >Culture<\/span><\/a><span>, <\/span><a class=\"filtres_des_entreprises\" href=\"https:\/\/fonds-risq.qc.ca\/en\/filtres_des_entreprises\/fabrication-de-produits-metalliques-en\/\" rel=\"category\" data-term-id=\"209\"><span class=\"tg-item-term\" >Fabrication de produits m\u00e9talliques<\/span><\/a><span>, <\/span><a class=\"filtres_des_entreprises\" href=\"https:\/\/fonds-risq.qc.ca\/en\/filtres_des_entreprises\/fonds-de-transition-en\/\" rel=\"category\" data-term-id=\"246\"><span class=\"tg-item-term\" >Fonds de Transition<\/span><\/a><span>, <\/span><a class=\"filtres_des_entreprises\" href=\"https:\/\/fonds-risq.qc.ca\/en\/filtres_des_entreprises\/fonds-transition-en\/\" rel=\"category\" data-term-id=\"248\"><span class=\"tg-item-term\" >Fonds Transition<\/span><\/a><span>, <\/span><a class=\"filtres_des_entreprises\" href=\"https:\/\/fonds-risq.qc.ca\/en\/filtres_des_entreprises\/montreal-en\/\" rel=\"category\" data-term-id=\"128\"><span class=\"tg-item-term\" >Montr\u00e9al<\/span><\/a><span>, <\/span><a class=\"filtres_des_entreprises\" href=\"https:\/\/fonds-risq.qc.ca\/en\/filtres_des_entreprises\/npo\/\" rel=\"category\" data-term-id=\"150\"><span class=\"tg-item-term\" >NPO<\/span><\/a><span>, <\/span><a class=\"filtres_des_entreprises\" href=\"https:\/\/fonds-risq.qc.ca\/en\/filtres_des_entreprises\/services-en\/\" rel=\"category\" data-term-id=\"135\"><span class=\"tg-item-term\" >Services<\/span><\/a><\/span><div class=\"tg-item-footer\"><a class=\"tg-item-comment\" href=\"https:\/\/fonds-risq.qc.ca\/en\/entreprise\/les-forges-de-montreal\/\"  target=\"_self\">No comment<\/a><span class=\"no-ajaxy to-post-like no-liked empty-heart\" data-post-id=\"17006\" title=\"Like\"><span class=\"to-heart-icon\"><svg xmlns=\"http:\/\/www.w3.org\/2000\/svg\" version=\"1.1\" viewBox=\"0 0 64 64\"><g transform=\"translate(0, 0)\"><path stroke-width=\"6\" stroke-linecap=\"square\" stroke-miterlimit=\"10\" d=\"M1,21c0,20,31,38,31,38s31-18,31-38 c0-8.285-6-16-15-16c-8.285,0-16,5.715-16,14c0-8.285-7.715-14-16-14C7,5,1,12.715,1,21z\"><\/path><\/g><\/svg><\/span><span class=\"to-like-count\">0<\/span><\/span><\/div><\/div><\/div><\/article><!-- The Grid item #109 --><article class=\"tg-item tg-post-16997 kampala f252 f151 f127 f137 f146\" data-row=\"1\" data-col=\"1\"><div class=\"tg-item-inner\"><div class=\"tg-item-media-holder tg-light\"><div class=\"tg-item-media-inner\"><img decoding=\"async\" class=\"tg-item-image\" alt=\"\" width=\"500\" height=\"500\" src=\"https:\/\/fonds-risq.qc.ca\/wp-content\/uploads\/2023\/12\/Photo-Magasin-St-Claude.png\"><\/div><div class=\"tg-center-holder\"><div class=\"tg-center-inner\"><div class=\"tg-item-overlay\"><\/div><a class=\"tg-link-button\" href=\"https:\/\/fonds-risq.qc.ca\/en\/entreprise\/magasin-general-de-st-claude\/\" target=\"_self\"><i class=\"tg-icon-link\"><\/i><\/a><\/div><\/div><div class=\"tg-item-decoration\"><div class=\"triangle-down-right\" style=\"border-color:#b7c634\"><\/div><\/div><div class=\"tg-item-share-holder\"><div class=\"triangle-up-left\" style=\"border-color:rgba(22,22,22,0.65)\"><\/div><i class=\"tg-icon-reply\" style=\"color:#ffffff\"><\/i><div class=\"tg-share-icons\"><a class=\"tg-social-share tg-facebook\" href=\"https:\/\/www.facebook.com\/sharer.php?u=https%3A%2F%2Ffonds-risq.qc.ca%2Fen%2Fentreprise%2Fmagasin-general-de-st-claude%2F&#038;t=Magasin%20G%C3%A9n%C3%A9ral%20de%20St-Claude\"><i class=\"tg-icon-facebook\"><\/i><\/a><a class=\"tg-social-share tg-twitter\" href=\"https:\/\/twitter.com\/share?url=https%3A%2F%2Ffonds-risq.qc.ca%2Fen%2Fentreprise%2Fmagasin-general-de-st-claude%2F&#038;text=Magasin%20G%C3%A9n%C3%A9ral%20de%20St-Claude\"><i class=\"tg-icon-twitter\"><\/i><\/a><a class=\"tg-social-share tg-google-plus\" href=\"https:\/\/plus.google.com\/share?url=https%3A%2F%2Ffonds-risq.qc.ca%2Fen%2Fentreprise%2Fmagasin-general-de-st-claude%2F\"><i class=\"tg-icon-google-plus\"><\/i><\/a><a class=\"tg-social-share tg-pinterest\" href=\"https:\/\/pinterest.com\/pin\/create\/button\/?url=https%3A%2F%2Ffonds-risq.qc.ca%2Fen%2Fentreprise%2Fmagasin-general-de-st-claude%2F&#038;description=Magasin%20G%C3%A9n%C3%A9ral%20de%20St-Claude&#038;media=https%3A%2F%2Ffonds-risq.qc.ca%2Fwp-content%2Fuploads%2F2023%2F12%2FPhoto-Magasin-St-Claude.png\"><i class=\"tg-icon-pinterest\"><\/i><\/a><\/div><\/div><\/div><div class=\"tg-item-content-holder tg-light image-format\" style=\"background-color:#b7c634\"><span class=\"tg-item-date\">15 December 2023<\/span><h2 class=\"tg-item-title\"><a href=\"https:\/\/fonds-risq.qc.ca\/en\/entreprise\/magasin-general-de-st-claude\/\" target=\"_self\">Magasin G\u00e9n\u00e9ral de St-Claude<\/a><\/h2><span class=\"tg-cats-holder\"><a class=\"filtres_des_entreprises\" href=\"https:\/\/fonds-risq.qc.ca\/en\/filtres_des_entreprises\/2023-en\/\" rel=\"category\" data-term-id=\"252\"><span class=\"tg-item-term\" >2023<\/span><\/a><span>, <\/span><a class=\"filtres_des_entreprises\" href=\"https:\/\/fonds-risq.qc.ca\/en\/filtres_des_entreprises\/coop-en\/\" rel=\"category\" data-term-id=\"151\"><span class=\"tg-item-term\" >COOP<\/span><\/a><span>, <\/span><a class=\"filtres_des_entreprises\" href=\"https:\/\/fonds-risq.qc.ca\/en\/filtres_des_entreprises\/estrie-en\/\" rel=\"category\" data-term-id=\"127\"><span class=\"tg-item-term\" >Estrie<\/span><\/a><span>, <\/span><a class=\"filtres_des_entreprises\" href=\"https:\/\/fonds-risq.qc.ca\/en\/filtres_des_entreprises\/retail-business\/\" rel=\"category\" data-term-id=\"137\"><span class=\"tg-item-term\" >Retail business<\/span><\/a><span>, <\/span><a class=\"filtres_des_entreprises\" href=\"https:\/\/fonds-risq.qc.ca\/en\/filtres_des_entreprises\/pret-pour-aide-technique-en\/\" rel=\"category\" data-term-id=\"146\"><span class=\"tg-item-term\" >Technical assistance loan<\/span><\/a><\/span><div class=\"tg-item-footer\"><a class=\"tg-item-comment\" href=\"https:\/\/fonds-risq.qc.ca\/en\/entreprise\/magasin-general-de-st-claude\/\"  target=\"_self\">No comment<\/a><span class=\"no-ajaxy to-post-like no-liked empty-heart\" data-post-id=\"16997\" title=\"Like\"><span class=\"to-heart-icon\"><svg xmlns=\"http:\/\/www.w3.org\/2000\/svg\" version=\"1.1\" viewBox=\"0 0 64 64\"><g transform=\"translate(0, 0)\"><path stroke-width=\"6\" stroke-linecap=\"square\" stroke-miterlimit=\"10\" d=\"M1,21c0,20,31,38,31,38s31-18,31-38 c0-8.285-6-16-15-16c-8.285,0-16,5.715-16,14c0-8.285-7.715-14-16-14C7,5,1,12.715,1,21z\"><\/path><\/g><\/svg><\/span><span class=\"to-like-count\">0<\/span><\/span><\/div><\/div><\/div><\/article><!-- The Grid item #110 --><article class=\"tg-item tg-post-16975 kampala f252 f163 f246 f248 f144 f150\" data-row=\"1\" data-col=\"1\"><div class=\"tg-item-inner\"><div class=\"tg-item-media-holder tg-light\"><div class=\"tg-item-media-inner\"><img decoding=\"async\" class=\"tg-item-image\" alt=\"\" width=\"960\" height=\"1440\" src=\"https:\/\/fonds-risq.qc.ca\/wp-content\/uploads\/2023\/12\/MOnt-video.jpg\"><\/div><div class=\"tg-center-holder\"><div class=\"tg-center-inner\"><div class=\"tg-item-overlay\"><\/div><a class=\"tg-link-button\" href=\"https:\/\/fonds-risq.qc.ca\/en\/entreprise\/corporation-du-mont-video\/\" target=\"_self\"><i class=\"tg-icon-link\"><\/i><\/a><\/div><\/div><div class=\"tg-item-decoration\"><div class=\"triangle-down-right\" style=\"border-color:#fdd304\"><\/div><\/div><div class=\"tg-item-share-holder\"><div class=\"triangle-up-left\" style=\"border-color:rgba(22,22,22,0.65)\"><\/div><i class=\"tg-icon-reply\" style=\"color:#ffffff\"><\/i><div class=\"tg-share-icons\"><a class=\"tg-social-share tg-facebook\" href=\"https:\/\/www.facebook.com\/sharer.php?u=https%3A%2F%2Ffonds-risq.qc.ca%2Fen%2Fentreprise%2Fcorporation-du-mont-video%2F&#038;t=Corporation%20du%20Mont-Vid%C3%A9o\"><i class=\"tg-icon-facebook\"><\/i><\/a><a class=\"tg-social-share tg-twitter\" href=\"https:\/\/twitter.com\/share?url=https%3A%2F%2Ffonds-risq.qc.ca%2Fen%2Fentreprise%2Fcorporation-du-mont-video%2F&#038;text=Corporation%20du%20Mont-Vid%C3%A9o\"><i class=\"tg-icon-twitter\"><\/i><\/a><a class=\"tg-social-share tg-google-plus\" href=\"https:\/\/plus.google.com\/share?url=https%3A%2F%2Ffonds-risq.qc.ca%2Fen%2Fentreprise%2Fcorporation-du-mont-video%2F\"><i class=\"tg-icon-google-plus\"><\/i><\/a><a class=\"tg-social-share tg-pinterest\" href=\"https:\/\/pinterest.com\/pin\/create\/button\/?url=https%3A%2F%2Ffonds-risq.qc.ca%2Fen%2Fentreprise%2Fcorporation-du-mont-video%2F&#038;description=Corporation%20du%20Mont-Vid%C3%A9o&#038;media=https%3A%2F%2Ffonds-risq.qc.ca%2Fwp-content%2Fuploads%2F2023%2F12%2FMOnt-video.jpg\"><i class=\"tg-icon-pinterest\"><\/i><\/a><\/div><\/div><\/div><div class=\"tg-item-content-holder tg-light image-format\" style=\"background-color:#fdd304\"><span class=\"tg-item-date\">14 December 2023<\/span><h2 class=\"tg-item-title\"><a href=\"https:\/\/fonds-risq.qc.ca\/en\/entreprise\/corporation-du-mont-video\/\" target=\"_self\">Corporation du Mont-Vid\u00e9o<\/a><\/h2><span class=\"tg-cats-holder\"><a class=\"filtres_des_entreprises\" href=\"https:\/\/fonds-risq.qc.ca\/en\/filtres_des_entreprises\/2023-en\/\" rel=\"category\" data-term-id=\"252\"><span class=\"tg-item-term\" >2023<\/span><\/a><span>, <\/span><a class=\"filtres_des_entreprises\" href=\"https:\/\/fonds-risq.qc.ca\/en\/filtres_des_entreprises\/abitibi-temiscamingue-en\/\" rel=\"category\" data-term-id=\"163\"><span class=\"tg-item-term\" >Abitibi-T\u00e9miscamingue<\/span><\/a><span>, <\/span><a class=\"filtres_des_entreprises\" href=\"https:\/\/fonds-risq.qc.ca\/en\/filtres_des_entreprises\/fonds-de-transition-en\/\" rel=\"category\" data-term-id=\"246\"><span class=\"tg-item-term\" >Fonds de Transition<\/span><\/a><span>, <\/span><a class=\"filtres_des_entreprises\" href=\"https:\/\/fonds-risq.qc.ca\/en\/filtres_des_entreprises\/fonds-transition-en\/\" rel=\"category\" data-term-id=\"248\"><span class=\"tg-item-term\" >Fonds Transition<\/span><\/a><span>, <\/span><a class=\"filtres_des_entreprises\" href=\"https:\/\/fonds-risq.qc.ca\/en\/filtres_des_entreprises\/leisure-tourism\/\" rel=\"category\" data-term-id=\"144\"><span class=\"tg-item-term\" >Leisure \/ Tourism<\/span><\/a><span>, <\/span><a class=\"filtres_des_entreprises\" href=\"https:\/\/fonds-risq.qc.ca\/en\/filtres_des_entreprises\/npo\/\" rel=\"category\" data-term-id=\"150\"><span class=\"tg-item-term\" >NPO<\/span><\/a><\/span><div class=\"tg-item-footer\"><a class=\"tg-item-comment\" href=\"https:\/\/fonds-risq.qc.ca\/en\/entreprise\/corporation-du-mont-video\/\"  target=\"_self\">No comment<\/a><span class=\"no-ajaxy to-post-like no-liked empty-heart\" data-post-id=\"16975\" title=\"Like\"><span class=\"to-heart-icon\"><svg xmlns=\"http:\/\/www.w3.org\/2000\/svg\" version=\"1.1\" viewBox=\"0 0 64 64\"><g transform=\"translate(0, 0)\"><path stroke-width=\"6\" stroke-linecap=\"square\" stroke-miterlimit=\"10\" d=\"M1,21c0,20,31,38,31,38s31-18,31-38 c0-8.285-6-16-15-16c-8.285,0-16,5.715-16,14c0-8.285-7.715-14-16-14C7,5,1,12.715,1,21z\"><\/path><\/g><\/svg><\/span><span class=\"to-like-count\">0<\/span><\/span><\/div><\/div><\/div><\/article><!-- The Grid item #111 --><article class=\"tg-item tg-post-16965 kampala f252 f246 f248 f150 f155 f135\" data-row=\"1\" data-col=\"1\"><div class=\"tg-item-inner\"><div class=\"tg-item-media-holder tg-light\"><div class=\"tg-item-media-inner\"><img decoding=\"async\" class=\"tg-item-image\" alt=\"\" width=\"960\" height=\"720\" src=\"https:\/\/fonds-risq.qc.ca\/wp-content\/uploads\/2023\/12\/ceb.jpg\"><\/div><div class=\"tg-center-holder\"><div class=\"tg-center-inner\"><div class=\"tg-item-overlay\"><\/div><a class=\"tg-link-button\" href=\"https:\/\/fonds-risq.qc.ca\/en\/entreprise\/centre-demployabilite-de-la-baie-2\/\" target=\"_self\"><i class=\"tg-icon-link\"><\/i><\/a><\/div><\/div><div class=\"tg-item-decoration\"><div class=\"triangle-down-right\" style=\"border-color:#fdd304\"><\/div><\/div><div class=\"tg-item-share-holder\"><div class=\"triangle-up-left\" style=\"border-color:rgba(22,22,22,0.65)\"><\/div><i class=\"tg-icon-reply\" style=\"color:#ffffff\"><\/i><div class=\"tg-share-icons\"><a class=\"tg-social-share tg-facebook\" href=\"https:\/\/www.facebook.com\/sharer.php?u=https%3A%2F%2Ffonds-risq.qc.ca%2Fen%2Fentreprise%2Fcentre-demployabilite-de-la-baie-2%2F&#038;t=Centre%20d%E2%80%99employabilit%C3%A9%20de%20La%20Baie\"><i class=\"tg-icon-facebook\"><\/i><\/a><a class=\"tg-social-share tg-twitter\" href=\"https:\/\/twitter.com\/share?url=https%3A%2F%2Ffonds-risq.qc.ca%2Fen%2Fentreprise%2Fcentre-demployabilite-de-la-baie-2%2F&#038;text=Centre%20d%E2%80%99employabilit%C3%A9%20de%20La%20Baie\"><i class=\"tg-icon-twitter\"><\/i><\/a><a class=\"tg-social-share tg-google-plus\" href=\"https:\/\/plus.google.com\/share?url=https%3A%2F%2Ffonds-risq.qc.ca%2Fen%2Fentreprise%2Fcentre-demployabilite-de-la-baie-2%2F\"><i class=\"tg-icon-google-plus\"><\/i><\/a><a class=\"tg-social-share tg-pinterest\" href=\"https:\/\/pinterest.com\/pin\/create\/button\/?url=https%3A%2F%2Ffonds-risq.qc.ca%2Fen%2Fentreprise%2Fcentre-demployabilite-de-la-baie-2%2F&#038;description=Centre%20d%E2%80%99employabilit%C3%A9%20de%20La%20Baie&#038;media=https%3A%2F%2Ffonds-risq.qc.ca%2Fwp-content%2Fuploads%2F2023%2F12%2Fceb.jpg\"><i class=\"tg-icon-pinterest\"><\/i><\/a><\/div><\/div><\/div><div class=\"tg-item-content-holder tg-light image-format\" style=\"background-color:#fdd304\"><span class=\"tg-item-date\">14 December 2023<\/span><h2 class=\"tg-item-title\"><a href=\"https:\/\/fonds-risq.qc.ca\/en\/entreprise\/centre-demployabilite-de-la-baie-2\/\" target=\"_self\">Centre d\u2019employabilit\u00e9 de La Baie<\/a><\/h2><span class=\"tg-cats-holder\"><a class=\"filtres_des_entreprises\" href=\"https:\/\/fonds-risq.qc.ca\/en\/filtres_des_entreprises\/2023-en\/\" rel=\"category\" data-term-id=\"252\"><span class=\"tg-item-term\" >2023<\/span><\/a><span>, <\/span><a class=\"filtres_des_entreprises\" href=\"https:\/\/fonds-risq.qc.ca\/en\/filtres_des_entreprises\/fonds-de-transition-en\/\" rel=\"category\" data-term-id=\"246\"><span class=\"tg-item-term\" >Fonds de Transition<\/span><\/a><span>, <\/span><a class=\"filtres_des_entreprises\" href=\"https:\/\/fonds-risq.qc.ca\/en\/filtres_des_entreprises\/fonds-transition-en\/\" rel=\"category\" data-term-id=\"248\"><span class=\"tg-item-term\" >Fonds Transition<\/span><\/a><span>, <\/span><a class=\"filtres_des_entreprises\" href=\"https:\/\/fonds-risq.qc.ca\/en\/filtres_des_entreprises\/npo\/\" rel=\"category\" data-term-id=\"150\"><span class=\"tg-item-term\" >NPO<\/span><\/a><span>, <\/span><a class=\"filtres_des_entreprises\" href=\"https:\/\/fonds-risq.qc.ca\/en\/filtres_des_entreprises\/saguenay-lac-saint-jean-en\/\" rel=\"category\" data-term-id=\"155\"><span class=\"tg-item-term\" >Saguenay-Lac-Saint-Jean<\/span><\/a><span>, <\/span><a class=\"filtres_des_entreprises\" href=\"https:\/\/fonds-risq.qc.ca\/en\/filtres_des_entreprises\/services-en\/\" rel=\"category\" data-term-id=\"135\"><span class=\"tg-item-term\" >Services<\/span><\/a><\/span><div class=\"tg-item-footer\"><a class=\"tg-item-comment\" href=\"https:\/\/fonds-risq.qc.ca\/en\/entreprise\/centre-demployabilite-de-la-baie-2\/\"  target=\"_self\">No comment<\/a><span class=\"no-ajaxy to-post-like no-liked empty-heart\" data-post-id=\"16965\" title=\"Like\"><span class=\"to-heart-icon\"><svg xmlns=\"http:\/\/www.w3.org\/2000\/svg\" version=\"1.1\" viewBox=\"0 0 64 64\"><g transform=\"translate(0, 0)\"><path stroke-width=\"6\" stroke-linecap=\"square\" stroke-miterlimit=\"10\" d=\"M1,21c0,20,31,38,31,38s31-18,31-38 c0-8.285-6-16-15-16c-8.285,0-16,5.715-16,14c0-8.285-7.715-14-16-14C7,5,1,12.715,1,21z\"><\/path><\/g><\/svg><\/span><span class=\"to-like-count\">0<\/span><\/span><\/div><\/div><\/div><\/article><!-- The Grid item #112 --><article class=\"tg-item tg-post-16955 kampala f252 f148 f141 f172 f191 f128 f150\" data-row=\"1\" data-col=\"1\"><div class=\"tg-item-inner\"><div class=\"tg-item-media-holder tg-light\"><div class=\"tg-item-media-inner\"><img decoding=\"async\" class=\"tg-item-image\" alt=\"\" width=\"700\" height=\"394\" src=\"https:\/\/fonds-risq.qc.ca\/wp-content\/uploads\/2023\/12\/julien-poirier-malo-valerie-plante-cibl.png\"><\/div><div class=\"tg-center-holder\"><div class=\"tg-center-inner\"><div class=\"tg-item-overlay\"><\/div><a class=\"tg-link-button\" href=\"https:\/\/fonds-risq.qc.ca\/en\/entreprise\/cibl\/\" target=\"_self\"><i class=\"tg-icon-link\"><\/i><\/a><\/div><\/div><div class=\"tg-item-decoration\"><div class=\"triangle-down-right\" style=\"border-color:#0097c8\"><\/div><\/div><div class=\"tg-item-share-holder\"><div class=\"triangle-up-left\" style=\"border-color:rgba(22,22,22,0.65)\"><\/div><i class=\"tg-icon-reply\" style=\"color:#ffffff\"><\/i><div class=\"tg-share-icons\"><a class=\"tg-social-share tg-facebook\" href=\"https:\/\/www.facebook.com\/sharer.php?u=https%3A%2F%2Ffonds-risq.qc.ca%2Fen%2Fentreprise%2Fcibl%2F&#038;t=CIBL\"><i class=\"tg-icon-facebook\"><\/i><\/a><a class=\"tg-social-share tg-twitter\" href=\"https:\/\/twitter.com\/share?url=https%3A%2F%2Ffonds-risq.qc.ca%2Fen%2Fentreprise%2Fcibl%2F&#038;text=CIBL\"><i class=\"tg-icon-twitter\"><\/i><\/a><a class=\"tg-social-share tg-google-plus\" href=\"https:\/\/plus.google.com\/share?url=https%3A%2F%2Ffonds-risq.qc.ca%2Fen%2Fentreprise%2Fcibl%2F\"><i class=\"tg-icon-google-plus\"><\/i><\/a><a class=\"tg-social-share tg-pinterest\" href=\"https:\/\/pinterest.com\/pin\/create\/button\/?url=https%3A%2F%2Ffonds-risq.qc.ca%2Fen%2Fentreprise%2Fcibl%2F&#038;description=CIBL&#038;media=https%3A%2F%2Ffonds-risq.qc.ca%2Fwp-content%2Fuploads%2F2023%2F12%2Fjulien-poirier-malo-valerie-plante-cibl.png\"><i class=\"tg-icon-pinterest\"><\/i><\/a><\/div><\/div><\/div><div class=\"tg-item-content-holder tg-light image-format\" style=\"background-color:#0097c8\"><span class=\"tg-item-date\">14 December 2023<\/span><h2 class=\"tg-item-title\"><a href=\"https:\/\/fonds-risq.qc.ca\/en\/entreprise\/cibl\/\" target=\"_self\">CIBL<\/a><\/h2><span class=\"tg-cats-holder\"><a class=\"filtres_des_entreprises\" href=\"https:\/\/fonds-risq.qc.ca\/en\/filtres_des_entreprises\/2023-en\/\" rel=\"category\" data-term-id=\"252\"><span class=\"tg-item-term\" >2023<\/span><\/a><span>, <\/span><a class=\"filtres_des_entreprises\" href=\"https:\/\/fonds-risq.qc.ca\/en\/filtres_des_entreprises\/capitalization-loan\/\" rel=\"category\" data-term-id=\"148\"><span class=\"tg-item-term\" >Capitalization loan<\/span><\/a><span>, <\/span><a class=\"filtres_des_entreprises\" href=\"https:\/\/fonds-risq.qc.ca\/en\/filtres_des_entreprises\/communication-en\/\" rel=\"category\" data-term-id=\"141\"><span class=\"tg-item-term\" >Communication<\/span><\/a><span>, <\/span><a class=\"filtres_des_entreprises\" href=\"https:\/\/fonds-risq.qc.ca\/en\/filtres_des_entreprises\/community-media\/\" rel=\"category\" data-term-id=\"172\"><span class=\"tg-item-term\" >Community Media<\/span><\/a><span>, <\/span><a class=\"filtres_des_entreprises\" href=\"https:\/\/fonds-risq.qc.ca\/en\/filtres_des_entreprises\/industrie-de-linformation-en\/\" rel=\"category\" data-term-id=\"191\"><span class=\"tg-item-term\" >Industrie de l&#8217;information<\/span><\/a><span>, <\/span><a class=\"filtres_des_entreprises\" href=\"https:\/\/fonds-risq.qc.ca\/en\/filtres_des_entreprises\/montreal-en\/\" rel=\"category\" data-term-id=\"128\"><span class=\"tg-item-term\" >Montr\u00e9al<\/span><\/a><span>, <\/span><a class=\"filtres_des_entreprises\" href=\"https:\/\/fonds-risq.qc.ca\/en\/filtres_des_entreprises\/npo\/\" rel=\"category\" data-term-id=\"150\"><span class=\"tg-item-term\" >NPO<\/span><\/a><\/span><div class=\"tg-item-footer\"><a class=\"tg-item-comment\" href=\"https:\/\/fonds-risq.qc.ca\/en\/entreprise\/cibl\/\"  target=\"_self\">No comment<\/a><span class=\"no-ajaxy to-post-like no-liked empty-heart\" data-post-id=\"16955\" title=\"Like\"><span class=\"to-heart-icon\"><svg xmlns=\"http:\/\/www.w3.org\/2000\/svg\" version=\"1.1\" viewBox=\"0 0 64 64\"><g transform=\"translate(0, 0)\"><path stroke-width=\"6\" stroke-linecap=\"square\" stroke-miterlimit=\"10\" d=\"M1,21c0,20,31,38,31,38s31-18,31-38 c0-8.285-6-16-15-16c-8.285,0-16,5.715-16,14c0-8.285-7.715-14-16-14C7,5,1,12.715,1,21z\"><\/path><\/g><\/svg><\/span><span class=\"to-like-count\">0<\/span><\/span><\/div><\/div><\/div><\/article><!-- The Grid item #113 --><article class=\"tg-item tg-post-16945 kampala f252 f134 f246 f248 f128 f150\" data-row=\"1\" data-col=\"1\"><div class=\"tg-item-inner\"><div class=\"tg-item-media-holder tg-light\"><div class=\"tg-item-media-inner\"><img decoding=\"async\" class=\"tg-item-image\" alt=\"\" width=\"720\" height=\"540\" src=\"https:\/\/fonds-risq.qc.ca\/wp-content\/uploads\/2023\/12\/Qw4rtz.jpg\"><\/div><div class=\"tg-center-holder\"><div class=\"tg-center-inner\"><div class=\"tg-item-overlay\"><\/div><a class=\"tg-link-button\" href=\"https:\/\/fonds-risq.qc.ca\/en\/entreprise\/productions-gr4nite\/\" target=\"_self\"><i class=\"tg-icon-link\"><\/i><\/a><\/div><\/div><div class=\"tg-item-decoration\"><div class=\"triangle-down-right\" style=\"border-color:#fdd304\"><\/div><\/div><div class=\"tg-item-share-holder\"><div class=\"triangle-up-left\" style=\"border-color:rgba(22,22,22,0.65)\"><\/div><i class=\"tg-icon-reply\" style=\"color:#ffffff\"><\/i><div class=\"tg-share-icons\"><a class=\"tg-social-share tg-facebook\" href=\"https:\/\/www.facebook.com\/sharer.php?u=https%3A%2F%2Ffonds-risq.qc.ca%2Fen%2Fentreprise%2Fproductions-gr4nite%2F&#038;t=Productions%20GR4NITE\"><i class=\"tg-icon-facebook\"><\/i><\/a><a class=\"tg-social-share tg-twitter\" href=\"https:\/\/twitter.com\/share?url=https%3A%2F%2Ffonds-risq.qc.ca%2Fen%2Fentreprise%2Fproductions-gr4nite%2F&#038;text=Productions%20GR4NITE\"><i class=\"tg-icon-twitter\"><\/i><\/a><a class=\"tg-social-share tg-google-plus\" href=\"https:\/\/plus.google.com\/share?url=https%3A%2F%2Ffonds-risq.qc.ca%2Fen%2Fentreprise%2Fproductions-gr4nite%2F\"><i class=\"tg-icon-google-plus\"><\/i><\/a><a class=\"tg-social-share tg-pinterest\" href=\"https:\/\/pinterest.com\/pin\/create\/button\/?url=https%3A%2F%2Ffonds-risq.qc.ca%2Fen%2Fentreprise%2Fproductions-gr4nite%2F&#038;description=Productions%20GR4NITE&#038;media=https%3A%2F%2Ffonds-risq.qc.ca%2Fwp-content%2Fuploads%2F2023%2F12%2FQw4rtz.jpg\"><i class=\"tg-icon-pinterest\"><\/i><\/a><\/div><\/div><\/div><div class=\"tg-item-content-holder tg-light image-format\" style=\"background-color:#fdd304\"><span class=\"tg-item-date\">14 December 2023<\/span><h2 class=\"tg-item-title\"><a href=\"https:\/\/fonds-risq.qc.ca\/en\/entreprise\/productions-gr4nite\/\" target=\"_self\">Productions GR4NITE<\/a><\/h2><span class=\"tg-cats-holder\"><a class=\"filtres_des_entreprises\" href=\"https:\/\/fonds-risq.qc.ca\/en\/filtres_des_entreprises\/2023-en\/\" rel=\"category\" data-term-id=\"252\"><span class=\"tg-item-term\" >2023<\/span><\/a><span>, <\/span><a class=\"filtres_des_entreprises\" href=\"https:\/\/fonds-risq.qc.ca\/en\/filtres_des_entreprises\/arts-and-culture\/\" rel=\"category\" data-term-id=\"134\"><span class=\"tg-item-term\" >Arts and culture<\/span><\/a><span>, <\/span><a class=\"filtres_des_entreprises\" href=\"https:\/\/fonds-risq.qc.ca\/en\/filtres_des_entreprises\/fonds-de-transition-en\/\" rel=\"category\" data-term-id=\"246\"><span class=\"tg-item-term\" >Fonds de Transition<\/span><\/a><span>, <\/span><a class=\"filtres_des_entreprises\" href=\"https:\/\/fonds-risq.qc.ca\/en\/filtres_des_entreprises\/fonds-transition-en\/\" rel=\"category\" data-term-id=\"248\"><span class=\"tg-item-term\" >Fonds Transition<\/span><\/a><span>, <\/span><a class=\"filtres_des_entreprises\" href=\"https:\/\/fonds-risq.qc.ca\/en\/filtres_des_entreprises\/montreal-en\/\" rel=\"category\" data-term-id=\"128\"><span class=\"tg-item-term\" >Montr\u00e9al<\/span><\/a><span>, <\/span><a class=\"filtres_des_entreprises\" href=\"https:\/\/fonds-risq.qc.ca\/en\/filtres_des_entreprises\/npo\/\" rel=\"category\" data-term-id=\"150\"><span class=\"tg-item-term\" >NPO<\/span><\/a><\/span><div class=\"tg-item-footer\"><a class=\"tg-item-comment\" href=\"https:\/\/fonds-risq.qc.ca\/en\/entreprise\/productions-gr4nite\/\"  target=\"_self\">No comment<\/a><span class=\"no-ajaxy to-post-like no-liked empty-heart\" data-post-id=\"16945\" title=\"Like\"><span class=\"to-heart-icon\"><svg xmlns=\"http:\/\/www.w3.org\/2000\/svg\" version=\"1.1\" viewBox=\"0 0 64 64\"><g transform=\"translate(0, 0)\"><path stroke-width=\"6\" stroke-linecap=\"square\" stroke-miterlimit=\"10\" d=\"M1,21c0,20,31,38,31,38s31-18,31-38 c0-8.285-6-16-15-16c-8.285,0-16,5.715-16,14c0-8.285-7.715-14-16-14C7,5,1,12.715,1,21z\"><\/path><\/g><\/svg><\/span><span class=\"to-like-count\">0<\/span><\/span><\/div><\/div><\/div><\/article><!-- The Grid item #114 --><article class=\"tg-item tg-post-16937 kampala f252 f131 f144 f150 f146\" data-row=\"1\" data-col=\"1\"><div class=\"tg-item-inner\"><div class=\"tg-item-media-holder tg-light\"><div class=\"tg-item-media-inner\"><img decoding=\"async\" class=\"tg-item-image\" alt=\"\" width=\"1019\" height=\"632\" src=\"https:\/\/fonds-risq.qc.ca\/wp-content\/uploads\/2023\/12\/Mont-Blanc-val-neigette-Photo.png\"><\/div><div class=\"tg-center-holder\"><div class=\"tg-center-inner\"><div class=\"tg-item-overlay\"><\/div><a class=\"tg-link-button\" href=\"https:\/\/fonds-risq.qc.ca\/en\/entreprise\/mont-blanc\/\" target=\"_self\"><i class=\"tg-icon-link\"><\/i><\/a><\/div><\/div><div class=\"tg-item-decoration\"><div class=\"triangle-down-right\" style=\"border-color:#b7c634\"><\/div><\/div><div class=\"tg-item-share-holder\"><div class=\"triangle-up-left\" style=\"border-color:rgba(22,22,22,0.65)\"><\/div><i class=\"tg-icon-reply\" style=\"color:#ffffff\"><\/i><div class=\"tg-share-icons\"><a class=\"tg-social-share tg-facebook\" href=\"https:\/\/www.facebook.com\/sharer.php?u=https%3A%2F%2Ffonds-risq.qc.ca%2Fen%2Fentreprise%2Fmont-blanc%2F&#038;t=Corporation%20du%20Mont-Blanc\"><i class=\"tg-icon-facebook\"><\/i><\/a><a class=\"tg-social-share tg-twitter\" href=\"https:\/\/twitter.com\/share?url=https%3A%2F%2Ffonds-risq.qc.ca%2Fen%2Fentreprise%2Fmont-blanc%2F&#038;text=Corporation%20du%20Mont-Blanc\"><i class=\"tg-icon-twitter\"><\/i><\/a><a class=\"tg-social-share tg-google-plus\" href=\"https:\/\/plus.google.com\/share?url=https%3A%2F%2Ffonds-risq.qc.ca%2Fen%2Fentreprise%2Fmont-blanc%2F\"><i class=\"tg-icon-google-plus\"><\/i><\/a><a class=\"tg-social-share tg-pinterest\" href=\"https:\/\/pinterest.com\/pin\/create\/button\/?url=https%3A%2F%2Ffonds-risq.qc.ca%2Fen%2Fentreprise%2Fmont-blanc%2F&#038;description=Corporation%20du%20Mont-Blanc&#038;media=https%3A%2F%2Ffonds-risq.qc.ca%2Fwp-content%2Fuploads%2F2023%2F12%2FMont-Blanc-val-neigette-Photo.png\"><i class=\"tg-icon-pinterest\"><\/i><\/a><\/div><\/div><\/div><div class=\"tg-item-content-holder tg-light image-format\" style=\"background-color:#b7c634\"><span class=\"tg-item-date\">14 December 2023<\/span><h2 class=\"tg-item-title\"><a href=\"https:\/\/fonds-risq.qc.ca\/en\/entreprise\/mont-blanc\/\" target=\"_self\">Corporation du Mont-Blanc<\/a><\/h2><span class=\"tg-cats-holder\"><a class=\"filtres_des_entreprises\" href=\"https:\/\/fonds-risq.qc.ca\/en\/filtres_des_entreprises\/2023-en\/\" rel=\"category\" data-term-id=\"252\"><span class=\"tg-item-term\" >2023<\/span><\/a><span>, <\/span><a class=\"filtres_des_entreprises\" href=\"https:\/\/fonds-risq.qc.ca\/en\/filtres_des_entreprises\/bas-saint-laurent-en\/\" rel=\"category\" data-term-id=\"131\"><span class=\"tg-item-term\" >Bas-Saint-Laurent<\/span><\/a><span>, <\/span><a class=\"filtres_des_entreprises\" href=\"https:\/\/fonds-risq.qc.ca\/en\/filtres_des_entreprises\/leisure-tourism\/\" rel=\"category\" data-term-id=\"144\"><span class=\"tg-item-term\" >Leisure \/ Tourism<\/span><\/a><span>, <\/span><a class=\"filtres_des_entreprises\" href=\"https:\/\/fonds-risq.qc.ca\/en\/filtres_des_entreprises\/npo\/\" rel=\"category\" data-term-id=\"150\"><span class=\"tg-item-term\" >NPO<\/span><\/a><span>, <\/span><a class=\"filtres_des_entreprises\" href=\"https:\/\/fonds-risq.qc.ca\/en\/filtres_des_entreprises\/pret-pour-aide-technique-en\/\" rel=\"category\" data-term-id=\"146\"><span class=\"tg-item-term\" >Technical assistance loan<\/span><\/a><\/span><div class=\"tg-item-footer\"><a class=\"tg-item-comment\" href=\"https:\/\/fonds-risq.qc.ca\/en\/entreprise\/mont-blanc\/\"  target=\"_self\">No comment<\/a><span class=\"no-ajaxy to-post-like no-liked empty-heart\" data-post-id=\"16937\" title=\"Like\"><span class=\"to-heart-icon\"><svg xmlns=\"http:\/\/www.w3.org\/2000\/svg\" version=\"1.1\" viewBox=\"0 0 64 64\"><g transform=\"translate(0, 0)\"><path stroke-width=\"6\" stroke-linecap=\"square\" stroke-miterlimit=\"10\" d=\"M1,21c0,20,31,38,31,38s31-18,31-38 c0-8.285-6-16-15-16c-8.285,0-16,5.715-16,14c0-8.285-7.715-14-16-14C7,5,1,12.715,1,21z\"><\/path><\/g><\/svg><\/span><span class=\"to-like-count\">0<\/span><\/span><\/div><\/div><\/div><\/article><!-- The Grid item #115 --><article class=\"tg-item tg-post-16922 kampala f252 f127 f150 f135 f146\" data-row=\"1\" data-col=\"1\"><div class=\"tg-item-inner\"><div class=\"tg-item-media-holder tg-light\"><div class=\"tg-item-media-inner\"><img decoding=\"async\" class=\"tg-item-image\" alt=\"\" width=\"2048\" height=\"1363\" src=\"https:\/\/fonds-risq.qc.ca\/wp-content\/uploads\/2023\/12\/Houppier.jpg\"><\/div><div class=\"tg-center-holder\"><div class=\"tg-center-inner\"><div class=\"tg-item-overlay\"><\/div><a class=\"tg-link-button\" href=\"https:\/\/fonds-risq.qc.ca\/en\/entreprise\/le-houppier\/\" target=\"_self\"><i class=\"tg-icon-link\"><\/i><\/a><\/div><\/div><div class=\"tg-item-decoration\"><div class=\"triangle-down-right\" style=\"border-color:#b7c634\"><\/div><\/div><div class=\"tg-item-share-holder\"><div class=\"triangle-up-left\" style=\"border-color:rgba(22,22,22,0.65)\"><\/div><i class=\"tg-icon-reply\" style=\"color:#ffffff\"><\/i><div class=\"tg-share-icons\"><a class=\"tg-social-share tg-facebook\" href=\"https:\/\/www.facebook.com\/sharer.php?u=https%3A%2F%2Ffonds-risq.qc.ca%2Fen%2Fentreprise%2Fle-houppier%2F&#038;t=Le%20Houppier\"><i class=\"tg-icon-facebook\"><\/i><\/a><a class=\"tg-social-share tg-twitter\" href=\"https:\/\/twitter.com\/share?url=https%3A%2F%2Ffonds-risq.qc.ca%2Fen%2Fentreprise%2Fle-houppier%2F&#038;text=Le%20Houppier\"><i class=\"tg-icon-twitter\"><\/i><\/a><a class=\"tg-social-share tg-google-plus\" href=\"https:\/\/plus.google.com\/share?url=https%3A%2F%2Ffonds-risq.qc.ca%2Fen%2Fentreprise%2Fle-houppier%2F\"><i class=\"tg-icon-google-plus\"><\/i><\/a><a class=\"tg-social-share tg-pinterest\" href=\"https:\/\/pinterest.com\/pin\/create\/button\/?url=https%3A%2F%2Ffonds-risq.qc.ca%2Fen%2Fentreprise%2Fle-houppier%2F&#038;description=Le%20Houppier&#038;media=https%3A%2F%2Ffonds-risq.qc.ca%2Fwp-content%2Fuploads%2F2023%2F12%2FHouppier.jpg\"><i class=\"tg-icon-pinterest\"><\/i><\/a><\/div><\/div><\/div><div class=\"tg-item-content-holder tg-light image-format\" style=\"background-color:#b7c634\"><span class=\"tg-item-date\">14 December 2023<\/span><h2 class=\"tg-item-title\"><a href=\"https:\/\/fonds-risq.qc.ca\/en\/entreprise\/le-houppier\/\" target=\"_self\">Le Houppier<\/a><\/h2><span class=\"tg-cats-holder\"><a class=\"filtres_des_entreprises\" href=\"https:\/\/fonds-risq.qc.ca\/en\/filtres_des_entreprises\/2023-en\/\" rel=\"category\" data-term-id=\"252\"><span class=\"tg-item-term\" >2023<\/span><\/a><span>, <\/span><a class=\"filtres_des_entreprises\" href=\"https:\/\/fonds-risq.qc.ca\/en\/filtres_des_entreprises\/estrie-en\/\" rel=\"category\" data-term-id=\"127\"><span class=\"tg-item-term\" >Estrie<\/span><\/a><span>, <\/span><a class=\"filtres_des_entreprises\" href=\"https:\/\/fonds-risq.qc.ca\/en\/filtres_des_entreprises\/npo\/\" rel=\"category\" data-term-id=\"150\"><span class=\"tg-item-term\" >NPO<\/span><\/a><span>, <\/span><a class=\"filtres_des_entreprises\" href=\"https:\/\/fonds-risq.qc.ca\/en\/filtres_des_entreprises\/services-en\/\" rel=\"category\" data-term-id=\"135\"><span class=\"tg-item-term\" >Services<\/span><\/a><span>, <\/span><a class=\"filtres_des_entreprises\" href=\"https:\/\/fonds-risq.qc.ca\/en\/filtres_des_entreprises\/pret-pour-aide-technique-en\/\" rel=\"category\" data-term-id=\"146\"><span class=\"tg-item-term\" >Technical assistance loan<\/span><\/a><\/span><div class=\"tg-item-footer\"><a class=\"tg-item-comment\" href=\"https:\/\/fonds-risq.qc.ca\/en\/entreprise\/le-houppier\/\"  target=\"_self\">No comment<\/a><span class=\"no-ajaxy to-post-like no-liked empty-heart\" data-post-id=\"16922\" title=\"Like\"><span class=\"to-heart-icon\"><svg xmlns=\"http:\/\/www.w3.org\/2000\/svg\" version=\"1.1\" viewBox=\"0 0 64 64\"><g transform=\"translate(0, 0)\"><path stroke-width=\"6\" stroke-linecap=\"square\" stroke-miterlimit=\"10\" d=\"M1,21c0,20,31,38,31,38s31-18,31-38 c0-8.285-6-16-15-16c-8.285,0-16,5.715-16,14c0-8.285-7.715-14-16-14C7,5,1,12.715,1,21z\"><\/path><\/g><\/svg><\/span><span class=\"to-like-count\">0<\/span><\/span><\/div><\/div><\/div><\/article><!-- The Grid item #116 --><article class=\"tg-item tg-post-16923 kampala f252 f246 f248 f128 f150 f158\" data-row=\"1\" data-col=\"1\"><div class=\"tg-item-inner\"><div class=\"tg-item-media-holder tg-light\"><div class=\"tg-item-media-inner\"><img decoding=\"async\" class=\"tg-item-image\" alt=\"\" width=\"608\" height=\"736\" src=\"https:\/\/fonds-risq.qc.ca\/wp-content\/uploads\/2023\/12\/monresto-st-michel.jpg\"><\/div><div class=\"tg-center-holder\"><div class=\"tg-center-inner\"><div class=\"tg-item-overlay\"><\/div><a class=\"tg-link-button\" href=\"https:\/\/fonds-risq.qc.ca\/en\/entreprise\/mon-resto-saint-michel\/\" target=\"_self\"><i class=\"tg-icon-link\"><\/i><\/a><\/div><\/div><div class=\"tg-item-decoration\"><div class=\"triangle-down-right\" style=\"border-color:#fdd304\"><\/div><\/div><div class=\"tg-item-share-holder\"><div class=\"triangle-up-left\" style=\"border-color:rgba(22,22,22,0.65)\"><\/div><i class=\"tg-icon-reply\" style=\"color:#ffffff\"><\/i><div class=\"tg-share-icons\"><a class=\"tg-social-share tg-facebook\" href=\"https:\/\/www.facebook.com\/sharer.php?u=https%3A%2F%2Ffonds-risq.qc.ca%2Fen%2Fentreprise%2Fmon-resto-saint-michel%2F&#038;t=Mon%20Resto%20Saint-Michel\"><i class=\"tg-icon-facebook\"><\/i><\/a><a class=\"tg-social-share tg-twitter\" href=\"https:\/\/twitter.com\/share?url=https%3A%2F%2Ffonds-risq.qc.ca%2Fen%2Fentreprise%2Fmon-resto-saint-michel%2F&#038;text=Mon%20Resto%20Saint-Michel\"><i class=\"tg-icon-twitter\"><\/i><\/a><a class=\"tg-social-share tg-google-plus\" href=\"https:\/\/plus.google.com\/share?url=https%3A%2F%2Ffonds-risq.qc.ca%2Fen%2Fentreprise%2Fmon-resto-saint-michel%2F\"><i class=\"tg-icon-google-plus\"><\/i><\/a><a class=\"tg-social-share tg-pinterest\" href=\"https:\/\/pinterest.com\/pin\/create\/button\/?url=https%3A%2F%2Ffonds-risq.qc.ca%2Fen%2Fentreprise%2Fmon-resto-saint-michel%2F&#038;description=Mon%20Resto%20Saint-Michel&#038;media=https%3A%2F%2Ffonds-risq.qc.ca%2Fwp-content%2Fuploads%2F2023%2F12%2Fmonresto-st-michel.jpg\"><i class=\"tg-icon-pinterest\"><\/i><\/a><\/div><\/div><\/div><div class=\"tg-item-content-holder tg-light image-format\" style=\"background-color:#fdd304\"><span class=\"tg-item-date\">14 December 2023<\/span><h2 class=\"tg-item-title\"><a href=\"https:\/\/fonds-risq.qc.ca\/en\/entreprise\/mon-resto-saint-michel\/\" target=\"_self\">Mon Resto Saint-Michel<\/a><\/h2><span class=\"tg-cats-holder\"><a class=\"filtres_des_entreprises\" href=\"https:\/\/fonds-risq.qc.ca\/en\/filtres_des_entreprises\/2023-en\/\" rel=\"category\" data-term-id=\"252\"><span class=\"tg-item-term\" >2023<\/span><\/a><span>, <\/span><a class=\"filtres_des_entreprises\" href=\"https:\/\/fonds-risq.qc.ca\/en\/filtres_des_entreprises\/fonds-de-transition-en\/\" rel=\"category\" data-term-id=\"246\"><span class=\"tg-item-term\" >Fonds de Transition<\/span><\/a><span>, <\/span><a class=\"filtres_des_entreprises\" href=\"https:\/\/fonds-risq.qc.ca\/en\/filtres_des_entreprises\/fonds-transition-en\/\" rel=\"category\" data-term-id=\"248\"><span class=\"tg-item-term\" >Fonds Transition<\/span><\/a><span>, <\/span><a class=\"filtres_des_entreprises\" href=\"https:\/\/fonds-risq.qc.ca\/en\/filtres_des_entreprises\/montreal-en\/\" rel=\"category\" data-term-id=\"128\"><span class=\"tg-item-term\" >Montr\u00e9al<\/span><\/a><span>, <\/span><a class=\"filtres_des_entreprises\" href=\"https:\/\/fonds-risq.qc.ca\/en\/filtres_des_entreprises\/npo\/\" rel=\"category\" data-term-id=\"150\"><span class=\"tg-item-term\" >NPO<\/span><\/a><span>, <\/span><a class=\"filtres_des_entreprises\" href=\"https:\/\/fonds-risq.qc.ca\/en\/filtres_des_entreprises\/restaurant\/\" rel=\"category\" data-term-id=\"158\"><span class=\"tg-item-term\" >Restaurant<\/span><\/a><\/span><div class=\"tg-item-footer\"><a class=\"tg-item-comment\" href=\"https:\/\/fonds-risq.qc.ca\/en\/entreprise\/mon-resto-saint-michel\/\"  target=\"_self\">No comment<\/a><span class=\"no-ajaxy to-post-like no-liked empty-heart\" data-post-id=\"16923\" title=\"Like\"><span class=\"to-heart-icon\"><svg xmlns=\"http:\/\/www.w3.org\/2000\/svg\" version=\"1.1\" viewBox=\"0 0 64 64\"><g transform=\"translate(0, 0)\"><path stroke-width=\"6\" stroke-linecap=\"square\" stroke-miterlimit=\"10\" d=\"M1,21c0,20,31,38,31,38s31-18,31-38 c0-8.285-6-16-15-16c-8.285,0-16,5.715-16,14c0-8.285-7.715-14-16-14C7,5,1,12.715,1,21z\"><\/path><\/g><\/svg><\/span><span class=\"to-like-count\">0<\/span><\/span><\/div><\/div><\/div><\/article><!-- The Grid item #117 --><article class=\"tg-item tg-post-16904 kampala f252 f134 f246 f248 f157 f150\" data-row=\"1\" data-col=\"1\"><div class=\"tg-item-inner\"><div class=\"tg-item-media-holder tg-light\"><div class=\"tg-item-media-inner\"><img decoding=\"async\" class=\"tg-item-image\" alt=\"\" width=\"720\" height=\"480\" src=\"https:\/\/fonds-risq.qc.ca\/wp-content\/uploads\/2023\/12\/Synapses.jpg\"><\/div><div class=\"tg-center-holder\"><div class=\"tg-center-inner\"><div class=\"tg-item-overlay\"><\/div><a class=\"tg-link-button\" href=\"https:\/\/fonds-risq.qc.ca\/en\/entreprise\/studio-synapses\/\" target=\"_self\"><i class=\"tg-icon-link\"><\/i><\/a><\/div><\/div><div class=\"tg-item-decoration\"><div class=\"triangle-down-right\" style=\"border-color:#fdd304\"><\/div><\/div><div class=\"tg-item-share-holder\"><div class=\"triangle-up-left\" style=\"border-color:rgba(22,22,22,0.65)\"><\/div><i class=\"tg-icon-reply\" style=\"color:#ffffff\"><\/i><div class=\"tg-share-icons\"><a class=\"tg-social-share tg-facebook\" href=\"https:\/\/www.facebook.com\/sharer.php?u=https%3A%2F%2Ffonds-risq.qc.ca%2Fen%2Fentreprise%2Fstudio-synapses%2F&#038;t=Studio%20Synapses\"><i class=\"tg-icon-facebook\"><\/i><\/a><a class=\"tg-social-share tg-twitter\" href=\"https:\/\/twitter.com\/share?url=https%3A%2F%2Ffonds-risq.qc.ca%2Fen%2Fentreprise%2Fstudio-synapses%2F&#038;text=Studio%20Synapses\"><i class=\"tg-icon-twitter\"><\/i><\/a><a class=\"tg-social-share tg-google-plus\" href=\"https:\/\/plus.google.com\/share?url=https%3A%2F%2Ffonds-risq.qc.ca%2Fen%2Fentreprise%2Fstudio-synapses%2F\"><i class=\"tg-icon-google-plus\"><\/i><\/a><a class=\"tg-social-share tg-pinterest\" href=\"https:\/\/pinterest.com\/pin\/create\/button\/?url=https%3A%2F%2Ffonds-risq.qc.ca%2Fen%2Fentreprise%2Fstudio-synapses%2F&#038;description=Studio%20Synapses&#038;media=https%3A%2F%2Ffonds-risq.qc.ca%2Fwp-content%2Fuploads%2F2023%2F12%2FSynapses.jpg\"><i class=\"tg-icon-pinterest\"><\/i><\/a><\/div><\/div><\/div><div class=\"tg-item-content-holder tg-light image-format\" style=\"background-color:#fdd304\"><span class=\"tg-item-date\">13 December 2023<\/span><h2 class=\"tg-item-title\"><a href=\"https:\/\/fonds-risq.qc.ca\/en\/entreprise\/studio-synapses\/\" target=\"_self\">Studio Synapses<\/a><\/h2><span class=\"tg-cats-holder\"><a class=\"filtres_des_entreprises\" href=\"https:\/\/fonds-risq.qc.ca\/en\/filtres_des_entreprises\/2023-en\/\" rel=\"category\" data-term-id=\"252\"><span class=\"tg-item-term\" >2023<\/span><\/a><span>, <\/span><a class=\"filtres_des_entreprises\" href=\"https:\/\/fonds-risq.qc.ca\/en\/filtres_des_entreprises\/arts-and-culture\/\" rel=\"category\" data-term-id=\"134\"><span class=\"tg-item-term\" >Arts and culture<\/span><\/a><span>, <\/span><a class=\"filtres_des_entreprises\" href=\"https:\/\/fonds-risq.qc.ca\/en\/filtres_des_entreprises\/fonds-de-transition-en\/\" rel=\"category\" data-term-id=\"246\"><span class=\"tg-item-term\" >Fonds de Transition<\/span><\/a><span>, <\/span><a class=\"filtres_des_entreprises\" href=\"https:\/\/fonds-risq.qc.ca\/en\/filtres_des_entreprises\/fonds-transition-en\/\" rel=\"category\" data-term-id=\"248\"><span class=\"tg-item-term\" >Fonds Transition<\/span><\/a><span>, <\/span><a class=\"filtres_des_entreprises\" href=\"https:\/\/fonds-risq.qc.ca\/en\/filtres_des_entreprises\/laval-en\/\" rel=\"category\" data-term-id=\"157\"><span class=\"tg-item-term\" >Laval<\/span><\/a><span>, <\/span><a class=\"filtres_des_entreprises\" href=\"https:\/\/fonds-risq.qc.ca\/en\/filtres_des_entreprises\/npo\/\" rel=\"category\" data-term-id=\"150\"><span class=\"tg-item-term\" >NPO<\/span><\/a><\/span><div class=\"tg-item-footer\"><a class=\"tg-item-comment\" href=\"https:\/\/fonds-risq.qc.ca\/en\/entreprise\/studio-synapses\/\"  target=\"_self\">No comment<\/a><span class=\"no-ajaxy to-post-like no-liked empty-heart\" data-post-id=\"16904\" title=\"Like\"><span class=\"to-heart-icon\"><svg xmlns=\"http:\/\/www.w3.org\/2000\/svg\" version=\"1.1\" viewBox=\"0 0 64 64\"><g transform=\"translate(0, 0)\"><path stroke-width=\"6\" stroke-linecap=\"square\" stroke-miterlimit=\"10\" d=\"M1,21c0,20,31,38,31,38s31-18,31-38 c0-8.285-6-16-15-16c-8.285,0-16,5.715-16,14c0-8.285-7.715-14-16-14C7,5,1,12.715,1,21z\"><\/path><\/g><\/svg><\/span><span class=\"to-like-count\">0<\/span><\/span><\/div><\/div><\/div><\/article><!-- The Grid item #118 --><article class=\"tg-item tg-post-16888 kampala f252 f134 f246 f248 f128 f150\" data-row=\"1\" data-col=\"1\"><div class=\"tg-item-inner\"><div class=\"tg-item-media-holder tg-light\"><div class=\"tg-item-media-inner\"><img decoding=\"async\" class=\"tg-item-image\" alt=\"\" width=\"1440\" height=\"960\" src=\"https:\/\/fonds-risq.qc.ca\/wp-content\/uploads\/2023\/12\/livart.jpg\"><\/div><div class=\"tg-center-holder\"><div class=\"tg-center-inner\"><div class=\"tg-item-overlay\"><\/div><a class=\"tg-link-button\" href=\"https:\/\/fonds-risq.qc.ca\/en\/entreprise\/le-livart\/\" target=\"_self\"><i class=\"tg-icon-link\"><\/i><\/a><\/div><\/div><div class=\"tg-item-decoration\"><div class=\"triangle-down-right\" style=\"border-color:#fdd304\"><\/div><\/div><div class=\"tg-item-share-holder\"><div class=\"triangle-up-left\" style=\"border-color:rgba(22,22,22,0.65)\"><\/div><i class=\"tg-icon-reply\" style=\"color:#ffffff\"><\/i><div class=\"tg-share-icons\"><a class=\"tg-social-share tg-facebook\" href=\"https:\/\/www.facebook.com\/sharer.php?u=https%3A%2F%2Ffonds-risq.qc.ca%2Fen%2Fentreprise%2Fle-livart%2F&#038;t=Le%20Livart\"><i class=\"tg-icon-facebook\"><\/i><\/a><a class=\"tg-social-share tg-twitter\" href=\"https:\/\/twitter.com\/share?url=https%3A%2F%2Ffonds-risq.qc.ca%2Fen%2Fentreprise%2Fle-livart%2F&#038;text=Le%20Livart\"><i class=\"tg-icon-twitter\"><\/i><\/a><a class=\"tg-social-share tg-google-plus\" href=\"https:\/\/plus.google.com\/share?url=https%3A%2F%2Ffonds-risq.qc.ca%2Fen%2Fentreprise%2Fle-livart%2F\"><i class=\"tg-icon-google-plus\"><\/i><\/a><a class=\"tg-social-share tg-pinterest\" href=\"https:\/\/pinterest.com\/pin\/create\/button\/?url=https%3A%2F%2Ffonds-risq.qc.ca%2Fen%2Fentreprise%2Fle-livart%2F&#038;description=Le%20Livart&#038;media=https%3A%2F%2Ffonds-risq.qc.ca%2Fwp-content%2Fuploads%2F2023%2F12%2Flivart.jpg\"><i class=\"tg-icon-pinterest\"><\/i><\/a><\/div><\/div><\/div><div class=\"tg-item-content-holder tg-light image-format\" style=\"background-color:#fdd304\"><span class=\"tg-item-date\">13 December 2023<\/span><h2 class=\"tg-item-title\"><a href=\"https:\/\/fonds-risq.qc.ca\/en\/entreprise\/le-livart\/\" target=\"_self\">Le Livart<\/a><\/h2><span class=\"tg-cats-holder\"><a class=\"filtres_des_entreprises\" href=\"https:\/\/fonds-risq.qc.ca\/en\/filtres_des_entreprises\/2023-en\/\" rel=\"category\" data-term-id=\"252\"><span class=\"tg-item-term\" >2023<\/span><\/a><span>, <\/span><a class=\"filtres_des_entreprises\" href=\"https:\/\/fonds-risq.qc.ca\/en\/filtres_des_entreprises\/arts-and-culture\/\" rel=\"category\" data-term-id=\"134\"><span class=\"tg-item-term\" >Arts and culture<\/span><\/a><span>, <\/span><a class=\"filtres_des_entreprises\" href=\"https:\/\/fonds-risq.qc.ca\/en\/filtres_des_entreprises\/fonds-de-transition-en\/\" rel=\"category\" data-term-id=\"246\"><span class=\"tg-item-term\" >Fonds de Transition<\/span><\/a><span>, <\/span><a class=\"filtres_des_entreprises\" href=\"https:\/\/fonds-risq.qc.ca\/en\/filtres_des_entreprises\/fonds-transition-en\/\" rel=\"category\" data-term-id=\"248\"><span class=\"tg-item-term\" >Fonds Transition<\/span><\/a><span>, <\/span><a class=\"filtres_des_entreprises\" href=\"https:\/\/fonds-risq.qc.ca\/en\/filtres_des_entreprises\/montreal-en\/\" rel=\"category\" data-term-id=\"128\"><span class=\"tg-item-term\" >Montr\u00e9al<\/span><\/a><span>, <\/span><a class=\"filtres_des_entreprises\" href=\"https:\/\/fonds-risq.qc.ca\/en\/filtres_des_entreprises\/npo\/\" rel=\"category\" data-term-id=\"150\"><span class=\"tg-item-term\" >NPO<\/span><\/a><\/span><div class=\"tg-item-footer\"><a class=\"tg-item-comment\" href=\"https:\/\/fonds-risq.qc.ca\/en\/entreprise\/le-livart\/\"  target=\"_self\">No comment<\/a><span class=\"no-ajaxy to-post-like no-liked empty-heart\" data-post-id=\"16888\" title=\"Like\"><span class=\"to-heart-icon\"><svg xmlns=\"http:\/\/www.w3.org\/2000\/svg\" version=\"1.1\" viewBox=\"0 0 64 64\"><g transform=\"translate(0, 0)\"><path stroke-width=\"6\" stroke-linecap=\"square\" stroke-miterlimit=\"10\" d=\"M1,21c0,20,31,38,31,38s31-18,31-38 c0-8.285-6-16-15-16c-8.285,0-16,5.715-16,14c0-8.285-7.715-14-16-14C7,5,1,12.715,1,21z\"><\/path><\/g><\/svg><\/span><span class=\"to-like-count\">0<\/span><\/span><\/div><\/div><\/div><\/article><!-- The Grid item #119 --><article class=\"tg-item tg-post-16870 kampala f252 f148 f141 f172 f151 f191 f128\" data-row=\"1\" data-col=\"1\"><div class=\"tg-item-inner\"><div class=\"tg-item-media-holder tg-light\"><div class=\"tg-item-media-inner\"><img decoding=\"async\" class=\"tg-item-image\" alt=\"\" width=\"3600\" height=\"2400\" src=\"https:\/\/fonds-risq.qc.ca\/wp-content\/uploads\/2023\/12\/Pivot_120522-6-1.jpg\"><\/div><div class=\"tg-center-holder\"><div class=\"tg-center-inner\"><div class=\"tg-item-overlay\"><\/div><a class=\"tg-link-button\" href=\"https:\/\/fonds-risq.qc.ca\/en\/entreprise\/cooperative-pivot\/\" target=\"_self\"><i class=\"tg-icon-link\"><\/i><\/a><\/div><\/div><div class=\"tg-item-decoration\"><div class=\"triangle-down-right\" style=\"border-color:#0097c8\"><\/div><\/div><div class=\"tg-item-share-holder\"><div class=\"triangle-up-left\" style=\"border-color:rgba(22,22,22,0.65)\"><\/div><i class=\"tg-icon-reply\" style=\"color:#ffffff\"><\/i><div class=\"tg-share-icons\"><a class=\"tg-social-share tg-facebook\" href=\"https:\/\/www.facebook.com\/sharer.php?u=https%3A%2F%2Ffonds-risq.qc.ca%2Fen%2Fentreprise%2Fcooperative-pivot%2F&#038;t=Coop%C3%A9rative%20Pivot\"><i class=\"tg-icon-facebook\"><\/i><\/a><a class=\"tg-social-share tg-twitter\" href=\"https:\/\/twitter.com\/share?url=https%3A%2F%2Ffonds-risq.qc.ca%2Fen%2Fentreprise%2Fcooperative-pivot%2F&#038;text=Coop%C3%A9rative%20Pivot\"><i class=\"tg-icon-twitter\"><\/i><\/a><a class=\"tg-social-share tg-google-plus\" href=\"https:\/\/plus.google.com\/share?url=https%3A%2F%2Ffonds-risq.qc.ca%2Fen%2Fentreprise%2Fcooperative-pivot%2F\"><i class=\"tg-icon-google-plus\"><\/i><\/a><a class=\"tg-social-share tg-pinterest\" href=\"https:\/\/pinterest.com\/pin\/create\/button\/?url=https%3A%2F%2Ffonds-risq.qc.ca%2Fen%2Fentreprise%2Fcooperative-pivot%2F&#038;description=Coop%C3%A9rative%20Pivot&#038;media=https%3A%2F%2Ffonds-risq.qc.ca%2Fwp-content%2Fuploads%2F2023%2F12%2FPivot_120522-6-1.jpg\"><i class=\"tg-icon-pinterest\"><\/i><\/a><\/div><\/div><\/div><div class=\"tg-item-content-holder tg-light image-format\" style=\"background-color:#0097c8\"><span class=\"tg-item-date\">12 December 2023<\/span><h2 class=\"tg-item-title\"><a href=\"https:\/\/fonds-risq.qc.ca\/en\/entreprise\/cooperative-pivot\/\" target=\"_self\">Coop\u00e9rative Pivot<\/a><\/h2><span class=\"tg-cats-holder\"><a class=\"filtres_des_entreprises\" href=\"https:\/\/fonds-risq.qc.ca\/en\/filtres_des_entreprises\/2023-en\/\" rel=\"category\" data-term-id=\"252\"><span class=\"tg-item-term\" >2023<\/span><\/a><span>, <\/span><a class=\"filtres_des_entreprises\" href=\"https:\/\/fonds-risq.qc.ca\/en\/filtres_des_entreprises\/capitalization-loan\/\" rel=\"category\" data-term-id=\"148\"><span class=\"tg-item-term\" >Capitalization loan<\/span><\/a><span>, <\/span><a class=\"filtres_des_entreprises\" href=\"https:\/\/fonds-risq.qc.ca\/en\/filtres_des_entreprises\/communication-en\/\" rel=\"category\" data-term-id=\"141\"><span class=\"tg-item-term\" >Communication<\/span><\/a><span>, <\/span><a class=\"filtres_des_entreprises\" href=\"https:\/\/fonds-risq.qc.ca\/en\/filtres_des_entreprises\/community-media\/\" rel=\"category\" data-term-id=\"172\"><span class=\"tg-item-term\" >Community Media<\/span><\/a><span>, <\/span><a class=\"filtres_des_entreprises\" href=\"https:\/\/fonds-risq.qc.ca\/en\/filtres_des_entreprises\/coop-en\/\" rel=\"category\" data-term-id=\"151\"><span class=\"tg-item-term\" >COOP<\/span><\/a><span>, <\/span><a class=\"filtres_des_entreprises\" href=\"https:\/\/fonds-risq.qc.ca\/en\/filtres_des_entreprises\/industrie-de-linformation-en\/\" rel=\"category\" data-term-id=\"191\"><span class=\"tg-item-term\" >Industrie de l&#8217;information<\/span><\/a><span>, <\/span><a class=\"filtres_des_entreprises\" href=\"https:\/\/fonds-risq.qc.ca\/en\/filtres_des_entreprises\/montreal-en\/\" rel=\"category\" data-term-id=\"128\"><span class=\"tg-item-term\" >Montr\u00e9al<\/span><\/a><\/span><div class=\"tg-item-footer\"><a class=\"tg-item-comment\" href=\"https:\/\/fonds-risq.qc.ca\/en\/entreprise\/cooperative-pivot\/\"  target=\"_self\">No comment<\/a><span class=\"no-ajaxy to-post-like no-liked empty-heart\" data-post-id=\"16870\" title=\"Like\"><span class=\"to-heart-icon\"><svg xmlns=\"http:\/\/www.w3.org\/2000\/svg\" version=\"1.1\" viewBox=\"0 0 64 64\"><g transform=\"translate(0, 0)\"><path stroke-width=\"6\" stroke-linecap=\"square\" stroke-miterlimit=\"10\" d=\"M1,21c0,20,31,38,31,38s31-18,31-38 c0-8.285-6-16-15-16c-8.285,0-16,5.715-16,14c0-8.285-7.715-14-16-14C7,5,1,12.715,1,21z\"><\/path><\/g><\/svg><\/span><span class=\"to-like-count\">0<\/span><\/span><\/div><\/div><\/div><\/article><!-- The Grid item #120 --><article class=\"tg-item tg-post-16850 kampala f252 f134 f141 f151 f246 f248 f128\" data-row=\"1\" data-col=\"1\"><div class=\"tg-item-inner\"><div class=\"tg-item-media-holder tg-light\"><div class=\"tg-item-media-inner\"><img decoding=\"async\" class=\"tg-item-image\" alt=\"\" width=\"750\" height=\"995\" src=\"https:\/\/fonds-risq.qc.ca\/wp-content\/uploads\/2023\/12\/funambules.jpg\"><\/div><div class=\"tg-center-holder\"><div class=\"tg-center-inner\"><div class=\"tg-item-overlay\"><\/div><a class=\"tg-link-button\" href=\"https:\/\/fonds-risq.qc.ca\/en\/entreprise\/funambules-medias\/\" target=\"_self\"><i class=\"tg-icon-link\"><\/i><\/a><\/div><\/div><div class=\"tg-item-decoration\"><div class=\"triangle-down-right\" style=\"border-color:#fdd304\"><\/div><\/div><div class=\"tg-item-share-holder\"><div class=\"triangle-up-left\" style=\"border-color:rgba(22,22,22,0.65)\"><\/div><i class=\"tg-icon-reply\" style=\"color:#ffffff\"><\/i><div class=\"tg-share-icons\"><a class=\"tg-social-share tg-facebook\" href=\"https:\/\/www.facebook.com\/sharer.php?u=https%3A%2F%2Ffonds-risq.qc.ca%2Fen%2Fentreprise%2Ffunambules-medias%2F&#038;t=Funambules%20M%C3%A9dias\"><i class=\"tg-icon-facebook\"><\/i><\/a><a class=\"tg-social-share tg-twitter\" href=\"https:\/\/twitter.com\/share?url=https%3A%2F%2Ffonds-risq.qc.ca%2Fen%2Fentreprise%2Ffunambules-medias%2F&#038;text=Funambules%20M%C3%A9dias\"><i class=\"tg-icon-twitter\"><\/i><\/a><a class=\"tg-social-share tg-google-plus\" href=\"https:\/\/plus.google.com\/share?url=https%3A%2F%2Ffonds-risq.qc.ca%2Fen%2Fentreprise%2Ffunambules-medias%2F\"><i class=\"tg-icon-google-plus\"><\/i><\/a><a class=\"tg-social-share tg-pinterest\" href=\"https:\/\/pinterest.com\/pin\/create\/button\/?url=https%3A%2F%2Ffonds-risq.qc.ca%2Fen%2Fentreprise%2Ffunambules-medias%2F&#038;description=Funambules%20M%C3%A9dias&#038;media=https%3A%2F%2Ffonds-risq.qc.ca%2Fwp-content%2Fuploads%2F2023%2F12%2Ffunambules.jpg\"><i class=\"tg-icon-pinterest\"><\/i><\/a><\/div><\/div><\/div><div class=\"tg-item-content-holder tg-light image-format\" style=\"background-color:#fdd304\"><span class=\"tg-item-date\">11 December 2023<\/span><h2 class=\"tg-item-title\"><a href=\"https:\/\/fonds-risq.qc.ca\/en\/entreprise\/funambules-medias\/\" target=\"_self\">Funambules M\u00e9dias<\/a><\/h2><span class=\"tg-cats-holder\"><a class=\"filtres_des_entreprises\" href=\"https:\/\/fonds-risq.qc.ca\/en\/filtres_des_entreprises\/2023-en\/\" rel=\"category\" data-term-id=\"252\"><span class=\"tg-item-term\" >2023<\/span><\/a><span>, <\/span><a class=\"filtres_des_entreprises\" href=\"https:\/\/fonds-risq.qc.ca\/en\/filtres_des_entreprises\/arts-and-culture\/\" rel=\"category\" data-term-id=\"134\"><span class=\"tg-item-term\" >Arts and culture<\/span><\/a><span>, <\/span><a class=\"filtres_des_entreprises\" href=\"https:\/\/fonds-risq.qc.ca\/en\/filtres_des_entreprises\/communication-en\/\" rel=\"category\" data-term-id=\"141\"><span class=\"tg-item-term\" >Communication<\/span><\/a><span>, <\/span><a class=\"filtres_des_entreprises\" href=\"https:\/\/fonds-risq.qc.ca\/en\/filtres_des_entreprises\/coop-en\/\" rel=\"category\" data-term-id=\"151\"><span class=\"tg-item-term\" >COOP<\/span><\/a><span>, <\/span><a class=\"filtres_des_entreprises\" href=\"https:\/\/fonds-risq.qc.ca\/en\/filtres_des_entreprises\/fonds-de-transition-en\/\" rel=\"category\" data-term-id=\"246\"><span class=\"tg-item-term\" >Fonds de Transition<\/span><\/a><span>, <\/span><a class=\"filtres_des_entreprises\" href=\"https:\/\/fonds-risq.qc.ca\/en\/filtres_des_entreprises\/fonds-transition-en\/\" rel=\"category\" data-term-id=\"248\"><span class=\"tg-item-term\" >Fonds Transition<\/span><\/a><span>, <\/span><a class=\"filtres_des_entreprises\" href=\"https:\/\/fonds-risq.qc.ca\/en\/filtres_des_entreprises\/montreal-en\/\" rel=\"category\" data-term-id=\"128\"><span class=\"tg-item-term\" >Montr\u00e9al<\/span><\/a><\/span><div class=\"tg-item-footer\"><a class=\"tg-item-comment\" href=\"https:\/\/fonds-risq.qc.ca\/en\/entreprise\/funambules-medias\/\"  target=\"_self\">No comment<\/a><span class=\"no-ajaxy to-post-like no-liked empty-heart\" data-post-id=\"16850\" title=\"Like\"><span class=\"to-heart-icon\"><svg xmlns=\"http:\/\/www.w3.org\/2000\/svg\" version=\"1.1\" viewBox=\"0 0 64 64\"><g transform=\"translate(0, 0)\"><path stroke-width=\"6\" stroke-linecap=\"square\" stroke-miterlimit=\"10\" d=\"M1,21c0,20,31,38,31,38s31-18,31-38 c0-8.285-6-16-15-16c-8.285,0-16,5.715-16,14c0-8.285-7.715-14-16-14C7,5,1,12.715,1,21z\"><\/path><\/g><\/svg><\/span><span class=\"to-like-count\">0<\/span><\/span><\/div><\/div><\/div><\/article><!-- The Grid item #121 --><article class=\"tg-item tg-post-16796 kampala f252 f151 f155 f135\" data-row=\"1\" data-col=\"1\"><div class=\"tg-item-inner\"><div class=\"tg-item-media-holder tg-light\"><div class=\"tg-item-media-inner\"><img decoding=\"async\" class=\"tg-item-image\" alt=\"\" width=\"2048\" height=\"1365\" src=\"https:\/\/fonds-risq.qc.ca\/wp-content\/uploads\/2023\/11\/systeme-t.jpg\"><\/div><div class=\"tg-center-holder\"><div class=\"tg-center-inner\"><div class=\"tg-item-overlay\"><\/div><a class=\"tg-link-button\" href=\"https:\/\/fonds-risq.qc.ca\/en\/entreprise\/cooperative-systeme-t\/\" target=\"_self\"><i class=\"tg-icon-link\"><\/i><\/a><\/div><\/div><div class=\"tg-item-decoration\"><div class=\"triangle-down-right\" style=\"border-color:#0097c8\"><\/div><\/div><div class=\"tg-item-share-holder\"><div class=\"triangle-up-left\" style=\"border-color:rgba(22,22,22,0.65)\"><\/div><i class=\"tg-icon-reply\" style=\"color:#ffffff\"><\/i><div class=\"tg-share-icons\"><a class=\"tg-social-share tg-facebook\" href=\"https:\/\/www.facebook.com\/sharer.php?u=https%3A%2F%2Ffonds-risq.qc.ca%2Fen%2Fentreprise%2Fcooperative-systeme-t%2F&#038;t=Coop%C3%A9rative%20Syst%C3%A8me%20T\"><i class=\"tg-icon-facebook\"><\/i><\/a><a class=\"tg-social-share tg-twitter\" href=\"https:\/\/twitter.com\/share?url=https%3A%2F%2Ffonds-risq.qc.ca%2Fen%2Fentreprise%2Fcooperative-systeme-t%2F&#038;text=Coop%C3%A9rative%20Syst%C3%A8me%20T\"><i class=\"tg-icon-twitter\"><\/i><\/a><a class=\"tg-social-share tg-google-plus\" href=\"https:\/\/plus.google.com\/share?url=https%3A%2F%2Ffonds-risq.qc.ca%2Fen%2Fentreprise%2Fcooperative-systeme-t%2F\"><i class=\"tg-icon-google-plus\"><\/i><\/a><a class=\"tg-social-share tg-pinterest\" href=\"https:\/\/pinterest.com\/pin\/create\/button\/?url=https%3A%2F%2Ffonds-risq.qc.ca%2Fen%2Fentreprise%2Fcooperative-systeme-t%2F&#038;description=Coop%C3%A9rative%20Syst%C3%A8me%20T&#038;media=https%3A%2F%2Ffonds-risq.qc.ca%2Fwp-content%2Fuploads%2F2023%2F11%2Fsysteme-t.jpg\"><i class=\"tg-icon-pinterest\"><\/i><\/a><\/div><\/div><\/div><div class=\"tg-item-content-holder tg-light image-format\" style=\"background-color:#0097c8\"><span class=\"tg-item-date\">30 November 2023<\/span><h2 class=\"tg-item-title\"><a href=\"https:\/\/fonds-risq.qc.ca\/en\/entreprise\/cooperative-systeme-t\/\" target=\"_self\">Coop\u00e9rative Syst\u00e8me T<\/a><\/h2><span class=\"tg-cats-holder\"><a class=\"filtres_des_entreprises\" href=\"https:\/\/fonds-risq.qc.ca\/en\/filtres_des_entreprises\/2023-en\/\" rel=\"category\" data-term-id=\"252\"><span class=\"tg-item-term\" >2023<\/span><\/a><span>, <\/span><a class=\"filtres_des_entreprises\" href=\"https:\/\/fonds-risq.qc.ca\/en\/filtres_des_entreprises\/coop-en\/\" rel=\"category\" data-term-id=\"151\"><span class=\"tg-item-term\" >COOP<\/span><\/a><span>, <\/span><a class=\"filtres_des_entreprises\" href=\"https:\/\/fonds-risq.qc.ca\/en\/filtres_des_entreprises\/saguenay-lac-saint-jean-en\/\" rel=\"category\" data-term-id=\"155\"><span class=\"tg-item-term\" >Saguenay-Lac-Saint-Jean<\/span><\/a><span>, <\/span><a class=\"filtres_des_entreprises\" href=\"https:\/\/fonds-risq.qc.ca\/en\/filtres_des_entreprises\/services-en\/\" rel=\"category\" data-term-id=\"135\"><span class=\"tg-item-term\" >Services<\/span><\/a><\/span><div class=\"tg-item-footer\"><a class=\"tg-item-comment\" href=\"https:\/\/fonds-risq.qc.ca\/en\/entreprise\/cooperative-systeme-t\/\"  target=\"_self\">No comment<\/a><span class=\"no-ajaxy to-post-like no-liked empty-heart\" data-post-id=\"16796\" title=\"Like\"><span class=\"to-heart-icon\"><svg xmlns=\"http:\/\/www.w3.org\/2000\/svg\" version=\"1.1\" viewBox=\"0 0 64 64\"><g transform=\"translate(0, 0)\"><path stroke-width=\"6\" stroke-linecap=\"square\" stroke-miterlimit=\"10\" d=\"M1,21c0,20,31,38,31,38s31-18,31-38 c0-8.285-6-16-15-16c-8.285,0-16,5.715-16,14c0-8.285-7.715-14-16-14C7,5,1,12.715,1,21z\"><\/path><\/g><\/svg><\/span><span class=\"to-like-count\">0<\/span><\/span><\/div><\/div><\/div><\/article><!-- The Grid item #122 --><article class=\"tg-item tg-post-16784 kampala f252 f151 f144 f128 f146\" data-row=\"1\" data-col=\"1\"><div class=\"tg-item-inner\"><div class=\"tg-item-media-holder tg-light\"><div class=\"tg-item-media-inner\"><img decoding=\"async\" class=\"tg-item-image\" alt=\"\" width=\"815\" height=\"617\" src=\"https:\/\/fonds-risq.qc.ca\/wp-content\/uploads\/2023\/11\/Bateau-coop.png\"><\/div><div class=\"tg-center-holder\"><div class=\"tg-center-inner\"><div class=\"tg-item-overlay\"><\/div><a class=\"tg-link-button\" href=\"https:\/\/fonds-risq.qc.ca\/en\/entreprise\/cooperative-de-solidarite-bateau\/\" target=\"_self\"><i class=\"tg-icon-link\"><\/i><\/a><\/div><\/div><div class=\"tg-item-decoration\"><div class=\"triangle-down-right\" style=\"border-color:#b7c634\"><\/div><\/div><div class=\"tg-item-share-holder\"><div class=\"triangle-up-left\" style=\"border-color:rgba(22,22,22,0.65)\"><\/div><i class=\"tg-icon-reply\" style=\"color:#ffffff\"><\/i><div class=\"tg-share-icons\"><a class=\"tg-social-share tg-facebook\" href=\"https:\/\/www.facebook.com\/sharer.php?u=https%3A%2F%2Ffonds-risq.qc.ca%2Fen%2Fentreprise%2Fcooperative-de-solidarite-bateau%2F&#038;t=Coop%C3%A9rative%20de%20solidarit%C3%A9%20BATEAU\"><i class=\"tg-icon-facebook\"><\/i><\/a><a class=\"tg-social-share tg-twitter\" href=\"https:\/\/twitter.com\/share?url=https%3A%2F%2Ffonds-risq.qc.ca%2Fen%2Fentreprise%2Fcooperative-de-solidarite-bateau%2F&#038;text=Coop%C3%A9rative%20de%20solidarit%C3%A9%20BATEAU\"><i class=\"tg-icon-twitter\"><\/i><\/a><a class=\"tg-social-share tg-google-plus\" href=\"https:\/\/plus.google.com\/share?url=https%3A%2F%2Ffonds-risq.qc.ca%2Fen%2Fentreprise%2Fcooperative-de-solidarite-bateau%2F\"><i class=\"tg-icon-google-plus\"><\/i><\/a><a class=\"tg-social-share tg-pinterest\" href=\"https:\/\/pinterest.com\/pin\/create\/button\/?url=https%3A%2F%2Ffonds-risq.qc.ca%2Fen%2Fentreprise%2Fcooperative-de-solidarite-bateau%2F&#038;description=Coop%C3%A9rative%20de%20solidarit%C3%A9%20BATEAU&#038;media=https%3A%2F%2Ffonds-risq.qc.ca%2Fwp-content%2Fuploads%2F2023%2F11%2FBateau-coop.png\"><i class=\"tg-icon-pinterest\"><\/i><\/a><\/div><\/div><\/div><div class=\"tg-item-content-holder tg-light image-format\" style=\"background-color:#b7c634\"><span class=\"tg-item-date\">30 November 2023<\/span><h2 class=\"tg-item-title\"><a href=\"https:\/\/fonds-risq.qc.ca\/en\/entreprise\/cooperative-de-solidarite-bateau\/\" target=\"_self\">Coop\u00e9rative de solidarit\u00e9 BATEAU<\/a><\/h2><span class=\"tg-cats-holder\"><a class=\"filtres_des_entreprises\" href=\"https:\/\/fonds-risq.qc.ca\/en\/filtres_des_entreprises\/2023-en\/\" rel=\"category\" data-term-id=\"252\"><span class=\"tg-item-term\" >2023<\/span><\/a><span>, <\/span><a class=\"filtres_des_entreprises\" href=\"https:\/\/fonds-risq.qc.ca\/en\/filtres_des_entreprises\/coop-en\/\" rel=\"category\" data-term-id=\"151\"><span class=\"tg-item-term\" >COOP<\/span><\/a><span>, <\/span><a class=\"filtres_des_entreprises\" href=\"https:\/\/fonds-risq.qc.ca\/en\/filtres_des_entreprises\/leisure-tourism\/\" rel=\"category\" data-term-id=\"144\"><span class=\"tg-item-term\" >Leisure \/ Tourism<\/span><\/a><span>, <\/span><a class=\"filtres_des_entreprises\" href=\"https:\/\/fonds-risq.qc.ca\/en\/filtres_des_entreprises\/montreal-en\/\" rel=\"category\" data-term-id=\"128\"><span class=\"tg-item-term\" >Montr\u00e9al<\/span><\/a><span>, <\/span><a class=\"filtres_des_entreprises\" href=\"https:\/\/fonds-risq.qc.ca\/en\/filtres_des_entreprises\/pret-pour-aide-technique-en\/\" rel=\"category\" data-term-id=\"146\"><span class=\"tg-item-term\" >Technical assistance loan<\/span><\/a><\/span><div class=\"tg-item-footer\"><a class=\"tg-item-comment\" href=\"https:\/\/fonds-risq.qc.ca\/en\/entreprise\/cooperative-de-solidarite-bateau\/\"  target=\"_self\">No comment<\/a><span class=\"no-ajaxy to-post-like no-liked empty-heart\" data-post-id=\"16784\" title=\"Like\"><span class=\"to-heart-icon\"><svg xmlns=\"http:\/\/www.w3.org\/2000\/svg\" version=\"1.1\" viewBox=\"0 0 64 64\"><g transform=\"translate(0, 0)\"><path stroke-width=\"6\" stroke-linecap=\"square\" stroke-miterlimit=\"10\" d=\"M1,21c0,20,31,38,31,38s31-18,31-38 c0-8.285-6-16-15-16c-8.285,0-16,5.715-16,14c0-8.285-7.715-14-16-14C7,5,1,12.715,1,21z\"><\/path><\/g><\/svg><\/span><span class=\"to-like-count\">0<\/span><\/span><\/div><\/div><\/div><\/article><!-- The Grid item #123 --><article class=\"tg-item tg-post-16776 kampala f252 f197 f148 f129 f150\" data-row=\"1\" data-col=\"1\"><div class=\"tg-item-inner\"><div class=\"tg-item-media-holder tg-light\"><div class=\"tg-item-media-inner\"><img decoding=\"async\" class=\"tg-item-image\" alt=\"\" width=\"2048\" height=\"1203\" src=\"https:\/\/fonds-risq.qc.ca\/wp-content\/uploads\/2023\/11\/CAB-Rivage.jpg\"><\/div><div class=\"tg-center-holder\"><div class=\"tg-center-inner\"><div class=\"tg-item-overlay\"><\/div><a class=\"tg-link-button\" href=\"https:\/\/fonds-risq.qc.ca\/en\/entreprise\/centre-daction-benevole-du-rivage\/\" target=\"_self\"><i class=\"tg-icon-link\"><\/i><\/a><\/div><\/div><div class=\"tg-item-decoration\"><div class=\"triangle-down-right\" style=\"border-color:#0097c8\"><\/div><\/div><div class=\"tg-item-share-holder\"><div class=\"triangle-up-left\" style=\"border-color:rgba(22,22,22,0.65)\"><\/div><i class=\"tg-icon-reply\" style=\"color:#ffffff\"><\/i><div class=\"tg-share-icons\"><a class=\"tg-social-share tg-facebook\" href=\"https:\/\/www.facebook.com\/sharer.php?u=https%3A%2F%2Ffonds-risq.qc.ca%2Fen%2Fentreprise%2Fcentre-daction-benevole-du-rivage%2F&#038;t=Centre%20d%E2%80%99action%20b%C3%A9n%C3%A9vole%20du%20Rivage\"><i class=\"tg-icon-facebook\"><\/i><\/a><a class=\"tg-social-share tg-twitter\" href=\"https:\/\/twitter.com\/share?url=https%3A%2F%2Ffonds-risq.qc.ca%2Fen%2Fentreprise%2Fcentre-daction-benevole-du-rivage%2F&#038;text=Centre%20d%E2%80%99action%20b%C3%A9n%C3%A9vole%20du%20Rivage\"><i class=\"tg-icon-twitter\"><\/i><\/a><a class=\"tg-social-share tg-google-plus\" href=\"https:\/\/plus.google.com\/share?url=https%3A%2F%2Ffonds-risq.qc.ca%2Fen%2Fentreprise%2Fcentre-daction-benevole-du-rivage%2F\"><i class=\"tg-icon-google-plus\"><\/i><\/a><a class=\"tg-social-share tg-pinterest\" href=\"https:\/\/pinterest.com\/pin\/create\/button\/?url=https%3A%2F%2Ffonds-risq.qc.ca%2Fen%2Fentreprise%2Fcentre-daction-benevole-du-rivage%2F&#038;description=Centre%20d%E2%80%99action%20b%C3%A9n%C3%A9vole%20du%20Rivage&#038;media=https%3A%2F%2Ffonds-risq.qc.ca%2Fwp-content%2Fuploads%2F2023%2F11%2FCAB-Rivage.jpg\"><i class=\"tg-icon-pinterest\"><\/i><\/a><\/div><\/div><\/div><div class=\"tg-item-content-holder tg-light image-format\" style=\"background-color:#0097c8\"><span class=\"tg-item-date\">30 November 2023<\/span><h2 class=\"tg-item-title\"><a href=\"https:\/\/fonds-risq.qc.ca\/en\/entreprise\/centre-daction-benevole-du-rivage\/\" target=\"_self\">Centre d\u2019action b\u00e9n\u00e9vole du Rivage<\/a><\/h2><span class=\"tg-cats-holder\"><a class=\"filtres_des_entreprises\" href=\"https:\/\/fonds-risq.qc.ca\/en\/filtres_des_entreprises\/2023-en\/\" rel=\"category\" data-term-id=\"252\"><span class=\"tg-item-term\" >2023<\/span><\/a><span>, <\/span><a class=\"filtres_des_entreprises\" href=\"https:\/\/fonds-risq.qc.ca\/en\/filtres_des_entreprises\/assistance-sociale-en\/\" rel=\"category\" data-term-id=\"197\"><span class=\"tg-item-term\" >Assistance sociale<\/span><\/a><span>, <\/span><a class=\"filtres_des_entreprises\" href=\"https:\/\/fonds-risq.qc.ca\/en\/filtres_des_entreprises\/capitalization-loan\/\" rel=\"category\" data-term-id=\"148\"><span class=\"tg-item-term\" >Capitalization loan<\/span><\/a><span>, <\/span><a class=\"filtres_des_entreprises\" href=\"https:\/\/fonds-risq.qc.ca\/en\/filtres_des_entreprises\/mauricie-en\/\" rel=\"category\" data-term-id=\"129\"><span class=\"tg-item-term\" >Mauricie<\/span><\/a><span>, <\/span><a class=\"filtres_des_entreprises\" href=\"https:\/\/fonds-risq.qc.ca\/en\/filtres_des_entreprises\/npo\/\" rel=\"category\" data-term-id=\"150\"><span class=\"tg-item-term\" >NPO<\/span><\/a><\/span><div class=\"tg-item-footer\"><a class=\"tg-item-comment\" href=\"https:\/\/fonds-risq.qc.ca\/en\/entreprise\/centre-daction-benevole-du-rivage\/\"  target=\"_self\">No comment<\/a><span class=\"no-ajaxy to-post-like no-liked empty-heart\" data-post-id=\"16776\" title=\"Like\"><span class=\"to-heart-icon\"><svg xmlns=\"http:\/\/www.w3.org\/2000\/svg\" version=\"1.1\" viewBox=\"0 0 64 64\"><g transform=\"translate(0, 0)\"><path stroke-width=\"6\" stroke-linecap=\"square\" stroke-miterlimit=\"10\" d=\"M1,21c0,20,31,38,31,38s31-18,31-38 c0-8.285-6-16-15-16c-8.285,0-16,5.715-16,14c0-8.285-7.715-14-16-14C7,5,1,12.715,1,21z\"><\/path><\/g><\/svg><\/span><span class=\"to-like-count\">0<\/span><\/span><\/div><\/div><\/div><\/article><!-- The Grid item #124 --><article class=\"tg-item tg-post-16699 kampala f252 f148 f151 f156 f206\" data-row=\"1\" data-col=\"1\"><div class=\"tg-item-inner\"><div class=\"tg-item-media-holder tg-light\"><div class=\"tg-item-media-inner\"><img decoding=\"async\" class=\"tg-item-image\" alt=\"\" width=\"1020\" height=\"546\" src=\"https:\/\/fonds-risq.qc.ca\/wp-content\/uploads\/2023\/11\/coopThurso.jpg\"><\/div><div class=\"tg-center-holder\"><div class=\"tg-center-inner\"><div class=\"tg-item-overlay\"><\/div><a class=\"tg-link-button\" href=\"https:\/\/fonds-risq.qc.ca\/en\/entreprise\/cooperative-de-solidarite-en-soins-de-sante-de-thurso\/\" target=\"_self\"><i class=\"tg-icon-link\"><\/i><\/a><\/div><\/div><div class=\"tg-item-decoration\"><div class=\"triangle-down-right\" style=\"border-color:#0097c8\"><\/div><\/div><div class=\"tg-item-share-holder\"><div class=\"triangle-up-left\" style=\"border-color:rgba(22,22,22,0.65)\"><\/div><i class=\"tg-icon-reply\" style=\"color:#ffffff\"><\/i><div class=\"tg-share-icons\"><a class=\"tg-social-share tg-facebook\" href=\"https:\/\/www.facebook.com\/sharer.php?u=https%3A%2F%2Ffonds-risq.qc.ca%2Fen%2Fentreprise%2Fcooperative-de-solidarite-en-soins-de-sante-de-thurso%2F&#038;t=Coop%C3%A9rative%20de%20solidarit%C3%A9%20en%20soins%20de%20sant%C3%A9%20de%20Thurso\"><i class=\"tg-icon-facebook\"><\/i><\/a><a class=\"tg-social-share tg-twitter\" href=\"https:\/\/twitter.com\/share?url=https%3A%2F%2Ffonds-risq.qc.ca%2Fen%2Fentreprise%2Fcooperative-de-solidarite-en-soins-de-sante-de-thurso%2F&#038;text=Coop%C3%A9rative%20de%20solidarit%C3%A9%20en%20soins%20de%20sant%C3%A9%20de%20Thurso\"><i class=\"tg-icon-twitter\"><\/i><\/a><a class=\"tg-social-share tg-google-plus\" href=\"https:\/\/plus.google.com\/share?url=https%3A%2F%2Ffonds-risq.qc.ca%2Fen%2Fentreprise%2Fcooperative-de-solidarite-en-soins-de-sante-de-thurso%2F\"><i class=\"tg-icon-google-plus\"><\/i><\/a><a class=\"tg-social-share tg-pinterest\" href=\"https:\/\/pinterest.com\/pin\/create\/button\/?url=https%3A%2F%2Ffonds-risq.qc.ca%2Fen%2Fentreprise%2Fcooperative-de-solidarite-en-soins-de-sante-de-thurso%2F&#038;description=Coop%C3%A9rative%20de%20solidarit%C3%A9%20en%20soins%20de%20sant%C3%A9%20de%20Thurso&#038;media=https%3A%2F%2Ffonds-risq.qc.ca%2Fwp-content%2Fuploads%2F2023%2F11%2FcoopThurso.jpg\"><i class=\"tg-icon-pinterest\"><\/i><\/a><\/div><\/div><\/div><div class=\"tg-item-content-holder tg-light image-format\" style=\"background-color:#0097c8\"><span class=\"tg-item-date\">28 November 2023<\/span><h2 class=\"tg-item-title\"><a href=\"https:\/\/fonds-risq.qc.ca\/en\/entreprise\/cooperative-de-solidarite-en-soins-de-sante-de-thurso\/\" target=\"_self\">Coop\u00e9rative de solidarit\u00e9 en soins de sant\u00e9 de Thurso<\/a><\/h2><span class=\"tg-cats-holder\"><a class=\"filtres_des_entreprises\" href=\"https:\/\/fonds-risq.qc.ca\/en\/filtres_des_entreprises\/2023-en\/\" rel=\"category\" data-term-id=\"252\"><span class=\"tg-item-term\" >2023<\/span><\/a><span>, <\/span><a class=\"filtres_des_entreprises\" href=\"https:\/\/fonds-risq.qc.ca\/en\/filtres_des_entreprises\/capitalization-loan\/\" rel=\"category\" data-term-id=\"148\"><span class=\"tg-item-term\" >Capitalization loan<\/span><\/a><span>, <\/span><a class=\"filtres_des_entreprises\" href=\"https:\/\/fonds-risq.qc.ca\/en\/filtres_des_entreprises\/coop-en\/\" rel=\"category\" data-term-id=\"151\"><span class=\"tg-item-term\" >COOP<\/span><\/a><span>, <\/span><a class=\"filtres_des_entreprises\" href=\"https:\/\/fonds-risq.qc.ca\/en\/filtres_des_entreprises\/outaouais-en\/\" rel=\"category\" data-term-id=\"156\"><span class=\"tg-item-term\" >Outaouais<\/span><\/a><span>, <\/span><a class=\"filtres_des_entreprises\" href=\"https:\/\/fonds-risq.qc.ca\/en\/filtres_des_entreprises\/services-soins-de-sante-en\/\" rel=\"category\" data-term-id=\"206\"><span class=\"tg-item-term\" >Services soins de sant\u00e9<\/span><\/a><\/span><div class=\"tg-item-footer\"><a class=\"tg-item-comment\" href=\"https:\/\/fonds-risq.qc.ca\/en\/entreprise\/cooperative-de-solidarite-en-soins-de-sante-de-thurso\/\"  target=\"_self\">No comment<\/a><span class=\"no-ajaxy to-post-like no-liked empty-heart\" data-post-id=\"16699\" title=\"Like\"><span class=\"to-heart-icon\"><svg xmlns=\"http:\/\/www.w3.org\/2000\/svg\" version=\"1.1\" viewBox=\"0 0 64 64\"><g transform=\"translate(0, 0)\"><path stroke-width=\"6\" stroke-linecap=\"square\" stroke-miterlimit=\"10\" d=\"M1,21c0,20,31,38,31,38s31-18,31-38 c0-8.285-6-16-15-16c-8.285,0-16,5.715-16,14c0-8.285-7.715-14-16-14C7,5,1,12.715,1,21z\"><\/path><\/g><\/svg><\/span><span class=\"to-like-count\">0<\/span><\/span><\/div><\/div><\/div><\/article><!-- The Grid item #125 --><article class=\"tg-item tg-post-16698 kampala f252 f134 f129 f150 f146\" data-row=\"1\" data-col=\"1\"><div class=\"tg-item-inner\"><div class=\"tg-item-media-holder tg-light\"><div class=\"tg-item-media-inner\"><img decoding=\"async\" class=\"tg-item-image\" alt=\"\" width=\"2048\" height=\"1397\" src=\"https:\/\/fonds-risq.qc.ca\/wp-content\/uploads\/2023\/11\/voisPasaj.2.jpg\"><\/div><div class=\"tg-center-holder\"><div class=\"tg-center-inner\"><div class=\"tg-item-overlay\"><\/div><a class=\"tg-link-button\" href=\"https:\/\/fonds-risq.qc.ca\/en\/entreprise\/voix-de-pasaj\/\" target=\"_self\"><i class=\"tg-icon-link\"><\/i><\/a><\/div><\/div><div class=\"tg-item-decoration\"><div class=\"triangle-down-right\" style=\"border-color:#b7c634\"><\/div><\/div><div class=\"tg-item-share-holder\"><div class=\"triangle-up-left\" style=\"border-color:rgba(22,22,22,0.65)\"><\/div><i class=\"tg-icon-reply\" style=\"color:#ffffff\"><\/i><div class=\"tg-share-icons\"><a class=\"tg-social-share tg-facebook\" href=\"https:\/\/www.facebook.com\/sharer.php?u=https%3A%2F%2Ffonds-risq.qc.ca%2Fen%2Fentreprise%2Fvoix-de-pasaj%2F&#038;t=Voix%20de%20Pasaj\"><i class=\"tg-icon-facebook\"><\/i><\/a><a class=\"tg-social-share tg-twitter\" href=\"https:\/\/twitter.com\/share?url=https%3A%2F%2Ffonds-risq.qc.ca%2Fen%2Fentreprise%2Fvoix-de-pasaj%2F&#038;text=Voix%20de%20Pasaj\"><i class=\"tg-icon-twitter\"><\/i><\/a><a class=\"tg-social-share tg-google-plus\" href=\"https:\/\/plus.google.com\/share?url=https%3A%2F%2Ffonds-risq.qc.ca%2Fen%2Fentreprise%2Fvoix-de-pasaj%2F\"><i class=\"tg-icon-google-plus\"><\/i><\/a><a class=\"tg-social-share tg-pinterest\" href=\"https:\/\/pinterest.com\/pin\/create\/button\/?url=https%3A%2F%2Ffonds-risq.qc.ca%2Fen%2Fentreprise%2Fvoix-de-pasaj%2F&#038;description=Voix%20de%20Pasaj&#038;media=https%3A%2F%2Ffonds-risq.qc.ca%2Fwp-content%2Fuploads%2F2023%2F11%2FvoisPasaj.2.jpg\"><i class=\"tg-icon-pinterest\"><\/i><\/a><\/div><\/div><\/div><div class=\"tg-item-content-holder tg-light image-format\" style=\"background-color:#b7c634\"><span class=\"tg-item-date\">24 November 2023<\/span><h2 class=\"tg-item-title\"><a href=\"https:\/\/fonds-risq.qc.ca\/en\/entreprise\/voix-de-pasaj\/\" target=\"_self\">Voix de Pasaj<\/a><\/h2><span class=\"tg-cats-holder\"><a class=\"filtres_des_entreprises\" href=\"https:\/\/fonds-risq.qc.ca\/en\/filtres_des_entreprises\/2023-en\/\" rel=\"category\" data-term-id=\"252\"><span class=\"tg-item-term\" >2023<\/span><\/a><span>, <\/span><a class=\"filtres_des_entreprises\" href=\"https:\/\/fonds-risq.qc.ca\/en\/filtres_des_entreprises\/arts-and-culture\/\" rel=\"category\" data-term-id=\"134\"><span class=\"tg-item-term\" >Arts and culture<\/span><\/a><span>, <\/span><a class=\"filtres_des_entreprises\" href=\"https:\/\/fonds-risq.qc.ca\/en\/filtres_des_entreprises\/mauricie-en\/\" rel=\"category\" data-term-id=\"129\"><span class=\"tg-item-term\" >Mauricie<\/span><\/a><span>, <\/span><a class=\"filtres_des_entreprises\" href=\"https:\/\/fonds-risq.qc.ca\/en\/filtres_des_entreprises\/npo\/\" rel=\"category\" data-term-id=\"150\"><span class=\"tg-item-term\" >NPO<\/span><\/a><span>, <\/span><a class=\"filtres_des_entreprises\" href=\"https:\/\/fonds-risq.qc.ca\/en\/filtres_des_entreprises\/pret-pour-aide-technique-en\/\" rel=\"category\" data-term-id=\"146\"><span class=\"tg-item-term\" >Technical assistance loan<\/span><\/a><\/span><div class=\"tg-item-footer\"><a class=\"tg-item-comment\" href=\"https:\/\/fonds-risq.qc.ca\/en\/entreprise\/voix-de-pasaj\/\"  target=\"_self\">No comment<\/a><span class=\"no-ajaxy to-post-like no-liked empty-heart\" data-post-id=\"16698\" title=\"Like\"><span class=\"to-heart-icon\"><svg xmlns=\"http:\/\/www.w3.org\/2000\/svg\" version=\"1.1\" viewBox=\"0 0 64 64\"><g transform=\"translate(0, 0)\"><path stroke-width=\"6\" stroke-linecap=\"square\" stroke-miterlimit=\"10\" d=\"M1,21c0,20,31,38,31,38s31-18,31-38 c0-8.285-6-16-15-16c-8.285,0-16,5.715-16,14c0-8.285-7.715-14-16-14C7,5,1,12.715,1,21z\"><\/path><\/g><\/svg><\/span><span class=\"to-like-count\">0<\/span><\/span><\/div><\/div><\/div><\/article><!-- The Grid item #126 --><article class=\"tg-item tg-post-16676 kampala f252 f151 f127 f154 f146\" data-row=\"1\" data-col=\"1\"><div class=\"tg-item-inner\"><div class=\"tg-item-media-holder tg-light\"><div class=\"tg-item-media-inner\"><img decoding=\"async\" class=\"tg-item-image\" alt=\"\" width=\"1656\" height=\"1060\" src=\"https:\/\/fonds-risq.qc.ca\/wp-content\/uploads\/2023\/11\/image.webp\"><\/div><div class=\"tg-center-holder\"><div class=\"tg-center-inner\"><div class=\"tg-item-overlay\"><\/div><a class=\"tg-link-button\" href=\"https:\/\/fonds-risq.qc.ca\/en\/entreprise\/ixia-cooperative-de-solidarite\/\" target=\"_self\"><i class=\"tg-icon-link\"><\/i><\/a><\/div><\/div><div class=\"tg-item-decoration\"><div class=\"triangle-down-right\" style=\"border-color:#b7c634\"><\/div><\/div><div class=\"tg-item-share-holder\"><div class=\"triangle-up-left\" style=\"border-color:rgba(22,22,22,0.65)\"><\/div><i class=\"tg-icon-reply\" style=\"color:#ffffff\"><\/i><div class=\"tg-share-icons\"><a class=\"tg-social-share tg-facebook\" href=\"https:\/\/www.facebook.com\/sharer.php?u=https%3A%2F%2Ffonds-risq.qc.ca%2Fen%2Fentreprise%2Fixia-cooperative-de-solidarite%2F&#038;t=Ixia%2C%20coop%C3%A9rative%20de%20solidarit%C3%A9\"><i class=\"tg-icon-facebook\"><\/i><\/a><a class=\"tg-social-share tg-twitter\" href=\"https:\/\/twitter.com\/share?url=https%3A%2F%2Ffonds-risq.qc.ca%2Fen%2Fentreprise%2Fixia-cooperative-de-solidarite%2F&#038;text=Ixia%2C%20coop%C3%A9rative%20de%20solidarit%C3%A9\"><i class=\"tg-icon-twitter\"><\/i><\/a><a class=\"tg-social-share tg-google-plus\" href=\"https:\/\/plus.google.com\/share?url=https%3A%2F%2Ffonds-risq.qc.ca%2Fen%2Fentreprise%2Fixia-cooperative-de-solidarite%2F\"><i class=\"tg-icon-google-plus\"><\/i><\/a><a class=\"tg-social-share tg-pinterest\" href=\"https:\/\/pinterest.com\/pin\/create\/button\/?url=https%3A%2F%2Ffonds-risq.qc.ca%2Fen%2Fentreprise%2Fixia-cooperative-de-solidarite%2F&#038;description=Ixia%2C%20coop%C3%A9rative%20de%20solidarit%C3%A9&#038;media=https%3A%2F%2Ffonds-risq.qc.ca%2Fwp-content%2Fuploads%2F2023%2F11%2Fimage.webp\"><i class=\"tg-icon-pinterest\"><\/i><\/a><\/div><\/div><\/div><div class=\"tg-item-content-holder tg-light image-format\" style=\"background-color:#b7c634\"><span class=\"tg-item-date\">24 November 2023<\/span><h2 class=\"tg-item-title\"><a href=\"https:\/\/fonds-risq.qc.ca\/en\/entreprise\/ixia-cooperative-de-solidarite\/\" target=\"_self\">Ixia, coop\u00e9rative de solidarit\u00e9<\/a><\/h2><span class=\"tg-cats-holder\"><a class=\"filtres_des_entreprises\" href=\"https:\/\/fonds-risq.qc.ca\/en\/filtres_des_entreprises\/2023-en\/\" rel=\"category\" data-term-id=\"252\"><span class=\"tg-item-term\" >2023<\/span><\/a><span>, <\/span><a class=\"filtres_des_entreprises\" href=\"https:\/\/fonds-risq.qc.ca\/en\/filtres_des_entreprises\/coop-en\/\" rel=\"category\" data-term-id=\"151\"><span class=\"tg-item-term\" >COOP<\/span><\/a><span>, <\/span><a class=\"filtres_des_entreprises\" href=\"https:\/\/fonds-risq.qc.ca\/en\/filtres_des_entreprises\/estrie-en\/\" rel=\"category\" data-term-id=\"127\"><span class=\"tg-item-term\" >Estrie<\/span><\/a><span>, <\/span><a class=\"filtres_des_entreprises\" href=\"https:\/\/fonds-risq.qc.ca\/en\/filtres_des_entreprises\/new-information-technologies\/\" rel=\"category\" data-term-id=\"154\"><span class=\"tg-item-term\" >New information technologies<\/span><\/a><span>, <\/span><a class=\"filtres_des_entreprises\" href=\"https:\/\/fonds-risq.qc.ca\/en\/filtres_des_entreprises\/pret-pour-aide-technique-en\/\" rel=\"category\" data-term-id=\"146\"><span class=\"tg-item-term\" >Technical assistance loan<\/span><\/a><\/span><div class=\"tg-item-footer\"><a class=\"tg-item-comment\" href=\"https:\/\/fonds-risq.qc.ca\/en\/entreprise\/ixia-cooperative-de-solidarite\/\"  target=\"_self\">No comment<\/a><span class=\"no-ajaxy to-post-like no-liked empty-heart\" data-post-id=\"16676\" title=\"Like\"><span class=\"to-heart-icon\"><svg xmlns=\"http:\/\/www.w3.org\/2000\/svg\" version=\"1.1\" viewBox=\"0 0 64 64\"><g transform=\"translate(0, 0)\"><path stroke-width=\"6\" stroke-linecap=\"square\" stroke-miterlimit=\"10\" d=\"M1,21c0,20,31,38,31,38s31-18,31-38 c0-8.285-6-16-15-16c-8.285,0-16,5.715-16,14c0-8.285-7.715-14-16-14C7,5,1,12.715,1,21z\"><\/path><\/g><\/svg><\/span><span class=\"to-like-count\">0<\/span><\/span><\/div><\/div><\/div><\/article><!-- The Grid item #127 --><article class=\"tg-item tg-post-16645 kampala f252 f139 f151 f257 f133\" data-row=\"1\" data-col=\"1\"><div class=\"tg-item-inner\"><div class=\"tg-item-media-holder tg-light\"><div class=\"tg-item-media-inner\"><img decoding=\"async\" class=\"tg-item-image\" alt=\"\" width=\"1640\" height=\"924\" src=\"https:\/\/fonds-risq.qc.ca\/wp-content\/uploads\/2023\/08\/equipe2023siteweb.png\"><\/div><div class=\"tg-center-holder\"><div class=\"tg-center-inner\"><div class=\"tg-item-overlay\"><\/div><a class=\"tg-link-button\" href=\"https:\/\/fonds-risq.qc.ca\/en\/entreprise\/fermepetitsoignons\/\" target=\"_self\"><i class=\"tg-icon-link\"><\/i><\/a><\/div><\/div><div class=\"tg-item-decoration\"><div class=\"triangle-down-right\" style=\"border-color:#dd9933\"><\/div><\/div><div class=\"tg-item-share-holder\"><div class=\"triangle-up-left\" style=\"border-color:rgba(22,22,22,0.65)\"><\/div><i class=\"tg-icon-reply\" style=\"color:#ffffff\"><\/i><div class=\"tg-share-icons\"><a class=\"tg-social-share tg-facebook\" href=\"https:\/\/www.facebook.com\/sharer.php?u=https%3A%2F%2Ffonds-risq.qc.ca%2Fen%2Fentreprise%2Ffermepetitsoignons%2F&#038;t=La%20Ferme%20aux%20petits%20oignons\"><i class=\"tg-icon-facebook\"><\/i><\/a><a class=\"tg-social-share tg-twitter\" href=\"https:\/\/twitter.com\/share?url=https%3A%2F%2Ffonds-risq.qc.ca%2Fen%2Fentreprise%2Ffermepetitsoignons%2F&#038;text=La%20Ferme%20aux%20petits%20oignons\"><i class=\"tg-icon-twitter\"><\/i><\/a><a class=\"tg-social-share tg-google-plus\" href=\"https:\/\/plus.google.com\/share?url=https%3A%2F%2Ffonds-risq.qc.ca%2Fen%2Fentreprise%2Ffermepetitsoignons%2F\"><i class=\"tg-icon-google-plus\"><\/i><\/a><a class=\"tg-social-share tg-pinterest\" href=\"https:\/\/pinterest.com\/pin\/create\/button\/?url=https%3A%2F%2Ffonds-risq.qc.ca%2Fen%2Fentreprise%2Ffermepetitsoignons%2F&#038;description=La%20Ferme%20aux%20petits%20oignons&#038;media=https%3A%2F%2Ffonds-risq.qc.ca%2Fwp-content%2Fuploads%2F2023%2F08%2Fequipe2023siteweb.png\"><i class=\"tg-icon-pinterest\"><\/i><\/a><\/div><\/div><\/div><div class=\"tg-item-content-holder tg-light image-format\" style=\"background-color:#dd9933\"><span class=\"tg-item-date\">25 August 2023<\/span><h2 class=\"tg-item-title\"><a href=\"https:\/\/fonds-risq.qc.ca\/en\/entreprise\/fermepetitsoignons\/\" target=\"_self\">La Ferme aux petits oignons<\/a><\/h2><span class=\"tg-cats-holder\"><a class=\"filtres_des_entreprises\" href=\"https:\/\/fonds-risq.qc.ca\/en\/filtres_des_entreprises\/2023-en\/\" rel=\"category\" data-term-id=\"252\"><span class=\"tg-item-term\" >2023<\/span><\/a><span>, <\/span><a class=\"filtres_des_entreprises\" href=\"https:\/\/fonds-risq.qc.ca\/en\/filtres_des_entreprises\/agriculture-en\/\" rel=\"category\" data-term-id=\"139\"><span class=\"tg-item-term\" >Agriculture<\/span><\/a><span>, <\/span><a class=\"filtres_des_entreprises\" href=\"https:\/\/fonds-risq.qc.ca\/en\/filtres_des_entreprises\/coop-en\/\" rel=\"category\" data-term-id=\"151\"><span class=\"tg-item-term\" >COOP<\/span><\/a><span>, <\/span><a class=\"filtres_des_entreprises\" href=\"https:\/\/fonds-risq.qc.ca\/en\/filtres_des_entreprises\/fonds-lampli-en\/\" rel=\"category\" data-term-id=\"257\"><span class=\"tg-item-term\" >Fonds l&rsquo;ampli<\/span><\/a><span>, <\/span><a class=\"filtres_des_entreprises\" href=\"https:\/\/fonds-risq.qc.ca\/en\/filtres_des_entreprises\/laurentides-en\/\" rel=\"category\" data-term-id=\"133\"><span class=\"tg-item-term\" >Laurentides<\/span><\/a><\/span><div class=\"tg-item-footer\"><a class=\"tg-item-comment\" href=\"https:\/\/fonds-risq.qc.ca\/en\/entreprise\/fermepetitsoignons\/\"  target=\"_self\">No comment<\/a><span class=\"no-ajaxy to-post-like no-liked empty-heart\" data-post-id=\"16645\" title=\"Like\"><span class=\"to-heart-icon\"><svg xmlns=\"http:\/\/www.w3.org\/2000\/svg\" version=\"1.1\" viewBox=\"0 0 64 64\"><g transform=\"translate(0, 0)\"><path stroke-width=\"6\" stroke-linecap=\"square\" stroke-miterlimit=\"10\" d=\"M1,21c0,20,31,38,31,38s31-18,31-38 c0-8.285-6-16-15-16c-8.285,0-16,5.715-16,14c0-8.285-7.715-14-16-14C7,5,1,12.715,1,21z\"><\/path><\/g><\/svg><\/span><span class=\"to-like-count\">0<\/span><\/span><\/div><\/div><\/div><\/article><!-- The Grid item #128 --><article class=\"tg-item tg-post-16113 kampala f252 f151 f246 f248 f166 f144\" data-row=\"1\" data-col=\"1\"><div class=\"tg-item-inner\"><div class=\"tg-item-media-holder tg-light\"><div class=\"tg-item-media-inner\"><img decoding=\"async\" class=\"tg-item-image\" alt=\"\" width=\"530\" height=\"330\" src=\"https:\/\/fonds-risq.qc.ca\/wp-content\/uploads\/2021\/09\/MSP.2.jpg\"><\/div><div class=\"tg-center-holder\"><div class=\"tg-center-inner\"><div class=\"tg-item-overlay\"><\/div><a class=\"tg-link-button\" href=\"https:\/\/fonds-risq.qc.ca\/en\/entreprise\/coop-de-solidarite-du-mont-st-pierre-2\/\" target=\"_self\"><i class=\"tg-icon-link\"><\/i><\/a><\/div><\/div><div class=\"tg-item-decoration\"><div class=\"triangle-down-right\" style=\"border-color:#fdd304\"><\/div><\/div><div class=\"tg-item-share-holder\"><div class=\"triangle-up-left\" style=\"border-color:rgba(22,22,22,0.65)\"><\/div><i class=\"tg-icon-reply\" style=\"color:#ffffff\"><\/i><div class=\"tg-share-icons\"><a class=\"tg-social-share tg-facebook\" href=\"https:\/\/www.facebook.com\/sharer.php?u=https%3A%2F%2Ffonds-risq.qc.ca%2Fen%2Fentreprise%2Fcoop-de-solidarite-du-mont-st-pierre-2%2F&#038;t=Coop%20de%20solidarit%C3%A9%20du%20Mont%20St-Pierre\"><i class=\"tg-icon-facebook\"><\/i><\/a><a class=\"tg-social-share tg-twitter\" href=\"https:\/\/twitter.com\/share?url=https%3A%2F%2Ffonds-risq.qc.ca%2Fen%2Fentreprise%2Fcoop-de-solidarite-du-mont-st-pierre-2%2F&#038;text=Coop%20de%20solidarit%C3%A9%20du%20Mont%20St-Pierre\"><i class=\"tg-icon-twitter\"><\/i><\/a><a class=\"tg-social-share tg-google-plus\" href=\"https:\/\/plus.google.com\/share?url=https%3A%2F%2Ffonds-risq.qc.ca%2Fen%2Fentreprise%2Fcoop-de-solidarite-du-mont-st-pierre-2%2F\"><i class=\"tg-icon-google-plus\"><\/i><\/a><a class=\"tg-social-share tg-pinterest\" href=\"https:\/\/pinterest.com\/pin\/create\/button\/?url=https%3A%2F%2Ffonds-risq.qc.ca%2Fen%2Fentreprise%2Fcoop-de-solidarite-du-mont-st-pierre-2%2F&#038;description=Coop%20de%20solidarit%C3%A9%20du%20Mont%20St-Pierre&#038;media=https%3A%2F%2Ffonds-risq.qc.ca%2Fwp-content%2Fuploads%2F2021%2F09%2FMSP.2.jpg\"><i class=\"tg-icon-pinterest\"><\/i><\/a><\/div><\/div><\/div><div class=\"tg-item-content-holder tg-light image-format\" style=\"background-color:#fdd304\"><span class=\"tg-item-date\">1 August 2023<\/span><h2 class=\"tg-item-title\"><a href=\"https:\/\/fonds-risq.qc.ca\/en\/entreprise\/coop-de-solidarite-du-mont-st-pierre-2\/\" target=\"_self\">Coop de solidarit\u00e9 du Mont St-Pierre<\/a><\/h2><span class=\"tg-cats-holder\"><a class=\"filtres_des_entreprises\" href=\"https:\/\/fonds-risq.qc.ca\/en\/filtres_des_entreprises\/2023-en\/\" rel=\"category\" data-term-id=\"252\"><span class=\"tg-item-term\" >2023<\/span><\/a><span>, <\/span><a class=\"filtres_des_entreprises\" href=\"https:\/\/fonds-risq.qc.ca\/en\/filtres_des_entreprises\/coop-en\/\" rel=\"category\" data-term-id=\"151\"><span class=\"tg-item-term\" >COOP<\/span><\/a><span>, <\/span><a class=\"filtres_des_entreprises\" href=\"https:\/\/fonds-risq.qc.ca\/en\/filtres_des_entreprises\/fonds-de-transition-en\/\" rel=\"category\" data-term-id=\"246\"><span class=\"tg-item-term\" >Fonds de Transition<\/span><\/a><span>, <\/span><a class=\"filtres_des_entreprises\" href=\"https:\/\/fonds-risq.qc.ca\/en\/filtres_des_entreprises\/fonds-transition-en\/\" rel=\"category\" data-term-id=\"248\"><span class=\"tg-item-term\" >Fonds Transition<\/span><\/a><span>, <\/span><a class=\"filtres_des_entreprises\" href=\"https:\/\/fonds-risq.qc.ca\/en\/filtres_des_entreprises\/gaspesie-iles-de-la-madeleine-en\/\" rel=\"category\" data-term-id=\"166\"><span class=\"tg-item-term\" >Gasp\u00e9sie-\u00celes-de-la-Madeleine<\/span><\/a><span>, <\/span><a class=\"filtres_des_entreprises\" href=\"https:\/\/fonds-risq.qc.ca\/en\/filtres_des_entreprises\/leisure-tourism\/\" rel=\"category\" data-term-id=\"144\"><span class=\"tg-item-term\" >Leisure \/ Tourism<\/span><\/a><\/span><div class=\"tg-item-footer\"><a class=\"tg-item-comment\" href=\"https:\/\/fonds-risq.qc.ca\/en\/entreprise\/coop-de-solidarite-du-mont-st-pierre-2\/\"  target=\"_self\">No comment<\/a><span class=\"no-ajaxy to-post-like no-liked empty-heart\" data-post-id=\"16113\" title=\"Like\"><span class=\"to-heart-icon\"><svg xmlns=\"http:\/\/www.w3.org\/2000\/svg\" version=\"1.1\" viewBox=\"0 0 64 64\"><g transform=\"translate(0, 0)\"><path stroke-width=\"6\" stroke-linecap=\"square\" stroke-miterlimit=\"10\" d=\"M1,21c0,20,31,38,31,38s31-18,31-38 c0-8.285-6-16-15-16c-8.285,0-16,5.715-16,14c0-8.285-7.715-14-16-14C7,5,1,12.715,1,21z\"><\/path><\/g><\/svg><\/span><span class=\"to-like-count\">0<\/span><\/span><\/div><\/div><\/div><\/article><!-- The Grid item #129 --><article class=\"tg-item tg-post-16105 kampala f252 f197 f246 f248 f133 f150 f160\" data-row=\"1\" data-col=\"1\"><div class=\"tg-item-inner\"><div class=\"tg-item-media-holder tg-light\"><div class=\"tg-item-media-inner\"><img decoding=\"async\" class=\"tg-item-image\" alt=\"\" width=\"4000\" height=\"3000\" src=\"https:\/\/fonds-risq.qc.ca\/wp-content\/uploads\/2023\/08\/Magasin-facade-scaled.jpg\"><\/div><div class=\"tg-center-holder\"><div class=\"tg-center-inner\"><div class=\"tg-item-overlay\"><\/div><a class=\"tg-link-button\" href=\"https:\/\/fonds-risq.qc.ca\/en\/entreprise\/comptoir-depanne-tout-ste-therese\/\" target=\"_self\"><i class=\"tg-icon-link\"><\/i><\/a><\/div><\/div><div class=\"tg-item-decoration\"><div class=\"triangle-down-right\" style=\"border-color:#fdd304\"><\/div><\/div><div class=\"tg-item-share-holder\"><div class=\"triangle-up-left\" style=\"border-color:rgba(22,22,22,0.65)\"><\/div><i class=\"tg-icon-reply\" style=\"color:#ffffff\"><\/i><div class=\"tg-share-icons\"><a class=\"tg-social-share tg-facebook\" href=\"https:\/\/www.facebook.com\/sharer.php?u=https%3A%2F%2Ffonds-risq.qc.ca%2Fen%2Fentreprise%2Fcomptoir-depanne-tout-ste-therese%2F&#038;t=Ressourcerie%20D%C3%A9panne-Tout\"><i class=\"tg-icon-facebook\"><\/i><\/a><a class=\"tg-social-share tg-twitter\" href=\"https:\/\/twitter.com\/share?url=https%3A%2F%2Ffonds-risq.qc.ca%2Fen%2Fentreprise%2Fcomptoir-depanne-tout-ste-therese%2F&#038;text=Ressourcerie%20D%C3%A9panne-Tout\"><i class=\"tg-icon-twitter\"><\/i><\/a><a class=\"tg-social-share tg-google-plus\" href=\"https:\/\/plus.google.com\/share?url=https%3A%2F%2Ffonds-risq.qc.ca%2Fen%2Fentreprise%2Fcomptoir-depanne-tout-ste-therese%2F\"><i class=\"tg-icon-google-plus\"><\/i><\/a><a class=\"tg-social-share tg-pinterest\" href=\"https:\/\/pinterest.com\/pin\/create\/button\/?url=https%3A%2F%2Ffonds-risq.qc.ca%2Fen%2Fentreprise%2Fcomptoir-depanne-tout-ste-therese%2F&#038;description=Ressourcerie%20D%C3%A9panne-Tout&#038;media=https%3A%2F%2Ffonds-risq.qc.ca%2Fwp-content%2Fuploads%2F2023%2F08%2FMagasin-facade-scaled.jpg\"><i class=\"tg-icon-pinterest\"><\/i><\/a><\/div><\/div><\/div><div class=\"tg-item-content-holder tg-light image-format\" style=\"background-color:#fdd304\"><span class=\"tg-item-date\">1 August 2023<\/span><h2 class=\"tg-item-title\"><a href=\"https:\/\/fonds-risq.qc.ca\/en\/entreprise\/comptoir-depanne-tout-ste-therese\/\" target=\"_self\">Ressourcerie D\u00e9panne-Tout<\/a><\/h2><span class=\"tg-cats-holder\"><a class=\"filtres_des_entreprises\" href=\"https:\/\/fonds-risq.qc.ca\/en\/filtres_des_entreprises\/2023-en\/\" rel=\"category\" data-term-id=\"252\"><span class=\"tg-item-term\" >2023<\/span><\/a><span>, <\/span><a class=\"filtres_des_entreprises\" href=\"https:\/\/fonds-risq.qc.ca\/en\/filtres_des_entreprises\/assistance-sociale-en\/\" rel=\"category\" data-term-id=\"197\"><span class=\"tg-item-term\" >Assistance sociale<\/span><\/a><span>, <\/span><a class=\"filtres_des_entreprises\" href=\"https:\/\/fonds-risq.qc.ca\/en\/filtres_des_entreprises\/fonds-de-transition-en\/\" rel=\"category\" data-term-id=\"246\"><span class=\"tg-item-term\" >Fonds de Transition<\/span><\/a><span>, <\/span><a class=\"filtres_des_entreprises\" href=\"https:\/\/fonds-risq.qc.ca\/en\/filtres_des_entreprises\/fonds-transition-en\/\" rel=\"category\" data-term-id=\"248\"><span class=\"tg-item-term\" >Fonds Transition<\/span><\/a><span>, <\/span><a class=\"filtres_des_entreprises\" href=\"https:\/\/fonds-risq.qc.ca\/en\/filtres_des_entreprises\/laurentides-en\/\" rel=\"category\" data-term-id=\"133\"><span class=\"tg-item-term\" >Laurentides<\/span><\/a><span>, <\/span><a class=\"filtres_des_entreprises\" href=\"https:\/\/fonds-risq.qc.ca\/en\/filtres_des_entreprises\/npo\/\" rel=\"category\" data-term-id=\"150\"><span class=\"tg-item-term\" >NPO<\/span><\/a><span>, <\/span><a class=\"filtres_des_entreprises\" href=\"https:\/\/fonds-risq.qc.ca\/en\/filtres_des_entreprises\/ressourcerie-en\/\" rel=\"category\" data-term-id=\"160\"><span class=\"tg-item-term\" >Ressourcerie<\/span><\/a><\/span><div class=\"tg-item-footer\"><a class=\"tg-item-comment\" href=\"https:\/\/fonds-risq.qc.ca\/en\/entreprise\/comptoir-depanne-tout-ste-therese\/\"  target=\"_self\">No comment<\/a><span class=\"no-ajaxy to-post-like no-liked empty-heart\" data-post-id=\"16105\" title=\"Like\"><span class=\"to-heart-icon\"><svg xmlns=\"http:\/\/www.w3.org\/2000\/svg\" version=\"1.1\" viewBox=\"0 0 64 64\"><g transform=\"translate(0, 0)\"><path stroke-width=\"6\" stroke-linecap=\"square\" stroke-miterlimit=\"10\" d=\"M1,21c0,20,31,38,31,38s31-18,31-38 c0-8.285-6-16-15-16c-8.285,0-16,5.715-16,14c0-8.285-7.715-14-16-14C7,5,1,12.715,1,21z\"><\/path><\/g><\/svg><\/span><span class=\"to-like-count\">0<\/span><\/span><\/div><\/div><\/div><\/article><!-- The Grid item #130 --><article class=\"tg-item tg-post-16677 kampala f252 f164 f246 f248 f144 f171 f150\" data-row=\"1\" data-col=\"1\"><div class=\"tg-item-inner\"><div class=\"tg-item-media-holder tg-light\"><div class=\"tg-item-media-inner\"><img decoding=\"async\" class=\"tg-item-image\" alt=\"\" width=\"801\" height=\"633\" src=\"https:\/\/fonds-risq.qc.ca\/wp-content\/uploads\/2023\/08\/Riviere-Gentilly-Photo.png\"><\/div><div class=\"tg-center-holder\"><div class=\"tg-center-inner\"><div class=\"tg-item-overlay\"><\/div><a class=\"tg-link-button\" href=\"https:\/\/fonds-risq.qc.ca\/en\/entreprise\/association-pour-la-mise-en-valeur-de-la-riviere-gentilly\/\" target=\"_self\"><i class=\"tg-icon-link\"><\/i><\/a><\/div><\/div><div class=\"tg-item-decoration\"><div class=\"triangle-down-right\" style=\"border-color:#fdd304\"><\/div><\/div><div class=\"tg-item-share-holder\"><div class=\"triangle-up-left\" style=\"border-color:rgba(22,22,22,0.65)\"><\/div><i class=\"tg-icon-reply\" style=\"color:#ffffff\"><\/i><div class=\"tg-share-icons\"><a class=\"tg-social-share tg-facebook\" href=\"https:\/\/www.facebook.com\/sharer.php?u=https%3A%2F%2Ffonds-risq.qc.ca%2Fen%2Fentreprise%2Fassociation-pour-la-mise-en-valeur-de-la-riviere-gentilly%2F&#038;t=Association%20pour%20la%20mise%20en%20valeur%20de%20la%20Rivi%C3%A8re%20Gentilly\"><i class=\"tg-icon-facebook\"><\/i><\/a><a class=\"tg-social-share tg-twitter\" href=\"https:\/\/twitter.com\/share?url=https%3A%2F%2Ffonds-risq.qc.ca%2Fen%2Fentreprise%2Fassociation-pour-la-mise-en-valeur-de-la-riviere-gentilly%2F&#038;text=Association%20pour%20la%20mise%20en%20valeur%20de%20la%20Rivi%C3%A8re%20Gentilly\"><i class=\"tg-icon-twitter\"><\/i><\/a><a class=\"tg-social-share tg-google-plus\" href=\"https:\/\/plus.google.com\/share?url=https%3A%2F%2Ffonds-risq.qc.ca%2Fen%2Fentreprise%2Fassociation-pour-la-mise-en-valeur-de-la-riviere-gentilly%2F\"><i class=\"tg-icon-google-plus\"><\/i><\/a><a class=\"tg-social-share tg-pinterest\" href=\"https:\/\/pinterest.com\/pin\/create\/button\/?url=https%3A%2F%2Ffonds-risq.qc.ca%2Fen%2Fentreprise%2Fassociation-pour-la-mise-en-valeur-de-la-riviere-gentilly%2F&#038;description=Association%20pour%20la%20mise%20en%20valeur%20de%20la%20Rivi%C3%A8re%20Gentilly&#038;media=https%3A%2F%2Ffonds-risq.qc.ca%2Fwp-content%2Fuploads%2F2023%2F08%2FRiviere-Gentilly-Photo.png\"><i class=\"tg-icon-pinterest\"><\/i><\/a><\/div><\/div><\/div><div class=\"tg-item-content-holder tg-light image-format\" style=\"background-color:#fdd304\"><span class=\"tg-item-date\">1 August 2023<\/span><h2 class=\"tg-item-title\"><a href=\"https:\/\/fonds-risq.qc.ca\/en\/entreprise\/association-pour-la-mise-en-valeur-de-la-riviere-gentilly\/\" target=\"_self\">Association pour la mise en valeur de la Rivi\u00e8re Gentilly<\/a><\/h2><span class=\"tg-cats-holder\"><a class=\"filtres_des_entreprises\" href=\"https:\/\/fonds-risq.qc.ca\/en\/filtres_des_entreprises\/2023-en\/\" rel=\"category\" data-term-id=\"252\"><span class=\"tg-item-term\" >2023<\/span><\/a><span>, <\/span><a class=\"filtres_des_entreprises\" href=\"https:\/\/fonds-risq.qc.ca\/en\/filtres_des_entreprises\/centre-du-quebec-en\/\" rel=\"category\" data-term-id=\"164\"><span class=\"tg-item-term\" >Centre-du-Qu\u00e9bec<\/span><\/a><span>, <\/span><a class=\"filtres_des_entreprises\" href=\"https:\/\/fonds-risq.qc.ca\/en\/filtres_des_entreprises\/fonds-de-transition-en\/\" rel=\"category\" data-term-id=\"246\"><span class=\"tg-item-term\" >Fonds de Transition<\/span><\/a><span>, <\/span><a class=\"filtres_des_entreprises\" href=\"https:\/\/fonds-risq.qc.ca\/en\/filtres_des_entreprises\/fonds-transition-en\/\" rel=\"category\" data-term-id=\"248\"><span class=\"tg-item-term\" >Fonds Transition<\/span><\/a><span>, <\/span><a class=\"filtres_des_entreprises\" href=\"https:\/\/fonds-risq.qc.ca\/en\/filtres_des_entreprises\/leisure-tourism\/\" rel=\"category\" data-term-id=\"144\"><span class=\"tg-item-term\" >Leisure \/ Tourism<\/span><\/a><span>, <\/span><a class=\"filtres_des_entreprises\" href=\"https:\/\/fonds-risq.qc.ca\/en\/filtres_des_entreprises\/lodging\/\" rel=\"category\" data-term-id=\"171\"><span class=\"tg-item-term\" >Lodging<\/span><\/a><span>, <\/span><a class=\"filtres_des_entreprises\" href=\"https:\/\/fonds-risq.qc.ca\/en\/filtres_des_entreprises\/npo\/\" rel=\"category\" data-term-id=\"150\"><span class=\"tg-item-term\" >NPO<\/span><\/a><\/span><div class=\"tg-item-footer\"><a class=\"tg-item-comment\" href=\"https:\/\/fonds-risq.qc.ca\/en\/entreprise\/association-pour-la-mise-en-valeur-de-la-riviere-gentilly\/\"  target=\"_self\">No comment<\/a><span class=\"no-ajaxy to-post-like no-liked empty-heart\" data-post-id=\"16677\" title=\"Like\"><span class=\"to-heart-icon\"><svg xmlns=\"http:\/\/www.w3.org\/2000\/svg\" version=\"1.1\" viewBox=\"0 0 64 64\"><g transform=\"translate(0, 0)\"><path stroke-width=\"6\" stroke-linecap=\"square\" stroke-miterlimit=\"10\" d=\"M1,21c0,20,31,38,31,38s31-18,31-38 c0-8.285-6-16-15-16c-8.285,0-16,5.715-16,14c0-8.285-7.715-14-16-14C7,5,1,12.715,1,21z\"><\/path><\/g><\/svg><\/span><span class=\"to-like-count\">0<\/span><\/span><\/div><\/div><\/div><\/article><!-- The Grid item #131 --><article class=\"tg-item tg-post-16076 kampala f252 f151 f246 f248 f128 f135\" data-row=\"1\" data-col=\"1\"><div class=\"tg-item-inner\"><div class=\"tg-item-media-holder tg-light\"><div class=\"tg-item-media-inner\"><img decoding=\"async\" class=\"tg-item-image\" alt=\"\" width=\"1557\" height=\"1055\" src=\"https:\/\/fonds-risq.qc.ca\/wp-content\/uploads\/2023\/07\/Ecto.jpg\"><\/div><div class=\"tg-center-holder\"><div class=\"tg-center-inner\"><div class=\"tg-item-overlay\"><\/div><a class=\"tg-link-button\" href=\"https:\/\/fonds-risq.qc.ca\/en\/entreprise\/ecto\/\" target=\"_self\"><i class=\"tg-icon-link\"><\/i><\/a><\/div><\/div><div class=\"tg-item-decoration\"><div class=\"triangle-down-right\" style=\"border-color:#fdd304\"><\/div><\/div><div class=\"tg-item-share-holder\"><div class=\"triangle-up-left\" style=\"border-color:rgba(22,22,22,0.65)\"><\/div><i class=\"tg-icon-reply\" style=\"color:#ffffff\"><\/i><div class=\"tg-share-icons\"><a class=\"tg-social-share tg-facebook\" href=\"https:\/\/www.facebook.com\/sharer.php?u=https%3A%2F%2Ffonds-risq.qc.ca%2Fen%2Fentreprise%2Fecto%2F&#038;t=ECTO\"><i class=\"tg-icon-facebook\"><\/i><\/a><a class=\"tg-social-share tg-twitter\" href=\"https:\/\/twitter.com\/share?url=https%3A%2F%2Ffonds-risq.qc.ca%2Fen%2Fentreprise%2Fecto%2F&#038;text=ECTO\"><i class=\"tg-icon-twitter\"><\/i><\/a><a class=\"tg-social-share tg-google-plus\" href=\"https:\/\/plus.google.com\/share?url=https%3A%2F%2Ffonds-risq.qc.ca%2Fen%2Fentreprise%2Fecto%2F\"><i class=\"tg-icon-google-plus\"><\/i><\/a><a class=\"tg-social-share tg-pinterest\" href=\"https:\/\/pinterest.com\/pin\/create\/button\/?url=https%3A%2F%2Ffonds-risq.qc.ca%2Fen%2Fentreprise%2Fecto%2F&#038;description=ECTO&#038;media=https%3A%2F%2Ffonds-risq.qc.ca%2Fwp-content%2Fuploads%2F2023%2F07%2FEcto.jpg\"><i class=\"tg-icon-pinterest\"><\/i><\/a><\/div><\/div><\/div><div class=\"tg-item-content-holder tg-light image-format\" style=\"background-color:#fdd304\"><span class=\"tg-item-date\">28 July 2023<\/span><h2 class=\"tg-item-title\"><a href=\"https:\/\/fonds-risq.qc.ca\/en\/entreprise\/ecto\/\" target=\"_self\">ECTO<\/a><\/h2><span class=\"tg-cats-holder\"><a class=\"filtres_des_entreprises\" href=\"https:\/\/fonds-risq.qc.ca\/en\/filtres_des_entreprises\/2023-en\/\" rel=\"category\" data-term-id=\"252\"><span class=\"tg-item-term\" >2023<\/span><\/a><span>, <\/span><a class=\"filtres_des_entreprises\" href=\"https:\/\/fonds-risq.qc.ca\/en\/filtres_des_entreprises\/coop-en\/\" rel=\"category\" data-term-id=\"151\"><span class=\"tg-item-term\" >COOP<\/span><\/a><span>, <\/span><a class=\"filtres_des_entreprises\" href=\"https:\/\/fonds-risq.qc.ca\/en\/filtres_des_entreprises\/fonds-de-transition-en\/\" rel=\"category\" data-term-id=\"246\"><span class=\"tg-item-term\" >Fonds de Transition<\/span><\/a><span>, <\/span><a class=\"filtres_des_entreprises\" href=\"https:\/\/fonds-risq.qc.ca\/en\/filtres_des_entreprises\/fonds-transition-en\/\" rel=\"category\" data-term-id=\"248\"><span class=\"tg-item-term\" >Fonds Transition<\/span><\/a><span>, <\/span><a class=\"filtres_des_entreprises\" href=\"https:\/\/fonds-risq.qc.ca\/en\/filtres_des_entreprises\/montreal-en\/\" rel=\"category\" data-term-id=\"128\"><span class=\"tg-item-term\" >Montr\u00e9al<\/span><\/a><span>, <\/span><a class=\"filtres_des_entreprises\" href=\"https:\/\/fonds-risq.qc.ca\/en\/filtres_des_entreprises\/services-en\/\" rel=\"category\" data-term-id=\"135\"><span class=\"tg-item-term\" >Services<\/span><\/a><\/span><div class=\"tg-item-footer\"><a class=\"tg-item-comment\" href=\"https:\/\/fonds-risq.qc.ca\/en\/entreprise\/ecto\/\"  target=\"_self\">No comment<\/a><span class=\"no-ajaxy to-post-like no-liked empty-heart\" data-post-id=\"16076\" title=\"Like\"><span class=\"to-heart-icon\"><svg xmlns=\"http:\/\/www.w3.org\/2000\/svg\" version=\"1.1\" viewBox=\"0 0 64 64\"><g transform=\"translate(0, 0)\"><path stroke-width=\"6\" stroke-linecap=\"square\" stroke-miterlimit=\"10\" d=\"M1,21c0,20,31,38,31,38s31-18,31-38 c0-8.285-6-16-15-16c-8.285,0-16,5.715-16,14c0-8.285-7.715-14-16-14C7,5,1,12.715,1,21z\"><\/path><\/g><\/svg><\/span><span class=\"to-like-count\">0<\/span><\/span><\/div><\/div><\/div><\/article><!-- The Grid item #132 --><article class=\"tg-item tg-post-16061 kampala f252 f220 f134 f151 f246 f248 f128\" data-row=\"1\" data-col=\"1\"><div class=\"tg-item-inner\"><div class=\"tg-item-media-holder tg-light\"><div class=\"tg-item-media-inner\"><img decoding=\"async\" class=\"tg-item-image\" alt=\"\" width=\"750\" height=\"750\" src=\"https:\/\/fonds-risq.qc.ca\/wp-content\/uploads\/2023\/07\/logo-Faux-monnayeurs.jpg\"><\/div><div class=\"tg-center-holder\"><div class=\"tg-center-inner\"><div class=\"tg-item-overlay\"><\/div><a class=\"tg-link-button\" href=\"https:\/\/fonds-risq.qc.ca\/en\/entreprise\/coop-les-faux-monnayeurs-2\/\" target=\"_self\"><i class=\"tg-icon-link\"><\/i><\/a><\/div><\/div><div class=\"tg-item-decoration\"><div class=\"triangle-down-right\" style=\"border-color:#fdd304\"><\/div><\/div><div class=\"tg-item-share-holder\"><div class=\"triangle-up-left\" style=\"border-color:rgba(22,22,22,0.65)\"><\/div><i class=\"tg-icon-reply\" style=\"color:#ffffff\"><\/i><div class=\"tg-share-icons\"><a class=\"tg-social-share tg-facebook\" href=\"https:\/\/www.facebook.com\/sharer.php?u=https%3A%2F%2Ffonds-risq.qc.ca%2Fen%2Fentreprise%2Fcoop-les-faux-monnayeurs-2%2F&#038;t=Coop%20Les%20Faux-Monnayeurs\"><i class=\"tg-icon-facebook\"><\/i><\/a><a class=\"tg-social-share tg-twitter\" href=\"https:\/\/twitter.com\/share?url=https%3A%2F%2Ffonds-risq.qc.ca%2Fen%2Fentreprise%2Fcoop-les-faux-monnayeurs-2%2F&#038;text=Coop%20Les%20Faux-Monnayeurs\"><i class=\"tg-icon-twitter\"><\/i><\/a><a class=\"tg-social-share tg-google-plus\" href=\"https:\/\/plus.google.com\/share?url=https%3A%2F%2Ffonds-risq.qc.ca%2Fen%2Fentreprise%2Fcoop-les-faux-monnayeurs-2%2F\"><i class=\"tg-icon-google-plus\"><\/i><\/a><a class=\"tg-social-share tg-pinterest\" href=\"https:\/\/pinterest.com\/pin\/create\/button\/?url=https%3A%2F%2Ffonds-risq.qc.ca%2Fen%2Fentreprise%2Fcoop-les-faux-monnayeurs-2%2F&#038;description=Coop%20Les%20Faux-Monnayeurs&#038;media=https%3A%2F%2Ffonds-risq.qc.ca%2Fwp-content%2Fuploads%2F2023%2F07%2Flogo-Faux-monnayeurs.jpg\"><i class=\"tg-icon-pinterest\"><\/i><\/a><\/div><\/div><\/div><div class=\"tg-item-content-holder tg-light image-format\" style=\"background-color:#fdd304\"><span class=\"tg-item-date\">28 July 2023<\/span><h2 class=\"tg-item-title\"><a href=\"https:\/\/fonds-risq.qc.ca\/en\/entreprise\/coop-les-faux-monnayeurs-2\/\" target=\"_self\">Coop Les Faux-Monnayeurs<\/a><\/h2><span class=\"tg-cats-holder\"><a class=\"filtres_des_entreprises\" href=\"https:\/\/fonds-risq.qc.ca\/en\/filtres_des_entreprises\/2023-en\/\" rel=\"category\" data-term-id=\"252\"><span class=\"tg-item-term\" >2023<\/span><\/a><span>, <\/span><a class=\"filtres_des_entreprises\" href=\"https:\/\/fonds-risq.qc.ca\/en\/filtres_des_entreprises\/annee-en\/\" rel=\"category\" data-term-id=\"220\"><span class=\"tg-item-term\" >Ann\u00e9e<\/span><\/a><span>, <\/span><a class=\"filtres_des_entreprises\" href=\"https:\/\/fonds-risq.qc.ca\/en\/filtres_des_entreprises\/arts-and-culture\/\" rel=\"category\" data-term-id=\"134\"><span class=\"tg-item-term\" >Arts and culture<\/span><\/a><span>, <\/span><a class=\"filtres_des_entreprises\" href=\"https:\/\/fonds-risq.qc.ca\/en\/filtres_des_entreprises\/coop-en\/\" rel=\"category\" data-term-id=\"151\"><span class=\"tg-item-term\" >COOP<\/span><\/a><span>, <\/span><a class=\"filtres_des_entreprises\" href=\"https:\/\/fonds-risq.qc.ca\/en\/filtres_des_entreprises\/fonds-de-transition-en\/\" rel=\"category\" data-term-id=\"246\"><span class=\"tg-item-term\" >Fonds de Transition<\/span><\/a><span>, <\/span><a class=\"filtres_des_entreprises\" href=\"https:\/\/fonds-risq.qc.ca\/en\/filtres_des_entreprises\/fonds-transition-en\/\" rel=\"category\" data-term-id=\"248\"><span class=\"tg-item-term\" >Fonds Transition<\/span><\/a><span>, <\/span><a class=\"filtres_des_entreprises\" href=\"https:\/\/fonds-risq.qc.ca\/en\/filtres_des_entreprises\/montreal-en\/\" rel=\"category\" data-term-id=\"128\"><span class=\"tg-item-term\" >Montr\u00e9al<\/span><\/a><\/span><div class=\"tg-item-footer\"><a class=\"tg-item-comment\" href=\"https:\/\/fonds-risq.qc.ca\/en\/entreprise\/coop-les-faux-monnayeurs-2\/\"  target=\"_self\">No comment<\/a><span class=\"no-ajaxy to-post-like no-liked empty-heart\" data-post-id=\"16061\" title=\"Like\"><span class=\"to-heart-icon\"><svg xmlns=\"http:\/\/www.w3.org\/2000\/svg\" version=\"1.1\" viewBox=\"0 0 64 64\"><g transform=\"translate(0, 0)\"><path stroke-width=\"6\" stroke-linecap=\"square\" stroke-miterlimit=\"10\" d=\"M1,21c0,20,31,38,31,38s31-18,31-38 c0-8.285-6-16-15-16c-8.285,0-16,5.715-16,14c0-8.285-7.715-14-16-14C7,5,1,12.715,1,21z\"><\/path><\/g><\/svg><\/span><span class=\"to-like-count\">0<\/span><\/span><\/div><\/div><\/div><\/article><!-- The Grid item #133 --><article class=\"tg-item tg-post-16069 kampala f252 f151 f199 f246 f248 f128 f135\" data-row=\"1\" data-col=\"1\"><div class=\"tg-item-inner\"><div class=\"tg-item-media-holder tg-light\"><div class=\"tg-item-media-inner\"><img decoding=\"async\" class=\"tg-item-image\" alt=\"\" width=\"2036\" height=\"1428\" src=\"https:\/\/fonds-risq.qc.ca\/wp-content\/uploads\/2023\/07\/Picbois.jpg\"><\/div><div class=\"tg-center-holder\"><div class=\"tg-center-inner\"><div class=\"tg-item-overlay\"><\/div><a class=\"tg-link-button\" href=\"https:\/\/fonds-risq.qc.ca\/en\/entreprise\/le-picbois-coop-2\/\" target=\"_self\"><i class=\"tg-icon-link\"><\/i><\/a><\/div><\/div><div class=\"tg-item-decoration\"><div class=\"triangle-down-right\" style=\"border-color:#fdd304\"><\/div><\/div><div class=\"tg-item-share-holder\"><div class=\"triangle-up-left\" style=\"border-color:rgba(22,22,22,0.65)\"><\/div><i class=\"tg-icon-reply\" style=\"color:#ffffff\"><\/i><div class=\"tg-share-icons\"><a class=\"tg-social-share tg-facebook\" href=\"https:\/\/www.facebook.com\/sharer.php?u=https%3A%2F%2Ffonds-risq.qc.ca%2Fen%2Fentreprise%2Fle-picbois-coop-2%2F&#038;t=Le%20PicBois%20Coop\"><i class=\"tg-icon-facebook\"><\/i><\/a><a class=\"tg-social-share tg-twitter\" href=\"https:\/\/twitter.com\/share?url=https%3A%2F%2Ffonds-risq.qc.ca%2Fen%2Fentreprise%2Fle-picbois-coop-2%2F&#038;text=Le%20PicBois%20Coop\"><i class=\"tg-icon-twitter\"><\/i><\/a><a class=\"tg-social-share tg-google-plus\" href=\"https:\/\/plus.google.com\/share?url=https%3A%2F%2Ffonds-risq.qc.ca%2Fen%2Fentreprise%2Fle-picbois-coop-2%2F\"><i class=\"tg-icon-google-plus\"><\/i><\/a><a class=\"tg-social-share tg-pinterest\" href=\"https:\/\/pinterest.com\/pin\/create\/button\/?url=https%3A%2F%2Ffonds-risq.qc.ca%2Fen%2Fentreprise%2Fle-picbois-coop-2%2F&#038;description=Le%20PicBois%20Coop&#038;media=https%3A%2F%2Ffonds-risq.qc.ca%2Fwp-content%2Fuploads%2F2023%2F07%2FPicbois.jpg\"><i class=\"tg-icon-pinterest\"><\/i><\/a><\/div><\/div><\/div><div class=\"tg-item-content-holder tg-light image-format\" style=\"background-color:#fdd304\"><span class=\"tg-item-date\">27 July 2023<\/span><h2 class=\"tg-item-title\"><a href=\"https:\/\/fonds-risq.qc.ca\/en\/entreprise\/le-picbois-coop-2\/\" target=\"_self\">Le PicBois Coop<\/a><\/h2><span class=\"tg-cats-holder\"><a class=\"filtres_des_entreprises\" href=\"https:\/\/fonds-risq.qc.ca\/en\/filtres_des_entreprises\/2023-en\/\" rel=\"category\" data-term-id=\"252\"><span class=\"tg-item-term\" >2023<\/span><\/a><span>, <\/span><a class=\"filtres_des_entreprises\" href=\"https:\/\/fonds-risq.qc.ca\/en\/filtres_des_entreprises\/coop-en\/\" rel=\"category\" data-term-id=\"151\"><span class=\"tg-item-term\" >COOP<\/span><\/a><span>, <\/span><a class=\"filtres_des_entreprises\" href=\"https:\/\/fonds-risq.qc.ca\/en\/filtres_des_entreprises\/entrepreneur-specialise-en\/\" rel=\"category\" data-term-id=\"199\"><span class=\"tg-item-term\" >Entrepreneur sp\u00e9cialis\u00e9<\/span><\/a><span>, <\/span><a class=\"filtres_des_entreprises\" href=\"https:\/\/fonds-risq.qc.ca\/en\/filtres_des_entreprises\/fonds-de-transition-en\/\" rel=\"category\" data-term-id=\"246\"><span class=\"tg-item-term\" >Fonds de Transition<\/span><\/a><span>, <\/span><a class=\"filtres_des_entreprises\" href=\"https:\/\/fonds-risq.qc.ca\/en\/filtres_des_entreprises\/fonds-transition-en\/\" rel=\"category\" data-term-id=\"248\"><span class=\"tg-item-term\" >Fonds Transition<\/span><\/a><span>, <\/span><a class=\"filtres_des_entreprises\" href=\"https:\/\/fonds-risq.qc.ca\/en\/filtres_des_entreprises\/montreal-en\/\" rel=\"category\" data-term-id=\"128\"><span class=\"tg-item-term\" >Montr\u00e9al<\/span><\/a><span>, <\/span><a class=\"filtres_des_entreprises\" href=\"https:\/\/fonds-risq.qc.ca\/en\/filtres_des_entreprises\/services-en\/\" rel=\"category\" data-term-id=\"135\"><span class=\"tg-item-term\" >Services<\/span><\/a><\/span><div class=\"tg-item-footer\"><a class=\"tg-item-comment\" href=\"https:\/\/fonds-risq.qc.ca\/en\/entreprise\/le-picbois-coop-2\/\"  target=\"_self\">No comment<\/a><span class=\"no-ajaxy to-post-like no-liked empty-heart\" data-post-id=\"16069\" title=\"Like\"><span class=\"to-heart-icon\"><svg xmlns=\"http:\/\/www.w3.org\/2000\/svg\" version=\"1.1\" viewBox=\"0 0 64 64\"><g transform=\"translate(0, 0)\"><path stroke-width=\"6\" stroke-linecap=\"square\" stroke-miterlimit=\"10\" d=\"M1,21c0,20,31,38,31,38s31-18,31-38 c0-8.285-6-16-15-16c-8.285,0-16,5.715-16,14c0-8.285-7.715-14-16-14C7,5,1,12.715,1,21z\"><\/path><\/g><\/svg><\/span><span class=\"to-like-count\">0<\/span><\/span><\/div><\/div><\/div><\/article><!-- The Grid item #134 --><article class=\"tg-item tg-post-16036 kampala f252 f128 f150 f208 f135 f146\" data-row=\"1\" data-col=\"1\"><div class=\"tg-item-inner\"><div class=\"tg-item-media-holder tg-light\"><div class=\"tg-item-media-inner\"><img decoding=\"async\" class=\"tg-item-image\" alt=\"\" width=\"1000\" height=\"750\" src=\"https:\/\/fonds-risq.qc.ca\/wp-content\/uploads\/2023\/07\/sticker-arrivage.jpeg\"><\/div><div class=\"tg-center-holder\"><div class=\"tg-center-inner\"><div class=\"tg-item-overlay\"><\/div><a class=\"tg-link-button\" href=\"https:\/\/fonds-risq.qc.ca\/en\/entreprise\/arrivage\/\" target=\"_self\"><i class=\"tg-icon-link\"><\/i><\/a><\/div><\/div><div class=\"tg-item-decoration\"><div class=\"triangle-down-right\" style=\"border-color:#b7c634\"><\/div><\/div><div class=\"tg-item-share-holder\"><div class=\"triangle-up-left\" style=\"border-color:rgba(22,22,22,0.65)\"><\/div><i class=\"tg-icon-reply\" style=\"color:#ffffff\"><\/i><div class=\"tg-share-icons\"><a class=\"tg-social-share tg-facebook\" href=\"https:\/\/www.facebook.com\/sharer.php?u=https%3A%2F%2Ffonds-risq.qc.ca%2Fen%2Fentreprise%2Farrivage%2F&#038;t=Arrivage%20%28Montr%C3%A9al%20%E2%80%93%20M%C3%A9tropole%20en%20sant%C3%A9%29\"><i class=\"tg-icon-facebook\"><\/i><\/a><a class=\"tg-social-share tg-twitter\" href=\"https:\/\/twitter.com\/share?url=https%3A%2F%2Ffonds-risq.qc.ca%2Fen%2Fentreprise%2Farrivage%2F&#038;text=Arrivage%20%28Montr%C3%A9al%20%E2%80%93%20M%C3%A9tropole%20en%20sant%C3%A9%29\"><i class=\"tg-icon-twitter\"><\/i><\/a><a class=\"tg-social-share tg-google-plus\" href=\"https:\/\/plus.google.com\/share?url=https%3A%2F%2Ffonds-risq.qc.ca%2Fen%2Fentreprise%2Farrivage%2F\"><i class=\"tg-icon-google-plus\"><\/i><\/a><a class=\"tg-social-share tg-pinterest\" href=\"https:\/\/pinterest.com\/pin\/create\/button\/?url=https%3A%2F%2Ffonds-risq.qc.ca%2Fen%2Fentreprise%2Farrivage%2F&#038;description=Arrivage%20%28Montr%C3%A9al%20%E2%80%93%20M%C3%A9tropole%20en%20sant%C3%A9%29&#038;media=https%3A%2F%2Ffonds-risq.qc.ca%2Fwp-content%2Fuploads%2F2023%2F07%2Fsticker-arrivage.jpeg\"><i class=\"tg-icon-pinterest\"><\/i><\/a><\/div><\/div><\/div><div class=\"tg-item-content-holder tg-light image-format\" style=\"background-color:#b7c634\"><span class=\"tg-item-date\">27 July 2023<\/span><h2 class=\"tg-item-title\"><a href=\"https:\/\/fonds-risq.qc.ca\/en\/entreprise\/arrivage\/\" target=\"_self\">Arrivage (Montr\u00e9al &#8211; M\u00e9tropole en sant\u00e9)<\/a><\/h2><span class=\"tg-cats-holder\"><a class=\"filtres_des_entreprises\" href=\"https:\/\/fonds-risq.qc.ca\/en\/filtres_des_entreprises\/2023-en\/\" rel=\"category\" data-term-id=\"252\"><span class=\"tg-item-term\" >2023<\/span><\/a><span>, <\/span><a class=\"filtres_des_entreprises\" href=\"https:\/\/fonds-risq.qc.ca\/en\/filtres_des_entreprises\/montreal-en\/\" rel=\"category\" data-term-id=\"128\"><span class=\"tg-item-term\" >Montr\u00e9al<\/span><\/a><span>, <\/span><a class=\"filtres_des_entreprises\" href=\"https:\/\/fonds-risq.qc.ca\/en\/filtres_des_entreprises\/npo\/\" rel=\"category\" data-term-id=\"150\"><span class=\"tg-item-term\" >NPO<\/span><\/a><span>, <\/span><a class=\"filtres_des_entreprises\" href=\"https:\/\/fonds-risq.qc.ca\/en\/filtres_des_entreprises\/numeriques-en\/\" rel=\"category\" data-term-id=\"208\"><span class=\"tg-item-term\" >Num\u00e9riques<\/span><\/a><span>, <\/span><a class=\"filtres_des_entreprises\" href=\"https:\/\/fonds-risq.qc.ca\/en\/filtres_des_entreprises\/services-en\/\" rel=\"category\" data-term-id=\"135\"><span class=\"tg-item-term\" >Services<\/span><\/a><span>, <\/span><a class=\"filtres_des_entreprises\" href=\"https:\/\/fonds-risq.qc.ca\/en\/filtres_des_entreprises\/pret-pour-aide-technique-en\/\" rel=\"category\" data-term-id=\"146\"><span class=\"tg-item-term\" >Technical assistance loan<\/span><\/a><\/span><div class=\"tg-item-footer\"><a class=\"tg-item-comment\" href=\"https:\/\/fonds-risq.qc.ca\/en\/entreprise\/arrivage\/\"  target=\"_self\">No comment<\/a><span class=\"no-ajaxy to-post-like no-liked empty-heart\" data-post-id=\"16036\" title=\"Like\"><span class=\"to-heart-icon\"><svg xmlns=\"http:\/\/www.w3.org\/2000\/svg\" version=\"1.1\" viewBox=\"0 0 64 64\"><g transform=\"translate(0, 0)\"><path stroke-width=\"6\" stroke-linecap=\"square\" stroke-miterlimit=\"10\" d=\"M1,21c0,20,31,38,31,38s31-18,31-38 c0-8.285-6-16-15-16c-8.285,0-16,5.715-16,14c0-8.285-7.715-14-16-14C7,5,1,12.715,1,21z\"><\/path><\/g><\/svg><\/span><span class=\"to-like-count\">0<\/span><\/span><\/div><\/div><\/div><\/article><!-- The Grid item #135 --><article class=\"tg-item tg-post-16034 kampala f252 f139 f151 f246 f248\" data-row=\"1\" data-col=\"1\"><div class=\"tg-item-inner\"><div class=\"tg-item-media-holder tg-light\"><div class=\"tg-item-media-inner\"><img decoding=\"async\" class=\"tg-item-image\" alt=\"\" width=\"940\" height=\"788\" src=\"https:\/\/fonds-risq.qc.ca\/wp-content\/uploads\/2023\/07\/ChouxGras.jpg\"><\/div><div class=\"tg-center-holder\"><div class=\"tg-center-inner\"><div class=\"tg-item-overlay\"><\/div><a class=\"tg-link-button\" href=\"https:\/\/fonds-risq.qc.ca\/en\/entreprise\/les-choux-gras\/\" target=\"_self\"><i class=\"tg-icon-link\"><\/i><\/a><\/div><\/div><div class=\"tg-item-decoration\"><div class=\"triangle-down-right\" style=\"border-color:#fdd304\"><\/div><\/div><div class=\"tg-item-share-holder\"><div class=\"triangle-up-left\" style=\"border-color:rgba(22,22,22,0.65)\"><\/div><i class=\"tg-icon-reply\" style=\"color:#ffffff\"><\/i><div class=\"tg-share-icons\"><a class=\"tg-social-share tg-facebook\" href=\"https:\/\/www.facebook.com\/sharer.php?u=https%3A%2F%2Ffonds-risq.qc.ca%2Fen%2Fentreprise%2Fles-choux-gras%2F&#038;t=Les%20Choux%20gras\"><i class=\"tg-icon-facebook\"><\/i><\/a><a class=\"tg-social-share tg-twitter\" href=\"https:\/\/twitter.com\/share?url=https%3A%2F%2Ffonds-risq.qc.ca%2Fen%2Fentreprise%2Fles-choux-gras%2F&#038;text=Les%20Choux%20gras\"><i class=\"tg-icon-twitter\"><\/i><\/a><a class=\"tg-social-share tg-google-plus\" href=\"https:\/\/plus.google.com\/share?url=https%3A%2F%2Ffonds-risq.qc.ca%2Fen%2Fentreprise%2Fles-choux-gras%2F\"><i class=\"tg-icon-google-plus\"><\/i><\/a><a class=\"tg-social-share tg-pinterest\" href=\"https:\/\/pinterest.com\/pin\/create\/button\/?url=https%3A%2F%2Ffonds-risq.qc.ca%2Fen%2Fentreprise%2Fles-choux-gras%2F&#038;description=Les%20Choux%20gras&#038;media=https%3A%2F%2Ffonds-risq.qc.ca%2Fwp-content%2Fuploads%2F2023%2F07%2FChouxGras.jpg\"><i class=\"tg-icon-pinterest\"><\/i><\/a><\/div><\/div><\/div><div class=\"tg-item-content-holder tg-light image-format\" style=\"background-color:#fdd304\"><span class=\"tg-item-date\">26 July 2023<\/span><h2 class=\"tg-item-title\"><a href=\"https:\/\/fonds-risq.qc.ca\/en\/entreprise\/les-choux-gras\/\" target=\"_self\">Les Choux gras<\/a><\/h2><span class=\"tg-cats-holder\"><a class=\"filtres_des_entreprises\" href=\"https:\/\/fonds-risq.qc.ca\/en\/filtres_des_entreprises\/2023-en\/\" rel=\"category\" data-term-id=\"252\"><span class=\"tg-item-term\" >2023<\/span><\/a><span>, <\/span><a class=\"filtres_des_entreprises\" href=\"https:\/\/fonds-risq.qc.ca\/en\/filtres_des_entreprises\/agriculture-en\/\" rel=\"category\" data-term-id=\"139\"><span class=\"tg-item-term\" >Agriculture<\/span><\/a><span>, <\/span><a class=\"filtres_des_entreprises\" href=\"https:\/\/fonds-risq.qc.ca\/en\/filtres_des_entreprises\/coop-en\/\" rel=\"category\" data-term-id=\"151\"><span class=\"tg-item-term\" >COOP<\/span><\/a><span>, <\/span><a class=\"filtres_des_entreprises\" href=\"https:\/\/fonds-risq.qc.ca\/en\/filtres_des_entreprises\/fonds-de-transition-en\/\" rel=\"category\" data-term-id=\"246\"><span class=\"tg-item-term\" >Fonds de Transition<\/span><\/a><span>, <\/span><a class=\"filtres_des_entreprises\" href=\"https:\/\/fonds-risq.qc.ca\/en\/filtres_des_entreprises\/fonds-transition-en\/\" rel=\"category\" data-term-id=\"248\"><span class=\"tg-item-term\" >Fonds Transition<\/span><\/a><\/span><div class=\"tg-item-footer\"><a class=\"tg-item-comment\" href=\"https:\/\/fonds-risq.qc.ca\/en\/entreprise\/les-choux-gras\/\"  target=\"_self\">No comment<\/a><span class=\"no-ajaxy to-post-like no-liked empty-heart\" data-post-id=\"16034\" title=\"Like\"><span class=\"to-heart-icon\"><svg xmlns=\"http:\/\/www.w3.org\/2000\/svg\" version=\"1.1\" viewBox=\"0 0 64 64\"><g transform=\"translate(0, 0)\"><path stroke-width=\"6\" stroke-linecap=\"square\" stroke-miterlimit=\"10\" d=\"M1,21c0,20,31,38,31,38s31-18,31-38 c0-8.285-6-16-15-16c-8.285,0-16,5.715-16,14c0-8.285-7.715-14-16-14C7,5,1,12.715,1,21z\"><\/path><\/g><\/svg><\/span><span class=\"to-like-count\">0<\/span><\/span><\/div><\/div><\/div><\/article><!-- The Grid item #136 --><article class=\"tg-item tg-post-15999 kampala f252 f134 f246 f248 f128 f150\" data-row=\"1\" data-col=\"1\"><div class=\"tg-item-inner\"><div class=\"tg-item-media-holder tg-light\"><div class=\"tg-item-media-inner\"><img decoding=\"async\" class=\"tg-item-image\" alt=\"\" width=\"2048\" height=\"1536\" src=\"https:\/\/fonds-risq.qc.ca\/wp-content\/uploads\/2023\/07\/PJE.jpg\"><\/div><div class=\"tg-center-holder\"><div class=\"tg-center-inner\"><div class=\"tg-item-overlay\"><\/div><a class=\"tg-link-button\" href=\"https:\/\/fonds-risq.qc.ca\/en\/entreprise\/productions-jeunest-2\/\" target=\"_self\"><i class=\"tg-icon-link\"><\/i><\/a><\/div><\/div><div class=\"tg-item-decoration\"><div class=\"triangle-down-right\" style=\"border-color:#fdd304\"><\/div><\/div><div class=\"tg-item-share-holder\"><div class=\"triangle-up-left\" style=\"border-color:rgba(22,22,22,0.65)\"><\/div><i class=\"tg-icon-reply\" style=\"color:#ffffff\"><\/i><div class=\"tg-share-icons\"><a class=\"tg-social-share tg-facebook\" href=\"https:\/\/www.facebook.com\/sharer.php?u=https%3A%2F%2Ffonds-risq.qc.ca%2Fen%2Fentreprise%2Fproductions-jeunest-2%2F&#038;t=Productions%20Jeun%E2%80%99Est\"><i class=\"tg-icon-facebook\"><\/i><\/a><a class=\"tg-social-share tg-twitter\" href=\"https:\/\/twitter.com\/share?url=https%3A%2F%2Ffonds-risq.qc.ca%2Fen%2Fentreprise%2Fproductions-jeunest-2%2F&#038;text=Productions%20Jeun%E2%80%99Est\"><i class=\"tg-icon-twitter\"><\/i><\/a><a class=\"tg-social-share tg-google-plus\" href=\"https:\/\/plus.google.com\/share?url=https%3A%2F%2Ffonds-risq.qc.ca%2Fen%2Fentreprise%2Fproductions-jeunest-2%2F\"><i class=\"tg-icon-google-plus\"><\/i><\/a><a class=\"tg-social-share tg-pinterest\" href=\"https:\/\/pinterest.com\/pin\/create\/button\/?url=https%3A%2F%2Ffonds-risq.qc.ca%2Fen%2Fentreprise%2Fproductions-jeunest-2%2F&#038;description=Productions%20Jeun%E2%80%99Est&#038;media=https%3A%2F%2Ffonds-risq.qc.ca%2Fwp-content%2Fuploads%2F2023%2F07%2FPJE.jpg\"><i class=\"tg-icon-pinterest\"><\/i><\/a><\/div><\/div><\/div><div class=\"tg-item-content-holder tg-light image-format\" style=\"background-color:#fdd304\"><span class=\"tg-item-date\">26 July 2023<\/span><h2 class=\"tg-item-title\"><a href=\"https:\/\/fonds-risq.qc.ca\/en\/entreprise\/productions-jeunest-2\/\" target=\"_self\">Productions Jeun&#8217;Est<\/a><\/h2><span class=\"tg-cats-holder\"><a class=\"filtres_des_entreprises\" href=\"https:\/\/fonds-risq.qc.ca\/en\/filtres_des_entreprises\/2023-en\/\" rel=\"category\" data-term-id=\"252\"><span class=\"tg-item-term\" >2023<\/span><\/a><span>, <\/span><a class=\"filtres_des_entreprises\" href=\"https:\/\/fonds-risq.qc.ca\/en\/filtres_des_entreprises\/arts-and-culture\/\" rel=\"category\" data-term-id=\"134\"><span class=\"tg-item-term\" >Arts and culture<\/span><\/a><span>, <\/span><a class=\"filtres_des_entreprises\" href=\"https:\/\/fonds-risq.qc.ca\/en\/filtres_des_entreprises\/fonds-de-transition-en\/\" rel=\"category\" data-term-id=\"246\"><span class=\"tg-item-term\" >Fonds de Transition<\/span><\/a><span>, <\/span><a class=\"filtres_des_entreprises\" href=\"https:\/\/fonds-risq.qc.ca\/en\/filtres_des_entreprises\/fonds-transition-en\/\" rel=\"category\" data-term-id=\"248\"><span class=\"tg-item-term\" >Fonds Transition<\/span><\/a><span>, <\/span><a class=\"filtres_des_entreprises\" href=\"https:\/\/fonds-risq.qc.ca\/en\/filtres_des_entreprises\/montreal-en\/\" rel=\"category\" data-term-id=\"128\"><span class=\"tg-item-term\" >Montr\u00e9al<\/span><\/a><span>, <\/span><a class=\"filtres_des_entreprises\" href=\"https:\/\/fonds-risq.qc.ca\/en\/filtres_des_entreprises\/npo\/\" rel=\"category\" data-term-id=\"150\"><span class=\"tg-item-term\" >NPO<\/span><\/a><\/span><div class=\"tg-item-footer\"><a class=\"tg-item-comment\" href=\"https:\/\/fonds-risq.qc.ca\/en\/entreprise\/productions-jeunest-2\/\"  target=\"_self\">No comment<\/a><span class=\"no-ajaxy to-post-like no-liked empty-heart\" data-post-id=\"15999\" title=\"Like\"><span class=\"to-heart-icon\"><svg xmlns=\"http:\/\/www.w3.org\/2000\/svg\" version=\"1.1\" viewBox=\"0 0 64 64\"><g transform=\"translate(0, 0)\"><path stroke-width=\"6\" stroke-linecap=\"square\" stroke-miterlimit=\"10\" d=\"M1,21c0,20,31,38,31,38s31-18,31-38 c0-8.285-6-16-15-16c-8.285,0-16,5.715-16,14c0-8.285-7.715-14-16-14C7,5,1,12.715,1,21z\"><\/path><\/g><\/svg><\/span><span class=\"to-like-count\">0<\/span><\/span><\/div><\/div><\/div><\/article><!-- The Grid item #137 --><article class=\"tg-item tg-post-15961 kampala f252 f151 f246 f248 f128 f135\" data-row=\"1\" data-col=\"1\"><div class=\"tg-item-inner\"><div class=\"tg-item-media-holder tg-light\"><div class=\"tg-item-media-inner\"><img decoding=\"async\" class=\"tg-item-image\" alt=\"\" width=\"1276\" height=\"960\" src=\"https:\/\/fonds-risq.qc.ca\/wp-content\/uploads\/2023\/06\/SLA.jpg\"><\/div><div class=\"tg-center-holder\"><div class=\"tg-center-inner\"><div class=\"tg-item-overlay\"><\/div><a class=\"tg-link-button\" href=\"https:\/\/fonds-risq.qc.ca\/en\/entreprise\/sla-location\/\" target=\"_self\"><i class=\"tg-icon-link\"><\/i><\/a><\/div><\/div><div class=\"tg-item-decoration\"><div class=\"triangle-down-right\" style=\"border-color:#fdd304\"><\/div><\/div><div class=\"tg-item-share-holder\"><div class=\"triangle-up-left\" style=\"border-color:rgba(22,22,22,0.65)\"><\/div><i class=\"tg-icon-reply\" style=\"color:#ffffff\"><\/i><div class=\"tg-share-icons\"><a class=\"tg-social-share tg-facebook\" href=\"https:\/\/www.facebook.com\/sharer.php?u=https%3A%2F%2Ffonds-risq.qc.ca%2Fen%2Fentreprise%2Fsla-location%2F&#038;t=SLA%20location\"><i class=\"tg-icon-facebook\"><\/i><\/a><a class=\"tg-social-share tg-twitter\" href=\"https:\/\/twitter.com\/share?url=https%3A%2F%2Ffonds-risq.qc.ca%2Fen%2Fentreprise%2Fsla-location%2F&#038;text=SLA%20location\"><i class=\"tg-icon-twitter\"><\/i><\/a><a class=\"tg-social-share tg-google-plus\" href=\"https:\/\/plus.google.com\/share?url=https%3A%2F%2Ffonds-risq.qc.ca%2Fen%2Fentreprise%2Fsla-location%2F\"><i class=\"tg-icon-google-plus\"><\/i><\/a><a class=\"tg-social-share tg-pinterest\" href=\"https:\/\/pinterest.com\/pin\/create\/button\/?url=https%3A%2F%2Ffonds-risq.qc.ca%2Fen%2Fentreprise%2Fsla-location%2F&#038;description=SLA%20location&#038;media=https%3A%2F%2Ffonds-risq.qc.ca%2Fwp-content%2Fuploads%2F2023%2F06%2FSLA.jpg\"><i class=\"tg-icon-pinterest\"><\/i><\/a><\/div><\/div><\/div><div class=\"tg-item-content-holder tg-light image-format\" style=\"background-color:#fdd304\"><span class=\"tg-item-date\">21 June 2023<\/span><h2 class=\"tg-item-title\"><a href=\"https:\/\/fonds-risq.qc.ca\/en\/entreprise\/sla-location\/\" target=\"_self\">SLA location<\/a><\/h2><span class=\"tg-cats-holder\"><a class=\"filtres_des_entreprises\" href=\"https:\/\/fonds-risq.qc.ca\/en\/filtres_des_entreprises\/2023-en\/\" rel=\"category\" data-term-id=\"252\"><span class=\"tg-item-term\" >2023<\/span><\/a><span>, <\/span><a class=\"filtres_des_entreprises\" href=\"https:\/\/fonds-risq.qc.ca\/en\/filtres_des_entreprises\/coop-en\/\" rel=\"category\" data-term-id=\"151\"><span class=\"tg-item-term\" >COOP<\/span><\/a><span>, <\/span><a class=\"filtres_des_entreprises\" href=\"https:\/\/fonds-risq.qc.ca\/en\/filtres_des_entreprises\/fonds-de-transition-en\/\" rel=\"category\" data-term-id=\"246\"><span class=\"tg-item-term\" >Fonds de Transition<\/span><\/a><span>, <\/span><a class=\"filtres_des_entreprises\" href=\"https:\/\/fonds-risq.qc.ca\/en\/filtres_des_entreprises\/fonds-transition-en\/\" rel=\"category\" data-term-id=\"248\"><span class=\"tg-item-term\" >Fonds Transition<\/span><\/a><span>, <\/span><a class=\"filtres_des_entreprises\" href=\"https:\/\/fonds-risq.qc.ca\/en\/filtres_des_entreprises\/montreal-en\/\" rel=\"category\" data-term-id=\"128\"><span class=\"tg-item-term\" >Montr\u00e9al<\/span><\/a><span>, <\/span><a class=\"filtres_des_entreprises\" href=\"https:\/\/fonds-risq.qc.ca\/en\/filtres_des_entreprises\/services-en\/\" rel=\"category\" data-term-id=\"135\"><span class=\"tg-item-term\" >Services<\/span><\/a><\/span><div class=\"tg-item-footer\"><a class=\"tg-item-comment\" href=\"https:\/\/fonds-risq.qc.ca\/en\/entreprise\/sla-location\/\"  target=\"_self\">No comment<\/a><span class=\"no-ajaxy to-post-like no-liked empty-heart\" data-post-id=\"15961\" title=\"Like\"><span class=\"to-heart-icon\"><svg xmlns=\"http:\/\/www.w3.org\/2000\/svg\" version=\"1.1\" viewBox=\"0 0 64 64\"><g transform=\"translate(0, 0)\"><path stroke-width=\"6\" stroke-linecap=\"square\" stroke-miterlimit=\"10\" d=\"M1,21c0,20,31,38,31,38s31-18,31-38 c0-8.285-6-16-15-16c-8.285,0-16,5.715-16,14c0-8.285-7.715-14-16-14C7,5,1,12.715,1,21z\"><\/path><\/g><\/svg><\/span><span class=\"to-like-count\">0<\/span><\/span><\/div><\/div><\/div><\/article><!-- The Grid item #138 --><article class=\"tg-item tg-post-15938 kampala f252 f131 f151 f144 f146\" data-row=\"1\" data-col=\"1\"><div class=\"tg-item-inner\"><div class=\"tg-item-media-holder tg-light\"><div class=\"tg-item-media-inner\"><img decoding=\"async\" class=\"tg-item-image\" alt=\"\" width=\"2560\" height=\"1707\" src=\"https:\/\/fonds-risq.qc.ca\/wp-content\/uploads\/2023\/06\/CAmpingSt-Damase-1.jpg\"><\/div><div class=\"tg-center-holder\"><div class=\"tg-center-inner\"><div class=\"tg-item-overlay\"><\/div><a class=\"tg-link-button\" href=\"https:\/\/fonds-risq.qc.ca\/en\/entreprise\/coop-camping-st-damase\/\" target=\"_self\"><i class=\"tg-icon-link\"><\/i><\/a><\/div><\/div><div class=\"tg-item-decoration\"><div class=\"triangle-down-right\" style=\"border-color:#b7c634\"><\/div><\/div><div class=\"tg-item-share-holder\"><div class=\"triangle-up-left\" style=\"border-color:rgba(22,22,22,0.65)\"><\/div><i class=\"tg-icon-reply\" style=\"color:#ffffff\"><\/i><div class=\"tg-share-icons\"><a class=\"tg-social-share tg-facebook\" href=\"https:\/\/www.facebook.com\/sharer.php?u=https%3A%2F%2Ffonds-risq.qc.ca%2Fen%2Fentreprise%2Fcoop-camping-st-damase%2F&#038;t=Coop%20camping%20St-Damase\"><i class=\"tg-icon-facebook\"><\/i><\/a><a class=\"tg-social-share tg-twitter\" href=\"https:\/\/twitter.com\/share?url=https%3A%2F%2Ffonds-risq.qc.ca%2Fen%2Fentreprise%2Fcoop-camping-st-damase%2F&#038;text=Coop%20camping%20St-Damase\"><i class=\"tg-icon-twitter\"><\/i><\/a><a class=\"tg-social-share tg-google-plus\" href=\"https:\/\/plus.google.com\/share?url=https%3A%2F%2Ffonds-risq.qc.ca%2Fen%2Fentreprise%2Fcoop-camping-st-damase%2F\"><i class=\"tg-icon-google-plus\"><\/i><\/a><a class=\"tg-social-share tg-pinterest\" href=\"https:\/\/pinterest.com\/pin\/create\/button\/?url=https%3A%2F%2Ffonds-risq.qc.ca%2Fen%2Fentreprise%2Fcoop-camping-st-damase%2F&#038;description=Coop%20camping%20St-Damase&#038;media=https%3A%2F%2Ffonds-risq.qc.ca%2Fwp-content%2Fuploads%2F2023%2F06%2FCAmpingSt-Damase-1.jpg\"><i class=\"tg-icon-pinterest\"><\/i><\/a><\/div><\/div><\/div><div class=\"tg-item-content-holder tg-light image-format\" style=\"background-color:#b7c634\"><span class=\"tg-item-date\">20 June 2023<\/span><h2 class=\"tg-item-title\"><a href=\"https:\/\/fonds-risq.qc.ca\/en\/entreprise\/coop-camping-st-damase\/\" target=\"_self\">Coop camping St-Damase<\/a><\/h2><span class=\"tg-cats-holder\"><a class=\"filtres_des_entreprises\" href=\"https:\/\/fonds-risq.qc.ca\/en\/filtres_des_entreprises\/2023-en\/\" rel=\"category\" data-term-id=\"252\"><span class=\"tg-item-term\" >2023<\/span><\/a><span>, <\/span><a class=\"filtres_des_entreprises\" href=\"https:\/\/fonds-risq.qc.ca\/en\/filtres_des_entreprises\/bas-saint-laurent-en\/\" rel=\"category\" data-term-id=\"131\"><span class=\"tg-item-term\" >Bas-Saint-Laurent<\/span><\/a><span>, <\/span><a class=\"filtres_des_entreprises\" href=\"https:\/\/fonds-risq.qc.ca\/en\/filtres_des_entreprises\/coop-en\/\" rel=\"category\" data-term-id=\"151\"><span class=\"tg-item-term\" >COOP<\/span><\/a><span>, <\/span><a class=\"filtres_des_entreprises\" href=\"https:\/\/fonds-risq.qc.ca\/en\/filtres_des_entreprises\/leisure-tourism\/\" rel=\"category\" data-term-id=\"144\"><span class=\"tg-item-term\" >Leisure \/ Tourism<\/span><\/a><span>, <\/span><a class=\"filtres_des_entreprises\" href=\"https:\/\/fonds-risq.qc.ca\/en\/filtres_des_entreprises\/pret-pour-aide-technique-en\/\" rel=\"category\" data-term-id=\"146\"><span class=\"tg-item-term\" >Technical assistance loan<\/span><\/a><\/span><div class=\"tg-item-footer\"><a class=\"tg-item-comment\" href=\"https:\/\/fonds-risq.qc.ca\/en\/entreprise\/coop-camping-st-damase\/\"  target=\"_self\">No comment<\/a><span class=\"no-ajaxy to-post-like no-liked empty-heart\" data-post-id=\"15938\" title=\"Like\"><span class=\"to-heart-icon\"><svg xmlns=\"http:\/\/www.w3.org\/2000\/svg\" version=\"1.1\" viewBox=\"0 0 64 64\"><g transform=\"translate(0, 0)\"><path stroke-width=\"6\" stroke-linecap=\"square\" stroke-miterlimit=\"10\" d=\"M1,21c0,20,31,38,31,38s31-18,31-38 c0-8.285-6-16-15-16c-8.285,0-16,5.715-16,14c0-8.285-7.715-14-16-14C7,5,1,12.715,1,21z\"><\/path><\/g><\/svg><\/span><span class=\"to-like-count\">0<\/span><\/span><\/div><\/div><\/div><\/article><!-- The Grid item #139 --><article class=\"tg-item tg-post-15939 kampala f252 f246 f248 f128 f150 f137\" data-row=\"1\" data-col=\"1\"><div class=\"tg-item-inner\"><div class=\"tg-item-media-holder tg-light\"><div class=\"tg-item-media-inner\"><img decoding=\"async\" class=\"tg-item-image\" alt=\"\" width=\"707\" height=\"340\" src=\"https:\/\/fonds-risq.qc.ca\/wp-content\/uploads\/2023\/06\/InsertechAngus.png\"><\/div><div class=\"tg-center-holder\"><div class=\"tg-center-inner\"><div class=\"tg-item-overlay\"><\/div><a class=\"tg-link-button\" href=\"https:\/\/fonds-risq.qc.ca\/en\/entreprise\/insertech-angus\/\" target=\"_self\"><i class=\"tg-icon-link\"><\/i><\/a><\/div><\/div><div class=\"tg-item-decoration\"><div class=\"triangle-down-right\" style=\"border-color:#fdd304\"><\/div><\/div><div class=\"tg-item-share-holder\"><div class=\"triangle-up-left\" style=\"border-color:rgba(22,22,22,0.65)\"><\/div><i class=\"tg-icon-reply\" style=\"color:#ffffff\"><\/i><div class=\"tg-share-icons\"><a class=\"tg-social-share tg-facebook\" href=\"https:\/\/www.facebook.com\/sharer.php?u=https%3A%2F%2Ffonds-risq.qc.ca%2Fen%2Fentreprise%2Finsertech-angus%2F&#038;t=Insertech%20Angus\"><i class=\"tg-icon-facebook\"><\/i><\/a><a class=\"tg-social-share tg-twitter\" href=\"https:\/\/twitter.com\/share?url=https%3A%2F%2Ffonds-risq.qc.ca%2Fen%2Fentreprise%2Finsertech-angus%2F&#038;text=Insertech%20Angus\"><i class=\"tg-icon-twitter\"><\/i><\/a><a class=\"tg-social-share tg-google-plus\" href=\"https:\/\/plus.google.com\/share?url=https%3A%2F%2Ffonds-risq.qc.ca%2Fen%2Fentreprise%2Finsertech-angus%2F\"><i class=\"tg-icon-google-plus\"><\/i><\/a><a class=\"tg-social-share tg-pinterest\" href=\"https:\/\/pinterest.com\/pin\/create\/button\/?url=https%3A%2F%2Ffonds-risq.qc.ca%2Fen%2Fentreprise%2Finsertech-angus%2F&#038;description=Insertech%20Angus&#038;media=https%3A%2F%2Ffonds-risq.qc.ca%2Fwp-content%2Fuploads%2F2023%2F06%2FInsertechAngus.png\"><i class=\"tg-icon-pinterest\"><\/i><\/a><\/div><\/div><\/div><div class=\"tg-item-content-holder tg-light image-format\" style=\"background-color:#fdd304\"><span class=\"tg-item-date\">20 June 2023<\/span><h2 class=\"tg-item-title\"><a href=\"https:\/\/fonds-risq.qc.ca\/en\/entreprise\/insertech-angus\/\" target=\"_self\">Insertech Angus<\/a><\/h2><span class=\"tg-cats-holder\"><a class=\"filtres_des_entreprises\" href=\"https:\/\/fonds-risq.qc.ca\/en\/filtres_des_entreprises\/2023-en\/\" rel=\"category\" data-term-id=\"252\"><span class=\"tg-item-term\" >2023<\/span><\/a><span>, <\/span><a class=\"filtres_des_entreprises\" href=\"https:\/\/fonds-risq.qc.ca\/en\/filtres_des_entreprises\/fonds-de-transition-en\/\" rel=\"category\" data-term-id=\"246\"><span class=\"tg-item-term\" >Fonds de Transition<\/span><\/a><span>, <\/span><a class=\"filtres_des_entreprises\" href=\"https:\/\/fonds-risq.qc.ca\/en\/filtres_des_entreprises\/fonds-transition-en\/\" rel=\"category\" data-term-id=\"248\"><span class=\"tg-item-term\" >Fonds Transition<\/span><\/a><span>, <\/span><a class=\"filtres_des_entreprises\" href=\"https:\/\/fonds-risq.qc.ca\/en\/filtres_des_entreprises\/montreal-en\/\" rel=\"category\" data-term-id=\"128\"><span class=\"tg-item-term\" >Montr\u00e9al<\/span><\/a><span>, <\/span><a class=\"filtres_des_entreprises\" href=\"https:\/\/fonds-risq.qc.ca\/en\/filtres_des_entreprises\/npo\/\" rel=\"category\" data-term-id=\"150\"><span class=\"tg-item-term\" >NPO<\/span><\/a><span>, <\/span><a class=\"filtres_des_entreprises\" href=\"https:\/\/fonds-risq.qc.ca\/en\/filtres_des_entreprises\/retail-business\/\" rel=\"category\" data-term-id=\"137\"><span class=\"tg-item-term\" >Retail business<\/span><\/a><\/span><div class=\"tg-item-footer\"><a class=\"tg-item-comment\" href=\"https:\/\/fonds-risq.qc.ca\/en\/entreprise\/insertech-angus\/\"  target=\"_self\">No comment<\/a><span class=\"no-ajaxy to-post-like no-liked empty-heart\" data-post-id=\"15939\" title=\"Like\"><span class=\"to-heart-icon\"><svg xmlns=\"http:\/\/www.w3.org\/2000\/svg\" version=\"1.1\" viewBox=\"0 0 64 64\"><g transform=\"translate(0, 0)\"><path stroke-width=\"6\" stroke-linecap=\"square\" stroke-miterlimit=\"10\" d=\"M1,21c0,20,31,38,31,38s31-18,31-38 c0-8.285-6-16-15-16c-8.285,0-16,5.715-16,14c0-8.285-7.715-14-16-14C7,5,1,12.715,1,21z\"><\/path><\/g><\/svg><\/span><span class=\"to-like-count\">0<\/span><\/span><\/div><\/div><\/div><\/article><!-- The Grid item #140 --><article class=\"tg-item tg-post-15940 kampala f250 f148 f132 f154 f150 f208\" data-row=\"1\" data-col=\"1\"><div class=\"tg-item-inner\"><div class=\"tg-item-media-holder tg-light\"><div class=\"tg-item-media-inner\"><img decoding=\"async\" class=\"tg-item-image\" alt=\"\" width=\"2048\" height=\"1536\" src=\"https:\/\/fonds-risq.qc.ca\/wp-content\/uploads\/2023\/06\/Applications-MD.jpg\"><\/div><div class=\"tg-center-holder\"><div class=\"tg-center-inner\"><div class=\"tg-item-overlay\"><\/div><a class=\"tg-link-button\" href=\"https:\/\/fonds-risq.qc.ca\/en\/entreprise\/applications-md\/\" target=\"_self\"><i class=\"tg-icon-link\"><\/i><\/a><\/div><\/div><div class=\"tg-item-decoration\"><div class=\"triangle-down-right\" style=\"border-color:#0097c8\"><\/div><\/div><div class=\"tg-item-share-holder\"><div class=\"triangle-up-left\" style=\"border-color:rgba(22,22,22,0.65)\"><\/div><i class=\"tg-icon-reply\" style=\"color:#ffffff\"><\/i><div class=\"tg-share-icons\"><a class=\"tg-social-share tg-facebook\" href=\"https:\/\/www.facebook.com\/sharer.php?u=https%3A%2F%2Ffonds-risq.qc.ca%2Fen%2Fentreprise%2Fapplications-md%2F&#038;t=Applications%20MD\"><i class=\"tg-icon-facebook\"><\/i><\/a><a class=\"tg-social-share tg-twitter\" href=\"https:\/\/twitter.com\/share?url=https%3A%2F%2Ffonds-risq.qc.ca%2Fen%2Fentreprise%2Fapplications-md%2F&#038;text=Applications%20MD\"><i class=\"tg-icon-twitter\"><\/i><\/a><a class=\"tg-social-share tg-google-plus\" href=\"https:\/\/plus.google.com\/share?url=https%3A%2F%2Ffonds-risq.qc.ca%2Fen%2Fentreprise%2Fapplications-md%2F\"><i class=\"tg-icon-google-plus\"><\/i><\/a><a class=\"tg-social-share tg-pinterest\" href=\"https:\/\/pinterest.com\/pin\/create\/button\/?url=https%3A%2F%2Ffonds-risq.qc.ca%2Fen%2Fentreprise%2Fapplications-md%2F&#038;description=Applications%20MD&#038;media=https%3A%2F%2Ffonds-risq.qc.ca%2Fwp-content%2Fuploads%2F2023%2F06%2FApplications-MD.jpg\"><i class=\"tg-icon-pinterest\"><\/i><\/a><\/div><\/div><\/div><div class=\"tg-item-content-holder tg-light image-format\" style=\"background-color:#0097c8\"><span class=\"tg-item-date\">19 June 2023<\/span><h2 class=\"tg-item-title\"><a href=\"https:\/\/fonds-risq.qc.ca\/en\/entreprise\/applications-md\/\" target=\"_self\">Applications MD<\/a><\/h2><span class=\"tg-cats-holder\"><a class=\"filtres_des_entreprises\" href=\"https:\/\/fonds-risq.qc.ca\/en\/filtres_des_entreprises\/2022-en\/\" rel=\"category\" data-term-id=\"250\"><span class=\"tg-item-term\" >2022<\/span><\/a><span>, <\/span><a class=\"filtres_des_entreprises\" href=\"https:\/\/fonds-risq.qc.ca\/en\/filtres_des_entreprises\/capitalization-loan\/\" rel=\"category\" data-term-id=\"148\"><span class=\"tg-item-term\" >Capitalization loan<\/span><\/a><span>, <\/span><a class=\"filtres_des_entreprises\" href=\"https:\/\/fonds-risq.qc.ca\/en\/filtres_des_entreprises\/monteregie-en\/\" rel=\"category\" data-term-id=\"132\"><span class=\"tg-item-term\" >Mont\u00e9r\u00e9gie<\/span><\/a><span>, <\/span><a class=\"filtres_des_entreprises\" href=\"https:\/\/fonds-risq.qc.ca\/en\/filtres_des_entreprises\/new-information-technologies\/\" rel=\"category\" data-term-id=\"154\"><span class=\"tg-item-term\" >New information technologies<\/span><\/a><span>, <\/span><a class=\"filtres_des_entreprises\" href=\"https:\/\/fonds-risq.qc.ca\/en\/filtres_des_entreprises\/npo\/\" rel=\"category\" data-term-id=\"150\"><span class=\"tg-item-term\" >NPO<\/span><\/a><span>, <\/span><a class=\"filtres_des_entreprises\" href=\"https:\/\/fonds-risq.qc.ca\/en\/filtres_des_entreprises\/numeriques-en\/\" rel=\"category\" data-term-id=\"208\"><span class=\"tg-item-term\" >Num\u00e9riques<\/span><\/a><\/span><div class=\"tg-item-footer\"><a class=\"tg-item-comment\" href=\"https:\/\/fonds-risq.qc.ca\/en\/entreprise\/applications-md\/\"  target=\"_self\">No comment<\/a><span class=\"no-ajaxy to-post-like no-liked empty-heart\" data-post-id=\"15940\" title=\"Like\"><span class=\"to-heart-icon\"><svg xmlns=\"http:\/\/www.w3.org\/2000\/svg\" version=\"1.1\" viewBox=\"0 0 64 64\"><g transform=\"translate(0, 0)\"><path stroke-width=\"6\" stroke-linecap=\"square\" stroke-miterlimit=\"10\" d=\"M1,21c0,20,31,38,31,38s31-18,31-38 c0-8.285-6-16-15-16c-8.285,0-16,5.715-16,14c0-8.285-7.715-14-16-14C7,5,1,12.715,1,21z\"><\/path><\/g><\/svg><\/span><span class=\"to-like-count\">0<\/span><\/span><\/div><\/div><\/div><\/article><!-- The Grid item #141 --><article class=\"tg-item tg-post-15885 kampala f252 f130 f151 f199 f248\" data-row=\"1\" data-col=\"1\"><div class=\"tg-item-inner\"><div class=\"tg-item-media-holder tg-light\"><div class=\"tg-item-media-inner\"><img decoding=\"async\" class=\"tg-item-image\" alt=\"\" width=\"960\" height=\"720\" src=\"https:\/\/fonds-risq.qc.ca\/wp-content\/uploads\/2023\/06\/courantAlternatif.jpg\"><\/div><div class=\"tg-center-holder\"><div class=\"tg-center-inner\"><div class=\"tg-item-overlay\"><\/div><a class=\"tg-link-button\" href=\"https:\/\/fonds-risq.qc.ca\/en\/entreprise\/courant-alternatif-cooperative-de-travail\/\" target=\"_self\"><i class=\"tg-icon-link\"><\/i><\/a><\/div><\/div><div class=\"tg-item-decoration\"><div class=\"triangle-down-right\" style=\"border-color:#fdd304\"><\/div><\/div><div class=\"tg-item-share-holder\"><div class=\"triangle-up-left\" style=\"border-color:rgba(22,22,22,0.65)\"><\/div><i class=\"tg-icon-reply\" style=\"color:#ffffff\"><\/i><div class=\"tg-share-icons\"><a class=\"tg-social-share tg-facebook\" href=\"https:\/\/www.facebook.com\/sharer.php?u=https%3A%2F%2Ffonds-risq.qc.ca%2Fen%2Fentreprise%2Fcourant-alternatif-cooperative-de-travail%2F&#038;t=Courant%20Alternatif%2C%20Coop%C3%A9rative%20de%20travail\"><i class=\"tg-icon-facebook\"><\/i><\/a><a class=\"tg-social-share tg-twitter\" href=\"https:\/\/twitter.com\/share?url=https%3A%2F%2Ffonds-risq.qc.ca%2Fen%2Fentreprise%2Fcourant-alternatif-cooperative-de-travail%2F&#038;text=Courant%20Alternatif%2C%20Coop%C3%A9rative%20de%20travail\"><i class=\"tg-icon-twitter\"><\/i><\/a><a class=\"tg-social-share tg-google-plus\" href=\"https:\/\/plus.google.com\/share?url=https%3A%2F%2Ffonds-risq.qc.ca%2Fen%2Fentreprise%2Fcourant-alternatif-cooperative-de-travail%2F\"><i class=\"tg-icon-google-plus\"><\/i><\/a><a class=\"tg-social-share tg-pinterest\" href=\"https:\/\/pinterest.com\/pin\/create\/button\/?url=https%3A%2F%2Ffonds-risq.qc.ca%2Fen%2Fentreprise%2Fcourant-alternatif-cooperative-de-travail%2F&#038;description=Courant%20Alternatif%2C%20Coop%C3%A9rative%20de%20travail&#038;media=https%3A%2F%2Ffonds-risq.qc.ca%2Fwp-content%2Fuploads%2F2023%2F06%2FcourantAlternatif.jpg\"><i class=\"tg-icon-pinterest\"><\/i><\/a><\/div><\/div><\/div><div class=\"tg-item-content-holder tg-light image-format\" style=\"background-color:#fdd304\"><span class=\"tg-item-date\">16 June 2023<\/span><h2 class=\"tg-item-title\"><a href=\"https:\/\/fonds-risq.qc.ca\/en\/entreprise\/courant-alternatif-cooperative-de-travail\/\" target=\"_self\">Courant Alternatif, Coop\u00e9rative de travail<\/a><\/h2><span class=\"tg-cats-holder\"><a class=\"filtres_des_entreprises\" href=\"https:\/\/fonds-risq.qc.ca\/en\/filtres_des_entreprises\/2023-en\/\" rel=\"category\" data-term-id=\"252\"><span class=\"tg-item-term\" >2023<\/span><\/a><span>, <\/span><a class=\"filtres_des_entreprises\" href=\"https:\/\/fonds-risq.qc.ca\/en\/filtres_des_entreprises\/capitale-nationale-en\/\" rel=\"category\" data-term-id=\"130\"><span class=\"tg-item-term\" >Capitale-Nationale<\/span><\/a><span>, <\/span><a class=\"filtres_des_entreprises\" href=\"https:\/\/fonds-risq.qc.ca\/en\/filtres_des_entreprises\/coop-en\/\" rel=\"category\" data-term-id=\"151\"><span class=\"tg-item-term\" >COOP<\/span><\/a><span>, <\/span><a class=\"filtres_des_entreprises\" href=\"https:\/\/fonds-risq.qc.ca\/en\/filtres_des_entreprises\/entrepreneur-specialise-en\/\" rel=\"category\" data-term-id=\"199\"><span class=\"tg-item-term\" >Entrepreneur sp\u00e9cialis\u00e9<\/span><\/a><span>, <\/span><a class=\"filtres_des_entreprises\" href=\"https:\/\/fonds-risq.qc.ca\/en\/filtres_des_entreprises\/fonds-transition-en\/\" rel=\"category\" data-term-id=\"248\"><span class=\"tg-item-term\" >Fonds Transition<\/span><\/a><\/span><div class=\"tg-item-footer\"><a class=\"tg-item-comment\" href=\"https:\/\/fonds-risq.qc.ca\/en\/entreprise\/courant-alternatif-cooperative-de-travail\/\"  target=\"_self\">No comment<\/a><span class=\"no-ajaxy to-post-like no-liked empty-heart\" data-post-id=\"15885\" title=\"Like\"><span class=\"to-heart-icon\"><svg xmlns=\"http:\/\/www.w3.org\/2000\/svg\" version=\"1.1\" viewBox=\"0 0 64 64\"><g transform=\"translate(0, 0)\"><path stroke-width=\"6\" stroke-linecap=\"square\" stroke-miterlimit=\"10\" d=\"M1,21c0,20,31,38,31,38s31-18,31-38 c0-8.285-6-16-15-16c-8.285,0-16,5.715-16,14c0-8.285-7.715-14-16-14C7,5,1,12.715,1,21z\"><\/path><\/g><\/svg><\/span><span class=\"to-like-count\">0<\/span><\/span><\/div><\/div><\/div><\/article><!-- The Grid item #142 --><article class=\"tg-item tg-post-15602 kampala f250 f151 f246 f248 f128 f135\" data-row=\"1\" data-col=\"1\"><div class=\"tg-item-inner\"><div class=\"tg-item-media-holder tg-light\"><div class=\"tg-item-media-inner\"><img decoding=\"async\" class=\"tg-item-image\" alt=\"\" width=\"2048\" height=\"1536\" src=\"https:\/\/fonds-risq.qc.ca\/wp-content\/uploads\/2023\/04\/Passerelles.jpg\"><\/div><div class=\"tg-center-holder\"><div class=\"tg-center-inner\"><div class=\"tg-item-overlay\"><\/div><a class=\"tg-link-button\" href=\"https:\/\/fonds-risq.qc.ca\/en\/entreprise\/passerelles-cooperative-en-patrimoine\/\" target=\"_self\"><i class=\"tg-icon-link\"><\/i><\/a><\/div><\/div><div class=\"tg-item-decoration\"><div class=\"triangle-down-right\" style=\"border-color:#fdd304\"><\/div><\/div><div class=\"tg-item-share-holder\"><div class=\"triangle-up-left\" style=\"border-color:rgba(22,22,22,0.65)\"><\/div><i class=\"tg-icon-reply\" style=\"color:#ffffff\"><\/i><div class=\"tg-share-icons\"><a class=\"tg-social-share tg-facebook\" href=\"https:\/\/www.facebook.com\/sharer.php?u=https%3A%2F%2Ffonds-risq.qc.ca%2Fen%2Fentreprise%2Fpasserelles-cooperative-en-patrimoine%2F&#038;t=Passerelles%20Coop%C3%A9rative%20en%20patrimoine\"><i class=\"tg-icon-facebook\"><\/i><\/a><a class=\"tg-social-share tg-twitter\" href=\"https:\/\/twitter.com\/share?url=https%3A%2F%2Ffonds-risq.qc.ca%2Fen%2Fentreprise%2Fpasserelles-cooperative-en-patrimoine%2F&#038;text=Passerelles%20Coop%C3%A9rative%20en%20patrimoine\"><i class=\"tg-icon-twitter\"><\/i><\/a><a class=\"tg-social-share tg-google-plus\" href=\"https:\/\/plus.google.com\/share?url=https%3A%2F%2Ffonds-risq.qc.ca%2Fen%2Fentreprise%2Fpasserelles-cooperative-en-patrimoine%2F\"><i class=\"tg-icon-google-plus\"><\/i><\/a><a class=\"tg-social-share tg-pinterest\" href=\"https:\/\/pinterest.com\/pin\/create\/button\/?url=https%3A%2F%2Ffonds-risq.qc.ca%2Fen%2Fentreprise%2Fpasserelles-cooperative-en-patrimoine%2F&#038;description=Passerelles%20Coop%C3%A9rative%20en%20patrimoine&#038;media=https%3A%2F%2Ffonds-risq.qc.ca%2Fwp-content%2Fuploads%2F2023%2F04%2FPasserelles.jpg\"><i class=\"tg-icon-pinterest\"><\/i><\/a><\/div><\/div><\/div><div class=\"tg-item-content-holder tg-light image-format\" style=\"background-color:#fdd304\"><span class=\"tg-item-date\">6 April 2023<\/span><h2 class=\"tg-item-title\"><a href=\"https:\/\/fonds-risq.qc.ca\/en\/entreprise\/passerelles-cooperative-en-patrimoine\/\" target=\"_self\">Passerelles Coop\u00e9rative en patrimoine<\/a><\/h2><span class=\"tg-cats-holder\"><a class=\"filtres_des_entreprises\" href=\"https:\/\/fonds-risq.qc.ca\/en\/filtres_des_entreprises\/2022-en\/\" rel=\"category\" data-term-id=\"250\"><span class=\"tg-item-term\" >2022<\/span><\/a><span>, <\/span><a class=\"filtres_des_entreprises\" href=\"https:\/\/fonds-risq.qc.ca\/en\/filtres_des_entreprises\/coop-en\/\" rel=\"category\" data-term-id=\"151\"><span class=\"tg-item-term\" >COOP<\/span><\/a><span>, <\/span><a class=\"filtres_des_entreprises\" href=\"https:\/\/fonds-risq.qc.ca\/en\/filtres_des_entreprises\/fonds-de-transition-en\/\" rel=\"category\" data-term-id=\"246\"><span class=\"tg-item-term\" >Fonds de Transition<\/span><\/a><span>, <\/span><a class=\"filtres_des_entreprises\" href=\"https:\/\/fonds-risq.qc.ca\/en\/filtres_des_entreprises\/fonds-transition-en\/\" rel=\"category\" data-term-id=\"248\"><span class=\"tg-item-term\" >Fonds Transition<\/span><\/a><span>, <\/span><a class=\"filtres_des_entreprises\" href=\"https:\/\/fonds-risq.qc.ca\/en\/filtres_des_entreprises\/montreal-en\/\" rel=\"category\" data-term-id=\"128\"><span class=\"tg-item-term\" >Montr\u00e9al<\/span><\/a><span>, <\/span><a class=\"filtres_des_entreprises\" href=\"https:\/\/fonds-risq.qc.ca\/en\/filtres_des_entreprises\/services-en\/\" rel=\"category\" data-term-id=\"135\"><span class=\"tg-item-term\" >Services<\/span><\/a><\/span><div class=\"tg-item-footer\"><a class=\"tg-item-comment\" href=\"https:\/\/fonds-risq.qc.ca\/en\/entreprise\/passerelles-cooperative-en-patrimoine\/\"  target=\"_self\">No comment<\/a><span class=\"no-ajaxy to-post-like no-liked empty-heart\" data-post-id=\"15602\" title=\"Like\"><span class=\"to-heart-icon\"><svg xmlns=\"http:\/\/www.w3.org\/2000\/svg\" version=\"1.1\" viewBox=\"0 0 64 64\"><g transform=\"translate(0, 0)\"><path stroke-width=\"6\" stroke-linecap=\"square\" stroke-miterlimit=\"10\" d=\"M1,21c0,20,31,38,31,38s31-18,31-38 c0-8.285-6-16-15-16c-8.285,0-16,5.715-16,14c0-8.285-7.715-14-16-14C7,5,1,12.715,1,21z\"><\/path><\/g><\/svg><\/span><span class=\"to-like-count\">0<\/span><\/span><\/div><\/div><\/div><\/article><!-- The Grid item #143 --><article class=\"tg-item tg-post-15592 kampala f250 f151 f132 f137 f146\" data-row=\"1\" data-col=\"1\"><div class=\"tg-item-inner\"><div class=\"tg-item-media-holder tg-light\"><div class=\"tg-item-media-inner\"><img decoding=\"async\" class=\"tg-item-image\" alt=\"\" width=\"500\" height=\"500\" src=\"https:\/\/fonds-risq.qc.ca\/wp-content\/uploads\/2023\/04\/Photo-Meilleur-dHenry.png\"><\/div><div class=\"tg-center-holder\"><div class=\"tg-center-inner\"><div class=\"tg-item-overlay\"><\/div><a class=\"tg-link-button\" href=\"https:\/\/fonds-risq.qc.ca\/en\/entreprise\/epicerie-le-meilleur-dhenry\/\" target=\"_self\"><i class=\"tg-icon-link\"><\/i><\/a><\/div><\/div><div class=\"tg-item-decoration\"><div class=\"triangle-down-right\" style=\"border-color:#b7c634\"><\/div><\/div><div class=\"tg-item-share-holder\"><div class=\"triangle-up-left\" style=\"border-color:rgba(22,22,22,0.65)\"><\/div><i class=\"tg-icon-reply\" style=\"color:#ffffff\"><\/i><div class=\"tg-share-icons\"><a class=\"tg-social-share tg-facebook\" href=\"https:\/\/www.facebook.com\/sharer.php?u=https%3A%2F%2Ffonds-risq.qc.ca%2Fen%2Fentreprise%2Fepicerie-le-meilleur-dhenry%2F&#038;t=%C3%89picerie%20Le%20Meilleur%20d%E2%80%99Henry\"><i class=\"tg-icon-facebook\"><\/i><\/a><a class=\"tg-social-share tg-twitter\" href=\"https:\/\/twitter.com\/share?url=https%3A%2F%2Ffonds-risq.qc.ca%2Fen%2Fentreprise%2Fepicerie-le-meilleur-dhenry%2F&#038;text=%C3%89picerie%20Le%20Meilleur%20d%E2%80%99Henry\"><i class=\"tg-icon-twitter\"><\/i><\/a><a class=\"tg-social-share tg-google-plus\" href=\"https:\/\/plus.google.com\/share?url=https%3A%2F%2Ffonds-risq.qc.ca%2Fen%2Fentreprise%2Fepicerie-le-meilleur-dhenry%2F\"><i class=\"tg-icon-google-plus\"><\/i><\/a><a class=\"tg-social-share tg-pinterest\" href=\"https:\/\/pinterest.com\/pin\/create\/button\/?url=https%3A%2F%2Ffonds-risq.qc.ca%2Fen%2Fentreprise%2Fepicerie-le-meilleur-dhenry%2F&#038;description=%C3%89picerie%20Le%20Meilleur%20d%E2%80%99Henry&#038;media=https%3A%2F%2Ffonds-risq.qc.ca%2Fwp-content%2Fuploads%2F2023%2F04%2FPhoto-Meilleur-dHenry.png\"><i class=\"tg-icon-pinterest\"><\/i><\/a><\/div><\/div><\/div><div class=\"tg-item-content-holder tg-light image-format\" style=\"background-color:#b7c634\"><span class=\"tg-item-date\">6 April 2023<\/span><h2 class=\"tg-item-title\"><a href=\"https:\/\/fonds-risq.qc.ca\/en\/entreprise\/epicerie-le-meilleur-dhenry\/\" target=\"_self\">\u00c9picerie Le Meilleur d\u2019Henry<\/a><\/h2><span class=\"tg-cats-holder\"><a class=\"filtres_des_entreprises\" href=\"https:\/\/fonds-risq.qc.ca\/en\/filtres_des_entreprises\/2022-en\/\" rel=\"category\" data-term-id=\"250\"><span class=\"tg-item-term\" >2022<\/span><\/a><span>, <\/span><a class=\"filtres_des_entreprises\" href=\"https:\/\/fonds-risq.qc.ca\/en\/filtres_des_entreprises\/coop-en\/\" rel=\"category\" data-term-id=\"151\"><span class=\"tg-item-term\" >COOP<\/span><\/a><span>, <\/span><a class=\"filtres_des_entreprises\" href=\"https:\/\/fonds-risq.qc.ca\/en\/filtres_des_entreprises\/monteregie-en\/\" rel=\"category\" data-term-id=\"132\"><span class=\"tg-item-term\" >Mont\u00e9r\u00e9gie<\/span><\/a><span>, <\/span><a class=\"filtres_des_entreprises\" href=\"https:\/\/fonds-risq.qc.ca\/en\/filtres_des_entreprises\/retail-business\/\" rel=\"category\" data-term-id=\"137\"><span class=\"tg-item-term\" >Retail business<\/span><\/a><span>, <\/span><a class=\"filtres_des_entreprises\" href=\"https:\/\/fonds-risq.qc.ca\/en\/filtres_des_entreprises\/pret-pour-aide-technique-en\/\" rel=\"category\" data-term-id=\"146\"><span class=\"tg-item-term\" >Technical assistance loan<\/span><\/a><\/span><div class=\"tg-item-footer\"><a class=\"tg-item-comment\" href=\"https:\/\/fonds-risq.qc.ca\/en\/entreprise\/epicerie-le-meilleur-dhenry\/\"  target=\"_self\">No comment<\/a><span class=\"no-ajaxy to-post-like no-liked empty-heart\" data-post-id=\"15592\" title=\"Like\"><span class=\"to-heart-icon\"><svg xmlns=\"http:\/\/www.w3.org\/2000\/svg\" version=\"1.1\" viewBox=\"0 0 64 64\"><g transform=\"translate(0, 0)\"><path stroke-width=\"6\" stroke-linecap=\"square\" stroke-miterlimit=\"10\" d=\"M1,21c0,20,31,38,31,38s31-18,31-38 c0-8.285-6-16-15-16c-8.285,0-16,5.715-16,14c0-8.285-7.715-14-16-14C7,5,1,12.715,1,21z\"><\/path><\/g><\/svg><\/span><span class=\"to-like-count\">0<\/span><\/span><\/div><\/div><\/div><\/article><!-- The Grid item #144 --><article class=\"tg-item tg-post-15578 kampala f250 f246 f248 f128 f154 f150 f135\" data-row=\"1\" data-col=\"1\"><div class=\"tg-item-inner\"><div class=\"tg-item-media-holder tg-light\"><div class=\"tg-item-media-inner\"><img decoding=\"async\" class=\"tg-item-image\" alt=\"\" width=\"1024\" height=\"683\" src=\"https:\/\/fonds-risq.qc.ca\/wp-content\/uploads\/2023\/04\/Mutualit.jpg\"><\/div><div class=\"tg-center-holder\"><div class=\"tg-center-inner\"><div class=\"tg-item-overlay\"><\/div><a class=\"tg-link-button\" href=\"https:\/\/fonds-risq.qc.ca\/en\/entreprise\/mutualit\/\" target=\"_self\"><i class=\"tg-icon-link\"><\/i><\/a><\/div><\/div><div class=\"tg-item-decoration\"><div class=\"triangle-down-right\" style=\"border-color:#fdd304\"><\/div><\/div><div class=\"tg-item-share-holder\"><div class=\"triangle-up-left\" style=\"border-color:rgba(22,22,22,0.65)\"><\/div><i class=\"tg-icon-reply\" style=\"color:#ffffff\"><\/i><div class=\"tg-share-icons\"><a class=\"tg-social-share tg-facebook\" href=\"https:\/\/www.facebook.com\/sharer.php?u=https%3A%2F%2Ffonds-risq.qc.ca%2Fen%2Fentreprise%2Fmutualit%2F&#038;t=Mutualit\"><i class=\"tg-icon-facebook\"><\/i><\/a><a class=\"tg-social-share tg-twitter\" href=\"https:\/\/twitter.com\/share?url=https%3A%2F%2Ffonds-risq.qc.ca%2Fen%2Fentreprise%2Fmutualit%2F&#038;text=Mutualit\"><i class=\"tg-icon-twitter\"><\/i><\/a><a class=\"tg-social-share tg-google-plus\" href=\"https:\/\/plus.google.com\/share?url=https%3A%2F%2Ffonds-risq.qc.ca%2Fen%2Fentreprise%2Fmutualit%2F\"><i class=\"tg-icon-google-plus\"><\/i><\/a><a class=\"tg-social-share tg-pinterest\" href=\"https:\/\/pinterest.com\/pin\/create\/button\/?url=https%3A%2F%2Ffonds-risq.qc.ca%2Fen%2Fentreprise%2Fmutualit%2F&#038;description=Mutualit&#038;media=https%3A%2F%2Ffonds-risq.qc.ca%2Fwp-content%2Fuploads%2F2023%2F04%2FMutualit.jpg\"><i class=\"tg-icon-pinterest\"><\/i><\/a><\/div><\/div><\/div><div class=\"tg-item-content-holder tg-light image-format\" style=\"background-color:#fdd304\"><span class=\"tg-item-date\">6 April 2023<\/span><h2 class=\"tg-item-title\"><a href=\"https:\/\/fonds-risq.qc.ca\/en\/entreprise\/mutualit\/\" target=\"_self\">Mutualit<\/a><\/h2><span class=\"tg-cats-holder\"><a class=\"filtres_des_entreprises\" href=\"https:\/\/fonds-risq.qc.ca\/en\/filtres_des_entreprises\/2022-en\/\" rel=\"category\" data-term-id=\"250\"><span class=\"tg-item-term\" >2022<\/span><\/a><span>, <\/span><a class=\"filtres_des_entreprises\" href=\"https:\/\/fonds-risq.qc.ca\/en\/filtres_des_entreprises\/fonds-de-transition-en\/\" rel=\"category\" data-term-id=\"246\"><span class=\"tg-item-term\" >Fonds de Transition<\/span><\/a><span>, <\/span><a class=\"filtres_des_entreprises\" href=\"https:\/\/fonds-risq.qc.ca\/en\/filtres_des_entreprises\/fonds-transition-en\/\" rel=\"category\" data-term-id=\"248\"><span class=\"tg-item-term\" >Fonds Transition<\/span><\/a><span>, <\/span><a class=\"filtres_des_entreprises\" href=\"https:\/\/fonds-risq.qc.ca\/en\/filtres_des_entreprises\/montreal-en\/\" rel=\"category\" data-term-id=\"128\"><span class=\"tg-item-term\" >Montr\u00e9al<\/span><\/a><span>, <\/span><a class=\"filtres_des_entreprises\" href=\"https:\/\/fonds-risq.qc.ca\/en\/filtres_des_entreprises\/new-information-technologies\/\" rel=\"category\" data-term-id=\"154\"><span class=\"tg-item-term\" >New information technologies<\/span><\/a><span>, <\/span><a class=\"filtres_des_entreprises\" href=\"https:\/\/fonds-risq.qc.ca\/en\/filtres_des_entreprises\/npo\/\" rel=\"category\" data-term-id=\"150\"><span class=\"tg-item-term\" >NPO<\/span><\/a><span>, <\/span><a class=\"filtres_des_entreprises\" href=\"https:\/\/fonds-risq.qc.ca\/en\/filtres_des_entreprises\/services-en\/\" rel=\"category\" data-term-id=\"135\"><span class=\"tg-item-term\" >Services<\/span><\/a><\/span><div class=\"tg-item-footer\"><a class=\"tg-item-comment\" href=\"https:\/\/fonds-risq.qc.ca\/en\/entreprise\/mutualit\/\"  target=\"_self\">No comment<\/a><span class=\"no-ajaxy to-post-like no-liked empty-heart\" data-post-id=\"15578\" title=\"Like\"><span class=\"to-heart-icon\"><svg xmlns=\"http:\/\/www.w3.org\/2000\/svg\" version=\"1.1\" viewBox=\"0 0 64 64\"><g transform=\"translate(0, 0)\"><path stroke-width=\"6\" stroke-linecap=\"square\" stroke-miterlimit=\"10\" d=\"M1,21c0,20,31,38,31,38s31-18,31-38 c0-8.285-6-16-15-16c-8.285,0-16,5.715-16,14c0-8.285-7.715-14-16-14C7,5,1,12.715,1,21z\"><\/path><\/g><\/svg><\/span><span class=\"to-like-count\">0<\/span><\/span><\/div><\/div><\/div><\/article><!-- The Grid item #145 --><article class=\"tg-item tg-post-15603 kampala f250 f177 f128 f150 f192 f135 f146\" data-row=\"1\" data-col=\"1\"><div class=\"tg-item-inner\"><div class=\"tg-item-media-holder tg-light\"><div class=\"tg-item-media-inner\"><img decoding=\"async\" class=\"tg-item-image\" alt=\"\" width=\"1440\" height=\"960\" src=\"https:\/\/fonds-risq.qc.ca\/wp-content\/uploads\/2023\/04\/CCAM.jpg\"><\/div><div class=\"tg-center-holder\"><div class=\"tg-center-inner\"><div class=\"tg-item-overlay\"><\/div><a class=\"tg-link-button\" href=\"https:\/\/fonds-risq.qc.ca\/en\/entreprise\/centre-culturel-afro-canadien-de-montreal\/\" target=\"_self\"><i class=\"tg-icon-link\"><\/i><\/a><\/div><\/div><div class=\"tg-item-decoration\"><div class=\"triangle-down-right\" style=\"border-color:#b7c634\"><\/div><\/div><div class=\"tg-item-share-holder\"><div class=\"triangle-up-left\" style=\"border-color:rgba(22,22,22,0.65)\"><\/div><i class=\"tg-icon-reply\" style=\"color:#ffffff\"><\/i><div class=\"tg-share-icons\"><a class=\"tg-social-share tg-facebook\" href=\"https:\/\/www.facebook.com\/sharer.php?u=https%3A%2F%2Ffonds-risq.qc.ca%2Fen%2Fentreprise%2Fcentre-culturel-afro-canadien-de-montreal%2F&#038;t=Centre%20culturel%20afro-canadien%20de%20Montr%C3%A9al\"><i class=\"tg-icon-facebook\"><\/i><\/a><a class=\"tg-social-share tg-twitter\" href=\"https:\/\/twitter.com\/share?url=https%3A%2F%2Ffonds-risq.qc.ca%2Fen%2Fentreprise%2Fcentre-culturel-afro-canadien-de-montreal%2F&#038;text=Centre%20culturel%20afro-canadien%20de%20Montr%C3%A9al\"><i class=\"tg-icon-twitter\"><\/i><\/a><a class=\"tg-social-share tg-google-plus\" href=\"https:\/\/plus.google.com\/share?url=https%3A%2F%2Ffonds-risq.qc.ca%2Fen%2Fentreprise%2Fcentre-culturel-afro-canadien-de-montreal%2F\"><i class=\"tg-icon-google-plus\"><\/i><\/a><a class=\"tg-social-share tg-pinterest\" href=\"https:\/\/pinterest.com\/pin\/create\/button\/?url=https%3A%2F%2Ffonds-risq.qc.ca%2Fen%2Fentreprise%2Fcentre-culturel-afro-canadien-de-montreal%2F&#038;description=Centre%20culturel%20afro-canadien%20de%20Montr%C3%A9al&#038;media=https%3A%2F%2Ffonds-risq.qc.ca%2Fwp-content%2Fuploads%2F2023%2F04%2FCCAM.jpg\"><i class=\"tg-icon-pinterest\"><\/i><\/a><\/div><\/div><\/div><div class=\"tg-item-content-holder tg-light image-format\" style=\"background-color:#b7c634\"><span class=\"tg-item-date\">6 April 2023<\/span><h2 class=\"tg-item-title\"><a href=\"https:\/\/fonds-risq.qc.ca\/en\/entreprise\/centre-culturel-afro-canadien-de-montreal\/\" target=\"_self\">Centre culturel afro-canadien de Montr\u00e9al<\/a><\/h2><span class=\"tg-cats-holder\"><a class=\"filtres_des_entreprises\" href=\"https:\/\/fonds-risq.qc.ca\/en\/filtres_des_entreprises\/2022-en\/\" rel=\"category\" data-term-id=\"250\"><span class=\"tg-item-term\" >2022<\/span><\/a><span>, <\/span><a class=\"filtres_des_entreprises\" href=\"https:\/\/fonds-risq.qc.ca\/en\/filtres_des_entreprises\/culture-en\/\" rel=\"category\" data-term-id=\"177\"><span class=\"tg-item-term\" >Culture<\/span><\/a><span>, <\/span><a class=\"filtres_des_entreprises\" href=\"https:\/\/fonds-risq.qc.ca\/en\/filtres_des_entreprises\/montreal-en\/\" rel=\"category\" data-term-id=\"128\"><span class=\"tg-item-term\" >Montr\u00e9al<\/span><\/a><span>, <\/span><a class=\"filtres_des_entreprises\" href=\"https:\/\/fonds-risq.qc.ca\/en\/filtres_des_entreprises\/npo\/\" rel=\"category\" data-term-id=\"150\"><span class=\"tg-item-term\" >NPO<\/span><\/a><span>, <\/span><a class=\"filtres_des_entreprises\" href=\"https:\/\/fonds-risq.qc.ca\/en\/filtres_des_entreprises\/organisme-civique-et-amicale-en\/\" rel=\"category\" data-term-id=\"192\"><span class=\"tg-item-term\" >Organisme civique et amicale<\/span><\/a><span>, <\/span><a class=\"filtres_des_entreprises\" href=\"https:\/\/fonds-risq.qc.ca\/en\/filtres_des_entreprises\/services-en\/\" rel=\"category\" data-term-id=\"135\"><span class=\"tg-item-term\" >Services<\/span><\/a><span>, <\/span><a class=\"filtres_des_entreprises\" href=\"https:\/\/fonds-risq.qc.ca\/en\/filtres_des_entreprises\/pret-pour-aide-technique-en\/\" rel=\"category\" data-term-id=\"146\"><span class=\"tg-item-term\" >Technical assistance loan<\/span><\/a><\/span><div class=\"tg-item-footer\"><a class=\"tg-item-comment\" href=\"https:\/\/fonds-risq.qc.ca\/en\/entreprise\/centre-culturel-afro-canadien-de-montreal\/\"  target=\"_self\">No comment<\/a><span class=\"no-ajaxy to-post-like no-liked empty-heart\" data-post-id=\"15603\" title=\"Like\"><span class=\"to-heart-icon\"><svg xmlns=\"http:\/\/www.w3.org\/2000\/svg\" version=\"1.1\" viewBox=\"0 0 64 64\"><g transform=\"translate(0, 0)\"><path stroke-width=\"6\" stroke-linecap=\"square\" stroke-miterlimit=\"10\" d=\"M1,21c0,20,31,38,31,38s31-18,31-38 c0-8.285-6-16-15-16c-8.285,0-16,5.715-16,14c0-8.285-7.715-14-16-14C7,5,1,12.715,1,21z\"><\/path><\/g><\/svg><\/span><span class=\"to-like-count\">0<\/span><\/span><\/div><\/div><\/div><\/article><!-- The Grid item #146 --><article class=\"tg-item tg-post-15542 kampala f250 f151 f137 f155 f146\" data-row=\"1\" data-col=\"1\"><div class=\"tg-item-inner\"><div class=\"tg-item-media-holder tg-light\"><div class=\"tg-item-media-inner\"><img decoding=\"async\" class=\"tg-item-image\" alt=\"\" width=\"1536\" height=\"2048\" src=\"https:\/\/fonds-risq.qc.ca\/wp-content\/uploads\/2023\/04\/SoleilLevant.jpg\"><\/div><div class=\"tg-center-holder\"><div class=\"tg-center-inner\"><div class=\"tg-item-overlay\"><\/div><a class=\"tg-link-button\" href=\"https:\/\/fonds-risq.qc.ca\/en\/entreprise\/coop-sante-le-soleil-le-vent\/\" target=\"_self\"><i class=\"tg-icon-link\"><\/i><\/a><\/div><\/div><div class=\"tg-item-decoration\"><div class=\"triangle-down-right\" style=\"border-color:#b7c634\"><\/div><\/div><div class=\"tg-item-share-holder\"><div class=\"triangle-up-left\" style=\"border-color:rgba(22,22,22,0.65)\"><\/div><i class=\"tg-icon-reply\" style=\"color:#ffffff\"><\/i><div class=\"tg-share-icons\"><a class=\"tg-social-share tg-facebook\" href=\"https:\/\/www.facebook.com\/sharer.php?u=https%3A%2F%2Ffonds-risq.qc.ca%2Fen%2Fentreprise%2Fcoop-sante-le-soleil-le-vent%2F&#038;t=Coop%20Sant%C3%A9%20Le%20Soleil%20Le%20Vent\"><i class=\"tg-icon-facebook\"><\/i><\/a><a class=\"tg-social-share tg-twitter\" href=\"https:\/\/twitter.com\/share?url=https%3A%2F%2Ffonds-risq.qc.ca%2Fen%2Fentreprise%2Fcoop-sante-le-soleil-le-vent%2F&#038;text=Coop%20Sant%C3%A9%20Le%20Soleil%20Le%20Vent\"><i class=\"tg-icon-twitter\"><\/i><\/a><a class=\"tg-social-share tg-google-plus\" href=\"https:\/\/plus.google.com\/share?url=https%3A%2F%2Ffonds-risq.qc.ca%2Fen%2Fentreprise%2Fcoop-sante-le-soleil-le-vent%2F\"><i class=\"tg-icon-google-plus\"><\/i><\/a><a class=\"tg-social-share tg-pinterest\" href=\"https:\/\/pinterest.com\/pin\/create\/button\/?url=https%3A%2F%2Ffonds-risq.qc.ca%2Fen%2Fentreprise%2Fcoop-sante-le-soleil-le-vent%2F&#038;description=Coop%20Sant%C3%A9%20Le%20Soleil%20Le%20Vent&#038;media=https%3A%2F%2Ffonds-risq.qc.ca%2Fwp-content%2Fuploads%2F2023%2F04%2FSoleilLevant.jpg\"><i class=\"tg-icon-pinterest\"><\/i><\/a><\/div><\/div><\/div><div class=\"tg-item-content-holder tg-light image-format\" style=\"background-color:#b7c634\"><span class=\"tg-item-date\">6 April 2023<\/span><h2 class=\"tg-item-title\"><a href=\"https:\/\/fonds-risq.qc.ca\/en\/entreprise\/coop-sante-le-soleil-le-vent\/\" target=\"_self\">Coop Sant\u00e9 Le Soleil Le Vent<\/a><\/h2><span class=\"tg-cats-holder\"><a class=\"filtres_des_entreprises\" href=\"https:\/\/fonds-risq.qc.ca\/en\/filtres_des_entreprises\/2022-en\/\" rel=\"category\" data-term-id=\"250\"><span class=\"tg-item-term\" >2022<\/span><\/a><span>, <\/span><a class=\"filtres_des_entreprises\" href=\"https:\/\/fonds-risq.qc.ca\/en\/filtres_des_entreprises\/coop-en\/\" rel=\"category\" data-term-id=\"151\"><span class=\"tg-item-term\" >COOP<\/span><\/a><span>, <\/span><a class=\"filtres_des_entreprises\" href=\"https:\/\/fonds-risq.qc.ca\/en\/filtres_des_entreprises\/retail-business\/\" rel=\"category\" data-term-id=\"137\"><span class=\"tg-item-term\" >Retail business<\/span><\/a><span>, <\/span><a class=\"filtres_des_entreprises\" href=\"https:\/\/fonds-risq.qc.ca\/en\/filtres_des_entreprises\/saguenay-lac-saint-jean-en\/\" rel=\"category\" data-term-id=\"155\"><span class=\"tg-item-term\" >Saguenay-Lac-Saint-Jean<\/span><\/a><span>, <\/span><a class=\"filtres_des_entreprises\" href=\"https:\/\/fonds-risq.qc.ca\/en\/filtres_des_entreprises\/pret-pour-aide-technique-en\/\" rel=\"category\" data-term-id=\"146\"><span class=\"tg-item-term\" >Technical assistance loan<\/span><\/a><\/span><div class=\"tg-item-footer\"><a class=\"tg-item-comment\" href=\"https:\/\/fonds-risq.qc.ca\/en\/entreprise\/coop-sante-le-soleil-le-vent\/\"  target=\"_self\">No comment<\/a><span class=\"no-ajaxy to-post-like no-liked empty-heart\" data-post-id=\"15542\" title=\"Like\"><span class=\"to-heart-icon\"><svg xmlns=\"http:\/\/www.w3.org\/2000\/svg\" version=\"1.1\" viewBox=\"0 0 64 64\"><g transform=\"translate(0, 0)\"><path stroke-width=\"6\" stroke-linecap=\"square\" stroke-miterlimit=\"10\" d=\"M1,21c0,20,31,38,31,38s31-18,31-38 c0-8.285-6-16-15-16c-8.285,0-16,5.715-16,14c0-8.285-7.715-14-16-14C7,5,1,12.715,1,21z\"><\/path><\/g><\/svg><\/span><span class=\"to-like-count\">0<\/span><\/span><\/div><\/div><\/div><\/article><!-- The Grid item #147 --><article class=\"tg-item tg-post-15543 kampala f250 f151 f246 f248 f156 f137\" data-row=\"1\" data-col=\"1\"><div class=\"tg-item-inner\"><div class=\"tg-item-media-holder tg-light\"><div class=\"tg-item-media-inner\"><img decoding=\"async\" class=\"tg-item-image\" alt=\"\" width=\"2048\" height=\"1366\" src=\"https:\/\/fonds-risq.qc.ca\/wp-content\/uploads\/2023\/04\/MarcheOutaouais.jpg\"><\/div><div class=\"tg-center-holder\"><div class=\"tg-center-inner\"><div class=\"tg-item-overlay\"><\/div><a class=\"tg-link-button\" href=\"https:\/\/fonds-risq.qc.ca\/en\/entreprise\/marche-de-loutaouais\/\" target=\"_self\"><i class=\"tg-icon-link\"><\/i><\/a><\/div><\/div><div class=\"tg-item-decoration\"><div class=\"triangle-down-right\" style=\"border-color:#fdd304\"><\/div><\/div><div class=\"tg-item-share-holder\"><div class=\"triangle-up-left\" style=\"border-color:rgba(22,22,22,0.65)\"><\/div><i class=\"tg-icon-reply\" style=\"color:#ffffff\"><\/i><div class=\"tg-share-icons\"><a class=\"tg-social-share tg-facebook\" href=\"https:\/\/www.facebook.com\/sharer.php?u=https%3A%2F%2Ffonds-risq.qc.ca%2Fen%2Fentreprise%2Fmarche-de-loutaouais%2F&#038;t=March%C3%A9%20de%20l%E2%80%99Outaouais\"><i class=\"tg-icon-facebook\"><\/i><\/a><a class=\"tg-social-share tg-twitter\" href=\"https:\/\/twitter.com\/share?url=https%3A%2F%2Ffonds-risq.qc.ca%2Fen%2Fentreprise%2Fmarche-de-loutaouais%2F&#038;text=March%C3%A9%20de%20l%E2%80%99Outaouais\"><i class=\"tg-icon-twitter\"><\/i><\/a><a class=\"tg-social-share tg-google-plus\" href=\"https:\/\/plus.google.com\/share?url=https%3A%2F%2Ffonds-risq.qc.ca%2Fen%2Fentreprise%2Fmarche-de-loutaouais%2F\"><i class=\"tg-icon-google-plus\"><\/i><\/a><a class=\"tg-social-share tg-pinterest\" href=\"https:\/\/pinterest.com\/pin\/create\/button\/?url=https%3A%2F%2Ffonds-risq.qc.ca%2Fen%2Fentreprise%2Fmarche-de-loutaouais%2F&#038;description=March%C3%A9%20de%20l%E2%80%99Outaouais&#038;media=https%3A%2F%2Ffonds-risq.qc.ca%2Fwp-content%2Fuploads%2F2023%2F04%2FMarcheOutaouais.jpg\"><i class=\"tg-icon-pinterest\"><\/i><\/a><\/div><\/div><\/div><div class=\"tg-item-content-holder tg-light image-format\" style=\"background-color:#fdd304\"><span class=\"tg-item-date\">6 April 2023<\/span><h2 class=\"tg-item-title\"><a href=\"https:\/\/fonds-risq.qc.ca\/en\/entreprise\/marche-de-loutaouais\/\" target=\"_self\">March\u00e9 de l\u2019Outaouais<\/a><\/h2><span class=\"tg-cats-holder\"><a class=\"filtres_des_entreprises\" href=\"https:\/\/fonds-risq.qc.ca\/en\/filtres_des_entreprises\/2022-en\/\" rel=\"category\" data-term-id=\"250\"><span class=\"tg-item-term\" >2022<\/span><\/a><span>, <\/span><a class=\"filtres_des_entreprises\" href=\"https:\/\/fonds-risq.qc.ca\/en\/filtres_des_entreprises\/coop-en\/\" rel=\"category\" data-term-id=\"151\"><span class=\"tg-item-term\" >COOP<\/span><\/a><span>, <\/span><a class=\"filtres_des_entreprises\" href=\"https:\/\/fonds-risq.qc.ca\/en\/filtres_des_entreprises\/fonds-de-transition-en\/\" rel=\"category\" data-term-id=\"246\"><span class=\"tg-item-term\" >Fonds de Transition<\/span><\/a><span>, <\/span><a class=\"filtres_des_entreprises\" href=\"https:\/\/fonds-risq.qc.ca\/en\/filtres_des_entreprises\/fonds-transition-en\/\" rel=\"category\" data-term-id=\"248\"><span class=\"tg-item-term\" >Fonds Transition<\/span><\/a><span>, <\/span><a class=\"filtres_des_entreprises\" href=\"https:\/\/fonds-risq.qc.ca\/en\/filtres_des_entreprises\/outaouais-en\/\" rel=\"category\" data-term-id=\"156\"><span class=\"tg-item-term\" >Outaouais<\/span><\/a><span>, <\/span><a class=\"filtres_des_entreprises\" href=\"https:\/\/fonds-risq.qc.ca\/en\/filtres_des_entreprises\/retail-business\/\" rel=\"category\" data-term-id=\"137\"><span class=\"tg-item-term\" >Retail business<\/span><\/a><\/span><div class=\"tg-item-footer\"><a class=\"tg-item-comment\" href=\"https:\/\/fonds-risq.qc.ca\/en\/entreprise\/marche-de-loutaouais\/\"  target=\"_self\">No comment<\/a><span class=\"no-ajaxy to-post-like no-liked empty-heart\" data-post-id=\"15543\" title=\"Like\"><span class=\"to-heart-icon\"><svg xmlns=\"http:\/\/www.w3.org\/2000\/svg\" version=\"1.1\" viewBox=\"0 0 64 64\"><g transform=\"translate(0, 0)\"><path stroke-width=\"6\" stroke-linecap=\"square\" stroke-miterlimit=\"10\" d=\"M1,21c0,20,31,38,31,38s31-18,31-38 c0-8.285-6-16-15-16c-8.285,0-16,5.715-16,14c0-8.285-7.715-14-16-14C7,5,1,12.715,1,21z\"><\/path><\/g><\/svg><\/span><span class=\"to-like-count\">0<\/span><\/span><\/div><\/div><\/div><\/article><!-- The Grid item #148 --><article class=\"tg-item tg-post-15450 kampala f250 f151 f246 f248 f133 f158 f137\" data-row=\"1\" data-col=\"1\"><div class=\"tg-item-inner\"><div class=\"tg-item-media-holder tg-light\"><div class=\"tg-item-media-inner\"><img decoding=\"async\" class=\"tg-item-image\" alt=\"\" width=\"756\" height=\"756\" src=\"https:\/\/fonds-risq.qc.ca\/wp-content\/uploads\/2023\/03\/CafeOmargurites.jpg\"><\/div><div class=\"tg-center-holder\"><div class=\"tg-center-inner\"><div class=\"tg-item-overlay\"><\/div><a class=\"tg-link-button\" href=\"https:\/\/fonds-risq.qc.ca\/en\/entreprise\/cafe-omarguerites-cooperative-de-solidarite\/\" target=\"_self\"><i class=\"tg-icon-link\"><\/i><\/a><\/div><\/div><div class=\"tg-item-decoration\"><div class=\"triangle-down-right\" style=\"border-color:#fdd304\"><\/div><\/div><div class=\"tg-item-share-holder\"><div class=\"triangle-up-left\" style=\"border-color:rgba(22,22,22,0.65)\"><\/div><i class=\"tg-icon-reply\" style=\"color:#ffffff\"><\/i><div class=\"tg-share-icons\"><a class=\"tg-social-share tg-facebook\" href=\"https:\/\/www.facebook.com\/sharer.php?u=https%3A%2F%2Ffonds-risq.qc.ca%2Fen%2Fentreprise%2Fcafe-omarguerites-cooperative-de-solidarite%2F&#038;t=Caf%C3%A9%20O%E2%80%99Marguerites%2C%20Coop%C3%A9rative%20de%20Solidarit%C3%A9\"><i class=\"tg-icon-facebook\"><\/i><\/a><a class=\"tg-social-share tg-twitter\" href=\"https:\/\/twitter.com\/share?url=https%3A%2F%2Ffonds-risq.qc.ca%2Fen%2Fentreprise%2Fcafe-omarguerites-cooperative-de-solidarite%2F&#038;text=Caf%C3%A9%20O%E2%80%99Marguerites%2C%20Coop%C3%A9rative%20de%20Solidarit%C3%A9\"><i class=\"tg-icon-twitter\"><\/i><\/a><a class=\"tg-social-share tg-google-plus\" href=\"https:\/\/plus.google.com\/share?url=https%3A%2F%2Ffonds-risq.qc.ca%2Fen%2Fentreprise%2Fcafe-omarguerites-cooperative-de-solidarite%2F\"><i class=\"tg-icon-google-plus\"><\/i><\/a><a class=\"tg-social-share tg-pinterest\" href=\"https:\/\/pinterest.com\/pin\/create\/button\/?url=https%3A%2F%2Ffonds-risq.qc.ca%2Fen%2Fentreprise%2Fcafe-omarguerites-cooperative-de-solidarite%2F&#038;description=Caf%C3%A9%20O%E2%80%99Marguerites%2C%20Coop%C3%A9rative%20de%20Solidarit%C3%A9&#038;media=https%3A%2F%2Ffonds-risq.qc.ca%2Fwp-content%2Fuploads%2F2023%2F03%2FCafeOmargurites.jpg\"><i class=\"tg-icon-pinterest\"><\/i><\/a><\/div><\/div><\/div><div class=\"tg-item-content-holder tg-light image-format\" style=\"background-color:#fdd304\"><span class=\"tg-item-date\">23 March 2023<\/span><h2 class=\"tg-item-title\"><a href=\"https:\/\/fonds-risq.qc.ca\/en\/entreprise\/cafe-omarguerites-cooperative-de-solidarite\/\" target=\"_self\">Caf\u00e9 O\u2019Marguerites, Coop\u00e9rative de Solidarit\u00e9<\/a><\/h2><span class=\"tg-cats-holder\"><a class=\"filtres_des_entreprises\" href=\"https:\/\/fonds-risq.qc.ca\/en\/filtres_des_entreprises\/2022-en\/\" rel=\"category\" data-term-id=\"250\"><span class=\"tg-item-term\" >2022<\/span><\/a><span>, <\/span><a class=\"filtres_des_entreprises\" href=\"https:\/\/fonds-risq.qc.ca\/en\/filtres_des_entreprises\/coop-en\/\" rel=\"category\" data-term-id=\"151\"><span class=\"tg-item-term\" >COOP<\/span><\/a><span>, <\/span><a class=\"filtres_des_entreprises\" href=\"https:\/\/fonds-risq.qc.ca\/en\/filtres_des_entreprises\/fonds-de-transition-en\/\" rel=\"category\" data-term-id=\"246\"><span class=\"tg-item-term\" >Fonds de Transition<\/span><\/a><span>, <\/span><a class=\"filtres_des_entreprises\" href=\"https:\/\/fonds-risq.qc.ca\/en\/filtres_des_entreprises\/fonds-transition-en\/\" rel=\"category\" data-term-id=\"248\"><span class=\"tg-item-term\" >Fonds Transition<\/span><\/a><span>, <\/span><a class=\"filtres_des_entreprises\" href=\"https:\/\/fonds-risq.qc.ca\/en\/filtres_des_entreprises\/laurentides-en\/\" rel=\"category\" data-term-id=\"133\"><span class=\"tg-item-term\" >Laurentides<\/span><\/a><span>, <\/span><a class=\"filtres_des_entreprises\" href=\"https:\/\/fonds-risq.qc.ca\/en\/filtres_des_entreprises\/restaurant\/\" rel=\"category\" data-term-id=\"158\"><span class=\"tg-item-term\" >Restaurant<\/span><\/a><span>, <\/span><a class=\"filtres_des_entreprises\" href=\"https:\/\/fonds-risq.qc.ca\/en\/filtres_des_entreprises\/retail-business\/\" rel=\"category\" data-term-id=\"137\"><span class=\"tg-item-term\" >Retail business<\/span><\/a><\/span><div class=\"tg-item-footer\"><a class=\"tg-item-comment\" href=\"https:\/\/fonds-risq.qc.ca\/en\/entreprise\/cafe-omarguerites-cooperative-de-solidarite\/\"  target=\"_self\">No comment<\/a><span class=\"no-ajaxy to-post-like no-liked empty-heart\" data-post-id=\"15450\" title=\"Like\"><span class=\"to-heart-icon\"><svg xmlns=\"http:\/\/www.w3.org\/2000\/svg\" version=\"1.1\" viewBox=\"0 0 64 64\"><g transform=\"translate(0, 0)\"><path stroke-width=\"6\" stroke-linecap=\"square\" stroke-miterlimit=\"10\" d=\"M1,21c0,20,31,38,31,38s31-18,31-38 c0-8.285-6-16-15-16c-8.285,0-16,5.715-16,14c0-8.285-7.715-14-16-14C7,5,1,12.715,1,21z\"><\/path><\/g><\/svg><\/span><span class=\"to-like-count\">0<\/span><\/span><\/div><\/div><\/div><\/article><!-- The Grid item #149 --><article class=\"tg-item tg-post-15416 kampala f250 f197 f246 f248 f128 f150\" data-row=\"1\" data-col=\"1\"><div class=\"tg-item-inner\"><div class=\"tg-item-media-holder tg-light\"><div class=\"tg-item-media-inner\"><img decoding=\"async\" class=\"tg-item-image\" alt=\"\" width=\"1200\" height=\"1600\" src=\"https:\/\/fonds-risq.qc.ca\/wp-content\/uploads\/2023\/03\/IMG_20220728_152718.jpg\"><\/div><div class=\"tg-center-holder\"><div class=\"tg-center-inner\"><div class=\"tg-item-overlay\"><\/div><a class=\"tg-link-button\" href=\"https:\/\/fonds-risq.qc.ca\/en\/entreprise\/centre-daction-benevole-et-communautaire-saint-laurent\/\" target=\"_self\"><i class=\"tg-icon-link\"><\/i><\/a><\/div><\/div><div class=\"tg-item-decoration\"><div class=\"triangle-down-right\" style=\"border-color:#fdd304\"><\/div><\/div><div class=\"tg-item-share-holder\"><div class=\"triangle-up-left\" style=\"border-color:rgba(22,22,22,0.65)\"><\/div><i class=\"tg-icon-reply\" style=\"color:#ffffff\"><\/i><div class=\"tg-share-icons\"><a class=\"tg-social-share tg-facebook\" href=\"https:\/\/www.facebook.com\/sharer.php?u=https%3A%2F%2Ffonds-risq.qc.ca%2Fen%2Fentreprise%2Fcentre-daction-benevole-et-communautaire-saint-laurent%2F&#038;t=Centre%20d%E2%80%99action%20b%C3%A9n%C3%A9vole%20et%20communautaire%20Saint-Laurent\"><i class=\"tg-icon-facebook\"><\/i><\/a><a class=\"tg-social-share tg-twitter\" href=\"https:\/\/twitter.com\/share?url=https%3A%2F%2Ffonds-risq.qc.ca%2Fen%2Fentreprise%2Fcentre-daction-benevole-et-communautaire-saint-laurent%2F&#038;text=Centre%20d%E2%80%99action%20b%C3%A9n%C3%A9vole%20et%20communautaire%20Saint-Laurent\"><i class=\"tg-icon-twitter\"><\/i><\/a><a class=\"tg-social-share tg-google-plus\" href=\"https:\/\/plus.google.com\/share?url=https%3A%2F%2Ffonds-risq.qc.ca%2Fen%2Fentreprise%2Fcentre-daction-benevole-et-communautaire-saint-laurent%2F\"><i class=\"tg-icon-google-plus\"><\/i><\/a><a class=\"tg-social-share tg-pinterest\" href=\"https:\/\/pinterest.com\/pin\/create\/button\/?url=https%3A%2F%2Ffonds-risq.qc.ca%2Fen%2Fentreprise%2Fcentre-daction-benevole-et-communautaire-saint-laurent%2F&#038;description=Centre%20d%E2%80%99action%20b%C3%A9n%C3%A9vole%20et%20communautaire%20Saint-Laurent&#038;media=https%3A%2F%2Ffonds-risq.qc.ca%2Fwp-content%2Fuploads%2F2023%2F03%2FIMG_20220728_152718.jpg\"><i class=\"tg-icon-pinterest\"><\/i><\/a><\/div><\/div><\/div><div class=\"tg-item-content-holder tg-light image-format\" style=\"background-color:#fdd304\"><span class=\"tg-item-date\">23 March 2023<\/span><h2 class=\"tg-item-title\"><a href=\"https:\/\/fonds-risq.qc.ca\/en\/entreprise\/centre-daction-benevole-et-communautaire-saint-laurent\/\" target=\"_self\">Centre d\u2019action b\u00e9n\u00e9vole et communautaire Saint-Laurent<\/a><\/h2><span class=\"tg-cats-holder\"><a class=\"filtres_des_entreprises\" href=\"https:\/\/fonds-risq.qc.ca\/en\/filtres_des_entreprises\/2022-en\/\" rel=\"category\" data-term-id=\"250\"><span class=\"tg-item-term\" >2022<\/span><\/a><span>, <\/span><a class=\"filtres_des_entreprises\" href=\"https:\/\/fonds-risq.qc.ca\/en\/filtres_des_entreprises\/assistance-sociale-en\/\" rel=\"category\" data-term-id=\"197\"><span class=\"tg-item-term\" >Assistance sociale<\/span><\/a><span>, <\/span><a class=\"filtres_des_entreprises\" href=\"https:\/\/fonds-risq.qc.ca\/en\/filtres_des_entreprises\/fonds-de-transition-en\/\" rel=\"category\" data-term-id=\"246\"><span class=\"tg-item-term\" >Fonds de Transition<\/span><\/a><span>, <\/span><a class=\"filtres_des_entreprises\" href=\"https:\/\/fonds-risq.qc.ca\/en\/filtres_des_entreprises\/fonds-transition-en\/\" rel=\"category\" data-term-id=\"248\"><span class=\"tg-item-term\" >Fonds Transition<\/span><\/a><span>, <\/span><a class=\"filtres_des_entreprises\" href=\"https:\/\/fonds-risq.qc.ca\/en\/filtres_des_entreprises\/montreal-en\/\" rel=\"category\" data-term-id=\"128\"><span class=\"tg-item-term\" >Montr\u00e9al<\/span><\/a><span>, <\/span><a class=\"filtres_des_entreprises\" href=\"https:\/\/fonds-risq.qc.ca\/en\/filtres_des_entreprises\/npo\/\" rel=\"category\" data-term-id=\"150\"><span class=\"tg-item-term\" >NPO<\/span><\/a><\/span><div class=\"tg-item-footer\"><a class=\"tg-item-comment\" href=\"https:\/\/fonds-risq.qc.ca\/en\/entreprise\/centre-daction-benevole-et-communautaire-saint-laurent\/\"  target=\"_self\">No comment<\/a><span class=\"no-ajaxy to-post-like no-liked empty-heart\" data-post-id=\"15416\" title=\"Like\"><span class=\"to-heart-icon\"><svg xmlns=\"http:\/\/www.w3.org\/2000\/svg\" version=\"1.1\" viewBox=\"0 0 64 64\"><g transform=\"translate(0, 0)\"><path stroke-width=\"6\" stroke-linecap=\"square\" stroke-miterlimit=\"10\" d=\"M1,21c0,20,31,38,31,38s31-18,31-38 c0-8.285-6-16-15-16c-8.285,0-16,5.715-16,14c0-8.285-7.715-14-16-14C7,5,1,12.715,1,21z\"><\/path><\/g><\/svg><\/span><span class=\"to-like-count\">0<\/span><\/span><\/div><\/div><\/div><\/article><!-- The Grid item #150 --><article class=\"tg-item tg-post-15407 kampala f250 f151 f246 f248 f157 f135\" data-row=\"1\" data-col=\"1\"><div class=\"tg-item-inner\"><div class=\"tg-item-media-holder tg-light\"><div class=\"tg-item-media-inner\"><img decoding=\"async\" class=\"tg-item-image\" alt=\"\" width=\"2048\" height=\"1536\" src=\"https:\/\/fonds-risq.qc.ca\/wp-content\/uploads\/2023\/03\/TierLieu.jpg\"><\/div><div class=\"tg-center-holder\"><div class=\"tg-center-inner\"><div class=\"tg-item-overlay\"><\/div><a class=\"tg-link-button\" href=\"https:\/\/fonds-risq.qc.ca\/en\/entreprise\/le-tiers-lieu\/\" target=\"_self\"><i class=\"tg-icon-link\"><\/i><\/a><\/div><\/div><div class=\"tg-item-decoration\"><div class=\"triangle-down-right\" style=\"border-color:#fdd304\"><\/div><\/div><div class=\"tg-item-share-holder\"><div class=\"triangle-up-left\" style=\"border-color:rgba(22,22,22,0.65)\"><\/div><i class=\"tg-icon-reply\" style=\"color:#ffffff\"><\/i><div class=\"tg-share-icons\"><a class=\"tg-social-share tg-facebook\" href=\"https:\/\/www.facebook.com\/sharer.php?u=https%3A%2F%2Ffonds-risq.qc.ca%2Fen%2Fentreprise%2Fle-tiers-lieu%2F&#038;t=Le%20Tiers%20Lieu\"><i class=\"tg-icon-facebook\"><\/i><\/a><a class=\"tg-social-share tg-twitter\" href=\"https:\/\/twitter.com\/share?url=https%3A%2F%2Ffonds-risq.qc.ca%2Fen%2Fentreprise%2Fle-tiers-lieu%2F&#038;text=Le%20Tiers%20Lieu\"><i class=\"tg-icon-twitter\"><\/i><\/a><a class=\"tg-social-share tg-google-plus\" href=\"https:\/\/plus.google.com\/share?url=https%3A%2F%2Ffonds-risq.qc.ca%2Fen%2Fentreprise%2Fle-tiers-lieu%2F\"><i class=\"tg-icon-google-plus\"><\/i><\/a><a class=\"tg-social-share tg-pinterest\" href=\"https:\/\/pinterest.com\/pin\/create\/button\/?url=https%3A%2F%2Ffonds-risq.qc.ca%2Fen%2Fentreprise%2Fle-tiers-lieu%2F&#038;description=Le%20Tiers%20Lieu&#038;media=https%3A%2F%2Ffonds-risq.qc.ca%2Fwp-content%2Fuploads%2F2023%2F03%2FTierLieu.jpg\"><i class=\"tg-icon-pinterest\"><\/i><\/a><\/div><\/div><\/div><div class=\"tg-item-content-holder tg-light image-format\" style=\"background-color:#fdd304\"><span class=\"tg-item-date\">23 March 2023<\/span><h2 class=\"tg-item-title\"><a href=\"https:\/\/fonds-risq.qc.ca\/en\/entreprise\/le-tiers-lieu\/\" target=\"_self\">Le Tiers Lieu<\/a><\/h2><span class=\"tg-cats-holder\"><a class=\"filtres_des_entreprises\" href=\"https:\/\/fonds-risq.qc.ca\/en\/filtres_des_entreprises\/2022-en\/\" rel=\"category\" data-term-id=\"250\"><span class=\"tg-item-term\" >2022<\/span><\/a><span>, <\/span><a class=\"filtres_des_entreprises\" href=\"https:\/\/fonds-risq.qc.ca\/en\/filtres_des_entreprises\/coop-en\/\" rel=\"category\" data-term-id=\"151\"><span class=\"tg-item-term\" >COOP<\/span><\/a><span>, <\/span><a class=\"filtres_des_entreprises\" href=\"https:\/\/fonds-risq.qc.ca\/en\/filtres_des_entreprises\/fonds-de-transition-en\/\" rel=\"category\" data-term-id=\"246\"><span class=\"tg-item-term\" >Fonds de Transition<\/span><\/a><span>, <\/span><a class=\"filtres_des_entreprises\" href=\"https:\/\/fonds-risq.qc.ca\/en\/filtres_des_entreprises\/fonds-transition-en\/\" rel=\"category\" data-term-id=\"248\"><span class=\"tg-item-term\" >Fonds Transition<\/span><\/a><span>, <\/span><a class=\"filtres_des_entreprises\" href=\"https:\/\/fonds-risq.qc.ca\/en\/filtres_des_entreprises\/laval-en\/\" rel=\"category\" data-term-id=\"157\"><span class=\"tg-item-term\" >Laval<\/span><\/a><span>, <\/span><a class=\"filtres_des_entreprises\" href=\"https:\/\/fonds-risq.qc.ca\/en\/filtres_des_entreprises\/services-en\/\" rel=\"category\" data-term-id=\"135\"><span class=\"tg-item-term\" >Services<\/span><\/a><\/span><div class=\"tg-item-footer\"><a class=\"tg-item-comment\" href=\"https:\/\/fonds-risq.qc.ca\/en\/entreprise\/le-tiers-lieu\/\"  target=\"_self\">No comment<\/a><span class=\"no-ajaxy to-post-like no-liked empty-heart\" data-post-id=\"15407\" title=\"Like\"><span class=\"to-heart-icon\"><svg xmlns=\"http:\/\/www.w3.org\/2000\/svg\" version=\"1.1\" viewBox=\"0 0 64 64\"><g transform=\"translate(0, 0)\"><path stroke-width=\"6\" stroke-linecap=\"square\" stroke-miterlimit=\"10\" d=\"M1,21c0,20,31,38,31,38s31-18,31-38 c0-8.285-6-16-15-16c-8.285,0-16,5.715-16,14c0-8.285-7.715-14-16-14C7,5,1,12.715,1,21z\"><\/path><\/g><\/svg><\/span><span class=\"to-like-count\">0<\/span><\/span><\/div><\/div><\/div><\/article><!-- The Grid item #151 --><article class=\"tg-item tg-post-15395 kampala f250 f139 f151 f246 f248 f132\" data-row=\"1\" data-col=\"1\"><div class=\"tg-item-inner\"><div class=\"tg-item-media-holder tg-light\"><div class=\"tg-item-media-inner\"><img decoding=\"async\" class=\"tg-item-image\" alt=\"\" width=\"2048\" height=\"2034\" src=\"https:\/\/fonds-risq.qc.ca\/wp-content\/uploads\/2023\/03\/cactus-fleuri.jpg\"><\/div><div class=\"tg-center-holder\"><div class=\"tg-center-inner\"><div class=\"tg-item-overlay\"><\/div><a class=\"tg-link-button\" href=\"https:\/\/fonds-risq.qc.ca\/en\/entreprise\/cactus-fleuri\/\" target=\"_self\"><i class=\"tg-icon-link\"><\/i><\/a><\/div><\/div><div class=\"tg-item-decoration\"><div class=\"triangle-down-right\" style=\"border-color:#b7c634\"><\/div><\/div><div class=\"tg-item-share-holder\"><div class=\"triangle-up-left\" style=\"border-color:rgba(22,22,22,0.65)\"><\/div><i class=\"tg-icon-reply\" style=\"color:#ffffff\"><\/i><div class=\"tg-share-icons\"><a class=\"tg-social-share tg-facebook\" href=\"https:\/\/www.facebook.com\/sharer.php?u=https%3A%2F%2Ffonds-risq.qc.ca%2Fen%2Fentreprise%2Fcactus-fleuri%2F&#038;t=Cactus%20fleuri\"><i class=\"tg-icon-facebook\"><\/i><\/a><a class=\"tg-social-share tg-twitter\" href=\"https:\/\/twitter.com\/share?url=https%3A%2F%2Ffonds-risq.qc.ca%2Fen%2Fentreprise%2Fcactus-fleuri%2F&#038;text=Cactus%20fleuri\"><i class=\"tg-icon-twitter\"><\/i><\/a><a class=\"tg-social-share tg-google-plus\" href=\"https:\/\/plus.google.com\/share?url=https%3A%2F%2Ffonds-risq.qc.ca%2Fen%2Fentreprise%2Fcactus-fleuri%2F\"><i class=\"tg-icon-google-plus\"><\/i><\/a><a class=\"tg-social-share tg-pinterest\" href=\"https:\/\/pinterest.com\/pin\/create\/button\/?url=https%3A%2F%2Ffonds-risq.qc.ca%2Fen%2Fentreprise%2Fcactus-fleuri%2F&#038;description=Cactus%20fleuri&#038;media=https%3A%2F%2Ffonds-risq.qc.ca%2Fwp-content%2Fuploads%2F2023%2F03%2Fcactus-fleuri.jpg\"><i class=\"tg-icon-pinterest\"><\/i><\/a><\/div><\/div><\/div><div class=\"tg-item-content-holder tg-light image-format\" style=\"background-color:#b7c634\"><span class=\"tg-item-date\">23 March 2023<\/span><h2 class=\"tg-item-title\"><a href=\"https:\/\/fonds-risq.qc.ca\/en\/entreprise\/cactus-fleuri\/\" target=\"_self\">Cactus fleuri<\/a><\/h2><span class=\"tg-cats-holder\"><a class=\"filtres_des_entreprises\" href=\"https:\/\/fonds-risq.qc.ca\/en\/filtres_des_entreprises\/2022-en\/\" rel=\"category\" data-term-id=\"250\"><span class=\"tg-item-term\" >2022<\/span><\/a><span>, <\/span><a class=\"filtres_des_entreprises\" href=\"https:\/\/fonds-risq.qc.ca\/en\/filtres_des_entreprises\/agriculture-en\/\" rel=\"category\" data-term-id=\"139\"><span class=\"tg-item-term\" >Agriculture<\/span><\/a><span>, <\/span><a class=\"filtres_des_entreprises\" href=\"https:\/\/fonds-risq.qc.ca\/en\/filtres_des_entreprises\/coop-en\/\" rel=\"category\" data-term-id=\"151\"><span class=\"tg-item-term\" >COOP<\/span><\/a><span>, <\/span><a class=\"filtres_des_entreprises\" href=\"https:\/\/fonds-risq.qc.ca\/en\/filtres_des_entreprises\/fonds-de-transition-en\/\" rel=\"category\" data-term-id=\"246\"><span class=\"tg-item-term\" >Fonds de Transition<\/span><\/a><span>, <\/span><a class=\"filtres_des_entreprises\" href=\"https:\/\/fonds-risq.qc.ca\/en\/filtres_des_entreprises\/fonds-transition-en\/\" rel=\"category\" data-term-id=\"248\"><span class=\"tg-item-term\" >Fonds Transition<\/span><\/a><span>, <\/span><a class=\"filtres_des_entreprises\" href=\"https:\/\/fonds-risq.qc.ca\/en\/filtres_des_entreprises\/monteregie-en\/\" rel=\"category\" data-term-id=\"132\"><span class=\"tg-item-term\" >Mont\u00e9r\u00e9gie<\/span><\/a><\/span><div class=\"tg-item-footer\"><a class=\"tg-item-comment\" href=\"https:\/\/fonds-risq.qc.ca\/en\/entreprise\/cactus-fleuri\/\"  target=\"_self\">No comment<\/a><span class=\"no-ajaxy to-post-like no-liked empty-heart\" data-post-id=\"15395\" title=\"Like\"><span class=\"to-heart-icon\"><svg xmlns=\"http:\/\/www.w3.org\/2000\/svg\" version=\"1.1\" viewBox=\"0 0 64 64\"><g transform=\"translate(0, 0)\"><path stroke-width=\"6\" stroke-linecap=\"square\" stroke-miterlimit=\"10\" d=\"M1,21c0,20,31,38,31,38s31-18,31-38 c0-8.285-6-16-15-16c-8.285,0-16,5.715-16,14c0-8.285-7.715-14-16-14C7,5,1,12.715,1,21z\"><\/path><\/g><\/svg><\/span><span class=\"to-like-count\">0<\/span><\/span><\/div><\/div><\/div><\/article><!-- The Grid item #152 --><article class=\"tg-item tg-post-15387 kampala f250 f134 f246 f248 f150 f155\" data-row=\"1\" data-col=\"1\"><div class=\"tg-item-inner\"><div class=\"tg-item-media-holder tg-light\"><div class=\"tg-item-media-inner\"><img decoding=\"async\" class=\"tg-item-image\" alt=\"\" width=\"2048\" height=\"1536\" src=\"https:\/\/fonds-risq.qc.ca\/wp-content\/uploads\/2023\/03\/CEM.jpg\"><\/div><div class=\"tg-center-holder\"><div class=\"tg-center-inner\"><div class=\"tg-item-overlay\" style=\"background-color:#fdd304\"><\/div><a class=\"tg-link-button\" href=\"https:\/\/fonds-risq.qc.ca\/en\/entreprise\/centre-dexperimentation-musicale\/\" target=\"_self\"><i class=\"tg-icon-link\"><\/i><\/a><\/div><\/div><div class=\"tg-item-decoration\"><div class=\"triangle-down-right\" style=\"border-color:#fdd304\"><\/div><\/div><div class=\"tg-item-share-holder\"><div class=\"triangle-up-left\" style=\"border-color:#fdd304\"><\/div><i class=\"tg-icon-reply\" style=\"color:#ffffff\"><\/i><div class=\"tg-share-icons\"><a class=\"tg-social-share tg-facebook\" href=\"https:\/\/www.facebook.com\/sharer.php?u=https%3A%2F%2Ffonds-risq.qc.ca%2Fen%2Fentreprise%2Fcentre-dexperimentation-musicale%2F&#038;t=Centre%20d%E2%80%99exp%C3%A9rimentation%20musicale\"><i class=\"tg-icon-facebook\"><\/i><\/a><a class=\"tg-social-share tg-twitter\" href=\"https:\/\/twitter.com\/share?url=https%3A%2F%2Ffonds-risq.qc.ca%2Fen%2Fentreprise%2Fcentre-dexperimentation-musicale%2F&#038;text=Centre%20d%E2%80%99exp%C3%A9rimentation%20musicale\"><i class=\"tg-icon-twitter\"><\/i><\/a><a class=\"tg-social-share tg-google-plus\" href=\"https:\/\/plus.google.com\/share?url=https%3A%2F%2Ffonds-risq.qc.ca%2Fen%2Fentreprise%2Fcentre-dexperimentation-musicale%2F\"><i class=\"tg-icon-google-plus\"><\/i><\/a><a class=\"tg-social-share tg-pinterest\" href=\"https:\/\/pinterest.com\/pin\/create\/button\/?url=https%3A%2F%2Ffonds-risq.qc.ca%2Fen%2Fentreprise%2Fcentre-dexperimentation-musicale%2F&#038;description=Centre%20d%E2%80%99exp%C3%A9rimentation%20musicale&#038;media=https%3A%2F%2Ffonds-risq.qc.ca%2Fwp-content%2Fuploads%2F2023%2F03%2FCEM.jpg\"><i class=\"tg-icon-pinterest\"><\/i><\/a><\/div><\/div><\/div><div class=\"tg-item-content-holder tg-light image-format\" style=\"background-color:#fdd304\"><span class=\"tg-item-date\">23 March 2023<\/span><h2 class=\"tg-item-title\"><a href=\"https:\/\/fonds-risq.qc.ca\/en\/entreprise\/centre-dexperimentation-musicale\/\" target=\"_self\">Centre d\u2019exp\u00e9rimentation musicale<\/a><\/h2><span class=\"tg-cats-holder\"><a class=\"filtres_des_entreprises\" href=\"https:\/\/fonds-risq.qc.ca\/en\/filtres_des_entreprises\/2022-en\/\" rel=\"category\" data-term-id=\"250\"><span class=\"tg-item-term\" >2022<\/span><\/a><span>, <\/span><a class=\"filtres_des_entreprises\" href=\"https:\/\/fonds-risq.qc.ca\/en\/filtres_des_entreprises\/arts-and-culture\/\" rel=\"category\" data-term-id=\"134\"><span class=\"tg-item-term\" >Arts and culture<\/span><\/a><span>, <\/span><a class=\"filtres_des_entreprises\" href=\"https:\/\/fonds-risq.qc.ca\/en\/filtres_des_entreprises\/fonds-de-transition-en\/\" rel=\"category\" data-term-id=\"246\"><span class=\"tg-item-term\" >Fonds de Transition<\/span><\/a><span>, <\/span><a class=\"filtres_des_entreprises\" href=\"https:\/\/fonds-risq.qc.ca\/en\/filtres_des_entreprises\/fonds-transition-en\/\" rel=\"category\" data-term-id=\"248\"><span class=\"tg-item-term\" >Fonds Transition<\/span><\/a><span>, <\/span><a class=\"filtres_des_entreprises\" href=\"https:\/\/fonds-risq.qc.ca\/en\/filtres_des_entreprises\/npo\/\" rel=\"category\" data-term-id=\"150\"><span class=\"tg-item-term\" >NPO<\/span><\/a><span>, <\/span><a class=\"filtres_des_entreprises\" href=\"https:\/\/fonds-risq.qc.ca\/en\/filtres_des_entreprises\/saguenay-lac-saint-jean-en\/\" rel=\"category\" data-term-id=\"155\"><span class=\"tg-item-term\" >Saguenay-Lac-Saint-Jean<\/span><\/a><\/span><div class=\"tg-item-footer\"><a class=\"tg-item-comment\" href=\"https:\/\/fonds-risq.qc.ca\/en\/entreprise\/centre-dexperimentation-musicale\/\"  target=\"_self\">No comment<\/a><span class=\"no-ajaxy to-post-like no-liked empty-heart\" data-post-id=\"15387\" title=\"Like\"><span class=\"to-heart-icon\"><svg xmlns=\"http:\/\/www.w3.org\/2000\/svg\" version=\"1.1\" viewBox=\"0 0 64 64\"><g transform=\"translate(0, 0)\"><path stroke-width=\"6\" stroke-linecap=\"square\" stroke-miterlimit=\"10\" d=\"M1,21c0,20,31,38,31,38s31-18,31-38 c0-8.285-6-16-15-16c-8.285,0-16,5.715-16,14c0-8.285-7.715-14-16-14C7,5,1,12.715,1,21z\"><\/path><\/g><\/svg><\/span><span class=\"to-like-count\">0<\/span><\/span><\/div><\/div><\/div><\/article><!-- The Grid item #153 --><article class=\"tg-item tg-post-15244 kampala f245 f151 f190 f128 f147\" data-row=\"1\" data-col=\"1\"><div class=\"tg-item-inner\"><div class=\"tg-item-media-holder tg-light\"><div class=\"tg-item-media-inner\"><img decoding=\"async\" class=\"tg-item-image\" alt=\"\" width=\"600\" height=\"337\" src=\"https:\/\/fonds-risq.qc.ca\/wp-content\/uploads\/2022\/12\/Sally_06-12-21.jpg\"><\/div><div class=\"tg-center-holder\"><div class=\"tg-center-inner\"><div class=\"tg-item-overlay\"><\/div><a class=\"tg-link-button\" href=\"https:\/\/fonds-risq.qc.ca\/en\/entreprise\/coop-contes-lucides\/\" target=\"_self\"><i class=\"tg-icon-link\"><\/i><\/a><\/div><\/div><div class=\"tg-item-decoration\"><div class=\"triangle-down-right\" style=\"border-color:#ee4224\"><\/div><\/div><div class=\"tg-item-share-holder\"><div class=\"triangle-up-left\" style=\"border-color:rgba(22,22,22,0.65)\"><\/div><i class=\"tg-icon-reply\" style=\"color:#ffffff\"><\/i><div class=\"tg-share-icons\"><a class=\"tg-social-share tg-facebook\" href=\"https:\/\/www.facebook.com\/sharer.php?u=https%3A%2F%2Ffonds-risq.qc.ca%2Fen%2Fentreprise%2Fcoop-contes-lucides%2F&#038;t=Coop%20Contes%20Lucides\"><i class=\"tg-icon-facebook\"><\/i><\/a><a class=\"tg-social-share tg-twitter\" href=\"https:\/\/twitter.com\/share?url=https%3A%2F%2Ffonds-risq.qc.ca%2Fen%2Fentreprise%2Fcoop-contes-lucides%2F&#038;text=Coop%20Contes%20Lucides\"><i class=\"tg-icon-twitter\"><\/i><\/a><a class=\"tg-social-share tg-google-plus\" href=\"https:\/\/plus.google.com\/share?url=https%3A%2F%2Ffonds-risq.qc.ca%2Fen%2Fentreprise%2Fcoop-contes-lucides%2F\"><i class=\"tg-icon-google-plus\"><\/i><\/a><a class=\"tg-social-share tg-pinterest\" href=\"https:\/\/pinterest.com\/pin\/create\/button\/?url=https%3A%2F%2Ffonds-risq.qc.ca%2Fen%2Fentreprise%2Fcoop-contes-lucides%2F&#038;description=Coop%20Contes%20Lucides&#038;media=https%3A%2F%2Ffonds-risq.qc.ca%2Fwp-content%2Fuploads%2F2022%2F12%2FSally_06-12-21.jpg\"><i class=\"tg-icon-pinterest\"><\/i><\/a><\/div><\/div><\/div><div class=\"tg-item-content-holder tg-light image-format\" style=\"background-color:#ee4224\"><span class=\"tg-item-date\">25 January 2023<\/span><h2 class=\"tg-item-title\"><a href=\"https:\/\/fonds-risq.qc.ca\/en\/entreprise\/coop-contes-lucides\/\" target=\"_self\">Coop Contes Lucides<\/a><\/h2><span class=\"tg-cats-holder\"><a class=\"filtres_des_entreprises\" href=\"https:\/\/fonds-risq.qc.ca\/en\/filtres_des_entreprises\/2021-en\/\" rel=\"category\" data-term-id=\"245\"><span class=\"tg-item-term\" >2021<\/span><\/a><span>, <\/span><a class=\"filtres_des_entreprises\" href=\"https:\/\/fonds-risq.qc.ca\/en\/filtres_des_entreprises\/coop-en\/\" rel=\"category\" data-term-id=\"151\"><span class=\"tg-item-term\" >COOP<\/span><\/a><span>, <\/span><a class=\"filtres_des_entreprises\" href=\"https:\/\/fonds-risq.qc.ca\/en\/filtres_des_entreprises\/loisirs-divertissement-en\/\" rel=\"category\" data-term-id=\"190\"><span class=\"tg-item-term\" >Loisirs-Divertissement<\/span><\/a><span>, <\/span><a class=\"filtres_des_entreprises\" href=\"https:\/\/fonds-risq.qc.ca\/en\/filtres_des_entreprises\/montreal-en\/\" rel=\"category\" data-term-id=\"128\"><span class=\"tg-item-term\" >Montr\u00e9al<\/span><\/a><span>, <\/span><a class=\"filtres_des_entreprises\" href=\"https:\/\/fonds-risq.qc.ca\/en\/filtres_des_entreprises\/pre-startup-loan\/\" rel=\"category\" data-term-id=\"147\"><span class=\"tg-item-term\" >Pre-startup loan<\/span><\/a><\/span><div class=\"tg-item-footer\"><a class=\"tg-item-comment\" href=\"https:\/\/fonds-risq.qc.ca\/en\/entreprise\/coop-contes-lucides\/\"  target=\"_self\">No comment<\/a><span class=\"no-ajaxy to-post-like no-liked empty-heart\" data-post-id=\"15244\" title=\"Like\"><span class=\"to-heart-icon\"><svg xmlns=\"http:\/\/www.w3.org\/2000\/svg\" version=\"1.1\" viewBox=\"0 0 64 64\"><g transform=\"translate(0, 0)\"><path stroke-width=\"6\" stroke-linecap=\"square\" stroke-miterlimit=\"10\" d=\"M1,21c0,20,31,38,31,38s31-18,31-38 c0-8.285-6-16-15-16c-8.285,0-16,5.715-16,14c0-8.285-7.715-14-16-14C7,5,1,12.715,1,21z\"><\/path><\/g><\/svg><\/span><span class=\"to-like-count\">0<\/span><\/span><\/div><\/div><\/div><\/article><!-- The Grid item #154 --><article class=\"tg-item tg-post-15177 kampala f250 f148 f141 f151 f128 f135\" data-row=\"1\" data-col=\"1\"><div class=\"tg-item-inner\"><div class=\"tg-item-media-holder tg-light\"><div class=\"tg-item-media-inner\"><img decoding=\"async\" class=\"tg-item-image\" alt=\"\" width=\"563\" height=\"312\" src=\"https:\/\/fonds-risq.qc.ca\/wp-content\/uploads\/2022\/12\/Webtv_Gabriel.jpg\"><\/div><div class=\"tg-center-holder\"><div class=\"tg-center-inner\"><div class=\"tg-item-overlay\"><\/div><a class=\"tg-link-button\" href=\"https:\/\/fonds-risq.qc.ca\/en\/entreprise\/webtv-la-coop\/\" target=\"_self\"><i class=\"tg-icon-link\"><\/i><\/a><\/div><\/div><div class=\"tg-item-decoration\"><div class=\"triangle-down-right\" style=\"border-color:#0097c8\"><\/div><\/div><div class=\"tg-item-share-holder\"><div class=\"triangle-up-left\" style=\"border-color:rgba(22,22,22,0.65)\"><\/div><i class=\"tg-icon-reply\" style=\"color:#ffffff\"><\/i><div class=\"tg-share-icons\"><a class=\"tg-social-share tg-facebook\" href=\"https:\/\/www.facebook.com\/sharer.php?u=https%3A%2F%2Ffonds-risq.qc.ca%2Fen%2Fentreprise%2Fwebtv-la-coop%2F&#038;t=WEBTV%20la%20Coop\"><i class=\"tg-icon-facebook\"><\/i><\/a><a class=\"tg-social-share tg-twitter\" href=\"https:\/\/twitter.com\/share?url=https%3A%2F%2Ffonds-risq.qc.ca%2Fen%2Fentreprise%2Fwebtv-la-coop%2F&#038;text=WEBTV%20la%20Coop\"><i class=\"tg-icon-twitter\"><\/i><\/a><a class=\"tg-social-share tg-google-plus\" href=\"https:\/\/plus.google.com\/share?url=https%3A%2F%2Ffonds-risq.qc.ca%2Fen%2Fentreprise%2Fwebtv-la-coop%2F\"><i class=\"tg-icon-google-plus\"><\/i><\/a><a class=\"tg-social-share tg-pinterest\" href=\"https:\/\/pinterest.com\/pin\/create\/button\/?url=https%3A%2F%2Ffonds-risq.qc.ca%2Fen%2Fentreprise%2Fwebtv-la-coop%2F&#038;description=WEBTV%20la%20Coop&#038;media=https%3A%2F%2Ffonds-risq.qc.ca%2Fwp-content%2Fuploads%2F2022%2F12%2FWebtv_Gabriel.jpg\"><i class=\"tg-icon-pinterest\"><\/i><\/a><\/div><\/div><\/div><div class=\"tg-item-content-holder tg-light image-format\" style=\"background-color:#0097c8\"><span class=\"tg-item-date\">23 December 2022<\/span><h2 class=\"tg-item-title\"><a href=\"https:\/\/fonds-risq.qc.ca\/en\/entreprise\/webtv-la-coop\/\" target=\"_self\">WEBTV la Coop<\/a><\/h2><span class=\"tg-cats-holder\"><a class=\"filtres_des_entreprises\" href=\"https:\/\/fonds-risq.qc.ca\/en\/filtres_des_entreprises\/2022-en\/\" rel=\"category\" data-term-id=\"250\"><span class=\"tg-item-term\" >2022<\/span><\/a><span>, <\/span><a class=\"filtres_des_entreprises\" href=\"https:\/\/fonds-risq.qc.ca\/en\/filtres_des_entreprises\/capitalization-loan\/\" rel=\"category\" data-term-id=\"148\"><span class=\"tg-item-term\" >Capitalization loan<\/span><\/a><span>, <\/span><a class=\"filtres_des_entreprises\" href=\"https:\/\/fonds-risq.qc.ca\/en\/filtres_des_entreprises\/communication-en\/\" rel=\"category\" data-term-id=\"141\"><span class=\"tg-item-term\" >Communication<\/span><\/a><span>, <\/span><a class=\"filtres_des_entreprises\" href=\"https:\/\/fonds-risq.qc.ca\/en\/filtres_des_entreprises\/coop-en\/\" rel=\"category\" data-term-id=\"151\"><span class=\"tg-item-term\" >COOP<\/span><\/a><span>, <\/span><a class=\"filtres_des_entreprises\" href=\"https:\/\/fonds-risq.qc.ca\/en\/filtres_des_entreprises\/montreal-en\/\" rel=\"category\" data-term-id=\"128\"><span class=\"tg-item-term\" >Montr\u00e9al<\/span><\/a><span>, <\/span><a class=\"filtres_des_entreprises\" href=\"https:\/\/fonds-risq.qc.ca\/en\/filtres_des_entreprises\/services-en\/\" rel=\"category\" data-term-id=\"135\"><span class=\"tg-item-term\" >Services<\/span><\/a><\/span><div class=\"tg-item-footer\"><a class=\"tg-item-comment\" href=\"https:\/\/fonds-risq.qc.ca\/en\/entreprise\/webtv-la-coop\/\"  target=\"_self\">No comment<\/a><span class=\"no-ajaxy to-post-like no-liked empty-heart\" data-post-id=\"15177\" title=\"Like\"><span class=\"to-heart-icon\"><svg xmlns=\"http:\/\/www.w3.org\/2000\/svg\" version=\"1.1\" viewBox=\"0 0 64 64\"><g transform=\"translate(0, 0)\"><path stroke-width=\"6\" stroke-linecap=\"square\" stroke-miterlimit=\"10\" d=\"M1,21c0,20,31,38,31,38s31-18,31-38 c0-8.285-6-16-15-16c-8.285,0-16,5.715-16,14c0-8.285-7.715-14-16-14C7,5,1,12.715,1,21z\"><\/path><\/g><\/svg><\/span><span class=\"to-like-count\">0<\/span><\/span><\/div><\/div><\/div><\/article><!-- The Grid item #155 --><article class=\"tg-item tg-post-15160 kampala f250 f246 f248 f133 f171 f150 f135\" data-row=\"1\" data-col=\"1\"><div class=\"tg-item-inner\"><div class=\"tg-item-media-holder tg-light\"><div class=\"tg-item-media-inner\"><img decoding=\"async\" class=\"tg-item-image\" alt=\"\" width=\"2048\" height=\"1450\" src=\"https:\/\/fonds-risq.qc.ca\/wp-content\/uploads\/2022\/12\/Kina8at.jpg\"><\/div><div class=\"tg-center-holder\"><div class=\"tg-center-inner\"><div class=\"tg-item-overlay\"><\/div><a class=\"tg-link-button\" href=\"https:\/\/fonds-risq.qc.ca\/en\/entreprise\/kina8at\/\" target=\"_self\"><i class=\"tg-icon-link\"><\/i><\/a><\/div><\/div><div class=\"tg-item-decoration\"><div class=\"triangle-down-right\" style=\"border-color:#fdd304\"><\/div><\/div><div class=\"tg-item-share-holder\"><div class=\"triangle-up-left\" style=\"border-color:rgba(22,22,22,0.65)\"><\/div><i class=\"tg-icon-reply\" style=\"color:#ffffff\"><\/i><div class=\"tg-share-icons\"><a class=\"tg-social-share tg-facebook\" href=\"https:\/\/www.facebook.com\/sharer.php?u=https%3A%2F%2Ffonds-risq.qc.ca%2Fen%2Fentreprise%2Fkina8at%2F&#038;t=Kina8at\"><i class=\"tg-icon-facebook\"><\/i><\/a><a class=\"tg-social-share tg-twitter\" href=\"https:\/\/twitter.com\/share?url=https%3A%2F%2Ffonds-risq.qc.ca%2Fen%2Fentreprise%2Fkina8at%2F&#038;text=Kina8at\"><i class=\"tg-icon-twitter\"><\/i><\/a><a class=\"tg-social-share tg-google-plus\" href=\"https:\/\/plus.google.com\/share?url=https%3A%2F%2Ffonds-risq.qc.ca%2Fen%2Fentreprise%2Fkina8at%2F\"><i class=\"tg-icon-google-plus\"><\/i><\/a><a class=\"tg-social-share tg-pinterest\" href=\"https:\/\/pinterest.com\/pin\/create\/button\/?url=https%3A%2F%2Ffonds-risq.qc.ca%2Fen%2Fentreprise%2Fkina8at%2F&#038;description=Kina8at&#038;media=https%3A%2F%2Ffonds-risq.qc.ca%2Fwp-content%2Fuploads%2F2022%2F12%2FKina8at.jpg\"><i class=\"tg-icon-pinterest\"><\/i><\/a><\/div><\/div><\/div><div class=\"tg-item-content-holder tg-light image-format\" style=\"background-color:#fdd304\"><span class=\"tg-item-date\">22 December 2022<\/span><h2 class=\"tg-item-title\"><a href=\"https:\/\/fonds-risq.qc.ca\/en\/entreprise\/kina8at\/\" target=\"_self\">Kina8at<\/a><\/h2><span class=\"tg-cats-holder\"><a class=\"filtres_des_entreprises\" href=\"https:\/\/fonds-risq.qc.ca\/en\/filtres_des_entreprises\/2022-en\/\" rel=\"category\" data-term-id=\"250\"><span class=\"tg-item-term\" >2022<\/span><\/a><span>, <\/span><a class=\"filtres_des_entreprises\" href=\"https:\/\/fonds-risq.qc.ca\/en\/filtres_des_entreprises\/fonds-de-transition-en\/\" rel=\"category\" data-term-id=\"246\"><span class=\"tg-item-term\" >Fonds de Transition<\/span><\/a><span>, <\/span><a class=\"filtres_des_entreprises\" href=\"https:\/\/fonds-risq.qc.ca\/en\/filtres_des_entreprises\/fonds-transition-en\/\" rel=\"category\" data-term-id=\"248\"><span class=\"tg-item-term\" >Fonds Transition<\/span><\/a><span>, <\/span><a class=\"filtres_des_entreprises\" href=\"https:\/\/fonds-risq.qc.ca\/en\/filtres_des_entreprises\/laurentides-en\/\" rel=\"category\" data-term-id=\"133\"><span class=\"tg-item-term\" >Laurentides<\/span><\/a><span>, <\/span><a class=\"filtres_des_entreprises\" href=\"https:\/\/fonds-risq.qc.ca\/en\/filtres_des_entreprises\/lodging\/\" rel=\"category\" data-term-id=\"171\"><span class=\"tg-item-term\" >Lodging<\/span><\/a><span>, <\/span><a class=\"filtres_des_entreprises\" href=\"https:\/\/fonds-risq.qc.ca\/en\/filtres_des_entreprises\/npo\/\" rel=\"category\" data-term-id=\"150\"><span class=\"tg-item-term\" >NPO<\/span><\/a><span>, <\/span><a class=\"filtres_des_entreprises\" href=\"https:\/\/fonds-risq.qc.ca\/en\/filtres_des_entreprises\/services-en\/\" rel=\"category\" data-term-id=\"135\"><span class=\"tg-item-term\" >Services<\/span><\/a><\/span><div class=\"tg-item-footer\"><a class=\"tg-item-comment\" href=\"https:\/\/fonds-risq.qc.ca\/en\/entreprise\/kina8at\/\"  target=\"_self\">No comment<\/a><span class=\"no-ajaxy to-post-like no-liked empty-heart\" data-post-id=\"15160\" title=\"Like\"><span class=\"to-heart-icon\"><svg xmlns=\"http:\/\/www.w3.org\/2000\/svg\" version=\"1.1\" viewBox=\"0 0 64 64\"><g transform=\"translate(0, 0)\"><path stroke-width=\"6\" stroke-linecap=\"square\" stroke-miterlimit=\"10\" d=\"M1,21c0,20,31,38,31,38s31-18,31-38 c0-8.285-6-16-15-16c-8.285,0-16,5.715-16,14c0-8.285-7.715-14-16-14C7,5,1,12.715,1,21z\"><\/path><\/g><\/svg><\/span><span class=\"to-like-count\">0<\/span><\/span><\/div><\/div><\/div><\/article><!-- The Grid item #156 --><article class=\"tg-item tg-post-15087 kampala f250 f134 f128 f150 f146\" data-row=\"1\" data-col=\"1\"><div class=\"tg-item-inner\"><div class=\"tg-item-media-holder tg-light\"><div class=\"tg-item-media-inner\"><img decoding=\"async\" class=\"tg-item-image\" alt=\"\" width=\"2000\" height=\"1333\" src=\"https:\/\/fonds-risq.qc.ca\/wp-content\/uploads\/2022\/12\/ateliersBelleville.jpg\"><\/div><div class=\"tg-center-holder\"><div class=\"tg-center-inner\"><div class=\"tg-item-overlay\"><\/div><a class=\"tg-link-button\" href=\"https:\/\/fonds-risq.qc.ca\/en\/entreprise\/ateliers-belleville\/\" target=\"_self\"><i class=\"tg-icon-link\"><\/i><\/a><\/div><\/div><div class=\"tg-item-decoration\"><div class=\"triangle-down-right\" style=\"border-color:#b7c634\"><\/div><\/div><div class=\"tg-item-share-holder\"><div class=\"triangle-up-left\" style=\"border-color:rgba(22,22,22,0.65)\"><\/div><i class=\"tg-icon-reply\" style=\"color:#ffffff\"><\/i><div class=\"tg-share-icons\"><a class=\"tg-social-share tg-facebook\" href=\"https:\/\/www.facebook.com\/sharer.php?u=https%3A%2F%2Ffonds-risq.qc.ca%2Fen%2Fentreprise%2Fateliers-belleville%2F&#038;t=Ateliers%20Belleville\"><i class=\"tg-icon-facebook\"><\/i><\/a><a class=\"tg-social-share tg-twitter\" href=\"https:\/\/twitter.com\/share?url=https%3A%2F%2Ffonds-risq.qc.ca%2Fen%2Fentreprise%2Fateliers-belleville%2F&#038;text=Ateliers%20Belleville\"><i class=\"tg-icon-twitter\"><\/i><\/a><a class=\"tg-social-share tg-google-plus\" href=\"https:\/\/plus.google.com\/share?url=https%3A%2F%2Ffonds-risq.qc.ca%2Fen%2Fentreprise%2Fateliers-belleville%2F\"><i class=\"tg-icon-google-plus\"><\/i><\/a><a class=\"tg-social-share tg-pinterest\" href=\"https:\/\/pinterest.com\/pin\/create\/button\/?url=https%3A%2F%2Ffonds-risq.qc.ca%2Fen%2Fentreprise%2Fateliers-belleville%2F&#038;description=Ateliers%20Belleville&#038;media=https%3A%2F%2Ffonds-risq.qc.ca%2Fwp-content%2Fuploads%2F2022%2F12%2FateliersBelleville.jpg\"><i class=\"tg-icon-pinterest\"><\/i><\/a><\/div><\/div><\/div><div class=\"tg-item-content-holder tg-light image-format\" style=\"background-color:#b7c634\"><span class=\"tg-item-date\">5 December 2022<\/span><h2 class=\"tg-item-title\"><a href=\"https:\/\/fonds-risq.qc.ca\/en\/entreprise\/ateliers-belleville\/\" target=\"_self\">Ateliers Belleville<\/a><\/h2><span class=\"tg-cats-holder\"><a class=\"filtres_des_entreprises\" href=\"https:\/\/fonds-risq.qc.ca\/en\/filtres_des_entreprises\/2022-en\/\" rel=\"category\" data-term-id=\"250\"><span class=\"tg-item-term\" >2022<\/span><\/a><span>, <\/span><a class=\"filtres_des_entreprises\" href=\"https:\/\/fonds-risq.qc.ca\/en\/filtres_des_entreprises\/arts-and-culture\/\" rel=\"category\" data-term-id=\"134\"><span class=\"tg-item-term\" >Arts and culture<\/span><\/a><span>, <\/span><a class=\"filtres_des_entreprises\" href=\"https:\/\/fonds-risq.qc.ca\/en\/filtres_des_entreprises\/montreal-en\/\" rel=\"category\" data-term-id=\"128\"><span class=\"tg-item-term\" >Montr\u00e9al<\/span><\/a><span>, <\/span><a class=\"filtres_des_entreprises\" href=\"https:\/\/fonds-risq.qc.ca\/en\/filtres_des_entreprises\/npo\/\" rel=\"category\" data-term-id=\"150\"><span class=\"tg-item-term\" >NPO<\/span><\/a><span>, <\/span><a class=\"filtres_des_entreprises\" href=\"https:\/\/fonds-risq.qc.ca\/en\/filtres_des_entreprises\/pret-pour-aide-technique-en\/\" rel=\"category\" data-term-id=\"146\"><span class=\"tg-item-term\" >Technical assistance loan<\/span><\/a><\/span><div class=\"tg-item-footer\"><a class=\"tg-item-comment\" href=\"https:\/\/fonds-risq.qc.ca\/en\/entreprise\/ateliers-belleville\/\"  target=\"_self\">No comment<\/a><span class=\"no-ajaxy to-post-like no-liked empty-heart\" data-post-id=\"15087\" title=\"Like\"><span class=\"to-heart-icon\"><svg xmlns=\"http:\/\/www.w3.org\/2000\/svg\" version=\"1.1\" viewBox=\"0 0 64 64\"><g transform=\"translate(0, 0)\"><path stroke-width=\"6\" stroke-linecap=\"square\" stroke-miterlimit=\"10\" d=\"M1,21c0,20,31,38,31,38s31-18,31-38 c0-8.285-6-16-15-16c-8.285,0-16,5.715-16,14c0-8.285-7.715-14-16-14C7,5,1,12.715,1,21z\"><\/path><\/g><\/svg><\/span><span class=\"to-like-count\">0<\/span><\/span><\/div><\/div><\/div><\/article><!-- The Grid item #157 --><article class=\"tg-item tg-post-15078 kampala f250 f141 f177 f127 f246 f248 f150\" data-row=\"1\" data-col=\"1\"><div class=\"tg-item-inner\"><div class=\"tg-item-media-holder tg-light\"><div class=\"tg-item-media-inner\"><img decoding=\"async\" class=\"tg-item-image\" alt=\"\" width=\"2048\" height=\"1221\" src=\"https:\/\/fonds-risq.qc.ca\/wp-content\/uploads\/2022\/12\/Le-Beam.jpg\"><\/div><div class=\"tg-center-holder\"><div class=\"tg-center-inner\"><div class=\"tg-item-overlay\"><\/div><a class=\"tg-link-button\" href=\"https:\/\/fonds-risq.qc.ca\/en\/entreprise\/le-beam\/\" target=\"_self\"><i class=\"tg-icon-link\"><\/i><\/a><\/div><\/div><div class=\"tg-item-decoration\"><div class=\"triangle-down-right\" style=\"border-color:#fdd304\"><\/div><\/div><div class=\"tg-item-share-holder\"><div class=\"triangle-up-left\" style=\"border-color:rgba(22,22,22,0.65)\"><\/div><i class=\"tg-icon-reply\" style=\"color:#ffffff\"><\/i><div class=\"tg-share-icons\"><a class=\"tg-social-share tg-facebook\" href=\"https:\/\/www.facebook.com\/sharer.php?u=https%3A%2F%2Ffonds-risq.qc.ca%2Fen%2Fentreprise%2Fle-beam%2F&#038;t=Le%20BEAM\"><i class=\"tg-icon-facebook\"><\/i><\/a><a class=\"tg-social-share tg-twitter\" href=\"https:\/\/twitter.com\/share?url=https%3A%2F%2Ffonds-risq.qc.ca%2Fen%2Fentreprise%2Fle-beam%2F&#038;text=Le%20BEAM\"><i class=\"tg-icon-twitter\"><\/i><\/a><a class=\"tg-social-share tg-google-plus\" href=\"https:\/\/plus.google.com\/share?url=https%3A%2F%2Ffonds-risq.qc.ca%2Fen%2Fentreprise%2Fle-beam%2F\"><i class=\"tg-icon-google-plus\"><\/i><\/a><a class=\"tg-social-share tg-pinterest\" href=\"https:\/\/pinterest.com\/pin\/create\/button\/?url=https%3A%2F%2Ffonds-risq.qc.ca%2Fen%2Fentreprise%2Fle-beam%2F&#038;description=Le%20BEAM&#038;media=https%3A%2F%2Ffonds-risq.qc.ca%2Fwp-content%2Fuploads%2F2022%2F12%2FLe-Beam.jpg\"><i class=\"tg-icon-pinterest\"><\/i><\/a><\/div><\/div><\/div><div class=\"tg-item-content-holder tg-light image-format\" style=\"background-color:#fdd304\"><span class=\"tg-item-date\">5 December 2022<\/span><h2 class=\"tg-item-title\"><a href=\"https:\/\/fonds-risq.qc.ca\/en\/entreprise\/le-beam\/\" target=\"_self\">Le BEAM<\/a><\/h2><span class=\"tg-cats-holder\"><a class=\"filtres_des_entreprises\" href=\"https:\/\/fonds-risq.qc.ca\/en\/filtres_des_entreprises\/2022-en\/\" rel=\"category\" data-term-id=\"250\"><span class=\"tg-item-term\" >2022<\/span><\/a><span>, <\/span><a class=\"filtres_des_entreprises\" href=\"https:\/\/fonds-risq.qc.ca\/en\/filtres_des_entreprises\/communication-en\/\" rel=\"category\" data-term-id=\"141\"><span class=\"tg-item-term\" >Communication<\/span><\/a><span>, <\/span><a class=\"filtres_des_entreprises\" href=\"https:\/\/fonds-risq.qc.ca\/en\/filtres_des_entreprises\/culture-en\/\" rel=\"category\" data-term-id=\"177\"><span class=\"tg-item-term\" >Culture<\/span><\/a><span>, <\/span><a class=\"filtres_des_entreprises\" href=\"https:\/\/fonds-risq.qc.ca\/en\/filtres_des_entreprises\/estrie-en\/\" rel=\"category\" data-term-id=\"127\"><span class=\"tg-item-term\" >Estrie<\/span><\/a><span>, <\/span><a class=\"filtres_des_entreprises\" href=\"https:\/\/fonds-risq.qc.ca\/en\/filtres_des_entreprises\/fonds-de-transition-en\/\" rel=\"category\" data-term-id=\"246\"><span class=\"tg-item-term\" >Fonds de Transition<\/span><\/a><span>, <\/span><a class=\"filtres_des_entreprises\" href=\"https:\/\/fonds-risq.qc.ca\/en\/filtres_des_entreprises\/fonds-transition-en\/\" rel=\"category\" data-term-id=\"248\"><span class=\"tg-item-term\" >Fonds Transition<\/span><\/a><span>, <\/span><a class=\"filtres_des_entreprises\" href=\"https:\/\/fonds-risq.qc.ca\/en\/filtres_des_entreprises\/npo\/\" rel=\"category\" data-term-id=\"150\"><span class=\"tg-item-term\" >NPO<\/span><\/a><\/span><div class=\"tg-item-footer\"><a class=\"tg-item-comment\" href=\"https:\/\/fonds-risq.qc.ca\/en\/entreprise\/le-beam\/\"  target=\"_self\">No comment<\/a><span class=\"no-ajaxy to-post-like no-liked empty-heart\" data-post-id=\"15078\" title=\"Like\"><span class=\"to-heart-icon\"><svg xmlns=\"http:\/\/www.w3.org\/2000\/svg\" version=\"1.1\" viewBox=\"0 0 64 64\"><g transform=\"translate(0, 0)\"><path stroke-width=\"6\" stroke-linecap=\"square\" stroke-miterlimit=\"10\" d=\"M1,21c0,20,31,38,31,38s31-18,31-38 c0-8.285-6-16-15-16c-8.285,0-16,5.715-16,14c0-8.285-7.715-14-16-14C7,5,1,12.715,1,21z\"><\/path><\/g><\/svg><\/span><span class=\"to-like-count\">0<\/span><\/span><\/div><\/div><\/div><\/article><!-- The Grid item #158 --><article class=\"tg-item tg-post-15066 kampala f250 f246 f248 f128 f150 f135\" data-row=\"1\" data-col=\"1\"><div class=\"tg-item-inner\"><div class=\"tg-item-media-holder tg-light\"><div class=\"tg-item-media-inner\"><img decoding=\"async\" class=\"tg-item-image\" alt=\"\" width=\"1625\" height=\"938\" src=\"https:\/\/fonds-risq.qc.ca\/wp-content\/uploads\/2022\/11\/Commerce-solidaire.jpg\"><\/div><div class=\"tg-center-holder\"><div class=\"tg-center-inner\"><div class=\"tg-item-overlay\"><\/div><a class=\"tg-link-button\" href=\"https:\/\/fonds-risq.qc.ca\/en\/entreprise\/commerce-solidaire\/\" target=\"_self\"><i class=\"tg-icon-link\"><\/i><\/a><\/div><\/div><div class=\"tg-item-decoration\"><div class=\"triangle-down-right\" style=\"border-color:#fdd304\"><\/div><\/div><div class=\"tg-item-share-holder\"><div class=\"triangle-up-left\" style=\"border-color:rgba(22,22,22,0.65)\"><\/div><i class=\"tg-icon-reply\" style=\"color:#ffffff\"><\/i><div class=\"tg-share-icons\"><a class=\"tg-social-share tg-facebook\" href=\"https:\/\/www.facebook.com\/sharer.php?u=https%3A%2F%2Ffonds-risq.qc.ca%2Fen%2Fentreprise%2Fcommerce-solidaire%2F&#038;t=Commerce%20solidaire\"><i class=\"tg-icon-facebook\"><\/i><\/a><a class=\"tg-social-share tg-twitter\" href=\"https:\/\/twitter.com\/share?url=https%3A%2F%2Ffonds-risq.qc.ca%2Fen%2Fentreprise%2Fcommerce-solidaire%2F&#038;text=Commerce%20solidaire\"><i class=\"tg-icon-twitter\"><\/i><\/a><a class=\"tg-social-share tg-google-plus\" href=\"https:\/\/plus.google.com\/share?url=https%3A%2F%2Ffonds-risq.qc.ca%2Fen%2Fentreprise%2Fcommerce-solidaire%2F\"><i class=\"tg-icon-google-plus\"><\/i><\/a><a class=\"tg-social-share tg-pinterest\" href=\"https:\/\/pinterest.com\/pin\/create\/button\/?url=https%3A%2F%2Ffonds-risq.qc.ca%2Fen%2Fentreprise%2Fcommerce-solidaire%2F&#038;description=Commerce%20solidaire&#038;media=https%3A%2F%2Ffonds-risq.qc.ca%2Fwp-content%2Fuploads%2F2022%2F11%2FCommerce-solidaire.jpg\"><i class=\"tg-icon-pinterest\"><\/i><\/a><\/div><\/div><\/div><div class=\"tg-item-content-holder tg-light image-format\" style=\"background-color:#fdd304\"><span class=\"tg-item-date\">25 November 2022<\/span><h2 class=\"tg-item-title\"><a href=\"https:\/\/fonds-risq.qc.ca\/en\/entreprise\/commerce-solidaire\/\" target=\"_self\">Commerce solidaire<\/a><\/h2><span class=\"tg-cats-holder\"><a class=\"filtres_des_entreprises\" href=\"https:\/\/fonds-risq.qc.ca\/en\/filtres_des_entreprises\/2022-en\/\" rel=\"category\" data-term-id=\"250\"><span class=\"tg-item-term\" >2022<\/span><\/a><span>, <\/span><a class=\"filtres_des_entreprises\" href=\"https:\/\/fonds-risq.qc.ca\/en\/filtres_des_entreprises\/fonds-de-transition-en\/\" rel=\"category\" data-term-id=\"246\"><span class=\"tg-item-term\" >Fonds de Transition<\/span><\/a><span>, <\/span><a class=\"filtres_des_entreprises\" href=\"https:\/\/fonds-risq.qc.ca\/en\/filtres_des_entreprises\/fonds-transition-en\/\" rel=\"category\" data-term-id=\"248\"><span class=\"tg-item-term\" >Fonds Transition<\/span><\/a><span>, <\/span><a class=\"filtres_des_entreprises\" href=\"https:\/\/fonds-risq.qc.ca\/en\/filtres_des_entreprises\/montreal-en\/\" rel=\"category\" data-term-id=\"128\"><span class=\"tg-item-term\" >Montr\u00e9al<\/span><\/a><span>, <\/span><a class=\"filtres_des_entreprises\" href=\"https:\/\/fonds-risq.qc.ca\/en\/filtres_des_entreprises\/npo\/\" rel=\"category\" data-term-id=\"150\"><span class=\"tg-item-term\" >NPO<\/span><\/a><span>, <\/span><a class=\"filtres_des_entreprises\" href=\"https:\/\/fonds-risq.qc.ca\/en\/filtres_des_entreprises\/services-en\/\" rel=\"category\" data-term-id=\"135\"><span class=\"tg-item-term\" >Services<\/span><\/a><\/span><div class=\"tg-item-footer\"><a class=\"tg-item-comment\" href=\"https:\/\/fonds-risq.qc.ca\/en\/entreprise\/commerce-solidaire\/\"  target=\"_self\">No comment<\/a><span class=\"no-ajaxy to-post-like no-liked empty-heart\" data-post-id=\"15066\" title=\"Like\"><span class=\"to-heart-icon\"><svg xmlns=\"http:\/\/www.w3.org\/2000\/svg\" version=\"1.1\" viewBox=\"0 0 64 64\"><g transform=\"translate(0, 0)\"><path stroke-width=\"6\" stroke-linecap=\"square\" stroke-miterlimit=\"10\" d=\"M1,21c0,20,31,38,31,38s31-18,31-38 c0-8.285-6-16-15-16c-8.285,0-16,5.715-16,14c0-8.285-7.715-14-16-14C7,5,1,12.715,1,21z\"><\/path><\/g><\/svg><\/span><span class=\"to-like-count\">0<\/span><\/span><\/div><\/div><\/div><\/article><!-- The Grid item #159 --><article class=\"tg-item tg-post-15044 kampala f250 f130 f148 f151 f135\" data-row=\"1\" data-col=\"1\"><div class=\"tg-item-inner\"><div class=\"tg-item-media-holder tg-light\"><div class=\"tg-item-media-inner\"><img decoding=\"async\" class=\"tg-item-image\" alt=\"\" width=\"2040\" height=\"1536\" src=\"https:\/\/fonds-risq.qc.ca\/wp-content\/uploads\/2022\/11\/coopEdgar.jpg\"><\/div><div class=\"tg-center-holder\"><div class=\"tg-center-inner\"><div class=\"tg-item-overlay\"><\/div><a class=\"tg-link-button\" href=\"https:\/\/fonds-risq.qc.ca\/en\/entreprise\/coop-edgar\/\" target=\"_self\"><i class=\"tg-icon-link\"><\/i><\/a><\/div><\/div><div class=\"tg-item-decoration\"><div class=\"triangle-down-right\" style=\"border-color:#0097c8\"><\/div><\/div><div class=\"tg-item-share-holder\"><div class=\"triangle-up-left\" style=\"border-color:rgba(22,22,22,0.65)\"><\/div><i class=\"tg-icon-reply\" style=\"color:#ffffff\"><\/i><div class=\"tg-share-icons\"><a class=\"tg-social-share tg-facebook\" href=\"https:\/\/www.facebook.com\/sharer.php?u=https%3A%2F%2Ffonds-risq.qc.ca%2Fen%2Fentreprise%2Fcoop-edgar%2F&#038;t=Coop%20Edgar\"><i class=\"tg-icon-facebook\"><\/i><\/a><a class=\"tg-social-share tg-twitter\" href=\"https:\/\/twitter.com\/share?url=https%3A%2F%2Ffonds-risq.qc.ca%2Fen%2Fentreprise%2Fcoop-edgar%2F&#038;text=Coop%20Edgar\"><i class=\"tg-icon-twitter\"><\/i><\/a><a class=\"tg-social-share tg-google-plus\" href=\"https:\/\/plus.google.com\/share?url=https%3A%2F%2Ffonds-risq.qc.ca%2Fen%2Fentreprise%2Fcoop-edgar%2F\"><i class=\"tg-icon-google-plus\"><\/i><\/a><a class=\"tg-social-share tg-pinterest\" href=\"https:\/\/pinterest.com\/pin\/create\/button\/?url=https%3A%2F%2Ffonds-risq.qc.ca%2Fen%2Fentreprise%2Fcoop-edgar%2F&#038;description=Coop%20Edgar&#038;media=https%3A%2F%2Ffonds-risq.qc.ca%2Fwp-content%2Fuploads%2F2022%2F11%2FcoopEdgar.jpg\"><i class=\"tg-icon-pinterest\"><\/i><\/a><\/div><\/div><\/div><div class=\"tg-item-content-holder tg-light image-format\" style=\"background-color:#0097c8\"><span class=\"tg-item-date\">25 November 2022<\/span><h2 class=\"tg-item-title\"><a href=\"https:\/\/fonds-risq.qc.ca\/en\/entreprise\/coop-edgar\/\" target=\"_self\">Coop Edgar<\/a><\/h2><span class=\"tg-cats-holder\"><a class=\"filtres_des_entreprises\" href=\"https:\/\/fonds-risq.qc.ca\/en\/filtres_des_entreprises\/2022-en\/\" rel=\"category\" data-term-id=\"250\"><span class=\"tg-item-term\" >2022<\/span><\/a><span>, <\/span><a class=\"filtres_des_entreprises\" href=\"https:\/\/fonds-risq.qc.ca\/en\/filtres_des_entreprises\/capitale-nationale-en\/\" rel=\"category\" data-term-id=\"130\"><span class=\"tg-item-term\" >Capitale-Nationale<\/span><\/a><span>, <\/span><a class=\"filtres_des_entreprises\" href=\"https:\/\/fonds-risq.qc.ca\/en\/filtres_des_entreprises\/capitalization-loan\/\" rel=\"category\" data-term-id=\"148\"><span class=\"tg-item-term\" >Capitalization loan<\/span><\/a><span>, <\/span><a class=\"filtres_des_entreprises\" href=\"https:\/\/fonds-risq.qc.ca\/en\/filtres_des_entreprises\/coop-en\/\" rel=\"category\" data-term-id=\"151\"><span class=\"tg-item-term\" >COOP<\/span><\/a><span>, <\/span><a class=\"filtres_des_entreprises\" href=\"https:\/\/fonds-risq.qc.ca\/en\/filtres_des_entreprises\/services-en\/\" rel=\"category\" data-term-id=\"135\"><span class=\"tg-item-term\" >Services<\/span><\/a><\/span><div class=\"tg-item-footer\"><a class=\"tg-item-comment\" href=\"https:\/\/fonds-risq.qc.ca\/en\/entreprise\/coop-edgar\/\"  target=\"_self\">No comment<\/a><span class=\"no-ajaxy to-post-like no-liked empty-heart\" data-post-id=\"15044\" title=\"Like\"><span class=\"to-heart-icon\"><svg xmlns=\"http:\/\/www.w3.org\/2000\/svg\" version=\"1.1\" viewBox=\"0 0 64 64\"><g transform=\"translate(0, 0)\"><path stroke-width=\"6\" stroke-linecap=\"square\" stroke-miterlimit=\"10\" d=\"M1,21c0,20,31,38,31,38s31-18,31-38 c0-8.285-6-16-15-16c-8.285,0-16,5.715-16,14c0-8.285-7.715-14-16-14C7,5,1,12.715,1,21z\"><\/path><\/g><\/svg><\/span><span class=\"to-like-count\">0<\/span><\/span><\/div><\/div><\/div><\/article><!-- The Grid item #160 --><article class=\"tg-item tg-post-15058 kampala f250 f151 f145 f129 f146\" data-row=\"1\" data-col=\"1\"><div class=\"tg-item-inner\"><div class=\"tg-item-media-holder tg-light\"><div class=\"tg-item-media-inner\"><img decoding=\"async\" class=\"tg-item-image\" alt=\"\" width=\"640\" height=\"480\" src=\"https:\/\/fonds-risq.qc.ca\/wp-content\/uploads\/2022\/11\/640px-Eglise_de_Sainte-Anne-dYamachiche.jpeg\"><\/div><div class=\"tg-center-holder\"><div class=\"tg-center-inner\"><div class=\"tg-item-overlay\"><\/div><a class=\"tg-link-button\" href=\"https:\/\/fonds-risq.qc.ca\/en\/entreprise\/cooperative-de-solidarite-de-yamachiche\/\" target=\"_self\"><i class=\"tg-icon-link\"><\/i><\/a><\/div><\/div><div class=\"tg-item-decoration\"><div class=\"triangle-down-right\" style=\"border-color:#b7c634\"><\/div><\/div><div class=\"tg-item-share-holder\"><div class=\"triangle-up-left\" style=\"border-color:rgba(22,22,22,0.65)\"><\/div><i class=\"tg-icon-reply\" style=\"color:#ffffff\"><\/i><div class=\"tg-share-icons\"><a class=\"tg-social-share tg-facebook\" href=\"https:\/\/www.facebook.com\/sharer.php?u=https%3A%2F%2Ffonds-risq.qc.ca%2Fen%2Fentreprise%2Fcooperative-de-solidarite-de-yamachiche%2F&#038;t=Coop%C3%A9rative%20de%20solidarit%C3%A9%20de%20Yamachiche\"><i class=\"tg-icon-facebook\"><\/i><\/a><a class=\"tg-social-share tg-twitter\" href=\"https:\/\/twitter.com\/share?url=https%3A%2F%2Ffonds-risq.qc.ca%2Fen%2Fentreprise%2Fcooperative-de-solidarite-de-yamachiche%2F&#038;text=Coop%C3%A9rative%20de%20solidarit%C3%A9%20de%20Yamachiche\"><i class=\"tg-icon-twitter\"><\/i><\/a><a class=\"tg-social-share tg-google-plus\" href=\"https:\/\/plus.google.com\/share?url=https%3A%2F%2Ffonds-risq.qc.ca%2Fen%2Fentreprise%2Fcooperative-de-solidarite-de-yamachiche%2F\"><i class=\"tg-icon-google-plus\"><\/i><\/a><a class=\"tg-social-share tg-pinterest\" href=\"https:\/\/pinterest.com\/pin\/create\/button\/?url=https%3A%2F%2Ffonds-risq.qc.ca%2Fen%2Fentreprise%2Fcooperative-de-solidarite-de-yamachiche%2F&#038;description=Coop%C3%A9rative%20de%20solidarit%C3%A9%20de%20Yamachiche&#038;media=https%3A%2F%2Ffonds-risq.qc.ca%2Fwp-content%2Fuploads%2F2022%2F11%2F640px-Eglise_de_Sainte-Anne-dYamachiche.jpeg\"><i class=\"tg-icon-pinterest\"><\/i><\/a><\/div><\/div><\/div><div class=\"tg-item-content-holder tg-light image-format\" style=\"background-color:#b7c634\"><span class=\"tg-item-date\">25 November 2022<\/span><h2 class=\"tg-item-title\"><a href=\"https:\/\/fonds-risq.qc.ca\/en\/entreprise\/cooperative-de-solidarite-de-yamachiche\/\" target=\"_self\">Coop\u00e9rative de solidarit\u00e9 de Yamachiche<\/a><\/h2><span class=\"tg-cats-holder\"><a class=\"filtres_des_entreprises\" href=\"https:\/\/fonds-risq.qc.ca\/en\/filtres_des_entreprises\/2022-en\/\" rel=\"category\" data-term-id=\"250\"><span class=\"tg-item-term\" >2022<\/span><\/a><span>, <\/span><a class=\"filtres_des_entreprises\" href=\"https:\/\/fonds-risq.qc.ca\/en\/filtres_des_entreprises\/coop-en\/\" rel=\"category\" data-term-id=\"151\"><span class=\"tg-item-term\" >COOP<\/span><\/a><span>, <\/span><a class=\"filtres_des_entreprises\" href=\"https:\/\/fonds-risq.qc.ca\/en\/filtres_des_entreprises\/food\/\" rel=\"category\" data-term-id=\"145\"><span class=\"tg-item-term\" >Food<\/span><\/a><span>, <\/span><a class=\"filtres_des_entreprises\" href=\"https:\/\/fonds-risq.qc.ca\/en\/filtres_des_entreprises\/mauricie-en\/\" rel=\"category\" data-term-id=\"129\"><span class=\"tg-item-term\" >Mauricie<\/span><\/a><span>, <\/span><a class=\"filtres_des_entreprises\" href=\"https:\/\/fonds-risq.qc.ca\/en\/filtres_des_entreprises\/pret-pour-aide-technique-en\/\" rel=\"category\" data-term-id=\"146\"><span class=\"tg-item-term\" >Technical assistance loan<\/span><\/a><\/span><div class=\"tg-item-footer\"><a class=\"tg-item-comment\" href=\"https:\/\/fonds-risq.qc.ca\/en\/entreprise\/cooperative-de-solidarite-de-yamachiche\/\"  target=\"_self\">No comment<\/a><span class=\"no-ajaxy to-post-like no-liked empty-heart\" data-post-id=\"15058\" title=\"Like\"><span class=\"to-heart-icon\"><svg xmlns=\"http:\/\/www.w3.org\/2000\/svg\" version=\"1.1\" viewBox=\"0 0 64 64\"><g transform=\"translate(0, 0)\"><path stroke-width=\"6\" stroke-linecap=\"square\" stroke-miterlimit=\"10\" d=\"M1,21c0,20,31,38,31,38s31-18,31-38 c0-8.285-6-16-15-16c-8.285,0-16,5.715-16,14c0-8.285-7.715-14-16-14C7,5,1,12.715,1,21z\"><\/path><\/g><\/svg><\/span><span class=\"to-like-count\">0<\/span><\/span><\/div><\/div><\/div><\/article><!-- The Grid item #161 --><article class=\"tg-item tg-post-15014 kampala f250 f151 f246 f248 f194 f158 f155\" data-row=\"1\" data-col=\"1\"><div class=\"tg-item-inner\"><div class=\"tg-item-media-holder tg-light\"><div class=\"tg-item-media-inner\"><img decoding=\"async\" class=\"tg-item-image\" alt=\"\" width=\"1000\" height=\"1000\" src=\"https:\/\/fonds-risq.qc.ca\/wp-content\/uploads\/2022\/11\/Girardville.jpg\"><\/div><div class=\"tg-center-holder\"><div class=\"tg-center-inner\"><div class=\"tg-item-overlay\"><\/div><a class=\"tg-link-button\" href=\"https:\/\/fonds-risq.qc.ca\/en\/entreprise\/cooperative-forestiere-girardville\/\" target=\"_self\"><i class=\"tg-icon-link\"><\/i><\/a><\/div><\/div><div class=\"tg-item-decoration\"><div class=\"triangle-down-right\" style=\"border-color:#fdd304\"><\/div><\/div><div class=\"tg-item-share-holder\"><div class=\"triangle-up-left\" style=\"border-color:rgba(22,22,22,0.65)\"><\/div><i class=\"tg-icon-reply\" style=\"color:#ffffff\"><\/i><div class=\"tg-share-icons\"><a class=\"tg-social-share tg-facebook\" href=\"https:\/\/www.facebook.com\/sharer.php?u=https%3A%2F%2Ffonds-risq.qc.ca%2Fen%2Fentreprise%2Fcooperative-forestiere-girardville%2F&#038;t=Coop%C3%A9rative%20foresti%C3%A8re%20Girardville\"><i class=\"tg-icon-facebook\"><\/i><\/a><a class=\"tg-social-share tg-twitter\" href=\"https:\/\/twitter.com\/share?url=https%3A%2F%2Ffonds-risq.qc.ca%2Fen%2Fentreprise%2Fcooperative-forestiere-girardville%2F&#038;text=Coop%C3%A9rative%20foresti%C3%A8re%20Girardville\"><i class=\"tg-icon-twitter\"><\/i><\/a><a class=\"tg-social-share tg-google-plus\" href=\"https:\/\/plus.google.com\/share?url=https%3A%2F%2Ffonds-risq.qc.ca%2Fen%2Fentreprise%2Fcooperative-forestiere-girardville%2F\"><i class=\"tg-icon-google-plus\"><\/i><\/a><a class=\"tg-social-share tg-pinterest\" href=\"https:\/\/pinterest.com\/pin\/create\/button\/?url=https%3A%2F%2Ffonds-risq.qc.ca%2Fen%2Fentreprise%2Fcooperative-forestiere-girardville%2F&#038;description=Coop%C3%A9rative%20foresti%C3%A8re%20Girardville&#038;media=https%3A%2F%2Ffonds-risq.qc.ca%2Fwp-content%2Fuploads%2F2022%2F11%2FGirardville.jpg\"><i class=\"tg-icon-pinterest\"><\/i><\/a><\/div><\/div><\/div><div class=\"tg-item-content-holder tg-light image-format\" style=\"background-color:#fdd304\"><span class=\"tg-item-date\">25 November 2022<\/span><h2 class=\"tg-item-title\"><a href=\"https:\/\/fonds-risq.qc.ca\/en\/entreprise\/cooperative-forestiere-girardville\/\" target=\"_self\">Coop\u00e9rative foresti\u00e8re Girardville<\/a><\/h2><span class=\"tg-cats-holder\"><a class=\"filtres_des_entreprises\" href=\"https:\/\/fonds-risq.qc.ca\/en\/filtres_des_entreprises\/2022-en\/\" rel=\"category\" data-term-id=\"250\"><span class=\"tg-item-term\" >2022<\/span><\/a><span>, <\/span><a class=\"filtres_des_entreprises\" href=\"https:\/\/fonds-risq.qc.ca\/en\/filtres_des_entreprises\/coop-en\/\" rel=\"category\" data-term-id=\"151\"><span class=\"tg-item-term\" >COOP<\/span><\/a><span>, <\/span><a class=\"filtres_des_entreprises\" href=\"https:\/\/fonds-risq.qc.ca\/en\/filtres_des_entreprises\/fonds-de-transition-en\/\" rel=\"category\" data-term-id=\"246\"><span class=\"tg-item-term\" >Fonds de Transition<\/span><\/a><span>, <\/span><a class=\"filtres_des_entreprises\" href=\"https:\/\/fonds-risq.qc.ca\/en\/filtres_des_entreprises\/fonds-transition-en\/\" rel=\"category\" data-term-id=\"248\"><span class=\"tg-item-term\" >Fonds Transition<\/span><\/a><span>, <\/span><a class=\"filtres_des_entreprises\" href=\"https:\/\/fonds-risq.qc.ca\/en\/filtres_des_entreprises\/foresterie-en\/\" rel=\"category\" data-term-id=\"194\"><span class=\"tg-item-term\" >Foresterie<\/span><\/a><span>, <\/span><a class=\"filtres_des_entreprises\" href=\"https:\/\/fonds-risq.qc.ca\/en\/filtres_des_entreprises\/restaurant\/\" rel=\"category\" data-term-id=\"158\"><span class=\"tg-item-term\" >Restaurant<\/span><\/a><span>, <\/span><a class=\"filtres_des_entreprises\" href=\"https:\/\/fonds-risq.qc.ca\/en\/filtres_des_entreprises\/saguenay-lac-saint-jean-en\/\" rel=\"category\" data-term-id=\"155\"><span class=\"tg-item-term\" >Saguenay-Lac-Saint-Jean<\/span><\/a><\/span><div class=\"tg-item-footer\"><a class=\"tg-item-comment\" href=\"https:\/\/fonds-risq.qc.ca\/en\/entreprise\/cooperative-forestiere-girardville\/\"  target=\"_self\">No comment<\/a><span class=\"no-ajaxy to-post-like no-liked empty-heart\" data-post-id=\"15014\" title=\"Like\"><span class=\"to-heart-icon\"><svg xmlns=\"http:\/\/www.w3.org\/2000\/svg\" version=\"1.1\" viewBox=\"0 0 64 64\"><g transform=\"translate(0, 0)\"><path stroke-width=\"6\" stroke-linecap=\"square\" stroke-miterlimit=\"10\" d=\"M1,21c0,20,31,38,31,38s31-18,31-38 c0-8.285-6-16-15-16c-8.285,0-16,5.715-16,14c0-8.285-7.715-14-16-14C7,5,1,12.715,1,21z\"><\/path><\/g><\/svg><\/span><span class=\"to-like-count\">0<\/span><\/span><\/div><\/div><\/div><\/article><!-- The Grid item #162 --><article class=\"tg-item tg-post-14998 kampala f250 f190 f150 f156 f146\" data-row=\"1\" data-col=\"1\"><div class=\"tg-item-inner\"><div class=\"tg-item-media-holder tg-light\"><div class=\"tg-item-media-inner\"><img decoding=\"async\" class=\"tg-item-image\" alt=\"\" width=\"600\" height=\"400\" src=\"https:\/\/fonds-risq.qc.ca\/wp-content\/uploads\/2022\/11\/lac-des-loups.jpg\"><\/div><div class=\"tg-center-holder\"><div class=\"tg-center-inner\"><div class=\"tg-item-overlay\"><\/div><a class=\"tg-link-button\" href=\"https:\/\/fonds-risq.qc.ca\/en\/entreprise\/urbamania\/\" target=\"_self\"><i class=\"tg-icon-link\"><\/i><\/a><\/div><\/div><div class=\"tg-item-decoration\"><div class=\"triangle-down-right\" style=\"border-color:#b7c634\"><\/div><\/div><div class=\"tg-item-share-holder\"><div class=\"triangle-up-left\" style=\"border-color:rgba(22,22,22,0.65)\"><\/div><i class=\"tg-icon-reply\" style=\"color:#ffffff\"><\/i><div class=\"tg-share-icons\"><a class=\"tg-social-share tg-facebook\" href=\"https:\/\/www.facebook.com\/sharer.php?u=https%3A%2F%2Ffonds-risq.qc.ca%2Fen%2Fentreprise%2Furbamania%2F&#038;t=Urbamania\"><i class=\"tg-icon-facebook\"><\/i><\/a><a class=\"tg-social-share tg-twitter\" href=\"https:\/\/twitter.com\/share?url=https%3A%2F%2Ffonds-risq.qc.ca%2Fen%2Fentreprise%2Furbamania%2F&#038;text=Urbamania\"><i class=\"tg-icon-twitter\"><\/i><\/a><a class=\"tg-social-share tg-google-plus\" href=\"https:\/\/plus.google.com\/share?url=https%3A%2F%2Ffonds-risq.qc.ca%2Fen%2Fentreprise%2Furbamania%2F\"><i class=\"tg-icon-google-plus\"><\/i><\/a><a class=\"tg-social-share tg-pinterest\" href=\"https:\/\/pinterest.com\/pin\/create\/button\/?url=https%3A%2F%2Ffonds-risq.qc.ca%2Fen%2Fentreprise%2Furbamania%2F&#038;description=Urbamania&#038;media=https%3A%2F%2Ffonds-risq.qc.ca%2Fwp-content%2Fuploads%2F2022%2F11%2Flac-des-loups.jpg\"><i class=\"tg-icon-pinterest\"><\/i><\/a><\/div><\/div><\/div><div class=\"tg-item-content-holder tg-light image-format\" style=\"background-color:#b7c634\"><span class=\"tg-item-date\">25 November 2022<\/span><h2 class=\"tg-item-title\"><a href=\"https:\/\/fonds-risq.qc.ca\/en\/entreprise\/urbamania\/\" target=\"_self\">Urbamania<\/a><\/h2><span class=\"tg-cats-holder\"><a class=\"filtres_des_entreprises\" href=\"https:\/\/fonds-risq.qc.ca\/en\/filtres_des_entreprises\/2022-en\/\" rel=\"category\" data-term-id=\"250\"><span class=\"tg-item-term\" >2022<\/span><\/a><span>, <\/span><a class=\"filtres_des_entreprises\" href=\"https:\/\/fonds-risq.qc.ca\/en\/filtres_des_entreprises\/loisirs-divertissement-en\/\" rel=\"category\" data-term-id=\"190\"><span class=\"tg-item-term\" >Loisirs-Divertissement<\/span><\/a><span>, <\/span><a class=\"filtres_des_entreprises\" href=\"https:\/\/fonds-risq.qc.ca\/en\/filtres_des_entreprises\/npo\/\" rel=\"category\" data-term-id=\"150\"><span class=\"tg-item-term\" >NPO<\/span><\/a><span>, <\/span><a class=\"filtres_des_entreprises\" href=\"https:\/\/fonds-risq.qc.ca\/en\/filtres_des_entreprises\/outaouais-en\/\" rel=\"category\" data-term-id=\"156\"><span class=\"tg-item-term\" >Outaouais<\/span><\/a><span>, <\/span><a class=\"filtres_des_entreprises\" href=\"https:\/\/fonds-risq.qc.ca\/en\/filtres_des_entreprises\/pret-pour-aide-technique-en\/\" rel=\"category\" data-term-id=\"146\"><span class=\"tg-item-term\" >Technical assistance loan<\/span><\/a><\/span><div class=\"tg-item-footer\"><a class=\"tg-item-comment\" href=\"https:\/\/fonds-risq.qc.ca\/en\/entreprise\/urbamania\/\"  target=\"_self\">No comment<\/a><span class=\"no-ajaxy to-post-like no-liked empty-heart\" data-post-id=\"14998\" title=\"Like\"><span class=\"to-heart-icon\"><svg xmlns=\"http:\/\/www.w3.org\/2000\/svg\" version=\"1.1\" viewBox=\"0 0 64 64\"><g transform=\"translate(0, 0)\"><path stroke-width=\"6\" stroke-linecap=\"square\" stroke-miterlimit=\"10\" d=\"M1,21c0,20,31,38,31,38s31-18,31-38 c0-8.285-6-16-15-16c-8.285,0-16,5.715-16,14c0-8.285-7.715-14-16-14C7,5,1,12.715,1,21z\"><\/path><\/g><\/svg><\/span><span class=\"to-like-count\">0<\/span><\/span><\/div><\/div><\/div><\/article><!-- The Grid item #163 --><article class=\"tg-item tg-post-14988 kampala f250 f130 f151 f145 f146\" data-row=\"1\" data-col=\"1\"><div class=\"tg-item-inner\"><div class=\"tg-item-media-holder tg-light\"><div class=\"tg-item-media-inner\"><img decoding=\"async\" class=\"tg-item-image\" alt=\"\" width=\"851\" height=\"315\" src=\"https:\/\/fonds-risq.qc.ca\/wp-content\/uploads\/2022\/11\/paradis-agricoles.png\"><\/div><div class=\"tg-center-holder\"><div class=\"tg-center-inner\"><div class=\"tg-item-overlay\"><\/div><a class=\"tg-link-button\" href=\"https:\/\/fonds-risq.qc.ca\/en\/entreprise\/paradis-agricoles-de-beauport\/\" target=\"_self\"><i class=\"tg-icon-link\"><\/i><\/a><\/div><\/div><div class=\"tg-item-decoration\"><div class=\"triangle-down-right\" style=\"border-color:#b7c634\"><\/div><\/div><div class=\"tg-item-share-holder\"><div class=\"triangle-up-left\" style=\"border-color:rgba(22,22,22,0.65)\"><\/div><i class=\"tg-icon-reply\" style=\"color:#ffffff\"><\/i><div class=\"tg-share-icons\"><a class=\"tg-social-share tg-facebook\" href=\"https:\/\/www.facebook.com\/sharer.php?u=https%3A%2F%2Ffonds-risq.qc.ca%2Fen%2Fentreprise%2Fparadis-agricoles-de-beauport%2F&#038;t=Paradis%20agricoles%20de%20Beauport\"><i class=\"tg-icon-facebook\"><\/i><\/a><a class=\"tg-social-share tg-twitter\" href=\"https:\/\/twitter.com\/share?url=https%3A%2F%2Ffonds-risq.qc.ca%2Fen%2Fentreprise%2Fparadis-agricoles-de-beauport%2F&#038;text=Paradis%20agricoles%20de%20Beauport\"><i class=\"tg-icon-twitter\"><\/i><\/a><a class=\"tg-social-share tg-google-plus\" href=\"https:\/\/plus.google.com\/share?url=https%3A%2F%2Ffonds-risq.qc.ca%2Fen%2Fentreprise%2Fparadis-agricoles-de-beauport%2F\"><i class=\"tg-icon-google-plus\"><\/i><\/a><a class=\"tg-social-share tg-pinterest\" href=\"https:\/\/pinterest.com\/pin\/create\/button\/?url=https%3A%2F%2Ffonds-risq.qc.ca%2Fen%2Fentreprise%2Fparadis-agricoles-de-beauport%2F&#038;description=Paradis%20agricoles%20de%20Beauport&#038;media=https%3A%2F%2Ffonds-risq.qc.ca%2Fwp-content%2Fuploads%2F2022%2F11%2Fparadis-agricoles.png\"><i class=\"tg-icon-pinterest\"><\/i><\/a><\/div><\/div><\/div><div class=\"tg-item-content-holder tg-light image-format\" style=\"background-color:#b7c634\"><span class=\"tg-item-date\">24 November 2022<\/span><h2 class=\"tg-item-title\"><a href=\"https:\/\/fonds-risq.qc.ca\/en\/entreprise\/paradis-agricoles-de-beauport\/\" target=\"_self\">Paradis agricoles de Beauport<\/a><\/h2><span class=\"tg-cats-holder\"><a class=\"filtres_des_entreprises\" href=\"https:\/\/fonds-risq.qc.ca\/en\/filtres_des_entreprises\/2022-en\/\" rel=\"category\" data-term-id=\"250\"><span class=\"tg-item-term\" >2022<\/span><\/a><span>, <\/span><a class=\"filtres_des_entreprises\" href=\"https:\/\/fonds-risq.qc.ca\/en\/filtres_des_entreprises\/capitale-nationale-en\/\" rel=\"category\" data-term-id=\"130\"><span class=\"tg-item-term\" >Capitale-Nationale<\/span><\/a><span>, <\/span><a class=\"filtres_des_entreprises\" href=\"https:\/\/fonds-risq.qc.ca\/en\/filtres_des_entreprises\/coop-en\/\" rel=\"category\" data-term-id=\"151\"><span class=\"tg-item-term\" >COOP<\/span><\/a><span>, <\/span><a class=\"filtres_des_entreprises\" href=\"https:\/\/fonds-risq.qc.ca\/en\/filtres_des_entreprises\/food\/\" rel=\"category\" data-term-id=\"145\"><span class=\"tg-item-term\" >Food<\/span><\/a><span>, <\/span><a class=\"filtres_des_entreprises\" href=\"https:\/\/fonds-risq.qc.ca\/en\/filtres_des_entreprises\/pret-pour-aide-technique-en\/\" rel=\"category\" data-term-id=\"146\"><span class=\"tg-item-term\" >Technical assistance loan<\/span><\/a><\/span><div class=\"tg-item-footer\"><a class=\"tg-item-comment\" href=\"https:\/\/fonds-risq.qc.ca\/en\/entreprise\/paradis-agricoles-de-beauport\/\"  target=\"_self\">No comment<\/a><span class=\"no-ajaxy to-post-like no-liked empty-heart\" data-post-id=\"14988\" title=\"Like\"><span class=\"to-heart-icon\"><svg xmlns=\"http:\/\/www.w3.org\/2000\/svg\" version=\"1.1\" viewBox=\"0 0 64 64\"><g transform=\"translate(0, 0)\"><path stroke-width=\"6\" stroke-linecap=\"square\" stroke-miterlimit=\"10\" d=\"M1,21c0,20,31,38,31,38s31-18,31-38 c0-8.285-6-16-15-16c-8.285,0-16,5.715-16,14c0-8.285-7.715-14-16-14C7,5,1,12.715,1,21z\"><\/path><\/g><\/svg><\/span><span class=\"to-like-count\">0<\/span><\/span><\/div><\/div><\/div><\/article><!-- The Grid item #164 --><article class=\"tg-item tg-post-14964 kampala f250 f148 f151 f128 f135\" data-row=\"1\" data-col=\"1\"><div class=\"tg-item-inner\"><div class=\"tg-item-media-holder tg-light\"><div class=\"tg-item-media-inner\"><img decoding=\"async\" class=\"tg-item-image\" alt=\"\" width=\"1640\" height=\"924\" src=\"https:\/\/fonds-risq.qc.ca\/wp-content\/uploads\/2022\/11\/Agoalliance.jpg\"><\/div><div class=\"tg-center-holder\"><div class=\"tg-center-inner\"><div class=\"tg-item-overlay\"><\/div><a class=\"tg-link-button\" href=\"https:\/\/fonds-risq.qc.ca\/en\/entreprise\/coop-agoralliance\/\" target=\"_self\"><i class=\"tg-icon-link\"><\/i><\/a><\/div><\/div><div class=\"tg-item-decoration\"><div class=\"triangle-down-right\" style=\"border-color:#0097c8\"><\/div><\/div><div class=\"tg-item-share-holder\"><div class=\"triangle-up-left\" style=\"border-color:rgba(22,22,22,0.65)\"><\/div><i class=\"tg-icon-reply\" style=\"color:#ffffff\"><\/i><div class=\"tg-share-icons\"><a class=\"tg-social-share tg-facebook\" href=\"https:\/\/www.facebook.com\/sharer.php?u=https%3A%2F%2Ffonds-risq.qc.ca%2Fen%2Fentreprise%2Fcoop-agoralliance%2F&#038;t=Coop%20Agoralliance\"><i class=\"tg-icon-facebook\"><\/i><\/a><a class=\"tg-social-share tg-twitter\" href=\"https:\/\/twitter.com\/share?url=https%3A%2F%2Ffonds-risq.qc.ca%2Fen%2Fentreprise%2Fcoop-agoralliance%2F&#038;text=Coop%20Agoralliance\"><i class=\"tg-icon-twitter\"><\/i><\/a><a class=\"tg-social-share tg-google-plus\" href=\"https:\/\/plus.google.com\/share?url=https%3A%2F%2Ffonds-risq.qc.ca%2Fen%2Fentreprise%2Fcoop-agoralliance%2F\"><i class=\"tg-icon-google-plus\"><\/i><\/a><a class=\"tg-social-share tg-pinterest\" href=\"https:\/\/pinterest.com\/pin\/create\/button\/?url=https%3A%2F%2Ffonds-risq.qc.ca%2Fen%2Fentreprise%2Fcoop-agoralliance%2F&#038;description=Coop%20Agoralliance&#038;media=https%3A%2F%2Ffonds-risq.qc.ca%2Fwp-content%2Fuploads%2F2022%2F11%2FAgoalliance.jpg\"><i class=\"tg-icon-pinterest\"><\/i><\/a><\/div><\/div><\/div><div class=\"tg-item-content-holder tg-light image-format\" style=\"background-color:#0097c8\"><span class=\"tg-item-date\">14 November 2022<\/span><h2 class=\"tg-item-title\"><a href=\"https:\/\/fonds-risq.qc.ca\/en\/entreprise\/coop-agoralliance\/\" target=\"_self\">Coop Agoralliance<\/a><\/h2><span class=\"tg-cats-holder\"><a class=\"filtres_des_entreprises\" href=\"https:\/\/fonds-risq.qc.ca\/en\/filtres_des_entreprises\/2022-en\/\" rel=\"category\" data-term-id=\"250\"><span class=\"tg-item-term\" >2022<\/span><\/a><span>, <\/span><a class=\"filtres_des_entreprises\" href=\"https:\/\/fonds-risq.qc.ca\/en\/filtres_des_entreprises\/capitalization-loan\/\" rel=\"category\" data-term-id=\"148\"><span class=\"tg-item-term\" >Capitalization loan<\/span><\/a><span>, <\/span><a class=\"filtres_des_entreprises\" href=\"https:\/\/fonds-risq.qc.ca\/en\/filtres_des_entreprises\/coop-en\/\" rel=\"category\" data-term-id=\"151\"><span class=\"tg-item-term\" >COOP<\/span><\/a><span>, <\/span><a class=\"filtres_des_entreprises\" href=\"https:\/\/fonds-risq.qc.ca\/en\/filtres_des_entreprises\/montreal-en\/\" rel=\"category\" data-term-id=\"128\"><span class=\"tg-item-term\" >Montr\u00e9al<\/span><\/a><span>, <\/span><a class=\"filtres_des_entreprises\" href=\"https:\/\/fonds-risq.qc.ca\/en\/filtres_des_entreprises\/services-en\/\" rel=\"category\" data-term-id=\"135\"><span class=\"tg-item-term\" >Services<\/span><\/a><\/span><div class=\"tg-item-footer\"><a class=\"tg-item-comment\" href=\"https:\/\/fonds-risq.qc.ca\/en\/entreprise\/coop-agoralliance\/\"  target=\"_self\">No comment<\/a><span class=\"no-ajaxy to-post-like no-liked empty-heart\" data-post-id=\"14964\" title=\"Like\"><span class=\"to-heart-icon\"><svg xmlns=\"http:\/\/www.w3.org\/2000\/svg\" version=\"1.1\" viewBox=\"0 0 64 64\"><g transform=\"translate(0, 0)\"><path stroke-width=\"6\" stroke-linecap=\"square\" stroke-miterlimit=\"10\" d=\"M1,21c0,20,31,38,31,38s31-18,31-38 c0-8.285-6-16-15-16c-8.285,0-16,5.715-16,14c0-8.285-7.715-14-16-14C7,5,1,12.715,1,21z\"><\/path><\/g><\/svg><\/span><span class=\"to-like-count\">0<\/span><\/span><\/div><\/div><\/div><\/article><!-- The Grid item #165 --><article class=\"tg-item tg-post-14949 kampala f250 f197 f246 f248 f128 f150\" data-row=\"1\" data-col=\"1\"><div class=\"tg-item-inner\"><div class=\"tg-item-media-holder tg-light\"><div class=\"tg-item-media-inner\"><img decoding=\"async\" class=\"tg-item-image\" alt=\"\" width=\"1080\" height=\"1080\" src=\"https:\/\/fonds-risq.qc.ca\/wp-content\/uploads\/2022\/11\/Relief.png\"><\/div><div class=\"tg-center-holder\"><div class=\"tg-center-inner\"><div class=\"tg-item-overlay\"><\/div><a class=\"tg-link-button\" href=\"https:\/\/fonds-risq.qc.ca\/en\/entreprise\/relief-le-chemin-de-la-sante-mentale\/\" target=\"_self\"><i class=\"tg-icon-link\"><\/i><\/a><\/div><\/div><div class=\"tg-item-decoration\"><div class=\"triangle-down-right\" style=\"border-color:#fdd304\"><\/div><\/div><div class=\"tg-item-share-holder\"><div class=\"triangle-up-left\" style=\"border-color:rgba(22,22,22,0.65)\"><\/div><i class=\"tg-icon-reply\" style=\"color:#ffffff\"><\/i><div class=\"tg-share-icons\"><a class=\"tg-social-share tg-facebook\" href=\"https:\/\/www.facebook.com\/sharer.php?u=https%3A%2F%2Ffonds-risq.qc.ca%2Fen%2Fentreprise%2Frelief-le-chemin-de-la-sante-mentale%2F&#038;t=Relief%20%E2%80%93%20Le%20chemin%20de%20la%20sant%C3%A9%20mentale\"><i class=\"tg-icon-facebook\"><\/i><\/a><a class=\"tg-social-share tg-twitter\" href=\"https:\/\/twitter.com\/share?url=https%3A%2F%2Ffonds-risq.qc.ca%2Fen%2Fentreprise%2Frelief-le-chemin-de-la-sante-mentale%2F&#038;text=Relief%20%E2%80%93%20Le%20chemin%20de%20la%20sant%C3%A9%20mentale\"><i class=\"tg-icon-twitter\"><\/i><\/a><a class=\"tg-social-share tg-google-plus\" href=\"https:\/\/plus.google.com\/share?url=https%3A%2F%2Ffonds-risq.qc.ca%2Fen%2Fentreprise%2Frelief-le-chemin-de-la-sante-mentale%2F\"><i class=\"tg-icon-google-plus\"><\/i><\/a><a class=\"tg-social-share tg-pinterest\" href=\"https:\/\/pinterest.com\/pin\/create\/button\/?url=https%3A%2F%2Ffonds-risq.qc.ca%2Fen%2Fentreprise%2Frelief-le-chemin-de-la-sante-mentale%2F&#038;description=Relief%20%E2%80%93%20Le%20chemin%20de%20la%20sant%C3%A9%20mentale&#038;media=https%3A%2F%2Ffonds-risq.qc.ca%2Fwp-content%2Fuploads%2F2022%2F11%2FRelief.png\"><i class=\"tg-icon-pinterest\"><\/i><\/a><\/div><\/div><\/div><div class=\"tg-item-content-holder tg-light image-format\" style=\"background-color:#fdd304\"><span class=\"tg-item-date\">10 November 2022<\/span><h2 class=\"tg-item-title\"><a href=\"https:\/\/fonds-risq.qc.ca\/en\/entreprise\/relief-le-chemin-de-la-sante-mentale\/\" target=\"_self\">Relief \u2013 Le chemin de la sant\u00e9 mentale<\/a><\/h2><span class=\"tg-cats-holder\"><a class=\"filtres_des_entreprises\" href=\"https:\/\/fonds-risq.qc.ca\/en\/filtres_des_entreprises\/2022-en\/\" rel=\"category\" data-term-id=\"250\"><span class=\"tg-item-term\" >2022<\/span><\/a><span>, <\/span><a class=\"filtres_des_entreprises\" href=\"https:\/\/fonds-risq.qc.ca\/en\/filtres_des_entreprises\/assistance-sociale-en\/\" rel=\"category\" data-term-id=\"197\"><span class=\"tg-item-term\" >Assistance sociale<\/span><\/a><span>, <\/span><a class=\"filtres_des_entreprises\" href=\"https:\/\/fonds-risq.qc.ca\/en\/filtres_des_entreprises\/fonds-de-transition-en\/\" rel=\"category\" data-term-id=\"246\"><span class=\"tg-item-term\" >Fonds de Transition<\/span><\/a><span>, <\/span><a class=\"filtres_des_entreprises\" href=\"https:\/\/fonds-risq.qc.ca\/en\/filtres_des_entreprises\/fonds-transition-en\/\" rel=\"category\" data-term-id=\"248\"><span class=\"tg-item-term\" >Fonds Transition<\/span><\/a><span>, <\/span><a class=\"filtres_des_entreprises\" href=\"https:\/\/fonds-risq.qc.ca\/en\/filtres_des_entreprises\/montreal-en\/\" rel=\"category\" data-term-id=\"128\"><span class=\"tg-item-term\" >Montr\u00e9al<\/span><\/a><span>, <\/span><a class=\"filtres_des_entreprises\" href=\"https:\/\/fonds-risq.qc.ca\/en\/filtres_des_entreprises\/npo\/\" rel=\"category\" data-term-id=\"150\"><span class=\"tg-item-term\" >NPO<\/span><\/a><\/span><div class=\"tg-item-footer\"><a class=\"tg-item-comment\" href=\"https:\/\/fonds-risq.qc.ca\/en\/entreprise\/relief-le-chemin-de-la-sante-mentale\/\"  target=\"_self\">No comment<\/a><span class=\"no-ajaxy to-post-like no-liked empty-heart\" data-post-id=\"14949\" title=\"Like\"><span class=\"to-heart-icon\"><svg xmlns=\"http:\/\/www.w3.org\/2000\/svg\" version=\"1.1\" viewBox=\"0 0 64 64\"><g transform=\"translate(0, 0)\"><path stroke-width=\"6\" stroke-linecap=\"square\" stroke-miterlimit=\"10\" d=\"M1,21c0,20,31,38,31,38s31-18,31-38 c0-8.285-6-16-15-16c-8.285,0-16,5.715-16,14c0-8.285-7.715-14-16-14C7,5,1,12.715,1,21z\"><\/path><\/g><\/svg><\/span><span class=\"to-like-count\">0<\/span><\/span><\/div><\/div><\/div><\/article><!-- The Grid item #166 --><article class=\"tg-item tg-post-14684 kampala f250 f151 f170 f248 f155\" data-row=\"1\" data-col=\"1\"><div class=\"tg-item-inner\"><div class=\"tg-item-media-holder tg-light\"><div class=\"tg-item-media-inner\"><img decoding=\"async\" class=\"tg-item-image\" alt=\"\" width=\"1527\" height=\"1728\" src=\"https:\/\/fonds-risq.qc.ca\/wp-content\/uploads\/2022\/08\/st-fut.jpg\"><\/div><div class=\"tg-center-holder\"><div class=\"tg-center-inner\"><div class=\"tg-item-overlay\"><\/div><a class=\"tg-link-button\" href=\"https:\/\/fonds-risq.qc.ca\/en\/entreprise\/le-saint-fut-microbrasserie-cooperative\/\" target=\"_self\"><i class=\"tg-icon-link\"><\/i><\/a><\/div><\/div><div class=\"tg-item-decoration\"><div class=\"triangle-down-right\" style=\"border-color:#fdd304\"><\/div><\/div><div class=\"tg-item-share-holder\"><div class=\"triangle-up-left\" style=\"border-color:rgba(22,22,22,0.65)\"><\/div><i class=\"tg-icon-reply\" style=\"color:#ffffff\"><\/i><div class=\"tg-share-icons\"><a class=\"tg-social-share tg-facebook\" href=\"https:\/\/www.facebook.com\/sharer.php?u=https%3A%2F%2Ffonds-risq.qc.ca%2Fen%2Fentreprise%2Fle-saint-fut-microbrasserie-cooperative%2F&#038;t=Le%20Saint-F%C3%BBt%2C%20microbrasserie%20coop%C3%A9rative\"><i class=\"tg-icon-facebook\"><\/i><\/a><a class=\"tg-social-share tg-twitter\" href=\"https:\/\/twitter.com\/share?url=https%3A%2F%2Ffonds-risq.qc.ca%2Fen%2Fentreprise%2Fle-saint-fut-microbrasserie-cooperative%2F&#038;text=Le%20Saint-F%C3%BBt%2C%20microbrasserie%20coop%C3%A9rative\"><i class=\"tg-icon-twitter\"><\/i><\/a><a class=\"tg-social-share tg-google-plus\" href=\"https:\/\/plus.google.com\/share?url=https%3A%2F%2Ffonds-risq.qc.ca%2Fen%2Fentreprise%2Fle-saint-fut-microbrasserie-cooperative%2F\"><i class=\"tg-icon-google-plus\"><\/i><\/a><a class=\"tg-social-share tg-pinterest\" href=\"https:\/\/pinterest.com\/pin\/create\/button\/?url=https%3A%2F%2Ffonds-risq.qc.ca%2Fen%2Fentreprise%2Fle-saint-fut-microbrasserie-cooperative%2F&#038;description=Le%20Saint-F%C3%BBt%2C%20microbrasserie%20coop%C3%A9rative&#038;media=https%3A%2F%2Ffonds-risq.qc.ca%2Fwp-content%2Fuploads%2F2022%2F08%2Fst-fut.jpg\"><i class=\"tg-icon-pinterest\"><\/i><\/a><\/div><\/div><\/div><div class=\"tg-item-content-holder tg-light image-format\" style=\"background-color:#fdd304\"><span class=\"tg-item-date\">15 August 2022<\/span><h2 class=\"tg-item-title\"><a href=\"https:\/\/fonds-risq.qc.ca\/en\/entreprise\/le-saint-fut-microbrasserie-cooperative\/\" target=\"_self\">Le Saint-F\u00fbt, microbrasserie coop\u00e9rative<\/a><\/h2><span class=\"tg-cats-holder\"><a class=\"filtres_des_entreprises\" href=\"https:\/\/fonds-risq.qc.ca\/en\/filtres_des_entreprises\/2022-en\/\" rel=\"category\" data-term-id=\"250\"><span class=\"tg-item-term\" >2022<\/span><\/a><span>, <\/span><a class=\"filtres_des_entreprises\" href=\"https:\/\/fonds-risq.qc.ca\/en\/filtres_des_entreprises\/coop-en\/\" rel=\"category\" data-term-id=\"151\"><span class=\"tg-item-term\" >COOP<\/span><\/a><span>, <\/span><a class=\"filtres_des_entreprises\" href=\"https:\/\/fonds-risq.qc.ca\/en\/filtres_des_entreprises\/craft-brewery\/\" rel=\"category\" data-term-id=\"170\"><span class=\"tg-item-term\" >Craft brewery<\/span><\/a><span>, <\/span><a class=\"filtres_des_entreprises\" href=\"https:\/\/fonds-risq.qc.ca\/en\/filtres_des_entreprises\/fonds-transition-en\/\" rel=\"category\" data-term-id=\"248\"><span class=\"tg-item-term\" >Fonds Transition<\/span><\/a><span>, <\/span><a class=\"filtres_des_entreprises\" href=\"https:\/\/fonds-risq.qc.ca\/en\/filtres_des_entreprises\/saguenay-lac-saint-jean-en\/\" rel=\"category\" data-term-id=\"155\"><span class=\"tg-item-term\" >Saguenay-Lac-Saint-Jean<\/span><\/a><\/span><div class=\"tg-item-footer\"><a class=\"tg-item-comment\" href=\"https:\/\/fonds-risq.qc.ca\/en\/entreprise\/le-saint-fut-microbrasserie-cooperative\/\"  target=\"_self\">No comment<\/a><span class=\"no-ajaxy to-post-like no-liked empty-heart\" data-post-id=\"14684\" title=\"Like\"><span class=\"to-heart-icon\"><svg xmlns=\"http:\/\/www.w3.org\/2000\/svg\" version=\"1.1\" viewBox=\"0 0 64 64\"><g transform=\"translate(0, 0)\"><path stroke-width=\"6\" stroke-linecap=\"square\" stroke-miterlimit=\"10\" d=\"M1,21c0,20,31,38,31,38s31-18,31-38 c0-8.285-6-16-15-16c-8.285,0-16,5.715-16,14c0-8.285-7.715-14-16-14C7,5,1,12.715,1,21z\"><\/path><\/g><\/svg><\/span><span class=\"to-like-count\">0<\/span><\/span><\/div><\/div><\/div><\/article><!-- The Grid item #167 --><article class=\"tg-item tg-post-14674 kampala f250 f134 f130 f148 f150\" data-row=\"1\" data-col=\"1\"><div class=\"tg-item-inner\"><div class=\"tg-item-media-holder tg-light\"><div class=\"tg-item-media-inner\"><img decoding=\"async\" class=\"tg-item-image\" alt=\"\" width=\"2048\" height=\"1536\" src=\"https:\/\/fonds-risq.qc.ca\/wp-content\/uploads\/2022\/08\/Pantoum.jpg\"><\/div><div class=\"tg-center-holder\"><div class=\"tg-center-inner\"><div class=\"tg-item-overlay\"><\/div><a class=\"tg-link-button\" href=\"https:\/\/fonds-risq.qc.ca\/en\/entreprise\/le-pantoum\/\" target=\"_self\"><i class=\"tg-icon-link\"><\/i><\/a><\/div><\/div><div class=\"tg-item-decoration\"><div class=\"triangle-down-right\" style=\"border-color:#0097c8\"><\/div><\/div><div class=\"tg-item-share-holder\"><div class=\"triangle-up-left\" style=\"border-color:rgba(22,22,22,0.65)\"><\/div><i class=\"tg-icon-reply\" style=\"color:#ffffff\"><\/i><div class=\"tg-share-icons\"><a class=\"tg-social-share tg-facebook\" href=\"https:\/\/www.facebook.com\/sharer.php?u=https%3A%2F%2Ffonds-risq.qc.ca%2Fen%2Fentreprise%2Fle-pantoum%2F&#038;t=Le%20Pantoum\"><i class=\"tg-icon-facebook\"><\/i><\/a><a class=\"tg-social-share tg-twitter\" href=\"https:\/\/twitter.com\/share?url=https%3A%2F%2Ffonds-risq.qc.ca%2Fen%2Fentreprise%2Fle-pantoum%2F&#038;text=Le%20Pantoum\"><i class=\"tg-icon-twitter\"><\/i><\/a><a class=\"tg-social-share tg-google-plus\" href=\"https:\/\/plus.google.com\/share?url=https%3A%2F%2Ffonds-risq.qc.ca%2Fen%2Fentreprise%2Fle-pantoum%2F\"><i class=\"tg-icon-google-plus\"><\/i><\/a><a class=\"tg-social-share tg-pinterest\" href=\"https:\/\/pinterest.com\/pin\/create\/button\/?url=https%3A%2F%2Ffonds-risq.qc.ca%2Fen%2Fentreprise%2Fle-pantoum%2F&#038;description=Le%20Pantoum&#038;media=https%3A%2F%2Ffonds-risq.qc.ca%2Fwp-content%2Fuploads%2F2022%2F08%2FPantoum.jpg\"><i class=\"tg-icon-pinterest\"><\/i><\/a><\/div><\/div><\/div><div class=\"tg-item-content-holder tg-light image-format\" style=\"background-color:#0097c8\"><span class=\"tg-item-date\">15 August 2022<\/span><h2 class=\"tg-item-title\"><a href=\"https:\/\/fonds-risq.qc.ca\/en\/entreprise\/le-pantoum\/\" target=\"_self\">Le Pantoum<\/a><\/h2><span class=\"tg-cats-holder\"><a class=\"filtres_des_entreprises\" href=\"https:\/\/fonds-risq.qc.ca\/en\/filtres_des_entreprises\/2022-en\/\" rel=\"category\" data-term-id=\"250\"><span class=\"tg-item-term\" >2022<\/span><\/a><span>, <\/span><a class=\"filtres_des_entreprises\" href=\"https:\/\/fonds-risq.qc.ca\/en\/filtres_des_entreprises\/arts-and-culture\/\" rel=\"category\" data-term-id=\"134\"><span class=\"tg-item-term\" >Arts and culture<\/span><\/a><span>, <\/span><a class=\"filtres_des_entreprises\" href=\"https:\/\/fonds-risq.qc.ca\/en\/filtres_des_entreprises\/capitale-nationale-en\/\" rel=\"category\" data-term-id=\"130\"><span class=\"tg-item-term\" >Capitale-Nationale<\/span><\/a><span>, <\/span><a class=\"filtres_des_entreprises\" href=\"https:\/\/fonds-risq.qc.ca\/en\/filtres_des_entreprises\/capitalization-loan\/\" rel=\"category\" data-term-id=\"148\"><span class=\"tg-item-term\" >Capitalization loan<\/span><\/a><span>, <\/span><a class=\"filtres_des_entreprises\" href=\"https:\/\/fonds-risq.qc.ca\/en\/filtres_des_entreprises\/npo\/\" rel=\"category\" data-term-id=\"150\"><span class=\"tg-item-term\" >NPO<\/span><\/a><\/span><div class=\"tg-item-footer\"><a class=\"tg-item-comment\" href=\"https:\/\/fonds-risq.qc.ca\/en\/entreprise\/le-pantoum\/\"  target=\"_self\">No comment<\/a><span class=\"no-ajaxy to-post-like no-liked empty-heart\" data-post-id=\"14674\" title=\"Like\"><span class=\"to-heart-icon\"><svg xmlns=\"http:\/\/www.w3.org\/2000\/svg\" version=\"1.1\" viewBox=\"0 0 64 64\"><g transform=\"translate(0, 0)\"><path stroke-width=\"6\" stroke-linecap=\"square\" stroke-miterlimit=\"10\" d=\"M1,21c0,20,31,38,31,38s31-18,31-38 c0-8.285-6-16-15-16c-8.285,0-16,5.715-16,14c0-8.285-7.715-14-16-14C7,5,1,12.715,1,21z\"><\/path><\/g><\/svg><\/span><span class=\"to-like-count\">0<\/span><\/span><\/div><\/div><\/div><\/article><!-- The Grid item #168 --><article class=\"tg-item tg-post-14638 kampala f250 f131 f151 f137 f146\" data-row=\"1\" data-col=\"1\"><div class=\"tg-item-inner\"><div class=\"tg-item-media-holder tg-light\"><div class=\"tg-item-media-inner\"><img decoding=\"async\" class=\"tg-item-image\" alt=\"\" width=\"1080\" height=\"502\" src=\"https:\/\/fonds-risq.qc.ca\/wp-content\/uploads\/2022\/06\/epicerie.png\"><\/div><div class=\"tg-center-holder\"><div class=\"tg-center-inner\"><div class=\"tg-item-overlay\"><\/div><a class=\"tg-link-button\" href=\"https:\/\/fonds-risq.qc.ca\/en\/entreprise\/corporation-de-developpement-de-la-baie-des-sables\/\" target=\"_self\"><i class=\"tg-icon-link\"><\/i><\/a><\/div><\/div><div class=\"tg-item-decoration\"><div class=\"triangle-down-right\" style=\"border-color:#b7c634\"><\/div><\/div><div class=\"tg-item-share-holder\"><div class=\"triangle-up-left\" style=\"border-color:rgba(22,22,22,0.65)\"><\/div><i class=\"tg-icon-reply\" style=\"color:#ffffff\"><\/i><div class=\"tg-share-icons\"><a class=\"tg-social-share tg-facebook\" href=\"https:\/\/www.facebook.com\/sharer.php?u=https%3A%2F%2Ffonds-risq.qc.ca%2Fen%2Fentreprise%2Fcorporation-de-developpement-de-la-baie-des-sables%2F&#038;t=Corporation%20de%20d%C3%A9veloppement%20de%20la%20Baie-des-Sables\"><i class=\"tg-icon-facebook\"><\/i><\/a><a class=\"tg-social-share tg-twitter\" href=\"https:\/\/twitter.com\/share?url=https%3A%2F%2Ffonds-risq.qc.ca%2Fen%2Fentreprise%2Fcorporation-de-developpement-de-la-baie-des-sables%2F&#038;text=Corporation%20de%20d%C3%A9veloppement%20de%20la%20Baie-des-Sables\"><i class=\"tg-icon-twitter\"><\/i><\/a><a class=\"tg-social-share tg-google-plus\" href=\"https:\/\/plus.google.com\/share?url=https%3A%2F%2Ffonds-risq.qc.ca%2Fen%2Fentreprise%2Fcorporation-de-developpement-de-la-baie-des-sables%2F\"><i class=\"tg-icon-google-plus\"><\/i><\/a><a class=\"tg-social-share tg-pinterest\" href=\"https:\/\/pinterest.com\/pin\/create\/button\/?url=https%3A%2F%2Ffonds-risq.qc.ca%2Fen%2Fentreprise%2Fcorporation-de-developpement-de-la-baie-des-sables%2F&#038;description=Corporation%20de%20d%C3%A9veloppement%20de%20la%20Baie-des-Sables&#038;media=https%3A%2F%2Ffonds-risq.qc.ca%2Fwp-content%2Fuploads%2F2022%2F06%2Fepicerie.png\"><i class=\"tg-icon-pinterest\"><\/i><\/a><\/div><\/div><\/div><div class=\"tg-item-content-holder tg-light image-format\" style=\"background-color:#b7c634\"><span class=\"tg-item-date\">30 June 2022<\/span><h2 class=\"tg-item-title\"><a href=\"https:\/\/fonds-risq.qc.ca\/en\/entreprise\/corporation-de-developpement-de-la-baie-des-sables\/\" target=\"_self\">Corporation de d\u00e9veloppement de la Baie-des-Sables<\/a><\/h2><span class=\"tg-cats-holder\"><a class=\"filtres_des_entreprises\" href=\"https:\/\/fonds-risq.qc.ca\/en\/filtres_des_entreprises\/2022-en\/\" rel=\"category\" data-term-id=\"250\"><span class=\"tg-item-term\" >2022<\/span><\/a><span>, <\/span><a class=\"filtres_des_entreprises\" href=\"https:\/\/fonds-risq.qc.ca\/en\/filtres_des_entreprises\/bas-saint-laurent-en\/\" rel=\"category\" data-term-id=\"131\"><span class=\"tg-item-term\" >Bas-Saint-Laurent<\/span><\/a><span>, <\/span><a class=\"filtres_des_entreprises\" href=\"https:\/\/fonds-risq.qc.ca\/en\/filtres_des_entreprises\/coop-en\/\" rel=\"category\" data-term-id=\"151\"><span class=\"tg-item-term\" >COOP<\/span><\/a><span>, <\/span><a class=\"filtres_des_entreprises\" href=\"https:\/\/fonds-risq.qc.ca\/en\/filtres_des_entreprises\/retail-business\/\" rel=\"category\" data-term-id=\"137\"><span class=\"tg-item-term\" >Retail business<\/span><\/a><span>, <\/span><a class=\"filtres_des_entreprises\" href=\"https:\/\/fonds-risq.qc.ca\/en\/filtres_des_entreprises\/pret-pour-aide-technique-en\/\" rel=\"category\" data-term-id=\"146\"><span class=\"tg-item-term\" >Technical assistance loan<\/span><\/a><\/span><div class=\"tg-item-footer\"><a class=\"tg-item-comment\" href=\"https:\/\/fonds-risq.qc.ca\/en\/entreprise\/corporation-de-developpement-de-la-baie-des-sables\/\"  target=\"_self\">No comment<\/a><span class=\"no-ajaxy to-post-like no-liked empty-heart\" data-post-id=\"14638\" title=\"Like\"><span class=\"to-heart-icon\"><svg xmlns=\"http:\/\/www.w3.org\/2000\/svg\" version=\"1.1\" viewBox=\"0 0 64 64\"><g transform=\"translate(0, 0)\"><path stroke-width=\"6\" stroke-linecap=\"square\" stroke-miterlimit=\"10\" d=\"M1,21c0,20,31,38,31,38s31-18,31-38 c0-8.285-6-16-15-16c-8.285,0-16,5.715-16,14c0-8.285-7.715-14-16-14C7,5,1,12.715,1,21z\"><\/path><\/g><\/svg><\/span><span class=\"to-like-count\">0<\/span><\/span><\/div><\/div><\/div><\/article><!-- The Grid item #169 --><article class=\"tg-item tg-post-14599 kampala f250 f139 f151 f246 f248 f194 f155\" data-row=\"1\" data-col=\"1\"><div class=\"tg-item-inner\"><div class=\"tg-item-media-holder tg-light\"><div class=\"tg-item-media-inner\"><img decoding=\"async\" class=\"tg-item-image\" alt=\"\" width=\"3893\" height=\"3024\" src=\"https:\/\/fonds-risq.qc.ca\/wp-content\/uploads\/2022\/06\/CoopNordBio.jpg\"><\/div><div class=\"tg-center-holder\"><div class=\"tg-center-inner\"><div class=\"tg-item-overlay\"><\/div><a class=\"tg-link-button\" href=\"https:\/\/fonds-risq.qc.ca\/en\/entreprise\/cooperative-de-solidarite-nordbio\/\" target=\"_self\"><i class=\"tg-icon-link\"><\/i><\/a><\/div><\/div><div class=\"tg-item-decoration\"><div class=\"triangle-down-right\" style=\"border-color:#fdd304\"><\/div><\/div><div class=\"tg-item-share-holder\"><div class=\"triangle-up-left\" style=\"border-color:rgba(22,22,22,0.65)\"><\/div><i class=\"tg-icon-reply\" style=\"color:#ffffff\"><\/i><div class=\"tg-share-icons\"><a class=\"tg-social-share tg-facebook\" href=\"https:\/\/www.facebook.com\/sharer.php?u=https%3A%2F%2Ffonds-risq.qc.ca%2Fen%2Fentreprise%2Fcooperative-de-solidarite-nordbio%2F&#038;t=Coop%C3%A9rative%20de%20solidarit%C3%A9%20Nordbio\"><i class=\"tg-icon-facebook\"><\/i><\/a><a class=\"tg-social-share tg-twitter\" href=\"https:\/\/twitter.com\/share?url=https%3A%2F%2Ffonds-risq.qc.ca%2Fen%2Fentreprise%2Fcooperative-de-solidarite-nordbio%2F&#038;text=Coop%C3%A9rative%20de%20solidarit%C3%A9%20Nordbio\"><i class=\"tg-icon-twitter\"><\/i><\/a><a class=\"tg-social-share tg-google-plus\" href=\"https:\/\/plus.google.com\/share?url=https%3A%2F%2Ffonds-risq.qc.ca%2Fen%2Fentreprise%2Fcooperative-de-solidarite-nordbio%2F\"><i class=\"tg-icon-google-plus\"><\/i><\/a><a class=\"tg-social-share tg-pinterest\" href=\"https:\/\/pinterest.com\/pin\/create\/button\/?url=https%3A%2F%2Ffonds-risq.qc.ca%2Fen%2Fentreprise%2Fcooperative-de-solidarite-nordbio%2F&#038;description=Coop%C3%A9rative%20de%20solidarit%C3%A9%20Nordbio&#038;media=https%3A%2F%2Ffonds-risq.qc.ca%2Fwp-content%2Fuploads%2F2022%2F06%2FCoopNordBio.jpg\"><i class=\"tg-icon-pinterest\"><\/i><\/a><\/div><\/div><\/div><div class=\"tg-item-content-holder tg-light image-format\" style=\"background-color:#fdd304\"><span class=\"tg-item-date\">30 June 2022<\/span><h2 class=\"tg-item-title\"><a href=\"https:\/\/fonds-risq.qc.ca\/en\/entreprise\/cooperative-de-solidarite-nordbio\/\" target=\"_self\">Coop\u00e9rative de solidarit\u00e9 Nordbio<\/a><\/h2><span class=\"tg-cats-holder\"><a class=\"filtres_des_entreprises\" href=\"https:\/\/fonds-risq.qc.ca\/en\/filtres_des_entreprises\/2022-en\/\" rel=\"category\" data-term-id=\"250\"><span class=\"tg-item-term\" >2022<\/span><\/a><span>, <\/span><a class=\"filtres_des_entreprises\" href=\"https:\/\/fonds-risq.qc.ca\/en\/filtres_des_entreprises\/agriculture-en\/\" rel=\"category\" data-term-id=\"139\"><span class=\"tg-item-term\" >Agriculture<\/span><\/a><span>, <\/span><a class=\"filtres_des_entreprises\" href=\"https:\/\/fonds-risq.qc.ca\/en\/filtres_des_entreprises\/coop-en\/\" rel=\"category\" data-term-id=\"151\"><span class=\"tg-item-term\" >COOP<\/span><\/a><span>, <\/span><a class=\"filtres_des_entreprises\" href=\"https:\/\/fonds-risq.qc.ca\/en\/filtres_des_entreprises\/fonds-de-transition-en\/\" rel=\"category\" data-term-id=\"246\"><span class=\"tg-item-term\" >Fonds de Transition<\/span><\/a><span>, <\/span><a class=\"filtres_des_entreprises\" href=\"https:\/\/fonds-risq.qc.ca\/en\/filtres_des_entreprises\/fonds-transition-en\/\" rel=\"category\" data-term-id=\"248\"><span class=\"tg-item-term\" >Fonds Transition<\/span><\/a><span>, <\/span><a class=\"filtres_des_entreprises\" href=\"https:\/\/fonds-risq.qc.ca\/en\/filtres_des_entreprises\/foresterie-en\/\" rel=\"category\" data-term-id=\"194\"><span class=\"tg-item-term\" >Foresterie<\/span><\/a><span>, <\/span><a class=\"filtres_des_entreprises\" href=\"https:\/\/fonds-risq.qc.ca\/en\/filtres_des_entreprises\/saguenay-lac-saint-jean-en\/\" rel=\"category\" data-term-id=\"155\"><span class=\"tg-item-term\" >Saguenay-Lac-Saint-Jean<\/span><\/a><\/span><div class=\"tg-item-footer\"><a class=\"tg-item-comment\" href=\"https:\/\/fonds-risq.qc.ca\/en\/entreprise\/cooperative-de-solidarite-nordbio\/\"  target=\"_self\">No comment<\/a><span class=\"no-ajaxy to-post-like no-liked empty-heart\" data-post-id=\"14599\" title=\"Like\"><span class=\"to-heart-icon\"><svg xmlns=\"http:\/\/www.w3.org\/2000\/svg\" version=\"1.1\" viewBox=\"0 0 64 64\"><g transform=\"translate(0, 0)\"><path stroke-width=\"6\" stroke-linecap=\"square\" stroke-miterlimit=\"10\" d=\"M1,21c0,20,31,38,31,38s31-18,31-38 c0-8.285-6-16-15-16c-8.285,0-16,5.715-16,14c0-8.285-7.715-14-16-14C7,5,1,12.715,1,21z\"><\/path><\/g><\/svg><\/span><span class=\"to-like-count\">0<\/span><\/span><\/div><\/div><\/div><\/article><!-- The Grid item #170 --><article class=\"tg-item tg-post-14504 kampala f250 f263 f148 f151 f128 f147 f135 f159\" data-row=\"1\" data-col=\"1\"><div class=\"tg-item-inner\"><div class=\"tg-item-media-holder tg-light\"><div class=\"tg-item-media-inner\"><img decoding=\"async\" class=\"tg-item-image\" alt=\"\" width=\"2048\" height=\"1536\" src=\"https:\/\/fonds-risq.qc.ca\/wp-content\/uploads\/2022\/05\/Radish.jpg\"><\/div><div class=\"tg-center-holder\"><div class=\"tg-center-inner\"><div class=\"tg-item-overlay\"><\/div><a class=\"tg-link-button\" href=\"https:\/\/fonds-risq.qc.ca\/en\/entreprise\/radish-coop\/\" target=\"_self\"><i class=\"tg-icon-link\"><\/i><\/a><\/div><\/div><div class=\"tg-item-decoration\"><div class=\"triangle-down-right\" style=\"border-color:#ee4224\"><\/div><\/div><div class=\"tg-item-share-holder\"><div class=\"triangle-up-left\" style=\"border-color:rgba(22,22,22,0.65)\"><\/div><i class=\"tg-icon-reply\" style=\"color:#ffffff\"><\/i><div class=\"tg-share-icons\"><a class=\"tg-social-share tg-facebook\" href=\"https:\/\/www.facebook.com\/sharer.php?u=https%3A%2F%2Ffonds-risq.qc.ca%2Fen%2Fentreprise%2Fradish-coop%2F&#038;t=Coop%C3%A9rative%20Radish\"><i class=\"tg-icon-facebook\"><\/i><\/a><a class=\"tg-social-share tg-twitter\" href=\"https:\/\/twitter.com\/share?url=https%3A%2F%2Ffonds-risq.qc.ca%2Fen%2Fentreprise%2Fradish-coop%2F&#038;text=Coop%C3%A9rative%20Radish\"><i class=\"tg-icon-twitter\"><\/i><\/a><a class=\"tg-social-share tg-google-plus\" href=\"https:\/\/plus.google.com\/share?url=https%3A%2F%2Ffonds-risq.qc.ca%2Fen%2Fentreprise%2Fradish-coop%2F\"><i class=\"tg-icon-google-plus\"><\/i><\/a><a class=\"tg-social-share tg-pinterest\" href=\"https:\/\/pinterest.com\/pin\/create\/button\/?url=https%3A%2F%2Ffonds-risq.qc.ca%2Fen%2Fentreprise%2Fradish-coop%2F&#038;description=Coop%C3%A9rative%20Radish&#038;media=https%3A%2F%2Ffonds-risq.qc.ca%2Fwp-content%2Fuploads%2F2022%2F05%2FRadish.jpg\"><i class=\"tg-icon-pinterest\"><\/i><\/a><\/div><\/div><\/div><div class=\"tg-item-content-holder tg-light image-format\" style=\"background-color:#ee4224\"><span class=\"tg-item-date\">12 May 2022<\/span><h2 class=\"tg-item-title\"><a href=\"https:\/\/fonds-risq.qc.ca\/en\/entreprise\/radish-coop\/\" target=\"_self\">Coop\u00e9rative Radish<\/a><\/h2><span class=\"tg-cats-holder\"><a class=\"filtres_des_entreprises\" href=\"https:\/\/fonds-risq.qc.ca\/en\/filtres_des_entreprises\/2022-en\/\" rel=\"category\" data-term-id=\"250\"><span class=\"tg-item-term\" >2022<\/span><\/a><span>, <\/span><a class=\"filtres_des_entreprises\" href=\"https:\/\/fonds-risq.qc.ca\/en\/filtres_des_entreprises\/2025-en\/\" rel=\"category\" data-term-id=\"263\"><span class=\"tg-item-term\" >2025<\/span><\/a><span>, <\/span><a class=\"filtres_des_entreprises\" href=\"https:\/\/fonds-risq.qc.ca\/en\/filtres_des_entreprises\/capitalization-loan\/\" rel=\"category\" data-term-id=\"148\"><span class=\"tg-item-term\" >Capitalization loan<\/span><\/a><span>, <\/span><a class=\"filtres_des_entreprises\" href=\"https:\/\/fonds-risq.qc.ca\/en\/filtres_des_entreprises\/coop-en\/\" rel=\"category\" data-term-id=\"151\"><span class=\"tg-item-term\" >COOP<\/span><\/a><span>, <\/span><a class=\"filtres_des_entreprises\" href=\"https:\/\/fonds-risq.qc.ca\/en\/filtres_des_entreprises\/montreal-en\/\" rel=\"category\" data-term-id=\"128\"><span class=\"tg-item-term\" >Montr\u00e9al<\/span><\/a><span>, <\/span><a class=\"filtres_des_entreprises\" href=\"https:\/\/fonds-risq.qc.ca\/en\/filtres_des_entreprises\/pre-startup-loan\/\" rel=\"category\" data-term-id=\"147\"><span class=\"tg-item-term\" >Pre-startup loan<\/span><\/a><span>, <\/span><a class=\"filtres_des_entreprises\" href=\"https:\/\/fonds-risq.qc.ca\/en\/filtres_des_entreprises\/services-en\/\" rel=\"category\" data-term-id=\"135\"><span class=\"tg-item-term\" >Services<\/span><\/a><span>, <\/span><a class=\"filtres_des_entreprises\" href=\"https:\/\/fonds-risq.qc.ca\/en\/filtres_des_entreprises\/transport-en\/\" rel=\"category\" data-term-id=\"159\"><span class=\"tg-item-term\" >Transport<\/span><\/a><\/span><div class=\"tg-item-footer\"><a class=\"tg-item-comment\" href=\"https:\/\/fonds-risq.qc.ca\/en\/entreprise\/radish-coop\/\"  target=\"_self\">No comment<\/a><span class=\"no-ajaxy to-post-like no-liked empty-heart\" data-post-id=\"14504\" title=\"Like\"><span class=\"to-heart-icon\"><svg xmlns=\"http:\/\/www.w3.org\/2000\/svg\" version=\"1.1\" viewBox=\"0 0 64 64\"><g transform=\"translate(0, 0)\"><path stroke-width=\"6\" stroke-linecap=\"square\" stroke-miterlimit=\"10\" d=\"M1,21c0,20,31,38,31,38s31-18,31-38 c0-8.285-6-16-15-16c-8.285,0-16,5.715-16,14c0-8.285-7.715-14-16-14C7,5,1,12.715,1,21z\"><\/path><\/g><\/svg><\/span><span class=\"to-like-count\">0<\/span><\/span><\/div><\/div><\/div><\/article><!-- The Grid item #171 --><article class=\"tg-item tg-post-14485 kampala f245 f136 f248 f128 f150 f142\" data-row=\"1\" data-col=\"1\"><div class=\"tg-item-inner\"><div class=\"tg-item-media-holder tg-light\"><div class=\"tg-item-media-inner\"><img decoding=\"async\" class=\"tg-item-image\" alt=\"\" width=\"2048\" height=\"1362\" src=\"https:\/\/fonds-risq.qc.ca\/wp-content\/uploads\/2022\/05\/cyclochrome.jpg\"><\/div><div class=\"tg-center-holder\"><div class=\"tg-center-inner\"><div class=\"tg-item-overlay\"><\/div><a class=\"tg-link-button\" href=\"https:\/\/fonds-risq.qc.ca\/en\/entreprise\/cyclo-chrome\/\" target=\"_self\"><i class=\"tg-icon-link\"><\/i><\/a><\/div><\/div><div class=\"tg-item-decoration\"><div class=\"triangle-down-right\" style=\"border-color:#fdd304\"><\/div><\/div><div class=\"tg-item-share-holder\"><div class=\"triangle-up-left\" style=\"border-color:rgba(22,22,22,0.65)\"><\/div><i class=\"tg-icon-reply\" style=\"color:#ffffff\"><\/i><div class=\"tg-share-icons\"><a class=\"tg-social-share tg-facebook\" href=\"https:\/\/www.facebook.com\/sharer.php?u=https%3A%2F%2Ffonds-risq.qc.ca%2Fen%2Fentreprise%2Fcyclo-chrome%2F&#038;t=Cyclo%20Chrome\"><i class=\"tg-icon-facebook\"><\/i><\/a><a class=\"tg-social-share tg-twitter\" href=\"https:\/\/twitter.com\/share?url=https%3A%2F%2Ffonds-risq.qc.ca%2Fen%2Fentreprise%2Fcyclo-chrome%2F&#038;text=Cyclo%20Chrome\"><i class=\"tg-icon-twitter\"><\/i><\/a><a class=\"tg-social-share tg-google-plus\" href=\"https:\/\/plus.google.com\/share?url=https%3A%2F%2Ffonds-risq.qc.ca%2Fen%2Fentreprise%2Fcyclo-chrome%2F\"><i class=\"tg-icon-google-plus\"><\/i><\/a><a class=\"tg-social-share tg-pinterest\" href=\"https:\/\/pinterest.com\/pin\/create\/button\/?url=https%3A%2F%2Ffonds-risq.qc.ca%2Fen%2Fentreprise%2Fcyclo-chrome%2F&#038;description=Cyclo%20Chrome&#038;media=https%3A%2F%2Ffonds-risq.qc.ca%2Fwp-content%2Fuploads%2F2022%2F05%2Fcyclochrome.jpg\"><i class=\"tg-icon-pinterest\"><\/i><\/a><\/div><\/div><\/div><div class=\"tg-item-content-holder tg-light image-format\" style=\"background-color:#fdd304\"><span class=\"tg-item-date\">12 May 2022<\/span><h2 class=\"tg-item-title\"><a href=\"https:\/\/fonds-risq.qc.ca\/en\/entreprise\/cyclo-chrome\/\" target=\"_self\">Cyclo Chrome<\/a><\/h2><span class=\"tg-cats-holder\"><a class=\"filtres_des_entreprises\" href=\"https:\/\/fonds-risq.qc.ca\/en\/filtres_des_entreprises\/2021-en\/\" rel=\"category\" data-term-id=\"245\"><span class=\"tg-item-term\" >2021<\/span><\/a><span>, <\/span><a class=\"filtres_des_entreprises\" href=\"https:\/\/fonds-risq.qc.ca\/en\/filtres_des_entreprises\/education-en\/\" rel=\"category\" data-term-id=\"136\"><span class=\"tg-item-term\" >Education<\/span><\/a><span>, <\/span><a class=\"filtres_des_entreprises\" href=\"https:\/\/fonds-risq.qc.ca\/en\/filtres_des_entreprises\/fonds-transition-en\/\" rel=\"category\" data-term-id=\"248\"><span class=\"tg-item-term\" >Fonds Transition<\/span><\/a><span>, <\/span><a class=\"filtres_des_entreprises\" href=\"https:\/\/fonds-risq.qc.ca\/en\/filtres_des_entreprises\/montreal-en\/\" rel=\"category\" data-term-id=\"128\"><span class=\"tg-item-term\" >Montr\u00e9al<\/span><\/a><span>, <\/span><a class=\"filtres_des_entreprises\" href=\"https:\/\/fonds-risq.qc.ca\/en\/filtres_des_entreprises\/npo\/\" rel=\"category\" data-term-id=\"150\"><span class=\"tg-item-term\" >NPO<\/span><\/a><span>, <\/span><a class=\"filtres_des_entreprises\" href=\"https:\/\/fonds-risq.qc.ca\/en\/filtres_des_entreprises\/services-to-people\/\" rel=\"category\" data-term-id=\"142\"><span class=\"tg-item-term\" >Services to people<\/span><\/a><\/span><div class=\"tg-item-footer\"><a class=\"tg-item-comment\" href=\"https:\/\/fonds-risq.qc.ca\/en\/entreprise\/cyclo-chrome\/\"  target=\"_self\">No comment<\/a><span class=\"no-ajaxy to-post-like no-liked empty-heart\" data-post-id=\"14485\" title=\"Like\"><span class=\"to-heart-icon\"><svg xmlns=\"http:\/\/www.w3.org\/2000\/svg\" version=\"1.1\" viewBox=\"0 0 64 64\"><g transform=\"translate(0, 0)\"><path stroke-width=\"6\" stroke-linecap=\"square\" stroke-miterlimit=\"10\" d=\"M1,21c0,20,31,38,31,38s31-18,31-38 c0-8.285-6-16-15-16c-8.285,0-16,5.715-16,14c0-8.285-7.715-14-16-14C7,5,1,12.715,1,21z\"><\/path><\/g><\/svg><\/span><span class=\"to-like-count\">0<\/span><\/span><\/div><\/div><\/div><\/article><!-- The Grid item #172 --><article class=\"tg-item tg-post-14465 kampala f245 f250 f151 f128 f158 f146\" data-row=\"1\" data-col=\"1\"><div class=\"tg-item-inner\"><div class=\"tg-item-media-holder tg-light\"><div class=\"tg-item-media-inner\"><img decoding=\"async\" class=\"tg-item-image\" alt=\"\" width=\"1440\" height=\"1476\" src=\"https:\/\/fonds-risq.qc.ca\/wp-content\/uploads\/2022\/05\/Tetro.jpg\"><\/div><div class=\"tg-center-holder\"><div class=\"tg-center-inner\"><div class=\"tg-item-overlay\"><\/div><a class=\"tg-link-button\" href=\"https:\/\/fonds-risq.qc.ca\/en\/entreprise\/espace-tetro-cooperative-de-solidarite\/\" target=\"_self\"><i class=\"tg-icon-link\"><\/i><\/a><\/div><\/div><div class=\"tg-item-decoration\"><div class=\"triangle-down-right\" style=\"border-color:#b7c634\"><\/div><\/div><div class=\"tg-item-share-holder\"><div class=\"triangle-up-left\" style=\"border-color:rgba(22,22,22,0.65)\"><\/div><i class=\"tg-icon-reply\" style=\"color:#ffffff\"><\/i><div class=\"tg-share-icons\"><a class=\"tg-social-share tg-facebook\" href=\"https:\/\/www.facebook.com\/sharer.php?u=https%3A%2F%2Ffonds-risq.qc.ca%2Fen%2Fentreprise%2Fespace-tetro-cooperative-de-solidarite%2F&#038;t=Espace%20T%C3%A9tro%2C%20coop%C3%A9rative%20de%20solidarit%C3%A9\"><i class=\"tg-icon-facebook\"><\/i><\/a><a class=\"tg-social-share tg-twitter\" href=\"https:\/\/twitter.com\/share?url=https%3A%2F%2Ffonds-risq.qc.ca%2Fen%2Fentreprise%2Fespace-tetro-cooperative-de-solidarite%2F&#038;text=Espace%20T%C3%A9tro%2C%20coop%C3%A9rative%20de%20solidarit%C3%A9\"><i class=\"tg-icon-twitter\"><\/i><\/a><a class=\"tg-social-share tg-google-plus\" href=\"https:\/\/plus.google.com\/share?url=https%3A%2F%2Ffonds-risq.qc.ca%2Fen%2Fentreprise%2Fespace-tetro-cooperative-de-solidarite%2F\"><i class=\"tg-icon-google-plus\"><\/i><\/a><a class=\"tg-social-share tg-pinterest\" href=\"https:\/\/pinterest.com\/pin\/create\/button\/?url=https%3A%2F%2Ffonds-risq.qc.ca%2Fen%2Fentreprise%2Fespace-tetro-cooperative-de-solidarite%2F&#038;description=Espace%20T%C3%A9tro%2C%20coop%C3%A9rative%20de%20solidarit%C3%A9&#038;media=https%3A%2F%2Ffonds-risq.qc.ca%2Fwp-content%2Fuploads%2F2022%2F05%2FTetro.jpg\"><i class=\"tg-icon-pinterest\"><\/i><\/a><\/div><\/div><\/div><div class=\"tg-item-content-holder tg-light image-format\" style=\"background-color:#b7c634\"><span class=\"tg-item-date\">12 May 2022<\/span><h2 class=\"tg-item-title\"><a href=\"https:\/\/fonds-risq.qc.ca\/en\/entreprise\/espace-tetro-cooperative-de-solidarite\/\" target=\"_self\">Espace T\u00e9tro, coop\u00e9rative de solidarit\u00e9<\/a><\/h2><span class=\"tg-cats-holder\"><a class=\"filtres_des_entreprises\" href=\"https:\/\/fonds-risq.qc.ca\/en\/filtres_des_entreprises\/2021-en\/\" rel=\"category\" data-term-id=\"245\"><span class=\"tg-item-term\" >2021<\/span><\/a><span>, <\/span><a class=\"filtres_des_entreprises\" href=\"https:\/\/fonds-risq.qc.ca\/en\/filtres_des_entreprises\/2022-en\/\" rel=\"category\" data-term-id=\"250\"><span class=\"tg-item-term\" >2022<\/span><\/a><span>, <\/span><a class=\"filtres_des_entreprises\" href=\"https:\/\/fonds-risq.qc.ca\/en\/filtres_des_entreprises\/coop-en\/\" rel=\"category\" data-term-id=\"151\"><span class=\"tg-item-term\" >COOP<\/span><\/a><span>, <\/span><a class=\"filtres_des_entreprises\" href=\"https:\/\/fonds-risq.qc.ca\/en\/filtres_des_entreprises\/montreal-en\/\" rel=\"category\" data-term-id=\"128\"><span class=\"tg-item-term\" >Montr\u00e9al<\/span><\/a><span>, <\/span><a class=\"filtres_des_entreprises\" href=\"https:\/\/fonds-risq.qc.ca\/en\/filtres_des_entreprises\/restaurant\/\" rel=\"category\" data-term-id=\"158\"><span class=\"tg-item-term\" >Restaurant<\/span><\/a><span>, <\/span><a class=\"filtres_des_entreprises\" href=\"https:\/\/fonds-risq.qc.ca\/en\/filtres_des_entreprises\/pret-pour-aide-technique-en\/\" rel=\"category\" data-term-id=\"146\"><span class=\"tg-item-term\" >Technical assistance loan<\/span><\/a><\/span><div class=\"tg-item-footer\"><a class=\"tg-item-comment\" href=\"https:\/\/fonds-risq.qc.ca\/en\/entreprise\/espace-tetro-cooperative-de-solidarite\/\"  target=\"_self\">No comment<\/a><span class=\"no-ajaxy to-post-like no-liked empty-heart\" data-post-id=\"14465\" title=\"Like\"><span class=\"to-heart-icon\"><svg xmlns=\"http:\/\/www.w3.org\/2000\/svg\" version=\"1.1\" viewBox=\"0 0 64 64\"><g transform=\"translate(0, 0)\"><path stroke-width=\"6\" stroke-linecap=\"square\" stroke-miterlimit=\"10\" d=\"M1,21c0,20,31,38,31,38s31-18,31-38 c0-8.285-6-16-15-16c-8.285,0-16,5.715-16,14c0-8.285-7.715-14-16-14C7,5,1,12.715,1,21z\"><\/path><\/g><\/svg><\/span><span class=\"to-like-count\">0<\/span><\/span><\/div><\/div><\/div><\/article><!-- The Grid item #173 --><article class=\"tg-item tg-post-14451 kampala f245 f164 f151 f137 f146\" data-row=\"1\" data-col=\"1\"><div class=\"tg-item-inner\"><div class=\"tg-item-media-holder tg-light\"><div class=\"tg-item-media-inner\"><img decoding=\"async\" class=\"tg-item-image\" alt=\"\" width=\"512\" height=\"384\" src=\"https:\/\/fonds-risq.qc.ca\/wp-content\/uploads\/2022\/05\/st-joachim.jpg\"><\/div><div class=\"tg-center-holder\"><div class=\"tg-center-inner\"><div class=\"tg-item-overlay\"><\/div><a class=\"tg-link-button\" href=\"https:\/\/fonds-risq.qc.ca\/en\/entreprise\/coop-depanneur-st-joachim\/\" target=\"_self\"><i class=\"tg-icon-link\"><\/i><\/a><\/div><\/div><div class=\"tg-item-decoration\"><div class=\"triangle-down-right\" style=\"border-color:#b7c634\"><\/div><\/div><div class=\"tg-item-share-holder\"><div class=\"triangle-up-left\" style=\"border-color:rgba(22,22,22,0.65)\"><\/div><i class=\"tg-icon-reply\" style=\"color:#ffffff\"><\/i><div class=\"tg-share-icons\"><a class=\"tg-social-share tg-facebook\" href=\"https:\/\/www.facebook.com\/sharer.php?u=https%3A%2F%2Ffonds-risq.qc.ca%2Fen%2Fentreprise%2Fcoop-depanneur-st-joachim%2F&#038;t=Coop%20d%C3%A9panneur%20St-Joachim\"><i class=\"tg-icon-facebook\"><\/i><\/a><a class=\"tg-social-share tg-twitter\" href=\"https:\/\/twitter.com\/share?url=https%3A%2F%2Ffonds-risq.qc.ca%2Fen%2Fentreprise%2Fcoop-depanneur-st-joachim%2F&#038;text=Coop%20d%C3%A9panneur%20St-Joachim\"><i class=\"tg-icon-twitter\"><\/i><\/a><a class=\"tg-social-share tg-google-plus\" href=\"https:\/\/plus.google.com\/share?url=https%3A%2F%2Ffonds-risq.qc.ca%2Fen%2Fentreprise%2Fcoop-depanneur-st-joachim%2F\"><i class=\"tg-icon-google-plus\"><\/i><\/a><a class=\"tg-social-share tg-pinterest\" href=\"https:\/\/pinterest.com\/pin\/create\/button\/?url=https%3A%2F%2Ffonds-risq.qc.ca%2Fen%2Fentreprise%2Fcoop-depanneur-st-joachim%2F&#038;description=Coop%20d%C3%A9panneur%20St-Joachim&#038;media=https%3A%2F%2Ffonds-risq.qc.ca%2Fwp-content%2Fuploads%2F2022%2F05%2Fst-joachim.jpg\"><i class=\"tg-icon-pinterest\"><\/i><\/a><\/div><\/div><\/div><div class=\"tg-item-content-holder tg-light image-format\" style=\"background-color:#b7c634\"><span class=\"tg-item-date\">11 May 2022<\/span><h2 class=\"tg-item-title\"><a href=\"https:\/\/fonds-risq.qc.ca\/en\/entreprise\/coop-depanneur-st-joachim\/\" target=\"_self\">Coop d\u00e9panneur St-Joachim<\/a><\/h2><span class=\"tg-cats-holder\"><a class=\"filtres_des_entreprises\" href=\"https:\/\/fonds-risq.qc.ca\/en\/filtres_des_entreprises\/2021-en\/\" rel=\"category\" data-term-id=\"245\"><span class=\"tg-item-term\" >2021<\/span><\/a><span>, <\/span><a class=\"filtres_des_entreprises\" href=\"https:\/\/fonds-risq.qc.ca\/en\/filtres_des_entreprises\/centre-du-quebec-en\/\" rel=\"category\" data-term-id=\"164\"><span class=\"tg-item-term\" >Centre-du-Qu\u00e9bec<\/span><\/a><span>, <\/span><a class=\"filtres_des_entreprises\" href=\"https:\/\/fonds-risq.qc.ca\/en\/filtres_des_entreprises\/coop-en\/\" rel=\"category\" data-term-id=\"151\"><span class=\"tg-item-term\" >COOP<\/span><\/a><span>, <\/span><a class=\"filtres_des_entreprises\" href=\"https:\/\/fonds-risq.qc.ca\/en\/filtres_des_entreprises\/retail-business\/\" rel=\"category\" data-term-id=\"137\"><span class=\"tg-item-term\" >Retail business<\/span><\/a><span>, <\/span><a class=\"filtres_des_entreprises\" href=\"https:\/\/fonds-risq.qc.ca\/en\/filtres_des_entreprises\/pret-pour-aide-technique-en\/\" rel=\"category\" data-term-id=\"146\"><span class=\"tg-item-term\" >Technical assistance loan<\/span><\/a><\/span><div class=\"tg-item-footer\"><a class=\"tg-item-comment\" href=\"https:\/\/fonds-risq.qc.ca\/en\/entreprise\/coop-depanneur-st-joachim\/\"  target=\"_self\">No comment<\/a><span class=\"no-ajaxy to-post-like no-liked empty-heart\" data-post-id=\"14451\" title=\"Like\"><span class=\"to-heart-icon\"><svg xmlns=\"http:\/\/www.w3.org\/2000\/svg\" version=\"1.1\" viewBox=\"0 0 64 64\"><g transform=\"translate(0, 0)\"><path stroke-width=\"6\" stroke-linecap=\"square\" stroke-miterlimit=\"10\" d=\"M1,21c0,20,31,38,31,38s31-18,31-38 c0-8.285-6-16-15-16c-8.285,0-16,5.715-16,14c0-8.285-7.715-14-16-14C7,5,1,12.715,1,21z\"><\/path><\/g><\/svg><\/span><span class=\"to-like-count\">0<\/span><\/span><\/div><\/div><\/div><\/article><!-- The Grid item #174 --><article class=\"tg-item tg-post-14442 kampala f245 f148 f151 f194 f132\" data-row=\"1\" data-col=\"1\"><div class=\"tg-item-inner\"><div class=\"tg-item-media-holder tg-light\"><div class=\"tg-item-media-inner\"><img decoding=\"async\" class=\"tg-item-image\" alt=\"\" width=\"1075\" height=\"760\" src=\"https:\/\/fonds-risq.qc.ca\/wp-content\/uploads\/2022\/05\/Photo-Bois-dexception.jpg\"><\/div><div class=\"tg-center-holder\"><div class=\"tg-center-inner\"><div class=\"tg-item-overlay\"><\/div><a class=\"tg-link-button\" href=\"https:\/\/fonds-risq.qc.ca\/en\/entreprise\/bois-dexception-cooperative\/\" target=\"_self\"><i class=\"tg-icon-link\"><\/i><\/a><\/div><\/div><div class=\"tg-item-decoration\"><div class=\"triangle-down-right\" style=\"border-color:#0097c8\"><\/div><\/div><div class=\"tg-item-share-holder\"><div class=\"triangle-up-left\" style=\"border-color:rgba(22,22,22,0.65)\"><\/div><i class=\"tg-icon-reply\" style=\"color:#ffffff\"><\/i><div class=\"tg-share-icons\"><a class=\"tg-social-share tg-facebook\" href=\"https:\/\/www.facebook.com\/sharer.php?u=https%3A%2F%2Ffonds-risq.qc.ca%2Fen%2Fentreprise%2Fbois-dexception-cooperative%2F&#038;t=Bois%20d%E2%80%99exception%20Coop%C3%A9rative\"><i class=\"tg-icon-facebook\"><\/i><\/a><a class=\"tg-social-share tg-twitter\" href=\"https:\/\/twitter.com\/share?url=https%3A%2F%2Ffonds-risq.qc.ca%2Fen%2Fentreprise%2Fbois-dexception-cooperative%2F&#038;text=Bois%20d%E2%80%99exception%20Coop%C3%A9rative\"><i class=\"tg-icon-twitter\"><\/i><\/a><a class=\"tg-social-share tg-google-plus\" href=\"https:\/\/plus.google.com\/share?url=https%3A%2F%2Ffonds-risq.qc.ca%2Fen%2Fentreprise%2Fbois-dexception-cooperative%2F\"><i class=\"tg-icon-google-plus\"><\/i><\/a><a class=\"tg-social-share tg-pinterest\" href=\"https:\/\/pinterest.com\/pin\/create\/button\/?url=https%3A%2F%2Ffonds-risq.qc.ca%2Fen%2Fentreprise%2Fbois-dexception-cooperative%2F&#038;description=Bois%20d%E2%80%99exception%20Coop%C3%A9rative&#038;media=https%3A%2F%2Ffonds-risq.qc.ca%2Fwp-content%2Fuploads%2F2022%2F05%2FPhoto-Bois-dexception.jpg\"><i class=\"tg-icon-pinterest\"><\/i><\/a><\/div><\/div><\/div><div class=\"tg-item-content-holder tg-light image-format\" style=\"background-color:#0097c8\"><span class=\"tg-item-date\">11 May 2022<\/span><h2 class=\"tg-item-title\"><a href=\"https:\/\/fonds-risq.qc.ca\/en\/entreprise\/bois-dexception-cooperative\/\" target=\"_self\">Bois d\u2019exception Coop\u00e9rative<\/a><\/h2><span class=\"tg-cats-holder\"><a class=\"filtres_des_entreprises\" href=\"https:\/\/fonds-risq.qc.ca\/en\/filtres_des_entreprises\/2021-en\/\" rel=\"category\" data-term-id=\"245\"><span class=\"tg-item-term\" >2021<\/span><\/a><span>, <\/span><a class=\"filtres_des_entreprises\" href=\"https:\/\/fonds-risq.qc.ca\/en\/filtres_des_entreprises\/capitalization-loan\/\" rel=\"category\" data-term-id=\"148\"><span class=\"tg-item-term\" >Capitalization loan<\/span><\/a><span>, <\/span><a class=\"filtres_des_entreprises\" href=\"https:\/\/fonds-risq.qc.ca\/en\/filtres_des_entreprises\/coop-en\/\" rel=\"category\" data-term-id=\"151\"><span class=\"tg-item-term\" >COOP<\/span><\/a><span>, <\/span><a class=\"filtres_des_entreprises\" href=\"https:\/\/fonds-risq.qc.ca\/en\/filtres_des_entreprises\/foresterie-en\/\" rel=\"category\" data-term-id=\"194\"><span class=\"tg-item-term\" >Foresterie<\/span><\/a><span>, <\/span><a class=\"filtres_des_entreprises\" href=\"https:\/\/fonds-risq.qc.ca\/en\/filtres_des_entreprises\/monteregie-en\/\" rel=\"category\" data-term-id=\"132\"><span class=\"tg-item-term\" >Mont\u00e9r\u00e9gie<\/span><\/a><\/span><div class=\"tg-item-footer\"><a class=\"tg-item-comment\" href=\"https:\/\/fonds-risq.qc.ca\/en\/entreprise\/bois-dexception-cooperative\/\"  target=\"_self\">No comment<\/a><span class=\"no-ajaxy to-post-like no-liked empty-heart\" data-post-id=\"14442\" title=\"Like\"><span class=\"to-heart-icon\"><svg xmlns=\"http:\/\/www.w3.org\/2000\/svg\" version=\"1.1\" viewBox=\"0 0 64 64\"><g transform=\"translate(0, 0)\"><path stroke-width=\"6\" stroke-linecap=\"square\" stroke-miterlimit=\"10\" d=\"M1,21c0,20,31,38,31,38s31-18,31-38 c0-8.285-6-16-15-16c-8.285,0-16,5.715-16,14c0-8.285-7.715-14-16-14C7,5,1,12.715,1,21z\"><\/path><\/g><\/svg><\/span><span class=\"to-like-count\">0<\/span><\/span><\/div><\/div><\/div><\/article><!-- The Grid item #175 --><article class=\"tg-item tg-post-14356 kampala f245 f134 f128 f150 f146\" data-row=\"1\" data-col=\"1\"><div class=\"tg-item-inner\"><div class=\"tg-item-media-holder tg-light\"><div class=\"tg-item-media-inner\"><img decoding=\"async\" class=\"tg-item-image\" alt=\"\" width=\"340\" height=\"415\" src=\"https:\/\/fonds-risq.qc.ca\/wp-content\/uploads\/2022\/03\/Photo-Projets-Vrix-1.png\"><\/div><div class=\"tg-center-holder\"><div class=\"tg-center-inner\"><div class=\"tg-item-overlay\"><\/div><a class=\"tg-link-button\" href=\"https:\/\/fonds-risq.qc.ca\/en\/entreprise\/les-projets-vrix\/\" target=\"_self\"><i class=\"tg-icon-link\"><\/i><\/a><\/div><\/div><div class=\"tg-item-decoration\"><div class=\"triangle-down-right\" style=\"border-color:#b7c634\"><\/div><\/div><div class=\"tg-item-share-holder\"><div class=\"triangle-up-left\" style=\"border-color:rgba(22,22,22,0.65)\"><\/div><i class=\"tg-icon-reply\" style=\"color:#ffffff\"><\/i><div class=\"tg-share-icons\"><a class=\"tg-social-share tg-facebook\" href=\"https:\/\/www.facebook.com\/sharer.php?u=https%3A%2F%2Ffonds-risq.qc.ca%2Fen%2Fentreprise%2Fles-projets-vrix%2F&#038;t=Les%20projets%20VRIX\"><i class=\"tg-icon-facebook\"><\/i><\/a><a class=\"tg-social-share tg-twitter\" href=\"https:\/\/twitter.com\/share?url=https%3A%2F%2Ffonds-risq.qc.ca%2Fen%2Fentreprise%2Fles-projets-vrix%2F&#038;text=Les%20projets%20VRIX\"><i class=\"tg-icon-twitter\"><\/i><\/a><a class=\"tg-social-share tg-google-plus\" href=\"https:\/\/plus.google.com\/share?url=https%3A%2F%2Ffonds-risq.qc.ca%2Fen%2Fentreprise%2Fles-projets-vrix%2F\"><i class=\"tg-icon-google-plus\"><\/i><\/a><a class=\"tg-social-share tg-pinterest\" href=\"https:\/\/pinterest.com\/pin\/create\/button\/?url=https%3A%2F%2Ffonds-risq.qc.ca%2Fen%2Fentreprise%2Fles-projets-vrix%2F&#038;description=Les%20projets%20VRIX&#038;media=https%3A%2F%2Ffonds-risq.qc.ca%2Fwp-content%2Fuploads%2F2022%2F03%2FPhoto-Projets-Vrix-1.png\"><i class=\"tg-icon-pinterest\"><\/i><\/a><\/div><\/div><\/div><div class=\"tg-item-content-holder tg-light image-format\" style=\"background-color:#b7c634\"><span class=\"tg-item-date\">21 March 2022<\/span><h2 class=\"tg-item-title\"><a href=\"https:\/\/fonds-risq.qc.ca\/en\/entreprise\/les-projets-vrix\/\" target=\"_self\">Les projets VRIX<\/a><\/h2><span class=\"tg-cats-holder\"><a class=\"filtres_des_entreprises\" href=\"https:\/\/fonds-risq.qc.ca\/en\/filtres_des_entreprises\/2021-en\/\" rel=\"category\" data-term-id=\"245\"><span class=\"tg-item-term\" >2021<\/span><\/a><span>, <\/span><a class=\"filtres_des_entreprises\" href=\"https:\/\/fonds-risq.qc.ca\/en\/filtres_des_entreprises\/arts-and-culture\/\" rel=\"category\" data-term-id=\"134\"><span class=\"tg-item-term\" >Arts and culture<\/span><\/a><span>, <\/span><a class=\"filtres_des_entreprises\" href=\"https:\/\/fonds-risq.qc.ca\/en\/filtres_des_entreprises\/montreal-en\/\" rel=\"category\" data-term-id=\"128\"><span class=\"tg-item-term\" >Montr\u00e9al<\/span><\/a><span>, <\/span><a class=\"filtres_des_entreprises\" href=\"https:\/\/fonds-risq.qc.ca\/en\/filtres_des_entreprises\/npo\/\" rel=\"category\" data-term-id=\"150\"><span class=\"tg-item-term\" >NPO<\/span><\/a><span>, <\/span><a class=\"filtres_des_entreprises\" href=\"https:\/\/fonds-risq.qc.ca\/en\/filtres_des_entreprises\/pret-pour-aide-technique-en\/\" rel=\"category\" data-term-id=\"146\"><span class=\"tg-item-term\" >Technical assistance loan<\/span><\/a><\/span><div class=\"tg-item-footer\"><a class=\"tg-item-comment\" href=\"https:\/\/fonds-risq.qc.ca\/en\/entreprise\/les-projets-vrix\/\"  target=\"_self\">No comment<\/a><span class=\"no-ajaxy to-post-like no-liked empty-heart\" data-post-id=\"14356\" title=\"Like\"><span class=\"to-heart-icon\"><svg xmlns=\"http:\/\/www.w3.org\/2000\/svg\" version=\"1.1\" viewBox=\"0 0 64 64\"><g transform=\"translate(0, 0)\"><path stroke-width=\"6\" stroke-linecap=\"square\" stroke-miterlimit=\"10\" d=\"M1,21c0,20,31,38,31,38s31-18,31-38 c0-8.285-6-16-15-16c-8.285,0-16,5.715-16,14c0-8.285-7.715-14-16-14C7,5,1,12.715,1,21z\"><\/path><\/g><\/svg><\/span><span class=\"to-like-count\">0<\/span><\/span><\/div><\/div><\/div><\/article><!-- The Grid item #176 --><article class=\"tg-item tg-post-14290 kampala f245 f151 f248 f128 f135\" data-row=\"1\" data-col=\"1\"><div class=\"tg-item-inner\"><div class=\"tg-item-media-holder tg-light\"><div class=\"tg-item-media-inner\"><img decoding=\"async\" class=\"tg-item-image\" alt=\"\" width=\"1208\" height=\"1194\" src=\"https:\/\/fonds-risq.qc.ca\/wp-content\/uploads\/2022\/02\/Alte.jpg\"><\/div><div class=\"tg-center-holder\"><div class=\"tg-center-inner\"><div class=\"tg-item-overlay\"><\/div><a class=\"tg-link-button\" href=\"https:\/\/fonds-risq.qc.ca\/en\/entreprise\/alte-coop-2\/\" target=\"_self\"><i class=\"tg-icon-link\"><\/i><\/a><\/div><\/div><div class=\"tg-item-decoration\"><div class=\"triangle-down-right\" style=\"border-color:#fdd304\"><\/div><\/div><div class=\"tg-item-share-holder\"><div class=\"triangle-up-left\" style=\"border-color:rgba(22,22,22,0.65)\"><\/div><i class=\"tg-icon-reply\" style=\"color:#ffffff\"><\/i><div class=\"tg-share-icons\"><a class=\"tg-social-share tg-facebook\" href=\"https:\/\/www.facebook.com\/sharer.php?u=https%3A%2F%2Ffonds-risq.qc.ca%2Fen%2Fentreprise%2Falte-coop-2%2F&#038;t=Alte%20Coop\"><i class=\"tg-icon-facebook\"><\/i><\/a><a class=\"tg-social-share tg-twitter\" href=\"https:\/\/twitter.com\/share?url=https%3A%2F%2Ffonds-risq.qc.ca%2Fen%2Fentreprise%2Falte-coop-2%2F&#038;text=Alte%20Coop\"><i class=\"tg-icon-twitter\"><\/i><\/a><a class=\"tg-social-share tg-google-plus\" href=\"https:\/\/plus.google.com\/share?url=https%3A%2F%2Ffonds-risq.qc.ca%2Fen%2Fentreprise%2Falte-coop-2%2F\"><i class=\"tg-icon-google-plus\"><\/i><\/a><a class=\"tg-social-share tg-pinterest\" href=\"https:\/\/pinterest.com\/pin\/create\/button\/?url=https%3A%2F%2Ffonds-risq.qc.ca%2Fen%2Fentreprise%2Falte-coop-2%2F&#038;description=Alte%20Coop&#038;media=https%3A%2F%2Ffonds-risq.qc.ca%2Fwp-content%2Fuploads%2F2022%2F02%2FAlte.jpg\"><i class=\"tg-icon-pinterest\"><\/i><\/a><\/div><\/div><\/div><div class=\"tg-item-content-holder tg-light image-format\" style=\"background-color:#fdd304\"><span class=\"tg-item-date\">18 February 2022<\/span><h2 class=\"tg-item-title\"><a href=\"https:\/\/fonds-risq.qc.ca\/en\/entreprise\/alte-coop-2\/\" target=\"_self\">Alte Coop<\/a><\/h2><span class=\"tg-cats-holder\"><a class=\"filtres_des_entreprises\" href=\"https:\/\/fonds-risq.qc.ca\/en\/filtres_des_entreprises\/2021-en\/\" rel=\"category\" data-term-id=\"245\"><span class=\"tg-item-term\" >2021<\/span><\/a><span>, <\/span><a class=\"filtres_des_entreprises\" href=\"https:\/\/fonds-risq.qc.ca\/en\/filtres_des_entreprises\/coop-en\/\" rel=\"category\" data-term-id=\"151\"><span class=\"tg-item-term\" >COOP<\/span><\/a><span>, <\/span><a class=\"filtres_des_entreprises\" href=\"https:\/\/fonds-risq.qc.ca\/en\/filtres_des_entreprises\/fonds-transition-en\/\" rel=\"category\" data-term-id=\"248\"><span class=\"tg-item-term\" >Fonds Transition<\/span><\/a><span>, <\/span><a class=\"filtres_des_entreprises\" href=\"https:\/\/fonds-risq.qc.ca\/en\/filtres_des_entreprises\/montreal-en\/\" rel=\"category\" data-term-id=\"128\"><span class=\"tg-item-term\" >Montr\u00e9al<\/span><\/a><span>, <\/span><a class=\"filtres_des_entreprises\" href=\"https:\/\/fonds-risq.qc.ca\/en\/filtres_des_entreprises\/services-en\/\" rel=\"category\" data-term-id=\"135\"><span class=\"tg-item-term\" >Services<\/span><\/a><\/span><div class=\"tg-item-footer\"><a class=\"tg-item-comment\" href=\"https:\/\/fonds-risq.qc.ca\/en\/entreprise\/alte-coop-2\/\"  target=\"_self\">No comment<\/a><span class=\"no-ajaxy to-post-like no-liked empty-heart\" data-post-id=\"14290\" title=\"Like\"><span class=\"to-heart-icon\"><svg xmlns=\"http:\/\/www.w3.org\/2000\/svg\" version=\"1.1\" viewBox=\"0 0 64 64\"><g transform=\"translate(0, 0)\"><path stroke-width=\"6\" stroke-linecap=\"square\" stroke-miterlimit=\"10\" d=\"M1,21c0,20,31,38,31,38s31-18,31-38 c0-8.285-6-16-15-16c-8.285,0-16,5.715-16,14c0-8.285-7.715-14-16-14C7,5,1,12.715,1,21z\"><\/path><\/g><\/svg><\/span><span class=\"to-like-count\">0<\/span><\/span><\/div><\/div><\/div><\/article><!-- The Grid item #177 --><article class=\"tg-item tg-post-14267 kampala f245 f151 f156 f137 f146\" data-row=\"1\" data-col=\"1\"><div class=\"tg-item-inner\"><div class=\"tg-item-media-holder tg-light\"><div class=\"tg-item-media-inner\"><img decoding=\"async\" class=\"tg-item-image\" alt=\"\" width=\"1080\" height=\"1080\" src=\"https:\/\/fonds-risq.qc.ca\/wp-content\/uploads\/2022\/02\/marche_outaouais.jpg\"><\/div><div class=\"tg-center-holder\"><div class=\"tg-center-inner\"><div class=\"tg-item-overlay\"><\/div><a class=\"tg-link-button\" href=\"https:\/\/fonds-risq.qc.ca\/en\/entreprise\/le-marche-de-loutaouais\/\" target=\"_self\"><i class=\"tg-icon-link\"><\/i><\/a><\/div><\/div><div class=\"tg-item-decoration\"><div class=\"triangle-down-right\" style=\"border-color:#b7c634\"><\/div><\/div><div class=\"tg-item-share-holder\"><div class=\"triangle-up-left\" style=\"border-color:rgba(22,22,22,0.65)\"><\/div><i class=\"tg-icon-reply\" style=\"color:#ffffff\"><\/i><div class=\"tg-share-icons\"><a class=\"tg-social-share tg-facebook\" href=\"https:\/\/www.facebook.com\/sharer.php?u=https%3A%2F%2Ffonds-risq.qc.ca%2Fen%2Fentreprise%2Fle-marche-de-loutaouais%2F&#038;t=Le%20March%C3%A9%20de%20l%E2%80%99Outaouais\"><i class=\"tg-icon-facebook\"><\/i><\/a><a class=\"tg-social-share tg-twitter\" href=\"https:\/\/twitter.com\/share?url=https%3A%2F%2Ffonds-risq.qc.ca%2Fen%2Fentreprise%2Fle-marche-de-loutaouais%2F&#038;text=Le%20March%C3%A9%20de%20l%E2%80%99Outaouais\"><i class=\"tg-icon-twitter\"><\/i><\/a><a class=\"tg-social-share tg-google-plus\" href=\"https:\/\/plus.google.com\/share?url=https%3A%2F%2Ffonds-risq.qc.ca%2Fen%2Fentreprise%2Fle-marche-de-loutaouais%2F\"><i class=\"tg-icon-google-plus\"><\/i><\/a><a class=\"tg-social-share tg-pinterest\" href=\"https:\/\/pinterest.com\/pin\/create\/button\/?url=https%3A%2F%2Ffonds-risq.qc.ca%2Fen%2Fentreprise%2Fle-marche-de-loutaouais%2F&#038;description=Le%20March%C3%A9%20de%20l%E2%80%99Outaouais&#038;media=https%3A%2F%2Ffonds-risq.qc.ca%2Fwp-content%2Fuploads%2F2022%2F02%2Fmarche_outaouais.jpg\"><i class=\"tg-icon-pinterest\"><\/i><\/a><\/div><\/div><\/div><div class=\"tg-item-content-holder tg-light image-format\" style=\"background-color:#b7c634\"><span class=\"tg-item-date\">16 February 2022<\/span><h2 class=\"tg-item-title\"><a href=\"https:\/\/fonds-risq.qc.ca\/en\/entreprise\/le-marche-de-loutaouais\/\" target=\"_self\">Le March\u00e9 de l&#8217;Outaouais<\/a><\/h2><span class=\"tg-cats-holder\"><a class=\"filtres_des_entreprises\" href=\"https:\/\/fonds-risq.qc.ca\/en\/filtres_des_entreprises\/2021-en\/\" rel=\"category\" data-term-id=\"245\"><span class=\"tg-item-term\" >2021<\/span><\/a><span>, <\/span><a class=\"filtres_des_entreprises\" href=\"https:\/\/fonds-risq.qc.ca\/en\/filtres_des_entreprises\/coop-en\/\" rel=\"category\" data-term-id=\"151\"><span class=\"tg-item-term\" >COOP<\/span><\/a><span>, <\/span><a class=\"filtres_des_entreprises\" href=\"https:\/\/fonds-risq.qc.ca\/en\/filtres_des_entreprises\/outaouais-en\/\" rel=\"category\" data-term-id=\"156\"><span class=\"tg-item-term\" >Outaouais<\/span><\/a><span>, <\/span><a class=\"filtres_des_entreprises\" href=\"https:\/\/fonds-risq.qc.ca\/en\/filtres_des_entreprises\/retail-business\/\" rel=\"category\" data-term-id=\"137\"><span class=\"tg-item-term\" >Retail business<\/span><\/a><span>, <\/span><a class=\"filtres_des_entreprises\" href=\"https:\/\/fonds-risq.qc.ca\/en\/filtres_des_entreprises\/pret-pour-aide-technique-en\/\" rel=\"category\" data-term-id=\"146\"><span class=\"tg-item-term\" >Technical assistance loan<\/span><\/a><\/span><div class=\"tg-item-footer\"><a class=\"tg-item-comment\" href=\"https:\/\/fonds-risq.qc.ca\/en\/entreprise\/le-marche-de-loutaouais\/\"  target=\"_self\">No comment<\/a><span class=\"no-ajaxy to-post-like no-liked empty-heart\" data-post-id=\"14267\" title=\"Like\"><span class=\"to-heart-icon\"><svg xmlns=\"http:\/\/www.w3.org\/2000\/svg\" version=\"1.1\" viewBox=\"0 0 64 64\"><g transform=\"translate(0, 0)\"><path stroke-width=\"6\" stroke-linecap=\"square\" stroke-miterlimit=\"10\" d=\"M1,21c0,20,31,38,31,38s31-18,31-38 c0-8.285-6-16-15-16c-8.285,0-16,5.715-16,14c0-8.285-7.715-14-16-14C7,5,1,12.715,1,21z\"><\/path><\/g><\/svg><\/span><span class=\"to-like-count\">0<\/span><\/span><\/div><\/div><\/div><\/article><!-- The Grid item #178 --><article class=\"tg-item tg-post-14246 kampala f245 f131 f151 f137 f146\" data-row=\"1\" data-col=\"1\"><div class=\"tg-item-inner\"><div class=\"tg-item-media-holder tg-light\"><div class=\"tg-item-media-inner\"><img decoding=\"async\" class=\"tg-item-image\" alt=\"\" width=\"512\" height=\"341\" src=\"https:\/\/fonds-risq.qc.ca\/wp-content\/uploads\/2022\/02\/RDL.jpeg\"><\/div><div class=\"tg-center-holder\"><div class=\"tg-center-inner\"><div class=\"tg-item-overlay\"><\/div><a class=\"tg-link-button\" href=\"https:\/\/fonds-risq.qc.ca\/en\/entreprise\/epicerie-a-riviere-du-loup\/\" target=\"_self\"><i class=\"tg-icon-link\"><\/i><\/a><\/div><\/div><div class=\"tg-item-decoration\"><div class=\"triangle-down-right\" style=\"border-color:#b7c634\"><\/div><\/div><div class=\"tg-item-share-holder\"><div class=\"triangle-up-left\" style=\"border-color:rgba(22,22,22,0.65)\"><\/div><i class=\"tg-icon-reply\" style=\"color:#ffffff\"><\/i><div class=\"tg-share-icons\"><a class=\"tg-social-share tg-facebook\" href=\"https:\/\/www.facebook.com\/sharer.php?u=https%3A%2F%2Ffonds-risq.qc.ca%2Fen%2Fentreprise%2Fepicerie-a-riviere-du-loup%2F&#038;t=%C3%89picerie%20%C3%A0%20Rivi%C3%A8re-du-Loup\"><i class=\"tg-icon-facebook\"><\/i><\/a><a class=\"tg-social-share tg-twitter\" href=\"https:\/\/twitter.com\/share?url=https%3A%2F%2Ffonds-risq.qc.ca%2Fen%2Fentreprise%2Fepicerie-a-riviere-du-loup%2F&#038;text=%C3%89picerie%20%C3%A0%20Rivi%C3%A8re-du-Loup\"><i class=\"tg-icon-twitter\"><\/i><\/a><a class=\"tg-social-share tg-google-plus\" href=\"https:\/\/plus.google.com\/share?url=https%3A%2F%2Ffonds-risq.qc.ca%2Fen%2Fentreprise%2Fepicerie-a-riviere-du-loup%2F\"><i class=\"tg-icon-google-plus\"><\/i><\/a><a class=\"tg-social-share tg-pinterest\" href=\"https:\/\/pinterest.com\/pin\/create\/button\/?url=https%3A%2F%2Ffonds-risq.qc.ca%2Fen%2Fentreprise%2Fepicerie-a-riviere-du-loup%2F&#038;description=%C3%89picerie%20%C3%A0%20Rivi%C3%A8re-du-Loup&#038;media=https%3A%2F%2Ffonds-risq.qc.ca%2Fwp-content%2Fuploads%2F2022%2F02%2FRDL.jpeg\"><i class=\"tg-icon-pinterest\"><\/i><\/a><\/div><\/div><\/div><div class=\"tg-item-content-holder tg-light image-format\" style=\"background-color:#b7c634\"><span class=\"tg-item-date\">16 February 2022<\/span><h2 class=\"tg-item-title\"><a href=\"https:\/\/fonds-risq.qc.ca\/en\/entreprise\/epicerie-a-riviere-du-loup\/\" target=\"_self\">\u00c9picerie \u00e0 Rivi\u00e8re-du-Loup<\/a><\/h2><span class=\"tg-cats-holder\"><a class=\"filtres_des_entreprises\" href=\"https:\/\/fonds-risq.qc.ca\/en\/filtres_des_entreprises\/2021-en\/\" rel=\"category\" data-term-id=\"245\"><span class=\"tg-item-term\" >2021<\/span><\/a><span>, <\/span><a class=\"filtres_des_entreprises\" href=\"https:\/\/fonds-risq.qc.ca\/en\/filtres_des_entreprises\/bas-saint-laurent-en\/\" rel=\"category\" data-term-id=\"131\"><span class=\"tg-item-term\" >Bas-Saint-Laurent<\/span><\/a><span>, <\/span><a class=\"filtres_des_entreprises\" href=\"https:\/\/fonds-risq.qc.ca\/en\/filtres_des_entreprises\/coop-en\/\" rel=\"category\" data-term-id=\"151\"><span class=\"tg-item-term\" >COOP<\/span><\/a><span>, <\/span><a class=\"filtres_des_entreprises\" href=\"https:\/\/fonds-risq.qc.ca\/en\/filtres_des_entreprises\/retail-business\/\" rel=\"category\" data-term-id=\"137\"><span class=\"tg-item-term\" >Retail business<\/span><\/a><span>, <\/span><a class=\"filtres_des_entreprises\" href=\"https:\/\/fonds-risq.qc.ca\/en\/filtres_des_entreprises\/pret-pour-aide-technique-en\/\" rel=\"category\" data-term-id=\"146\"><span class=\"tg-item-term\" >Technical assistance loan<\/span><\/a><\/span><div class=\"tg-item-footer\"><a class=\"tg-item-comment\" href=\"https:\/\/fonds-risq.qc.ca\/en\/entreprise\/epicerie-a-riviere-du-loup\/\"  target=\"_self\">No comment<\/a><span class=\"no-ajaxy to-post-like no-liked empty-heart\" data-post-id=\"14246\" title=\"Like\"><span class=\"to-heart-icon\"><svg xmlns=\"http:\/\/www.w3.org\/2000\/svg\" version=\"1.1\" viewBox=\"0 0 64 64\"><g transform=\"translate(0, 0)\"><path stroke-width=\"6\" stroke-linecap=\"square\" stroke-miterlimit=\"10\" d=\"M1,21c0,20,31,38,31,38s31-18,31-38 c0-8.285-6-16-15-16c-8.285,0-16,5.715-16,14c0-8.285-7.715-14-16-14C7,5,1,12.715,1,21z\"><\/path><\/g><\/svg><\/span><span class=\"to-like-count\">0<\/span><\/span><\/div><\/div><\/div><\/article><!-- The Grid item #179 --><article class=\"tg-item tg-post-14234 kampala f245 f197 f248 f129 f150 f142\" data-row=\"1\" data-col=\"1\"><div class=\"tg-item-inner\"><div class=\"tg-item-media-holder tg-light\"><div class=\"tg-item-media-inner\"><img decoding=\"async\" class=\"tg-item-image\" alt=\"\" width=\"2048\" height=\"1536\" src=\"https:\/\/fonds-risq.qc.ca\/wp-content\/uploads\/2022\/02\/Pavillon-l-Assuetude-exterieur-hiver.jpg\"><\/div><div class=\"tg-center-holder\"><div class=\"tg-center-inner\"><div class=\"tg-item-overlay\"><\/div><a class=\"tg-link-button\" href=\"https:\/\/fonds-risq.qc.ca\/en\/entreprise\/pavillon-de-lassuetude-2\/\" target=\"_self\"><i class=\"tg-icon-link\"><\/i><\/a><\/div><\/div><div class=\"tg-item-decoration\"><div class=\"triangle-down-right\" style=\"border-color:#fdd304\"><\/div><\/div><div class=\"tg-item-share-holder\"><div class=\"triangle-up-left\" style=\"border-color:rgba(22,22,22,0.65)\"><\/div><i class=\"tg-icon-reply\" style=\"color:#ffffff\"><\/i><div class=\"tg-share-icons\"><a class=\"tg-social-share tg-facebook\" href=\"https:\/\/www.facebook.com\/sharer.php?u=https%3A%2F%2Ffonds-risq.qc.ca%2Fen%2Fentreprise%2Fpavillon-de-lassuetude-2%2F&#038;t=Pavillon%20de%20l%E2%80%99Assu%C3%A9tude\"><i class=\"tg-icon-facebook\"><\/i><\/a><a class=\"tg-social-share tg-twitter\" href=\"https:\/\/twitter.com\/share?url=https%3A%2F%2Ffonds-risq.qc.ca%2Fen%2Fentreprise%2Fpavillon-de-lassuetude-2%2F&#038;text=Pavillon%20de%20l%E2%80%99Assu%C3%A9tude\"><i class=\"tg-icon-twitter\"><\/i><\/a><a class=\"tg-social-share tg-google-plus\" href=\"https:\/\/plus.google.com\/share?url=https%3A%2F%2Ffonds-risq.qc.ca%2Fen%2Fentreprise%2Fpavillon-de-lassuetude-2%2F\"><i class=\"tg-icon-google-plus\"><\/i><\/a><a class=\"tg-social-share tg-pinterest\" href=\"https:\/\/pinterest.com\/pin\/create\/button\/?url=https%3A%2F%2Ffonds-risq.qc.ca%2Fen%2Fentreprise%2Fpavillon-de-lassuetude-2%2F&#038;description=Pavillon%20de%20l%E2%80%99Assu%C3%A9tude&#038;media=https%3A%2F%2Ffonds-risq.qc.ca%2Fwp-content%2Fuploads%2F2022%2F02%2FPavillon-l-Assuetude-exterieur-hiver.jpg\"><i class=\"tg-icon-pinterest\"><\/i><\/a><\/div><\/div><\/div><div class=\"tg-item-content-holder tg-light image-format\" style=\"background-color:#fdd304\"><span class=\"tg-item-date\">15 February 2022<\/span><h2 class=\"tg-item-title\"><a href=\"https:\/\/fonds-risq.qc.ca\/en\/entreprise\/pavillon-de-lassuetude-2\/\" target=\"_self\">Pavillon de l\u2019Assu\u00e9tude<\/a><\/h2><span class=\"tg-cats-holder\"><a class=\"filtres_des_entreprises\" href=\"https:\/\/fonds-risq.qc.ca\/en\/filtres_des_entreprises\/2021-en\/\" rel=\"category\" data-term-id=\"245\"><span class=\"tg-item-term\" >2021<\/span><\/a><span>, <\/span><a class=\"filtres_des_entreprises\" href=\"https:\/\/fonds-risq.qc.ca\/en\/filtres_des_entreprises\/assistance-sociale-en\/\" rel=\"category\" data-term-id=\"197\"><span class=\"tg-item-term\" >Assistance sociale<\/span><\/a><span>, <\/span><a class=\"filtres_des_entreprises\" href=\"https:\/\/fonds-risq.qc.ca\/en\/filtres_des_entreprises\/fonds-transition-en\/\" rel=\"category\" data-term-id=\"248\"><span class=\"tg-item-term\" >Fonds Transition<\/span><\/a><span>, <\/span><a class=\"filtres_des_entreprises\" href=\"https:\/\/fonds-risq.qc.ca\/en\/filtres_des_entreprises\/mauricie-en\/\" rel=\"category\" data-term-id=\"129\"><span class=\"tg-item-term\" >Mauricie<\/span><\/a><span>, <\/span><a class=\"filtres_des_entreprises\" href=\"https:\/\/fonds-risq.qc.ca\/en\/filtres_des_entreprises\/npo\/\" rel=\"category\" data-term-id=\"150\"><span class=\"tg-item-term\" >NPO<\/span><\/a><span>, <\/span><a class=\"filtres_des_entreprises\" href=\"https:\/\/fonds-risq.qc.ca\/en\/filtres_des_entreprises\/services-to-people\/\" rel=\"category\" data-term-id=\"142\"><span class=\"tg-item-term\" >Services to people<\/span><\/a><\/span><div class=\"tg-item-footer\"><a class=\"tg-item-comment\" href=\"https:\/\/fonds-risq.qc.ca\/en\/entreprise\/pavillon-de-lassuetude-2\/\"  target=\"_self\">No comment<\/a><span class=\"no-ajaxy to-post-like no-liked empty-heart\" data-post-id=\"14234\" title=\"Like\"><span class=\"to-heart-icon\"><svg xmlns=\"http:\/\/www.w3.org\/2000\/svg\" version=\"1.1\" viewBox=\"0 0 64 64\"><g transform=\"translate(0, 0)\"><path stroke-width=\"6\" stroke-linecap=\"square\" stroke-miterlimit=\"10\" d=\"M1,21c0,20,31,38,31,38s31-18,31-38 c0-8.285-6-16-15-16c-8.285,0-16,5.715-16,14c0-8.285-7.715-14-16-14C7,5,1,12.715,1,21z\"><\/path><\/g><\/svg><\/span><span class=\"to-like-count\">0<\/span><\/span><\/div><\/div><\/div><\/article><!-- The Grid item #180 --><article class=\"tg-item tg-post-14235 kampala f219 f245 f195 f128 f150 f147\" data-row=\"1\" data-col=\"1\"><div class=\"tg-item-inner\"><div class=\"tg-item-media-holder tg-light\"><div class=\"tg-item-media-inner\"><img decoding=\"async\" class=\"tg-item-image\" alt=\"\" width=\"800\" height=\"585\" src=\"https:\/\/fonds-risq.qc.ca\/wp-content\/uploads\/2022\/02\/rbv5.png\"><\/div><div class=\"tg-center-holder\"><div class=\"tg-center-inner\"><div class=\"tg-item-overlay\"><\/div><a class=\"tg-link-button\" href=\"https:\/\/fonds-risq.qc.ca\/en\/entreprise\/reseau-bon-voisinage\/\" target=\"_self\"><i class=\"tg-icon-link\"><\/i><\/a><\/div><\/div><div class=\"tg-item-decoration\"><div class=\"triangle-down-right\" style=\"border-color:#ee4224\"><\/div><\/div><div class=\"tg-item-share-holder\"><div class=\"triangle-up-left\" style=\"border-color:rgba(22,22,22,0.65)\"><\/div><i class=\"tg-icon-reply\" style=\"color:#ffffff\"><\/i><div class=\"tg-share-icons\"><a class=\"tg-social-share tg-facebook\" href=\"https:\/\/www.facebook.com\/sharer.php?u=https%3A%2F%2Ffonds-risq.qc.ca%2Fen%2Fentreprise%2Freseau-bon-voisinage%2F&#038;t=R%C3%A9seau%20Bon%20Voisin%C3%A2ge\"><i class=\"tg-icon-facebook\"><\/i><\/a><a class=\"tg-social-share tg-twitter\" href=\"https:\/\/twitter.com\/share?url=https%3A%2F%2Ffonds-risq.qc.ca%2Fen%2Fentreprise%2Freseau-bon-voisinage%2F&#038;text=R%C3%A9seau%20Bon%20Voisin%C3%A2ge\"><i class=\"tg-icon-twitter\"><\/i><\/a><a class=\"tg-social-share tg-google-plus\" href=\"https:\/\/plus.google.com\/share?url=https%3A%2F%2Ffonds-risq.qc.ca%2Fen%2Fentreprise%2Freseau-bon-voisinage%2F\"><i class=\"tg-icon-google-plus\"><\/i><\/a><a class=\"tg-social-share tg-pinterest\" href=\"https:\/\/pinterest.com\/pin\/create\/button\/?url=https%3A%2F%2Ffonds-risq.qc.ca%2Fen%2Fentreprise%2Freseau-bon-voisinage%2F&#038;description=R%C3%A9seau%20Bon%20Voisin%C3%A2ge&#038;media=https%3A%2F%2Ffonds-risq.qc.ca%2Fwp-content%2Fuploads%2F2022%2F02%2Frbv5.png\"><i class=\"tg-icon-pinterest\"><\/i><\/a><\/div><\/div><\/div><div class=\"tg-item-content-holder tg-light image-format\" style=\"background-color:#ee4224\"><span class=\"tg-item-date\">14 February 2022<\/span><h2 class=\"tg-item-title\"><a href=\"https:\/\/fonds-risq.qc.ca\/en\/entreprise\/reseau-bon-voisinage\/\" target=\"_self\">R\u00e9seau Bon Voisin\u00e2ge<\/a><\/h2><span class=\"tg-cats-holder\"><a class=\"filtres_des_entreprises\" href=\"https:\/\/fonds-risq.qc.ca\/en\/filtres_des_entreprises\/2019-en\/\" rel=\"category\" data-term-id=\"219\"><span class=\"tg-item-term\" >2019<\/span><\/a><span>, <\/span><a class=\"filtres_des_entreprises\" href=\"https:\/\/fonds-risq.qc.ca\/en\/filtres_des_entreprises\/2021-en\/\" rel=\"category\" data-term-id=\"245\"><span class=\"tg-item-term\" >2021<\/span><\/a><span>, <\/span><a class=\"filtres_des_entreprises\" href=\"https:\/\/fonds-risq.qc.ca\/en\/filtres_des_entreprises\/immobilier-collectif-en\/\" rel=\"category\" data-term-id=\"195\"><span class=\"tg-item-term\" >Immobilier collectif<\/span><\/a><span>, <\/span><a class=\"filtres_des_entreprises\" href=\"https:\/\/fonds-risq.qc.ca\/en\/filtres_des_entreprises\/montreal-en\/\" rel=\"category\" data-term-id=\"128\"><span class=\"tg-item-term\" >Montr\u00e9al<\/span><\/a><span>, <\/span><a class=\"filtres_des_entreprises\" href=\"https:\/\/fonds-risq.qc.ca\/en\/filtres_des_entreprises\/npo\/\" rel=\"category\" data-term-id=\"150\"><span class=\"tg-item-term\" >NPO<\/span><\/a><span>, <\/span><a class=\"filtres_des_entreprises\" href=\"https:\/\/fonds-risq.qc.ca\/en\/filtres_des_entreprises\/pre-startup-loan\/\" rel=\"category\" data-term-id=\"147\"><span class=\"tg-item-term\" >Pre-startup loan<\/span><\/a><\/span><div class=\"tg-item-footer\"><a class=\"tg-item-comment\" href=\"https:\/\/fonds-risq.qc.ca\/en\/entreprise\/reseau-bon-voisinage\/\"  target=\"_self\">No comment<\/a><span class=\"no-ajaxy to-post-like no-liked empty-heart\" data-post-id=\"14235\" title=\"Like\"><span class=\"to-heart-icon\"><svg xmlns=\"http:\/\/www.w3.org\/2000\/svg\" version=\"1.1\" viewBox=\"0 0 64 64\"><g transform=\"translate(0, 0)\"><path stroke-width=\"6\" stroke-linecap=\"square\" stroke-miterlimit=\"10\" d=\"M1,21c0,20,31,38,31,38s31-18,31-38 c0-8.285-6-16-15-16c-8.285,0-16,5.715-16,14c0-8.285-7.715-14-16-14C7,5,1,12.715,1,21z\"><\/path><\/g><\/svg><\/span><span class=\"to-like-count\">0<\/span><\/span><\/div><\/div><\/div><\/article><!-- The Grid item #181 --><article class=\"tg-item tg-post-14205 kampala f245 f163 f151 f137 f146\" data-row=\"1\" data-col=\"1\"><div class=\"tg-item-inner\"><div class=\"tg-item-media-holder tg-light\"><div class=\"tg-item-media-inner\"><img decoding=\"async\" class=\"tg-item-image\" alt=\"\" width=\"1280\" height=\"960\" src=\"https:\/\/fonds-risq.qc.ca\/wp-content\/uploads\/2022\/02\/St-Mathieu-d\u2019Harricana-1.jpg\"><\/div><div class=\"tg-center-holder\"><div class=\"tg-center-inner\"><div class=\"tg-item-overlay\"><\/div><a class=\"tg-link-button\" href=\"https:\/\/fonds-risq.qc.ca\/en\/entreprise\/cafe-depanneur-a-st-mathieu-dharricana\/\" target=\"_self\"><i class=\"tg-icon-link\"><\/i><\/a><\/div><\/div><div class=\"tg-item-decoration\"><div class=\"triangle-down-right\" style=\"border-color:#b7c634\"><\/div><\/div><div class=\"tg-item-share-holder\"><div class=\"triangle-up-left\" style=\"border-color:rgba(22,22,22,0.65)\"><\/div><i class=\"tg-icon-reply\" style=\"color:#ffffff\"><\/i><div class=\"tg-share-icons\"><a class=\"tg-social-share tg-facebook\" href=\"https:\/\/www.facebook.com\/sharer.php?u=https%3A%2F%2Ffonds-risq.qc.ca%2Fen%2Fentreprise%2Fcafe-depanneur-a-st-mathieu-dharricana%2F&#038;t=Caf%C3%A9-d%C3%A9panneur%20%C3%A0%20St-Mathieu-d%E2%80%99Harricana\"><i class=\"tg-icon-facebook\"><\/i><\/a><a class=\"tg-social-share tg-twitter\" href=\"https:\/\/twitter.com\/share?url=https%3A%2F%2Ffonds-risq.qc.ca%2Fen%2Fentreprise%2Fcafe-depanneur-a-st-mathieu-dharricana%2F&#038;text=Caf%C3%A9-d%C3%A9panneur%20%C3%A0%20St-Mathieu-d%E2%80%99Harricana\"><i class=\"tg-icon-twitter\"><\/i><\/a><a class=\"tg-social-share tg-google-plus\" href=\"https:\/\/plus.google.com\/share?url=https%3A%2F%2Ffonds-risq.qc.ca%2Fen%2Fentreprise%2Fcafe-depanneur-a-st-mathieu-dharricana%2F\"><i class=\"tg-icon-google-plus\"><\/i><\/a><a class=\"tg-social-share tg-pinterest\" href=\"https:\/\/pinterest.com\/pin\/create\/button\/?url=https%3A%2F%2Ffonds-risq.qc.ca%2Fen%2Fentreprise%2Fcafe-depanneur-a-st-mathieu-dharricana%2F&#038;description=Caf%C3%A9-d%C3%A9panneur%20%C3%A0%20St-Mathieu-d%E2%80%99Harricana&#038;media=https%3A%2F%2Ffonds-risq.qc.ca%2Fwp-content%2Fuploads%2F2022%2F02%2FSt-Mathieu-d%E2%80%99Harricana-1.jpg\"><i class=\"tg-icon-pinterest\"><\/i><\/a><\/div><\/div><\/div><div class=\"tg-item-content-holder tg-light image-format\" style=\"background-color:#b7c634\"><span class=\"tg-item-date\">14 February 2022<\/span><h2 class=\"tg-item-title\"><a href=\"https:\/\/fonds-risq.qc.ca\/en\/entreprise\/cafe-depanneur-a-st-mathieu-dharricana\/\" target=\"_self\">Caf\u00e9-d\u00e9panneur \u00e0 St-Mathieu-d\u2019Harricana<\/a><\/h2><span class=\"tg-cats-holder\"><a class=\"filtres_des_entreprises\" href=\"https:\/\/fonds-risq.qc.ca\/en\/filtres_des_entreprises\/2021-en\/\" rel=\"category\" data-term-id=\"245\"><span class=\"tg-item-term\" >2021<\/span><\/a><span>, <\/span><a class=\"filtres_des_entreprises\" href=\"https:\/\/fonds-risq.qc.ca\/en\/filtres_des_entreprises\/abitibi-temiscamingue-en\/\" rel=\"category\" data-term-id=\"163\"><span class=\"tg-item-term\" >Abitibi-T\u00e9miscamingue<\/span><\/a><span>, <\/span><a class=\"filtres_des_entreprises\" href=\"https:\/\/fonds-risq.qc.ca\/en\/filtres_des_entreprises\/coop-en\/\" rel=\"category\" data-term-id=\"151\"><span class=\"tg-item-term\" >COOP<\/span><\/a><span>, <\/span><a class=\"filtres_des_entreprises\" href=\"https:\/\/fonds-risq.qc.ca\/en\/filtres_des_entreprises\/retail-business\/\" rel=\"category\" data-term-id=\"137\"><span class=\"tg-item-term\" >Retail business<\/span><\/a><span>, <\/span><a class=\"filtres_des_entreprises\" href=\"https:\/\/fonds-risq.qc.ca\/en\/filtres_des_entreprises\/pret-pour-aide-technique-en\/\" rel=\"category\" data-term-id=\"146\"><span class=\"tg-item-term\" >Technical assistance loan<\/span><\/a><\/span><div class=\"tg-item-footer\"><a class=\"tg-item-comment\" href=\"https:\/\/fonds-risq.qc.ca\/en\/entreprise\/cafe-depanneur-a-st-mathieu-dharricana\/\"  target=\"_self\">No comment<\/a><span class=\"no-ajaxy to-post-like no-liked empty-heart\" data-post-id=\"14205\" title=\"Like\"><span class=\"to-heart-icon\"><svg xmlns=\"http:\/\/www.w3.org\/2000\/svg\" version=\"1.1\" viewBox=\"0 0 64 64\"><g transform=\"translate(0, 0)\"><path stroke-width=\"6\" stroke-linecap=\"square\" stroke-miterlimit=\"10\" d=\"M1,21c0,20,31,38,31,38s31-18,31-38 c0-8.285-6-16-15-16c-8.285,0-16,5.715-16,14c0-8.285-7.715-14-16-14C7,5,1,12.715,1,21z\"><\/path><\/g><\/svg><\/span><span class=\"to-like-count\">0<\/span><\/span><\/div><\/div><\/div><\/article><!-- The Grid item #182 --><article class=\"tg-item tg-post-14193 kampala f245 f148 f151 f170 f127\" data-row=\"1\" data-col=\"1\"><div class=\"tg-item-inner\"><div class=\"tg-item-media-holder tg-light\"><div class=\"tg-item-media-inner\"><img decoding=\"async\" class=\"tg-item-image\" alt=\"\" width=\"1150\" height=\"831\" src=\"https:\/\/fonds-risq.qc.ca\/wp-content\/uploads\/2022\/02\/Ardoise.jpg\"><\/div><div class=\"tg-center-holder\"><div class=\"tg-center-inner\"><div class=\"tg-item-overlay\"><\/div><a class=\"tg-link-button\" href=\"https:\/\/fonds-risq.qc.ca\/en\/entreprise\/lardoise-cooperative-brassicole\/\" target=\"_self\"><i class=\"tg-icon-link\"><\/i><\/a><\/div><\/div><div class=\"tg-item-decoration\"><div class=\"triangle-down-right\" style=\"border-color:#0097c8\"><\/div><\/div><div class=\"tg-item-share-holder\"><div class=\"triangle-up-left\" style=\"border-color:rgba(22,22,22,0.65)\"><\/div><i class=\"tg-icon-reply\" style=\"color:#ffffff\"><\/i><div class=\"tg-share-icons\"><a class=\"tg-social-share tg-facebook\" href=\"https:\/\/www.facebook.com\/sharer.php?u=https%3A%2F%2Ffonds-risq.qc.ca%2Fen%2Fentreprise%2Flardoise-cooperative-brassicole%2F&#038;t=L%E2%80%99Ardoise%2C%20coop%C3%A9rative%20brassicole\"><i class=\"tg-icon-facebook\"><\/i><\/a><a class=\"tg-social-share tg-twitter\" href=\"https:\/\/twitter.com\/share?url=https%3A%2F%2Ffonds-risq.qc.ca%2Fen%2Fentreprise%2Flardoise-cooperative-brassicole%2F&#038;text=L%E2%80%99Ardoise%2C%20coop%C3%A9rative%20brassicole\"><i class=\"tg-icon-twitter\"><\/i><\/a><a class=\"tg-social-share tg-google-plus\" href=\"https:\/\/plus.google.com\/share?url=https%3A%2F%2Ffonds-risq.qc.ca%2Fen%2Fentreprise%2Flardoise-cooperative-brassicole%2F\"><i class=\"tg-icon-google-plus\"><\/i><\/a><a class=\"tg-social-share tg-pinterest\" href=\"https:\/\/pinterest.com\/pin\/create\/button\/?url=https%3A%2F%2Ffonds-risq.qc.ca%2Fen%2Fentreprise%2Flardoise-cooperative-brassicole%2F&#038;description=L%E2%80%99Ardoise%2C%20coop%C3%A9rative%20brassicole&#038;media=https%3A%2F%2Ffonds-risq.qc.ca%2Fwp-content%2Fuploads%2F2022%2F02%2FArdoise.jpg\"><i class=\"tg-icon-pinterest\"><\/i><\/a><\/div><\/div><\/div><div class=\"tg-item-content-holder tg-light image-format\" style=\"background-color:#0097c8\"><span class=\"tg-item-date\">14 February 2022<\/span><h2 class=\"tg-item-title\"><a href=\"https:\/\/fonds-risq.qc.ca\/en\/entreprise\/lardoise-cooperative-brassicole\/\" target=\"_self\">L\u2019Ardoise, coop\u00e9rative brassicole<\/a><\/h2><span class=\"tg-cats-holder\"><a class=\"filtres_des_entreprises\" href=\"https:\/\/fonds-risq.qc.ca\/en\/filtres_des_entreprises\/2021-en\/\" rel=\"category\" data-term-id=\"245\"><span class=\"tg-item-term\" >2021<\/span><\/a><span>, <\/span><a class=\"filtres_des_entreprises\" href=\"https:\/\/fonds-risq.qc.ca\/en\/filtres_des_entreprises\/capitalization-loan\/\" rel=\"category\" data-term-id=\"148\"><span class=\"tg-item-term\" >Capitalization loan<\/span><\/a><span>, <\/span><a class=\"filtres_des_entreprises\" href=\"https:\/\/fonds-risq.qc.ca\/en\/filtres_des_entreprises\/coop-en\/\" rel=\"category\" data-term-id=\"151\"><span class=\"tg-item-term\" >COOP<\/span><\/a><span>, <\/span><a class=\"filtres_des_entreprises\" href=\"https:\/\/fonds-risq.qc.ca\/en\/filtres_des_entreprises\/craft-brewery\/\" rel=\"category\" data-term-id=\"170\"><span class=\"tg-item-term\" >Craft brewery<\/span><\/a><span>, <\/span><a class=\"filtres_des_entreprises\" href=\"https:\/\/fonds-risq.qc.ca\/en\/filtres_des_entreprises\/estrie-en\/\" rel=\"category\" data-term-id=\"127\"><span class=\"tg-item-term\" >Estrie<\/span><\/a><\/span><div class=\"tg-item-footer\"><a class=\"tg-item-comment\" href=\"https:\/\/fonds-risq.qc.ca\/en\/entreprise\/lardoise-cooperative-brassicole\/\"  target=\"_self\">No comment<\/a><span class=\"no-ajaxy to-post-like no-liked empty-heart\" data-post-id=\"14193\" title=\"Like\"><span class=\"to-heart-icon\"><svg xmlns=\"http:\/\/www.w3.org\/2000\/svg\" version=\"1.1\" viewBox=\"0 0 64 64\"><g transform=\"translate(0, 0)\"><path stroke-width=\"6\" stroke-linecap=\"square\" stroke-miterlimit=\"10\" d=\"M1,21c0,20,31,38,31,38s31-18,31-38 c0-8.285-6-16-15-16c-8.285,0-16,5.715-16,14c0-8.285-7.715-14-16-14C7,5,1,12.715,1,21z\"><\/path><\/g><\/svg><\/span><span class=\"to-like-count\">0<\/span><\/span><\/div><\/div><\/div><\/article><!-- The Grid item #183 --><article class=\"tg-item tg-post-14184 kampala f245 f250 f263 f131 f148 f151 f144 f190 f146 f175\" data-row=\"1\" data-col=\"1\"><div class=\"tg-item-inner\"><div class=\"tg-item-media-holder tg-light\"><div class=\"tg-item-media-inner\"><img decoding=\"async\" class=\"tg-item-image\" alt=\"\" width=\"1868\" height=\"1245\" src=\"https:\/\/fonds-risq.qc.ca\/wp-content\/uploads\/2022\/02\/RikiBloc.jpg\"><\/div><div class=\"tg-center-holder\"><div class=\"tg-center-inner\"><div class=\"tg-item-overlay\"><\/div><a class=\"tg-link-button\" href=\"https:\/\/fonds-risq.qc.ca\/en\/entreprise\/riki-bloc-cooperative-descalade\/\" target=\"_self\"><i class=\"tg-icon-link\"><\/i><\/a><\/div><\/div><div class=\"tg-item-decoration\"><div class=\"triangle-down-right\" style=\"border-color:#b7c634\"><\/div><\/div><div class=\"tg-item-share-holder\"><div class=\"triangle-up-left\" style=\"border-color:rgba(22,22,22,0.65)\"><\/div><i class=\"tg-icon-reply\" style=\"color:#ffffff\"><\/i><div class=\"tg-share-icons\"><a class=\"tg-social-share tg-facebook\" href=\"https:\/\/www.facebook.com\/sharer.php?u=https%3A%2F%2Ffonds-risq.qc.ca%2Fen%2Fentreprise%2Friki-bloc-cooperative-descalade%2F&#038;t=Riki%20Bloc%2C%20coop%C3%A9rative%20d%E2%80%99escalade\"><i class=\"tg-icon-facebook\"><\/i><\/a><a class=\"tg-social-share tg-twitter\" href=\"https:\/\/twitter.com\/share?url=https%3A%2F%2Ffonds-risq.qc.ca%2Fen%2Fentreprise%2Friki-bloc-cooperative-descalade%2F&#038;text=Riki%20Bloc%2C%20coop%C3%A9rative%20d%E2%80%99escalade\"><i class=\"tg-icon-twitter\"><\/i><\/a><a class=\"tg-social-share tg-google-plus\" href=\"https:\/\/plus.google.com\/share?url=https%3A%2F%2Ffonds-risq.qc.ca%2Fen%2Fentreprise%2Friki-bloc-cooperative-descalade%2F\"><i class=\"tg-icon-google-plus\"><\/i><\/a><a class=\"tg-social-share tg-pinterest\" href=\"https:\/\/pinterest.com\/pin\/create\/button\/?url=https%3A%2F%2Ffonds-risq.qc.ca%2Fen%2Fentreprise%2Friki-bloc-cooperative-descalade%2F&#038;description=Riki%20Bloc%2C%20coop%C3%A9rative%20d%E2%80%99escalade&#038;media=https%3A%2F%2Ffonds-risq.qc.ca%2Fwp-content%2Fuploads%2F2022%2F02%2FRikiBloc.jpg\"><i class=\"tg-icon-pinterest\"><\/i><\/a><\/div><\/div><\/div><div class=\"tg-item-content-holder tg-light image-format\" style=\"background-color:#b7c634\"><span class=\"tg-item-date\">14 February 2022<\/span><h2 class=\"tg-item-title\"><a href=\"https:\/\/fonds-risq.qc.ca\/en\/entreprise\/riki-bloc-cooperative-descalade\/\" target=\"_self\">Riki Bloc, coop\u00e9rative d\u2019escalade<\/a><\/h2><span class=\"tg-cats-holder\"><a class=\"filtres_des_entreprises\" href=\"https:\/\/fonds-risq.qc.ca\/en\/filtres_des_entreprises\/2021-en\/\" rel=\"category\" data-term-id=\"245\"><span class=\"tg-item-term\" >2021<\/span><\/a><span>, <\/span><a class=\"filtres_des_entreprises\" href=\"https:\/\/fonds-risq.qc.ca\/en\/filtres_des_entreprises\/2022-en\/\" rel=\"category\" data-term-id=\"250\"><span class=\"tg-item-term\" >2022<\/span><\/a><span>, <\/span><a class=\"filtres_des_entreprises\" href=\"https:\/\/fonds-risq.qc.ca\/en\/filtres_des_entreprises\/2025-en\/\" rel=\"category\" data-term-id=\"263\"><span class=\"tg-item-term\" >2025<\/span><\/a><span>, <\/span><a class=\"filtres_des_entreprises\" href=\"https:\/\/fonds-risq.qc.ca\/en\/filtres_des_entreprises\/bas-saint-laurent-en\/\" rel=\"category\" data-term-id=\"131\"><span class=\"tg-item-term\" >Bas-Saint-Laurent<\/span><\/a><span>, <\/span><a class=\"filtres_des_entreprises\" href=\"https:\/\/fonds-risq.qc.ca\/en\/filtres_des_entreprises\/capitalization-loan\/\" rel=\"category\" data-term-id=\"148\"><span class=\"tg-item-term\" >Capitalization loan<\/span><\/a><span>, <\/span><a class=\"filtres_des_entreprises\" href=\"https:\/\/fonds-risq.qc.ca\/en\/filtres_des_entreprises\/coop-en\/\" rel=\"category\" data-term-id=\"151\"><span class=\"tg-item-term\" >COOP<\/span><\/a><span>, <\/span><a class=\"filtres_des_entreprises\" href=\"https:\/\/fonds-risq.qc.ca\/en\/filtres_des_entreprises\/leisure-tourism\/\" rel=\"category\" data-term-id=\"144\"><span class=\"tg-item-term\" >Leisure \/ Tourism<\/span><\/a><span>, <\/span><a class=\"filtres_des_entreprises\" href=\"https:\/\/fonds-risq.qc.ca\/en\/filtres_des_entreprises\/loisirs-divertissement-en\/\" rel=\"category\" data-term-id=\"190\"><span class=\"tg-item-term\" >Loisirs-Divertissement<\/span><\/a><span>, <\/span><a class=\"filtres_des_entreprises\" href=\"https:\/\/fonds-risq.qc.ca\/en\/filtres_des_entreprises\/pret-pour-aide-technique-en\/\" rel=\"category\" data-term-id=\"146\"><span class=\"tg-item-term\" >Technical assistance loan<\/span><\/a><span>, <\/span><a class=\"filtres_des_entreprises\" href=\"https:\/\/fonds-risq.qc.ca\/en\/filtres_des_entreprises\/tourism\/\" rel=\"category\" data-term-id=\"175\"><span class=\"tg-item-term\" >Tourism<\/span><\/a><\/span><div class=\"tg-item-footer\"><a class=\"tg-item-comment\" href=\"https:\/\/fonds-risq.qc.ca\/en\/entreprise\/riki-bloc-cooperative-descalade\/\"  target=\"_self\">No comment<\/a><span class=\"no-ajaxy to-post-like no-liked empty-heart\" data-post-id=\"14184\" title=\"Like\"><span class=\"to-heart-icon\"><svg xmlns=\"http:\/\/www.w3.org\/2000\/svg\" version=\"1.1\" viewBox=\"0 0 64 64\"><g transform=\"translate(0, 0)\"><path stroke-width=\"6\" stroke-linecap=\"square\" stroke-miterlimit=\"10\" d=\"M1,21c0,20,31,38,31,38s31-18,31-38 c0-8.285-6-16-15-16c-8.285,0-16,5.715-16,14c0-8.285-7.715-14-16-14C7,5,1,12.715,1,21z\"><\/path><\/g><\/svg><\/span><span class=\"to-like-count\">0<\/span><\/span><\/div><\/div><\/div><\/article><!-- The Grid item #184 --><article class=\"tg-item tg-post-14135 kampala f245 f151 f166 f144 f146\" data-row=\"1\" data-col=\"1\"><div class=\"tg-item-inner\"><div class=\"tg-item-media-holder tg-light\"><div class=\"tg-item-media-inner\"><img decoding=\"async\" class=\"tg-item-image\" alt=\"\" width=\"890\" height=\"509\" src=\"https:\/\/fonds-risq.qc.ca\/wp-content\/uploads\/2022\/02\/Gaspesie-medieval.jpg\"><\/div><div class=\"tg-center-holder\"><div class=\"tg-center-inner\"><div class=\"tg-item-overlay\"><\/div><a class=\"tg-link-button\" href=\"https:\/\/fonds-risq.qc.ca\/en\/entreprise\/gaspesie-medievale\/\" target=\"_self\"><i class=\"tg-icon-link\"><\/i><\/a><\/div><\/div><div class=\"tg-item-decoration\"><div class=\"triangle-down-right\" style=\"border-color:#b7c634\"><\/div><\/div><div class=\"tg-item-share-holder\"><div class=\"triangle-up-left\" style=\"border-color:rgba(22,22,22,0.65)\"><\/div><i class=\"tg-icon-reply\" style=\"color:#ffffff\"><\/i><div class=\"tg-share-icons\"><a class=\"tg-social-share tg-facebook\" href=\"https:\/\/www.facebook.com\/sharer.php?u=https%3A%2F%2Ffonds-risq.qc.ca%2Fen%2Fentreprise%2Fgaspesie-medievale%2F&#038;t=Gasp%C3%A9sie%20m%C3%A9di%C3%A9vale\"><i class=\"tg-icon-facebook\"><\/i><\/a><a class=\"tg-social-share tg-twitter\" href=\"https:\/\/twitter.com\/share?url=https%3A%2F%2Ffonds-risq.qc.ca%2Fen%2Fentreprise%2Fgaspesie-medievale%2F&#038;text=Gasp%C3%A9sie%20m%C3%A9di%C3%A9vale\"><i class=\"tg-icon-twitter\"><\/i><\/a><a class=\"tg-social-share tg-google-plus\" href=\"https:\/\/plus.google.com\/share?url=https%3A%2F%2Ffonds-risq.qc.ca%2Fen%2Fentreprise%2Fgaspesie-medievale%2F\"><i class=\"tg-icon-google-plus\"><\/i><\/a><a class=\"tg-social-share tg-pinterest\" href=\"https:\/\/pinterest.com\/pin\/create\/button\/?url=https%3A%2F%2Ffonds-risq.qc.ca%2Fen%2Fentreprise%2Fgaspesie-medievale%2F&#038;description=Gasp%C3%A9sie%20m%C3%A9di%C3%A9vale&#038;media=https%3A%2F%2Ffonds-risq.qc.ca%2Fwp-content%2Fuploads%2F2022%2F02%2FGaspesie-medieval.jpg\"><i class=\"tg-icon-pinterest\"><\/i><\/a><\/div><\/div><\/div><div class=\"tg-item-content-holder tg-light image-format\" style=\"background-color:#b7c634\"><span class=\"tg-item-date\">11 February 2022<\/span><h2 class=\"tg-item-title\"><a href=\"https:\/\/fonds-risq.qc.ca\/en\/entreprise\/gaspesie-medievale\/\" target=\"_self\">Gasp\u00e9sie m\u00e9di\u00e9vale<\/a><\/h2><span class=\"tg-cats-holder\"><a class=\"filtres_des_entreprises\" href=\"https:\/\/fonds-risq.qc.ca\/en\/filtres_des_entreprises\/2021-en\/\" rel=\"category\" data-term-id=\"245\"><span class=\"tg-item-term\" >2021<\/span><\/a><span>, <\/span><a class=\"filtres_des_entreprises\" href=\"https:\/\/fonds-risq.qc.ca\/en\/filtres_des_entreprises\/coop-en\/\" rel=\"category\" data-term-id=\"151\"><span class=\"tg-item-term\" >COOP<\/span><\/a><span>, <\/span><a class=\"filtres_des_entreprises\" href=\"https:\/\/fonds-risq.qc.ca\/en\/filtres_des_entreprises\/gaspesie-iles-de-la-madeleine-en\/\" rel=\"category\" data-term-id=\"166\"><span class=\"tg-item-term\" >Gasp\u00e9sie-\u00celes-de-la-Madeleine<\/span><\/a><span>, <\/span><a class=\"filtres_des_entreprises\" href=\"https:\/\/fonds-risq.qc.ca\/en\/filtres_des_entreprises\/leisure-tourism\/\" rel=\"category\" data-term-id=\"144\"><span class=\"tg-item-term\" >Leisure \/ Tourism<\/span><\/a><span>, <\/span><a class=\"filtres_des_entreprises\" href=\"https:\/\/fonds-risq.qc.ca\/en\/filtres_des_entreprises\/pret-pour-aide-technique-en\/\" rel=\"category\" data-term-id=\"146\"><span class=\"tg-item-term\" >Technical assistance loan<\/span><\/a><\/span><div class=\"tg-item-footer\"><a class=\"tg-item-comment\" href=\"https:\/\/fonds-risq.qc.ca\/en\/entreprise\/gaspesie-medievale\/\"  target=\"_self\">No comment<\/a><span class=\"no-ajaxy to-post-like no-liked empty-heart\" data-post-id=\"14135\" title=\"Like\"><span class=\"to-heart-icon\"><svg xmlns=\"http:\/\/www.w3.org\/2000\/svg\" version=\"1.1\" viewBox=\"0 0 64 64\"><g transform=\"translate(0, 0)\"><path stroke-width=\"6\" stroke-linecap=\"square\" stroke-miterlimit=\"10\" d=\"M1,21c0,20,31,38,31,38s31-18,31-38 c0-8.285-6-16-15-16c-8.285,0-16,5.715-16,14c0-8.285-7.715-14-16-14C7,5,1,12.715,1,21z\"><\/path><\/g><\/svg><\/span><span class=\"to-like-count\">0<\/span><\/span><\/div><\/div><\/div><\/article><!-- The Grid item #185 --><article class=\"tg-item tg-post-14125 kampala f245 f151 f128 f137 f146\" data-row=\"1\" data-col=\"1\"><div class=\"tg-item-inner\"><div class=\"tg-item-media-holder tg-light\"><div class=\"tg-item-media-inner\"><img decoding=\"async\" class=\"tg-item-image\" alt=\"\" width=\"1000\" height=\"667\" src=\"https:\/\/fonds-risq.qc.ca\/wp-content\/uploads\/2021\/11\/epicerie-2.jpg\"><\/div><div class=\"tg-center-holder\"><div class=\"tg-center-inner\"><div class=\"tg-item-overlay\"><\/div><a class=\"tg-link-button\" href=\"https:\/\/fonds-risq.qc.ca\/en\/entreprise\/cooperative-alimentaire-de-lest-de-montreal\/\" target=\"_self\"><i class=\"tg-icon-link\"><\/i><\/a><\/div><\/div><div class=\"tg-item-decoration\"><div class=\"triangle-down-right\" style=\"border-color:#b7c634\"><\/div><\/div><div class=\"tg-item-share-holder\"><div class=\"triangle-up-left\" style=\"border-color:rgba(22,22,22,0.65)\"><\/div><i class=\"tg-icon-reply\" style=\"color:#ffffff\"><\/i><div class=\"tg-share-icons\"><a class=\"tg-social-share tg-facebook\" href=\"https:\/\/www.facebook.com\/sharer.php?u=https%3A%2F%2Ffonds-risq.qc.ca%2Fen%2Fentreprise%2Fcooperative-alimentaire-de-lest-de-montreal%2F&#038;t=Coop%C3%A9rative%20alimentaire%20de%20l%E2%80%99Est%20de%20Montr%C3%A9al\"><i class=\"tg-icon-facebook\"><\/i><\/a><a class=\"tg-social-share tg-twitter\" href=\"https:\/\/twitter.com\/share?url=https%3A%2F%2Ffonds-risq.qc.ca%2Fen%2Fentreprise%2Fcooperative-alimentaire-de-lest-de-montreal%2F&#038;text=Coop%C3%A9rative%20alimentaire%20de%20l%E2%80%99Est%20de%20Montr%C3%A9al\"><i class=\"tg-icon-twitter\"><\/i><\/a><a class=\"tg-social-share tg-google-plus\" href=\"https:\/\/plus.google.com\/share?url=https%3A%2F%2Ffonds-risq.qc.ca%2Fen%2Fentreprise%2Fcooperative-alimentaire-de-lest-de-montreal%2F\"><i class=\"tg-icon-google-plus\"><\/i><\/a><a class=\"tg-social-share tg-pinterest\" href=\"https:\/\/pinterest.com\/pin\/create\/button\/?url=https%3A%2F%2Ffonds-risq.qc.ca%2Fen%2Fentreprise%2Fcooperative-alimentaire-de-lest-de-montreal%2F&#038;description=Coop%C3%A9rative%20alimentaire%20de%20l%E2%80%99Est%20de%20Montr%C3%A9al&#038;media=https%3A%2F%2Ffonds-risq.qc.ca%2Fwp-content%2Fuploads%2F2021%2F11%2Fepicerie-2.jpg\"><i class=\"tg-icon-pinterest\"><\/i><\/a><\/div><\/div><\/div><div class=\"tg-item-content-holder tg-light image-format\" style=\"background-color:#b7c634\"><span class=\"tg-item-date\">11 February 2022<\/span><h2 class=\"tg-item-title\"><a href=\"https:\/\/fonds-risq.qc.ca\/en\/entreprise\/cooperative-alimentaire-de-lest-de-montreal\/\" target=\"_self\">Coop\u00e9rative alimentaire de l\u2019Est de Montr\u00e9al<\/a><\/h2><span class=\"tg-cats-holder\"><a class=\"filtres_des_entreprises\" href=\"https:\/\/fonds-risq.qc.ca\/en\/filtres_des_entreprises\/2021-en\/\" rel=\"category\" data-term-id=\"245\"><span class=\"tg-item-term\" >2021<\/span><\/a><span>, <\/span><a class=\"filtres_des_entreprises\" href=\"https:\/\/fonds-risq.qc.ca\/en\/filtres_des_entreprises\/coop-en\/\" rel=\"category\" data-term-id=\"151\"><span class=\"tg-item-term\" >COOP<\/span><\/a><span>, <\/span><a class=\"filtres_des_entreprises\" href=\"https:\/\/fonds-risq.qc.ca\/en\/filtres_des_entreprises\/montreal-en\/\" rel=\"category\" data-term-id=\"128\"><span class=\"tg-item-term\" >Montr\u00e9al<\/span><\/a><span>, <\/span><a class=\"filtres_des_entreprises\" href=\"https:\/\/fonds-risq.qc.ca\/en\/filtres_des_entreprises\/retail-business\/\" rel=\"category\" data-term-id=\"137\"><span class=\"tg-item-term\" >Retail business<\/span><\/a><span>, <\/span><a class=\"filtres_des_entreprises\" href=\"https:\/\/fonds-risq.qc.ca\/en\/filtres_des_entreprises\/pret-pour-aide-technique-en\/\" rel=\"category\" data-term-id=\"146\"><span class=\"tg-item-term\" >Technical assistance loan<\/span><\/a><\/span><div class=\"tg-item-footer\"><a class=\"tg-item-comment\" href=\"https:\/\/fonds-risq.qc.ca\/en\/entreprise\/cooperative-alimentaire-de-lest-de-montreal\/\"  target=\"_self\">No comment<\/a><span class=\"no-ajaxy to-post-like no-liked empty-heart\" data-post-id=\"14125\" title=\"Like\"><span class=\"to-heart-icon\"><svg xmlns=\"http:\/\/www.w3.org\/2000\/svg\" version=\"1.1\" viewBox=\"0 0 64 64\"><g transform=\"translate(0, 0)\"><path stroke-width=\"6\" stroke-linecap=\"square\" stroke-miterlimit=\"10\" d=\"M1,21c0,20,31,38,31,38s31-18,31-38 c0-8.285-6-16-15-16c-8.285,0-16,5.715-16,14c0-8.285-7.715-14-16-14C7,5,1,12.715,1,21z\"><\/path><\/g><\/svg><\/span><span class=\"to-like-count\">0<\/span><\/span><\/div><\/div><\/div><\/article><!-- The Grid item #186 --><article class=\"tg-item tg-post-14106 kampala f245 f131 f151 f137 f146\" data-row=\"1\" data-col=\"1\"><div class=\"tg-item-inner\"><div class=\"tg-item-media-holder tg-light\"><div class=\"tg-item-media-inner\"><img decoding=\"async\" class=\"tg-item-image\" alt=\"\" width=\"1024\" height=\"768\" src=\"https:\/\/fonds-risq.qc.ca\/wp-content\/uploads\/2022\/02\/picerie-boucherie-st-honore-de-temiscouata-1024-11789779.jpg\"><\/div><div class=\"tg-center-holder\"><div class=\"tg-center-inner\"><div class=\"tg-item-overlay\"><\/div><a class=\"tg-link-button\" href=\"https:\/\/fonds-risq.qc.ca\/en\/entreprise\/marche-st-ho\/\" target=\"_self\"><i class=\"tg-icon-link\"><\/i><\/a><\/div><\/div><div class=\"tg-item-decoration\"><div class=\"triangle-down-right\" style=\"border-color:#b7c634\"><\/div><\/div><div class=\"tg-item-share-holder\"><div class=\"triangle-up-left\" style=\"border-color:rgba(22,22,22,0.65)\"><\/div><i class=\"tg-icon-reply\" style=\"color:#ffffff\"><\/i><div class=\"tg-share-icons\"><a class=\"tg-social-share tg-facebook\" href=\"https:\/\/www.facebook.com\/sharer.php?u=https%3A%2F%2Ffonds-risq.qc.ca%2Fen%2Fentreprise%2Fmarche-st-ho%2F&#038;t=March%C3%A9%20St-Ho\"><i class=\"tg-icon-facebook\"><\/i><\/a><a class=\"tg-social-share tg-twitter\" href=\"https:\/\/twitter.com\/share?url=https%3A%2F%2Ffonds-risq.qc.ca%2Fen%2Fentreprise%2Fmarche-st-ho%2F&#038;text=March%C3%A9%20St-Ho\"><i class=\"tg-icon-twitter\"><\/i><\/a><a class=\"tg-social-share tg-google-plus\" href=\"https:\/\/plus.google.com\/share?url=https%3A%2F%2Ffonds-risq.qc.ca%2Fen%2Fentreprise%2Fmarche-st-ho%2F\"><i class=\"tg-icon-google-plus\"><\/i><\/a><a class=\"tg-social-share tg-pinterest\" href=\"https:\/\/pinterest.com\/pin\/create\/button\/?url=https%3A%2F%2Ffonds-risq.qc.ca%2Fen%2Fentreprise%2Fmarche-st-ho%2F&#038;description=March%C3%A9%20St-Ho&#038;media=https%3A%2F%2Ffonds-risq.qc.ca%2Fwp-content%2Fuploads%2F2022%2F02%2Fpicerie-boucherie-st-honore-de-temiscouata-1024-11789779.jpg\"><i class=\"tg-icon-pinterest\"><\/i><\/a><\/div><\/div><\/div><div class=\"tg-item-content-holder tg-light image-format\" style=\"background-color:#b7c634\"><span class=\"tg-item-date\">11 February 2022<\/span><h2 class=\"tg-item-title\"><a href=\"https:\/\/fonds-risq.qc.ca\/en\/entreprise\/marche-st-ho\/\" target=\"_self\">March\u00e9 St-Ho<\/a><\/h2><span class=\"tg-cats-holder\"><a class=\"filtres_des_entreprises\" href=\"https:\/\/fonds-risq.qc.ca\/en\/filtres_des_entreprises\/2021-en\/\" rel=\"category\" data-term-id=\"245\"><span class=\"tg-item-term\" >2021<\/span><\/a><span>, <\/span><a class=\"filtres_des_entreprises\" href=\"https:\/\/fonds-risq.qc.ca\/en\/filtres_des_entreprises\/bas-saint-laurent-en\/\" rel=\"category\" data-term-id=\"131\"><span class=\"tg-item-term\" >Bas-Saint-Laurent<\/span><\/a><span>, <\/span><a class=\"filtres_des_entreprises\" href=\"https:\/\/fonds-risq.qc.ca\/en\/filtres_des_entreprises\/coop-en\/\" rel=\"category\" data-term-id=\"151\"><span class=\"tg-item-term\" >COOP<\/span><\/a><span>, <\/span><a class=\"filtres_des_entreprises\" href=\"https:\/\/fonds-risq.qc.ca\/en\/filtres_des_entreprises\/retail-business\/\" rel=\"category\" data-term-id=\"137\"><span class=\"tg-item-term\" >Retail business<\/span><\/a><span>, <\/span><a class=\"filtres_des_entreprises\" href=\"https:\/\/fonds-risq.qc.ca\/en\/filtres_des_entreprises\/pret-pour-aide-technique-en\/\" rel=\"category\" data-term-id=\"146\"><span class=\"tg-item-term\" >Technical assistance loan<\/span><\/a><\/span><div class=\"tg-item-footer\"><a class=\"tg-item-comment\" href=\"https:\/\/fonds-risq.qc.ca\/en\/entreprise\/marche-st-ho\/\"  target=\"_self\">No comment<\/a><span class=\"no-ajaxy to-post-like no-liked empty-heart\" data-post-id=\"14106\" title=\"Like\"><span class=\"to-heart-icon\"><svg xmlns=\"http:\/\/www.w3.org\/2000\/svg\" version=\"1.1\" viewBox=\"0 0 64 64\"><g transform=\"translate(0, 0)\"><path stroke-width=\"6\" stroke-linecap=\"square\" stroke-miterlimit=\"10\" d=\"M1,21c0,20,31,38,31,38s31-18,31-38 c0-8.285-6-16-15-16c-8.285,0-16,5.715-16,14c0-8.285-7.715-14-16-14C7,5,1,12.715,1,21z\"><\/path><\/g><\/svg><\/span><span class=\"to-like-count\">0<\/span><\/span><\/div><\/div><\/div><\/article><!-- The Grid item #187 --><article class=\"tg-item tg-post-14096 kampala f245 f151 f145 f133 f147\" data-row=\"1\" data-col=\"1\"><div class=\"tg-item-inner\"><div class=\"tg-item-media-holder tg-light\"><div class=\"tg-item-media-inner\"><img decoding=\"async\" class=\"tg-item-image\" alt=\"\" width=\"1024\" height=\"768\" src=\"https:\/\/fonds-risq.qc.ca\/wp-content\/uploads\/2022\/02\/IL-ACT-Abattoir-19aout-1024x768-1.jpg\"><\/div><div class=\"tg-center-holder\"><div class=\"tg-center-inner\"><div class=\"tg-item-overlay\"><\/div><a class=\"tg-link-button\" href=\"https:\/\/fonds-risq.qc.ca\/en\/entreprise\/coop-de-solidarite-des-eleveurs-des-hautes-laurentides\/\" target=\"_self\"><i class=\"tg-icon-link\"><\/i><\/a><\/div><\/div><div class=\"tg-item-decoration\"><div class=\"triangle-down-right\" style=\"border-color:#ee4224\"><\/div><\/div><div class=\"tg-item-share-holder\"><div class=\"triangle-up-left\" style=\"border-color:rgba(22,22,22,0.65)\"><\/div><i class=\"tg-icon-reply\" style=\"color:#ffffff\"><\/i><div class=\"tg-share-icons\"><a class=\"tg-social-share tg-facebook\" href=\"https:\/\/www.facebook.com\/sharer.php?u=https%3A%2F%2Ffonds-risq.qc.ca%2Fen%2Fentreprise%2Fcoop-de-solidarite-des-eleveurs-des-hautes-laurentides%2F&#038;t=Coop%20de%20Solidarit%C3%A9%20des%20%C3%A9leveurs%20des%20Hautes%20Laurentides\"><i class=\"tg-icon-facebook\"><\/i><\/a><a class=\"tg-social-share tg-twitter\" href=\"https:\/\/twitter.com\/share?url=https%3A%2F%2Ffonds-risq.qc.ca%2Fen%2Fentreprise%2Fcoop-de-solidarite-des-eleveurs-des-hautes-laurentides%2F&#038;text=Coop%20de%20Solidarit%C3%A9%20des%20%C3%A9leveurs%20des%20Hautes%20Laurentides\"><i class=\"tg-icon-twitter\"><\/i><\/a><a class=\"tg-social-share tg-google-plus\" href=\"https:\/\/plus.google.com\/share?url=https%3A%2F%2Ffonds-risq.qc.ca%2Fen%2Fentreprise%2Fcoop-de-solidarite-des-eleveurs-des-hautes-laurentides%2F\"><i class=\"tg-icon-google-plus\"><\/i><\/a><a class=\"tg-social-share tg-pinterest\" href=\"https:\/\/pinterest.com\/pin\/create\/button\/?url=https%3A%2F%2Ffonds-risq.qc.ca%2Fen%2Fentreprise%2Fcoop-de-solidarite-des-eleveurs-des-hautes-laurentides%2F&#038;description=Coop%20de%20Solidarit%C3%A9%20des%20%C3%A9leveurs%20des%20Hautes%20Laurentides&#038;media=https%3A%2F%2Ffonds-risq.qc.ca%2Fwp-content%2Fuploads%2F2022%2F02%2FIL-ACT-Abattoir-19aout-1024x768-1.jpg\"><i class=\"tg-icon-pinterest\"><\/i><\/a><\/div><\/div><\/div><div class=\"tg-item-content-holder tg-light image-format\" style=\"background-color:#ee4224\"><span class=\"tg-item-date\">11 February 2022<\/span><h2 class=\"tg-item-title\"><a href=\"https:\/\/fonds-risq.qc.ca\/en\/entreprise\/coop-de-solidarite-des-eleveurs-des-hautes-laurentides\/\" target=\"_self\">Coop de Solidarit\u00e9 des \u00e9leveurs des Hautes Laurentides<\/a><\/h2><span class=\"tg-cats-holder\"><a class=\"filtres_des_entreprises\" href=\"https:\/\/fonds-risq.qc.ca\/en\/filtres_des_entreprises\/2021-en\/\" rel=\"category\" data-term-id=\"245\"><span class=\"tg-item-term\" >2021<\/span><\/a><span>, <\/span><a class=\"filtres_des_entreprises\" href=\"https:\/\/fonds-risq.qc.ca\/en\/filtres_des_entreprises\/coop-en\/\" rel=\"category\" data-term-id=\"151\"><span class=\"tg-item-term\" >COOP<\/span><\/a><span>, <\/span><a class=\"filtres_des_entreprises\" href=\"https:\/\/fonds-risq.qc.ca\/en\/filtres_des_entreprises\/food\/\" rel=\"category\" data-term-id=\"145\"><span class=\"tg-item-term\" >Food<\/span><\/a><span>, <\/span><a class=\"filtres_des_entreprises\" href=\"https:\/\/fonds-risq.qc.ca\/en\/filtres_des_entreprises\/laurentides-en\/\" rel=\"category\" data-term-id=\"133\"><span class=\"tg-item-term\" >Laurentides<\/span><\/a><span>, <\/span><a class=\"filtres_des_entreprises\" href=\"https:\/\/fonds-risq.qc.ca\/en\/filtres_des_entreprises\/pre-startup-loan\/\" rel=\"category\" data-term-id=\"147\"><span class=\"tg-item-term\" >Pre-startup loan<\/span><\/a><\/span><div class=\"tg-item-footer\"><a class=\"tg-item-comment\" href=\"https:\/\/fonds-risq.qc.ca\/en\/entreprise\/coop-de-solidarite-des-eleveurs-des-hautes-laurentides\/\"  target=\"_self\">No comment<\/a><span class=\"no-ajaxy to-post-like no-liked empty-heart\" data-post-id=\"14096\" title=\"Like\"><span class=\"to-heart-icon\"><svg xmlns=\"http:\/\/www.w3.org\/2000\/svg\" version=\"1.1\" viewBox=\"0 0 64 64\"><g transform=\"translate(0, 0)\"><path stroke-width=\"6\" stroke-linecap=\"square\" stroke-miterlimit=\"10\" d=\"M1,21c0,20,31,38,31,38s31-18,31-38 c0-8.285-6-16-15-16c-8.285,0-16,5.715-16,14c0-8.285-7.715-14-16-14C7,5,1,12.715,1,21z\"><\/path><\/g><\/svg><\/span><span class=\"to-like-count\">0<\/span><\/span><\/div><\/div><\/div><\/article><!-- The Grid item #188 --><article class=\"tg-item tg-post-14088 kampala f245 f151 f133 f137 f146\" data-row=\"1\" data-col=\"1\"><div class=\"tg-item-inner\"><div class=\"tg-item-media-holder tg-light\"><div class=\"tg-item-media-inner\"><img decoding=\"async\" class=\"tg-item-image\" alt=\"\" width=\"940\" height=\"788\" src=\"https:\/\/fonds-risq.qc.ca\/wp-content\/uploads\/2022\/02\/Epicerie-St-Adolph.png\"><\/div><div class=\"tg-center-holder\"><div class=\"tg-center-inner\"><div class=\"tg-item-overlay\"><\/div><a class=\"tg-link-button\" href=\"https:\/\/fonds-risq.qc.ca\/en\/entreprise\/epicerie-st-adolphe-dhoward\/\" target=\"_self\"><i class=\"tg-icon-link\"><\/i><\/a><\/div><\/div><div class=\"tg-item-decoration\"><div class=\"triangle-down-right\" style=\"border-color:#b7c634\"><\/div><\/div><div class=\"tg-item-share-holder\"><div class=\"triangle-up-left\" style=\"border-color:rgba(22,22,22,0.65)\"><\/div><i class=\"tg-icon-reply\" style=\"color:#ffffff\"><\/i><div class=\"tg-share-icons\"><a class=\"tg-social-share tg-facebook\" href=\"https:\/\/www.facebook.com\/sharer.php?u=https%3A%2F%2Ffonds-risq.qc.ca%2Fen%2Fentreprise%2Fepicerie-st-adolphe-dhoward%2F&#038;t=%C3%89picerie%20St-Adolphe-d%E2%80%99Howard\"><i class=\"tg-icon-facebook\"><\/i><\/a><a class=\"tg-social-share tg-twitter\" href=\"https:\/\/twitter.com\/share?url=https%3A%2F%2Ffonds-risq.qc.ca%2Fen%2Fentreprise%2Fepicerie-st-adolphe-dhoward%2F&#038;text=%C3%89picerie%20St-Adolphe-d%E2%80%99Howard\"><i class=\"tg-icon-twitter\"><\/i><\/a><a class=\"tg-social-share tg-google-plus\" href=\"https:\/\/plus.google.com\/share?url=https%3A%2F%2Ffonds-risq.qc.ca%2Fen%2Fentreprise%2Fepicerie-st-adolphe-dhoward%2F\"><i class=\"tg-icon-google-plus\"><\/i><\/a><a class=\"tg-social-share tg-pinterest\" href=\"https:\/\/pinterest.com\/pin\/create\/button\/?url=https%3A%2F%2Ffonds-risq.qc.ca%2Fen%2Fentreprise%2Fepicerie-st-adolphe-dhoward%2F&#038;description=%C3%89picerie%20St-Adolphe-d%E2%80%99Howard&#038;media=https%3A%2F%2Ffonds-risq.qc.ca%2Fwp-content%2Fuploads%2F2022%2F02%2FEpicerie-St-Adolph.png\"><i class=\"tg-icon-pinterest\"><\/i><\/a><\/div><\/div><\/div><div class=\"tg-item-content-holder tg-light image-format\" style=\"background-color:#b7c634\"><span class=\"tg-item-date\">11 February 2022<\/span><h2 class=\"tg-item-title\"><a href=\"https:\/\/fonds-risq.qc.ca\/en\/entreprise\/epicerie-st-adolphe-dhoward\/\" target=\"_self\">\u00c9picerie St-Adolphe-d&#8217;Howard<\/a><\/h2><span class=\"tg-cats-holder\"><a class=\"filtres_des_entreprises\" href=\"https:\/\/fonds-risq.qc.ca\/en\/filtres_des_entreprises\/2021-en\/\" rel=\"category\" data-term-id=\"245\"><span class=\"tg-item-term\" >2021<\/span><\/a><span>, <\/span><a class=\"filtres_des_entreprises\" href=\"https:\/\/fonds-risq.qc.ca\/en\/filtres_des_entreprises\/coop-en\/\" rel=\"category\" data-term-id=\"151\"><span class=\"tg-item-term\" >COOP<\/span><\/a><span>, <\/span><a class=\"filtres_des_entreprises\" href=\"https:\/\/fonds-risq.qc.ca\/en\/filtres_des_entreprises\/laurentides-en\/\" rel=\"category\" data-term-id=\"133\"><span class=\"tg-item-term\" >Laurentides<\/span><\/a><span>, <\/span><a class=\"filtres_des_entreprises\" href=\"https:\/\/fonds-risq.qc.ca\/en\/filtres_des_entreprises\/retail-business\/\" rel=\"category\" data-term-id=\"137\"><span class=\"tg-item-term\" >Retail business<\/span><\/a><span>, <\/span><a class=\"filtres_des_entreprises\" href=\"https:\/\/fonds-risq.qc.ca\/en\/filtres_des_entreprises\/pret-pour-aide-technique-en\/\" rel=\"category\" data-term-id=\"146\"><span class=\"tg-item-term\" >Technical assistance loan<\/span><\/a><\/span><div class=\"tg-item-footer\"><a class=\"tg-item-comment\" href=\"https:\/\/fonds-risq.qc.ca\/en\/entreprise\/epicerie-st-adolphe-dhoward\/\"  target=\"_self\">No comment<\/a><span class=\"no-ajaxy to-post-like no-liked empty-heart\" data-post-id=\"14088\" title=\"Like\"><span class=\"to-heart-icon\"><svg xmlns=\"http:\/\/www.w3.org\/2000\/svg\" version=\"1.1\" viewBox=\"0 0 64 64\"><g transform=\"translate(0, 0)\"><path stroke-width=\"6\" stroke-linecap=\"square\" stroke-miterlimit=\"10\" d=\"M1,21c0,20,31,38,31,38s31-18,31-38 c0-8.285-6-16-15-16c-8.285,0-16,5.715-16,14c0-8.285-7.715-14-16-14C7,5,1,12.715,1,21z\"><\/path><\/g><\/svg><\/span><span class=\"to-like-count\">0<\/span><\/span><\/div><\/div><\/div><\/article><!-- The Grid item #189 --><article class=\"tg-item tg-post-14068 kampala f245 f131 f148 f151 f199\" data-row=\"1\" data-col=\"1\"><div class=\"tg-item-inner\"><div class=\"tg-item-media-holder tg-light\"><div class=\"tg-item-media-inner\"><img decoding=\"async\" class=\"tg-item-image\" alt=\"\" width=\"1075\" height=\"731\" src=\"https:\/\/fonds-risq.qc.ca\/wp-content\/uploads\/2022\/02\/couverte-ptshp-e1644247683817.png\"><\/div><div class=\"tg-center-holder\"><div class=\"tg-center-inner\"><div class=\"tg-item-overlay\"><\/div><a class=\"tg-link-button\" href=\"https:\/\/fonds-risq.qc.ca\/en\/entreprise\/la-couverte\/\" target=\"_self\"><i class=\"tg-icon-link\"><\/i><\/a><\/div><\/div><div class=\"tg-item-decoration\"><div class=\"triangle-down-right\" style=\"border-color:#0097c8\"><\/div><\/div><div class=\"tg-item-share-holder\"><div class=\"triangle-up-left\" style=\"border-color:rgba(22,22,22,0.65)\"><\/div><i class=\"tg-icon-reply\" style=\"color:#ffffff\"><\/i><div class=\"tg-share-icons\"><a class=\"tg-social-share tg-facebook\" href=\"https:\/\/www.facebook.com\/sharer.php?u=https%3A%2F%2Ffonds-risq.qc.ca%2Fen%2Fentreprise%2Fla-couverte%2F&#038;t=La%20Couverte\"><i class=\"tg-icon-facebook\"><\/i><\/a><a class=\"tg-social-share tg-twitter\" href=\"https:\/\/twitter.com\/share?url=https%3A%2F%2Ffonds-risq.qc.ca%2Fen%2Fentreprise%2Fla-couverte%2F&#038;text=La%20Couverte\"><i class=\"tg-icon-twitter\"><\/i><\/a><a class=\"tg-social-share tg-google-plus\" href=\"https:\/\/plus.google.com\/share?url=https%3A%2F%2Ffonds-risq.qc.ca%2Fen%2Fentreprise%2Fla-couverte%2F\"><i class=\"tg-icon-google-plus\"><\/i><\/a><a class=\"tg-social-share tg-pinterest\" href=\"https:\/\/pinterest.com\/pin\/create\/button\/?url=https%3A%2F%2Ffonds-risq.qc.ca%2Fen%2Fentreprise%2Fla-couverte%2F&#038;description=La%20Couverte&#038;media=https%3A%2F%2Ffonds-risq.qc.ca%2Fwp-content%2Fuploads%2F2022%2F02%2Fcouverte-ptshp-e1644247683817.png\"><i class=\"tg-icon-pinterest\"><\/i><\/a><\/div><\/div><\/div><div class=\"tg-item-content-holder tg-light image-format\" style=\"background-color:#0097c8\"><span class=\"tg-item-date\">1 February 2022<\/span><h2 class=\"tg-item-title\"><a href=\"https:\/\/fonds-risq.qc.ca\/en\/entreprise\/la-couverte\/\" target=\"_self\">La Couverte<\/a><\/h2><span class=\"tg-cats-holder\"><a class=\"filtres_des_entreprises\" href=\"https:\/\/fonds-risq.qc.ca\/en\/filtres_des_entreprises\/2021-en\/\" rel=\"category\" data-term-id=\"245\"><span class=\"tg-item-term\" >2021<\/span><\/a><span>, <\/span><a class=\"filtres_des_entreprises\" href=\"https:\/\/fonds-risq.qc.ca\/en\/filtres_des_entreprises\/bas-saint-laurent-en\/\" rel=\"category\" data-term-id=\"131\"><span class=\"tg-item-term\" >Bas-Saint-Laurent<\/span><\/a><span>, <\/span><a class=\"filtres_des_entreprises\" href=\"https:\/\/fonds-risq.qc.ca\/en\/filtres_des_entreprises\/capitalization-loan\/\" rel=\"category\" data-term-id=\"148\"><span class=\"tg-item-term\" >Capitalization loan<\/span><\/a><span>, <\/span><a class=\"filtres_des_entreprises\" href=\"https:\/\/fonds-risq.qc.ca\/en\/filtres_des_entreprises\/coop-en\/\" rel=\"category\" data-term-id=\"151\"><span class=\"tg-item-term\" >COOP<\/span><\/a><span>, <\/span><a class=\"filtres_des_entreprises\" href=\"https:\/\/fonds-risq.qc.ca\/en\/filtres_des_entreprises\/entrepreneur-specialise-en\/\" rel=\"category\" data-term-id=\"199\"><span class=\"tg-item-term\" >Entrepreneur sp\u00e9cialis\u00e9<\/span><\/a><\/span><div class=\"tg-item-footer\"><a class=\"tg-item-comment\" href=\"https:\/\/fonds-risq.qc.ca\/en\/entreprise\/la-couverte\/\"  target=\"_self\">No comment<\/a><span class=\"no-ajaxy to-post-like no-liked empty-heart\" data-post-id=\"14068\" title=\"Like\"><span class=\"to-heart-icon\"><svg xmlns=\"http:\/\/www.w3.org\/2000\/svg\" version=\"1.1\" viewBox=\"0 0 64 64\"><g transform=\"translate(0, 0)\"><path stroke-width=\"6\" stroke-linecap=\"square\" stroke-miterlimit=\"10\" d=\"M1,21c0,20,31,38,31,38s31-18,31-38 c0-8.285-6-16-15-16c-8.285,0-16,5.715-16,14c0-8.285-7.715-14-16-14C7,5,1,12.715,1,21z\"><\/path><\/g><\/svg><\/span><span class=\"to-like-count\">0<\/span><\/span><\/div><\/div><\/div><\/article><!-- The Grid item #190 --><article class=\"tg-item tg-post-13996 kampala f245 f134 f130 f150 f146\" data-row=\"1\" data-col=\"1\"><div class=\"tg-item-inner\"><div class=\"tg-item-media-holder tg-light\"><div class=\"tg-item-media-inner\"><img decoding=\"async\" class=\"tg-item-image\" alt=\"\" width=\"1440\" height=\"960\" src=\"https:\/\/fonds-risq.qc.ca\/wp-content\/uploads\/2022\/02\/Manifdart.jpg\"><\/div><div class=\"tg-center-holder\"><div class=\"tg-center-inner\"><div class=\"tg-item-overlay\"><\/div><a class=\"tg-link-button\" href=\"https:\/\/fonds-risq.qc.ca\/en\/entreprise\/manifdart\/\" target=\"_self\"><i class=\"tg-icon-link\"><\/i><\/a><\/div><\/div><div class=\"tg-item-decoration\"><div class=\"triangle-down-right\" style=\"border-color:#b7c634\"><\/div><\/div><div class=\"tg-item-share-holder\"><div class=\"triangle-up-left\" style=\"border-color:rgba(22,22,22,0.65)\"><\/div><i class=\"tg-icon-reply\" style=\"color:#ffffff\"><\/i><div class=\"tg-share-icons\"><a class=\"tg-social-share tg-facebook\" href=\"https:\/\/www.facebook.com\/sharer.php?u=https%3A%2F%2Ffonds-risq.qc.ca%2Fen%2Fentreprise%2Fmanifdart%2F&#038;t=Manif%20d%E2%80%99Art\"><i class=\"tg-icon-facebook\"><\/i><\/a><a class=\"tg-social-share tg-twitter\" href=\"https:\/\/twitter.com\/share?url=https%3A%2F%2Ffonds-risq.qc.ca%2Fen%2Fentreprise%2Fmanifdart%2F&#038;text=Manif%20d%E2%80%99Art\"><i class=\"tg-icon-twitter\"><\/i><\/a><a class=\"tg-social-share tg-google-plus\" href=\"https:\/\/plus.google.com\/share?url=https%3A%2F%2Ffonds-risq.qc.ca%2Fen%2Fentreprise%2Fmanifdart%2F\"><i class=\"tg-icon-google-plus\"><\/i><\/a><a class=\"tg-social-share tg-pinterest\" href=\"https:\/\/pinterest.com\/pin\/create\/button\/?url=https%3A%2F%2Ffonds-risq.qc.ca%2Fen%2Fentreprise%2Fmanifdart%2F&#038;description=Manif%20d%E2%80%99Art&#038;media=https%3A%2F%2Ffonds-risq.qc.ca%2Fwp-content%2Fuploads%2F2022%2F02%2FManifdart.jpg\"><i class=\"tg-icon-pinterest\"><\/i><\/a><\/div><\/div><\/div><div class=\"tg-item-content-holder tg-light image-format\" style=\"background-color:#b7c634\"><span class=\"tg-item-date\">1 February 2022<\/span><h2 class=\"tg-item-title\"><a href=\"https:\/\/fonds-risq.qc.ca\/en\/entreprise\/manifdart\/\" target=\"_self\">Manif d\u2019Art<\/a><\/h2><span class=\"tg-cats-holder\"><a class=\"filtres_des_entreprises\" href=\"https:\/\/fonds-risq.qc.ca\/en\/filtres_des_entreprises\/2021-en\/\" rel=\"category\" data-term-id=\"245\"><span class=\"tg-item-term\" >2021<\/span><\/a><span>, <\/span><a class=\"filtres_des_entreprises\" href=\"https:\/\/fonds-risq.qc.ca\/en\/filtres_des_entreprises\/arts-and-culture\/\" rel=\"category\" data-term-id=\"134\"><span class=\"tg-item-term\" >Arts and culture<\/span><\/a><span>, <\/span><a class=\"filtres_des_entreprises\" href=\"https:\/\/fonds-risq.qc.ca\/en\/filtres_des_entreprises\/capitale-nationale-en\/\" rel=\"category\" data-term-id=\"130\"><span class=\"tg-item-term\" >Capitale-Nationale<\/span><\/a><span>, <\/span><a class=\"filtres_des_entreprises\" href=\"https:\/\/fonds-risq.qc.ca\/en\/filtres_des_entreprises\/npo\/\" rel=\"category\" data-term-id=\"150\"><span class=\"tg-item-term\" >NPO<\/span><\/a><span>, <\/span><a class=\"filtres_des_entreprises\" href=\"https:\/\/fonds-risq.qc.ca\/en\/filtres_des_entreprises\/pret-pour-aide-technique-en\/\" rel=\"category\" data-term-id=\"146\"><span class=\"tg-item-term\" >Technical assistance loan<\/span><\/a><\/span><div class=\"tg-item-footer\"><a class=\"tg-item-comment\" href=\"https:\/\/fonds-risq.qc.ca\/en\/entreprise\/manifdart\/\"  target=\"_self\">No comment<\/a><span class=\"no-ajaxy to-post-like no-liked empty-heart\" data-post-id=\"13996\" title=\"Like\"><span class=\"to-heart-icon\"><svg xmlns=\"http:\/\/www.w3.org\/2000\/svg\" version=\"1.1\" viewBox=\"0 0 64 64\"><g transform=\"translate(0, 0)\"><path stroke-width=\"6\" stroke-linecap=\"square\" stroke-miterlimit=\"10\" d=\"M1,21c0,20,31,38,31,38s31-18,31-38 c0-8.285-6-16-15-16c-8.285,0-16,5.715-16,14c0-8.285-7.715-14-16-14C7,5,1,12.715,1,21z\"><\/path><\/g><\/svg><\/span><span class=\"to-like-count\">0<\/span><\/span><\/div><\/div><\/div><\/article><!-- The Grid item #191 --><article class=\"tg-item tg-post-13864 kampala f245 f130 f148 f151 f175\" data-row=\"1\" data-col=\"1\"><div class=\"tg-item-inner\"><div class=\"tg-item-media-holder tg-light\"><div class=\"tg-item-media-inner\"><img decoding=\"async\" class=\"tg-item-image\" alt=\"\" width=\"960\" height=\"720\" src=\"https:\/\/fonds-risq.qc.ca\/wp-content\/uploads\/2022\/01\/BivouaQ.2.jpg\"><\/div><div class=\"tg-center-holder\"><div class=\"tg-center-inner\"><div class=\"tg-item-overlay\"><\/div><a class=\"tg-link-button\" href=\"https:\/\/fonds-risq.qc.ca\/en\/entreprise\/bivouaq\/\" target=\"_self\"><i class=\"tg-icon-link\"><\/i><\/a><\/div><\/div><div class=\"tg-item-decoration\"><div class=\"triangle-down-right\" style=\"border-color:#0097c8\"><\/div><\/div><div class=\"tg-item-share-holder\"><div class=\"triangle-up-left\" style=\"border-color:rgba(22,22,22,0.65)\"><\/div><i class=\"tg-icon-reply\" style=\"color:#ffffff\"><\/i><div class=\"tg-share-icons\"><a class=\"tg-social-share tg-facebook\" href=\"https:\/\/www.facebook.com\/sharer.php?u=https%3A%2F%2Ffonds-risq.qc.ca%2Fen%2Fentreprise%2Fbivouaq%2F&#038;t=BivouaQ\"><i class=\"tg-icon-facebook\"><\/i><\/a><a class=\"tg-social-share tg-twitter\" href=\"https:\/\/twitter.com\/share?url=https%3A%2F%2Ffonds-risq.qc.ca%2Fen%2Fentreprise%2Fbivouaq%2F&#038;text=BivouaQ\"><i class=\"tg-icon-twitter\"><\/i><\/a><a class=\"tg-social-share tg-google-plus\" href=\"https:\/\/plus.google.com\/share?url=https%3A%2F%2Ffonds-risq.qc.ca%2Fen%2Fentreprise%2Fbivouaq%2F\"><i class=\"tg-icon-google-plus\"><\/i><\/a><a class=\"tg-social-share tg-pinterest\" href=\"https:\/\/pinterest.com\/pin\/create\/button\/?url=https%3A%2F%2Ffonds-risq.qc.ca%2Fen%2Fentreprise%2Fbivouaq%2F&#038;description=BivouaQ&#038;media=https%3A%2F%2Ffonds-risq.qc.ca%2Fwp-content%2Fuploads%2F2022%2F01%2FBivouaQ.2.jpg\"><i class=\"tg-icon-pinterest\"><\/i><\/a><\/div><\/div><\/div><div class=\"tg-item-content-holder tg-light image-format\" style=\"background-color:#0097c8\"><span class=\"tg-item-date\">5 January 2022<\/span><h2 class=\"tg-item-title\"><a href=\"https:\/\/fonds-risq.qc.ca\/en\/entreprise\/bivouaq\/\" target=\"_self\">BivouaQ<\/a><\/h2><span class=\"tg-cats-holder\"><a class=\"filtres_des_entreprises\" href=\"https:\/\/fonds-risq.qc.ca\/en\/filtres_des_entreprises\/2021-en\/\" rel=\"category\" data-term-id=\"245\"><span class=\"tg-item-term\" >2021<\/span><\/a><span>, <\/span><a class=\"filtres_des_entreprises\" href=\"https:\/\/fonds-risq.qc.ca\/en\/filtres_des_entreprises\/capitale-nationale-en\/\" rel=\"category\" data-term-id=\"130\"><span class=\"tg-item-term\" >Capitale-Nationale<\/span><\/a><span>, <\/span><a class=\"filtres_des_entreprises\" href=\"https:\/\/fonds-risq.qc.ca\/en\/filtres_des_entreprises\/capitalization-loan\/\" rel=\"category\" data-term-id=\"148\"><span class=\"tg-item-term\" >Capitalization loan<\/span><\/a><span>, <\/span><a class=\"filtres_des_entreprises\" href=\"https:\/\/fonds-risq.qc.ca\/en\/filtres_des_entreprises\/coop-en\/\" rel=\"category\" data-term-id=\"151\"><span class=\"tg-item-term\" >COOP<\/span><\/a><span>, <\/span><a class=\"filtres_des_entreprises\" href=\"https:\/\/fonds-risq.qc.ca\/en\/filtres_des_entreprises\/tourism\/\" rel=\"category\" data-term-id=\"175\"><span class=\"tg-item-term\" >Tourism<\/span><\/a><\/span><div class=\"tg-item-footer\"><a class=\"tg-item-comment\" href=\"https:\/\/fonds-risq.qc.ca\/en\/entreprise\/bivouaq\/\"  target=\"_self\">No comment<\/a><span class=\"no-ajaxy to-post-like no-liked empty-heart\" data-post-id=\"13864\" title=\"Like\"><span class=\"to-heart-icon\"><svg xmlns=\"http:\/\/www.w3.org\/2000\/svg\" version=\"1.1\" viewBox=\"0 0 64 64\"><g transform=\"translate(0, 0)\"><path stroke-width=\"6\" stroke-linecap=\"square\" stroke-miterlimit=\"10\" d=\"M1,21c0,20,31,38,31,38s31-18,31-38 c0-8.285-6-16-15-16c-8.285,0-16,5.715-16,14c0-8.285-7.715-14-16-14C7,5,1,12.715,1,21z\"><\/path><\/g><\/svg><\/span><span class=\"to-like-count\">0<\/span><\/span><\/div><\/div><\/div><\/article><!-- The Grid item #192 --><article class=\"tg-item tg-post-13853 kampala f245 f151 f128 f208 f135 f146\" data-row=\"1\" data-col=\"1\"><div class=\"tg-item-inner\"><div class=\"tg-item-media-holder tg-light\"><div class=\"tg-item-media-inner\"><img decoding=\"async\" class=\"tg-item-image\" alt=\"\" width=\"600\" height=\"420\" src=\"https:\/\/fonds-risq.qc.ca\/wp-content\/uploads\/2022\/01\/Plateforme-nume\u0301rique-co-Hop.jpg\"><\/div><div class=\"tg-center-holder\"><div class=\"tg-center-inner\"><div class=\"tg-item-overlay\"><\/div><a class=\"tg-link-button\" href=\"https:\/\/fonds-risq.qc.ca\/en\/entreprise\/cooperative-co-hop\/\" target=\"_self\"><i class=\"tg-icon-link\"><\/i><\/a><\/div><\/div><div class=\"tg-item-decoration\"><div class=\"triangle-down-right\" style=\"border-color:#b7c634\"><\/div><\/div><div class=\"tg-item-share-holder\"><div class=\"triangle-up-left\" style=\"border-color:rgba(22,22,22,0.65)\"><\/div><i class=\"tg-icon-reply\" style=\"color:#ffffff\"><\/i><div class=\"tg-share-icons\"><a class=\"tg-social-share tg-facebook\" href=\"https:\/\/www.facebook.com\/sharer.php?u=https%3A%2F%2Ffonds-risq.qc.ca%2Fen%2Fentreprise%2Fcooperative-co-hop%2F&#038;t=Coop%C3%A9rative%20Co-Hop\"><i class=\"tg-icon-facebook\"><\/i><\/a><a class=\"tg-social-share tg-twitter\" href=\"https:\/\/twitter.com\/share?url=https%3A%2F%2Ffonds-risq.qc.ca%2Fen%2Fentreprise%2Fcooperative-co-hop%2F&#038;text=Coop%C3%A9rative%20Co-Hop\"><i class=\"tg-icon-twitter\"><\/i><\/a><a class=\"tg-social-share tg-google-plus\" href=\"https:\/\/plus.google.com\/share?url=https%3A%2F%2Ffonds-risq.qc.ca%2Fen%2Fentreprise%2Fcooperative-co-hop%2F\"><i class=\"tg-icon-google-plus\"><\/i><\/a><a class=\"tg-social-share tg-pinterest\" href=\"https:\/\/pinterest.com\/pin\/create\/button\/?url=https%3A%2F%2Ffonds-risq.qc.ca%2Fen%2Fentreprise%2Fcooperative-co-hop%2F&#038;description=Coop%C3%A9rative%20Co-Hop&#038;media=https%3A%2F%2Ffonds-risq.qc.ca%2Fwp-content%2Fuploads%2F2022%2F01%2FPlateforme-nume%CC%81rique-co-Hop.jpg\"><i class=\"tg-icon-pinterest\"><\/i><\/a><\/div><\/div><\/div><div class=\"tg-item-content-holder tg-light image-format\" style=\"background-color:#b7c634\"><span class=\"tg-item-date\">5 January 2022<\/span><h2 class=\"tg-item-title\"><a href=\"https:\/\/fonds-risq.qc.ca\/en\/entreprise\/cooperative-co-hop\/\" target=\"_self\">Coop\u00e9rative Co-Hop<\/a><\/h2><span class=\"tg-cats-holder\"><a class=\"filtres_des_entreprises\" href=\"https:\/\/fonds-risq.qc.ca\/en\/filtres_des_entreprises\/2021-en\/\" rel=\"category\" data-term-id=\"245\"><span class=\"tg-item-term\" >2021<\/span><\/a><span>, <\/span><a class=\"filtres_des_entreprises\" href=\"https:\/\/fonds-risq.qc.ca\/en\/filtres_des_entreprises\/coop-en\/\" rel=\"category\" data-term-id=\"151\"><span class=\"tg-item-term\" >COOP<\/span><\/a><span>, <\/span><a class=\"filtres_des_entreprises\" href=\"https:\/\/fonds-risq.qc.ca\/en\/filtres_des_entreprises\/montreal-en\/\" rel=\"category\" data-term-id=\"128\"><span class=\"tg-item-term\" >Montr\u00e9al<\/span><\/a><span>, <\/span><a class=\"filtres_des_entreprises\" href=\"https:\/\/fonds-risq.qc.ca\/en\/filtres_des_entreprises\/numeriques-en\/\" rel=\"category\" data-term-id=\"208\"><span class=\"tg-item-term\" >Num\u00e9riques<\/span><\/a><span>, <\/span><a class=\"filtres_des_entreprises\" href=\"https:\/\/fonds-risq.qc.ca\/en\/filtres_des_entreprises\/services-en\/\" rel=\"category\" data-term-id=\"135\"><span class=\"tg-item-term\" >Services<\/span><\/a><span>, <\/span><a class=\"filtres_des_entreprises\" href=\"https:\/\/fonds-risq.qc.ca\/en\/filtres_des_entreprises\/pret-pour-aide-technique-en\/\" rel=\"category\" data-term-id=\"146\"><span class=\"tg-item-term\" >Technical assistance loan<\/span><\/a><\/span><div class=\"tg-item-footer\"><a class=\"tg-item-comment\" href=\"https:\/\/fonds-risq.qc.ca\/en\/entreprise\/cooperative-co-hop\/\"  target=\"_self\">No comment<\/a><span class=\"no-ajaxy to-post-like no-liked empty-heart\" data-post-id=\"13853\" title=\"Like\"><span class=\"to-heart-icon\"><svg xmlns=\"http:\/\/www.w3.org\/2000\/svg\" version=\"1.1\" viewBox=\"0 0 64 64\"><g transform=\"translate(0, 0)\"><path stroke-width=\"6\" stroke-linecap=\"square\" stroke-miterlimit=\"10\" d=\"M1,21c0,20,31,38,31,38s31-18,31-38 c0-8.285-6-16-15-16c-8.285,0-16,5.715-16,14c0-8.285-7.715-14-16-14C7,5,1,12.715,1,21z\"><\/path><\/g><\/svg><\/span><span class=\"to-like-count\">0<\/span><\/span><\/div><\/div><\/div><\/article><!-- The Grid item #193 --><article class=\"tg-item tg-post-13812 kampala f245 f131 f248 f190 f150\" data-row=\"1\" data-col=\"1\"><div class=\"tg-item-inner\"><div class=\"tg-item-media-holder tg-light\"><div class=\"tg-item-media-inner\"><img decoding=\"async\" class=\"tg-item-image\" alt=\"\" width=\"2048\" height=\"1536\" src=\"https:\/\/fonds-risq.qc.ca\/wp-content\/uploads\/2021\/11\/Quilles.2.jpg\"><\/div><div class=\"tg-center-holder\"><div class=\"tg-center-inner\"><div class=\"tg-item-overlay\"><\/div><a class=\"tg-link-button\" href=\"https:\/\/fonds-risq.qc.ca\/en\/entreprise\/quilles-vallee-damqui-2\/\" target=\"_self\"><i class=\"tg-icon-link\"><\/i><\/a><\/div><\/div><div class=\"tg-item-decoration\"><div class=\"triangle-down-right\" style=\"border-color:#fdd304\"><\/div><\/div><div class=\"tg-item-share-holder\"><div class=\"triangle-up-left\" style=\"border-color:rgba(22,22,22,0.65)\"><\/div><i class=\"tg-icon-reply\" style=\"color:#ffffff\"><\/i><div class=\"tg-share-icons\"><a class=\"tg-social-share tg-facebook\" href=\"https:\/\/www.facebook.com\/sharer.php?u=https%3A%2F%2Ffonds-risq.qc.ca%2Fen%2Fentreprise%2Fquilles-vallee-damqui-2%2F&#038;t=Quilles%20Vall%C3%A9e%20d%E2%80%99Amqui\"><i class=\"tg-icon-facebook\"><\/i><\/a><a class=\"tg-social-share tg-twitter\" href=\"https:\/\/twitter.com\/share?url=https%3A%2F%2Ffonds-risq.qc.ca%2Fen%2Fentreprise%2Fquilles-vallee-damqui-2%2F&#038;text=Quilles%20Vall%C3%A9e%20d%E2%80%99Amqui\"><i class=\"tg-icon-twitter\"><\/i><\/a><a class=\"tg-social-share tg-google-plus\" href=\"https:\/\/plus.google.com\/share?url=https%3A%2F%2Ffonds-risq.qc.ca%2Fen%2Fentreprise%2Fquilles-vallee-damqui-2%2F\"><i class=\"tg-icon-google-plus\"><\/i><\/a><a class=\"tg-social-share tg-pinterest\" href=\"https:\/\/pinterest.com\/pin\/create\/button\/?url=https%3A%2F%2Ffonds-risq.qc.ca%2Fen%2Fentreprise%2Fquilles-vallee-damqui-2%2F&#038;description=Quilles%20Vall%C3%A9e%20d%E2%80%99Amqui&#038;media=https%3A%2F%2Ffonds-risq.qc.ca%2Fwp-content%2Fuploads%2F2021%2F11%2FQuilles.2.jpg\"><i class=\"tg-icon-pinterest\"><\/i><\/a><\/div><\/div><\/div><div class=\"tg-item-content-holder tg-light image-format\" style=\"background-color:#fdd304\"><span class=\"tg-item-date\">30 November 2021<\/span><h2 class=\"tg-item-title\"><a href=\"https:\/\/fonds-risq.qc.ca\/en\/entreprise\/quilles-vallee-damqui-2\/\" target=\"_self\">Quilles Vall\u00e9e d&#8217;Amqui<\/a><\/h2><span class=\"tg-cats-holder\"><a class=\"filtres_des_entreprises\" href=\"https:\/\/fonds-risq.qc.ca\/en\/filtres_des_entreprises\/2021-en\/\" rel=\"category\" data-term-id=\"245\"><span class=\"tg-item-term\" >2021<\/span><\/a><span>, <\/span><a class=\"filtres_des_entreprises\" href=\"https:\/\/fonds-risq.qc.ca\/en\/filtres_des_entreprises\/bas-saint-laurent-en\/\" rel=\"category\" data-term-id=\"131\"><span class=\"tg-item-term\" >Bas-Saint-Laurent<\/span><\/a><span>, <\/span><a class=\"filtres_des_entreprises\" href=\"https:\/\/fonds-risq.qc.ca\/en\/filtres_des_entreprises\/fonds-transition-en\/\" rel=\"category\" data-term-id=\"248\"><span class=\"tg-item-term\" >Fonds Transition<\/span><\/a><span>, <\/span><a class=\"filtres_des_entreprises\" href=\"https:\/\/fonds-risq.qc.ca\/en\/filtres_des_entreprises\/loisirs-divertissement-en\/\" rel=\"category\" data-term-id=\"190\"><span class=\"tg-item-term\" >Loisirs-Divertissement<\/span><\/a><span>, <\/span><a class=\"filtres_des_entreprises\" href=\"https:\/\/fonds-risq.qc.ca\/en\/filtres_des_entreprises\/npo\/\" rel=\"category\" data-term-id=\"150\"><span class=\"tg-item-term\" >NPO<\/span><\/a><\/span><div class=\"tg-item-footer\"><a class=\"tg-item-comment\" href=\"https:\/\/fonds-risq.qc.ca\/en\/entreprise\/quilles-vallee-damqui-2\/\"  target=\"_self\">No comment<\/a><span class=\"no-ajaxy to-post-like no-liked empty-heart\" data-post-id=\"13812\" title=\"Like\"><span class=\"to-heart-icon\"><svg xmlns=\"http:\/\/www.w3.org\/2000\/svg\" version=\"1.1\" viewBox=\"0 0 64 64\"><g transform=\"translate(0, 0)\"><path stroke-width=\"6\" stroke-linecap=\"square\" stroke-miterlimit=\"10\" d=\"M1,21c0,20,31,38,31,38s31-18,31-38 c0-8.285-6-16-15-16c-8.285,0-16,5.715-16,14c0-8.285-7.715-14-16-14C7,5,1,12.715,1,21z\"><\/path><\/g><\/svg><\/span><span class=\"to-like-count\">0<\/span><\/span><\/div><\/div><\/div><\/article><!-- The Grid item #194 --><article class=\"tg-item tg-post-13802 kampala f245 f130 f136 f150 f147\" data-row=\"1\" data-col=\"1\"><div class=\"tg-item-inner\"><div class=\"tg-item-media-holder tg-light\"><div class=\"tg-item-media-inner\"><img decoding=\"async\" class=\"tg-item-image\" alt=\"\" width=\"1250\" height=\"1250\" src=\"https:\/\/fonds-risq.qc.ca\/wp-content\/uploads\/2021\/11\/ReForme.png\"><\/div><div class=\"tg-center-holder\"><div class=\"tg-center-inner\"><div class=\"tg-item-overlay\"><\/div><a class=\"tg-link-button\" href=\"https:\/\/fonds-risq.qc.ca\/en\/entreprise\/re-forme\/\" target=\"_self\"><i class=\"tg-icon-link\"><\/i><\/a><\/div><\/div><div class=\"tg-item-decoration\"><div class=\"triangle-down-right\" style=\"border-color:#ee4224\"><\/div><\/div><div class=\"tg-item-share-holder\"><div class=\"triangle-up-left\" style=\"border-color:rgba(22,22,22,0.65)\"><\/div><i class=\"tg-icon-reply\" style=\"color:#ffffff\"><\/i><div class=\"tg-share-icons\"><a class=\"tg-social-share tg-facebook\" href=\"https:\/\/www.facebook.com\/sharer.php?u=https%3A%2F%2Ffonds-risq.qc.ca%2Fen%2Fentreprise%2Fre-forme%2F&#038;t=R%C3%A9%2F%20Forme\"><i class=\"tg-icon-facebook\"><\/i><\/a><a class=\"tg-social-share tg-twitter\" href=\"https:\/\/twitter.com\/share?url=https%3A%2F%2Ffonds-risq.qc.ca%2Fen%2Fentreprise%2Fre-forme%2F&#038;text=R%C3%A9%2F%20Forme\"><i class=\"tg-icon-twitter\"><\/i><\/a><a class=\"tg-social-share tg-google-plus\" href=\"https:\/\/plus.google.com\/share?url=https%3A%2F%2Ffonds-risq.qc.ca%2Fen%2Fentreprise%2Fre-forme%2F\"><i class=\"tg-icon-google-plus\"><\/i><\/a><a class=\"tg-social-share tg-pinterest\" href=\"https:\/\/pinterest.com\/pin\/create\/button\/?url=https%3A%2F%2Ffonds-risq.qc.ca%2Fen%2Fentreprise%2Fre-forme%2F&#038;description=R%C3%A9%2F%20Forme&#038;media=https%3A%2F%2Ffonds-risq.qc.ca%2Fwp-content%2Fuploads%2F2021%2F11%2FReForme.png\"><i class=\"tg-icon-pinterest\"><\/i><\/a><\/div><\/div><\/div><div class=\"tg-item-content-holder tg-light image-format\" style=\"background-color:#ee4224\"><span class=\"tg-item-date\">30 November 2021<\/span><h2 class=\"tg-item-title\"><a href=\"https:\/\/fonds-risq.qc.ca\/en\/entreprise\/re-forme\/\" target=\"_self\">R\u00e9\/ Forme<\/a><\/h2><span class=\"tg-cats-holder\"><a class=\"filtres_des_entreprises\" href=\"https:\/\/fonds-risq.qc.ca\/en\/filtres_des_entreprises\/2021-en\/\" rel=\"category\" data-term-id=\"245\"><span class=\"tg-item-term\" >2021<\/span><\/a><span>, <\/span><a class=\"filtres_des_entreprises\" href=\"https:\/\/fonds-risq.qc.ca\/en\/filtres_des_entreprises\/capitale-nationale-en\/\" rel=\"category\" data-term-id=\"130\"><span class=\"tg-item-term\" >Capitale-Nationale<\/span><\/a><span>, <\/span><a class=\"filtres_des_entreprises\" href=\"https:\/\/fonds-risq.qc.ca\/en\/filtres_des_entreprises\/education-en\/\" rel=\"category\" data-term-id=\"136\"><span class=\"tg-item-term\" >Education<\/span><\/a><span>, <\/span><a class=\"filtres_des_entreprises\" href=\"https:\/\/fonds-risq.qc.ca\/en\/filtres_des_entreprises\/npo\/\" rel=\"category\" data-term-id=\"150\"><span class=\"tg-item-term\" >NPO<\/span><\/a><span>, <\/span><a class=\"filtres_des_entreprises\" href=\"https:\/\/fonds-risq.qc.ca\/en\/filtres_des_entreprises\/pre-startup-loan\/\" rel=\"category\" data-term-id=\"147\"><span class=\"tg-item-term\" >Pre-startup loan<\/span><\/a><\/span><div class=\"tg-item-footer\"><a class=\"tg-item-comment\" href=\"https:\/\/fonds-risq.qc.ca\/en\/entreprise\/re-forme\/\"  target=\"_self\">No comment<\/a><span class=\"no-ajaxy to-post-like no-liked empty-heart\" data-post-id=\"13802\" title=\"Like\"><span class=\"to-heart-icon\"><svg xmlns=\"http:\/\/www.w3.org\/2000\/svg\" version=\"1.1\" viewBox=\"0 0 64 64\"><g transform=\"translate(0, 0)\"><path stroke-width=\"6\" stroke-linecap=\"square\" stroke-miterlimit=\"10\" d=\"M1,21c0,20,31,38,31,38s31-18,31-38 c0-8.285-6-16-15-16c-8.285,0-16,5.715-16,14c0-8.285-7.715-14-16-14C7,5,1,12.715,1,21z\"><\/path><\/g><\/svg><\/span><span class=\"to-like-count\">0<\/span><\/span><\/div><\/div><\/div><\/article><!-- The Grid item #195 --><article class=\"tg-item tg-post-13784 kampala f245 f151 f248 f145 f129 f135\" data-row=\"1\" data-col=\"1\"><div class=\"tg-item-inner\"><div class=\"tg-item-media-holder tg-light\"><div class=\"tg-item-media-inner\"><img decoding=\"async\" class=\"tg-item-image\" alt=\"\" width=\"1920\" height=\"1278\" src=\"https:\/\/fonds-risq.qc.ca\/wp-content\/uploads\/2021\/11\/coop-massicotte-2.jpg\"><\/div><div class=\"tg-center-holder\"><div class=\"tg-center-inner\"><div class=\"tg-item-overlay\"><\/div><a class=\"tg-link-button\" href=\"https:\/\/fonds-risq.qc.ca\/en\/entreprise\/abattoir-massicotte\/\" target=\"_self\"><i class=\"tg-icon-link\"><\/i><\/a><\/div><\/div><div class=\"tg-item-decoration\"><div class=\"triangle-down-right\" style=\"border-color:#fdd304\"><\/div><\/div><div class=\"tg-item-share-holder\"><div class=\"triangle-up-left\" style=\"border-color:rgba(22,22,22,0.65)\"><\/div><i class=\"tg-icon-reply\" style=\"color:#ffffff\"><\/i><div class=\"tg-share-icons\"><a class=\"tg-social-share tg-facebook\" href=\"https:\/\/www.facebook.com\/sharer.php?u=https%3A%2F%2Ffonds-risq.qc.ca%2Fen%2Fentreprise%2Fabattoir-massicotte%2F&#038;t=Abattoir%20Massicotte\"><i class=\"tg-icon-facebook\"><\/i><\/a><a class=\"tg-social-share tg-twitter\" href=\"https:\/\/twitter.com\/share?url=https%3A%2F%2Ffonds-risq.qc.ca%2Fen%2Fentreprise%2Fabattoir-massicotte%2F&#038;text=Abattoir%20Massicotte\"><i class=\"tg-icon-twitter\"><\/i><\/a><a class=\"tg-social-share tg-google-plus\" href=\"https:\/\/plus.google.com\/share?url=https%3A%2F%2Ffonds-risq.qc.ca%2Fen%2Fentreprise%2Fabattoir-massicotte%2F\"><i class=\"tg-icon-google-plus\"><\/i><\/a><a class=\"tg-social-share tg-pinterest\" href=\"https:\/\/pinterest.com\/pin\/create\/button\/?url=https%3A%2F%2Ffonds-risq.qc.ca%2Fen%2Fentreprise%2Fabattoir-massicotte%2F&#038;description=Abattoir%20Massicotte&#038;media=https%3A%2F%2Ffonds-risq.qc.ca%2Fwp-content%2Fuploads%2F2021%2F11%2Fcoop-massicotte-2.jpg\"><i class=\"tg-icon-pinterest\"><\/i><\/a><\/div><\/div><\/div><div class=\"tg-item-content-holder tg-light image-format\" style=\"background-color:#fdd304\"><span class=\"tg-item-date\">30 November 2021<\/span><h2 class=\"tg-item-title\"><a href=\"https:\/\/fonds-risq.qc.ca\/en\/entreprise\/abattoir-massicotte\/\" target=\"_self\">Abattoir Massicotte<\/a><\/h2><span class=\"tg-cats-holder\"><a class=\"filtres_des_entreprises\" href=\"https:\/\/fonds-risq.qc.ca\/en\/filtres_des_entreprises\/2021-en\/\" rel=\"category\" data-term-id=\"245\"><span class=\"tg-item-term\" >2021<\/span><\/a><span>, <\/span><a class=\"filtres_des_entreprises\" href=\"https:\/\/fonds-risq.qc.ca\/en\/filtres_des_entreprises\/coop-en\/\" rel=\"category\" data-term-id=\"151\"><span class=\"tg-item-term\" >COOP<\/span><\/a><span>, <\/span><a class=\"filtres_des_entreprises\" href=\"https:\/\/fonds-risq.qc.ca\/en\/filtres_des_entreprises\/fonds-transition-en\/\" rel=\"category\" data-term-id=\"248\"><span class=\"tg-item-term\" >Fonds Transition<\/span><\/a><span>, <\/span><a class=\"filtres_des_entreprises\" href=\"https:\/\/fonds-risq.qc.ca\/en\/filtres_des_entreprises\/food\/\" rel=\"category\" data-term-id=\"145\"><span class=\"tg-item-term\" >Food<\/span><\/a><span>, <\/span><a class=\"filtres_des_entreprises\" href=\"https:\/\/fonds-risq.qc.ca\/en\/filtres_des_entreprises\/mauricie-en\/\" rel=\"category\" data-term-id=\"129\"><span class=\"tg-item-term\" >Mauricie<\/span><\/a><span>, <\/span><a class=\"filtres_des_entreprises\" href=\"https:\/\/fonds-risq.qc.ca\/en\/filtres_des_entreprises\/services-en\/\" rel=\"category\" data-term-id=\"135\"><span class=\"tg-item-term\" >Services<\/span><\/a><\/span><div class=\"tg-item-footer\"><a class=\"tg-item-comment\" href=\"https:\/\/fonds-risq.qc.ca\/en\/entreprise\/abattoir-massicotte\/\"  target=\"_self\">No comment<\/a><span class=\"no-ajaxy to-post-like no-liked empty-heart\" data-post-id=\"13784\" title=\"Like\"><span class=\"to-heart-icon\"><svg xmlns=\"http:\/\/www.w3.org\/2000\/svg\" version=\"1.1\" viewBox=\"0 0 64 64\"><g transform=\"translate(0, 0)\"><path stroke-width=\"6\" stroke-linecap=\"square\" stroke-miterlimit=\"10\" d=\"M1,21c0,20,31,38,31,38s31-18,31-38 c0-8.285-6-16-15-16c-8.285,0-16,5.715-16,14c0-8.285-7.715-14-16-14C7,5,1,12.715,1,21z\"><\/path><\/g><\/svg><\/span><span class=\"to-like-count\">0<\/span><\/span><\/div><\/div><\/div><\/article><!-- The Grid item #196 --><article class=\"tg-item tg-post-13786 kampala f245 f151 f132 f137 f146\" data-row=\"1\" data-col=\"1\"><div class=\"tg-item-inner\"><div class=\"tg-item-media-holder tg-light\"><div class=\"tg-item-media-inner\"><img decoding=\"async\" class=\"tg-item-image\" alt=\"\" width=\"759\" height=\"450\" src=\"https:\/\/fonds-risq.qc.ca\/wp-content\/uploads\/2021\/11\/epicerie-768x576-1.jpg\"><\/div><div class=\"tg-center-holder\"><div class=\"tg-center-inner\"><div class=\"tg-item-overlay\"><\/div><a class=\"tg-link-button\" href=\"https:\/\/fonds-risq.qc.ca\/en\/entreprise\/ici-coop-crepuscule\/\" target=\"_self\"><i class=\"tg-icon-link\"><\/i><\/a><\/div><\/div><div class=\"tg-item-decoration\"><div class=\"triangle-down-right\" style=\"border-color:#b7c634\"><\/div><\/div><div class=\"tg-item-share-holder\"><div class=\"triangle-up-left\" style=\"border-color:rgba(22,22,22,0.65)\"><\/div><i class=\"tg-icon-reply\" style=\"color:#ffffff\"><\/i><div class=\"tg-share-icons\"><a class=\"tg-social-share tg-facebook\" href=\"https:\/\/www.facebook.com\/sharer.php?u=https%3A%2F%2Ffonds-risq.qc.ca%2Fen%2Fentreprise%2Fici-coop-crepuscule%2F&#038;t=ICI%20COOP-%20Cr%C3%A9puscule\"><i class=\"tg-icon-facebook\"><\/i><\/a><a class=\"tg-social-share tg-twitter\" href=\"https:\/\/twitter.com\/share?url=https%3A%2F%2Ffonds-risq.qc.ca%2Fen%2Fentreprise%2Fici-coop-crepuscule%2F&#038;text=ICI%20COOP-%20Cr%C3%A9puscule\"><i class=\"tg-icon-twitter\"><\/i><\/a><a class=\"tg-social-share tg-google-plus\" href=\"https:\/\/plus.google.com\/share?url=https%3A%2F%2Ffonds-risq.qc.ca%2Fen%2Fentreprise%2Fici-coop-crepuscule%2F\"><i class=\"tg-icon-google-plus\"><\/i><\/a><a class=\"tg-social-share tg-pinterest\" href=\"https:\/\/pinterest.com\/pin\/create\/button\/?url=https%3A%2F%2Ffonds-risq.qc.ca%2Fen%2Fentreprise%2Fici-coop-crepuscule%2F&#038;description=ICI%20COOP-%20Cr%C3%A9puscule&#038;media=https%3A%2F%2Ffonds-risq.qc.ca%2Fwp-content%2Fuploads%2F2021%2F11%2Fepicerie-768x576-1.jpg\"><i class=\"tg-icon-pinterest\"><\/i><\/a><\/div><\/div><\/div><div class=\"tg-item-content-holder tg-light image-format\" style=\"background-color:#b7c634\"><span class=\"tg-item-date\">25 November 2021<\/span><h2 class=\"tg-item-title\"><a href=\"https:\/\/fonds-risq.qc.ca\/en\/entreprise\/ici-coop-crepuscule\/\" target=\"_self\">ICI COOP- Cr\u00e9puscule<\/a><\/h2><span class=\"tg-cats-holder\"><a class=\"filtres_des_entreprises\" href=\"https:\/\/fonds-risq.qc.ca\/en\/filtres_des_entreprises\/2021-en\/\" rel=\"category\" data-term-id=\"245\"><span class=\"tg-item-term\" >2021<\/span><\/a><span>, <\/span><a class=\"filtres_des_entreprises\" href=\"https:\/\/fonds-risq.qc.ca\/en\/filtres_des_entreprises\/coop-en\/\" rel=\"category\" data-term-id=\"151\"><span class=\"tg-item-term\" >COOP<\/span><\/a><span>, <\/span><a class=\"filtres_des_entreprises\" href=\"https:\/\/fonds-risq.qc.ca\/en\/filtres_des_entreprises\/monteregie-en\/\" rel=\"category\" data-term-id=\"132\"><span class=\"tg-item-term\" >Mont\u00e9r\u00e9gie<\/span><\/a><span>, <\/span><a class=\"filtres_des_entreprises\" href=\"https:\/\/fonds-risq.qc.ca\/en\/filtres_des_entreprises\/retail-business\/\" rel=\"category\" data-term-id=\"137\"><span class=\"tg-item-term\" >Retail business<\/span><\/a><span>, <\/span><a class=\"filtres_des_entreprises\" href=\"https:\/\/fonds-risq.qc.ca\/en\/filtres_des_entreprises\/pret-pour-aide-technique-en\/\" rel=\"category\" data-term-id=\"146\"><span class=\"tg-item-term\" >Technical assistance loan<\/span><\/a><\/span><div class=\"tg-item-footer\"><a class=\"tg-item-comment\" href=\"https:\/\/fonds-risq.qc.ca\/en\/entreprise\/ici-coop-crepuscule\/\"  target=\"_self\">No comment<\/a><span class=\"no-ajaxy to-post-like no-liked empty-heart\" data-post-id=\"13786\" title=\"Like\"><span class=\"to-heart-icon\"><svg xmlns=\"http:\/\/www.w3.org\/2000\/svg\" version=\"1.1\" viewBox=\"0 0 64 64\"><g transform=\"translate(0, 0)\"><path stroke-width=\"6\" stroke-linecap=\"square\" stroke-miterlimit=\"10\" d=\"M1,21c0,20,31,38,31,38s31-18,31-38 c0-8.285-6-16-15-16c-8.285,0-16,5.715-16,14c0-8.285-7.715-14-16-14C7,5,1,12.715,1,21z\"><\/path><\/g><\/svg><\/span><span class=\"to-like-count\">0<\/span><\/span><\/div><\/div><\/div><\/article><!-- The Grid item #197 --><article class=\"tg-item tg-post-13739 kampala f245 f128 f150 f142 f146\" data-row=\"1\" data-col=\"1\"><div class=\"tg-item-inner\"><div class=\"tg-item-media-holder tg-light\"><div class=\"tg-item-media-inner\"><img decoding=\"async\" class=\"tg-item-image\" alt=\"\" width=\"1920\" height=\"1080\" src=\"https:\/\/fonds-risq.qc.ca\/wp-content\/uploads\/2021\/11\/centre-st-pierre.jpg\"><\/div><div class=\"tg-center-holder\"><div class=\"tg-center-inner\"><div class=\"tg-item-overlay\"><\/div><a class=\"tg-link-button\" href=\"https:\/\/fonds-risq.qc.ca\/en\/entreprise\/centre-st-pierre\/\" target=\"_self\"><i class=\"tg-icon-link\"><\/i><\/a><\/div><\/div><div class=\"tg-item-decoration\"><div class=\"triangle-down-right\" style=\"border-color:#b7c634\"><\/div><\/div><div class=\"tg-item-share-holder\"><div class=\"triangle-up-left\" style=\"border-color:rgba(22,22,22,0.65)\"><\/div><i class=\"tg-icon-reply\" style=\"color:#ffffff\"><\/i><div class=\"tg-share-icons\"><a class=\"tg-social-share tg-facebook\" href=\"https:\/\/www.facebook.com\/sharer.php?u=https%3A%2F%2Ffonds-risq.qc.ca%2Fen%2Fentreprise%2Fcentre-st-pierre%2F&#038;t=Centre%20St-Pierre\"><i class=\"tg-icon-facebook\"><\/i><\/a><a class=\"tg-social-share tg-twitter\" href=\"https:\/\/twitter.com\/share?url=https%3A%2F%2Ffonds-risq.qc.ca%2Fen%2Fentreprise%2Fcentre-st-pierre%2F&#038;text=Centre%20St-Pierre\"><i class=\"tg-icon-twitter\"><\/i><\/a><a class=\"tg-social-share tg-google-plus\" href=\"https:\/\/plus.google.com\/share?url=https%3A%2F%2Ffonds-risq.qc.ca%2Fen%2Fentreprise%2Fcentre-st-pierre%2F\"><i class=\"tg-icon-google-plus\"><\/i><\/a><a class=\"tg-social-share tg-pinterest\" href=\"https:\/\/pinterest.com\/pin\/create\/button\/?url=https%3A%2F%2Ffonds-risq.qc.ca%2Fen%2Fentreprise%2Fcentre-st-pierre%2F&#038;description=Centre%20St-Pierre&#038;media=https%3A%2F%2Ffonds-risq.qc.ca%2Fwp-content%2Fuploads%2F2021%2F11%2Fcentre-st-pierre.jpg\"><i class=\"tg-icon-pinterest\"><\/i><\/a><\/div><\/div><\/div><div class=\"tg-item-content-holder tg-light image-format\" style=\"background-color:#b7c634\"><span class=\"tg-item-date\">23 November 2021<\/span><h2 class=\"tg-item-title\"><a href=\"https:\/\/fonds-risq.qc.ca\/en\/entreprise\/centre-st-pierre\/\" target=\"_self\">Centre St-Pierre<\/a><\/h2><span class=\"tg-cats-holder\"><a class=\"filtres_des_entreprises\" href=\"https:\/\/fonds-risq.qc.ca\/en\/filtres_des_entreprises\/2021-en\/\" rel=\"category\" data-term-id=\"245\"><span class=\"tg-item-term\" >2021<\/span><\/a><span>, <\/span><a class=\"filtres_des_entreprises\" href=\"https:\/\/fonds-risq.qc.ca\/en\/filtres_des_entreprises\/montreal-en\/\" rel=\"category\" data-term-id=\"128\"><span class=\"tg-item-term\" >Montr\u00e9al<\/span><\/a><span>, <\/span><a class=\"filtres_des_entreprises\" href=\"https:\/\/fonds-risq.qc.ca\/en\/filtres_des_entreprises\/npo\/\" rel=\"category\" data-term-id=\"150\"><span class=\"tg-item-term\" >NPO<\/span><\/a><span>, <\/span><a class=\"filtres_des_entreprises\" href=\"https:\/\/fonds-risq.qc.ca\/en\/filtres_des_entreprises\/services-to-people\/\" rel=\"category\" data-term-id=\"142\"><span class=\"tg-item-term\" >Services to people<\/span><\/a><span>, <\/span><a class=\"filtres_des_entreprises\" href=\"https:\/\/fonds-risq.qc.ca\/en\/filtres_des_entreprises\/pret-pour-aide-technique-en\/\" rel=\"category\" data-term-id=\"146\"><span class=\"tg-item-term\" >Technical assistance loan<\/span><\/a><\/span><div class=\"tg-item-footer\"><a class=\"tg-item-comment\" href=\"https:\/\/fonds-risq.qc.ca\/en\/entreprise\/centre-st-pierre\/\"  target=\"_self\">No comment<\/a><span class=\"no-ajaxy to-post-like no-liked empty-heart\" data-post-id=\"13739\" title=\"Like\"><span class=\"to-heart-icon\"><svg xmlns=\"http:\/\/www.w3.org\/2000\/svg\" version=\"1.1\" viewBox=\"0 0 64 64\"><g transform=\"translate(0, 0)\"><path stroke-width=\"6\" stroke-linecap=\"square\" stroke-miterlimit=\"10\" d=\"M1,21c0,20,31,38,31,38s31-18,31-38 c0-8.285-6-16-15-16c-8.285,0-16,5.715-16,14c0-8.285-7.715-14-16-14C7,5,1,12.715,1,21z\"><\/path><\/g><\/svg><\/span><span class=\"to-like-count\">0<\/span><\/span><\/div><\/div><\/div><\/article><!-- The Grid item #198 --><article class=\"tg-item tg-post-13723 kampala f245 f148 f152 f195 f150\" data-row=\"1\" data-col=\"1\"><div class=\"tg-item-inner\"><div class=\"tg-item-media-holder tg-light\"><div class=\"tg-item-media-inner\"><img decoding=\"async\" class=\"tg-item-image\" alt=\"\" width=\"225\" height=\"162\" src=\"https:\/\/fonds-risq.qc.ca\/wp-content\/uploads\/2021\/11\/Photo-comte-Frampton-1-225x300-1.png\"><\/div><div class=\"tg-center-holder\"><div class=\"tg-center-inner\"><div class=\"tg-item-overlay\"><\/div><a class=\"tg-link-button\" href=\"https:\/\/fonds-risq.qc.ca\/en\/entreprise\/comite-de-developpement-de-frampton\/\" target=\"_self\"><i class=\"tg-icon-link\"><\/i><\/a><\/div><\/div><div class=\"tg-item-decoration\"><div class=\"triangle-down-right\" style=\"border-color:#0097c8\"><\/div><\/div><div class=\"tg-item-share-holder\"><div class=\"triangle-up-left\" style=\"border-color:rgba(22,22,22,0.65)\"><\/div><i class=\"tg-icon-reply\" style=\"color:#ffffff\"><\/i><div class=\"tg-share-icons\"><a class=\"tg-social-share tg-facebook\" href=\"https:\/\/www.facebook.com\/sharer.php?u=https%3A%2F%2Ffonds-risq.qc.ca%2Fen%2Fentreprise%2Fcomite-de-developpement-de-frampton%2F&#038;t=Comit%C3%A9%20de%20d%C3%A9veloppement%20de%20Frampton\"><i class=\"tg-icon-facebook\"><\/i><\/a><a class=\"tg-social-share tg-twitter\" href=\"https:\/\/twitter.com\/share?url=https%3A%2F%2Ffonds-risq.qc.ca%2Fen%2Fentreprise%2Fcomite-de-developpement-de-frampton%2F&#038;text=Comit%C3%A9%20de%20d%C3%A9veloppement%20de%20Frampton\"><i class=\"tg-icon-twitter\"><\/i><\/a><a class=\"tg-social-share tg-google-plus\" href=\"https:\/\/plus.google.com\/share?url=https%3A%2F%2Ffonds-risq.qc.ca%2Fen%2Fentreprise%2Fcomite-de-developpement-de-frampton%2F\"><i class=\"tg-icon-google-plus\"><\/i><\/a><a class=\"tg-social-share tg-pinterest\" href=\"https:\/\/pinterest.com\/pin\/create\/button\/?url=https%3A%2F%2Ffonds-risq.qc.ca%2Fen%2Fentreprise%2Fcomite-de-developpement-de-frampton%2F&#038;description=Comit%C3%A9%20de%20d%C3%A9veloppement%20de%20Frampton&#038;media=https%3A%2F%2Ffonds-risq.qc.ca%2Fwp-content%2Fuploads%2F2021%2F11%2FPhoto-comte-Frampton-1-225x300-1.png\"><i class=\"tg-icon-pinterest\"><\/i><\/a><\/div><\/div><\/div><div class=\"tg-item-content-holder tg-light image-format\" style=\"background-color:#0097c8\"><span class=\"tg-item-date\">23 November 2021<\/span><h2 class=\"tg-item-title\"><a href=\"https:\/\/fonds-risq.qc.ca\/en\/entreprise\/comite-de-developpement-de-frampton\/\" target=\"_self\">Comit\u00e9 de d\u00e9veloppement de Frampton<\/a><\/h2><span class=\"tg-cats-holder\"><a class=\"filtres_des_entreprises\" href=\"https:\/\/fonds-risq.qc.ca\/en\/filtres_des_entreprises\/2021-en\/\" rel=\"category\" data-term-id=\"245\"><span class=\"tg-item-term\" >2021<\/span><\/a><span>, <\/span><a class=\"filtres_des_entreprises\" href=\"https:\/\/fonds-risq.qc.ca\/en\/filtres_des_entreprises\/capitalization-loan\/\" rel=\"category\" data-term-id=\"148\"><span class=\"tg-item-term\" >Capitalization loan<\/span><\/a><span>, <\/span><a class=\"filtres_des_entreprises\" href=\"https:\/\/fonds-risq.qc.ca\/en\/filtres_des_entreprises\/chaudiere-appalaches-en\/\" rel=\"category\" data-term-id=\"152\"><span class=\"tg-item-term\" >Chaudi\u00e8re-Appalaches<\/span><\/a><span>, <\/span><a class=\"filtres_des_entreprises\" href=\"https:\/\/fonds-risq.qc.ca\/en\/filtres_des_entreprises\/immobilier-collectif-en\/\" rel=\"category\" data-term-id=\"195\"><span class=\"tg-item-term\" >Immobilier collectif<\/span><\/a><span>, <\/span><a class=\"filtres_des_entreprises\" href=\"https:\/\/fonds-risq.qc.ca\/en\/filtres_des_entreprises\/npo\/\" rel=\"category\" data-term-id=\"150\"><span class=\"tg-item-term\" >NPO<\/span><\/a><\/span><div class=\"tg-item-footer\"><a class=\"tg-item-comment\" href=\"https:\/\/fonds-risq.qc.ca\/en\/entreprise\/comite-de-developpement-de-frampton\/\"  target=\"_self\">No comment<\/a><span class=\"no-ajaxy to-post-like no-liked empty-heart\" data-post-id=\"13723\" title=\"Like\"><span class=\"to-heart-icon\"><svg xmlns=\"http:\/\/www.w3.org\/2000\/svg\" version=\"1.1\" viewBox=\"0 0 64 64\"><g transform=\"translate(0, 0)\"><path stroke-width=\"6\" stroke-linecap=\"square\" stroke-miterlimit=\"10\" d=\"M1,21c0,20,31,38,31,38s31-18,31-38 c0-8.285-6-16-15-16c-8.285,0-16,5.715-16,14c0-8.285-7.715-14-16-14C7,5,1,12.715,1,21z\"><\/path><\/g><\/svg><\/span><span class=\"to-like-count\">0<\/span><\/span><\/div><\/div><\/div><\/article><!-- The Grid item #199 --><article class=\"tg-item tg-post-13711 kampala f245 f134 f131 f150 f146\" data-row=\"1\" data-col=\"1\"><div class=\"tg-item-inner\"><div class=\"tg-item-media-holder tg-light\"><div class=\"tg-item-media-inner\"><img decoding=\"async\" class=\"tg-item-image\" alt=\"\" width=\"1813\" height=\"1063\" src=\"https:\/\/fonds-risq.qc.ca\/wp-content\/uploads\/2021\/11\/PHOS.jpg\"><\/div><div class=\"tg-center-holder\"><div class=\"tg-center-inner\"><div class=\"tg-item-overlay\"><\/div><a class=\"tg-link-button\" href=\"https:\/\/fonds-risq.qc.ca\/en\/entreprise\/phos\/\" target=\"_self\"><i class=\"tg-icon-link\"><\/i><\/a><\/div><\/div><div class=\"tg-item-decoration\"><div class=\"triangle-down-right\" style=\"border-color:#b7c634\"><\/div><\/div><div class=\"tg-item-share-holder\"><div class=\"triangle-up-left\" style=\"border-color:rgba(22,22,22,0.65)\"><\/div><i class=\"tg-icon-reply\" style=\"color:#ffffff\"><\/i><div class=\"tg-share-icons\"><a class=\"tg-social-share tg-facebook\" href=\"https:\/\/www.facebook.com\/sharer.php?u=https%3A%2F%2Ffonds-risq.qc.ca%2Fen%2Fentreprise%2Fphos%2F&#038;t=PHOS\"><i class=\"tg-icon-facebook\"><\/i><\/a><a class=\"tg-social-share tg-twitter\" href=\"https:\/\/twitter.com\/share?url=https%3A%2F%2Ffonds-risq.qc.ca%2Fen%2Fentreprise%2Fphos%2F&#038;text=PHOS\"><i class=\"tg-icon-twitter\"><\/i><\/a><a class=\"tg-social-share tg-google-plus\" href=\"https:\/\/plus.google.com\/share?url=https%3A%2F%2Ffonds-risq.qc.ca%2Fen%2Fentreprise%2Fphos%2F\"><i class=\"tg-icon-google-plus\"><\/i><\/a><a class=\"tg-social-share tg-pinterest\" href=\"https:\/\/pinterest.com\/pin\/create\/button\/?url=https%3A%2F%2Ffonds-risq.qc.ca%2Fen%2Fentreprise%2Fphos%2F&#038;description=PHOS&#038;media=https%3A%2F%2Ffonds-risq.qc.ca%2Fwp-content%2Fuploads%2F2021%2F11%2FPHOS.jpg\"><i class=\"tg-icon-pinterest\"><\/i><\/a><\/div><\/div><\/div><div class=\"tg-item-content-holder tg-light image-format\" style=\"background-color:#b7c634\"><span class=\"tg-item-date\">23 November 2021<\/span><h2 class=\"tg-item-title\"><a href=\"https:\/\/fonds-risq.qc.ca\/en\/entreprise\/phos\/\" target=\"_self\">PHOS<\/a><\/h2><span class=\"tg-cats-holder\"><a class=\"filtres_des_entreprises\" href=\"https:\/\/fonds-risq.qc.ca\/en\/filtres_des_entreprises\/2021-en\/\" rel=\"category\" data-term-id=\"245\"><span class=\"tg-item-term\" >2021<\/span><\/a><span>, <\/span><a class=\"filtres_des_entreprises\" href=\"https:\/\/fonds-risq.qc.ca\/en\/filtres_des_entreprises\/arts-and-culture\/\" rel=\"category\" data-term-id=\"134\"><span class=\"tg-item-term\" >Arts and culture<\/span><\/a><span>, <\/span><a class=\"filtres_des_entreprises\" href=\"https:\/\/fonds-risq.qc.ca\/en\/filtres_des_entreprises\/bas-saint-laurent-en\/\" rel=\"category\" data-term-id=\"131\"><span class=\"tg-item-term\" >Bas-Saint-Laurent<\/span><\/a><span>, <\/span><a class=\"filtres_des_entreprises\" href=\"https:\/\/fonds-risq.qc.ca\/en\/filtres_des_entreprises\/npo\/\" rel=\"category\" data-term-id=\"150\"><span class=\"tg-item-term\" >NPO<\/span><\/a><span>, <\/span><a class=\"filtres_des_entreprises\" href=\"https:\/\/fonds-risq.qc.ca\/en\/filtres_des_entreprises\/pret-pour-aide-technique-en\/\" rel=\"category\" data-term-id=\"146\"><span class=\"tg-item-term\" >Technical assistance loan<\/span><\/a><\/span><div class=\"tg-item-footer\"><a class=\"tg-item-comment\" href=\"https:\/\/fonds-risq.qc.ca\/en\/entreprise\/phos\/\"  target=\"_self\">No comment<\/a><span class=\"no-ajaxy to-post-like no-liked empty-heart\" data-post-id=\"13711\" title=\"Like\"><span class=\"to-heart-icon\"><svg xmlns=\"http:\/\/www.w3.org\/2000\/svg\" version=\"1.1\" viewBox=\"0 0 64 64\"><g transform=\"translate(0, 0)\"><path stroke-width=\"6\" stroke-linecap=\"square\" stroke-miterlimit=\"10\" d=\"M1,21c0,20,31,38,31,38s31-18,31-38 c0-8.285-6-16-15-16c-8.285,0-16,5.715-16,14c0-8.285-7.715-14-16-14C7,5,1,12.715,1,21z\"><\/path><\/g><\/svg><\/span><span class=\"to-like-count\">0<\/span><\/span><\/div><\/div><\/div><\/article><!-- The Grid item #200 --><article class=\"tg-item tg-post-13702 kampala f245 f148 f136 f157 f150\" data-row=\"1\" data-col=\"1\"><div class=\"tg-item-inner\"><div class=\"tg-item-media-holder tg-light\"><div class=\"tg-item-media-inner\"><img decoding=\"async\" class=\"tg-item-image\" alt=\"\" width=\"1920\" height=\"840\" src=\"https:\/\/fonds-risq.qc.ca\/wp-content\/uploads\/2021\/11\/diapason-jeunesse-accueil-octobre-2019.jpg\"><\/div><div class=\"tg-center-holder\"><div class=\"tg-center-inner\"><div class=\"tg-item-overlay\"><\/div><a class=\"tg-link-button\" href=\"https:\/\/fonds-risq.qc.ca\/en\/entreprise\/diapason-jeunesse\/\" target=\"_self\"><i class=\"tg-icon-link\"><\/i><\/a><\/div><\/div><div class=\"tg-item-decoration\"><div class=\"triangle-down-right\" style=\"border-color:#0097c8\"><\/div><\/div><div class=\"tg-item-share-holder\"><div class=\"triangle-up-left\" style=\"border-color:rgba(22,22,22,0.65)\"><\/div><i class=\"tg-icon-reply\" style=\"color:#ffffff\"><\/i><div class=\"tg-share-icons\"><a class=\"tg-social-share tg-facebook\" href=\"https:\/\/www.facebook.com\/sharer.php?u=https%3A%2F%2Ffonds-risq.qc.ca%2Fen%2Fentreprise%2Fdiapason-jeunesse%2F&#038;t=Diapason%20Jeunesse\"><i class=\"tg-icon-facebook\"><\/i><\/a><a class=\"tg-social-share tg-twitter\" href=\"https:\/\/twitter.com\/share?url=https%3A%2F%2Ffonds-risq.qc.ca%2Fen%2Fentreprise%2Fdiapason-jeunesse%2F&#038;text=Diapason%20Jeunesse\"><i class=\"tg-icon-twitter\"><\/i><\/a><a class=\"tg-social-share tg-google-plus\" href=\"https:\/\/plus.google.com\/share?url=https%3A%2F%2Ffonds-risq.qc.ca%2Fen%2Fentreprise%2Fdiapason-jeunesse%2F\"><i class=\"tg-icon-google-plus\"><\/i><\/a><a class=\"tg-social-share tg-pinterest\" href=\"https:\/\/pinterest.com\/pin\/create\/button\/?url=https%3A%2F%2Ffonds-risq.qc.ca%2Fen%2Fentreprise%2Fdiapason-jeunesse%2F&#038;description=Diapason%20Jeunesse&#038;media=https%3A%2F%2Ffonds-risq.qc.ca%2Fwp-content%2Fuploads%2F2021%2F11%2Fdiapason-jeunesse-accueil-octobre-2019.jpg\"><i class=\"tg-icon-pinterest\"><\/i><\/a><\/div><\/div><\/div><div class=\"tg-item-content-holder tg-light image-format\" style=\"background-color:#0097c8\"><span class=\"tg-item-date\">23 November 2021<\/span><h2 class=\"tg-item-title\"><a href=\"https:\/\/fonds-risq.qc.ca\/en\/entreprise\/diapason-jeunesse\/\" target=\"_self\">Diapason Jeunesse<\/a><\/h2><span class=\"tg-cats-holder\"><a class=\"filtres_des_entreprises\" href=\"https:\/\/fonds-risq.qc.ca\/en\/filtres_des_entreprises\/2021-en\/\" rel=\"category\" data-term-id=\"245\"><span class=\"tg-item-term\" >2021<\/span><\/a><span>, <\/span><a class=\"filtres_des_entreprises\" href=\"https:\/\/fonds-risq.qc.ca\/en\/filtres_des_entreprises\/capitalization-loan\/\" rel=\"category\" data-term-id=\"148\"><span class=\"tg-item-term\" >Capitalization loan<\/span><\/a><span>, <\/span><a class=\"filtres_des_entreprises\" href=\"https:\/\/fonds-risq.qc.ca\/en\/filtres_des_entreprises\/education-en\/\" rel=\"category\" data-term-id=\"136\"><span class=\"tg-item-term\" >Education<\/span><\/a><span>, <\/span><a class=\"filtres_des_entreprises\" href=\"https:\/\/fonds-risq.qc.ca\/en\/filtres_des_entreprises\/laval-en\/\" rel=\"category\" data-term-id=\"157\"><span class=\"tg-item-term\" >Laval<\/span><\/a><span>, <\/span><a class=\"filtres_des_entreprises\" href=\"https:\/\/fonds-risq.qc.ca\/en\/filtres_des_entreprises\/npo\/\" rel=\"category\" data-term-id=\"150\"><span class=\"tg-item-term\" >NPO<\/span><\/a><\/span><div class=\"tg-item-footer\"><a class=\"tg-item-comment\" href=\"https:\/\/fonds-risq.qc.ca\/en\/entreprise\/diapason-jeunesse\/\"  target=\"_self\">No comment<\/a><span class=\"no-ajaxy to-post-like no-liked empty-heart\" data-post-id=\"13702\" title=\"Like\"><span class=\"to-heart-icon\"><svg xmlns=\"http:\/\/www.w3.org\/2000\/svg\" version=\"1.1\" viewBox=\"0 0 64 64\"><g transform=\"translate(0, 0)\"><path stroke-width=\"6\" stroke-linecap=\"square\" stroke-miterlimit=\"10\" d=\"M1,21c0,20,31,38,31,38s31-18,31-38 c0-8.285-6-16-15-16c-8.285,0-16,5.715-16,14c0-8.285-7.715-14-16-14C7,5,1,12.715,1,21z\"><\/path><\/g><\/svg><\/span><span class=\"to-like-count\">0<\/span><\/span><\/div><\/div><\/div><\/article><!-- The Grid item #201 --><article class=\"tg-item tg-post-13694 kampala f226 f245 f261 f148 f177 f166 f150 f137 f146\" data-row=\"1\" data-col=\"1\"><div class=\"tg-item-inner\"><div class=\"tg-item-media-holder tg-light\"><div class=\"tg-item-media-inner\"><img decoding=\"async\" class=\"tg-item-image\" alt=\"\" width=\"2048\" height=\"2048\" src=\"https:\/\/fonds-risq.qc.ca\/wp-content\/uploads\/2021\/11\/Flotille-2.jpg\"><\/div><div class=\"tg-center-holder\"><div class=\"tg-center-inner\"><div class=\"tg-item-overlay\"><\/div><a class=\"tg-link-button\" href=\"https:\/\/fonds-risq.qc.ca\/en\/entreprise\/arrimage\/\" target=\"_self\"><i class=\"tg-icon-link\"><\/i><\/a><\/div><\/div><div class=\"tg-item-decoration\"><div class=\"triangle-down-right\" style=\"border-color:#b7c634\"><\/div><\/div><div class=\"tg-item-share-holder\"><div class=\"triangle-up-left\" style=\"border-color:rgba(22,22,22,0.65)\"><\/div><i class=\"tg-icon-reply\" style=\"color:#ffffff\"><\/i><div class=\"tg-share-icons\"><a class=\"tg-social-share tg-facebook\" href=\"https:\/\/www.facebook.com\/sharer.php?u=https%3A%2F%2Ffonds-risq.qc.ca%2Fen%2Fentreprise%2Farrimage%2F&#038;t=Flotille\"><i class=\"tg-icon-facebook\"><\/i><\/a><a class=\"tg-social-share tg-twitter\" href=\"https:\/\/twitter.com\/share?url=https%3A%2F%2Ffonds-risq.qc.ca%2Fen%2Fentreprise%2Farrimage%2F&#038;text=Flotille\"><i class=\"tg-icon-twitter\"><\/i><\/a><a class=\"tg-social-share tg-google-plus\" href=\"https:\/\/plus.google.com\/share?url=https%3A%2F%2Ffonds-risq.qc.ca%2Fen%2Fentreprise%2Farrimage%2F\"><i class=\"tg-icon-google-plus\"><\/i><\/a><a class=\"tg-social-share tg-pinterest\" href=\"https:\/\/pinterest.com\/pin\/create\/button\/?url=https%3A%2F%2Ffonds-risq.qc.ca%2Fen%2Fentreprise%2Farrimage%2F&#038;description=Flotille&#038;media=https%3A%2F%2Ffonds-risq.qc.ca%2Fwp-content%2Fuploads%2F2021%2F11%2FFlotille-2.jpg\"><i class=\"tg-icon-pinterest\"><\/i><\/a><\/div><\/div><\/div><div class=\"tg-item-content-holder tg-light image-format\" style=\"background-color:#b7c634\"><span class=\"tg-item-date\">23 November 2021<\/span><h2 class=\"tg-item-title\"><a href=\"https:\/\/fonds-risq.qc.ca\/en\/entreprise\/arrimage\/\" target=\"_self\">Flotille<\/a><\/h2><span class=\"tg-cats-holder\"><a class=\"filtres_des_entreprises\" href=\"https:\/\/fonds-risq.qc.ca\/en\/filtres_des_entreprises\/2020-en\/\" rel=\"category\" data-term-id=\"226\"><span class=\"tg-item-term\" >2020<\/span><\/a><span>, <\/span><a class=\"filtres_des_entreprises\" href=\"https:\/\/fonds-risq.qc.ca\/en\/filtres_des_entreprises\/2021-en\/\" rel=\"category\" data-term-id=\"245\"><span class=\"tg-item-term\" >2021<\/span><\/a><span>, <\/span><a class=\"filtres_des_entreprises\" href=\"https:\/\/fonds-risq.qc.ca\/en\/filtres_des_entreprises\/2024-en\/\" rel=\"category\" data-term-id=\"261\"><span class=\"tg-item-term\" >2024<\/span><\/a><span>, <\/span><a class=\"filtres_des_entreprises\" href=\"https:\/\/fonds-risq.qc.ca\/en\/filtres_des_entreprises\/capitalization-loan\/\" rel=\"category\" data-term-id=\"148\"><span class=\"tg-item-term\" >Capitalization loan<\/span><\/a><span>, <\/span><a class=\"filtres_des_entreprises\" href=\"https:\/\/fonds-risq.qc.ca\/en\/filtres_des_entreprises\/culture-en\/\" rel=\"category\" data-term-id=\"177\"><span class=\"tg-item-term\" >Culture<\/span><\/a><span>, <\/span><a class=\"filtres_des_entreprises\" href=\"https:\/\/fonds-risq.qc.ca\/en\/filtres_des_entreprises\/gaspesie-iles-de-la-madeleine-en\/\" rel=\"category\" data-term-id=\"166\"><span class=\"tg-item-term\" >Gasp\u00e9sie-\u00celes-de-la-Madeleine<\/span><\/a><span>, <\/span><a class=\"filtres_des_entreprises\" href=\"https:\/\/fonds-risq.qc.ca\/en\/filtres_des_entreprises\/npo\/\" rel=\"category\" data-term-id=\"150\"><span class=\"tg-item-term\" >NPO<\/span><\/a><span>, <\/span><a class=\"filtres_des_entreprises\" href=\"https:\/\/fonds-risq.qc.ca\/en\/filtres_des_entreprises\/retail-business\/\" rel=\"category\" data-term-id=\"137\"><span class=\"tg-item-term\" >Retail business<\/span><\/a><span>, <\/span><a class=\"filtres_des_entreprises\" href=\"https:\/\/fonds-risq.qc.ca\/en\/filtres_des_entreprises\/pret-pour-aide-technique-en\/\" rel=\"category\" data-term-id=\"146\"><span class=\"tg-item-term\" >Technical assistance loan<\/span><\/a><\/span><div class=\"tg-item-footer\"><a class=\"tg-item-comment\" href=\"https:\/\/fonds-risq.qc.ca\/en\/entreprise\/arrimage\/\"  target=\"_self\">No comment<\/a><span class=\"no-ajaxy to-post-like no-liked empty-heart\" data-post-id=\"13694\" title=\"Like\"><span class=\"to-heart-icon\"><svg xmlns=\"http:\/\/www.w3.org\/2000\/svg\" version=\"1.1\" viewBox=\"0 0 64 64\"><g transform=\"translate(0, 0)\"><path stroke-width=\"6\" stroke-linecap=\"square\" stroke-miterlimit=\"10\" d=\"M1,21c0,20,31,38,31,38s31-18,31-38 c0-8.285-6-16-15-16c-8.285,0-16,5.715-16,14c0-8.285-7.715-14-16-14C7,5,1,12.715,1,21z\"><\/path><\/g><\/svg><\/span><span class=\"to-like-count\">0<\/span><\/span><\/div><\/div><\/div><\/article><!-- The Grid item #202 --><article class=\"tg-item tg-post-13640 kampala f245 f197 f130 f150 f147\" data-row=\"1\" data-col=\"1\"><div class=\"tg-item-inner\"><div class=\"tg-item-media-holder tg-light\"><div class=\"tg-item-media-inner\"><img decoding=\"async\" class=\"tg-item-image\" alt=\"\" width=\"2048\" height=\"1536\" src=\"https:\/\/fonds-risq.qc.ca\/wp-content\/uploads\/2021\/10\/Api-ENfance-2.jpg\"><\/div><div class=\"tg-center-holder\"><div class=\"tg-center-inner\"><div class=\"tg-item-overlay\"><\/div><a class=\"tg-link-button\" href=\"https:\/\/fonds-risq.qc.ca\/en\/entreprise\/api-enfance\/\" target=\"_self\"><i class=\"tg-icon-link\"><\/i><\/a><\/div><\/div><div class=\"tg-item-decoration\"><div class=\"triangle-down-right\" style=\"border-color:#ee4224\"><\/div><\/div><div class=\"tg-item-share-holder\"><div class=\"triangle-up-left\" style=\"border-color:rgba(22,22,22,0.65)\"><\/div><i class=\"tg-icon-reply\" style=\"color:#ffffff\"><\/i><div class=\"tg-share-icons\"><a class=\"tg-social-share tg-facebook\" href=\"https:\/\/www.facebook.com\/sharer.php?u=https%3A%2F%2Ffonds-risq.qc.ca%2Fen%2Fentreprise%2Fapi-enfance%2F&#038;t=API%20Enfance\"><i class=\"tg-icon-facebook\"><\/i><\/a><a class=\"tg-social-share tg-twitter\" href=\"https:\/\/twitter.com\/share?url=https%3A%2F%2Ffonds-risq.qc.ca%2Fen%2Fentreprise%2Fapi-enfance%2F&#038;text=API%20Enfance\"><i class=\"tg-icon-twitter\"><\/i><\/a><a class=\"tg-social-share tg-google-plus\" href=\"https:\/\/plus.google.com\/share?url=https%3A%2F%2Ffonds-risq.qc.ca%2Fen%2Fentreprise%2Fapi-enfance%2F\"><i class=\"tg-icon-google-plus\"><\/i><\/a><a class=\"tg-social-share tg-pinterest\" href=\"https:\/\/pinterest.com\/pin\/create\/button\/?url=https%3A%2F%2Ffonds-risq.qc.ca%2Fen%2Fentreprise%2Fapi-enfance%2F&#038;description=API%20Enfance&#038;media=https%3A%2F%2Ffonds-risq.qc.ca%2Fwp-content%2Fuploads%2F2021%2F10%2FApi-ENfance-2.jpg\"><i class=\"tg-icon-pinterest\"><\/i><\/a><\/div><\/div><\/div><div class=\"tg-item-content-holder tg-light image-format\" style=\"background-color:#ee4224\"><span class=\"tg-item-date\">26 October 2021<\/span><h2 class=\"tg-item-title\"><a href=\"https:\/\/fonds-risq.qc.ca\/en\/entreprise\/api-enfance\/\" target=\"_self\">API Enfance<\/a><\/h2><span class=\"tg-cats-holder\"><a class=\"filtres_des_entreprises\" href=\"https:\/\/fonds-risq.qc.ca\/en\/filtres_des_entreprises\/2021-en\/\" rel=\"category\" data-term-id=\"245\"><span class=\"tg-item-term\" >2021<\/span><\/a><span>, <\/span><a class=\"filtres_des_entreprises\" href=\"https:\/\/fonds-risq.qc.ca\/en\/filtres_des_entreprises\/assistance-sociale-en\/\" rel=\"category\" data-term-id=\"197\"><span class=\"tg-item-term\" >Assistance sociale<\/span><\/a><span>, <\/span><a class=\"filtres_des_entreprises\" href=\"https:\/\/fonds-risq.qc.ca\/en\/filtres_des_entreprises\/capitale-nationale-en\/\" rel=\"category\" data-term-id=\"130\"><span class=\"tg-item-term\" >Capitale-Nationale<\/span><\/a><span>, <\/span><a class=\"filtres_des_entreprises\" href=\"https:\/\/fonds-risq.qc.ca\/en\/filtres_des_entreprises\/npo\/\" rel=\"category\" data-term-id=\"150\"><span class=\"tg-item-term\" >NPO<\/span><\/a><span>, <\/span><a class=\"filtres_des_entreprises\" href=\"https:\/\/fonds-risq.qc.ca\/en\/filtres_des_entreprises\/pre-startup-loan\/\" rel=\"category\" data-term-id=\"147\"><span class=\"tg-item-term\" >Pre-startup loan<\/span><\/a><\/span><div class=\"tg-item-footer\"><a class=\"tg-item-comment\" href=\"https:\/\/fonds-risq.qc.ca\/en\/entreprise\/api-enfance\/\"  target=\"_self\">No comment<\/a><span class=\"no-ajaxy to-post-like no-liked empty-heart\" data-post-id=\"13640\" title=\"Like\"><span class=\"to-heart-icon\"><svg xmlns=\"http:\/\/www.w3.org\/2000\/svg\" version=\"1.1\" viewBox=\"0 0 64 64\"><g transform=\"translate(0, 0)\"><path stroke-width=\"6\" stroke-linecap=\"square\" stroke-miterlimit=\"10\" d=\"M1,21c0,20,31,38,31,38s31-18,31-38 c0-8.285-6-16-15-16c-8.285,0-16,5.715-16,14c0-8.285-7.715-14-16-14C7,5,1,12.715,1,21z\"><\/path><\/g><\/svg><\/span><span class=\"to-like-count\">0<\/span><\/span><\/div><\/div><\/div><\/article><!-- The Grid item #203 --><article class=\"tg-item tg-post-13626 kampala f245 f151 f127 f137 f146\" data-row=\"1\" data-col=\"1\"><div class=\"tg-item-inner\"><div class=\"tg-item-media-holder tg-light\"><div class=\"tg-item-media-inner\"><img decoding=\"async\" class=\"tg-item-image\" alt=\"\" width=\"1319\" height=\"743\" src=\"https:\/\/fonds-risq.qc.ca\/wp-content\/uploads\/2021\/10\/Val-Horizon-1.jpg\"><\/div><div class=\"tg-center-holder\"><div class=\"tg-center-inner\"><div class=\"tg-item-overlay\"><\/div><a class=\"tg-link-button\" href=\"https:\/\/fonds-risq.qc.ca\/en\/entreprise\/cooperative-de-solidarite-val-horizon\/\" target=\"_self\"><i class=\"tg-icon-link\"><\/i><\/a><\/div><\/div><div class=\"tg-item-decoration\"><div class=\"triangle-down-right\" style=\"border-color:#b7c634\"><\/div><\/div><div class=\"tg-item-share-holder\"><div class=\"triangle-up-left\" style=\"border-color:rgba(22,22,22,0.65)\"><\/div><i class=\"tg-icon-reply\" style=\"color:#ffffff\"><\/i><div class=\"tg-share-icons\"><a class=\"tg-social-share tg-facebook\" href=\"https:\/\/www.facebook.com\/sharer.php?u=https%3A%2F%2Ffonds-risq.qc.ca%2Fen%2Fentreprise%2Fcooperative-de-solidarite-val-horizon%2F&#038;t=Coop%C3%A9rative%20de%20solidarit%C3%A9%20Val-Horizon\"><i class=\"tg-icon-facebook\"><\/i><\/a><a class=\"tg-social-share tg-twitter\" href=\"https:\/\/twitter.com\/share?url=https%3A%2F%2Ffonds-risq.qc.ca%2Fen%2Fentreprise%2Fcooperative-de-solidarite-val-horizon%2F&#038;text=Coop%C3%A9rative%20de%20solidarit%C3%A9%20Val-Horizon\"><i class=\"tg-icon-twitter\"><\/i><\/a><a class=\"tg-social-share tg-google-plus\" href=\"https:\/\/plus.google.com\/share?url=https%3A%2F%2Ffonds-risq.qc.ca%2Fen%2Fentreprise%2Fcooperative-de-solidarite-val-horizon%2F\"><i class=\"tg-icon-google-plus\"><\/i><\/a><a class=\"tg-social-share tg-pinterest\" href=\"https:\/\/pinterest.com\/pin\/create\/button\/?url=https%3A%2F%2Ffonds-risq.qc.ca%2Fen%2Fentreprise%2Fcooperative-de-solidarite-val-horizon%2F&#038;description=Coop%C3%A9rative%20de%20solidarit%C3%A9%20Val-Horizon&#038;media=https%3A%2F%2Ffonds-risq.qc.ca%2Fwp-content%2Fuploads%2F2021%2F10%2FVal-Horizon-1.jpg\"><i class=\"tg-icon-pinterest\"><\/i><\/a><\/div><\/div><\/div><div class=\"tg-item-content-holder tg-light image-format\" style=\"background-color:#b7c634\"><span class=\"tg-item-date\">25 October 2021<\/span><h2 class=\"tg-item-title\"><a href=\"https:\/\/fonds-risq.qc.ca\/en\/entreprise\/cooperative-de-solidarite-val-horizon\/\" target=\"_self\">Coop\u00e9rative de solidarit\u00e9 Val-Horizon<\/a><\/h2><span class=\"tg-cats-holder\"><a class=\"filtres_des_entreprises\" href=\"https:\/\/fonds-risq.qc.ca\/en\/filtres_des_entreprises\/2021-en\/\" rel=\"category\" data-term-id=\"245\"><span class=\"tg-item-term\" >2021<\/span><\/a><span>, <\/span><a class=\"filtres_des_entreprises\" href=\"https:\/\/fonds-risq.qc.ca\/en\/filtres_des_entreprises\/coop-en\/\" rel=\"category\" data-term-id=\"151\"><span class=\"tg-item-term\" >COOP<\/span><\/a><span>, <\/span><a class=\"filtres_des_entreprises\" href=\"https:\/\/fonds-risq.qc.ca\/en\/filtres_des_entreprises\/estrie-en\/\" rel=\"category\" data-term-id=\"127\"><span class=\"tg-item-term\" >Estrie<\/span><\/a><span>, <\/span><a class=\"filtres_des_entreprises\" href=\"https:\/\/fonds-risq.qc.ca\/en\/filtres_des_entreprises\/retail-business\/\" rel=\"category\" data-term-id=\"137\"><span class=\"tg-item-term\" >Retail business<\/span><\/a><span>, <\/span><a class=\"filtres_des_entreprises\" href=\"https:\/\/fonds-risq.qc.ca\/en\/filtres_des_entreprises\/pret-pour-aide-technique-en\/\" rel=\"category\" data-term-id=\"146\"><span class=\"tg-item-term\" >Technical assistance loan<\/span><\/a><\/span><div class=\"tg-item-footer\"><a class=\"tg-item-comment\" href=\"https:\/\/fonds-risq.qc.ca\/en\/entreprise\/cooperative-de-solidarite-val-horizon\/\"  target=\"_self\">No comment<\/a><span class=\"no-ajaxy to-post-like no-liked empty-heart\" data-post-id=\"13626\" title=\"Like\"><span class=\"to-heart-icon\"><svg xmlns=\"http:\/\/www.w3.org\/2000\/svg\" version=\"1.1\" viewBox=\"0 0 64 64\"><g transform=\"translate(0, 0)\"><path stroke-width=\"6\" stroke-linecap=\"square\" stroke-miterlimit=\"10\" d=\"M1,21c0,20,31,38,31,38s31-18,31-38 c0-8.285-6-16-15-16c-8.285,0-16,5.715-16,14c0-8.285-7.715-14-16-14C7,5,1,12.715,1,21z\"><\/path><\/g><\/svg><\/span><span class=\"to-like-count\">0<\/span><\/span><\/div><\/div><\/div><\/article><!-- The Grid item #204 --><article class=\"tg-item tg-post-13589 kampala f245 f148 f172 f151 f165 f193\" data-row=\"1\" data-col=\"1\"><div class=\"tg-item-inner\"><div class=\"tg-item-media-holder tg-light\"><div class=\"tg-item-media-inner\"><img decoding=\"async\" class=\"tg-item-image\" alt=\"\" width=\"1200\" height=\"800\" src=\"https:\/\/fonds-risq.qc.ca\/wp-content\/uploads\/2021\/09\/Photo-coop-TV-Fermont.jpg\"><\/div><div class=\"tg-center-holder\"><div class=\"tg-center-inner\"><div class=\"tg-item-overlay\"><\/div><a class=\"tg-link-button\" href=\"https:\/\/fonds-risq.qc.ca\/en\/entreprise\/cooperative-de-la-television-communautaire-de-fermont\/\" target=\"_self\"><i class=\"tg-icon-link\"><\/i><\/a><\/div><\/div><div class=\"tg-item-decoration\"><div class=\"triangle-down-right\" style=\"border-color:#0097c8\"><\/div><\/div><div class=\"tg-item-share-holder\"><div class=\"triangle-up-left\" style=\"border-color:rgba(22,22,22,0.65)\"><\/div><i class=\"tg-icon-reply\" style=\"color:#ffffff\"><\/i><div class=\"tg-share-icons\"><a class=\"tg-social-share tg-facebook\" href=\"https:\/\/www.facebook.com\/sharer.php?u=https%3A%2F%2Ffonds-risq.qc.ca%2Fen%2Fentreprise%2Fcooperative-de-la-television-communautaire-de-fermont%2F&#038;t=Coop%C3%A9rative%20de%20la%20t%C3%A9l%C3%A9vision%20communautaire%20de%20Fermont\"><i class=\"tg-icon-facebook\"><\/i><\/a><a class=\"tg-social-share tg-twitter\" href=\"https:\/\/twitter.com\/share?url=https%3A%2F%2Ffonds-risq.qc.ca%2Fen%2Fentreprise%2Fcooperative-de-la-television-communautaire-de-fermont%2F&#038;text=Coop%C3%A9rative%20de%20la%20t%C3%A9l%C3%A9vision%20communautaire%20de%20Fermont\"><i class=\"tg-icon-twitter\"><\/i><\/a><a class=\"tg-social-share tg-google-plus\" href=\"https:\/\/plus.google.com\/share?url=https%3A%2F%2Ffonds-risq.qc.ca%2Fen%2Fentreprise%2Fcooperative-de-la-television-communautaire-de-fermont%2F\"><i class=\"tg-icon-google-plus\"><\/i><\/a><a class=\"tg-social-share tg-pinterest\" href=\"https:\/\/pinterest.com\/pin\/create\/button\/?url=https%3A%2F%2Ffonds-risq.qc.ca%2Fen%2Fentreprise%2Fcooperative-de-la-television-communautaire-de-fermont%2F&#038;description=Coop%C3%A9rative%20de%20la%20t%C3%A9l%C3%A9vision%20communautaire%20de%20Fermont&#038;media=https%3A%2F%2Ffonds-risq.qc.ca%2Fwp-content%2Fuploads%2F2021%2F09%2FPhoto-coop-TV-Fermont.jpg\"><i class=\"tg-icon-pinterest\"><\/i><\/a><\/div><\/div><\/div><div class=\"tg-item-content-holder tg-light image-format\" style=\"background-color:#0097c8\"><span class=\"tg-item-date\">29 September 2021<\/span><h2 class=\"tg-item-title\"><a href=\"https:\/\/fonds-risq.qc.ca\/en\/entreprise\/cooperative-de-la-television-communautaire-de-fermont\/\" target=\"_self\">Coop\u00e9rative de la t\u00e9l\u00e9vision communautaire de Fermont<\/a><\/h2><span class=\"tg-cats-holder\"><a class=\"filtres_des_entreprises\" href=\"https:\/\/fonds-risq.qc.ca\/en\/filtres_des_entreprises\/2021-en\/\" rel=\"category\" data-term-id=\"245\"><span class=\"tg-item-term\" >2021<\/span><\/a><span>, <\/span><a class=\"filtres_des_entreprises\" href=\"https:\/\/fonds-risq.qc.ca\/en\/filtres_des_entreprises\/capitalization-loan\/\" rel=\"category\" data-term-id=\"148\"><span class=\"tg-item-term\" >Capitalization loan<\/span><\/a><span>, <\/span><a class=\"filtres_des_entreprises\" href=\"https:\/\/fonds-risq.qc.ca\/en\/filtres_des_entreprises\/community-media\/\" rel=\"category\" data-term-id=\"172\"><span class=\"tg-item-term\" >Community Media<\/span><\/a><span>, <\/span><a class=\"filtres_des_entreprises\" href=\"https:\/\/fonds-risq.qc.ca\/en\/filtres_des_entreprises\/coop-en\/\" rel=\"category\" data-term-id=\"151\"><span class=\"tg-item-term\" >COOP<\/span><\/a><span>, <\/span><a class=\"filtres_des_entreprises\" href=\"https:\/\/fonds-risq.qc.ca\/en\/filtres_des_entreprises\/cote-nord-en\/\" rel=\"category\" data-term-id=\"165\"><span class=\"tg-item-term\" >C\u00f4te-Nord<\/span><\/a><span>, <\/span><a class=\"filtres_des_entreprises\" href=\"https:\/\/fonds-risq.qc.ca\/en\/filtres_des_entreprises\/services-de-telecommunication-en\/\" rel=\"category\" data-term-id=\"193\"><span class=\"tg-item-term\" >Services de t\u00e9l\u00e9communication<\/span><\/a><\/span><div class=\"tg-item-footer\"><a class=\"tg-item-comment\" href=\"https:\/\/fonds-risq.qc.ca\/en\/entreprise\/cooperative-de-la-television-communautaire-de-fermont\/\"  target=\"_self\">No comment<\/a><span class=\"no-ajaxy to-post-like no-liked empty-heart\" data-post-id=\"13589\" title=\"Like\"><span class=\"to-heart-icon\"><svg xmlns=\"http:\/\/www.w3.org\/2000\/svg\" version=\"1.1\" viewBox=\"0 0 64 64\"><g transform=\"translate(0, 0)\"><path stroke-width=\"6\" stroke-linecap=\"square\" stroke-miterlimit=\"10\" d=\"M1,21c0,20,31,38,31,38s31-18,31-38 c0-8.285-6-16-15-16c-8.285,0-16,5.715-16,14c0-8.285-7.715-14-16-14C7,5,1,12.715,1,21z\"><\/path><\/g><\/svg><\/span><span class=\"to-like-count\">0<\/span><\/span><\/div><\/div><\/div><\/article><!-- The Grid item #205 --><article class=\"tg-item tg-post-13588 kampala f245 f151 f166 f144 f147\" data-row=\"1\" data-col=\"1\"><div class=\"tg-item-inner\"><div class=\"tg-item-media-holder tg-light\"><div class=\"tg-item-media-inner\"><img decoding=\"async\" class=\"tg-item-image\" alt=\"\" width=\"530\" height=\"330\" src=\"https:\/\/fonds-risq.qc.ca\/wp-content\/uploads\/2021\/09\/MSP.2.jpg\"><\/div><div class=\"tg-center-holder\"><div class=\"tg-center-inner\"><div class=\"tg-item-overlay\"><\/div><a class=\"tg-link-button\" href=\"https:\/\/fonds-risq.qc.ca\/en\/entreprise\/coop-de-solidarite-du-mont-st-pierre\/\" target=\"_self\"><i class=\"tg-icon-link\"><\/i><\/a><\/div><\/div><div class=\"tg-item-decoration\"><div class=\"triangle-down-right\" style=\"border-color:#ee4224\"><\/div><\/div><div class=\"tg-item-share-holder\"><div class=\"triangle-up-left\" style=\"border-color:rgba(22,22,22,0.65)\"><\/div><i class=\"tg-icon-reply\" style=\"color:#ffffff\"><\/i><div class=\"tg-share-icons\"><a class=\"tg-social-share tg-facebook\" href=\"https:\/\/www.facebook.com\/sharer.php?u=https%3A%2F%2Ffonds-risq.qc.ca%2Fen%2Fentreprise%2Fcoop-de-solidarite-du-mont-st-pierre%2F&#038;t=Coop%20de%20solidarit%C3%A9%20du%20Mont%20St-Pierre\"><i class=\"tg-icon-facebook\"><\/i><\/a><a class=\"tg-social-share tg-twitter\" href=\"https:\/\/twitter.com\/share?url=https%3A%2F%2Ffonds-risq.qc.ca%2Fen%2Fentreprise%2Fcoop-de-solidarite-du-mont-st-pierre%2F&#038;text=Coop%20de%20solidarit%C3%A9%20du%20Mont%20St-Pierre\"><i class=\"tg-icon-twitter\"><\/i><\/a><a class=\"tg-social-share tg-google-plus\" href=\"https:\/\/plus.google.com\/share?url=https%3A%2F%2Ffonds-risq.qc.ca%2Fen%2Fentreprise%2Fcoop-de-solidarite-du-mont-st-pierre%2F\"><i class=\"tg-icon-google-plus\"><\/i><\/a><a class=\"tg-social-share tg-pinterest\" href=\"https:\/\/pinterest.com\/pin\/create\/button\/?url=https%3A%2F%2Ffonds-risq.qc.ca%2Fen%2Fentreprise%2Fcoop-de-solidarite-du-mont-st-pierre%2F&#038;description=Coop%20de%20solidarit%C3%A9%20du%20Mont%20St-Pierre&#038;media=https%3A%2F%2Ffonds-risq.qc.ca%2Fwp-content%2Fuploads%2F2021%2F09%2FMSP.2.jpg\"><i class=\"tg-icon-pinterest\"><\/i><\/a><\/div><\/div><\/div><div class=\"tg-item-content-holder tg-light image-format\" style=\"background-color:#ee4224\"><span class=\"tg-item-date\">23 September 2021<\/span><h2 class=\"tg-item-title\"><a href=\"https:\/\/fonds-risq.qc.ca\/en\/entreprise\/coop-de-solidarite-du-mont-st-pierre\/\" target=\"_self\">Coop de solidarit\u00e9 du Mont St-Pierre<\/a><\/h2><span class=\"tg-cats-holder\"><a class=\"filtres_des_entreprises\" href=\"https:\/\/fonds-risq.qc.ca\/en\/filtres_des_entreprises\/2021-en\/\" rel=\"category\" data-term-id=\"245\"><span class=\"tg-item-term\" >2021<\/span><\/a><span>, <\/span><a class=\"filtres_des_entreprises\" href=\"https:\/\/fonds-risq.qc.ca\/en\/filtres_des_entreprises\/coop-en\/\" rel=\"category\" data-term-id=\"151\"><span class=\"tg-item-term\" >COOP<\/span><\/a><span>, <\/span><a class=\"filtres_des_entreprises\" href=\"https:\/\/fonds-risq.qc.ca\/en\/filtres_des_entreprises\/gaspesie-iles-de-la-madeleine-en\/\" rel=\"category\" data-term-id=\"166\"><span class=\"tg-item-term\" >Gasp\u00e9sie-\u00celes-de-la-Madeleine<\/span><\/a><span>, <\/span><a class=\"filtres_des_entreprises\" href=\"https:\/\/fonds-risq.qc.ca\/en\/filtres_des_entreprises\/leisure-tourism\/\" rel=\"category\" data-term-id=\"144\"><span class=\"tg-item-term\" >Leisure \/ Tourism<\/span><\/a><span>, <\/span><a class=\"filtres_des_entreprises\" href=\"https:\/\/fonds-risq.qc.ca\/en\/filtres_des_entreprises\/pre-startup-loan\/\" rel=\"category\" data-term-id=\"147\"><span class=\"tg-item-term\" >Pre-startup loan<\/span><\/a><\/span><div class=\"tg-item-footer\"><a class=\"tg-item-comment\" href=\"https:\/\/fonds-risq.qc.ca\/en\/entreprise\/coop-de-solidarite-du-mont-st-pierre\/\"  target=\"_self\">No comment<\/a><span class=\"no-ajaxy to-post-like no-liked empty-heart\" data-post-id=\"13588\" title=\"Like\"><span class=\"to-heart-icon\"><svg xmlns=\"http:\/\/www.w3.org\/2000\/svg\" version=\"1.1\" viewBox=\"0 0 64 64\"><g transform=\"translate(0, 0)\"><path stroke-width=\"6\" stroke-linecap=\"square\" stroke-miterlimit=\"10\" d=\"M1,21c0,20,31,38,31,38s31-18,31-38 c0-8.285-6-16-15-16c-8.285,0-16,5.715-16,14c0-8.285-7.715-14-16-14C7,5,1,12.715,1,21z\"><\/path><\/g><\/svg><\/span><span class=\"to-like-count\">0<\/span><\/span><\/div><\/div><\/div><\/article><!-- The Grid item #206 --><article class=\"tg-item tg-post-13506 kampala f245 f130 f148 f151 f190 f137\" data-row=\"1\" data-col=\"1\"><div class=\"tg-item-inner\"><div class=\"tg-item-media-holder tg-light\"><div class=\"tg-item-media-inner\"><img decoding=\"async\" class=\"tg-item-image\" alt=\"\" width=\"1120\" height=\"2015\" src=\"https:\/\/fonds-risq.qc.ca\/wp-content\/uploads\/2021\/09\/AkhamCafe.jpg\"><\/div><div class=\"tg-center-holder\"><div class=\"tg-center-inner\"><div class=\"tg-item-overlay\"><\/div><a class=\"tg-link-button\" href=\"https:\/\/fonds-risq.qc.ca\/en\/entreprise\/arkham-cafe-coop\/\" target=\"_self\"><i class=\"tg-icon-link\"><\/i><\/a><\/div><\/div><div class=\"tg-item-decoration\"><div class=\"triangle-down-right\" style=\"border-color:#0097c8\"><\/div><\/div><div class=\"tg-item-share-holder\"><div class=\"triangle-up-left\" style=\"border-color:rgba(22,22,22,0.65)\"><\/div><i class=\"tg-icon-reply\" style=\"color:#ffffff\"><\/i><div class=\"tg-share-icons\"><a class=\"tg-social-share tg-facebook\" href=\"https:\/\/www.facebook.com\/sharer.php?u=https%3A%2F%2Ffonds-risq.qc.ca%2Fen%2Fentreprise%2Farkham-cafe-coop%2F&#038;t=Arkham%20caf%C3%A9%20coop\"><i class=\"tg-icon-facebook\"><\/i><\/a><a class=\"tg-social-share tg-twitter\" href=\"https:\/\/twitter.com\/share?url=https%3A%2F%2Ffonds-risq.qc.ca%2Fen%2Fentreprise%2Farkham-cafe-coop%2F&#038;text=Arkham%20caf%C3%A9%20coop\"><i class=\"tg-icon-twitter\"><\/i><\/a><a class=\"tg-social-share tg-google-plus\" href=\"https:\/\/plus.google.com\/share?url=https%3A%2F%2Ffonds-risq.qc.ca%2Fen%2Fentreprise%2Farkham-cafe-coop%2F\"><i class=\"tg-icon-google-plus\"><\/i><\/a><a class=\"tg-social-share tg-pinterest\" href=\"https:\/\/pinterest.com\/pin\/create\/button\/?url=https%3A%2F%2Ffonds-risq.qc.ca%2Fen%2Fentreprise%2Farkham-cafe-coop%2F&#038;description=Arkham%20caf%C3%A9%20coop&#038;media=https%3A%2F%2Ffonds-risq.qc.ca%2Fwp-content%2Fuploads%2F2021%2F09%2FAkhamCafe.jpg\"><i class=\"tg-icon-pinterest\"><\/i><\/a><\/div><\/div><\/div><div class=\"tg-item-content-holder tg-light image-format\" style=\"background-color:#0097c8\"><span class=\"tg-item-date\">15 September 2021<\/span><h2 class=\"tg-item-title\"><a href=\"https:\/\/fonds-risq.qc.ca\/en\/entreprise\/arkham-cafe-coop\/\" target=\"_self\">Arkham caf\u00e9 coop<\/a><\/h2><span class=\"tg-cats-holder\"><a class=\"filtres_des_entreprises\" href=\"https:\/\/fonds-risq.qc.ca\/en\/filtres_des_entreprises\/2021-en\/\" rel=\"category\" data-term-id=\"245\"><span class=\"tg-item-term\" >2021<\/span><\/a><span>, <\/span><a class=\"filtres_des_entreprises\" href=\"https:\/\/fonds-risq.qc.ca\/en\/filtres_des_entreprises\/capitale-nationale-en\/\" rel=\"category\" data-term-id=\"130\"><span class=\"tg-item-term\" >Capitale-Nationale<\/span><\/a><span>, <\/span><a class=\"filtres_des_entreprises\" href=\"https:\/\/fonds-risq.qc.ca\/en\/filtres_des_entreprises\/capitalization-loan\/\" rel=\"category\" data-term-id=\"148\"><span class=\"tg-item-term\" >Capitalization loan<\/span><\/a><span>, <\/span><a class=\"filtres_des_entreprises\" href=\"https:\/\/fonds-risq.qc.ca\/en\/filtres_des_entreprises\/coop-en\/\" rel=\"category\" data-term-id=\"151\"><span class=\"tg-item-term\" >COOP<\/span><\/a><span>, <\/span><a class=\"filtres_des_entreprises\" href=\"https:\/\/fonds-risq.qc.ca\/en\/filtres_des_entreprises\/loisirs-divertissement-en\/\" rel=\"category\" data-term-id=\"190\"><span class=\"tg-item-term\" >Loisirs-Divertissement<\/span><\/a><span>, <\/span><a class=\"filtres_des_entreprises\" href=\"https:\/\/fonds-risq.qc.ca\/en\/filtres_des_entreprises\/retail-business\/\" rel=\"category\" data-term-id=\"137\"><span class=\"tg-item-term\" >Retail business<\/span><\/a><\/span><div class=\"tg-item-footer\"><a class=\"tg-item-comment\" href=\"https:\/\/fonds-risq.qc.ca\/en\/entreprise\/arkham-cafe-coop\/\"  target=\"_self\">No comment<\/a><span class=\"no-ajaxy to-post-like no-liked empty-heart\" data-post-id=\"13506\" title=\"Like\"><span class=\"to-heart-icon\"><svg xmlns=\"http:\/\/www.w3.org\/2000\/svg\" version=\"1.1\" viewBox=\"0 0 64 64\"><g transform=\"translate(0, 0)\"><path stroke-width=\"6\" stroke-linecap=\"square\" stroke-miterlimit=\"10\" d=\"M1,21c0,20,31,38,31,38s31-18,31-38 c0-8.285-6-16-15-16c-8.285,0-16,5.715-16,14c0-8.285-7.715-14-16-14C7,5,1,12.715,1,21z\"><\/path><\/g><\/svg><\/span><span class=\"to-like-count\">0<\/span><\/span><\/div><\/div><\/div><\/article><!-- The Grid item #207 --><article class=\"tg-item tg-post-13492 kampala f245 f151 f128 f137 f146\" data-row=\"1\" data-col=\"1\"><div class=\"tg-item-inner\"><div class=\"tg-item-media-holder tg-light\"><div class=\"tg-item-media-inner\"><img decoding=\"async\" class=\"tg-item-image\" alt=\"\" width=\"1140\" height=\"501\" src=\"https:\/\/fonds-risq.qc.ca\/wp-content\/uploads\/2021\/09\/Fraise-Rhubarbe-Saint-Henri.jpg\"><\/div><div class=\"tg-center-holder\"><div class=\"tg-center-inner\"><div class=\"tg-item-overlay\"><\/div><a class=\"tg-link-button\" href=\"https:\/\/fonds-risq.qc.ca\/en\/entreprise\/epicerie-fraise-rhubarbe\/\" target=\"_self\"><i class=\"tg-icon-link\"><\/i><\/a><\/div><\/div><div class=\"tg-item-decoration\"><div class=\"triangle-down-right\" style=\"border-color:#b7c634\"><\/div><\/div><div class=\"tg-item-share-holder\"><div class=\"triangle-up-left\" style=\"border-color:rgba(22,22,22,0.65)\"><\/div><i class=\"tg-icon-reply\" style=\"color:#ffffff\"><\/i><div class=\"tg-share-icons\"><a class=\"tg-social-share tg-facebook\" href=\"https:\/\/www.facebook.com\/sharer.php?u=https%3A%2F%2Ffonds-risq.qc.ca%2Fen%2Fentreprise%2Fepicerie-fraise-rhubarbe%2F&#038;t=%C3%89picerie%20Fraise%20Rhubarbe\"><i class=\"tg-icon-facebook\"><\/i><\/a><a class=\"tg-social-share tg-twitter\" href=\"https:\/\/twitter.com\/share?url=https%3A%2F%2Ffonds-risq.qc.ca%2Fen%2Fentreprise%2Fepicerie-fraise-rhubarbe%2F&#038;text=%C3%89picerie%20Fraise%20Rhubarbe\"><i class=\"tg-icon-twitter\"><\/i><\/a><a class=\"tg-social-share tg-google-plus\" href=\"https:\/\/plus.google.com\/share?url=https%3A%2F%2Ffonds-risq.qc.ca%2Fen%2Fentreprise%2Fepicerie-fraise-rhubarbe%2F\"><i class=\"tg-icon-google-plus\"><\/i><\/a><a class=\"tg-social-share tg-pinterest\" href=\"https:\/\/pinterest.com\/pin\/create\/button\/?url=https%3A%2F%2Ffonds-risq.qc.ca%2Fen%2Fentreprise%2Fepicerie-fraise-rhubarbe%2F&#038;description=%C3%89picerie%20Fraise%20Rhubarbe&#038;media=https%3A%2F%2Ffonds-risq.qc.ca%2Fwp-content%2Fuploads%2F2021%2F09%2FFraise-Rhubarbe-Saint-Henri.jpg\"><i class=\"tg-icon-pinterest\"><\/i><\/a><\/div><\/div><\/div><div class=\"tg-item-content-holder tg-light image-format\" style=\"background-color:#b7c634\"><span class=\"tg-item-date\">15 September 2021<\/span><h2 class=\"tg-item-title\"><a href=\"https:\/\/fonds-risq.qc.ca\/en\/entreprise\/epicerie-fraise-rhubarbe\/\" target=\"_self\">\u00c9picerie Fraise Rhubarbe<\/a><\/h2><span class=\"tg-cats-holder\"><a class=\"filtres_des_entreprises\" href=\"https:\/\/fonds-risq.qc.ca\/en\/filtres_des_entreprises\/2021-en\/\" rel=\"category\" data-term-id=\"245\"><span class=\"tg-item-term\" >2021<\/span><\/a><span>, <\/span><a class=\"filtres_des_entreprises\" href=\"https:\/\/fonds-risq.qc.ca\/en\/filtres_des_entreprises\/coop-en\/\" rel=\"category\" data-term-id=\"151\"><span class=\"tg-item-term\" >COOP<\/span><\/a><span>, <\/span><a class=\"filtres_des_entreprises\" href=\"https:\/\/fonds-risq.qc.ca\/en\/filtres_des_entreprises\/montreal-en\/\" rel=\"category\" data-term-id=\"128\"><span class=\"tg-item-term\" >Montr\u00e9al<\/span><\/a><span>, <\/span><a class=\"filtres_des_entreprises\" href=\"https:\/\/fonds-risq.qc.ca\/en\/filtres_des_entreprises\/retail-business\/\" rel=\"category\" data-term-id=\"137\"><span class=\"tg-item-term\" >Retail business<\/span><\/a><span>, <\/span><a class=\"filtres_des_entreprises\" href=\"https:\/\/fonds-risq.qc.ca\/en\/filtres_des_entreprises\/pret-pour-aide-technique-en\/\" rel=\"category\" data-term-id=\"146\"><span class=\"tg-item-term\" >Technical assistance loan<\/span><\/a><\/span><div class=\"tg-item-footer\"><a class=\"tg-item-comment\" href=\"https:\/\/fonds-risq.qc.ca\/en\/entreprise\/epicerie-fraise-rhubarbe\/\"  target=\"_self\">No comment<\/a><span class=\"no-ajaxy to-post-like no-liked empty-heart\" data-post-id=\"13492\" title=\"Like\"><span class=\"to-heart-icon\"><svg xmlns=\"http:\/\/www.w3.org\/2000\/svg\" version=\"1.1\" viewBox=\"0 0 64 64\"><g transform=\"translate(0, 0)\"><path stroke-width=\"6\" stroke-linecap=\"square\" stroke-miterlimit=\"10\" d=\"M1,21c0,20,31,38,31,38s31-18,31-38 c0-8.285-6-16-15-16c-8.285,0-16,5.715-16,14c0-8.285-7.715-14-16-14C7,5,1,12.715,1,21z\"><\/path><\/g><\/svg><\/span><span class=\"to-like-count\">0<\/span><\/span><\/div><\/div><\/div><\/article><!-- The Grid item #208 --><article class=\"tg-item tg-post-13590 kampala f245 f248 f128 f150 f158\" data-row=\"1\" data-col=\"1\"><div class=\"tg-item-inner\"><div class=\"tg-item-media-holder tg-light\"><div class=\"tg-item-media-inner\"><img decoding=\"async\" class=\"tg-item-image\" alt=\"\" width=\"400\" height=\"250\" src=\"https:\/\/fonds-risq.qc.ca\/wp-content\/uploads\/2021\/07\/Groupepart1.jpg\"><\/div><div class=\"tg-center-holder\"><div class=\"tg-center-inner\"><div class=\"tg-item-overlay\"><\/div><a class=\"tg-link-button\" href=\"https:\/\/fonds-risq.qc.ca\/en\/entreprise\/part-du-chef\/\" target=\"_self\"><i class=\"tg-icon-link\"><\/i><\/a><\/div><\/div><div class=\"tg-item-decoration\"><div class=\"triangle-down-right\" style=\"border-color:#fdd304\"><\/div><\/div><div class=\"tg-item-share-holder\"><div class=\"triangle-up-left\" style=\"border-color:rgba(22,22,22,0.65)\"><\/div><i class=\"tg-icon-reply\" style=\"color:#ffffff\"><\/i><div class=\"tg-share-icons\"><a class=\"tg-social-share tg-facebook\" href=\"https:\/\/www.facebook.com\/sharer.php?u=https%3A%2F%2Ffonds-risq.qc.ca%2Fen%2Fentreprise%2Fpart-du-chef%2F&#038;t=Part%20du%20chef\"><i class=\"tg-icon-facebook\"><\/i><\/a><a class=\"tg-social-share tg-twitter\" href=\"https:\/\/twitter.com\/share?url=https%3A%2F%2Ffonds-risq.qc.ca%2Fen%2Fentreprise%2Fpart-du-chef%2F&#038;text=Part%20du%20chef\"><i class=\"tg-icon-twitter\"><\/i><\/a><a class=\"tg-social-share tg-google-plus\" href=\"https:\/\/plus.google.com\/share?url=https%3A%2F%2Ffonds-risq.qc.ca%2Fen%2Fentreprise%2Fpart-du-chef%2F\"><i class=\"tg-icon-google-plus\"><\/i><\/a><a class=\"tg-social-share tg-pinterest\" href=\"https:\/\/pinterest.com\/pin\/create\/button\/?url=https%3A%2F%2Ffonds-risq.qc.ca%2Fen%2Fentreprise%2Fpart-du-chef%2F&#038;description=Part%20du%20chef&#038;media=https%3A%2F%2Ffonds-risq.qc.ca%2Fwp-content%2Fuploads%2F2021%2F07%2FGroupepart1.jpg\"><i class=\"tg-icon-pinterest\"><\/i><\/a><\/div><\/div><\/div><div class=\"tg-item-content-holder tg-light image-format\" style=\"background-color:#fdd304\"><span class=\"tg-item-date\">20 July 2021<\/span><h2 class=\"tg-item-title\"><a href=\"https:\/\/fonds-risq.qc.ca\/en\/entreprise\/part-du-chef\/\" target=\"_self\">Part du chef<\/a><\/h2><span class=\"tg-cats-holder\"><a class=\"filtres_des_entreprises\" href=\"https:\/\/fonds-risq.qc.ca\/en\/filtres_des_entreprises\/2021-en\/\" rel=\"category\" data-term-id=\"245\"><span class=\"tg-item-term\" >2021<\/span><\/a><span>, <\/span><a class=\"filtres_des_entreprises\" href=\"https:\/\/fonds-risq.qc.ca\/en\/filtres_des_entreprises\/fonds-transition-en\/\" rel=\"category\" data-term-id=\"248\"><span class=\"tg-item-term\" >Fonds Transition<\/span><\/a><span>, <\/span><a class=\"filtres_des_entreprises\" href=\"https:\/\/fonds-risq.qc.ca\/en\/filtres_des_entreprises\/montreal-en\/\" rel=\"category\" data-term-id=\"128\"><span class=\"tg-item-term\" >Montr\u00e9al<\/span><\/a><span>, <\/span><a class=\"filtres_des_entreprises\" href=\"https:\/\/fonds-risq.qc.ca\/en\/filtres_des_entreprises\/npo\/\" rel=\"category\" data-term-id=\"150\"><span class=\"tg-item-term\" >NPO<\/span><\/a><span>, <\/span><a class=\"filtres_des_entreprises\" href=\"https:\/\/fonds-risq.qc.ca\/en\/filtres_des_entreprises\/restaurant\/\" rel=\"category\" data-term-id=\"158\"><span class=\"tg-item-term\" >Restaurant<\/span><\/a><\/span><div class=\"tg-item-footer\"><a class=\"tg-item-comment\" href=\"https:\/\/fonds-risq.qc.ca\/en\/entreprise\/part-du-chef\/\"  target=\"_self\">No comment<\/a><span class=\"no-ajaxy to-post-like no-liked empty-heart\" data-post-id=\"13590\" title=\"Like\"><span class=\"to-heart-icon\"><svg xmlns=\"http:\/\/www.w3.org\/2000\/svg\" version=\"1.1\" viewBox=\"0 0 64 64\"><g transform=\"translate(0, 0)\"><path stroke-width=\"6\" stroke-linecap=\"square\" stroke-miterlimit=\"10\" d=\"M1,21c0,20,31,38,31,38s31-18,31-38 c0-8.285-6-16-15-16c-8.285,0-16,5.715-16,14c0-8.285-7.715-14-16-14C7,5,1,12.715,1,21z\"><\/path><\/g><\/svg><\/span><span class=\"to-like-count\">0<\/span><\/span><\/div><\/div><\/div><\/article><!-- The Grid item #209 --><article class=\"tg-item tg-post-13591 kampala f226 f148 f228 f128 f150\" data-row=\"1\" data-col=\"1\"><div class=\"tg-item-inner\"><div class=\"tg-item-media-holder tg-light\"><div class=\"tg-item-media-inner\"><img decoding=\"async\" class=\"tg-item-image\" alt=\"\" width=\"820\" height=\"360\" src=\"https:\/\/fonds-risq.qc.ca\/wp-content\/uploads\/2021\/03\/innova-2.jpg\"><\/div><div class=\"tg-center-holder\"><div class=\"tg-center-inner\"><div class=\"tg-item-overlay\"><\/div><a class=\"tg-link-button\" href=\"https:\/\/fonds-risq.qc.ca\/en\/entreprise\/entreprise-sociale-en-sante-mentale-2\/\" target=\"_self\"><i class=\"tg-icon-link\"><\/i><\/a><\/div><\/div><div class=\"tg-item-decoration\"><div class=\"triangle-down-right\" style=\"border-color:#0097c8\"><\/div><\/div><div class=\"tg-item-share-holder\"><div class=\"triangle-up-left\" style=\"border-color:rgba(22,22,22,0.65)\"><\/div><i class=\"tg-icon-reply\" style=\"color:#ffffff\"><\/i><div class=\"tg-share-icons\"><a class=\"tg-social-share tg-facebook\" href=\"https:\/\/www.facebook.com\/sharer.php?u=https%3A%2F%2Ffonds-risq.qc.ca%2Fen%2Fentreprise%2Fentreprise-sociale-en-sante-mentale-2%2F&#038;t=Entreprise%20sociale%20en%20sant%C3%A9%20mentale\"><i class=\"tg-icon-facebook\"><\/i><\/a><a class=\"tg-social-share tg-twitter\" href=\"https:\/\/twitter.com\/share?url=https%3A%2F%2Ffonds-risq.qc.ca%2Fen%2Fentreprise%2Fentreprise-sociale-en-sante-mentale-2%2F&#038;text=Entreprise%20sociale%20en%20sant%C3%A9%20mentale\"><i class=\"tg-icon-twitter\"><\/i><\/a><a class=\"tg-social-share tg-google-plus\" href=\"https:\/\/plus.google.com\/share?url=https%3A%2F%2Ffonds-risq.qc.ca%2Fen%2Fentreprise%2Fentreprise-sociale-en-sante-mentale-2%2F\"><i class=\"tg-icon-google-plus\"><\/i><\/a><a class=\"tg-social-share tg-pinterest\" href=\"https:\/\/pinterest.com\/pin\/create\/button\/?url=https%3A%2F%2Ffonds-risq.qc.ca%2Fen%2Fentreprise%2Fentreprise-sociale-en-sante-mentale-2%2F&#038;description=Entreprise%20sociale%20en%20sant%C3%A9%20mentale&#038;media=https%3A%2F%2Ffonds-risq.qc.ca%2Fwp-content%2Fuploads%2F2021%2F03%2Finnova-2.jpg\"><i class=\"tg-icon-pinterest\"><\/i><\/a><\/div><\/div><\/div><div class=\"tg-item-content-holder tg-light image-format\" style=\"background-color:#0097c8\"><span class=\"tg-item-date\">28 March 2021<\/span><h2 class=\"tg-item-title\"><a href=\"https:\/\/fonds-risq.qc.ca\/en\/entreprise\/entreprise-sociale-en-sante-mentale-2\/\" target=\"_self\">Entreprise sociale en sant\u00e9 mentale<\/a><\/h2><span class=\"tg-cats-holder\"><a class=\"filtres_des_entreprises\" href=\"https:\/\/fonds-risq.qc.ca\/en\/filtres_des_entreprises\/2020-en\/\" rel=\"category\" data-term-id=\"226\"><span class=\"tg-item-term\" >2020<\/span><\/a><span>, <\/span><a class=\"filtres_des_entreprises\" href=\"https:\/\/fonds-risq.qc.ca\/en\/filtres_des_entreprises\/capitalization-loan\/\" rel=\"category\" data-term-id=\"148\"><span class=\"tg-item-term\" >Capitalization loan<\/span><\/a><span>, <\/span><a class=\"filtres_des_entreprises\" href=\"https:\/\/fonds-risq.qc.ca\/en\/filtres_des_entreprises\/manufacturier-en\/\" rel=\"category\" data-term-id=\"228\"><span class=\"tg-item-term\" >Manufacturier<\/span><\/a><span>, <\/span><a class=\"filtres_des_entreprises\" href=\"https:\/\/fonds-risq.qc.ca\/en\/filtres_des_entreprises\/montreal-en\/\" rel=\"category\" data-term-id=\"128\"><span class=\"tg-item-term\" >Montr\u00e9al<\/span><\/a><span>, <\/span><a class=\"filtres_des_entreprises\" href=\"https:\/\/fonds-risq.qc.ca\/en\/filtres_des_entreprises\/npo\/\" rel=\"category\" data-term-id=\"150\"><span class=\"tg-item-term\" >NPO<\/span><\/a><\/span><div class=\"tg-item-footer\"><a class=\"tg-item-comment\" href=\"https:\/\/fonds-risq.qc.ca\/en\/entreprise\/entreprise-sociale-en-sante-mentale-2\/\"  target=\"_self\">No comment<\/a><span class=\"no-ajaxy to-post-like no-liked empty-heart\" data-post-id=\"13591\" title=\"Like\"><span class=\"to-heart-icon\"><svg xmlns=\"http:\/\/www.w3.org\/2000\/svg\" version=\"1.1\" viewBox=\"0 0 64 64\"><g transform=\"translate(0, 0)\"><path stroke-width=\"6\" stroke-linecap=\"square\" stroke-miterlimit=\"10\" d=\"M1,21c0,20,31,38,31,38s31-18,31-38 c0-8.285-6-16-15-16c-8.285,0-16,5.715-16,14c0-8.285-7.715-14-16-14C7,5,1,12.715,1,21z\"><\/path><\/g><\/svg><\/span><span class=\"to-like-count\">0<\/span><\/span><\/div><\/div><\/div><\/article><!-- The Grid item #210 --><article class=\"tg-item tg-post-13592 kampala f226 f163 f150 f147 f206\" data-row=\"1\" data-col=\"1\"><div class=\"tg-item-inner\"><div class=\"tg-item-media-holder tg-light\"><div class=\"tg-item-media-inner\"><img decoding=\"async\" class=\"tg-item-image\" alt=\"\" width=\"960\" height=\"720\" src=\"https:\/\/fonds-risq.qc.ca\/wp-content\/uploads\/2021\/03\/Passage_aurore.jpg\"><\/div><div class=\"tg-center-holder\"><div class=\"tg-center-inner\"><div class=\"tg-item-overlay\"><\/div><a class=\"tg-link-button\" href=\"https:\/\/fonds-risq.qc.ca\/en\/entreprise\/le-passage-de-laurore\/\" target=\"_self\"><i class=\"tg-icon-link\"><\/i><\/a><\/div><\/div><div class=\"tg-item-decoration\"><div class=\"triangle-down-right\" style=\"border-color:#ee4224\"><\/div><\/div><div class=\"tg-item-share-holder\"><div class=\"triangle-up-left\" style=\"border-color:rgba(22,22,22,0.65)\"><\/div><i class=\"tg-icon-reply\" style=\"color:#ffffff\"><\/i><div class=\"tg-share-icons\"><a class=\"tg-social-share tg-facebook\" href=\"https:\/\/www.facebook.com\/sharer.php?u=https%3A%2F%2Ffonds-risq.qc.ca%2Fen%2Fentreprise%2Fle-passage-de-laurore%2F&#038;t=Le%20Passage%20de%20l%E2%80%99Aurore\"><i class=\"tg-icon-facebook\"><\/i><\/a><a class=\"tg-social-share tg-twitter\" href=\"https:\/\/twitter.com\/share?url=https%3A%2F%2Ffonds-risq.qc.ca%2Fen%2Fentreprise%2Fle-passage-de-laurore%2F&#038;text=Le%20Passage%20de%20l%E2%80%99Aurore\"><i class=\"tg-icon-twitter\"><\/i><\/a><a class=\"tg-social-share tg-google-plus\" href=\"https:\/\/plus.google.com\/share?url=https%3A%2F%2Ffonds-risq.qc.ca%2Fen%2Fentreprise%2Fle-passage-de-laurore%2F\"><i class=\"tg-icon-google-plus\"><\/i><\/a><a class=\"tg-social-share tg-pinterest\" href=\"https:\/\/pinterest.com\/pin\/create\/button\/?url=https%3A%2F%2Ffonds-risq.qc.ca%2Fen%2Fentreprise%2Fle-passage-de-laurore%2F&#038;description=Le%20Passage%20de%20l%E2%80%99Aurore&#038;media=https%3A%2F%2Ffonds-risq.qc.ca%2Fwp-content%2Fuploads%2F2021%2F03%2FPassage_aurore.jpg\"><i class=\"tg-icon-pinterest\"><\/i><\/a><\/div><\/div><\/div><div class=\"tg-item-content-holder tg-light image-format\" style=\"background-color:#ee4224\"><span class=\"tg-item-date\">15 March 2021<\/span><h2 class=\"tg-item-title\"><a href=\"https:\/\/fonds-risq.qc.ca\/en\/entreprise\/le-passage-de-laurore\/\" target=\"_self\">Le Passage de l&#8217;Aurore<\/a><\/h2><span class=\"tg-cats-holder\"><a class=\"filtres_des_entreprises\" href=\"https:\/\/fonds-risq.qc.ca\/en\/filtres_des_entreprises\/2020-en\/\" rel=\"category\" data-term-id=\"226\"><span class=\"tg-item-term\" >2020<\/span><\/a><span>, <\/span><a class=\"filtres_des_entreprises\" href=\"https:\/\/fonds-risq.qc.ca\/en\/filtres_des_entreprises\/abitibi-temiscamingue-en\/\" rel=\"category\" data-term-id=\"163\"><span class=\"tg-item-term\" >Abitibi-T\u00e9miscamingue<\/span><\/a><span>, <\/span><a class=\"filtres_des_entreprises\" href=\"https:\/\/fonds-risq.qc.ca\/en\/filtres_des_entreprises\/npo\/\" rel=\"category\" data-term-id=\"150\"><span class=\"tg-item-term\" >NPO<\/span><\/a><span>, <\/span><a class=\"filtres_des_entreprises\" href=\"https:\/\/fonds-risq.qc.ca\/en\/filtres_des_entreprises\/pre-startup-loan\/\" rel=\"category\" data-term-id=\"147\"><span class=\"tg-item-term\" >Pre-startup loan<\/span><\/a><span>, <\/span><a class=\"filtres_des_entreprises\" href=\"https:\/\/fonds-risq.qc.ca\/en\/filtres_des_entreprises\/services-soins-de-sante-en\/\" rel=\"category\" data-term-id=\"206\"><span class=\"tg-item-term\" >Services soins de sant\u00e9<\/span><\/a><\/span><div class=\"tg-item-footer\"><a class=\"tg-item-comment\" href=\"https:\/\/fonds-risq.qc.ca\/en\/entreprise\/le-passage-de-laurore\/\"  target=\"_self\">No comment<\/a><span class=\"no-ajaxy to-post-like no-liked empty-heart\" data-post-id=\"13592\" title=\"Like\"><span class=\"to-heart-icon\"><svg xmlns=\"http:\/\/www.w3.org\/2000\/svg\" version=\"1.1\" viewBox=\"0 0 64 64\"><g transform=\"translate(0, 0)\"><path stroke-width=\"6\" stroke-linecap=\"square\" stroke-miterlimit=\"10\" d=\"M1,21c0,20,31,38,31,38s31-18,31-38 c0-8.285-6-16-15-16c-8.285,0-16,5.715-16,14c0-8.285-7.715-14-16-14C7,5,1,12.715,1,21z\"><\/path><\/g><\/svg><\/span><span class=\"to-like-count\">0<\/span><\/span><\/div><\/div><\/div><\/article><!-- The Grid item #211 --><article class=\"tg-item tg-post-13593 kampala f226 f247 f195 f128 f150 f147 f196\" data-row=\"1\" data-col=\"1\"><div class=\"tg-item-inner\"><div class=\"tg-item-media-holder tg-light\"><div class=\"tg-item-media-inner\"><img decoding=\"async\" class=\"tg-item-image\" alt=\"\" width=\"1850\" height=\"1322\" src=\"https:\/\/fonds-risq.qc.ca\/wp-content\/uploads\/2021\/03\/Services-UTILE.jpg\"><\/div><div class=\"tg-center-holder\"><div class=\"tg-center-inner\"><div class=\"tg-item-overlay\"><\/div><a class=\"tg-link-button\" href=\"https:\/\/fonds-risq.qc.ca\/en\/entreprise\/services-utile\/\" target=\"_self\"><i class=\"tg-icon-link\"><\/i><\/a><\/div><\/div><div class=\"tg-item-decoration\"><div class=\"triangle-down-right\" style=\"border-color:#08607d\"><\/div><\/div><div class=\"tg-item-share-holder\"><div class=\"triangle-up-left\" style=\"border-color:rgba(22,22,22,0.65)\"><\/div><i class=\"tg-icon-reply\" style=\"color:#ffffff\"><\/i><div class=\"tg-share-icons\"><a class=\"tg-social-share tg-facebook\" href=\"https:\/\/www.facebook.com\/sharer.php?u=https%3A%2F%2Ffonds-risq.qc.ca%2Fen%2Fentreprise%2Fservices-utile%2F&#038;t=Services%20UTILE\"><i class=\"tg-icon-facebook\"><\/i><\/a><a class=\"tg-social-share tg-twitter\" href=\"https:\/\/twitter.com\/share?url=https%3A%2F%2Ffonds-risq.qc.ca%2Fen%2Fentreprise%2Fservices-utile%2F&#038;text=Services%20UTILE\"><i class=\"tg-icon-twitter\"><\/i><\/a><a class=\"tg-social-share tg-google-plus\" href=\"https:\/\/plus.google.com\/share?url=https%3A%2F%2Ffonds-risq.qc.ca%2Fen%2Fentreprise%2Fservices-utile%2F\"><i class=\"tg-icon-google-plus\"><\/i><\/a><a class=\"tg-social-share tg-pinterest\" href=\"https:\/\/pinterest.com\/pin\/create\/button\/?url=https%3A%2F%2Ffonds-risq.qc.ca%2Fen%2Fentreprise%2Fservices-utile%2F&#038;description=Services%20UTILE&#038;media=https%3A%2F%2Ffonds-risq.qc.ca%2Fwp-content%2Fuploads%2F2021%2F03%2FServices-UTILE.jpg\"><i class=\"tg-icon-pinterest\"><\/i><\/a><\/div><\/div><\/div><div class=\"tg-item-content-holder tg-light image-format\" style=\"background-color:#08607d\"><span class=\"tg-item-date\">15 March 2021<\/span><h2 class=\"tg-item-title\"><a href=\"https:\/\/fonds-risq.qc.ca\/en\/entreprise\/services-utile\/\" target=\"_self\">Services UTILE<\/a><\/h2><span class=\"tg-cats-holder\"><a class=\"filtres_des_entreprises\" href=\"https:\/\/fonds-risq.qc.ca\/en\/filtres_des_entreprises\/2020-en\/\" rel=\"category\" data-term-id=\"226\"><span class=\"tg-item-term\" >2020<\/span><\/a><span>, <\/span><a class=\"filtres_des_entreprises\" href=\"https:\/\/fonds-risq.qc.ca\/en\/filtres_des_entreprises\/fices-en\/\" rel=\"category\" data-term-id=\"247\"><span class=\"tg-item-term\" >FIC\u00c9S<\/span><\/a><span>, <\/span><a class=\"filtres_des_entreprises\" href=\"https:\/\/fonds-risq.qc.ca\/en\/filtres_des_entreprises\/immobilier-collectif-en\/\" rel=\"category\" data-term-id=\"195\"><span class=\"tg-item-term\" >Immobilier collectif<\/span><\/a><span>, <\/span><a class=\"filtres_des_entreprises\" href=\"https:\/\/fonds-risq.qc.ca\/en\/filtres_des_entreprises\/montreal-en\/\" rel=\"category\" data-term-id=\"128\"><span class=\"tg-item-term\" >Montr\u00e9al<\/span><\/a><span>, <\/span><a class=\"filtres_des_entreprises\" href=\"https:\/\/fonds-risq.qc.ca\/en\/filtres_des_entreprises\/npo\/\" rel=\"category\" data-term-id=\"150\"><span class=\"tg-item-term\" >NPO<\/span><\/a><span>, <\/span><a class=\"filtres_des_entreprises\" href=\"https:\/\/fonds-risq.qc.ca\/en\/filtres_des_entreprises\/pre-startup-loan\/\" rel=\"category\" data-term-id=\"147\"><span class=\"tg-item-term\" >Pre-startup loan<\/span><\/a><span>, <\/span><a class=\"filtres_des_entreprises\" href=\"https:\/\/fonds-risq.qc.ca\/en\/filtres_des_entreprises\/services-immobiliers-en\/\" rel=\"category\" data-term-id=\"196\"><span class=\"tg-item-term\" >Services immobiliers<\/span><\/a><\/span><div class=\"tg-item-footer\"><a class=\"tg-item-comment\" href=\"https:\/\/fonds-risq.qc.ca\/en\/entreprise\/services-utile\/\"  target=\"_self\">No comment<\/a><span class=\"no-ajaxy to-post-like no-liked empty-heart\" data-post-id=\"13593\" title=\"Like\"><span class=\"to-heart-icon\"><svg xmlns=\"http:\/\/www.w3.org\/2000\/svg\" version=\"1.1\" viewBox=\"0 0 64 64\"><g transform=\"translate(0, 0)\"><path stroke-width=\"6\" stroke-linecap=\"square\" stroke-miterlimit=\"10\" d=\"M1,21c0,20,31,38,31,38s31-18,31-38 c0-8.285-6-16-15-16c-8.285,0-16,5.715-16,14c0-8.285-7.715-14-16-14C7,5,1,12.715,1,21z\"><\/path><\/g><\/svg><\/span><span class=\"to-like-count\">0<\/span><\/span><\/div><\/div><\/div><\/article><!-- The Grid item #212 --><article class=\"tg-item tg-post-10790 kampala f226 f130 f151 f137 f146\" data-row=\"1\" data-col=\"1\"><div class=\"tg-item-inner\"><div class=\"tg-item-media-holder tg-light\"><div class=\"tg-item-media-inner\"><img decoding=\"async\" class=\"tg-item-image\" alt=\"\" width=\"2500\" height=\"1707\" src=\"https:\/\/fonds-risq.qc.ca\/wp-content\/uploads\/2021\/03\/carte-fossambault.jpg\"><\/div><div class=\"tg-center-holder\"><div class=\"tg-center-inner\"><div class=\"tg-item-overlay\"><\/div><a class=\"tg-link-button\" href=\"https:\/\/fonds-risq.qc.ca\/en\/entreprise\/ville-de-fossambault-sur-le-lac\/\" target=\"_self\"><i class=\"tg-icon-link\"><\/i><\/a><\/div><\/div><div class=\"tg-item-decoration\"><div class=\"triangle-down-right\" style=\"border-color:#b7c634\"><\/div><\/div><div class=\"tg-item-share-holder\"><div class=\"triangle-up-left\" style=\"border-color:rgba(22,22,22,0.65)\"><\/div><i class=\"tg-icon-reply\" style=\"color:#ffffff\"><\/i><div class=\"tg-share-icons\"><a class=\"tg-social-share tg-facebook\" href=\"https:\/\/www.facebook.com\/sharer.php?u=https%3A%2F%2Ffonds-risq.qc.ca%2Fen%2Fentreprise%2Fville-de-fossambault-sur-le-lac%2F&#038;t=Ville%20de%20Fossambault-sur-le-lac\"><i class=\"tg-icon-facebook\"><\/i><\/a><a class=\"tg-social-share tg-twitter\" href=\"https:\/\/twitter.com\/share?url=https%3A%2F%2Ffonds-risq.qc.ca%2Fen%2Fentreprise%2Fville-de-fossambault-sur-le-lac%2F&#038;text=Ville%20de%20Fossambault-sur-le-lac\"><i class=\"tg-icon-twitter\"><\/i><\/a><a class=\"tg-social-share tg-google-plus\" href=\"https:\/\/plus.google.com\/share?url=https%3A%2F%2Ffonds-risq.qc.ca%2Fen%2Fentreprise%2Fville-de-fossambault-sur-le-lac%2F\"><i class=\"tg-icon-google-plus\"><\/i><\/a><a class=\"tg-social-share tg-pinterest\" href=\"https:\/\/pinterest.com\/pin\/create\/button\/?url=https%3A%2F%2Ffonds-risq.qc.ca%2Fen%2Fentreprise%2Fville-de-fossambault-sur-le-lac%2F&#038;description=Ville%20de%20Fossambault-sur-le-lac&#038;media=https%3A%2F%2Ffonds-risq.qc.ca%2Fwp-content%2Fuploads%2F2021%2F03%2Fcarte-fossambault.jpg\"><i class=\"tg-icon-pinterest\"><\/i><\/a><\/div><\/div><\/div><div class=\"tg-item-content-holder tg-light image-format\" style=\"background-color:#b7c634\"><span class=\"tg-item-date\">15 March 2021<\/span><h2 class=\"tg-item-title\"><a href=\"https:\/\/fonds-risq.qc.ca\/en\/entreprise\/ville-de-fossambault-sur-le-lac\/\" target=\"_self\">Ville de Fossambault-sur-le-lac<\/a><\/h2><span class=\"tg-cats-holder\"><a class=\"filtres_des_entreprises\" href=\"https:\/\/fonds-risq.qc.ca\/en\/filtres_des_entreprises\/2020-en\/\" rel=\"category\" data-term-id=\"226\"><span class=\"tg-item-term\" >2020<\/span><\/a><span>, <\/span><a class=\"filtres_des_entreprises\" href=\"https:\/\/fonds-risq.qc.ca\/en\/filtres_des_entreprises\/capitale-nationale-en\/\" rel=\"category\" data-term-id=\"130\"><span class=\"tg-item-term\" >Capitale-Nationale<\/span><\/a><span>, <\/span><a class=\"filtres_des_entreprises\" href=\"https:\/\/fonds-risq.qc.ca\/en\/filtres_des_entreprises\/coop-en\/\" rel=\"category\" data-term-id=\"151\"><span class=\"tg-item-term\" >COOP<\/span><\/a><span>, <\/span><a class=\"filtres_des_entreprises\" href=\"https:\/\/fonds-risq.qc.ca\/en\/filtres_des_entreprises\/retail-business\/\" rel=\"category\" data-term-id=\"137\"><span class=\"tg-item-term\" >Retail business<\/span><\/a><span>, <\/span><a class=\"filtres_des_entreprises\" href=\"https:\/\/fonds-risq.qc.ca\/en\/filtres_des_entreprises\/pret-pour-aide-technique-en\/\" rel=\"category\" data-term-id=\"146\"><span class=\"tg-item-term\" >Technical assistance loan<\/span><\/a><\/span><div class=\"tg-item-footer\"><a class=\"tg-item-comment\" href=\"https:\/\/fonds-risq.qc.ca\/en\/entreprise\/ville-de-fossambault-sur-le-lac\/\"  target=\"_self\">No comment<\/a><span class=\"no-ajaxy to-post-like no-liked empty-heart\" data-post-id=\"10790\" title=\"Like\"><span class=\"to-heart-icon\"><svg xmlns=\"http:\/\/www.w3.org\/2000\/svg\" version=\"1.1\" viewBox=\"0 0 64 64\"><g transform=\"translate(0, 0)\"><path stroke-width=\"6\" stroke-linecap=\"square\" stroke-miterlimit=\"10\" d=\"M1,21c0,20,31,38,31,38s31-18,31-38 c0-8.285-6-16-15-16c-8.285,0-16,5.715-16,14c0-8.285-7.715-14-16-14C7,5,1,12.715,1,21z\"><\/path><\/g><\/svg><\/span><span class=\"to-like-count\">0<\/span><\/span><\/div><\/div><\/div><\/article><!-- The Grid item #213 --><article class=\"tg-item tg-post-10745 kampala f226 f148 f151 f128 f137\" data-row=\"1\" data-col=\"1\"><div class=\"tg-item-inner\"><div class=\"tg-item-media-holder tg-light\"><div class=\"tg-item-media-inner\"><img decoding=\"async\" class=\"tg-item-image\" alt=\"\" width=\"800\" height=\"373\" src=\"https:\/\/fonds-risq.qc.ca\/wp-content\/uploads\/2021\/03\/uqam.jpg\"><\/div><div class=\"tg-center-holder\"><div class=\"tg-center-inner\"><div class=\"tg-item-overlay\"><\/div><a class=\"tg-link-button\" href=\"https:\/\/fonds-risq.qc.ca\/en\/entreprise\/association-cooperative-de-la-collectivite-de-luqam\/\" target=\"_self\"><i class=\"tg-icon-link\"><\/i><\/a><\/div><\/div><div class=\"tg-item-decoration\"><div class=\"triangle-down-right\" style=\"border-color:#0097c8\"><\/div><\/div><div class=\"tg-item-share-holder\"><div class=\"triangle-up-left\" style=\"border-color:rgba(22,22,22,0.65)\"><\/div><i class=\"tg-icon-reply\" style=\"color:#ffffff\"><\/i><div class=\"tg-share-icons\"><a class=\"tg-social-share tg-facebook\" href=\"https:\/\/www.facebook.com\/sharer.php?u=https%3A%2F%2Ffonds-risq.qc.ca%2Fen%2Fentreprise%2Fassociation-cooperative-de-la-collectivite-de-luqam%2F&#038;t=Association%20coop%C3%A9rative%20de%20la%20collectivit%C3%A9%20de%20l%E2%80%99UQ%C3%80M\"><i class=\"tg-icon-facebook\"><\/i><\/a><a class=\"tg-social-share tg-twitter\" href=\"https:\/\/twitter.com\/share?url=https%3A%2F%2Ffonds-risq.qc.ca%2Fen%2Fentreprise%2Fassociation-cooperative-de-la-collectivite-de-luqam%2F&#038;text=Association%20coop%C3%A9rative%20de%20la%20collectivit%C3%A9%20de%20l%E2%80%99UQ%C3%80M\"><i class=\"tg-icon-twitter\"><\/i><\/a><a class=\"tg-social-share tg-google-plus\" href=\"https:\/\/plus.google.com\/share?url=https%3A%2F%2Ffonds-risq.qc.ca%2Fen%2Fentreprise%2Fassociation-cooperative-de-la-collectivite-de-luqam%2F\"><i class=\"tg-icon-google-plus\"><\/i><\/a><a class=\"tg-social-share tg-pinterest\" href=\"https:\/\/pinterest.com\/pin\/create\/button\/?url=https%3A%2F%2Ffonds-risq.qc.ca%2Fen%2Fentreprise%2Fassociation-cooperative-de-la-collectivite-de-luqam%2F&#038;description=Association%20coop%C3%A9rative%20de%20la%20collectivit%C3%A9%20de%20l%E2%80%99UQ%C3%80M&#038;media=https%3A%2F%2Ffonds-risq.qc.ca%2Fwp-content%2Fuploads%2F2021%2F03%2Fuqam.jpg\"><i class=\"tg-icon-pinterest\"><\/i><\/a><\/div><\/div><\/div><div class=\"tg-item-content-holder tg-light image-format\" style=\"background-color:#0097c8\"><span class=\"tg-item-date\">10 March 2021<\/span><h2 class=\"tg-item-title\"><a href=\"https:\/\/fonds-risq.qc.ca\/en\/entreprise\/association-cooperative-de-la-collectivite-de-luqam\/\" target=\"_self\">Association coop\u00e9rative de la collectivit\u00e9 de l&#8217;UQ\u00c0M<\/a><\/h2><span class=\"tg-cats-holder\"><a class=\"filtres_des_entreprises\" href=\"https:\/\/fonds-risq.qc.ca\/en\/filtres_des_entreprises\/2020-en\/\" rel=\"category\" data-term-id=\"226\"><span class=\"tg-item-term\" >2020<\/span><\/a><span>, <\/span><a class=\"filtres_des_entreprises\" href=\"https:\/\/fonds-risq.qc.ca\/en\/filtres_des_entreprises\/capitalization-loan\/\" rel=\"category\" data-term-id=\"148\"><span class=\"tg-item-term\" >Capitalization loan<\/span><\/a><span>, <\/span><a class=\"filtres_des_entreprises\" href=\"https:\/\/fonds-risq.qc.ca\/en\/filtres_des_entreprises\/coop-en\/\" rel=\"category\" data-term-id=\"151\"><span class=\"tg-item-term\" >COOP<\/span><\/a><span>, <\/span><a class=\"filtres_des_entreprises\" href=\"https:\/\/fonds-risq.qc.ca\/en\/filtres_des_entreprises\/montreal-en\/\" rel=\"category\" data-term-id=\"128\"><span class=\"tg-item-term\" >Montr\u00e9al<\/span><\/a><span>, <\/span><a class=\"filtres_des_entreprises\" href=\"https:\/\/fonds-risq.qc.ca\/en\/filtres_des_entreprises\/retail-business\/\" rel=\"category\" data-term-id=\"137\"><span class=\"tg-item-term\" >Retail business<\/span><\/a><\/span><div class=\"tg-item-footer\"><a class=\"tg-item-comment\" href=\"https:\/\/fonds-risq.qc.ca\/en\/entreprise\/association-cooperative-de-la-collectivite-de-luqam\/\"  target=\"_self\">No comment<\/a><span class=\"no-ajaxy to-post-like no-liked empty-heart\" data-post-id=\"10745\" title=\"Like\"><span class=\"to-heart-icon\"><svg xmlns=\"http:\/\/www.w3.org\/2000\/svg\" version=\"1.1\" viewBox=\"0 0 64 64\"><g transform=\"translate(0, 0)\"><path stroke-width=\"6\" stroke-linecap=\"square\" stroke-miterlimit=\"10\" d=\"M1,21c0,20,31,38,31,38s31-18,31-38 c0-8.285-6-16-15-16c-8.285,0-16,5.715-16,14c0-8.285-7.715-14-16-14C7,5,1,12.715,1,21z\"><\/path><\/g><\/svg><\/span><span class=\"to-like-count\">0<\/span><\/span><\/div><\/div><\/div><\/article><!-- The Grid item #214 --><article class=\"tg-item tg-post-10733 kampala f226 f151 f147 f155 f159\" data-row=\"1\" data-col=\"1\"><div class=\"tg-item-inner\"><div class=\"tg-item-media-holder tg-light\"><div class=\"tg-item-media-inner\"><img decoding=\"async\" class=\"tg-item-image\" alt=\"\" width=\"562\" height=\"198\" src=\"https:\/\/fonds-risq.qc.ca\/wp-content\/uploads\/2021\/03\/Photo-TREQ.png\"><\/div><div class=\"tg-center-holder\"><div class=\"tg-center-inner\"><div class=\"tg-item-overlay\"><\/div><a class=\"tg-link-button\" href=\"https:\/\/fonds-risq.qc.ca\/en\/entreprise\/treq\/\" target=\"_self\"><i class=\"tg-icon-link\"><\/i><\/a><\/div><\/div><div class=\"tg-item-decoration\"><div class=\"triangle-down-right\" style=\"border-color:#ee4224\"><\/div><\/div><div class=\"tg-item-share-holder\"><div class=\"triangle-up-left\" style=\"border-color:rgba(22,22,22,0.65)\"><\/div><i class=\"tg-icon-reply\" style=\"color:#ffffff\"><\/i><div class=\"tg-share-icons\"><a class=\"tg-social-share tg-facebook\" href=\"https:\/\/www.facebook.com\/sharer.php?u=https%3A%2F%2Ffonds-risq.qc.ca%2Fen%2Fentreprise%2Ftreq%2F&#038;t=TREQ\"><i class=\"tg-icon-facebook\"><\/i><\/a><a class=\"tg-social-share tg-twitter\" href=\"https:\/\/twitter.com\/share?url=https%3A%2F%2Ffonds-risq.qc.ca%2Fen%2Fentreprise%2Ftreq%2F&#038;text=TREQ\"><i class=\"tg-icon-twitter\"><\/i><\/a><a class=\"tg-social-share tg-google-plus\" href=\"https:\/\/plus.google.com\/share?url=https%3A%2F%2Ffonds-risq.qc.ca%2Fen%2Fentreprise%2Ftreq%2F\"><i class=\"tg-icon-google-plus\"><\/i><\/a><a class=\"tg-social-share tg-pinterest\" href=\"https:\/\/pinterest.com\/pin\/create\/button\/?url=https%3A%2F%2Ffonds-risq.qc.ca%2Fen%2Fentreprise%2Ftreq%2F&#038;description=TREQ&#038;media=https%3A%2F%2Ffonds-risq.qc.ca%2Fwp-content%2Fuploads%2F2021%2F03%2FPhoto-TREQ.png\"><i class=\"tg-icon-pinterest\"><\/i><\/a><\/div><\/div><\/div><div class=\"tg-item-content-holder tg-light image-format\" style=\"background-color:#ee4224\"><span class=\"tg-item-date\">10 March 2021<\/span><h2 class=\"tg-item-title\"><a href=\"https:\/\/fonds-risq.qc.ca\/en\/entreprise\/treq\/\" target=\"_self\">TREQ<\/a><\/h2><span class=\"tg-cats-holder\"><a class=\"filtres_des_entreprises\" href=\"https:\/\/fonds-risq.qc.ca\/en\/filtres_des_entreprises\/2020-en\/\" rel=\"category\" data-term-id=\"226\"><span class=\"tg-item-term\" >2020<\/span><\/a><span>, <\/span><a class=\"filtres_des_entreprises\" href=\"https:\/\/fonds-risq.qc.ca\/en\/filtres_des_entreprises\/coop-en\/\" rel=\"category\" data-term-id=\"151\"><span class=\"tg-item-term\" >COOP<\/span><\/a><span>, <\/span><a class=\"filtres_des_entreprises\" href=\"https:\/\/fonds-risq.qc.ca\/en\/filtres_des_entreprises\/pre-startup-loan\/\" rel=\"category\" data-term-id=\"147\"><span class=\"tg-item-term\" >Pre-startup loan<\/span><\/a><span>, <\/span><a class=\"filtres_des_entreprises\" href=\"https:\/\/fonds-risq.qc.ca\/en\/filtres_des_entreprises\/saguenay-lac-saint-jean-en\/\" rel=\"category\" data-term-id=\"155\"><span class=\"tg-item-term\" >Saguenay-Lac-Saint-Jean<\/span><\/a><span>, <\/span><a class=\"filtres_des_entreprises\" href=\"https:\/\/fonds-risq.qc.ca\/en\/filtres_des_entreprises\/transport-en\/\" rel=\"category\" data-term-id=\"159\"><span class=\"tg-item-term\" >Transport<\/span><\/a><\/span><div class=\"tg-item-footer\"><a class=\"tg-item-comment\" href=\"https:\/\/fonds-risq.qc.ca\/en\/entreprise\/treq\/\"  target=\"_self\">No comment<\/a><span class=\"no-ajaxy to-post-like no-liked empty-heart\" data-post-id=\"10733\" title=\"Like\"><span class=\"to-heart-icon\"><svg xmlns=\"http:\/\/www.w3.org\/2000\/svg\" version=\"1.1\" viewBox=\"0 0 64 64\"><g transform=\"translate(0, 0)\"><path stroke-width=\"6\" stroke-linecap=\"square\" stroke-miterlimit=\"10\" d=\"M1,21c0,20,31,38,31,38s31-18,31-38 c0-8.285-6-16-15-16c-8.285,0-16,5.715-16,14c0-8.285-7.715-14-16-14C7,5,1,12.715,1,21z\"><\/path><\/g><\/svg><\/span><span class=\"to-like-count\">0<\/span><\/span><\/div><\/div><\/div><\/article><!-- The Grid item #215 --><article class=\"tg-item tg-post-10704 kampala f226 f245 f130 f151 f147 f146 f159\" data-row=\"1\" data-col=\"1\"><div class=\"tg-item-inner\"><div class=\"tg-item-media-holder tg-light\"><div class=\"tg-item-media-inner\"><img decoding=\"async\" class=\"tg-item-image\" alt=\"\" width=\"960\" height=\"642\" src=\"https:\/\/fonds-risq.qc.ca\/wp-content\/uploads\/2021\/03\/Heli-Secours.jpg\"><\/div><div class=\"tg-center-holder\"><div class=\"tg-center-inner\"><div class=\"tg-item-overlay\"><\/div><a class=\"tg-link-button\" href=\"https:\/\/fonds-risq.qc.ca\/en\/entreprise\/helico-secours\/\" target=\"_self\"><i class=\"tg-icon-link\"><\/i><\/a><\/div><\/div><div class=\"tg-item-decoration\"><div class=\"triangle-down-right\" style=\"border-color:#ee4224\"><\/div><\/div><div class=\"tg-item-share-holder\"><div class=\"triangle-up-left\" style=\"border-color:rgba(22,22,22,0.65)\"><\/div><i class=\"tg-icon-reply\" style=\"color:#ffffff\"><\/i><div class=\"tg-share-icons\"><a class=\"tg-social-share tg-facebook\" href=\"https:\/\/www.facebook.com\/sharer.php?u=https%3A%2F%2Ffonds-risq.qc.ca%2Fen%2Fentreprise%2Fhelico-secours%2F&#038;t=H%C3%A9lico%20Secours\"><i class=\"tg-icon-facebook\"><\/i><\/a><a class=\"tg-social-share tg-twitter\" href=\"https:\/\/twitter.com\/share?url=https%3A%2F%2Ffonds-risq.qc.ca%2Fen%2Fentreprise%2Fhelico-secours%2F&#038;text=H%C3%A9lico%20Secours\"><i class=\"tg-icon-twitter\"><\/i><\/a><a class=\"tg-social-share tg-google-plus\" href=\"https:\/\/plus.google.com\/share?url=https%3A%2F%2Ffonds-risq.qc.ca%2Fen%2Fentreprise%2Fhelico-secours%2F\"><i class=\"tg-icon-google-plus\"><\/i><\/a><a class=\"tg-social-share tg-pinterest\" href=\"https:\/\/pinterest.com\/pin\/create\/button\/?url=https%3A%2F%2Ffonds-risq.qc.ca%2Fen%2Fentreprise%2Fhelico-secours%2F&#038;description=H%C3%A9lico%20Secours&#038;media=https%3A%2F%2Ffonds-risq.qc.ca%2Fwp-content%2Fuploads%2F2021%2F03%2FHeli-Secours.jpg\"><i class=\"tg-icon-pinterest\"><\/i><\/a><\/div><\/div><\/div><div class=\"tg-item-content-holder tg-light image-format\" style=\"background-color:#ee4224\"><span class=\"tg-item-date\">8 March 2021<\/span><h2 class=\"tg-item-title\"><a href=\"https:\/\/fonds-risq.qc.ca\/en\/entreprise\/helico-secours\/\" target=\"_self\">H\u00e9lico Secours<\/a><\/h2><span class=\"tg-cats-holder\"><a class=\"filtres_des_entreprises\" href=\"https:\/\/fonds-risq.qc.ca\/en\/filtres_des_entreprises\/2020-en\/\" rel=\"category\" data-term-id=\"226\"><span class=\"tg-item-term\" >2020<\/span><\/a><span>, <\/span><a class=\"filtres_des_entreprises\" href=\"https:\/\/fonds-risq.qc.ca\/en\/filtres_des_entreprises\/2021-en\/\" rel=\"category\" data-term-id=\"245\"><span class=\"tg-item-term\" >2021<\/span><\/a><span>, <\/span><a class=\"filtres_des_entreprises\" href=\"https:\/\/fonds-risq.qc.ca\/en\/filtres_des_entreprises\/capitale-nationale-en\/\" rel=\"category\" data-term-id=\"130\"><span class=\"tg-item-term\" >Capitale-Nationale<\/span><\/a><span>, <\/span><a class=\"filtres_des_entreprises\" href=\"https:\/\/fonds-risq.qc.ca\/en\/filtres_des_entreprises\/coop-en\/\" rel=\"category\" data-term-id=\"151\"><span class=\"tg-item-term\" >COOP<\/span><\/a><span>, <\/span><a class=\"filtres_des_entreprises\" href=\"https:\/\/fonds-risq.qc.ca\/en\/filtres_des_entreprises\/pre-startup-loan\/\" rel=\"category\" data-term-id=\"147\"><span class=\"tg-item-term\" >Pre-startup loan<\/span><\/a><span>, <\/span><a class=\"filtres_des_entreprises\" href=\"https:\/\/fonds-risq.qc.ca\/en\/filtres_des_entreprises\/pret-pour-aide-technique-en\/\" rel=\"category\" data-term-id=\"146\"><span class=\"tg-item-term\" >Technical assistance loan<\/span><\/a><span>, <\/span><a class=\"filtres_des_entreprises\" href=\"https:\/\/fonds-risq.qc.ca\/en\/filtres_des_entreprises\/transport-en\/\" rel=\"category\" data-term-id=\"159\"><span class=\"tg-item-term\" >Transport<\/span><\/a><\/span><div class=\"tg-item-footer\"><a class=\"tg-item-comment\" href=\"https:\/\/fonds-risq.qc.ca\/en\/entreprise\/helico-secours\/\"  target=\"_self\">No comment<\/a><span class=\"no-ajaxy to-post-like no-liked empty-heart\" data-post-id=\"10704\" title=\"Like\"><span class=\"to-heart-icon\"><svg xmlns=\"http:\/\/www.w3.org\/2000\/svg\" version=\"1.1\" viewBox=\"0 0 64 64\"><g transform=\"translate(0, 0)\"><path stroke-width=\"6\" stroke-linecap=\"square\" stroke-miterlimit=\"10\" d=\"M1,21c0,20,31,38,31,38s31-18,31-38 c0-8.285-6-16-15-16c-8.285,0-16,5.715-16,14c0-8.285-7.715-14-16-14C7,5,1,12.715,1,21z\"><\/path><\/g><\/svg><\/span><span class=\"to-like-count\">0<\/span><\/span><\/div><\/div><\/div><\/article><!-- The Grid item #216 --><article class=\"tg-item tg-post-10693 kampala f226 f148 f157 f150 f137\" data-row=\"1\" data-col=\"1\"><div class=\"tg-item-inner\"><div class=\"tg-item-media-holder tg-light\"><div class=\"tg-item-media-inner\"><img decoding=\"async\" class=\"tg-item-image\" alt=\"\" width=\"940\" height=\"788\" src=\"https:\/\/fonds-risq.qc.ca\/wp-content\/uploads\/2021\/03\/Aalterrenative.2.png\"><\/div><div class=\"tg-center-holder\"><div class=\"tg-center-inner\"><div class=\"tg-item-overlay\"><\/div><a class=\"tg-link-button\" href=\"https:\/\/fonds-risq.qc.ca\/en\/entreprise\/epicerie-alterrenative\/\" target=\"_self\"><i class=\"tg-icon-link\"><\/i><\/a><\/div><\/div><div class=\"tg-item-decoration\"><div class=\"triangle-down-right\" style=\"border-color:#0097c8\"><\/div><\/div><div class=\"tg-item-share-holder\"><div class=\"triangle-up-left\" style=\"border-color:rgba(22,22,22,0.65)\"><\/div><i class=\"tg-icon-reply\" style=\"color:#ffffff\"><\/i><div class=\"tg-share-icons\"><a class=\"tg-social-share tg-facebook\" href=\"https:\/\/www.facebook.com\/sharer.php?u=https%3A%2F%2Ffonds-risq.qc.ca%2Fen%2Fentreprise%2Fepicerie-alterrenative%2F&#038;t=%C3%89picerie%20Alterrenative\"><i class=\"tg-icon-facebook\"><\/i><\/a><a class=\"tg-social-share tg-twitter\" href=\"https:\/\/twitter.com\/share?url=https%3A%2F%2Ffonds-risq.qc.ca%2Fen%2Fentreprise%2Fepicerie-alterrenative%2F&#038;text=%C3%89picerie%20Alterrenative\"><i class=\"tg-icon-twitter\"><\/i><\/a><a class=\"tg-social-share tg-google-plus\" href=\"https:\/\/plus.google.com\/share?url=https%3A%2F%2Ffonds-risq.qc.ca%2Fen%2Fentreprise%2Fepicerie-alterrenative%2F\"><i class=\"tg-icon-google-plus\"><\/i><\/a><a class=\"tg-social-share tg-pinterest\" href=\"https:\/\/pinterest.com\/pin\/create\/button\/?url=https%3A%2F%2Ffonds-risq.qc.ca%2Fen%2Fentreprise%2Fepicerie-alterrenative%2F&#038;description=%C3%89picerie%20Alterrenative&#038;media=https%3A%2F%2Ffonds-risq.qc.ca%2Fwp-content%2Fuploads%2F2021%2F03%2FAalterrenative.2.png\"><i class=\"tg-icon-pinterest\"><\/i><\/a><\/div><\/div><\/div><div class=\"tg-item-content-holder tg-light image-format\" style=\"background-color:#0097c8\"><span class=\"tg-item-date\">8 March 2021<\/span><h2 class=\"tg-item-title\"><a href=\"https:\/\/fonds-risq.qc.ca\/en\/entreprise\/epicerie-alterrenative\/\" target=\"_self\">\u00c9picerie Alterrenative<\/a><\/h2><span class=\"tg-cats-holder\"><a class=\"filtres_des_entreprises\" href=\"https:\/\/fonds-risq.qc.ca\/en\/filtres_des_entreprises\/2020-en\/\" rel=\"category\" data-term-id=\"226\"><span class=\"tg-item-term\" >2020<\/span><\/a><span>, <\/span><a class=\"filtres_des_entreprises\" href=\"https:\/\/fonds-risq.qc.ca\/en\/filtres_des_entreprises\/capitalization-loan\/\" rel=\"category\" data-term-id=\"148\"><span class=\"tg-item-term\" >Capitalization loan<\/span><\/a><span>, <\/span><a class=\"filtres_des_entreprises\" href=\"https:\/\/fonds-risq.qc.ca\/en\/filtres_des_entreprises\/laval-en\/\" rel=\"category\" data-term-id=\"157\"><span class=\"tg-item-term\" >Laval<\/span><\/a><span>, <\/span><a class=\"filtres_des_entreprises\" href=\"https:\/\/fonds-risq.qc.ca\/en\/filtres_des_entreprises\/npo\/\" rel=\"category\" data-term-id=\"150\"><span class=\"tg-item-term\" >NPO<\/span><\/a><span>, <\/span><a class=\"filtres_des_entreprises\" href=\"https:\/\/fonds-risq.qc.ca\/en\/filtres_des_entreprises\/retail-business\/\" rel=\"category\" data-term-id=\"137\"><span class=\"tg-item-term\" >Retail business<\/span><\/a><\/span><div class=\"tg-item-footer\"><a class=\"tg-item-comment\" href=\"https:\/\/fonds-risq.qc.ca\/en\/entreprise\/epicerie-alterrenative\/\"  target=\"_self\">No comment<\/a><span class=\"no-ajaxy to-post-like no-liked empty-heart\" data-post-id=\"10693\" title=\"Like\"><span class=\"to-heart-icon\"><svg xmlns=\"http:\/\/www.w3.org\/2000\/svg\" version=\"1.1\" viewBox=\"0 0 64 64\"><g transform=\"translate(0, 0)\"><path stroke-width=\"6\" stroke-linecap=\"square\" stroke-miterlimit=\"10\" d=\"M1,21c0,20,31,38,31,38s31-18,31-38 c0-8.285-6-16-15-16c-8.285,0-16,5.715-16,14c0-8.285-7.715-14-16-14C7,5,1,12.715,1,21z\"><\/path><\/g><\/svg><\/span><span class=\"to-like-count\">0<\/span><\/span><\/div><\/div><\/div><\/article><!-- The Grid item #217 --><article class=\"tg-item tg-post-10631 kampala f226 f151 f144 f132 f146\" data-row=\"1\" data-col=\"1\"><div class=\"tg-item-inner\"><div class=\"tg-item-media-holder tg-light\"><div class=\"tg-item-media-inner\"><img decoding=\"async\" class=\"tg-item-image\" alt=\"\" width=\"350\" height=\"348\" src=\"https:\/\/fonds-risq.qc.ca\/wp-content\/uploads\/2021\/02\/Auberge.2.jpg\"><\/div><div class=\"tg-center-holder\"><div class=\"tg-center-inner\"><div class=\"tg-item-overlay\"><\/div><a class=\"tg-link-button\" href=\"https:\/\/fonds-risq.qc.ca\/en\/entreprise\/cooperative-de-solidarite-aubergiste\/\" target=\"_self\"><i class=\"tg-icon-link\"><\/i><\/a><\/div><\/div><div class=\"tg-item-decoration\"><div class=\"triangle-down-right\" style=\"border-color:#b7c634\"><\/div><\/div><div class=\"tg-item-share-holder\"><div class=\"triangle-up-left\" style=\"border-color:rgba(22,22,22,0.65)\"><\/div><i class=\"tg-icon-reply\" style=\"color:#ffffff\"><\/i><div class=\"tg-share-icons\"><a class=\"tg-social-share tg-facebook\" href=\"https:\/\/www.facebook.com\/sharer.php?u=https%3A%2F%2Ffonds-risq.qc.ca%2Fen%2Fentreprise%2Fcooperative-de-solidarite-aubergiste%2F&#038;t=Coop%C3%A9rative%20de%20solidarit%C3%A9%20Aubergiste%20%21\"><i class=\"tg-icon-facebook\"><\/i><\/a><a class=\"tg-social-share tg-twitter\" href=\"https:\/\/twitter.com\/share?url=https%3A%2F%2Ffonds-risq.qc.ca%2Fen%2Fentreprise%2Fcooperative-de-solidarite-aubergiste%2F&#038;text=Coop%C3%A9rative%20de%20solidarit%C3%A9%20Aubergiste%20%21\"><i class=\"tg-icon-twitter\"><\/i><\/a><a class=\"tg-social-share tg-google-plus\" href=\"https:\/\/plus.google.com\/share?url=https%3A%2F%2Ffonds-risq.qc.ca%2Fen%2Fentreprise%2Fcooperative-de-solidarite-aubergiste%2F\"><i class=\"tg-icon-google-plus\"><\/i><\/a><a class=\"tg-social-share tg-pinterest\" href=\"https:\/\/pinterest.com\/pin\/create\/button\/?url=https%3A%2F%2Ffonds-risq.qc.ca%2Fen%2Fentreprise%2Fcooperative-de-solidarite-aubergiste%2F&#038;description=Coop%C3%A9rative%20de%20solidarit%C3%A9%20Aubergiste%20%21&#038;media=https%3A%2F%2Ffonds-risq.qc.ca%2Fwp-content%2Fuploads%2F2021%2F02%2FAuberge.2.jpg\"><i class=\"tg-icon-pinterest\"><\/i><\/a><\/div><\/div><\/div><div class=\"tg-item-content-holder tg-light image-format\" style=\"background-color:#b7c634\"><span class=\"tg-item-date\">12 February 2021<\/span><h2 class=\"tg-item-title\"><a href=\"https:\/\/fonds-risq.qc.ca\/en\/entreprise\/cooperative-de-solidarite-aubergiste\/\" target=\"_self\">Coop\u00e9rative de solidarit\u00e9 Aubergiste !<\/a><\/h2><span class=\"tg-cats-holder\"><a class=\"filtres_des_entreprises\" href=\"https:\/\/fonds-risq.qc.ca\/en\/filtres_des_entreprises\/2020-en\/\" rel=\"category\" data-term-id=\"226\"><span class=\"tg-item-term\" >2020<\/span><\/a><span>, <\/span><a class=\"filtres_des_entreprises\" href=\"https:\/\/fonds-risq.qc.ca\/en\/filtres_des_entreprises\/coop-en\/\" rel=\"category\" data-term-id=\"151\"><span class=\"tg-item-term\" >COOP<\/span><\/a><span>, <\/span><a class=\"filtres_des_entreprises\" href=\"https:\/\/fonds-risq.qc.ca\/en\/filtres_des_entreprises\/leisure-tourism\/\" rel=\"category\" data-term-id=\"144\"><span class=\"tg-item-term\" >Leisure \/ Tourism<\/span><\/a><span>, <\/span><a class=\"filtres_des_entreprises\" href=\"https:\/\/fonds-risq.qc.ca\/en\/filtres_des_entreprises\/monteregie-en\/\" rel=\"category\" data-term-id=\"132\"><span class=\"tg-item-term\" >Mont\u00e9r\u00e9gie<\/span><\/a><span>, <\/span><a class=\"filtres_des_entreprises\" href=\"https:\/\/fonds-risq.qc.ca\/en\/filtres_des_entreprises\/pret-pour-aide-technique-en\/\" rel=\"category\" data-term-id=\"146\"><span class=\"tg-item-term\" >Technical assistance loan<\/span><\/a><\/span><div class=\"tg-item-footer\"><a class=\"tg-item-comment\" href=\"https:\/\/fonds-risq.qc.ca\/en\/entreprise\/cooperative-de-solidarite-aubergiste\/\"  target=\"_self\">No comment<\/a><span class=\"no-ajaxy to-post-like no-liked empty-heart\" data-post-id=\"10631\" title=\"Like\"><span class=\"to-heart-icon\"><svg xmlns=\"http:\/\/www.w3.org\/2000\/svg\" version=\"1.1\" viewBox=\"0 0 64 64\"><g transform=\"translate(0, 0)\"><path stroke-width=\"6\" stroke-linecap=\"square\" stroke-miterlimit=\"10\" d=\"M1,21c0,20,31,38,31,38s31-18,31-38 c0-8.285-6-16-15-16c-8.285,0-16,5.715-16,14c0-8.285-7.715-14-16-14C7,5,1,12.715,1,21z\"><\/path><\/g><\/svg><\/span><span class=\"to-like-count\">0<\/span><\/span><\/div><\/div><\/div><\/article><!-- The Grid item #218 --><article class=\"tg-item tg-post-10247 kampala f226 f148 f172 f165 f150\" data-row=\"1\" data-col=\"1\"><div class=\"tg-item-inner\"><div class=\"tg-item-media-holder tg-light\"><div class=\"tg-item-media-inner\"><img decoding=\"async\" class=\"tg-item-image\" alt=\"\" width=\"2048\" height=\"1151\" src=\"https:\/\/fonds-risq.qc.ca\/wp-content\/uploads\/2020\/09\/TVR7-2.jpg\"><\/div><div class=\"tg-center-holder\"><div class=\"tg-center-inner\"><div class=\"tg-item-overlay\"><\/div><a class=\"tg-link-button\" href=\"https:\/\/fonds-risq.qc.ca\/en\/entreprise\/television-regionale-haute-cote-nord\/\" target=\"_self\"><i class=\"tg-icon-link\"><\/i><\/a><\/div><\/div><div class=\"tg-item-decoration\"><div class=\"triangle-down-right\" style=\"border-color:#0097c8\"><\/div><\/div><div class=\"tg-item-share-holder\"><div class=\"triangle-up-left\" style=\"border-color:rgba(22,22,22,0.65)\"><\/div><i class=\"tg-icon-reply\" style=\"color:#ffffff\"><\/i><div class=\"tg-share-icons\"><a class=\"tg-social-share tg-facebook\" href=\"https:\/\/www.facebook.com\/sharer.php?u=https%3A%2F%2Ffonds-risq.qc.ca%2Fen%2Fentreprise%2Ftelevision-regionale-haute-cote-nord%2F&#038;t=T%C3%A9l%C3%A9vision%20r%C3%A9gionale%20Haute%20C%C3%B4te-Nord\"><i class=\"tg-icon-facebook\"><\/i><\/a><a class=\"tg-social-share tg-twitter\" href=\"https:\/\/twitter.com\/share?url=https%3A%2F%2Ffonds-risq.qc.ca%2Fen%2Fentreprise%2Ftelevision-regionale-haute-cote-nord%2F&#038;text=T%C3%A9l%C3%A9vision%20r%C3%A9gionale%20Haute%20C%C3%B4te-Nord\"><i class=\"tg-icon-twitter\"><\/i><\/a><a class=\"tg-social-share tg-google-plus\" href=\"https:\/\/plus.google.com\/share?url=https%3A%2F%2Ffonds-risq.qc.ca%2Fen%2Fentreprise%2Ftelevision-regionale-haute-cote-nord%2F\"><i class=\"tg-icon-google-plus\"><\/i><\/a><a class=\"tg-social-share tg-pinterest\" href=\"https:\/\/pinterest.com\/pin\/create\/button\/?url=https%3A%2F%2Ffonds-risq.qc.ca%2Fen%2Fentreprise%2Ftelevision-regionale-haute-cote-nord%2F&#038;description=T%C3%A9l%C3%A9vision%20r%C3%A9gionale%20Haute%20C%C3%B4te-Nord&#038;media=https%3A%2F%2Ffonds-risq.qc.ca%2Fwp-content%2Fuploads%2F2020%2F09%2FTVR7-2.jpg\"><i class=\"tg-icon-pinterest\"><\/i><\/a><\/div><\/div><\/div><div class=\"tg-item-content-holder tg-light image-format\" style=\"background-color:#0097c8\"><span class=\"tg-item-date\">18 September 2020<\/span><h2 class=\"tg-item-title\"><a href=\"https:\/\/fonds-risq.qc.ca\/en\/entreprise\/television-regionale-haute-cote-nord\/\" target=\"_self\">T\u00e9l\u00e9vision r\u00e9gionale Haute C\u00f4te-Nord<\/a><\/h2><span class=\"tg-cats-holder\"><a class=\"filtres_des_entreprises\" href=\"https:\/\/fonds-risq.qc.ca\/en\/filtres_des_entreprises\/2020-en\/\" rel=\"category\" data-term-id=\"226\"><span class=\"tg-item-term\" >2020<\/span><\/a><span>, <\/span><a class=\"filtres_des_entreprises\" href=\"https:\/\/fonds-risq.qc.ca\/en\/filtres_des_entreprises\/capitalization-loan\/\" rel=\"category\" data-term-id=\"148\"><span class=\"tg-item-term\" >Capitalization loan<\/span><\/a><span>, <\/span><a class=\"filtres_des_entreprises\" href=\"https:\/\/fonds-risq.qc.ca\/en\/filtres_des_entreprises\/community-media\/\" rel=\"category\" data-term-id=\"172\"><span class=\"tg-item-term\" >Community Media<\/span><\/a><span>, <\/span><a class=\"filtres_des_entreprises\" href=\"https:\/\/fonds-risq.qc.ca\/en\/filtres_des_entreprises\/cote-nord-en\/\" rel=\"category\" data-term-id=\"165\"><span class=\"tg-item-term\" >C\u00f4te-Nord<\/span><\/a><span>, <\/span><a class=\"filtres_des_entreprises\" href=\"https:\/\/fonds-risq.qc.ca\/en\/filtres_des_entreprises\/npo\/\" rel=\"category\" data-term-id=\"150\"><span class=\"tg-item-term\" >NPO<\/span><\/a><\/span><div class=\"tg-item-footer\"><a class=\"tg-item-comment\" href=\"https:\/\/fonds-risq.qc.ca\/en\/entreprise\/television-regionale-haute-cote-nord\/\"  target=\"_self\">No comment<\/a><span class=\"no-ajaxy to-post-like no-liked empty-heart\" data-post-id=\"10247\" title=\"Like\"><span class=\"to-heart-icon\"><svg xmlns=\"http:\/\/www.w3.org\/2000\/svg\" version=\"1.1\" viewBox=\"0 0 64 64\"><g transform=\"translate(0, 0)\"><path stroke-width=\"6\" stroke-linecap=\"square\" stroke-miterlimit=\"10\" d=\"M1,21c0,20,31,38,31,38s31-18,31-38 c0-8.285-6-16-15-16c-8.285,0-16,5.715-16,14c0-8.285-7.715-14-16-14C7,5,1,12.715,1,21z\"><\/path><\/g><\/svg><\/span><span class=\"to-like-count\">0<\/span><\/span><\/div><\/div><\/div><\/article><!-- The Grid item #219 --><article class=\"tg-item tg-post-10248 kampala f226 f190 f150 f155\" data-row=\"1\" data-col=\"1\"><div class=\"tg-item-inner\"><div class=\"tg-item-media-holder tg-light\"><div class=\"tg-item-media-inner\"><img decoding=\"async\" class=\"tg-item-image\" alt=\"\" width=\"526\" height=\"707\" src=\"https:\/\/fonds-risq.qc.ca\/wp-content\/uploads\/2020\/09\/soccer.22.jpg\"><\/div><div class=\"tg-center-holder\"><div class=\"tg-center-inner\"><div class=\"tg-item-overlay\"><\/div><a class=\"tg-link-button\" href=\"https:\/\/fonds-risq.qc.ca\/en\/entreprise\/club-de-soccer-saguenay\/\" target=\"_self\"><i class=\"tg-icon-link\"><\/i><\/a><\/div><\/div><div class=\"tg-item-decoration\"><div class=\"triangle-down-right\" style=\"border-color:#0097c8\"><\/div><\/div><div class=\"tg-item-share-holder\"><div class=\"triangle-up-left\" style=\"border-color:rgba(22,22,22,0.65)\"><\/div><i class=\"tg-icon-reply\" style=\"color:#ffffff\"><\/i><div class=\"tg-share-icons\"><a class=\"tg-social-share tg-facebook\" href=\"https:\/\/www.facebook.com\/sharer.php?u=https%3A%2F%2Ffonds-risq.qc.ca%2Fen%2Fentreprise%2Fclub-de-soccer-saguenay%2F&#038;t=Club%20de%20soccer%20Saguenay\"><i class=\"tg-icon-facebook\"><\/i><\/a><a class=\"tg-social-share tg-twitter\" href=\"https:\/\/twitter.com\/share?url=https%3A%2F%2Ffonds-risq.qc.ca%2Fen%2Fentreprise%2Fclub-de-soccer-saguenay%2F&#038;text=Club%20de%20soccer%20Saguenay\"><i class=\"tg-icon-twitter\"><\/i><\/a><a class=\"tg-social-share tg-google-plus\" href=\"https:\/\/plus.google.com\/share?url=https%3A%2F%2Ffonds-risq.qc.ca%2Fen%2Fentreprise%2Fclub-de-soccer-saguenay%2F\"><i class=\"tg-icon-google-plus\"><\/i><\/a><a class=\"tg-social-share tg-pinterest\" href=\"https:\/\/pinterest.com\/pin\/create\/button\/?url=https%3A%2F%2Ffonds-risq.qc.ca%2Fen%2Fentreprise%2Fclub-de-soccer-saguenay%2F&#038;description=Club%20de%20soccer%20Saguenay&#038;media=https%3A%2F%2Ffonds-risq.qc.ca%2Fwp-content%2Fuploads%2F2020%2F09%2Fsoccer.22.jpg\"><i class=\"tg-icon-pinterest\"><\/i><\/a><\/div><\/div><\/div><div class=\"tg-item-content-holder tg-light image-format\" style=\"background-color:#0097c8\"><span class=\"tg-item-date\">3 September 2020<\/span><h2 class=\"tg-item-title\"><a href=\"https:\/\/fonds-risq.qc.ca\/en\/entreprise\/club-de-soccer-saguenay\/\" target=\"_self\">Club de soccer Saguenay<\/a><\/h2><span class=\"tg-cats-holder\"><a class=\"filtres_des_entreprises\" href=\"https:\/\/fonds-risq.qc.ca\/en\/filtres_des_entreprises\/2020-en\/\" rel=\"category\" data-term-id=\"226\"><span class=\"tg-item-term\" >2020<\/span><\/a><span>, <\/span><a class=\"filtres_des_entreprises\" href=\"https:\/\/fonds-risq.qc.ca\/en\/filtres_des_entreprises\/loisirs-divertissement-en\/\" rel=\"category\" data-term-id=\"190\"><span class=\"tg-item-term\" >Loisirs-Divertissement<\/span><\/a><span>, <\/span><a class=\"filtres_des_entreprises\" href=\"https:\/\/fonds-risq.qc.ca\/en\/filtres_des_entreprises\/npo\/\" rel=\"category\" data-term-id=\"150\"><span class=\"tg-item-term\" >NPO<\/span><\/a><span>, <\/span><a class=\"filtres_des_entreprises\" href=\"https:\/\/fonds-risq.qc.ca\/en\/filtres_des_entreprises\/saguenay-lac-saint-jean-en\/\" rel=\"category\" data-term-id=\"155\"><span class=\"tg-item-term\" >Saguenay-Lac-Saint-Jean<\/span><\/a><\/span><div class=\"tg-item-footer\"><a class=\"tg-item-comment\" href=\"https:\/\/fonds-risq.qc.ca\/en\/entreprise\/club-de-soccer-saguenay\/\"  target=\"_self\">No comment<\/a><span class=\"no-ajaxy to-post-like no-liked empty-heart\" data-post-id=\"10248\" title=\"Like\"><span class=\"to-heart-icon\"><svg xmlns=\"http:\/\/www.w3.org\/2000\/svg\" version=\"1.1\" viewBox=\"0 0 64 64\"><g transform=\"translate(0, 0)\"><path stroke-width=\"6\" stroke-linecap=\"square\" stroke-miterlimit=\"10\" d=\"M1,21c0,20,31,38,31,38s31-18,31-38 c0-8.285-6-16-15-16c-8.285,0-16,5.715-16,14c0-8.285-7.715-14-16-14C7,5,1,12.715,1,21z\"><\/path><\/g><\/svg><\/span><span class=\"to-like-count\">0<\/span><\/span><\/div><\/div><\/div><\/article><!-- The Grid item #220 --><article class=\"tg-item tg-post-10249 kampala f226 f148 f149 f128 f150 f135\" data-row=\"1\" data-col=\"1\"><div class=\"tg-item-inner\"><div class=\"tg-item-media-holder tg-light\"><div class=\"tg-item-media-inner\"><img decoding=\"async\" class=\"tg-item-image\" alt=\"\" width=\"570\" height=\"300\" src=\"https:\/\/fonds-risq.qc.ca\/wp-content\/uploads\/2020\/07\/header_test_375000_arbres-570x300-1.png\"><\/div><div class=\"tg-center-holder\"><div class=\"tg-center-inner\"><div class=\"tg-item-overlay\"><\/div><a class=\"tg-link-button\" href=\"https:\/\/fonds-risq.qc.ca\/en\/entreprise\/tous-les-jours\/\" target=\"_self\"><i class=\"tg-icon-link\"><\/i><\/a><\/div><\/div><div class=\"tg-item-decoration\"><div class=\"triangle-down-right\" style=\"border-color:#0097c8\"><\/div><\/div><div class=\"tg-item-share-holder\"><div class=\"triangle-up-left\" style=\"border-color:rgba(22,22,22,0.65)\"><\/div><i class=\"tg-icon-reply\" style=\"color:#ffffff\"><\/i><div class=\"tg-share-icons\"><a class=\"tg-social-share tg-facebook\" href=\"https:\/\/www.facebook.com\/sharer.php?u=https%3A%2F%2Ffonds-risq.qc.ca%2Fen%2Fentreprise%2Ftous-les-jours%2F&#038;t=Tous%20les%20jours\"><i class=\"tg-icon-facebook\"><\/i><\/a><a class=\"tg-social-share tg-twitter\" href=\"https:\/\/twitter.com\/share?url=https%3A%2F%2Ffonds-risq.qc.ca%2Fen%2Fentreprise%2Ftous-les-jours%2F&#038;text=Tous%20les%20jours\"><i class=\"tg-icon-twitter\"><\/i><\/a><a class=\"tg-social-share tg-google-plus\" href=\"https:\/\/plus.google.com\/share?url=https%3A%2F%2Ffonds-risq.qc.ca%2Fen%2Fentreprise%2Ftous-les-jours%2F\"><i class=\"tg-icon-google-plus\"><\/i><\/a><a class=\"tg-social-share tg-pinterest\" href=\"https:\/\/pinterest.com\/pin\/create\/button\/?url=https%3A%2F%2Ffonds-risq.qc.ca%2Fen%2Fentreprise%2Ftous-les-jours%2F&#038;description=Tous%20les%20jours&#038;media=https%3A%2F%2Ffonds-risq.qc.ca%2Fwp-content%2Fuploads%2F2020%2F07%2Fheader_test_375000_arbres-570x300-1.png\"><i class=\"tg-icon-pinterest\"><\/i><\/a><\/div><\/div><\/div><div class=\"tg-item-content-holder tg-light image-format\" style=\"background-color:#0097c8\"><span class=\"tg-item-date\">23 July 2020<\/span><h2 class=\"tg-item-title\"><a href=\"https:\/\/fonds-risq.qc.ca\/en\/entreprise\/tous-les-jours\/\" target=\"_self\">Tous les jours<\/a><\/h2><span class=\"tg-cats-holder\"><a class=\"filtres_des_entreprises\" href=\"https:\/\/fonds-risq.qc.ca\/en\/filtres_des_entreprises\/2020-en\/\" rel=\"category\" data-term-id=\"226\"><span class=\"tg-item-term\" >2020<\/span><\/a><span>, <\/span><a class=\"filtres_des_entreprises\" href=\"https:\/\/fonds-risq.qc.ca\/en\/filtres_des_entreprises\/capitalization-loan\/\" rel=\"category\" data-term-id=\"148\"><span class=\"tg-item-term\" >Capitalization loan<\/span><\/a><span>, <\/span><a class=\"filtres_des_entreprises\" href=\"https:\/\/fonds-risq.qc.ca\/en\/filtres_des_entreprises\/environment\/\" rel=\"category\" data-term-id=\"149\"><span class=\"tg-item-term\" >Environment<\/span><\/a><span>, <\/span><a class=\"filtres_des_entreprises\" href=\"https:\/\/fonds-risq.qc.ca\/en\/filtres_des_entreprises\/montreal-en\/\" rel=\"category\" data-term-id=\"128\"><span class=\"tg-item-term\" >Montr\u00e9al<\/span><\/a><span>, <\/span><a class=\"filtres_des_entreprises\" href=\"https:\/\/fonds-risq.qc.ca\/en\/filtres_des_entreprises\/npo\/\" rel=\"category\" data-term-id=\"150\"><span class=\"tg-item-term\" >NPO<\/span><\/a><span>, <\/span><a class=\"filtres_des_entreprises\" href=\"https:\/\/fonds-risq.qc.ca\/en\/filtres_des_entreprises\/services-en\/\" rel=\"category\" data-term-id=\"135\"><span class=\"tg-item-term\" >Services<\/span><\/a><\/span><div class=\"tg-item-footer\"><a class=\"tg-item-comment\" href=\"https:\/\/fonds-risq.qc.ca\/en\/entreprise\/tous-les-jours\/\"  target=\"_self\">No comment<\/a><span class=\"no-ajaxy to-post-like no-liked empty-heart\" data-post-id=\"10249\" title=\"Like\"><span class=\"to-heart-icon\"><svg xmlns=\"http:\/\/www.w3.org\/2000\/svg\" version=\"1.1\" viewBox=\"0 0 64 64\"><g transform=\"translate(0, 0)\"><path stroke-width=\"6\" stroke-linecap=\"square\" stroke-miterlimit=\"10\" d=\"M1,21c0,20,31,38,31,38s31-18,31-38 c0-8.285-6-16-15-16c-8.285,0-16,5.715-16,14c0-8.285-7.715-14-16-14C7,5,1,12.715,1,21z\"><\/path><\/g><\/svg><\/span><span class=\"to-like-count\">0<\/span><\/span><\/div><\/div><\/div><\/article><!-- The Grid item #221 --><article class=\"tg-item tg-post-10038 kampala f226 f148 f151 f199 f128 f135\" data-row=\"1\" data-col=\"1\"><div class=\"tg-item-inner\"><div class=\"tg-item-media-holder tg-light\"><div class=\"tg-item-media-inner\"><img decoding=\"async\" class=\"tg-item-image\" alt=\"\" width=\"480\" height=\"960\" src=\"https:\/\/fonds-risq.qc.ca\/wp-content\/uploads\/2020\/07\/Picbois.png\"><\/div><div class=\"tg-center-holder\"><div class=\"tg-center-inner\"><div class=\"tg-item-overlay\"><\/div><a class=\"tg-link-button\" href=\"https:\/\/fonds-risq.qc.ca\/en\/entreprise\/le-picbois-coop\/\" target=\"_self\"><i class=\"tg-icon-link\"><\/i><\/a><\/div><\/div><div class=\"tg-item-decoration\"><div class=\"triangle-down-right\" style=\"border-color:#0097c8\"><\/div><\/div><div class=\"tg-item-share-holder\"><div class=\"triangle-up-left\" style=\"border-color:rgba(22,22,22,0.65)\"><\/div><i class=\"tg-icon-reply\" style=\"color:#ffffff\"><\/i><div class=\"tg-share-icons\"><a class=\"tg-social-share tg-facebook\" href=\"https:\/\/www.facebook.com\/sharer.php?u=https%3A%2F%2Ffonds-risq.qc.ca%2Fen%2Fentreprise%2Fle-picbois-coop%2F&#038;t=Le%20PicBois%20Coop\"><i class=\"tg-icon-facebook\"><\/i><\/a><a class=\"tg-social-share tg-twitter\" href=\"https:\/\/twitter.com\/share?url=https%3A%2F%2Ffonds-risq.qc.ca%2Fen%2Fentreprise%2Fle-picbois-coop%2F&#038;text=Le%20PicBois%20Coop\"><i class=\"tg-icon-twitter\"><\/i><\/a><a class=\"tg-social-share tg-google-plus\" href=\"https:\/\/plus.google.com\/share?url=https%3A%2F%2Ffonds-risq.qc.ca%2Fen%2Fentreprise%2Fle-picbois-coop%2F\"><i class=\"tg-icon-google-plus\"><\/i><\/a><a class=\"tg-social-share tg-pinterest\" href=\"https:\/\/pinterest.com\/pin\/create\/button\/?url=https%3A%2F%2Ffonds-risq.qc.ca%2Fen%2Fentreprise%2Fle-picbois-coop%2F&#038;description=Le%20PicBois%20Coop&#038;media=https%3A%2F%2Ffonds-risq.qc.ca%2Fwp-content%2Fuploads%2F2020%2F07%2FPicbois.png\"><i class=\"tg-icon-pinterest\"><\/i><\/a><\/div><\/div><\/div><div class=\"tg-item-content-holder tg-light image-format\" style=\"background-color:#0097c8\"><span class=\"tg-item-date\">14 July 2020<\/span><h2 class=\"tg-item-title\"><a href=\"https:\/\/fonds-risq.qc.ca\/en\/entreprise\/le-picbois-coop\/\" target=\"_self\">Le PicBois Coop<\/a><\/h2><span class=\"tg-cats-holder\"><a class=\"filtres_des_entreprises\" href=\"https:\/\/fonds-risq.qc.ca\/en\/filtres_des_entreprises\/2020-en\/\" rel=\"category\" data-term-id=\"226\"><span class=\"tg-item-term\" >2020<\/span><\/a><span>, <\/span><a class=\"filtres_des_entreprises\" href=\"https:\/\/fonds-risq.qc.ca\/en\/filtres_des_entreprises\/capitalization-loan\/\" rel=\"category\" data-term-id=\"148\"><span class=\"tg-item-term\" >Capitalization loan<\/span><\/a><span>, <\/span><a class=\"filtres_des_entreprises\" href=\"https:\/\/fonds-risq.qc.ca\/en\/filtres_des_entreprises\/coop-en\/\" rel=\"category\" data-term-id=\"151\"><span class=\"tg-item-term\" >COOP<\/span><\/a><span>, <\/span><a class=\"filtres_des_entreprises\" href=\"https:\/\/fonds-risq.qc.ca\/en\/filtres_des_entreprises\/entrepreneur-specialise-en\/\" rel=\"category\" data-term-id=\"199\"><span class=\"tg-item-term\" >Entrepreneur sp\u00e9cialis\u00e9<\/span><\/a><span>, <\/span><a class=\"filtres_des_entreprises\" href=\"https:\/\/fonds-risq.qc.ca\/en\/filtres_des_entreprises\/montreal-en\/\" rel=\"category\" data-term-id=\"128\"><span class=\"tg-item-term\" >Montr\u00e9al<\/span><\/a><span>, <\/span><a class=\"filtres_des_entreprises\" href=\"https:\/\/fonds-risq.qc.ca\/en\/filtres_des_entreprises\/services-en\/\" rel=\"category\" data-term-id=\"135\"><span class=\"tg-item-term\" >Services<\/span><\/a><\/span><div class=\"tg-item-footer\"><a class=\"tg-item-comment\" href=\"https:\/\/fonds-risq.qc.ca\/en\/entreprise\/le-picbois-coop\/\"  target=\"_self\">No comment<\/a><span class=\"no-ajaxy to-post-like no-liked empty-heart\" data-post-id=\"10038\" title=\"Like\"><span class=\"to-heart-icon\"><svg xmlns=\"http:\/\/www.w3.org\/2000\/svg\" version=\"1.1\" viewBox=\"0 0 64 64\"><g transform=\"translate(0, 0)\"><path stroke-width=\"6\" stroke-linecap=\"square\" stroke-miterlimit=\"10\" d=\"M1,21c0,20,31,38,31,38s31-18,31-38 c0-8.285-6-16-15-16c-8.285,0-16,5.715-16,14c0-8.285-7.715-14-16-14C7,5,1,12.715,1,21z\"><\/path><\/g><\/svg><\/span><span class=\"to-like-count\">0<\/span><\/span><\/div><\/div><\/div><\/article><!-- The Grid item #222 --><article class=\"tg-item tg-post-10008 kampala f223 f148 f151 f165 f137\" data-row=\"1\" data-col=\"1\"><div class=\"tg-item-inner\"><div class=\"tg-item-media-holder tg-light\"><div class=\"tg-item-media-inner\"><img decoding=\"async\" class=\"tg-item-image\" alt=\"\" width=\"1080\" height=\"608\" src=\"https:\/\/fonds-risq.qc.ca\/wp-content\/uploads\/2020\/06\/cs-anticoti.jpg\"><\/div><div class=\"tg-center-holder\"><div class=\"tg-center-inner\"><div class=\"tg-item-overlay\"><\/div><a class=\"tg-link-button\" href=\"https:\/\/fonds-risq.qc.ca\/en\/entreprise\/cooperative-de-consommation-de-lile-danticosti\/\" target=\"_self\"><i class=\"tg-icon-link\"><\/i><\/a><\/div><\/div><div class=\"tg-item-decoration\"><div class=\"triangle-down-right\" style=\"border-color:#0097c8\"><\/div><\/div><div class=\"tg-item-share-holder\"><div class=\"triangle-up-left\" style=\"border-color:rgba(22,22,22,0.65)\"><\/div><i class=\"tg-icon-reply\" style=\"color:#ffffff\"><\/i><div class=\"tg-share-icons\"><a class=\"tg-social-share tg-facebook\" href=\"https:\/\/www.facebook.com\/sharer.php?u=https%3A%2F%2Ffonds-risq.qc.ca%2Fen%2Fentreprise%2Fcooperative-de-consommation-de-lile-danticosti%2F&#038;t=Coop%C3%A9rative%20de%20consommation%20de%20l%E2%80%99%C3%8Ele%20d%E2%80%99Anticosti\"><i class=\"tg-icon-facebook\"><\/i><\/a><a class=\"tg-social-share tg-twitter\" href=\"https:\/\/twitter.com\/share?url=https%3A%2F%2Ffonds-risq.qc.ca%2Fen%2Fentreprise%2Fcooperative-de-consommation-de-lile-danticosti%2F&#038;text=Coop%C3%A9rative%20de%20consommation%20de%20l%E2%80%99%C3%8Ele%20d%E2%80%99Anticosti\"><i class=\"tg-icon-twitter\"><\/i><\/a><a class=\"tg-social-share tg-google-plus\" href=\"https:\/\/plus.google.com\/share?url=https%3A%2F%2Ffonds-risq.qc.ca%2Fen%2Fentreprise%2Fcooperative-de-consommation-de-lile-danticosti%2F\"><i class=\"tg-icon-google-plus\"><\/i><\/a><a class=\"tg-social-share tg-pinterest\" href=\"https:\/\/pinterest.com\/pin\/create\/button\/?url=https%3A%2F%2Ffonds-risq.qc.ca%2Fen%2Fentreprise%2Fcooperative-de-consommation-de-lile-danticosti%2F&#038;description=Coop%C3%A9rative%20de%20consommation%20de%20l%E2%80%99%C3%8Ele%20d%E2%80%99Anticosti&#038;media=https%3A%2F%2Ffonds-risq.qc.ca%2Fwp-content%2Fuploads%2F2020%2F06%2Fcs-anticoti.jpg\"><i class=\"tg-icon-pinterest\"><\/i><\/a><\/div><\/div><\/div><div class=\"tg-item-content-holder tg-light image-format\" style=\"background-color:#0097c8\"><span class=\"tg-item-date\">18 June 2020<\/span><h2 class=\"tg-item-title\"><a href=\"https:\/\/fonds-risq.qc.ca\/en\/entreprise\/cooperative-de-consommation-de-lile-danticosti\/\" target=\"_self\">Coop\u00e9rative de consommation de l\u2019\u00cele d\u2019Anticosti<\/a><\/h2><span class=\"tg-cats-holder\"><a class=\"filtres_des_entreprises\" href=\"https:\/\/fonds-risq.qc.ca\/en\/filtres_des_entreprises\/2018-en\/\" rel=\"category\" data-term-id=\"223\"><span class=\"tg-item-term\" >2018<\/span><\/a><span>, <\/span><a class=\"filtres_des_entreprises\" href=\"https:\/\/fonds-risq.qc.ca\/en\/filtres_des_entreprises\/capitalization-loan\/\" rel=\"category\" data-term-id=\"148\"><span class=\"tg-item-term\" >Capitalization loan<\/span><\/a><span>, <\/span><a class=\"filtres_des_entreprises\" href=\"https:\/\/fonds-risq.qc.ca\/en\/filtres_des_entreprises\/coop-en\/\" rel=\"category\" data-term-id=\"151\"><span class=\"tg-item-term\" >COOP<\/span><\/a><span>, <\/span><a class=\"filtres_des_entreprises\" href=\"https:\/\/fonds-risq.qc.ca\/en\/filtres_des_entreprises\/cote-nord-en\/\" rel=\"category\" data-term-id=\"165\"><span class=\"tg-item-term\" >C\u00f4te-Nord<\/span><\/a><span>, <\/span><a class=\"filtres_des_entreprises\" href=\"https:\/\/fonds-risq.qc.ca\/en\/filtres_des_entreprises\/retail-business\/\" rel=\"category\" data-term-id=\"137\"><span class=\"tg-item-term\" >Retail business<\/span><\/a><\/span><div class=\"tg-item-footer\"><a class=\"tg-item-comment\" href=\"https:\/\/fonds-risq.qc.ca\/en\/entreprise\/cooperative-de-consommation-de-lile-danticosti\/\"  target=\"_self\">No comment<\/a><span class=\"no-ajaxy to-post-like no-liked empty-heart\" data-post-id=\"10008\" title=\"Like\"><span class=\"to-heart-icon\"><svg xmlns=\"http:\/\/www.w3.org\/2000\/svg\" version=\"1.1\" viewBox=\"0 0 64 64\"><g transform=\"translate(0, 0)\"><path stroke-width=\"6\" stroke-linecap=\"square\" stroke-miterlimit=\"10\" d=\"M1,21c0,20,31,38,31,38s31-18,31-38 c0-8.285-6-16-15-16c-8.285,0-16,5.715-16,14c0-8.285-7.715-14-16-14C7,5,1,12.715,1,21z\"><\/path><\/g><\/svg><\/span><span class=\"to-like-count\">0<\/span><\/span><\/div><\/div><\/div><\/article><!-- The Grid item #223 --><article class=\"tg-item tg-post-9983 kampala f226 f130 f148 f151 f153 f135\" data-row=\"1\" data-col=\"1\"><div class=\"tg-item-inner\"><div class=\"tg-item-media-holder tg-light\"><div class=\"tg-item-media-inner\"><img decoding=\"async\" class=\"tg-item-image\" alt=\"\" width=\"1656\" height=\"828\" src=\"https:\/\/fonds-risq.qc.ca\/wp-content\/uploads\/2020\/05\/optionmetalrecycle-2.jpg\"><\/div><div class=\"tg-center-holder\"><div class=\"tg-center-inner\"><div class=\"tg-item-overlay\"><\/div><a class=\"tg-link-button\" href=\"https:\/\/fonds-risq.qc.ca\/en\/entreprise\/option-metal-recycle\/\" target=\"_self\"><i class=\"tg-icon-link\"><\/i><\/a><\/div><\/div><div class=\"tg-item-decoration\"><div class=\"triangle-down-right\" style=\"border-color:#0097c8\"><\/div><\/div><div class=\"tg-item-share-holder\"><div class=\"triangle-up-left\" style=\"border-color:rgba(22,22,22,0.65)\"><\/div><i class=\"tg-icon-reply\" style=\"color:#ffffff\"><\/i><div class=\"tg-share-icons\"><a class=\"tg-social-share tg-facebook\" href=\"https:\/\/www.facebook.com\/sharer.php?u=https%3A%2F%2Ffonds-risq.qc.ca%2Fen%2Fentreprise%2Foption-metal-recycle%2F&#038;t=Option%20m%C3%A9tal%20recycl%C3%A9\"><i class=\"tg-icon-facebook\"><\/i><\/a><a class=\"tg-social-share tg-twitter\" href=\"https:\/\/twitter.com\/share?url=https%3A%2F%2Ffonds-risq.qc.ca%2Fen%2Fentreprise%2Foption-metal-recycle%2F&#038;text=Option%20m%C3%A9tal%20recycl%C3%A9\"><i class=\"tg-icon-twitter\"><\/i><\/a><a class=\"tg-social-share tg-google-plus\" href=\"https:\/\/plus.google.com\/share?url=https%3A%2F%2Ffonds-risq.qc.ca%2Fen%2Fentreprise%2Foption-metal-recycle%2F\"><i class=\"tg-icon-google-plus\"><\/i><\/a><a class=\"tg-social-share tg-pinterest\" href=\"https:\/\/pinterest.com\/pin\/create\/button\/?url=https%3A%2F%2Ffonds-risq.qc.ca%2Fen%2Fentreprise%2Foption-metal-recycle%2F&#038;description=Option%20m%C3%A9tal%20recycl%C3%A9&#038;media=https%3A%2F%2Ffonds-risq.qc.ca%2Fwp-content%2Fuploads%2F2020%2F05%2Foptionmetalrecycle-2.jpg\"><i class=\"tg-icon-pinterest\"><\/i><\/a><\/div><\/div><\/div><div class=\"tg-item-content-holder tg-light image-format\" style=\"background-color:#0097c8\"><span class=\"tg-item-date\">11 June 2020<\/span><h2 class=\"tg-item-title\"><a href=\"https:\/\/fonds-risq.qc.ca\/en\/entreprise\/option-metal-recycle\/\" target=\"_self\">Option m\u00e9tal recycl\u00e9<\/a><\/h2><span class=\"tg-cats-holder\"><a class=\"filtres_des_entreprises\" href=\"https:\/\/fonds-risq.qc.ca\/en\/filtres_des_entreprises\/2020-en\/\" rel=\"category\" data-term-id=\"226\"><span class=\"tg-item-term\" >2020<\/span><\/a><span>, <\/span><a class=\"filtres_des_entreprises\" href=\"https:\/\/fonds-risq.qc.ca\/en\/filtres_des_entreprises\/capitale-nationale-en\/\" rel=\"category\" data-term-id=\"130\"><span class=\"tg-item-term\" >Capitale-Nationale<\/span><\/a><span>, <\/span><a class=\"filtres_des_entreprises\" href=\"https:\/\/fonds-risq.qc.ca\/en\/filtres_des_entreprises\/capitalization-loan\/\" rel=\"category\" data-term-id=\"148\"><span class=\"tg-item-term\" >Capitalization loan<\/span><\/a><span>, <\/span><a class=\"filtres_des_entreprises\" href=\"https:\/\/fonds-risq.qc.ca\/en\/filtres_des_entreprises\/coop-en\/\" rel=\"category\" data-term-id=\"151\"><span class=\"tg-item-term\" >COOP<\/span><\/a><span>, <\/span><a class=\"filtres_des_entreprises\" href=\"https:\/\/fonds-risq.qc.ca\/en\/filtres_des_entreprises\/recycling\/\" rel=\"category\" data-term-id=\"153\"><span class=\"tg-item-term\" >Recycling<\/span><\/a><span>, <\/span><a class=\"filtres_des_entreprises\" href=\"https:\/\/fonds-risq.qc.ca\/en\/filtres_des_entreprises\/services-en\/\" rel=\"category\" data-term-id=\"135\"><span class=\"tg-item-term\" >Services<\/span><\/a><\/span><div class=\"tg-item-footer\"><a class=\"tg-item-comment\" href=\"https:\/\/fonds-risq.qc.ca\/en\/entreprise\/option-metal-recycle\/\"  target=\"_self\">No comment<\/a><span class=\"no-ajaxy to-post-like no-liked empty-heart\" data-post-id=\"9983\" title=\"Like\"><span class=\"to-heart-icon\"><svg xmlns=\"http:\/\/www.w3.org\/2000\/svg\" version=\"1.1\" viewBox=\"0 0 64 64\"><g transform=\"translate(0, 0)\"><path stroke-width=\"6\" stroke-linecap=\"square\" stroke-miterlimit=\"10\" d=\"M1,21c0,20,31,38,31,38s31-18,31-38 c0-8.285-6-16-15-16c-8.285,0-16,5.715-16,14c0-8.285-7.715-14-16-14C7,5,1,12.715,1,21z\"><\/path><\/g><\/svg><\/span><span class=\"to-like-count\">0<\/span><\/span><\/div><\/div><\/div><\/article><!-- The Grid item #224 --><article class=\"tg-item tg-post-9968 kampala f226 f148 f133 f150 f193\" data-row=\"1\" data-col=\"1\"><div class=\"tg-item-inner\"><div class=\"tg-item-content-holder tg-light standard-format\" style=\"background-color:#0097c8\"><span class=\"tg-item-date\">11 June 2020<\/span><h2 class=\"tg-item-title\"><a href=\"https:\/\/fonds-risq.qc.ca\/en\/entreprise\/tele-cable-la-conception\/\" target=\"_self\">T\u00e9l\u00e9-C\u00e2ble La Conception<\/a><\/h2><span class=\"tg-cats-holder\"><a class=\"filtres_des_entreprises\" href=\"https:\/\/fonds-risq.qc.ca\/en\/filtres_des_entreprises\/2020-en\/\" rel=\"category\" data-term-id=\"226\"><span class=\"tg-item-term\" >2020<\/span><\/a><span>, <\/span><a class=\"filtres_des_entreprises\" href=\"https:\/\/fonds-risq.qc.ca\/en\/filtres_des_entreprises\/capitalization-loan\/\" rel=\"category\" data-term-id=\"148\"><span class=\"tg-item-term\" >Capitalization loan<\/span><\/a><span>, <\/span><a class=\"filtres_des_entreprises\" href=\"https:\/\/fonds-risq.qc.ca\/en\/filtres_des_entreprises\/laurentides-en\/\" rel=\"category\" data-term-id=\"133\"><span class=\"tg-item-term\" >Laurentides<\/span><\/a><span>, <\/span><a class=\"filtres_des_entreprises\" href=\"https:\/\/fonds-risq.qc.ca\/en\/filtres_des_entreprises\/npo\/\" rel=\"category\" data-term-id=\"150\"><span class=\"tg-item-term\" >NPO<\/span><\/a><span>, <\/span><a class=\"filtres_des_entreprises\" href=\"https:\/\/fonds-risq.qc.ca\/en\/filtres_des_entreprises\/services-de-telecommunication-en\/\" rel=\"category\" data-term-id=\"193\"><span class=\"tg-item-term\" >Services de t\u00e9l\u00e9communication<\/span><\/a><\/span><div class=\"tg-item-footer\"><a class=\"tg-item-comment\" href=\"https:\/\/fonds-risq.qc.ca\/en\/entreprise\/tele-cable-la-conception\/\"  target=\"_self\">No comment<\/a><span class=\"no-ajaxy to-post-like no-liked empty-heart\" data-post-id=\"9968\" title=\"Like\"><span class=\"to-heart-icon\"><svg xmlns=\"http:\/\/www.w3.org\/2000\/svg\" version=\"1.1\" viewBox=\"0 0 64 64\"><g transform=\"translate(0, 0)\"><path stroke-width=\"6\" stroke-linecap=\"square\" stroke-miterlimit=\"10\" d=\"M1,21c0,20,31,38,31,38s31-18,31-38 c0-8.285-6-16-15-16c-8.285,0-16,5.715-16,14c0-8.285-7.715-14-16-14C7,5,1,12.715,1,21z\"><\/path><\/g><\/svg><\/span><span class=\"to-like-count\">0<\/span><\/span><\/div><\/div><\/div><\/article><!-- The Grid item #225 --><article class=\"tg-item tg-post-9958 kampala f219 f165 f150 f137 f146\" data-row=\"1\" data-col=\"1\"><div class=\"tg-item-inner\"><div class=\"tg-item-media-holder tg-light\"><div class=\"tg-item-media-inner\"><img decoding=\"async\" class=\"tg-item-image\" alt=\"\" width=\"515\" height=\"515\" src=\"https:\/\/fonds-risq.qc.ca\/wp-content\/uploads\/2020\/06\/csm_Gallix_Parc_du_Souvenir-A_Danais_8d0c27ac6b.jpg\"><\/div><div class=\"tg-center-holder\"><div class=\"tg-center-inner\"><div class=\"tg-item-overlay\"><\/div><a class=\"tg-link-button\" href=\"https:\/\/fonds-risq.qc.ca\/en\/entreprise\/developpement-economique-sept-iles\/\" target=\"_self\"><i class=\"tg-icon-link\"><\/i><\/a><\/div><\/div><div class=\"tg-item-decoration\"><div class=\"triangle-down-right\" style=\"border-color:#b7c634\"><\/div><\/div><div class=\"tg-item-share-holder\"><div class=\"triangle-up-left\" style=\"border-color:rgba(22,22,22,0.65)\"><\/div><i class=\"tg-icon-reply\" style=\"color:#ffffff\"><\/i><div class=\"tg-share-icons\"><a class=\"tg-social-share tg-facebook\" href=\"https:\/\/www.facebook.com\/sharer.php?u=https%3A%2F%2Ffonds-risq.qc.ca%2Fen%2Fentreprise%2Fdeveloppement-economique-sept-iles%2F&#038;t=D%C3%A9veloppement%20%C3%A9conomique%20Sept-%C3%8Eles\"><i class=\"tg-icon-facebook\"><\/i><\/a><a class=\"tg-social-share tg-twitter\" href=\"https:\/\/twitter.com\/share?url=https%3A%2F%2Ffonds-risq.qc.ca%2Fen%2Fentreprise%2Fdeveloppement-economique-sept-iles%2F&#038;text=D%C3%A9veloppement%20%C3%A9conomique%20Sept-%C3%8Eles\"><i class=\"tg-icon-twitter\"><\/i><\/a><a class=\"tg-social-share tg-google-plus\" href=\"https:\/\/plus.google.com\/share?url=https%3A%2F%2Ffonds-risq.qc.ca%2Fen%2Fentreprise%2Fdeveloppement-economique-sept-iles%2F\"><i class=\"tg-icon-google-plus\"><\/i><\/a><a class=\"tg-social-share tg-pinterest\" href=\"https:\/\/pinterest.com\/pin\/create\/button\/?url=https%3A%2F%2Ffonds-risq.qc.ca%2Fen%2Fentreprise%2Fdeveloppement-economique-sept-iles%2F&#038;description=D%C3%A9veloppement%20%C3%A9conomique%20Sept-%C3%8Eles&#038;media=https%3A%2F%2Ffonds-risq.qc.ca%2Fwp-content%2Fuploads%2F2020%2F06%2Fcsm_Gallix_Parc_du_Souvenir-A_Danais_8d0c27ac6b.jpg\"><i class=\"tg-icon-pinterest\"><\/i><\/a><\/div><\/div><\/div><div class=\"tg-item-content-holder tg-light image-format\" style=\"background-color:#b7c634\"><span class=\"tg-item-date\">5 June 2020<\/span><h2 class=\"tg-item-title\"><a href=\"https:\/\/fonds-risq.qc.ca\/en\/entreprise\/developpement-economique-sept-iles\/\" target=\"_self\">D\u00e9veloppement \u00e9conomique Sept-\u00celes<\/a><\/h2><span class=\"tg-cats-holder\"><a class=\"filtres_des_entreprises\" href=\"https:\/\/fonds-risq.qc.ca\/en\/filtres_des_entreprises\/2019-en\/\" rel=\"category\" data-term-id=\"219\"><span class=\"tg-item-term\" >2019<\/span><\/a><span>, <\/span><a class=\"filtres_des_entreprises\" href=\"https:\/\/fonds-risq.qc.ca\/en\/filtres_des_entreprises\/cote-nord-en\/\" rel=\"category\" data-term-id=\"165\"><span class=\"tg-item-term\" >C\u00f4te-Nord<\/span><\/a><span>, <\/span><a class=\"filtres_des_entreprises\" href=\"https:\/\/fonds-risq.qc.ca\/en\/filtres_des_entreprises\/npo\/\" rel=\"category\" data-term-id=\"150\"><span class=\"tg-item-term\" >NPO<\/span><\/a><span>, <\/span><a class=\"filtres_des_entreprises\" href=\"https:\/\/fonds-risq.qc.ca\/en\/filtres_des_entreprises\/retail-business\/\" rel=\"category\" data-term-id=\"137\"><span class=\"tg-item-term\" >Retail business<\/span><\/a><span>, <\/span><a class=\"filtres_des_entreprises\" href=\"https:\/\/fonds-risq.qc.ca\/en\/filtres_des_entreprises\/pret-pour-aide-technique-en\/\" rel=\"category\" data-term-id=\"146\"><span class=\"tg-item-term\" >Technical assistance loan<\/span><\/a><\/span><div class=\"tg-item-footer\"><a class=\"tg-item-comment\" href=\"https:\/\/fonds-risq.qc.ca\/en\/entreprise\/developpement-economique-sept-iles\/\"  target=\"_self\">No comment<\/a><span class=\"no-ajaxy to-post-like no-liked empty-heart\" data-post-id=\"9958\" title=\"Like\"><span class=\"to-heart-icon\"><svg xmlns=\"http:\/\/www.w3.org\/2000\/svg\" version=\"1.1\" viewBox=\"0 0 64 64\"><g transform=\"translate(0, 0)\"><path stroke-width=\"6\" stroke-linecap=\"square\" stroke-miterlimit=\"10\" d=\"M1,21c0,20,31,38,31,38s31-18,31-38 c0-8.285-6-16-15-16c-8.285,0-16,5.715-16,14c0-8.285-7.715-14-16-14C7,5,1,12.715,1,21z\"><\/path><\/g><\/svg><\/span><span class=\"to-like-count\">0<\/span><\/span><\/div><\/div><\/div><\/article><!-- The Grid item #226 --><article class=\"tg-item tg-post-9949 kampala f226 f148 f228 f150\" data-row=\"1\" data-col=\"1\"><div class=\"tg-item-inner\"><div class=\"tg-item-media-holder tg-light\"><div class=\"tg-item-media-inner\"><img decoding=\"async\" class=\"tg-item-image\" alt=\"\" width=\"522\" height=\"197\" src=\"https:\/\/fonds-risq.qc.ca\/wp-content\/uploads\/2020\/06\/innova.jpg\"><\/div><div class=\"tg-center-holder\"><div class=\"tg-center-inner\"><div class=\"tg-item-overlay\"><\/div><a class=\"tg-link-button\" href=\"https:\/\/fonds-risq.qc.ca\/en\/entreprise\/entreprise-sociale-en-sante-mentale\/\" target=\"_self\"><i class=\"tg-icon-link\"><\/i><\/a><\/div><\/div><div class=\"tg-item-decoration\"><div class=\"triangle-down-right\" style=\"border-color:#0097c8\"><\/div><\/div><div class=\"tg-item-share-holder\"><div class=\"triangle-up-left\" style=\"border-color:rgba(22,22,22,0.65)\"><\/div><i class=\"tg-icon-reply\" style=\"color:#ffffff\"><\/i><div class=\"tg-share-icons\"><a class=\"tg-social-share tg-facebook\" href=\"https:\/\/www.facebook.com\/sharer.php?u=https%3A%2F%2Ffonds-risq.qc.ca%2Fen%2Fentreprise%2Fentreprise-sociale-en-sante-mentale%2F&#038;t=Entreprise%20sociale%20en%20sant%C3%A9%20mentale\"><i class=\"tg-icon-facebook\"><\/i><\/a><a class=\"tg-social-share tg-twitter\" href=\"https:\/\/twitter.com\/share?url=https%3A%2F%2Ffonds-risq.qc.ca%2Fen%2Fentreprise%2Fentreprise-sociale-en-sante-mentale%2F&#038;text=Entreprise%20sociale%20en%20sant%C3%A9%20mentale\"><i class=\"tg-icon-twitter\"><\/i><\/a><a class=\"tg-social-share tg-google-plus\" href=\"https:\/\/plus.google.com\/share?url=https%3A%2F%2Ffonds-risq.qc.ca%2Fen%2Fentreprise%2Fentreprise-sociale-en-sante-mentale%2F\"><i class=\"tg-icon-google-plus\"><\/i><\/a><a class=\"tg-social-share tg-pinterest\" href=\"https:\/\/pinterest.com\/pin\/create\/button\/?url=https%3A%2F%2Ffonds-risq.qc.ca%2Fen%2Fentreprise%2Fentreprise-sociale-en-sante-mentale%2F&#038;description=Entreprise%20sociale%20en%20sant%C3%A9%20mentale&#038;media=https%3A%2F%2Ffonds-risq.qc.ca%2Fwp-content%2Fuploads%2F2020%2F06%2Finnova.jpg\"><i class=\"tg-icon-pinterest\"><\/i><\/a><\/div><\/div><\/div><div class=\"tg-item-content-holder tg-light image-format\" style=\"background-color:#0097c8\"><span class=\"tg-item-date\">5 June 2020<\/span><h2 class=\"tg-item-title\"><a href=\"https:\/\/fonds-risq.qc.ca\/en\/entreprise\/entreprise-sociale-en-sante-mentale\/\" target=\"_self\">Entreprise sociale en sant\u00e9 mentale<\/a><\/h2><span class=\"tg-cats-holder\"><a class=\"filtres_des_entreprises\" href=\"https:\/\/fonds-risq.qc.ca\/en\/filtres_des_entreprises\/2020-en\/\" rel=\"category\" data-term-id=\"226\"><span class=\"tg-item-term\" >2020<\/span><\/a><span>, <\/span><a class=\"filtres_des_entreprises\" href=\"https:\/\/fonds-risq.qc.ca\/en\/filtres_des_entreprises\/capitalization-loan\/\" rel=\"category\" data-term-id=\"148\"><span class=\"tg-item-term\" >Capitalization loan<\/span><\/a><span>, <\/span><a class=\"filtres_des_entreprises\" href=\"https:\/\/fonds-risq.qc.ca\/en\/filtres_des_entreprises\/manufacturier-en\/\" rel=\"category\" data-term-id=\"228\"><span class=\"tg-item-term\" >Manufacturier<\/span><\/a><span>, <\/span><a class=\"filtres_des_entreprises\" href=\"https:\/\/fonds-risq.qc.ca\/en\/filtres_des_entreprises\/npo\/\" rel=\"category\" data-term-id=\"150\"><span class=\"tg-item-term\" >NPO<\/span><\/a><\/span><div class=\"tg-item-footer\"><a class=\"tg-item-comment\" href=\"https:\/\/fonds-risq.qc.ca\/en\/entreprise\/entreprise-sociale-en-sante-mentale\/\"  target=\"_self\">No comment<\/a><span class=\"no-ajaxy to-post-like no-liked empty-heart\" data-post-id=\"9949\" title=\"Like\"><span class=\"to-heart-icon\"><svg xmlns=\"http:\/\/www.w3.org\/2000\/svg\" version=\"1.1\" viewBox=\"0 0 64 64\"><g transform=\"translate(0, 0)\"><path stroke-width=\"6\" stroke-linecap=\"square\" stroke-miterlimit=\"10\" d=\"M1,21c0,20,31,38,31,38s31-18,31-38 c0-8.285-6-16-15-16c-8.285,0-16,5.715-16,14c0-8.285-7.715-14-16-14C7,5,1,12.715,1,21z\"><\/path><\/g><\/svg><\/span><span class=\"to-like-count\">0<\/span><\/span><\/div><\/div><\/div><\/article><!-- The Grid item #227 --><article class=\"tg-item tg-post-9927 kampala f224 f226 f131 f148 f205 f150\" data-row=\"1\" data-col=\"1\"><div class=\"tg-item-inner\"><div class=\"tg-item-media-holder tg-light\"><div class=\"tg-item-media-inner\"><img decoding=\"async\" class=\"tg-item-image\" alt=\"\" width=\"789\" height=\"454\" src=\"https:\/\/fonds-risq.qc.ca\/wp-content\/uploads\/2020\/06\/Impression-Alliance.jpg\"><\/div><div class=\"tg-center-holder\"><div class=\"tg-center-inner\"><div class=\"tg-item-overlay\"><\/div><a class=\"tg-link-button\" href=\"https:\/\/fonds-risq.qc.ca\/en\/entreprise\/impressions-alliance-9-000\/\" target=\"_self\"><i class=\"tg-icon-link\"><\/i><\/a><\/div><\/div><div class=\"tg-item-decoration\"><div class=\"triangle-down-right\" style=\"border-color:#0097c8\"><\/div><\/div><div class=\"tg-item-share-holder\"><div class=\"triangle-up-left\" style=\"border-color:rgba(22,22,22,0.65)\"><\/div><i class=\"tg-icon-reply\" style=\"color:#ffffff\"><\/i><div class=\"tg-share-icons\"><a class=\"tg-social-share tg-facebook\" href=\"https:\/\/www.facebook.com\/sharer.php?u=https%3A%2F%2Ffonds-risq.qc.ca%2Fen%2Fentreprise%2Fimpressions-alliance-9-000%2F&#038;t=Impressions%20Alliance%209000\"><i class=\"tg-icon-facebook\"><\/i><\/a><a class=\"tg-social-share tg-twitter\" href=\"https:\/\/twitter.com\/share?url=https%3A%2F%2Ffonds-risq.qc.ca%2Fen%2Fentreprise%2Fimpressions-alliance-9-000%2F&#038;text=Impressions%20Alliance%209000\"><i class=\"tg-icon-twitter\"><\/i><\/a><a class=\"tg-social-share tg-google-plus\" href=\"https:\/\/plus.google.com\/share?url=https%3A%2F%2Ffonds-risq.qc.ca%2Fen%2Fentreprise%2Fimpressions-alliance-9-000%2F\"><i class=\"tg-icon-google-plus\"><\/i><\/a><a class=\"tg-social-share tg-pinterest\" href=\"https:\/\/pinterest.com\/pin\/create\/button\/?url=https%3A%2F%2Ffonds-risq.qc.ca%2Fen%2Fentreprise%2Fimpressions-alliance-9-000%2F&#038;description=Impressions%20Alliance%209000&#038;media=https%3A%2F%2Ffonds-risq.qc.ca%2Fwp-content%2Fuploads%2F2020%2F06%2FImpression-Alliance.jpg\"><i class=\"tg-icon-pinterest\"><\/i><\/a><\/div><\/div><\/div><div class=\"tg-item-content-holder tg-light image-format\" style=\"background-color:#0097c8\"><span class=\"tg-item-date\">4 June 2020<\/span><h2 class=\"tg-item-title\"><a href=\"https:\/\/fonds-risq.qc.ca\/en\/entreprise\/impressions-alliance-9-000\/\" target=\"_self\">Impressions Alliance 9000<\/a><\/h2><span class=\"tg-cats-holder\"><a class=\"filtres_des_entreprises\" href=\"https:\/\/fonds-risq.qc.ca\/en\/filtres_des_entreprises\/2016-en\/\" rel=\"category\" data-term-id=\"224\"><span class=\"tg-item-term\" >2016<\/span><\/a><span>, <\/span><a class=\"filtres_des_entreprises\" href=\"https:\/\/fonds-risq.qc.ca\/en\/filtres_des_entreprises\/2020-en\/\" rel=\"category\" data-term-id=\"226\"><span class=\"tg-item-term\" >2020<\/span><\/a><span>, <\/span><a class=\"filtres_des_entreprises\" href=\"https:\/\/fonds-risq.qc.ca\/en\/filtres_des_entreprises\/bas-saint-laurent-en\/\" rel=\"category\" data-term-id=\"131\"><span class=\"tg-item-term\" >Bas-Saint-Laurent<\/span><\/a><span>, <\/span><a class=\"filtres_des_entreprises\" href=\"https:\/\/fonds-risq.qc.ca\/en\/filtres_des_entreprises\/capitalization-loan\/\" rel=\"category\" data-term-id=\"148\"><span class=\"tg-item-term\" >Capitalization loan<\/span><\/a><span>, <\/span><a class=\"filtres_des_entreprises\" href=\"https:\/\/fonds-risq.qc.ca\/en\/filtres_des_entreprises\/impression-en\/\" rel=\"category\" data-term-id=\"205\"><span class=\"tg-item-term\" >Impression<\/span><\/a><span>, <\/span><a class=\"filtres_des_entreprises\" href=\"https:\/\/fonds-risq.qc.ca\/en\/filtres_des_entreprises\/npo\/\" rel=\"category\" data-term-id=\"150\"><span class=\"tg-item-term\" >NPO<\/span><\/a><\/span><div class=\"tg-item-footer\"><a class=\"tg-item-comment\" href=\"https:\/\/fonds-risq.qc.ca\/en\/entreprise\/impressions-alliance-9-000\/\"  target=\"_self\">No comment<\/a><span class=\"no-ajaxy to-post-like no-liked empty-heart\" data-post-id=\"9927\" title=\"Like\"><span class=\"to-heart-icon\"><svg xmlns=\"http:\/\/www.w3.org\/2000\/svg\" version=\"1.1\" viewBox=\"0 0 64 64\"><g transform=\"translate(0, 0)\"><path stroke-width=\"6\" stroke-linecap=\"square\" stroke-miterlimit=\"10\" d=\"M1,21c0,20,31,38,31,38s31-18,31-38 c0-8.285-6-16-15-16c-8.285,0-16,5.715-16,14c0-8.285-7.715-14-16-14C7,5,1,12.715,1,21z\"><\/path><\/g><\/svg><\/span><span class=\"to-like-count\">0<\/span><\/span><\/div><\/div><\/div><\/article><!-- The Grid item #228 --><article class=\"tg-item tg-post-9912 kampala f226 f151 f128 f137\" data-row=\"1\" data-col=\"1\"><div class=\"tg-item-inner\"><div class=\"tg-item-media-holder tg-light\"><div class=\"tg-item-media-inner\"><img decoding=\"async\" class=\"tg-item-image\" alt=\"\" width=\"720\" height=\"960\" src=\"https:\/\/fonds-risq.qc.ca\/wp-content\/uploads\/2020\/06\/Livrerie-2.jpg\"><\/div><div class=\"tg-center-holder\"><div class=\"tg-center-inner\"><div class=\"tg-item-overlay\"><\/div><a class=\"tg-link-button\" href=\"https:\/\/fonds-risq.qc.ca\/en\/entreprise\/la-livrerie\/\" target=\"_self\"><i class=\"tg-icon-link\"><\/i><\/a><\/div><\/div><div class=\"tg-item-decoration\"><div class=\"triangle-down-right\" style=\"border-color:#0097c8\"><\/div><\/div><div class=\"tg-item-share-holder\"><div class=\"triangle-up-left\" style=\"border-color:rgba(22,22,22,0.65)\"><\/div><i class=\"tg-icon-reply\" style=\"color:#ffffff\"><\/i><div class=\"tg-share-icons\"><a class=\"tg-social-share tg-facebook\" href=\"https:\/\/www.facebook.com\/sharer.php?u=https%3A%2F%2Ffonds-risq.qc.ca%2Fen%2Fentreprise%2Fla-livrerie%2F&#038;t=La%20Livrerie\"><i class=\"tg-icon-facebook\"><\/i><\/a><a class=\"tg-social-share tg-twitter\" href=\"https:\/\/twitter.com\/share?url=https%3A%2F%2Ffonds-risq.qc.ca%2Fen%2Fentreprise%2Fla-livrerie%2F&#038;text=La%20Livrerie\"><i class=\"tg-icon-twitter\"><\/i><\/a><a class=\"tg-social-share tg-google-plus\" href=\"https:\/\/plus.google.com\/share?url=https%3A%2F%2Ffonds-risq.qc.ca%2Fen%2Fentreprise%2Fla-livrerie%2F\"><i class=\"tg-icon-google-plus\"><\/i><\/a><a class=\"tg-social-share tg-pinterest\" href=\"https:\/\/pinterest.com\/pin\/create\/button\/?url=https%3A%2F%2Ffonds-risq.qc.ca%2Fen%2Fentreprise%2Fla-livrerie%2F&#038;description=La%20Livrerie&#038;media=https%3A%2F%2Ffonds-risq.qc.ca%2Fwp-content%2Fuploads%2F2020%2F06%2FLivrerie-2.jpg\"><i class=\"tg-icon-pinterest\"><\/i><\/a><\/div><\/div><\/div><div class=\"tg-item-content-holder tg-light image-format\" style=\"background-color:#0097c8\"><span class=\"tg-item-date\">4 June 2020<\/span><h2 class=\"tg-item-title\"><a href=\"https:\/\/fonds-risq.qc.ca\/en\/entreprise\/la-livrerie\/\" target=\"_self\">La Livrerie<\/a><\/h2><span class=\"tg-cats-holder\"><a class=\"filtres_des_entreprises\" href=\"https:\/\/fonds-risq.qc.ca\/en\/filtres_des_entreprises\/2020-en\/\" rel=\"category\" data-term-id=\"226\"><span class=\"tg-item-term\" >2020<\/span><\/a><span>, <\/span><a class=\"filtres_des_entreprises\" href=\"https:\/\/fonds-risq.qc.ca\/en\/filtres_des_entreprises\/coop-en\/\" rel=\"category\" data-term-id=\"151\"><span class=\"tg-item-term\" >COOP<\/span><\/a><span>, <\/span><a class=\"filtres_des_entreprises\" href=\"https:\/\/fonds-risq.qc.ca\/en\/filtres_des_entreprises\/montreal-en\/\" rel=\"category\" data-term-id=\"128\"><span class=\"tg-item-term\" >Montr\u00e9al<\/span><\/a><span>, <\/span><a class=\"filtres_des_entreprises\" href=\"https:\/\/fonds-risq.qc.ca\/en\/filtres_des_entreprises\/retail-business\/\" rel=\"category\" data-term-id=\"137\"><span class=\"tg-item-term\" >Retail business<\/span><\/a><\/span><div class=\"tg-item-footer\"><a class=\"tg-item-comment\" href=\"https:\/\/fonds-risq.qc.ca\/en\/entreprise\/la-livrerie\/\"  target=\"_self\">No comment<\/a><span class=\"no-ajaxy to-post-like no-liked empty-heart\" data-post-id=\"9912\" title=\"Like\"><span class=\"to-heart-icon\"><svg xmlns=\"http:\/\/www.w3.org\/2000\/svg\" version=\"1.1\" viewBox=\"0 0 64 64\"><g transform=\"translate(0, 0)\"><path stroke-width=\"6\" stroke-linecap=\"square\" stroke-miterlimit=\"10\" d=\"M1,21c0,20,31,38,31,38s31-18,31-38 c0-8.285-6-16-15-16c-8.285,0-16,5.715-16,14c0-8.285-7.715-14-16-14C7,5,1,12.715,1,21z\"><\/path><\/g><\/svg><\/span><span class=\"to-like-count\">0<\/span><\/span><\/div><\/div><\/div><\/article><!-- The Grid item #229 --><article class=\"tg-item tg-post-9903 kampala f226 f130 f190 f150 f146\" data-row=\"1\" data-col=\"1\"><div class=\"tg-item-inner\"><div class=\"tg-item-media-holder tg-light\"><div class=\"tg-item-media-inner\"><img decoding=\"async\" class=\"tg-item-image\" alt=\"\" width=\"720\" height=\"960\" src=\"https:\/\/fonds-risq.qc.ca\/wp-content\/uploads\/2020\/05\/BPT-Qc-2.jpg\"><\/div><div class=\"tg-center-holder\"><div class=\"tg-center-inner\"><div class=\"tg-item-overlay\"><\/div><a class=\"tg-link-button\" href=\"https:\/\/fonds-risq.qc.ca\/en\/entreprise\/bpt-quebec\/\" target=\"_self\"><i class=\"tg-icon-link\"><\/i><\/a><\/div><\/div><div class=\"tg-item-decoration\"><div class=\"triangle-down-right\" style=\"border-color:#b7c634\"><\/div><\/div><div class=\"tg-item-share-holder\"><div class=\"triangle-up-left\" style=\"border-color:rgba(22,22,22,0.65)\"><\/div><i class=\"tg-icon-reply\" style=\"color:#ffffff\"><\/i><div class=\"tg-share-icons\"><a class=\"tg-social-share tg-facebook\" href=\"https:\/\/www.facebook.com\/sharer.php?u=https%3A%2F%2Ffonds-risq.qc.ca%2Fen%2Fentreprise%2Fbpt-quebec%2F&#038;t=BPT%20Qu%C3%A9bec\"><i class=\"tg-icon-facebook\"><\/i><\/a><a class=\"tg-social-share tg-twitter\" href=\"https:\/\/twitter.com\/share?url=https%3A%2F%2Ffonds-risq.qc.ca%2Fen%2Fentreprise%2Fbpt-quebec%2F&#038;text=BPT%20Qu%C3%A9bec\"><i class=\"tg-icon-twitter\"><\/i><\/a><a class=\"tg-social-share tg-google-plus\" href=\"https:\/\/plus.google.com\/share?url=https%3A%2F%2Ffonds-risq.qc.ca%2Fen%2Fentreprise%2Fbpt-quebec%2F\"><i class=\"tg-icon-google-plus\"><\/i><\/a><a class=\"tg-social-share tg-pinterest\" href=\"https:\/\/pinterest.com\/pin\/create\/button\/?url=https%3A%2F%2Ffonds-risq.qc.ca%2Fen%2Fentreprise%2Fbpt-quebec%2F&#038;description=BPT%20Qu%C3%A9bec&#038;media=https%3A%2F%2Ffonds-risq.qc.ca%2Fwp-content%2Fuploads%2F2020%2F05%2FBPT-Qc-2.jpg\"><i class=\"tg-icon-pinterest\"><\/i><\/a><\/div><\/div><\/div><div class=\"tg-item-content-holder tg-light image-format\" style=\"background-color:#b7c634\"><span class=\"tg-item-date\">4 June 2020<\/span><h2 class=\"tg-item-title\"><a href=\"https:\/\/fonds-risq.qc.ca\/en\/entreprise\/bpt-quebec\/\" target=\"_self\">BPT Qu\u00e9bec<\/a><\/h2><span class=\"tg-cats-holder\"><a class=\"filtres_des_entreprises\" href=\"https:\/\/fonds-risq.qc.ca\/en\/filtres_des_entreprises\/2020-en\/\" rel=\"category\" data-term-id=\"226\"><span class=\"tg-item-term\" >2020<\/span><\/a><span>, <\/span><a class=\"filtres_des_entreprises\" href=\"https:\/\/fonds-risq.qc.ca\/en\/filtres_des_entreprises\/capitale-nationale-en\/\" rel=\"category\" data-term-id=\"130\"><span class=\"tg-item-term\" >Capitale-Nationale<\/span><\/a><span>, <\/span><a class=\"filtres_des_entreprises\" href=\"https:\/\/fonds-risq.qc.ca\/en\/filtres_des_entreprises\/loisirs-divertissement-en\/\" rel=\"category\" data-term-id=\"190\"><span class=\"tg-item-term\" >Loisirs-Divertissement<\/span><\/a><span>, <\/span><a class=\"filtres_des_entreprises\" href=\"https:\/\/fonds-risq.qc.ca\/en\/filtres_des_entreprises\/npo\/\" rel=\"category\" data-term-id=\"150\"><span class=\"tg-item-term\" >NPO<\/span><\/a><span>, <\/span><a class=\"filtres_des_entreprises\" href=\"https:\/\/fonds-risq.qc.ca\/en\/filtres_des_entreprises\/pret-pour-aide-technique-en\/\" rel=\"category\" data-term-id=\"146\"><span class=\"tg-item-term\" >Technical assistance loan<\/span><\/a><\/span><div class=\"tg-item-footer\"><a class=\"tg-item-comment\" href=\"https:\/\/fonds-risq.qc.ca\/en\/entreprise\/bpt-quebec\/\"  target=\"_self\">No comment<\/a><span class=\"no-ajaxy to-post-like no-liked empty-heart\" data-post-id=\"9903\" title=\"Like\"><span class=\"to-heart-icon\"><svg xmlns=\"http:\/\/www.w3.org\/2000\/svg\" version=\"1.1\" viewBox=\"0 0 64 64\"><g transform=\"translate(0, 0)\"><path stroke-width=\"6\" stroke-linecap=\"square\" stroke-miterlimit=\"10\" d=\"M1,21c0,20,31,38,31,38s31-18,31-38 c0-8.285-6-16-15-16c-8.285,0-16,5.715-16,14c0-8.285-7.715-14-16-14C7,5,1,12.715,1,21z\"><\/path><\/g><\/svg><\/span><span class=\"to-like-count\">0<\/span><\/span><\/div><\/div><\/div><\/article><!-- The Grid item #230 --><article class=\"tg-item tg-post-9893 kampala f226 f151 f133 f147 f135\" data-row=\"1\" data-col=\"1\"><div class=\"tg-item-inner\"><div class=\"tg-item-media-holder tg-light\"><div class=\"tg-item-media-inner\"><img decoding=\"async\" class=\"tg-item-image\" alt=\"\" width=\"958\" height=\"720\" src=\"https:\/\/fonds-risq.qc.ca\/wp-content\/uploads\/2020\/06\/LILOT.jpg\"><\/div><div class=\"tg-center-holder\"><div class=\"tg-center-inner\"><div class=\"tg-item-overlay\"><\/div><a class=\"tg-link-button\" href=\"https:\/\/fonds-risq.qc.ca\/en\/entreprise\/lilot\/\" target=\"_self\"><i class=\"tg-icon-link\"><\/i><\/a><\/div><\/div><div class=\"tg-item-decoration\"><div class=\"triangle-down-right\" style=\"border-color:#ee4224\"><\/div><\/div><div class=\"tg-item-share-holder\"><div class=\"triangle-up-left\" style=\"border-color:rgba(22,22,22,0.65)\"><\/div><i class=\"tg-icon-reply\" style=\"color:#ffffff\"><\/i><div class=\"tg-share-icons\"><a class=\"tg-social-share tg-facebook\" href=\"https:\/\/www.facebook.com\/sharer.php?u=https%3A%2F%2Ffonds-risq.qc.ca%2Fen%2Fentreprise%2Flilot%2F&#038;t=L%E2%80%99ILOT\"><i class=\"tg-icon-facebook\"><\/i><\/a><a class=\"tg-social-share tg-twitter\" href=\"https:\/\/twitter.com\/share?url=https%3A%2F%2Ffonds-risq.qc.ca%2Fen%2Fentreprise%2Flilot%2F&#038;text=L%E2%80%99ILOT\"><i class=\"tg-icon-twitter\"><\/i><\/a><a class=\"tg-social-share tg-google-plus\" href=\"https:\/\/plus.google.com\/share?url=https%3A%2F%2Ffonds-risq.qc.ca%2Fen%2Fentreprise%2Flilot%2F\"><i class=\"tg-icon-google-plus\"><\/i><\/a><a class=\"tg-social-share tg-pinterest\" href=\"https:\/\/pinterest.com\/pin\/create\/button\/?url=https%3A%2F%2Ffonds-risq.qc.ca%2Fen%2Fentreprise%2Flilot%2F&#038;description=L%E2%80%99ILOT&#038;media=https%3A%2F%2Ffonds-risq.qc.ca%2Fwp-content%2Fuploads%2F2020%2F06%2FLILOT.jpg\"><i class=\"tg-icon-pinterest\"><\/i><\/a><\/div><\/div><\/div><div class=\"tg-item-content-holder tg-light image-format\" style=\"background-color:#ee4224\"><span class=\"tg-item-date\">3 June 2020<\/span><h2 class=\"tg-item-title\"><a href=\"https:\/\/fonds-risq.qc.ca\/en\/entreprise\/lilot\/\" target=\"_self\">L&#8217;ILOT<\/a><\/h2><span class=\"tg-cats-holder\"><a class=\"filtres_des_entreprises\" href=\"https:\/\/fonds-risq.qc.ca\/en\/filtres_des_entreprises\/2020-en\/\" rel=\"category\" data-term-id=\"226\"><span class=\"tg-item-term\" >2020<\/span><\/a><span>, <\/span><a class=\"filtres_des_entreprises\" href=\"https:\/\/fonds-risq.qc.ca\/en\/filtres_des_entreprises\/coop-en\/\" rel=\"category\" data-term-id=\"151\"><span class=\"tg-item-term\" >COOP<\/span><\/a><span>, <\/span><a class=\"filtres_des_entreprises\" href=\"https:\/\/fonds-risq.qc.ca\/en\/filtres_des_entreprises\/laurentides-en\/\" rel=\"category\" data-term-id=\"133\"><span class=\"tg-item-term\" >Laurentides<\/span><\/a><span>, <\/span><a class=\"filtres_des_entreprises\" href=\"https:\/\/fonds-risq.qc.ca\/en\/filtres_des_entreprises\/pre-startup-loan\/\" rel=\"category\" data-term-id=\"147\"><span class=\"tg-item-term\" >Pre-startup loan<\/span><\/a><span>, <\/span><a class=\"filtres_des_entreprises\" href=\"https:\/\/fonds-risq.qc.ca\/en\/filtres_des_entreprises\/services-en\/\" rel=\"category\" data-term-id=\"135\"><span class=\"tg-item-term\" >Services<\/span><\/a><\/span><div class=\"tg-item-footer\"><a class=\"tg-item-comment\" href=\"https:\/\/fonds-risq.qc.ca\/en\/entreprise\/lilot\/\"  target=\"_self\">No comment<\/a><span class=\"no-ajaxy to-post-like no-liked empty-heart\" data-post-id=\"9893\" title=\"Like\"><span class=\"to-heart-icon\"><svg xmlns=\"http:\/\/www.w3.org\/2000\/svg\" version=\"1.1\" viewBox=\"0 0 64 64\"><g transform=\"translate(0, 0)\"><path stroke-width=\"6\" stroke-linecap=\"square\" stroke-miterlimit=\"10\" d=\"M1,21c0,20,31,38,31,38s31-18,31-38 c0-8.285-6-16-15-16c-8.285,0-16,5.715-16,14c0-8.285-7.715-14-16-14C7,5,1,12.715,1,21z\"><\/path><\/g><\/svg><\/span><span class=\"to-like-count\">0<\/span><\/span><\/div><\/div><\/div><\/article><!-- The Grid item #231 --><article class=\"tg-item tg-post-9984 kampala f219 f148 f151 f177 f129 f135\" data-row=\"1\" data-col=\"1\"><div class=\"tg-item-inner\"><div class=\"tg-item-media-holder tg-light\"><div class=\"tg-item-media-inner\"><img decoding=\"async\" class=\"tg-item-image\" alt=\"\" width=\"275\" height=\"183\" src=\"https:\/\/fonds-risq.qc.ca\/wp-content\/uploads\/2020\/05\/tech-de-scene.jpg\"><\/div><div class=\"tg-center-holder\"><div class=\"tg-center-inner\"><div class=\"tg-item-overlay\"><\/div><a class=\"tg-link-button\" href=\"https:\/\/fonds-risq.qc.ca\/en\/entreprise\/coop-de-solidarite-en-technique-de-scene\/\" target=\"_self\"><i class=\"tg-icon-link\"><\/i><\/a><\/div><\/div><div class=\"tg-item-decoration\"><div class=\"triangle-down-right\" style=\"border-color:#0097c8\"><\/div><\/div><div class=\"tg-item-share-holder\"><div class=\"triangle-up-left\" style=\"border-color:rgba(22,22,22,0.65)\"><\/div><i class=\"tg-icon-reply\" style=\"color:#ffffff\"><\/i><div class=\"tg-share-icons\"><a class=\"tg-social-share tg-facebook\" href=\"https:\/\/www.facebook.com\/sharer.php?u=https%3A%2F%2Ffonds-risq.qc.ca%2Fen%2Fentreprise%2Fcoop-de-solidarite-en-technique-de-scene%2F&#038;t=Coop%20de%20solidarit%C3%A9%20en%20technique%20de%20sc%C3%A8ne\"><i class=\"tg-icon-facebook\"><\/i><\/a><a class=\"tg-social-share tg-twitter\" href=\"https:\/\/twitter.com\/share?url=https%3A%2F%2Ffonds-risq.qc.ca%2Fen%2Fentreprise%2Fcoop-de-solidarite-en-technique-de-scene%2F&#038;text=Coop%20de%20solidarit%C3%A9%20en%20technique%20de%20sc%C3%A8ne\"><i class=\"tg-icon-twitter\"><\/i><\/a><a class=\"tg-social-share tg-google-plus\" href=\"https:\/\/plus.google.com\/share?url=https%3A%2F%2Ffonds-risq.qc.ca%2Fen%2Fentreprise%2Fcoop-de-solidarite-en-technique-de-scene%2F\"><i class=\"tg-icon-google-plus\"><\/i><\/a><a class=\"tg-social-share tg-pinterest\" href=\"https:\/\/pinterest.com\/pin\/create\/button\/?url=https%3A%2F%2Ffonds-risq.qc.ca%2Fen%2Fentreprise%2Fcoop-de-solidarite-en-technique-de-scene%2F&#038;description=Coop%20de%20solidarit%C3%A9%20en%20technique%20de%20sc%C3%A8ne&#038;media=https%3A%2F%2Ffonds-risq.qc.ca%2Fwp-content%2Fuploads%2F2020%2F05%2Ftech-de-scene.jpg\"><i class=\"tg-icon-pinterest\"><\/i><\/a><\/div><\/div><\/div><div class=\"tg-item-content-holder tg-light image-format\" style=\"background-color:#0097c8\"><span class=\"tg-item-date\">1 May 2020<\/span><h2 class=\"tg-item-title\"><a href=\"https:\/\/fonds-risq.qc.ca\/en\/entreprise\/coop-de-solidarite-en-technique-de-scene\/\" target=\"_self\">Coop de solidarit\u00e9 en technique de sc\u00e8ne<\/a><\/h2><span class=\"tg-cats-holder\"><a class=\"filtres_des_entreprises\" href=\"https:\/\/fonds-risq.qc.ca\/en\/filtres_des_entreprises\/2019-en\/\" rel=\"category\" data-term-id=\"219\"><span class=\"tg-item-term\" >2019<\/span><\/a><span>, <\/span><a class=\"filtres_des_entreprises\" href=\"https:\/\/fonds-risq.qc.ca\/en\/filtres_des_entreprises\/capitalization-loan\/\" rel=\"category\" data-term-id=\"148\"><span class=\"tg-item-term\" >Capitalization loan<\/span><\/a><span>, <\/span><a class=\"filtres_des_entreprises\" href=\"https:\/\/fonds-risq.qc.ca\/en\/filtres_des_entreprises\/coop-en\/\" rel=\"category\" data-term-id=\"151\"><span class=\"tg-item-term\" >COOP<\/span><\/a><span>, <\/span><a class=\"filtres_des_entreprises\" href=\"https:\/\/fonds-risq.qc.ca\/en\/filtres_des_entreprises\/culture-en\/\" rel=\"category\" data-term-id=\"177\"><span class=\"tg-item-term\" >Culture<\/span><\/a><span>, <\/span><a class=\"filtres_des_entreprises\" href=\"https:\/\/fonds-risq.qc.ca\/en\/filtres_des_entreprises\/mauricie-en\/\" rel=\"category\" data-term-id=\"129\"><span class=\"tg-item-term\" >Mauricie<\/span><\/a><span>, <\/span><a class=\"filtres_des_entreprises\" href=\"https:\/\/fonds-risq.qc.ca\/en\/filtres_des_entreprises\/services-en\/\" rel=\"category\" data-term-id=\"135\"><span class=\"tg-item-term\" >Services<\/span><\/a><\/span><div class=\"tg-item-footer\"><a class=\"tg-item-comment\" href=\"https:\/\/fonds-risq.qc.ca\/en\/entreprise\/coop-de-solidarite-en-technique-de-scene\/\"  target=\"_self\">No comment<\/a><span class=\"no-ajaxy to-post-like no-liked empty-heart\" data-post-id=\"9984\" title=\"Like\"><span class=\"to-heart-icon\"><svg xmlns=\"http:\/\/www.w3.org\/2000\/svg\" version=\"1.1\" viewBox=\"0 0 64 64\"><g transform=\"translate(0, 0)\"><path stroke-width=\"6\" stroke-linecap=\"square\" stroke-miterlimit=\"10\" d=\"M1,21c0,20,31,38,31,38s31-18,31-38 c0-8.285-6-16-15-16c-8.285,0-16,5.715-16,14c0-8.285-7.715-14-16-14C7,5,1,12.715,1,21z\"><\/path><\/g><\/svg><\/span><span class=\"to-like-count\">0<\/span><\/span><\/div><\/div><\/div><\/article><!-- The Grid item #232 --><article class=\"tg-item tg-post-9794 kampala f219 f134 f128 f150\" data-row=\"1\" data-col=\"1\"><div class=\"tg-item-inner\"><div class=\"tg-item-media-holder tg-light\"><div class=\"tg-item-media-inner\"><img decoding=\"async\" class=\"tg-item-image\" alt=\"\" width=\"960\" height=\"720\" src=\"https:\/\/fonds-risq.qc.ca\/wp-content\/uploads\/2020\/04\/Bureau-de-Prod.jpg\"><\/div><div class=\"tg-center-holder\"><div class=\"tg-center-inner\"><div class=\"tg-item-overlay\"><\/div><a class=\"tg-link-button\" href=\"https:\/\/fonds-risq.qc.ca\/en\/entreprise\/bureau-de-prod\/\" target=\"_self\"><i class=\"tg-icon-link\"><\/i><\/a><\/div><\/div><div class=\"tg-item-decoration\"><div class=\"triangle-down-right\" style=\"border-color:#0097c8\"><\/div><\/div><div class=\"tg-item-share-holder\"><div class=\"triangle-up-left\" style=\"border-color:rgba(22,22,22,0.65)\"><\/div><i class=\"tg-icon-reply\" style=\"color:#ffffff\"><\/i><div class=\"tg-share-icons\"><a class=\"tg-social-share tg-facebook\" href=\"https:\/\/www.facebook.com\/sharer.php?u=https%3A%2F%2Ffonds-risq.qc.ca%2Fen%2Fentreprise%2Fbureau-de-prod%2F&#038;t=Bureau%20de%20Prod\"><i class=\"tg-icon-facebook\"><\/i><\/a><a class=\"tg-social-share tg-twitter\" href=\"https:\/\/twitter.com\/share?url=https%3A%2F%2Ffonds-risq.qc.ca%2Fen%2Fentreprise%2Fbureau-de-prod%2F&#038;text=Bureau%20de%20Prod\"><i class=\"tg-icon-twitter\"><\/i><\/a><a class=\"tg-social-share tg-google-plus\" href=\"https:\/\/plus.google.com\/share?url=https%3A%2F%2Ffonds-risq.qc.ca%2Fen%2Fentreprise%2Fbureau-de-prod%2F\"><i class=\"tg-icon-google-plus\"><\/i><\/a><a class=\"tg-social-share tg-pinterest\" href=\"https:\/\/pinterest.com\/pin\/create\/button\/?url=https%3A%2F%2Ffonds-risq.qc.ca%2Fen%2Fentreprise%2Fbureau-de-prod%2F&#038;description=Bureau%20de%20Prod&#038;media=https%3A%2F%2Ffonds-risq.qc.ca%2Fwp-content%2Fuploads%2F2020%2F04%2FBureau-de-Prod.jpg\"><i class=\"tg-icon-pinterest\"><\/i><\/a><\/div><\/div><\/div><div class=\"tg-item-content-holder tg-light image-format\" style=\"background-color:#0097c8\"><span class=\"tg-item-date\">28 April 2020<\/span><h2 class=\"tg-item-title\"><a href=\"https:\/\/fonds-risq.qc.ca\/en\/entreprise\/bureau-de-prod\/\" target=\"_self\">Bureau de Prod<\/a><\/h2><span class=\"tg-cats-holder\"><a class=\"filtres_des_entreprises\" href=\"https:\/\/fonds-risq.qc.ca\/en\/filtres_des_entreprises\/2019-en\/\" rel=\"category\" data-term-id=\"219\"><span class=\"tg-item-term\" >2019<\/span><\/a><span>, <\/span><a class=\"filtres_des_entreprises\" href=\"https:\/\/fonds-risq.qc.ca\/en\/filtres_des_entreprises\/arts-and-culture\/\" rel=\"category\" data-term-id=\"134\"><span class=\"tg-item-term\" >Arts and culture<\/span><\/a><span>, <\/span><a class=\"filtres_des_entreprises\" href=\"https:\/\/fonds-risq.qc.ca\/en\/filtres_des_entreprises\/montreal-en\/\" rel=\"category\" data-term-id=\"128\"><span class=\"tg-item-term\" >Montr\u00e9al<\/span><\/a><span>, <\/span><a class=\"filtres_des_entreprises\" href=\"https:\/\/fonds-risq.qc.ca\/en\/filtres_des_entreprises\/npo\/\" rel=\"category\" data-term-id=\"150\"><span class=\"tg-item-term\" >NPO<\/span><\/a><\/span><div class=\"tg-item-footer\"><a class=\"tg-item-comment\" href=\"https:\/\/fonds-risq.qc.ca\/en\/entreprise\/bureau-de-prod\/\"  target=\"_self\">No comment<\/a><span class=\"no-ajaxy to-post-like no-liked empty-heart\" data-post-id=\"9794\" title=\"Like\"><span class=\"to-heart-icon\"><svg xmlns=\"http:\/\/www.w3.org\/2000\/svg\" version=\"1.1\" viewBox=\"0 0 64 64\"><g transform=\"translate(0, 0)\"><path stroke-width=\"6\" stroke-linecap=\"square\" stroke-miterlimit=\"10\" d=\"M1,21c0,20,31,38,31,38s31-18,31-38 c0-8.285-6-16-15-16c-8.285,0-16,5.715-16,14c0-8.285-7.715-14-16-14C7,5,1,12.715,1,21z\"><\/path><\/g><\/svg><\/span><span class=\"to-like-count\">0<\/span><\/span><\/div><\/div><\/div><\/article><!-- The Grid item #233 --><article class=\"tg-item tg-post-9763 kampala f219 f130 f148 f141 f172 f151 f127 f129 f156 f155\" data-row=\"1\" data-col=\"1\"><div class=\"tg-item-inner\"><div class=\"tg-item-media-holder tg-light\"><div class=\"tg-item-media-inner\"><img decoding=\"async\" class=\"tg-item-image\" alt=\"\" width=\"1407\" height=\"938\" src=\"https:\/\/fonds-risq.qc.ca\/wp-content\/uploads\/2020\/04\/LD-LeDroit-Numerique.jpg\"><\/div><div class=\"tg-center-holder\"><div class=\"tg-center-inner\"><div class=\"tg-item-overlay\"><\/div><a class=\"tg-link-button\" href=\"https:\/\/fonds-risq.qc.ca\/en\/entreprise\/cooperative-nationale-de-linformation-independante\/\" target=\"_self\"><i class=\"tg-icon-link\"><\/i><\/a><\/div><\/div><div class=\"tg-item-decoration\"><div class=\"triangle-down-right\" style=\"border-color:#0097c8\"><\/div><\/div><div class=\"tg-item-share-holder\"><div class=\"triangle-up-left\" style=\"border-color:rgba(22,22,22,0.65)\"><\/div><i class=\"tg-icon-reply\" style=\"color:#ffffff\"><\/i><div class=\"tg-share-icons\"><a class=\"tg-social-share tg-facebook\" href=\"https:\/\/www.facebook.com\/sharer.php?u=https%3A%2F%2Ffonds-risq.qc.ca%2Fen%2Fentreprise%2Fcooperative-nationale-de-linformation-independante%2F&#038;t=Coop%C3%A9rative%20nationale%20de%20l%E2%80%99information%20ind%C3%A9pendante\"><i class=\"tg-icon-facebook\"><\/i><\/a><a class=\"tg-social-share tg-twitter\" href=\"https:\/\/twitter.com\/share?url=https%3A%2F%2Ffonds-risq.qc.ca%2Fen%2Fentreprise%2Fcooperative-nationale-de-linformation-independante%2F&#038;text=Coop%C3%A9rative%20nationale%20de%20l%E2%80%99information%20ind%C3%A9pendante\"><i class=\"tg-icon-twitter\"><\/i><\/a><a class=\"tg-social-share tg-google-plus\" href=\"https:\/\/plus.google.com\/share?url=https%3A%2F%2Ffonds-risq.qc.ca%2Fen%2Fentreprise%2Fcooperative-nationale-de-linformation-independante%2F\"><i class=\"tg-icon-google-plus\"><\/i><\/a><a class=\"tg-social-share tg-pinterest\" href=\"https:\/\/pinterest.com\/pin\/create\/button\/?url=https%3A%2F%2Ffonds-risq.qc.ca%2Fen%2Fentreprise%2Fcooperative-nationale-de-linformation-independante%2F&#038;description=Coop%C3%A9rative%20nationale%20de%20l%E2%80%99information%20ind%C3%A9pendante&#038;media=https%3A%2F%2Ffonds-risq.qc.ca%2Fwp-content%2Fuploads%2F2020%2F04%2FLD-LeDroit-Numerique.jpg\"><i class=\"tg-icon-pinterest\"><\/i><\/a><\/div><\/div><\/div><div class=\"tg-item-content-holder tg-light image-format\" style=\"background-color:#0097c8\"><span class=\"tg-item-date\">15 April 2020<\/span><h2 class=\"tg-item-title\"><a href=\"https:\/\/fonds-risq.qc.ca\/en\/entreprise\/cooperative-nationale-de-linformation-independante\/\" target=\"_self\">Coop\u00e9rative nationale de l\u2019information ind\u00e9pendante<\/a><\/h2><span class=\"tg-cats-holder\"><a class=\"filtres_des_entreprises\" href=\"https:\/\/fonds-risq.qc.ca\/en\/filtres_des_entreprises\/2019-en\/\" rel=\"category\" data-term-id=\"219\"><span class=\"tg-item-term\" >2019<\/span><\/a><span>, <\/span><a class=\"filtres_des_entreprises\" href=\"https:\/\/fonds-risq.qc.ca\/en\/filtres_des_entreprises\/capitale-nationale-en\/\" rel=\"category\" data-term-id=\"130\"><span class=\"tg-item-term\" >Capitale-Nationale<\/span><\/a><span>, <\/span><a class=\"filtres_des_entreprises\" href=\"https:\/\/fonds-risq.qc.ca\/en\/filtres_des_entreprises\/capitalization-loan\/\" rel=\"category\" data-term-id=\"148\"><span class=\"tg-item-term\" >Capitalization loan<\/span><\/a><span>, <\/span><a class=\"filtres_des_entreprises\" href=\"https:\/\/fonds-risq.qc.ca\/en\/filtres_des_entreprises\/communication-en\/\" rel=\"category\" data-term-id=\"141\"><span class=\"tg-item-term\" >Communication<\/span><\/a><span>, <\/span><a class=\"filtres_des_entreprises\" href=\"https:\/\/fonds-risq.qc.ca\/en\/filtres_des_entreprises\/community-media\/\" rel=\"category\" data-term-id=\"172\"><span class=\"tg-item-term\" >Community Media<\/span><\/a><span>, <\/span><a class=\"filtres_des_entreprises\" href=\"https:\/\/fonds-risq.qc.ca\/en\/filtres_des_entreprises\/coop-en\/\" rel=\"category\" data-term-id=\"151\"><span class=\"tg-item-term\" >COOP<\/span><\/a><span>, <\/span><a class=\"filtres_des_entreprises\" href=\"https:\/\/fonds-risq.qc.ca\/en\/filtres_des_entreprises\/estrie-en\/\" rel=\"category\" data-term-id=\"127\"><span class=\"tg-item-term\" >Estrie<\/span><\/a><span>, <\/span><a class=\"filtres_des_entreprises\" href=\"https:\/\/fonds-risq.qc.ca\/en\/filtres_des_entreprises\/mauricie-en\/\" rel=\"category\" data-term-id=\"129\"><span class=\"tg-item-term\" >Mauricie<\/span><\/a><span>, <\/span><a class=\"filtres_des_entreprises\" href=\"https:\/\/fonds-risq.qc.ca\/en\/filtres_des_entreprises\/outaouais-en\/\" rel=\"category\" data-term-id=\"156\"><span class=\"tg-item-term\" >Outaouais<\/span><\/a><span>, <\/span><a class=\"filtres_des_entreprises\" href=\"https:\/\/fonds-risq.qc.ca\/en\/filtres_des_entreprises\/saguenay-lac-saint-jean-en\/\" rel=\"category\" data-term-id=\"155\"><span class=\"tg-item-term\" >Saguenay-Lac-Saint-Jean<\/span><\/a><\/span><div class=\"tg-item-footer\"><a class=\"tg-item-comment\" href=\"https:\/\/fonds-risq.qc.ca\/en\/entreprise\/cooperative-nationale-de-linformation-independante\/\"  target=\"_self\">No comment<\/a><span class=\"no-ajaxy to-post-like no-liked empty-heart\" data-post-id=\"9763\" title=\"Like\"><span class=\"to-heart-icon\"><svg xmlns=\"http:\/\/www.w3.org\/2000\/svg\" version=\"1.1\" viewBox=\"0 0 64 64\"><g transform=\"translate(0, 0)\"><path stroke-width=\"6\" stroke-linecap=\"square\" stroke-miterlimit=\"10\" d=\"M1,21c0,20,31,38,31,38s31-18,31-38 c0-8.285-6-16-15-16c-8.285,0-16,5.715-16,14c0-8.285-7.715-14-16-14C7,5,1,12.715,1,21z\"><\/path><\/g><\/svg><\/span><span class=\"to-like-count\">0<\/span><\/span><\/div><\/div><\/div><\/article><!-- The Grid item #234 --><article class=\"tg-item tg-post-9673 kampala f219 f148 f152 f151 f137\" data-row=\"1\" data-col=\"1\"><div class=\"tg-item-inner\"><div class=\"tg-item-media-holder tg-light\"><div class=\"tg-item-media-inner\"><img decoding=\"async\" class=\"tg-item-image\" alt=\"\" width=\"500\" height=\"286\" src=\"https:\/\/fonds-risq.qc.ca\/wp-content\/uploads\/2020\/03\/Meandres_coop_st_leon2-.jpg\"><\/div><div class=\"tg-center-holder\"><div class=\"tg-center-inner\"><div class=\"tg-item-overlay\"><\/div><a class=\"tg-link-button\" href=\"https:\/\/fonds-risq.qc.ca\/en\/entreprise\/cs-des-meandres\/\" target=\"_self\"><i class=\"tg-icon-link\"><\/i><\/a><\/div><\/div><div class=\"tg-item-decoration\"><div class=\"triangle-down-right\" style=\"border-color:#0097c8\"><\/div><\/div><div class=\"tg-item-share-holder\"><div class=\"triangle-up-left\" style=\"border-color:rgba(22,22,22,0.65)\"><\/div><i class=\"tg-icon-reply\" style=\"color:#ffffff\"><\/i><div class=\"tg-share-icons\"><a class=\"tg-social-share tg-facebook\" href=\"https:\/\/www.facebook.com\/sharer.php?u=https%3A%2F%2Ffonds-risq.qc.ca%2Fen%2Fentreprise%2Fcs-des-meandres%2F&#038;t=Coop%20de%20solidarit%C3%A9%20des%20M%C3%A9andres\"><i class=\"tg-icon-facebook\"><\/i><\/a><a class=\"tg-social-share tg-twitter\" href=\"https:\/\/twitter.com\/share?url=https%3A%2F%2Ffonds-risq.qc.ca%2Fen%2Fentreprise%2Fcs-des-meandres%2F&#038;text=Coop%20de%20solidarit%C3%A9%20des%20M%C3%A9andres\"><i class=\"tg-icon-twitter\"><\/i><\/a><a class=\"tg-social-share tg-google-plus\" href=\"https:\/\/plus.google.com\/share?url=https%3A%2F%2Ffonds-risq.qc.ca%2Fen%2Fentreprise%2Fcs-des-meandres%2F\"><i class=\"tg-icon-google-plus\"><\/i><\/a><a class=\"tg-social-share tg-pinterest\" href=\"https:\/\/pinterest.com\/pin\/create\/button\/?url=https%3A%2F%2Ffonds-risq.qc.ca%2Fen%2Fentreprise%2Fcs-des-meandres%2F&#038;description=Coop%20de%20solidarit%C3%A9%20des%20M%C3%A9andres&#038;media=https%3A%2F%2Ffonds-risq.qc.ca%2Fwp-content%2Fuploads%2F2020%2F03%2FMeandres_coop_st_leon2-.jpg\"><i class=\"tg-icon-pinterest\"><\/i><\/a><\/div><\/div><\/div><div class=\"tg-item-content-holder tg-light image-format\" style=\"background-color:#0097c8\"><span class=\"tg-item-date\">12 March 2020<\/span><h2 class=\"tg-item-title\"><a href=\"https:\/\/fonds-risq.qc.ca\/en\/entreprise\/cs-des-meandres\/\" target=\"_self\">Coop de solidarit\u00e9 des M\u00e9andres<\/a><\/h2><span class=\"tg-cats-holder\"><a class=\"filtres_des_entreprises\" href=\"https:\/\/fonds-risq.qc.ca\/en\/filtres_des_entreprises\/2019-en\/\" rel=\"category\" data-term-id=\"219\"><span class=\"tg-item-term\" >2019<\/span><\/a><span>, <\/span><a class=\"filtres_des_entreprises\" href=\"https:\/\/fonds-risq.qc.ca\/en\/filtres_des_entreprises\/capitalization-loan\/\" rel=\"category\" data-term-id=\"148\"><span class=\"tg-item-term\" >Capitalization loan<\/span><\/a><span>, <\/span><a class=\"filtres_des_entreprises\" href=\"https:\/\/fonds-risq.qc.ca\/en\/filtres_des_entreprises\/chaudiere-appalaches-en\/\" rel=\"category\" data-term-id=\"152\"><span class=\"tg-item-term\" >Chaudi\u00e8re-Appalaches<\/span><\/a><span>, <\/span><a class=\"filtres_des_entreprises\" href=\"https:\/\/fonds-risq.qc.ca\/en\/filtres_des_entreprises\/coop-en\/\" rel=\"category\" data-term-id=\"151\"><span class=\"tg-item-term\" >COOP<\/span><\/a><span>, <\/span><a class=\"filtres_des_entreprises\" href=\"https:\/\/fonds-risq.qc.ca\/en\/filtres_des_entreprises\/retail-business\/\" rel=\"category\" data-term-id=\"137\"><span class=\"tg-item-term\" >Retail business<\/span><\/a><\/span><div class=\"tg-item-footer\"><a class=\"tg-item-comment\" href=\"https:\/\/fonds-risq.qc.ca\/en\/entreprise\/cs-des-meandres\/\"  target=\"_self\">No comment<\/a><span class=\"no-ajaxy to-post-like no-liked empty-heart\" data-post-id=\"9673\" title=\"Like\"><span class=\"to-heart-icon\"><svg xmlns=\"http:\/\/www.w3.org\/2000\/svg\" version=\"1.1\" viewBox=\"0 0 64 64\"><g transform=\"translate(0, 0)\"><path stroke-width=\"6\" stroke-linecap=\"square\" stroke-miterlimit=\"10\" d=\"M1,21c0,20,31,38,31,38s31-18,31-38 c0-8.285-6-16-15-16c-8.285,0-16,5.715-16,14c0-8.285-7.715-14-16-14C7,5,1,12.715,1,21z\"><\/path><\/g><\/svg><\/span><span class=\"to-like-count\">0<\/span><\/span><\/div><\/div><\/div><\/article><!-- The Grid item #235 --><article class=\"tg-item tg-post-9554 kampala f219 f130 f151 f137 f146\" data-row=\"1\" data-col=\"1\"><div class=\"tg-item-inner\"><div class=\"tg-item-media-holder tg-light\"><div class=\"tg-item-media-inner\"><img decoding=\"async\" class=\"tg-item-image\" alt=\"\" width=\"1910\" height=\"1600\" src=\"https:\/\/fonds-risq.qc.ca\/wp-content\/uploads\/2020\/02\/Ste-Christine_Auvergne-1.jpg\"><\/div><div class=\"tg-center-holder\"><div class=\"tg-center-inner\"><div class=\"tg-item-overlay\"><\/div><a class=\"tg-link-button\" href=\"https:\/\/fonds-risq.qc.ca\/en\/entreprise\/municipalite-de-sainte-christine-dauvergne\/\" target=\"_self\"><i class=\"tg-icon-link\"><\/i><\/a><\/div><\/div><div class=\"tg-item-decoration\"><div class=\"triangle-down-right\" style=\"border-color:#b7c634\"><\/div><\/div><div class=\"tg-item-share-holder\"><div class=\"triangle-up-left\" style=\"border-color:rgba(22,22,22,0.65)\"><\/div><i class=\"tg-icon-reply\" style=\"color:#ffffff\"><\/i><div class=\"tg-share-icons\"><a class=\"tg-social-share tg-facebook\" href=\"https:\/\/www.facebook.com\/sharer.php?u=https%3A%2F%2Ffonds-risq.qc.ca%2Fen%2Fentreprise%2Fmunicipalite-de-sainte-christine-dauvergne%2F&#038;t=Municipalit%C3%A9%20de%20Sainte-Christine-d%E2%80%99Auvergne\"><i class=\"tg-icon-facebook\"><\/i><\/a><a class=\"tg-social-share tg-twitter\" href=\"https:\/\/twitter.com\/share?url=https%3A%2F%2Ffonds-risq.qc.ca%2Fen%2Fentreprise%2Fmunicipalite-de-sainte-christine-dauvergne%2F&#038;text=Municipalit%C3%A9%20de%20Sainte-Christine-d%E2%80%99Auvergne\"><i class=\"tg-icon-twitter\"><\/i><\/a><a class=\"tg-social-share tg-google-plus\" href=\"https:\/\/plus.google.com\/share?url=https%3A%2F%2Ffonds-risq.qc.ca%2Fen%2Fentreprise%2Fmunicipalite-de-sainte-christine-dauvergne%2F\"><i class=\"tg-icon-google-plus\"><\/i><\/a><a class=\"tg-social-share tg-pinterest\" href=\"https:\/\/pinterest.com\/pin\/create\/button\/?url=https%3A%2F%2Ffonds-risq.qc.ca%2Fen%2Fentreprise%2Fmunicipalite-de-sainte-christine-dauvergne%2F&#038;description=Municipalit%C3%A9%20de%20Sainte-Christine-d%E2%80%99Auvergne&#038;media=https%3A%2F%2Ffonds-risq.qc.ca%2Fwp-content%2Fuploads%2F2020%2F02%2FSte-Christine_Auvergne-1.jpg\"><i class=\"tg-icon-pinterest\"><\/i><\/a><\/div><\/div><\/div><div class=\"tg-item-content-holder tg-light image-format\" style=\"background-color:#b7c634\"><span class=\"tg-item-date\">27 February 2020<\/span><h2 class=\"tg-item-title\"><a href=\"https:\/\/fonds-risq.qc.ca\/en\/entreprise\/municipalite-de-sainte-christine-dauvergne\/\" target=\"_self\">Municipalit\u00e9 de Sainte-Christine-d\u2019Auvergne<\/a><\/h2><span class=\"tg-cats-holder\"><a class=\"filtres_des_entreprises\" href=\"https:\/\/fonds-risq.qc.ca\/en\/filtres_des_entreprises\/2019-en\/\" rel=\"category\" data-term-id=\"219\"><span class=\"tg-item-term\" >2019<\/span><\/a><span>, <\/span><a class=\"filtres_des_entreprises\" href=\"https:\/\/fonds-risq.qc.ca\/en\/filtres_des_entreprises\/capitale-nationale-en\/\" rel=\"category\" data-term-id=\"130\"><span class=\"tg-item-term\" >Capitale-Nationale<\/span><\/a><span>, <\/span><a class=\"filtres_des_entreprises\" href=\"https:\/\/fonds-risq.qc.ca\/en\/filtres_des_entreprises\/coop-en\/\" rel=\"category\" data-term-id=\"151\"><span class=\"tg-item-term\" >COOP<\/span><\/a><span>, <\/span><a class=\"filtres_des_entreprises\" href=\"https:\/\/fonds-risq.qc.ca\/en\/filtres_des_entreprises\/retail-business\/\" rel=\"category\" data-term-id=\"137\"><span class=\"tg-item-term\" >Retail business<\/span><\/a><span>, <\/span><a class=\"filtres_des_entreprises\" href=\"https:\/\/fonds-risq.qc.ca\/en\/filtres_des_entreprises\/pret-pour-aide-technique-en\/\" rel=\"category\" data-term-id=\"146\"><span class=\"tg-item-term\" >Technical assistance loan<\/span><\/a><\/span><div class=\"tg-item-footer\"><a class=\"tg-item-comment\" href=\"https:\/\/fonds-risq.qc.ca\/en\/entreprise\/municipalite-de-sainte-christine-dauvergne\/\"  target=\"_self\">No comment<\/a><span class=\"no-ajaxy to-post-like no-liked empty-heart\" data-post-id=\"9554\" title=\"Like\"><span class=\"to-heart-icon\"><svg xmlns=\"http:\/\/www.w3.org\/2000\/svg\" version=\"1.1\" viewBox=\"0 0 64 64\"><g transform=\"translate(0, 0)\"><path stroke-width=\"6\" stroke-linecap=\"square\" stroke-miterlimit=\"10\" d=\"M1,21c0,20,31,38,31,38s31-18,31-38 c0-8.285-6-16-15-16c-8.285,0-16,5.715-16,14c0-8.285-7.715-14-16-14C7,5,1,12.715,1,21z\"><\/path><\/g><\/svg><\/span><span class=\"to-like-count\">0<\/span><\/span><\/div><\/div><\/div><\/article><!-- The Grid item #236 --><article class=\"tg-item tg-post-9444 kampala f219 f148 f151 f177 f128\" data-row=\"1\" data-col=\"1\"><div class=\"tg-item-inner\"><div class=\"tg-item-media-holder tg-light\"><div class=\"tg-item-media-inner\"><img decoding=\"async\" class=\"tg-item-image\" alt=\"\" width=\"1296\" height=\"864\" src=\"https:\/\/fonds-risq.qc.ca\/wp-content\/uploads\/2020\/02\/Audiotopie.2.jpg\"><\/div><div class=\"tg-center-holder\"><div class=\"tg-center-inner\"><div class=\"tg-item-overlay\"><\/div><a class=\"tg-link-button\" href=\"https:\/\/fonds-risq.qc.ca\/en\/entreprise\/audiotopie\/\" target=\"_self\"><i class=\"tg-icon-link\"><\/i><\/a><\/div><\/div><div class=\"tg-item-decoration\"><div class=\"triangle-down-right\" style=\"border-color:#0097c8\"><\/div><\/div><div class=\"tg-item-share-holder\"><div class=\"triangle-up-left\" style=\"border-color:rgba(22,22,22,0.65)\"><\/div><i class=\"tg-icon-reply\" style=\"color:#ffffff\"><\/i><div class=\"tg-share-icons\"><a class=\"tg-social-share tg-facebook\" href=\"https:\/\/www.facebook.com\/sharer.php?u=https%3A%2F%2Ffonds-risq.qc.ca%2Fen%2Fentreprise%2Faudiotopie%2F&#038;t=Audiotopie\"><i class=\"tg-icon-facebook\"><\/i><\/a><a class=\"tg-social-share tg-twitter\" href=\"https:\/\/twitter.com\/share?url=https%3A%2F%2Ffonds-risq.qc.ca%2Fen%2Fentreprise%2Faudiotopie%2F&#038;text=Audiotopie\"><i class=\"tg-icon-twitter\"><\/i><\/a><a class=\"tg-social-share tg-google-plus\" href=\"https:\/\/plus.google.com\/share?url=https%3A%2F%2Ffonds-risq.qc.ca%2Fen%2Fentreprise%2Faudiotopie%2F\"><i class=\"tg-icon-google-plus\"><\/i><\/a><a class=\"tg-social-share tg-pinterest\" href=\"https:\/\/pinterest.com\/pin\/create\/button\/?url=https%3A%2F%2Ffonds-risq.qc.ca%2Fen%2Fentreprise%2Faudiotopie%2F&#038;description=Audiotopie&#038;media=https%3A%2F%2Ffonds-risq.qc.ca%2Fwp-content%2Fuploads%2F2020%2F02%2FAudiotopie.2.jpg\"><i class=\"tg-icon-pinterest\"><\/i><\/a><\/div><\/div><\/div><div class=\"tg-item-content-holder tg-light image-format\" style=\"background-color:#0097c8\"><span class=\"tg-item-date\">20 February 2020<\/span><h2 class=\"tg-item-title\"><a href=\"https:\/\/fonds-risq.qc.ca\/en\/entreprise\/audiotopie\/\" target=\"_self\">Audiotopie<\/a><\/h2><span class=\"tg-cats-holder\"><a class=\"filtres_des_entreprises\" href=\"https:\/\/fonds-risq.qc.ca\/en\/filtres_des_entreprises\/2019-en\/\" rel=\"category\" data-term-id=\"219\"><span class=\"tg-item-term\" >2019<\/span><\/a><span>, <\/span><a class=\"filtres_des_entreprises\" href=\"https:\/\/fonds-risq.qc.ca\/en\/filtres_des_entreprises\/capitalization-loan\/\" rel=\"category\" data-term-id=\"148\"><span class=\"tg-item-term\" >Capitalization loan<\/span><\/a><span>, <\/span><a class=\"filtres_des_entreprises\" href=\"https:\/\/fonds-risq.qc.ca\/en\/filtres_des_entreprises\/coop-en\/\" rel=\"category\" data-term-id=\"151\"><span class=\"tg-item-term\" >COOP<\/span><\/a><span>, <\/span><a class=\"filtres_des_entreprises\" href=\"https:\/\/fonds-risq.qc.ca\/en\/filtres_des_entreprises\/culture-en\/\" rel=\"category\" data-term-id=\"177\"><span class=\"tg-item-term\" >Culture<\/span><\/a><span>, <\/span><a class=\"filtres_des_entreprises\" href=\"https:\/\/fonds-risq.qc.ca\/en\/filtres_des_entreprises\/montreal-en\/\" rel=\"category\" data-term-id=\"128\"><span class=\"tg-item-term\" >Montr\u00e9al<\/span><\/a><\/span><div class=\"tg-item-footer\"><a class=\"tg-item-comment\" href=\"https:\/\/fonds-risq.qc.ca\/en\/entreprise\/audiotopie\/\"  target=\"_self\">No comment<\/a><span class=\"no-ajaxy to-post-like no-liked empty-heart\" data-post-id=\"9444\" title=\"Like\"><span class=\"to-heart-icon\"><svg xmlns=\"http:\/\/www.w3.org\/2000\/svg\" version=\"1.1\" viewBox=\"0 0 64 64\"><g transform=\"translate(0, 0)\"><path stroke-width=\"6\" stroke-linecap=\"square\" stroke-miterlimit=\"10\" d=\"M1,21c0,20,31,38,31,38s31-18,31-38 c0-8.285-6-16-15-16c-8.285,0-16,5.715-16,14c0-8.285-7.715-14-16-14C7,5,1,12.715,1,21z\"><\/path><\/g><\/svg><\/span><span class=\"to-like-count\">0<\/span><\/span><\/div><\/div><\/div><\/article><!-- The Grid item #237 --><article class=\"tg-item tg-post-9410 kampala f219 f220 f148 f133 f144 f171 f150\" data-row=\"1\" data-col=\"1\"><div class=\"tg-item-inner\"><div class=\"tg-item-media-holder tg-light\"><div class=\"tg-item-media-inner\"><img decoding=\"async\" class=\"tg-item-image\" alt=\"\" width=\"1757\" height=\"1405\" src=\"https:\/\/fonds-risq.qc.ca\/wp-content\/uploads\/2020\/02\/camp_bruchesi.3.jpg\"><\/div><div class=\"tg-center-holder\"><div class=\"tg-center-inner\"><div class=\"tg-item-overlay\"><\/div><a class=\"tg-link-button\" href=\"https:\/\/fonds-risq.qc.ca\/en\/entreprise\/camp-bruchesi\/\" target=\"_self\"><i class=\"tg-icon-link\"><\/i><\/a><\/div><\/div><div class=\"tg-item-decoration\"><div class=\"triangle-down-right\" style=\"border-color:#0097c8\"><\/div><\/div><div class=\"tg-item-share-holder\"><div class=\"triangle-up-left\" style=\"border-color:rgba(22,22,22,0.65)\"><\/div><i class=\"tg-icon-reply\" style=\"color:#ffffff\"><\/i><div class=\"tg-share-icons\"><a class=\"tg-social-share tg-facebook\" href=\"https:\/\/www.facebook.com\/sharer.php?u=https%3A%2F%2Ffonds-risq.qc.ca%2Fen%2Fentreprise%2Fcamp-bruchesi%2F&#038;t=Camp%20Bruch%C3%A9si\"><i class=\"tg-icon-facebook\"><\/i><\/a><a class=\"tg-social-share tg-twitter\" href=\"https:\/\/twitter.com\/share?url=https%3A%2F%2Ffonds-risq.qc.ca%2Fen%2Fentreprise%2Fcamp-bruchesi%2F&#038;text=Camp%20Bruch%C3%A9si\"><i class=\"tg-icon-twitter\"><\/i><\/a><a class=\"tg-social-share tg-google-plus\" href=\"https:\/\/plus.google.com\/share?url=https%3A%2F%2Ffonds-risq.qc.ca%2Fen%2Fentreprise%2Fcamp-bruchesi%2F\"><i class=\"tg-icon-google-plus\"><\/i><\/a><a class=\"tg-social-share tg-pinterest\" href=\"https:\/\/pinterest.com\/pin\/create\/button\/?url=https%3A%2F%2Ffonds-risq.qc.ca%2Fen%2Fentreprise%2Fcamp-bruchesi%2F&#038;description=Camp%20Bruch%C3%A9si&#038;media=https%3A%2F%2Ffonds-risq.qc.ca%2Fwp-content%2Fuploads%2F2020%2F02%2Fcamp_bruchesi.3.jpg\"><i class=\"tg-icon-pinterest\"><\/i><\/a><\/div><\/div><\/div><div class=\"tg-item-content-holder tg-light image-format\" style=\"background-color:#0097c8\"><span class=\"tg-item-date\">14 February 2020<\/span><h2 class=\"tg-item-title\"><a href=\"https:\/\/fonds-risq.qc.ca\/en\/entreprise\/camp-bruchesi\/\" target=\"_self\">Camp Bruch\u00e9si<\/a><\/h2><span class=\"tg-cats-holder\"><a class=\"filtres_des_entreprises\" href=\"https:\/\/fonds-risq.qc.ca\/en\/filtres_des_entreprises\/2019-en\/\" rel=\"category\" data-term-id=\"219\"><span class=\"tg-item-term\" >2019<\/span><\/a><span>, <\/span><a class=\"filtres_des_entreprises\" href=\"https:\/\/fonds-risq.qc.ca\/en\/filtres_des_entreprises\/annee-en\/\" rel=\"category\" data-term-id=\"220\"><span class=\"tg-item-term\" >Ann\u00e9e<\/span><\/a><span>, <\/span><a class=\"filtres_des_entreprises\" href=\"https:\/\/fonds-risq.qc.ca\/en\/filtres_des_entreprises\/capitalization-loan\/\" rel=\"category\" data-term-id=\"148\"><span class=\"tg-item-term\" >Capitalization loan<\/span><\/a><span>, <\/span><a class=\"filtres_des_entreprises\" href=\"https:\/\/fonds-risq.qc.ca\/en\/filtres_des_entreprises\/laurentides-en\/\" rel=\"category\" data-term-id=\"133\"><span class=\"tg-item-term\" >Laurentides<\/span><\/a><span>, <\/span><a class=\"filtres_des_entreprises\" href=\"https:\/\/fonds-risq.qc.ca\/en\/filtres_des_entreprises\/leisure-tourism\/\" rel=\"category\" data-term-id=\"144\"><span class=\"tg-item-term\" >Leisure \/ Tourism<\/span><\/a><span>, <\/span><a class=\"filtres_des_entreprises\" href=\"https:\/\/fonds-risq.qc.ca\/en\/filtres_des_entreprises\/lodging\/\" rel=\"category\" data-term-id=\"171\"><span class=\"tg-item-term\" >Lodging<\/span><\/a><span>, <\/span><a class=\"filtres_des_entreprises\" href=\"https:\/\/fonds-risq.qc.ca\/en\/filtres_des_entreprises\/npo\/\" rel=\"category\" data-term-id=\"150\"><span class=\"tg-item-term\" >NPO<\/span><\/a><\/span><div class=\"tg-item-footer\"><a class=\"tg-item-comment\" href=\"https:\/\/fonds-risq.qc.ca\/en\/entreprise\/camp-bruchesi\/\"  target=\"_self\">No comment<\/a><span class=\"no-ajaxy to-post-like no-liked empty-heart\" data-post-id=\"9410\" title=\"Like\"><span class=\"to-heart-icon\"><svg xmlns=\"http:\/\/www.w3.org\/2000\/svg\" version=\"1.1\" viewBox=\"0 0 64 64\"><g transform=\"translate(0, 0)\"><path stroke-width=\"6\" stroke-linecap=\"square\" stroke-miterlimit=\"10\" d=\"M1,21c0,20,31,38,31,38s31-18,31-38 c0-8.285-6-16-15-16c-8.285,0-16,5.715-16,14c0-8.285-7.715-14-16-14C7,5,1,12.715,1,21z\"><\/path><\/g><\/svg><\/span><span class=\"to-like-count\">0<\/span><\/span><\/div><\/div><\/div><\/article><!-- The Grid item #238 --><article class=\"tg-item tg-post-9333 kampala f221 f220 f148 f171 f190 f150 f156\" data-row=\"1\" data-col=\"1\"><div class=\"tg-item-inner\"><div class=\"tg-item-media-holder tg-light\"><div class=\"tg-item-media-inner\"><img decoding=\"async\" class=\"tg-item-image\" alt=\"\" width=\"880\" height=\"593\" src=\"https:\/\/fonds-risq.qc.ca\/wp-content\/uploads\/2020\/02\/air-eau-bois-3.jpg\"><\/div><div class=\"tg-center-holder\"><div class=\"tg-center-inner\"><div class=\"tg-item-overlay\"><\/div><a class=\"tg-link-button\" href=\"https:\/\/fonds-risq.qc.ca\/en\/entreprise\/air-eau-bois\/\" target=\"_self\"><i class=\"tg-icon-link\"><\/i><\/a><\/div><\/div><div class=\"tg-item-decoration\"><div class=\"triangle-down-right\" style=\"border-color:#0097c8\"><\/div><\/div><div class=\"tg-item-share-holder\"><div class=\"triangle-up-left\" style=\"border-color:rgba(22,22,22,0.65)\"><\/div><i class=\"tg-icon-reply\" style=\"color:#ffffff\"><\/i><div class=\"tg-share-icons\"><a class=\"tg-social-share tg-facebook\" href=\"https:\/\/www.facebook.com\/sharer.php?u=https%3A%2F%2Ffonds-risq.qc.ca%2Fen%2Fentreprise%2Fair-eau-bois%2F&#038;t=Air-Eau%20Bois\"><i class=\"tg-icon-facebook\"><\/i><\/a><a class=\"tg-social-share tg-twitter\" href=\"https:\/\/twitter.com\/share?url=https%3A%2F%2Ffonds-risq.qc.ca%2Fen%2Fentreprise%2Fair-eau-bois%2F&#038;text=Air-Eau%20Bois\"><i class=\"tg-icon-twitter\"><\/i><\/a><a class=\"tg-social-share tg-google-plus\" href=\"https:\/\/plus.google.com\/share?url=https%3A%2F%2Ffonds-risq.qc.ca%2Fen%2Fentreprise%2Fair-eau-bois%2F\"><i class=\"tg-icon-google-plus\"><\/i><\/a><a class=\"tg-social-share tg-pinterest\" href=\"https:\/\/pinterest.com\/pin\/create\/button\/?url=https%3A%2F%2Ffonds-risq.qc.ca%2Fen%2Fentreprise%2Fair-eau-bois%2F&#038;description=Air-Eau%20Bois&#038;media=https%3A%2F%2Ffonds-risq.qc.ca%2Fwp-content%2Fuploads%2F2020%2F02%2Fair-eau-bois-3.jpg\"><i class=\"tg-icon-pinterest\"><\/i><\/a><\/div><\/div><\/div><div class=\"tg-item-content-holder tg-light image-format\" style=\"background-color:#0097c8\"><span class=\"tg-item-date\">7 February 2020<\/span><h2 class=\"tg-item-title\"><a href=\"https:\/\/fonds-risq.qc.ca\/en\/entreprise\/air-eau-bois\/\" target=\"_self\">Air-Eau Bois<\/a><\/h2><span class=\"tg-cats-holder\"><a class=\"filtres_des_entreprises\" href=\"https:\/\/fonds-risq.qc.ca\/en\/filtres_des_entreprises\/2015-en\/\" rel=\"category\" data-term-id=\"221\"><span class=\"tg-item-term\" >2015<\/span><\/a><span>, <\/span><a class=\"filtres_des_entreprises\" href=\"https:\/\/fonds-risq.qc.ca\/en\/filtres_des_entreprises\/annee-en\/\" rel=\"category\" data-term-id=\"220\"><span class=\"tg-item-term\" >Ann\u00e9e<\/span><\/a><span>, <\/span><a class=\"filtres_des_entreprises\" href=\"https:\/\/fonds-risq.qc.ca\/en\/filtres_des_entreprises\/capitalization-loan\/\" rel=\"category\" data-term-id=\"148\"><span class=\"tg-item-term\" >Capitalization loan<\/span><\/a><span>, <\/span><a class=\"filtres_des_entreprises\" href=\"https:\/\/fonds-risq.qc.ca\/en\/filtres_des_entreprises\/lodging\/\" rel=\"category\" data-term-id=\"171\"><span class=\"tg-item-term\" >Lodging<\/span><\/a><span>, <\/span><a class=\"filtres_des_entreprises\" href=\"https:\/\/fonds-risq.qc.ca\/en\/filtres_des_entreprises\/loisirs-divertissement-en\/\" rel=\"category\" data-term-id=\"190\"><span class=\"tg-item-term\" >Loisirs-Divertissement<\/span><\/a><span>, <\/span><a class=\"filtres_des_entreprises\" href=\"https:\/\/fonds-risq.qc.ca\/en\/filtres_des_entreprises\/npo\/\" rel=\"category\" data-term-id=\"150\"><span class=\"tg-item-term\" >NPO<\/span><\/a><span>, <\/span><a class=\"filtres_des_entreprises\" href=\"https:\/\/fonds-risq.qc.ca\/en\/filtres_des_entreprises\/outaouais-en\/\" rel=\"category\" data-term-id=\"156\"><span class=\"tg-item-term\" >Outaouais<\/span><\/a><\/span><div class=\"tg-item-footer\"><a class=\"tg-item-comment\" href=\"https:\/\/fonds-risq.qc.ca\/en\/entreprise\/air-eau-bois\/\"  target=\"_self\">No comment<\/a><span class=\"no-ajaxy to-post-like no-liked empty-heart\" data-post-id=\"9333\" title=\"Like\"><span class=\"to-heart-icon\"><svg xmlns=\"http:\/\/www.w3.org\/2000\/svg\" version=\"1.1\" viewBox=\"0 0 64 64\"><g transform=\"translate(0, 0)\"><path stroke-width=\"6\" stroke-linecap=\"square\" stroke-miterlimit=\"10\" d=\"M1,21c0,20,31,38,31,38s31-18,31-38 c0-8.285-6-16-15-16c-8.285,0-16,5.715-16,14c0-8.285-7.715-14-16-14C7,5,1,12.715,1,21z\"><\/path><\/g><\/svg><\/span><span class=\"to-like-count\">0<\/span><\/span><\/div><\/div><\/div><\/article><!-- The Grid item #239 --><article class=\"tg-item tg-post-9319 kampala f219 f220 f148 f151 f168 f175\" data-row=\"1\" data-col=\"1\"><div class=\"tg-item-inner\"><div class=\"tg-item-media-holder tg-light\"><div class=\"tg-item-media-inner\"><img decoding=\"async\" class=\"tg-item-image\" alt=\"\" width=\"790\" height=\"554\" src=\"https:\/\/fonds-risq.qc.ca\/wp-content\/uploads\/2020\/02\/Wiinipaak_mathieudupuis-eibj.jpg\"><\/div><div class=\"tg-center-holder\"><div class=\"tg-center-inner\"><div class=\"tg-item-overlay\"><\/div><a class=\"tg-link-button\" href=\"https:\/\/fonds-risq.qc.ca\/en\/entreprise\/wiinipaakw\/\" target=\"_self\"><i class=\"tg-icon-link\"><\/i><\/a><\/div><\/div><div class=\"tg-item-decoration\"><div class=\"triangle-down-right\" style=\"border-color:#0097c8\"><\/div><\/div><div class=\"tg-item-share-holder\"><div class=\"triangle-up-left\" style=\"border-color:rgba(22,22,22,0.65)\"><\/div><i class=\"tg-icon-reply\" style=\"color:#ffffff\"><\/i><div class=\"tg-share-icons\"><a class=\"tg-social-share tg-facebook\" href=\"https:\/\/www.facebook.com\/sharer.php?u=https%3A%2F%2Ffonds-risq.qc.ca%2Fen%2Fentreprise%2Fwiinipaakw%2F&#038;t=Wiinipaakw%20Tours\"><i class=\"tg-icon-facebook\"><\/i><\/a><a class=\"tg-social-share tg-twitter\" href=\"https:\/\/twitter.com\/share?url=https%3A%2F%2Ffonds-risq.qc.ca%2Fen%2Fentreprise%2Fwiinipaakw%2F&#038;text=Wiinipaakw%20Tours\"><i class=\"tg-icon-twitter\"><\/i><\/a><a class=\"tg-social-share tg-google-plus\" href=\"https:\/\/plus.google.com\/share?url=https%3A%2F%2Ffonds-risq.qc.ca%2Fen%2Fentreprise%2Fwiinipaakw%2F\"><i class=\"tg-icon-google-plus\"><\/i><\/a><a class=\"tg-social-share tg-pinterest\" href=\"https:\/\/pinterest.com\/pin\/create\/button\/?url=https%3A%2F%2Ffonds-risq.qc.ca%2Fen%2Fentreprise%2Fwiinipaakw%2F&#038;description=Wiinipaakw%20Tours&#038;media=https%3A%2F%2Ffonds-risq.qc.ca%2Fwp-content%2Fuploads%2F2020%2F02%2FWiinipaak_mathieudupuis-eibj.jpg\"><i class=\"tg-icon-pinterest\"><\/i><\/a><\/div><\/div><\/div><div class=\"tg-item-content-holder tg-light image-format\" style=\"background-color:#0097c8\"><span class=\"tg-item-date\">7 February 2020<\/span><h2 class=\"tg-item-title\"><a href=\"https:\/\/fonds-risq.qc.ca\/en\/entreprise\/wiinipaakw\/\" target=\"_self\">Wiinipaakw Tours<\/a><\/h2><span class=\"tg-cats-holder\"><a class=\"filtres_des_entreprises\" href=\"https:\/\/fonds-risq.qc.ca\/en\/filtres_des_entreprises\/2019-en\/\" rel=\"category\" data-term-id=\"219\"><span class=\"tg-item-term\" >2019<\/span><\/a><span>, <\/span><a class=\"filtres_des_entreprises\" href=\"https:\/\/fonds-risq.qc.ca\/en\/filtres_des_entreprises\/annee-en\/\" rel=\"category\" data-term-id=\"220\"><span class=\"tg-item-term\" >Ann\u00e9e<\/span><\/a><span>, <\/span><a class=\"filtres_des_entreprises\" href=\"https:\/\/fonds-risq.qc.ca\/en\/filtres_des_entreprises\/capitalization-loan\/\" rel=\"category\" data-term-id=\"148\"><span class=\"tg-item-term\" >Capitalization loan<\/span><\/a><span>, <\/span><a class=\"filtres_des_entreprises\" href=\"https:\/\/fonds-risq.qc.ca\/en\/filtres_des_entreprises\/coop-en\/\" rel=\"category\" data-term-id=\"151\"><span class=\"tg-item-term\" >COOP<\/span><\/a><span>, <\/span><a class=\"filtres_des_entreprises\" href=\"https:\/\/fonds-risq.qc.ca\/en\/filtres_des_entreprises\/nord-du-quebec-en\/\" rel=\"category\" data-term-id=\"168\"><span class=\"tg-item-term\" >Nord-du-Qu\u00e9bec<\/span><\/a><span>, <\/span><a class=\"filtres_des_entreprises\" href=\"https:\/\/fonds-risq.qc.ca\/en\/filtres_des_entreprises\/tourism\/\" rel=\"category\" data-term-id=\"175\"><span class=\"tg-item-term\" >Tourism<\/span><\/a><\/span><div class=\"tg-item-footer\"><a class=\"tg-item-comment\" href=\"https:\/\/fonds-risq.qc.ca\/en\/entreprise\/wiinipaakw\/\"  target=\"_self\">No comment<\/a><span class=\"no-ajaxy to-post-like no-liked empty-heart\" data-post-id=\"9319\" title=\"Like\"><span class=\"to-heart-icon\"><svg xmlns=\"http:\/\/www.w3.org\/2000\/svg\" version=\"1.1\" viewBox=\"0 0 64 64\"><g transform=\"translate(0, 0)\"><path stroke-width=\"6\" stroke-linecap=\"square\" stroke-miterlimit=\"10\" d=\"M1,21c0,20,31,38,31,38s31-18,31-38 c0-8.285-6-16-15-16c-8.285,0-16,5.715-16,14c0-8.285-7.715-14-16-14C7,5,1,12.715,1,21z\"><\/path><\/g><\/svg><\/span><span class=\"to-like-count\">0<\/span><\/span><\/div><\/div><\/div><\/article><!-- The Grid item #240 --><article class=\"tg-item tg-post-9257 kampala f219 f220 f148 f151 f129 f137\" data-row=\"1\" data-col=\"1\"><div class=\"tg-item-inner\"><div class=\"tg-item-media-holder tg-light\"><div class=\"tg-item-media-inner\"><img decoding=\"async\" class=\"tg-item-image\" alt=\"\" width=\"1920\" height=\"1281\" src=\"https:\/\/fonds-risq.qc.ca\/wp-content\/uploads\/2020\/01\/507.jpg\"><\/div><div class=\"tg-center-holder\"><div class=\"tg-center-inner\"><div class=\"tg-item-overlay\"><\/div><a class=\"tg-link-button\" href=\"https:\/\/fonds-risq.qc.ca\/en\/entreprise\/le-507-coop-de-solidarite\/\" target=\"_self\"><i class=\"tg-icon-link\"><\/i><\/a><\/div><\/div><div class=\"tg-item-decoration\"><div class=\"triangle-down-right\" style=\"border-color:#0097c8\"><\/div><\/div><div class=\"tg-item-share-holder\"><div class=\"triangle-up-left\" style=\"border-color:rgba(22,22,22,0.65)\"><\/div><i class=\"tg-icon-reply\" style=\"color:#ffffff\"><\/i><div class=\"tg-share-icons\"><a class=\"tg-social-share tg-facebook\" href=\"https:\/\/www.facebook.com\/sharer.php?u=https%3A%2F%2Ffonds-risq.qc.ca%2Fen%2Fentreprise%2Fle-507-coop-de-solidarite%2F&#038;t=Le%20507%2C%20coop%20de%20solidarit%C3%A9\"><i class=\"tg-icon-facebook\"><\/i><\/a><a class=\"tg-social-share tg-twitter\" href=\"https:\/\/twitter.com\/share?url=https%3A%2F%2Ffonds-risq.qc.ca%2Fen%2Fentreprise%2Fle-507-coop-de-solidarite%2F&#038;text=Le%20507%2C%20coop%20de%20solidarit%C3%A9\"><i class=\"tg-icon-twitter\"><\/i><\/a><a class=\"tg-social-share tg-google-plus\" href=\"https:\/\/plus.google.com\/share?url=https%3A%2F%2Ffonds-risq.qc.ca%2Fen%2Fentreprise%2Fle-507-coop-de-solidarite%2F\"><i class=\"tg-icon-google-plus\"><\/i><\/a><a class=\"tg-social-share tg-pinterest\" href=\"https:\/\/pinterest.com\/pin\/create\/button\/?url=https%3A%2F%2Ffonds-risq.qc.ca%2Fen%2Fentreprise%2Fle-507-coop-de-solidarite%2F&#038;description=Le%20507%2C%20coop%20de%20solidarit%C3%A9&#038;media=https%3A%2F%2Ffonds-risq.qc.ca%2Fwp-content%2Fuploads%2F2020%2F01%2F507.jpg\"><i class=\"tg-icon-pinterest\"><\/i><\/a><\/div><\/div><\/div><div class=\"tg-item-content-holder tg-light image-format\" style=\"background-color:#0097c8\"><span class=\"tg-item-date\">28 January 2020<\/span><h2 class=\"tg-item-title\"><a href=\"https:\/\/fonds-risq.qc.ca\/en\/entreprise\/le-507-coop-de-solidarite\/\" target=\"_self\">Le 507, coop de solidarit\u00e9<\/a><\/h2><span class=\"tg-cats-holder\"><a class=\"filtres_des_entreprises\" href=\"https:\/\/fonds-risq.qc.ca\/en\/filtres_des_entreprises\/2019-en\/\" rel=\"category\" data-term-id=\"219\"><span class=\"tg-item-term\" >2019<\/span><\/a><span>, <\/span><a class=\"filtres_des_entreprises\" href=\"https:\/\/fonds-risq.qc.ca\/en\/filtres_des_entreprises\/annee-en\/\" rel=\"category\" data-term-id=\"220\"><span class=\"tg-item-term\" >Ann\u00e9e<\/span><\/a><span>, <\/span><a class=\"filtres_des_entreprises\" href=\"https:\/\/fonds-risq.qc.ca\/en\/filtres_des_entreprises\/capitalization-loan\/\" rel=\"category\" data-term-id=\"148\"><span class=\"tg-item-term\" >Capitalization loan<\/span><\/a><span>, <\/span><a class=\"filtres_des_entreprises\" href=\"https:\/\/fonds-risq.qc.ca\/en\/filtres_des_entreprises\/coop-en\/\" rel=\"category\" data-term-id=\"151\"><span class=\"tg-item-term\" >COOP<\/span><\/a><span>, <\/span><a class=\"filtres_des_entreprises\" href=\"https:\/\/fonds-risq.qc.ca\/en\/filtres_des_entreprises\/mauricie-en\/\" rel=\"category\" data-term-id=\"129\"><span class=\"tg-item-term\" >Mauricie<\/span><\/a><span>, <\/span><a class=\"filtres_des_entreprises\" href=\"https:\/\/fonds-risq.qc.ca\/en\/filtres_des_entreprises\/retail-business\/\" rel=\"category\" data-term-id=\"137\"><span class=\"tg-item-term\" >Retail business<\/span><\/a><\/span><div class=\"tg-item-footer\"><a class=\"tg-item-comment\" href=\"https:\/\/fonds-risq.qc.ca\/en\/entreprise\/le-507-coop-de-solidarite\/\"  target=\"_self\">No comment<\/a><span class=\"no-ajaxy to-post-like no-liked empty-heart\" data-post-id=\"9257\" title=\"Like\"><span class=\"to-heart-icon\"><svg xmlns=\"http:\/\/www.w3.org\/2000\/svg\" version=\"1.1\" viewBox=\"0 0 64 64\"><g transform=\"translate(0, 0)\"><path stroke-width=\"6\" stroke-linecap=\"square\" stroke-miterlimit=\"10\" d=\"M1,21c0,20,31,38,31,38s31-18,31-38 c0-8.285-6-16-15-16c-8.285,0-16,5.715-16,14c0-8.285-7.715-14-16-14C7,5,1,12.715,1,21z\"><\/path><\/g><\/svg><\/span><span class=\"to-like-count\">0<\/span><\/span><\/div><\/div><\/div><\/article><!-- The Grid item #241 --><article class=\"tg-item tg-post-9225 kampala f219 f220 f197 f132 f150 f147\" data-row=\"1\" data-col=\"1\"><div class=\"tg-item-inner\"><div class=\"tg-item-media-holder tg-light\"><div class=\"tg-item-media-inner\"><img decoding=\"async\" class=\"tg-item-image\" alt=\"\" width=\"225\" height=\"225\" src=\"https:\/\/fonds-risq.qc.ca\/wp-content\/uploads\/2020\/01\/Dis-moi_logo.png\"><\/div><div class=\"tg-center-holder\"><div class=\"tg-center-inner\"><div class=\"tg-item-overlay\"><\/div><a class=\"tg-link-button\" href=\"https:\/\/fonds-risq.qc.ca\/en\/entreprise\/dis-moi\/\" target=\"_self\"><i class=\"tg-icon-link\"><\/i><\/a><\/div><\/div><div class=\"tg-item-decoration\"><div class=\"triangle-down-right\" style=\"border-color:#ee4224\"><\/div><\/div><div class=\"tg-item-share-holder\"><div class=\"triangle-up-left\" style=\"border-color:rgba(22,22,22,0.65)\"><\/div><i class=\"tg-icon-reply\" style=\"color:#ffffff\"><\/i><div class=\"tg-share-icons\"><a class=\"tg-social-share tg-facebook\" href=\"https:\/\/www.facebook.com\/sharer.php?u=https%3A%2F%2Ffonds-risq.qc.ca%2Fen%2Fentreprise%2Fdis-moi%2F&#038;t=Dis-moi\"><i class=\"tg-icon-facebook\"><\/i><\/a><a class=\"tg-social-share tg-twitter\" href=\"https:\/\/twitter.com\/share?url=https%3A%2F%2Ffonds-risq.qc.ca%2Fen%2Fentreprise%2Fdis-moi%2F&#038;text=Dis-moi\"><i class=\"tg-icon-twitter\"><\/i><\/a><a class=\"tg-social-share tg-google-plus\" href=\"https:\/\/plus.google.com\/share?url=https%3A%2F%2Ffonds-risq.qc.ca%2Fen%2Fentreprise%2Fdis-moi%2F\"><i class=\"tg-icon-google-plus\"><\/i><\/a><a class=\"tg-social-share tg-pinterest\" href=\"https:\/\/pinterest.com\/pin\/create\/button\/?url=https%3A%2F%2Ffonds-risq.qc.ca%2Fen%2Fentreprise%2Fdis-moi%2F&#038;description=Dis-moi&#038;media=https%3A%2F%2Ffonds-risq.qc.ca%2Fwp-content%2Fuploads%2F2020%2F01%2FDis-moi_logo.png\"><i class=\"tg-icon-pinterest\"><\/i><\/a><\/div><\/div><\/div><div class=\"tg-item-content-holder tg-light image-format\" style=\"background-color:#ee4224\"><span class=\"tg-item-date\">27 January 2020<\/span><h2 class=\"tg-item-title\"><a href=\"https:\/\/fonds-risq.qc.ca\/en\/entreprise\/dis-moi\/\" target=\"_self\">Dis-moi<\/a><\/h2><span class=\"tg-cats-holder\"><a class=\"filtres_des_entreprises\" href=\"https:\/\/fonds-risq.qc.ca\/en\/filtres_des_entreprises\/2019-en\/\" rel=\"category\" data-term-id=\"219\"><span class=\"tg-item-term\" >2019<\/span><\/a><span>, <\/span><a class=\"filtres_des_entreprises\" href=\"https:\/\/fonds-risq.qc.ca\/en\/filtres_des_entreprises\/annee-en\/\" rel=\"category\" data-term-id=\"220\"><span class=\"tg-item-term\" >Ann\u00e9e<\/span><\/a><span>, <\/span><a class=\"filtres_des_entreprises\" href=\"https:\/\/fonds-risq.qc.ca\/en\/filtres_des_entreprises\/assistance-sociale-en\/\" rel=\"category\" data-term-id=\"197\"><span class=\"tg-item-term\" >Assistance sociale<\/span><\/a><span>, <\/span><a class=\"filtres_des_entreprises\" href=\"https:\/\/fonds-risq.qc.ca\/en\/filtres_des_entreprises\/monteregie-en\/\" rel=\"category\" data-term-id=\"132\"><span class=\"tg-item-term\" >Mont\u00e9r\u00e9gie<\/span><\/a><span>, <\/span><a class=\"filtres_des_entreprises\" href=\"https:\/\/fonds-risq.qc.ca\/en\/filtres_des_entreprises\/npo\/\" rel=\"category\" data-term-id=\"150\"><span class=\"tg-item-term\" >NPO<\/span><\/a><span>, <\/span><a class=\"filtres_des_entreprises\" href=\"https:\/\/fonds-risq.qc.ca\/en\/filtres_des_entreprises\/pre-startup-loan\/\" rel=\"category\" data-term-id=\"147\"><span class=\"tg-item-term\" >Pre-startup loan<\/span><\/a><\/span><div class=\"tg-item-footer\"><a class=\"tg-item-comment\" href=\"https:\/\/fonds-risq.qc.ca\/en\/entreprise\/dis-moi\/\"  target=\"_self\">No comment<\/a><span class=\"no-ajaxy to-post-like no-liked empty-heart\" data-post-id=\"9225\" title=\"Like\"><span class=\"to-heart-icon\"><svg xmlns=\"http:\/\/www.w3.org\/2000\/svg\" version=\"1.1\" viewBox=\"0 0 64 64\"><g transform=\"translate(0, 0)\"><path stroke-width=\"6\" stroke-linecap=\"square\" stroke-miterlimit=\"10\" d=\"M1,21c0,20,31,38,31,38s31-18,31-38 c0-8.285-6-16-15-16c-8.285,0-16,5.715-16,14c0-8.285-7.715-14-16-14C7,5,1,12.715,1,21z\"><\/path><\/g><\/svg><\/span><span class=\"to-like-count\">0<\/span><\/span><\/div><\/div><\/div><\/article><!-- The Grid item #242 --><article class=\"tg-item tg-post-9212 kampala f219 f220 f128 f150 f147 f196\" data-row=\"1\" data-col=\"1\"><div class=\"tg-item-inner\"><div class=\"tg-item-media-holder tg-light\"><div class=\"tg-item-media-inner\"><img decoding=\"async\" class=\"tg-item-image\" alt=\"\" width=\"686\" height=\"298\" src=\"https:\/\/fonds-risq.qc.ca\/wp-content\/uploads\/2020\/01\/Ateliers_creatifs_mtl-2.png\"><\/div><div class=\"tg-center-holder\"><div class=\"tg-center-inner\"><div class=\"tg-item-overlay\"><\/div><a class=\"tg-link-button\" href=\"https:\/\/fonds-risq.qc.ca\/en\/entreprise\/ateliers-creatifs-montreal\/\" target=\"_self\"><i class=\"tg-icon-link\"><\/i><\/a><\/div><\/div><div class=\"tg-item-decoration\"><div class=\"triangle-down-right\" style=\"border-color:#ee4224\"><\/div><\/div><div class=\"tg-item-share-holder\"><div class=\"triangle-up-left\" style=\"border-color:rgba(22,22,22,0.65)\"><\/div><i class=\"tg-icon-reply\" style=\"color:#ffffff\"><\/i><div class=\"tg-share-icons\"><a class=\"tg-social-share tg-facebook\" href=\"https:\/\/www.facebook.com\/sharer.php?u=https%3A%2F%2Ffonds-risq.qc.ca%2Fen%2Fentreprise%2Fateliers-creatifs-montreal%2F&#038;t=Ateliers%20Cr%C3%A9atifs%20Montr%C3%A9al\"><i class=\"tg-icon-facebook\"><\/i><\/a><a class=\"tg-social-share tg-twitter\" href=\"https:\/\/twitter.com\/share?url=https%3A%2F%2Ffonds-risq.qc.ca%2Fen%2Fentreprise%2Fateliers-creatifs-montreal%2F&#038;text=Ateliers%20Cr%C3%A9atifs%20Montr%C3%A9al\"><i class=\"tg-icon-twitter\"><\/i><\/a><a class=\"tg-social-share tg-google-plus\" href=\"https:\/\/plus.google.com\/share?url=https%3A%2F%2Ffonds-risq.qc.ca%2Fen%2Fentreprise%2Fateliers-creatifs-montreal%2F\"><i class=\"tg-icon-google-plus\"><\/i><\/a><a class=\"tg-social-share tg-pinterest\" href=\"https:\/\/pinterest.com\/pin\/create\/button\/?url=https%3A%2F%2Ffonds-risq.qc.ca%2Fen%2Fentreprise%2Fateliers-creatifs-montreal%2F&#038;description=Ateliers%20Cr%C3%A9atifs%20Montr%C3%A9al&#038;media=https%3A%2F%2Ffonds-risq.qc.ca%2Fwp-content%2Fuploads%2F2020%2F01%2FAteliers_creatifs_mtl-2.png\"><i class=\"tg-icon-pinterest\"><\/i><\/a><\/div><\/div><\/div><div class=\"tg-item-content-holder tg-light image-format\" style=\"background-color:#ee4224\"><span class=\"tg-item-date\">27 January 2020<\/span><h2 class=\"tg-item-title\"><a href=\"https:\/\/fonds-risq.qc.ca\/en\/entreprise\/ateliers-creatifs-montreal\/\" target=\"_self\">Ateliers Cr\u00e9atifs Montr\u00e9al<\/a><\/h2><span class=\"tg-cats-holder\"><a class=\"filtres_des_entreprises\" href=\"https:\/\/fonds-risq.qc.ca\/en\/filtres_des_entreprises\/2019-en\/\" rel=\"category\" data-term-id=\"219\"><span class=\"tg-item-term\" >2019<\/span><\/a><span>, <\/span><a class=\"filtres_des_entreprises\" href=\"https:\/\/fonds-risq.qc.ca\/en\/filtres_des_entreprises\/annee-en\/\" rel=\"category\" data-term-id=\"220\"><span class=\"tg-item-term\" >Ann\u00e9e<\/span><\/a><span>, <\/span><a class=\"filtres_des_entreprises\" href=\"https:\/\/fonds-risq.qc.ca\/en\/filtres_des_entreprises\/montreal-en\/\" rel=\"category\" data-term-id=\"128\"><span class=\"tg-item-term\" >Montr\u00e9al<\/span><\/a><span>, <\/span><a class=\"filtres_des_entreprises\" href=\"https:\/\/fonds-risq.qc.ca\/en\/filtres_des_entreprises\/npo\/\" rel=\"category\" data-term-id=\"150\"><span class=\"tg-item-term\" >NPO<\/span><\/a><span>, <\/span><a class=\"filtres_des_entreprises\" href=\"https:\/\/fonds-risq.qc.ca\/en\/filtres_des_entreprises\/pre-startup-loan\/\" rel=\"category\" data-term-id=\"147\"><span class=\"tg-item-term\" >Pre-startup loan<\/span><\/a><span>, <\/span><a class=\"filtres_des_entreprises\" href=\"https:\/\/fonds-risq.qc.ca\/en\/filtres_des_entreprises\/services-immobiliers-en\/\" rel=\"category\" data-term-id=\"196\"><span class=\"tg-item-term\" >Services immobiliers<\/span><\/a><\/span><div class=\"tg-item-footer\"><a class=\"tg-item-comment\" href=\"https:\/\/fonds-risq.qc.ca\/en\/entreprise\/ateliers-creatifs-montreal\/\"  target=\"_self\">No comment<\/a><span class=\"no-ajaxy to-post-like no-liked empty-heart\" data-post-id=\"9212\" title=\"Like\"><span class=\"to-heart-icon\"><svg xmlns=\"http:\/\/www.w3.org\/2000\/svg\" version=\"1.1\" viewBox=\"0 0 64 64\"><g transform=\"translate(0, 0)\"><path stroke-width=\"6\" stroke-linecap=\"square\" stroke-miterlimit=\"10\" d=\"M1,21c0,20,31,38,31,38s31-18,31-38 c0-8.285-6-16-15-16c-8.285,0-16,5.715-16,14c0-8.285-7.715-14-16-14C7,5,1,12.715,1,21z\"><\/path><\/g><\/svg><\/span><span class=\"to-like-count\">0<\/span><\/span><\/div><\/div><\/div><\/article><!-- The Grid item #243 --><article class=\"tg-item tg-post-9150 kampala f219 f220 f167 f150 f158 f146\" data-row=\"1\" data-col=\"1\"><div class=\"tg-item-inner\"><div class=\"tg-item-media-holder tg-light\"><div class=\"tg-item-media-inner\"><img decoding=\"async\" class=\"tg-item-image\" alt=\"\" width=\"748\" height=\"960\" src=\"https:\/\/fonds-risq.qc.ca\/wp-content\/uploads\/2020\/01\/LouisCyr.2.jpg\"><\/div><div class=\"tg-center-holder\"><div class=\"tg-center-inner\"><div class=\"tg-item-overlay\"><\/div><a class=\"tg-link-button\" href=\"https:\/\/fonds-risq.qc.ca\/en\/entreprise\/compagnons-de-louis-cyr\/\" target=\"_self\"><i class=\"tg-icon-link\"><\/i><\/a><\/div><\/div><div class=\"tg-item-decoration\"><div class=\"triangle-down-right\" style=\"border-color:#b7c634\"><\/div><\/div><div class=\"tg-item-share-holder\"><div class=\"triangle-up-left\" style=\"border-color:rgba(22,22,22,0.65)\"><\/div><i class=\"tg-icon-reply\" style=\"color:#ffffff\"><\/i><div class=\"tg-share-icons\"><a class=\"tg-social-share tg-facebook\" href=\"https:\/\/www.facebook.com\/sharer.php?u=https%3A%2F%2Ffonds-risq.qc.ca%2Fen%2Fentreprise%2Fcompagnons-de-louis-cyr%2F&#038;t=Compagnons%20de%20Louis%20Cyr\"><i class=\"tg-icon-facebook\"><\/i><\/a><a class=\"tg-social-share tg-twitter\" href=\"https:\/\/twitter.com\/share?url=https%3A%2F%2Ffonds-risq.qc.ca%2Fen%2Fentreprise%2Fcompagnons-de-louis-cyr%2F&#038;text=Compagnons%20de%20Louis%20Cyr\"><i class=\"tg-icon-twitter\"><\/i><\/a><a class=\"tg-social-share tg-google-plus\" href=\"https:\/\/plus.google.com\/share?url=https%3A%2F%2Ffonds-risq.qc.ca%2Fen%2Fentreprise%2Fcompagnons-de-louis-cyr%2F\"><i class=\"tg-icon-google-plus\"><\/i><\/a><a class=\"tg-social-share tg-pinterest\" href=\"https:\/\/pinterest.com\/pin\/create\/button\/?url=https%3A%2F%2Ffonds-risq.qc.ca%2Fen%2Fentreprise%2Fcompagnons-de-louis-cyr%2F&#038;description=Compagnons%20de%20Louis%20Cyr&#038;media=https%3A%2F%2Ffonds-risq.qc.ca%2Fwp-content%2Fuploads%2F2020%2F01%2FLouisCyr.2.jpg\"><i class=\"tg-icon-pinterest\"><\/i><\/a><\/div><\/div><\/div><div class=\"tg-item-content-holder tg-light image-format\" style=\"background-color:#b7c634\"><span class=\"tg-item-date\">13 January 2020<\/span><h2 class=\"tg-item-title\"><a href=\"https:\/\/fonds-risq.qc.ca\/en\/entreprise\/compagnons-de-louis-cyr\/\" target=\"_self\">Compagnons de Louis Cyr<\/a><\/h2><span class=\"tg-cats-holder\"><a class=\"filtres_des_entreprises\" href=\"https:\/\/fonds-risq.qc.ca\/en\/filtres_des_entreprises\/2019-en\/\" rel=\"category\" data-term-id=\"219\"><span class=\"tg-item-term\" >2019<\/span><\/a><span>, <\/span><a class=\"filtres_des_entreprises\" href=\"https:\/\/fonds-risq.qc.ca\/en\/filtres_des_entreprises\/annee-en\/\" rel=\"category\" data-term-id=\"220\"><span class=\"tg-item-term\" >Ann\u00e9e<\/span><\/a><span>, <\/span><a class=\"filtres_des_entreprises\" href=\"https:\/\/fonds-risq.qc.ca\/en\/filtres_des_entreprises\/lanaudiere-en\/\" rel=\"category\" data-term-id=\"167\"><span class=\"tg-item-term\" >Lanaudi\u00e8re<\/span><\/a><span>, <\/span><a class=\"filtres_des_entreprises\" href=\"https:\/\/fonds-risq.qc.ca\/en\/filtres_des_entreprises\/npo\/\" rel=\"category\" data-term-id=\"150\"><span class=\"tg-item-term\" >NPO<\/span><\/a><span>, <\/span><a class=\"filtres_des_entreprises\" href=\"https:\/\/fonds-risq.qc.ca\/en\/filtres_des_entreprises\/restaurant\/\" rel=\"category\" data-term-id=\"158\"><span class=\"tg-item-term\" >Restaurant<\/span><\/a><span>, <\/span><a class=\"filtres_des_entreprises\" href=\"https:\/\/fonds-risq.qc.ca\/en\/filtres_des_entreprises\/pret-pour-aide-technique-en\/\" rel=\"category\" data-term-id=\"146\"><span class=\"tg-item-term\" >Technical assistance loan<\/span><\/a><\/span><div class=\"tg-item-footer\"><a class=\"tg-item-comment\" href=\"https:\/\/fonds-risq.qc.ca\/en\/entreprise\/compagnons-de-louis-cyr\/\"  target=\"_self\">No comment<\/a><span class=\"no-ajaxy to-post-like no-liked empty-heart\" data-post-id=\"9150\" title=\"Like\"><span class=\"to-heart-icon\"><svg xmlns=\"http:\/\/www.w3.org\/2000\/svg\" version=\"1.1\" viewBox=\"0 0 64 64\"><g transform=\"translate(0, 0)\"><path stroke-width=\"6\" stroke-linecap=\"square\" stroke-miterlimit=\"10\" d=\"M1,21c0,20,31,38,31,38s31-18,31-38 c0-8.285-6-16-15-16c-8.285,0-16,5.715-16,14c0-8.285-7.715-14-16-14C7,5,1,12.715,1,21z\"><\/path><\/g><\/svg><\/span><span class=\"to-like-count\">0<\/span><\/span><\/div><\/div><\/div><\/article><!-- The Grid item #244 --><article class=\"tg-item tg-post-9123 kampala f219 f220 f197 f148 f150 f155\" data-row=\"1\" data-col=\"1\"><div class=\"tg-item-inner\"><div class=\"tg-item-media-holder tg-light\"><div class=\"tg-item-media-inner\"><img decoding=\"async\" class=\"tg-item-image\" alt=\"\" width=\"1137\" height=\"1046\" src=\"https:\/\/fonds-risq.qc.ca\/wp-content\/uploads\/2020\/01\/CAALSJ-1.jpg\"><\/div><div class=\"tg-center-holder\"><div class=\"tg-center-inner\"><div class=\"tg-item-overlay\"><\/div><a class=\"tg-link-button\" href=\"https:\/\/fonds-risq.qc.ca\/en\/entreprise\/centre-damitie-autochtone-du-lac-saint-jean\/\" target=\"_self\"><i class=\"tg-icon-link\"><\/i><\/a><\/div><\/div><div class=\"tg-item-decoration\"><div class=\"triangle-down-right\" style=\"border-color:#0097c8\"><\/div><\/div><div class=\"tg-item-share-holder\"><div class=\"triangle-up-left\" style=\"border-color:rgba(22,22,22,0.65)\"><\/div><i class=\"tg-icon-reply\" style=\"color:#ffffff\"><\/i><div class=\"tg-share-icons\"><a class=\"tg-social-share tg-facebook\" href=\"https:\/\/www.facebook.com\/sharer.php?u=https%3A%2F%2Ffonds-risq.qc.ca%2Fen%2Fentreprise%2Fcentre-damitie-autochtone-du-lac-saint-jean%2F&#038;t=Centre%20d%E2%80%99amiti%C3%A9%20autochtone%20du%20Lac-Saint-Jean\"><i class=\"tg-icon-facebook\"><\/i><\/a><a class=\"tg-social-share tg-twitter\" href=\"https:\/\/twitter.com\/share?url=https%3A%2F%2Ffonds-risq.qc.ca%2Fen%2Fentreprise%2Fcentre-damitie-autochtone-du-lac-saint-jean%2F&#038;text=Centre%20d%E2%80%99amiti%C3%A9%20autochtone%20du%20Lac-Saint-Jean\"><i class=\"tg-icon-twitter\"><\/i><\/a><a class=\"tg-social-share tg-google-plus\" href=\"https:\/\/plus.google.com\/share?url=https%3A%2F%2Ffonds-risq.qc.ca%2Fen%2Fentreprise%2Fcentre-damitie-autochtone-du-lac-saint-jean%2F\"><i class=\"tg-icon-google-plus\"><\/i><\/a><a class=\"tg-social-share tg-pinterest\" href=\"https:\/\/pinterest.com\/pin\/create\/button\/?url=https%3A%2F%2Ffonds-risq.qc.ca%2Fen%2Fentreprise%2Fcentre-damitie-autochtone-du-lac-saint-jean%2F&#038;description=Centre%20d%E2%80%99amiti%C3%A9%20autochtone%20du%20Lac-Saint-Jean&#038;media=https%3A%2F%2Ffonds-risq.qc.ca%2Fwp-content%2Fuploads%2F2020%2F01%2FCAALSJ-1.jpg\"><i class=\"tg-icon-pinterest\"><\/i><\/a><\/div><\/div><\/div><div class=\"tg-item-content-holder tg-light image-format\" style=\"background-color:#0097c8\"><span class=\"tg-item-date\">10 January 2020<\/span><h2 class=\"tg-item-title\"><a href=\"https:\/\/fonds-risq.qc.ca\/en\/entreprise\/centre-damitie-autochtone-du-lac-saint-jean\/\" target=\"_self\">Centre d&#8217;amiti\u00e9 autochtone du Lac-Saint-Jean<\/a><\/h2><span class=\"tg-cats-holder\"><a class=\"filtres_des_entreprises\" href=\"https:\/\/fonds-risq.qc.ca\/en\/filtres_des_entreprises\/2019-en\/\" rel=\"category\" data-term-id=\"219\"><span class=\"tg-item-term\" >2019<\/span><\/a><span>, <\/span><a class=\"filtres_des_entreprises\" href=\"https:\/\/fonds-risq.qc.ca\/en\/filtres_des_entreprises\/annee-en\/\" rel=\"category\" data-term-id=\"220\"><span class=\"tg-item-term\" >Ann\u00e9e<\/span><\/a><span>, <\/span><a class=\"filtres_des_entreprises\" href=\"https:\/\/fonds-risq.qc.ca\/en\/filtres_des_entreprises\/assistance-sociale-en\/\" rel=\"category\" data-term-id=\"197\"><span class=\"tg-item-term\" >Assistance sociale<\/span><\/a><span>, <\/span><a class=\"filtres_des_entreprises\" href=\"https:\/\/fonds-risq.qc.ca\/en\/filtres_des_entreprises\/capitalization-loan\/\" rel=\"category\" data-term-id=\"148\"><span class=\"tg-item-term\" >Capitalization loan<\/span><\/a><span>, <\/span><a class=\"filtres_des_entreprises\" href=\"https:\/\/fonds-risq.qc.ca\/en\/filtres_des_entreprises\/npo\/\" rel=\"category\" data-term-id=\"150\"><span class=\"tg-item-term\" >NPO<\/span><\/a><span>, <\/span><a class=\"filtres_des_entreprises\" href=\"https:\/\/fonds-risq.qc.ca\/en\/filtres_des_entreprises\/saguenay-lac-saint-jean-en\/\" rel=\"category\" data-term-id=\"155\"><span class=\"tg-item-term\" >Saguenay-Lac-Saint-Jean<\/span><\/a><\/span><div class=\"tg-item-footer\"><a class=\"tg-item-comment\" href=\"https:\/\/fonds-risq.qc.ca\/en\/entreprise\/centre-damitie-autochtone-du-lac-saint-jean\/\"  target=\"_self\">No comment<\/a><span class=\"no-ajaxy to-post-like no-liked empty-heart\" data-post-id=\"9123\" title=\"Like\"><span class=\"to-heart-icon\"><svg xmlns=\"http:\/\/www.w3.org\/2000\/svg\" version=\"1.1\" viewBox=\"0 0 64 64\"><g transform=\"translate(0, 0)\"><path stroke-width=\"6\" stroke-linecap=\"square\" stroke-miterlimit=\"10\" d=\"M1,21c0,20,31,38,31,38s31-18,31-38 c0-8.285-6-16-15-16c-8.285,0-16,5.715-16,14c0-8.285-7.715-14-16-14C7,5,1,12.715,1,21z\"><\/path><\/g><\/svg><\/span><span class=\"to-like-count\">0<\/span><\/span><\/div><\/div><\/div><\/article><!-- The Grid item #245 --><article class=\"tg-item tg-post-8897 kampala f219 f220 f134 f128 f150 f146\" data-row=\"1\" data-col=\"1\"><div class=\"tg-item-inner\"><div class=\"tg-item-media-holder tg-light\"><div class=\"tg-item-media-inner\"><img decoding=\"async\" class=\"tg-item-image\" alt=\"\" width=\"2016\" height=\"1512\" src=\"https:\/\/fonds-risq.qc.ca\/wp-content\/uploads\/2019\/12\/EcoleHumour.2.jpg\"><\/div><div class=\"tg-center-holder\"><div class=\"tg-center-inner\"><div class=\"tg-item-overlay\"><\/div><a class=\"tg-link-button\" href=\"https:\/\/fonds-risq.qc.ca\/en\/entreprise\/ecole-nationale-de-lhumour\/\" target=\"_self\"><i class=\"tg-icon-link\"><\/i><\/a><\/div><\/div><div class=\"tg-item-decoration\"><div class=\"triangle-down-right\" style=\"border-color:#b7c634\"><\/div><\/div><div class=\"tg-item-share-holder\"><div class=\"triangle-up-left\" style=\"border-color:rgba(22,22,22,0.65)\"><\/div><i class=\"tg-icon-reply\" style=\"color:#ffffff\"><\/i><div class=\"tg-share-icons\"><a class=\"tg-social-share tg-facebook\" href=\"https:\/\/www.facebook.com\/sharer.php?u=https%3A%2F%2Ffonds-risq.qc.ca%2Fen%2Fentreprise%2Fecole-nationale-de-lhumour%2F&#038;t=%C3%89cole%20nationale%20de%20l%E2%80%99humour\"><i class=\"tg-icon-facebook\"><\/i><\/a><a class=\"tg-social-share tg-twitter\" href=\"https:\/\/twitter.com\/share?url=https%3A%2F%2Ffonds-risq.qc.ca%2Fen%2Fentreprise%2Fecole-nationale-de-lhumour%2F&#038;text=%C3%89cole%20nationale%20de%20l%E2%80%99humour\"><i class=\"tg-icon-twitter\"><\/i><\/a><a class=\"tg-social-share tg-google-plus\" href=\"https:\/\/plus.google.com\/share?url=https%3A%2F%2Ffonds-risq.qc.ca%2Fen%2Fentreprise%2Fecole-nationale-de-lhumour%2F\"><i class=\"tg-icon-google-plus\"><\/i><\/a><a class=\"tg-social-share tg-pinterest\" href=\"https:\/\/pinterest.com\/pin\/create\/button\/?url=https%3A%2F%2Ffonds-risq.qc.ca%2Fen%2Fentreprise%2Fecole-nationale-de-lhumour%2F&#038;description=%C3%89cole%20nationale%20de%20l%E2%80%99humour&#038;media=https%3A%2F%2Ffonds-risq.qc.ca%2Fwp-content%2Fuploads%2F2019%2F12%2FEcoleHumour.2.jpg\"><i class=\"tg-icon-pinterest\"><\/i><\/a><\/div><\/div><\/div><div class=\"tg-item-content-holder tg-light image-format\" style=\"background-color:#b7c634\"><span class=\"tg-item-date\">11 December 2019<\/span><h2 class=\"tg-item-title\"><a href=\"https:\/\/fonds-risq.qc.ca\/en\/entreprise\/ecole-nationale-de-lhumour\/\" target=\"_self\">\u00c9cole nationale de l\u2019humour<\/a><\/h2><span class=\"tg-cats-holder\"><a class=\"filtres_des_entreprises\" href=\"https:\/\/fonds-risq.qc.ca\/en\/filtres_des_entreprises\/2019-en\/\" rel=\"category\" data-term-id=\"219\"><span class=\"tg-item-term\" >2019<\/span><\/a><span>, <\/span><a class=\"filtres_des_entreprises\" href=\"https:\/\/fonds-risq.qc.ca\/en\/filtres_des_entreprises\/annee-en\/\" rel=\"category\" data-term-id=\"220\"><span class=\"tg-item-term\" >Ann\u00e9e<\/span><\/a><span>, <\/span><a class=\"filtres_des_entreprises\" href=\"https:\/\/fonds-risq.qc.ca\/en\/filtres_des_entreprises\/arts-and-culture\/\" rel=\"category\" data-term-id=\"134\"><span class=\"tg-item-term\" >Arts and culture<\/span><\/a><span>, <\/span><a class=\"filtres_des_entreprises\" href=\"https:\/\/fonds-risq.qc.ca\/en\/filtres_des_entreprises\/montreal-en\/\" rel=\"category\" data-term-id=\"128\"><span class=\"tg-item-term\" >Montr\u00e9al<\/span><\/a><span>, <\/span><a class=\"filtres_des_entreprises\" href=\"https:\/\/fonds-risq.qc.ca\/en\/filtres_des_entreprises\/npo\/\" rel=\"category\" data-term-id=\"150\"><span class=\"tg-item-term\" >NPO<\/span><\/a><span>, <\/span><a class=\"filtres_des_entreprises\" href=\"https:\/\/fonds-risq.qc.ca\/en\/filtres_des_entreprises\/pret-pour-aide-technique-en\/\" rel=\"category\" data-term-id=\"146\"><span class=\"tg-item-term\" >Technical assistance loan<\/span><\/a><\/span><div class=\"tg-item-footer\"><a class=\"tg-item-comment\" href=\"https:\/\/fonds-risq.qc.ca\/en\/entreprise\/ecole-nationale-de-lhumour\/\"  target=\"_self\">No comment<\/a><span class=\"no-ajaxy to-post-like no-liked empty-heart\" data-post-id=\"8897\" title=\"Like\"><span class=\"to-heart-icon\"><svg xmlns=\"http:\/\/www.w3.org\/2000\/svg\" version=\"1.1\" viewBox=\"0 0 64 64\"><g transform=\"translate(0, 0)\"><path stroke-width=\"6\" stroke-linecap=\"square\" stroke-miterlimit=\"10\" d=\"M1,21c0,20,31,38,31,38s31-18,31-38 c0-8.285-6-16-15-16c-8.285,0-16,5.715-16,14c0-8.285-7.715-14-16-14C7,5,1,12.715,1,21z\"><\/path><\/g><\/svg><\/span><span class=\"to-like-count\">0<\/span><\/span><\/div><\/div><\/div><\/article><!-- The Grid item #246 --><article class=\"tg-item tg-post-8898 kampala f219 f220 f128 f150 f147 f196\" data-row=\"1\" data-col=\"1\"><div class=\"tg-item-inner\"><div class=\"tg-item-media-holder tg-light\"><div class=\"tg-item-media-inner\"><img decoding=\"async\" class=\"tg-item-image\" alt=\"\" width=\"1884\" height=\"1256\" src=\"https:\/\/fonds-risq.qc.ca\/wp-content\/uploads\/2019\/12\/Utile.2.jpg\"><\/div><div class=\"tg-center-holder\"><div class=\"tg-center-inner\"><div class=\"tg-item-overlay\"><\/div><a class=\"tg-link-button\" href=\"https:\/\/fonds-risq.qc.ca\/en\/entreprise\/utile-angus\/\" target=\"_self\"><i class=\"tg-icon-link\"><\/i><\/a><\/div><\/div><div class=\"tg-item-decoration\"><div class=\"triangle-down-right\" style=\"border-color:#ee4224\"><\/div><\/div><div class=\"tg-item-share-holder\"><div class=\"triangle-up-left\" style=\"border-color:rgba(22,22,22,0.65)\"><\/div><i class=\"tg-icon-reply\" style=\"color:#ffffff\"><\/i><div class=\"tg-share-icons\"><a class=\"tg-social-share tg-facebook\" href=\"https:\/\/www.facebook.com\/sharer.php?u=https%3A%2F%2Ffonds-risq.qc.ca%2Fen%2Fentreprise%2Futile-angus%2F&#038;t=UTILE%20Angus\"><i class=\"tg-icon-facebook\"><\/i><\/a><a class=\"tg-social-share tg-twitter\" href=\"https:\/\/twitter.com\/share?url=https%3A%2F%2Ffonds-risq.qc.ca%2Fen%2Fentreprise%2Futile-angus%2F&#038;text=UTILE%20Angus\"><i class=\"tg-icon-twitter\"><\/i><\/a><a class=\"tg-social-share tg-google-plus\" href=\"https:\/\/plus.google.com\/share?url=https%3A%2F%2Ffonds-risq.qc.ca%2Fen%2Fentreprise%2Futile-angus%2F\"><i class=\"tg-icon-google-plus\"><\/i><\/a><a class=\"tg-social-share tg-pinterest\" href=\"https:\/\/pinterest.com\/pin\/create\/button\/?url=https%3A%2F%2Ffonds-risq.qc.ca%2Fen%2Fentreprise%2Futile-angus%2F&#038;description=UTILE%20Angus&#038;media=https%3A%2F%2Ffonds-risq.qc.ca%2Fwp-content%2Fuploads%2F2019%2F12%2FUtile.2.jpg\"><i class=\"tg-icon-pinterest\"><\/i><\/a><\/div><\/div><\/div><div class=\"tg-item-content-holder tg-light image-format\" style=\"background-color:#ee4224\"><span class=\"tg-item-date\">11 December 2019<\/span><h2 class=\"tg-item-title\"><a href=\"https:\/\/fonds-risq.qc.ca\/en\/entreprise\/utile-angus\/\" target=\"_self\">UTILE Angus<\/a><\/h2><span class=\"tg-cats-holder\"><a class=\"filtres_des_entreprises\" href=\"https:\/\/fonds-risq.qc.ca\/en\/filtres_des_entreprises\/2019-en\/\" rel=\"category\" data-term-id=\"219\"><span class=\"tg-item-term\" >2019<\/span><\/a><span>, <\/span><a class=\"filtres_des_entreprises\" href=\"https:\/\/fonds-risq.qc.ca\/en\/filtres_des_entreprises\/annee-en\/\" rel=\"category\" data-term-id=\"220\"><span class=\"tg-item-term\" >Ann\u00e9e<\/span><\/a><span>, <\/span><a class=\"filtres_des_entreprises\" href=\"https:\/\/fonds-risq.qc.ca\/en\/filtres_des_entreprises\/montreal-en\/\" rel=\"category\" data-term-id=\"128\"><span class=\"tg-item-term\" >Montr\u00e9al<\/span><\/a><span>, <\/span><a class=\"filtres_des_entreprises\" href=\"https:\/\/fonds-risq.qc.ca\/en\/filtres_des_entreprises\/npo\/\" rel=\"category\" data-term-id=\"150\"><span class=\"tg-item-term\" >NPO<\/span><\/a><span>, <\/span><a class=\"filtres_des_entreprises\" href=\"https:\/\/fonds-risq.qc.ca\/en\/filtres_des_entreprises\/pre-startup-loan\/\" rel=\"category\" data-term-id=\"147\"><span class=\"tg-item-term\" >Pre-startup loan<\/span><\/a><span>, <\/span><a class=\"filtres_des_entreprises\" href=\"https:\/\/fonds-risq.qc.ca\/en\/filtres_des_entreprises\/services-immobiliers-en\/\" rel=\"category\" data-term-id=\"196\"><span class=\"tg-item-term\" >Services immobiliers<\/span><\/a><\/span><div class=\"tg-item-footer\"><a class=\"tg-item-comment\" href=\"https:\/\/fonds-risq.qc.ca\/en\/entreprise\/utile-angus\/\"  target=\"_self\">No comment<\/a><span class=\"no-ajaxy to-post-like no-liked empty-heart\" data-post-id=\"8898\" title=\"Like\"><span class=\"to-heart-icon\"><svg xmlns=\"http:\/\/www.w3.org\/2000\/svg\" version=\"1.1\" viewBox=\"0 0 64 64\"><g transform=\"translate(0, 0)\"><path stroke-width=\"6\" stroke-linecap=\"square\" stroke-miterlimit=\"10\" d=\"M1,21c0,20,31,38,31,38s31-18,31-38 c0-8.285-6-16-15-16c-8.285,0-16,5.715-16,14c0-8.285-7.715-14-16-14C7,5,1,12.715,1,21z\"><\/path><\/g><\/svg><\/span><span class=\"to-like-count\">0<\/span><\/span><\/div><\/div><\/div><\/article><!-- The Grid item #247 --><article class=\"tg-item tg-post-8899 kampala f219 f220 f130 f150 f146 f175\" data-row=\"1\" data-col=\"1\"><div class=\"tg-item-inner\"><div class=\"tg-item-media-holder tg-light\"><div class=\"tg-item-media-inner\"><img decoding=\"async\" class=\"tg-item-image\" alt=\"\" width=\"787\" height=\"787\" src=\"https:\/\/fonds-risq.qc.ca\/wp-content\/uploads\/2019\/12\/ParcMaritime.2.jpg\"><\/div><div class=\"tg-center-holder\"><div class=\"tg-center-inner\"><div class=\"tg-item-overlay\"><\/div><a class=\"tg-link-button\" href=\"https:\/\/fonds-risq.qc.ca\/en\/entreprise\/parc-maritime-de-saint-laurent\/\" target=\"_self\"><i class=\"tg-icon-link\"><\/i><\/a><\/div><\/div><div class=\"tg-item-decoration\"><div class=\"triangle-down-right\" style=\"border-color:#b7c634\"><\/div><\/div><div class=\"tg-item-share-holder\"><div class=\"triangle-up-left\" style=\"border-color:rgba(22,22,22,0.65)\"><\/div><i class=\"tg-icon-reply\" style=\"color:#ffffff\"><\/i><div class=\"tg-share-icons\"><a class=\"tg-social-share tg-facebook\" href=\"https:\/\/www.facebook.com\/sharer.php?u=https%3A%2F%2Ffonds-risq.qc.ca%2Fen%2Fentreprise%2Fparc-maritime-de-saint-laurent%2F&#038;t=Parc%20maritime%20de%20Saint-Laurent\"><i class=\"tg-icon-facebook\"><\/i><\/a><a class=\"tg-social-share tg-twitter\" href=\"https:\/\/twitter.com\/share?url=https%3A%2F%2Ffonds-risq.qc.ca%2Fen%2Fentreprise%2Fparc-maritime-de-saint-laurent%2F&#038;text=Parc%20maritime%20de%20Saint-Laurent\"><i class=\"tg-icon-twitter\"><\/i><\/a><a class=\"tg-social-share tg-google-plus\" href=\"https:\/\/plus.google.com\/share?url=https%3A%2F%2Ffonds-risq.qc.ca%2Fen%2Fentreprise%2Fparc-maritime-de-saint-laurent%2F\"><i class=\"tg-icon-google-plus\"><\/i><\/a><a class=\"tg-social-share tg-pinterest\" href=\"https:\/\/pinterest.com\/pin\/create\/button\/?url=https%3A%2F%2Ffonds-risq.qc.ca%2Fen%2Fentreprise%2Fparc-maritime-de-saint-laurent%2F&#038;description=Parc%20maritime%20de%20Saint-Laurent&#038;media=https%3A%2F%2Ffonds-risq.qc.ca%2Fwp-content%2Fuploads%2F2019%2F12%2FParcMaritime.2.jpg\"><i class=\"tg-icon-pinterest\"><\/i><\/a><\/div><\/div><\/div><div class=\"tg-item-content-holder tg-light image-format\" style=\"background-color:#b7c634\"><span class=\"tg-item-date\">10 December 2019<\/span><h2 class=\"tg-item-title\"><a href=\"https:\/\/fonds-risq.qc.ca\/en\/entreprise\/parc-maritime-de-saint-laurent\/\" target=\"_self\">Parc maritime de Saint-Laurent<\/a><\/h2><span class=\"tg-cats-holder\"><a class=\"filtres_des_entreprises\" href=\"https:\/\/fonds-risq.qc.ca\/en\/filtres_des_entreprises\/2019-en\/\" rel=\"category\" data-term-id=\"219\"><span class=\"tg-item-term\" >2019<\/span><\/a><span>, <\/span><a class=\"filtres_des_entreprises\" href=\"https:\/\/fonds-risq.qc.ca\/en\/filtres_des_entreprises\/annee-en\/\" rel=\"category\" data-term-id=\"220\"><span class=\"tg-item-term\" >Ann\u00e9e<\/span><\/a><span>, <\/span><a class=\"filtres_des_entreprises\" href=\"https:\/\/fonds-risq.qc.ca\/en\/filtres_des_entreprises\/capitale-nationale-en\/\" rel=\"category\" data-term-id=\"130\"><span class=\"tg-item-term\" >Capitale-Nationale<\/span><\/a><span>, <\/span><a class=\"filtres_des_entreprises\" href=\"https:\/\/fonds-risq.qc.ca\/en\/filtres_des_entreprises\/npo\/\" rel=\"category\" data-term-id=\"150\"><span class=\"tg-item-term\" >NPO<\/span><\/a><span>, <\/span><a class=\"filtres_des_entreprises\" href=\"https:\/\/fonds-risq.qc.ca\/en\/filtres_des_entreprises\/pret-pour-aide-technique-en\/\" rel=\"category\" data-term-id=\"146\"><span class=\"tg-item-term\" >Technical assistance loan<\/span><\/a><span>, <\/span><a class=\"filtres_des_entreprises\" href=\"https:\/\/fonds-risq.qc.ca\/en\/filtres_des_entreprises\/tourism\/\" rel=\"category\" data-term-id=\"175\"><span class=\"tg-item-term\" >Tourism<\/span><\/a><\/span><div class=\"tg-item-footer\"><a class=\"tg-item-comment\" href=\"https:\/\/fonds-risq.qc.ca\/en\/entreprise\/parc-maritime-de-saint-laurent\/\"  target=\"_self\">No comment<\/a><span class=\"no-ajaxy to-post-like no-liked empty-heart\" data-post-id=\"8899\" title=\"Like\"><span class=\"to-heart-icon\"><svg xmlns=\"http:\/\/www.w3.org\/2000\/svg\" version=\"1.1\" viewBox=\"0 0 64 64\"><g transform=\"translate(0, 0)\"><path stroke-width=\"6\" stroke-linecap=\"square\" stroke-miterlimit=\"10\" d=\"M1,21c0,20,31,38,31,38s31-18,31-38 c0-8.285-6-16-15-16c-8.285,0-16,5.715-16,14c0-8.285-7.715-14-16-14C7,5,1,12.715,1,21z\"><\/path><\/g><\/svg><\/span><span class=\"to-like-count\">0<\/span><\/span><\/div><\/div><\/div><\/article><!-- The Grid item #248 --><article class=\"tg-item tg-post-8900 kampala f219 f245 f220 f151 f127 f137 f146\" data-row=\"1\" data-col=\"1\"><div class=\"tg-item-inner\"><div class=\"tg-item-media-holder tg-light\"><div class=\"tg-item-media-inner\"><img decoding=\"async\" class=\"tg-item-image\" alt=\"\" width=\"1064\" height=\"551\" src=\"https:\/\/fonds-risq.qc.ca\/wp-content\/uploads\/2019\/12\/march\u00e9-st-adrian.jpg\"><\/div><div class=\"tg-center-holder\"><div class=\"tg-center-inner\"><div class=\"tg-item-overlay\"><\/div><a class=\"tg-link-button\" href=\"https:\/\/fonds-risq.qc.ca\/en\/entreprise\/cooperative-du-marche-au-coeur-a-st-adrien\/\" target=\"_self\"><i class=\"tg-icon-link\"><\/i><\/a><\/div><\/div><div class=\"tg-item-decoration\"><div class=\"triangle-down-right\" style=\"border-color:#b7c634\"><\/div><\/div><div class=\"tg-item-share-holder\"><div class=\"triangle-up-left\" style=\"border-color:rgba(22,22,22,0.65)\"><\/div><i class=\"tg-icon-reply\" style=\"color:#ffffff\"><\/i><div class=\"tg-share-icons\"><a class=\"tg-social-share tg-facebook\" href=\"https:\/\/www.facebook.com\/sharer.php?u=https%3A%2F%2Ffonds-risq.qc.ca%2Fen%2Fentreprise%2Fcooperative-du-marche-au-coeur-a-st-adrien%2F&#038;t=Coop%C3%A9rative%20du%20March%C3%A9%20au%20Coeur%20%C3%A0%20St-Adrien\"><i class=\"tg-icon-facebook\"><\/i><\/a><a class=\"tg-social-share tg-twitter\" href=\"https:\/\/twitter.com\/share?url=https%3A%2F%2Ffonds-risq.qc.ca%2Fen%2Fentreprise%2Fcooperative-du-marche-au-coeur-a-st-adrien%2F&#038;text=Coop%C3%A9rative%20du%20March%C3%A9%20au%20Coeur%20%C3%A0%20St-Adrien\"><i class=\"tg-icon-twitter\"><\/i><\/a><a class=\"tg-social-share tg-google-plus\" href=\"https:\/\/plus.google.com\/share?url=https%3A%2F%2Ffonds-risq.qc.ca%2Fen%2Fentreprise%2Fcooperative-du-marche-au-coeur-a-st-adrien%2F\"><i class=\"tg-icon-google-plus\"><\/i><\/a><a class=\"tg-social-share tg-pinterest\" href=\"https:\/\/pinterest.com\/pin\/create\/button\/?url=https%3A%2F%2Ffonds-risq.qc.ca%2Fen%2Fentreprise%2Fcooperative-du-marche-au-coeur-a-st-adrien%2F&#038;description=Coop%C3%A9rative%20du%20March%C3%A9%20au%20Coeur%20%C3%A0%20St-Adrien&#038;media=https%3A%2F%2Ffonds-risq.qc.ca%2Fwp-content%2Fuploads%2F2019%2F12%2Fmarch%C3%A9-st-adrian.jpg\"><i class=\"tg-icon-pinterest\"><\/i><\/a><\/div><\/div><\/div><div class=\"tg-item-content-holder tg-light image-format\" style=\"background-color:#b7c634\"><span class=\"tg-item-date\">9 December 2019<\/span><h2 class=\"tg-item-title\"><a href=\"https:\/\/fonds-risq.qc.ca\/en\/entreprise\/cooperative-du-marche-au-coeur-a-st-adrien\/\" target=\"_self\">Coop\u00e9rative du March\u00e9 au Coeur \u00e0 St-Adrien<\/a><\/h2><span class=\"tg-cats-holder\"><a class=\"filtres_des_entreprises\" href=\"https:\/\/fonds-risq.qc.ca\/en\/filtres_des_entreprises\/2019-en\/\" rel=\"category\" data-term-id=\"219\"><span class=\"tg-item-term\" >2019<\/span><\/a><span>, <\/span><a class=\"filtres_des_entreprises\" href=\"https:\/\/fonds-risq.qc.ca\/en\/filtres_des_entreprises\/2021-en\/\" rel=\"category\" data-term-id=\"245\"><span class=\"tg-item-term\" >2021<\/span><\/a><span>, <\/span><a class=\"filtres_des_entreprises\" href=\"https:\/\/fonds-risq.qc.ca\/en\/filtres_des_entreprises\/annee-en\/\" rel=\"category\" data-term-id=\"220\"><span class=\"tg-item-term\" >Ann\u00e9e<\/span><\/a><span>, <\/span><a class=\"filtres_des_entreprises\" href=\"https:\/\/fonds-risq.qc.ca\/en\/filtres_des_entreprises\/coop-en\/\" rel=\"category\" data-term-id=\"151\"><span class=\"tg-item-term\" >COOP<\/span><\/a><span>, <\/span><a class=\"filtres_des_entreprises\" href=\"https:\/\/fonds-risq.qc.ca\/en\/filtres_des_entreprises\/estrie-en\/\" rel=\"category\" data-term-id=\"127\"><span class=\"tg-item-term\" >Estrie<\/span><\/a><span>, <\/span><a class=\"filtres_des_entreprises\" href=\"https:\/\/fonds-risq.qc.ca\/en\/filtres_des_entreprises\/retail-business\/\" rel=\"category\" data-term-id=\"137\"><span class=\"tg-item-term\" >Retail business<\/span><\/a><span>, <\/span><a class=\"filtres_des_entreprises\" href=\"https:\/\/fonds-risq.qc.ca\/en\/filtres_des_entreprises\/pret-pour-aide-technique-en\/\" rel=\"category\" data-term-id=\"146\"><span class=\"tg-item-term\" >Technical assistance loan<\/span><\/a><\/span><div class=\"tg-item-footer\"><a class=\"tg-item-comment\" href=\"https:\/\/fonds-risq.qc.ca\/en\/entreprise\/cooperative-du-marche-au-coeur-a-st-adrien\/\"  target=\"_self\">No comment<\/a><span class=\"no-ajaxy to-post-like no-liked empty-heart\" data-post-id=\"8900\" title=\"Like\"><span class=\"to-heart-icon\"><svg xmlns=\"http:\/\/www.w3.org\/2000\/svg\" version=\"1.1\" viewBox=\"0 0 64 64\"><g transform=\"translate(0, 0)\"><path stroke-width=\"6\" stroke-linecap=\"square\" stroke-miterlimit=\"10\" d=\"M1,21c0,20,31,38,31,38s31-18,31-38 c0-8.285-6-16-15-16c-8.285,0-16,5.715-16,14c0-8.285-7.715-14-16-14C7,5,1,12.715,1,21z\"><\/path><\/g><\/svg><\/span><span class=\"to-like-count\">0<\/span><\/span><\/div><\/div><\/div><\/article><!-- The Grid item #249 --><article class=\"tg-item tg-post-8818 kampala f219 f220 f148 f151 f190 f155\" data-row=\"1\" data-col=\"1\"><div class=\"tg-item-inner\"><div class=\"tg-item-media-holder tg-light\"><div class=\"tg-item-media-inner\"><img decoding=\"async\" class=\"tg-item-image\" alt=\"\" width=\"200\" height=\"200\" src=\"https:\/\/fonds-risq.qc.ca\/wp-content\/uploads\/2019\/12\/Dallo_Chicoutimi.jpg\"><\/div><div class=\"tg-center-holder\"><div class=\"tg-center-inner\"><div class=\"tg-item-overlay\"><\/div><a class=\"tg-link-button\" href=\"https:\/\/fonds-risq.qc.ca\/en\/entreprise\/le-dallo-de-chicoutimi\/\" target=\"_self\"><i class=\"tg-icon-link\"><\/i><\/a><\/div><\/div><div class=\"tg-item-decoration\"><div class=\"triangle-down-right\" style=\"border-color:#0097c8\"><\/div><\/div><div class=\"tg-item-share-holder\"><div class=\"triangle-up-left\" style=\"border-color:rgba(22,22,22,0.65)\"><\/div><i class=\"tg-icon-reply\" style=\"color:#ffffff\"><\/i><div class=\"tg-share-icons\"><a class=\"tg-social-share tg-facebook\" href=\"https:\/\/www.facebook.com\/sharer.php?u=https%3A%2F%2Ffonds-risq.qc.ca%2Fen%2Fentreprise%2Fle-dallo-de-chicoutimi%2F&#038;t=Le%20Dallo%20de%20Chicoutimi\"><i class=\"tg-icon-facebook\"><\/i><\/a><a class=\"tg-social-share tg-twitter\" href=\"https:\/\/twitter.com\/share?url=https%3A%2F%2Ffonds-risq.qc.ca%2Fen%2Fentreprise%2Fle-dallo-de-chicoutimi%2F&#038;text=Le%20Dallo%20de%20Chicoutimi\"><i class=\"tg-icon-twitter\"><\/i><\/a><a class=\"tg-social-share tg-google-plus\" href=\"https:\/\/plus.google.com\/share?url=https%3A%2F%2Ffonds-risq.qc.ca%2Fen%2Fentreprise%2Fle-dallo-de-chicoutimi%2F\"><i class=\"tg-icon-google-plus\"><\/i><\/a><a class=\"tg-social-share tg-pinterest\" href=\"https:\/\/pinterest.com\/pin\/create\/button\/?url=https%3A%2F%2Ffonds-risq.qc.ca%2Fen%2Fentreprise%2Fle-dallo-de-chicoutimi%2F&#038;description=Le%20Dallo%20de%20Chicoutimi&#038;media=https%3A%2F%2Ffonds-risq.qc.ca%2Fwp-content%2Fuploads%2F2019%2F12%2FDallo_Chicoutimi.jpg\"><i class=\"tg-icon-pinterest\"><\/i><\/a><\/div><\/div><\/div><div class=\"tg-item-content-holder tg-light image-format\" style=\"background-color:#0097c8\"><span class=\"tg-item-date\">9 December 2019<\/span><h2 class=\"tg-item-title\"><a href=\"https:\/\/fonds-risq.qc.ca\/en\/entreprise\/le-dallo-de-chicoutimi\/\" target=\"_self\">Le Dallo de Chicoutimi<\/a><\/h2><span class=\"tg-cats-holder\"><a class=\"filtres_des_entreprises\" href=\"https:\/\/fonds-risq.qc.ca\/en\/filtres_des_entreprises\/2019-en\/\" rel=\"category\" data-term-id=\"219\"><span class=\"tg-item-term\" >2019<\/span><\/a><span>, <\/span><a class=\"filtres_des_entreprises\" href=\"https:\/\/fonds-risq.qc.ca\/en\/filtres_des_entreprises\/annee-en\/\" rel=\"category\" data-term-id=\"220\"><span class=\"tg-item-term\" >Ann\u00e9e<\/span><\/a><span>, <\/span><a class=\"filtres_des_entreprises\" href=\"https:\/\/fonds-risq.qc.ca\/en\/filtres_des_entreprises\/capitalization-loan\/\" rel=\"category\" data-term-id=\"148\"><span class=\"tg-item-term\" >Capitalization loan<\/span><\/a><span>, <\/span><a class=\"filtres_des_entreprises\" href=\"https:\/\/fonds-risq.qc.ca\/en\/filtres_des_entreprises\/coop-en\/\" rel=\"category\" data-term-id=\"151\"><span class=\"tg-item-term\" >COOP<\/span><\/a><span>, <\/span><a class=\"filtres_des_entreprises\" href=\"https:\/\/fonds-risq.qc.ca\/en\/filtres_des_entreprises\/loisirs-divertissement-en\/\" rel=\"category\" data-term-id=\"190\"><span class=\"tg-item-term\" >Loisirs-Divertissement<\/span><\/a><span>, <\/span><a class=\"filtres_des_entreprises\" href=\"https:\/\/fonds-risq.qc.ca\/en\/filtres_des_entreprises\/saguenay-lac-saint-jean-en\/\" rel=\"category\" data-term-id=\"155\"><span class=\"tg-item-term\" >Saguenay-Lac-Saint-Jean<\/span><\/a><\/span><div class=\"tg-item-footer\"><a class=\"tg-item-comment\" href=\"https:\/\/fonds-risq.qc.ca\/en\/entreprise\/le-dallo-de-chicoutimi\/\"  target=\"_self\">No comment<\/a><span class=\"no-ajaxy to-post-like no-liked empty-heart\" data-post-id=\"8818\" title=\"Like\"><span class=\"to-heart-icon\"><svg xmlns=\"http:\/\/www.w3.org\/2000\/svg\" version=\"1.1\" viewBox=\"0 0 64 64\"><g transform=\"translate(0, 0)\"><path stroke-width=\"6\" stroke-linecap=\"square\" stroke-miterlimit=\"10\" d=\"M1,21c0,20,31,38,31,38s31-18,31-38 c0-8.285-6-16-15-16c-8.285,0-16,5.715-16,14c0-8.285-7.715-14-16-14C7,5,1,12.715,1,21z\"><\/path><\/g><\/svg><\/span><span class=\"to-like-count\">0<\/span><\/span><\/div><\/div><\/div><\/article><!-- The Grid item #250 --><article class=\"tg-item tg-post-8819 kampala f219 f220 f131 f150 f192 f146\" data-row=\"1\" data-col=\"1\"><div class=\"tg-item-inner\"><div class=\"tg-item-media-holder tg-light\"><div class=\"tg-item-media-inner\"><img decoding=\"async\" class=\"tg-item-image\" alt=\"\" width=\"1536\" height=\"2048\" src=\"https:\/\/fonds-risq.qc.ca\/wp-content\/uploads\/2019\/12\/lac-des-aigles.2.jpg\"><\/div><div class=\"tg-center-holder\"><div class=\"tg-center-inner\"><div class=\"tg-item-overlay\"><\/div><a class=\"tg-link-button\" href=\"https:\/\/fonds-risq.qc.ca\/en\/entreprise\/corporation-de-developpement-de-lac-des-aigles\/\" target=\"_self\"><i class=\"tg-icon-link\"><\/i><\/a><\/div><\/div><div class=\"tg-item-decoration\"><div class=\"triangle-down-right\" style=\"border-color:#b7c634\"><\/div><\/div><div class=\"tg-item-share-holder\"><div class=\"triangle-up-left\" style=\"border-color:rgba(22,22,22,0.65)\"><\/div><i class=\"tg-icon-reply\" style=\"color:#ffffff\"><\/i><div class=\"tg-share-icons\"><a class=\"tg-social-share tg-facebook\" href=\"https:\/\/www.facebook.com\/sharer.php?u=https%3A%2F%2Ffonds-risq.qc.ca%2Fen%2Fentreprise%2Fcorporation-de-developpement-de-lac-des-aigles%2F&#038;t=Corporation%20de%20d%C3%A9veloppement%20de%20Lac-des-Aigles\"><i class=\"tg-icon-facebook\"><\/i><\/a><a class=\"tg-social-share tg-twitter\" href=\"https:\/\/twitter.com\/share?url=https%3A%2F%2Ffonds-risq.qc.ca%2Fen%2Fentreprise%2Fcorporation-de-developpement-de-lac-des-aigles%2F&#038;text=Corporation%20de%20d%C3%A9veloppement%20de%20Lac-des-Aigles\"><i class=\"tg-icon-twitter\"><\/i><\/a><a class=\"tg-social-share tg-google-plus\" href=\"https:\/\/plus.google.com\/share?url=https%3A%2F%2Ffonds-risq.qc.ca%2Fen%2Fentreprise%2Fcorporation-de-developpement-de-lac-des-aigles%2F\"><i class=\"tg-icon-google-plus\"><\/i><\/a><a class=\"tg-social-share tg-pinterest\" href=\"https:\/\/pinterest.com\/pin\/create\/button\/?url=https%3A%2F%2Ffonds-risq.qc.ca%2Fen%2Fentreprise%2Fcorporation-de-developpement-de-lac-des-aigles%2F&#038;description=Corporation%20de%20d%C3%A9veloppement%20de%20Lac-des-Aigles&#038;media=https%3A%2F%2Ffonds-risq.qc.ca%2Fwp-content%2Fuploads%2F2019%2F12%2Flac-des-aigles.2.jpg\"><i class=\"tg-icon-pinterest\"><\/i><\/a><\/div><\/div><\/div><div class=\"tg-item-content-holder tg-light image-format\" style=\"background-color:#b7c634\"><span class=\"tg-item-date\">9 December 2019<\/span><h2 class=\"tg-item-title\"><a href=\"https:\/\/fonds-risq.qc.ca\/en\/entreprise\/corporation-de-developpement-de-lac-des-aigles\/\" target=\"_self\">Corporation de d\u00e9veloppement de Lac-des-Aigles<\/a><\/h2><span class=\"tg-cats-holder\"><a class=\"filtres_des_entreprises\" href=\"https:\/\/fonds-risq.qc.ca\/en\/filtres_des_entreprises\/2019-en\/\" rel=\"category\" data-term-id=\"219\"><span class=\"tg-item-term\" >2019<\/span><\/a><span>, <\/span><a class=\"filtres_des_entreprises\" href=\"https:\/\/fonds-risq.qc.ca\/en\/filtres_des_entreprises\/annee-en\/\" rel=\"category\" data-term-id=\"220\"><span class=\"tg-item-term\" >Ann\u00e9e<\/span><\/a><span>, <\/span><a class=\"filtres_des_entreprises\" href=\"https:\/\/fonds-risq.qc.ca\/en\/filtres_des_entreprises\/bas-saint-laurent-en\/\" rel=\"category\" data-term-id=\"131\"><span class=\"tg-item-term\" >Bas-Saint-Laurent<\/span><\/a><span>, <\/span><a class=\"filtres_des_entreprises\" href=\"https:\/\/fonds-risq.qc.ca\/en\/filtres_des_entreprises\/npo\/\" rel=\"category\" data-term-id=\"150\"><span class=\"tg-item-term\" >NPO<\/span><\/a><span>, <\/span><a class=\"filtres_des_entreprises\" href=\"https:\/\/fonds-risq.qc.ca\/en\/filtres_des_entreprises\/organisme-civique-et-amicale-en\/\" rel=\"category\" data-term-id=\"192\"><span class=\"tg-item-term\" >Organisme civique et amicale<\/span><\/a><span>, <\/span><a class=\"filtres_des_entreprises\" href=\"https:\/\/fonds-risq.qc.ca\/en\/filtres_des_entreprises\/pret-pour-aide-technique-en\/\" rel=\"category\" data-term-id=\"146\"><span class=\"tg-item-term\" >Technical assistance loan<\/span><\/a><\/span><div class=\"tg-item-footer\"><a class=\"tg-item-comment\" href=\"https:\/\/fonds-risq.qc.ca\/en\/entreprise\/corporation-de-developpement-de-lac-des-aigles\/\"  target=\"_self\">No comment<\/a><span class=\"no-ajaxy to-post-like no-liked empty-heart\" data-post-id=\"8819\" title=\"Like\"><span class=\"to-heart-icon\"><svg xmlns=\"http:\/\/www.w3.org\/2000\/svg\" version=\"1.1\" viewBox=\"0 0 64 64\"><g transform=\"translate(0, 0)\"><path stroke-width=\"6\" stroke-linecap=\"square\" stroke-miterlimit=\"10\" d=\"M1,21c0,20,31,38,31,38s31-18,31-38 c0-8.285-6-16-15-16c-8.285,0-16,5.715-16,14c0-8.285-7.715-14-16-14C7,5,1,12.715,1,21z\"><\/path><\/g><\/svg><\/span><span class=\"to-like-count\">0<\/span><\/span><\/div><\/div><\/div><\/article><!-- The Grid item #251 --><article class=\"tg-item tg-post-8639 kampala f219 f220 f134 f148 f128\" data-row=\"1\" data-col=\"1\"><div class=\"tg-item-inner\"><div class=\"tg-item-media-holder tg-light\"><div class=\"tg-item-media-inner\"><img decoding=\"async\" class=\"tg-item-image\" alt=\"\" width=\"828\" height=\"315\" src=\"https:\/\/fonds-risq.qc.ca\/wp-content\/uploads\/2019\/11\/Faux-Monayeurs_logo_2.png\"><\/div><div class=\"tg-center-holder\"><div class=\"tg-center-inner\"><div class=\"tg-item-overlay\"><\/div><a class=\"tg-link-button\" href=\"https:\/\/fonds-risq.qc.ca\/en\/entreprise\/coop-les-faux-monnayeurs\/\" target=\"_self\"><i class=\"tg-icon-link\"><\/i><\/a><\/div><\/div><div class=\"tg-item-decoration\"><div class=\"triangle-down-right\" style=\"border-color:#0097c8\"><\/div><\/div><div class=\"tg-item-share-holder\"><div class=\"triangle-up-left\" style=\"border-color:rgba(22,22,22,0.65)\"><\/div><i class=\"tg-icon-reply\" style=\"color:#ffffff\"><\/i><div class=\"tg-share-icons\"><a class=\"tg-social-share tg-facebook\" href=\"https:\/\/www.facebook.com\/sharer.php?u=https%3A%2F%2Ffonds-risq.qc.ca%2Fen%2Fentreprise%2Fcoop-les-faux-monnayeurs%2F&#038;t=Coop%20Les%20Faux-Monnayeurs\"><i class=\"tg-icon-facebook\"><\/i><\/a><a class=\"tg-social-share tg-twitter\" href=\"https:\/\/twitter.com\/share?url=https%3A%2F%2Ffonds-risq.qc.ca%2Fen%2Fentreprise%2Fcoop-les-faux-monnayeurs%2F&#038;text=Coop%20Les%20Faux-Monnayeurs\"><i class=\"tg-icon-twitter\"><\/i><\/a><a class=\"tg-social-share tg-google-plus\" href=\"https:\/\/plus.google.com\/share?url=https%3A%2F%2Ffonds-risq.qc.ca%2Fen%2Fentreprise%2Fcoop-les-faux-monnayeurs%2F\"><i class=\"tg-icon-google-plus\"><\/i><\/a><a class=\"tg-social-share tg-pinterest\" href=\"https:\/\/pinterest.com\/pin\/create\/button\/?url=https%3A%2F%2Ffonds-risq.qc.ca%2Fen%2Fentreprise%2Fcoop-les-faux-monnayeurs%2F&#038;description=Coop%20Les%20Faux-Monnayeurs&#038;media=https%3A%2F%2Ffonds-risq.qc.ca%2Fwp-content%2Fuploads%2F2019%2F11%2FFaux-Monayeurs_logo_2.png\"><i class=\"tg-icon-pinterest\"><\/i><\/a><\/div><\/div><\/div><div class=\"tg-item-content-holder tg-light image-format\" style=\"background-color:#0097c8\"><span class=\"tg-item-date\">4 November 2019<\/span><h2 class=\"tg-item-title\"><a href=\"https:\/\/fonds-risq.qc.ca\/en\/entreprise\/coop-les-faux-monnayeurs\/\" target=\"_self\">Coop Les Faux-Monnayeurs<\/a><\/h2><span class=\"tg-cats-holder\"><a class=\"filtres_des_entreprises\" href=\"https:\/\/fonds-risq.qc.ca\/en\/filtres_des_entreprises\/2019-en\/\" rel=\"category\" data-term-id=\"219\"><span class=\"tg-item-term\" >2019<\/span><\/a><span>, <\/span><a class=\"filtres_des_entreprises\" href=\"https:\/\/fonds-risq.qc.ca\/en\/filtres_des_entreprises\/annee-en\/\" rel=\"category\" data-term-id=\"220\"><span class=\"tg-item-term\" >Ann\u00e9e<\/span><\/a><span>, <\/span><a class=\"filtres_des_entreprises\" href=\"https:\/\/fonds-risq.qc.ca\/en\/filtres_des_entreprises\/arts-and-culture\/\" rel=\"category\" data-term-id=\"134\"><span class=\"tg-item-term\" >Arts and culture<\/span><\/a><span>, <\/span><a class=\"filtres_des_entreprises\" href=\"https:\/\/fonds-risq.qc.ca\/en\/filtres_des_entreprises\/capitalization-loan\/\" rel=\"category\" data-term-id=\"148\"><span class=\"tg-item-term\" >Capitalization loan<\/span><\/a><span>, <\/span><a class=\"filtres_des_entreprises\" href=\"https:\/\/fonds-risq.qc.ca\/en\/filtres_des_entreprises\/montreal-en\/\" rel=\"category\" data-term-id=\"128\"><span class=\"tg-item-term\" >Montr\u00e9al<\/span><\/a><\/span><div class=\"tg-item-footer\"><a class=\"tg-item-comment\" href=\"https:\/\/fonds-risq.qc.ca\/en\/entreprise\/coop-les-faux-monnayeurs\/\"  target=\"_self\">No comment<\/a><span class=\"no-ajaxy to-post-like no-liked empty-heart\" data-post-id=\"8639\" title=\"Like\"><span class=\"to-heart-icon\"><svg xmlns=\"http:\/\/www.w3.org\/2000\/svg\" version=\"1.1\" viewBox=\"0 0 64 64\"><g transform=\"translate(0, 0)\"><path stroke-width=\"6\" stroke-linecap=\"square\" stroke-miterlimit=\"10\" d=\"M1,21c0,20,31,38,31,38s31-18,31-38 c0-8.285-6-16-15-16c-8.285,0-16,5.715-16,14c0-8.285-7.715-14-16-14C7,5,1,12.715,1,21z\"><\/path><\/g><\/svg><\/span><span class=\"to-like-count\">0<\/span><\/span><\/div><\/div><\/div><\/article><!-- The Grid item #252 --><article class=\"tg-item tg-post-8485 kampala f222 f220 f195 f132 f150 f135 f146\" data-row=\"1\" data-col=\"1\"><div class=\"tg-item-inner\"><div class=\"tg-item-media-holder tg-light\"><div class=\"tg-item-media-inner\"><img decoding=\"async\" class=\"tg-item-image\" alt=\"\" width=\"1030\" height=\"688\" src=\"https:\/\/fonds-risq.qc.ca\/wp-content\/uploads\/2019\/10\/Photo-Centre-St-Maxime.jpg\"><\/div><div class=\"tg-center-holder\"><div class=\"tg-center-inner\"><div class=\"tg-item-overlay\"><\/div><a class=\"tg-link-button\" href=\"https:\/\/fonds-risq.qc.ca\/en\/entreprise\/centre-communautaire-st-maxime\/\" target=\"_self\"><i class=\"tg-icon-link\"><\/i><\/a><\/div><\/div><div class=\"tg-item-decoration\"><div class=\"triangle-down-right\" style=\"border-color:#b7c634\"><\/div><\/div><div class=\"tg-item-share-holder\"><div class=\"triangle-up-left\" style=\"border-color:rgba(22,22,22,0.65)\"><\/div><i class=\"tg-icon-reply\" style=\"color:#ffffff\"><\/i><div class=\"tg-share-icons\"><a class=\"tg-social-share tg-facebook\" href=\"https:\/\/www.facebook.com\/sharer.php?u=https%3A%2F%2Ffonds-risq.qc.ca%2Fen%2Fentreprise%2Fcentre-communautaire-st-maxime%2F&#038;t=Centre%20communautaire%20St-Maxime\"><i class=\"tg-icon-facebook\"><\/i><\/a><a class=\"tg-social-share tg-twitter\" href=\"https:\/\/twitter.com\/share?url=https%3A%2F%2Ffonds-risq.qc.ca%2Fen%2Fentreprise%2Fcentre-communautaire-st-maxime%2F&#038;text=Centre%20communautaire%20St-Maxime\"><i class=\"tg-icon-twitter\"><\/i><\/a><a class=\"tg-social-share tg-google-plus\" href=\"https:\/\/plus.google.com\/share?url=https%3A%2F%2Ffonds-risq.qc.ca%2Fen%2Fentreprise%2Fcentre-communautaire-st-maxime%2F\"><i class=\"tg-icon-google-plus\"><\/i><\/a><a class=\"tg-social-share tg-pinterest\" href=\"https:\/\/pinterest.com\/pin\/create\/button\/?url=https%3A%2F%2Ffonds-risq.qc.ca%2Fen%2Fentreprise%2Fcentre-communautaire-st-maxime%2F&#038;description=Centre%20communautaire%20St-Maxime&#038;media=https%3A%2F%2Ffonds-risq.qc.ca%2Fwp-content%2Fuploads%2F2019%2F10%2FPhoto-Centre-St-Maxime.jpg\"><i class=\"tg-icon-pinterest\"><\/i><\/a><\/div><\/div><\/div><div class=\"tg-item-content-holder tg-light image-format\" style=\"background-color:#b7c634\"><span class=\"tg-item-date\">4 October 2019<\/span><h2 class=\"tg-item-title\"><a href=\"https:\/\/fonds-risq.qc.ca\/en\/entreprise\/centre-communautaire-st-maxime\/\" target=\"_self\">Centre communautaire St-Maxime<\/a><\/h2><span class=\"tg-cats-holder\"><a class=\"filtres_des_entreprises\" href=\"https:\/\/fonds-risq.qc.ca\/en\/filtres_des_entreprises\/2017-en\/\" rel=\"category\" data-term-id=\"222\"><span class=\"tg-item-term\" >2017<\/span><\/a><span>, <\/span><a class=\"filtres_des_entreprises\" href=\"https:\/\/fonds-risq.qc.ca\/en\/filtres_des_entreprises\/annee-en\/\" rel=\"category\" data-term-id=\"220\"><span class=\"tg-item-term\" >Ann\u00e9e<\/span><\/a><span>, <\/span><a class=\"filtres_des_entreprises\" href=\"https:\/\/fonds-risq.qc.ca\/en\/filtres_des_entreprises\/immobilier-collectif-en\/\" rel=\"category\" data-term-id=\"195\"><span class=\"tg-item-term\" >Immobilier collectif<\/span><\/a><span>, <\/span><a class=\"filtres_des_entreprises\" href=\"https:\/\/fonds-risq.qc.ca\/en\/filtres_des_entreprises\/monteregie-en\/\" rel=\"category\" data-term-id=\"132\"><span class=\"tg-item-term\" >Mont\u00e9r\u00e9gie<\/span><\/a><span>, <\/span><a class=\"filtres_des_entreprises\" href=\"https:\/\/fonds-risq.qc.ca\/en\/filtres_des_entreprises\/npo\/\" rel=\"category\" data-term-id=\"150\"><span class=\"tg-item-term\" >NPO<\/span><\/a><span>, <\/span><a class=\"filtres_des_entreprises\" href=\"https:\/\/fonds-risq.qc.ca\/en\/filtres_des_entreprises\/services-en\/\" rel=\"category\" data-term-id=\"135\"><span class=\"tg-item-term\" >Services<\/span><\/a><span>, <\/span><a class=\"filtres_des_entreprises\" href=\"https:\/\/fonds-risq.qc.ca\/en\/filtres_des_entreprises\/pret-pour-aide-technique-en\/\" rel=\"category\" data-term-id=\"146\"><span class=\"tg-item-term\" >Technical assistance loan<\/span><\/a><\/span><div class=\"tg-item-footer\"><a class=\"tg-item-comment\" href=\"https:\/\/fonds-risq.qc.ca\/en\/entreprise\/centre-communautaire-st-maxime\/\"  target=\"_self\">No comment<\/a><span class=\"no-ajaxy to-post-like no-liked empty-heart\" data-post-id=\"8485\" title=\"Like\"><span class=\"to-heart-icon\"><svg xmlns=\"http:\/\/www.w3.org\/2000\/svg\" version=\"1.1\" viewBox=\"0 0 64 64\"><g transform=\"translate(0, 0)\"><path stroke-width=\"6\" stroke-linecap=\"square\" stroke-miterlimit=\"10\" d=\"M1,21c0,20,31,38,31,38s31-18,31-38 c0-8.285-6-16-15-16c-8.285,0-16,5.715-16,14c0-8.285-7.715-14-16-14C7,5,1,12.715,1,21z\"><\/path><\/g><\/svg><\/span><span class=\"to-like-count\">0<\/span><\/span><\/div><\/div><\/div><\/article><!-- The Grid item #253 --><article class=\"tg-item tg-post-8468 kampala f219 f150 f192 f156 f146\" data-row=\"1\" data-col=\"1\"><div class=\"tg-item-inner\"><div class=\"tg-item-media-holder tg-light\"><div class=\"tg-item-media-inner\"><img decoding=\"async\" class=\"tg-item-image\" alt=\"\" width=\"2048\" height=\"1365\" src=\"https:\/\/fonds-risq.qc.ca\/wp-content\/uploads\/2019\/09\/ForetBoucher.jpg\"><\/div><div class=\"tg-center-holder\"><div class=\"tg-center-inner\"><div class=\"tg-item-overlay\"><\/div><a class=\"tg-link-button\" href=\"https:\/\/fonds-risq.qc.ca\/en\/entreprise\/fondation-foret-boucher\/\" target=\"_self\"><i class=\"tg-icon-link\"><\/i><\/a><\/div><\/div><div class=\"tg-item-decoration\"><div class=\"triangle-down-right\" style=\"border-color:#b7c634\"><\/div><\/div><div class=\"tg-item-share-holder\"><div class=\"triangle-up-left\" style=\"border-color:rgba(22,22,22,0.65)\"><\/div><i class=\"tg-icon-reply\" style=\"color:#ffffff\"><\/i><div class=\"tg-share-icons\"><a class=\"tg-social-share tg-facebook\" href=\"https:\/\/www.facebook.com\/sharer.php?u=https%3A%2F%2Ffonds-risq.qc.ca%2Fen%2Fentreprise%2Ffondation-foret-boucher%2F&#038;t=Fondation%20For%C3%AAt%20Boucher\"><i class=\"tg-icon-facebook\"><\/i><\/a><a class=\"tg-social-share tg-twitter\" href=\"https:\/\/twitter.com\/share?url=https%3A%2F%2Ffonds-risq.qc.ca%2Fen%2Fentreprise%2Ffondation-foret-boucher%2F&#038;text=Fondation%20For%C3%AAt%20Boucher\"><i class=\"tg-icon-twitter\"><\/i><\/a><a class=\"tg-social-share tg-google-plus\" href=\"https:\/\/plus.google.com\/share?url=https%3A%2F%2Ffonds-risq.qc.ca%2Fen%2Fentreprise%2Ffondation-foret-boucher%2F\"><i class=\"tg-icon-google-plus\"><\/i><\/a><a class=\"tg-social-share tg-pinterest\" href=\"https:\/\/pinterest.com\/pin\/create\/button\/?url=https%3A%2F%2Ffonds-risq.qc.ca%2Fen%2Fentreprise%2Ffondation-foret-boucher%2F&#038;description=Fondation%20For%C3%AAt%20Boucher&#038;media=https%3A%2F%2Ffonds-risq.qc.ca%2Fwp-content%2Fuploads%2F2019%2F09%2FForetBoucher.jpg\"><i class=\"tg-icon-pinterest\"><\/i><\/a><\/div><\/div><\/div><div class=\"tg-item-content-holder tg-light image-format\" style=\"background-color:#b7c634\"><span class=\"tg-item-date\">23 September 2019<\/span><h2 class=\"tg-item-title\"><a href=\"https:\/\/fonds-risq.qc.ca\/en\/entreprise\/fondation-foret-boucher\/\" target=\"_self\">Fondation For\u00eat Boucher<\/a><\/h2><span class=\"tg-cats-holder\"><a class=\"filtres_des_entreprises\" href=\"https:\/\/fonds-risq.qc.ca\/en\/filtres_des_entreprises\/2019-en\/\" rel=\"category\" data-term-id=\"219\"><span class=\"tg-item-term\" >2019<\/span><\/a><span>, <\/span><a class=\"filtres_des_entreprises\" href=\"https:\/\/fonds-risq.qc.ca\/en\/filtres_des_entreprises\/npo\/\" rel=\"category\" data-term-id=\"150\"><span class=\"tg-item-term\" >NPO<\/span><\/a><span>, <\/span><a class=\"filtres_des_entreprises\" href=\"https:\/\/fonds-risq.qc.ca\/en\/filtres_des_entreprises\/organisme-civique-et-amicale-en\/\" rel=\"category\" data-term-id=\"192\"><span class=\"tg-item-term\" >Organisme civique et amicale<\/span><\/a><span>, <\/span><a class=\"filtres_des_entreprises\" href=\"https:\/\/fonds-risq.qc.ca\/en\/filtres_des_entreprises\/outaouais-en\/\" rel=\"category\" data-term-id=\"156\"><span class=\"tg-item-term\" >Outaouais<\/span><\/a><span>, <\/span><a class=\"filtres_des_entreprises\" href=\"https:\/\/fonds-risq.qc.ca\/en\/filtres_des_entreprises\/pret-pour-aide-technique-en\/\" rel=\"category\" data-term-id=\"146\"><span class=\"tg-item-term\" >Technical assistance loan<\/span><\/a><\/span><div class=\"tg-item-footer\"><a class=\"tg-item-comment\" href=\"https:\/\/fonds-risq.qc.ca\/en\/entreprise\/fondation-foret-boucher\/\"  target=\"_self\">No comment<\/a><span class=\"no-ajaxy to-post-like no-liked empty-heart\" data-post-id=\"8468\" title=\"Like\"><span class=\"to-heart-icon\"><svg xmlns=\"http:\/\/www.w3.org\/2000\/svg\" version=\"1.1\" viewBox=\"0 0 64 64\"><g transform=\"translate(0, 0)\"><path stroke-width=\"6\" stroke-linecap=\"square\" stroke-miterlimit=\"10\" d=\"M1,21c0,20,31,38,31,38s31-18,31-38 c0-8.285-6-16-15-16c-8.285,0-16,5.715-16,14c0-8.285-7.715-14-16-14C7,5,1,12.715,1,21z\"><\/path><\/g><\/svg><\/span><span class=\"to-like-count\">0<\/span><\/span><\/div><\/div><\/div><\/article><!-- The Grid item #254 --><article class=\"tg-item tg-post-8470 kampala f219 f226 f148 f151 f137 f155 f146\" data-row=\"1\" data-col=\"1\"><div class=\"tg-item-inner\"><div class=\"tg-item-media-holder tg-light\"><div class=\"tg-item-media-inner\"><img decoding=\"async\" class=\"tg-item-image\" alt=\"\" width=\"2048\" height=\"1152\" src=\"https:\/\/fonds-risq.qc.ca\/wp-content\/uploads\/2019\/09\/BIZZ.2.jpg\"><\/div><div class=\"tg-center-holder\"><div class=\"tg-center-inner\"><div class=\"tg-item-overlay\"><\/div><a class=\"tg-link-button\" href=\"https:\/\/fonds-risq.qc.ca\/en\/entreprise\/bizz-coop\/\" target=\"_self\"><i class=\"tg-icon-link\"><\/i><\/a><\/div><\/div><div class=\"tg-item-decoration\"><div class=\"triangle-down-right\" style=\"border-color:#b7c634\"><\/div><\/div><div class=\"tg-item-share-holder\"><div class=\"triangle-up-left\" style=\"border-color:rgba(22,22,22,0.65)\"><\/div><i class=\"tg-icon-reply\" style=\"color:#ffffff\"><\/i><div class=\"tg-share-icons\"><a class=\"tg-social-share tg-facebook\" href=\"https:\/\/www.facebook.com\/sharer.php?u=https%3A%2F%2Ffonds-risq.qc.ca%2Fen%2Fentreprise%2Fbizz-coop%2F&#038;t=BIZZ%20coop\"><i class=\"tg-icon-facebook\"><\/i><\/a><a class=\"tg-social-share tg-twitter\" href=\"https:\/\/twitter.com\/share?url=https%3A%2F%2Ffonds-risq.qc.ca%2Fen%2Fentreprise%2Fbizz-coop%2F&#038;text=BIZZ%20coop\"><i class=\"tg-icon-twitter\"><\/i><\/a><a class=\"tg-social-share tg-google-plus\" href=\"https:\/\/plus.google.com\/share?url=https%3A%2F%2Ffonds-risq.qc.ca%2Fen%2Fentreprise%2Fbizz-coop%2F\"><i class=\"tg-icon-google-plus\"><\/i><\/a><a class=\"tg-social-share tg-pinterest\" href=\"https:\/\/pinterest.com\/pin\/create\/button\/?url=https%3A%2F%2Ffonds-risq.qc.ca%2Fen%2Fentreprise%2Fbizz-coop%2F&#038;description=BIZZ%20coop&#038;media=https%3A%2F%2Ffonds-risq.qc.ca%2Fwp-content%2Fuploads%2F2019%2F09%2FBIZZ.2.jpg\"><i class=\"tg-icon-pinterest\"><\/i><\/a><\/div><\/div><\/div><div class=\"tg-item-content-holder tg-light image-format\" style=\"background-color:#b7c634\"><span class=\"tg-item-date\">20 September 2019<\/span><h2 class=\"tg-item-title\"><a href=\"https:\/\/fonds-risq.qc.ca\/en\/entreprise\/bizz-coop\/\" target=\"_self\">BIZZ coop<\/a><\/h2><span class=\"tg-cats-holder\"><a class=\"filtres_des_entreprises\" href=\"https:\/\/fonds-risq.qc.ca\/en\/filtres_des_entreprises\/2019-en\/\" rel=\"category\" data-term-id=\"219\"><span class=\"tg-item-term\" >2019<\/span><\/a><span>, <\/span><a class=\"filtres_des_entreprises\" href=\"https:\/\/fonds-risq.qc.ca\/en\/filtres_des_entreprises\/2020-en\/\" rel=\"category\" data-term-id=\"226\"><span class=\"tg-item-term\" >2020<\/span><\/a><span>, <\/span><a class=\"filtres_des_entreprises\" href=\"https:\/\/fonds-risq.qc.ca\/en\/filtres_des_entreprises\/capitalization-loan\/\" rel=\"category\" data-term-id=\"148\"><span class=\"tg-item-term\" >Capitalization loan<\/span><\/a><span>, <\/span><a class=\"filtres_des_entreprises\" href=\"https:\/\/fonds-risq.qc.ca\/en\/filtres_des_entreprises\/coop-en\/\" rel=\"category\" data-term-id=\"151\"><span class=\"tg-item-term\" >COOP<\/span><\/a><span>, <\/span><a class=\"filtres_des_entreprises\" href=\"https:\/\/fonds-risq.qc.ca\/en\/filtres_des_entreprises\/retail-business\/\" rel=\"category\" data-term-id=\"137\"><span class=\"tg-item-term\" >Retail business<\/span><\/a><span>, <\/span><a class=\"filtres_des_entreprises\" href=\"https:\/\/fonds-risq.qc.ca\/en\/filtres_des_entreprises\/saguenay-lac-saint-jean-en\/\" rel=\"category\" data-term-id=\"155\"><span class=\"tg-item-term\" >Saguenay-Lac-Saint-Jean<\/span><\/a><span>, <\/span><a class=\"filtres_des_entreprises\" href=\"https:\/\/fonds-risq.qc.ca\/en\/filtres_des_entreprises\/pret-pour-aide-technique-en\/\" rel=\"category\" data-term-id=\"146\"><span class=\"tg-item-term\" >Technical assistance loan<\/span><\/a><\/span><div class=\"tg-item-footer\"><a class=\"tg-item-comment\" href=\"https:\/\/fonds-risq.qc.ca\/en\/entreprise\/bizz-coop\/\"  target=\"_self\">No comment<\/a><span class=\"no-ajaxy to-post-like no-liked empty-heart\" data-post-id=\"8470\" title=\"Like\"><span class=\"to-heart-icon\"><svg xmlns=\"http:\/\/www.w3.org\/2000\/svg\" version=\"1.1\" viewBox=\"0 0 64 64\"><g transform=\"translate(0, 0)\"><path stroke-width=\"6\" stroke-linecap=\"square\" stroke-miterlimit=\"10\" d=\"M1,21c0,20,31,38,31,38s31-18,31-38 c0-8.285-6-16-15-16c-8.285,0-16,5.715-16,14c0-8.285-7.715-14-16-14C7,5,1,12.715,1,21z\"><\/path><\/g><\/svg><\/span><span class=\"to-like-count\">0<\/span><\/span><\/div><\/div><\/div><\/article><!-- The Grid item #255 --><article class=\"tg-item tg-post-8417 kampala f219 f148 f151 f177 f128 f146\" data-row=\"1\" data-col=\"1\"><div class=\"tg-item-inner\"><div class=\"tg-item-media-holder tg-light\"><div class=\"tg-item-media-inner\"><img decoding=\"async\" class=\"tg-item-image\" alt=\"\" width=\"1920\" height=\"1080\" src=\"https:\/\/fonds-risq.qc.ca\/wp-content\/uploads\/2019\/09\/Tenk.2.jpg\"><\/div><div class=\"tg-center-holder\"><div class=\"tg-center-inner\"><div class=\"tg-item-overlay\"><\/div><a class=\"tg-link-button\" href=\"https:\/\/fonds-risq.qc.ca\/en\/entreprise\/coop-de-solidarite-tenk-canada\/\" target=\"_self\"><i class=\"tg-icon-link\"><\/i><\/a><\/div><\/div><div class=\"tg-item-decoration\"><div class=\"triangle-down-right\" style=\"border-color:#b7c634\"><\/div><\/div><div class=\"tg-item-share-holder\"><div class=\"triangle-up-left\" style=\"border-color:rgba(22,22,22,0.65)\"><\/div><i class=\"tg-icon-reply\" style=\"color:#ffffff\"><\/i><div class=\"tg-share-icons\"><a class=\"tg-social-share tg-facebook\" href=\"https:\/\/www.facebook.com\/sharer.php?u=https%3A%2F%2Ffonds-risq.qc.ca%2Fen%2Fentreprise%2Fcoop-de-solidarite-tenk-canada%2F&#038;t=Coop%20de%20solidarit%C3%A9%20T%C3%ABnk%20Canada\"><i class=\"tg-icon-facebook\"><\/i><\/a><a class=\"tg-social-share tg-twitter\" href=\"https:\/\/twitter.com\/share?url=https%3A%2F%2Ffonds-risq.qc.ca%2Fen%2Fentreprise%2Fcoop-de-solidarite-tenk-canada%2F&#038;text=Coop%20de%20solidarit%C3%A9%20T%C3%ABnk%20Canada\"><i class=\"tg-icon-twitter\"><\/i><\/a><a class=\"tg-social-share tg-google-plus\" href=\"https:\/\/plus.google.com\/share?url=https%3A%2F%2Ffonds-risq.qc.ca%2Fen%2Fentreprise%2Fcoop-de-solidarite-tenk-canada%2F\"><i class=\"tg-icon-google-plus\"><\/i><\/a><a class=\"tg-social-share tg-pinterest\" href=\"https:\/\/pinterest.com\/pin\/create\/button\/?url=https%3A%2F%2Ffonds-risq.qc.ca%2Fen%2Fentreprise%2Fcoop-de-solidarite-tenk-canada%2F&#038;description=Coop%20de%20solidarit%C3%A9%20T%C3%ABnk%20Canada&#038;media=https%3A%2F%2Ffonds-risq.qc.ca%2Fwp-content%2Fuploads%2F2019%2F09%2FTenk.2.jpg\"><i class=\"tg-icon-pinterest\"><\/i><\/a><\/div><\/div><\/div><div class=\"tg-item-content-holder tg-light image-format\" style=\"background-color:#b7c634\"><span class=\"tg-item-date\">19 September 2019<\/span><h2 class=\"tg-item-title\"><a href=\"https:\/\/fonds-risq.qc.ca\/en\/entreprise\/coop-de-solidarite-tenk-canada\/\" target=\"_self\">Coop de solidarit\u00e9 T\u00ebnk Canada<\/a><\/h2><span class=\"tg-cats-holder\"><a class=\"filtres_des_entreprises\" href=\"https:\/\/fonds-risq.qc.ca\/en\/filtres_des_entreprises\/2019-en\/\" rel=\"category\" data-term-id=\"219\"><span class=\"tg-item-term\" >2019<\/span><\/a><span>, <\/span><a class=\"filtres_des_entreprises\" href=\"https:\/\/fonds-risq.qc.ca\/en\/filtres_des_entreprises\/capitalization-loan\/\" rel=\"category\" data-term-id=\"148\"><span class=\"tg-item-term\" >Capitalization loan<\/span><\/a><span>, <\/span><a class=\"filtres_des_entreprises\" href=\"https:\/\/fonds-risq.qc.ca\/en\/filtres_des_entreprises\/coop-en\/\" rel=\"category\" data-term-id=\"151\"><span class=\"tg-item-term\" >COOP<\/span><\/a><span>, <\/span><a class=\"filtres_des_entreprises\" href=\"https:\/\/fonds-risq.qc.ca\/en\/filtres_des_entreprises\/culture-en\/\" rel=\"category\" data-term-id=\"177\"><span class=\"tg-item-term\" >Culture<\/span><\/a><span>, <\/span><a class=\"filtres_des_entreprises\" href=\"https:\/\/fonds-risq.qc.ca\/en\/filtres_des_entreprises\/montreal-en\/\" rel=\"category\" data-term-id=\"128\"><span class=\"tg-item-term\" >Montr\u00e9al<\/span><\/a><span>, <\/span><a class=\"filtres_des_entreprises\" href=\"https:\/\/fonds-risq.qc.ca\/en\/filtres_des_entreprises\/pret-pour-aide-technique-en\/\" rel=\"category\" data-term-id=\"146\"><span class=\"tg-item-term\" >Technical assistance loan<\/span><\/a><\/span><div class=\"tg-item-footer\"><a class=\"tg-item-comment\" href=\"https:\/\/fonds-risq.qc.ca\/en\/entreprise\/coop-de-solidarite-tenk-canada\/\"  target=\"_self\">No comment<\/a><span class=\"no-ajaxy to-post-like no-liked empty-heart\" data-post-id=\"8417\" title=\"Like\"><span class=\"to-heart-icon\"><svg xmlns=\"http:\/\/www.w3.org\/2000\/svg\" version=\"1.1\" viewBox=\"0 0 64 64\"><g transform=\"translate(0, 0)\"><path stroke-width=\"6\" stroke-linecap=\"square\" stroke-miterlimit=\"10\" d=\"M1,21c0,20,31,38,31,38s31-18,31-38 c0-8.285-6-16-15-16c-8.285,0-16,5.715-16,14c0-8.285-7.715-14-16-14C7,5,1,12.715,1,21z\"><\/path><\/g><\/svg><\/span><span class=\"to-like-count\">0<\/span><\/span><\/div><\/div><\/div><\/article><!-- The Grid item #256 --><article class=\"tg-item tg-post-8368 kampala f219 f148 f136 f128\" data-row=\"1\" data-col=\"1\"><div class=\"tg-item-inner\"><div class=\"tg-item-media-holder tg-light\"><div class=\"tg-item-media-inner\"><img decoding=\"async\" class=\"tg-item-image\" alt=\"\" width=\"2048\" height=\"1365\" src=\"https:\/\/fonds-risq.qc.ca\/wp-content\/uploads\/2019\/08\/academie-centenniale.jpg\"><\/div><div class=\"tg-center-holder\"><div class=\"tg-center-inner\"><div class=\"tg-item-overlay\"><\/div><a class=\"tg-link-button\" href=\"https:\/\/fonds-risq.qc.ca\/en\/entreprise\/lacademie-centennial\/\" target=\"_self\"><i class=\"tg-icon-link\"><\/i><\/a><\/div><\/div><div class=\"tg-item-decoration\"><div class=\"triangle-down-right\" style=\"border-color:#0097c8\"><\/div><\/div><div class=\"tg-item-share-holder\"><div class=\"triangle-up-left\" style=\"border-color:rgba(22,22,22,0.65)\"><\/div><i class=\"tg-icon-reply\" style=\"color:#ffffff\"><\/i><div class=\"tg-share-icons\"><a class=\"tg-social-share tg-facebook\" href=\"https:\/\/www.facebook.com\/sharer.php?u=https%3A%2F%2Ffonds-risq.qc.ca%2Fen%2Fentreprise%2Flacademie-centennial%2F&#038;t=L%E2%80%99Acad%C3%A9mie%20Centennial\"><i class=\"tg-icon-facebook\"><\/i><\/a><a class=\"tg-social-share tg-twitter\" href=\"https:\/\/twitter.com\/share?url=https%3A%2F%2Ffonds-risq.qc.ca%2Fen%2Fentreprise%2Flacademie-centennial%2F&#038;text=L%E2%80%99Acad%C3%A9mie%20Centennial\"><i class=\"tg-icon-twitter\"><\/i><\/a><a class=\"tg-social-share tg-google-plus\" href=\"https:\/\/plus.google.com\/share?url=https%3A%2F%2Ffonds-risq.qc.ca%2Fen%2Fentreprise%2Flacademie-centennial%2F\"><i class=\"tg-icon-google-plus\"><\/i><\/a><a class=\"tg-social-share tg-pinterest\" href=\"https:\/\/pinterest.com\/pin\/create\/button\/?url=https%3A%2F%2Ffonds-risq.qc.ca%2Fen%2Fentreprise%2Flacademie-centennial%2F&#038;description=L%E2%80%99Acad%C3%A9mie%20Centennial&#038;media=https%3A%2F%2Ffonds-risq.qc.ca%2Fwp-content%2Fuploads%2F2019%2F08%2Facademie-centenniale.jpg\"><i class=\"tg-icon-pinterest\"><\/i><\/a><\/div><\/div><\/div><div class=\"tg-item-content-holder tg-light image-format\" style=\"background-color:#0097c8\"><span class=\"tg-item-date\">29 August 2019<\/span><h2 class=\"tg-item-title\"><a href=\"https:\/\/fonds-risq.qc.ca\/en\/entreprise\/lacademie-centennial\/\" target=\"_self\">L\u2019Acad\u00e9mie Centennial<\/a><\/h2><span class=\"tg-cats-holder\"><a class=\"filtres_des_entreprises\" href=\"https:\/\/fonds-risq.qc.ca\/en\/filtres_des_entreprises\/2019-en\/\" rel=\"category\" data-term-id=\"219\"><span class=\"tg-item-term\" >2019<\/span><\/a><span>, <\/span><a class=\"filtres_des_entreprises\" href=\"https:\/\/fonds-risq.qc.ca\/en\/filtres_des_entreprises\/capitalization-loan\/\" rel=\"category\" data-term-id=\"148\"><span class=\"tg-item-term\" >Capitalization loan<\/span><\/a><span>, <\/span><a class=\"filtres_des_entreprises\" href=\"https:\/\/fonds-risq.qc.ca\/en\/filtres_des_entreprises\/education-en\/\" rel=\"category\" data-term-id=\"136\"><span class=\"tg-item-term\" >Education<\/span><\/a><span>, <\/span><a class=\"filtres_des_entreprises\" href=\"https:\/\/fonds-risq.qc.ca\/en\/filtres_des_entreprises\/montreal-en\/\" rel=\"category\" data-term-id=\"128\"><span class=\"tg-item-term\" >Montr\u00e9al<\/span><\/a><\/span><div class=\"tg-item-footer\"><a class=\"tg-item-comment\" href=\"https:\/\/fonds-risq.qc.ca\/en\/entreprise\/lacademie-centennial\/\"  target=\"_self\">No comment<\/a><span class=\"no-ajaxy to-post-like no-liked empty-heart\" data-post-id=\"8368\" title=\"Like\"><span class=\"to-heart-icon\"><svg xmlns=\"http:\/\/www.w3.org\/2000\/svg\" version=\"1.1\" viewBox=\"0 0 64 64\"><g transform=\"translate(0, 0)\"><path stroke-width=\"6\" stroke-linecap=\"square\" stroke-miterlimit=\"10\" d=\"M1,21c0,20,31,38,31,38s31-18,31-38 c0-8.285-6-16-15-16c-8.285,0-16,5.715-16,14c0-8.285-7.715-14-16-14C7,5,1,12.715,1,21z\"><\/path><\/g><\/svg><\/span><span class=\"to-like-count\">0<\/span><\/span><\/div><\/div><\/div><\/article><!-- The Grid item #257 --><article class=\"tg-item tg-post-8325 kampala f219 f151 f128 f147 f135 f146\" data-row=\"1\" data-col=\"1\"><div class=\"tg-item-inner\"><div class=\"tg-item-media-holder tg-light\"><div class=\"tg-item-media-inner\"><img decoding=\"async\" class=\"tg-item-image\" alt=\"\" width=\"630\" height=\"426\" src=\"https:\/\/fonds-risq.qc.ca\/wp-content\/uploads\/2019\/08\/HubAlimentaire-1.jpeg\"><\/div><div class=\"tg-center-holder\"><div class=\"tg-center-inner\"><div class=\"tg-item-overlay\"><\/div><a class=\"tg-link-button\" href=\"https:\/\/fonds-risq.qc.ca\/en\/entreprise\/hub-alimentaire\/\" target=\"_self\"><i class=\"tg-icon-link\"><\/i><\/a><\/div><\/div><div class=\"tg-item-decoration\"><div class=\"triangle-down-right\" style=\"border-color:#b7c634\"><\/div><\/div><div class=\"tg-item-share-holder\"><div class=\"triangle-up-left\" style=\"border-color:rgba(22,22,22,0.65)\"><\/div><i class=\"tg-icon-reply\" style=\"color:#ffffff\"><\/i><div class=\"tg-share-icons\"><a class=\"tg-social-share tg-facebook\" href=\"https:\/\/www.facebook.com\/sharer.php?u=https%3A%2F%2Ffonds-risq.qc.ca%2Fen%2Fentreprise%2Fhub-alimentaire%2F&#038;t=Hub%20alimentaire\"><i class=\"tg-icon-facebook\"><\/i><\/a><a class=\"tg-social-share tg-twitter\" href=\"https:\/\/twitter.com\/share?url=https%3A%2F%2Ffonds-risq.qc.ca%2Fen%2Fentreprise%2Fhub-alimentaire%2F&#038;text=Hub%20alimentaire\"><i class=\"tg-icon-twitter\"><\/i><\/a><a class=\"tg-social-share tg-google-plus\" href=\"https:\/\/plus.google.com\/share?url=https%3A%2F%2Ffonds-risq.qc.ca%2Fen%2Fentreprise%2Fhub-alimentaire%2F\"><i class=\"tg-icon-google-plus\"><\/i><\/a><a class=\"tg-social-share tg-pinterest\" href=\"https:\/\/pinterest.com\/pin\/create\/button\/?url=https%3A%2F%2Ffonds-risq.qc.ca%2Fen%2Fentreprise%2Fhub-alimentaire%2F&#038;description=Hub%20alimentaire&#038;media=https%3A%2F%2Ffonds-risq.qc.ca%2Fwp-content%2Fuploads%2F2019%2F08%2FHubAlimentaire-1.jpeg\"><i class=\"tg-icon-pinterest\"><\/i><\/a><\/div><\/div><\/div><div class=\"tg-item-content-holder tg-light image-format\" style=\"background-color:#b7c634\"><span class=\"tg-item-date\">9 August 2019<\/span><h2 class=\"tg-item-title\"><a href=\"https:\/\/fonds-risq.qc.ca\/en\/entreprise\/hub-alimentaire\/\" target=\"_self\">Hub alimentaire<\/a><\/h2><span class=\"tg-cats-holder\"><a class=\"filtres_des_entreprises\" href=\"https:\/\/fonds-risq.qc.ca\/en\/filtres_des_entreprises\/2019-en\/\" rel=\"category\" data-term-id=\"219\"><span class=\"tg-item-term\" >2019<\/span><\/a><span>, <\/span><a class=\"filtres_des_entreprises\" href=\"https:\/\/fonds-risq.qc.ca\/en\/filtres_des_entreprises\/coop-en\/\" rel=\"category\" data-term-id=\"151\"><span class=\"tg-item-term\" >COOP<\/span><\/a><span>, <\/span><a class=\"filtres_des_entreprises\" href=\"https:\/\/fonds-risq.qc.ca\/en\/filtres_des_entreprises\/montreal-en\/\" rel=\"category\" data-term-id=\"128\"><span class=\"tg-item-term\" >Montr\u00e9al<\/span><\/a><span>, <\/span><a class=\"filtres_des_entreprises\" href=\"https:\/\/fonds-risq.qc.ca\/en\/filtres_des_entreprises\/pre-startup-loan\/\" rel=\"category\" data-term-id=\"147\"><span class=\"tg-item-term\" >Pre-startup loan<\/span><\/a><span>, <\/span><a class=\"filtres_des_entreprises\" href=\"https:\/\/fonds-risq.qc.ca\/en\/filtres_des_entreprises\/services-en\/\" rel=\"category\" data-term-id=\"135\"><span class=\"tg-item-term\" >Services<\/span><\/a><span>, <\/span><a class=\"filtres_des_entreprises\" href=\"https:\/\/fonds-risq.qc.ca\/en\/filtres_des_entreprises\/pret-pour-aide-technique-en\/\" rel=\"category\" data-term-id=\"146\"><span class=\"tg-item-term\" >Technical assistance loan<\/span><\/a><\/span><div class=\"tg-item-footer\"><a class=\"tg-item-comment\" href=\"https:\/\/fonds-risq.qc.ca\/en\/entreprise\/hub-alimentaire\/\"  target=\"_self\">No comment<\/a><span class=\"no-ajaxy to-post-like no-liked empty-heart\" data-post-id=\"8325\" title=\"Like\"><span class=\"to-heart-icon\"><svg xmlns=\"http:\/\/www.w3.org\/2000\/svg\" version=\"1.1\" viewBox=\"0 0 64 64\"><g transform=\"translate(0, 0)\"><path stroke-width=\"6\" stroke-linecap=\"square\" stroke-miterlimit=\"10\" d=\"M1,21c0,20,31,38,31,38s31-18,31-38 c0-8.285-6-16-15-16c-8.285,0-16,5.715-16,14c0-8.285-7.715-14-16-14C7,5,1,12.715,1,21z\"><\/path><\/g><\/svg><\/span><span class=\"to-like-count\">0<\/span><\/span><\/div><\/div><\/div><\/article><!-- The Grid item #258 --><article class=\"tg-item tg-post-8940 kampala f219 f131 f148 f151 f158\" data-row=\"1\" data-col=\"1\"><div class=\"tg-item-inner\"><div class=\"tg-item-media-holder tg-light\"><div class=\"tg-item-media-inner\"><img decoding=\"async\" class=\"tg-item-image\" alt=\"\" width=\"2048\" height=\"1638\" src=\"https:\/\/fonds-risq.qc.ca\/wp-content\/uploads\/2019\/08\/CentralCafe.jpg\"><\/div><div class=\"tg-center-holder\"><div class=\"tg-center-inner\"><div class=\"tg-item-overlay\"><\/div><a class=\"tg-link-button\" href=\"https:\/\/fonds-risq.qc.ca\/en\/entreprise\/central-cafe\/\" target=\"_self\"><i class=\"tg-icon-link\"><\/i><\/a><\/div><\/div><div class=\"tg-item-decoration\"><div class=\"triangle-down-right\" style=\"border-color:#0097c8\"><\/div><\/div><div class=\"tg-item-share-holder\"><div class=\"triangle-up-left\" style=\"border-color:rgba(22,22,22,0.65)\"><\/div><i class=\"tg-icon-reply\" style=\"color:#ffffff\"><\/i><div class=\"tg-share-icons\"><a class=\"tg-social-share tg-facebook\" href=\"https:\/\/www.facebook.com\/sharer.php?u=https%3A%2F%2Ffonds-risq.qc.ca%2Fen%2Fentreprise%2Fcentral-cafe%2F&#038;t=Central%20Caf%C3%A9\"><i class=\"tg-icon-facebook\"><\/i><\/a><a class=\"tg-social-share tg-twitter\" href=\"https:\/\/twitter.com\/share?url=https%3A%2F%2Ffonds-risq.qc.ca%2Fen%2Fentreprise%2Fcentral-cafe%2F&#038;text=Central%20Caf%C3%A9\"><i class=\"tg-icon-twitter\"><\/i><\/a><a class=\"tg-social-share tg-google-plus\" href=\"https:\/\/plus.google.com\/share?url=https%3A%2F%2Ffonds-risq.qc.ca%2Fen%2Fentreprise%2Fcentral-cafe%2F\"><i class=\"tg-icon-google-plus\"><\/i><\/a><a class=\"tg-social-share tg-pinterest\" href=\"https:\/\/pinterest.com\/pin\/create\/button\/?url=https%3A%2F%2Ffonds-risq.qc.ca%2Fen%2Fentreprise%2Fcentral-cafe%2F&#038;description=Central%20Caf%C3%A9&#038;media=https%3A%2F%2Ffonds-risq.qc.ca%2Fwp-content%2Fuploads%2F2019%2F08%2FCentralCafe.jpg\"><i class=\"tg-icon-pinterest\"><\/i><\/a><\/div><\/div><\/div><div class=\"tg-item-content-holder tg-light image-format\" style=\"background-color:#0097c8\"><span class=\"tg-item-date\">2 August 2019<\/span><h2 class=\"tg-item-title\"><a href=\"https:\/\/fonds-risq.qc.ca\/en\/entreprise\/central-cafe\/\" target=\"_self\">Central Caf\u00e9<\/a><\/h2><span class=\"tg-cats-holder\"><a class=\"filtres_des_entreprises\" href=\"https:\/\/fonds-risq.qc.ca\/en\/filtres_des_entreprises\/2019-en\/\" rel=\"category\" data-term-id=\"219\"><span class=\"tg-item-term\" >2019<\/span><\/a><span>, <\/span><a class=\"filtres_des_entreprises\" href=\"https:\/\/fonds-risq.qc.ca\/en\/filtres_des_entreprises\/bas-saint-laurent-en\/\" rel=\"category\" data-term-id=\"131\"><span class=\"tg-item-term\" >Bas-Saint-Laurent<\/span><\/a><span>, <\/span><a class=\"filtres_des_entreprises\" href=\"https:\/\/fonds-risq.qc.ca\/en\/filtres_des_entreprises\/capitalization-loan\/\" rel=\"category\" data-term-id=\"148\"><span class=\"tg-item-term\" >Capitalization loan<\/span><\/a><span>, <\/span><a class=\"filtres_des_entreprises\" href=\"https:\/\/fonds-risq.qc.ca\/en\/filtres_des_entreprises\/coop-en\/\" rel=\"category\" data-term-id=\"151\"><span class=\"tg-item-term\" >COOP<\/span><\/a><span>, <\/span><a class=\"filtres_des_entreprises\" href=\"https:\/\/fonds-risq.qc.ca\/en\/filtres_des_entreprises\/restaurant\/\" rel=\"category\" data-term-id=\"158\"><span class=\"tg-item-term\" >Restaurant<\/span><\/a><\/span><div class=\"tg-item-footer\"><a class=\"tg-item-comment\" href=\"https:\/\/fonds-risq.qc.ca\/en\/entreprise\/central-cafe\/\"  target=\"_self\">No comment<\/a><span class=\"no-ajaxy to-post-like no-liked empty-heart\" data-post-id=\"8940\" title=\"Like\"><span class=\"to-heart-icon\"><svg xmlns=\"http:\/\/www.w3.org\/2000\/svg\" version=\"1.1\" viewBox=\"0 0 64 64\"><g transform=\"translate(0, 0)\"><path stroke-width=\"6\" stroke-linecap=\"square\" stroke-miterlimit=\"10\" d=\"M1,21c0,20,31,38,31,38s31-18,31-38 c0-8.285-6-16-15-16c-8.285,0-16,5.715-16,14c0-8.285-7.715-14-16-14C7,5,1,12.715,1,21z\"><\/path><\/g><\/svg><\/span><span class=\"to-like-count\">0<\/span><\/span><\/div><\/div><\/div><\/article><!-- The Grid item #259 --><article class=\"tg-item tg-post-8284 kampala f219 f148 f205 f128 f150 f135\" data-row=\"1\" data-col=\"1\"><div class=\"tg-item-inner\"><div class=\"tg-item-media-holder tg-light\"><div class=\"tg-item-media-inner\"><img decoding=\"async\" class=\"tg-item-image\" alt=\"\" width=\"626\" height=\"540\" src=\"https:\/\/fonds-risq.qc.ca\/wp-content\/uploads\/2017\/03\/Promo21.jpeg\"><\/div><div class=\"tg-center-holder\"><div class=\"tg-center-inner\"><div class=\"tg-item-overlay\"><\/div><a class=\"tg-link-button\" href=\"https:\/\/fonds-risq.qc.ca\/en\/entreprise\/promo-21\/\" target=\"_self\"><i class=\"tg-icon-link\"><\/i><\/a><\/div><\/div><div class=\"tg-item-decoration\"><div class=\"triangle-down-right\" style=\"border-color:#0097c8\"><\/div><\/div><div class=\"tg-item-share-holder\"><div class=\"triangle-up-left\" style=\"border-color:rgba(22,22,22,0.65)\"><\/div><i class=\"tg-icon-reply\" style=\"color:#ffffff\"><\/i><div class=\"tg-share-icons\"><a class=\"tg-social-share tg-facebook\" href=\"https:\/\/www.facebook.com\/sharer.php?u=https%3A%2F%2Ffonds-risq.qc.ca%2Fen%2Fentreprise%2Fpromo-21%2F&#038;t=Promo%2021\"><i class=\"tg-icon-facebook\"><\/i><\/a><a class=\"tg-social-share tg-twitter\" href=\"https:\/\/twitter.com\/share?url=https%3A%2F%2Ffonds-risq.qc.ca%2Fen%2Fentreprise%2Fpromo-21%2F&#038;text=Promo%2021\"><i class=\"tg-icon-twitter\"><\/i><\/a><a class=\"tg-social-share tg-google-plus\" href=\"https:\/\/plus.google.com\/share?url=https%3A%2F%2Ffonds-risq.qc.ca%2Fen%2Fentreprise%2Fpromo-21%2F\"><i class=\"tg-icon-google-plus\"><\/i><\/a><a class=\"tg-social-share tg-pinterest\" href=\"https:\/\/pinterest.com\/pin\/create\/button\/?url=https%3A%2F%2Ffonds-risq.qc.ca%2Fen%2Fentreprise%2Fpromo-21%2F&#038;description=Promo%2021&#038;media=https%3A%2F%2Ffonds-risq.qc.ca%2Fwp-content%2Fuploads%2F2017%2F03%2FPromo21.jpeg\"><i class=\"tg-icon-pinterest\"><\/i><\/a><\/div><\/div><\/div><div class=\"tg-item-content-holder tg-light image-format\" style=\"background-color:#0097c8\"><span class=\"tg-item-date\">1 August 2019<\/span><h2 class=\"tg-item-title\"><a href=\"https:\/\/fonds-risq.qc.ca\/en\/entreprise\/promo-21\/\" target=\"_self\">Promo 21<\/a><\/h2><span class=\"tg-cats-holder\"><a class=\"filtres_des_entreprises\" href=\"https:\/\/fonds-risq.qc.ca\/en\/filtres_des_entreprises\/2019-en\/\" rel=\"category\" data-term-id=\"219\"><span class=\"tg-item-term\" >2019<\/span><\/a><span>, <\/span><a class=\"filtres_des_entreprises\" href=\"https:\/\/fonds-risq.qc.ca\/en\/filtres_des_entreprises\/capitalization-loan\/\" rel=\"category\" data-term-id=\"148\"><span class=\"tg-item-term\" >Capitalization loan<\/span><\/a><span>, <\/span><a class=\"filtres_des_entreprises\" href=\"https:\/\/fonds-risq.qc.ca\/en\/filtres_des_entreprises\/impression-en\/\" rel=\"category\" data-term-id=\"205\"><span class=\"tg-item-term\" >Impression<\/span><\/a><span>, <\/span><a class=\"filtres_des_entreprises\" href=\"https:\/\/fonds-risq.qc.ca\/en\/filtres_des_entreprises\/montreal-en\/\" rel=\"category\" data-term-id=\"128\"><span class=\"tg-item-term\" >Montr\u00e9al<\/span><\/a><span>, <\/span><a class=\"filtres_des_entreprises\" href=\"https:\/\/fonds-risq.qc.ca\/en\/filtres_des_entreprises\/npo\/\" rel=\"category\" data-term-id=\"150\"><span class=\"tg-item-term\" >NPO<\/span><\/a><span>, <\/span><a class=\"filtres_des_entreprises\" href=\"https:\/\/fonds-risq.qc.ca\/en\/filtres_des_entreprises\/services-en\/\" rel=\"category\" data-term-id=\"135\"><span class=\"tg-item-term\" >Services<\/span><\/a><\/span><div class=\"tg-item-footer\"><a class=\"tg-item-comment\" href=\"https:\/\/fonds-risq.qc.ca\/en\/entreprise\/promo-21\/\"  target=\"_self\">No comment<\/a><span class=\"no-ajaxy to-post-like no-liked empty-heart\" data-post-id=\"8284\" title=\"Like\"><span class=\"to-heart-icon\"><svg xmlns=\"http:\/\/www.w3.org\/2000\/svg\" version=\"1.1\" viewBox=\"0 0 64 64\"><g transform=\"translate(0, 0)\"><path stroke-width=\"6\" stroke-linecap=\"square\" stroke-miterlimit=\"10\" d=\"M1,21c0,20,31,38,31,38s31-18,31-38 c0-8.285-6-16-15-16c-8.285,0-16,5.715-16,14c0-8.285-7.715-14-16-14C7,5,1,12.715,1,21z\"><\/path><\/g><\/svg><\/span><span class=\"to-like-count\">0<\/span><\/span><\/div><\/div><\/div><\/article><!-- The Grid item #260 --><article class=\"tg-item tg-post-8286 kampala f219 f157 f150 f147 f206\" data-row=\"1\" data-col=\"1\"><div class=\"tg-item-inner\"><div class=\"tg-item-media-holder tg-light\"><div class=\"tg-item-media-inner\"><img decoding=\"async\" class=\"tg-item-image\" alt=\"\" width=\"245\" height=\"326\" src=\"https:\/\/fonds-risq.qc.ca\/wp-content\/uploads\/2019\/07\/SouriresSolidaires.1.jpg\"><\/div><div class=\"tg-center-holder\"><div class=\"tg-center-inner\"><div class=\"tg-item-overlay\"><\/div><a class=\"tg-link-button\" href=\"https:\/\/fonds-risq.qc.ca\/en\/entreprise\/sourires-solidaires\/\" target=\"_self\"><i class=\"tg-icon-link\"><\/i><\/a><\/div><\/div><div class=\"tg-item-decoration\"><div class=\"triangle-down-right\" style=\"border-color:#ee4224\"><\/div><\/div><div class=\"tg-item-share-holder\"><div class=\"triangle-up-left\" style=\"border-color:rgba(22,22,22,0.65)\"><\/div><i class=\"tg-icon-reply\" style=\"color:#ffffff\"><\/i><div class=\"tg-share-icons\"><a class=\"tg-social-share tg-facebook\" href=\"https:\/\/www.facebook.com\/sharer.php?u=https%3A%2F%2Ffonds-risq.qc.ca%2Fen%2Fentreprise%2Fsourires-solidaires%2F&#038;t=Sourires%20Solidaires\"><i class=\"tg-icon-facebook\"><\/i><\/a><a class=\"tg-social-share tg-twitter\" href=\"https:\/\/twitter.com\/share?url=https%3A%2F%2Ffonds-risq.qc.ca%2Fen%2Fentreprise%2Fsourires-solidaires%2F&#038;text=Sourires%20Solidaires\"><i class=\"tg-icon-twitter\"><\/i><\/a><a class=\"tg-social-share tg-google-plus\" href=\"https:\/\/plus.google.com\/share?url=https%3A%2F%2Ffonds-risq.qc.ca%2Fen%2Fentreprise%2Fsourires-solidaires%2F\"><i class=\"tg-icon-google-plus\"><\/i><\/a><a class=\"tg-social-share tg-pinterest\" href=\"https:\/\/pinterest.com\/pin\/create\/button\/?url=https%3A%2F%2Ffonds-risq.qc.ca%2Fen%2Fentreprise%2Fsourires-solidaires%2F&#038;description=Sourires%20Solidaires&#038;media=https%3A%2F%2Ffonds-risq.qc.ca%2Fwp-content%2Fuploads%2F2019%2F07%2FSouriresSolidaires.1.jpg\"><i class=\"tg-icon-pinterest\"><\/i><\/a><\/div><\/div><\/div><div class=\"tg-item-content-holder tg-light image-format\" style=\"background-color:#ee4224\"><span class=\"tg-item-date\">23 July 2019<\/span><h2 class=\"tg-item-title\"><a href=\"https:\/\/fonds-risq.qc.ca\/en\/entreprise\/sourires-solidaires\/\" target=\"_self\">Sourires Solidaires<\/a><\/h2><span class=\"tg-cats-holder\"><a class=\"filtres_des_entreprises\" href=\"https:\/\/fonds-risq.qc.ca\/en\/filtres_des_entreprises\/2019-en\/\" rel=\"category\" data-term-id=\"219\"><span class=\"tg-item-term\" >2019<\/span><\/a><span>, <\/span><a class=\"filtres_des_entreprises\" href=\"https:\/\/fonds-risq.qc.ca\/en\/filtres_des_entreprises\/laval-en\/\" rel=\"category\" data-term-id=\"157\"><span class=\"tg-item-term\" >Laval<\/span><\/a><span>, <\/span><a class=\"filtres_des_entreprises\" href=\"https:\/\/fonds-risq.qc.ca\/en\/filtres_des_entreprises\/npo\/\" rel=\"category\" data-term-id=\"150\"><span class=\"tg-item-term\" >NPO<\/span><\/a><span>, <\/span><a class=\"filtres_des_entreprises\" href=\"https:\/\/fonds-risq.qc.ca\/en\/filtres_des_entreprises\/pre-startup-loan\/\" rel=\"category\" data-term-id=\"147\"><span class=\"tg-item-term\" >Pre-startup loan<\/span><\/a><span>, <\/span><a class=\"filtres_des_entreprises\" href=\"https:\/\/fonds-risq.qc.ca\/en\/filtres_des_entreprises\/services-soins-de-sante-en\/\" rel=\"category\" data-term-id=\"206\"><span class=\"tg-item-term\" >Services soins de sant\u00e9<\/span><\/a><\/span><p class=\"tg-item-excerpt\">Sourires Solidaires vise \u00e0 d\u00e9velopper une clinique dentaire communautaire. Cet organisme souhaite pallier \u00e0 un probl\u00e8me majeur au niveau de l\u2019accessibilit\u00e9 des soins dentaires p\u00e9diatriques (aupr\u00e8s des enfants de 0 \u00e0 9 ans) pour une...<\/p><div class=\"tg-item-footer\"><a class=\"tg-item-comment\" href=\"https:\/\/fonds-risq.qc.ca\/en\/entreprise\/sourires-solidaires\/\"  target=\"_self\">No comment<\/a><span class=\"no-ajaxy to-post-like no-liked empty-heart\" data-post-id=\"8286\" title=\"Like\"><span class=\"to-heart-icon\"><svg xmlns=\"http:\/\/www.w3.org\/2000\/svg\" version=\"1.1\" viewBox=\"0 0 64 64\"><g transform=\"translate(0, 0)\"><path stroke-width=\"6\" stroke-linecap=\"square\" stroke-miterlimit=\"10\" d=\"M1,21c0,20,31,38,31,38s31-18,31-38 c0-8.285-6-16-15-16c-8.285,0-16,5.715-16,14c0-8.285-7.715-14-16-14C7,5,1,12.715,1,21z\"><\/path><\/g><\/svg><\/span><span class=\"to-like-count\">0<\/span><\/span><\/div><\/div><\/div><\/article><!-- The Grid item #261 --><article class=\"tg-item tg-post-8061 kampala f223 f151 f202 f147 f155\" data-row=\"1\" data-col=\"1\"><div class=\"tg-item-inner\"><div class=\"tg-item-media-holder tg-light\"><div class=\"tg-item-media-inner\"><img decoding=\"async\" class=\"tg-item-image\" alt=\"\" width=\"636\" height=\"383\" src=\"https:\/\/fonds-risq.qc.ca\/wp-content\/uploads\/2019\/06\/Photo-coop-Grand-Bleu.png\"><\/div><div class=\"tg-center-holder\"><div class=\"tg-center-inner\"><div class=\"tg-item-overlay\"><\/div><a class=\"tg-link-button\" href=\"https:\/\/fonds-risq.qc.ca\/en\/entreprise\/cooperative-grand-bleu\/\" target=\"_self\"><i class=\"tg-icon-link\"><\/i><\/a><\/div><\/div><div class=\"tg-item-decoration\"><div class=\"triangle-down-right\" style=\"border-color:#ee4224\"><\/div><\/div><div class=\"tg-item-share-holder\"><div class=\"triangle-up-left\" style=\"border-color:rgba(22,22,22,0.65)\"><\/div><i class=\"tg-icon-reply\" style=\"color:#ffffff\"><\/i><div class=\"tg-share-icons\"><a class=\"tg-social-share tg-facebook\" href=\"https:\/\/www.facebook.com\/sharer.php?u=https%3A%2F%2Ffonds-risq.qc.ca%2Fen%2Fentreprise%2Fcooperative-grand-bleu%2F&#038;t=Coop%C3%A9rative%20Grand%20Bleu\"><i class=\"tg-icon-facebook\"><\/i><\/a><a class=\"tg-social-share tg-twitter\" href=\"https:\/\/twitter.com\/share?url=https%3A%2F%2Ffonds-risq.qc.ca%2Fen%2Fentreprise%2Fcooperative-grand-bleu%2F&#038;text=Coop%C3%A9rative%20Grand%20Bleu\"><i class=\"tg-icon-twitter\"><\/i><\/a><a class=\"tg-social-share tg-google-plus\" href=\"https:\/\/plus.google.com\/share?url=https%3A%2F%2Ffonds-risq.qc.ca%2Fen%2Fentreprise%2Fcooperative-grand-bleu%2F\"><i class=\"tg-icon-google-plus\"><\/i><\/a><a class=\"tg-social-share tg-pinterest\" href=\"https:\/\/pinterest.com\/pin\/create\/button\/?url=https%3A%2F%2Ffonds-risq.qc.ca%2Fen%2Fentreprise%2Fcooperative-grand-bleu%2F&#038;description=Coop%C3%A9rative%20Grand%20Bleu&#038;media=https%3A%2F%2Ffonds-risq.qc.ca%2Fwp-content%2Fuploads%2F2019%2F06%2FPhoto-coop-Grand-Bleu.png\"><i class=\"tg-icon-pinterest\"><\/i><\/a><\/div><\/div><\/div><div class=\"tg-item-content-holder tg-light image-format\" style=\"background-color:#ee4224\"><span class=\"tg-item-date\">20 June 2019<\/span><h2 class=\"tg-item-title\"><a href=\"https:\/\/fonds-risq.qc.ca\/en\/entreprise\/cooperative-grand-bleu\/\" target=\"_self\">Coop\u00e9rative Grand Bleu<\/a><\/h2><span class=\"tg-cats-holder\"><a class=\"filtres_des_entreprises\" href=\"https:\/\/fonds-risq.qc.ca\/en\/filtres_des_entreprises\/2018-en\/\" rel=\"category\" data-term-id=\"223\"><span class=\"tg-item-term\" >2018<\/span><\/a><span>, <\/span><a class=\"filtres_des_entreprises\" href=\"https:\/\/fonds-risq.qc.ca\/en\/filtres_des_entreprises\/coop-en\/\" rel=\"category\" data-term-id=\"151\"><span class=\"tg-item-term\" >COOP<\/span><\/a><span>, <\/span><a class=\"filtres_des_entreprises\" href=\"https:\/\/fonds-risq.qc.ca\/en\/filtres_des_entreprises\/grossiste-de-produits-alimentaires-secteurs-d-activites-en\/\" rel=\"category\" data-term-id=\"202\"><span class=\"tg-item-term\" >Grossiste de produits alimentaires<\/span><\/a><span>, <\/span><a class=\"filtres_des_entreprises\" href=\"https:\/\/fonds-risq.qc.ca\/en\/filtres_des_entreprises\/pre-startup-loan\/\" rel=\"category\" data-term-id=\"147\"><span class=\"tg-item-term\" >Pre-startup loan<\/span><\/a><span>, <\/span><a class=\"filtres_des_entreprises\" href=\"https:\/\/fonds-risq.qc.ca\/en\/filtres_des_entreprises\/saguenay-lac-saint-jean-en\/\" rel=\"category\" data-term-id=\"155\"><span class=\"tg-item-term\" >Saguenay-Lac-Saint-Jean<\/span><\/a><\/span><p class=\"tg-item-excerpt\">La Coop\u00e9rative Grand Bleu souhaite devenir une alternative aux producteurs de bleuets pour mettre en march\u00e9 leur production en la transformant et en offrant le meilleur prix. Elle veut aussi offrir aux producteurs mara\u00eechers un service...<\/p><div class=\"tg-item-footer\"><a class=\"tg-item-comment\" href=\"https:\/\/fonds-risq.qc.ca\/en\/entreprise\/cooperative-grand-bleu\/\"  target=\"_self\">No comment<\/a><span class=\"no-ajaxy to-post-like no-liked empty-heart\" data-post-id=\"8061\" title=\"Like\"><span class=\"to-heart-icon\"><svg xmlns=\"http:\/\/www.w3.org\/2000\/svg\" version=\"1.1\" viewBox=\"0 0 64 64\"><g transform=\"translate(0, 0)\"><path stroke-width=\"6\" stroke-linecap=\"square\" stroke-miterlimit=\"10\" d=\"M1,21c0,20,31,38,31,38s31-18,31-38 c0-8.285-6-16-15-16c-8.285,0-16,5.715-16,14c0-8.285-7.715-14-16-14C7,5,1,12.715,1,21z\"><\/path><\/g><\/svg><\/span><span class=\"to-like-count\">0<\/span><\/span><\/div><\/div><\/div><\/article><!-- The Grid item #262 --><article class=\"tg-item tg-post-8039 kampala f219 f148 f151 f128 f135\" data-row=\"1\" data-col=\"1\"><div class=\"tg-item-inner\"><div class=\"tg-item-media-holder tg-light\"><div class=\"tg-item-media-inner\"><img decoding=\"async\" class=\"tg-item-image\" alt=\"\" width=\"1918\" height=\"1013\" src=\"https:\/\/fonds-risq.qc.ca\/wp-content\/uploads\/2019\/05\/altecoop.3.jpg\"><\/div><div class=\"tg-center-holder\"><div class=\"tg-center-inner\"><div class=\"tg-item-overlay\"><\/div><a class=\"tg-link-button\" href=\"https:\/\/fonds-risq.qc.ca\/en\/entreprise\/alte-coop\/\" target=\"_self\"><i class=\"tg-icon-link\"><\/i><\/a><\/div><\/div><div class=\"tg-item-decoration\"><div class=\"triangle-down-right\" style=\"border-color:#0097c8\"><\/div><\/div><div class=\"tg-item-share-holder\"><div class=\"triangle-up-left\" style=\"border-color:rgba(22,22,22,0.65)\"><\/div><i class=\"tg-icon-reply\" style=\"color:#ffffff\"><\/i><div class=\"tg-share-icons\"><a class=\"tg-social-share tg-facebook\" href=\"https:\/\/www.facebook.com\/sharer.php?u=https%3A%2F%2Ffonds-risq.qc.ca%2Fen%2Fentreprise%2Falte-coop%2F&#038;t=Alte%20Coop\"><i class=\"tg-icon-facebook\"><\/i><\/a><a class=\"tg-social-share tg-twitter\" href=\"https:\/\/twitter.com\/share?url=https%3A%2F%2Ffonds-risq.qc.ca%2Fen%2Fentreprise%2Falte-coop%2F&#038;text=Alte%20Coop\"><i class=\"tg-icon-twitter\"><\/i><\/a><a class=\"tg-social-share tg-google-plus\" href=\"https:\/\/plus.google.com\/share?url=https%3A%2F%2Ffonds-risq.qc.ca%2Fen%2Fentreprise%2Falte-coop%2F\"><i class=\"tg-icon-google-plus\"><\/i><\/a><a class=\"tg-social-share tg-pinterest\" href=\"https:\/\/pinterest.com\/pin\/create\/button\/?url=https%3A%2F%2Ffonds-risq.qc.ca%2Fen%2Fentreprise%2Falte-coop%2F&#038;description=Alte%20Coop&#038;media=https%3A%2F%2Ffonds-risq.qc.ca%2Fwp-content%2Fuploads%2F2019%2F05%2Faltecoop.3.jpg\"><i class=\"tg-icon-pinterest\"><\/i><\/a><\/div><\/div><\/div><div class=\"tg-item-content-holder tg-light image-format\" style=\"background-color:#0097c8\"><span class=\"tg-item-date\">23 May 2019<\/span><h2 class=\"tg-item-title\"><a href=\"https:\/\/fonds-risq.qc.ca\/en\/entreprise\/alte-coop\/\" target=\"_self\">Alte Coop<\/a><\/h2><span class=\"tg-cats-holder\"><a class=\"filtres_des_entreprises\" href=\"https:\/\/fonds-risq.qc.ca\/en\/filtres_des_entreprises\/2019-en\/\" rel=\"category\" data-term-id=\"219\"><span class=\"tg-item-term\" >2019<\/span><\/a><span>, <\/span><a class=\"filtres_des_entreprises\" href=\"https:\/\/fonds-risq.qc.ca\/en\/filtres_des_entreprises\/capitalization-loan\/\" rel=\"category\" data-term-id=\"148\"><span class=\"tg-item-term\" >Capitalization loan<\/span><\/a><span>, <\/span><a class=\"filtres_des_entreprises\" href=\"https:\/\/fonds-risq.qc.ca\/en\/filtres_des_entreprises\/coop-en\/\" rel=\"category\" data-term-id=\"151\"><span class=\"tg-item-term\" >COOP<\/span><\/a><span>, <\/span><a class=\"filtres_des_entreprises\" href=\"https:\/\/fonds-risq.qc.ca\/en\/filtres_des_entreprises\/montreal-en\/\" rel=\"category\" data-term-id=\"128\"><span class=\"tg-item-term\" >Montr\u00e9al<\/span><\/a><span>, <\/span><a class=\"filtres_des_entreprises\" href=\"https:\/\/fonds-risq.qc.ca\/en\/filtres_des_entreprises\/services-en\/\" rel=\"category\" data-term-id=\"135\"><span class=\"tg-item-term\" >Services<\/span><\/a><\/span><p class=\"tg-item-excerpt\">ALTE est une coop\u00e9rative constitu\u00e9e de dipl\u00f4m\u00e9.e.s en ing\u00e9nierie qui accompagnent des particuliers, petites entreprises et organismes, souhaitant mettre en place des solutions technologiques durables. De l\u2019analyse des besoins, jusqu\u2019\u00e0...<\/p><div class=\"tg-item-footer\"><a class=\"tg-item-comment\" href=\"https:\/\/fonds-risq.qc.ca\/en\/entreprise\/alte-coop\/\"  target=\"_self\">No comment<\/a><span class=\"no-ajaxy to-post-like no-liked empty-heart\" data-post-id=\"8039\" title=\"Like\"><span class=\"to-heart-icon\"><svg xmlns=\"http:\/\/www.w3.org\/2000\/svg\" version=\"1.1\" viewBox=\"0 0 64 64\"><g transform=\"translate(0, 0)\"><path stroke-width=\"6\" stroke-linecap=\"square\" stroke-miterlimit=\"10\" d=\"M1,21c0,20,31,38,31,38s31-18,31-38 c0-8.285-6-16-15-16c-8.285,0-16,5.715-16,14c0-8.285-7.715-14-16-14C7,5,1,12.715,1,21z\"><\/path><\/g><\/svg><\/span><span class=\"to-like-count\">0<\/span><\/span><\/div><\/div><\/div><\/article><!-- The Grid item #263 --><article class=\"tg-item tg-post-8026 kampala f219 f130 f148 f151 f135\" data-row=\"1\" data-col=\"1\"><div class=\"tg-item-inner\"><div class=\"tg-item-media-holder tg-light\"><div class=\"tg-item-media-inner\"><img decoding=\"async\" class=\"tg-item-image\" alt=\"\" width=\"625\" height=\"430\" src=\"https:\/\/fonds-risq.qc.ca\/wp-content\/uploads\/2019\/05\/coop-des-horticulteurs-grand-marche-de-qc.jpg\"><\/div><div class=\"tg-center-holder\"><div class=\"tg-center-inner\"><div class=\"tg-item-overlay\"><\/div><a class=\"tg-link-button\" href=\"https:\/\/fonds-risq.qc.ca\/en\/entreprise\/cooperative-horticulteurs-de-quebec\/\" target=\"_self\"><i class=\"tg-icon-link\"><\/i><\/a><\/div><\/div><div class=\"tg-item-decoration\"><div class=\"triangle-down-right\" style=\"border-color:#0097c8\"><\/div><\/div><div class=\"tg-item-share-holder\"><div class=\"triangle-up-left\" style=\"border-color:rgba(22,22,22,0.65)\"><\/div><i class=\"tg-icon-reply\" style=\"color:#ffffff\"><\/i><div class=\"tg-share-icons\"><a class=\"tg-social-share tg-facebook\" href=\"https:\/\/www.facebook.com\/sharer.php?u=https%3A%2F%2Ffonds-risq.qc.ca%2Fen%2Fentreprise%2Fcooperative-horticulteurs-de-quebec%2F&#038;t=Coop%C3%A9rative%20des%20Horticulteurs%20de%20Qu%C3%A9bec\"><i class=\"tg-icon-facebook\"><\/i><\/a><a class=\"tg-social-share tg-twitter\" href=\"https:\/\/twitter.com\/share?url=https%3A%2F%2Ffonds-risq.qc.ca%2Fen%2Fentreprise%2Fcooperative-horticulteurs-de-quebec%2F&#038;text=Coop%C3%A9rative%20des%20Horticulteurs%20de%20Qu%C3%A9bec\"><i class=\"tg-icon-twitter\"><\/i><\/a><a class=\"tg-social-share tg-google-plus\" href=\"https:\/\/plus.google.com\/share?url=https%3A%2F%2Ffonds-risq.qc.ca%2Fen%2Fentreprise%2Fcooperative-horticulteurs-de-quebec%2F\"><i class=\"tg-icon-google-plus\"><\/i><\/a><a class=\"tg-social-share tg-pinterest\" href=\"https:\/\/pinterest.com\/pin\/create\/button\/?url=https%3A%2F%2Ffonds-risq.qc.ca%2Fen%2Fentreprise%2Fcooperative-horticulteurs-de-quebec%2F&#038;description=Coop%C3%A9rative%20des%20Horticulteurs%20de%20Qu%C3%A9bec&#038;media=https%3A%2F%2Ffonds-risq.qc.ca%2Fwp-content%2Fuploads%2F2019%2F05%2Fcoop-des-horticulteurs-grand-marche-de-qc.jpg\"><i class=\"tg-icon-pinterest\"><\/i><\/a><\/div><\/div><\/div><div class=\"tg-item-content-holder tg-light image-format\" style=\"background-color:#0097c8\"><span class=\"tg-item-date\">22 May 2019<\/span><h2 class=\"tg-item-title\"><a href=\"https:\/\/fonds-risq.qc.ca\/en\/entreprise\/cooperative-horticulteurs-de-quebec\/\" target=\"_self\">Coop\u00e9rative des Horticulteurs de Qu\u00e9bec<\/a><\/h2><span class=\"tg-cats-holder\"><a class=\"filtres_des_entreprises\" href=\"https:\/\/fonds-risq.qc.ca\/en\/filtres_des_entreprises\/2019-en\/\" rel=\"category\" data-term-id=\"219\"><span class=\"tg-item-term\" >2019<\/span><\/a><span>, <\/span><a class=\"filtres_des_entreprises\" href=\"https:\/\/fonds-risq.qc.ca\/en\/filtres_des_entreprises\/capitale-nationale-en\/\" rel=\"category\" data-term-id=\"130\"><span class=\"tg-item-term\" >Capitale-Nationale<\/span><\/a><span>, <\/span><a class=\"filtres_des_entreprises\" href=\"https:\/\/fonds-risq.qc.ca\/en\/filtres_des_entreprises\/capitalization-loan\/\" rel=\"category\" data-term-id=\"148\"><span class=\"tg-item-term\" >Capitalization loan<\/span><\/a><span>, <\/span><a class=\"filtres_des_entreprises\" href=\"https:\/\/fonds-risq.qc.ca\/en\/filtres_des_entreprises\/coop-en\/\" rel=\"category\" data-term-id=\"151\"><span class=\"tg-item-term\" >COOP<\/span><\/a><span>, <\/span><a class=\"filtres_des_entreprises\" href=\"https:\/\/fonds-risq.qc.ca\/en\/filtres_des_entreprises\/services-en\/\" rel=\"category\" data-term-id=\"135\"><span class=\"tg-item-term\" >Services<\/span><\/a><\/span><p class=\"tg-item-excerpt\">Poss\u00e9dant une expertise unique dans la gestion de march\u00e9 public dans la r\u00e9gion de Qu\u00e9bec, la coop\u00e9rative a su d\u00e9velopper ses propres outils de gestion. Apr\u00e8s plusieurs r\u00e9flexions sur l'avenir du march\u00e9 du Vieux-Port, la ville de Qu\u00e9bec...<\/p><div class=\"tg-item-footer\"><a class=\"tg-item-comment\" href=\"https:\/\/fonds-risq.qc.ca\/en\/entreprise\/cooperative-horticulteurs-de-quebec\/\"  target=\"_self\">No comment<\/a><span class=\"no-ajaxy to-post-like no-liked empty-heart\" data-post-id=\"8026\" title=\"Like\"><span class=\"to-heart-icon\"><svg xmlns=\"http:\/\/www.w3.org\/2000\/svg\" version=\"1.1\" viewBox=\"0 0 64 64\"><g transform=\"translate(0, 0)\"><path stroke-width=\"6\" stroke-linecap=\"square\" stroke-miterlimit=\"10\" d=\"M1,21c0,20,31,38,31,38s31-18,31-38 c0-8.285-6-16-15-16c-8.285,0-16,5.715-16,14c0-8.285-7.715-14-16-14C7,5,1,12.715,1,21z\"><\/path><\/g><\/svg><\/span><span class=\"to-like-count\">0<\/span><\/span><\/div><\/div><\/div><\/article><!-- The Grid item #264 --><article class=\"tg-item tg-post-8013 kampala f223 f148 f172 f151 f127 f174\" data-row=\"1\" data-col=\"1\"><div class=\"tg-item-inner\"><div class=\"tg-item-media-holder tg-light\"><div class=\"tg-item-media-inner\"><img decoding=\"async\" class=\"tg-item-image\" alt=\"\" width=\"270\" height=\"187\" src=\"https:\/\/fonds-risq.qc.ca\/wp-content\/uploads\/2019\/05\/radio-des-sourcces.2.jpg\"><\/div><div class=\"tg-center-holder\"><div class=\"tg-center-inner\"><div class=\"tg-item-overlay\"><\/div><a class=\"tg-link-button\" href=\"https:\/\/fonds-risq.qc.ca\/en\/entreprise\/cooperative-radio-web-media-sources\/\" target=\"_self\"><i class=\"tg-icon-link\"><\/i><\/a><\/div><\/div><div class=\"tg-item-decoration\"><div class=\"triangle-down-right\" style=\"border-color:#0097c8\"><\/div><\/div><div class=\"tg-item-share-holder\"><div class=\"triangle-up-left\" style=\"border-color:rgba(22,22,22,0.65)\"><\/div><i class=\"tg-icon-reply\" style=\"color:#ffffff\"><\/i><div class=\"tg-share-icons\"><a class=\"tg-social-share tg-facebook\" href=\"https:\/\/www.facebook.com\/sharer.php?u=https%3A%2F%2Ffonds-risq.qc.ca%2Fen%2Fentreprise%2Fcooperative-radio-web-media-sources%2F&#038;t=Coop%C3%A9rative%20Radio%20web%20M%C3%A9dia%20des%20Sources\"><i class=\"tg-icon-facebook\"><\/i><\/a><a class=\"tg-social-share tg-twitter\" href=\"https:\/\/twitter.com\/share?url=https%3A%2F%2Ffonds-risq.qc.ca%2Fen%2Fentreprise%2Fcooperative-radio-web-media-sources%2F&#038;text=Coop%C3%A9rative%20Radio%20web%20M%C3%A9dia%20des%20Sources\"><i class=\"tg-icon-twitter\"><\/i><\/a><a class=\"tg-social-share tg-google-plus\" href=\"https:\/\/plus.google.com\/share?url=https%3A%2F%2Ffonds-risq.qc.ca%2Fen%2Fentreprise%2Fcooperative-radio-web-media-sources%2F\"><i class=\"tg-icon-google-plus\"><\/i><\/a><a class=\"tg-social-share tg-pinterest\" href=\"https:\/\/pinterest.com\/pin\/create\/button\/?url=https%3A%2F%2Ffonds-risq.qc.ca%2Fen%2Fentreprise%2Fcooperative-radio-web-media-sources%2F&#038;description=Coop%C3%A9rative%20Radio%20web%20M%C3%A9dia%20des%20Sources&#038;media=https%3A%2F%2Ffonds-risq.qc.ca%2Fwp-content%2Fuploads%2F2019%2F05%2Fradio-des-sourcces.2.jpg\"><i class=\"tg-icon-pinterest\"><\/i><\/a><\/div><\/div><\/div><div class=\"tg-item-content-holder tg-light image-format\" style=\"background-color:#0097c8\"><span class=\"tg-item-date\">21 May 2019<\/span><h2 class=\"tg-item-title\"><a href=\"https:\/\/fonds-risq.qc.ca\/en\/entreprise\/cooperative-radio-web-media-sources\/\" target=\"_self\">Coop\u00e9rative Radio web M\u00e9dia des Sources<\/a><\/h2><span class=\"tg-cats-holder\"><a class=\"filtres_des_entreprises\" href=\"https:\/\/fonds-risq.qc.ca\/en\/filtres_des_entreprises\/2018-en\/\" rel=\"category\" data-term-id=\"223\"><span class=\"tg-item-term\" >2018<\/span><\/a><span>, <\/span><a class=\"filtres_des_entreprises\" href=\"https:\/\/fonds-risq.qc.ca\/en\/filtres_des_entreprises\/capitalization-loan\/\" rel=\"category\" data-term-id=\"148\"><span class=\"tg-item-term\" >Capitalization loan<\/span><\/a><span>, <\/span><a class=\"filtres_des_entreprises\" href=\"https:\/\/fonds-risq.qc.ca\/en\/filtres_des_entreprises\/community-media\/\" rel=\"category\" data-term-id=\"172\"><span class=\"tg-item-term\" >Community Media<\/span><\/a><span>, <\/span><a class=\"filtres_des_entreprises\" href=\"https:\/\/fonds-risq.qc.ca\/en\/filtres_des_entreprises\/coop-en\/\" rel=\"category\" data-term-id=\"151\"><span class=\"tg-item-term\" >COOP<\/span><\/a><span>, <\/span><a class=\"filtres_des_entreprises\" href=\"https:\/\/fonds-risq.qc.ca\/en\/filtres_des_entreprises\/estrie-en\/\" rel=\"category\" data-term-id=\"127\"><span class=\"tg-item-term\" >Estrie<\/span><\/a><span>, <\/span><a class=\"filtres_des_entreprises\" href=\"https:\/\/fonds-risq.qc.ca\/en\/filtres_des_entreprises\/radio-en\/\" rel=\"category\" data-term-id=\"174\"><span class=\"tg-item-term\" >Radio<\/span><\/a><\/span><p class=\"tg-item-excerpt\">La Coop\u00e9rative Radio Web M\u00e9dia des Sources a \u00e9t\u00e9 constitu\u00e9e en janvier 2018 dans le but d'acqu\u00e9rir la station de radio CJAN-FM, la station de radio locale \u00e0 Asbestos. Celle-ci  informe, divertit et s'implique dans son milieu depuis 45...<\/p><div class=\"tg-item-footer\"><a class=\"tg-item-comment\" href=\"https:\/\/fonds-risq.qc.ca\/en\/entreprise\/cooperative-radio-web-media-sources\/\"  target=\"_self\">No comment<\/a><span class=\"no-ajaxy to-post-like no-liked empty-heart\" data-post-id=\"8013\" title=\"Like\"><span class=\"to-heart-icon\"><svg xmlns=\"http:\/\/www.w3.org\/2000\/svg\" version=\"1.1\" viewBox=\"0 0 64 64\"><g transform=\"translate(0, 0)\"><path stroke-width=\"6\" stroke-linecap=\"square\" stroke-miterlimit=\"10\" d=\"M1,21c0,20,31,38,31,38s31-18,31-38 c0-8.285-6-16-15-16c-8.285,0-16,5.715-16,14c0-8.285-7.715-14-16-14C7,5,1,12.715,1,21z\"><\/path><\/g><\/svg><\/span><span class=\"to-like-count\">0<\/span><\/span><\/div><\/div><\/div><\/article><!-- The Grid item #265 --><article class=\"tg-item tg-post-7999 kampala f219 f134 f148 f128 f150\" data-row=\"1\" data-col=\"1\"><div class=\"tg-item-inner\"><div class=\"tg-item-media-holder tg-light\"><div class=\"tg-item-media-inner\"><img decoding=\"async\" class=\"tg-item-image\" alt=\"\" width=\"1080\" height=\"720\" src=\"https:\/\/fonds-risq.qc.ca\/wp-content\/uploads\/2019\/05\/PJE.jpg\"><\/div><div class=\"tg-center-holder\"><div class=\"tg-center-inner\"><div class=\"tg-item-overlay\"><\/div><a class=\"tg-link-button\" href=\"https:\/\/fonds-risq.qc.ca\/en\/entreprise\/productions-jeunest\/\" target=\"_self\"><i class=\"tg-icon-link\"><\/i><\/a><\/div><\/div><div class=\"tg-item-decoration\"><div class=\"triangle-down-right\" style=\"border-color:#0097c8\"><\/div><\/div><div class=\"tg-item-share-holder\"><div class=\"triangle-up-left\" style=\"border-color:rgba(22,22,22,0.65)\"><\/div><i class=\"tg-icon-reply\" style=\"color:#ffffff\"><\/i><div class=\"tg-share-icons\"><a class=\"tg-social-share tg-facebook\" href=\"https:\/\/www.facebook.com\/sharer.php?u=https%3A%2F%2Ffonds-risq.qc.ca%2Fen%2Fentreprise%2Fproductions-jeunest%2F&#038;t=Productions%20Jeun%E2%80%99Est\"><i class=\"tg-icon-facebook\"><\/i><\/a><a class=\"tg-social-share tg-twitter\" href=\"https:\/\/twitter.com\/share?url=https%3A%2F%2Ffonds-risq.qc.ca%2Fen%2Fentreprise%2Fproductions-jeunest%2F&#038;text=Productions%20Jeun%E2%80%99Est\"><i class=\"tg-icon-twitter\"><\/i><\/a><a class=\"tg-social-share tg-google-plus\" href=\"https:\/\/plus.google.com\/share?url=https%3A%2F%2Ffonds-risq.qc.ca%2Fen%2Fentreprise%2Fproductions-jeunest%2F\"><i class=\"tg-icon-google-plus\"><\/i><\/a><a class=\"tg-social-share tg-pinterest\" href=\"https:\/\/pinterest.com\/pin\/create\/button\/?url=https%3A%2F%2Ffonds-risq.qc.ca%2Fen%2Fentreprise%2Fproductions-jeunest%2F&#038;description=Productions%20Jeun%E2%80%99Est&#038;media=https%3A%2F%2Ffonds-risq.qc.ca%2Fwp-content%2Fuploads%2F2019%2F05%2FPJE.jpg\"><i class=\"tg-icon-pinterest\"><\/i><\/a><\/div><\/div><\/div><div class=\"tg-item-content-holder tg-light image-format\" style=\"background-color:#0097c8\"><span class=\"tg-item-date\">21 May 2019<\/span><h2 class=\"tg-item-title\"><a href=\"https:\/\/fonds-risq.qc.ca\/en\/entreprise\/productions-jeunest\/\" target=\"_self\">Productions Jeun&#8217;Est<\/a><\/h2><span class=\"tg-cats-holder\"><a class=\"filtres_des_entreprises\" href=\"https:\/\/fonds-risq.qc.ca\/en\/filtres_des_entreprises\/2019-en\/\" rel=\"category\" data-term-id=\"219\"><span class=\"tg-item-term\" >2019<\/span><\/a><span>, <\/span><a class=\"filtres_des_entreprises\" href=\"https:\/\/fonds-risq.qc.ca\/en\/filtres_des_entreprises\/arts-and-culture\/\" rel=\"category\" data-term-id=\"134\"><span class=\"tg-item-term\" >Arts and culture<\/span><\/a><span>, <\/span><a class=\"filtres_des_entreprises\" href=\"https:\/\/fonds-risq.qc.ca\/en\/filtres_des_entreprises\/capitalization-loan\/\" rel=\"category\" data-term-id=\"148\"><span class=\"tg-item-term\" >Capitalization loan<\/span><\/a><span>, <\/span><a class=\"filtres_des_entreprises\" href=\"https:\/\/fonds-risq.qc.ca\/en\/filtres_des_entreprises\/montreal-en\/\" rel=\"category\" data-term-id=\"128\"><span class=\"tg-item-term\" >Montr\u00e9al<\/span><\/a><span>, <\/span><a class=\"filtres_des_entreprises\" href=\"https:\/\/fonds-risq.qc.ca\/en\/filtres_des_entreprises\/npo\/\" rel=\"category\" data-term-id=\"150\"><span class=\"tg-item-term\" >NPO<\/span><\/a><\/span><p class=\"tg-item-excerpt\">Fond\u00e9e en 1996 par des professionnels de la production artistique culturelle, des communications ainsi de l\u2019intervention aupr\u00e8s des jeunes, l\u2019entreprise a \u00e9t\u00e9 cr\u00e9\u00e9e dans une volont\u00e9 de partager leurs connaissances et suite \u00e0 la...<\/p><div class=\"tg-item-footer\"><a class=\"tg-item-comment\" href=\"https:\/\/fonds-risq.qc.ca\/en\/entreprise\/productions-jeunest\/\"  target=\"_self\">No comment<\/a><span class=\"no-ajaxy to-post-like no-liked empty-heart\" data-post-id=\"7999\" title=\"Like\"><span class=\"to-heart-icon\"><svg xmlns=\"http:\/\/www.w3.org\/2000\/svg\" version=\"1.1\" viewBox=\"0 0 64 64\"><g transform=\"translate(0, 0)\"><path stroke-width=\"6\" stroke-linecap=\"square\" stroke-miterlimit=\"10\" d=\"M1,21c0,20,31,38,31,38s31-18,31-38 c0-8.285-6-16-15-16c-8.285,0-16,5.715-16,14c0-8.285-7.715-14-16-14C7,5,1,12.715,1,21z\"><\/path><\/g><\/svg><\/span><span class=\"to-like-count\">0<\/span><\/span><\/div><\/div><\/div><\/article><!-- The Grid item #266 --><article class=\"tg-item tg-post-7940 kampala f219 f148 f128 f150 f147 f158\" data-row=\"1\" data-col=\"1\"><div class=\"tg-item-inner\"><div class=\"tg-item-media-holder tg-light\"><div class=\"tg-item-media-inner\"><img decoding=\"async\" class=\"tg-item-image\" alt=\"\" width=\"2560\" height=\"1920\" src=\"https:\/\/fonds-risq.qc.ca\/wp-content\/uploads\/2019\/05\/photo1_projet_sol_img_0060-1-scaled.jpg\"><\/div><div class=\"tg-center-holder\"><div class=\"tg-center-inner\"><div class=\"tg-item-overlay\"><\/div><a class=\"tg-link-button\" href=\"https:\/\/fonds-risq.qc.ca\/en\/entreprise\/projet-sol\/\" target=\"_self\"><i class=\"tg-icon-link\"><\/i><\/a><\/div><\/div><div class=\"tg-item-decoration\"><div class=\"triangle-down-right\" style=\"border-color:#0097c8\"><\/div><\/div><div class=\"tg-item-share-holder\"><div class=\"triangle-up-left\" style=\"border-color:rgba(22,22,22,0.65)\"><\/div><i class=\"tg-icon-reply\" style=\"color:#ffffff\"><\/i><div class=\"tg-share-icons\"><a class=\"tg-social-share tg-facebook\" href=\"https:\/\/www.facebook.com\/sharer.php?u=https%3A%2F%2Ffonds-risq.qc.ca%2Fen%2Fentreprise%2Fprojet-sol%2F&#038;t=Projet%20Sol\"><i class=\"tg-icon-facebook\"><\/i><\/a><a class=\"tg-social-share tg-twitter\" href=\"https:\/\/twitter.com\/share?url=https%3A%2F%2Ffonds-risq.qc.ca%2Fen%2Fentreprise%2Fprojet-sol%2F&#038;text=Projet%20Sol\"><i class=\"tg-icon-twitter\"><\/i><\/a><a class=\"tg-social-share tg-google-plus\" href=\"https:\/\/plus.google.com\/share?url=https%3A%2F%2Ffonds-risq.qc.ca%2Fen%2Fentreprise%2Fprojet-sol%2F\"><i class=\"tg-icon-google-plus\"><\/i><\/a><a class=\"tg-social-share tg-pinterest\" href=\"https:\/\/pinterest.com\/pin\/create\/button\/?url=https%3A%2F%2Ffonds-risq.qc.ca%2Fen%2Fentreprise%2Fprojet-sol%2F&#038;description=Projet%20Sol&#038;media=https%3A%2F%2Ffonds-risq.qc.ca%2Fwp-content%2Fuploads%2F2019%2F05%2Fphoto1_projet_sol_img_0060-1-scaled.jpg\"><i class=\"tg-icon-pinterest\"><\/i><\/a><\/div><\/div><\/div><div class=\"tg-item-content-holder tg-light image-format\" style=\"background-color:#0097c8\"><span class=\"tg-item-date\">9 May 2019<\/span><h2 class=\"tg-item-title\"><a href=\"https:\/\/fonds-risq.qc.ca\/en\/entreprise\/projet-sol\/\" target=\"_self\">Projet Sol<\/a><\/h2><span class=\"tg-cats-holder\"><a class=\"filtres_des_entreprises\" href=\"https:\/\/fonds-risq.qc.ca\/en\/filtres_des_entreprises\/2019-en\/\" rel=\"category\" data-term-id=\"219\"><span class=\"tg-item-term\" >2019<\/span><\/a><span>, <\/span><a class=\"filtres_des_entreprises\" href=\"https:\/\/fonds-risq.qc.ca\/en\/filtres_des_entreprises\/capitalization-loan\/\" rel=\"category\" data-term-id=\"148\"><span class=\"tg-item-term\" >Capitalization loan<\/span><\/a><span>, <\/span><a class=\"filtres_des_entreprises\" href=\"https:\/\/fonds-risq.qc.ca\/en\/filtres_des_entreprises\/montreal-en\/\" rel=\"category\" data-term-id=\"128\"><span class=\"tg-item-term\" >Montr\u00e9al<\/span><\/a><span>, <\/span><a class=\"filtres_des_entreprises\" href=\"https:\/\/fonds-risq.qc.ca\/en\/filtres_des_entreprises\/npo\/\" rel=\"category\" data-term-id=\"150\"><span class=\"tg-item-term\" >NPO<\/span><\/a><span>, <\/span><a class=\"filtres_des_entreprises\" href=\"https:\/\/fonds-risq.qc.ca\/en\/filtres_des_entreprises\/pre-startup-loan\/\" rel=\"category\" data-term-id=\"147\"><span class=\"tg-item-term\" >Pre-startup loan<\/span><\/a><span>, <\/span><a class=\"filtres_des_entreprises\" href=\"https:\/\/fonds-risq.qc.ca\/en\/filtres_des_entreprises\/restaurant\/\" rel=\"category\" data-term-id=\"158\"><span class=\"tg-item-term\" >Restaurant<\/span><\/a><\/span><p class=\"tg-item-excerpt\">Fond\u00e9 en 2013, ProjetSol est un organisme \u00e0 but non lucratif r\u00e9sultant de l\u2019union de six entreprises d\u2019insertion du domaine alimentaire de Montr\u00e9al qui servent principalement des menus sant\u00e9. Sa mission : regrouper les ressources des...<\/p><div class=\"tg-item-footer\"><a class=\"tg-item-comment\" href=\"https:\/\/fonds-risq.qc.ca\/en\/entreprise\/projet-sol\/\"  target=\"_self\">No comment<\/a><span class=\"no-ajaxy to-post-like no-liked empty-heart\" data-post-id=\"7940\" title=\"Like\"><span class=\"to-heart-icon\"><svg xmlns=\"http:\/\/www.w3.org\/2000\/svg\" version=\"1.1\" viewBox=\"0 0 64 64\"><g transform=\"translate(0, 0)\"><path stroke-width=\"6\" stroke-linecap=\"square\" stroke-miterlimit=\"10\" d=\"M1,21c0,20,31,38,31,38s31-18,31-38 c0-8.285-6-16-15-16c-8.285,0-16,5.715-16,14c0-8.285-7.715-14-16-14C7,5,1,12.715,1,21z\"><\/path><\/g><\/svg><\/span><span class=\"to-like-count\">0<\/span><\/span><\/div><\/div><\/div><\/article><!-- The Grid item #267 --><article class=\"tg-item tg-post-7883 kampala f223 f130 f150 f147 f196\" data-row=\"1\" data-col=\"1\"><div class=\"tg-item-inner\"><div class=\"tg-item-media-holder tg-light\"><div class=\"tg-item-media-inner\"><img decoding=\"async\" class=\"tg-item-image\" alt=\"\" width=\"2040\" height=\"1530\" src=\"https:\/\/fonds-risq.qc.ca\/wp-content\/uploads\/2019\/04\/espacesinitiatives-groupe.jpg\"><\/div><div class=\"tg-center-holder\"><div class=\"tg-center-inner\"><div class=\"tg-item-overlay\"><\/div><a class=\"tg-link-button\" href=\"https:\/\/fonds-risq.qc.ca\/en\/entreprise\/eglise-saint-charles-de-limoilou-espaces-dinitiatives\/\" target=\"_self\"><i class=\"tg-icon-link\"><\/i><\/a><\/div><\/div><div class=\"tg-item-decoration\"><div class=\"triangle-down-right\" style=\"border-color:#ee4224\"><\/div><\/div><div class=\"tg-item-share-holder\"><div class=\"triangle-up-left\" style=\"border-color:rgba(22,22,22,0.65)\"><\/div><i class=\"tg-icon-reply\" style=\"color:#ffffff\"><\/i><div class=\"tg-share-icons\"><a class=\"tg-social-share tg-facebook\" href=\"https:\/\/www.facebook.com\/sharer.php?u=https%3A%2F%2Ffonds-risq.qc.ca%2Fen%2Fentreprise%2Feglise-saint-charles-de-limoilou-espaces-dinitiatives%2F&#038;t=%C3%89glise%20Saint-Charles%20de%20Limoilou%20%3A%20espaces%20d%E2%80%99initiatives\"><i class=\"tg-icon-facebook\"><\/i><\/a><a class=\"tg-social-share tg-twitter\" href=\"https:\/\/twitter.com\/share?url=https%3A%2F%2Ffonds-risq.qc.ca%2Fen%2Fentreprise%2Feglise-saint-charles-de-limoilou-espaces-dinitiatives%2F&#038;text=%C3%89glise%20Saint-Charles%20de%20Limoilou%20%3A%20espaces%20d%E2%80%99initiatives\"><i class=\"tg-icon-twitter\"><\/i><\/a><a class=\"tg-social-share tg-google-plus\" href=\"https:\/\/plus.google.com\/share?url=https%3A%2F%2Ffonds-risq.qc.ca%2Fen%2Fentreprise%2Feglise-saint-charles-de-limoilou-espaces-dinitiatives%2F\"><i class=\"tg-icon-google-plus\"><\/i><\/a><a class=\"tg-social-share tg-pinterest\" href=\"https:\/\/pinterest.com\/pin\/create\/button\/?url=https%3A%2F%2Ffonds-risq.qc.ca%2Fen%2Fentreprise%2Feglise-saint-charles-de-limoilou-espaces-dinitiatives%2F&#038;description=%C3%89glise%20Saint-Charles%20de%20Limoilou%20%3A%20espaces%20d%E2%80%99initiatives&#038;media=https%3A%2F%2Ffonds-risq.qc.ca%2Fwp-content%2Fuploads%2F2019%2F04%2Fespacesinitiatives-groupe.jpg\"><i class=\"tg-icon-pinterest\"><\/i><\/a><\/div><\/div><\/div><div class=\"tg-item-content-holder tg-light image-format\" style=\"background-color:#ee4224\"><span class=\"tg-item-date\">17 April 2019<\/span><h2 class=\"tg-item-title\"><a href=\"https:\/\/fonds-risq.qc.ca\/en\/entreprise\/eglise-saint-charles-de-limoilou-espaces-dinitiatives\/\" target=\"_self\">\u00c9glise Saint-Charles de Limoilou : espaces d&#8217;initiatives<\/a><\/h2><span class=\"tg-cats-holder\"><a class=\"filtres_des_entreprises\" href=\"https:\/\/fonds-risq.qc.ca\/en\/filtres_des_entreprises\/2018-en\/\" rel=\"category\" data-term-id=\"223\"><span class=\"tg-item-term\" >2018<\/span><\/a><span>, <\/span><a class=\"filtres_des_entreprises\" href=\"https:\/\/fonds-risq.qc.ca\/en\/filtres_des_entreprises\/capitale-nationale-en\/\" rel=\"category\" data-term-id=\"130\"><span class=\"tg-item-term\" >Capitale-Nationale<\/span><\/a><span>, <\/span><a class=\"filtres_des_entreprises\" href=\"https:\/\/fonds-risq.qc.ca\/en\/filtres_des_entreprises\/npo\/\" rel=\"category\" data-term-id=\"150\"><span class=\"tg-item-term\" >NPO<\/span><\/a><span>, <\/span><a class=\"filtres_des_entreprises\" href=\"https:\/\/fonds-risq.qc.ca\/en\/filtres_des_entreprises\/pre-startup-loan\/\" rel=\"category\" data-term-id=\"147\"><span class=\"tg-item-term\" >Pre-startup loan<\/span><\/a><span>, <\/span><a class=\"filtres_des_entreprises\" href=\"https:\/\/fonds-risq.qc.ca\/en\/filtres_des_entreprises\/services-immobiliers-en\/\" rel=\"category\" data-term-id=\"196\"><span class=\"tg-item-term\" >Services immobiliers<\/span><\/a><\/span><p class=\"tg-item-excerpt\">Le projet Espaces d\u2019initiatives est une initiative de r\u00e9sidents de Limoilou. Ils ont cr\u00e9\u00e9 cet organisme afin de travailler \u00e0 la requalification de l\u2019\u00e9glise Saint-Charles de Limoilou pour y d\u00e9velopper une coop\u00e9rative d\u2019espaces...<\/p><div class=\"tg-item-footer\"><a class=\"tg-item-comment\" href=\"https:\/\/fonds-risq.qc.ca\/en\/entreprise\/eglise-saint-charles-de-limoilou-espaces-dinitiatives\/\"  target=\"_self\">No comment<\/a><span class=\"no-ajaxy to-post-like no-liked empty-heart\" data-post-id=\"7883\" title=\"Like\"><span class=\"to-heart-icon\"><svg xmlns=\"http:\/\/www.w3.org\/2000\/svg\" version=\"1.1\" viewBox=\"0 0 64 64\"><g transform=\"translate(0, 0)\"><path stroke-width=\"6\" stroke-linecap=\"square\" stroke-miterlimit=\"10\" d=\"M1,21c0,20,31,38,31,38s31-18,31-38 c0-8.285-6-16-15-16c-8.285,0-16,5.715-16,14c0-8.285-7.715-14-16-14C7,5,1,12.715,1,21z\"><\/path><\/g><\/svg><\/span><span class=\"to-like-count\">0<\/span><\/span><\/div><\/div><\/div><\/article><!-- The Grid item #268 --><article class=\"tg-item tg-post-7832 kampala f222 f148 f128 f150 f135\" data-row=\"1\" data-col=\"1\"><div class=\"tg-item-inner\"><div class=\"tg-item-media-holder tg-light\"><div class=\"tg-item-media-inner\"><img decoding=\"async\" class=\"tg-item-image\" alt=\"\" width=\"540\" height=\"960\" src=\"https:\/\/fonds-risq.qc.ca\/wp-content\/uploads\/2019\/04\/lespacemaker2.jpg\"><\/div><div class=\"tg-center-holder\"><div class=\"tg-center-inner\"><div class=\"tg-item-overlay\"><\/div><a class=\"tg-link-button\" href=\"https:\/\/fonds-risq.qc.ca\/en\/entreprise\/lespacemaker\/\" target=\"_self\"><i class=\"tg-icon-link\"><\/i><\/a><\/div><\/div><div class=\"tg-item-decoration\"><div class=\"triangle-down-right\" style=\"border-color:#0097c8\"><\/div><\/div><div class=\"tg-item-share-holder\"><div class=\"triangle-up-left\" style=\"border-color:rgba(22,22,22,0.65)\"><\/div><i class=\"tg-icon-reply\" style=\"color:#ffffff\"><\/i><div class=\"tg-share-icons\"><a class=\"tg-social-share tg-facebook\" href=\"https:\/\/www.facebook.com\/sharer.php?u=https%3A%2F%2Ffonds-risq.qc.ca%2Fen%2Fentreprise%2Flespacemaker%2F&#038;t=Lespacemaker\"><i class=\"tg-icon-facebook\"><\/i><\/a><a class=\"tg-social-share tg-twitter\" href=\"https:\/\/twitter.com\/share?url=https%3A%2F%2Ffonds-risq.qc.ca%2Fen%2Fentreprise%2Flespacemaker%2F&#038;text=Lespacemaker\"><i class=\"tg-icon-twitter\"><\/i><\/a><a class=\"tg-social-share tg-google-plus\" href=\"https:\/\/plus.google.com\/share?url=https%3A%2F%2Ffonds-risq.qc.ca%2Fen%2Fentreprise%2Flespacemaker%2F\"><i class=\"tg-icon-google-plus\"><\/i><\/a><a class=\"tg-social-share tg-pinterest\" href=\"https:\/\/pinterest.com\/pin\/create\/button\/?url=https%3A%2F%2Ffonds-risq.qc.ca%2Fen%2Fentreprise%2Flespacemaker%2F&#038;description=Lespacemaker&#038;media=https%3A%2F%2Ffonds-risq.qc.ca%2Fwp-content%2Fuploads%2F2019%2F04%2Flespacemaker2.jpg\"><i class=\"tg-icon-pinterest\"><\/i><\/a><\/div><\/div><\/div><div class=\"tg-item-content-holder tg-light image-format\" style=\"background-color:#0097c8\"><span class=\"tg-item-date\">1 April 2019<\/span><h2 class=\"tg-item-title\"><a href=\"https:\/\/fonds-risq.qc.ca\/en\/entreprise\/lespacemaker\/\" target=\"_self\">Lespacemaker<\/a><\/h2><span class=\"tg-cats-holder\"><a class=\"filtres_des_entreprises\" href=\"https:\/\/fonds-risq.qc.ca\/en\/filtres_des_entreprises\/2017-en\/\" rel=\"category\" data-term-id=\"222\"><span class=\"tg-item-term\" >2017<\/span><\/a><span>, <\/span><a class=\"filtres_des_entreprises\" href=\"https:\/\/fonds-risq.qc.ca\/en\/filtres_des_entreprises\/capitalization-loan\/\" rel=\"category\" data-term-id=\"148\"><span class=\"tg-item-term\" >Capitalization loan<\/span><\/a><span>, <\/span><a class=\"filtres_des_entreprises\" href=\"https:\/\/fonds-risq.qc.ca\/en\/filtres_des_entreprises\/montreal-en\/\" rel=\"category\" data-term-id=\"128\"><span class=\"tg-item-term\" >Montr\u00e9al<\/span><\/a><span>, <\/span><a class=\"filtres_des_entreprises\" href=\"https:\/\/fonds-risq.qc.ca\/en\/filtres_des_entreprises\/npo\/\" rel=\"category\" data-term-id=\"150\"><span class=\"tg-item-term\" >NPO<\/span><\/a><span>, <\/span><a class=\"filtres_des_entreprises\" href=\"https:\/\/fonds-risq.qc.ca\/en\/filtres_des_entreprises\/services-en\/\" rel=\"category\" data-term-id=\"135\"><span class=\"tg-item-term\" >Services<\/span><\/a><\/span><p class=\"tg-item-excerpt\">Lespacemaker est n\u00e9 d'une volont\u00e9 de supporter l\u2019\u00e9mergence du talent professionnel local et encourager l\u2019implication\r\nparticipative citoyenne. Ainsi, la mission de l\u2019organisme est d\u2019offrir un espace collaboratif de fabrication,...<\/p><div class=\"tg-item-footer\"><a class=\"tg-item-comment\" href=\"https:\/\/fonds-risq.qc.ca\/en\/entreprise\/lespacemaker\/\"  target=\"_self\">No comment<\/a><span class=\"no-ajaxy to-post-like no-liked empty-heart\" data-post-id=\"7832\" title=\"Like\"><span class=\"to-heart-icon\"><svg xmlns=\"http:\/\/www.w3.org\/2000\/svg\" version=\"1.1\" viewBox=\"0 0 64 64\"><g transform=\"translate(0, 0)\"><path stroke-width=\"6\" stroke-linecap=\"square\" stroke-miterlimit=\"10\" d=\"M1,21c0,20,31,38,31,38s31-18,31-38 c0-8.285-6-16-15-16c-8.285,0-16,5.715-16,14c0-8.285-7.715-14-16-14C7,5,1,12.715,1,21z\"><\/path><\/g><\/svg><\/span><span class=\"to-like-count\">0<\/span><\/span><\/div><\/div><\/div><\/article><!-- The Grid item #269 --><article class=\"tg-item tg-post-7815 kampala f219 f164 f151 f137 f146\" data-row=\"1\" data-col=\"1\"><div class=\"tg-item-inner\"><div class=\"tg-item-media-holder tg-light\"><div class=\"tg-item-media-inner\"><img decoding=\"async\" class=\"tg-item-image\" alt=\"\" width=\"800\" height=\"346\" src=\"https:\/\/fonds-risq.qc.ca\/wp-content\/uploads\/2019\/03\/map_small-ste-helene.jpg\"><\/div><div class=\"tg-center-holder\"><div class=\"tg-center-inner\"><div class=\"tg-item-overlay\"><\/div><a class=\"tg-link-button\" href=\"https:\/\/fonds-risq.qc.ca\/en\/entreprise\/cs-des-trotteurs\/\" target=\"_self\"><i class=\"tg-icon-link\"><\/i><\/a><\/div><\/div><div class=\"tg-item-decoration\"><div class=\"triangle-down-right\" style=\"border-color:#b7c634\"><\/div><\/div><div class=\"tg-item-share-holder\"><div class=\"triangle-up-left\" style=\"border-color:rgba(22,22,22,0.65)\"><\/div><i class=\"tg-icon-reply\" style=\"color:#ffffff\"><\/i><div class=\"tg-share-icons\"><a class=\"tg-social-share tg-facebook\" href=\"https:\/\/www.facebook.com\/sharer.php?u=https%3A%2F%2Ffonds-risq.qc.ca%2Fen%2Fentreprise%2Fcs-des-trotteurs%2F&#038;t=CS%20des%20Trotteurs\"><i class=\"tg-icon-facebook\"><\/i><\/a><a class=\"tg-social-share tg-twitter\" href=\"https:\/\/twitter.com\/share?url=https%3A%2F%2Ffonds-risq.qc.ca%2Fen%2Fentreprise%2Fcs-des-trotteurs%2F&#038;text=CS%20des%20Trotteurs\"><i class=\"tg-icon-twitter\"><\/i><\/a><a class=\"tg-social-share tg-google-plus\" href=\"https:\/\/plus.google.com\/share?url=https%3A%2F%2Ffonds-risq.qc.ca%2Fen%2Fentreprise%2Fcs-des-trotteurs%2F\"><i class=\"tg-icon-google-plus\"><\/i><\/a><a class=\"tg-social-share tg-pinterest\" href=\"https:\/\/pinterest.com\/pin\/create\/button\/?url=https%3A%2F%2Ffonds-risq.qc.ca%2Fen%2Fentreprise%2Fcs-des-trotteurs%2F&#038;description=CS%20des%20Trotteurs&#038;media=https%3A%2F%2Ffonds-risq.qc.ca%2Fwp-content%2Fuploads%2F2019%2F03%2Fmap_small-ste-helene.jpg\"><i class=\"tg-icon-pinterest\"><\/i><\/a><\/div><\/div><\/div><div class=\"tg-item-content-holder tg-light image-format\" style=\"background-color:#b7c634\"><span class=\"tg-item-date\">28 March 2019<\/span><h2 class=\"tg-item-title\"><a href=\"https:\/\/fonds-risq.qc.ca\/en\/entreprise\/cs-des-trotteurs\/\" target=\"_self\">CS des Trotteurs<\/a><\/h2><span class=\"tg-cats-holder\"><a class=\"filtres_des_entreprises\" href=\"https:\/\/fonds-risq.qc.ca\/en\/filtres_des_entreprises\/2019-en\/\" rel=\"category\" data-term-id=\"219\"><span class=\"tg-item-term\" >2019<\/span><\/a><span>, <\/span><a class=\"filtres_des_entreprises\" href=\"https:\/\/fonds-risq.qc.ca\/en\/filtres_des_entreprises\/centre-du-quebec-en\/\" rel=\"category\" data-term-id=\"164\"><span class=\"tg-item-term\" >Centre-du-Qu\u00e9bec<\/span><\/a><span>, <\/span><a class=\"filtres_des_entreprises\" href=\"https:\/\/fonds-risq.qc.ca\/en\/filtres_des_entreprises\/coop-en\/\" rel=\"category\" data-term-id=\"151\"><span class=\"tg-item-term\" >COOP<\/span><\/a><span>, <\/span><a class=\"filtres_des_entreprises\" href=\"https:\/\/fonds-risq.qc.ca\/en\/filtres_des_entreprises\/retail-business\/\" rel=\"category\" data-term-id=\"137\"><span class=\"tg-item-term\" >Retail business<\/span><\/a><span>, <\/span><a class=\"filtres_des_entreprises\" href=\"https:\/\/fonds-risq.qc.ca\/en\/filtres_des_entreprises\/pret-pour-aide-technique-en\/\" rel=\"category\" data-term-id=\"146\"><span class=\"tg-item-term\" >Technical assistance loan<\/span><\/a><\/span><p class=\"tg-item-excerpt\">Des citoyens de la r\u00e9gion de Sainte-H\u00e9l\u00e8ne de Chester ont d\u00e9cid\u00e9 de se prendre en main et de d\u00e9marrer des services de proximit\u00e9 pour aider leur communaut\u00e9. La coop\u00e9rative souhaite offrir un service d'\u00e9picerie, d'essence, un comptoir...<\/p><div class=\"tg-item-footer\"><a class=\"tg-item-comment\" href=\"https:\/\/fonds-risq.qc.ca\/en\/entreprise\/cs-des-trotteurs\/\"  target=\"_self\">No comment<\/a><span class=\"no-ajaxy to-post-like no-liked empty-heart\" data-post-id=\"7815\" title=\"Like\"><span class=\"to-heart-icon\"><svg xmlns=\"http:\/\/www.w3.org\/2000\/svg\" version=\"1.1\" viewBox=\"0 0 64 64\"><g transform=\"translate(0, 0)\"><path stroke-width=\"6\" stroke-linecap=\"square\" stroke-miterlimit=\"10\" d=\"M1,21c0,20,31,38,31,38s31-18,31-38 c0-8.285-6-16-15-16c-8.285,0-16,5.715-16,14c0-8.285-7.715-14-16-14C7,5,1,12.715,1,21z\"><\/path><\/g><\/svg><\/span><span class=\"to-like-count\">0<\/span><\/span><\/div><\/div><\/div><\/article><!-- The Grid item #270 --><article class=\"tg-item tg-post-7799 kampala f221 f131 f151 f194 f135 f146\" data-row=\"1\" data-col=\"1\"><div class=\"tg-item-inner\"><div class=\"tg-item-media-holder tg-light\"><div class=\"tg-item-media-inner\"><img decoding=\"async\" class=\"tg-item-image\" alt=\"\" width=\"500\" height=\"375\" src=\"https:\/\/fonds-risq.qc.ca\/wp-content\/uploads\/2019\/03\/Photo-CFM.jpg\"><\/div><div class=\"tg-center-holder\"><div class=\"tg-center-inner\"><div class=\"tg-item-overlay\"><\/div><a class=\"tg-link-button\" href=\"https:\/\/fonds-risq.qc.ca\/en\/entreprise\/energie-cfm\/\" target=\"_self\"><i class=\"tg-icon-link\"><\/i><\/a><\/div><\/div><div class=\"tg-item-decoration\"><div class=\"triangle-down-right\" style=\"border-color:#b7c634\"><\/div><\/div><div class=\"tg-item-share-holder\"><div class=\"triangle-up-left\" style=\"border-color:rgba(22,22,22,0.65)\"><\/div><i class=\"tg-icon-reply\" style=\"color:#ffffff\"><\/i><div class=\"tg-share-icons\"><a class=\"tg-social-share tg-facebook\" href=\"https:\/\/www.facebook.com\/sharer.php?u=https%3A%2F%2Ffonds-risq.qc.ca%2Fen%2Fentreprise%2Fenergie-cfm%2F&#038;t=%C3%89nergie%20CFM\"><i class=\"tg-icon-facebook\"><\/i><\/a><a class=\"tg-social-share tg-twitter\" href=\"https:\/\/twitter.com\/share?url=https%3A%2F%2Ffonds-risq.qc.ca%2Fen%2Fentreprise%2Fenergie-cfm%2F&#038;text=%C3%89nergie%20CFM\"><i class=\"tg-icon-twitter\"><\/i><\/a><a class=\"tg-social-share tg-google-plus\" href=\"https:\/\/plus.google.com\/share?url=https%3A%2F%2Ffonds-risq.qc.ca%2Fen%2Fentreprise%2Fenergie-cfm%2F\"><i class=\"tg-icon-google-plus\"><\/i><\/a><a class=\"tg-social-share tg-pinterest\" href=\"https:\/\/pinterest.com\/pin\/create\/button\/?url=https%3A%2F%2Ffonds-risq.qc.ca%2Fen%2Fentreprise%2Fenergie-cfm%2F&#038;description=%C3%89nergie%20CFM&#038;media=https%3A%2F%2Ffonds-risq.qc.ca%2Fwp-content%2Fuploads%2F2019%2F03%2FPhoto-CFM.jpg\"><i class=\"tg-icon-pinterest\"><\/i><\/a><\/div><\/div><\/div><div class=\"tg-item-content-holder tg-light image-format\" style=\"background-color:#b7c634\"><span class=\"tg-item-date\">26 March 2019<\/span><h2 class=\"tg-item-title\"><a href=\"https:\/\/fonds-risq.qc.ca\/en\/entreprise\/energie-cfm\/\" target=\"_self\">\u00c9nergie CFM<\/a><\/h2><span class=\"tg-cats-holder\"><a class=\"filtres_des_entreprises\" href=\"https:\/\/fonds-risq.qc.ca\/en\/filtres_des_entreprises\/2015-en\/\" rel=\"category\" data-term-id=\"221\"><span class=\"tg-item-term\" >2015<\/span><\/a><span>, <\/span><a class=\"filtres_des_entreprises\" href=\"https:\/\/fonds-risq.qc.ca\/en\/filtres_des_entreprises\/bas-saint-laurent-en\/\" rel=\"category\" data-term-id=\"131\"><span class=\"tg-item-term\" >Bas-Saint-Laurent<\/span><\/a><span>, <\/span><a class=\"filtres_des_entreprises\" href=\"https:\/\/fonds-risq.qc.ca\/en\/filtres_des_entreprises\/coop-en\/\" rel=\"category\" data-term-id=\"151\"><span class=\"tg-item-term\" >COOP<\/span><\/a><span>, <\/span><a class=\"filtres_des_entreprises\" href=\"https:\/\/fonds-risq.qc.ca\/en\/filtres_des_entreprises\/foresterie-en\/\" rel=\"category\" data-term-id=\"194\"><span class=\"tg-item-term\" >Foresterie<\/span><\/a><span>, <\/span><a class=\"filtres_des_entreprises\" href=\"https:\/\/fonds-risq.qc.ca\/en\/filtres_des_entreprises\/services-en\/\" rel=\"category\" data-term-id=\"135\"><span class=\"tg-item-term\" >Services<\/span><\/a><span>, <\/span><a class=\"filtres_des_entreprises\" href=\"https:\/\/fonds-risq.qc.ca\/en\/filtres_des_entreprises\/pret-pour-aide-technique-en\/\" rel=\"category\" data-term-id=\"146\"><span class=\"tg-item-term\" >Technical assistance loan<\/span><\/a><\/span><p class=\"tg-item-excerpt\">Fortement enracin\u00e9e dans son milieu, la Coop\u00e9rative foresti\u00e8re de la Matap\u00e9dia cr\u00e9e des emplois durables et de qualit\u00e9 pour ses membres dans le domaine des op\u00e9rations foresti\u00e8res, de la transformation de produits de bois, de la vente...<\/p><div class=\"tg-item-footer\"><a class=\"tg-item-comment\" href=\"https:\/\/fonds-risq.qc.ca\/en\/entreprise\/energie-cfm\/\"  target=\"_self\">No comment<\/a><span class=\"no-ajaxy to-post-like no-liked empty-heart\" data-post-id=\"7799\" title=\"Like\"><span class=\"to-heart-icon\"><svg xmlns=\"http:\/\/www.w3.org\/2000\/svg\" version=\"1.1\" viewBox=\"0 0 64 64\"><g transform=\"translate(0, 0)\"><path stroke-width=\"6\" stroke-linecap=\"square\" stroke-miterlimit=\"10\" d=\"M1,21c0,20,31,38,31,38s31-18,31-38 c0-8.285-6-16-15-16c-8.285,0-16,5.715-16,14c0-8.285-7.715-14-16-14C7,5,1,12.715,1,21z\"><\/path><\/g><\/svg><\/span><span class=\"to-like-count\">0<\/span><\/span><\/div><\/div><\/div><\/article><!-- The Grid item #271 --><article class=\"tg-item tg-post-7716 kampala f223 f151 f199 f133 f146\" data-row=\"1\" data-col=\"1\"><div class=\"tg-item-inner\"><div class=\"tg-item-media-holder tg-light\"><div class=\"tg-item-media-inner\"><img decoding=\"async\" class=\"tg-item-image\" alt=\"\" width=\"825\" height=\"510\" src=\"https:\/\/fonds-risq.qc.ca\/wp-content\/uploads\/2019\/03\/POHE-construction-1921518_960_720-4-825x510.png\"><\/div><div class=\"tg-center-holder\"><div class=\"tg-center-inner\"><div class=\"tg-item-overlay\"><\/div><a class=\"tg-link-button\" href=\"https:\/\/fonds-risq.qc.ca\/en\/entreprise\/cooppohe\/\" target=\"_self\"><i class=\"tg-icon-link\"><\/i><\/a><\/div><\/div><div class=\"tg-item-decoration\"><div class=\"triangle-down-right\" style=\"border-color:#b7c634\"><\/div><\/div><div class=\"tg-item-share-holder\"><div class=\"triangle-up-left\" style=\"border-color:rgba(22,22,22,0.65)\"><\/div><i class=\"tg-icon-reply\" style=\"color:#ffffff\"><\/i><div class=\"tg-share-icons\"><a class=\"tg-social-share tg-facebook\" href=\"https:\/\/www.facebook.com\/sharer.php?u=https%3A%2F%2Ffonds-risq.qc.ca%2Fen%2Fentreprise%2Fcooppohe%2F&#038;t=CoopPOH%C3%89\"><i class=\"tg-icon-facebook\"><\/i><\/a><a class=\"tg-social-share tg-twitter\" href=\"https:\/\/twitter.com\/share?url=https%3A%2F%2Ffonds-risq.qc.ca%2Fen%2Fentreprise%2Fcooppohe%2F&#038;text=CoopPOH%C3%89\"><i class=\"tg-icon-twitter\"><\/i><\/a><a class=\"tg-social-share tg-google-plus\" href=\"https:\/\/plus.google.com\/share?url=https%3A%2F%2Ffonds-risq.qc.ca%2Fen%2Fentreprise%2Fcooppohe%2F\"><i class=\"tg-icon-google-plus\"><\/i><\/a><a class=\"tg-social-share tg-pinterest\" href=\"https:\/\/pinterest.com\/pin\/create\/button\/?url=https%3A%2F%2Ffonds-risq.qc.ca%2Fen%2Fentreprise%2Fcooppohe%2F&#038;description=CoopPOH%C3%89&#038;media=https%3A%2F%2Ffonds-risq.qc.ca%2Fwp-content%2Fuploads%2F2019%2F03%2FPOHE-construction-1921518_960_720-4-825x510.png\"><i class=\"tg-icon-pinterest\"><\/i><\/a><\/div><\/div><\/div><div class=\"tg-item-content-holder tg-light image-format\" style=\"background-color:#b7c634\"><span class=\"tg-item-date\">1 March 2019<\/span><h2 class=\"tg-item-title\"><a href=\"https:\/\/fonds-risq.qc.ca\/en\/entreprise\/cooppohe\/\" target=\"_self\">CoopPOH\u00c9<\/a><\/h2><span class=\"tg-cats-holder\"><a class=\"filtres_des_entreprises\" href=\"https:\/\/fonds-risq.qc.ca\/en\/filtres_des_entreprises\/2018-en\/\" rel=\"category\" data-term-id=\"223\"><span class=\"tg-item-term\" >2018<\/span><\/a><span>, <\/span><a class=\"filtres_des_entreprises\" href=\"https:\/\/fonds-risq.qc.ca\/en\/filtres_des_entreprises\/coop-en\/\" rel=\"category\" data-term-id=\"151\"><span class=\"tg-item-term\" >COOP<\/span><\/a><span>, <\/span><a class=\"filtres_des_entreprises\" href=\"https:\/\/fonds-risq.qc.ca\/en\/filtres_des_entreprises\/entrepreneur-specialise-en\/\" rel=\"category\" data-term-id=\"199\"><span class=\"tg-item-term\" >Entrepreneur sp\u00e9cialis\u00e9<\/span><\/a><span>, <\/span><a class=\"filtres_des_entreprises\" href=\"https:\/\/fonds-risq.qc.ca\/en\/filtres_des_entreprises\/laurentides-en\/\" rel=\"category\" data-term-id=\"133\"><span class=\"tg-item-term\" >Laurentides<\/span><\/a><span>, <\/span><a class=\"filtres_des_entreprises\" href=\"https:\/\/fonds-risq.qc.ca\/en\/filtres_des_entreprises\/pret-pour-aide-technique-en\/\" rel=\"category\" data-term-id=\"146\"><span class=\"tg-item-term\" >Technical assistance loan<\/span><\/a><\/span><p class=\"tg-item-excerpt\">Coop POH\u00c9, Coop\u00e9rative de travailleurs pour des projets d\u2019optimisation d\u2019habitat \u00e9cologiques, rassemble une \u00e9quipe d'experts afin de b\u00e2tir une machine pour imprimer en 3D des maisons \u00e9cologiques, \u00e0 part enti\u00e8re, avec divers mat\u00e9riaux....<\/p><div class=\"tg-item-footer\"><a class=\"tg-item-comment\" href=\"https:\/\/fonds-risq.qc.ca\/en\/entreprise\/cooppohe\/\"  target=\"_self\">No comment<\/a><span class=\"no-ajaxy to-post-like no-liked empty-heart\" data-post-id=\"7716\" title=\"Like\"><span class=\"to-heart-icon\"><svg xmlns=\"http:\/\/www.w3.org\/2000\/svg\" version=\"1.1\" viewBox=\"0 0 64 64\"><g transform=\"translate(0, 0)\"><path stroke-width=\"6\" stroke-linecap=\"square\" stroke-miterlimit=\"10\" d=\"M1,21c0,20,31,38,31,38s31-18,31-38 c0-8.285-6-16-15-16c-8.285,0-16,5.715-16,14c0-8.285-7.715-14-16-14C7,5,1,12.715,1,21z\"><\/path><\/g><\/svg><\/span><span class=\"to-like-count\">0<\/span><\/span><\/div><\/div><\/div><\/article><!-- The Grid item #272 --><article class=\"tg-item tg-post-7708 kampala f223 f130 f148 f150 f137\" data-row=\"1\" data-col=\"1\"><div class=\"tg-item-inner\"><div class=\"tg-item-media-holder tg-light\"><div class=\"tg-item-media-inner\"><img decoding=\"async\" class=\"tg-item-image\" alt=\"\" width=\"959\" height=\"960\" src=\"https:\/\/fonds-risq.qc.ca\/wp-content\/uploads\/2019\/02\/Pains-sur-la-planche.jpg\"><\/div><div class=\"tg-center-holder\"><div class=\"tg-center-inner\"><div class=\"tg-item-overlay\"><\/div><a class=\"tg-link-button\" href=\"https:\/\/fonds-risq.qc.ca\/en\/entreprise\/des-pains-sur-la-planche\/\" target=\"_self\"><i class=\"tg-icon-link\"><\/i><\/a><\/div><\/div><div class=\"tg-item-decoration\"><div class=\"triangle-down-right\" style=\"border-color:#0097c8\"><\/div><\/div><div class=\"tg-item-share-holder\"><div class=\"triangle-up-left\" style=\"border-color:rgba(22,22,22,0.65)\"><\/div><i class=\"tg-icon-reply\" style=\"color:#ffffff\"><\/i><div class=\"tg-share-icons\"><a class=\"tg-social-share tg-facebook\" href=\"https:\/\/www.facebook.com\/sharer.php?u=https%3A%2F%2Ffonds-risq.qc.ca%2Fen%2Fentreprise%2Fdes-pains-sur-la-planche%2F&#038;t=Des%20Pains%20sur%20la%20planche\"><i class=\"tg-icon-facebook\"><\/i><\/a><a class=\"tg-social-share tg-twitter\" href=\"https:\/\/twitter.com\/share?url=https%3A%2F%2Ffonds-risq.qc.ca%2Fen%2Fentreprise%2Fdes-pains-sur-la-planche%2F&#038;text=Des%20Pains%20sur%20la%20planche\"><i class=\"tg-icon-twitter\"><\/i><\/a><a class=\"tg-social-share tg-google-plus\" href=\"https:\/\/plus.google.com\/share?url=https%3A%2F%2Ffonds-risq.qc.ca%2Fen%2Fentreprise%2Fdes-pains-sur-la-planche%2F\"><i class=\"tg-icon-google-plus\"><\/i><\/a><a class=\"tg-social-share tg-pinterest\" href=\"https:\/\/pinterest.com\/pin\/create\/button\/?url=https%3A%2F%2Ffonds-risq.qc.ca%2Fen%2Fentreprise%2Fdes-pains-sur-la-planche%2F&#038;description=Des%20Pains%20sur%20la%20planche&#038;media=https%3A%2F%2Ffonds-risq.qc.ca%2Fwp-content%2Fuploads%2F2019%2F02%2FPains-sur-la-planche.jpg\"><i class=\"tg-icon-pinterest\"><\/i><\/a><\/div><\/div><\/div><div class=\"tg-item-content-holder tg-light image-format\" style=\"background-color:#0097c8\"><span class=\"tg-item-date\">26 February 2019<\/span><h2 class=\"tg-item-title\"><a href=\"https:\/\/fonds-risq.qc.ca\/en\/entreprise\/des-pains-sur-la-planche\/\" target=\"_self\">Des Pains sur la planche<\/a><\/h2><span class=\"tg-cats-holder\"><a class=\"filtres_des_entreprises\" href=\"https:\/\/fonds-risq.qc.ca\/en\/filtres_des_entreprises\/2018-en\/\" rel=\"category\" data-term-id=\"223\"><span class=\"tg-item-term\" >2018<\/span><\/a><span>, <\/span><a class=\"filtres_des_entreprises\" href=\"https:\/\/fonds-risq.qc.ca\/en\/filtres_des_entreprises\/capitale-nationale-en\/\" rel=\"category\" data-term-id=\"130\"><span class=\"tg-item-term\" >Capitale-Nationale<\/span><\/a><span>, <\/span><a class=\"filtres_des_entreprises\" href=\"https:\/\/fonds-risq.qc.ca\/en\/filtres_des_entreprises\/capitalization-loan\/\" rel=\"category\" data-term-id=\"148\"><span class=\"tg-item-term\" >Capitalization loan<\/span><\/a><span>, <\/span><a class=\"filtres_des_entreprises\" href=\"https:\/\/fonds-risq.qc.ca\/en\/filtres_des_entreprises\/npo\/\" rel=\"category\" data-term-id=\"150\"><span class=\"tg-item-term\" >NPO<\/span><\/a><span>, <\/span><a class=\"filtres_des_entreprises\" href=\"https:\/\/fonds-risq.qc.ca\/en\/filtres_des_entreprises\/retail-business\/\" rel=\"category\" data-term-id=\"137\"><span class=\"tg-item-term\" >Retail business<\/span><\/a><\/span><p class=\"tg-item-excerpt\">Cette future boulangerie communautaire offrira des produits biologiques et de qualit\u00e9. Ils souhaitent travailler avec les gens du quartier pour en faire un acteur de changement dans leur communaut\u00e9. Leurs valeurs : mixit\u00e9 sociale,...<\/p><div class=\"tg-item-footer\"><a class=\"tg-item-comment\" href=\"https:\/\/fonds-risq.qc.ca\/en\/entreprise\/des-pains-sur-la-planche\/\"  target=\"_self\">No comment<\/a><span class=\"no-ajaxy to-post-like no-liked empty-heart\" data-post-id=\"7708\" title=\"Like\"><span class=\"to-heart-icon\"><svg xmlns=\"http:\/\/www.w3.org\/2000\/svg\" version=\"1.1\" viewBox=\"0 0 64 64\"><g transform=\"translate(0, 0)\"><path stroke-width=\"6\" stroke-linecap=\"square\" stroke-miterlimit=\"10\" d=\"M1,21c0,20,31,38,31,38s31-18,31-38 c0-8.285-6-16-15-16c-8.285,0-16,5.715-16,14c0-8.285-7.715-14-16-14C7,5,1,12.715,1,21z\"><\/path><\/g><\/svg><\/span><span class=\"to-like-count\">0<\/span><\/span><\/div><\/div><\/div><\/article><!-- The Grid item #273 --><article class=\"tg-item tg-post-7692 kampala f219 f131 f144 f150 f146\" data-row=\"1\" data-col=\"1\"><div class=\"tg-item-inner\"><div class=\"tg-item-media-holder tg-light\"><div class=\"tg-item-media-inner\"><img decoding=\"async\" class=\"tg-item-image\" alt=\"\" width=\"960\" height=\"540\" src=\"https:\/\/fonds-risq.qc.ca\/wp-content\/uploads\/2019\/02\/croisieres-st-laurent.jpg\"><\/div><div class=\"tg-center-holder\"><div class=\"tg-center-inner\"><div class=\"tg-item-overlay\"><\/div><a class=\"tg-link-button\" href=\"https:\/\/fonds-risq.qc.ca\/en\/entreprise\/croisieres-st-laurent\/\" target=\"_self\"><i class=\"tg-icon-link\"><\/i><\/a><\/div><\/div><div class=\"tg-item-decoration\"><div class=\"triangle-down-right\" style=\"border-color:#b7c634\"><\/div><\/div><div class=\"tg-item-share-holder\"><div class=\"triangle-up-left\" style=\"border-color:rgba(22,22,22,0.65)\"><\/div><i class=\"tg-icon-reply\" style=\"color:#ffffff\"><\/i><div class=\"tg-share-icons\"><a class=\"tg-social-share tg-facebook\" href=\"https:\/\/www.facebook.com\/sharer.php?u=https%3A%2F%2Ffonds-risq.qc.ca%2Fen%2Fentreprise%2Fcroisieres-st-laurent%2F&#038;t=Croisi%C3%A8res%20du%20St-Laurent\"><i class=\"tg-icon-facebook\"><\/i><\/a><a class=\"tg-social-share tg-twitter\" href=\"https:\/\/twitter.com\/share?url=https%3A%2F%2Ffonds-risq.qc.ca%2Fen%2Fentreprise%2Fcroisieres-st-laurent%2F&#038;text=Croisi%C3%A8res%20du%20St-Laurent\"><i class=\"tg-icon-twitter\"><\/i><\/a><a class=\"tg-social-share tg-google-plus\" href=\"https:\/\/plus.google.com\/share?url=https%3A%2F%2Ffonds-risq.qc.ca%2Fen%2Fentreprise%2Fcroisieres-st-laurent%2F\"><i class=\"tg-icon-google-plus\"><\/i><\/a><a class=\"tg-social-share tg-pinterest\" href=\"https:\/\/pinterest.com\/pin\/create\/button\/?url=https%3A%2F%2Ffonds-risq.qc.ca%2Fen%2Fentreprise%2Fcroisieres-st-laurent%2F&#038;description=Croisi%C3%A8res%20du%20St-Laurent&#038;media=https%3A%2F%2Ffonds-risq.qc.ca%2Fwp-content%2Fuploads%2F2019%2F02%2Fcroisieres-st-laurent.jpg\"><i class=\"tg-icon-pinterest\"><\/i><\/a><\/div><\/div><\/div><div class=\"tg-item-content-holder tg-light image-format\" style=\"background-color:#b7c634\"><span class=\"tg-item-date\">26 February 2019<\/span><h2 class=\"tg-item-title\"><a href=\"https:\/\/fonds-risq.qc.ca\/en\/entreprise\/croisieres-st-laurent\/\" target=\"_self\">Croisi\u00e8res du St-Laurent<\/a><\/h2><span class=\"tg-cats-holder\"><a class=\"filtres_des_entreprises\" href=\"https:\/\/fonds-risq.qc.ca\/en\/filtres_des_entreprises\/2019-en\/\" rel=\"category\" data-term-id=\"219\"><span class=\"tg-item-term\" >2019<\/span><\/a><span>, <\/span><a class=\"filtres_des_entreprises\" href=\"https:\/\/fonds-risq.qc.ca\/en\/filtres_des_entreprises\/bas-saint-laurent-en\/\" rel=\"category\" data-term-id=\"131\"><span class=\"tg-item-term\" >Bas-Saint-Laurent<\/span><\/a><span>, <\/span><a class=\"filtres_des_entreprises\" href=\"https:\/\/fonds-risq.qc.ca\/en\/filtres_des_entreprises\/leisure-tourism\/\" rel=\"category\" data-term-id=\"144\"><span class=\"tg-item-term\" >Leisure \/ Tourism<\/span><\/a><span>, <\/span><a class=\"filtres_des_entreprises\" href=\"https:\/\/fonds-risq.qc.ca\/en\/filtres_des_entreprises\/npo\/\" rel=\"category\" data-term-id=\"150\"><span class=\"tg-item-term\" >NPO<\/span><\/a><span>, <\/span><a class=\"filtres_des_entreprises\" href=\"https:\/\/fonds-risq.qc.ca\/en\/filtres_des_entreprises\/pret-pour-aide-technique-en\/\" rel=\"category\" data-term-id=\"146\"><span class=\"tg-item-term\" >Technical assistance loan<\/span><\/a><\/span><p class=\"tg-item-excerpt\">Croisi\u00e8res du Saint-Laurent regroupe l'offre des escales actives et en d\u00e9veloppement du Saint-Laurent. Source d'information strat\u00e9gique, cet OBNL est un levier de mise en march\u00e9 important pour ses membres et partenaires. \r\n\r\nIl met en...<\/p><div class=\"tg-item-footer\"><a class=\"tg-item-comment\" href=\"https:\/\/fonds-risq.qc.ca\/en\/entreprise\/croisieres-st-laurent\/\"  target=\"_self\">No comment<\/a><span class=\"no-ajaxy to-post-like no-liked empty-heart\" data-post-id=\"7692\" title=\"Like\"><span class=\"to-heart-icon\"><svg xmlns=\"http:\/\/www.w3.org\/2000\/svg\" version=\"1.1\" viewBox=\"0 0 64 64\"><g transform=\"translate(0, 0)\"><path stroke-width=\"6\" stroke-linecap=\"square\" stroke-miterlimit=\"10\" d=\"M1,21c0,20,31,38,31,38s31-18,31-38 c0-8.285-6-16-15-16c-8.285,0-16,5.715-16,14c0-8.285-7.715-14-16-14C7,5,1,12.715,1,21z\"><\/path><\/g><\/svg><\/span><span class=\"to-like-count\">0<\/span><\/span><\/div><\/div><\/div><\/article><!-- The Grid item #274 --><article class=\"tg-item tg-post-7581 kampala f223 f191 f128 f150 f146\" data-row=\"1\" data-col=\"1\"><div class=\"tg-item-inner\"><div class=\"tg-item-media-holder tg-light\"><div class=\"tg-item-media-inner\"><img decoding=\"async\" class=\"tg-item-image\" alt=\"\" width=\"960\" height=\"540\" src=\"https:\/\/fonds-risq.qc.ca\/wp-content\/uploads\/2019\/02\/lachine-lab-1.jpg\"><\/div><div class=\"tg-center-holder\"><div class=\"tg-center-inner\"><div class=\"tg-item-overlay\"><\/div><a class=\"tg-link-button\" href=\"https:\/\/fonds-risq.qc.ca\/en\/entreprise\/lachine-lab\/\" target=\"_self\"><i class=\"tg-icon-link\"><\/i><\/a><\/div><\/div><div class=\"tg-item-decoration\"><div class=\"triangle-down-right\" style=\"border-color:#b7c634\"><\/div><\/div><div class=\"tg-item-share-holder\"><div class=\"triangle-up-left\" style=\"border-color:rgba(22,22,22,0.65)\"><\/div><i class=\"tg-icon-reply\" style=\"color:#ffffff\"><\/i><div class=\"tg-share-icons\"><a class=\"tg-social-share tg-facebook\" href=\"https:\/\/www.facebook.com\/sharer.php?u=https%3A%2F%2Ffonds-risq.qc.ca%2Fen%2Fentreprise%2Flachine-lab%2F&#038;t=Lachine%20Lab\"><i class=\"tg-icon-facebook\"><\/i><\/a><a class=\"tg-social-share tg-twitter\" href=\"https:\/\/twitter.com\/share?url=https%3A%2F%2Ffonds-risq.qc.ca%2Fen%2Fentreprise%2Flachine-lab%2F&#038;text=Lachine%20Lab\"><i class=\"tg-icon-twitter\"><\/i><\/a><a class=\"tg-social-share tg-google-plus\" href=\"https:\/\/plus.google.com\/share?url=https%3A%2F%2Ffonds-risq.qc.ca%2Fen%2Fentreprise%2Flachine-lab%2F\"><i class=\"tg-icon-google-plus\"><\/i><\/a><a class=\"tg-social-share tg-pinterest\" href=\"https:\/\/pinterest.com\/pin\/create\/button\/?url=https%3A%2F%2Ffonds-risq.qc.ca%2Fen%2Fentreprise%2Flachine-lab%2F&#038;description=Lachine%20Lab&#038;media=https%3A%2F%2Ffonds-risq.qc.ca%2Fwp-content%2Fuploads%2F2019%2F02%2Flachine-lab-1.jpg\"><i class=\"tg-icon-pinterest\"><\/i><\/a><\/div><\/div><\/div><div class=\"tg-item-content-holder tg-light image-format\" style=\"background-color:#b7c634\"><span class=\"tg-item-date\">14 February 2019<\/span><h2 class=\"tg-item-title\"><a href=\"https:\/\/fonds-risq.qc.ca\/en\/entreprise\/lachine-lab\/\" target=\"_self\">Lachine Lab<\/a><\/h2><span class=\"tg-cats-holder\"><a class=\"filtres_des_entreprises\" href=\"https:\/\/fonds-risq.qc.ca\/en\/filtres_des_entreprises\/2018-en\/\" rel=\"category\" data-term-id=\"223\"><span class=\"tg-item-term\" >2018<\/span><\/a><span>, <\/span><a class=\"filtres_des_entreprises\" href=\"https:\/\/fonds-risq.qc.ca\/en\/filtres_des_entreprises\/industrie-de-linformation-en\/\" rel=\"category\" data-term-id=\"191\"><span class=\"tg-item-term\" >Industrie de l&#8217;information<\/span><\/a><span>, <\/span><a class=\"filtres_des_entreprises\" href=\"https:\/\/fonds-risq.qc.ca\/en\/filtres_des_entreprises\/montreal-en\/\" rel=\"category\" data-term-id=\"128\"><span class=\"tg-item-term\" >Montr\u00e9al<\/span><\/a><span>, <\/span><a class=\"filtres_des_entreprises\" href=\"https:\/\/fonds-risq.qc.ca\/en\/filtres_des_entreprises\/npo\/\" rel=\"category\" data-term-id=\"150\"><span class=\"tg-item-term\" >NPO<\/span><\/a><span>, <\/span><a class=\"filtres_des_entreprises\" href=\"https:\/\/fonds-risq.qc.ca\/en\/filtres_des_entreprises\/pret-pour-aide-technique-en\/\" rel=\"category\" data-term-id=\"146\"><span class=\"tg-item-term\" >Technical assistance loan<\/span><\/a><\/span><p class=\"tg-item-excerpt\">Depuis la cr\u00e9ation du Bureau de la ville intelligente et num\u00e9rique, la Ville de Montr\u00e9al cherche \u00e0 mieux desservir les citoyens avec des outils de participation adapt\u00e9s \u00e0 l\u2019\u00e8re num\u00e9rique. Pour r\u00e9pondre \u00e0 ce besoin, Lachine Lab,...<\/p><div class=\"tg-item-footer\"><a class=\"tg-item-comment\" href=\"https:\/\/fonds-risq.qc.ca\/en\/entreprise\/lachine-lab\/\"  target=\"_self\">No comment<\/a><span class=\"no-ajaxy to-post-like no-liked empty-heart\" data-post-id=\"7581\" title=\"Like\"><span class=\"to-heart-icon\"><svg xmlns=\"http:\/\/www.w3.org\/2000\/svg\" version=\"1.1\" viewBox=\"0 0 64 64\"><g transform=\"translate(0, 0)\"><path stroke-width=\"6\" stroke-linecap=\"square\" stroke-miterlimit=\"10\" d=\"M1,21c0,20,31,38,31,38s31-18,31-38 c0-8.285-6-16-15-16c-8.285,0-16,5.715-16,14c0-8.285-7.715-14-16-14C7,5,1,12.715,1,21z\"><\/path><\/g><\/svg><\/span><span class=\"to-like-count\">0<\/span><\/span><\/div><\/div><\/div><\/article><!-- The Grid item #275 --><article class=\"tg-item tg-post-7583 kampala f223 f151 f192 f156 f142 f146\" data-row=\"1\" data-col=\"1\"><div class=\"tg-item-inner\"><div class=\"tg-item-media-holder tg-light\"><div class=\"tg-item-media-inner\"><img decoding=\"async\" class=\"tg-item-image\" alt=\"\" width=\"820\" height=\"312\" src=\"https:\/\/fonds-risq.qc.ca\/wp-content\/uploads\/2019\/02\/ateliersRuisseau.png\"><\/div><div class=\"tg-center-holder\"><div class=\"tg-center-inner\"><div class=\"tg-item-overlay\"><\/div><a class=\"tg-link-button\" href=\"https:\/\/fonds-risq.qc.ca\/en\/entreprise\/les-ateliers-du-ruisseau\/\" target=\"_self\"><i class=\"tg-icon-link\"><\/i><\/a><\/div><\/div><div class=\"tg-item-decoration\"><div class=\"triangle-down-right\" style=\"border-color:#b7c634\"><\/div><\/div><div class=\"tg-item-share-holder\"><div class=\"triangle-up-left\" style=\"border-color:rgba(22,22,22,0.65)\"><\/div><i class=\"tg-icon-reply\" style=\"color:#ffffff\"><\/i><div class=\"tg-share-icons\"><a class=\"tg-social-share tg-facebook\" href=\"https:\/\/www.facebook.com\/sharer.php?u=https%3A%2F%2Ffonds-risq.qc.ca%2Fen%2Fentreprise%2Fles-ateliers-du-ruisseau%2F&#038;t=Les%20Ateliers%20du%20ruisseau\"><i class=\"tg-icon-facebook\"><\/i><\/a><a class=\"tg-social-share tg-twitter\" href=\"https:\/\/twitter.com\/share?url=https%3A%2F%2Ffonds-risq.qc.ca%2Fen%2Fentreprise%2Fles-ateliers-du-ruisseau%2F&#038;text=Les%20Ateliers%20du%20ruisseau\"><i class=\"tg-icon-twitter\"><\/i><\/a><a class=\"tg-social-share tg-google-plus\" href=\"https:\/\/plus.google.com\/share?url=https%3A%2F%2Ffonds-risq.qc.ca%2Fen%2Fentreprise%2Fles-ateliers-du-ruisseau%2F\"><i class=\"tg-icon-google-plus\"><\/i><\/a><a class=\"tg-social-share tg-pinterest\" href=\"https:\/\/pinterest.com\/pin\/create\/button\/?url=https%3A%2F%2Ffonds-risq.qc.ca%2Fen%2Fentreprise%2Fles-ateliers-du-ruisseau%2F&#038;description=Les%20Ateliers%20du%20ruisseau&#038;media=https%3A%2F%2Ffonds-risq.qc.ca%2Fwp-content%2Fuploads%2F2019%2F02%2FateliersRuisseau.png\"><i class=\"tg-icon-pinterest\"><\/i><\/a><\/div><\/div><\/div><div class=\"tg-item-content-holder tg-light image-format\" style=\"background-color:#b7c634\"><span class=\"tg-item-date\">5 February 2019<\/span><h2 class=\"tg-item-title\"><a href=\"https:\/\/fonds-risq.qc.ca\/en\/entreprise\/les-ateliers-du-ruisseau\/\" target=\"_self\">Les Ateliers du ruisseau<\/a><\/h2><span class=\"tg-cats-holder\"><a class=\"filtres_des_entreprises\" href=\"https:\/\/fonds-risq.qc.ca\/en\/filtres_des_entreprises\/2018-en\/\" rel=\"category\" data-term-id=\"223\"><span class=\"tg-item-term\" >2018<\/span><\/a><span>, <\/span><a class=\"filtres_des_entreprises\" href=\"https:\/\/fonds-risq.qc.ca\/en\/filtres_des_entreprises\/coop-en\/\" rel=\"category\" data-term-id=\"151\"><span class=\"tg-item-term\" >COOP<\/span><\/a><span>, <\/span><a class=\"filtres_des_entreprises\" href=\"https:\/\/fonds-risq.qc.ca\/en\/filtres_des_entreprises\/organisme-civique-et-amicale-en\/\" rel=\"category\" data-term-id=\"192\"><span class=\"tg-item-term\" >Organisme civique et amicale<\/span><\/a><span>, <\/span><a class=\"filtres_des_entreprises\" href=\"https:\/\/fonds-risq.qc.ca\/en\/filtres_des_entreprises\/outaouais-en\/\" rel=\"category\" data-term-id=\"156\"><span class=\"tg-item-term\" >Outaouais<\/span><\/a><span>, <\/span><a class=\"filtres_des_entreprises\" href=\"https:\/\/fonds-risq.qc.ca\/en\/filtres_des_entreprises\/services-to-people\/\" rel=\"category\" data-term-id=\"142\"><span class=\"tg-item-term\" >Services to people<\/span><\/a><span>, <\/span><a class=\"filtres_des_entreprises\" href=\"https:\/\/fonds-risq.qc.ca\/en\/filtres_des_entreprises\/pret-pour-aide-technique-en\/\" rel=\"category\" data-term-id=\"146\"><span class=\"tg-item-term\" >Technical assistance loan<\/span><\/a><\/span><p class=\"tg-item-excerpt\">Cette coop\u00e9rative de solidarit\u00e9 \u0153uvrant dans le milieu culturel et artistique, a pour principale mission la cr\u00e9ation d'ateliers d'artistes \u00e0 Gatineau. Elle souhaite offrir aux artistes professionnels de la r\u00e9gion de l\u2019Outaouais des...<\/p><div class=\"tg-item-footer\"><a class=\"tg-item-comment\" href=\"https:\/\/fonds-risq.qc.ca\/en\/entreprise\/les-ateliers-du-ruisseau\/\"  target=\"_self\">No comment<\/a><span class=\"no-ajaxy to-post-like no-liked empty-heart\" data-post-id=\"7583\" title=\"Like\"><span class=\"to-heart-icon\"><svg xmlns=\"http:\/\/www.w3.org\/2000\/svg\" version=\"1.1\" viewBox=\"0 0 64 64\"><g transform=\"translate(0, 0)\"><path stroke-width=\"6\" stroke-linecap=\"square\" stroke-miterlimit=\"10\" d=\"M1,21c0,20,31,38,31,38s31-18,31-38 c0-8.285-6-16-15-16c-8.285,0-16,5.715-16,14c0-8.285-7.715-14-16-14C7,5,1,12.715,1,21z\"><\/path><\/g><\/svg><\/span><span class=\"to-like-count\">0<\/span><\/span><\/div><\/div><\/div><\/article><!-- The Grid item #276 --><article class=\"tg-item tg-post-7584 kampala f223 f148 f152 f150 f153 f160 f137\" data-row=\"1\" data-col=\"1\"><div class=\"tg-item-inner\"><div class=\"tg-item-media-holder tg-light\"><div class=\"tg-item-media-inner\"><img decoding=\"async\" class=\"tg-item-image\" alt=\"\" width=\"1024\" height=\"461\" src=\"https:\/\/fonds-risq.qc.ca\/wp-content\/uploads\/2019\/02\/Ressourcerie-levis_2.png\"><\/div><div class=\"tg-center-holder\"><div class=\"tg-center-inner\"><div class=\"tg-item-overlay\"><\/div><a class=\"tg-link-button\" href=\"https:\/\/fonds-risq.qc.ca\/en\/entreprise\/ressourcerie-de-levis\/\" target=\"_self\"><i class=\"tg-icon-link\"><\/i><\/a><\/div><\/div><div class=\"tg-item-decoration\"><div class=\"triangle-down-right\" style=\"border-color:#0097c8\"><\/div><\/div><div class=\"tg-item-share-holder\"><div class=\"triangle-up-left\" style=\"border-color:rgba(22,22,22,0.65)\"><\/div><i class=\"tg-icon-reply\" style=\"color:#ffffff\"><\/i><div class=\"tg-share-icons\"><a class=\"tg-social-share tg-facebook\" href=\"https:\/\/www.facebook.com\/sharer.php?u=https%3A%2F%2Ffonds-risq.qc.ca%2Fen%2Fentreprise%2Fressourcerie-de-levis%2F&#038;t=Ressourcerie%20de%20L%C3%A9vis\"><i class=\"tg-icon-facebook\"><\/i><\/a><a class=\"tg-social-share tg-twitter\" href=\"https:\/\/twitter.com\/share?url=https%3A%2F%2Ffonds-risq.qc.ca%2Fen%2Fentreprise%2Fressourcerie-de-levis%2F&#038;text=Ressourcerie%20de%20L%C3%A9vis\"><i class=\"tg-icon-twitter\"><\/i><\/a><a class=\"tg-social-share tg-google-plus\" href=\"https:\/\/plus.google.com\/share?url=https%3A%2F%2Ffonds-risq.qc.ca%2Fen%2Fentreprise%2Fressourcerie-de-levis%2F\"><i class=\"tg-icon-google-plus\"><\/i><\/a><a class=\"tg-social-share tg-pinterest\" href=\"https:\/\/pinterest.com\/pin\/create\/button\/?url=https%3A%2F%2Ffonds-risq.qc.ca%2Fen%2Fentreprise%2Fressourcerie-de-levis%2F&#038;description=Ressourcerie%20de%20L%C3%A9vis&#038;media=https%3A%2F%2Ffonds-risq.qc.ca%2Fwp-content%2Fuploads%2F2019%2F02%2FRessourcerie-levis_2.png\"><i class=\"tg-icon-pinterest\"><\/i><\/a><\/div><\/div><\/div><div class=\"tg-item-content-holder tg-light image-format\" style=\"background-color:#0097c8\"><span class=\"tg-item-date\">5 February 2019<\/span><h2 class=\"tg-item-title\"><a href=\"https:\/\/fonds-risq.qc.ca\/en\/entreprise\/ressourcerie-de-levis\/\" target=\"_self\">Ressourcerie de L\u00e9vis<\/a><\/h2><span class=\"tg-cats-holder\"><a class=\"filtres_des_entreprises\" href=\"https:\/\/fonds-risq.qc.ca\/en\/filtres_des_entreprises\/2018-en\/\" rel=\"category\" data-term-id=\"223\"><span class=\"tg-item-term\" >2018<\/span><\/a><span>, <\/span><a class=\"filtres_des_entreprises\" href=\"https:\/\/fonds-risq.qc.ca\/en\/filtres_des_entreprises\/capitalization-loan\/\" rel=\"category\" data-term-id=\"148\"><span class=\"tg-item-term\" >Capitalization loan<\/span><\/a><span>, <\/span><a class=\"filtres_des_entreprises\" href=\"https:\/\/fonds-risq.qc.ca\/en\/filtres_des_entreprises\/chaudiere-appalaches-en\/\" rel=\"category\" data-term-id=\"152\"><span class=\"tg-item-term\" >Chaudi\u00e8re-Appalaches<\/span><\/a><span>, <\/span><a class=\"filtres_des_entreprises\" href=\"https:\/\/fonds-risq.qc.ca\/en\/filtres_des_entreprises\/npo\/\" rel=\"category\" data-term-id=\"150\"><span class=\"tg-item-term\" >NPO<\/span><\/a><span>, <\/span><a class=\"filtres_des_entreprises\" href=\"https:\/\/fonds-risq.qc.ca\/en\/filtres_des_entreprises\/recycling\/\" rel=\"category\" data-term-id=\"153\"><span class=\"tg-item-term\" >Recycling<\/span><\/a><span>, <\/span><a class=\"filtres_des_entreprises\" href=\"https:\/\/fonds-risq.qc.ca\/en\/filtres_des_entreprises\/ressourcerie-en\/\" rel=\"category\" data-term-id=\"160\"><span class=\"tg-item-term\" >Ressourcerie<\/span><\/a><span>, <\/span><a class=\"filtres_des_entreprises\" href=\"https:\/\/fonds-risq.qc.ca\/en\/filtres_des_entreprises\/retail-business\/\" rel=\"category\" data-term-id=\"137\"><span class=\"tg-item-term\" >Retail business<\/span><\/a><\/span><p class=\"tg-item-excerpt\">Sp\u00e9cialiste de la r\u00e9cup\u00e9ration, de la revente et de la revalorisation de meubles, v\u00eatements, \u00e9lectrom\u00e9nagers et autres, cet OBNL a pour mission d\u2019offrir des mati\u00e8res usag\u00e9es et de qualit\u00e9 aux gens de L\u00e9vis et des environs....<\/p><div class=\"tg-item-footer\"><a class=\"tg-item-comment\" href=\"https:\/\/fonds-risq.qc.ca\/en\/entreprise\/ressourcerie-de-levis\/\"  target=\"_self\">No comment<\/a><span class=\"no-ajaxy to-post-like no-liked empty-heart\" data-post-id=\"7584\" title=\"Like\"><span class=\"to-heart-icon\"><svg xmlns=\"http:\/\/www.w3.org\/2000\/svg\" version=\"1.1\" viewBox=\"0 0 64 64\"><g transform=\"translate(0, 0)\"><path stroke-width=\"6\" stroke-linecap=\"square\" stroke-miterlimit=\"10\" d=\"M1,21c0,20,31,38,31,38s31-18,31-38 c0-8.285-6-16-15-16c-8.285,0-16,5.715-16,14c0-8.285-7.715-14-16-14C7,5,1,12.715,1,21z\"><\/path><\/g><\/svg><\/span><span class=\"to-like-count\">0<\/span><\/span><\/div><\/div><\/div><\/article><!-- The Grid item #277 --><article class=\"tg-item tg-post-7585 kampala f223 f148 f151 f128 f135\" data-row=\"1\" data-col=\"1\"><div class=\"tg-item-inner\"><div class=\"tg-item-content-holder tg-light standard-format\" style=\"background-color:#0097c8\"><span class=\"tg-item-date\">1 February 2019<\/span><h2 class=\"tg-item-title\"><a href=\"https:\/\/fonds-risq.qc.ca\/en\/entreprise\/bureau-detudes-cooperatif\/\" target=\"_self\">Bureau d&#8217;\u00c9tudes Coop\u00e9ratif<\/a><\/h2><span class=\"tg-cats-holder\"><a class=\"filtres_des_entreprises\" href=\"https:\/\/fonds-risq.qc.ca\/en\/filtres_des_entreprises\/2018-en\/\" rel=\"category\" data-term-id=\"223\"><span class=\"tg-item-term\" >2018<\/span><\/a><span>, <\/span><a class=\"filtres_des_entreprises\" href=\"https:\/\/fonds-risq.qc.ca\/en\/filtres_des_entreprises\/capitalization-loan\/\" rel=\"category\" data-term-id=\"148\"><span class=\"tg-item-term\" >Capitalization loan<\/span><\/a><span>, <\/span><a class=\"filtres_des_entreprises\" href=\"https:\/\/fonds-risq.qc.ca\/en\/filtres_des_entreprises\/coop-en\/\" rel=\"category\" data-term-id=\"151\"><span class=\"tg-item-term\" >COOP<\/span><\/a><span>, <\/span><a class=\"filtres_des_entreprises\" href=\"https:\/\/fonds-risq.qc.ca\/en\/filtres_des_entreprises\/montreal-en\/\" rel=\"category\" data-term-id=\"128\"><span class=\"tg-item-term\" >Montr\u00e9al<\/span><\/a><span>, <\/span><a class=\"filtres_des_entreprises\" href=\"https:\/\/fonds-risq.qc.ca\/en\/filtres_des_entreprises\/services-en\/\" rel=\"category\" data-term-id=\"135\"><span class=\"tg-item-term\" >Services<\/span><\/a><\/span><p class=\"tg-item-excerpt\">Cette coop\u00e9rative de travail offre des services d\u2019ing\u00e9nierie et de planification dans un esprit collaboratif afin de soutenir les entrepreneurs, les cr\u00e9ateurs et l\u2019industrie dans le d\u00e9veloppement de leurs projets techniques...<\/p><div class=\"tg-item-footer\"><a class=\"tg-item-comment\" href=\"https:\/\/fonds-risq.qc.ca\/en\/entreprise\/bureau-detudes-cooperatif\/\"  target=\"_self\">No comment<\/a><span class=\"no-ajaxy to-post-like no-liked empty-heart\" data-post-id=\"7585\" title=\"Like\"><span class=\"to-heart-icon\"><svg xmlns=\"http:\/\/www.w3.org\/2000\/svg\" version=\"1.1\" viewBox=\"0 0 64 64\"><g transform=\"translate(0, 0)\"><path stroke-width=\"6\" stroke-linecap=\"square\" stroke-miterlimit=\"10\" d=\"M1,21c0,20,31,38,31,38s31-18,31-38 c0-8.285-6-16-15-16c-8.285,0-16,5.715-16,14c0-8.285-7.715-14-16-14C7,5,1,12.715,1,21z\"><\/path><\/g><\/svg><\/span><span class=\"to-like-count\">0<\/span><\/span><\/div><\/div><\/div><\/article><!-- The Grid item #278 --><article class=\"tg-item tg-post-7586 kampala f223 f219 f131 f148 f150 f135 f146\" data-row=\"1\" data-col=\"1\"><div class=\"tg-item-inner\"><div class=\"tg-item-media-holder tg-light\"><div class=\"tg-item-media-inner\"><img decoding=\"async\" class=\"tg-item-image\" alt=\"\" width=\"687\" height=\"422\" src=\"https:\/\/fonds-risq.qc.ca\/wp-content\/uploads\/2019\/01\/inauguration-parc-2016-auberge-cle-des-champs.jpg\"><\/div><div class=\"tg-center-holder\"><div class=\"tg-center-inner\"><div class=\"tg-item-overlay\"><\/div><a class=\"tg-link-button\" href=\"https:\/\/fonds-risq.qc.ca\/en\/entreprise\/centre-de-vacances-et-dapprentissage-loisirs-saint-cyprien\/\" target=\"_self\"><i class=\"tg-icon-link\"><\/i><\/a><\/div><\/div><div class=\"tg-item-decoration\"><div class=\"triangle-down-right\" style=\"border-color:#b7c634\"><\/div><\/div><div class=\"tg-item-share-holder\"><div class=\"triangle-up-left\" style=\"border-color:rgba(22,22,22,0.65)\"><\/div><i class=\"tg-icon-reply\" style=\"color:#ffffff\"><\/i><div class=\"tg-share-icons\"><a class=\"tg-social-share tg-facebook\" href=\"https:\/\/www.facebook.com\/sharer.php?u=https%3A%2F%2Ffonds-risq.qc.ca%2Fen%2Fentreprise%2Fcentre-de-vacances-et-dapprentissage-loisirs-saint-cyprien%2F&#038;t=Centre%20de%20vacances%20et%20d%E2%80%99apprentissage%20loisirs%20Saint-Cyprien\"><i class=\"tg-icon-facebook\"><\/i><\/a><a class=\"tg-social-share tg-twitter\" href=\"https:\/\/twitter.com\/share?url=https%3A%2F%2Ffonds-risq.qc.ca%2Fen%2Fentreprise%2Fcentre-de-vacances-et-dapprentissage-loisirs-saint-cyprien%2F&#038;text=Centre%20de%20vacances%20et%20d%E2%80%99apprentissage%20loisirs%20Saint-Cyprien\"><i class=\"tg-icon-twitter\"><\/i><\/a><a class=\"tg-social-share tg-google-plus\" href=\"https:\/\/plus.google.com\/share?url=https%3A%2F%2Ffonds-risq.qc.ca%2Fen%2Fentreprise%2Fcentre-de-vacances-et-dapprentissage-loisirs-saint-cyprien%2F\"><i class=\"tg-icon-google-plus\"><\/i><\/a><a class=\"tg-social-share tg-pinterest\" href=\"https:\/\/pinterest.com\/pin\/create\/button\/?url=https%3A%2F%2Ffonds-risq.qc.ca%2Fen%2Fentreprise%2Fcentre-de-vacances-et-dapprentissage-loisirs-saint-cyprien%2F&#038;description=Centre%20de%20vacances%20et%20d%E2%80%99apprentissage%20loisirs%20Saint-Cyprien&#038;media=https%3A%2F%2Ffonds-risq.qc.ca%2Fwp-content%2Fuploads%2F2019%2F01%2Finauguration-parc-2016-auberge-cle-des-champs.jpg\"><i class=\"tg-icon-pinterest\"><\/i><\/a><\/div><\/div><\/div><div class=\"tg-item-content-holder tg-light image-format\" style=\"background-color:#b7c634\"><span class=\"tg-item-date\">21 January 2019<\/span><h2 class=\"tg-item-title\"><a href=\"https:\/\/fonds-risq.qc.ca\/en\/entreprise\/centre-de-vacances-et-dapprentissage-loisirs-saint-cyprien\/\" target=\"_self\">Centre de vacances et d\u2019apprentissage loisirs Saint-Cyprien<\/a><\/h2><span class=\"tg-cats-holder\"><a class=\"filtres_des_entreprises\" href=\"https:\/\/fonds-risq.qc.ca\/en\/filtres_des_entreprises\/2018-en\/\" rel=\"category\" data-term-id=\"223\"><span class=\"tg-item-term\" >2018<\/span><\/a><span>, <\/span><a class=\"filtres_des_entreprises\" href=\"https:\/\/fonds-risq.qc.ca\/en\/filtres_des_entreprises\/2019-en\/\" rel=\"category\" data-term-id=\"219\"><span class=\"tg-item-term\" >2019<\/span><\/a><span>, <\/span><a class=\"filtres_des_entreprises\" href=\"https:\/\/fonds-risq.qc.ca\/en\/filtres_des_entreprises\/bas-saint-laurent-en\/\" rel=\"category\" data-term-id=\"131\"><span class=\"tg-item-term\" >Bas-Saint-Laurent<\/span><\/a><span>, <\/span><a class=\"filtres_des_entreprises\" href=\"https:\/\/fonds-risq.qc.ca\/en\/filtres_des_entreprises\/capitalization-loan\/\" rel=\"category\" data-term-id=\"148\"><span class=\"tg-item-term\" >Capitalization loan<\/span><\/a><span>, <\/span><a class=\"filtres_des_entreprises\" href=\"https:\/\/fonds-risq.qc.ca\/en\/filtres_des_entreprises\/npo\/\" rel=\"category\" data-term-id=\"150\"><span class=\"tg-item-term\" >NPO<\/span><\/a><span>, <\/span><a class=\"filtres_des_entreprises\" href=\"https:\/\/fonds-risq.qc.ca\/en\/filtres_des_entreprises\/services-en\/\" rel=\"category\" data-term-id=\"135\"><span class=\"tg-item-term\" >Services<\/span><\/a><span>, <\/span><a class=\"filtres_des_entreprises\" href=\"https:\/\/fonds-risq.qc.ca\/en\/filtres_des_entreprises\/pret-pour-aide-technique-en\/\" rel=\"category\" data-term-id=\"146\"><span class=\"tg-item-term\" >Technical assistance loan<\/span><\/a><\/span><p class=\"tg-item-excerpt\">L\u2019Auberge la Cl\u00e9 des Champs est un concept de centre de vacances et d\u2019apprentissage loisirs \u00e0 l\u2019intention des personnes vivant avec une diff\u00e9rence physique, intellectuelle, psychique ou ayant un trouble envahissant du d\u00e9veloppement....<\/p><div class=\"tg-item-footer\"><a class=\"tg-item-comment\" href=\"https:\/\/fonds-risq.qc.ca\/en\/entreprise\/centre-de-vacances-et-dapprentissage-loisirs-saint-cyprien\/\"  target=\"_self\">No comment<\/a><span class=\"no-ajaxy to-post-like no-liked empty-heart\" data-post-id=\"7586\" title=\"Like\"><span class=\"to-heart-icon\"><svg xmlns=\"http:\/\/www.w3.org\/2000\/svg\" version=\"1.1\" viewBox=\"0 0 64 64\"><g transform=\"translate(0, 0)\"><path stroke-width=\"6\" stroke-linecap=\"square\" stroke-miterlimit=\"10\" d=\"M1,21c0,20,31,38,31,38s31-18,31-38 c0-8.285-6-16-15-16c-8.285,0-16,5.715-16,14c0-8.285-7.715-14-16-14C7,5,1,12.715,1,21z\"><\/path><\/g><\/svg><\/span><span class=\"to-like-count\">0<\/span><\/span><\/div><\/div><\/div><\/article><!-- The Grid item #279 --><article class=\"tg-item tg-post-7587 kampala f223 f148 f133 f150 f193\" data-row=\"1\" data-col=\"1\"><div class=\"tg-item-inner\"><div class=\"tg-item-media-holder tg-light\"><div class=\"tg-item-media-inner\"><img decoding=\"async\" class=\"tg-item-image\" alt=\"\" width=\"336\" height=\"150\" src=\"https:\/\/fonds-risq.qc.ca\/wp-content\/uploads\/2019\/01\/APTR-logo.png\"><\/div><div class=\"tg-center-holder\"><div class=\"tg-center-inner\"><div class=\"tg-item-overlay\"><\/div><a class=\"tg-link-button\" href=\"https:\/\/fonds-risq.qc.ca\/en\/entreprise\/association-pour-la-teledistribution-et-radio-la-minerve\/\" target=\"_self\"><i class=\"tg-icon-link\"><\/i><\/a><\/div><\/div><div class=\"tg-item-decoration\"><div class=\"triangle-down-right\" style=\"border-color:#0097c8\"><\/div><\/div><div class=\"tg-item-share-holder\"><div class=\"triangle-up-left\" style=\"border-color:rgba(22,22,22,0.65)\"><\/div><i class=\"tg-icon-reply\" style=\"color:#ffffff\"><\/i><div class=\"tg-share-icons\"><a class=\"tg-social-share tg-facebook\" href=\"https:\/\/www.facebook.com\/sharer.php?u=https%3A%2F%2Ffonds-risq.qc.ca%2Fen%2Fentreprise%2Fassociation-pour-la-teledistribution-et-radio-la-minerve%2F&#038;t=Association%20pour%20la%20t%C3%A9l%C3%A9distribution%20et%20radio%20La%20Minerve\"><i class=\"tg-icon-facebook\"><\/i><\/a><a class=\"tg-social-share tg-twitter\" href=\"https:\/\/twitter.com\/share?url=https%3A%2F%2Ffonds-risq.qc.ca%2Fen%2Fentreprise%2Fassociation-pour-la-teledistribution-et-radio-la-minerve%2F&#038;text=Association%20pour%20la%20t%C3%A9l%C3%A9distribution%20et%20radio%20La%20Minerve\"><i class=\"tg-icon-twitter\"><\/i><\/a><a class=\"tg-social-share tg-google-plus\" href=\"https:\/\/plus.google.com\/share?url=https%3A%2F%2Ffonds-risq.qc.ca%2Fen%2Fentreprise%2Fassociation-pour-la-teledistribution-et-radio-la-minerve%2F\"><i class=\"tg-icon-google-plus\"><\/i><\/a><a class=\"tg-social-share tg-pinterest\" href=\"https:\/\/pinterest.com\/pin\/create\/button\/?url=https%3A%2F%2Ffonds-risq.qc.ca%2Fen%2Fentreprise%2Fassociation-pour-la-teledistribution-et-radio-la-minerve%2F&#038;description=Association%20pour%20la%20t%C3%A9l%C3%A9distribution%20et%20radio%20La%20Minerve&#038;media=https%3A%2F%2Ffonds-risq.qc.ca%2Fwp-content%2Fuploads%2F2019%2F01%2FAPTR-logo.png\"><i class=\"tg-icon-pinterest\"><\/i><\/a><\/div><\/div><\/div><div class=\"tg-item-content-holder tg-light image-format\" style=\"background-color:#0097c8\"><span class=\"tg-item-date\">10 January 2019<\/span><h2 class=\"tg-item-title\"><a href=\"https:\/\/fonds-risq.qc.ca\/en\/entreprise\/association-pour-la-teledistribution-et-radio-la-minerve\/\" target=\"_self\">Association pour la t\u00e9l\u00e9distribution et radio La Minerve<\/a><\/h2><span class=\"tg-cats-holder\"><a class=\"filtres_des_entreprises\" href=\"https:\/\/fonds-risq.qc.ca\/en\/filtres_des_entreprises\/2018-en\/\" rel=\"category\" data-term-id=\"223\"><span class=\"tg-item-term\" >2018<\/span><\/a><span>, <\/span><a class=\"filtres_des_entreprises\" href=\"https:\/\/fonds-risq.qc.ca\/en\/filtres_des_entreprises\/capitalization-loan\/\" rel=\"category\" data-term-id=\"148\"><span class=\"tg-item-term\" >Capitalization loan<\/span><\/a><span>, <\/span><a class=\"filtres_des_entreprises\" href=\"https:\/\/fonds-risq.qc.ca\/en\/filtres_des_entreprises\/laurentides-en\/\" rel=\"category\" data-term-id=\"133\"><span class=\"tg-item-term\" >Laurentides<\/span><\/a><span>, <\/span><a class=\"filtres_des_entreprises\" href=\"https:\/\/fonds-risq.qc.ca\/en\/filtres_des_entreprises\/npo\/\" rel=\"category\" data-term-id=\"150\"><span class=\"tg-item-term\" >NPO<\/span><\/a><span>, <\/span><a class=\"filtres_des_entreprises\" href=\"https:\/\/fonds-risq.qc.ca\/en\/filtres_des_entreprises\/services-de-telecommunication-en\/\" rel=\"category\" data-term-id=\"193\"><span class=\"tg-item-term\" >Services de t\u00e9l\u00e9communication<\/span><\/a><\/span><p class=\"tg-item-excerpt\">Cr\u00e9\u00e9e en 1976, l\u2019entreprise offre des services de c\u00e2blodistribution aux r\u00e9sidents de la MRC La Minerve ainsi que ceux du Lac Labelle.\r\n\r\nEn plus de son r\u00e9seau de quelque 8 km de c\u00e2ble qui transportent 25 canaux analogiques et plus de...<\/p><div class=\"tg-item-footer\"><a class=\"tg-item-comment\" href=\"https:\/\/fonds-risq.qc.ca\/en\/entreprise\/association-pour-la-teledistribution-et-radio-la-minerve\/\"  target=\"_self\">No comment<\/a><span class=\"no-ajaxy to-post-like no-liked empty-heart\" data-post-id=\"7587\" title=\"Like\"><span class=\"to-heart-icon\"><svg xmlns=\"http:\/\/www.w3.org\/2000\/svg\" version=\"1.1\" viewBox=\"0 0 64 64\"><g transform=\"translate(0, 0)\"><path stroke-width=\"6\" stroke-linecap=\"square\" stroke-miterlimit=\"10\" d=\"M1,21c0,20,31,38,31,38s31-18,31-38 c0-8.285-6-16-15-16c-8.285,0-16,5.715-16,14c0-8.285-7.715-14-16-14C7,5,1,12.715,1,21z\"><\/path><\/g><\/svg><\/span><span class=\"to-like-count\">0<\/span><\/span><\/div><\/div><\/div><\/article><!-- The Grid item #280 --><article class=\"tg-item tg-post-7588 kampala f223 f131 f148 f150 f142\" data-row=\"1\" data-col=\"1\"><div class=\"tg-item-inner\"><div class=\"tg-item-media-holder tg-light\"><div class=\"tg-item-media-inner\"><img decoding=\"async\" class=\"tg-item-image\" alt=\"\" width=\"509\" height=\"251\" src=\"https:\/\/fonds-risq.qc.ca\/wp-content\/uploads\/2019\/01\/SAD-Matane.png\"><\/div><div class=\"tg-center-holder\"><div class=\"tg-center-inner\"><div class=\"tg-item-overlay\"><\/div><a class=\"tg-link-button\" href=\"https:\/\/fonds-risq.qc.ca\/en\/entreprise\/services-domicile-de-la-region-de-matane\/\" target=\"_self\"><i class=\"tg-icon-link\"><\/i><\/a><\/div><\/div><div class=\"tg-item-decoration\"><div class=\"triangle-down-right\" style=\"border-color:#0097c8\"><\/div><\/div><div class=\"tg-item-share-holder\"><div class=\"triangle-up-left\" style=\"border-color:rgba(22,22,22,0.65)\"><\/div><i class=\"tg-icon-reply\" style=\"color:#ffffff\"><\/i><div class=\"tg-share-icons\"><a class=\"tg-social-share tg-facebook\" href=\"https:\/\/www.facebook.com\/sharer.php?u=https%3A%2F%2Ffonds-risq.qc.ca%2Fen%2Fentreprise%2Fservices-domicile-de-la-region-de-matane%2F&#038;t=Services%20%C3%A0%20domicile%20de%20la%20r%C3%A9gion%20de%20Matane\"><i class=\"tg-icon-facebook\"><\/i><\/a><a class=\"tg-social-share tg-twitter\" href=\"https:\/\/twitter.com\/share?url=https%3A%2F%2Ffonds-risq.qc.ca%2Fen%2Fentreprise%2Fservices-domicile-de-la-region-de-matane%2F&#038;text=Services%20%C3%A0%20domicile%20de%20la%20r%C3%A9gion%20de%20Matane\"><i class=\"tg-icon-twitter\"><\/i><\/a><a class=\"tg-social-share tg-google-plus\" href=\"https:\/\/plus.google.com\/share?url=https%3A%2F%2Ffonds-risq.qc.ca%2Fen%2Fentreprise%2Fservices-domicile-de-la-region-de-matane%2F\"><i class=\"tg-icon-google-plus\"><\/i><\/a><a class=\"tg-social-share tg-pinterest\" href=\"https:\/\/pinterest.com\/pin\/create\/button\/?url=https%3A%2F%2Ffonds-risq.qc.ca%2Fen%2Fentreprise%2Fservices-domicile-de-la-region-de-matane%2F&#038;description=Services%20%C3%A0%20domicile%20de%20la%20r%C3%A9gion%20de%20Matane&#038;media=https%3A%2F%2Ffonds-risq.qc.ca%2Fwp-content%2Fuploads%2F2019%2F01%2FSAD-Matane.png\"><i class=\"tg-icon-pinterest\"><\/i><\/a><\/div><\/div><\/div><div class=\"tg-item-content-holder tg-light image-format\" style=\"background-color:#0097c8\"><span class=\"tg-item-date\">10 January 2019<\/span><h2 class=\"tg-item-title\"><a href=\"https:\/\/fonds-risq.qc.ca\/en\/entreprise\/services-domicile-de-la-region-de-matane\/\" target=\"_self\">Services \u00e0 domicile de la r\u00e9gion de Matane<\/a><\/h2><span class=\"tg-cats-holder\"><a class=\"filtres_des_entreprises\" href=\"https:\/\/fonds-risq.qc.ca\/en\/filtres_des_entreprises\/2018-en\/\" rel=\"category\" data-term-id=\"223\"><span class=\"tg-item-term\" >2018<\/span><\/a><span>, <\/span><a class=\"filtres_des_entreprises\" href=\"https:\/\/fonds-risq.qc.ca\/en\/filtres_des_entreprises\/bas-saint-laurent-en\/\" rel=\"category\" data-term-id=\"131\"><span class=\"tg-item-term\" >Bas-Saint-Laurent<\/span><\/a><span>, <\/span><a class=\"filtres_des_entreprises\" href=\"https:\/\/fonds-risq.qc.ca\/en\/filtres_des_entreprises\/capitalization-loan\/\" rel=\"category\" data-term-id=\"148\"><span class=\"tg-item-term\" >Capitalization loan<\/span><\/a><span>, <\/span><a class=\"filtres_des_entreprises\" href=\"https:\/\/fonds-risq.qc.ca\/en\/filtres_des_entreprises\/npo\/\" rel=\"category\" data-term-id=\"150\"><span class=\"tg-item-term\" >NPO<\/span><\/a><span>, <\/span><a class=\"filtres_des_entreprises\" href=\"https:\/\/fonds-risq.qc.ca\/en\/filtres_des_entreprises\/services-to-people\/\" rel=\"category\" data-term-id=\"142\"><span class=\"tg-item-term\" >Services to people<\/span><\/a><\/span><p class=\"tg-item-excerpt\">Reconnu comme une entreprise d'\u00e9conomie sociale en aide domestique (E\u00c8SAD), l'OBNL offre des services de soutien \u00e0 domicile aux personnes \u00e2g\u00e9es, aux personnes handicap\u00e9es ainsi qu\u2019aux familles en difficult\u00e9 r\u00e9sidant dans la r\u00e9gion de...<\/p><div class=\"tg-item-footer\"><a class=\"tg-item-comment\" href=\"https:\/\/fonds-risq.qc.ca\/en\/entreprise\/services-domicile-de-la-region-de-matane\/\"  target=\"_self\">No comment<\/a><span class=\"no-ajaxy to-post-like no-liked empty-heart\" data-post-id=\"7588\" title=\"Like\"><span class=\"to-heart-icon\"><svg xmlns=\"http:\/\/www.w3.org\/2000\/svg\" version=\"1.1\" viewBox=\"0 0 64 64\"><g transform=\"translate(0, 0)\"><path stroke-width=\"6\" stroke-linecap=\"square\" stroke-miterlimit=\"10\" d=\"M1,21c0,20,31,38,31,38s31-18,31-38 c0-8.285-6-16-15-16c-8.285,0-16,5.715-16,14c0-8.285-7.715-14-16-14C7,5,1,12.715,1,21z\"><\/path><\/g><\/svg><\/span><span class=\"to-like-count\">0<\/span><\/span><\/div><\/div><\/div><\/article><!-- The Grid item #281 --><article class=\"tg-item tg-post-7589 kampala f223 f261 f131 f148 f190 f150\" data-row=\"1\" data-col=\"1\"><div class=\"tg-item-inner\"><div class=\"tg-item-media-holder tg-light\"><div class=\"tg-item-media-inner\"><img decoding=\"async\" class=\"tg-item-image\" alt=\"\" width=\"716\" height=\"812\" src=\"https:\/\/fonds-risq.qc.ca\/wp-content\/uploads\/2018\/12\/amqui-affiche-1.jpg\"><\/div><div class=\"tg-center-holder\"><div class=\"tg-center-inner\"><div class=\"tg-item-overlay\"><\/div><a class=\"tg-link-button\" href=\"https:\/\/fonds-risq.qc.ca\/en\/entreprise\/quilles-vallee-damqui\/\" target=\"_self\"><i class=\"tg-icon-link\"><\/i><\/a><\/div><\/div><div class=\"tg-item-decoration\"><div class=\"triangle-down-right\" style=\"border-color:#0097c8\"><\/div><\/div><div class=\"tg-item-share-holder\"><div class=\"triangle-up-left\" style=\"border-color:rgba(22,22,22,0.65)\"><\/div><i class=\"tg-icon-reply\" style=\"color:#ffffff\"><\/i><div class=\"tg-share-icons\"><a class=\"tg-social-share tg-facebook\" href=\"https:\/\/www.facebook.com\/sharer.php?u=https%3A%2F%2Ffonds-risq.qc.ca%2Fen%2Fentreprise%2Fquilles-vallee-damqui%2F&#038;t=Quilles%20Vall%C3%A9e%20d%E2%80%99Amqui\"><i class=\"tg-icon-facebook\"><\/i><\/a><a class=\"tg-social-share tg-twitter\" href=\"https:\/\/twitter.com\/share?url=https%3A%2F%2Ffonds-risq.qc.ca%2Fen%2Fentreprise%2Fquilles-vallee-damqui%2F&#038;text=Quilles%20Vall%C3%A9e%20d%E2%80%99Amqui\"><i class=\"tg-icon-twitter\"><\/i><\/a><a class=\"tg-social-share tg-google-plus\" href=\"https:\/\/plus.google.com\/share?url=https%3A%2F%2Ffonds-risq.qc.ca%2Fen%2Fentreprise%2Fquilles-vallee-damqui%2F\"><i class=\"tg-icon-google-plus\"><\/i><\/a><a class=\"tg-social-share tg-pinterest\" href=\"https:\/\/pinterest.com\/pin\/create\/button\/?url=https%3A%2F%2Ffonds-risq.qc.ca%2Fen%2Fentreprise%2Fquilles-vallee-damqui%2F&#038;description=Quilles%20Vall%C3%A9e%20d%E2%80%99Amqui&#038;media=https%3A%2F%2Ffonds-risq.qc.ca%2Fwp-content%2Fuploads%2F2018%2F12%2Famqui-affiche-1.jpg\"><i class=\"tg-icon-pinterest\"><\/i><\/a><\/div><\/div><\/div><div class=\"tg-item-content-holder tg-light image-format\" style=\"background-color:#0097c8\"><span class=\"tg-item-date\">21 December 2018<\/span><h2 class=\"tg-item-title\"><a href=\"https:\/\/fonds-risq.qc.ca\/en\/entreprise\/quilles-vallee-damqui\/\" target=\"_self\">Quilles Vall\u00e9e d\u2019Amqui<\/a><\/h2><span class=\"tg-cats-holder\"><a class=\"filtres_des_entreprises\" href=\"https:\/\/fonds-risq.qc.ca\/en\/filtres_des_entreprises\/2018-en\/\" rel=\"category\" data-term-id=\"223\"><span class=\"tg-item-term\" >2018<\/span><\/a><span>, <\/span><a class=\"filtres_des_entreprises\" href=\"https:\/\/fonds-risq.qc.ca\/en\/filtres_des_entreprises\/2024-en\/\" rel=\"category\" data-term-id=\"261\"><span class=\"tg-item-term\" >2024<\/span><\/a><span>, <\/span><a class=\"filtres_des_entreprises\" href=\"https:\/\/fonds-risq.qc.ca\/en\/filtres_des_entreprises\/bas-saint-laurent-en\/\" rel=\"category\" data-term-id=\"131\"><span class=\"tg-item-term\" >Bas-Saint-Laurent<\/span><\/a><span>, <\/span><a class=\"filtres_des_entreprises\" href=\"https:\/\/fonds-risq.qc.ca\/en\/filtres_des_entreprises\/capitalization-loan\/\" rel=\"category\" data-term-id=\"148\"><span class=\"tg-item-term\" >Capitalization loan<\/span><\/a><span>, <\/span><a class=\"filtres_des_entreprises\" href=\"https:\/\/fonds-risq.qc.ca\/en\/filtres_des_entreprises\/loisirs-divertissement-en\/\" rel=\"category\" data-term-id=\"190\"><span class=\"tg-item-term\" >Loisirs-Divertissement<\/span><\/a><span>, <\/span><a class=\"filtres_des_entreprises\" href=\"https:\/\/fonds-risq.qc.ca\/en\/filtres_des_entreprises\/npo\/\" rel=\"category\" data-term-id=\"150\"><span class=\"tg-item-term\" >NPO<\/span><\/a><\/span><p class=\"tg-item-excerpt\">Suite \u00e0 la fermeture de la salle de quilles d\u2019Amqui en 2007, un comit\u00e9 s\u2019est rassembl\u00e9 afin de relancer une salle de quilles sur le territoire. Une campagne de souscription populaire a \u00e9t\u00e9 entam\u00e9e et, gr\u00e2ce \u00e0 l\u2019importante implication,...<\/p><div class=\"tg-item-footer\"><a class=\"tg-item-comment\" href=\"https:\/\/fonds-risq.qc.ca\/en\/entreprise\/quilles-vallee-damqui\/\"  target=\"_self\">No comment<\/a><span class=\"no-ajaxy to-post-like no-liked empty-heart\" data-post-id=\"7589\" title=\"Like\"><span class=\"to-heart-icon\"><svg xmlns=\"http:\/\/www.w3.org\/2000\/svg\" version=\"1.1\" viewBox=\"0 0 64 64\"><g transform=\"translate(0, 0)\"><path stroke-width=\"6\" stroke-linecap=\"square\" stroke-miterlimit=\"10\" d=\"M1,21c0,20,31,38,31,38s31-18,31-38 c0-8.285-6-16-15-16c-8.285,0-16,5.715-16,14c0-8.285-7.715-14-16-14C7,5,1,12.715,1,21z\"><\/path><\/g><\/svg><\/span><span class=\"to-like-count\">0<\/span><\/span><\/div><\/div><\/div><\/article><!-- The Grid item #282 --><article class=\"tg-item tg-post-7590 kampala f223 f130 f149 f150 f146\" data-row=\"1\" data-col=\"1\"><div class=\"tg-item-inner\"><div class=\"tg-item-media-holder tg-light\"><div class=\"tg-item-media-inner\"><img decoding=\"async\" class=\"tg-item-image\" alt=\"\" width=\"2048\" height=\"1367\" src=\"https:\/\/fonds-risq.qc.ca\/wp-content\/uploads\/2018\/12\/Photo-Agiro.jpg\"><\/div><div class=\"tg-center-holder\"><div class=\"tg-center-inner\"><div class=\"tg-item-overlay\"><\/div><a class=\"tg-link-button\" href=\"https:\/\/fonds-risq.qc.ca\/en\/entreprise\/apel\/\" target=\"_self\"><i class=\"tg-icon-link\"><\/i><\/a><\/div><\/div><div class=\"tg-item-decoration\"><div class=\"triangle-down-right\" style=\"border-color:#b7c634\"><\/div><\/div><div class=\"tg-item-share-holder\"><div class=\"triangle-up-left\" style=\"border-color:rgba(22,22,22,0.65)\"><\/div><i class=\"tg-icon-reply\" style=\"color:#ffffff\"><\/i><div class=\"tg-share-icons\"><a class=\"tg-social-share tg-facebook\" href=\"https:\/\/www.facebook.com\/sharer.php?u=https%3A%2F%2Ffonds-risq.qc.ca%2Fen%2Fentreprise%2Fapel%2F&#038;t=AGIRO\"><i class=\"tg-icon-facebook\"><\/i><\/a><a class=\"tg-social-share tg-twitter\" href=\"https:\/\/twitter.com\/share?url=https%3A%2F%2Ffonds-risq.qc.ca%2Fen%2Fentreprise%2Fapel%2F&#038;text=AGIRO\"><i class=\"tg-icon-twitter\"><\/i><\/a><a class=\"tg-social-share tg-google-plus\" href=\"https:\/\/plus.google.com\/share?url=https%3A%2F%2Ffonds-risq.qc.ca%2Fen%2Fentreprise%2Fapel%2F\"><i class=\"tg-icon-google-plus\"><\/i><\/a><a class=\"tg-social-share tg-pinterest\" href=\"https:\/\/pinterest.com\/pin\/create\/button\/?url=https%3A%2F%2Ffonds-risq.qc.ca%2Fen%2Fentreprise%2Fapel%2F&#038;description=AGIRO&#038;media=https%3A%2F%2Ffonds-risq.qc.ca%2Fwp-content%2Fuploads%2F2018%2F12%2FPhoto-Agiro.jpg\"><i class=\"tg-icon-pinterest\"><\/i><\/a><\/div><\/div><\/div><div class=\"tg-item-content-holder tg-light image-format\" style=\"background-color:#b7c634\"><span class=\"tg-item-date\">20 December 2018<\/span><h2 class=\"tg-item-title\"><a href=\"https:\/\/fonds-risq.qc.ca\/en\/entreprise\/apel\/\" target=\"_self\">AGIRO<\/a><\/h2><span class=\"tg-cats-holder\"><a class=\"filtres_des_entreprises\" href=\"https:\/\/fonds-risq.qc.ca\/en\/filtres_des_entreprises\/2018-en\/\" rel=\"category\" data-term-id=\"223\"><span class=\"tg-item-term\" >2018<\/span><\/a><span>, <\/span><a class=\"filtres_des_entreprises\" href=\"https:\/\/fonds-risq.qc.ca\/en\/filtres_des_entreprises\/capitale-nationale-en\/\" rel=\"category\" data-term-id=\"130\"><span class=\"tg-item-term\" >Capitale-Nationale<\/span><\/a><span>, <\/span><a class=\"filtres_des_entreprises\" href=\"https:\/\/fonds-risq.qc.ca\/en\/filtres_des_entreprises\/environment\/\" rel=\"category\" data-term-id=\"149\"><span class=\"tg-item-term\" >Environment<\/span><\/a><span>, <\/span><a class=\"filtres_des_entreprises\" href=\"https:\/\/fonds-risq.qc.ca\/en\/filtres_des_entreprises\/npo\/\" rel=\"category\" data-term-id=\"150\"><span class=\"tg-item-term\" >NPO<\/span><\/a><span>, <\/span><a class=\"filtres_des_entreprises\" href=\"https:\/\/fonds-risq.qc.ca\/en\/filtres_des_entreprises\/pret-pour-aide-technique-en\/\" rel=\"category\" data-term-id=\"146\"><span class=\"tg-item-term\" >Technical assistance loan<\/span><\/a><\/span><p class=\"tg-item-excerpt\">L\u2019Association pour la protection de l\u2019environnement du lac Saint-Charles et des Marais du Nord (APEL) est un organisme \u00e0 but non lucratif ayant pour mission la protection et la mise en valeur du riche patrimoine \u00e9cologique du bassin...<\/p><div class=\"tg-item-footer\"><a class=\"tg-item-comment\" href=\"https:\/\/fonds-risq.qc.ca\/en\/entreprise\/apel\/\"  target=\"_self\">No comment<\/a><span class=\"no-ajaxy to-post-like no-liked empty-heart\" data-post-id=\"7590\" title=\"Like\"><span class=\"to-heart-icon\"><svg xmlns=\"http:\/\/www.w3.org\/2000\/svg\" version=\"1.1\" viewBox=\"0 0 64 64\"><g transform=\"translate(0, 0)\"><path stroke-width=\"6\" stroke-linecap=\"square\" stroke-miterlimit=\"10\" d=\"M1,21c0,20,31,38,31,38s31-18,31-38 c0-8.285-6-16-15-16c-8.285,0-16,5.715-16,14c0-8.285-7.715-14-16-14C7,5,1,12.715,1,21z\"><\/path><\/g><\/svg><\/span><span class=\"to-like-count\">0<\/span><\/span><\/div><\/div><\/div><\/article><!-- The Grid item #283 --><article class=\"tg-item tg-post-7591 kampala f223 f151 f171 f156 f146\" data-row=\"1\" data-col=\"1\"><div class=\"tg-item-inner\"><div class=\"tg-item-media-holder tg-light\"><div class=\"tg-item-media-inner\"><img decoding=\"async\" class=\"tg-item-image\" alt=\"\" width=\"1471\" height=\"981\" src=\"https:\/\/fonds-risq.qc.ca\/wp-content\/uploads\/2018\/12\/stock-photo-montcerf-lytton-canada-on-a-map-753180499-1.jpg\"><\/div><div class=\"tg-center-holder\"><div class=\"tg-center-inner\"><div class=\"tg-item-overlay\"><\/div><a class=\"tg-link-button\" href=\"https:\/\/fonds-risq.qc.ca\/en\/entreprise\/camping-des-colibris\/\" target=\"_self\"><i class=\"tg-icon-link\"><\/i><\/a><\/div><\/div><div class=\"tg-item-decoration\"><div class=\"triangle-down-right\" style=\"border-color:#b7c634\"><\/div><\/div><div class=\"tg-item-share-holder\"><div class=\"triangle-up-left\" style=\"border-color:rgba(22,22,22,0.65)\"><\/div><i class=\"tg-icon-reply\" style=\"color:#ffffff\"><\/i><div class=\"tg-share-icons\"><a class=\"tg-social-share tg-facebook\" href=\"https:\/\/www.facebook.com\/sharer.php?u=https%3A%2F%2Ffonds-risq.qc.ca%2Fen%2Fentreprise%2Fcamping-des-colibris%2F&#038;t=Camping%20des%20Colibris\"><i class=\"tg-icon-facebook\"><\/i><\/a><a class=\"tg-social-share tg-twitter\" href=\"https:\/\/twitter.com\/share?url=https%3A%2F%2Ffonds-risq.qc.ca%2Fen%2Fentreprise%2Fcamping-des-colibris%2F&#038;text=Camping%20des%20Colibris\"><i class=\"tg-icon-twitter\"><\/i><\/a><a class=\"tg-social-share tg-google-plus\" href=\"https:\/\/plus.google.com\/share?url=https%3A%2F%2Ffonds-risq.qc.ca%2Fen%2Fentreprise%2Fcamping-des-colibris%2F\"><i class=\"tg-icon-google-plus\"><\/i><\/a><a class=\"tg-social-share tg-pinterest\" href=\"https:\/\/pinterest.com\/pin\/create\/button\/?url=https%3A%2F%2Ffonds-risq.qc.ca%2Fen%2Fentreprise%2Fcamping-des-colibris%2F&#038;description=Camping%20des%20Colibris&#038;media=https%3A%2F%2Ffonds-risq.qc.ca%2Fwp-content%2Fuploads%2F2018%2F12%2Fstock-photo-montcerf-lytton-canada-on-a-map-753180499-1.jpg\"><i class=\"tg-icon-pinterest\"><\/i><\/a><\/div><\/div><\/div><div class=\"tg-item-content-holder tg-light image-format\" style=\"background-color:#b7c634\"><span class=\"tg-item-date\">17 December 2018<\/span><h2 class=\"tg-item-title\"><a href=\"https:\/\/fonds-risq.qc.ca\/en\/entreprise\/camping-des-colibris\/\" target=\"_self\">Camping des Colibris<\/a><\/h2><span class=\"tg-cats-holder\"><a class=\"filtres_des_entreprises\" href=\"https:\/\/fonds-risq.qc.ca\/en\/filtres_des_entreprises\/2018-en\/\" rel=\"category\" data-term-id=\"223\"><span class=\"tg-item-term\" >2018<\/span><\/a><span>, <\/span><a class=\"filtres_des_entreprises\" href=\"https:\/\/fonds-risq.qc.ca\/en\/filtres_des_entreprises\/coop-en\/\" rel=\"category\" data-term-id=\"151\"><span class=\"tg-item-term\" >COOP<\/span><\/a><span>, <\/span><a class=\"filtres_des_entreprises\" href=\"https:\/\/fonds-risq.qc.ca\/en\/filtres_des_entreprises\/lodging\/\" rel=\"category\" data-term-id=\"171\"><span class=\"tg-item-term\" >Lodging<\/span><\/a><span>, <\/span><a class=\"filtres_des_entreprises\" href=\"https:\/\/fonds-risq.qc.ca\/en\/filtres_des_entreprises\/outaouais-en\/\" rel=\"category\" data-term-id=\"156\"><span class=\"tg-item-term\" >Outaouais<\/span><\/a><span>, <\/span><a class=\"filtres_des_entreprises\" href=\"https:\/\/fonds-risq.qc.ca\/en\/filtres_des_entreprises\/pret-pour-aide-technique-en\/\" rel=\"category\" data-term-id=\"146\"><span class=\"tg-item-term\" >Technical assistance loan<\/span><\/a><\/span><p class=\"tg-item-excerpt\">La coop\u00e9rative a \u00e9t\u00e9 cr\u00e9\u00e9e en 2017 et analyse pr\u00e9sentement l\u2019opportunit\u00e9 d\u2019acheter le camping C. Gagnon o\u00f9 les membres sont actuellement des locataires d\u2019espaces de camping r\u00e9cr\u00e9atif. La coop\u00e9rative deviendrait ainsi propri\u00e9taire du...<\/p><div class=\"tg-item-footer\"><a class=\"tg-item-comment\" href=\"https:\/\/fonds-risq.qc.ca\/en\/entreprise\/camping-des-colibris\/\"  target=\"_self\">No comment<\/a><span class=\"no-ajaxy to-post-like no-liked empty-heart\" data-post-id=\"7591\" title=\"Like\"><span class=\"to-heart-icon\"><svg xmlns=\"http:\/\/www.w3.org\/2000\/svg\" version=\"1.1\" viewBox=\"0 0 64 64\"><g transform=\"translate(0, 0)\"><path stroke-width=\"6\" stroke-linecap=\"square\" stroke-miterlimit=\"10\" d=\"M1,21c0,20,31,38,31,38s31-18,31-38 c0-8.285-6-16-15-16c-8.285,0-16,5.715-16,14c0-8.285-7.715-14-16-14C7,5,1,12.715,1,21z\"><\/path><\/g><\/svg><\/span><span class=\"to-like-count\">0<\/span><\/span><\/div><\/div><\/div><\/article><!-- The Grid item #284 --><article class=\"tg-item tg-post-7594 kampala f223 f132 f150 f137 f146\" data-row=\"1\" data-col=\"1\"><div class=\"tg-item-inner\"><div class=\"tg-item-media-holder tg-light\"><div class=\"tg-item-media-inner\"><img decoding=\"async\" class=\"tg-item-image\" alt=\"\" width=\"960\" height=\"720\" src=\"https:\/\/fonds-risq.qc.ca\/wp-content\/uploads\/2018\/12\/aux-sources-de-Chambly-2.jpg\"><\/div><div class=\"tg-center-holder\"><div class=\"tg-center-inner\"><div class=\"tg-item-overlay\"><\/div><a class=\"tg-link-button\" href=\"https:\/\/fonds-risq.qc.ca\/en\/entreprise\/aux-sources-du-bassin-de-chambly\/\" target=\"_self\"><i class=\"tg-icon-link\"><\/i><\/a><\/div><\/div><div class=\"tg-item-decoration\"><div class=\"triangle-down-right\" style=\"border-color:#b7c634\"><\/div><\/div><div class=\"tg-item-share-holder\"><div class=\"triangle-up-left\" style=\"border-color:rgba(22,22,22,0.65)\"><\/div><i class=\"tg-icon-reply\" style=\"color:#ffffff\"><\/i><div class=\"tg-share-icons\"><a class=\"tg-social-share tg-facebook\" href=\"https:\/\/www.facebook.com\/sharer.php?u=https%3A%2F%2Ffonds-risq.qc.ca%2Fen%2Fentreprise%2Faux-sources-du-bassin-de-chambly%2F&#038;t=Aux%20sources%20du%20Bassin%20de%20Chambly\"><i class=\"tg-icon-facebook\"><\/i><\/a><a class=\"tg-social-share tg-twitter\" href=\"https:\/\/twitter.com\/share?url=https%3A%2F%2Ffonds-risq.qc.ca%2Fen%2Fentreprise%2Faux-sources-du-bassin-de-chambly%2F&#038;text=Aux%20sources%20du%20Bassin%20de%20Chambly\"><i class=\"tg-icon-twitter\"><\/i><\/a><a class=\"tg-social-share tg-google-plus\" href=\"https:\/\/plus.google.com\/share?url=https%3A%2F%2Ffonds-risq.qc.ca%2Fen%2Fentreprise%2Faux-sources-du-bassin-de-chambly%2F\"><i class=\"tg-icon-google-plus\"><\/i><\/a><a class=\"tg-social-share tg-pinterest\" href=\"https:\/\/pinterest.com\/pin\/create\/button\/?url=https%3A%2F%2Ffonds-risq.qc.ca%2Fen%2Fentreprise%2Faux-sources-du-bassin-de-chambly%2F&#038;description=Aux%20sources%20du%20Bassin%20de%20Chambly&#038;media=https%3A%2F%2Ffonds-risq.qc.ca%2Fwp-content%2Fuploads%2F2018%2F12%2Faux-sources-de-Chambly-2.jpg\"><i class=\"tg-icon-pinterest\"><\/i><\/a><\/div><\/div><\/div><div class=\"tg-item-content-holder tg-light image-format\" style=\"background-color:#b7c634\"><span class=\"tg-item-date\">17 December 2018<\/span><h2 class=\"tg-item-title\"><a href=\"https:\/\/fonds-risq.qc.ca\/en\/entreprise\/aux-sources-du-bassin-de-chambly\/\" target=\"_self\">Aux sources du Bassin de Chambly<\/a><\/h2><span class=\"tg-cats-holder\"><a class=\"filtres_des_entreprises\" href=\"https:\/\/fonds-risq.qc.ca\/en\/filtres_des_entreprises\/2018-en\/\" rel=\"category\" data-term-id=\"223\"><span class=\"tg-item-term\" >2018<\/span><\/a><span>, <\/span><a class=\"filtres_des_entreprises\" href=\"https:\/\/fonds-risq.qc.ca\/en\/filtres_des_entreprises\/monteregie-en\/\" rel=\"category\" data-term-id=\"132\"><span class=\"tg-item-term\" >Mont\u00e9r\u00e9gie<\/span><\/a><span>, <\/span><a class=\"filtres_des_entreprises\" href=\"https:\/\/fonds-risq.qc.ca\/en\/filtres_des_entreprises\/npo\/\" rel=\"category\" data-term-id=\"150\"><span class=\"tg-item-term\" >NPO<\/span><\/a><span>, <\/span><a class=\"filtres_des_entreprises\" href=\"https:\/\/fonds-risq.qc.ca\/en\/filtres_des_entreprises\/retail-business\/\" rel=\"category\" data-term-id=\"137\"><span class=\"tg-item-term\" >Retail business<\/span><\/a><span>, <\/span><a class=\"filtres_des_entreprises\" href=\"https:\/\/fonds-risq.qc.ca\/en\/filtres_des_entreprises\/pret-pour-aide-technique-en\/\" rel=\"category\" data-term-id=\"146\"><span class=\"tg-item-term\" >Technical assistance loan<\/span><\/a><\/span><p class=\"tg-item-excerpt\">Avec plus de 80 b\u00e9n\u00e9voles,  Aux sources du Bassin de Chambly offre plusieurs services de soutien alimentaire et mat\u00e9riel aux r\u00e9sidents des municipalit\u00e9s de Chambly et Carignan qui se retrouvent dans une situation pr\u00e9caire. Ces services...<\/p><div class=\"tg-item-footer\"><a class=\"tg-item-comment\" href=\"https:\/\/fonds-risq.qc.ca\/en\/entreprise\/aux-sources-du-bassin-de-chambly\/\"  target=\"_self\">No comment<\/a><span class=\"no-ajaxy to-post-like no-liked empty-heart\" data-post-id=\"7594\" title=\"Like\"><span class=\"to-heart-icon\"><svg xmlns=\"http:\/\/www.w3.org\/2000\/svg\" version=\"1.1\" viewBox=\"0 0 64 64\"><g transform=\"translate(0, 0)\"><path stroke-width=\"6\" stroke-linecap=\"square\" stroke-miterlimit=\"10\" d=\"M1,21c0,20,31,38,31,38s31-18,31-38 c0-8.285-6-16-15-16c-8.285,0-16,5.715-16,14c0-8.285-7.715-14-16-14C7,5,1,12.715,1,21z\"><\/path><\/g><\/svg><\/span><span class=\"to-like-count\">0<\/span><\/span><\/div><\/div><\/div><\/article><!-- The Grid item #285 --><article class=\"tg-item tg-post-7595 kampala f223 f177 f128 f150 f146\" data-row=\"1\" data-col=\"1\"><div class=\"tg-item-inner\"><div class=\"tg-item-media-holder tg-light\"><div class=\"tg-item-media-inner\"><img decoding=\"async\" class=\"tg-item-image\" alt=\"\" width=\"1024\" height=\"768\" src=\"https:\/\/fonds-risq.qc.ca\/wp-content\/uploads\/2018\/12\/CA-Mus\u00e9e-pour-enfants.jpg\"><\/div><div class=\"tg-center-holder\"><div class=\"tg-center-inner\"><div class=\"tg-item-overlay\"><\/div><a class=\"tg-link-button\" href=\"https:\/\/fonds-risq.qc.ca\/en\/entreprise\/musee-pour-enfants-de-montreal\/\" target=\"_self\"><i class=\"tg-icon-link\"><\/i><\/a><\/div><\/div><div class=\"tg-item-decoration\"><div class=\"triangle-down-right\" style=\"border-color:#b7c634\"><\/div><\/div><div class=\"tg-item-share-holder\"><div class=\"triangle-up-left\" style=\"border-color:rgba(22,22,22,0.65)\"><\/div><i class=\"tg-icon-reply\" style=\"color:#ffffff\"><\/i><div class=\"tg-share-icons\"><a class=\"tg-social-share tg-facebook\" href=\"https:\/\/www.facebook.com\/sharer.php?u=https%3A%2F%2Ffonds-risq.qc.ca%2Fen%2Fentreprise%2Fmusee-pour-enfants-de-montreal%2F&#038;t=Mus%C3%A9e%20pour%20enfants%20de%20Montr%C3%A9al\"><i class=\"tg-icon-facebook\"><\/i><\/a><a class=\"tg-social-share tg-twitter\" href=\"https:\/\/twitter.com\/share?url=https%3A%2F%2Ffonds-risq.qc.ca%2Fen%2Fentreprise%2Fmusee-pour-enfants-de-montreal%2F&#038;text=Mus%C3%A9e%20pour%20enfants%20de%20Montr%C3%A9al\"><i class=\"tg-icon-twitter\"><\/i><\/a><a class=\"tg-social-share tg-google-plus\" href=\"https:\/\/plus.google.com\/share?url=https%3A%2F%2Ffonds-risq.qc.ca%2Fen%2Fentreprise%2Fmusee-pour-enfants-de-montreal%2F\"><i class=\"tg-icon-google-plus\"><\/i><\/a><a class=\"tg-social-share tg-pinterest\" href=\"https:\/\/pinterest.com\/pin\/create\/button\/?url=https%3A%2F%2Ffonds-risq.qc.ca%2Fen%2Fentreprise%2Fmusee-pour-enfants-de-montreal%2F&#038;description=Mus%C3%A9e%20pour%20enfants%20de%20Montr%C3%A9al&#038;media=https%3A%2F%2Ffonds-risq.qc.ca%2Fwp-content%2Fuploads%2F2018%2F12%2FCA-Mus%C3%A9e-pour-enfants.jpg\"><i class=\"tg-icon-pinterest\"><\/i><\/a><\/div><\/div><\/div><div class=\"tg-item-content-holder tg-light image-format\" style=\"background-color:#b7c634\"><span class=\"tg-item-date\">14 December 2018<\/span><h2 class=\"tg-item-title\"><a href=\"https:\/\/fonds-risq.qc.ca\/en\/entreprise\/musee-pour-enfants-de-montreal\/\" target=\"_self\">Mus\u00e9e pour enfants de Montr\u00e9al<\/a><\/h2><span class=\"tg-cats-holder\"><a class=\"filtres_des_entreprises\" href=\"https:\/\/fonds-risq.qc.ca\/en\/filtres_des_entreprises\/2018-en\/\" rel=\"category\" data-term-id=\"223\"><span class=\"tg-item-term\" >2018<\/span><\/a><span>, <\/span><a class=\"filtres_des_entreprises\" href=\"https:\/\/fonds-risq.qc.ca\/en\/filtres_des_entreprises\/culture-en\/\" rel=\"category\" data-term-id=\"177\"><span class=\"tg-item-term\" >Culture<\/span><\/a><span>, <\/span><a class=\"filtres_des_entreprises\" href=\"https:\/\/fonds-risq.qc.ca\/en\/filtres_des_entreprises\/montreal-en\/\" rel=\"category\" data-term-id=\"128\"><span class=\"tg-item-term\" >Montr\u00e9al<\/span><\/a><span>, <\/span><a class=\"filtres_des_entreprises\" href=\"https:\/\/fonds-risq.qc.ca\/en\/filtres_des_entreprises\/npo\/\" rel=\"category\" data-term-id=\"150\"><span class=\"tg-item-term\" >NPO<\/span><\/a><span>, <\/span><a class=\"filtres_des_entreprises\" href=\"https:\/\/fonds-risq.qc.ca\/en\/filtres_des_entreprises\/pret-pour-aide-technique-en\/\" rel=\"category\" data-term-id=\"146\"><span class=\"tg-item-term\" >Technical assistance loan<\/span><\/a><\/span><p class=\"tg-item-excerpt\">Par des expositions hautement participatives qui mobilisent toutes les sph\u00e8res du d\u00e9veloppement et une programmation d\u00e9di\u00e9e aux enfants de 12 ans et moins et leur famille, le MEM leur permettra de faire le plein d'exp\u00e9riences...<\/p><div class=\"tg-item-footer\"><a class=\"tg-item-comment\" href=\"https:\/\/fonds-risq.qc.ca\/en\/entreprise\/musee-pour-enfants-de-montreal\/\"  target=\"_self\">No comment<\/a><span class=\"no-ajaxy to-post-like no-liked empty-heart\" data-post-id=\"7595\" title=\"Like\"><span class=\"to-heart-icon\"><svg xmlns=\"http:\/\/www.w3.org\/2000\/svg\" version=\"1.1\" viewBox=\"0 0 64 64\"><g transform=\"translate(0, 0)\"><path stroke-width=\"6\" stroke-linecap=\"square\" stroke-miterlimit=\"10\" d=\"M1,21c0,20,31,38,31,38s31-18,31-38 c0-8.285-6-16-15-16c-8.285,0-16,5.715-16,14c0-8.285-7.715-14-16-14C7,5,1,12.715,1,21z\"><\/path><\/g><\/svg><\/span><span class=\"to-like-count\">0<\/span><\/span><\/div><\/div><\/div><\/article><!-- The Grid item #286 --><article class=\"tg-item tg-post-7596 kampala f223 f128 f150 f135 f146\" data-row=\"1\" data-col=\"1\"><div class=\"tg-item-inner\"><div class=\"tg-item-media-holder tg-light\"><div class=\"tg-item-media-inner\"><img decoding=\"async\" class=\"tg-item-image\" alt=\"\" width=\"200\" height=\"200\" src=\"https:\/\/fonds-risq.qc.ca\/wp-content\/uploads\/2018\/12\/cantine_pour_tous_-_article_du_devoir_28_septembre_2017.png\"><\/div><div class=\"tg-center-holder\"><div class=\"tg-center-inner\"><div class=\"tg-item-overlay\"><\/div><a class=\"tg-link-button\" href=\"https:\/\/fonds-risq.qc.ca\/en\/entreprise\/la-cantine-pour-tous\/\" target=\"_self\"><i class=\"tg-icon-link\"><\/i><\/a><\/div><\/div><div class=\"tg-item-decoration\"><div class=\"triangle-down-right\" style=\"border-color:#b7c634\"><\/div><\/div><div class=\"tg-item-share-holder\"><div class=\"triangle-up-left\" style=\"border-color:rgba(22,22,22,0.65)\"><\/div><i class=\"tg-icon-reply\" style=\"color:#ffffff\"><\/i><div class=\"tg-share-icons\"><a class=\"tg-social-share tg-facebook\" href=\"https:\/\/www.facebook.com\/sharer.php?u=https%3A%2F%2Ffonds-risq.qc.ca%2Fen%2Fentreprise%2Fla-cantine-pour-tous%2F&#038;t=La%20Cantine%20pour%20tous\"><i class=\"tg-icon-facebook\"><\/i><\/a><a class=\"tg-social-share tg-twitter\" href=\"https:\/\/twitter.com\/share?url=https%3A%2F%2Ffonds-risq.qc.ca%2Fen%2Fentreprise%2Fla-cantine-pour-tous%2F&#038;text=La%20Cantine%20pour%20tous\"><i class=\"tg-icon-twitter\"><\/i><\/a><a class=\"tg-social-share tg-google-plus\" href=\"https:\/\/plus.google.com\/share?url=https%3A%2F%2Ffonds-risq.qc.ca%2Fen%2Fentreprise%2Fla-cantine-pour-tous%2F\"><i class=\"tg-icon-google-plus\"><\/i><\/a><a class=\"tg-social-share tg-pinterest\" href=\"https:\/\/pinterest.com\/pin\/create\/button\/?url=https%3A%2F%2Ffonds-risq.qc.ca%2Fen%2Fentreprise%2Fla-cantine-pour-tous%2F&#038;description=La%20Cantine%20pour%20tous&#038;media=https%3A%2F%2Ffonds-risq.qc.ca%2Fwp-content%2Fuploads%2F2018%2F12%2Fcantine_pour_tous_-_article_du_devoir_28_septembre_2017.png\"><i class=\"tg-icon-pinterest\"><\/i><\/a><\/div><\/div><\/div><div class=\"tg-item-content-holder tg-light image-format\" style=\"background-color:#b7c634\"><span class=\"tg-item-date\">14 December 2018<\/span><h2 class=\"tg-item-title\"><a href=\"https:\/\/fonds-risq.qc.ca\/en\/entreprise\/la-cantine-pour-tous\/\" target=\"_self\">La Cantine pour tous<\/a><\/h2><span class=\"tg-cats-holder\"><a class=\"filtres_des_entreprises\" href=\"https:\/\/fonds-risq.qc.ca\/en\/filtres_des_entreprises\/2018-en\/\" rel=\"category\" data-term-id=\"223\"><span class=\"tg-item-term\" >2018<\/span><\/a><span>, <\/span><a class=\"filtres_des_entreprises\" href=\"https:\/\/fonds-risq.qc.ca\/en\/filtres_des_entreprises\/montreal-en\/\" rel=\"category\" data-term-id=\"128\"><span class=\"tg-item-term\" >Montr\u00e9al<\/span><\/a><span>, <\/span><a class=\"filtres_des_entreprises\" href=\"https:\/\/fonds-risq.qc.ca\/en\/filtres_des_entreprises\/npo\/\" rel=\"category\" data-term-id=\"150\"><span class=\"tg-item-term\" >NPO<\/span><\/a><span>, <\/span><a class=\"filtres_des_entreprises\" href=\"https:\/\/fonds-risq.qc.ca\/en\/filtres_des_entreprises\/services-en\/\" rel=\"category\" data-term-id=\"135\"><span class=\"tg-item-term\" >Services<\/span><\/a><span>, <\/span><a class=\"filtres_des_entreprises\" href=\"https:\/\/fonds-risq.qc.ca\/en\/filtres_des_entreprises\/pret-pour-aide-technique-en\/\" rel=\"category\" data-term-id=\"146\"><span class=\"tg-item-term\" >Technical assistance loan<\/span><\/a><\/span><p class=\"tg-item-excerpt\">La Cantine pour tous rassemble des acteurs de divers r\u00e9seaux de l'\u00e9conomie sociale. Son mod\u00e8le d'affaires propose de r\u00e9unir, dans une m\u00eame r\u00e9gion, des entreprises collectives ayant ou d\u00e9sirant d\u00e9velopper des volets d'\u00e9conomie sociale...<\/p><div class=\"tg-item-footer\"><a class=\"tg-item-comment\" href=\"https:\/\/fonds-risq.qc.ca\/en\/entreprise\/la-cantine-pour-tous\/\"  target=\"_self\">No comment<\/a><span class=\"no-ajaxy to-post-like no-liked empty-heart\" data-post-id=\"7596\" title=\"Like\"><span class=\"to-heart-icon\"><svg xmlns=\"http:\/\/www.w3.org\/2000\/svg\" version=\"1.1\" viewBox=\"0 0 64 64\"><g transform=\"translate(0, 0)\"><path stroke-width=\"6\" stroke-linecap=\"square\" stroke-miterlimit=\"10\" d=\"M1,21c0,20,31,38,31,38s31-18,31-38 c0-8.285-6-16-15-16c-8.285,0-16,5.715-16,14c0-8.285-7.715-14-16-14C7,5,1,12.715,1,21z\"><\/path><\/g><\/svg><\/span><span class=\"to-like-count\">0<\/span><\/span><\/div><\/div><\/div><\/article><!-- The Grid item #287 --><article class=\"tg-item tg-post-7605 kampala f223 f130 f151 f147 f135\" data-row=\"1\" data-col=\"1\"><div class=\"tg-item-inner\"><div class=\"tg-item-media-holder tg-light\"><div class=\"tg-item-media-inner\"><img decoding=\"async\" class=\"tg-item-image\" alt=\"\" width=\"2048\" height=\"1365\" src=\"https:\/\/fonds-risq.qc.ca\/wp-content\/uploads\/2018\/12\/Photo-coop-Carbone.jpg\"><\/div><div class=\"tg-center-holder\"><div class=\"tg-center-inner\"><div class=\"tg-item-overlay\"><\/div><a class=\"tg-link-button\" href=\"https:\/\/fonds-risq.qc.ca\/en\/entreprise\/coop-carbone\/\" target=\"_self\"><i class=\"tg-icon-link\"><\/i><\/a><\/div><\/div><div class=\"tg-item-decoration\"><div class=\"triangle-down-right\" style=\"border-color:#ee4224\"><\/div><\/div><div class=\"tg-item-share-holder\"><div class=\"triangle-up-left\" style=\"border-color:rgba(22,22,22,0.65)\"><\/div><i class=\"tg-icon-reply\" style=\"color:#ffffff\"><\/i><div class=\"tg-share-icons\"><a class=\"tg-social-share tg-facebook\" href=\"https:\/\/www.facebook.com\/sharer.php?u=https%3A%2F%2Ffonds-risq.qc.ca%2Fen%2Fentreprise%2Fcoop-carbone%2F&#038;t=Coop%20Carbone\"><i class=\"tg-icon-facebook\"><\/i><\/a><a class=\"tg-social-share tg-twitter\" href=\"https:\/\/twitter.com\/share?url=https%3A%2F%2Ffonds-risq.qc.ca%2Fen%2Fentreprise%2Fcoop-carbone%2F&#038;text=Coop%20Carbone\"><i class=\"tg-icon-twitter\"><\/i><\/a><a class=\"tg-social-share tg-google-plus\" href=\"https:\/\/plus.google.com\/share?url=https%3A%2F%2Ffonds-risq.qc.ca%2Fen%2Fentreprise%2Fcoop-carbone%2F\"><i class=\"tg-icon-google-plus\"><\/i><\/a><a class=\"tg-social-share tg-pinterest\" href=\"https:\/\/pinterest.com\/pin\/create\/button\/?url=https%3A%2F%2Ffonds-risq.qc.ca%2Fen%2Fentreprise%2Fcoop-carbone%2F&#038;description=Coop%20Carbone&#038;media=https%3A%2F%2Ffonds-risq.qc.ca%2Fwp-content%2Fuploads%2F2018%2F12%2FPhoto-coop-Carbone.jpg\"><i class=\"tg-icon-pinterest\"><\/i><\/a><\/div><\/div><\/div><div class=\"tg-item-content-holder tg-light image-format\" style=\"background-color:#ee4224\"><span class=\"tg-item-date\">14 December 2018<\/span><h2 class=\"tg-item-title\"><a href=\"https:\/\/fonds-risq.qc.ca\/en\/entreprise\/coop-carbone\/\" target=\"_self\">Coop Carbone<\/a><\/h2><span class=\"tg-cats-holder\"><a class=\"filtres_des_entreprises\" href=\"https:\/\/fonds-risq.qc.ca\/en\/filtres_des_entreprises\/2018-en\/\" rel=\"category\" data-term-id=\"223\"><span class=\"tg-item-term\" >2018<\/span><\/a><span>, <\/span><a class=\"filtres_des_entreprises\" href=\"https:\/\/fonds-risq.qc.ca\/en\/filtres_des_entreprises\/capitale-nationale-en\/\" rel=\"category\" data-term-id=\"130\"><span class=\"tg-item-term\" >Capitale-Nationale<\/span><\/a><span>, <\/span><a class=\"filtres_des_entreprises\" href=\"https:\/\/fonds-risq.qc.ca\/en\/filtres_des_entreprises\/coop-en\/\" rel=\"category\" data-term-id=\"151\"><span class=\"tg-item-term\" >COOP<\/span><\/a><span>, <\/span><a class=\"filtres_des_entreprises\" href=\"https:\/\/fonds-risq.qc.ca\/en\/filtres_des_entreprises\/pre-startup-loan\/\" rel=\"category\" data-term-id=\"147\"><span class=\"tg-item-term\" >Pre-startup loan<\/span><\/a><span>, <\/span><a class=\"filtres_des_entreprises\" href=\"https:\/\/fonds-risq.qc.ca\/en\/filtres_des_entreprises\/services-en\/\" rel=\"category\" data-term-id=\"135\"><span class=\"tg-item-term\" >Services<\/span><\/a><\/span><p class=\"tg-item-excerpt\">La Coop\u00e9rative de solidarit\u00e9 Carbone est n\u00e9e de la volont\u00e9 de plusieurs acteurs \u00e0 contribuer \u00e0 la lutte contre les changements climatiques tout en participant au d\u00e9veloppement de l\u2019\u00e9conomie collaborative.\r\n\r\nCoop Carbone d\u00e9veloppe...<\/p><div class=\"tg-item-footer\"><a class=\"tg-item-comment\" href=\"https:\/\/fonds-risq.qc.ca\/en\/entreprise\/coop-carbone\/\"  target=\"_self\">No comment<\/a><span class=\"no-ajaxy to-post-like no-liked empty-heart\" data-post-id=\"7605\" title=\"Like\"><span class=\"to-heart-icon\"><svg xmlns=\"http:\/\/www.w3.org\/2000\/svg\" version=\"1.1\" viewBox=\"0 0 64 64\"><g transform=\"translate(0, 0)\"><path stroke-width=\"6\" stroke-linecap=\"square\" stroke-miterlimit=\"10\" d=\"M1,21c0,20,31,38,31,38s31-18,31-38 c0-8.285-6-16-15-16c-8.285,0-16,5.715-16,14c0-8.285-7.715-14-16-14C7,5,1,12.715,1,21z\"><\/path><\/g><\/svg><\/span><span class=\"to-like-count\">0<\/span><\/span><\/div><\/div><\/div><\/article><!-- The Grid item #288 --><article class=\"tg-item tg-post-7636 kampala f222 f219 f134 f148 f128 f150 f146\" data-row=\"1\" data-col=\"1\"><div class=\"tg-item-inner\"><div class=\"tg-item-media-holder tg-light\"><div class=\"tg-item-media-inner\"><img decoding=\"async\" class=\"tg-item-image\" alt=\"\" width=\"2560\" height=\"974\" src=\"https:\/\/fonds-risq.qc.ca\/wp-content\/uploads\/2018\/07\/illusion-3-scaled.jpg\"><\/div><div class=\"tg-center-holder\"><div class=\"tg-center-inner\"><div class=\"tg-item-overlay\"><\/div><a class=\"tg-link-button\" href=\"https:\/\/fonds-risq.qc.ca\/en\/entreprise\/lillusion-theatre-de-marionnettes\/\" target=\"_self\"><i class=\"tg-icon-link\"><\/i><\/a><\/div><\/div><div class=\"tg-item-decoration\"><div class=\"triangle-down-right\" style=\"border-color:#b7c634\"><\/div><\/div><div class=\"tg-item-share-holder\"><div class=\"triangle-up-left\" style=\"border-color:rgba(22,22,22,0.65)\"><\/div><i class=\"tg-icon-reply\" style=\"color:#ffffff\"><\/i><div class=\"tg-share-icons\"><a class=\"tg-social-share tg-facebook\" href=\"https:\/\/www.facebook.com\/sharer.php?u=https%3A%2F%2Ffonds-risq.qc.ca%2Fen%2Fentreprise%2Flillusion-theatre-de-marionnettes%2F&#038;t=L%E2%80%99Illusion%2C%20Th%C3%A9%C3%A2tre%20de%20marionnettes\"><i class=\"tg-icon-facebook\"><\/i><\/a><a class=\"tg-social-share tg-twitter\" href=\"https:\/\/twitter.com\/share?url=https%3A%2F%2Ffonds-risq.qc.ca%2Fen%2Fentreprise%2Flillusion-theatre-de-marionnettes%2F&#038;text=L%E2%80%99Illusion%2C%20Th%C3%A9%C3%A2tre%20de%20marionnettes\"><i class=\"tg-icon-twitter\"><\/i><\/a><a class=\"tg-social-share tg-google-plus\" href=\"https:\/\/plus.google.com\/share?url=https%3A%2F%2Ffonds-risq.qc.ca%2Fen%2Fentreprise%2Flillusion-theatre-de-marionnettes%2F\"><i class=\"tg-icon-google-plus\"><\/i><\/a><a class=\"tg-social-share tg-pinterest\" href=\"https:\/\/pinterest.com\/pin\/create\/button\/?url=https%3A%2F%2Ffonds-risq.qc.ca%2Fen%2Fentreprise%2Flillusion-theatre-de-marionnettes%2F&#038;description=L%E2%80%99Illusion%2C%20Th%C3%A9%C3%A2tre%20de%20marionnettes&#038;media=https%3A%2F%2Ffonds-risq.qc.ca%2Fwp-content%2Fuploads%2F2018%2F07%2Fillusion-3-scaled.jpg\"><i class=\"tg-icon-pinterest\"><\/i><\/a><\/div><\/div><\/div><div class=\"tg-item-content-holder tg-light image-format\" style=\"background-color:#b7c634\"><span class=\"tg-item-date\">12 December 2018<\/span><h2 class=\"tg-item-title\"><a href=\"https:\/\/fonds-risq.qc.ca\/en\/entreprise\/lillusion-theatre-de-marionnettes\/\" target=\"_self\">L&#8217;Illusion, Th\u00e9\u00e2tre de marionnettes<\/a><\/h2><span class=\"tg-cats-holder\"><a class=\"filtres_des_entreprises\" href=\"https:\/\/fonds-risq.qc.ca\/en\/filtres_des_entreprises\/2017-en\/\" rel=\"category\" data-term-id=\"222\"><span class=\"tg-item-term\" >2017<\/span><\/a><span>, <\/span><a class=\"filtres_des_entreprises\" href=\"https:\/\/fonds-risq.qc.ca\/en\/filtres_des_entreprises\/2019-en\/\" rel=\"category\" data-term-id=\"219\"><span class=\"tg-item-term\" >2019<\/span><\/a><span>, <\/span><a class=\"filtres_des_entreprises\" href=\"https:\/\/fonds-risq.qc.ca\/en\/filtres_des_entreprises\/arts-and-culture\/\" rel=\"category\" data-term-id=\"134\"><span class=\"tg-item-term\" >Arts and culture<\/span><\/a><span>, <\/span><a class=\"filtres_des_entreprises\" href=\"https:\/\/fonds-risq.qc.ca\/en\/filtres_des_entreprises\/capitalization-loan\/\" rel=\"category\" data-term-id=\"148\"><span class=\"tg-item-term\" >Capitalization loan<\/span><\/a><span>, <\/span><a class=\"filtres_des_entreprises\" href=\"https:\/\/fonds-risq.qc.ca\/en\/filtres_des_entreprises\/montreal-en\/\" rel=\"category\" data-term-id=\"128\"><span class=\"tg-item-term\" >Montr\u00e9al<\/span><\/a><span>, <\/span><a class=\"filtres_des_entreprises\" href=\"https:\/\/fonds-risq.qc.ca\/en\/filtres_des_entreprises\/npo\/\" rel=\"category\" data-term-id=\"150\"><span class=\"tg-item-term\" >NPO<\/span><\/a><span>, <\/span><a class=\"filtres_des_entreprises\" href=\"https:\/\/fonds-risq.qc.ca\/en\/filtres_des_entreprises\/pret-pour-aide-technique-en\/\" rel=\"category\" data-term-id=\"146\"><span class=\"tg-item-term\" >Technical assistance loan<\/span><\/a><\/span><p class=\"tg-item-excerpt\">L\u2019Illusion, Th\u00e9\u00e2tre de marionnettes cr\u00e9e, produit et diffuse des \u0153uvres th\u00e9\u00e2trales qui s\u2019inspirent librement de la litt\u00e9rature mondiale et du riche r\u00e9pertoire des contes. \r\n\r\nChaque spectacle explore des formes et des techniques...<\/p><div class=\"tg-item-footer\"><a class=\"tg-item-comment\" href=\"https:\/\/fonds-risq.qc.ca\/en\/entreprise\/lillusion-theatre-de-marionnettes\/\"  target=\"_self\">No comment<\/a><span class=\"no-ajaxy to-post-like no-liked empty-heart\" data-post-id=\"7636\" title=\"Like\"><span class=\"to-heart-icon\"><svg xmlns=\"http:\/\/www.w3.org\/2000\/svg\" version=\"1.1\" viewBox=\"0 0 64 64\"><g transform=\"translate(0, 0)\"><path stroke-width=\"6\" stroke-linecap=\"square\" stroke-miterlimit=\"10\" d=\"M1,21c0,20,31,38,31,38s31-18,31-38 c0-8.285-6-16-15-16c-8.285,0-16,5.715-16,14c0-8.285-7.715-14-16-14C7,5,1,12.715,1,21z\"><\/path><\/g><\/svg><\/span><span class=\"to-like-count\">0<\/span><\/span><\/div><\/div><\/div><\/article><!-- The Grid item #289 --><article class=\"tg-item tg-post-7606 kampala f223 f151 f127 f135 f146\" data-row=\"1\" data-col=\"1\"><div class=\"tg-item-inner\"><div class=\"tg-item-media-holder tg-light\"><div class=\"tg-item-media-inner\"><img decoding=\"async\" class=\"tg-item-image\" alt=\"\" width=\"960\" height=\"720\" src=\"https:\/\/fonds-risq.qc.ca\/wp-content\/uploads\/2018\/11\/Niska-2.jpg\"><\/div><div class=\"tg-center-holder\"><div class=\"tg-center-inner\"><div class=\"tg-item-overlay\"><\/div><a class=\"tg-link-button\" href=\"https:\/\/fonds-risq.qc.ca\/en\/entreprise\/niska-cooperative-de-travail\/\" target=\"_self\"><i class=\"tg-icon-link\"><\/i><\/a><\/div><\/div><div class=\"tg-item-decoration\"><div class=\"triangle-down-right\" style=\"border-color:#b7c634\"><\/div><\/div><div class=\"tg-item-share-holder\"><div class=\"triangle-up-left\" style=\"border-color:rgba(22,22,22,0.65)\"><\/div><i class=\"tg-icon-reply\" style=\"color:#ffffff\"><\/i><div class=\"tg-share-icons\"><a class=\"tg-social-share tg-facebook\" href=\"https:\/\/www.facebook.com\/sharer.php?u=https%3A%2F%2Ffonds-risq.qc.ca%2Fen%2Fentreprise%2Fniska-cooperative-de-travail%2F&#038;t=Niska%20coop%C3%A9rative%20de%20travail\"><i class=\"tg-icon-facebook\"><\/i><\/a><a class=\"tg-social-share tg-twitter\" href=\"https:\/\/twitter.com\/share?url=https%3A%2F%2Ffonds-risq.qc.ca%2Fen%2Fentreprise%2Fniska-cooperative-de-travail%2F&#038;text=Niska%20coop%C3%A9rative%20de%20travail\"><i class=\"tg-icon-twitter\"><\/i><\/a><a class=\"tg-social-share tg-google-plus\" href=\"https:\/\/plus.google.com\/share?url=https%3A%2F%2Ffonds-risq.qc.ca%2Fen%2Fentreprise%2Fniska-cooperative-de-travail%2F\"><i class=\"tg-icon-google-plus\"><\/i><\/a><a class=\"tg-social-share tg-pinterest\" href=\"https:\/\/pinterest.com\/pin\/create\/button\/?url=https%3A%2F%2Ffonds-risq.qc.ca%2Fen%2Fentreprise%2Fniska-cooperative-de-travail%2F&#038;description=Niska%20coop%C3%A9rative%20de%20travail&#038;media=https%3A%2F%2Ffonds-risq.qc.ca%2Fwp-content%2Fuploads%2F2018%2F11%2FNiska-2.jpg\"><i class=\"tg-icon-pinterest\"><\/i><\/a><\/div><\/div><\/div><div class=\"tg-item-content-holder tg-light image-format\" style=\"background-color:#b7c634\"><span class=\"tg-item-date\">27 November 2018<\/span><h2 class=\"tg-item-title\"><a href=\"https:\/\/fonds-risq.qc.ca\/en\/entreprise\/niska-cooperative-de-travail\/\" target=\"_self\">Niska coop\u00e9rative de travail<\/a><\/h2><span class=\"tg-cats-holder\"><a class=\"filtres_des_entreprises\" href=\"https:\/\/fonds-risq.qc.ca\/en\/filtres_des_entreprises\/2018-en\/\" rel=\"category\" data-term-id=\"223\"><span class=\"tg-item-term\" >2018<\/span><\/a><span>, <\/span><a class=\"filtres_des_entreprises\" href=\"https:\/\/fonds-risq.qc.ca\/en\/filtres_des_entreprises\/coop-en\/\" rel=\"category\" data-term-id=\"151\"><span class=\"tg-item-term\" >COOP<\/span><\/a><span>, <\/span><a class=\"filtres_des_entreprises\" href=\"https:\/\/fonds-risq.qc.ca\/en\/filtres_des_entreprises\/estrie-en\/\" rel=\"category\" data-term-id=\"127\"><span class=\"tg-item-term\" >Estrie<\/span><\/a><span>, <\/span><a class=\"filtres_des_entreprises\" href=\"https:\/\/fonds-risq.qc.ca\/en\/filtres_des_entreprises\/services-en\/\" rel=\"category\" data-term-id=\"135\"><span class=\"tg-item-term\" >Services<\/span><\/a><span>, <\/span><a class=\"filtres_des_entreprises\" href=\"https:\/\/fonds-risq.qc.ca\/en\/filtres_des_entreprises\/pret-pour-aide-technique-en\/\" rel=\"category\" data-term-id=\"146\"><span class=\"tg-item-term\" >Technical assistance loan<\/span><\/a><\/span><p class=\"tg-item-excerpt\">Appuy\u00e9e par des valeurs d'engagement, de collaboration, de cr\u00e9ativit\u00e9 et d'int\u00e9grit\u00e9, cette coop\u00e9rative accompagne les collectivit\u00e9s et les organisations pour les aider \u00e0 r\u00e9fl\u00e9chir, d\u00e9cider et agir ensemble, pour imaginer et...<\/p><div class=\"tg-item-footer\"><a class=\"tg-item-comment\" href=\"https:\/\/fonds-risq.qc.ca\/en\/entreprise\/niska-cooperative-de-travail\/\"  target=\"_self\">No comment<\/a><span class=\"no-ajaxy to-post-like no-liked empty-heart\" data-post-id=\"7606\" title=\"Like\"><span class=\"to-heart-icon\"><svg xmlns=\"http:\/\/www.w3.org\/2000\/svg\" version=\"1.1\" viewBox=\"0 0 64 64\"><g transform=\"translate(0, 0)\"><path stroke-width=\"6\" stroke-linecap=\"square\" stroke-miterlimit=\"10\" d=\"M1,21c0,20,31,38,31,38s31-18,31-38 c0-8.285-6-16-15-16c-8.285,0-16,5.715-16,14c0-8.285-7.715-14-16-14C7,5,1,12.715,1,21z\"><\/path><\/g><\/svg><\/span><span class=\"to-like-count\">0<\/span><\/span><\/div><\/div><\/div><\/article><!-- The Grid item #290 --><article class=\"tg-item tg-post-7607 kampala f223 f148 f128 f150 f135\" data-row=\"1\" data-col=\"1\"><div class=\"tg-item-inner\"><div class=\"tg-item-media-holder tg-light\"><div class=\"tg-item-media-inner\"><img decoding=\"async\" class=\"tg-item-image\" alt=\"\" width=\"1917\" height=\"1279\" src=\"https:\/\/fonds-risq.qc.ca\/wp-content\/uploads\/2018\/11\/Pepiniere.jpg\"><\/div><div class=\"tg-center-holder\"><div class=\"tg-center-inner\"><div class=\"tg-item-overlay\"><\/div><a class=\"tg-link-button\" href=\"https:\/\/fonds-risq.qc.ca\/en\/entreprise\/pepiniere-espaces-collectifs\/\" target=\"_self\"><i class=\"tg-icon-link\"><\/i><\/a><\/div><\/div><div class=\"tg-item-decoration\"><div class=\"triangle-down-right\" style=\"border-color:#0097c8\"><\/div><\/div><div class=\"tg-item-share-holder\"><div class=\"triangle-up-left\" style=\"border-color:rgba(22,22,22,0.65)\"><\/div><i class=\"tg-icon-reply\" style=\"color:#ffffff\"><\/i><div class=\"tg-share-icons\"><a class=\"tg-social-share tg-facebook\" href=\"https:\/\/www.facebook.com\/sharer.php?u=https%3A%2F%2Ffonds-risq.qc.ca%2Fen%2Fentreprise%2Fpepiniere-espaces-collectifs%2F&#038;t=P%C3%A9pini%C3%A8re%2C%20espaces%20collectifs\"><i class=\"tg-icon-facebook\"><\/i><\/a><a class=\"tg-social-share tg-twitter\" href=\"https:\/\/twitter.com\/share?url=https%3A%2F%2Ffonds-risq.qc.ca%2Fen%2Fentreprise%2Fpepiniere-espaces-collectifs%2F&#038;text=P%C3%A9pini%C3%A8re%2C%20espaces%20collectifs\"><i class=\"tg-icon-twitter\"><\/i><\/a><a class=\"tg-social-share tg-google-plus\" href=\"https:\/\/plus.google.com\/share?url=https%3A%2F%2Ffonds-risq.qc.ca%2Fen%2Fentreprise%2Fpepiniere-espaces-collectifs%2F\"><i class=\"tg-icon-google-plus\"><\/i><\/a><a class=\"tg-social-share tg-pinterest\" href=\"https:\/\/pinterest.com\/pin\/create\/button\/?url=https%3A%2F%2Ffonds-risq.qc.ca%2Fen%2Fentreprise%2Fpepiniere-espaces-collectifs%2F&#038;description=P%C3%A9pini%C3%A8re%2C%20espaces%20collectifs&#038;media=https%3A%2F%2Ffonds-risq.qc.ca%2Fwp-content%2Fuploads%2F2018%2F11%2FPepiniere.jpg\"><i class=\"tg-icon-pinterest\"><\/i><\/a><\/div><\/div><\/div><div class=\"tg-item-content-holder tg-light image-format\" style=\"background-color:#0097c8\"><span class=\"tg-item-date\">27 November 2018<\/span><h2 class=\"tg-item-title\"><a href=\"https:\/\/fonds-risq.qc.ca\/en\/entreprise\/pepiniere-espaces-collectifs\/\" target=\"_self\">P\u00e9pini\u00e8re, espaces collectifs<\/a><\/h2><span class=\"tg-cats-holder\"><a class=\"filtres_des_entreprises\" href=\"https:\/\/fonds-risq.qc.ca\/en\/filtres_des_entreprises\/2018-en\/\" rel=\"category\" data-term-id=\"223\"><span class=\"tg-item-term\" >2018<\/span><\/a><span>, <\/span><a class=\"filtres_des_entreprises\" href=\"https:\/\/fonds-risq.qc.ca\/en\/filtres_des_entreprises\/capitalization-loan\/\" rel=\"category\" data-term-id=\"148\"><span class=\"tg-item-term\" >Capitalization loan<\/span><\/a><span>, <\/span><a class=\"filtres_des_entreprises\" href=\"https:\/\/fonds-risq.qc.ca\/en\/filtres_des_entreprises\/montreal-en\/\" rel=\"category\" data-term-id=\"128\"><span class=\"tg-item-term\" >Montr\u00e9al<\/span><\/a><span>, <\/span><a class=\"filtres_des_entreprises\" href=\"https:\/\/fonds-risq.qc.ca\/en\/filtres_des_entreprises\/npo\/\" rel=\"category\" data-term-id=\"150\"><span class=\"tg-item-term\" >NPO<\/span><\/a><span>, <\/span><a class=\"filtres_des_entreprises\" href=\"https:\/\/fonds-risq.qc.ca\/en\/filtres_des_entreprises\/services-en\/\" rel=\"category\" data-term-id=\"135\"><span class=\"tg-item-term\" >Services<\/span><\/a><\/span><p class=\"tg-item-excerpt\">N\u00e9 en 2014 d\u2019une initiative citoyenne, l\u2019organisme est aujourd\u2019hui le chef de file du mouvement du placemaking au Qu\u00e9bec, avec plus de 30 projets r\u00e9alis\u00e9s. Forte de son expertise, La P\u00e9pini\u00e8re est vou\u00e9e \u00e0 d\u00e9velopper des villes plus...<\/p><div class=\"tg-item-footer\"><a class=\"tg-item-comment\" href=\"https:\/\/fonds-risq.qc.ca\/en\/entreprise\/pepiniere-espaces-collectifs\/\"  target=\"_self\">No comment<\/a><span class=\"no-ajaxy to-post-like no-liked empty-heart\" data-post-id=\"7607\" title=\"Like\"><span class=\"to-heart-icon\"><svg xmlns=\"http:\/\/www.w3.org\/2000\/svg\" version=\"1.1\" viewBox=\"0 0 64 64\"><g transform=\"translate(0, 0)\"><path stroke-width=\"6\" stroke-linecap=\"square\" stroke-miterlimit=\"10\" d=\"M1,21c0,20,31,38,31,38s31-18,31-38 c0-8.285-6-16-15-16c-8.285,0-16,5.715-16,14c0-8.285-7.715-14-16-14C7,5,1,12.715,1,21z\"><\/path><\/g><\/svg><\/span><span class=\"to-like-count\">0<\/span><\/span><\/div><\/div><\/div><\/article><!-- The Grid item #291 --><article class=\"tg-item tg-post-7608 kampala f223 f219 f148 f128 f150 f135\" data-row=\"1\" data-col=\"1\"><div class=\"tg-item-inner\"><div class=\"tg-item-media-holder tg-light\"><div class=\"tg-item-media-inner\"><img decoding=\"async\" class=\"tg-item-image\" alt=\"\" width=\"1280\" height=\"853\" src=\"https:\/\/fonds-risq.qc.ca\/wp-content\/uploads\/2018\/11\/espace-temps.jpg\"><\/div><div class=\"tg-center-holder\"><div class=\"tg-center-inner\"><div class=\"tg-item-overlay\"><\/div><a class=\"tg-link-button\" href=\"https:\/\/fonds-risq.qc.ca\/en\/entreprise\/espaces-temps-montreal\/\" target=\"_self\"><i class=\"tg-icon-link\"><\/i><\/a><\/div><\/div><div class=\"tg-item-decoration\"><div class=\"triangle-down-right\" style=\"border-color:#0097c8\"><\/div><\/div><div class=\"tg-item-share-holder\"><div class=\"triangle-up-left\" style=\"border-color:rgba(22,22,22,0.65)\"><\/div><i class=\"tg-icon-reply\" style=\"color:#ffffff\"><\/i><div class=\"tg-share-icons\"><a class=\"tg-social-share tg-facebook\" href=\"https:\/\/www.facebook.com\/sharer.php?u=https%3A%2F%2Ffonds-risq.qc.ca%2Fen%2Fentreprise%2Fespaces-temps-montreal%2F&#038;t=Espaces%20Temps%20Montr%C3%A9al\"><i class=\"tg-icon-facebook\"><\/i><\/a><a class=\"tg-social-share tg-twitter\" href=\"https:\/\/twitter.com\/share?url=https%3A%2F%2Ffonds-risq.qc.ca%2Fen%2Fentreprise%2Fespaces-temps-montreal%2F&#038;text=Espaces%20Temps%20Montr%C3%A9al\"><i class=\"tg-icon-twitter\"><\/i><\/a><a class=\"tg-social-share tg-google-plus\" href=\"https:\/\/plus.google.com\/share?url=https%3A%2F%2Ffonds-risq.qc.ca%2Fen%2Fentreprise%2Fespaces-temps-montreal%2F\"><i class=\"tg-icon-google-plus\"><\/i><\/a><a class=\"tg-social-share tg-pinterest\" href=\"https:\/\/pinterest.com\/pin\/create\/button\/?url=https%3A%2F%2Ffonds-risq.qc.ca%2Fen%2Fentreprise%2Fespaces-temps-montreal%2F&#038;description=Espaces%20Temps%20Montr%C3%A9al&#038;media=https%3A%2F%2Ffonds-risq.qc.ca%2Fwp-content%2Fuploads%2F2018%2F11%2Fespace-temps.jpg\"><i class=\"tg-icon-pinterest\"><\/i><\/a><\/div><\/div><\/div><div class=\"tg-item-content-holder tg-light image-format\" style=\"background-color:#0097c8\"><span class=\"tg-item-date\">16 November 2018<\/span><h2 class=\"tg-item-title\"><a href=\"https:\/\/fonds-risq.qc.ca\/en\/entreprise\/espaces-temps-montreal\/\" target=\"_self\">Espaces Temps Montr\u00e9al<\/a><\/h2><span class=\"tg-cats-holder\"><a class=\"filtres_des_entreprises\" href=\"https:\/\/fonds-risq.qc.ca\/en\/filtres_des_entreprises\/2018-en\/\" rel=\"category\" data-term-id=\"223\"><span class=\"tg-item-term\" >2018<\/span><\/a><span>, <\/span><a class=\"filtres_des_entreprises\" href=\"https:\/\/fonds-risq.qc.ca\/en\/filtres_des_entreprises\/2019-en\/\" rel=\"category\" data-term-id=\"219\"><span class=\"tg-item-term\" >2019<\/span><\/a><span>, <\/span><a class=\"filtres_des_entreprises\" href=\"https:\/\/fonds-risq.qc.ca\/en\/filtres_des_entreprises\/capitalization-loan\/\" rel=\"category\" data-term-id=\"148\"><span class=\"tg-item-term\" >Capitalization loan<\/span><\/a><span>, <\/span><a class=\"filtres_des_entreprises\" href=\"https:\/\/fonds-risq.qc.ca\/en\/filtres_des_entreprises\/montreal-en\/\" rel=\"category\" data-term-id=\"128\"><span class=\"tg-item-term\" >Montr\u00e9al<\/span><\/a><span>, <\/span><a class=\"filtres_des_entreprises\" href=\"https:\/\/fonds-risq.qc.ca\/en\/filtres_des_entreprises\/npo\/\" rel=\"category\" data-term-id=\"150\"><span class=\"tg-item-term\" >NPO<\/span><\/a><span>, <\/span><a class=\"filtres_des_entreprises\" href=\"https:\/\/fonds-risq.qc.ca\/en\/filtres_des_entreprises\/services-en\/\" rel=\"category\" data-term-id=\"135\"><span class=\"tg-item-term\" >Services<\/span><\/a><\/span><p class=\"tg-item-excerpt\">Espaces temps soutient le d\u00e9veloppement de projets complexes, centr\u00e9s sur les humains et positifs pour la soci\u00e9t\u00e9 en accompagnant les organisations et en incubant des initiatives.\r\n\r\nLeur force r\u00e9side en leur capacit\u00e9 \u00e0 imaginer et...<\/p><div class=\"tg-item-footer\"><a class=\"tg-item-comment\" href=\"https:\/\/fonds-risq.qc.ca\/en\/entreprise\/espaces-temps-montreal\/\"  target=\"_self\">No comment<\/a><span class=\"no-ajaxy to-post-like no-liked empty-heart\" data-post-id=\"7608\" title=\"Like\"><span class=\"to-heart-icon\"><svg xmlns=\"http:\/\/www.w3.org\/2000\/svg\" version=\"1.1\" viewBox=\"0 0 64 64\"><g transform=\"translate(0, 0)\"><path stroke-width=\"6\" stroke-linecap=\"square\" stroke-miterlimit=\"10\" d=\"M1,21c0,20,31,38,31,38s31-18,31-38 c0-8.285-6-16-15-16c-8.285,0-16,5.715-16,14c0-8.285-7.715-14-16-14C7,5,1,12.715,1,21z\"><\/path><\/g><\/svg><\/span><span class=\"to-like-count\">0<\/span><\/span><\/div><\/div><\/div><\/article><!-- The Grid item #292 --><article class=\"tg-item tg-post-7611 kampala f223 f148 f157 f150 f142\" data-row=\"1\" data-col=\"1\"><div class=\"tg-item-inner\"><div class=\"tg-item-media-holder tg-light\"><div class=\"tg-item-media-inner\"><img decoding=\"async\" class=\"tg-item-image\" alt=\"\" width=\"621\" height=\"421\" src=\"https:\/\/fonds-risq.qc.ca\/wp-content\/uploads\/2018\/11\/alpabem-logo.jpg\"><\/div><div class=\"tg-center-holder\"><div class=\"tg-center-inner\"><div class=\"tg-item-overlay\"><\/div><a class=\"tg-link-button\" href=\"https:\/\/fonds-risq.qc.ca\/en\/entreprise\/alpabem\/\" target=\"_self\"><i class=\"tg-icon-link\"><\/i><\/a><\/div><\/div><div class=\"tg-item-decoration\"><div class=\"triangle-down-right\" style=\"border-color:#0097c8\"><\/div><\/div><div class=\"tg-item-share-holder\"><div class=\"triangle-up-left\" style=\"border-color:rgba(22,22,22,0.65)\"><\/div><i class=\"tg-icon-reply\" style=\"color:#ffffff\"><\/i><div class=\"tg-share-icons\"><a class=\"tg-social-share tg-facebook\" href=\"https:\/\/www.facebook.com\/sharer.php?u=https%3A%2F%2Ffonds-risq.qc.ca%2Fen%2Fentreprise%2Falpabem%2F&#038;t=ALPABEM\"><i class=\"tg-icon-facebook\"><\/i><\/a><a class=\"tg-social-share tg-twitter\" href=\"https:\/\/twitter.com\/share?url=https%3A%2F%2Ffonds-risq.qc.ca%2Fen%2Fentreprise%2Falpabem%2F&#038;text=ALPABEM\"><i class=\"tg-icon-twitter\"><\/i><\/a><a class=\"tg-social-share tg-google-plus\" href=\"https:\/\/plus.google.com\/share?url=https%3A%2F%2Ffonds-risq.qc.ca%2Fen%2Fentreprise%2Falpabem%2F\"><i class=\"tg-icon-google-plus\"><\/i><\/a><a class=\"tg-social-share tg-pinterest\" href=\"https:\/\/pinterest.com\/pin\/create\/button\/?url=https%3A%2F%2Ffonds-risq.qc.ca%2Fen%2Fentreprise%2Falpabem%2F&#038;description=ALPABEM&#038;media=https%3A%2F%2Ffonds-risq.qc.ca%2Fwp-content%2Fuploads%2F2018%2F11%2Falpabem-logo.jpg\"><i class=\"tg-icon-pinterest\"><\/i><\/a><\/div><\/div><\/div><div class=\"tg-item-content-holder tg-light image-format\" style=\"background-color:#0097c8\"><span class=\"tg-item-date\">9 November 2018<\/span><h2 class=\"tg-item-title\"><a href=\"https:\/\/fonds-risq.qc.ca\/en\/entreprise\/alpabem\/\" target=\"_self\">ALPABEM<\/a><\/h2><span class=\"tg-cats-holder\"><a class=\"filtres_des_entreprises\" href=\"https:\/\/fonds-risq.qc.ca\/en\/filtres_des_entreprises\/2018-en\/\" rel=\"category\" data-term-id=\"223\"><span class=\"tg-item-term\" >2018<\/span><\/a><span>, <\/span><a class=\"filtres_des_entreprises\" href=\"https:\/\/fonds-risq.qc.ca\/en\/filtres_des_entreprises\/capitalization-loan\/\" rel=\"category\" data-term-id=\"148\"><span class=\"tg-item-term\" >Capitalization loan<\/span><\/a><span>, <\/span><a class=\"filtres_des_entreprises\" href=\"https:\/\/fonds-risq.qc.ca\/en\/filtres_des_entreprises\/laval-en\/\" rel=\"category\" data-term-id=\"157\"><span class=\"tg-item-term\" >Laval<\/span><\/a><span>, <\/span><a class=\"filtres_des_entreprises\" href=\"https:\/\/fonds-risq.qc.ca\/en\/filtres_des_entreprises\/npo\/\" rel=\"category\" data-term-id=\"150\"><span class=\"tg-item-term\" >NPO<\/span><\/a><span>, <\/span><a class=\"filtres_des_entreprises\" href=\"https:\/\/fonds-risq.qc.ca\/en\/filtres_des_entreprises\/services-to-people\/\" rel=\"category\" data-term-id=\"142\"><span class=\"tg-item-term\" >Services to people<\/span><\/a><\/span><p class=\"tg-item-excerpt\">L\u2019ALPABEM a pour mission de soutenir les membres de l\u2019entourage d\u2019une personne qui pr\u00e9sente des manifestations cliniques reli\u00e9es \u00e0 un trouble majeur de sant\u00e9 mentale, en leur offrant une gamme de services visant \u00e0 les informer, les...<\/p><div class=\"tg-item-footer\"><a class=\"tg-item-comment\" href=\"https:\/\/fonds-risq.qc.ca\/en\/entreprise\/alpabem\/\"  target=\"_self\">No comment<\/a><span class=\"no-ajaxy to-post-like no-liked empty-heart\" data-post-id=\"7611\" title=\"Like\"><span class=\"to-heart-icon\"><svg xmlns=\"http:\/\/www.w3.org\/2000\/svg\" version=\"1.1\" viewBox=\"0 0 64 64\"><g transform=\"translate(0, 0)\"><path stroke-width=\"6\" stroke-linecap=\"square\" stroke-miterlimit=\"10\" d=\"M1,21c0,20,31,38,31,38s31-18,31-38 c0-8.285-6-16-15-16c-8.285,0-16,5.715-16,14c0-8.285-7.715-14-16-14C7,5,1,12.715,1,21z\"><\/path><\/g><\/svg><\/span><span class=\"to-like-count\">0<\/span><\/span><\/div><\/div><\/div><\/article><!-- The Grid item #293 --><article class=\"tg-item tg-post-7612 kampala f223 f148 f127 f150 f142\" data-row=\"1\" data-col=\"1\"><div class=\"tg-item-inner\"><div class=\"tg-item-media-holder tg-light\"><div class=\"tg-item-media-inner\"><img decoding=\"async\" class=\"tg-item-image\" alt=\"\" width=\"740\" height=\"555\" src=\"https:\/\/fonds-risq.qc.ca\/wp-content\/uploads\/2018\/10\/Centre-Corps-Ames-et-Esprie.jpg\"><\/div><div class=\"tg-center-holder\"><div class=\"tg-center-inner\"><div class=\"tg-item-overlay\"><\/div><a class=\"tg-link-button\" href=\"https:\/\/fonds-risq.qc.ca\/en\/entreprise\/centre-corps-ame-esprit\/\" target=\"_self\"><i class=\"tg-icon-link\"><\/i><\/a><\/div><\/div><div class=\"tg-item-decoration\"><div class=\"triangle-down-right\" style=\"border-color:#0097c8\"><\/div><\/div><div class=\"tg-item-share-holder\"><div class=\"triangle-up-left\" style=\"border-color:rgba(22,22,22,0.65)\"><\/div><i class=\"tg-icon-reply\" style=\"color:#ffffff\"><\/i><div class=\"tg-share-icons\"><a class=\"tg-social-share tg-facebook\" href=\"https:\/\/www.facebook.com\/sharer.php?u=https%3A%2F%2Ffonds-risq.qc.ca%2Fen%2Fentreprise%2Fcentre-corps-ame-esprit%2F&#038;t=Centre%20Corps%20%C3%82me%20et%20Esprit\"><i class=\"tg-icon-facebook\"><\/i><\/a><a class=\"tg-social-share tg-twitter\" href=\"https:\/\/twitter.com\/share?url=https%3A%2F%2Ffonds-risq.qc.ca%2Fen%2Fentreprise%2Fcentre-corps-ame-esprit%2F&#038;text=Centre%20Corps%20%C3%82me%20et%20Esprit\"><i class=\"tg-icon-twitter\"><\/i><\/a><a class=\"tg-social-share tg-google-plus\" href=\"https:\/\/plus.google.com\/share?url=https%3A%2F%2Ffonds-risq.qc.ca%2Fen%2Fentreprise%2Fcentre-corps-ame-esprit%2F\"><i class=\"tg-icon-google-plus\"><\/i><\/a><a class=\"tg-social-share tg-pinterest\" href=\"https:\/\/pinterest.com\/pin\/create\/button\/?url=https%3A%2F%2Ffonds-risq.qc.ca%2Fen%2Fentreprise%2Fcentre-corps-ame-esprit%2F&#038;description=Centre%20Corps%20%C3%82me%20et%20Esprit&#038;media=https%3A%2F%2Ffonds-risq.qc.ca%2Fwp-content%2Fuploads%2F2018%2F10%2FCentre-Corps-Ames-et-Esprie.jpg\"><i class=\"tg-icon-pinterest\"><\/i><\/a><\/div><\/div><\/div><div class=\"tg-item-content-holder tg-light image-format\" style=\"background-color:#0097c8\"><span class=\"tg-item-date\">25 October 2018<\/span><h2 class=\"tg-item-title\"><a href=\"https:\/\/fonds-risq.qc.ca\/en\/entreprise\/centre-corps-ame-esprit\/\" target=\"_self\">Centre Corps \u00c2me et Esprit<\/a><\/h2><span class=\"tg-cats-holder\"><a class=\"filtres_des_entreprises\" href=\"https:\/\/fonds-risq.qc.ca\/en\/filtres_des_entreprises\/2018-en\/\" rel=\"category\" data-term-id=\"223\"><span class=\"tg-item-term\" >2018<\/span><\/a><span>, <\/span><a class=\"filtres_des_entreprises\" href=\"https:\/\/fonds-risq.qc.ca\/en\/filtres_des_entreprises\/capitalization-loan\/\" rel=\"category\" data-term-id=\"148\"><span class=\"tg-item-term\" >Capitalization loan<\/span><\/a><span>, <\/span><a class=\"filtres_des_entreprises\" href=\"https:\/\/fonds-risq.qc.ca\/en\/filtres_des_entreprises\/estrie-en\/\" rel=\"category\" data-term-id=\"127\"><span class=\"tg-item-term\" >Estrie<\/span><\/a><span>, <\/span><a class=\"filtres_des_entreprises\" href=\"https:\/\/fonds-risq.qc.ca\/en\/filtres_des_entreprises\/npo\/\" rel=\"category\" data-term-id=\"150\"><span class=\"tg-item-term\" >NPO<\/span><\/a><span>, <\/span><a class=\"filtres_des_entreprises\" href=\"https:\/\/fonds-risq.qc.ca\/en\/filtres_des_entreprises\/services-to-people\/\" rel=\"category\" data-term-id=\"142\"><span class=\"tg-item-term\" >Services to people<\/span><\/a><\/span><p class=\"tg-item-excerpt\">Le Centre Corps, \u00c2me et Esprit intervient aupr\u00e8s des personnes pr\u00e9sentant une probl\u00e9matique de d\u00e9pendance \u00e0 l\u2019alcool et aux drogues. \r\nCet organisme privil\u00e9gie le traitement en r\u00e9sidence dans un milieu s\u00e9curitaire, entour\u00e9s par des...<\/p><div class=\"tg-item-footer\"><a class=\"tg-item-comment\" href=\"https:\/\/fonds-risq.qc.ca\/en\/entreprise\/centre-corps-ame-esprit\/\"  target=\"_self\">No comment<\/a><span class=\"no-ajaxy to-post-like no-liked empty-heart\" data-post-id=\"7612\" title=\"Like\"><span class=\"to-heart-icon\"><svg xmlns=\"http:\/\/www.w3.org\/2000\/svg\" version=\"1.1\" viewBox=\"0 0 64 64\"><g transform=\"translate(0, 0)\"><path stroke-width=\"6\" stroke-linecap=\"square\" stroke-miterlimit=\"10\" d=\"M1,21c0,20,31,38,31,38s31-18,31-38 c0-8.285-6-16-15-16c-8.285,0-16,5.715-16,14c0-8.285-7.715-14-16-14C7,5,1,12.715,1,21z\"><\/path><\/g><\/svg><\/span><span class=\"to-like-count\">0<\/span><\/span><\/div><\/div><\/div><\/article><!-- The Grid item #294 --><article class=\"tg-item tg-post-7613 kampala f223 f130 f150 f135 f146\" data-row=\"1\" data-col=\"1\"><div class=\"tg-item-inner\"><div class=\"tg-item-media-holder tg-light\"><div class=\"tg-item-media-inner\"><img decoding=\"async\" class=\"tg-item-image\" alt=\"\" width=\"200\" height=\"200\" src=\"https:\/\/fonds-risq.qc.ca\/wp-content\/uploads\/2018\/10\/Big-Bang-Catalyseur-dinnovation-sociale-Photos.jpg\"><\/div><div class=\"tg-center-holder\"><div class=\"tg-center-inner\"><div class=\"tg-item-overlay\"><\/div><a class=\"tg-link-button\" href=\"https:\/\/fonds-risq.qc.ca\/en\/entreprise\/big-bang-catalyseur-dinnovation-sociale\/\" target=\"_self\"><i class=\"tg-icon-link\"><\/i><\/a><\/div><\/div><div class=\"tg-item-decoration\"><div class=\"triangle-down-right\" style=\"border-color:#b7c634\"><\/div><\/div><div class=\"tg-item-share-holder\"><div class=\"triangle-up-left\" style=\"border-color:rgba(22,22,22,0.65)\"><\/div><i class=\"tg-icon-reply\" style=\"color:#ffffff\"><\/i><div class=\"tg-share-icons\"><a class=\"tg-social-share tg-facebook\" href=\"https:\/\/www.facebook.com\/sharer.php?u=https%3A%2F%2Ffonds-risq.qc.ca%2Fen%2Fentreprise%2Fbig-bang-catalyseur-dinnovation-sociale%2F&#038;t=Big%20Bang%2C%20catalyseur%20d%E2%80%99innovation%20sociale\"><i class=\"tg-icon-facebook\"><\/i><\/a><a class=\"tg-social-share tg-twitter\" href=\"https:\/\/twitter.com\/share?url=https%3A%2F%2Ffonds-risq.qc.ca%2Fen%2Fentreprise%2Fbig-bang-catalyseur-dinnovation-sociale%2F&#038;text=Big%20Bang%2C%20catalyseur%20d%E2%80%99innovation%20sociale\"><i class=\"tg-icon-twitter\"><\/i><\/a><a class=\"tg-social-share tg-google-plus\" href=\"https:\/\/plus.google.com\/share?url=https%3A%2F%2Ffonds-risq.qc.ca%2Fen%2Fentreprise%2Fbig-bang-catalyseur-dinnovation-sociale%2F\"><i class=\"tg-icon-google-plus\"><\/i><\/a><a class=\"tg-social-share tg-pinterest\" href=\"https:\/\/pinterest.com\/pin\/create\/button\/?url=https%3A%2F%2Ffonds-risq.qc.ca%2Fen%2Fentreprise%2Fbig-bang-catalyseur-dinnovation-sociale%2F&#038;description=Big%20Bang%2C%20catalyseur%20d%E2%80%99innovation%20sociale&#038;media=https%3A%2F%2Ffonds-risq.qc.ca%2Fwp-content%2Fuploads%2F2018%2F10%2FBig-Bang-Catalyseur-dinnovation-sociale-Photos.jpg\"><i class=\"tg-icon-pinterest\"><\/i><\/a><\/div><\/div><\/div><div class=\"tg-item-content-holder tg-light image-format\" style=\"background-color:#b7c634\"><span class=\"tg-item-date\">25 October 2018<\/span><h2 class=\"tg-item-title\"><a href=\"https:\/\/fonds-risq.qc.ca\/en\/entreprise\/big-bang-catalyseur-dinnovation-sociale\/\" target=\"_self\">Big Bang, catalyseur d&#8217;innovation sociale<\/a><\/h2><span class=\"tg-cats-holder\"><a class=\"filtres_des_entreprises\" href=\"https:\/\/fonds-risq.qc.ca\/en\/filtres_des_entreprises\/2018-en\/\" rel=\"category\" data-term-id=\"223\"><span class=\"tg-item-term\" >2018<\/span><\/a><span>, <\/span><a class=\"filtres_des_entreprises\" href=\"https:\/\/fonds-risq.qc.ca\/en\/filtres_des_entreprises\/capitale-nationale-en\/\" rel=\"category\" data-term-id=\"130\"><span class=\"tg-item-term\" >Capitale-Nationale<\/span><\/a><span>, <\/span><a class=\"filtres_des_entreprises\" href=\"https:\/\/fonds-risq.qc.ca\/en\/filtres_des_entreprises\/npo\/\" rel=\"category\" data-term-id=\"150\"><span class=\"tg-item-term\" >NPO<\/span><\/a><span>, <\/span><a class=\"filtres_des_entreprises\" href=\"https:\/\/fonds-risq.qc.ca\/en\/filtres_des_entreprises\/services-en\/\" rel=\"category\" data-term-id=\"135\"><span class=\"tg-item-term\" >Services<\/span><\/a><span>, <\/span><a class=\"filtres_des_entreprises\" href=\"https:\/\/fonds-risq.qc.ca\/en\/filtres_des_entreprises\/pret-pour-aide-technique-en\/\" rel=\"category\" data-term-id=\"146\"><span class=\"tg-item-term\" >Technical assistance loan<\/span><\/a><\/span><p class=\"tg-item-excerpt\">Big Bang se veut un catalyseur d\u2019innovation sociale visant \u00e0 \u00e9veiller et propulser le potentiel d\u2019acteur positif des citoyens de Qu\u00e9bec (et du monde!)....<\/p><div class=\"tg-item-footer\"><a class=\"tg-item-comment\" href=\"https:\/\/fonds-risq.qc.ca\/en\/entreprise\/big-bang-catalyseur-dinnovation-sociale\/\"  target=\"_self\">No comment<\/a><span class=\"no-ajaxy to-post-like no-liked empty-heart\" data-post-id=\"7613\" title=\"Like\"><span class=\"to-heart-icon\"><svg xmlns=\"http:\/\/www.w3.org\/2000\/svg\" version=\"1.1\" viewBox=\"0 0 64 64\"><g transform=\"translate(0, 0)\"><path stroke-width=\"6\" stroke-linecap=\"square\" stroke-miterlimit=\"10\" d=\"M1,21c0,20,31,38,31,38s31-18,31-38 c0-8.285-6-16-15-16c-8.285,0-16,5.715-16,14c0-8.285-7.715-14-16-14C7,5,1,12.715,1,21z\"><\/path><\/g><\/svg><\/span><span class=\"to-like-count\">0<\/span><\/span><\/div><\/div><\/div><\/article><!-- The Grid item #295 --><article class=\"tg-item tg-post-7615 kampala f223 f148 f151 f194 f129\" data-row=\"1\" data-col=\"1\"><div class=\"tg-item-inner\"><div class=\"tg-item-media-holder tg-light\"><div class=\"tg-item-media-inner\"><img decoding=\"async\" class=\"tg-item-image\" alt=\"\" width=\"154\" height=\"186\" src=\"https:\/\/fonds-risq.qc.ca\/wp-content\/uploads\/2018\/10\/logo-Inter-Nations.jpg\"><\/div><div class=\"tg-center-holder\"><div class=\"tg-center-inner\"><div class=\"tg-item-overlay\"><\/div><a class=\"tg-link-button\" href=\"https:\/\/fonds-risq.qc.ca\/en\/entreprise\/cooperative-de-travail-inter-nations\/\" target=\"_self\"><i class=\"tg-icon-link\"><\/i><\/a><\/div><\/div><div class=\"tg-item-decoration\"><div class=\"triangle-down-right\" style=\"border-color:#0097c8\"><\/div><\/div><div class=\"tg-item-share-holder\"><div class=\"triangle-up-left\" style=\"border-color:rgba(22,22,22,0.65)\"><\/div><i class=\"tg-icon-reply\" style=\"color:#ffffff\"><\/i><div class=\"tg-share-icons\"><a class=\"tg-social-share tg-facebook\" href=\"https:\/\/www.facebook.com\/sharer.php?u=https%3A%2F%2Ffonds-risq.qc.ca%2Fen%2Fentreprise%2Fcooperative-de-travail-inter-nations%2F&#038;t=Coop%C3%A9rative%20de%20travail%20Inter-Nations\"><i class=\"tg-icon-facebook\"><\/i><\/a><a class=\"tg-social-share tg-twitter\" href=\"https:\/\/twitter.com\/share?url=https%3A%2F%2Ffonds-risq.qc.ca%2Fen%2Fentreprise%2Fcooperative-de-travail-inter-nations%2F&#038;text=Coop%C3%A9rative%20de%20travail%20Inter-Nations\"><i class=\"tg-icon-twitter\"><\/i><\/a><a class=\"tg-social-share tg-google-plus\" href=\"https:\/\/plus.google.com\/share?url=https%3A%2F%2Ffonds-risq.qc.ca%2Fen%2Fentreprise%2Fcooperative-de-travail-inter-nations%2F\"><i class=\"tg-icon-google-plus\"><\/i><\/a><a class=\"tg-social-share tg-pinterest\" href=\"https:\/\/pinterest.com\/pin\/create\/button\/?url=https%3A%2F%2Ffonds-risq.qc.ca%2Fen%2Fentreprise%2Fcooperative-de-travail-inter-nations%2F&#038;description=Coop%C3%A9rative%20de%20travail%20Inter-Nations&#038;media=https%3A%2F%2Ffonds-risq.qc.ca%2Fwp-content%2Fuploads%2F2018%2F10%2Flogo-Inter-Nations.jpg\"><i class=\"tg-icon-pinterest\"><\/i><\/a><\/div><\/div><\/div><div class=\"tg-item-content-holder tg-light image-format\" style=\"background-color:#0097c8\"><span class=\"tg-item-date\">10 October 2018<\/span><h2 class=\"tg-item-title\"><a href=\"https:\/\/fonds-risq.qc.ca\/en\/entreprise\/cooperative-de-travail-inter-nations\/\" target=\"_self\">Coop\u00e9rative de travail Inter-Nations<\/a><\/h2><span class=\"tg-cats-holder\"><a class=\"filtres_des_entreprises\" href=\"https:\/\/fonds-risq.qc.ca\/en\/filtres_des_entreprises\/2018-en\/\" rel=\"category\" data-term-id=\"223\"><span class=\"tg-item-term\" >2018<\/span><\/a><span>, <\/span><a class=\"filtres_des_entreprises\" href=\"https:\/\/fonds-risq.qc.ca\/en\/filtres_des_entreprises\/capitalization-loan\/\" rel=\"category\" data-term-id=\"148\"><span class=\"tg-item-term\" >Capitalization loan<\/span><\/a><span>, <\/span><a class=\"filtres_des_entreprises\" href=\"https:\/\/fonds-risq.qc.ca\/en\/filtres_des_entreprises\/coop-en\/\" rel=\"category\" data-term-id=\"151\"><span class=\"tg-item-term\" >COOP<\/span><\/a><span>, <\/span><a class=\"filtres_des_entreprises\" href=\"https:\/\/fonds-risq.qc.ca\/en\/filtres_des_entreprises\/foresterie-en\/\" rel=\"category\" data-term-id=\"194\"><span class=\"tg-item-term\" >Foresterie<\/span><\/a><span>, <\/span><a class=\"filtres_des_entreprises\" href=\"https:\/\/fonds-risq.qc.ca\/en\/filtres_des_entreprises\/mauricie-en\/\" rel=\"category\" data-term-id=\"129\"><span class=\"tg-item-term\" >Mauricie<\/span><\/a><\/span><p class=\"tg-item-excerpt\">Sp\u00e9cialis\u00e9e en am\u00e9nagement forestier, la coop\u00e9rative de travailleurs a \u00e9t\u00e9 cr\u00e9\u00e9e afin de favoriser la cr\u00e9ation d\u2019emplois au sein de la communaut\u00e9 Atikamekw occupant la r\u00e9serve d\u2019Opitciwan. Elle mise sur une main-d\u2019\u0153uvre locale...<\/p><div class=\"tg-item-footer\"><a class=\"tg-item-comment\" href=\"https:\/\/fonds-risq.qc.ca\/en\/entreprise\/cooperative-de-travail-inter-nations\/\"  target=\"_self\">No comment<\/a><span class=\"no-ajaxy to-post-like no-liked empty-heart\" data-post-id=\"7615\" title=\"Like\"><span class=\"to-heart-icon\"><svg xmlns=\"http:\/\/www.w3.org\/2000\/svg\" version=\"1.1\" viewBox=\"0 0 64 64\"><g transform=\"translate(0, 0)\"><path stroke-width=\"6\" stroke-linecap=\"square\" stroke-miterlimit=\"10\" d=\"M1,21c0,20,31,38,31,38s31-18,31-38 c0-8.285-6-16-15-16c-8.285,0-16,5.715-16,14c0-8.285-7.715-14-16-14C7,5,1,12.715,1,21z\"><\/path><\/g><\/svg><\/span><span class=\"to-like-count\">0<\/span><\/span><\/div><\/div><\/div><\/article><!-- The Grid item #296 --><article class=\"tg-item tg-post-7616 kampala f223 f130 f148 f150 f142\" data-row=\"1\" data-col=\"1\"><div class=\"tg-item-inner\"><div class=\"tg-item-media-holder tg-light\"><div class=\"tg-item-media-inner\"><img decoding=\"async\" class=\"tg-item-image\" alt=\"\" width=\"1280\" height=\"855\" src=\"https:\/\/fonds-risq.qc.ca\/wp-content\/uploads\/2018\/10\/Asso-TCC.jpg\"><\/div><div class=\"tg-center-holder\"><div class=\"tg-center-inner\"><div class=\"tg-item-overlay\"><\/div><a class=\"tg-link-button\" href=\"https:\/\/fonds-risq.qc.ca\/en\/entreprise\/association-traumatises-craniocerebraux-deux-rives\/\" target=\"_self\"><i class=\"tg-icon-link\"><\/i><\/a><\/div><\/div><div class=\"tg-item-decoration\"><div class=\"triangle-down-right\" style=\"border-color:#0097c8\"><\/div><\/div><div class=\"tg-item-share-holder\"><div class=\"triangle-up-left\" style=\"border-color:rgba(22,22,22,0.65)\"><\/div><i class=\"tg-icon-reply\" style=\"color:#ffffff\"><\/i><div class=\"tg-share-icons\"><a class=\"tg-social-share tg-facebook\" href=\"https:\/\/www.facebook.com\/sharer.php?u=https%3A%2F%2Ffonds-risq.qc.ca%2Fen%2Fentreprise%2Fassociation-traumatises-craniocerebraux-deux-rives%2F&#038;t=ASSOCIATION%20DES%20TRAUMATIS%C3%89S%20CRANIOC%C3%89R%C3%89BRAUX%20DES%20DEUX%20RIVES\"><i class=\"tg-icon-facebook\"><\/i><\/a><a class=\"tg-social-share tg-twitter\" href=\"https:\/\/twitter.com\/share?url=https%3A%2F%2Ffonds-risq.qc.ca%2Fen%2Fentreprise%2Fassociation-traumatises-craniocerebraux-deux-rives%2F&#038;text=ASSOCIATION%20DES%20TRAUMATIS%C3%89S%20CRANIOC%C3%89R%C3%89BRAUX%20DES%20DEUX%20RIVES\"><i class=\"tg-icon-twitter\"><\/i><\/a><a class=\"tg-social-share tg-google-plus\" href=\"https:\/\/plus.google.com\/share?url=https%3A%2F%2Ffonds-risq.qc.ca%2Fen%2Fentreprise%2Fassociation-traumatises-craniocerebraux-deux-rives%2F\"><i class=\"tg-icon-google-plus\"><\/i><\/a><a class=\"tg-social-share tg-pinterest\" href=\"https:\/\/pinterest.com\/pin\/create\/button\/?url=https%3A%2F%2Ffonds-risq.qc.ca%2Fen%2Fentreprise%2Fassociation-traumatises-craniocerebraux-deux-rives%2F&#038;description=ASSOCIATION%20DES%20TRAUMATIS%C3%89S%20CRANIOC%C3%89R%C3%89BRAUX%20DES%20DEUX%20RIVES&#038;media=https%3A%2F%2Ffonds-risq.qc.ca%2Fwp-content%2Fuploads%2F2018%2F10%2FAsso-TCC.jpg\"><i class=\"tg-icon-pinterest\"><\/i><\/a><\/div><\/div><\/div><div class=\"tg-item-content-holder tg-light image-format\" style=\"background-color:#0097c8\"><span class=\"tg-item-date\">2 October 2018<\/span><h2 class=\"tg-item-title\"><a href=\"https:\/\/fonds-risq.qc.ca\/en\/entreprise\/association-traumatises-craniocerebraux-deux-rives\/\" target=\"_self\">ASSOCIATION DES TRAUMATIS\u00c9S CRANIOC\u00c9R\u00c9BRAUX DES DEUX RIVES<\/a><\/h2><span class=\"tg-cats-holder\"><a class=\"filtres_des_entreprises\" href=\"https:\/\/fonds-risq.qc.ca\/en\/filtres_des_entreprises\/2018-en\/\" rel=\"category\" data-term-id=\"223\"><span class=\"tg-item-term\" >2018<\/span><\/a><span>, <\/span><a class=\"filtres_des_entreprises\" href=\"https:\/\/fonds-risq.qc.ca\/en\/filtres_des_entreprises\/capitale-nationale-en\/\" rel=\"category\" data-term-id=\"130\"><span class=\"tg-item-term\" >Capitale-Nationale<\/span><\/a><span>, <\/span><a class=\"filtres_des_entreprises\" href=\"https:\/\/fonds-risq.qc.ca\/en\/filtres_des_entreprises\/capitalization-loan\/\" rel=\"category\" data-term-id=\"148\"><span class=\"tg-item-term\" >Capitalization loan<\/span><\/a><span>, <\/span><a class=\"filtres_des_entreprises\" href=\"https:\/\/fonds-risq.qc.ca\/en\/filtres_des_entreprises\/npo\/\" rel=\"category\" data-term-id=\"150\"><span class=\"tg-item-term\" >NPO<\/span><\/a><span>, <\/span><a class=\"filtres_des_entreprises\" href=\"https:\/\/fonds-risq.qc.ca\/en\/filtres_des_entreprises\/services-to-people\/\" rel=\"category\" data-term-id=\"142\"><span class=\"tg-item-term\" >Services to people<\/span><\/a><\/span><p class=\"tg-item-excerpt\">Cr\u00e9\u00e9 afin de regrouper et d\u2019aider toutes les personnes concern\u00e9es par le traumatisme cranioc\u00e9r\u00e9bral mod\u00e9r\u00e9 ou grave, cet organisme donne des services visant \u00e0 maintenir les acquis r\u00e9alis\u00e9s chez les personnes TCC suite \u00e0 leur...<\/p><div class=\"tg-item-footer\"><a class=\"tg-item-comment\" href=\"https:\/\/fonds-risq.qc.ca\/en\/entreprise\/association-traumatises-craniocerebraux-deux-rives\/\"  target=\"_self\">No comment<\/a><span class=\"no-ajaxy to-post-like no-liked empty-heart\" data-post-id=\"7616\" title=\"Like\"><span class=\"to-heart-icon\"><svg xmlns=\"http:\/\/www.w3.org\/2000\/svg\" version=\"1.1\" viewBox=\"0 0 64 64\"><g transform=\"translate(0, 0)\"><path stroke-width=\"6\" stroke-linecap=\"square\" stroke-miterlimit=\"10\" d=\"M1,21c0,20,31,38,31,38s31-18,31-38 c0-8.285-6-16-15-16c-8.285,0-16,5.715-16,14c0-8.285-7.715-14-16-14C7,5,1,12.715,1,21z\"><\/path><\/g><\/svg><\/span><span class=\"to-like-count\">0<\/span><\/span><\/div><\/div><\/div><\/article><!-- The Grid item #297 --><article class=\"tg-item tg-post-7617 kampala f223 f131 f148 f190 f150\" data-row=\"1\" data-col=\"1\"><div class=\"tg-item-inner\"><div class=\"tg-item-media-holder tg-light\"><div class=\"tg-item-media-inner\"><img decoding=\"async\" class=\"tg-item-image\" alt=\"\" width=\"2048\" height=\"1365\" src=\"https:\/\/fonds-risq.qc.ca\/wp-content\/uploads\/2018\/09\/VireVent.2.jpg\"><\/div><div class=\"tg-center-holder\"><div class=\"tg-center-inner\"><div class=\"tg-item-overlay\"><\/div><a class=\"tg-link-button\" href=\"https:\/\/fonds-risq.qc.ca\/en\/entreprise\/vire-vent-espace-famille-de-matanie\/\" target=\"_self\"><i class=\"tg-icon-link\"><\/i><\/a><\/div><\/div><div class=\"tg-item-decoration\"><div class=\"triangle-down-right\" style=\"border-color:#0097c8\"><\/div><\/div><div class=\"tg-item-share-holder\"><div class=\"triangle-up-left\" style=\"border-color:rgba(22,22,22,0.65)\"><\/div><i class=\"tg-icon-reply\" style=\"color:#ffffff\"><\/i><div class=\"tg-share-icons\"><a class=\"tg-social-share tg-facebook\" href=\"https:\/\/www.facebook.com\/sharer.php?u=https%3A%2F%2Ffonds-risq.qc.ca%2Fen%2Fentreprise%2Fvire-vent-espace-famille-de-matanie%2F&#038;t=Vire-Vent%2C%20espace%20famille%20de%20la%20Matanie\"><i class=\"tg-icon-facebook\"><\/i><\/a><a class=\"tg-social-share tg-twitter\" href=\"https:\/\/twitter.com\/share?url=https%3A%2F%2Ffonds-risq.qc.ca%2Fen%2Fentreprise%2Fvire-vent-espace-famille-de-matanie%2F&#038;text=Vire-Vent%2C%20espace%20famille%20de%20la%20Matanie\"><i class=\"tg-icon-twitter\"><\/i><\/a><a class=\"tg-social-share tg-google-plus\" href=\"https:\/\/plus.google.com\/share?url=https%3A%2F%2Ffonds-risq.qc.ca%2Fen%2Fentreprise%2Fvire-vent-espace-famille-de-matanie%2F\"><i class=\"tg-icon-google-plus\"><\/i><\/a><a class=\"tg-social-share tg-pinterest\" href=\"https:\/\/pinterest.com\/pin\/create\/button\/?url=https%3A%2F%2Ffonds-risq.qc.ca%2Fen%2Fentreprise%2Fvire-vent-espace-famille-de-matanie%2F&#038;description=Vire-Vent%2C%20espace%20famille%20de%20la%20Matanie&#038;media=https%3A%2F%2Ffonds-risq.qc.ca%2Fwp-content%2Fuploads%2F2018%2F09%2FVireVent.2.jpg\"><i class=\"tg-icon-pinterest\"><\/i><\/a><\/div><\/div><\/div><div class=\"tg-item-content-holder tg-light image-format\" style=\"background-color:#0097c8\"><span class=\"tg-item-date\">5 September 2018<\/span><h2 class=\"tg-item-title\"><a href=\"https:\/\/fonds-risq.qc.ca\/en\/entreprise\/vire-vent-espace-famille-de-matanie\/\" target=\"_self\">Vire-Vent, espace famille de la Matanie<\/a><\/h2><span class=\"tg-cats-holder\"><a class=\"filtres_des_entreprises\" href=\"https:\/\/fonds-risq.qc.ca\/en\/filtres_des_entreprises\/2018-en\/\" rel=\"category\" data-term-id=\"223\"><span class=\"tg-item-term\" >2018<\/span><\/a><span>, <\/span><a class=\"filtres_des_entreprises\" href=\"https:\/\/fonds-risq.qc.ca\/en\/filtres_des_entreprises\/bas-saint-laurent-en\/\" rel=\"category\" data-term-id=\"131\"><span class=\"tg-item-term\" >Bas-Saint-Laurent<\/span><\/a><span>, <\/span><a class=\"filtres_des_entreprises\" href=\"https:\/\/fonds-risq.qc.ca\/en\/filtres_des_entreprises\/capitalization-loan\/\" rel=\"category\" data-term-id=\"148\"><span class=\"tg-item-term\" >Capitalization loan<\/span><\/a><span>, <\/span><a class=\"filtres_des_entreprises\" href=\"https:\/\/fonds-risq.qc.ca\/en\/filtres_des_entreprises\/loisirs-divertissement-en\/\" rel=\"category\" data-term-id=\"190\"><span class=\"tg-item-term\" >Loisirs-Divertissement<\/span><\/a><span>, <\/span><a class=\"filtres_des_entreprises\" href=\"https:\/\/fonds-risq.qc.ca\/en\/filtres_des_entreprises\/npo\/\" rel=\"category\" data-term-id=\"150\"><span class=\"tg-item-term\" >NPO<\/span><\/a><\/span><p class=\"tg-item-excerpt\">Vire-Vent, espace-famille de La Matanie, a vu le jour suite \u00e0 un besoin nomm\u00e9 par la communaut\u00e9 d'avoir une alternative int\u00e9rieure et accessible \u00e0 tous pour se divertir et rassembler les familles. L'entreprise propose un parc int\u00e9rieur...<\/p><div class=\"tg-item-footer\"><a class=\"tg-item-comment\" href=\"https:\/\/fonds-risq.qc.ca\/en\/entreprise\/vire-vent-espace-famille-de-matanie\/\"  target=\"_self\">No comment<\/a><span class=\"no-ajaxy to-post-like no-liked empty-heart\" data-post-id=\"7617\" title=\"Like\"><span class=\"to-heart-icon\"><svg xmlns=\"http:\/\/www.w3.org\/2000\/svg\" version=\"1.1\" viewBox=\"0 0 64 64\"><g transform=\"translate(0, 0)\"><path stroke-width=\"6\" stroke-linecap=\"square\" stroke-miterlimit=\"10\" d=\"M1,21c0,20,31,38,31,38s31-18,31-38 c0-8.285-6-16-15-16c-8.285,0-16,5.715-16,14c0-8.285-7.715-14-16-14C7,5,1,12.715,1,21z\"><\/path><\/g><\/svg><\/span><span class=\"to-like-count\">0<\/span><\/span><\/div><\/div><\/div><\/article><!-- The Grid item #298 --><article class=\"tg-item tg-post-7618 kampala f223 f148 f128 f150 f206\" data-row=\"1\" data-col=\"1\"><div class=\"tg-item-inner\"><div class=\"tg-item-media-holder tg-light\"><div class=\"tg-item-media-inner\"><img decoding=\"async\" class=\"tg-item-image\" alt=\"\" width=\"960\" height=\"960\" src=\"https:\/\/fonds-risq.qc.ca\/wp-content\/uploads\/2018\/08\/logo-connexion.jpg\"><\/div><div class=\"tg-center-holder\"><div class=\"tg-center-inner\"><div class=\"tg-item-overlay\"><\/div><a class=\"tg-link-button\" href=\"https:\/\/fonds-risq.qc.ca\/en\/entreprise\/clinique-connexion\/\" target=\"_self\"><i class=\"tg-icon-link\"><\/i><\/a><\/div><\/div><div class=\"tg-item-decoration\"><div class=\"triangle-down-right\" style=\"border-color:#0097c8\"><\/div><\/div><div class=\"tg-item-share-holder\"><div class=\"triangle-up-left\" style=\"border-color:rgba(22,22,22,0.65)\"><\/div><i class=\"tg-icon-reply\" style=\"color:#ffffff\"><\/i><div class=\"tg-share-icons\"><a class=\"tg-social-share tg-facebook\" href=\"https:\/\/www.facebook.com\/sharer.php?u=https%3A%2F%2Ffonds-risq.qc.ca%2Fen%2Fentreprise%2Fclinique-connexion%2F&#038;t=Clinique%20Connexion\"><i class=\"tg-icon-facebook\"><\/i><\/a><a class=\"tg-social-share tg-twitter\" href=\"https:\/\/twitter.com\/share?url=https%3A%2F%2Ffonds-risq.qc.ca%2Fen%2Fentreprise%2Fclinique-connexion%2F&#038;text=Clinique%20Connexion\"><i class=\"tg-icon-twitter\"><\/i><\/a><a class=\"tg-social-share tg-google-plus\" href=\"https:\/\/plus.google.com\/share?url=https%3A%2F%2Ffonds-risq.qc.ca%2Fen%2Fentreprise%2Fclinique-connexion%2F\"><i class=\"tg-icon-google-plus\"><\/i><\/a><a class=\"tg-social-share tg-pinterest\" href=\"https:\/\/pinterest.com\/pin\/create\/button\/?url=https%3A%2F%2Ffonds-risq.qc.ca%2Fen%2Fentreprise%2Fclinique-connexion%2F&#038;description=Clinique%20Connexion&#038;media=https%3A%2F%2Ffonds-risq.qc.ca%2Fwp-content%2Fuploads%2F2018%2F08%2Flogo-connexion.jpg\"><i class=\"tg-icon-pinterest\"><\/i><\/a><\/div><\/div><\/div><div class=\"tg-item-content-holder tg-light image-format\" style=\"background-color:#0097c8\"><span class=\"tg-item-date\">21 August 2018<\/span><h2 class=\"tg-item-title\"><a href=\"https:\/\/fonds-risq.qc.ca\/en\/entreprise\/clinique-connexion\/\" target=\"_self\">Clinique Connexion<\/a><\/h2><span class=\"tg-cats-holder\"><a class=\"filtres_des_entreprises\" href=\"https:\/\/fonds-risq.qc.ca\/en\/filtres_des_entreprises\/2018-en\/\" rel=\"category\" data-term-id=\"223\"><span class=\"tg-item-term\" >2018<\/span><\/a><span>, <\/span><a class=\"filtres_des_entreprises\" href=\"https:\/\/fonds-risq.qc.ca\/en\/filtres_des_entreprises\/capitalization-loan\/\" rel=\"category\" data-term-id=\"148\"><span class=\"tg-item-term\" >Capitalization loan<\/span><\/a><span>, <\/span><a class=\"filtres_des_entreprises\" href=\"https:\/\/fonds-risq.qc.ca\/en\/filtres_des_entreprises\/montreal-en\/\" rel=\"category\" data-term-id=\"128\"><span class=\"tg-item-term\" >Montr\u00e9al<\/span><\/a><span>, <\/span><a class=\"filtres_des_entreprises\" href=\"https:\/\/fonds-risq.qc.ca\/en\/filtres_des_entreprises\/npo\/\" rel=\"category\" data-term-id=\"150\"><span class=\"tg-item-term\" >NPO<\/span><\/a><span>, <\/span><a class=\"filtres_des_entreprises\" href=\"https:\/\/fonds-risq.qc.ca\/en\/filtres_des_entreprises\/services-soins-de-sante-en\/\" rel=\"category\" data-term-id=\"206\"><span class=\"tg-item-term\" >Services soins de sant\u00e9<\/span><\/a><\/span><p class=\"tg-item-excerpt\">La mission de la Clinique Connexion est de rendre accessibles les services de r\u00e9adaptation (orthophonie, ergoth\u00e9rapie, psycho\u00e9ducation, art-th\u00e9rapie, psychologie, etc.) par une approche communautaire. En agissant en pr\u00e9vention aupr\u00e8s...<\/p><div class=\"tg-item-footer\"><a class=\"tg-item-comment\" href=\"https:\/\/fonds-risq.qc.ca\/en\/entreprise\/clinique-connexion\/\"  target=\"_self\">No comment<\/a><span class=\"no-ajaxy to-post-like no-liked empty-heart\" data-post-id=\"7618\" title=\"Like\"><span class=\"to-heart-icon\"><svg xmlns=\"http:\/\/www.w3.org\/2000\/svg\" version=\"1.1\" viewBox=\"0 0 64 64\"><g transform=\"translate(0, 0)\"><path stroke-width=\"6\" stroke-linecap=\"square\" stroke-miterlimit=\"10\" d=\"M1,21c0,20,31,38,31,38s31-18,31-38 c0-8.285-6-16-15-16c-8.285,0-16,5.715-16,14c0-8.285-7.715-14-16-14C7,5,1,12.715,1,21z\"><\/path><\/g><\/svg><\/span><span class=\"to-like-count\">0<\/span><\/span><\/div><\/div><\/div><\/article><!-- The Grid item #299 --><article class=\"tg-item tg-post-7620 kampala f223 f131 f148 f151 f145\" data-row=\"1\" data-col=\"1\"><div class=\"tg-item-inner\"><div class=\"tg-item-media-holder tg-light\"><div class=\"tg-item-media-inner\"><img decoding=\"async\" class=\"tg-item-image\" alt=\"\" width=\"500\" height=\"399\" src=\"https:\/\/fonds-risq.qc.ca\/wp-content\/uploads\/2018\/08\/logo_agneau.png\"><\/div><div class=\"tg-center-holder\"><div class=\"tg-center-inner\"><div class=\"tg-item-overlay\"><\/div><a class=\"tg-link-button\" href=\"https:\/\/fonds-risq.qc.ca\/en\/entreprise\/cooperative-de-solidarite-producteurs-dagneaux-quebec\/\" target=\"_self\"><i class=\"tg-icon-link\"><\/i><\/a><\/div><\/div><div class=\"tg-item-decoration\"><div class=\"triangle-down-right\" style=\"border-color:#0097c8\"><\/div><\/div><div class=\"tg-item-share-holder\"><div class=\"triangle-up-left\" style=\"border-color:rgba(22,22,22,0.65)\"><\/div><i class=\"tg-icon-reply\" style=\"color:#ffffff\"><\/i><div class=\"tg-share-icons\"><a class=\"tg-social-share tg-facebook\" href=\"https:\/\/www.facebook.com\/sharer.php?u=https%3A%2F%2Ffonds-risq.qc.ca%2Fen%2Fentreprise%2Fcooperative-de-solidarite-producteurs-dagneaux-quebec%2F&#038;t=Coop%C3%A9rative%20de%20solidarit%C3%A9%20des%20producteurs%20d%E2%80%99agneaux%20du%20Qu%C3%A9bec\"><i class=\"tg-icon-facebook\"><\/i><\/a><a class=\"tg-social-share tg-twitter\" href=\"https:\/\/twitter.com\/share?url=https%3A%2F%2Ffonds-risq.qc.ca%2Fen%2Fentreprise%2Fcooperative-de-solidarite-producteurs-dagneaux-quebec%2F&#038;text=Coop%C3%A9rative%20de%20solidarit%C3%A9%20des%20producteurs%20d%E2%80%99agneaux%20du%20Qu%C3%A9bec\"><i class=\"tg-icon-twitter\"><\/i><\/a><a class=\"tg-social-share tg-google-plus\" href=\"https:\/\/plus.google.com\/share?url=https%3A%2F%2Ffonds-risq.qc.ca%2Fen%2Fentreprise%2Fcooperative-de-solidarite-producteurs-dagneaux-quebec%2F\"><i class=\"tg-icon-google-plus\"><\/i><\/a><a class=\"tg-social-share tg-pinterest\" href=\"https:\/\/pinterest.com\/pin\/create\/button\/?url=https%3A%2F%2Ffonds-risq.qc.ca%2Fen%2Fentreprise%2Fcooperative-de-solidarite-producteurs-dagneaux-quebec%2F&#038;description=Coop%C3%A9rative%20de%20solidarit%C3%A9%20des%20producteurs%20d%E2%80%99agneaux%20du%20Qu%C3%A9bec&#038;media=https%3A%2F%2Ffonds-risq.qc.ca%2Fwp-content%2Fuploads%2F2018%2F08%2Flogo_agneau.png\"><i class=\"tg-icon-pinterest\"><\/i><\/a><\/div><\/div><\/div><div class=\"tg-item-content-holder tg-light image-format\" style=\"background-color:#0097c8\"><span class=\"tg-item-date\">21 August 2018<\/span><h2 class=\"tg-item-title\"><a href=\"https:\/\/fonds-risq.qc.ca\/en\/entreprise\/cooperative-de-solidarite-producteurs-dagneaux-quebec\/\" target=\"_self\">Coop\u00e9rative de solidarit\u00e9 des producteurs d\u2019agneaux du Qu\u00e9bec<\/a><\/h2><span class=\"tg-cats-holder\"><a class=\"filtres_des_entreprises\" href=\"https:\/\/fonds-risq.qc.ca\/en\/filtres_des_entreprises\/2018-en\/\" rel=\"category\" data-term-id=\"223\"><span class=\"tg-item-term\" >2018<\/span><\/a><span>, <\/span><a class=\"filtres_des_entreprises\" href=\"https:\/\/fonds-risq.qc.ca\/en\/filtres_des_entreprises\/bas-saint-laurent-en\/\" rel=\"category\" data-term-id=\"131\"><span class=\"tg-item-term\" >Bas-Saint-Laurent<\/span><\/a><span>, <\/span><a class=\"filtres_des_entreprises\" href=\"https:\/\/fonds-risq.qc.ca\/en\/filtres_des_entreprises\/capitalization-loan\/\" rel=\"category\" data-term-id=\"148\"><span class=\"tg-item-term\" >Capitalization loan<\/span><\/a><span>, <\/span><a class=\"filtres_des_entreprises\" href=\"https:\/\/fonds-risq.qc.ca\/en\/filtres_des_entreprises\/coop-en\/\" rel=\"category\" data-term-id=\"151\"><span class=\"tg-item-term\" >COOP<\/span><\/a><span>, <\/span><a class=\"filtres_des_entreprises\" href=\"https:\/\/fonds-risq.qc.ca\/en\/filtres_des_entreprises\/food\/\" rel=\"category\" data-term-id=\"145\"><span class=\"tg-item-term\" >Food<\/span><\/a><\/span><p class=\"tg-item-excerpt\">Depuis 2007, sous l\u2019appellation \u00abL\u2019agneau de chez nous\u00bb, la Coop\u00e9rative de solidarit\u00e9 des Producteurs d\u2019agneaux du Qu\u00e9bec a pour mandat de faire la mise en march\u00e9 de l\u2019agneau provenant de Kamouraska, Rivi\u00e8re-du-Loup, T\u00e9miscouata, du...<\/p><div class=\"tg-item-footer\"><a class=\"tg-item-comment\" href=\"https:\/\/fonds-risq.qc.ca\/en\/entreprise\/cooperative-de-solidarite-producteurs-dagneaux-quebec\/\"  target=\"_self\">No comment<\/a><span class=\"no-ajaxy to-post-like no-liked empty-heart\" data-post-id=\"7620\" title=\"Like\"><span class=\"to-heart-icon\"><svg xmlns=\"http:\/\/www.w3.org\/2000\/svg\" version=\"1.1\" viewBox=\"0 0 64 64\"><g transform=\"translate(0, 0)\"><path stroke-width=\"6\" stroke-linecap=\"square\" stroke-miterlimit=\"10\" d=\"M1,21c0,20,31,38,31,38s31-18,31-38 c0-8.285-6-16-15-16c-8.285,0-16,5.715-16,14c0-8.285-7.715-14-16-14C7,5,1,12.715,1,21z\"><\/path><\/g><\/svg><\/span><span class=\"to-like-count\">0<\/span><\/span><\/div><\/div><\/div><\/article><!-- The Grid item #300 --><article class=\"tg-item tg-post-7621 kampala f223 f148 f145 f132 f150\" data-row=\"1\" data-col=\"1\"><div class=\"tg-item-inner\"><div class=\"tg-item-media-holder tg-light\"><div class=\"tg-item-media-inner\"><img decoding=\"async\" class=\"tg-item-image\" alt=\"\" width=\"2048\" height=\"1453\" src=\"https:\/\/fonds-risq.qc.ca\/wp-content\/uploads\/2018\/07\/Hudson.jpg\"><\/div><div class=\"tg-center-holder\"><div class=\"tg-center-inner\"><div class=\"tg-item-overlay\"><\/div><a class=\"tg-link-button\" href=\"https:\/\/fonds-risq.qc.ca\/en\/entreprise\/collectif-alimentaire-de-hudson\/\" target=\"_self\"><i class=\"tg-icon-link\"><\/i><\/a><\/div><\/div><div class=\"tg-item-decoration\"><div class=\"triangle-down-right\" style=\"border-color:#0097c8\"><\/div><\/div><div class=\"tg-item-share-holder\"><div class=\"triangle-up-left\" style=\"border-color:rgba(22,22,22,0.65)\"><\/div><i class=\"tg-icon-reply\" style=\"color:#ffffff\"><\/i><div class=\"tg-share-icons\"><a class=\"tg-social-share tg-facebook\" href=\"https:\/\/www.facebook.com\/sharer.php?u=https%3A%2F%2Ffonds-risq.qc.ca%2Fen%2Fentreprise%2Fcollectif-alimentaire-de-hudson%2F&#038;t=Le%20Collectif%20alimentaire%20de%20Hudson\"><i class=\"tg-icon-facebook\"><\/i><\/a><a class=\"tg-social-share tg-twitter\" href=\"https:\/\/twitter.com\/share?url=https%3A%2F%2Ffonds-risq.qc.ca%2Fen%2Fentreprise%2Fcollectif-alimentaire-de-hudson%2F&#038;text=Le%20Collectif%20alimentaire%20de%20Hudson\"><i class=\"tg-icon-twitter\"><\/i><\/a><a class=\"tg-social-share tg-google-plus\" href=\"https:\/\/plus.google.com\/share?url=https%3A%2F%2Ffonds-risq.qc.ca%2Fen%2Fentreprise%2Fcollectif-alimentaire-de-hudson%2F\"><i class=\"tg-icon-google-plus\"><\/i><\/a><a class=\"tg-social-share tg-pinterest\" href=\"https:\/\/pinterest.com\/pin\/create\/button\/?url=https%3A%2F%2Ffonds-risq.qc.ca%2Fen%2Fentreprise%2Fcollectif-alimentaire-de-hudson%2F&#038;description=Le%20Collectif%20alimentaire%20de%20Hudson&#038;media=https%3A%2F%2Ffonds-risq.qc.ca%2Fwp-content%2Fuploads%2F2018%2F07%2FHudson.jpg\"><i class=\"tg-icon-pinterest\"><\/i><\/a><\/div><\/div><\/div><div class=\"tg-item-content-holder tg-light image-format\" style=\"background-color:#0097c8\"><span class=\"tg-item-date\">26 July 2018<\/span><h2 class=\"tg-item-title\"><a href=\"https:\/\/fonds-risq.qc.ca\/en\/entreprise\/collectif-alimentaire-de-hudson\/\" target=\"_self\">Le Collectif alimentaire de Hudson<\/a><\/h2><span class=\"tg-cats-holder\"><a class=\"filtres_des_entreprises\" href=\"https:\/\/fonds-risq.qc.ca\/en\/filtres_des_entreprises\/2018-en\/\" rel=\"category\" data-term-id=\"223\"><span class=\"tg-item-term\" >2018<\/span><\/a><span>, <\/span><a class=\"filtres_des_entreprises\" href=\"https:\/\/fonds-risq.qc.ca\/en\/filtres_des_entreprises\/capitalization-loan\/\" rel=\"category\" data-term-id=\"148\"><span class=\"tg-item-term\" >Capitalization loan<\/span><\/a><span>, <\/span><a class=\"filtres_des_entreprises\" href=\"https:\/\/fonds-risq.qc.ca\/en\/filtres_des_entreprises\/food\/\" rel=\"category\" data-term-id=\"145\"><span class=\"tg-item-term\" >Food<\/span><\/a><span>, <\/span><a class=\"filtres_des_entreprises\" href=\"https:\/\/fonds-risq.qc.ca\/en\/filtres_des_entreprises\/monteregie-en\/\" rel=\"category\" data-term-id=\"132\"><span class=\"tg-item-term\" >Mont\u00e9r\u00e9gie<\/span><\/a><span>, <\/span><a class=\"filtres_des_entreprises\" href=\"https:\/\/fonds-risq.qc.ca\/en\/filtres_des_entreprises\/npo\/\" rel=\"category\" data-term-id=\"150\"><span class=\"tg-item-term\" >NPO<\/span><\/a><\/span><p class=\"tg-item-excerpt\">Le Collectif alimentaire de Hudson s'est donn\u00e9 comme mission de cr\u00e9er un syst\u00e8me alimentaire \u00e0 Hudson qui est \u00e9cologique, sain et juste. Leur Ferme Communautaire Better\u00eave est n\u00e9e de cette vision. Elle a pour but de cr\u00e9er un espace...<\/p><div class=\"tg-item-footer\"><a class=\"tg-item-comment\" href=\"https:\/\/fonds-risq.qc.ca\/en\/entreprise\/collectif-alimentaire-de-hudson\/\"  target=\"_self\">No comment<\/a><span class=\"no-ajaxy to-post-like no-liked empty-heart\" data-post-id=\"7621\" title=\"Like\"><span class=\"to-heart-icon\"><svg xmlns=\"http:\/\/www.w3.org\/2000\/svg\" version=\"1.1\" viewBox=\"0 0 64 64\"><g transform=\"translate(0, 0)\"><path stroke-width=\"6\" stroke-linecap=\"square\" stroke-miterlimit=\"10\" d=\"M1,21c0,20,31,38,31,38s31-18,31-38 c0-8.285-6-16-15-16c-8.285,0-16,5.715-16,14c0-8.285-7.715-14-16-14C7,5,1,12.715,1,21z\"><\/path><\/g><\/svg><\/span><span class=\"to-like-count\">0<\/span><\/span><\/div><\/div><\/div><\/article><!-- The Grid item #301 --><article class=\"tg-item tg-post-7622 kampala f223 f148 f151 f128 f135\" data-row=\"1\" data-col=\"1\"><div class=\"tg-item-inner\"><div class=\"tg-item-media-holder tg-light\"><div class=\"tg-item-media-inner\"><img decoding=\"async\" class=\"tg-item-image\" alt=\"\" width=\"2000\" height=\"1333\" src=\"https:\/\/fonds-risq.qc.ca\/wp-content\/uploads\/2018\/07\/enclume-2-1.jpg\"><\/div><div class=\"tg-center-holder\"><div class=\"tg-center-inner\"><div class=\"tg-item-overlay\"><\/div><a class=\"tg-link-button\" href=\"https:\/\/fonds-risq.qc.ca\/en\/entreprise\/cooperative-de-travail-lenclume\/\" target=\"_self\"><i class=\"tg-icon-link\"><\/i><\/a><\/div><\/div><div class=\"tg-item-decoration\"><div class=\"triangle-down-right\" style=\"border-color:#0097c8\"><\/div><\/div><div class=\"tg-item-share-holder\"><div class=\"triangle-up-left\" style=\"border-color:rgba(22,22,22,0.65)\"><\/div><i class=\"tg-icon-reply\" style=\"color:#ffffff\"><\/i><div class=\"tg-share-icons\"><a class=\"tg-social-share tg-facebook\" href=\"https:\/\/www.facebook.com\/sharer.php?u=https%3A%2F%2Ffonds-risq.qc.ca%2Fen%2Fentreprise%2Fcooperative-de-travail-lenclume%2F&#038;t=Coop%C3%A9rative%20de%20travail%20l%E2%80%99Enclume\"><i class=\"tg-icon-facebook\"><\/i><\/a><a class=\"tg-social-share tg-twitter\" href=\"https:\/\/twitter.com\/share?url=https%3A%2F%2Ffonds-risq.qc.ca%2Fen%2Fentreprise%2Fcooperative-de-travail-lenclume%2F&#038;text=Coop%C3%A9rative%20de%20travail%20l%E2%80%99Enclume\"><i class=\"tg-icon-twitter\"><\/i><\/a><a class=\"tg-social-share tg-google-plus\" href=\"https:\/\/plus.google.com\/share?url=https%3A%2F%2Ffonds-risq.qc.ca%2Fen%2Fentreprise%2Fcooperative-de-travail-lenclume%2F\"><i class=\"tg-icon-google-plus\"><\/i><\/a><a class=\"tg-social-share tg-pinterest\" href=\"https:\/\/pinterest.com\/pin\/create\/button\/?url=https%3A%2F%2Ffonds-risq.qc.ca%2Fen%2Fentreprise%2Fcooperative-de-travail-lenclume%2F&#038;description=Coop%C3%A9rative%20de%20travail%20l%E2%80%99Enclume&#038;media=https%3A%2F%2Ffonds-risq.qc.ca%2Fwp-content%2Fuploads%2F2018%2F07%2Fenclume-2-1.jpg\"><i class=\"tg-icon-pinterest\"><\/i><\/a><\/div><\/div><\/div><div class=\"tg-item-content-holder tg-light image-format\" style=\"background-color:#0097c8\"><span class=\"tg-item-date\">20 July 2018<\/span><h2 class=\"tg-item-title\"><a href=\"https:\/\/fonds-risq.qc.ca\/en\/entreprise\/cooperative-de-travail-lenclume\/\" target=\"_self\">Coop\u00e9rative de travail l&#8217;Enclume<\/a><\/h2><span class=\"tg-cats-holder\"><a class=\"filtres_des_entreprises\" href=\"https:\/\/fonds-risq.qc.ca\/en\/filtres_des_entreprises\/2018-en\/\" rel=\"category\" data-term-id=\"223\"><span class=\"tg-item-term\" >2018<\/span><\/a><span>, <\/span><a class=\"filtres_des_entreprises\" href=\"https:\/\/fonds-risq.qc.ca\/en\/filtres_des_entreprises\/capitalization-loan\/\" rel=\"category\" data-term-id=\"148\"><span class=\"tg-item-term\" >Capitalization loan<\/span><\/a><span>, <\/span><a class=\"filtres_des_entreprises\" href=\"https:\/\/fonds-risq.qc.ca\/en\/filtres_des_entreprises\/coop-en\/\" rel=\"category\" data-term-id=\"151\"><span class=\"tg-item-term\" >COOP<\/span><\/a><span>, <\/span><a class=\"filtres_des_entreprises\" href=\"https:\/\/fonds-risq.qc.ca\/en\/filtres_des_entreprises\/montreal-en\/\" rel=\"category\" data-term-id=\"128\"><span class=\"tg-item-term\" >Montr\u00e9al<\/span><\/a><span>, <\/span><a class=\"filtres_des_entreprises\" href=\"https:\/\/fonds-risq.qc.ca\/en\/filtres_des_entreprises\/services-en\/\" rel=\"category\" data-term-id=\"135\"><span class=\"tg-item-term\" >Services<\/span><\/a><\/span><p class=\"tg-item-excerpt\">L\u2019Enclume est une coop\u00e9rative de travail \u0153uvrant dans le domaine de l\u2019am\u00e9nagement du territoire. Son approche par projet, sa capacit\u00e9 d\u2019adaptation et sa volont\u00e9 de repousser les limites en mati\u00e8re de planification et de d\u00e9veloppement...<\/p><div class=\"tg-item-footer\"><a class=\"tg-item-comment\" href=\"https:\/\/fonds-risq.qc.ca\/en\/entreprise\/cooperative-de-travail-lenclume\/\"  target=\"_self\">No comment<\/a><span class=\"no-ajaxy to-post-like no-liked empty-heart\" data-post-id=\"7622\" title=\"Like\"><span class=\"to-heart-icon\"><svg xmlns=\"http:\/\/www.w3.org\/2000\/svg\" version=\"1.1\" viewBox=\"0 0 64 64\"><g transform=\"translate(0, 0)\"><path stroke-width=\"6\" stroke-linecap=\"square\" stroke-miterlimit=\"10\" d=\"M1,21c0,20,31,38,31,38s31-18,31-38 c0-8.285-6-16-15-16c-8.285,0-16,5.715-16,14c0-8.285-7.715-14-16-14C7,5,1,12.715,1,21z\"><\/path><\/g><\/svg><\/span><span class=\"to-like-count\">0<\/span><\/span><\/div><\/div><\/div><\/article><!-- The Grid item #302 --><article class=\"tg-item tg-post-7624 kampala f223 f148 f151 f177 f128\" data-row=\"1\" data-col=\"1\"><div class=\"tg-item-inner\"><div class=\"tg-item-media-holder tg-light\"><div class=\"tg-item-media-inner\"><img decoding=\"async\" class=\"tg-item-image\" alt=\"\" width=\"640\" height=\"960\" src=\"https:\/\/fonds-risq.qc.ca\/wp-content\/uploads\/2018\/07\/funambules.jpg\"><\/div><div class=\"tg-center-holder\"><div class=\"tg-center-inner\"><div class=\"tg-item-overlay\"><\/div><a class=\"tg-link-button\" href=\"https:\/\/fonds-risq.qc.ca\/en\/entreprise\/funambules-medias-cooperative-de-travail\/\" target=\"_self\"><i class=\"tg-icon-link\"><\/i><\/a><\/div><\/div><div class=\"tg-item-decoration\"><div class=\"triangle-down-right\" style=\"border-color:#0097c8\"><\/div><\/div><div class=\"tg-item-share-holder\"><div class=\"triangle-up-left\" style=\"border-color:rgba(22,22,22,0.65)\"><\/div><i class=\"tg-icon-reply\" style=\"color:#ffffff\"><\/i><div class=\"tg-share-icons\"><a class=\"tg-social-share tg-facebook\" href=\"https:\/\/www.facebook.com\/sharer.php?u=https%3A%2F%2Ffonds-risq.qc.ca%2Fen%2Fentreprise%2Ffunambules-medias-cooperative-de-travail%2F&#038;t=Funambules%20M%C3%A9dias%2C%20coop%C3%A9rative%20de%20travail\"><i class=\"tg-icon-facebook\"><\/i><\/a><a class=\"tg-social-share tg-twitter\" href=\"https:\/\/twitter.com\/share?url=https%3A%2F%2Ffonds-risq.qc.ca%2Fen%2Fentreprise%2Ffunambules-medias-cooperative-de-travail%2F&#038;text=Funambules%20M%C3%A9dias%2C%20coop%C3%A9rative%20de%20travail\"><i class=\"tg-icon-twitter\"><\/i><\/a><a class=\"tg-social-share tg-google-plus\" href=\"https:\/\/plus.google.com\/share?url=https%3A%2F%2Ffonds-risq.qc.ca%2Fen%2Fentreprise%2Ffunambules-medias-cooperative-de-travail%2F\"><i class=\"tg-icon-google-plus\"><\/i><\/a><a class=\"tg-social-share tg-pinterest\" href=\"https:\/\/pinterest.com\/pin\/create\/button\/?url=https%3A%2F%2Ffonds-risq.qc.ca%2Fen%2Fentreprise%2Ffunambules-medias-cooperative-de-travail%2F&#038;description=Funambules%20M%C3%A9dias%2C%20coop%C3%A9rative%20de%20travail&#038;media=https%3A%2F%2Ffonds-risq.qc.ca%2Fwp-content%2Fuploads%2F2018%2F07%2Ffunambules.jpg\"><i class=\"tg-icon-pinterest\"><\/i><\/a><\/div><\/div><\/div><div class=\"tg-item-content-holder tg-light image-format\" style=\"background-color:#0097c8\"><span class=\"tg-item-date\">20 July 2018<\/span><h2 class=\"tg-item-title\"><a href=\"https:\/\/fonds-risq.qc.ca\/en\/entreprise\/funambules-medias-cooperative-de-travail\/\" target=\"_self\">Funambules M\u00e9dias, coop\u00e9rative de travail<\/a><\/h2><span class=\"tg-cats-holder\"><a class=\"filtres_des_entreprises\" href=\"https:\/\/fonds-risq.qc.ca\/en\/filtres_des_entreprises\/2018-en\/\" rel=\"category\" data-term-id=\"223\"><span class=\"tg-item-term\" >2018<\/span><\/a><span>, <\/span><a class=\"filtres_des_entreprises\" href=\"https:\/\/fonds-risq.qc.ca\/en\/filtres_des_entreprises\/capitalization-loan\/\" rel=\"category\" data-term-id=\"148\"><span class=\"tg-item-term\" >Capitalization loan<\/span><\/a><span>, <\/span><a class=\"filtres_des_entreprises\" href=\"https:\/\/fonds-risq.qc.ca\/en\/filtres_des_entreprises\/coop-en\/\" rel=\"category\" data-term-id=\"151\"><span class=\"tg-item-term\" >COOP<\/span><\/a><span>, <\/span><a class=\"filtres_des_entreprises\" href=\"https:\/\/fonds-risq.qc.ca\/en\/filtres_des_entreprises\/culture-en\/\" rel=\"category\" data-term-id=\"177\"><span class=\"tg-item-term\" >Culture<\/span><\/a><span>, <\/span><a class=\"filtres_des_entreprises\" href=\"https:\/\/fonds-risq.qc.ca\/en\/filtres_des_entreprises\/montreal-en\/\" rel=\"category\" data-term-id=\"128\"><span class=\"tg-item-term\" >Montr\u00e9al<\/span><\/a><\/span><p class=\"tg-item-excerpt\">Funambules M\u00e9dias r\u00e9alise et diffuse des \u0153uvres \u00e0 caract\u00e8re social et politique, et propose des activit\u00e9s de formation en vid\u00e9o citoyenne.  Il s\u2019engage dans un processus global de changement social en offrant une force m\u00e9diatique...<\/p><div class=\"tg-item-footer\"><a class=\"tg-item-comment\" href=\"https:\/\/fonds-risq.qc.ca\/en\/entreprise\/funambules-medias-cooperative-de-travail\/\"  target=\"_self\">No comment<\/a><span class=\"no-ajaxy to-post-like no-liked empty-heart\" data-post-id=\"7624\" title=\"Like\"><span class=\"to-heart-icon\"><svg xmlns=\"http:\/\/www.w3.org\/2000\/svg\" version=\"1.1\" viewBox=\"0 0 64 64\"><g transform=\"translate(0, 0)\"><path stroke-width=\"6\" stroke-linecap=\"square\" stroke-miterlimit=\"10\" d=\"M1,21c0,20,31,38,31,38s31-18,31-38 c0-8.285-6-16-15-16c-8.285,0-16,5.715-16,14c0-8.285-7.715-14-16-14C7,5,1,12.715,1,21z\"><\/path><\/g><\/svg><\/span><span class=\"to-like-count\">0<\/span><\/span><\/div><\/div><\/div><\/article><!-- The Grid item #303 --><article class=\"tg-item tg-post-7625 kampala f224 f165 f135 f146\" data-row=\"1\" data-col=\"1\"><div class=\"tg-item-inner\"><div class=\"tg-item-media-holder tg-light\"><div class=\"tg-item-media-inner\"><img decoding=\"async\" class=\"tg-item-image\" alt=\"\" width=\"960\" height=\"720\" src=\"https:\/\/fonds-risq.qc.ca\/wp-content\/uploads\/2018\/07\/cdr-bsl.jpg\"><\/div><div class=\"tg-center-holder\"><div class=\"tg-center-inner\"><div class=\"tg-item-overlay\"><\/div><a class=\"tg-link-button\" href=\"https:\/\/fonds-risq.qc.ca\/en\/entreprise\/cdr-bas-saint-laurent-cote-nord\/\" target=\"_self\"><i class=\"tg-icon-link\"><\/i><\/a><\/div><\/div><div class=\"tg-item-decoration\"><div class=\"triangle-down-right\" style=\"border-color:#b7c634\"><\/div><\/div><div class=\"tg-item-share-holder\"><div class=\"triangle-up-left\" style=\"border-color:rgba(22,22,22,0.65)\"><\/div><i class=\"tg-icon-reply\" style=\"color:#ffffff\"><\/i><div class=\"tg-share-icons\"><a class=\"tg-social-share tg-facebook\" href=\"https:\/\/www.facebook.com\/sharer.php?u=https%3A%2F%2Ffonds-risq.qc.ca%2Fen%2Fentreprise%2Fcdr-bas-saint-laurent-cote-nord%2F&#038;t=CDR%20Bas-Saint-Laurent%20%2F%20C%C3%B4te-Nord\"><i class=\"tg-icon-facebook\"><\/i><\/a><a class=\"tg-social-share tg-twitter\" href=\"https:\/\/twitter.com\/share?url=https%3A%2F%2Ffonds-risq.qc.ca%2Fen%2Fentreprise%2Fcdr-bas-saint-laurent-cote-nord%2F&#038;text=CDR%20Bas-Saint-Laurent%20%2F%20C%C3%B4te-Nord\"><i class=\"tg-icon-twitter\"><\/i><\/a><a class=\"tg-social-share tg-google-plus\" href=\"https:\/\/plus.google.com\/share?url=https%3A%2F%2Ffonds-risq.qc.ca%2Fen%2Fentreprise%2Fcdr-bas-saint-laurent-cote-nord%2F\"><i class=\"tg-icon-google-plus\"><\/i><\/a><a class=\"tg-social-share tg-pinterest\" href=\"https:\/\/pinterest.com\/pin\/create\/button\/?url=https%3A%2F%2Ffonds-risq.qc.ca%2Fen%2Fentreprise%2Fcdr-bas-saint-laurent-cote-nord%2F&#038;description=CDR%20Bas-Saint-Laurent%20%2F%20C%C3%B4te-Nord&#038;media=https%3A%2F%2Ffonds-risq.qc.ca%2Fwp-content%2Fuploads%2F2018%2F07%2Fcdr-bsl.jpg\"><i class=\"tg-icon-pinterest\"><\/i><\/a><\/div><\/div><\/div><div class=\"tg-item-content-holder tg-light image-format\" style=\"background-color:#b7c634\"><span class=\"tg-item-date\">20 July 2018<\/span><h2 class=\"tg-item-title\"><a href=\"https:\/\/fonds-risq.qc.ca\/en\/entreprise\/cdr-bas-saint-laurent-cote-nord\/\" target=\"_self\">CDR Bas-Saint-Laurent \/ C\u00f4te-Nord<\/a><\/h2><span class=\"tg-cats-holder\"><a class=\"filtres_des_entreprises\" href=\"https:\/\/fonds-risq.qc.ca\/en\/filtres_des_entreprises\/2016-en\/\" rel=\"category\" data-term-id=\"224\"><span class=\"tg-item-term\" >2016<\/span><\/a><span>, <\/span><a class=\"filtres_des_entreprises\" href=\"https:\/\/fonds-risq.qc.ca\/en\/filtres_des_entreprises\/cote-nord-en\/\" rel=\"category\" data-term-id=\"165\"><span class=\"tg-item-term\" >C\u00f4te-Nord<\/span><\/a><span>, <\/span><a class=\"filtres_des_entreprises\" href=\"https:\/\/fonds-risq.qc.ca\/en\/filtres_des_entreprises\/services-en\/\" rel=\"category\" data-term-id=\"135\"><span class=\"tg-item-term\" >Services<\/span><\/a><span>, <\/span><a class=\"filtres_des_entreprises\" href=\"https:\/\/fonds-risq.qc.ca\/en\/filtres_des_entreprises\/pret-pour-aide-technique-en\/\" rel=\"category\" data-term-id=\"146\"><span class=\"tg-item-term\" >Technical assistance loan<\/span><\/a><\/span><p class=\"tg-item-excerpt\">La Coop\u00e9rative de d\u00e9veloppement r\u00e9gional (CDR) Bas-Saint-Laurent\/C\u00f4te-Nord dispose d\u2019une \u00e9quipe multidisciplinaire sp\u00e9cialis\u00e9e en d\u00e9veloppement d\u2019entreprises coop\u00e9ratives, en animation \u00e9conomique et en d\u00e9veloppement coop\u00e9ratif...<\/p><div class=\"tg-item-footer\"><a class=\"tg-item-comment\" href=\"https:\/\/fonds-risq.qc.ca\/en\/entreprise\/cdr-bas-saint-laurent-cote-nord\/\"  target=\"_self\">No comment<\/a><span class=\"no-ajaxy to-post-like no-liked empty-heart\" data-post-id=\"7625\" title=\"Like\"><span class=\"to-heart-icon\"><svg xmlns=\"http:\/\/www.w3.org\/2000\/svg\" version=\"1.1\" viewBox=\"0 0 64 64\"><g transform=\"translate(0, 0)\"><path stroke-width=\"6\" stroke-linecap=\"square\" stroke-miterlimit=\"10\" d=\"M1,21c0,20,31,38,31,38s31-18,31-38 c0-8.285-6-16-15-16c-8.285,0-16,5.715-16,14c0-8.285-7.715-14-16-14C7,5,1,12.715,1,21z\"><\/path><\/g><\/svg><\/span><span class=\"to-like-count\">0<\/span><\/span><\/div><\/div><\/div><\/article><!-- The Grid item #304 --><article class=\"tg-item tg-post-7627 kampala f224 f148 f172 f132 f150\" data-row=\"1\" data-col=\"1\"><div class=\"tg-item-inner\"><div class=\"tg-item-media-holder tg-light\"><div class=\"tg-item-media-inner\"><img decoding=\"async\" class=\"tg-item-image\" alt=\"\" width=\"1200\" height=\"675\" src=\"https:\/\/fonds-risq.qc.ca\/wp-content\/uploads\/2018\/07\/choc.jpg\"><\/div><div class=\"tg-center-holder\"><div class=\"tg-center-inner\"><div class=\"tg-item-overlay\"><\/div><a class=\"tg-link-button\" href=\"https:\/\/fonds-risq.qc.ca\/en\/entreprise\/choc-fm\/\" target=\"_self\"><i class=\"tg-icon-link\"><\/i><\/a><\/div><\/div><div class=\"tg-item-decoration\"><div class=\"triangle-down-right\" style=\"border-color:#0097c8\"><\/div><\/div><div class=\"tg-item-share-holder\"><div class=\"triangle-up-left\" style=\"border-color:rgba(22,22,22,0.65)\"><\/div><i class=\"tg-icon-reply\" style=\"color:#ffffff\"><\/i><div class=\"tg-share-icons\"><a class=\"tg-social-share tg-facebook\" href=\"https:\/\/www.facebook.com\/sharer.php?u=https%3A%2F%2Ffonds-risq.qc.ca%2Fen%2Fentreprise%2Fchoc-fm%2F&#038;t=Radio%20communautaire%20interg%C3%A9n%C3%A9ration%20Jardin%20du%20Qu%C3%A9bec%20%28CHOC%20FM%29\"><i class=\"tg-icon-facebook\"><\/i><\/a><a class=\"tg-social-share tg-twitter\" href=\"https:\/\/twitter.com\/share?url=https%3A%2F%2Ffonds-risq.qc.ca%2Fen%2Fentreprise%2Fchoc-fm%2F&#038;text=Radio%20communautaire%20interg%C3%A9n%C3%A9ration%20Jardin%20du%20Qu%C3%A9bec%20%28CHOC%20FM%29\"><i class=\"tg-icon-twitter\"><\/i><\/a><a class=\"tg-social-share tg-google-plus\" href=\"https:\/\/plus.google.com\/share?url=https%3A%2F%2Ffonds-risq.qc.ca%2Fen%2Fentreprise%2Fchoc-fm%2F\"><i class=\"tg-icon-google-plus\"><\/i><\/a><a class=\"tg-social-share tg-pinterest\" href=\"https:\/\/pinterest.com\/pin\/create\/button\/?url=https%3A%2F%2Ffonds-risq.qc.ca%2Fen%2Fentreprise%2Fchoc-fm%2F&#038;description=Radio%20communautaire%20interg%C3%A9n%C3%A9ration%20Jardin%20du%20Qu%C3%A9bec%20%28CHOC%20FM%29&#038;media=https%3A%2F%2Ffonds-risq.qc.ca%2Fwp-content%2Fuploads%2F2018%2F07%2Fchoc.jpg\"><i class=\"tg-icon-pinterest\"><\/i><\/a><\/div><\/div><\/div><div class=\"tg-item-content-holder tg-light image-format\" style=\"background-color:#0097c8\"><span class=\"tg-item-date\">20 July 2018<\/span><h2 class=\"tg-item-title\"><a href=\"https:\/\/fonds-risq.qc.ca\/en\/entreprise\/choc-fm\/\" target=\"_self\">Radio communautaire interg\u00e9n\u00e9ration Jardin du Qu\u00e9bec (CHOC FM)<\/a><\/h2><span class=\"tg-cats-holder\"><a class=\"filtres_des_entreprises\" href=\"https:\/\/fonds-risq.qc.ca\/en\/filtres_des_entreprises\/2016-en\/\" rel=\"category\" data-term-id=\"224\"><span class=\"tg-item-term\" >2016<\/span><\/a><span>, <\/span><a class=\"filtres_des_entreprises\" href=\"https:\/\/fonds-risq.qc.ca\/en\/filtres_des_entreprises\/capitalization-loan\/\" rel=\"category\" data-term-id=\"148\"><span class=\"tg-item-term\" >Capitalization loan<\/span><\/a><span>, <\/span><a class=\"filtres_des_entreprises\" href=\"https:\/\/fonds-risq.qc.ca\/en\/filtres_des_entreprises\/community-media\/\" rel=\"category\" data-term-id=\"172\"><span class=\"tg-item-term\" >Community Media<\/span><\/a><span>, <\/span><a class=\"filtres_des_entreprises\" href=\"https:\/\/fonds-risq.qc.ca\/en\/filtres_des_entreprises\/monteregie-en\/\" rel=\"category\" data-term-id=\"132\"><span class=\"tg-item-term\" >Mont\u00e9r\u00e9gie<\/span><\/a><span>, <\/span><a class=\"filtres_des_entreprises\" href=\"https:\/\/fonds-risq.qc.ca\/en\/filtres_des_entreprises\/npo\/\" rel=\"category\" data-term-id=\"150\"><span class=\"tg-item-term\" >NPO<\/span><\/a><\/span><p class=\"tg-item-excerpt\">La Radio communautaire interg\u00e9n\u00e9ration jardin du Qu\u00e9bec CHOC FM, dont l'auditoire principal est la municipalit\u00e9 de Saint-R\u00e9mi, offre un m\u00e9dium de communication majoritairement francophone, qui favorise le d\u00e9veloppement du tissu social...<\/p><div class=\"tg-item-footer\"><a class=\"tg-item-comment\" href=\"https:\/\/fonds-risq.qc.ca\/en\/entreprise\/choc-fm\/\"  target=\"_self\">No comment<\/a><span class=\"no-ajaxy to-post-like no-liked empty-heart\" data-post-id=\"7627\" title=\"Like\"><span class=\"to-heart-icon\"><svg xmlns=\"http:\/\/www.w3.org\/2000\/svg\" version=\"1.1\" viewBox=\"0 0 64 64\"><g transform=\"translate(0, 0)\"><path stroke-width=\"6\" stroke-linecap=\"square\" stroke-miterlimit=\"10\" d=\"M1,21c0,20,31,38,31,38s31-18,31-38 c0-8.285-6-16-15-16c-8.285,0-16,5.715-16,14c0-8.285-7.715-14-16-14C7,5,1,12.715,1,21z\"><\/path><\/g><\/svg><\/span><span class=\"to-like-count\">0<\/span><\/span><\/div><\/div><\/div><\/article><!-- The Grid item #305 --><article class=\"tg-item tg-post-7629 kampala f148 f151 f166 f174\" data-row=\"1\" data-col=\"1\"><div class=\"tg-item-inner\"><div class=\"tg-item-media-holder tg-light\"><div class=\"tg-item-media-inner\"><img decoding=\"async\" class=\"tg-item-image\" alt=\"\" width=\"960\" height=\"574\" src=\"https:\/\/fonds-risq.qc.ca\/wp-content\/uploads\/2018\/07\/Radio-CHNC.jpg\"><\/div><div class=\"tg-center-holder\"><div class=\"tg-center-inner\"><div class=\"tg-item-overlay\"><\/div><a class=\"tg-link-button\" href=\"https:\/\/fonds-risq.qc.ca\/en\/entreprise\/radio-chnc\/\" target=\"_self\"><i class=\"tg-icon-link\"><\/i><\/a><\/div><\/div><div class=\"tg-item-decoration\"><div class=\"triangle-down-right\" style=\"border-color:#0097c8\"><\/div><\/div><div class=\"tg-item-share-holder\"><div class=\"triangle-up-left\" style=\"border-color:rgba(22,22,22,0.65)\"><\/div><i class=\"tg-icon-reply\" style=\"color:#ffffff\"><\/i><div class=\"tg-share-icons\"><a class=\"tg-social-share tg-facebook\" href=\"https:\/\/www.facebook.com\/sharer.php?u=https%3A%2F%2Ffonds-risq.qc.ca%2Fen%2Fentreprise%2Fradio-chnc%2F&#038;t=Radio%20CHNC\"><i class=\"tg-icon-facebook\"><\/i><\/a><a class=\"tg-social-share tg-twitter\" href=\"https:\/\/twitter.com\/share?url=https%3A%2F%2Ffonds-risq.qc.ca%2Fen%2Fentreprise%2Fradio-chnc%2F&#038;text=Radio%20CHNC\"><i class=\"tg-icon-twitter\"><\/i><\/a><a class=\"tg-social-share tg-google-plus\" href=\"https:\/\/plus.google.com\/share?url=https%3A%2F%2Ffonds-risq.qc.ca%2Fen%2Fentreprise%2Fradio-chnc%2F\"><i class=\"tg-icon-google-plus\"><\/i><\/a><a class=\"tg-social-share tg-pinterest\" href=\"https:\/\/pinterest.com\/pin\/create\/button\/?url=https%3A%2F%2Ffonds-risq.qc.ca%2Fen%2Fentreprise%2Fradio-chnc%2F&#038;description=Radio%20CHNC&#038;media=https%3A%2F%2Ffonds-risq.qc.ca%2Fwp-content%2Fuploads%2F2018%2F07%2FRadio-CHNC.jpg\"><i class=\"tg-icon-pinterest\"><\/i><\/a><\/div><\/div><\/div><div class=\"tg-item-content-holder tg-light image-format\" style=\"background-color:#0097c8\"><span class=\"tg-item-date\">16 July 2018<\/span><h2 class=\"tg-item-title\"><a href=\"https:\/\/fonds-risq.qc.ca\/en\/entreprise\/radio-chnc\/\" target=\"_self\">Radio CHNC<\/a><\/h2><span class=\"tg-cats-holder\"><a class=\"filtres_des_entreprises\" href=\"https:\/\/fonds-risq.qc.ca\/en\/filtres_des_entreprises\/capitalization-loan\/\" rel=\"category\" data-term-id=\"148\"><span class=\"tg-item-term\" >Capitalization loan<\/span><\/a><span>, <\/span><a class=\"filtres_des_entreprises\" href=\"https:\/\/fonds-risq.qc.ca\/en\/filtres_des_entreprises\/coop-en\/\" rel=\"category\" data-term-id=\"151\"><span class=\"tg-item-term\" >COOP<\/span><\/a><span>, <\/span><a class=\"filtres_des_entreprises\" href=\"https:\/\/fonds-risq.qc.ca\/en\/filtres_des_entreprises\/gaspesie-iles-de-la-madeleine-en\/\" rel=\"category\" data-term-id=\"166\"><span class=\"tg-item-term\" >Gasp\u00e9sie-\u00celes-de-la-Madeleine<\/span><\/a><span>, <\/span><a class=\"filtres_des_entreprises\" href=\"https:\/\/fonds-risq.qc.ca\/en\/filtres_des_entreprises\/radio-en\/\" rel=\"category\" data-term-id=\"174\"><span class=\"tg-item-term\" >Radio<\/span><\/a><\/span><p class=\"tg-item-excerpt\">Radio CHNC est la premi\u00e8re radio en Gasp\u00e9sie. Fond\u00e9e en 1933, elle est aujourd'hui l'une des plus anciennes stations de radio francophones en Am\u00e9rique du Nord.\r\n\r\nElle offre une programmation 100 % locale qui se veut dynamique et bien...<\/p><div class=\"tg-item-footer\"><a class=\"tg-item-comment\" href=\"https:\/\/fonds-risq.qc.ca\/en\/entreprise\/radio-chnc\/\"  target=\"_self\">No comment<\/a><span class=\"no-ajaxy to-post-like no-liked empty-heart\" data-post-id=\"7629\" title=\"Like\"><span class=\"to-heart-icon\"><svg xmlns=\"http:\/\/www.w3.org\/2000\/svg\" version=\"1.1\" viewBox=\"0 0 64 64\"><g transform=\"translate(0, 0)\"><path stroke-width=\"6\" stroke-linecap=\"square\" stroke-miterlimit=\"10\" d=\"M1,21c0,20,31,38,31,38s31-18,31-38 c0-8.285-6-16-15-16c-8.285,0-16,5.715-16,14c0-8.285-7.715-14-16-14C7,5,1,12.715,1,21z\"><\/path><\/g><\/svg><\/span><span class=\"to-like-count\">0<\/span><\/span><\/div><\/div><\/div><\/article><!-- The Grid item #306 --><article class=\"tg-item tg-post-7630 kampala f195 f128 f150 f147 f146\" data-row=\"1\" data-col=\"1\"><div class=\"tg-item-inner\"><div class=\"tg-item-media-holder tg-light\"><div class=\"tg-item-media-inner\"><img decoding=\"async\" class=\"tg-item-image\" alt=\"\" width=\"2048\" height=\"1152\" src=\"https:\/\/fonds-risq.qc.ca\/wp-content\/uploads\/2018\/07\/B7-2.jpg\"><\/div><div class=\"tg-center-holder\"><div class=\"tg-center-inner\"><div class=\"tg-item-overlay\"><\/div><a class=\"tg-link-button\" href=\"https:\/\/fonds-risq.qc.ca\/en\/entreprise\/collectif-7-a\/\" target=\"_self\"><i class=\"tg-icon-link\"><\/i><\/a><\/div><\/div><div class=\"tg-item-decoration\"><div class=\"triangle-down-right\" style=\"border-color:#ee4224\"><\/div><\/div><div class=\"tg-item-share-holder\"><div class=\"triangle-up-left\" style=\"border-color:rgba(22,22,22,0.65)\"><\/div><i class=\"tg-icon-reply\" style=\"color:#ffffff\"><\/i><div class=\"tg-share-icons\"><a class=\"tg-social-share tg-facebook\" href=\"https:\/\/www.facebook.com\/sharer.php?u=https%3A%2F%2Ffonds-risq.qc.ca%2Fen%2Fentreprise%2Fcollectif-7-a%2F&#038;t=Collectif%207%20%C3%A0%20Nous\"><i class=\"tg-icon-facebook\"><\/i><\/a><a class=\"tg-social-share tg-twitter\" href=\"https:\/\/twitter.com\/share?url=https%3A%2F%2Ffonds-risq.qc.ca%2Fen%2Fentreprise%2Fcollectif-7-a%2F&#038;text=Collectif%207%20%C3%A0%20Nous\"><i class=\"tg-icon-twitter\"><\/i><\/a><a class=\"tg-social-share tg-google-plus\" href=\"https:\/\/plus.google.com\/share?url=https%3A%2F%2Ffonds-risq.qc.ca%2Fen%2Fentreprise%2Fcollectif-7-a%2F\"><i class=\"tg-icon-google-plus\"><\/i><\/a><a class=\"tg-social-share tg-pinterest\" href=\"https:\/\/pinterest.com\/pin\/create\/button\/?url=https%3A%2F%2Ffonds-risq.qc.ca%2Fen%2Fentreprise%2Fcollectif-7-a%2F&#038;description=Collectif%207%20%C3%A0%20Nous&#038;media=https%3A%2F%2Ffonds-risq.qc.ca%2Fwp-content%2Fuploads%2F2018%2F07%2FB7-2.jpg\"><i class=\"tg-icon-pinterest\"><\/i><\/a><\/div><\/div><\/div><div class=\"tg-item-content-holder tg-light image-format\" style=\"background-color:#ee4224\"><span class=\"tg-item-date\">16 July 2018<\/span><h2 class=\"tg-item-title\"><a href=\"https:\/\/fonds-risq.qc.ca\/en\/entreprise\/collectif-7-a\/\" target=\"_self\">Collectif 7 \u00e0 Nous<\/a><\/h2><span class=\"tg-cats-holder\"><a class=\"filtres_des_entreprises\" href=\"https:\/\/fonds-risq.qc.ca\/en\/filtres_des_entreprises\/immobilier-collectif-en\/\" rel=\"category\" data-term-id=\"195\"><span class=\"tg-item-term\" >Immobilier collectif<\/span><\/a><span>, <\/span><a class=\"filtres_des_entreprises\" href=\"https:\/\/fonds-risq.qc.ca\/en\/filtres_des_entreprises\/montreal-en\/\" rel=\"category\" data-term-id=\"128\"><span class=\"tg-item-term\" >Montr\u00e9al<\/span><\/a><span>, <\/span><a class=\"filtres_des_entreprises\" href=\"https:\/\/fonds-risq.qc.ca\/en\/filtres_des_entreprises\/npo\/\" rel=\"category\" data-term-id=\"150\"><span class=\"tg-item-term\" >NPO<\/span><\/a><span>, <\/span><a class=\"filtres_des_entreprises\" href=\"https:\/\/fonds-risq.qc.ca\/en\/filtres_des_entreprises\/pre-startup-loan\/\" rel=\"category\" data-term-id=\"147\"><span class=\"tg-item-term\" >Pre-startup loan<\/span><\/a><span>, <\/span><a class=\"filtres_des_entreprises\" href=\"https:\/\/fonds-risq.qc.ca\/en\/filtres_des_entreprises\/pret-pour-aide-technique-en\/\" rel=\"category\" data-term-id=\"146\"><span class=\"tg-item-term\" >Technical assistance loan<\/span><\/a><\/span><p class=\"tg-item-excerpt\">Le Collectif 7 \u00e0 Nous est un organisme n\u00e9 en 2009 \u00e0 Pointe-Saint-Charles qui r\u00e9unit des citoyen.ne.s, des organismes culturels, communautaires, libertaires ou issus de l\u2019\u00e9conomie sociale. \u00c0 la suite d\u2019une longue mobilisation citoyenne...<\/p><div class=\"tg-item-footer\"><a class=\"tg-item-comment\" href=\"https:\/\/fonds-risq.qc.ca\/en\/entreprise\/collectif-7-a\/\"  target=\"_self\">No comment<\/a><span class=\"no-ajaxy to-post-like no-liked empty-heart\" data-post-id=\"7630\" title=\"Like\"><span class=\"to-heart-icon\"><svg xmlns=\"http:\/\/www.w3.org\/2000\/svg\" version=\"1.1\" viewBox=\"0 0 64 64\"><g transform=\"translate(0, 0)\"><path stroke-width=\"6\" stroke-linecap=\"square\" stroke-miterlimit=\"10\" d=\"M1,21c0,20,31,38,31,38s31-18,31-38 c0-8.285-6-16-15-16c-8.285,0-16,5.715-16,14c0-8.285-7.715-14-16-14C7,5,1,12.715,1,21z\"><\/path><\/g><\/svg><\/span><span class=\"to-like-count\">0<\/span><\/span><\/div><\/div><\/div><\/article><!-- The Grid item #307 --><article class=\"tg-item tg-post-7631 kampala f222 f148 f128 f150 f196\" data-row=\"1\" data-col=\"1\"><div class=\"tg-item-inner\"><div class=\"tg-item-media-holder tg-light\"><div class=\"tg-item-media-inner\"><img decoding=\"async\" class=\"tg-item-image\" alt=\"\" width=\"855\" height=\"800\" src=\"https:\/\/fonds-risq.qc.ca\/wp-content\/uploads\/2018\/07\/1115-kehilla-_Vue_3_D_7_FA_ADE_modifi.jpg\"><\/div><div class=\"tg-center-holder\"><div class=\"tg-center-inner\"><div class=\"tg-item-overlay\"><\/div><a class=\"tg-link-button\" href=\"https:\/\/fonds-risq.qc.ca\/en\/entreprise\/groupe-conseil-en-developpement-de-lhabitation\/\" target=\"_self\"><i class=\"tg-icon-link\"><\/i><\/a><\/div><\/div><div class=\"tg-item-decoration\"><div class=\"triangle-down-right\" style=\"border-color:#0097c8\"><\/div><\/div><div class=\"tg-item-share-holder\"><div class=\"triangle-up-left\" style=\"border-color:rgba(22,22,22,0.65)\"><\/div><i class=\"tg-icon-reply\" style=\"color:#ffffff\"><\/i><div class=\"tg-share-icons\"><a class=\"tg-social-share tg-facebook\" href=\"https:\/\/www.facebook.com\/sharer.php?u=https%3A%2F%2Ffonds-risq.qc.ca%2Fen%2Fentreprise%2Fgroupe-conseil-en-developpement-de-lhabitation%2F&#038;t=Groupe%20conseil%20en%20d%C3%A9veloppement%20de%20l%E2%80%99habitation\"><i class=\"tg-icon-facebook\"><\/i><\/a><a class=\"tg-social-share tg-twitter\" href=\"https:\/\/twitter.com\/share?url=https%3A%2F%2Ffonds-risq.qc.ca%2Fen%2Fentreprise%2Fgroupe-conseil-en-developpement-de-lhabitation%2F&#038;text=Groupe%20conseil%20en%20d%C3%A9veloppement%20de%20l%E2%80%99habitation\"><i class=\"tg-icon-twitter\"><\/i><\/a><a class=\"tg-social-share tg-google-plus\" href=\"https:\/\/plus.google.com\/share?url=https%3A%2F%2Ffonds-risq.qc.ca%2Fen%2Fentreprise%2Fgroupe-conseil-en-developpement-de-lhabitation%2F\"><i class=\"tg-icon-google-plus\"><\/i><\/a><a class=\"tg-social-share tg-pinterest\" href=\"https:\/\/pinterest.com\/pin\/create\/button\/?url=https%3A%2F%2Ffonds-risq.qc.ca%2Fen%2Fentreprise%2Fgroupe-conseil-en-developpement-de-lhabitation%2F&#038;description=Groupe%20conseil%20en%20d%C3%A9veloppement%20de%20l%E2%80%99habitation&#038;media=https%3A%2F%2Ffonds-risq.qc.ca%2Fwp-content%2Fuploads%2F2018%2F07%2F1115-kehilla-_Vue_3_D_7_FA_ADE_modifi.jpg\"><i class=\"tg-icon-pinterest\"><\/i><\/a><\/div><\/div><\/div><div class=\"tg-item-content-holder tg-light image-format\" style=\"background-color:#0097c8\"><span class=\"tg-item-date\">16 July 2018<\/span><h2 class=\"tg-item-title\"><a href=\"https:\/\/fonds-risq.qc.ca\/en\/entreprise\/groupe-conseil-en-developpement-de-lhabitation\/\" target=\"_self\">Groupe conseil en d\u00e9veloppement de l\u2019habitation<\/a><\/h2><span class=\"tg-cats-holder\"><a class=\"filtres_des_entreprises\" href=\"https:\/\/fonds-risq.qc.ca\/en\/filtres_des_entreprises\/2017-en\/\" rel=\"category\" data-term-id=\"222\"><span class=\"tg-item-term\" >2017<\/span><\/a><span>, <\/span><a class=\"filtres_des_entreprises\" href=\"https:\/\/fonds-risq.qc.ca\/en\/filtres_des_entreprises\/capitalization-loan\/\" rel=\"category\" data-term-id=\"148\"><span class=\"tg-item-term\" >Capitalization loan<\/span><\/a><span>, <\/span><a class=\"filtres_des_entreprises\" href=\"https:\/\/fonds-risq.qc.ca\/en\/filtres_des_entreprises\/montreal-en\/\" rel=\"category\" data-term-id=\"128\"><span class=\"tg-item-term\" >Montr\u00e9al<\/span><\/a><span>, <\/span><a class=\"filtres_des_entreprises\" href=\"https:\/\/fonds-risq.qc.ca\/en\/filtres_des_entreprises\/npo\/\" rel=\"category\" data-term-id=\"150\"><span class=\"tg-item-term\" >NPO<\/span><\/a><span>, <\/span><a class=\"filtres_des_entreprises\" href=\"https:\/\/fonds-risq.qc.ca\/en\/filtres_des_entreprises\/services-immobiliers-en\/\" rel=\"category\" data-term-id=\"196\"><span class=\"tg-item-term\" >Services immobiliers<\/span><\/a><\/span><p class=\"tg-item-excerpt\">Groupe CDH est un groupe de ressources techniques qui travaille avec des organismes communautaires dans le d\u00e9veloppement de projets d'habitation.\r\nL'expertise d\u00e9velopp\u00e9e depuis sa fondation en 1976 consiste \u00e0 susciter des projets en...<\/p><div class=\"tg-item-footer\"><a class=\"tg-item-comment\" href=\"https:\/\/fonds-risq.qc.ca\/en\/entreprise\/groupe-conseil-en-developpement-de-lhabitation\/\"  target=\"_self\">No comment<\/a><span class=\"no-ajaxy to-post-like no-liked empty-heart\" data-post-id=\"7631\" title=\"Like\"><span class=\"to-heart-icon\"><svg xmlns=\"http:\/\/www.w3.org\/2000\/svg\" version=\"1.1\" viewBox=\"0 0 64 64\"><g transform=\"translate(0, 0)\"><path stroke-width=\"6\" stroke-linecap=\"square\" stroke-miterlimit=\"10\" d=\"M1,21c0,20,31,38,31,38s31-18,31-38 c0-8.285-6-16-15-16c-8.285,0-16,5.715-16,14c0-8.285-7.715-14-16-14C7,5,1,12.715,1,21z\"><\/path><\/g><\/svg><\/span><span class=\"to-like-count\">0<\/span><\/span><\/div><\/div><\/div><\/article><!-- The Grid item #308 --><article class=\"tg-item tg-post-7632 kampala f223 f130 f148 f151 f144\" data-row=\"1\" data-col=\"1\"><div class=\"tg-item-inner\"><div class=\"tg-item-media-holder tg-light\"><div class=\"tg-item-media-inner\"><img decoding=\"async\" class=\"tg-item-image\" alt=\"\" width=\"1728\" height=\"1152\" src=\"https:\/\/fonds-risq.qc.ca\/wp-content\/uploads\/2018\/07\/36988118_1968876983404305_8914945517591461888_o.jpg\"><\/div><div class=\"tg-center-holder\"><div class=\"tg-center-inner\"><div class=\"tg-item-overlay\"><\/div><a class=\"tg-link-button\" href=\"https:\/\/fonds-risq.qc.ca\/en\/entreprise\/cooperative-de-solidarite-laffluent\/\" target=\"_self\"><i class=\"tg-icon-link\"><\/i><\/a><\/div><\/div><div class=\"tg-item-decoration\"><div class=\"triangle-down-right\" style=\"border-color:#0097c8\"><\/div><\/div><div class=\"tg-item-share-holder\"><div class=\"triangle-up-left\" style=\"border-color:rgba(22,22,22,0.65)\"><\/div><i class=\"tg-icon-reply\" style=\"color:#ffffff\"><\/i><div class=\"tg-share-icons\"><a class=\"tg-social-share tg-facebook\" href=\"https:\/\/www.facebook.com\/sharer.php?u=https%3A%2F%2Ffonds-risq.qc.ca%2Fen%2Fentreprise%2Fcooperative-de-solidarite-laffluent%2F&#038;t=Coop%C3%A9rative%20de%20solidarit%C3%A9%20L%E2%80%99Affluent\"><i class=\"tg-icon-facebook\"><\/i><\/a><a class=\"tg-social-share tg-twitter\" href=\"https:\/\/twitter.com\/share?url=https%3A%2F%2Ffonds-risq.qc.ca%2Fen%2Fentreprise%2Fcooperative-de-solidarite-laffluent%2F&#038;text=Coop%C3%A9rative%20de%20solidarit%C3%A9%20L%E2%80%99Affluent\"><i class=\"tg-icon-twitter\"><\/i><\/a><a class=\"tg-social-share tg-google-plus\" href=\"https:\/\/plus.google.com\/share?url=https%3A%2F%2Ffonds-risq.qc.ca%2Fen%2Fentreprise%2Fcooperative-de-solidarite-laffluent%2F\"><i class=\"tg-icon-google-plus\"><\/i><\/a><a class=\"tg-social-share tg-pinterest\" href=\"https:\/\/pinterest.com\/pin\/create\/button\/?url=https%3A%2F%2Ffonds-risq.qc.ca%2Fen%2Fentreprise%2Fcooperative-de-solidarite-laffluent%2F&#038;description=Coop%C3%A9rative%20de%20solidarit%C3%A9%20L%E2%80%99Affluent&#038;media=https%3A%2F%2Ffonds-risq.qc.ca%2Fwp-content%2Fuploads%2F2018%2F07%2F36988118_1968876983404305_8914945517591461888_o.jpg\"><i class=\"tg-icon-pinterest\"><\/i><\/a><\/div><\/div><\/div><div class=\"tg-item-content-holder tg-light image-format\" style=\"background-color:#0097c8\"><span class=\"tg-item-date\">12 July 2018<\/span><h2 class=\"tg-item-title\"><a href=\"https:\/\/fonds-risq.qc.ca\/en\/entreprise\/cooperative-de-solidarite-laffluent\/\" target=\"_self\">Coop\u00e9rative de solidarit\u00e9 L&#8217;Affluent<\/a><\/h2><span class=\"tg-cats-holder\"><a class=\"filtres_des_entreprises\" href=\"https:\/\/fonds-risq.qc.ca\/en\/filtres_des_entreprises\/2018-en\/\" rel=\"category\" data-term-id=\"223\"><span class=\"tg-item-term\" >2018<\/span><\/a><span>, <\/span><a class=\"filtres_des_entreprises\" href=\"https:\/\/fonds-risq.qc.ca\/en\/filtres_des_entreprises\/capitale-nationale-en\/\" rel=\"category\" data-term-id=\"130\"><span class=\"tg-item-term\" >Capitale-Nationale<\/span><\/a><span>, <\/span><a class=\"filtres_des_entreprises\" href=\"https:\/\/fonds-risq.qc.ca\/en\/filtres_des_entreprises\/capitalization-loan\/\" rel=\"category\" data-term-id=\"148\"><span class=\"tg-item-term\" >Capitalization loan<\/span><\/a><span>, <\/span><a class=\"filtres_des_entreprises\" href=\"https:\/\/fonds-risq.qc.ca\/en\/filtres_des_entreprises\/coop-en\/\" rel=\"category\" data-term-id=\"151\"><span class=\"tg-item-term\" >COOP<\/span><\/a><span>, <\/span><a class=\"filtres_des_entreprises\" href=\"https:\/\/fonds-risq.qc.ca\/en\/filtres_des_entreprises\/leisure-tourism\/\" rel=\"category\" data-term-id=\"144\"><span class=\"tg-item-term\" >Leisure \/ Tourism<\/span><\/a><\/span><p class=\"tg-item-excerpt\">La Coop\u00e9rative de solidarit\u00e9 l\u2019Affluent offre et d\u00e9veloppe des services et produits abordables dans le domaine de l\u2019\u00e9cotourisme. Par ses activit\u00e9s bas\u00e9es sur un mod\u00e8le d\u2019\u00e9conomie sociale et circulaire, elle vise \u00e0 encourager une...<\/p><div class=\"tg-item-footer\"><a class=\"tg-item-comment\" href=\"https:\/\/fonds-risq.qc.ca\/en\/entreprise\/cooperative-de-solidarite-laffluent\/\"  target=\"_self\">No comment<\/a><span class=\"no-ajaxy to-post-like no-liked empty-heart\" data-post-id=\"7632\" title=\"Like\"><span class=\"to-heart-icon\"><svg xmlns=\"http:\/\/www.w3.org\/2000\/svg\" version=\"1.1\" viewBox=\"0 0 64 64\"><g transform=\"translate(0, 0)\"><path stroke-width=\"6\" stroke-linecap=\"square\" stroke-miterlimit=\"10\" d=\"M1,21c0,20,31,38,31,38s31-18,31-38 c0-8.285-6-16-15-16c-8.285,0-16,5.715-16,14c0-8.285-7.715-14-16-14C7,5,1,12.715,1,21z\"><\/path><\/g><\/svg><\/span><span class=\"to-like-count\">0<\/span><\/span><\/div><\/div><\/div><\/article><!-- The Grid item #309 --><article class=\"tg-item tg-post-7633 kampala f222 f250 f151 f156 f137 f146\" data-row=\"1\" data-col=\"1\"><div class=\"tg-item-inner\"><div class=\"tg-item-media-holder tg-light\"><div class=\"tg-item-media-inner\"><img decoding=\"async\" class=\"tg-item-image\" alt=\"\" width=\"1191\" height=\"537\" src=\"https:\/\/fonds-risq.qc.ca\/wp-content\/uploads\/2018\/07\/EpicerieHull.jpg\"><\/div><div class=\"tg-center-holder\"><div class=\"tg-center-inner\"><div class=\"tg-item-overlay\"><\/div><a class=\"tg-link-button\" href=\"https:\/\/fonds-risq.qc.ca\/en\/entreprise\/epicerie-de-lile-de-hull-coop-de-solidarite\/\" target=\"_self\"><i class=\"tg-icon-link\"><\/i><\/a><\/div><\/div><div class=\"tg-item-decoration\"><div class=\"triangle-down-right\" style=\"border-color:#b7c634\"><\/div><\/div><div class=\"tg-item-share-holder\"><div class=\"triangle-up-left\" style=\"border-color:rgba(22,22,22,0.65)\"><\/div><i class=\"tg-icon-reply\" style=\"color:#ffffff\"><\/i><div class=\"tg-share-icons\"><a class=\"tg-social-share tg-facebook\" href=\"https:\/\/www.facebook.com\/sharer.php?u=https%3A%2F%2Ffonds-risq.qc.ca%2Fen%2Fentreprise%2Fepicerie-de-lile-de-hull-coop-de-solidarite%2F&#038;t=%C3%89picerie%20de%20l%E2%80%99%C3%AEle%20de%20Hull%2C%20coop%20de%20solidarit%C3%A9\"><i class=\"tg-icon-facebook\"><\/i><\/a><a class=\"tg-social-share tg-twitter\" href=\"https:\/\/twitter.com\/share?url=https%3A%2F%2Ffonds-risq.qc.ca%2Fen%2Fentreprise%2Fepicerie-de-lile-de-hull-coop-de-solidarite%2F&#038;text=%C3%89picerie%20de%20l%E2%80%99%C3%AEle%20de%20Hull%2C%20coop%20de%20solidarit%C3%A9\"><i class=\"tg-icon-twitter\"><\/i><\/a><a class=\"tg-social-share tg-google-plus\" href=\"https:\/\/plus.google.com\/share?url=https%3A%2F%2Ffonds-risq.qc.ca%2Fen%2Fentreprise%2Fepicerie-de-lile-de-hull-coop-de-solidarite%2F\"><i class=\"tg-icon-google-plus\"><\/i><\/a><a class=\"tg-social-share tg-pinterest\" href=\"https:\/\/pinterest.com\/pin\/create\/button\/?url=https%3A%2F%2Ffonds-risq.qc.ca%2Fen%2Fentreprise%2Fepicerie-de-lile-de-hull-coop-de-solidarite%2F&#038;description=%C3%89picerie%20de%20l%E2%80%99%C3%AEle%20de%20Hull%2C%20coop%20de%20solidarit%C3%A9&#038;media=https%3A%2F%2Ffonds-risq.qc.ca%2Fwp-content%2Fuploads%2F2018%2F07%2FEpicerieHull.jpg\"><i class=\"tg-icon-pinterest\"><\/i><\/a><\/div><\/div><\/div><div class=\"tg-item-content-holder tg-light image-format\" style=\"background-color:#b7c634\"><span class=\"tg-item-date\">12 July 2018<\/span><h2 class=\"tg-item-title\"><a href=\"https:\/\/fonds-risq.qc.ca\/en\/entreprise\/epicerie-de-lile-de-hull-coop-de-solidarite\/\" target=\"_self\">\u00c9picerie de l&#8217;\u00eele de Hull, coop de solidarit\u00e9<\/a><\/h2><span class=\"tg-cats-holder\"><a class=\"filtres_des_entreprises\" href=\"https:\/\/fonds-risq.qc.ca\/en\/filtres_des_entreprises\/2017-en\/\" rel=\"category\" data-term-id=\"222\"><span class=\"tg-item-term\" >2017<\/span><\/a><span>, <\/span><a class=\"filtres_des_entreprises\" href=\"https:\/\/fonds-risq.qc.ca\/en\/filtres_des_entreprises\/2022-en\/\" rel=\"category\" data-term-id=\"250\"><span class=\"tg-item-term\" >2022<\/span><\/a><span>, <\/span><a class=\"filtres_des_entreprises\" href=\"https:\/\/fonds-risq.qc.ca\/en\/filtres_des_entreprises\/coop-en\/\" rel=\"category\" data-term-id=\"151\"><span class=\"tg-item-term\" >COOP<\/span><\/a><span>, <\/span><a class=\"filtres_des_entreprises\" href=\"https:\/\/fonds-risq.qc.ca\/en\/filtres_des_entreprises\/outaouais-en\/\" rel=\"category\" data-term-id=\"156\"><span class=\"tg-item-term\" >Outaouais<\/span><\/a><span>, <\/span><a class=\"filtres_des_entreprises\" href=\"https:\/\/fonds-risq.qc.ca\/en\/filtres_des_entreprises\/retail-business\/\" rel=\"category\" data-term-id=\"137\"><span class=\"tg-item-term\" >Retail business<\/span><\/a><span>, <\/span><a class=\"filtres_des_entreprises\" href=\"https:\/\/fonds-risq.qc.ca\/en\/filtres_des_entreprises\/pret-pour-aide-technique-en\/\" rel=\"category\" data-term-id=\"146\"><span class=\"tg-item-term\" >Technical assistance loan<\/span><\/a><\/span><p class=\"tg-item-excerpt\">\u00c9picerie de l\u2019\u00cele de Hull, coop de solidarit\u00e9  est une initiative collective qui a pour objectif de r\u00e9pondre aux besoins d\u2019approvisionnement alimentaire des citoyens de l\u2019\u00cele de Hull et de toute autre personne int\u00e9ress\u00e9e par le...<\/p><div class=\"tg-item-footer\"><a class=\"tg-item-comment\" href=\"https:\/\/fonds-risq.qc.ca\/en\/entreprise\/epicerie-de-lile-de-hull-coop-de-solidarite\/\"  target=\"_self\">No comment<\/a><span class=\"no-ajaxy to-post-like no-liked empty-heart\" data-post-id=\"7633\" title=\"Like\"><span class=\"to-heart-icon\"><svg xmlns=\"http:\/\/www.w3.org\/2000\/svg\" version=\"1.1\" viewBox=\"0 0 64 64\"><g transform=\"translate(0, 0)\"><path stroke-width=\"6\" stroke-linecap=\"square\" stroke-miterlimit=\"10\" d=\"M1,21c0,20,31,38,31,38s31-18,31-38 c0-8.285-6-16-15-16c-8.285,0-16,5.715-16,14c0-8.285-7.715-14-16-14C7,5,1,12.715,1,21z\"><\/path><\/g><\/svg><\/span><span class=\"to-like-count\">0<\/span><\/span><\/div><\/div><\/div><\/article><!-- The Grid item #310 --><article class=\"tg-item tg-post-7634 kampala f222 f197 f128 f150 f146\" data-row=\"1\" data-col=\"1\"><div class=\"tg-item-inner\"><div class=\"tg-item-media-holder tg-light\"><div class=\"tg-item-media-inner\"><img decoding=\"async\" class=\"tg-item-image\" alt=\"\" width=\"300\" height=\"200\" src=\"https:\/\/fonds-risq.qc.ca\/wp-content\/uploads\/2018\/07\/Tatiana_Yves-Fortier_PAS_8920w-300x200.jpg\"><\/div><div class=\"tg-center-holder\"><div class=\"tg-center-inner\"><div class=\"tg-item-overlay\"><\/div><a class=\"tg-link-button\" href=\"https:\/\/fonds-risq.qc.ca\/en\/entreprise\/le-pas-de-la-rue\/\" target=\"_self\"><i class=\"tg-icon-link\"><\/i><\/a><\/div><\/div><div class=\"tg-item-decoration\"><div class=\"triangle-down-right\" style=\"border-color:#b7c634\"><\/div><\/div><div class=\"tg-item-share-holder\"><div class=\"triangle-up-left\" style=\"border-color:rgba(22,22,22,0.65)\"><\/div><i class=\"tg-icon-reply\" style=\"color:#ffffff\"><\/i><div class=\"tg-share-icons\"><a class=\"tg-social-share tg-facebook\" href=\"https:\/\/www.facebook.com\/sharer.php?u=https%3A%2F%2Ffonds-risq.qc.ca%2Fen%2Fentreprise%2Fle-pas-de-la-rue%2F&#038;t=Le%20PAS%20de%20la%20rue\"><i class=\"tg-icon-facebook\"><\/i><\/a><a class=\"tg-social-share tg-twitter\" href=\"https:\/\/twitter.com\/share?url=https%3A%2F%2Ffonds-risq.qc.ca%2Fen%2Fentreprise%2Fle-pas-de-la-rue%2F&#038;text=Le%20PAS%20de%20la%20rue\"><i class=\"tg-icon-twitter\"><\/i><\/a><a class=\"tg-social-share tg-google-plus\" href=\"https:\/\/plus.google.com\/share?url=https%3A%2F%2Ffonds-risq.qc.ca%2Fen%2Fentreprise%2Fle-pas-de-la-rue%2F\"><i class=\"tg-icon-google-plus\"><\/i><\/a><a class=\"tg-social-share tg-pinterest\" href=\"https:\/\/pinterest.com\/pin\/create\/button\/?url=https%3A%2F%2Ffonds-risq.qc.ca%2Fen%2Fentreprise%2Fle-pas-de-la-rue%2F&#038;description=Le%20PAS%20de%20la%20rue&#038;media=https%3A%2F%2Ffonds-risq.qc.ca%2Fwp-content%2Fuploads%2F2018%2F07%2FTatiana_Yves-Fortier_PAS_8920w-300x200.jpg\"><i class=\"tg-icon-pinterest\"><\/i><\/a><\/div><\/div><\/div><div class=\"tg-item-content-holder tg-light image-format\" style=\"background-color:#b7c634\"><span class=\"tg-item-date\">12 July 2018<\/span><h2 class=\"tg-item-title\"><a href=\"https:\/\/fonds-risq.qc.ca\/en\/entreprise\/le-pas-de-la-rue\/\" target=\"_self\">Le PAS de la rue<\/a><\/h2><span class=\"tg-cats-holder\"><a class=\"filtres_des_entreprises\" href=\"https:\/\/fonds-risq.qc.ca\/en\/filtres_des_entreprises\/2017-en\/\" rel=\"category\" data-term-id=\"222\"><span class=\"tg-item-term\" >2017<\/span><\/a><span>, <\/span><a class=\"filtres_des_entreprises\" href=\"https:\/\/fonds-risq.qc.ca\/en\/filtres_des_entreprises\/assistance-sociale-en\/\" rel=\"category\" data-term-id=\"197\"><span class=\"tg-item-term\" >Assistance sociale<\/span><\/a><span>, <\/span><a class=\"filtres_des_entreprises\" href=\"https:\/\/fonds-risq.qc.ca\/en\/filtres_des_entreprises\/montreal-en\/\" rel=\"category\" data-term-id=\"128\"><span class=\"tg-item-term\" >Montr\u00e9al<\/span><\/a><span>, <\/span><a class=\"filtres_des_entreprises\" href=\"https:\/\/fonds-risq.qc.ca\/en\/filtres_des_entreprises\/npo\/\" rel=\"category\" data-term-id=\"150\"><span class=\"tg-item-term\" >NPO<\/span><\/a><span>, <\/span><a class=\"filtres_des_entreprises\" href=\"https:\/\/fonds-risq.qc.ca\/en\/filtres_des_entreprises\/pret-pour-aide-technique-en\/\" rel=\"category\" data-term-id=\"146\"><span class=\"tg-item-term\" >Technical assistance loan<\/span><\/a><\/span><p class=\"tg-item-excerpt\">L'objectif du PAS de la rue est de d\u00e9velopper un lien de confiance avec les a\u00een\u00e9s sans abri, pour les aider \u00e0 stabiliser leur situation, les aider \u00e0 se remettre en mouvement, pour qu'en bout de ligne, ils deviennent autonomes et au...<\/p><div class=\"tg-item-footer\"><a class=\"tg-item-comment\" href=\"https:\/\/fonds-risq.qc.ca\/en\/entreprise\/le-pas-de-la-rue\/\"  target=\"_self\">No comment<\/a><span class=\"no-ajaxy to-post-like no-liked empty-heart\" data-post-id=\"7634\" title=\"Like\"><span class=\"to-heart-icon\"><svg xmlns=\"http:\/\/www.w3.org\/2000\/svg\" version=\"1.1\" viewBox=\"0 0 64 64\"><g transform=\"translate(0, 0)\"><path stroke-width=\"6\" stroke-linecap=\"square\" stroke-miterlimit=\"10\" d=\"M1,21c0,20,31,38,31,38s31-18,31-38 c0-8.285-6-16-15-16c-8.285,0-16,5.715-16,14c0-8.285-7.715-14-16-14C7,5,1,12.715,1,21z\"><\/path><\/g><\/svg><\/span><span class=\"to-like-count\">0<\/span><\/span><\/div><\/div><\/div><\/article><!-- The Grid item #311 --><article class=\"tg-item tg-post-7635 kampala f222 f197 f128 f150 f146\" data-row=\"1\" data-col=\"1\"><div class=\"tg-item-inner\"><div class=\"tg-item-media-holder tg-light\"><div class=\"tg-item-media-inner\"><img decoding=\"async\" class=\"tg-item-image\" alt=\"\" width=\"250\" height=\"342\" src=\"https:\/\/fonds-risq.qc.ca\/wp-content\/uploads\/2018\/07\/1975117_292834184256350_7248489404718282761_n.jpg\"><\/div><div class=\"tg-center-holder\"><div class=\"tg-center-inner\"><div class=\"tg-item-overlay\"><\/div><a class=\"tg-link-button\" href=\"https:\/\/fonds-risq.qc.ca\/en\/entreprise\/services-communautaires-refugies-immigrants\/\" target=\"_self\"><i class=\"tg-icon-link\"><\/i><\/a><\/div><\/div><div class=\"tg-item-decoration\"><div class=\"triangle-down-right\" style=\"border-color:#b7c634\"><\/div><\/div><div class=\"tg-item-share-holder\"><div class=\"triangle-up-left\" style=\"border-color:rgba(22,22,22,0.65)\"><\/div><i class=\"tg-icon-reply\" style=\"color:#ffffff\"><\/i><div class=\"tg-share-icons\"><a class=\"tg-social-share tg-facebook\" href=\"https:\/\/www.facebook.com\/sharer.php?u=https%3A%2F%2Ffonds-risq.qc.ca%2Fen%2Fentreprise%2Fservices-communautaires-refugies-immigrants%2F&#038;t=Services%20communautaires%20pour%20r%C3%A9fugi%C3%A9s%20et%20immigrants\"><i class=\"tg-icon-facebook\"><\/i><\/a><a class=\"tg-social-share tg-twitter\" href=\"https:\/\/twitter.com\/share?url=https%3A%2F%2Ffonds-risq.qc.ca%2Fen%2Fentreprise%2Fservices-communautaires-refugies-immigrants%2F&#038;text=Services%20communautaires%20pour%20r%C3%A9fugi%C3%A9s%20et%20immigrants\"><i class=\"tg-icon-twitter\"><\/i><\/a><a class=\"tg-social-share tg-google-plus\" href=\"https:\/\/plus.google.com\/share?url=https%3A%2F%2Ffonds-risq.qc.ca%2Fen%2Fentreprise%2Fservices-communautaires-refugies-immigrants%2F\"><i class=\"tg-icon-google-plus\"><\/i><\/a><a class=\"tg-social-share tg-pinterest\" href=\"https:\/\/pinterest.com\/pin\/create\/button\/?url=https%3A%2F%2Ffonds-risq.qc.ca%2Fen%2Fentreprise%2Fservices-communautaires-refugies-immigrants%2F&#038;description=Services%20communautaires%20pour%20r%C3%A9fugi%C3%A9s%20et%20immigrants&#038;media=https%3A%2F%2Ffonds-risq.qc.ca%2Fwp-content%2Fuploads%2F2018%2F07%2F1975117_292834184256350_7248489404718282761_n.jpg\"><i class=\"tg-icon-pinterest\"><\/i><\/a><\/div><\/div><\/div><div class=\"tg-item-content-holder tg-light image-format\" style=\"background-color:#b7c634\"><span class=\"tg-item-date\">12 July 2018<\/span><h2 class=\"tg-item-title\"><a href=\"https:\/\/fonds-risq.qc.ca\/en\/entreprise\/services-communautaires-refugies-immigrants\/\" target=\"_self\">Services communautaires pour r\u00e9fugi\u00e9s et immigrants<\/a><\/h2><span class=\"tg-cats-holder\"><a class=\"filtres_des_entreprises\" href=\"https:\/\/fonds-risq.qc.ca\/en\/filtres_des_entreprises\/2017-en\/\" rel=\"category\" data-term-id=\"222\"><span class=\"tg-item-term\" >2017<\/span><\/a><span>, <\/span><a class=\"filtres_des_entreprises\" href=\"https:\/\/fonds-risq.qc.ca\/en\/filtres_des_entreprises\/assistance-sociale-en\/\" rel=\"category\" data-term-id=\"197\"><span class=\"tg-item-term\" >Assistance sociale<\/span><\/a><span>, <\/span><a class=\"filtres_des_entreprises\" href=\"https:\/\/fonds-risq.qc.ca\/en\/filtres_des_entreprises\/montreal-en\/\" rel=\"category\" data-term-id=\"128\"><span class=\"tg-item-term\" >Montr\u00e9al<\/span><\/a><span>, <\/span><a class=\"filtres_des_entreprises\" href=\"https:\/\/fonds-risq.qc.ca\/en\/filtres_des_entreprises\/npo\/\" rel=\"category\" data-term-id=\"150\"><span class=\"tg-item-term\" >NPO<\/span><\/a><span>, <\/span><a class=\"filtres_des_entreprises\" href=\"https:\/\/fonds-risq.qc.ca\/en\/filtres_des_entreprises\/pret-pour-aide-technique-en\/\" rel=\"category\" data-term-id=\"146\"><span class=\"tg-item-term\" >Technical assistance loan<\/span><\/a><\/span><p class=\"tg-item-excerpt\">L'organisme Services Communautaires pour R\u00e9fugi\u00e9s et Immigrants aide les immigrants et r\u00e9fugi\u00e9s de la r\u00e9gion de Montr\u00e9al \u00e0 s'adapter,s'installer et s'int\u00e9grer dans la soci\u00e9t\u00e9 d'accueil.\r\nC\u2019est un lieu rempli de vie et d\u2019activit\u00e9s que...<\/p><div class=\"tg-item-footer\"><a class=\"tg-item-comment\" href=\"https:\/\/fonds-risq.qc.ca\/en\/entreprise\/services-communautaires-refugies-immigrants\/\"  target=\"_self\">No comment<\/a><span class=\"no-ajaxy to-post-like no-liked empty-heart\" data-post-id=\"7635\" title=\"Like\"><span class=\"to-heart-icon\"><svg xmlns=\"http:\/\/www.w3.org\/2000\/svg\" version=\"1.1\" viewBox=\"0 0 64 64\"><g transform=\"translate(0, 0)\"><path stroke-width=\"6\" stroke-linecap=\"square\" stroke-miterlimit=\"10\" d=\"M1,21c0,20,31,38,31,38s31-18,31-38 c0-8.285-6-16-15-16c-8.285,0-16,5.715-16,14c0-8.285-7.715-14-16-14C7,5,1,12.715,1,21z\"><\/path><\/g><\/svg><\/span><span class=\"to-like-count\">0<\/span><\/span><\/div><\/div><\/div><\/article><!-- The Grid item #312 --><article class=\"tg-item tg-post-7637 kampala f222 f128 f150 f147 f196\" data-row=\"1\" data-col=\"1\"><div class=\"tg-item-inner\"><div class=\"tg-item-media-holder tg-light\"><div class=\"tg-item-media-inner\"><img decoding=\"async\" class=\"tg-item-image\" alt=\"\" width=\"618\" height=\"408\" src=\"https:\/\/fonds-risq.qc.ca\/wp-content\/uploads\/2018\/07\/sdw-projet-ex-27.jpg\"><\/div><div class=\"tg-center-holder\"><div class=\"tg-center-inner\"><div class=\"tg-item-overlay\"><\/div><a class=\"tg-link-button\" href=\"https:\/\/fonds-risq.qc.ca\/en\/entreprise\/societe-de-developpement-waverly\/\" target=\"_self\"><i class=\"tg-icon-link\"><\/i><\/a><\/div><\/div><div class=\"tg-item-decoration\"><div class=\"triangle-down-right\" style=\"border-color:#ee4224\"><\/div><\/div><div class=\"tg-item-share-holder\"><div class=\"triangle-up-left\" style=\"border-color:rgba(22,22,22,0.65)\"><\/div><i class=\"tg-icon-reply\" style=\"color:#ffffff\"><\/i><div class=\"tg-share-icons\"><a class=\"tg-social-share tg-facebook\" href=\"https:\/\/www.facebook.com\/sharer.php?u=https%3A%2F%2Ffonds-risq.qc.ca%2Fen%2Fentreprise%2Fsociete-de-developpement-waverly%2F&#038;t=Soci%C3%A9t%C3%A9%20de%20d%C3%A9veloppement%20Waverly\"><i class=\"tg-icon-facebook\"><\/i><\/a><a class=\"tg-social-share tg-twitter\" href=\"https:\/\/twitter.com\/share?url=https%3A%2F%2Ffonds-risq.qc.ca%2Fen%2Fentreprise%2Fsociete-de-developpement-waverly%2F&#038;text=Soci%C3%A9t%C3%A9%20de%20d%C3%A9veloppement%20Waverly\"><i class=\"tg-icon-twitter\"><\/i><\/a><a class=\"tg-social-share tg-google-plus\" href=\"https:\/\/plus.google.com\/share?url=https%3A%2F%2Ffonds-risq.qc.ca%2Fen%2Fentreprise%2Fsociete-de-developpement-waverly%2F\"><i class=\"tg-icon-google-plus\"><\/i><\/a><a class=\"tg-social-share tg-pinterest\" href=\"https:\/\/pinterest.com\/pin\/create\/button\/?url=https%3A%2F%2Ffonds-risq.qc.ca%2Fen%2Fentreprise%2Fsociete-de-developpement-waverly%2F&#038;description=Soci%C3%A9t%C3%A9%20de%20d%C3%A9veloppement%20Waverly&#038;media=https%3A%2F%2Ffonds-risq.qc.ca%2Fwp-content%2Fuploads%2F2018%2F07%2Fsdw-projet-ex-27.jpg\"><i class=\"tg-icon-pinterest\"><\/i><\/a><\/div><\/div><\/div><div class=\"tg-item-content-holder tg-light image-format\" style=\"background-color:#ee4224\"><span class=\"tg-item-date\">12 July 2018<\/span><h2 class=\"tg-item-title\"><a href=\"https:\/\/fonds-risq.qc.ca\/en\/entreprise\/societe-de-developpement-waverly\/\" target=\"_self\">Soci\u00e9t\u00e9 de d\u00e9veloppement Waverly<\/a><\/h2><span class=\"tg-cats-holder\"><a class=\"filtres_des_entreprises\" href=\"https:\/\/fonds-risq.qc.ca\/en\/filtres_des_entreprises\/2017-en\/\" rel=\"category\" data-term-id=\"222\"><span class=\"tg-item-term\" >2017<\/span><\/a><span>, <\/span><a class=\"filtres_des_entreprises\" href=\"https:\/\/fonds-risq.qc.ca\/en\/filtres_des_entreprises\/montreal-en\/\" rel=\"category\" data-term-id=\"128\"><span class=\"tg-item-term\" >Montr\u00e9al<\/span><\/a><span>, <\/span><a class=\"filtres_des_entreprises\" href=\"https:\/\/fonds-risq.qc.ca\/en\/filtres_des_entreprises\/npo\/\" rel=\"category\" data-term-id=\"150\"><span class=\"tg-item-term\" >NPO<\/span><\/a><span>, <\/span><a class=\"filtres_des_entreprises\" href=\"https:\/\/fonds-risq.qc.ca\/en\/filtres_des_entreprises\/pre-startup-loan\/\" rel=\"category\" data-term-id=\"147\"><span class=\"tg-item-term\" >Pre-startup loan<\/span><\/a><span>, <\/span><a class=\"filtres_des_entreprises\" href=\"https:\/\/fonds-risq.qc.ca\/en\/filtres_des_entreprises\/services-immobiliers-en\/\" rel=\"category\" data-term-id=\"196\"><span class=\"tg-item-term\" >Services immobiliers<\/span><\/a><\/span><p class=\"tg-item-excerpt\">La soci\u00e9t\u00e9 de d\u00e9veloppement Waverly est n\u00e9e d'une volont\u00e9 d'arrimer le d\u00e9veloppement urbain durable, l'entrepreneuriat et l'art comme outils de d\u00e9veloppement \u00e9conomique et social pour les communaut\u00e9s vivant en bordure de la rue Waverly...<\/p><div class=\"tg-item-footer\"><a class=\"tg-item-comment\" href=\"https:\/\/fonds-risq.qc.ca\/en\/entreprise\/societe-de-developpement-waverly\/\"  target=\"_self\">No comment<\/a><span class=\"no-ajaxy to-post-like no-liked empty-heart\" data-post-id=\"7637\" title=\"Like\"><span class=\"to-heart-icon\"><svg xmlns=\"http:\/\/www.w3.org\/2000\/svg\" version=\"1.1\" viewBox=\"0 0 64 64\"><g transform=\"translate(0, 0)\"><path stroke-width=\"6\" stroke-linecap=\"square\" stroke-miterlimit=\"10\" d=\"M1,21c0,20,31,38,31,38s31-18,31-38 c0-8.285-6-16-15-16c-8.285,0-16,5.715-16,14c0-8.285-7.715-14-16-14C7,5,1,12.715,1,21z\"><\/path><\/g><\/svg><\/span><span class=\"to-like-count\">0<\/span><\/span><\/div><\/div><\/div><\/article><!-- The Grid item #313 --><article class=\"tg-item tg-post-7638 kampala f222 f128 f150 f192 f146\" data-row=\"1\" data-col=\"1\"><div class=\"tg-item-inner\"><div class=\"tg-item-media-holder tg-light\"><div class=\"tg-item-media-inner\"><img decoding=\"async\" class=\"tg-item-image\" alt=\"\" width=\"1024\" height=\"576\" src=\"https:\/\/fonds-risq.qc.ca\/wp-content\/uploads\/2018\/07\/hybride-b-1024x576.jpg\"><\/div><div class=\"tg-center-holder\"><div class=\"tg-center-inner\"><div class=\"tg-item-overlay\"><\/div><a class=\"tg-link-button\" href=\"https:\/\/fonds-risq.qc.ca\/en\/entreprise\/table-de-quartier-hochelaga-maisonneuve\/\" target=\"_self\"><i class=\"tg-icon-link\"><\/i><\/a><\/div><\/div><div class=\"tg-item-decoration\"><div class=\"triangle-down-right\" style=\"border-color:#b7c634\"><\/div><\/div><div class=\"tg-item-share-holder\"><div class=\"triangle-up-left\" style=\"border-color:rgba(22,22,22,0.65)\"><\/div><i class=\"tg-icon-reply\" style=\"color:#ffffff\"><\/i><div class=\"tg-share-icons\"><a class=\"tg-social-share tg-facebook\" href=\"https:\/\/www.facebook.com\/sharer.php?u=https%3A%2F%2Ffonds-risq.qc.ca%2Fen%2Fentreprise%2Ftable-de-quartier-hochelaga-maisonneuve%2F&#038;t=Table%20de%20quartier%20Hochelaga-Maisonneuve\"><i class=\"tg-icon-facebook\"><\/i><\/a><a class=\"tg-social-share tg-twitter\" href=\"https:\/\/twitter.com\/share?url=https%3A%2F%2Ffonds-risq.qc.ca%2Fen%2Fentreprise%2Ftable-de-quartier-hochelaga-maisonneuve%2F&#038;text=Table%20de%20quartier%20Hochelaga-Maisonneuve\"><i class=\"tg-icon-twitter\"><\/i><\/a><a class=\"tg-social-share tg-google-plus\" href=\"https:\/\/plus.google.com\/share?url=https%3A%2F%2Ffonds-risq.qc.ca%2Fen%2Fentreprise%2Ftable-de-quartier-hochelaga-maisonneuve%2F\"><i class=\"tg-icon-google-plus\"><\/i><\/a><a class=\"tg-social-share tg-pinterest\" href=\"https:\/\/pinterest.com\/pin\/create\/button\/?url=https%3A%2F%2Ffonds-risq.qc.ca%2Fen%2Fentreprise%2Ftable-de-quartier-hochelaga-maisonneuve%2F&#038;description=Table%20de%20quartier%20Hochelaga-Maisonneuve&#038;media=https%3A%2F%2Ffonds-risq.qc.ca%2Fwp-content%2Fuploads%2F2018%2F07%2Fhybride-b-1024x576.jpg\"><i class=\"tg-icon-pinterest\"><\/i><\/a><\/div><\/div><\/div><div class=\"tg-item-content-holder tg-light image-format\" style=\"background-color:#b7c634\"><span class=\"tg-item-date\">12 July 2018<\/span><h2 class=\"tg-item-title\"><a href=\"https:\/\/fonds-risq.qc.ca\/en\/entreprise\/table-de-quartier-hochelaga-maisonneuve\/\" target=\"_self\">Table de quartier Hochelaga-Maisonneuve<\/a><\/h2><span class=\"tg-cats-holder\"><a class=\"filtres_des_entreprises\" href=\"https:\/\/fonds-risq.qc.ca\/en\/filtres_des_entreprises\/2017-en\/\" rel=\"category\" data-term-id=\"222\"><span class=\"tg-item-term\" >2017<\/span><\/a><span>, <\/span><a class=\"filtres_des_entreprises\" href=\"https:\/\/fonds-risq.qc.ca\/en\/filtres_des_entreprises\/montreal-en\/\" rel=\"category\" data-term-id=\"128\"><span class=\"tg-item-term\" >Montr\u00e9al<\/span><\/a><span>, <\/span><a class=\"filtres_des_entreprises\" href=\"https:\/\/fonds-risq.qc.ca\/en\/filtres_des_entreprises\/npo\/\" rel=\"category\" data-term-id=\"150\"><span class=\"tg-item-term\" >NPO<\/span><\/a><span>, <\/span><a class=\"filtres_des_entreprises\" href=\"https:\/\/fonds-risq.qc.ca\/en\/filtres_des_entreprises\/organisme-civique-et-amicale-en\/\" rel=\"category\" data-term-id=\"192\"><span class=\"tg-item-term\" >Organisme civique et amicale<\/span><\/a><span>, <\/span><a class=\"filtres_des_entreprises\" href=\"https:\/\/fonds-risq.qc.ca\/en\/filtres_des_entreprises\/pret-pour-aide-technique-en\/\" rel=\"category\" data-term-id=\"146\"><span class=\"tg-item-term\" >Technical assistance loan<\/span><\/a><\/span><p class=\"tg-item-excerpt\">La Table de quartier Hochelaga-Maisonneuve (LTQHM) est un regroupement d'organismes communautaires, d'institutions, de citoyens et de corporations priv\u00e9es d'Hochelaga-Maisonneuve qui vise l'am\u00e9lioration des conditions de vie de la...<\/p><div class=\"tg-item-footer\"><a class=\"tg-item-comment\" href=\"https:\/\/fonds-risq.qc.ca\/en\/entreprise\/table-de-quartier-hochelaga-maisonneuve\/\"  target=\"_self\">No comment<\/a><span class=\"no-ajaxy to-post-like no-liked empty-heart\" data-post-id=\"7638\" title=\"Like\"><span class=\"to-heart-icon\"><svg xmlns=\"http:\/\/www.w3.org\/2000\/svg\" version=\"1.1\" viewBox=\"0 0 64 64\"><g transform=\"translate(0, 0)\"><path stroke-width=\"6\" stroke-linecap=\"square\" stroke-miterlimit=\"10\" d=\"M1,21c0,20,31,38,31,38s31-18,31-38 c0-8.285-6-16-15-16c-8.285,0-16,5.715-16,14c0-8.285-7.715-14-16-14C7,5,1,12.715,1,21z\"><\/path><\/g><\/svg><\/span><span class=\"to-like-count\">0<\/span><\/span><\/div><\/div><\/div><\/article><!-- The Grid item #314 --><article class=\"tg-item tg-post-7639 kampala f222 f223 f151 f156 f137 f146\" data-row=\"1\" data-col=\"1\"><div class=\"tg-item-inner\"><div class=\"tg-item-media-holder tg-light\"><div class=\"tg-item-media-inner\"><img decoding=\"async\" class=\"tg-item-image\" alt=\"\" width=\"800\" height=\"445\" src=\"https:\/\/fonds-risq.qc.ca\/wp-content\/uploads\/2018\/07\/montcerf-web-2395632542-800x445.jpg\"><\/div><div class=\"tg-center-holder\"><div class=\"tg-center-inner\"><div class=\"tg-item-overlay\"><\/div><a class=\"tg-link-button\" href=\"https:\/\/fonds-risq.qc.ca\/en\/entreprise\/coop-de-solidarite-montcerf-lytton\/\" target=\"_self\"><i class=\"tg-icon-link\"><\/i><\/a><\/div><\/div><div class=\"tg-item-decoration\"><div class=\"triangle-down-right\" style=\"border-color:#b7c634\"><\/div><\/div><div class=\"tg-item-share-holder\"><div class=\"triangle-up-left\" style=\"border-color:rgba(22,22,22,0.65)\"><\/div><i class=\"tg-icon-reply\" style=\"color:#ffffff\"><\/i><div class=\"tg-share-icons\"><a class=\"tg-social-share tg-facebook\" href=\"https:\/\/www.facebook.com\/sharer.php?u=https%3A%2F%2Ffonds-risq.qc.ca%2Fen%2Fentreprise%2Fcoop-de-solidarite-montcerf-lytton%2F&#038;t=Coop%20de%20solidarit%C3%A9%20Montcerf-Lytton\"><i class=\"tg-icon-facebook\"><\/i><\/a><a class=\"tg-social-share tg-twitter\" href=\"https:\/\/twitter.com\/share?url=https%3A%2F%2Ffonds-risq.qc.ca%2Fen%2Fentreprise%2Fcoop-de-solidarite-montcerf-lytton%2F&#038;text=Coop%20de%20solidarit%C3%A9%20Montcerf-Lytton\"><i class=\"tg-icon-twitter\"><\/i><\/a><a class=\"tg-social-share tg-google-plus\" href=\"https:\/\/plus.google.com\/share?url=https%3A%2F%2Ffonds-risq.qc.ca%2Fen%2Fentreprise%2Fcoop-de-solidarite-montcerf-lytton%2F\"><i class=\"tg-icon-google-plus\"><\/i><\/a><a class=\"tg-social-share tg-pinterest\" href=\"https:\/\/pinterest.com\/pin\/create\/button\/?url=https%3A%2F%2Ffonds-risq.qc.ca%2Fen%2Fentreprise%2Fcoop-de-solidarite-montcerf-lytton%2F&#038;description=Coop%20de%20solidarit%C3%A9%20Montcerf-Lytton&#038;media=https%3A%2F%2Ffonds-risq.qc.ca%2Fwp-content%2Fuploads%2F2018%2F07%2Fmontcerf-web-2395632542-800x445.jpg\"><i class=\"tg-icon-pinterest\"><\/i><\/a><\/div><\/div><\/div><div class=\"tg-item-content-holder tg-light image-format\" style=\"background-color:#b7c634\"><span class=\"tg-item-date\">11 July 2018<\/span><h2 class=\"tg-item-title\"><a href=\"https:\/\/fonds-risq.qc.ca\/en\/entreprise\/coop-de-solidarite-montcerf-lytton\/\" target=\"_self\">Coop de solidarit\u00e9 Montcerf-Lytton<\/a><\/h2><span class=\"tg-cats-holder\"><a class=\"filtres_des_entreprises\" href=\"https:\/\/fonds-risq.qc.ca\/en\/filtres_des_entreprises\/2017-en\/\" rel=\"category\" data-term-id=\"222\"><span class=\"tg-item-term\" >2017<\/span><\/a><span>, <\/span><a class=\"filtres_des_entreprises\" href=\"https:\/\/fonds-risq.qc.ca\/en\/filtres_des_entreprises\/2018-en\/\" rel=\"category\" data-term-id=\"223\"><span class=\"tg-item-term\" >2018<\/span><\/a><span>, <\/span><a class=\"filtres_des_entreprises\" href=\"https:\/\/fonds-risq.qc.ca\/en\/filtres_des_entreprises\/coop-en\/\" rel=\"category\" data-term-id=\"151\"><span class=\"tg-item-term\" >COOP<\/span><\/a><span>, <\/span><a class=\"filtres_des_entreprises\" href=\"https:\/\/fonds-risq.qc.ca\/en\/filtres_des_entreprises\/outaouais-en\/\" rel=\"category\" data-term-id=\"156\"><span class=\"tg-item-term\" >Outaouais<\/span><\/a><span>, <\/span><a class=\"filtres_des_entreprises\" href=\"https:\/\/fonds-risq.qc.ca\/en\/filtres_des_entreprises\/retail-business\/\" rel=\"category\" data-term-id=\"137\"><span class=\"tg-item-term\" >Retail business<\/span><\/a><span>, <\/span><a class=\"filtres_des_entreprises\" href=\"https:\/\/fonds-risq.qc.ca\/en\/filtres_des_entreprises\/pret-pour-aide-technique-en\/\" rel=\"category\" data-term-id=\"146\"><span class=\"tg-item-term\" >Technical assistance loan<\/span><\/a><\/span><p class=\"tg-item-excerpt\">Projet d'un centre multiservices, Le c\u0153ur du village de Montcerf-Lytton, qui offrira des services de proximit\u00e9 essentiels comme un d\u00e9panneur, un bureau de poste, une station essence, caf\u00e9 Internet... L'ouverture est pr\u00e9vue au cours de 2018....<\/p><div class=\"tg-item-footer\"><a class=\"tg-item-comment\" href=\"https:\/\/fonds-risq.qc.ca\/en\/entreprise\/coop-de-solidarite-montcerf-lytton\/\"  target=\"_self\">No comment<\/a><span class=\"no-ajaxy to-post-like no-liked empty-heart\" data-post-id=\"7639\" title=\"Like\"><span class=\"to-heart-icon\"><svg xmlns=\"http:\/\/www.w3.org\/2000\/svg\" version=\"1.1\" viewBox=\"0 0 64 64\"><g transform=\"translate(0, 0)\"><path stroke-width=\"6\" stroke-linecap=\"square\" stroke-miterlimit=\"10\" d=\"M1,21c0,20,31,38,31,38s31-18,31-38 c0-8.285-6-16-15-16c-8.285,0-16,5.715-16,14c0-8.285-7.715-14-16-14C7,5,1,12.715,1,21z\"><\/path><\/g><\/svg><\/span><span class=\"to-like-count\">0<\/span><\/span><\/div><\/div><\/div><\/article><!-- The Grid item #315 --><article class=\"tg-item tg-post-7640 kampala f222 f128 f193 f146\" data-row=\"1\" data-col=\"1\"><div class=\"tg-item-inner\"><div class=\"tg-item-media-holder tg-light\"><div class=\"tg-item-media-inner\"><img decoding=\"async\" class=\"tg-item-image\" alt=\"\" width=\"250\" height=\"250\" src=\"https:\/\/fonds-risq.qc.ca\/wp-content\/uploads\/2018\/07\/537120_10151451418192351_1784003053_n.jpg\"><\/div><div class=\"tg-center-holder\"><div class=\"tg-center-inner\"><div class=\"tg-item-overlay\"><\/div><a class=\"tg-link-button\" href=\"https:\/\/fonds-risq.qc.ca\/en\/entreprise\/tele-goodness\/\" target=\"_self\"><i class=\"tg-icon-link\"><\/i><\/a><\/div><\/div><div class=\"tg-item-decoration\"><div class=\"triangle-down-right\" style=\"border-color:#b7c634\"><\/div><\/div><div class=\"tg-item-share-holder\"><div class=\"triangle-up-left\" style=\"border-color:rgba(22,22,22,0.65)\"><\/div><i class=\"tg-icon-reply\" style=\"color:#ffffff\"><\/i><div class=\"tg-share-icons\"><a class=\"tg-social-share tg-facebook\" href=\"https:\/\/www.facebook.com\/sharer.php?u=https%3A%2F%2Ffonds-risq.qc.ca%2Fen%2Fentreprise%2Ftele-goodness%2F&#038;t=T%C3%A9l%C3%A9%20Goodness\"><i class=\"tg-icon-facebook\"><\/i><\/a><a class=\"tg-social-share tg-twitter\" href=\"https:\/\/twitter.com\/share?url=https%3A%2F%2Ffonds-risq.qc.ca%2Fen%2Fentreprise%2Ftele-goodness%2F&#038;text=T%C3%A9l%C3%A9%20Goodness\"><i class=\"tg-icon-twitter\"><\/i><\/a><a class=\"tg-social-share tg-google-plus\" href=\"https:\/\/plus.google.com\/share?url=https%3A%2F%2Ffonds-risq.qc.ca%2Fen%2Fentreprise%2Ftele-goodness%2F\"><i class=\"tg-icon-google-plus\"><\/i><\/a><a class=\"tg-social-share tg-pinterest\" href=\"https:\/\/pinterest.com\/pin\/create\/button\/?url=https%3A%2F%2Ffonds-risq.qc.ca%2Fen%2Fentreprise%2Ftele-goodness%2F&#038;description=T%C3%A9l%C3%A9%20Goodness&#038;media=https%3A%2F%2Ffonds-risq.qc.ca%2Fwp-content%2Fuploads%2F2018%2F07%2F537120_10151451418192351_1784003053_n.jpg\"><i class=\"tg-icon-pinterest\"><\/i><\/a><\/div><\/div><\/div><div class=\"tg-item-content-holder tg-light image-format\" style=\"background-color:#b7c634\"><span class=\"tg-item-date\">11 July 2018<\/span><h2 class=\"tg-item-title\"><a href=\"https:\/\/fonds-risq.qc.ca\/en\/entreprise\/tele-goodness\/\" target=\"_self\">T\u00e9l\u00e9 Goodness<\/a><\/h2><span class=\"tg-cats-holder\"><a class=\"filtres_des_entreprises\" href=\"https:\/\/fonds-risq.qc.ca\/en\/filtres_des_entreprises\/2017-en\/\" rel=\"category\" data-term-id=\"222\"><span class=\"tg-item-term\" >2017<\/span><\/a><span>, <\/span><a class=\"filtres_des_entreprises\" href=\"https:\/\/fonds-risq.qc.ca\/en\/filtres_des_entreprises\/montreal-en\/\" rel=\"category\" data-term-id=\"128\"><span class=\"tg-item-term\" >Montr\u00e9al<\/span><\/a><span>, <\/span><a class=\"filtres_des_entreprises\" href=\"https:\/\/fonds-risq.qc.ca\/en\/filtres_des_entreprises\/services-de-telecommunication-en\/\" rel=\"category\" data-term-id=\"193\"><span class=\"tg-item-term\" >Services de t\u00e9l\u00e9communication<\/span><\/a><span>, <\/span><a class=\"filtres_des_entreprises\" href=\"https:\/\/fonds-risq.qc.ca\/en\/filtres_des_entreprises\/pret-pour-aide-technique-en\/\" rel=\"category\" data-term-id=\"146\"><span class=\"tg-item-term\" >Technical assistance loan<\/span><\/a><\/span><p class=\"tg-item-excerpt\">Goodness t\u00e9l\u00e9 est \u00e0 la fois une WebT\u00e9l\u00e9 et un site Web qui se consacre \u00e0 la diffusion de nouvelles positives et \u00e0 leurs impacts dans toutes les sph\u00e8res de l'activit\u00e9 humaine....<\/p><div class=\"tg-item-footer\"><a class=\"tg-item-comment\" href=\"https:\/\/fonds-risq.qc.ca\/en\/entreprise\/tele-goodness\/\"  target=\"_self\">No comment<\/a><span class=\"no-ajaxy to-post-like no-liked empty-heart\" data-post-id=\"7640\" title=\"Like\"><span class=\"to-heart-icon\"><svg xmlns=\"http:\/\/www.w3.org\/2000\/svg\" version=\"1.1\" viewBox=\"0 0 64 64\"><g transform=\"translate(0, 0)\"><path stroke-width=\"6\" stroke-linecap=\"square\" stroke-miterlimit=\"10\" d=\"M1,21c0,20,31,38,31,38s31-18,31-38 c0-8.285-6-16-15-16c-8.285,0-16,5.715-16,14c0-8.285-7.715-14-16-14C7,5,1,12.715,1,21z\"><\/path><\/g><\/svg><\/span><span class=\"to-like-count\">0<\/span><\/span><\/div><\/div><\/div><\/article><!-- The Grid item #316 --><article class=\"tg-item tg-post-7641 kampala f222 f128 f192 f146\" data-row=\"1\" data-col=\"1\"><div class=\"tg-item-inner\"><div class=\"tg-item-media-holder tg-light\"><div class=\"tg-item-media-inner\"><img decoding=\"async\" class=\"tg-item-image\" alt=\"\" width=\"1200\" height=\"800\" src=\"https:\/\/fonds-risq.qc.ca\/wp-content\/uploads\/2018\/07\/Communaut\u00e9-Saint-Urbain_Rayside-Labossi\u00e8re_9.jpg\"><\/div><div class=\"tg-center-holder\"><div class=\"tg-center-inner\"><div class=\"tg-item-overlay\"><\/div><a class=\"tg-link-button\" href=\"https:\/\/fonds-risq.qc.ca\/en\/entreprise\/communaute-saint-urbain\/\" target=\"_self\"><i class=\"tg-icon-link\"><\/i><\/a><\/div><\/div><div class=\"tg-item-decoration\"><div class=\"triangle-down-right\" style=\"border-color:#b7c634\"><\/div><\/div><div class=\"tg-item-share-holder\"><div class=\"triangle-up-left\" style=\"border-color:rgba(22,22,22,0.65)\"><\/div><i class=\"tg-icon-reply\" style=\"color:#ffffff\"><\/i><div class=\"tg-share-icons\"><a class=\"tg-social-share tg-facebook\" href=\"https:\/\/www.facebook.com\/sharer.php?u=https%3A%2F%2Ffonds-risq.qc.ca%2Fen%2Fentreprise%2Fcommunaute-saint-urbain%2F&#038;t=Communaut%C3%A9%20Saint-Urbain\"><i class=\"tg-icon-facebook\"><\/i><\/a><a class=\"tg-social-share tg-twitter\" href=\"https:\/\/twitter.com\/share?url=https%3A%2F%2Ffonds-risq.qc.ca%2Fen%2Fentreprise%2Fcommunaute-saint-urbain%2F&#038;text=Communaut%C3%A9%20Saint-Urbain\"><i class=\"tg-icon-twitter\"><\/i><\/a><a class=\"tg-social-share tg-google-plus\" href=\"https:\/\/plus.google.com\/share?url=https%3A%2F%2Ffonds-risq.qc.ca%2Fen%2Fentreprise%2Fcommunaute-saint-urbain%2F\"><i class=\"tg-icon-google-plus\"><\/i><\/a><a class=\"tg-social-share tg-pinterest\" href=\"https:\/\/pinterest.com\/pin\/create\/button\/?url=https%3A%2F%2Ffonds-risq.qc.ca%2Fen%2Fentreprise%2Fcommunaute-saint-urbain%2F&#038;description=Communaut%C3%A9%20Saint-Urbain&#038;media=https%3A%2F%2Ffonds-risq.qc.ca%2Fwp-content%2Fuploads%2F2018%2F07%2FCommunaut%C3%A9-Saint-Urbain_Rayside-Labossi%C3%A8re_9.jpg\"><i class=\"tg-icon-pinterest\"><\/i><\/a><\/div><\/div><\/div><div class=\"tg-item-content-holder tg-light image-format\" style=\"background-color:#b7c634\"><span class=\"tg-item-date\">11 July 2018<\/span><h2 class=\"tg-item-title\"><a href=\"https:\/\/fonds-risq.qc.ca\/en\/entreprise\/communaute-saint-urbain\/\" target=\"_self\">Communaut\u00e9 Saint-Urbain<\/a><\/h2><span class=\"tg-cats-holder\"><a class=\"filtres_des_entreprises\" href=\"https:\/\/fonds-risq.qc.ca\/en\/filtres_des_entreprises\/2017-en\/\" rel=\"category\" data-term-id=\"222\"><span class=\"tg-item-term\" >2017<\/span><\/a><span>, <\/span><a class=\"filtres_des_entreprises\" href=\"https:\/\/fonds-risq.qc.ca\/en\/filtres_des_entreprises\/montreal-en\/\" rel=\"category\" data-term-id=\"128\"><span class=\"tg-item-term\" >Montr\u00e9al<\/span><\/a><span>, <\/span><a class=\"filtres_des_entreprises\" href=\"https:\/\/fonds-risq.qc.ca\/en\/filtres_des_entreprises\/organisme-civique-et-amicale-en\/\" rel=\"category\" data-term-id=\"192\"><span class=\"tg-item-term\" >Organisme civique et amicale<\/span><\/a><span>, <\/span><a class=\"filtres_des_entreprises\" href=\"https:\/\/fonds-risq.qc.ca\/en\/filtres_des_entreprises\/pret-pour-aide-technique-en\/\" rel=\"category\" data-term-id=\"146\"><span class=\"tg-item-term\" >Technical assistance loan<\/span><\/a><\/span><p class=\"tg-item-excerpt\">Un regroupement d\u2019organismes comprenant pr\u00e8s d\u2019une soixantaine de groupes ainsi que des citoyens du quartier qui ont un projet commun: la r\u00e9g\u00e9n\u00e9ration du site patrimonial de l\u2019H\u00f4tel Dieu de Montr\u00e9al....<\/p><div class=\"tg-item-footer\"><a class=\"tg-item-comment\" href=\"https:\/\/fonds-risq.qc.ca\/en\/entreprise\/communaute-saint-urbain\/\"  target=\"_self\">No comment<\/a><span class=\"no-ajaxy to-post-like no-liked empty-heart\" data-post-id=\"7641\" title=\"Like\"><span class=\"to-heart-icon\"><svg xmlns=\"http:\/\/www.w3.org\/2000\/svg\" version=\"1.1\" viewBox=\"0 0 64 64\"><g transform=\"translate(0, 0)\"><path stroke-width=\"6\" stroke-linecap=\"square\" stroke-miterlimit=\"10\" d=\"M1,21c0,20,31,38,31,38s31-18,31-38 c0-8.285-6-16-15-16c-8.285,0-16,5.715-16,14c0-8.285-7.715-14-16-14C7,5,1,12.715,1,21z\"><\/path><\/g><\/svg><\/span><span class=\"to-like-count\">0<\/span><\/span><\/div><\/div><\/div><\/article><!-- The Grid item #317 --><article class=\"tg-item tg-post-7642 kampala f222 f148 f167 f159\" data-row=\"1\" data-col=\"1\"><div class=\"tg-item-inner\"><div class=\"tg-item-media-holder tg-light\"><div class=\"tg-item-media-inner\"><img decoding=\"async\" class=\"tg-item-image\" alt=\"\" width=\"930\" height=\"615\" src=\"https:\/\/fonds-risq.qc.ca\/wp-content\/uploads\/2018\/07\/taxi-930x615.jpg\"><\/div><div class=\"tg-center-holder\"><div class=\"tg-center-inner\"><div class=\"tg-item-overlay\"><\/div><a class=\"tg-link-button\" href=\"https:\/\/fonds-risq.qc.ca\/en\/entreprise\/co-op-taxi-terrebonne\/\" target=\"_self\"><i class=\"tg-icon-link\"><\/i><\/a><\/div><\/div><div class=\"tg-item-decoration\"><div class=\"triangle-down-right\" style=\"border-color:#0097c8\"><\/div><\/div><div class=\"tg-item-share-holder\"><div class=\"triangle-up-left\" style=\"border-color:rgba(22,22,22,0.65)\"><\/div><i class=\"tg-icon-reply\" style=\"color:#ffffff\"><\/i><div class=\"tg-share-icons\"><a class=\"tg-social-share tg-facebook\" href=\"https:\/\/www.facebook.com\/sharer.php?u=https%3A%2F%2Ffonds-risq.qc.ca%2Fen%2Fentreprise%2Fco-op-taxi-terrebonne%2F&#038;t=Co-op%20Taxi%20Terrebonne\"><i class=\"tg-icon-facebook\"><\/i><\/a><a class=\"tg-social-share tg-twitter\" href=\"https:\/\/twitter.com\/share?url=https%3A%2F%2Ffonds-risq.qc.ca%2Fen%2Fentreprise%2Fco-op-taxi-terrebonne%2F&#038;text=Co-op%20Taxi%20Terrebonne\"><i class=\"tg-icon-twitter\"><\/i><\/a><a class=\"tg-social-share tg-google-plus\" href=\"https:\/\/plus.google.com\/share?url=https%3A%2F%2Ffonds-risq.qc.ca%2Fen%2Fentreprise%2Fco-op-taxi-terrebonne%2F\"><i class=\"tg-icon-google-plus\"><\/i><\/a><a class=\"tg-social-share tg-pinterest\" href=\"https:\/\/pinterest.com\/pin\/create\/button\/?url=https%3A%2F%2Ffonds-risq.qc.ca%2Fen%2Fentreprise%2Fco-op-taxi-terrebonne%2F&#038;description=Co-op%20Taxi%20Terrebonne&#038;media=https%3A%2F%2Ffonds-risq.qc.ca%2Fwp-content%2Fuploads%2F2018%2F07%2Ftaxi-930x615.jpg\"><i class=\"tg-icon-pinterest\"><\/i><\/a><\/div><\/div><\/div><div class=\"tg-item-content-holder tg-light image-format\" style=\"background-color:#0097c8\"><span class=\"tg-item-date\">11 July 2018<\/span><h2 class=\"tg-item-title\"><a href=\"https:\/\/fonds-risq.qc.ca\/en\/entreprise\/co-op-taxi-terrebonne\/\" target=\"_self\">Co-op Taxi Terrebonne<\/a><\/h2><span class=\"tg-cats-holder\"><a class=\"filtres_des_entreprises\" href=\"https:\/\/fonds-risq.qc.ca\/en\/filtres_des_entreprises\/2017-en\/\" rel=\"category\" data-term-id=\"222\"><span class=\"tg-item-term\" >2017<\/span><\/a><span>, <\/span><a class=\"filtres_des_entreprises\" href=\"https:\/\/fonds-risq.qc.ca\/en\/filtres_des_entreprises\/capitalization-loan\/\" rel=\"category\" data-term-id=\"148\"><span class=\"tg-item-term\" >Capitalization loan<\/span><\/a><span>, <\/span><a class=\"filtres_des_entreprises\" href=\"https:\/\/fonds-risq.qc.ca\/en\/filtres_des_entreprises\/lanaudiere-en\/\" rel=\"category\" data-term-id=\"167\"><span class=\"tg-item-term\" >Lanaudi\u00e8re<\/span><\/a><span>, <\/span><a class=\"filtres_des_entreprises\" href=\"https:\/\/fonds-risq.qc.ca\/en\/filtres_des_entreprises\/transport-en\/\" rel=\"category\" data-term-id=\"159\"><span class=\"tg-item-term\" >Transport<\/span><\/a><\/span><p class=\"tg-item-excerpt\">Depuis 1976, la Coop\u00e9rative de Taxi de Terrebonne offre un vaste \u00e9ventail de services de transport pour les r\u00e9gions de Terrebonne, de Mascouche, de Lachenaie et de La Plaine. La Coop offre notamment des services sp\u00e9cialis\u00e9s dans le...<\/p><div class=\"tg-item-footer\"><a class=\"tg-item-comment\" href=\"https:\/\/fonds-risq.qc.ca\/en\/entreprise\/co-op-taxi-terrebonne\/\"  target=\"_self\">No comment<\/a><span class=\"no-ajaxy to-post-like no-liked empty-heart\" data-post-id=\"7642\" title=\"Like\"><span class=\"to-heart-icon\"><svg xmlns=\"http:\/\/www.w3.org\/2000\/svg\" version=\"1.1\" viewBox=\"0 0 64 64\"><g transform=\"translate(0, 0)\"><path stroke-width=\"6\" stroke-linecap=\"square\" stroke-miterlimit=\"10\" d=\"M1,21c0,20,31,38,31,38s31-18,31-38 c0-8.285-6-16-15-16c-8.285,0-16,5.715-16,14c0-8.285-7.715-14-16-14C7,5,1,12.715,1,21z\"><\/path><\/g><\/svg><\/span><span class=\"to-like-count\">0<\/span><\/span><\/div><\/div><\/div><\/article><!-- The Grid item #318 --><article class=\"tg-item tg-post-7643 kampala f222 f148 f151 f128 f135\" data-row=\"1\" data-col=\"1\"><div class=\"tg-item-inner\"><div class=\"tg-item-media-holder tg-light\"><div class=\"tg-item-media-inner\"><img decoding=\"async\" class=\"tg-item-image\" alt=\"\" width=\"700\" height=\"522\" src=\"https:\/\/fonds-risq.qc.ca\/wp-content\/uploads\/2018\/07\/\u00e9vasion.jpg\"><\/div><div class=\"tg-center-holder\"><div class=\"tg-center-inner\"><div class=\"tg-item-overlay\"><\/div><a class=\"tg-link-button\" href=\"https:\/\/fonds-risq.qc.ca\/en\/entreprise\/evasion\/\" target=\"_self\"><i class=\"tg-icon-link\"><\/i><\/a><\/div><\/div><div class=\"tg-item-decoration\"><div class=\"triangle-down-right\" style=\"border-color:#b7c634\"><\/div><\/div><div class=\"tg-item-share-holder\"><div class=\"triangle-up-left\" style=\"border-color:rgba(22,22,22,0.65)\"><\/div><i class=\"tg-icon-reply\" style=\"color:#ffffff\"><\/i><div class=\"tg-share-icons\"><a class=\"tg-social-share tg-facebook\" href=\"https:\/\/www.facebook.com\/sharer.php?u=https%3A%2F%2Ffonds-risq.qc.ca%2Fen%2Fentreprise%2Fevasion%2F&#038;t=%C3%89vasion%2C%20coop%20de%20travail\"><i class=\"tg-icon-facebook\"><\/i><\/a><a class=\"tg-social-share tg-twitter\" href=\"https:\/\/twitter.com\/share?url=https%3A%2F%2Ffonds-risq.qc.ca%2Fen%2Fentreprise%2Fevasion%2F&#038;text=%C3%89vasion%2C%20coop%20de%20travail\"><i class=\"tg-icon-twitter\"><\/i><\/a><a class=\"tg-social-share tg-google-plus\" href=\"https:\/\/plus.google.com\/share?url=https%3A%2F%2Ffonds-risq.qc.ca%2Fen%2Fentreprise%2Fevasion%2F\"><i class=\"tg-icon-google-plus\"><\/i><\/a><a class=\"tg-social-share tg-pinterest\" href=\"https:\/\/pinterest.com\/pin\/create\/button\/?url=https%3A%2F%2Ffonds-risq.qc.ca%2Fen%2Fentreprise%2Fevasion%2F&#038;description=%C3%89vasion%2C%20coop%20de%20travail&#038;media=https%3A%2F%2Ffonds-risq.qc.ca%2Fwp-content%2Fuploads%2F2018%2F07%2F%C3%A9vasion.jpg\"><i class=\"tg-icon-pinterest\"><\/i><\/a><\/div><\/div><\/div><div class=\"tg-item-content-holder tg-light image-format\" style=\"background-color:#b7c634\"><span class=\"tg-item-date\">10 July 2018<\/span><h2 class=\"tg-item-title\"><a href=\"https:\/\/fonds-risq.qc.ca\/en\/entreprise\/evasion\/\" target=\"_self\">\u00c9vasion, coop de travail<\/a><\/h2><span class=\"tg-cats-holder\"><a class=\"filtres_des_entreprises\" href=\"https:\/\/fonds-risq.qc.ca\/en\/filtres_des_entreprises\/2017-en\/\" rel=\"category\" data-term-id=\"222\"><span class=\"tg-item-term\" >2017<\/span><\/a><span>, <\/span><a class=\"filtres_des_entreprises\" href=\"https:\/\/fonds-risq.qc.ca\/en\/filtres_des_entreprises\/capitalization-loan\/\" rel=\"category\" data-term-id=\"148\"><span class=\"tg-item-term\" >Capitalization loan<\/span><\/a><span>, <\/span><a class=\"filtres_des_entreprises\" href=\"https:\/\/fonds-risq.qc.ca\/en\/filtres_des_entreprises\/coop-en\/\" rel=\"category\" data-term-id=\"151\"><span class=\"tg-item-term\" >COOP<\/span><\/a><span>, <\/span><a class=\"filtres_des_entreprises\" href=\"https:\/\/fonds-risq.qc.ca\/en\/filtres_des_entreprises\/montreal-en\/\" rel=\"category\" data-term-id=\"128\"><span class=\"tg-item-term\" >Montr\u00e9al<\/span><\/a><span>, <\/span><a class=\"filtres_des_entreprises\" href=\"https:\/\/fonds-risq.qc.ca\/en\/filtres_des_entreprises\/services-en\/\" rel=\"category\" data-term-id=\"135\"><span class=\"tg-item-term\" >Services<\/span><\/a><\/span><p class=\"tg-item-excerpt\">\u00c9vasion offre une gamme d'activit\u00e9s et de services pour les personnes \u00e2g\u00e9es en perte d'autonomie, dans une atmosph\u00e8re chaleureuse et familiale. Le Centre \u00c9vasion offre ainsi des services de r\u00e9pit aux proches aidants de Montr\u00e9al et des...<\/p><div class=\"tg-item-footer\"><a class=\"tg-item-comment\" href=\"https:\/\/fonds-risq.qc.ca\/en\/entreprise\/evasion\/\"  target=\"_self\">No comment<\/a><span class=\"no-ajaxy to-post-like no-liked empty-heart\" data-post-id=\"7643\" title=\"Like\"><span class=\"to-heart-icon\"><svg xmlns=\"http:\/\/www.w3.org\/2000\/svg\" version=\"1.1\" viewBox=\"0 0 64 64\"><g transform=\"translate(0, 0)\"><path stroke-width=\"6\" stroke-linecap=\"square\" stroke-miterlimit=\"10\" d=\"M1,21c0,20,31,38,31,38s31-18,31-38 c0-8.285-6-16-15-16c-8.285,0-16,5.715-16,14c0-8.285-7.715-14-16-14C7,5,1,12.715,1,21z\"><\/path><\/g><\/svg><\/span><span class=\"to-like-count\">0<\/span><\/span><\/div><\/div><\/div><\/article><!-- The Grid item #319 --><article class=\"tg-item tg-post-8942 kampala f222 f128 f192 f146\" data-row=\"1\" data-col=\"1\"><div class=\"tg-item-inner\"><div class=\"tg-item-media-holder tg-light\"><div class=\"tg-item-media-inner\"><img decoding=\"async\" class=\"tg-item-image\" alt=\"\" width=\"1440\" height=\"960\" src=\"https:\/\/fonds-risq.qc.ca\/wp-content\/uploads\/2018\/07\/ARCQ.jpg\"><\/div><div class=\"tg-center-holder\"><div class=\"tg-center-inner\"><div class=\"tg-item-overlay\"><\/div><a class=\"tg-link-button\" href=\"https:\/\/fonds-risq.qc.ca\/en\/entreprise\/association-radiodiffuseurs-communautaires-quebec\/\" target=\"_self\"><i class=\"tg-icon-link\"><\/i><\/a><\/div><\/div><div class=\"tg-item-decoration\"><div class=\"triangle-down-right\" style=\"border-color:#b7c634\"><\/div><\/div><div class=\"tg-item-share-holder\"><div class=\"triangle-up-left\" style=\"border-color:rgba(22,22,22,0.65)\"><\/div><i class=\"tg-icon-reply\" style=\"color:#ffffff\"><\/i><div class=\"tg-share-icons\"><a class=\"tg-social-share tg-facebook\" href=\"https:\/\/www.facebook.com\/sharer.php?u=https%3A%2F%2Ffonds-risq.qc.ca%2Fen%2Fentreprise%2Fassociation-radiodiffuseurs-communautaires-quebec%2F&#038;t=Association%20des%20radiodiffuseurs%20communautaires%20du%20Qu%C3%A9bec\"><i class=\"tg-icon-facebook\"><\/i><\/a><a class=\"tg-social-share tg-twitter\" href=\"https:\/\/twitter.com\/share?url=https%3A%2F%2Ffonds-risq.qc.ca%2Fen%2Fentreprise%2Fassociation-radiodiffuseurs-communautaires-quebec%2F&#038;text=Association%20des%20radiodiffuseurs%20communautaires%20du%20Qu%C3%A9bec\"><i class=\"tg-icon-twitter\"><\/i><\/a><a class=\"tg-social-share tg-google-plus\" href=\"https:\/\/plus.google.com\/share?url=https%3A%2F%2Ffonds-risq.qc.ca%2Fen%2Fentreprise%2Fassociation-radiodiffuseurs-communautaires-quebec%2F\"><i class=\"tg-icon-google-plus\"><\/i><\/a><a class=\"tg-social-share tg-pinterest\" href=\"https:\/\/pinterest.com\/pin\/create\/button\/?url=https%3A%2F%2Ffonds-risq.qc.ca%2Fen%2Fentreprise%2Fassociation-radiodiffuseurs-communautaires-quebec%2F&#038;description=Association%20des%20radiodiffuseurs%20communautaires%20du%20Qu%C3%A9bec&#038;media=https%3A%2F%2Ffonds-risq.qc.ca%2Fwp-content%2Fuploads%2F2018%2F07%2FARCQ.jpg\"><i class=\"tg-icon-pinterest\"><\/i><\/a><\/div><\/div><\/div><div class=\"tg-item-content-holder tg-light image-format\" style=\"background-color:#b7c634\"><span class=\"tg-item-date\">10 July 2018<\/span><h2 class=\"tg-item-title\"><a href=\"https:\/\/fonds-risq.qc.ca\/en\/entreprise\/association-radiodiffuseurs-communautaires-quebec\/\" target=\"_self\">Association des radiodiffuseurs communautaires du Qu\u00e9bec<\/a><\/h2><span class=\"tg-cats-holder\"><a class=\"filtres_des_entreprises\" href=\"https:\/\/fonds-risq.qc.ca\/en\/filtres_des_entreprises\/2017-en\/\" rel=\"category\" data-term-id=\"222\"><span class=\"tg-item-term\" >2017<\/span><\/a><span>, <\/span><a class=\"filtres_des_entreprises\" href=\"https:\/\/fonds-risq.qc.ca\/en\/filtres_des_entreprises\/montreal-en\/\" rel=\"category\" data-term-id=\"128\"><span class=\"tg-item-term\" >Montr\u00e9al<\/span><\/a><span>, <\/span><a class=\"filtres_des_entreprises\" href=\"https:\/\/fonds-risq.qc.ca\/en\/filtres_des_entreprises\/organisme-civique-et-amicale-en\/\" rel=\"category\" data-term-id=\"192\"><span class=\"tg-item-term\" >Organisme civique et amicale<\/span><\/a><span>, <\/span><a class=\"filtres_des_entreprises\" href=\"https:\/\/fonds-risq.qc.ca\/en\/filtres_des_entreprises\/pret-pour-aide-technique-en\/\" rel=\"category\" data-term-id=\"146\"><span class=\"tg-item-term\" >Technical assistance loan<\/span><\/a><\/span><p class=\"tg-item-excerpt\">Depuis plus de 30 ans, l'Association des radios communautaires du Qu\u00e9bec contribue au d\u00e9veloppement de la radiophonie communautaire qu\u00e9b\u00e9coise. \u00c0 travers ses services aux membres, ses activit\u00e9s de repr\u00e9sentation et de promotion...<\/p><div class=\"tg-item-footer\"><a class=\"tg-item-comment\" href=\"https:\/\/fonds-risq.qc.ca\/en\/entreprise\/association-radiodiffuseurs-communautaires-quebec\/\"  target=\"_self\">No comment<\/a><span class=\"no-ajaxy to-post-like no-liked empty-heart\" data-post-id=\"8942\" title=\"Like\"><span class=\"to-heart-icon\"><svg xmlns=\"http:\/\/www.w3.org\/2000\/svg\" version=\"1.1\" viewBox=\"0 0 64 64\"><g transform=\"translate(0, 0)\"><path stroke-width=\"6\" stroke-linecap=\"square\" stroke-miterlimit=\"10\" d=\"M1,21c0,20,31,38,31,38s31-18,31-38 c0-8.285-6-16-15-16c-8.285,0-16,5.715-16,14c0-8.285-7.715-14-16-14C7,5,1,12.715,1,21z\"><\/path><\/g><\/svg><\/span><span class=\"to-like-count\">0<\/span><\/span><\/div><\/div><\/div><\/article><!-- The Grid item #320 --><article class=\"tg-item tg-post-8945 kampala f222 f148 f167 f144\" data-row=\"1\" data-col=\"1\"><div class=\"tg-item-inner\"><div class=\"tg-item-media-holder tg-light\"><div class=\"tg-item-media-inner\"><img decoding=\"async\" class=\"tg-item-image\" alt=\"\" width=\"2048\" height=\"1365\" src=\"https:\/\/fonds-risq.qc.ca\/wp-content\/uploads\/2018\/07\/pleinairlanaudia.jpg\"><\/div><div class=\"tg-center-holder\"><div class=\"tg-center-inner\"><div class=\"tg-item-overlay\"><\/div><a class=\"tg-link-button\" href=\"https:\/\/fonds-risq.qc.ca\/en\/entreprise\/plein-air-lanaudia\/\" target=\"_self\"><i class=\"tg-icon-link\"><\/i><\/a><\/div><\/div><div class=\"tg-item-decoration\"><div class=\"triangle-down-right\" style=\"border-color:#0097c8\"><\/div><\/div><div class=\"tg-item-share-holder\"><div class=\"triangle-up-left\" style=\"border-color:rgba(22,22,22,0.65)\"><\/div><i class=\"tg-icon-reply\" style=\"color:#ffffff\"><\/i><div class=\"tg-share-icons\"><a class=\"tg-social-share tg-facebook\" href=\"https:\/\/www.facebook.com\/sharer.php?u=https%3A%2F%2Ffonds-risq.qc.ca%2Fen%2Fentreprise%2Fplein-air-lanaudia%2F&#038;t=Plein%20air%20Lanaudia\"><i class=\"tg-icon-facebook\"><\/i><\/a><a class=\"tg-social-share tg-twitter\" href=\"https:\/\/twitter.com\/share?url=https%3A%2F%2Ffonds-risq.qc.ca%2Fen%2Fentreprise%2Fplein-air-lanaudia%2F&#038;text=Plein%20air%20Lanaudia\"><i class=\"tg-icon-twitter\"><\/i><\/a><a class=\"tg-social-share tg-google-plus\" href=\"https:\/\/plus.google.com\/share?url=https%3A%2F%2Ffonds-risq.qc.ca%2Fen%2Fentreprise%2Fplein-air-lanaudia%2F\"><i class=\"tg-icon-google-plus\"><\/i><\/a><a class=\"tg-social-share tg-pinterest\" href=\"https:\/\/pinterest.com\/pin\/create\/button\/?url=https%3A%2F%2Ffonds-risq.qc.ca%2Fen%2Fentreprise%2Fplein-air-lanaudia%2F&#038;description=Plein%20air%20Lanaudia&#038;media=https%3A%2F%2Ffonds-risq.qc.ca%2Fwp-content%2Fuploads%2F2018%2F07%2Fpleinairlanaudia.jpg\"><i class=\"tg-icon-pinterest\"><\/i><\/a><\/div><\/div><\/div><div class=\"tg-item-content-holder tg-light image-format\" style=\"background-color:#0097c8\"><span class=\"tg-item-date\">10 July 2018<\/span><h2 class=\"tg-item-title\"><a href=\"https:\/\/fonds-risq.qc.ca\/en\/entreprise\/plein-air-lanaudia\/\" target=\"_self\">Plein air Lanaudia<\/a><\/h2><span class=\"tg-cats-holder\"><a class=\"filtres_des_entreprises\" href=\"https:\/\/fonds-risq.qc.ca\/en\/filtres_des_entreprises\/2017-en\/\" rel=\"category\" data-term-id=\"222\"><span class=\"tg-item-term\" >2017<\/span><\/a><span>, <\/span><a class=\"filtres_des_entreprises\" href=\"https:\/\/fonds-risq.qc.ca\/en\/filtres_des_entreprises\/capitalization-loan\/\" rel=\"category\" data-term-id=\"148\"><span class=\"tg-item-term\" >Capitalization loan<\/span><\/a><span>, <\/span><a class=\"filtres_des_entreprises\" href=\"https:\/\/fonds-risq.qc.ca\/en\/filtres_des_entreprises\/lanaudiere-en\/\" rel=\"category\" data-term-id=\"167\"><span class=\"tg-item-term\" >Lanaudi\u00e8re<\/span><\/a><span>, <\/span><a class=\"filtres_des_entreprises\" href=\"https:\/\/fonds-risq.qc.ca\/en\/filtres_des_entreprises\/leisure-tourism\/\" rel=\"category\" data-term-id=\"144\"><span class=\"tg-item-term\" >Leisure \/ Tourism<\/span><\/a><\/span><p class=\"tg-item-excerpt\">Avec une foule d\u2019activit\u00e9s plein air directement sur le site, des h\u00e9bergements vari\u00e9s de qualit\u00e9, un paysage montagneux \u00e0 couper le souffle et plusieurs activit\u00e9s sportives et touristiques \u00e0 proximit\u00e9, Plein Air Lanaudia offre tout ce...<\/p><div class=\"tg-item-footer\"><a class=\"tg-item-comment\" href=\"https:\/\/fonds-risq.qc.ca\/en\/entreprise\/plein-air-lanaudia\/\"  target=\"_self\">No comment<\/a><span class=\"no-ajaxy to-post-like no-liked empty-heart\" data-post-id=\"8945\" title=\"Like\"><span class=\"to-heart-icon\"><svg xmlns=\"http:\/\/www.w3.org\/2000\/svg\" version=\"1.1\" viewBox=\"0 0 64 64\"><g transform=\"translate(0, 0)\"><path stroke-width=\"6\" stroke-linecap=\"square\" stroke-miterlimit=\"10\" d=\"M1,21c0,20,31,38,31,38s31-18,31-38 c0-8.285-6-16-15-16c-8.285,0-16,5.715-16,14c0-8.285-7.715-14-16-14C7,5,1,12.715,1,21z\"><\/path><\/g><\/svg><\/span><span class=\"to-like-count\">0<\/span><\/span><\/div><\/div><\/div><\/article><!-- The Grid item #321 --><article class=\"tg-item tg-post-8948 kampala f222 f150 f156 f147 f135\" data-row=\"1\" data-col=\"1\"><div class=\"tg-item-inner\"><div class=\"tg-item-media-holder tg-light\"><div class=\"tg-item-media-inner\"><img decoding=\"async\" class=\"tg-item-image\" alt=\"\" width=\"960\" height=\"960\" src=\"https:\/\/fonds-risq.qc.ca\/wp-content\/uploads\/2018\/07\/ciasf.png\"><\/div><div class=\"tg-center-holder\"><div class=\"tg-center-inner\"><div class=\"tg-item-overlay\"><\/div><a class=\"tg-link-button\" href=\"https:\/\/fonds-risq.qc.ca\/en\/entreprise\/ciasf-recherche-developpement\/\" target=\"_self\"><i class=\"tg-icon-link\"><\/i><\/a><\/div><\/div><div class=\"tg-item-decoration\"><div class=\"triangle-down-right\" style=\"border-color:#ee4224\"><\/div><\/div><div class=\"tg-item-share-holder\"><div class=\"triangle-up-left\" style=\"border-color:rgba(22,22,22,0.65)\"><\/div><i class=\"tg-icon-reply\" style=\"color:#ffffff\"><\/i><div class=\"tg-share-icons\"><a class=\"tg-social-share tg-facebook\" href=\"https:\/\/www.facebook.com\/sharer.php?u=https%3A%2F%2Ffonds-risq.qc.ca%2Fen%2Fentreprise%2Fciasf-recherche-developpement%2F&#038;t=CIASF%20%E2%80%93%20Recherche%20et%20d%C3%A9veloppement\"><i class=\"tg-icon-facebook\"><\/i><\/a><a class=\"tg-social-share tg-twitter\" href=\"https:\/\/twitter.com\/share?url=https%3A%2F%2Ffonds-risq.qc.ca%2Fen%2Fentreprise%2Fciasf-recherche-developpement%2F&#038;text=CIASF%20%E2%80%93%20Recherche%20et%20d%C3%A9veloppement\"><i class=\"tg-icon-twitter\"><\/i><\/a><a class=\"tg-social-share tg-google-plus\" href=\"https:\/\/plus.google.com\/share?url=https%3A%2F%2Ffonds-risq.qc.ca%2Fen%2Fentreprise%2Fciasf-recherche-developpement%2F\"><i class=\"tg-icon-google-plus\"><\/i><\/a><a class=\"tg-social-share tg-pinterest\" href=\"https:\/\/pinterest.com\/pin\/create\/button\/?url=https%3A%2F%2Ffonds-risq.qc.ca%2Fen%2Fentreprise%2Fciasf-recherche-developpement%2F&#038;description=CIASF%20%E2%80%93%20Recherche%20et%20d%C3%A9veloppement&#038;media=https%3A%2F%2Ffonds-risq.qc.ca%2Fwp-content%2Fuploads%2F2018%2F07%2Fciasf.png\"><i class=\"tg-icon-pinterest\"><\/i><\/a><\/div><\/div><\/div><div class=\"tg-item-content-holder tg-light image-format\" style=\"background-color:#ee4224\"><span class=\"tg-item-date\">10 July 2018<\/span><h2 class=\"tg-item-title\"><a href=\"https:\/\/fonds-risq.qc.ca\/en\/entreprise\/ciasf-recherche-developpement\/\" target=\"_self\">CIASF &#8211; Recherche et d\u00e9veloppement<\/a><\/h2><span class=\"tg-cats-holder\"><a class=\"filtres_des_entreprises\" href=\"https:\/\/fonds-risq.qc.ca\/en\/filtres_des_entreprises\/2017-en\/\" rel=\"category\" data-term-id=\"222\"><span class=\"tg-item-term\" >2017<\/span><\/a><span>, <\/span><a class=\"filtres_des_entreprises\" href=\"https:\/\/fonds-risq.qc.ca\/en\/filtres_des_entreprises\/npo\/\" rel=\"category\" data-term-id=\"150\"><span class=\"tg-item-term\" >NPO<\/span><\/a><span>, <\/span><a class=\"filtres_des_entreprises\" href=\"https:\/\/fonds-risq.qc.ca\/en\/filtres_des_entreprises\/outaouais-en\/\" rel=\"category\" data-term-id=\"156\"><span class=\"tg-item-term\" >Outaouais<\/span><\/a><span>, <\/span><a class=\"filtres_des_entreprises\" href=\"https:\/\/fonds-risq.qc.ca\/en\/filtres_des_entreprises\/pre-startup-loan\/\" rel=\"category\" data-term-id=\"147\"><span class=\"tg-item-term\" >Pre-startup loan<\/span><\/a><span>, <\/span><a class=\"filtres_des_entreprises\" href=\"https:\/\/fonds-risq.qc.ca\/en\/filtres_des_entreprises\/services-en\/\" rel=\"category\" data-term-id=\"135\"><span class=\"tg-item-term\" >Services<\/span><\/a><\/span><p class=\"tg-item-excerpt\">Le Centre d\u2019intervention en abus sexuels pour la famille (Ciasf) offre gratuitement des services th\u00e9rapeutiques et de pr\u00e9vention \u00e0 l'intention des enfants victimes d'abus sexuels.  Il veille a\u0300 maintenir l\u2019excellence de ses services,...<\/p><div class=\"tg-item-footer\"><a class=\"tg-item-comment\" href=\"https:\/\/fonds-risq.qc.ca\/en\/entreprise\/ciasf-recherche-developpement\/\"  target=\"_self\">No comment<\/a><span class=\"no-ajaxy to-post-like no-liked empty-heart\" data-post-id=\"8948\" title=\"Like\"><span class=\"to-heart-icon\"><svg xmlns=\"http:\/\/www.w3.org\/2000\/svg\" version=\"1.1\" viewBox=\"0 0 64 64\"><g transform=\"translate(0, 0)\"><path stroke-width=\"6\" stroke-linecap=\"square\" stroke-miterlimit=\"10\" d=\"M1,21c0,20,31,38,31,38s31-18,31-38 c0-8.285-6-16-15-16c-8.285,0-16,5.715-16,14c0-8.285-7.715-14-16-14C7,5,1,12.715,1,21z\"><\/path><\/g><\/svg><\/span><span class=\"to-like-count\">0<\/span><\/span><\/div><\/div><\/div><\/article><!-- The Grid item #322 --><article class=\"tg-item tg-post-8951 kampala f222 f134 f128 f150 f146\" data-row=\"1\" data-col=\"1\"><div class=\"tg-item-inner\"><div class=\"tg-item-media-holder tg-light\"><div class=\"tg-item-media-inner\"><img decoding=\"async\" class=\"tg-item-image\" alt=\"\" width=\"1428\" height=\"952\" src=\"https:\/\/fonds-risq.qc.ca\/wp-content\/uploads\/2018\/07\/videographe.jpg\"><\/div><div class=\"tg-center-holder\"><div class=\"tg-center-inner\"><div class=\"tg-item-overlay\"><\/div><a class=\"tg-link-button\" href=\"https:\/\/fonds-risq.qc.ca\/en\/entreprise\/videographe\/\" target=\"_self\"><i class=\"tg-icon-link\"><\/i><\/a><\/div><\/div><div class=\"tg-item-decoration\"><div class=\"triangle-down-right\" style=\"border-color:#b7c634\"><\/div><\/div><div class=\"tg-item-share-holder\"><div class=\"triangle-up-left\" style=\"border-color:rgba(22,22,22,0.65)\"><\/div><i class=\"tg-icon-reply\" style=\"color:#ffffff\"><\/i><div class=\"tg-share-icons\"><a class=\"tg-social-share tg-facebook\" href=\"https:\/\/www.facebook.com\/sharer.php?u=https%3A%2F%2Ffonds-risq.qc.ca%2Fen%2Fentreprise%2Fvideographe%2F&#038;t=Vid%C3%A9ographe\"><i class=\"tg-icon-facebook\"><\/i><\/a><a class=\"tg-social-share tg-twitter\" href=\"https:\/\/twitter.com\/share?url=https%3A%2F%2Ffonds-risq.qc.ca%2Fen%2Fentreprise%2Fvideographe%2F&#038;text=Vid%C3%A9ographe\"><i class=\"tg-icon-twitter\"><\/i><\/a><a class=\"tg-social-share tg-google-plus\" href=\"https:\/\/plus.google.com\/share?url=https%3A%2F%2Ffonds-risq.qc.ca%2Fen%2Fentreprise%2Fvideographe%2F\"><i class=\"tg-icon-google-plus\"><\/i><\/a><a class=\"tg-social-share tg-pinterest\" href=\"https:\/\/pinterest.com\/pin\/create\/button\/?url=https%3A%2F%2Ffonds-risq.qc.ca%2Fen%2Fentreprise%2Fvideographe%2F&#038;description=Vid%C3%A9ographe&#038;media=https%3A%2F%2Ffonds-risq.qc.ca%2Fwp-content%2Fuploads%2F2018%2F07%2Fvideographe.jpg\"><i class=\"tg-icon-pinterest\"><\/i><\/a><\/div><\/div><\/div><div class=\"tg-item-content-holder tg-light image-format\" style=\"background-color:#b7c634\"><span class=\"tg-item-date\">10 July 2018<\/span><h2 class=\"tg-item-title\"><a href=\"https:\/\/fonds-risq.qc.ca\/en\/entreprise\/videographe\/\" target=\"_self\">Vid\u00e9ographe<\/a><\/h2><span class=\"tg-cats-holder\"><a class=\"filtres_des_entreprises\" href=\"https:\/\/fonds-risq.qc.ca\/en\/filtres_des_entreprises\/2017-en\/\" rel=\"category\" data-term-id=\"222\"><span class=\"tg-item-term\" >2017<\/span><\/a><span>, <\/span><a class=\"filtres_des_entreprises\" href=\"https:\/\/fonds-risq.qc.ca\/en\/filtres_des_entreprises\/arts-and-culture\/\" rel=\"category\" data-term-id=\"134\"><span class=\"tg-item-term\" >Arts and culture<\/span><\/a><span>, <\/span><a class=\"filtres_des_entreprises\" href=\"https:\/\/fonds-risq.qc.ca\/en\/filtres_des_entreprises\/montreal-en\/\" rel=\"category\" data-term-id=\"128\"><span class=\"tg-item-term\" >Montr\u00e9al<\/span><\/a><span>, <\/span><a class=\"filtres_des_entreprises\" href=\"https:\/\/fonds-risq.qc.ca\/en\/filtres_des_entreprises\/npo\/\" rel=\"category\" data-term-id=\"150\"><span class=\"tg-item-term\" >NPO<\/span><\/a><span>, <\/span><a class=\"filtres_des_entreprises\" href=\"https:\/\/fonds-risq.qc.ca\/en\/filtres_des_entreprises\/pret-pour-aide-technique-en\/\" rel=\"category\" data-term-id=\"146\"><span class=\"tg-item-term\" >Technical assistance loan<\/span><\/a><\/span><p class=\"tg-item-excerpt\">Vid\u00e9ographe est un centre autog\u00e9r\u00e9 d'artistes vou\u00e9 \u00e0 la cr\u00e9ation, la diffusion et la distribution d\u2019\u0153uvres d'arts m\u00e9diatiques ind\u00e9pendantes.\r\n\r\nVid\u00e9ographe s\u2019int\u00e9resse au d\u00e9veloppement des formes issues de la vid\u00e9o exp\u00e9rimentale et qui...<\/p><div class=\"tg-item-footer\"><a class=\"tg-item-comment\" href=\"https:\/\/fonds-risq.qc.ca\/en\/entreprise\/videographe\/\"  target=\"_self\">No comment<\/a><span class=\"no-ajaxy to-post-like no-liked empty-heart\" data-post-id=\"8951\" title=\"Like\"><span class=\"to-heart-icon\"><svg xmlns=\"http:\/\/www.w3.org\/2000\/svg\" version=\"1.1\" viewBox=\"0 0 64 64\"><g transform=\"translate(0, 0)\"><path stroke-width=\"6\" stroke-linecap=\"square\" stroke-miterlimit=\"10\" d=\"M1,21c0,20,31,38,31,38s31-18,31-38 c0-8.285-6-16-15-16c-8.285,0-16,5.715-16,14c0-8.285-7.715-14-16-14C7,5,1,12.715,1,21z\"><\/path><\/g><\/svg><\/span><span class=\"to-like-count\">0<\/span><\/span><\/div><\/div><\/div><\/article><!-- The Grid item #323 --><article class=\"tg-item tg-post-8954 kampala f222 f226 f134 f148 f128 f150\" data-row=\"1\" data-col=\"1\"><div class=\"tg-item-inner\"><div class=\"tg-item-media-holder tg-light\"><div class=\"tg-item-media-inner\"><img decoding=\"async\" class=\"tg-item-image\" alt=\"\" width=\"1200\" height=\"676\" src=\"https:\/\/fonds-risq.qc.ca\/wp-content\/uploads\/2018\/07\/29244584_1827102597320528_1936181053857202176_o.jpg\"><\/div><div class=\"tg-center-holder\"><div class=\"tg-center-inner\"><div class=\"tg-item-overlay\"><\/div><a class=\"tg-link-button\" href=\"https:\/\/fonds-risq.qc.ca\/en\/entreprise\/groupe-qw4rtz\/\" target=\"_self\"><i class=\"tg-icon-link\"><\/i><\/a><\/div><\/div><div class=\"tg-item-decoration\"><div class=\"triangle-down-right\" style=\"border-color:#0097c8\"><\/div><\/div><div class=\"tg-item-share-holder\"><div class=\"triangle-up-left\" style=\"border-color:rgba(22,22,22,0.65)\"><\/div><i class=\"tg-icon-reply\" style=\"color:#ffffff\"><\/i><div class=\"tg-share-icons\"><a class=\"tg-social-share tg-facebook\" href=\"https:\/\/www.facebook.com\/sharer.php?u=https%3A%2F%2Ffonds-risq.qc.ca%2Fen%2Fentreprise%2Fgroupe-qw4rtz%2F&#038;t=Groupe%20QW4RTZ\"><i class=\"tg-icon-facebook\"><\/i><\/a><a class=\"tg-social-share tg-twitter\" href=\"https:\/\/twitter.com\/share?url=https%3A%2F%2Ffonds-risq.qc.ca%2Fen%2Fentreprise%2Fgroupe-qw4rtz%2F&#038;text=Groupe%20QW4RTZ\"><i class=\"tg-icon-twitter\"><\/i><\/a><a class=\"tg-social-share tg-google-plus\" href=\"https:\/\/plus.google.com\/share?url=https%3A%2F%2Ffonds-risq.qc.ca%2Fen%2Fentreprise%2Fgroupe-qw4rtz%2F\"><i class=\"tg-icon-google-plus\"><\/i><\/a><a class=\"tg-social-share tg-pinterest\" href=\"https:\/\/pinterest.com\/pin\/create\/button\/?url=https%3A%2F%2Ffonds-risq.qc.ca%2Fen%2Fentreprise%2Fgroupe-qw4rtz%2F&#038;description=Groupe%20QW4RTZ&#038;media=https%3A%2F%2Ffonds-risq.qc.ca%2Fwp-content%2Fuploads%2F2018%2F07%2F29244584_1827102597320528_1936181053857202176_o.jpg\"><i class=\"tg-icon-pinterest\"><\/i><\/a><\/div><\/div><\/div><div class=\"tg-item-content-holder tg-light image-format\" style=\"background-color:#0097c8\"><span class=\"tg-item-date\">10 July 2018<\/span><h2 class=\"tg-item-title\"><a href=\"https:\/\/fonds-risq.qc.ca\/en\/entreprise\/groupe-qw4rtz\/\" target=\"_self\">Groupe QW4RTZ<\/a><\/h2><span class=\"tg-cats-holder\"><a class=\"filtres_des_entreprises\" href=\"https:\/\/fonds-risq.qc.ca\/en\/filtres_des_entreprises\/2017-en\/\" rel=\"category\" data-term-id=\"222\"><span class=\"tg-item-term\" >2017<\/span><\/a><span>, <\/span><a class=\"filtres_des_entreprises\" href=\"https:\/\/fonds-risq.qc.ca\/en\/filtres_des_entreprises\/2020-en\/\" rel=\"category\" data-term-id=\"226\"><span class=\"tg-item-term\" >2020<\/span><\/a><span>, <\/span><a class=\"filtres_des_entreprises\" href=\"https:\/\/fonds-risq.qc.ca\/en\/filtres_des_entreprises\/arts-and-culture\/\" rel=\"category\" data-term-id=\"134\"><span class=\"tg-item-term\" >Arts and culture<\/span><\/a><span>, <\/span><a class=\"filtres_des_entreprises\" href=\"https:\/\/fonds-risq.qc.ca\/en\/filtres_des_entreprises\/capitalization-loan\/\" rel=\"category\" data-term-id=\"148\"><span class=\"tg-item-term\" >Capitalization loan<\/span><\/a><span>, <\/span><a class=\"filtres_des_entreprises\" href=\"https:\/\/fonds-risq.qc.ca\/en\/filtres_des_entreprises\/montreal-en\/\" rel=\"category\" data-term-id=\"128\"><span class=\"tg-item-term\" >Montr\u00e9al<\/span><\/a><span>, <\/span><a class=\"filtres_des_entreprises\" href=\"https:\/\/fonds-risq.qc.ca\/en\/filtres_des_entreprises\/npo\/\" rel=\"category\" data-term-id=\"150\"><span class=\"tg-item-term\" >NPO<\/span><\/a><\/span><p class=\"tg-item-excerpt\">QW4RTZ, c\u2019est quatre gars qui unissent leurs voix pour vous faire rire et pleurer, vous faire chanter et danser, mais surtout, vous faire vibrer au son de leurs harmonies vocales. Louis Alexandre, Fran\u00e7ois, Phil et Fa2 abordent tous...<\/p><div class=\"tg-item-footer\"><a class=\"tg-item-comment\" href=\"https:\/\/fonds-risq.qc.ca\/en\/entreprise\/groupe-qw4rtz\/\"  target=\"_self\">No comment<\/a><span class=\"no-ajaxy to-post-like no-liked empty-heart\" data-post-id=\"8954\" title=\"Like\"><span class=\"to-heart-icon\"><svg xmlns=\"http:\/\/www.w3.org\/2000\/svg\" version=\"1.1\" viewBox=\"0 0 64 64\"><g transform=\"translate(0, 0)\"><path stroke-width=\"6\" stroke-linecap=\"square\" stroke-miterlimit=\"10\" d=\"M1,21c0,20,31,38,31,38s31-18,31-38 c0-8.285-6-16-15-16c-8.285,0-16,5.715-16,14c0-8.285-7.715-14-16-14C7,5,1,12.715,1,21z\"><\/path><\/g><\/svg><\/span><span class=\"to-like-count\">0<\/span><\/span><\/div><\/div><\/div><\/article><!-- The Grid item #324 --><article class=\"tg-item tg-post-8957 kampala f222 f128 f150 f196 f146\" data-row=\"1\" data-col=\"1\"><div class=\"tg-item-inner\"><div class=\"tg-item-media-holder tg-light\"><div class=\"tg-item-media-inner\"><img decoding=\"async\" class=\"tg-item-image\" alt=\"\" width=\"960\" height=\"960\" src=\"https:\/\/fonds-risq.qc.ca\/wp-content\/uploads\/2018\/07\/10527587_736630823101528_6970236633134894985_n.jpg\"><\/div><div class=\"tg-center-holder\"><div class=\"tg-center-inner\"><div class=\"tg-item-overlay\"><\/div><a class=\"tg-link-button\" href=\"https:\/\/fonds-risq.qc.ca\/en\/entreprise\/centre-culturel-communautaire-sainte-brigide\/\" target=\"_self\"><i class=\"tg-icon-link\"><\/i><\/a><\/div><\/div><div class=\"tg-item-decoration\"><div class=\"triangle-down-right\" style=\"border-color:#b7c634\"><\/div><\/div><div class=\"tg-item-share-holder\"><div class=\"triangle-up-left\" style=\"border-color:rgba(22,22,22,0.65)\"><\/div><i class=\"tg-icon-reply\" style=\"color:#ffffff\"><\/i><div class=\"tg-share-icons\"><a class=\"tg-social-share tg-facebook\" href=\"https:\/\/www.facebook.com\/sharer.php?u=https%3A%2F%2Ffonds-risq.qc.ca%2Fen%2Fentreprise%2Fcentre-culturel-communautaire-sainte-brigide%2F&#038;t=Centre%20culturel%20et%20communautaire%20Sainte-Brigide\"><i class=\"tg-icon-facebook\"><\/i><\/a><a class=\"tg-social-share tg-twitter\" href=\"https:\/\/twitter.com\/share?url=https%3A%2F%2Ffonds-risq.qc.ca%2Fen%2Fentreprise%2Fcentre-culturel-communautaire-sainte-brigide%2F&#038;text=Centre%20culturel%20et%20communautaire%20Sainte-Brigide\"><i class=\"tg-icon-twitter\"><\/i><\/a><a class=\"tg-social-share tg-google-plus\" href=\"https:\/\/plus.google.com\/share?url=https%3A%2F%2Ffonds-risq.qc.ca%2Fen%2Fentreprise%2Fcentre-culturel-communautaire-sainte-brigide%2F\"><i class=\"tg-icon-google-plus\"><\/i><\/a><a class=\"tg-social-share tg-pinterest\" href=\"https:\/\/pinterest.com\/pin\/create\/button\/?url=https%3A%2F%2Ffonds-risq.qc.ca%2Fen%2Fentreprise%2Fcentre-culturel-communautaire-sainte-brigide%2F&#038;description=Centre%20culturel%20et%20communautaire%20Sainte-Brigide&#038;media=https%3A%2F%2Ffonds-risq.qc.ca%2Fwp-content%2Fuploads%2F2018%2F07%2F10527587_736630823101528_6970236633134894985_n.jpg\"><i class=\"tg-icon-pinterest\"><\/i><\/a><\/div><\/div><\/div><div class=\"tg-item-content-holder tg-light image-format\" style=\"background-color:#b7c634\"><span class=\"tg-item-date\">9 July 2018<\/span><h2 class=\"tg-item-title\"><a href=\"https:\/\/fonds-risq.qc.ca\/en\/entreprise\/centre-culturel-communautaire-sainte-brigide\/\" target=\"_self\">Centre culturel et communautaire Sainte-Brigide<\/a><\/h2><span class=\"tg-cats-holder\"><a class=\"filtres_des_entreprises\" href=\"https:\/\/fonds-risq.qc.ca\/en\/filtres_des_entreprises\/2017-en\/\" rel=\"category\" data-term-id=\"222\"><span class=\"tg-item-term\" >2017<\/span><\/a><span>, <\/span><a class=\"filtres_des_entreprises\" href=\"https:\/\/fonds-risq.qc.ca\/en\/filtres_des_entreprises\/montreal-en\/\" rel=\"category\" data-term-id=\"128\"><span class=\"tg-item-term\" >Montr\u00e9al<\/span><\/a><span>, <\/span><a class=\"filtres_des_entreprises\" href=\"https:\/\/fonds-risq.qc.ca\/en\/filtres_des_entreprises\/npo\/\" rel=\"category\" data-term-id=\"150\"><span class=\"tg-item-term\" >NPO<\/span><\/a><span>, <\/span><a class=\"filtres_des_entreprises\" href=\"https:\/\/fonds-risq.qc.ca\/en\/filtres_des_entreprises\/services-immobiliers-en\/\" rel=\"category\" data-term-id=\"196\"><span class=\"tg-item-term\" >Services immobiliers<\/span><\/a><span>, <\/span><a class=\"filtres_des_entreprises\" href=\"https:\/\/fonds-risq.qc.ca\/en\/filtres_des_entreprises\/pret-pour-aide-technique-en\/\" rel=\"category\" data-term-id=\"146\"><span class=\"tg-item-term\" >Technical assistance loan<\/span><\/a><\/span><p class=\"tg-item-excerpt\"> Le CCSB est un amalgame d'organismes travaillant \u00e0 revitaliser l'\u00eelot Sainte-Brigide pour lui donner une deuxi\u00e8me vie culturelle et communautaire....<\/p><div class=\"tg-item-footer\"><a class=\"tg-item-comment\" href=\"https:\/\/fonds-risq.qc.ca\/en\/entreprise\/centre-culturel-communautaire-sainte-brigide\/\"  target=\"_self\">No comment<\/a><span class=\"no-ajaxy to-post-like no-liked empty-heart\" data-post-id=\"8957\" title=\"Like\"><span class=\"to-heart-icon\"><svg xmlns=\"http:\/\/www.w3.org\/2000\/svg\" version=\"1.1\" viewBox=\"0 0 64 64\"><g transform=\"translate(0, 0)\"><path stroke-width=\"6\" stroke-linecap=\"square\" stroke-miterlimit=\"10\" d=\"M1,21c0,20,31,38,31,38s31-18,31-38 c0-8.285-6-16-15-16c-8.285,0-16,5.715-16,14c0-8.285-7.715-14-16-14C7,5,1,12.715,1,21z\"><\/path><\/g><\/svg><\/span><span class=\"to-like-count\">0<\/span><\/span><\/div><\/div><\/div><\/article><!-- The Grid item #325 --><article class=\"tg-item tg-post-8960 kampala f222 f148 f151 f133 f207\" data-row=\"1\" data-col=\"1\"><div class=\"tg-item-inner\"><div class=\"tg-item-media-holder tg-light\"><div class=\"tg-item-media-inner\"><img decoding=\"async\" class=\"tg-item-image\" alt=\"\" width=\"1545\" height=\"2000\" src=\"https:\/\/fonds-risq.qc.ca\/wp-content\/uploads\/2018\/07\/Photo-coop-funeraire-Laurentides.png\"><\/div><div class=\"tg-center-holder\"><div class=\"tg-center-inner\"><div class=\"tg-item-overlay\"><\/div><a class=\"tg-link-button\" href=\"https:\/\/fonds-risq.qc.ca\/en\/entreprise\/cooperative-funeraire-des-laurentides\/\" target=\"_self\"><i class=\"tg-icon-link\"><\/i><\/a><\/div><\/div><div class=\"tg-item-decoration\"><div class=\"triangle-down-right\" style=\"border-color:#0097c8\"><\/div><\/div><div class=\"tg-item-share-holder\"><div class=\"triangle-up-left\" style=\"border-color:rgba(22,22,22,0.65)\"><\/div><i class=\"tg-icon-reply\" style=\"color:#ffffff\"><\/i><div class=\"tg-share-icons\"><a class=\"tg-social-share tg-facebook\" href=\"https:\/\/www.facebook.com\/sharer.php?u=https%3A%2F%2Ffonds-risq.qc.ca%2Fen%2Fentreprise%2Fcooperative-funeraire-des-laurentides%2F&#038;t=Coop%C3%A9rative%20fun%C3%A9raire%20des%20Laurentides\"><i class=\"tg-icon-facebook\"><\/i><\/a><a class=\"tg-social-share tg-twitter\" href=\"https:\/\/twitter.com\/share?url=https%3A%2F%2Ffonds-risq.qc.ca%2Fen%2Fentreprise%2Fcooperative-funeraire-des-laurentides%2F&#038;text=Coop%C3%A9rative%20fun%C3%A9raire%20des%20Laurentides\"><i class=\"tg-icon-twitter\"><\/i><\/a><a class=\"tg-social-share tg-google-plus\" href=\"https:\/\/plus.google.com\/share?url=https%3A%2F%2Ffonds-risq.qc.ca%2Fen%2Fentreprise%2Fcooperative-funeraire-des-laurentides%2F\"><i class=\"tg-icon-google-plus\"><\/i><\/a><a class=\"tg-social-share tg-pinterest\" href=\"https:\/\/pinterest.com\/pin\/create\/button\/?url=https%3A%2F%2Ffonds-risq.qc.ca%2Fen%2Fentreprise%2Fcooperative-funeraire-des-laurentides%2F&#038;description=Coop%C3%A9rative%20fun%C3%A9raire%20des%20Laurentides&#038;media=https%3A%2F%2Ffonds-risq.qc.ca%2Fwp-content%2Fuploads%2F2018%2F07%2FPhoto-coop-funeraire-Laurentides.png\"><i class=\"tg-icon-pinterest\"><\/i><\/a><\/div><\/div><\/div><div class=\"tg-item-content-holder tg-light image-format\" style=\"background-color:#0097c8\"><span class=\"tg-item-date\">9 July 2018<\/span><h2 class=\"tg-item-title\"><a href=\"https:\/\/fonds-risq.qc.ca\/en\/entreprise\/cooperative-funeraire-des-laurentides\/\" target=\"_self\">Coop\u00e9rative fun\u00e9raire des Laurentides<\/a><\/h2><span class=\"tg-cats-holder\"><a class=\"filtres_des_entreprises\" href=\"https:\/\/fonds-risq.qc.ca\/en\/filtres_des_entreprises\/2017-en\/\" rel=\"category\" data-term-id=\"222\"><span class=\"tg-item-term\" >2017<\/span><\/a><span>, <\/span><a class=\"filtres_des_entreprises\" href=\"https:\/\/fonds-risq.qc.ca\/en\/filtres_des_entreprises\/capitalization-loan\/\" rel=\"category\" data-term-id=\"148\"><span class=\"tg-item-term\" >Capitalization loan<\/span><\/a><span>, <\/span><a class=\"filtres_des_entreprises\" href=\"https:\/\/fonds-risq.qc.ca\/en\/filtres_des_entreprises\/coop-en\/\" rel=\"category\" data-term-id=\"151\"><span class=\"tg-item-term\" >COOP<\/span><\/a><span>, <\/span><a class=\"filtres_des_entreprises\" href=\"https:\/\/fonds-risq.qc.ca\/en\/filtres_des_entreprises\/laurentides-en\/\" rel=\"category\" data-term-id=\"133\"><span class=\"tg-item-term\" >Laurentides<\/span><\/a><span>, <\/span><a class=\"filtres_des_entreprises\" href=\"https:\/\/fonds-risq.qc.ca\/en\/filtres_des_entreprises\/services-funeraires-en\/\" rel=\"category\" data-term-id=\"207\"><span class=\"tg-item-term\" >Services fun\u00e9raires<\/span><\/a><\/span><p class=\"tg-item-excerpt\">Faisant partie du mouvement des coop\u00e9ratives fun\u00e9raires au Qu\u00e9bec qui regroupe 22 coop\u00e9ratives, la Coop\u00e9rative fun\u00e9raire des Laurentides est la propri\u00e9t\u00e9 de ses membres. Depuis 2011, elle offre des services fun\u00e9raires complets de haute...<\/p><div class=\"tg-item-footer\"><a class=\"tg-item-comment\" href=\"https:\/\/fonds-risq.qc.ca\/en\/entreprise\/cooperative-funeraire-des-laurentides\/\"  target=\"_self\">No comment<\/a><span class=\"no-ajaxy to-post-like no-liked empty-heart\" data-post-id=\"8960\" title=\"Like\"><span class=\"to-heart-icon\"><svg xmlns=\"http:\/\/www.w3.org\/2000\/svg\" version=\"1.1\" viewBox=\"0 0 64 64\"><g transform=\"translate(0, 0)\"><path stroke-width=\"6\" stroke-linecap=\"square\" stroke-miterlimit=\"10\" d=\"M1,21c0,20,31,38,31,38s31-18,31-38 c0-8.285-6-16-15-16c-8.285,0-16,5.715-16,14c0-8.285-7.715-14-16-14C7,5,1,12.715,1,21z\"><\/path><\/g><\/svg><\/span><span class=\"to-like-count\">0<\/span><\/span><\/div><\/div><\/div><\/article><!-- The Grid item #326 --><article class=\"tg-item tg-post-8963 kampala f225 f222 f148 f151 f128 f208 f147\" data-row=\"1\" data-col=\"1\"><div class=\"tg-item-inner\"><div class=\"tg-item-media-holder tg-light\"><div class=\"tg-item-media-inner\"><img decoding=\"async\" class=\"tg-item-image\" alt=\"\" width=\"1085\" height=\"671\" src=\"https:\/\/fonds-risq.qc.ca\/wp-content\/uploads\/2018\/06\/caligram-site.jpg\"><\/div><div class=\"tg-center-holder\"><div class=\"tg-center-inner\"><div class=\"tg-item-overlay\"><\/div><a class=\"tg-link-button\" href=\"https:\/\/fonds-risq.qc.ca\/en\/entreprise\/cooperative-de-solidarite-territoires\/\" target=\"_self\"><i class=\"tg-icon-link\"><\/i><\/a><\/div><\/div><div class=\"tg-item-decoration\"><div class=\"triangle-down-right\" style=\"border-color:#ee4224\"><\/div><\/div><div class=\"tg-item-share-holder\"><div class=\"triangle-up-left\" style=\"border-color:rgba(22,22,22,0.65)\"><\/div><i class=\"tg-icon-reply\" style=\"color:#ffffff\"><\/i><div class=\"tg-share-icons\"><a class=\"tg-social-share tg-facebook\" href=\"https:\/\/www.facebook.com\/sharer.php?u=https%3A%2F%2Ffonds-risq.qc.ca%2Fen%2Fentreprise%2Fcooperative-de-solidarite-territoires%2F&#038;t=Coop%C3%A9rative%20de%20solidarit%C3%A9%20Territoires\"><i class=\"tg-icon-facebook\"><\/i><\/a><a class=\"tg-social-share tg-twitter\" href=\"https:\/\/twitter.com\/share?url=https%3A%2F%2Ffonds-risq.qc.ca%2Fen%2Fentreprise%2Fcooperative-de-solidarite-territoires%2F&#038;text=Coop%C3%A9rative%20de%20solidarit%C3%A9%20Territoires\"><i class=\"tg-icon-twitter\"><\/i><\/a><a class=\"tg-social-share tg-google-plus\" href=\"https:\/\/plus.google.com\/share?url=https%3A%2F%2Ffonds-risq.qc.ca%2Fen%2Fentreprise%2Fcooperative-de-solidarite-territoires%2F\"><i class=\"tg-icon-google-plus\"><\/i><\/a><a class=\"tg-social-share tg-pinterest\" href=\"https:\/\/pinterest.com\/pin\/create\/button\/?url=https%3A%2F%2Ffonds-risq.qc.ca%2Fen%2Fentreprise%2Fcooperative-de-solidarite-territoires%2F&#038;description=Coop%C3%A9rative%20de%20solidarit%C3%A9%20Territoires&#038;media=https%3A%2F%2Ffonds-risq.qc.ca%2Fwp-content%2Fuploads%2F2018%2F06%2Fcaligram-site.jpg\"><i class=\"tg-icon-pinterest\"><\/i><\/a><\/div><\/div><\/div><div class=\"tg-item-content-holder tg-light image-format\" style=\"background-color:#ee4224\"><span class=\"tg-item-date\">29 June 2018<\/span><h2 class=\"tg-item-title\"><a href=\"https:\/\/fonds-risq.qc.ca\/en\/entreprise\/cooperative-de-solidarite-territoires\/\" target=\"_self\">Coop\u00e9rative de solidarit\u00e9 Territoires<\/a><\/h2><span class=\"tg-cats-holder\"><a class=\"filtres_des_entreprises\" href=\"https:\/\/fonds-risq.qc.ca\/en\/filtres_des_entreprises\/2014-en\/\" rel=\"category\" data-term-id=\"225\"><span class=\"tg-item-term\" >2014<\/span><\/a><span>, <\/span><a class=\"filtres_des_entreprises\" href=\"https:\/\/fonds-risq.qc.ca\/en\/filtres_des_entreprises\/2017-en\/\" rel=\"category\" data-term-id=\"222\"><span class=\"tg-item-term\" >2017<\/span><\/a><span>, <\/span><a class=\"filtres_des_entreprises\" href=\"https:\/\/fonds-risq.qc.ca\/en\/filtres_des_entreprises\/capitalization-loan\/\" rel=\"category\" data-term-id=\"148\"><span class=\"tg-item-term\" >Capitalization loan<\/span><\/a><span>, <\/span><a class=\"filtres_des_entreprises\" href=\"https:\/\/fonds-risq.qc.ca\/en\/filtres_des_entreprises\/coop-en\/\" rel=\"category\" data-term-id=\"151\"><span class=\"tg-item-term\" >COOP<\/span><\/a><span>, <\/span><a class=\"filtres_des_entreprises\" href=\"https:\/\/fonds-risq.qc.ca\/en\/filtres_des_entreprises\/montreal-en\/\" rel=\"category\" data-term-id=\"128\"><span class=\"tg-item-term\" >Montr\u00e9al<\/span><\/a><span>, <\/span><a class=\"filtres_des_entreprises\" href=\"https:\/\/fonds-risq.qc.ca\/en\/filtres_des_entreprises\/numeriques-en\/\" rel=\"category\" data-term-id=\"208\"><span class=\"tg-item-term\" >Num\u00e9riques<\/span><\/a><span>, <\/span><a class=\"filtres_des_entreprises\" href=\"https:\/\/fonds-risq.qc.ca\/en\/filtres_des_entreprises\/pre-startup-loan\/\" rel=\"category\" data-term-id=\"147\"><span class=\"tg-item-term\" >Pre-startup loan<\/span><\/a><\/span><p class=\"tg-item-excerpt\">La coop\u00e9rative d\u00e9veloppe des outils num\u00e9riques favorisant le d\u00e9veloppement social et culturel des territoires. Leur projet de plateforme coop\u00e9rative Caligram r\u00e9concilie calendrier et plaisir ! Elle permet aux organisations de diffuser...<\/p><div class=\"tg-item-footer\"><a class=\"tg-item-comment\" href=\"https:\/\/fonds-risq.qc.ca\/en\/entreprise\/cooperative-de-solidarite-territoires\/\"  target=\"_self\">No comment<\/a><span class=\"no-ajaxy to-post-like no-liked empty-heart\" data-post-id=\"8963\" title=\"Like\"><span class=\"to-heart-icon\"><svg xmlns=\"http:\/\/www.w3.org\/2000\/svg\" version=\"1.1\" viewBox=\"0 0 64 64\"><g transform=\"translate(0, 0)\"><path stroke-width=\"6\" stroke-linecap=\"square\" stroke-miterlimit=\"10\" d=\"M1,21c0,20,31,38,31,38s31-18,31-38 c0-8.285-6-16-15-16c-8.285,0-16,5.715-16,14c0-8.285-7.715-14-16-14C7,5,1,12.715,1,21z\"><\/path><\/g><\/svg><\/span><span class=\"to-like-count\">0<\/span><\/span><\/div><\/div><\/div><\/article><!-- The Grid item #327 --><article class=\"tg-item tg-post-8966 kampala f223 f131 f151 f137 f146\" data-row=\"1\" data-col=\"1\"><div class=\"tg-item-inner\"><div class=\"tg-item-media-holder tg-light\"><div class=\"tg-item-media-inner\"><img decoding=\"async\" class=\"tg-item-image\" alt=\"\" width=\"800\" height=\"533\" src=\"https:\/\/fonds-risq.qc.ca\/wp-content\/uploads\/2018\/06\/st-luc.jpg\"><\/div><div class=\"tg-center-holder\"><div class=\"tg-center-inner\"><div class=\"tg-item-overlay\"><\/div><a class=\"tg-link-button\" href=\"https:\/\/fonds-risq.qc.ca\/en\/entreprise\/cooperative-de-saint-luc\/\" target=\"_self\"><i class=\"tg-icon-link\"><\/i><\/a><\/div><\/div><div class=\"tg-item-decoration\"><div class=\"triangle-down-right\" style=\"border-color:#b7c634\"><\/div><\/div><div class=\"tg-item-share-holder\"><div class=\"triangle-up-left\" style=\"border-color:rgba(22,22,22,0.65)\"><\/div><i class=\"tg-icon-reply\" style=\"color:#ffffff\"><\/i><div class=\"tg-share-icons\"><a class=\"tg-social-share tg-facebook\" href=\"https:\/\/www.facebook.com\/sharer.php?u=https%3A%2F%2Ffonds-risq.qc.ca%2Fen%2Fentreprise%2Fcooperative-de-saint-luc%2F&#038;t=coop%C3%A9rative%20de%20Saint-Luc\"><i class=\"tg-icon-facebook\"><\/i><\/a><a class=\"tg-social-share tg-twitter\" href=\"https:\/\/twitter.com\/share?url=https%3A%2F%2Ffonds-risq.qc.ca%2Fen%2Fentreprise%2Fcooperative-de-saint-luc%2F&#038;text=coop%C3%A9rative%20de%20Saint-Luc\"><i class=\"tg-icon-twitter\"><\/i><\/a><a class=\"tg-social-share tg-google-plus\" href=\"https:\/\/plus.google.com\/share?url=https%3A%2F%2Ffonds-risq.qc.ca%2Fen%2Fentreprise%2Fcooperative-de-saint-luc%2F\"><i class=\"tg-icon-google-plus\"><\/i><\/a><a class=\"tg-social-share tg-pinterest\" href=\"https:\/\/pinterest.com\/pin\/create\/button\/?url=https%3A%2F%2Ffonds-risq.qc.ca%2Fen%2Fentreprise%2Fcooperative-de-saint-luc%2F&#038;description=coop%C3%A9rative%20de%20Saint-Luc&#038;media=https%3A%2F%2Ffonds-risq.qc.ca%2Fwp-content%2Fuploads%2F2018%2F06%2Fst-luc.jpg\"><i class=\"tg-icon-pinterest\"><\/i><\/a><\/div><\/div><\/div><div class=\"tg-item-content-holder tg-light image-format\" style=\"background-color:#b7c634\"><span class=\"tg-item-date\">29 June 2018<\/span><h2 class=\"tg-item-title\"><a href=\"https:\/\/fonds-risq.qc.ca\/en\/entreprise\/cooperative-de-saint-luc\/\" target=\"_self\">coop\u00e9rative de Saint-Luc<\/a><\/h2><span class=\"tg-cats-holder\"><a class=\"filtres_des_entreprises\" href=\"https:\/\/fonds-risq.qc.ca\/en\/filtres_des_entreprises\/2018-en\/\" rel=\"category\" data-term-id=\"223\"><span class=\"tg-item-term\" >2018<\/span><\/a><span>, <\/span><a class=\"filtres_des_entreprises\" href=\"https:\/\/fonds-risq.qc.ca\/en\/filtres_des_entreprises\/bas-saint-laurent-en\/\" rel=\"category\" data-term-id=\"131\"><span class=\"tg-item-term\" >Bas-Saint-Laurent<\/span><\/a><span>, <\/span><a class=\"filtres_des_entreprises\" href=\"https:\/\/fonds-risq.qc.ca\/en\/filtres_des_entreprises\/coop-en\/\" rel=\"category\" data-term-id=\"151\"><span class=\"tg-item-term\" >COOP<\/span><\/a><span>, <\/span><a class=\"filtres_des_entreprises\" href=\"https:\/\/fonds-risq.qc.ca\/en\/filtres_des_entreprises\/retail-business\/\" rel=\"category\" data-term-id=\"137\"><span class=\"tg-item-term\" >Retail business<\/span><\/a><span>, <\/span><a class=\"filtres_des_entreprises\" href=\"https:\/\/fonds-risq.qc.ca\/en\/filtres_des_entreprises\/pret-pour-aide-technique-en\/\" rel=\"category\" data-term-id=\"146\"><span class=\"tg-item-term\" >Technical assistance loan<\/span><\/a><\/span><p class=\"tg-item-excerpt\">Projet de service de proximit\u00e9 r\u00e9pondant aux besoins de la population du secteur de Saint-Luc de Matane. Les services offerts seront des produits alimentaires d'\u00e9picerie de quartier, de la bi\u00e8re, des produits locaux, produits de...<\/p><div class=\"tg-item-footer\"><a class=\"tg-item-comment\" href=\"https:\/\/fonds-risq.qc.ca\/en\/entreprise\/cooperative-de-saint-luc\/\"  target=\"_self\">No comment<\/a><span class=\"no-ajaxy to-post-like no-liked empty-heart\" data-post-id=\"8966\" title=\"Like\"><span class=\"to-heart-icon\"><svg xmlns=\"http:\/\/www.w3.org\/2000\/svg\" version=\"1.1\" viewBox=\"0 0 64 64\"><g transform=\"translate(0, 0)\"><path stroke-width=\"6\" stroke-linecap=\"square\" stroke-miterlimit=\"10\" d=\"M1,21c0,20,31,38,31,38s31-18,31-38 c0-8.285-6-16-15-16c-8.285,0-16,5.715-16,14c0-8.285-7.715-14-16-14C7,5,1,12.715,1,21z\"><\/path><\/g><\/svg><\/span><span class=\"to-like-count\">0<\/span><\/span><\/div><\/div><\/div><\/article><!-- The Grid item #328 --><article class=\"tg-item tg-post-8969 kampala f223 f148 f209 f128 f150\" data-row=\"1\" data-col=\"1\"><div class=\"tg-item-inner\"><div class=\"tg-item-media-holder tg-light\"><div class=\"tg-item-media-inner\"><img decoding=\"async\" class=\"tg-item-image\" alt=\"\" width=\"640\" height=\"960\" src=\"https:\/\/fonds-risq.qc.ca\/wp-content\/uploads\/2018\/06\/formetal-3.jpg\"><\/div><div class=\"tg-center-holder\"><div class=\"tg-center-inner\"><div class=\"tg-item-overlay\"><\/div><a class=\"tg-link-button\" href=\"https:\/\/fonds-risq.qc.ca\/en\/entreprise\/formetal\/\" target=\"_self\"><i class=\"tg-icon-link\"><\/i><\/a><\/div><\/div><div class=\"tg-item-decoration\"><div class=\"triangle-down-right\" style=\"border-color:#0097c8\"><\/div><\/div><div class=\"tg-item-share-holder\"><div class=\"triangle-up-left\" style=\"border-color:rgba(22,22,22,0.65)\"><\/div><i class=\"tg-icon-reply\" style=\"color:#ffffff\"><\/i><div class=\"tg-share-icons\"><a class=\"tg-social-share tg-facebook\" href=\"https:\/\/www.facebook.com\/sharer.php?u=https%3A%2F%2Ffonds-risq.qc.ca%2Fen%2Fentreprise%2Fformetal%2F&#038;t=Form%C3%A9tal\"><i class=\"tg-icon-facebook\"><\/i><\/a><a class=\"tg-social-share tg-twitter\" href=\"https:\/\/twitter.com\/share?url=https%3A%2F%2Ffonds-risq.qc.ca%2Fen%2Fentreprise%2Fformetal%2F&#038;text=Form%C3%A9tal\"><i class=\"tg-icon-twitter\"><\/i><\/a><a class=\"tg-social-share tg-google-plus\" href=\"https:\/\/plus.google.com\/share?url=https%3A%2F%2Ffonds-risq.qc.ca%2Fen%2Fentreprise%2Fformetal%2F\"><i class=\"tg-icon-google-plus\"><\/i><\/a><a class=\"tg-social-share tg-pinterest\" href=\"https:\/\/pinterest.com\/pin\/create\/button\/?url=https%3A%2F%2Ffonds-risq.qc.ca%2Fen%2Fentreprise%2Fformetal%2F&#038;description=Form%C3%A9tal&#038;media=https%3A%2F%2Ffonds-risq.qc.ca%2Fwp-content%2Fuploads%2F2018%2F06%2Fformetal-3.jpg\"><i class=\"tg-icon-pinterest\"><\/i><\/a><\/div><\/div><\/div><div class=\"tg-item-content-holder tg-light image-format\" style=\"background-color:#0097c8\"><span class=\"tg-item-date\">29 June 2018<\/span><h2 class=\"tg-item-title\"><a href=\"https:\/\/fonds-risq.qc.ca\/en\/entreprise\/formetal\/\" target=\"_self\">Form\u00e9tal<\/a><\/h2><span class=\"tg-cats-holder\"><a class=\"filtres_des_entreprises\" href=\"https:\/\/fonds-risq.qc.ca\/en\/filtres_des_entreprises\/2018-en\/\" rel=\"category\" data-term-id=\"223\"><span class=\"tg-item-term\" >2018<\/span><\/a><span>, <\/span><a class=\"filtres_des_entreprises\" href=\"https:\/\/fonds-risq.qc.ca\/en\/filtres_des_entreprises\/capitalization-loan\/\" rel=\"category\" data-term-id=\"148\"><span class=\"tg-item-term\" >Capitalization loan<\/span><\/a><span>, <\/span><a class=\"filtres_des_entreprises\" href=\"https:\/\/fonds-risq.qc.ca\/en\/filtres_des_entreprises\/fabrication-de-produits-metalliques-en\/\" rel=\"category\" data-term-id=\"209\"><span class=\"tg-item-term\" >Fabrication de produits m\u00e9talliques<\/span><\/a><span>, <\/span><a class=\"filtres_des_entreprises\" href=\"https:\/\/fonds-risq.qc.ca\/en\/filtres_des_entreprises\/montreal-en\/\" rel=\"category\" data-term-id=\"128\"><span class=\"tg-item-term\" >Montr\u00e9al<\/span><\/a><span>, <\/span><a class=\"filtres_des_entreprises\" href=\"https:\/\/fonds-risq.qc.ca\/en\/filtres_des_entreprises\/npo\/\" rel=\"category\" data-term-id=\"150\"><span class=\"tg-item-term\" >NPO<\/span><\/a><\/span><p class=\"tg-item-excerpt\">Form\u00e9tal est une entreprise d\u2019\u00e9conomie sociale avec pour mission de faire vivre une insertion sociale et professionnelle \u00e0 de jeunes adultes.\r\n\r\nSp\u00e9cialis\u00e9 en trois types de services, soit la t\u00f4lerie de pr\u00e9cision, le soudage et la...<\/p><div class=\"tg-item-footer\"><a class=\"tg-item-comment\" href=\"https:\/\/fonds-risq.qc.ca\/en\/entreprise\/formetal\/\"  target=\"_self\">No comment<\/a><span class=\"no-ajaxy to-post-like no-liked empty-heart\" data-post-id=\"8969\" title=\"Like\"><span class=\"to-heart-icon\"><svg xmlns=\"http:\/\/www.w3.org\/2000\/svg\" version=\"1.1\" viewBox=\"0 0 64 64\"><g transform=\"translate(0, 0)\"><path stroke-width=\"6\" stroke-linecap=\"square\" stroke-miterlimit=\"10\" d=\"M1,21c0,20,31,38,31,38s31-18,31-38 c0-8.285-6-16-15-16c-8.285,0-16,5.715-16,14c0-8.285-7.715-14-16-14C7,5,1,12.715,1,21z\"><\/path><\/g><\/svg><\/span><span class=\"to-like-count\">0<\/span><\/span><\/div><\/div><\/div><\/article><!-- The Grid item #329 --><article class=\"tg-item tg-post-8972 kampala f222 f130 f150 f135 f146\" data-row=\"1\" data-col=\"1\"><div class=\"tg-item-inner\"><div class=\"tg-item-media-holder tg-light\"><div class=\"tg-item-media-inner\"><img decoding=\"async\" class=\"tg-item-image\" alt=\"\" width=\"293\" height=\"190\" src=\"https:\/\/fonds-risq.qc.ca\/wp-content\/uploads\/2018\/06\/andree-3-for-gallery-293x190.jpg\"><\/div><div class=\"tg-center-holder\"><div class=\"tg-center-inner\"><div class=\"tg-item-overlay\"><\/div><a class=\"tg-link-button\" href=\"https:\/\/fonds-risq.qc.ca\/en\/entreprise\/ecole-de-cirque-de-quebec\/\" target=\"_self\"><i class=\"tg-icon-link\"><\/i><\/a><\/div><\/div><div class=\"tg-item-decoration\"><div class=\"triangle-down-right\" style=\"border-color:#b7c634\"><\/div><\/div><div class=\"tg-item-share-holder\"><div class=\"triangle-up-left\" style=\"border-color:rgba(22,22,22,0.65)\"><\/div><i class=\"tg-icon-reply\" style=\"color:#ffffff\"><\/i><div class=\"tg-share-icons\"><a class=\"tg-social-share tg-facebook\" href=\"https:\/\/www.facebook.com\/sharer.php?u=https%3A%2F%2Ffonds-risq.qc.ca%2Fen%2Fentreprise%2Fecole-de-cirque-de-quebec%2F&#038;t=%C3%89cole%20de%20cirque%20de%20Qu%C3%A9bec\"><i class=\"tg-icon-facebook\"><\/i><\/a><a class=\"tg-social-share tg-twitter\" href=\"https:\/\/twitter.com\/share?url=https%3A%2F%2Ffonds-risq.qc.ca%2Fen%2Fentreprise%2Fecole-de-cirque-de-quebec%2F&#038;text=%C3%89cole%20de%20cirque%20de%20Qu%C3%A9bec\"><i class=\"tg-icon-twitter\"><\/i><\/a><a class=\"tg-social-share tg-google-plus\" href=\"https:\/\/plus.google.com\/share?url=https%3A%2F%2Ffonds-risq.qc.ca%2Fen%2Fentreprise%2Fecole-de-cirque-de-quebec%2F\"><i class=\"tg-icon-google-plus\"><\/i><\/a><a class=\"tg-social-share tg-pinterest\" href=\"https:\/\/pinterest.com\/pin\/create\/button\/?url=https%3A%2F%2Ffonds-risq.qc.ca%2Fen%2Fentreprise%2Fecole-de-cirque-de-quebec%2F&#038;description=%C3%89cole%20de%20cirque%20de%20Qu%C3%A9bec&#038;media=https%3A%2F%2Ffonds-risq.qc.ca%2Fwp-content%2Fuploads%2F2018%2F06%2Fandree-3-for-gallery-293x190.jpg\"><i class=\"tg-icon-pinterest\"><\/i><\/a><\/div><\/div><\/div><div class=\"tg-item-content-holder tg-light image-format\" style=\"background-color:#b7c634\"><span class=\"tg-item-date\">28 June 2018<\/span><h2 class=\"tg-item-title\"><a href=\"https:\/\/fonds-risq.qc.ca\/en\/entreprise\/ecole-de-cirque-de-quebec\/\" target=\"_self\">\u00c9cole de cirque de Qu\u00e9bec<\/a><\/h2><span class=\"tg-cats-holder\"><a class=\"filtres_des_entreprises\" href=\"https:\/\/fonds-risq.qc.ca\/en\/filtres_des_entreprises\/2017-en\/\" rel=\"category\" data-term-id=\"222\"><span class=\"tg-item-term\" >2017<\/span><\/a><span>, <\/span><a class=\"filtres_des_entreprises\" href=\"https:\/\/fonds-risq.qc.ca\/en\/filtres_des_entreprises\/capitale-nationale-en\/\" rel=\"category\" data-term-id=\"130\"><span class=\"tg-item-term\" >Capitale-Nationale<\/span><\/a><span>, <\/span><a class=\"filtres_des_entreprises\" href=\"https:\/\/fonds-risq.qc.ca\/en\/filtres_des_entreprises\/npo\/\" rel=\"category\" data-term-id=\"150\"><span class=\"tg-item-term\" >NPO<\/span><\/a><span>, <\/span><a class=\"filtres_des_entreprises\" href=\"https:\/\/fonds-risq.qc.ca\/en\/filtres_des_entreprises\/services-en\/\" rel=\"category\" data-term-id=\"135\"><span class=\"tg-item-term\" >Services<\/span><\/a><span>, <\/span><a class=\"filtres_des_entreprises\" href=\"https:\/\/fonds-risq.qc.ca\/en\/filtres_des_entreprises\/pret-pour-aide-technique-en\/\" rel=\"category\" data-term-id=\"146\"><span class=\"tg-item-term\" >Technical assistance loan<\/span><\/a><\/span><p class=\"tg-item-excerpt\">L'\u00c9cole de cirque de Qu\u00e9bec a \u00e0 la fois une vocation artistique, \u00e9ducative et communautaire. Elle offre des activit\u00e9s de formation de nature r\u00e9cr\u00e9ative et professionnelle. De plus, elle encourage la recherche, la cr\u00e9ation et elle...<\/p><div class=\"tg-item-footer\"><a class=\"tg-item-comment\" href=\"https:\/\/fonds-risq.qc.ca\/en\/entreprise\/ecole-de-cirque-de-quebec\/\"  target=\"_self\">No comment<\/a><span class=\"no-ajaxy to-post-like no-liked empty-heart\" data-post-id=\"8972\" title=\"Like\"><span class=\"to-heart-icon\"><svg xmlns=\"http:\/\/www.w3.org\/2000\/svg\" version=\"1.1\" viewBox=\"0 0 64 64\"><g transform=\"translate(0, 0)\"><path stroke-width=\"6\" stroke-linecap=\"square\" stroke-miterlimit=\"10\" d=\"M1,21c0,20,31,38,31,38s31-18,31-38 c0-8.285-6-16-15-16c-8.285,0-16,5.715-16,14c0-8.285-7.715-14-16-14C7,5,1,12.715,1,21z\"><\/path><\/g><\/svg><\/span><span class=\"to-like-count\">0<\/span><\/span><\/div><\/div><\/div><\/article><!-- The Grid item #330 --><article class=\"tg-item tg-post-8975 kampala f222 f134 f130 f148 f151 f135\" data-row=\"1\" data-col=\"1\"><div class=\"tg-item-inner\"><div class=\"tg-item-media-holder tg-light\"><div class=\"tg-item-media-inner\"><img decoding=\"async\" class=\"tg-item-image\" alt=\"\" width=\"950\" height=\"960\" src=\"https:\/\/fonds-risq.qc.ca\/wp-content\/uploads\/2018\/06\/Nef-1.jpg\"><\/div><div class=\"tg-center-holder\"><div class=\"tg-center-inner\"><div class=\"tg-item-overlay\"><\/div><a class=\"tg-link-button\" href=\"https:\/\/fonds-risq.qc.ca\/en\/entreprise\/nef-de-st-roch\/\" target=\"_self\"><i class=\"tg-icon-link\"><\/i><\/a><\/div><\/div><div class=\"tg-item-decoration\"><div class=\"triangle-down-right\" style=\"border-color:#0097c8\"><\/div><\/div><div class=\"tg-item-share-holder\"><div class=\"triangle-up-left\" style=\"border-color:rgba(22,22,22,0.65)\"><\/div><i class=\"tg-icon-reply\" style=\"color:#ffffff\"><\/i><div class=\"tg-share-icons\"><a class=\"tg-social-share tg-facebook\" href=\"https:\/\/www.facebook.com\/sharer.php?u=https%3A%2F%2Ffonds-risq.qc.ca%2Fen%2Fentreprise%2Fnef-de-st-roch%2F&#038;t=La%20Nef%20de%20St-Roch\"><i class=\"tg-icon-facebook\"><\/i><\/a><a class=\"tg-social-share tg-twitter\" href=\"https:\/\/twitter.com\/share?url=https%3A%2F%2Ffonds-risq.qc.ca%2Fen%2Fentreprise%2Fnef-de-st-roch%2F&#038;text=La%20Nef%20de%20St-Roch\"><i class=\"tg-icon-twitter\"><\/i><\/a><a class=\"tg-social-share tg-google-plus\" href=\"https:\/\/plus.google.com\/share?url=https%3A%2F%2Ffonds-risq.qc.ca%2Fen%2Fentreprise%2Fnef-de-st-roch%2F\"><i class=\"tg-icon-google-plus\"><\/i><\/a><a class=\"tg-social-share tg-pinterest\" href=\"https:\/\/pinterest.com\/pin\/create\/button\/?url=https%3A%2F%2Ffonds-risq.qc.ca%2Fen%2Fentreprise%2Fnef-de-st-roch%2F&#038;description=La%20Nef%20de%20St-Roch&#038;media=https%3A%2F%2Ffonds-risq.qc.ca%2Fwp-content%2Fuploads%2F2018%2F06%2FNef-1.jpg\"><i class=\"tg-icon-pinterest\"><\/i><\/a><\/div><\/div><\/div><div class=\"tg-item-content-holder tg-light image-format\" style=\"background-color:#0097c8\"><span class=\"tg-item-date\">22 June 2018<\/span><h2 class=\"tg-item-title\"><a href=\"https:\/\/fonds-risq.qc.ca\/en\/entreprise\/nef-de-st-roch\/\" target=\"_self\">La Nef de St-Roch<\/a><\/h2><span class=\"tg-cats-holder\"><a class=\"filtres_des_entreprises\" href=\"https:\/\/fonds-risq.qc.ca\/en\/filtres_des_entreprises\/2017-en\/\" rel=\"category\" data-term-id=\"222\"><span class=\"tg-item-term\" >2017<\/span><\/a><span>, <\/span><a class=\"filtres_des_entreprises\" href=\"https:\/\/fonds-risq.qc.ca\/en\/filtres_des_entreprises\/arts-and-culture\/\" rel=\"category\" data-term-id=\"134\"><span class=\"tg-item-term\" >Arts and culture<\/span><\/a><span>, <\/span><a class=\"filtres_des_entreprises\" href=\"https:\/\/fonds-risq.qc.ca\/en\/filtres_des_entreprises\/capitale-nationale-en\/\" rel=\"category\" data-term-id=\"130\"><span class=\"tg-item-term\" >Capitale-Nationale<\/span><\/a><span>, <\/span><a class=\"filtres_des_entreprises\" href=\"https:\/\/fonds-risq.qc.ca\/en\/filtres_des_entreprises\/capitalization-loan\/\" rel=\"category\" data-term-id=\"148\"><span class=\"tg-item-term\" >Capitalization loan<\/span><\/a><span>, <\/span><a class=\"filtres_des_entreprises\" href=\"https:\/\/fonds-risq.qc.ca\/en\/filtres_des_entreprises\/coop-en\/\" rel=\"category\" data-term-id=\"151\"><span class=\"tg-item-term\" >COOP<\/span><\/a><span>, <\/span><a class=\"filtres_des_entreprises\" href=\"https:\/\/fonds-risq.qc.ca\/en\/filtres_des_entreprises\/services-en\/\" rel=\"category\" data-term-id=\"135\"><span class=\"tg-item-term\" >Services<\/span><\/a><\/span><p class=\"tg-item-excerpt\">La Nef Coop offre des locaux \u00e0 louer \u00e0 des prix abordables pour des organismes afin de pr\u00e9server l\u2019offre de services de proximit\u00e9 pour la population du quartier Saint-Roch. La Nef Coop g\u00e8re aussi une magnifique salle multifonctionnelle...<\/p><div class=\"tg-item-footer\"><a class=\"tg-item-comment\" href=\"https:\/\/fonds-risq.qc.ca\/en\/entreprise\/nef-de-st-roch\/\"  target=\"_self\">No comment<\/a><span class=\"no-ajaxy to-post-like no-liked empty-heart\" data-post-id=\"8975\" title=\"Like\"><span class=\"to-heart-icon\"><svg xmlns=\"http:\/\/www.w3.org\/2000\/svg\" version=\"1.1\" viewBox=\"0 0 64 64\"><g transform=\"translate(0, 0)\"><path stroke-width=\"6\" stroke-linecap=\"square\" stroke-miterlimit=\"10\" d=\"M1,21c0,20,31,38,31,38s31-18,31-38 c0-8.285-6-16-15-16c-8.285,0-16,5.715-16,14c0-8.285-7.715-14-16-14C7,5,1,12.715,1,21z\"><\/path><\/g><\/svg><\/span><span class=\"to-like-count\">0<\/span><\/span><\/div><\/div><\/div><\/article><!-- The Grid item #331 --><article class=\"tg-item tg-post-8978 kampala f222 f134 f148 f167 f150\" data-row=\"1\" data-col=\"1\"><div class=\"tg-item-inner\"><div class=\"tg-item-media-holder tg-light\"><div class=\"tg-item-media-inner\"><img decoding=\"async\" class=\"tg-item-image\" alt=\"\" width=\"2048\" height=\"1365\" src=\"https:\/\/fonds-risq.qc.ca\/wp-content\/uploads\/2018\/06\/35271084_2157710157589778_7285127766607921152_o.jpg\"><\/div><div class=\"tg-center-holder\"><div class=\"tg-center-inner\"><div class=\"tg-item-overlay\"><\/div><a class=\"tg-link-button\" href=\"https:\/\/fonds-risq.qc.ca\/en\/entreprise\/musee-dart-de-joliette\/\" target=\"_self\"><i class=\"tg-icon-link\"><\/i><\/a><\/div><\/div><div class=\"tg-item-decoration\"><div class=\"triangle-down-right\" style=\"border-color:#0097c8\"><\/div><\/div><div class=\"tg-item-share-holder\"><div class=\"triangle-up-left\" style=\"border-color:rgba(22,22,22,0.65)\"><\/div><i class=\"tg-icon-reply\" style=\"color:#ffffff\"><\/i><div class=\"tg-share-icons\"><a class=\"tg-social-share tg-facebook\" href=\"https:\/\/www.facebook.com\/sharer.php?u=https%3A%2F%2Ffonds-risq.qc.ca%2Fen%2Fentreprise%2Fmusee-dart-de-joliette%2F&#038;t=Mus%C3%A9e%20d%E2%80%99art%20de%20Joliette\"><i class=\"tg-icon-facebook\"><\/i><\/a><a class=\"tg-social-share tg-twitter\" href=\"https:\/\/twitter.com\/share?url=https%3A%2F%2Ffonds-risq.qc.ca%2Fen%2Fentreprise%2Fmusee-dart-de-joliette%2F&#038;text=Mus%C3%A9e%20d%E2%80%99art%20de%20Joliette\"><i class=\"tg-icon-twitter\"><\/i><\/a><a class=\"tg-social-share tg-google-plus\" href=\"https:\/\/plus.google.com\/share?url=https%3A%2F%2Ffonds-risq.qc.ca%2Fen%2Fentreprise%2Fmusee-dart-de-joliette%2F\"><i class=\"tg-icon-google-plus\"><\/i><\/a><a class=\"tg-social-share tg-pinterest\" href=\"https:\/\/pinterest.com\/pin\/create\/button\/?url=https%3A%2F%2Ffonds-risq.qc.ca%2Fen%2Fentreprise%2Fmusee-dart-de-joliette%2F&#038;description=Mus%C3%A9e%20d%E2%80%99art%20de%20Joliette&#038;media=https%3A%2F%2Ffonds-risq.qc.ca%2Fwp-content%2Fuploads%2F2018%2F06%2F35271084_2157710157589778_7285127766607921152_o.jpg\"><i class=\"tg-icon-pinterest\"><\/i><\/a><\/div><\/div><\/div><div class=\"tg-item-content-holder tg-light image-format\" style=\"background-color:#0097c8\"><span class=\"tg-item-date\">22 June 2018<\/span><h2 class=\"tg-item-title\"><a href=\"https:\/\/fonds-risq.qc.ca\/en\/entreprise\/musee-dart-de-joliette\/\" target=\"_self\">Mus\u00e9e d&#8217;art de Joliette<\/a><\/h2><span class=\"tg-cats-holder\"><a class=\"filtres_des_entreprises\" href=\"https:\/\/fonds-risq.qc.ca\/en\/filtres_des_entreprises\/2017-en\/\" rel=\"category\" data-term-id=\"222\"><span class=\"tg-item-term\" >2017<\/span><\/a><span>, <\/span><a class=\"filtres_des_entreprises\" href=\"https:\/\/fonds-risq.qc.ca\/en\/filtres_des_entreprises\/arts-and-culture\/\" rel=\"category\" data-term-id=\"134\"><span class=\"tg-item-term\" >Arts and culture<\/span><\/a><span>, <\/span><a class=\"filtres_des_entreprises\" href=\"https:\/\/fonds-risq.qc.ca\/en\/filtres_des_entreprises\/capitalization-loan\/\" rel=\"category\" data-term-id=\"148\"><span class=\"tg-item-term\" >Capitalization loan<\/span><\/a><span>, <\/span><a class=\"filtres_des_entreprises\" href=\"https:\/\/fonds-risq.qc.ca\/en\/filtres_des_entreprises\/lanaudiere-en\/\" rel=\"category\" data-term-id=\"167\"><span class=\"tg-item-term\" >Lanaudi\u00e8re<\/span><\/a><span>, <\/span><a class=\"filtres_des_entreprises\" href=\"https:\/\/fonds-risq.qc.ca\/en\/filtres_des_entreprises\/npo\/\" rel=\"category\" data-term-id=\"150\"><span class=\"tg-item-term\" >NPO<\/span><\/a><\/span><p class=\"tg-item-excerpt\">Fort d\u2019une collection de plus de 8 500 oeuvres d\u2019art et une programmation riche et diversifi\u00e9es, le MAJ est le plus important mus\u00e9e d'art \u00e0 l'ext\u00e9rieur des grands centres au Qu\u00e9bec....<\/p><div class=\"tg-item-footer\"><a class=\"tg-item-comment\" href=\"https:\/\/fonds-risq.qc.ca\/en\/entreprise\/musee-dart-de-joliette\/\"  target=\"_self\">No comment<\/a><span class=\"no-ajaxy to-post-like no-liked empty-heart\" data-post-id=\"8978\" title=\"Like\"><span class=\"to-heart-icon\"><svg xmlns=\"http:\/\/www.w3.org\/2000\/svg\" version=\"1.1\" viewBox=\"0 0 64 64\"><g transform=\"translate(0, 0)\"><path stroke-width=\"6\" stroke-linecap=\"square\" stroke-miterlimit=\"10\" d=\"M1,21c0,20,31,38,31,38s31-18,31-38 c0-8.285-6-16-15-16c-8.285,0-16,5.715-16,14c0-8.285-7.715-14-16-14C7,5,1,12.715,1,21z\"><\/path><\/g><\/svg><\/span><span class=\"to-like-count\">0<\/span><\/span><\/div><\/div><\/div><\/article><!-- The Grid item #332 --><article class=\"tg-item tg-post-8981 kampala f222 f219 f148 f128 f150 f135\" data-row=\"1\" data-col=\"1\"><div class=\"tg-item-inner\"><div class=\"tg-item-media-holder tg-light\"><div class=\"tg-item-media-inner\"><img decoding=\"async\" class=\"tg-item-image\" alt=\"\" width=\"904\" height=\"533\" src=\"https:\/\/fonds-risq.qc.ca\/wp-content\/uploads\/2018\/06\/Telescope_equipe.jpg\"><\/div><div class=\"tg-center-holder\"><div class=\"tg-center-inner\"><div class=\"tg-item-overlay\"><\/div><a class=\"tg-link-button\" href=\"https:\/\/fonds-risq.qc.ca\/en\/entreprise\/telescope\/\" target=\"_self\"><i class=\"tg-icon-link\"><\/i><\/a><\/div><\/div><div class=\"tg-item-decoration\"><div class=\"triangle-down-right\" style=\"border-color:#0097c8\"><\/div><\/div><div class=\"tg-item-share-holder\"><div class=\"triangle-up-left\" style=\"border-color:rgba(22,22,22,0.65)\"><\/div><i class=\"tg-icon-reply\" style=\"color:#ffffff\"><\/i><div class=\"tg-share-icons\"><a class=\"tg-social-share tg-facebook\" href=\"https:\/\/www.facebook.com\/sharer.php?u=https%3A%2F%2Ffonds-risq.qc.ca%2Fen%2Fentreprise%2Ftelescope%2F&#038;t=T%C3%A9lescope\"><i class=\"tg-icon-facebook\"><\/i><\/a><a class=\"tg-social-share tg-twitter\" href=\"https:\/\/twitter.com\/share?url=https%3A%2F%2Ffonds-risq.qc.ca%2Fen%2Fentreprise%2Ftelescope%2F&#038;text=T%C3%A9lescope\"><i class=\"tg-icon-twitter\"><\/i><\/a><a class=\"tg-social-share tg-google-plus\" href=\"https:\/\/plus.google.com\/share?url=https%3A%2F%2Ffonds-risq.qc.ca%2Fen%2Fentreprise%2Ftelescope%2F\"><i class=\"tg-icon-google-plus\"><\/i><\/a><a class=\"tg-social-share tg-pinterest\" href=\"https:\/\/pinterest.com\/pin\/create\/button\/?url=https%3A%2F%2Ffonds-risq.qc.ca%2Fen%2Fentreprise%2Ftelescope%2F&#038;description=T%C3%A9lescope&#038;media=https%3A%2F%2Ffonds-risq.qc.ca%2Fwp-content%2Fuploads%2F2018%2F06%2FTelescope_equipe.jpg\"><i class=\"tg-icon-pinterest\"><\/i><\/a><\/div><\/div><\/div><div class=\"tg-item-content-holder tg-light image-format\" style=\"background-color:#0097c8\"><span class=\"tg-item-date\">15 June 2018<\/span><h2 class=\"tg-item-title\"><a href=\"https:\/\/fonds-risq.qc.ca\/en\/entreprise\/telescope\/\" target=\"_self\">T\u00e9lescope<\/a><\/h2><span class=\"tg-cats-holder\"><a class=\"filtres_des_entreprises\" href=\"https:\/\/fonds-risq.qc.ca\/en\/filtres_des_entreprises\/2017-en\/\" rel=\"category\" data-term-id=\"222\"><span class=\"tg-item-term\" >2017<\/span><\/a><span>, <\/span><a class=\"filtres_des_entreprises\" href=\"https:\/\/fonds-risq.qc.ca\/en\/filtres_des_entreprises\/2019-en\/\" rel=\"category\" data-term-id=\"219\"><span class=\"tg-item-term\" >2019<\/span><\/a><span>, <\/span><a class=\"filtres_des_entreprises\" href=\"https:\/\/fonds-risq.qc.ca\/en\/filtres_des_entreprises\/capitalization-loan\/\" rel=\"category\" data-term-id=\"148\"><span class=\"tg-item-term\" >Capitalization loan<\/span><\/a><span>, <\/span><a class=\"filtres_des_entreprises\" href=\"https:\/\/fonds-risq.qc.ca\/en\/filtres_des_entreprises\/montreal-en\/\" rel=\"category\" data-term-id=\"128\"><span class=\"tg-item-term\" >Montr\u00e9al<\/span><\/a><span>, <\/span><a class=\"filtres_des_entreprises\" href=\"https:\/\/fonds-risq.qc.ca\/en\/filtres_des_entreprises\/npo\/\" rel=\"category\" data-term-id=\"150\"><span class=\"tg-item-term\" >NPO<\/span><\/a><span>, <\/span><a class=\"filtres_des_entreprises\" href=\"https:\/\/fonds-risq.qc.ca\/en\/filtres_des_entreprises\/services-en\/\" rel=\"category\" data-term-id=\"135\"><span class=\"tg-item-term\" >Services<\/span><\/a><\/span><p class=\"tg-item-excerpt\">T\u00e9lescope est une nouvelle organisation cr\u00e9\u00e9e pour soutenir les organismes, coop\u00e9ratives et petites entreprises montr\u00e9alaises en offrant des services abordables et fiables de comptabilit\u00e9, soutien administratif et planification...<\/p><div class=\"tg-item-footer\"><a class=\"tg-item-comment\" href=\"https:\/\/fonds-risq.qc.ca\/en\/entreprise\/telescope\/\"  target=\"_self\">No comment<\/a><span class=\"no-ajaxy to-post-like no-liked empty-heart\" data-post-id=\"8981\" title=\"Like\"><span class=\"to-heart-icon\"><svg xmlns=\"http:\/\/www.w3.org\/2000\/svg\" version=\"1.1\" viewBox=\"0 0 64 64\"><g transform=\"translate(0, 0)\"><path stroke-width=\"6\" stroke-linecap=\"square\" stroke-miterlimit=\"10\" d=\"M1,21c0,20,31,38,31,38s31-18,31-38 c0-8.285-6-16-15-16c-8.285,0-16,5.715-16,14c0-8.285-7.715-14-16-14C7,5,1,12.715,1,21z\"><\/path><\/g><\/svg><\/span><span class=\"to-like-count\">0<\/span><\/span><\/div><\/div><\/div><\/article><!-- The Grid item #333 --><article class=\"tg-item tg-post-8983 kampala f223 f134 f127 f150 f146\" data-row=\"1\" data-col=\"1\"><div class=\"tg-item-inner\"><div class=\"tg-item-media-holder tg-light\"><div class=\"tg-item-media-inner\"><img decoding=\"async\" class=\"tg-item-image\" alt=\"\" width=\"2048\" height=\"1530\" src=\"https:\/\/fonds-risq.qc.ca\/wp-content\/uploads\/2018\/06\/1077792_582298101814364_2004171995_o.jpg\"><\/div><div class=\"tg-center-holder\"><div class=\"tg-center-inner\"><div class=\"tg-item-overlay\"><\/div><a class=\"tg-link-button\" href=\"https:\/\/fonds-risq.qc.ca\/en\/entreprise\/camp-musical-dasbestos\/\" target=\"_self\"><i class=\"tg-icon-link\"><\/i><\/a><\/div><\/div><div class=\"tg-item-decoration\"><div class=\"triangle-down-right\" style=\"border-color:#b7c634\"><\/div><\/div><div class=\"tg-item-share-holder\"><div class=\"triangle-up-left\" style=\"border-color:rgba(22,22,22,0.65)\"><\/div><i class=\"tg-icon-reply\" style=\"color:#ffffff\"><\/i><div class=\"tg-share-icons\"><a class=\"tg-social-share tg-facebook\" href=\"https:\/\/www.facebook.com\/sharer.php?u=https%3A%2F%2Ffonds-risq.qc.ca%2Fen%2Fentreprise%2Fcamp-musical-dasbestos%2F&#038;t=Camp%20musical%20d%E2%80%99Asbestos\"><i class=\"tg-icon-facebook\"><\/i><\/a><a class=\"tg-social-share tg-twitter\" href=\"https:\/\/twitter.com\/share?url=https%3A%2F%2Ffonds-risq.qc.ca%2Fen%2Fentreprise%2Fcamp-musical-dasbestos%2F&#038;text=Camp%20musical%20d%E2%80%99Asbestos\"><i class=\"tg-icon-twitter\"><\/i><\/a><a class=\"tg-social-share tg-google-plus\" href=\"https:\/\/plus.google.com\/share?url=https%3A%2F%2Ffonds-risq.qc.ca%2Fen%2Fentreprise%2Fcamp-musical-dasbestos%2F\"><i class=\"tg-icon-google-plus\"><\/i><\/a><a class=\"tg-social-share tg-pinterest\" href=\"https:\/\/pinterest.com\/pin\/create\/button\/?url=https%3A%2F%2Ffonds-risq.qc.ca%2Fen%2Fentreprise%2Fcamp-musical-dasbestos%2F&#038;description=Camp%20musical%20d%E2%80%99Asbestos&#038;media=https%3A%2F%2Ffonds-risq.qc.ca%2Fwp-content%2Fuploads%2F2018%2F06%2F1077792_582298101814364_2004171995_o.jpg\"><i class=\"tg-icon-pinterest\"><\/i><\/a><\/div><\/div><\/div><div class=\"tg-item-content-holder tg-light image-format\" style=\"background-color:#b7c634\"><span class=\"tg-item-date\">15 June 2018<\/span><h2 class=\"tg-item-title\"><a href=\"https:\/\/fonds-risq.qc.ca\/en\/entreprise\/camp-musical-dasbestos\/\" target=\"_self\">Camp musical d&#8217;Asbestos<\/a><\/h2><span class=\"tg-cats-holder\"><a class=\"filtres_des_entreprises\" href=\"https:\/\/fonds-risq.qc.ca\/en\/filtres_des_entreprises\/2018-en\/\" rel=\"category\" data-term-id=\"223\"><span class=\"tg-item-term\" >2018<\/span><\/a><span>, <\/span><a class=\"filtres_des_entreprises\" href=\"https:\/\/fonds-risq.qc.ca\/en\/filtres_des_entreprises\/arts-and-culture\/\" rel=\"category\" data-term-id=\"134\"><span class=\"tg-item-term\" >Arts and culture<\/span><\/a><span>, <\/span><a class=\"filtres_des_entreprises\" href=\"https:\/\/fonds-risq.qc.ca\/en\/filtres_des_entreprises\/estrie-en\/\" rel=\"category\" data-term-id=\"127\"><span class=\"tg-item-term\" >Estrie<\/span><\/a><span>, <\/span><a class=\"filtres_des_entreprises\" href=\"https:\/\/fonds-risq.qc.ca\/en\/filtres_des_entreprises\/npo\/\" rel=\"category\" data-term-id=\"150\"><span class=\"tg-item-term\" >NPO<\/span><\/a><span>, <\/span><a class=\"filtres_des_entreprises\" href=\"https:\/\/fonds-risq.qc.ca\/en\/filtres_des_entreprises\/pret-pour-aide-technique-en\/\" rel=\"category\" data-term-id=\"146\"><span class=\"tg-item-term\" >Technical assistance loan<\/span><\/a><\/span><p class=\"tg-item-excerpt\">\u00c9tablie dans la r\u00e9gion depuis 56 ans, le Camp est vou\u00e9 \u00e0 l'enseignement de la musique. Il s\u2019adresse tout particuli\u00e8rement aux jeunes et aux musiciens de tous niveaux d\u00e9sirant poursuivre leur formation musicale durant la saison...<\/p><div class=\"tg-item-footer\"><a class=\"tg-item-comment\" href=\"https:\/\/fonds-risq.qc.ca\/en\/entreprise\/camp-musical-dasbestos\/\"  target=\"_self\">No comment<\/a><span class=\"no-ajaxy to-post-like no-liked empty-heart\" data-post-id=\"8983\" title=\"Like\"><span class=\"to-heart-icon\"><svg xmlns=\"http:\/\/www.w3.org\/2000\/svg\" version=\"1.1\" viewBox=\"0 0 64 64\"><g transform=\"translate(0, 0)\"><path stroke-width=\"6\" stroke-linecap=\"square\" stroke-miterlimit=\"10\" d=\"M1,21c0,20,31,38,31,38s31-18,31-38 c0-8.285-6-16-15-16c-8.285,0-16,5.715-16,14c0-8.285-7.715-14-16-14C7,5,1,12.715,1,21z\"><\/path><\/g><\/svg><\/span><span class=\"to-like-count\">0<\/span><\/span><\/div><\/div><\/div><\/article><!-- The Grid item #334 --><article class=\"tg-item tg-post-8986 kampala f222 f151 f171 f156 f147\" data-row=\"1\" data-col=\"1\"><div class=\"tg-item-inner\"><div class=\"tg-item-media-holder tg-light\"><div class=\"tg-item-media-inner\"><img decoding=\"async\" class=\"tg-item-image\" alt=\"\" width=\"2048\" height=\"1536\" src=\"https:\/\/fonds-risq.qc.ca\/wp-content\/uploads\/2018\/06\/19466676_1397494980304539_6182131130145608411_o-1.jpg\"><\/div><div class=\"tg-center-holder\"><div class=\"tg-center-inner\"><div class=\"tg-item-overlay\"><\/div><a class=\"tg-link-button\" href=\"https:\/\/fonds-risq.qc.ca\/en\/entreprise\/cooperative-de-solidarite-dhebergement-de-gatineau\/\" target=\"_self\"><i class=\"tg-icon-link\"><\/i><\/a><\/div><\/div><div class=\"tg-item-decoration\"><div class=\"triangle-down-right\" style=\"border-color:#ee4224\"><\/div><\/div><div class=\"tg-item-share-holder\"><div class=\"triangle-up-left\" style=\"border-color:rgba(22,22,22,0.65)\"><\/div><i class=\"tg-icon-reply\" style=\"color:#ffffff\"><\/i><div class=\"tg-share-icons\"><a class=\"tg-social-share tg-facebook\" href=\"https:\/\/www.facebook.com\/sharer.php?u=https%3A%2F%2Ffonds-risq.qc.ca%2Fen%2Fentreprise%2Fcooperative-de-solidarite-dhebergement-de-gatineau%2F&#038;t=Coop%C3%A9rative%20de%20solidarit%C3%A9%20d%E2%80%99h%C3%A9bergement%20de%20Gatineau\"><i class=\"tg-icon-facebook\"><\/i><\/a><a class=\"tg-social-share tg-twitter\" href=\"https:\/\/twitter.com\/share?url=https%3A%2F%2Ffonds-risq.qc.ca%2Fen%2Fentreprise%2Fcooperative-de-solidarite-dhebergement-de-gatineau%2F&#038;text=Coop%C3%A9rative%20de%20solidarit%C3%A9%20d%E2%80%99h%C3%A9bergement%20de%20Gatineau\"><i class=\"tg-icon-twitter\"><\/i><\/a><a class=\"tg-social-share tg-google-plus\" href=\"https:\/\/plus.google.com\/share?url=https%3A%2F%2Ffonds-risq.qc.ca%2Fen%2Fentreprise%2Fcooperative-de-solidarite-dhebergement-de-gatineau%2F\"><i class=\"tg-icon-google-plus\"><\/i><\/a><a class=\"tg-social-share tg-pinterest\" href=\"https:\/\/pinterest.com\/pin\/create\/button\/?url=https%3A%2F%2Ffonds-risq.qc.ca%2Fen%2Fentreprise%2Fcooperative-de-solidarite-dhebergement-de-gatineau%2F&#038;description=Coop%C3%A9rative%20de%20solidarit%C3%A9%20d%E2%80%99h%C3%A9bergement%20de%20Gatineau&#038;media=https%3A%2F%2Ffonds-risq.qc.ca%2Fwp-content%2Fuploads%2F2018%2F06%2F19466676_1397494980304539_6182131130145608411_o-1.jpg\"><i class=\"tg-icon-pinterest\"><\/i><\/a><\/div><\/div><\/div><div class=\"tg-item-content-holder tg-light image-format\" style=\"background-color:#ee4224\"><span class=\"tg-item-date\">15 June 2018<\/span><h2 class=\"tg-item-title\"><a href=\"https:\/\/fonds-risq.qc.ca\/en\/entreprise\/cooperative-de-solidarite-dhebergement-de-gatineau\/\" target=\"_self\">Coop\u00e9rative de solidarit\u00e9 d&#8217;h\u00e9bergement de Gatineau<\/a><\/h2><span class=\"tg-cats-holder\"><a class=\"filtres_des_entreprises\" href=\"https:\/\/fonds-risq.qc.ca\/en\/filtres_des_entreprises\/2017-en\/\" rel=\"category\" data-term-id=\"222\"><span class=\"tg-item-term\" >2017<\/span><\/a><span>, <\/span><a class=\"filtres_des_entreprises\" href=\"https:\/\/fonds-risq.qc.ca\/en\/filtres_des_entreprises\/coop-en\/\" rel=\"category\" data-term-id=\"151\"><span class=\"tg-item-term\" >COOP<\/span><\/a><span>, <\/span><a class=\"filtres_des_entreprises\" href=\"https:\/\/fonds-risq.qc.ca\/en\/filtres_des_entreprises\/lodging\/\" rel=\"category\" data-term-id=\"171\"><span class=\"tg-item-term\" >Lodging<\/span><\/a><span>, <\/span><a class=\"filtres_des_entreprises\" href=\"https:\/\/fonds-risq.qc.ca\/en\/filtres_des_entreprises\/outaouais-en\/\" rel=\"category\" data-term-id=\"156\"><span class=\"tg-item-term\" >Outaouais<\/span><\/a><span>, <\/span><a class=\"filtres_des_entreprises\" href=\"https:\/\/fonds-risq.qc.ca\/en\/filtres_des_entreprises\/pre-startup-loan\/\" rel=\"category\" data-term-id=\"147\"><span class=\"tg-item-term\" >Pre-startup loan<\/span><\/a><\/span><p class=\"tg-item-excerpt\">La coop a pour projet de cr\u00e9er une auberge de jeunesse dans la r\u00e9gion de l'Outaouais, dans un immeuble patrimonial.\r\nElle d\u00e9sire devenir un incontournable dans la r\u00e9gion en mati\u00e8re d\u2019h\u00e9bergement abordable, \u00e9coresponsable et durable !...<\/p><div class=\"tg-item-footer\"><a class=\"tg-item-comment\" href=\"https:\/\/fonds-risq.qc.ca\/en\/entreprise\/cooperative-de-solidarite-dhebergement-de-gatineau\/\"  target=\"_self\">No comment<\/a><span class=\"no-ajaxy to-post-like no-liked empty-heart\" data-post-id=\"8986\" title=\"Like\"><span class=\"to-heart-icon\"><svg xmlns=\"http:\/\/www.w3.org\/2000\/svg\" version=\"1.1\" viewBox=\"0 0 64 64\"><g transform=\"translate(0, 0)\"><path stroke-width=\"6\" stroke-linecap=\"square\" stroke-miterlimit=\"10\" d=\"M1,21c0,20,31,38,31,38s31-18,31-38 c0-8.285-6-16-15-16c-8.285,0-16,5.715-16,14c0-8.285-7.715-14-16-14C7,5,1,12.715,1,21z\"><\/path><\/g><\/svg><\/span><span class=\"to-like-count\">0<\/span><\/span><\/div><\/div><\/div><\/article><!-- The Grid item #335 --><article class=\"tg-item tg-post-8991 kampala f223 f148 f150 f156 f135\" data-row=\"1\" data-col=\"1\"><div class=\"tg-item-inner\"><div class=\"tg-item-media-holder tg-light\"><div class=\"tg-item-media-inner\"><img decoding=\"async\" class=\"tg-item-image\" alt=\"\" width=\"1600\" height=\"1200\" src=\"https:\/\/fonds-risq.qc.ca\/wp-content\/uploads\/2018\/06\/904288_296151210518458_1436561184_o.jpg\"><\/div><div class=\"tg-center-holder\"><div class=\"tg-center-inner\"><div class=\"tg-item-overlay\"><\/div><a class=\"tg-link-button\" href=\"https:\/\/fonds-risq.qc.ca\/en\/entreprise\/evolu-tic-outaouais\/\" target=\"_self\"><i class=\"tg-icon-link\"><\/i><\/a><\/div><\/div><div class=\"tg-item-decoration\"><div class=\"triangle-down-right\" style=\"border-color:#0097c8\"><\/div><\/div><div class=\"tg-item-share-holder\"><div class=\"triangle-up-left\" style=\"border-color:rgba(22,22,22,0.65)\"><\/div><i class=\"tg-icon-reply\" style=\"color:#ffffff\"><\/i><div class=\"tg-share-icons\"><a class=\"tg-social-share tg-facebook\" href=\"https:\/\/www.facebook.com\/sharer.php?u=https%3A%2F%2Ffonds-risq.qc.ca%2Fen%2Fentreprise%2Fevolu-tic-outaouais%2F&#038;t=%C3%89volu-TIC%20Outaouais\"><i class=\"tg-icon-facebook\"><\/i><\/a><a class=\"tg-social-share tg-twitter\" href=\"https:\/\/twitter.com\/share?url=https%3A%2F%2Ffonds-risq.qc.ca%2Fen%2Fentreprise%2Fevolu-tic-outaouais%2F&#038;text=%C3%89volu-TIC%20Outaouais\"><i class=\"tg-icon-twitter\"><\/i><\/a><a class=\"tg-social-share tg-google-plus\" href=\"https:\/\/plus.google.com\/share?url=https%3A%2F%2Ffonds-risq.qc.ca%2Fen%2Fentreprise%2Fevolu-tic-outaouais%2F\"><i class=\"tg-icon-google-plus\"><\/i><\/a><a class=\"tg-social-share tg-pinterest\" href=\"https:\/\/pinterest.com\/pin\/create\/button\/?url=https%3A%2F%2Ffonds-risq.qc.ca%2Fen%2Fentreprise%2Fevolu-tic-outaouais%2F&#038;description=%C3%89volu-TIC%20Outaouais&#038;media=https%3A%2F%2Ffonds-risq.qc.ca%2Fwp-content%2Fuploads%2F2018%2F06%2F904288_296151210518458_1436561184_o.jpg\"><i class=\"tg-icon-pinterest\"><\/i><\/a><\/div><\/div><\/div><div class=\"tg-item-content-holder tg-light image-format\" style=\"background-color:#0097c8\"><span class=\"tg-item-date\">11 June 2018<\/span><h2 class=\"tg-item-title\"><a href=\"https:\/\/fonds-risq.qc.ca\/en\/entreprise\/evolu-tic-outaouais\/\" target=\"_self\">\u00c9volu-TIC Outaouais<\/a><\/h2><span class=\"tg-cats-holder\"><a class=\"filtres_des_entreprises\" href=\"https:\/\/fonds-risq.qc.ca\/en\/filtres_des_entreprises\/2018-en\/\" rel=\"category\" data-term-id=\"223\"><span class=\"tg-item-term\" >2018<\/span><\/a><span>, <\/span><a class=\"filtres_des_entreprises\" href=\"https:\/\/fonds-risq.qc.ca\/en\/filtres_des_entreprises\/capitalization-loan\/\" rel=\"category\" data-term-id=\"148\"><span class=\"tg-item-term\" >Capitalization loan<\/span><\/a><span>, <\/span><a class=\"filtres_des_entreprises\" href=\"https:\/\/fonds-risq.qc.ca\/en\/filtres_des_entreprises\/npo\/\" rel=\"category\" data-term-id=\"150\"><span class=\"tg-item-term\" >NPO<\/span><\/a><span>, <\/span><a class=\"filtres_des_entreprises\" href=\"https:\/\/fonds-risq.qc.ca\/en\/filtres_des_entreprises\/outaouais-en\/\" rel=\"category\" data-term-id=\"156\"><span class=\"tg-item-term\" >Outaouais<\/span><\/a><span>, <\/span><a class=\"filtres_des_entreprises\" href=\"https:\/\/fonds-risq.qc.ca\/en\/filtres_des_entreprises\/services-en\/\" rel=\"category\" data-term-id=\"135\"><span class=\"tg-item-term\" >Services<\/span><\/a><\/span><p class=\"tg-item-excerpt\">\u00c9volu-TIC Outaouais, entreprise sp\u00e9cialis\u00e9e dans la r\u00e9cup\u00e9ration du papier, le d\u00e9chiquetage de documents confidentiels et le d\u00e9montage d\u2019\u00e9quipements \u00e9lectroniques, offre un programme de formation ou d\u2019insertion sociale \u00e0 des jeunes de...<\/p><div class=\"tg-item-footer\"><a class=\"tg-item-comment\" href=\"https:\/\/fonds-risq.qc.ca\/en\/entreprise\/evolu-tic-outaouais\/\"  target=\"_self\">No comment<\/a><span class=\"no-ajaxy to-post-like no-liked empty-heart\" data-post-id=\"8991\" title=\"Like\"><span class=\"to-heart-icon\"><svg xmlns=\"http:\/\/www.w3.org\/2000\/svg\" version=\"1.1\" viewBox=\"0 0 64 64\"><g transform=\"translate(0, 0)\"><path stroke-width=\"6\" stroke-linecap=\"square\" stroke-miterlimit=\"10\" d=\"M1,21c0,20,31,38,31,38s31-18,31-38 c0-8.285-6-16-15-16c-8.285,0-16,5.715-16,14c0-8.285-7.715-14-16-14C7,5,1,12.715,1,21z\"><\/path><\/g><\/svg><\/span><span class=\"to-like-count\">0<\/span><\/span><\/div><\/div><\/div><\/article><!-- The Grid item #336 --><article class=\"tg-item tg-post-8994 kampala f223 f148 f167 f150 f135\" data-row=\"1\" data-col=\"1\"><div class=\"tg-item-inner\"><div class=\"tg-item-media-holder tg-light\"><div class=\"tg-item-media-inner\"><img decoding=\"async\" class=\"tg-item-image\" alt=\"\" width=\"800\" height=\"533\" src=\"https:\/\/fonds-risq.qc.ca\/wp-content\/uploads\/2018\/06\/sadc-maison.jpg\"><\/div><div class=\"tg-center-holder\"><div class=\"tg-center-inner\"><div class=\"tg-item-overlay\"><\/div><a class=\"tg-link-button\" href=\"https:\/\/fonds-risq.qc.ca\/en\/entreprise\/maison-de-lentrepreneur\/\" target=\"_self\"><i class=\"tg-icon-link\"><\/i><\/a><\/div><\/div><div class=\"tg-item-decoration\"><div class=\"triangle-down-right\" style=\"border-color:#0097c8\"><\/div><\/div><div class=\"tg-item-share-holder\"><div class=\"triangle-up-left\" style=\"border-color:rgba(22,22,22,0.65)\"><\/div><i class=\"tg-icon-reply\" style=\"color:#ffffff\"><\/i><div class=\"tg-share-icons\"><a class=\"tg-social-share tg-facebook\" href=\"https:\/\/www.facebook.com\/sharer.php?u=https%3A%2F%2Ffonds-risq.qc.ca%2Fen%2Fentreprise%2Fmaison-de-lentrepreneur%2F&#038;t=La%20Maison%20de%20l%E2%80%99entrepreneur\"><i class=\"tg-icon-facebook\"><\/i><\/a><a class=\"tg-social-share tg-twitter\" href=\"https:\/\/twitter.com\/share?url=https%3A%2F%2Ffonds-risq.qc.ca%2Fen%2Fentreprise%2Fmaison-de-lentrepreneur%2F&#038;text=La%20Maison%20de%20l%E2%80%99entrepreneur\"><i class=\"tg-icon-twitter\"><\/i><\/a><a class=\"tg-social-share tg-google-plus\" href=\"https:\/\/plus.google.com\/share?url=https%3A%2F%2Ffonds-risq.qc.ca%2Fen%2Fentreprise%2Fmaison-de-lentrepreneur%2F\"><i class=\"tg-icon-google-plus\"><\/i><\/a><a class=\"tg-social-share tg-pinterest\" href=\"https:\/\/pinterest.com\/pin\/create\/button\/?url=https%3A%2F%2Ffonds-risq.qc.ca%2Fen%2Fentreprise%2Fmaison-de-lentrepreneur%2F&#038;description=La%20Maison%20de%20l%E2%80%99entrepreneur&#038;media=https%3A%2F%2Ffonds-risq.qc.ca%2Fwp-content%2Fuploads%2F2018%2F06%2Fsadc-maison.jpg\"><i class=\"tg-icon-pinterest\"><\/i><\/a><\/div><\/div><\/div><div class=\"tg-item-content-holder tg-light image-format\" style=\"background-color:#0097c8\"><span class=\"tg-item-date\">11 June 2018<\/span><h2 class=\"tg-item-title\"><a href=\"https:\/\/fonds-risq.qc.ca\/en\/entreprise\/maison-de-lentrepreneur\/\" target=\"_self\">La Maison de l&#8217;entrepreneur<\/a><\/h2><span class=\"tg-cats-holder\"><a class=\"filtres_des_entreprises\" href=\"https:\/\/fonds-risq.qc.ca\/en\/filtres_des_entreprises\/2018-en\/\" rel=\"category\" data-term-id=\"223\"><span class=\"tg-item-term\" >2018<\/span><\/a><span>, <\/span><a class=\"filtres_des_entreprises\" href=\"https:\/\/fonds-risq.qc.ca\/en\/filtres_des_entreprises\/capitalization-loan\/\" rel=\"category\" data-term-id=\"148\"><span class=\"tg-item-term\" >Capitalization loan<\/span><\/a><span>, <\/span><a class=\"filtres_des_entreprises\" href=\"https:\/\/fonds-risq.qc.ca\/en\/filtres_des_entreprises\/lanaudiere-en\/\" rel=\"category\" data-term-id=\"167\"><span class=\"tg-item-term\" >Lanaudi\u00e8re<\/span><\/a><span>, <\/span><a class=\"filtres_des_entreprises\" href=\"https:\/\/fonds-risq.qc.ca\/en\/filtres_des_entreprises\/npo\/\" rel=\"category\" data-term-id=\"150\"><span class=\"tg-item-term\" >NPO<\/span><\/a><span>, <\/span><a class=\"filtres_des_entreprises\" href=\"https:\/\/fonds-risq.qc.ca\/en\/filtres_des_entreprises\/services-en\/\" rel=\"category\" data-term-id=\"135\"><span class=\"tg-item-term\" >Services<\/span><\/a><\/span><p class=\"tg-item-excerpt\">En lien avec sa mission qui est de stimuler la prise en charge et la participation de la collectivit\u00e9 dans son d\u00e9veloppement socio-\u00e9conomique par des activit\u00e9s de concertation et de partenariat, la SADC Achigan-Montcalm a initi\u00e9 le...<\/p><div class=\"tg-item-footer\"><a class=\"tg-item-comment\" href=\"https:\/\/fonds-risq.qc.ca\/en\/entreprise\/maison-de-lentrepreneur\/\"  target=\"_self\">No comment<\/a><span class=\"no-ajaxy to-post-like no-liked empty-heart\" data-post-id=\"8994\" title=\"Like\"><span class=\"to-heart-icon\"><svg xmlns=\"http:\/\/www.w3.org\/2000\/svg\" version=\"1.1\" viewBox=\"0 0 64 64\"><g transform=\"translate(0, 0)\"><path stroke-width=\"6\" stroke-linecap=\"square\" stroke-miterlimit=\"10\" d=\"M1,21c0,20,31,38,31,38s31-18,31-38 c0-8.285-6-16-15-16c-8.285,0-16,5.715-16,14c0-8.285-7.715-14-16-14C7,5,1,12.715,1,21z\"><\/path><\/g><\/svg><\/span><span class=\"to-like-count\">0<\/span><\/span><\/div><\/div><\/div><\/article><!-- The Grid item #337 --><article class=\"tg-item tg-post-8997 kampala f223 f148 f128 f150 f137\" data-row=\"1\" data-col=\"1\"><div class=\"tg-item-inner\"><div class=\"tg-item-media-holder tg-light\"><div class=\"tg-item-media-inner\"><img decoding=\"async\" class=\"tg-item-image\" alt=\"\" width=\"1080\" height=\"617\" src=\"https:\/\/fonds-risq.qc.ca\/wp-content\/uploads\/2018\/06\/batiment-7-3.png\"><\/div><div class=\"tg-center-holder\"><div class=\"tg-center-inner\"><div class=\"tg-item-overlay\"><\/div><a class=\"tg-link-button\" href=\"https:\/\/fonds-risq.qc.ca\/en\/entreprise\/epicerie-le-detour\/\" target=\"_self\"><i class=\"tg-icon-link\"><\/i><\/a><\/div><\/div><div class=\"tg-item-decoration\"><div class=\"triangle-down-right\" style=\"border-color:#0097c8\"><\/div><\/div><div class=\"tg-item-share-holder\"><div class=\"triangle-up-left\" style=\"border-color:rgba(22,22,22,0.65)\"><\/div><i class=\"tg-icon-reply\" style=\"color:#ffffff\"><\/i><div class=\"tg-share-icons\"><a class=\"tg-social-share tg-facebook\" href=\"https:\/\/www.facebook.com\/sharer.php?u=https%3A%2F%2Ffonds-risq.qc.ca%2Fen%2Fentreprise%2Fepicerie-le-detour%2F&#038;t=%C3%89picerie%20Le%20D%C3%A9tour\"><i class=\"tg-icon-facebook\"><\/i><\/a><a class=\"tg-social-share tg-twitter\" href=\"https:\/\/twitter.com\/share?url=https%3A%2F%2Ffonds-risq.qc.ca%2Fen%2Fentreprise%2Fepicerie-le-detour%2F&#038;text=%C3%89picerie%20Le%20D%C3%A9tour\"><i class=\"tg-icon-twitter\"><\/i><\/a><a class=\"tg-social-share tg-google-plus\" href=\"https:\/\/plus.google.com\/share?url=https%3A%2F%2Ffonds-risq.qc.ca%2Fen%2Fentreprise%2Fepicerie-le-detour%2F\"><i class=\"tg-icon-google-plus\"><\/i><\/a><a class=\"tg-social-share tg-pinterest\" href=\"https:\/\/pinterest.com\/pin\/create\/button\/?url=https%3A%2F%2Ffonds-risq.qc.ca%2Fen%2Fentreprise%2Fepicerie-le-detour%2F&#038;description=%C3%89picerie%20Le%20D%C3%A9tour&#038;media=https%3A%2F%2Ffonds-risq.qc.ca%2Fwp-content%2Fuploads%2F2018%2F06%2Fbatiment-7-3.png\"><i class=\"tg-icon-pinterest\"><\/i><\/a><\/div><\/div><\/div><div class=\"tg-item-content-holder tg-light image-format\" style=\"background-color:#0097c8\"><span class=\"tg-item-date\">8 June 2018<\/span><h2 class=\"tg-item-title\"><a href=\"https:\/\/fonds-risq.qc.ca\/en\/entreprise\/epicerie-le-detour\/\" target=\"_self\">\u00c9picerie Le D\u00e9tour<\/a><\/h2><span class=\"tg-cats-holder\"><a class=\"filtres_des_entreprises\" href=\"https:\/\/fonds-risq.qc.ca\/en\/filtres_des_entreprises\/2018-en\/\" rel=\"category\" data-term-id=\"223\"><span class=\"tg-item-term\" >2018<\/span><\/a><span>, <\/span><a class=\"filtres_des_entreprises\" href=\"https:\/\/fonds-risq.qc.ca\/en\/filtres_des_entreprises\/capitalization-loan\/\" rel=\"category\" data-term-id=\"148\"><span class=\"tg-item-term\" >Capitalization loan<\/span><\/a><span>, <\/span><a class=\"filtres_des_entreprises\" href=\"https:\/\/fonds-risq.qc.ca\/en\/filtres_des_entreprises\/montreal-en\/\" rel=\"category\" data-term-id=\"128\"><span class=\"tg-item-term\" >Montr\u00e9al<\/span><\/a><span>, <\/span><a class=\"filtres_des_entreprises\" href=\"https:\/\/fonds-risq.qc.ca\/en\/filtres_des_entreprises\/npo\/\" rel=\"category\" data-term-id=\"150\"><span class=\"tg-item-term\" >NPO<\/span><\/a><span>, <\/span><a class=\"filtres_des_entreprises\" href=\"https:\/\/fonds-risq.qc.ca\/en\/filtres_des_entreprises\/retail-business\/\" rel=\"category\" data-term-id=\"137\"><span class=\"tg-item-term\" >Retail business<\/span><\/a><\/span><p class=\"tg-item-excerpt\">Le D\u00e9tour, c\u2019est une \u00e9picerie \u00e0 but non lucratif, ouverte \u00e0 tout le monde et g\u00e9r\u00e9e par les membres. \r\nLe D\u00e9tour est situ\u00e9 au B\u00e2timent 7, un b\u00e2timent industriel au sud du quartier Pointe-Saint-Charles c\u00e9d\u00e9 \u00e0 la communaut\u00e9, apr\u00e8s des...<\/p><div class=\"tg-item-footer\"><a class=\"tg-item-comment\" href=\"https:\/\/fonds-risq.qc.ca\/en\/entreprise\/epicerie-le-detour\/\"  target=\"_self\">No comment<\/a><span class=\"no-ajaxy to-post-like no-liked empty-heart\" data-post-id=\"8997\" title=\"Like\"><span class=\"to-heart-icon\"><svg xmlns=\"http:\/\/www.w3.org\/2000\/svg\" version=\"1.1\" viewBox=\"0 0 64 64\"><g transform=\"translate(0, 0)\"><path stroke-width=\"6\" stroke-linecap=\"square\" stroke-miterlimit=\"10\" d=\"M1,21c0,20,31,38,31,38s31-18,31-38 c0-8.285-6-16-15-16c-8.285,0-16,5.715-16,14c0-8.285-7.715-14-16-14C7,5,1,12.715,1,21z\"><\/path><\/g><\/svg><\/span><span class=\"to-like-count\">0<\/span><\/span><\/div><\/div><\/div><\/article><!-- The Grid item #338 --><article class=\"tg-item tg-post-8999 kampala f222 f163 f148 f150 f153 f160\" data-row=\"1\" data-col=\"1\"><div class=\"tg-item-inner\"><div class=\"tg-item-media-holder tg-light\"><div class=\"tg-item-media-inner\"><img decoding=\"async\" class=\"tg-item-image\" alt=\"\" width=\"2048\" height=\"1164\" src=\"https:\/\/fonds-risq.qc.ca\/wp-content\/uploads\/2018\/05\/14480492_891542777648974_7997527219806916805_o.jpg\"><\/div><div class=\"tg-center-holder\"><div class=\"tg-center-inner\"><div class=\"tg-item-overlay\"><\/div><a class=\"tg-link-button\" href=\"https:\/\/fonds-risq.qc.ca\/en\/entreprise\/recyclo-nord\/\" target=\"_self\"><i class=\"tg-icon-link\"><\/i><\/a><\/div><\/div><div class=\"tg-item-decoration\"><div class=\"triangle-down-right\" style=\"border-color:#0097c8\"><\/div><\/div><div class=\"tg-item-share-holder\"><div class=\"triangle-up-left\" style=\"border-color:rgba(22,22,22,0.65)\"><\/div><i class=\"tg-icon-reply\" style=\"color:#ffffff\"><\/i><div class=\"tg-share-icons\"><a class=\"tg-social-share tg-facebook\" href=\"https:\/\/www.facebook.com\/sharer.php?u=https%3A%2F%2Ffonds-risq.qc.ca%2Fen%2Fentreprise%2Frecyclo-nord%2F&#038;t=RECYCLO-NORD\"><i class=\"tg-icon-facebook\"><\/i><\/a><a class=\"tg-social-share tg-twitter\" href=\"https:\/\/twitter.com\/share?url=https%3A%2F%2Ffonds-risq.qc.ca%2Fen%2Fentreprise%2Frecyclo-nord%2F&#038;text=RECYCLO-NORD\"><i class=\"tg-icon-twitter\"><\/i><\/a><a class=\"tg-social-share tg-google-plus\" href=\"https:\/\/plus.google.com\/share?url=https%3A%2F%2Ffonds-risq.qc.ca%2Fen%2Fentreprise%2Frecyclo-nord%2F\"><i class=\"tg-icon-google-plus\"><\/i><\/a><a class=\"tg-social-share tg-pinterest\" href=\"https:\/\/pinterest.com\/pin\/create\/button\/?url=https%3A%2F%2Ffonds-risq.qc.ca%2Fen%2Fentreprise%2Frecyclo-nord%2F&#038;description=RECYCLO-NORD&#038;media=https%3A%2F%2Ffonds-risq.qc.ca%2Fwp-content%2Fuploads%2F2018%2F05%2F14480492_891542777648974_7997527219806916805_o.jpg\"><i class=\"tg-icon-pinterest\"><\/i><\/a><\/div><\/div><\/div><div class=\"tg-item-content-holder tg-light image-format\" style=\"background-color:#0097c8\"><span class=\"tg-item-date\">10 May 2018<\/span><h2 class=\"tg-item-title\"><a href=\"https:\/\/fonds-risq.qc.ca\/en\/entreprise\/recyclo-nord\/\" target=\"_self\">RECYCLO-NORD<\/a><\/h2><span class=\"tg-cats-holder\"><a class=\"filtres_des_entreprises\" href=\"https:\/\/fonds-risq.qc.ca\/en\/filtres_des_entreprises\/2017-en\/\" rel=\"category\" data-term-id=\"222\"><span class=\"tg-item-term\" >2017<\/span><\/a><span>, <\/span><a class=\"filtres_des_entreprises\" href=\"https:\/\/fonds-risq.qc.ca\/en\/filtres_des_entreprises\/abitibi-temiscamingue-en\/\" rel=\"category\" data-term-id=\"163\"><span class=\"tg-item-term\" >Abitibi-T\u00e9miscamingue<\/span><\/a><span>, <\/span><a class=\"filtres_des_entreprises\" href=\"https:\/\/fonds-risq.qc.ca\/en\/filtres_des_entreprises\/capitalization-loan\/\" rel=\"category\" data-term-id=\"148\"><span class=\"tg-item-term\" >Capitalization loan<\/span><\/a><span>, <\/span><a class=\"filtres_des_entreprises\" href=\"https:\/\/fonds-risq.qc.ca\/en\/filtres_des_entreprises\/npo\/\" rel=\"category\" data-term-id=\"150\"><span class=\"tg-item-term\" >NPO<\/span><\/a><span>, <\/span><a class=\"filtres_des_entreprises\" href=\"https:\/\/fonds-risq.qc.ca\/en\/filtres_des_entreprises\/recycling\/\" rel=\"category\" data-term-id=\"153\"><span class=\"tg-item-term\" >Recycling<\/span><\/a><span>, <\/span><a class=\"filtres_des_entreprises\" href=\"https:\/\/fonds-risq.qc.ca\/en\/filtres_des_entreprises\/ressourcerie-en\/\" rel=\"category\" data-term-id=\"160\"><span class=\"tg-item-term\" >Ressourcerie<\/span><\/a><\/span><p class=\"tg-item-excerpt\">L\u2019entreprise est incorpor\u00e9e depuis 1991 et oeuvre dans le domaine de l\u2019environnement. Elle a cr\u00e9\u00e9 La Ressourcerie '' Le filon vert '' qui g\u00e8re un centre de r\u00e9cup\u00e9ration, de valorisation, de revente et d'\u00e9ducation \u00e0 l'environnement afin...<\/p><div class=\"tg-item-footer\"><a class=\"tg-item-comment\" href=\"https:\/\/fonds-risq.qc.ca\/en\/entreprise\/recyclo-nord\/\"  target=\"_self\">No comment<\/a><span class=\"no-ajaxy to-post-like no-liked empty-heart\" data-post-id=\"8999\" title=\"Like\"><span class=\"to-heart-icon\"><svg xmlns=\"http:\/\/www.w3.org\/2000\/svg\" version=\"1.1\" viewBox=\"0 0 64 64\"><g transform=\"translate(0, 0)\"><path stroke-width=\"6\" stroke-linecap=\"square\" stroke-miterlimit=\"10\" d=\"M1,21c0,20,31,38,31,38s31-18,31-38 c0-8.285-6-16-15-16c-8.285,0-16,5.715-16,14c0-8.285-7.715-14-16-14C7,5,1,12.715,1,21z\"><\/path><\/g><\/svg><\/span><span class=\"to-like-count\">0<\/span><\/span><\/div><\/div><\/div><\/article><!-- The Grid item #339 --><article class=\"tg-item tg-post-9002 kampala f222 f130 f150 f135 f146\" data-row=\"1\" data-col=\"1\"><div class=\"tg-item-inner\"><div class=\"tg-item-media-holder tg-light\"><div class=\"tg-item-media-inner\"><img decoding=\"async\" class=\"tg-item-image\" alt=\"\" width=\"640\" height=\"960\" src=\"https:\/\/fonds-risq.qc.ca\/wp-content\/uploads\/2018\/05\/63434_364540770388658_737332091516094734_n.jpg\"><\/div><div class=\"tg-center-holder\"><div class=\"tg-center-inner\"><div class=\"tg-item-overlay\"><\/div><a class=\"tg-link-button\" href=\"https:\/\/fonds-risq.qc.ca\/en\/entreprise\/vric-villes-regions-innovantes-reseau-de-leconomie-circulaire\/\" target=\"_self\"><i class=\"tg-icon-link\"><\/i><\/a><\/div><\/div><div class=\"tg-item-decoration\"><div class=\"triangle-down-right\" style=\"border-color:#b7c634\"><\/div><\/div><div class=\"tg-item-share-holder\"><div class=\"triangle-up-left\" style=\"border-color:rgba(22,22,22,0.65)\"><\/div><i class=\"tg-icon-reply\" style=\"color:#ffffff\"><\/i><div class=\"tg-share-icons\"><a class=\"tg-social-share tg-facebook\" href=\"https:\/\/www.facebook.com\/sharer.php?u=https%3A%2F%2Ffonds-risq.qc.ca%2Fen%2Fentreprise%2Fvric-villes-regions-innovantes-reseau-de-leconomie-circulaire%2F&#038;t=VRIC%20%E2%80%93%20Villes%20et%20R%C3%A9gions%20Innovantes%2C%20R%C3%A9seau%20de%20l%E2%80%99%C3%A9conomie%20circulaire\"><i class=\"tg-icon-facebook\"><\/i><\/a><a class=\"tg-social-share tg-twitter\" href=\"https:\/\/twitter.com\/share?url=https%3A%2F%2Ffonds-risq.qc.ca%2Fen%2Fentreprise%2Fvric-villes-regions-innovantes-reseau-de-leconomie-circulaire%2F&#038;text=VRIC%20%E2%80%93%20Villes%20et%20R%C3%A9gions%20Innovantes%2C%20R%C3%A9seau%20de%20l%E2%80%99%C3%A9conomie%20circulaire\"><i class=\"tg-icon-twitter\"><\/i><\/a><a class=\"tg-social-share tg-google-plus\" href=\"https:\/\/plus.google.com\/share?url=https%3A%2F%2Ffonds-risq.qc.ca%2Fen%2Fentreprise%2Fvric-villes-regions-innovantes-reseau-de-leconomie-circulaire%2F\"><i class=\"tg-icon-google-plus\"><\/i><\/a><a class=\"tg-social-share tg-pinterest\" href=\"https:\/\/pinterest.com\/pin\/create\/button\/?url=https%3A%2F%2Ffonds-risq.qc.ca%2Fen%2Fentreprise%2Fvric-villes-regions-innovantes-reseau-de-leconomie-circulaire%2F&#038;description=VRIC%20%E2%80%93%20Villes%20et%20R%C3%A9gions%20Innovantes%2C%20R%C3%A9seau%20de%20l%E2%80%99%C3%A9conomie%20circulaire&#038;media=https%3A%2F%2Ffonds-risq.qc.ca%2Fwp-content%2Fuploads%2F2018%2F05%2F63434_364540770388658_737332091516094734_n.jpg\"><i class=\"tg-icon-pinterest\"><\/i><\/a><\/div><\/div><\/div><div class=\"tg-item-content-holder tg-light image-format\" style=\"background-color:#b7c634\"><span class=\"tg-item-date\">10 May 2018<\/span><h2 class=\"tg-item-title\"><a href=\"https:\/\/fonds-risq.qc.ca\/en\/entreprise\/vric-villes-regions-innovantes-reseau-de-leconomie-circulaire\/\" target=\"_self\">VRIC &#8211; Villes et R\u00e9gions Innovantes, R\u00e9seau de l&#8217;\u00e9conomie circulaire<\/a><\/h2><span class=\"tg-cats-holder\"><a class=\"filtres_des_entreprises\" href=\"https:\/\/fonds-risq.qc.ca\/en\/filtres_des_entreprises\/2017-en\/\" rel=\"category\" data-term-id=\"222\"><span class=\"tg-item-term\" >2017<\/span><\/a><span>, <\/span><a class=\"filtres_des_entreprises\" href=\"https:\/\/fonds-risq.qc.ca\/en\/filtres_des_entreprises\/capitale-nationale-en\/\" rel=\"category\" data-term-id=\"130\"><span class=\"tg-item-term\" >Capitale-Nationale<\/span><\/a><span>, <\/span><a class=\"filtres_des_entreprises\" href=\"https:\/\/fonds-risq.qc.ca\/en\/filtres_des_entreprises\/npo\/\" rel=\"category\" data-term-id=\"150\"><span class=\"tg-item-term\" >NPO<\/span><\/a><span>, <\/span><a class=\"filtres_des_entreprises\" href=\"https:\/\/fonds-risq.qc.ca\/en\/filtres_des_entreprises\/services-en\/\" rel=\"category\" data-term-id=\"135\"><span class=\"tg-item-term\" >Services<\/span><\/a><span>, <\/span><a class=\"filtres_des_entreprises\" href=\"https:\/\/fonds-risq.qc.ca\/en\/filtres_des_entreprises\/pret-pour-aide-technique-en\/\" rel=\"category\" data-term-id=\"146\"><span class=\"tg-item-term\" >Technical assistance loan<\/span><\/a><\/span><p class=\"tg-item-excerpt\">VRIc met en valeur les composantes de l\u2019\u00e9conomie circulaire que sont les personnes et les collectivit\u00e9s impliqu\u00e9es dans les entreprises priv\u00e9es et publiques, les parcs industriels, les villes, les r\u00e9gions, dans les domaines de...<\/p><div class=\"tg-item-footer\"><a class=\"tg-item-comment\" href=\"https:\/\/fonds-risq.qc.ca\/en\/entreprise\/vric-villes-regions-innovantes-reseau-de-leconomie-circulaire\/\"  target=\"_self\">No comment<\/a><span class=\"no-ajaxy to-post-like no-liked empty-heart\" data-post-id=\"9002\" title=\"Like\"><span class=\"to-heart-icon\"><svg xmlns=\"http:\/\/www.w3.org\/2000\/svg\" version=\"1.1\" viewBox=\"0 0 64 64\"><g transform=\"translate(0, 0)\"><path stroke-width=\"6\" stroke-linecap=\"square\" stroke-miterlimit=\"10\" d=\"M1,21c0,20,31,38,31,38s31-18,31-38 c0-8.285-6-16-15-16c-8.285,0-16,5.715-16,14c0-8.285-7.715-14-16-14C7,5,1,12.715,1,21z\"><\/path><\/g><\/svg><\/span><span class=\"to-like-count\">0<\/span><\/span><\/div><\/div><\/div><\/article><!-- The Grid item #340 --><article class=\"tg-item tg-post-9008 kampala f222 f151 f128 f147 f135\" data-row=\"1\" data-col=\"1\"><div class=\"tg-item-inner\"><div class=\"tg-item-media-holder tg-light\"><div class=\"tg-item-media-inner\"><img decoding=\"async\" class=\"tg-item-image\" alt=\"\" width=\"2048\" height=\"1274\" src=\"https:\/\/fonds-risq.qc.ca\/wp-content\/uploads\/2018\/05\/Coop-Guilde.jpg\"><\/div><div class=\"tg-center-holder\"><div class=\"tg-center-inner\"><div class=\"tg-item-overlay\"><\/div><a class=\"tg-link-button\" href=\"https:\/\/fonds-risq.qc.ca\/en\/entreprise\/guilde-developpeurs-de-jeux-video-independants-quebec\/\" target=\"_self\"><i class=\"tg-icon-link\"><\/i><\/a><\/div><\/div><div class=\"tg-item-decoration\"><div class=\"triangle-down-right\" style=\"border-color:#ee4224\"><\/div><\/div><div class=\"tg-item-share-holder\"><div class=\"triangle-up-left\" style=\"border-color:rgba(22,22,22,0.65)\"><\/div><i class=\"tg-icon-reply\" style=\"color:#ffffff\"><\/i><div class=\"tg-share-icons\"><a class=\"tg-social-share tg-facebook\" href=\"https:\/\/www.facebook.com\/sharer.php?u=https%3A%2F%2Ffonds-risq.qc.ca%2Fen%2Fentreprise%2Fguilde-developpeurs-de-jeux-video-independants-quebec%2F&#038;t=La%20Guilde%20des%20d%C3%A9veloppeurs%20de%20jeux%20vid%C3%A9o%20ind%C3%A9pendants%20du%20Qu%C3%A9bec\"><i class=\"tg-icon-facebook\"><\/i><\/a><a class=\"tg-social-share tg-twitter\" href=\"https:\/\/twitter.com\/share?url=https%3A%2F%2Ffonds-risq.qc.ca%2Fen%2Fentreprise%2Fguilde-developpeurs-de-jeux-video-independants-quebec%2F&#038;text=La%20Guilde%20des%20d%C3%A9veloppeurs%20de%20jeux%20vid%C3%A9o%20ind%C3%A9pendants%20du%20Qu%C3%A9bec\"><i class=\"tg-icon-twitter\"><\/i><\/a><a class=\"tg-social-share tg-google-plus\" href=\"https:\/\/plus.google.com\/share?url=https%3A%2F%2Ffonds-risq.qc.ca%2Fen%2Fentreprise%2Fguilde-developpeurs-de-jeux-video-independants-quebec%2F\"><i class=\"tg-icon-google-plus\"><\/i><\/a><a class=\"tg-social-share tg-pinterest\" href=\"https:\/\/pinterest.com\/pin\/create\/button\/?url=https%3A%2F%2Ffonds-risq.qc.ca%2Fen%2Fentreprise%2Fguilde-developpeurs-de-jeux-video-independants-quebec%2F&#038;description=La%20Guilde%20des%20d%C3%A9veloppeurs%20de%20jeux%20vid%C3%A9o%20ind%C3%A9pendants%20du%20Qu%C3%A9bec&#038;media=https%3A%2F%2Ffonds-risq.qc.ca%2Fwp-content%2Fuploads%2F2018%2F05%2FCoop-Guilde.jpg\"><i class=\"tg-icon-pinterest\"><\/i><\/a><\/div><\/div><\/div><div class=\"tg-item-content-holder tg-light image-format\" style=\"background-color:#ee4224\"><span class=\"tg-item-date\">10 May 2018<\/span><h2 class=\"tg-item-title\"><a href=\"https:\/\/fonds-risq.qc.ca\/en\/entreprise\/guilde-developpeurs-de-jeux-video-independants-quebec\/\" target=\"_self\">La Guilde des d\u00e9veloppeurs de jeux vid\u00e9o ind\u00e9pendants du Qu\u00e9bec<\/a><\/h2><span class=\"tg-cats-holder\"><a class=\"filtres_des_entreprises\" href=\"https:\/\/fonds-risq.qc.ca\/en\/filtres_des_entreprises\/2017-en\/\" rel=\"category\" data-term-id=\"222\"><span class=\"tg-item-term\" >2017<\/span><\/a><span>, <\/span><a class=\"filtres_des_entreprises\" href=\"https:\/\/fonds-risq.qc.ca\/en\/filtres_des_entreprises\/coop-en\/\" rel=\"category\" data-term-id=\"151\"><span class=\"tg-item-term\" >COOP<\/span><\/a><span>, <\/span><a class=\"filtres_des_entreprises\" href=\"https:\/\/fonds-risq.qc.ca\/en\/filtres_des_entreprises\/montreal-en\/\" rel=\"category\" data-term-id=\"128\"><span class=\"tg-item-term\" >Montr\u00e9al<\/span><\/a><span>, <\/span><a class=\"filtres_des_entreprises\" href=\"https:\/\/fonds-risq.qc.ca\/en\/filtres_des_entreprises\/pre-startup-loan\/\" rel=\"category\" data-term-id=\"147\"><span class=\"tg-item-term\" >Pre-startup loan<\/span><\/a><span>, <\/span><a class=\"filtres_des_entreprises\" href=\"https:\/\/fonds-risq.qc.ca\/en\/filtres_des_entreprises\/services-en\/\" rel=\"category\" data-term-id=\"135\"><span class=\"tg-item-term\" >Services<\/span><\/a><\/span><p class=\"tg-item-excerpt\">La Guilde est une organisation qui regroupe des d\u00e9veloppeurs de jeux vid\u00e9o ainsi que d\u2019autres cr\u00e9ateurs et entrepreneurs des domaines connexes \u00e9tablis au Qu\u00e9bec. La Guilde a pour vision de cultiver un terreau fertile de coop\u00e9ration et...<\/p><div class=\"tg-item-footer\"><a class=\"tg-item-comment\" href=\"https:\/\/fonds-risq.qc.ca\/en\/entreprise\/guilde-developpeurs-de-jeux-video-independants-quebec\/\"  target=\"_self\">No comment<\/a><span class=\"no-ajaxy to-post-like no-liked empty-heart\" data-post-id=\"9008\" title=\"Like\"><span class=\"to-heart-icon\"><svg xmlns=\"http:\/\/www.w3.org\/2000\/svg\" version=\"1.1\" viewBox=\"0 0 64 64\"><g transform=\"translate(0, 0)\"><path stroke-width=\"6\" stroke-linecap=\"square\" stroke-miterlimit=\"10\" d=\"M1,21c0,20,31,38,31,38s31-18,31-38 c0-8.285-6-16-15-16c-8.285,0-16,5.715-16,14c0-8.285-7.715-14-16-14C7,5,1,12.715,1,21z\"><\/path><\/g><\/svg><\/span><span class=\"to-like-count\">0<\/span><\/span><\/div><\/div><\/div><\/article><!-- The Grid item #341 --><article class=\"tg-item tg-post-9010 kampala f222 f148 f127 f150 f135\" data-row=\"1\" data-col=\"1\"><div class=\"tg-item-inner\"><div class=\"tg-item-media-holder tg-light\"><div class=\"tg-item-media-inner\"><img decoding=\"async\" class=\"tg-item-image\" alt=\"\" width=\"2560\" height=\"1024\" src=\"https:\/\/fonds-risq.qc.ca\/wp-content\/uploads\/2018\/05\/32089515_2070788189912911_63894480410902528_o-scaled.jpg\"><\/div><div class=\"tg-center-holder\"><div class=\"tg-center-inner\"><div class=\"tg-item-overlay\"><\/div><a class=\"tg-link-button\" href=\"https:\/\/fonds-risq.qc.ca\/en\/entreprise\/baobab-cafe-de-quartier\/\" target=\"_self\"><i class=\"tg-icon-link\"><\/i><\/a><\/div><\/div><div class=\"tg-item-decoration\"><div class=\"triangle-down-right\" style=\"border-color:#0097c8\"><\/div><\/div><div class=\"tg-item-share-holder\"><div class=\"triangle-up-left\" style=\"border-color:rgba(22,22,22,0.65)\"><\/div><i class=\"tg-icon-reply\" style=\"color:#ffffff\"><\/i><div class=\"tg-share-icons\"><a class=\"tg-social-share tg-facebook\" href=\"https:\/\/www.facebook.com\/sharer.php?u=https%3A%2F%2Ffonds-risq.qc.ca%2Fen%2Fentreprise%2Fbaobab-cafe-de-quartier%2F&#038;t=Baobab%2C%20caf%C3%A9%20de%20Quartier\"><i class=\"tg-icon-facebook\"><\/i><\/a><a class=\"tg-social-share tg-twitter\" href=\"https:\/\/twitter.com\/share?url=https%3A%2F%2Ffonds-risq.qc.ca%2Fen%2Fentreprise%2Fbaobab-cafe-de-quartier%2F&#038;text=Baobab%2C%20caf%C3%A9%20de%20Quartier\"><i class=\"tg-icon-twitter\"><\/i><\/a><a class=\"tg-social-share tg-google-plus\" href=\"https:\/\/plus.google.com\/share?url=https%3A%2F%2Ffonds-risq.qc.ca%2Fen%2Fentreprise%2Fbaobab-cafe-de-quartier%2F\"><i class=\"tg-icon-google-plus\"><\/i><\/a><a class=\"tg-social-share tg-pinterest\" href=\"https:\/\/pinterest.com\/pin\/create\/button\/?url=https%3A%2F%2Ffonds-risq.qc.ca%2Fen%2Fentreprise%2Fbaobab-cafe-de-quartier%2F&#038;description=Baobab%2C%20caf%C3%A9%20de%20Quartier&#038;media=https%3A%2F%2Ffonds-risq.qc.ca%2Fwp-content%2Fuploads%2F2018%2F05%2F32089515_2070788189912911_63894480410902528_o-scaled.jpg\"><i class=\"tg-icon-pinterest\"><\/i><\/a><\/div><\/div><\/div><div class=\"tg-item-content-holder tg-light image-format\" style=\"background-color:#0097c8\"><span class=\"tg-item-date\">10 May 2018<\/span><h2 class=\"tg-item-title\"><a href=\"https:\/\/fonds-risq.qc.ca\/en\/entreprise\/baobab-cafe-de-quartier\/\" target=\"_self\">Baobab, caf\u00e9 de Quartier<\/a><\/h2><span class=\"tg-cats-holder\"><a class=\"filtres_des_entreprises\" href=\"https:\/\/fonds-risq.qc.ca\/en\/filtres_des_entreprises\/2017-en\/\" rel=\"category\" data-term-id=\"222\"><span class=\"tg-item-term\" >2017<\/span><\/a><span>, <\/span><a class=\"filtres_des_entreprises\" href=\"https:\/\/fonds-risq.qc.ca\/en\/filtres_des_entreprises\/capitalization-loan\/\" rel=\"category\" data-term-id=\"148\"><span class=\"tg-item-term\" >Capitalization loan<\/span><\/a><span>, <\/span><a class=\"filtres_des_entreprises\" href=\"https:\/\/fonds-risq.qc.ca\/en\/filtres_des_entreprises\/estrie-en\/\" rel=\"category\" data-term-id=\"127\"><span class=\"tg-item-term\" >Estrie<\/span><\/a><span>, <\/span><a class=\"filtres_des_entreprises\" href=\"https:\/\/fonds-risq.qc.ca\/en\/filtres_des_entreprises\/npo\/\" rel=\"category\" data-term-id=\"150\"><span class=\"tg-item-term\" >NPO<\/span><\/a><span>, <\/span><a class=\"filtres_des_entreprises\" href=\"https:\/\/fonds-risq.qc.ca\/en\/filtres_des_entreprises\/services-en\/\" rel=\"category\" data-term-id=\"135\"><span class=\"tg-item-term\" >Services<\/span><\/a><\/span><p class=\"tg-item-excerpt\">Le Baobab - Caf\u00e9 de Quartier ouvre bient\u00f4t ses portes \u00e0 Sherbrooke, dans le quartier Ascot. L'endroit se veut accessible et rassembleur, le menu sant\u00e9, gourmand et tr\u00e8s abordable!...<\/p><div class=\"tg-item-footer\"><a class=\"tg-item-comment\" href=\"https:\/\/fonds-risq.qc.ca\/en\/entreprise\/baobab-cafe-de-quartier\/\"  target=\"_self\">No comment<\/a><span class=\"no-ajaxy to-post-like no-liked empty-heart\" data-post-id=\"9010\" title=\"Like\"><span class=\"to-heart-icon\"><svg xmlns=\"http:\/\/www.w3.org\/2000\/svg\" version=\"1.1\" viewBox=\"0 0 64 64\"><g transform=\"translate(0, 0)\"><path stroke-width=\"6\" stroke-linecap=\"square\" stroke-miterlimit=\"10\" d=\"M1,21c0,20,31,38,31,38s31-18,31-38 c0-8.285-6-16-15-16c-8.285,0-16,5.715-16,14c0-8.285-7.715-14-16-14C7,5,1,12.715,1,21z\"><\/path><\/g><\/svg><\/span><span class=\"to-like-count\">0<\/span><\/span><\/div><\/div><\/div><\/article><!-- The Grid item #342 --><article class=\"tg-item tg-post-9013 kampala f222 f131 f148 f150 f135\" data-row=\"1\" data-col=\"1\"><div class=\"tg-item-inner\"><div class=\"tg-item-media-holder tg-light\"><div class=\"tg-item-media-inner\"><img decoding=\"async\" class=\"tg-item-image\" alt=\"\" width=\"960\" height=\"954\" src=\"https:\/\/fonds-risq.qc.ca\/wp-content\/uploads\/2018\/05\/La-Station.jpg\"><\/div><div class=\"tg-center-holder\"><div class=\"tg-center-inner\"><div class=\"tg-item-overlay\"><\/div><a class=\"tg-link-button\" href=\"https:\/\/fonds-risq.qc.ca\/en\/entreprise\/station-espaces-collaboratifs\/\" target=\"_self\"><i class=\"tg-icon-link\"><\/i><\/a><\/div><\/div><div class=\"tg-item-decoration\"><div class=\"triangle-down-right\" style=\"border-color:#0097c8\"><\/div><\/div><div class=\"tg-item-share-holder\"><div class=\"triangle-up-left\" style=\"border-color:rgba(22,22,22,0.65)\"><\/div><i class=\"tg-icon-reply\" style=\"color:#ffffff\"><\/i><div class=\"tg-share-icons\"><a class=\"tg-social-share tg-facebook\" href=\"https:\/\/www.facebook.com\/sharer.php?u=https%3A%2F%2Ffonds-risq.qc.ca%2Fen%2Fentreprise%2Fstation-espaces-collaboratifs%2F&#038;t=La%20Station%20espaces%20collaboratifs\"><i class=\"tg-icon-facebook\"><\/i><\/a><a class=\"tg-social-share tg-twitter\" href=\"https:\/\/twitter.com\/share?url=https%3A%2F%2Ffonds-risq.qc.ca%2Fen%2Fentreprise%2Fstation-espaces-collaboratifs%2F&#038;text=La%20Station%20espaces%20collaboratifs\"><i class=\"tg-icon-twitter\"><\/i><\/a><a class=\"tg-social-share tg-google-plus\" href=\"https:\/\/plus.google.com\/share?url=https%3A%2F%2Ffonds-risq.qc.ca%2Fen%2Fentreprise%2Fstation-espaces-collaboratifs%2F\"><i class=\"tg-icon-google-plus\"><\/i><\/a><a class=\"tg-social-share tg-pinterest\" href=\"https:\/\/pinterest.com\/pin\/create\/button\/?url=https%3A%2F%2Ffonds-risq.qc.ca%2Fen%2Fentreprise%2Fstation-espaces-collaboratifs%2F&#038;description=La%20Station%20espaces%20collaboratifs&#038;media=https%3A%2F%2Ffonds-risq.qc.ca%2Fwp-content%2Fuploads%2F2018%2F05%2FLa-Station.jpg\"><i class=\"tg-icon-pinterest\"><\/i><\/a><\/div><\/div><\/div><div class=\"tg-item-content-holder tg-light image-format\" style=\"background-color:#0097c8\"><span class=\"tg-item-date\">10 May 2018<\/span><h2 class=\"tg-item-title\"><a href=\"https:\/\/fonds-risq.qc.ca\/en\/entreprise\/station-espaces-collaboratifs\/\" target=\"_self\">La Station espaces collaboratifs<\/a><\/h2><span class=\"tg-cats-holder\"><a class=\"filtres_des_entreprises\" href=\"https:\/\/fonds-risq.qc.ca\/en\/filtres_des_entreprises\/2017-en\/\" rel=\"category\" data-term-id=\"222\"><span class=\"tg-item-term\" >2017<\/span><\/a><span>, <\/span><a class=\"filtres_des_entreprises\" href=\"https:\/\/fonds-risq.qc.ca\/en\/filtres_des_entreprises\/bas-saint-laurent-en\/\" rel=\"category\" data-term-id=\"131\"><span class=\"tg-item-term\" >Bas-Saint-Laurent<\/span><\/a><span>, <\/span><a class=\"filtres_des_entreprises\" href=\"https:\/\/fonds-risq.qc.ca\/en\/filtres_des_entreprises\/capitalization-loan\/\" rel=\"category\" data-term-id=\"148\"><span class=\"tg-item-term\" >Capitalization loan<\/span><\/a><span>, <\/span><a class=\"filtres_des_entreprises\" href=\"https:\/\/fonds-risq.qc.ca\/en\/filtres_des_entreprises\/npo\/\" rel=\"category\" data-term-id=\"150\"><span class=\"tg-item-term\" >NPO<\/span><\/a><span>, <\/span><a class=\"filtres_des_entreprises\" href=\"https:\/\/fonds-risq.qc.ca\/en\/filtres_des_entreprises\/services-en\/\" rel=\"category\" data-term-id=\"135\"><span class=\"tg-item-term\" >Services<\/span><\/a><\/span><p class=\"tg-item-excerpt\">La Station est un espace de travail collaboratif \u00e0 Rimouski.\r\n\r\nSitu\u00e9e en plein c\u0153ur du centre-ville, La Station propose les indispensables \u00e0 votre rendement, en un seul et m\u00eame lieu accessible \u00e0 l\u2019heure, \u00e0 la journ\u00e9e, \u00e0 la semaine, au...<\/p><div class=\"tg-item-footer\"><a class=\"tg-item-comment\" href=\"https:\/\/fonds-risq.qc.ca\/en\/entreprise\/station-espaces-collaboratifs\/\"  target=\"_self\">No comment<\/a><span class=\"no-ajaxy to-post-like no-liked empty-heart\" data-post-id=\"9013\" title=\"Like\"><span class=\"to-heart-icon\"><svg xmlns=\"http:\/\/www.w3.org\/2000\/svg\" version=\"1.1\" viewBox=\"0 0 64 64\"><g transform=\"translate(0, 0)\"><path stroke-width=\"6\" stroke-linecap=\"square\" stroke-miterlimit=\"10\" d=\"M1,21c0,20,31,38,31,38s31-18,31-38 c0-8.285-6-16-15-16c-8.285,0-16,5.715-16,14c0-8.285-7.715-14-16-14C7,5,1,12.715,1,21z\"><\/path><\/g><\/svg><\/span><span class=\"to-like-count\">0<\/span><\/span><\/div><\/div><\/div><\/article><!-- The Grid item #343 --><article class=\"tg-item tg-post-9016 kampala f222 f148 f164 f150 f142\" data-row=\"1\" data-col=\"1\"><div class=\"tg-item-inner\"><div class=\"tg-item-media-holder tg-light\"><div class=\"tg-item-media-inner\"><img decoding=\"async\" class=\"tg-item-image\" alt=\"\" width=\"1280\" height=\"960\" src=\"https:\/\/fonds-risq.qc.ca\/wp-content\/uploads\/2018\/05\/Contact-centre.jpg\"><\/div><div class=\"tg-center-holder\"><div class=\"tg-center-inner\"><div class=\"tg-item-overlay\"><\/div><a class=\"tg-link-button\" href=\"https:\/\/fonds-risq.qc.ca\/en\/entreprise\/centre-dentraide-contact-de-warwick\/\" target=\"_self\"><i class=\"tg-icon-link\"><\/i><\/a><\/div><\/div><div class=\"tg-item-decoration\"><div class=\"triangle-down-right\" style=\"border-color:#0097c8\"><\/div><\/div><div class=\"tg-item-share-holder\"><div class=\"triangle-up-left\" style=\"border-color:rgba(22,22,22,0.65)\"><\/div><i class=\"tg-icon-reply\" style=\"color:#ffffff\"><\/i><div class=\"tg-share-icons\"><a class=\"tg-social-share tg-facebook\" href=\"https:\/\/www.facebook.com\/sharer.php?u=https%3A%2F%2Ffonds-risq.qc.ca%2Fen%2Fentreprise%2Fcentre-dentraide-contact-de-warwick%2F&#038;t=Centre%20d%E2%80%99entraide%20Contact%20de%20Warwick\"><i class=\"tg-icon-facebook\"><\/i><\/a><a class=\"tg-social-share tg-twitter\" href=\"https:\/\/twitter.com\/share?url=https%3A%2F%2Ffonds-risq.qc.ca%2Fen%2Fentreprise%2Fcentre-dentraide-contact-de-warwick%2F&#038;text=Centre%20d%E2%80%99entraide%20Contact%20de%20Warwick\"><i class=\"tg-icon-twitter\"><\/i><\/a><a class=\"tg-social-share tg-google-plus\" href=\"https:\/\/plus.google.com\/share?url=https%3A%2F%2Ffonds-risq.qc.ca%2Fen%2Fentreprise%2Fcentre-dentraide-contact-de-warwick%2F\"><i class=\"tg-icon-google-plus\"><\/i><\/a><a class=\"tg-social-share tg-pinterest\" href=\"https:\/\/pinterest.com\/pin\/create\/button\/?url=https%3A%2F%2Ffonds-risq.qc.ca%2Fen%2Fentreprise%2Fcentre-dentraide-contact-de-warwick%2F&#038;description=Centre%20d%E2%80%99entraide%20Contact%20de%20Warwick&#038;media=https%3A%2F%2Ffonds-risq.qc.ca%2Fwp-content%2Fuploads%2F2018%2F05%2FContact-centre.jpg\"><i class=\"tg-icon-pinterest\"><\/i><\/a><\/div><\/div><\/div><div class=\"tg-item-content-holder tg-light image-format\" style=\"background-color:#0097c8\"><span class=\"tg-item-date\">10 May 2018<\/span><h2 class=\"tg-item-title\"><a href=\"https:\/\/fonds-risq.qc.ca\/en\/entreprise\/centre-dentraide-contact-de-warwick\/\" target=\"_self\">Centre d&#8217;entraide Contact de Warwick<\/a><\/h2><span class=\"tg-cats-holder\"><a class=\"filtres_des_entreprises\" href=\"https:\/\/fonds-risq.qc.ca\/en\/filtres_des_entreprises\/2017-en\/\" rel=\"category\" data-term-id=\"222\"><span class=\"tg-item-term\" >2017<\/span><\/a><span>, <\/span><a class=\"filtres_des_entreprises\" href=\"https:\/\/fonds-risq.qc.ca\/en\/filtres_des_entreprises\/capitalization-loan\/\" rel=\"category\" data-term-id=\"148\"><span class=\"tg-item-term\" >Capitalization loan<\/span><\/a><span>, <\/span><a class=\"filtres_des_entreprises\" href=\"https:\/\/fonds-risq.qc.ca\/en\/filtres_des_entreprises\/centre-du-quebec-en\/\" rel=\"category\" data-term-id=\"164\"><span class=\"tg-item-term\" >Centre-du-Qu\u00e9bec<\/span><\/a><span>, <\/span><a class=\"filtres_des_entreprises\" href=\"https:\/\/fonds-risq.qc.ca\/en\/filtres_des_entreprises\/npo\/\" rel=\"category\" data-term-id=\"150\"><span class=\"tg-item-term\" >NPO<\/span><\/a><span>, <\/span><a class=\"filtres_des_entreprises\" href=\"https:\/\/fonds-risq.qc.ca\/en\/filtres_des_entreprises\/services-to-people\/\" rel=\"category\" data-term-id=\"142\"><span class=\"tg-item-term\" >Services to people<\/span><\/a><\/span><p class=\"tg-item-excerpt\">Organisme de r\u00e9insertion op\u00e9rant une friperie, un service de traiteur, maintien \u00e0 domicile et d\u00e9pannage social . Elle offre \u00e9galement le service du transport\/accompagnement \u00e0 la municipalit\u00e9 de Sainte-S\u00e9raphine....<\/p><div class=\"tg-item-footer\"><a class=\"tg-item-comment\" href=\"https:\/\/fonds-risq.qc.ca\/en\/entreprise\/centre-dentraide-contact-de-warwick\/\"  target=\"_self\">No comment<\/a><span class=\"no-ajaxy to-post-like no-liked empty-heart\" data-post-id=\"9016\" title=\"Like\"><span class=\"to-heart-icon\"><svg xmlns=\"http:\/\/www.w3.org\/2000\/svg\" version=\"1.1\" viewBox=\"0 0 64 64\"><g transform=\"translate(0, 0)\"><path stroke-width=\"6\" stroke-linecap=\"square\" stroke-miterlimit=\"10\" d=\"M1,21c0,20,31,38,31,38s31-18,31-38 c0-8.285-6-16-15-16c-8.285,0-16,5.715-16,14c0-8.285-7.715-14-16-14C7,5,1,12.715,1,21z\"><\/path><\/g><\/svg><\/span><span class=\"to-like-count\">0<\/span><\/span><\/div><\/div><\/div><\/article><!-- The Grid item #344 --><article class=\"tg-item tg-post-9019 kampala f222 f223 f150 f158 f155 f146\" data-row=\"1\" data-col=\"1\"><div class=\"tg-item-inner\"><div class=\"tg-item-media-holder tg-light\"><div class=\"tg-item-media-inner\"><img decoding=\"async\" class=\"tg-item-image\" alt=\"\" width=\"1650\" height=\"880\" src=\"https:\/\/fonds-risq.qc.ca\/wp-content\/uploads\/2018\/05\/Resto3F.jpg\"><\/div><div class=\"tg-center-holder\"><div class=\"tg-center-inner\"><div class=\"tg-item-overlay\"><\/div><a class=\"tg-link-button\" href=\"https:\/\/fonds-risq.qc.ca\/en\/entreprise\/tournant-3f\/\" target=\"_self\"><i class=\"tg-icon-link\"><\/i><\/a><\/div><\/div><div class=\"tg-item-decoration\"><div class=\"triangle-down-right\" style=\"border-color:#b7c634\"><\/div><\/div><div class=\"tg-item-share-holder\"><div class=\"triangle-up-left\" style=\"border-color:rgba(22,22,22,0.65)\"><\/div><i class=\"tg-icon-reply\" style=\"color:#ffffff\"><\/i><div class=\"tg-share-icons\"><a class=\"tg-social-share tg-facebook\" href=\"https:\/\/www.facebook.com\/sharer.php?u=https%3A%2F%2Ffonds-risq.qc.ca%2Fen%2Fentreprise%2Ftournant-3f%2F&#038;t=Tournant%203F\"><i class=\"tg-icon-facebook\"><\/i><\/a><a class=\"tg-social-share tg-twitter\" href=\"https:\/\/twitter.com\/share?url=https%3A%2F%2Ffonds-risq.qc.ca%2Fen%2Fentreprise%2Ftournant-3f%2F&#038;text=Tournant%203F\"><i class=\"tg-icon-twitter\"><\/i><\/a><a class=\"tg-social-share tg-google-plus\" href=\"https:\/\/plus.google.com\/share?url=https%3A%2F%2Ffonds-risq.qc.ca%2Fen%2Fentreprise%2Ftournant-3f%2F\"><i class=\"tg-icon-google-plus\"><\/i><\/a><a class=\"tg-social-share tg-pinterest\" href=\"https:\/\/pinterest.com\/pin\/create\/button\/?url=https%3A%2F%2Ffonds-risq.qc.ca%2Fen%2Fentreprise%2Ftournant-3f%2F&#038;description=Tournant%203F&#038;media=https%3A%2F%2Ffonds-risq.qc.ca%2Fwp-content%2Fuploads%2F2018%2F05%2FResto3F.jpg\"><i class=\"tg-icon-pinterest\"><\/i><\/a><\/div><\/div><\/div><div class=\"tg-item-content-holder tg-light image-format\" style=\"background-color:#b7c634\"><span class=\"tg-item-date\">10 May 2018<\/span><h2 class=\"tg-item-title\"><a href=\"https:\/\/fonds-risq.qc.ca\/en\/entreprise\/tournant-3f\/\" target=\"_self\">Tournant 3F<\/a><\/h2><span class=\"tg-cats-holder\"><a class=\"filtres_des_entreprises\" href=\"https:\/\/fonds-risq.qc.ca\/en\/filtres_des_entreprises\/2017-en\/\" rel=\"category\" data-term-id=\"222\"><span class=\"tg-item-term\" >2017<\/span><\/a><span>, <\/span><a class=\"filtres_des_entreprises\" href=\"https:\/\/fonds-risq.qc.ca\/en\/filtres_des_entreprises\/2018-en\/\" rel=\"category\" data-term-id=\"223\"><span class=\"tg-item-term\" >2018<\/span><\/a><span>, <\/span><a class=\"filtres_des_entreprises\" href=\"https:\/\/fonds-risq.qc.ca\/en\/filtres_des_entreprises\/npo\/\" rel=\"category\" data-term-id=\"150\"><span class=\"tg-item-term\" >NPO<\/span><\/a><span>, <\/span><a class=\"filtres_des_entreprises\" href=\"https:\/\/fonds-risq.qc.ca\/en\/filtres_des_entreprises\/restaurant\/\" rel=\"category\" data-term-id=\"158\"><span class=\"tg-item-term\" >Restaurant<\/span><\/a><span>, <\/span><a class=\"filtres_des_entreprises\" href=\"https:\/\/fonds-risq.qc.ca\/en\/filtres_des_entreprises\/saguenay-lac-saint-jean-en\/\" rel=\"category\" data-term-id=\"155\"><span class=\"tg-item-term\" >Saguenay-Lac-Saint-Jean<\/span><\/a><span>, <\/span><a class=\"filtres_des_entreprises\" href=\"https:\/\/fonds-risq.qc.ca\/en\/filtres_des_entreprises\/pret-pour-aide-technique-en\/\" rel=\"category\" data-term-id=\"146\"><span class=\"tg-item-term\" >Technical assistance loan<\/span><\/a><\/span><p class=\"tg-item-excerpt\">Offrant une fine cuisine artisanale, cette entreprise d'insertion op\u00e8re un restaurant, un service de livraisons de petits colis et un service de conciergerie....<\/p><div class=\"tg-item-footer\"><a class=\"tg-item-comment\" href=\"https:\/\/fonds-risq.qc.ca\/en\/entreprise\/tournant-3f\/\"  target=\"_self\">No comment<\/a><span class=\"no-ajaxy to-post-like no-liked empty-heart\" data-post-id=\"9019\" title=\"Like\"><span class=\"to-heart-icon\"><svg xmlns=\"http:\/\/www.w3.org\/2000\/svg\" version=\"1.1\" viewBox=\"0 0 64 64\"><g transform=\"translate(0, 0)\"><path stroke-width=\"6\" stroke-linecap=\"square\" stroke-miterlimit=\"10\" d=\"M1,21c0,20,31,38,31,38s31-18,31-38 c0-8.285-6-16-15-16c-8.285,0-16,5.715-16,14c0-8.285-7.715-14-16-14C7,5,1,12.715,1,21z\"><\/path><\/g><\/svg><\/span><span class=\"to-like-count\">0<\/span><\/span><\/div><\/div><\/div><\/article><!-- The Grid item #345 --><article class=\"tg-item tg-post-9021 kampala f222 f148 f128 f150 f135\" data-row=\"1\" data-col=\"1\"><div class=\"tg-item-inner\"><div class=\"tg-item-media-holder tg-light\"><div class=\"tg-item-media-inner\"><img decoding=\"async\" class=\"tg-item-image\" alt=\"\" width=\"2048\" height=\"1536\" src=\"https:\/\/fonds-risq.qc.ca\/wp-content\/uploads\/2018\/05\/\u00c9choppe-de-Gaia.jpg\"><\/div><div class=\"tg-center-holder\"><div class=\"tg-center-inner\"><div class=\"tg-item-overlay\"><\/div><a class=\"tg-link-button\" href=\"https:\/\/fonds-risq.qc.ca\/en\/entreprise\/lechoppe-de-gaia\/\" target=\"_self\"><i class=\"tg-icon-link\"><\/i><\/a><\/div><\/div><div class=\"tg-item-decoration\"><div class=\"triangle-down-right\" style=\"border-color:#0097c8\"><\/div><\/div><div class=\"tg-item-share-holder\"><div class=\"triangle-up-left\" style=\"border-color:rgba(22,22,22,0.65)\"><\/div><i class=\"tg-icon-reply\" style=\"color:#ffffff\"><\/i><div class=\"tg-share-icons\"><a class=\"tg-social-share tg-facebook\" href=\"https:\/\/www.facebook.com\/sharer.php?u=https%3A%2F%2Ffonds-risq.qc.ca%2Fen%2Fentreprise%2Flechoppe-de-gaia%2F&#038;t=L%E2%80%99%C3%89choppe%20de%20Ga%C3%AFa\"><i class=\"tg-icon-facebook\"><\/i><\/a><a class=\"tg-social-share tg-twitter\" href=\"https:\/\/twitter.com\/share?url=https%3A%2F%2Ffonds-risq.qc.ca%2Fen%2Fentreprise%2Flechoppe-de-gaia%2F&#038;text=L%E2%80%99%C3%89choppe%20de%20Ga%C3%AFa\"><i class=\"tg-icon-twitter\"><\/i><\/a><a class=\"tg-social-share tg-google-plus\" href=\"https:\/\/plus.google.com\/share?url=https%3A%2F%2Ffonds-risq.qc.ca%2Fen%2Fentreprise%2Flechoppe-de-gaia%2F\"><i class=\"tg-icon-google-plus\"><\/i><\/a><a class=\"tg-social-share tg-pinterest\" href=\"https:\/\/pinterest.com\/pin\/create\/button\/?url=https%3A%2F%2Ffonds-risq.qc.ca%2Fen%2Fentreprise%2Flechoppe-de-gaia%2F&#038;description=L%E2%80%99%C3%89choppe%20de%20Ga%C3%AFa&#038;media=https%3A%2F%2Ffonds-risq.qc.ca%2Fwp-content%2Fuploads%2F2018%2F05%2F%C3%89choppe-de-Gaia.jpg\"><i class=\"tg-icon-pinterest\"><\/i><\/a><\/div><\/div><\/div><div class=\"tg-item-content-holder tg-light image-format\" style=\"background-color:#0097c8\"><span class=\"tg-item-date\">10 May 2018<\/span><h2 class=\"tg-item-title\"><a href=\"https:\/\/fonds-risq.qc.ca\/en\/entreprise\/lechoppe-de-gaia\/\" target=\"_self\">L&#8217;\u00c9choppe de Ga\u00efa<\/a><\/h2><span class=\"tg-cats-holder\"><a class=\"filtres_des_entreprises\" href=\"https:\/\/fonds-risq.qc.ca\/en\/filtres_des_entreprises\/2017-en\/\" rel=\"category\" data-term-id=\"222\"><span class=\"tg-item-term\" >2017<\/span><\/a><span>, <\/span><a class=\"filtres_des_entreprises\" href=\"https:\/\/fonds-risq.qc.ca\/en\/filtres_des_entreprises\/capitalization-loan\/\" rel=\"category\" data-term-id=\"148\"><span class=\"tg-item-term\" >Capitalization loan<\/span><\/a><span>, <\/span><a class=\"filtres_des_entreprises\" href=\"https:\/\/fonds-risq.qc.ca\/en\/filtres_des_entreprises\/montreal-en\/\" rel=\"category\" data-term-id=\"128\"><span class=\"tg-item-term\" >Montr\u00e9al<\/span><\/a><span>, <\/span><a class=\"filtres_des_entreprises\" href=\"https:\/\/fonds-risq.qc.ca\/en\/filtres_des_entreprises\/npo\/\" rel=\"category\" data-term-id=\"150\"><span class=\"tg-item-term\" >NPO<\/span><\/a><span>, <\/span><a class=\"filtres_des_entreprises\" href=\"https:\/\/fonds-risq.qc.ca\/en\/filtres_des_entreprises\/services-en\/\" rel=\"category\" data-term-id=\"135\"><span class=\"tg-item-term\" >Services<\/span><\/a><\/span><p class=\"tg-item-excerpt\">L\u2019\u00e9choppe de Ga\u00efa est une entreprise d\u2019\u00e9conomie sociale \u0153uvrant dans le secteur de l\u2019alimentation dans le quartier de Rivi\u00e8re-des-Prairies \u00e0 Montr\u00e9al....<\/p><div class=\"tg-item-footer\"><a class=\"tg-item-comment\" href=\"https:\/\/fonds-risq.qc.ca\/en\/entreprise\/lechoppe-de-gaia\/\"  target=\"_self\">No comment<\/a><span class=\"no-ajaxy to-post-like no-liked empty-heart\" data-post-id=\"9021\" title=\"Like\"><span class=\"to-heart-icon\"><svg xmlns=\"http:\/\/www.w3.org\/2000\/svg\" version=\"1.1\" viewBox=\"0 0 64 64\"><g transform=\"translate(0, 0)\"><path stroke-width=\"6\" stroke-linecap=\"square\" stroke-miterlimit=\"10\" d=\"M1,21c0,20,31,38,31,38s31-18,31-38 c0-8.285-6-16-15-16c-8.285,0-16,5.715-16,14c0-8.285-7.715-14-16-14C7,5,1,12.715,1,21z\"><\/path><\/g><\/svg><\/span><span class=\"to-like-count\">0<\/span><\/span><\/div><\/div><\/div><\/article><!-- The Grid item #346 --><article class=\"tg-item tg-post-9024 kampala f222 f130 f148 f151 f158\" data-row=\"1\" data-col=\"1\"><div class=\"tg-item-inner\"><div class=\"tg-item-media-holder tg-light\"><div class=\"tg-item-media-inner\"><img decoding=\"async\" class=\"tg-item-image\" alt=\"\" width=\"960\" height=\"540\" src=\"https:\/\/fonds-risq.qc.ca\/wp-content\/uploads\/2018\/05\/Mousse-caf\u00e9.jpg\"><\/div><div class=\"tg-center-holder\"><div class=\"tg-center-inner\"><div class=\"tg-item-overlay\"><\/div><a class=\"tg-link-button\" href=\"https:\/\/fonds-risq.qc.ca\/en\/entreprise\/mousse-cafe\/\" target=\"_self\"><i class=\"tg-icon-link\"><\/i><\/a><\/div><\/div><div class=\"tg-item-decoration\"><div class=\"triangle-down-right\" style=\"border-color:#0097c8\"><\/div><\/div><div class=\"tg-item-share-holder\"><div class=\"triangle-up-left\" style=\"border-color:rgba(22,22,22,0.65)\"><\/div><i class=\"tg-icon-reply\" style=\"color:#ffffff\"><\/i><div class=\"tg-share-icons\"><a class=\"tg-social-share tg-facebook\" href=\"https:\/\/www.facebook.com\/sharer.php?u=https%3A%2F%2Ffonds-risq.qc.ca%2Fen%2Fentreprise%2Fmousse-cafe%2F&#038;t=Mousse%20Caf%C3%A9\"><i class=\"tg-icon-facebook\"><\/i><\/a><a class=\"tg-social-share tg-twitter\" href=\"https:\/\/twitter.com\/share?url=https%3A%2F%2Ffonds-risq.qc.ca%2Fen%2Fentreprise%2Fmousse-cafe%2F&#038;text=Mousse%20Caf%C3%A9\"><i class=\"tg-icon-twitter\"><\/i><\/a><a class=\"tg-social-share tg-google-plus\" href=\"https:\/\/plus.google.com\/share?url=https%3A%2F%2Ffonds-risq.qc.ca%2Fen%2Fentreprise%2Fmousse-cafe%2F\"><i class=\"tg-icon-google-plus\"><\/i><\/a><a class=\"tg-social-share tg-pinterest\" href=\"https:\/\/pinterest.com\/pin\/create\/button\/?url=https%3A%2F%2Ffonds-risq.qc.ca%2Fen%2Fentreprise%2Fmousse-cafe%2F&#038;description=Mousse%20Caf%C3%A9&#038;media=https%3A%2F%2Ffonds-risq.qc.ca%2Fwp-content%2Fuploads%2F2018%2F05%2FMousse-caf%C3%A9.jpg\"><i class=\"tg-icon-pinterest\"><\/i><\/a><\/div><\/div><\/div><div class=\"tg-item-content-holder tg-light image-format\" style=\"background-color:#0097c8\"><span class=\"tg-item-date\">10 May 2018<\/span><h2 class=\"tg-item-title\"><a href=\"https:\/\/fonds-risq.qc.ca\/en\/entreprise\/mousse-cafe\/\" target=\"_self\">Mousse Caf\u00e9<\/a><\/h2><span class=\"tg-cats-holder\"><a class=\"filtres_des_entreprises\" href=\"https:\/\/fonds-risq.qc.ca\/en\/filtres_des_entreprises\/2017-en\/\" rel=\"category\" data-term-id=\"222\"><span class=\"tg-item-term\" >2017<\/span><\/a><span>, <\/span><a class=\"filtres_des_entreprises\" href=\"https:\/\/fonds-risq.qc.ca\/en\/filtres_des_entreprises\/capitale-nationale-en\/\" rel=\"category\" data-term-id=\"130\"><span class=\"tg-item-term\" >Capitale-Nationale<\/span><\/a><span>, <\/span><a class=\"filtres_des_entreprises\" href=\"https:\/\/fonds-risq.qc.ca\/en\/filtres_des_entreprises\/capitalization-loan\/\" rel=\"category\" data-term-id=\"148\"><span class=\"tg-item-term\" >Capitalization loan<\/span><\/a><span>, <\/span><a class=\"filtres_des_entreprises\" href=\"https:\/\/fonds-risq.qc.ca\/en\/filtres_des_entreprises\/coop-en\/\" rel=\"category\" data-term-id=\"151\"><span class=\"tg-item-term\" >COOP<\/span><\/a><span>, <\/span><a class=\"filtres_des_entreprises\" href=\"https:\/\/fonds-risq.qc.ca\/en\/filtres_des_entreprises\/restaurant\/\" rel=\"category\" data-term-id=\"158\"><span class=\"tg-item-term\" >Restaurant<\/span><\/a><\/span><p class=\"tg-item-excerpt\">Le Mousse Caf\u00e9, coop\u00e9rative de solidarit\u00e9, c'est un caf\u00e9 offrant des menus simples et all\u00e9chants, des espaces de jeux pour les enfants, une collection de jeux de soci\u00e9t\u00e9 pour petits et grands, des ateliers cr\u00e9atifs et une boutique...<\/p><div class=\"tg-item-footer\"><a class=\"tg-item-comment\" href=\"https:\/\/fonds-risq.qc.ca\/en\/entreprise\/mousse-cafe\/\"  target=\"_self\">No comment<\/a><span class=\"no-ajaxy to-post-like no-liked empty-heart\" data-post-id=\"9024\" title=\"Like\"><span class=\"to-heart-icon\"><svg xmlns=\"http:\/\/www.w3.org\/2000\/svg\" version=\"1.1\" viewBox=\"0 0 64 64\"><g transform=\"translate(0, 0)\"><path stroke-width=\"6\" stroke-linecap=\"square\" stroke-miterlimit=\"10\" d=\"M1,21c0,20,31,38,31,38s31-18,31-38 c0-8.285-6-16-15-16c-8.285,0-16,5.715-16,14c0-8.285-7.715-14-16-14C7,5,1,12.715,1,21z\"><\/path><\/g><\/svg><\/span><span class=\"to-like-count\">0<\/span><\/span><\/div><\/div><\/div><\/article><!-- The Grid item #347 --><article class=\"tg-item tg-post-5656 kampala f222 f148 f151 f165 f175\" data-row=\"1\" data-col=\"1\"><div class=\"tg-item-inner\"><div class=\"tg-item-media-holder tg-light\"><div class=\"tg-item-media-inner\"><img decoding=\"async\" class=\"tg-item-image\" alt=\"\" width=\"1024\" height=\"683\" src=\"https:\/\/fonds-risq.qc.ca\/wp-content\/uploads\/2018\/04\/Photo-022-J.-Lachance-bateau-maison-\u00e0-Natashquan-Voyages-Coste-2-1024x683.jpg\"><\/div><div class=\"tg-center-holder\"><div class=\"tg-center-inner\"><div class=\"tg-item-overlay\"><\/div><a class=\"tg-link-button\" href=\"https:\/\/fonds-risq.qc.ca\/en\/entreprise\/voyage-coste\/\" target=\"_self\"><i class=\"tg-icon-link\"><\/i><\/a><\/div><\/div><div class=\"tg-item-decoration\"><div class=\"triangle-down-right\" style=\"border-color:#0097c8\"><\/div><\/div><div class=\"tg-item-share-holder\"><div class=\"triangle-up-left\" style=\"border-color:rgba(22,22,22,0.65)\"><\/div><i class=\"tg-icon-reply\" style=\"color:#ffffff\"><\/i><div class=\"tg-share-icons\"><a class=\"tg-social-share tg-facebook\" href=\"https:\/\/www.facebook.com\/sharer.php?u=https%3A%2F%2Ffonds-risq.qc.ca%2Fen%2Fentreprise%2Fvoyage-coste%2F&#038;t=Voyages%20CoSte\"><i class=\"tg-icon-facebook\"><\/i><\/a><a class=\"tg-social-share tg-twitter\" href=\"https:\/\/twitter.com\/share?url=https%3A%2F%2Ffonds-risq.qc.ca%2Fen%2Fentreprise%2Fvoyage-coste%2F&#038;text=Voyages%20CoSte\"><i class=\"tg-icon-twitter\"><\/i><\/a><a class=\"tg-social-share tg-google-plus\" href=\"https:\/\/plus.google.com\/share?url=https%3A%2F%2Ffonds-risq.qc.ca%2Fen%2Fentreprise%2Fvoyage-coste%2F\"><i class=\"tg-icon-google-plus\"><\/i><\/a><a class=\"tg-social-share tg-pinterest\" href=\"https:\/\/pinterest.com\/pin\/create\/button\/?url=https%3A%2F%2Ffonds-risq.qc.ca%2Fen%2Fentreprise%2Fvoyage-coste%2F&#038;description=Voyages%20CoSte&#038;media=https%3A%2F%2Ffonds-risq.qc.ca%2Fwp-content%2Fuploads%2F2018%2F04%2FPhoto-022-J.-Lachance-bateau-maison-%C3%A0-Natashquan-Voyages-Coste-2-1024x683.jpg\"><i class=\"tg-icon-pinterest\"><\/i><\/a><\/div><\/div><\/div><div class=\"tg-item-content-holder tg-light image-format\" style=\"background-color:#0097c8\"><span class=\"tg-item-date\">6 April 2018<\/span><h2 class=\"tg-item-title\"><a href=\"https:\/\/fonds-risq.qc.ca\/en\/entreprise\/voyage-coste\/\" target=\"_self\">Voyages CoSte<\/a><\/h2><span class=\"tg-cats-holder\"><a class=\"filtres_des_entreprises\" href=\"https:\/\/fonds-risq.qc.ca\/en\/filtres_des_entreprises\/2017-en\/\" rel=\"category\" data-term-id=\"222\"><span class=\"tg-item-term\" >2017<\/span><\/a><span>, <\/span><a class=\"filtres_des_entreprises\" href=\"https:\/\/fonds-risq.qc.ca\/en\/filtres_des_entreprises\/capitalization-loan\/\" rel=\"category\" data-term-id=\"148\"><span class=\"tg-item-term\" >Capitalization loan<\/span><\/a><span>, <\/span><a class=\"filtres_des_entreprises\" href=\"https:\/\/fonds-risq.qc.ca\/en\/filtres_des_entreprises\/coop-en\/\" rel=\"category\" data-term-id=\"151\"><span class=\"tg-item-term\" >COOP<\/span><\/a><span>, <\/span><a class=\"filtres_des_entreprises\" href=\"https:\/\/fonds-risq.qc.ca\/en\/filtres_des_entreprises\/cote-nord-en\/\" rel=\"category\" data-term-id=\"165\"><span class=\"tg-item-term\" >C\u00f4te-Nord<\/span><\/a><span>, <\/span><a class=\"filtres_des_entreprises\" href=\"https:\/\/fonds-risq.qc.ca\/en\/filtres_des_entreprises\/tourism\/\" rel=\"category\" data-term-id=\"175\"><span class=\"tg-item-term\" >Tourism<\/span><\/a><\/span><p class=\"tg-item-excerpt\">Voyage CoSte a pris naissance en 2006 \u00e0 Natashquan, village du po\u00e8te bien connu Gilles Vigneault, lors d\u2019un forum au cours duquel il fut d\u00e9cid\u00e9 que l\u2019approche coop\u00e9rative permettrait au milieu de mieux se coordonner et d\u2019articuler une...<\/p><div class=\"tg-item-footer\"><a class=\"tg-item-comment\" href=\"https:\/\/fonds-risq.qc.ca\/en\/entreprise\/voyage-coste\/\"  target=\"_self\">No comment<\/a><span class=\"no-ajaxy to-post-like no-liked empty-heart\" data-post-id=\"5656\" title=\"Like\"><span class=\"to-heart-icon\"><svg xmlns=\"http:\/\/www.w3.org\/2000\/svg\" version=\"1.1\" viewBox=\"0 0 64 64\"><g transform=\"translate(0, 0)\"><path stroke-width=\"6\" stroke-linecap=\"square\" stroke-miterlimit=\"10\" d=\"M1,21c0,20,31,38,31,38s31-18,31-38 c0-8.285-6-16-15-16c-8.285,0-16,5.715-16,14c0-8.285-7.715-14-16-14C7,5,1,12.715,1,21z\"><\/path><\/g><\/svg><\/span><span class=\"to-like-count\">0<\/span><\/span><\/div><\/div><\/div><\/article><!-- The Grid item #348 --><article class=\"tg-item tg-post-5655 kampala f222 f127 f150 f135 f146\" data-row=\"1\" data-col=\"1\"><div class=\"tg-item-inner\"><div class=\"tg-item-media-holder tg-light\"><div class=\"tg-item-media-inner\"><img decoding=\"async\" class=\"tg-item-image\" alt=\"\" width=\"1280\" height=\"800\" src=\"https:\/\/fonds-risq.qc.ca\/wp-content\/uploads\/2018\/04\/CROQ_ImplantationProg_CHISASIBI-Nudiwashau-15.jpg\"><\/div><div class=\"tg-center-holder\"><div class=\"tg-center-inner\"><div class=\"tg-item-overlay\"><\/div><a class=\"tg-link-button\" href=\"https:\/\/fonds-risq.qc.ca\/en\/entreprise\/croquarium\/\" target=\"_self\"><i class=\"tg-icon-link\"><\/i><\/a><\/div><\/div><div class=\"tg-item-decoration\"><div class=\"triangle-down-right\" style=\"border-color:#b7c634\"><\/div><\/div><div class=\"tg-item-share-holder\"><div class=\"triangle-up-left\" style=\"border-color:rgba(22,22,22,0.65)\"><\/div><i class=\"tg-icon-reply\" style=\"color:#ffffff\"><\/i><div class=\"tg-share-icons\"><a class=\"tg-social-share tg-facebook\" href=\"https:\/\/www.facebook.com\/sharer.php?u=https%3A%2F%2Ffonds-risq.qc.ca%2Fen%2Fentreprise%2Fcroquarium%2F&#038;t=Croquarium\"><i class=\"tg-icon-facebook\"><\/i><\/a><a class=\"tg-social-share tg-twitter\" href=\"https:\/\/twitter.com\/share?url=https%3A%2F%2Ffonds-risq.qc.ca%2Fen%2Fentreprise%2Fcroquarium%2F&#038;text=Croquarium\"><i class=\"tg-icon-twitter\"><\/i><\/a><a class=\"tg-social-share tg-google-plus\" href=\"https:\/\/plus.google.com\/share?url=https%3A%2F%2Ffonds-risq.qc.ca%2Fen%2Fentreprise%2Fcroquarium%2F\"><i class=\"tg-icon-google-plus\"><\/i><\/a><a class=\"tg-social-share tg-pinterest\" href=\"https:\/\/pinterest.com\/pin\/create\/button\/?url=https%3A%2F%2Ffonds-risq.qc.ca%2Fen%2Fentreprise%2Fcroquarium%2F&#038;description=Croquarium&#038;media=https%3A%2F%2Ffonds-risq.qc.ca%2Fwp-content%2Fuploads%2F2018%2F04%2FCROQ_ImplantationProg_CHISASIBI-Nudiwashau-15.jpg\"><i class=\"tg-icon-pinterest\"><\/i><\/a><\/div><\/div><\/div><div class=\"tg-item-content-holder tg-light image-format\" style=\"background-color:#b7c634\"><span class=\"tg-item-date\">6 April 2018<\/span><h2 class=\"tg-item-title\"><a href=\"https:\/\/fonds-risq.qc.ca\/en\/entreprise\/croquarium\/\" target=\"_self\">Croquarium<\/a><\/h2><span class=\"tg-cats-holder\"><a class=\"filtres_des_entreprises\" href=\"https:\/\/fonds-risq.qc.ca\/en\/filtres_des_entreprises\/2017-en\/\" rel=\"category\" data-term-id=\"222\"><span class=\"tg-item-term\" >2017<\/span><\/a><span>, <\/span><a class=\"filtres_des_entreprises\" href=\"https:\/\/fonds-risq.qc.ca\/en\/filtres_des_entreprises\/estrie-en\/\" rel=\"category\" data-term-id=\"127\"><span class=\"tg-item-term\" >Estrie<\/span><\/a><span>, <\/span><a class=\"filtres_des_entreprises\" href=\"https:\/\/fonds-risq.qc.ca\/en\/filtres_des_entreprises\/npo\/\" rel=\"category\" data-term-id=\"150\"><span class=\"tg-item-term\" >NPO<\/span><\/a><span>, <\/span><a class=\"filtres_des_entreprises\" href=\"https:\/\/fonds-risq.qc.ca\/en\/filtres_des_entreprises\/services-en\/\" rel=\"category\" data-term-id=\"135\"><span class=\"tg-item-term\" >Services<\/span><\/a><span>, <\/span><a class=\"filtres_des_entreprises\" href=\"https:\/\/fonds-risq.qc.ca\/en\/filtres_des_entreprises\/pret-pour-aide-technique-en\/\" rel=\"category\" data-term-id=\"146\"><span class=\"tg-item-term\" >Technical assistance loan<\/span><\/a><\/span><p class=\"tg-item-excerpt\">Depuis sa fondation en 2005, Croquarium (anciennement appel\u00e9 Jeunes Pousses) s\u2019engage dans le d\u00e9veloppement du bien-\u00eatre des enfants et des jeunes par l\u2019\u00e9ducation alimentaire sensorielle. L\u2019ensemble de ses services se d\u00e9ploient sur...<\/p><div class=\"tg-item-footer\"><a class=\"tg-item-comment\" href=\"https:\/\/fonds-risq.qc.ca\/en\/entreprise\/croquarium\/\"  target=\"_self\">No comment<\/a><span class=\"no-ajaxy to-post-like no-liked empty-heart\" data-post-id=\"5655\" title=\"Like\"><span class=\"to-heart-icon\"><svg xmlns=\"http:\/\/www.w3.org\/2000\/svg\" version=\"1.1\" viewBox=\"0 0 64 64\"><g transform=\"translate(0, 0)\"><path stroke-width=\"6\" stroke-linecap=\"square\" stroke-miterlimit=\"10\" d=\"M1,21c0,20,31,38,31,38s31-18,31-38 c0-8.285-6-16-15-16c-8.285,0-16,5.715-16,14c0-8.285-7.715-14-16-14C7,5,1,12.715,1,21z\"><\/path><\/g><\/svg><\/span><span class=\"to-like-count\">0<\/span><\/span><\/div><\/div><\/div><\/article><!-- The Grid item #349 --><article class=\"tg-item tg-post-4739 kampala f222 f128 f150 f147 f142 f146\" data-row=\"1\" data-col=\"1\"><div class=\"tg-item-inner\"><div class=\"tg-item-media-holder tg-light\"><div class=\"tg-item-media-inner\"><img decoding=\"async\" class=\"tg-item-image\" alt=\"\" width=\"905\" height=\"1435\" src=\"https:\/\/fonds-risq.qc.ca\/wp-content\/uploads\/2018\/03\/Chlo\u00e9Gilles-bonne-r\u00e9solution_edited.jpg\"><\/div><div class=\"tg-center-holder\"><div class=\"tg-center-inner\"><div class=\"tg-item-overlay\"><\/div><a class=\"tg-link-button\" href=\"https:\/\/fonds-risq.qc.ca\/en\/entreprise\/fondation-maison-gilles-carle\/\" target=\"_self\"><i class=\"tg-icon-link\"><\/i><\/a><\/div><\/div><div class=\"tg-item-decoration\"><div class=\"triangle-down-right\" style=\"border-color:#b7c634\"><\/div><\/div><div class=\"tg-item-share-holder\"><div class=\"triangle-up-left\" style=\"border-color:rgba(22,22,22,0.65)\"><\/div><i class=\"tg-icon-reply\" style=\"color:#ffffff\"><\/i><div class=\"tg-share-icons\"><a class=\"tg-social-share tg-facebook\" href=\"https:\/\/www.facebook.com\/sharer.php?u=https%3A%2F%2Ffonds-risq.qc.ca%2Fen%2Fentreprise%2Ffondation-maison-gilles-carle%2F&#038;t=Fondation%20Maison%20Gilles-Carle\"><i class=\"tg-icon-facebook\"><\/i><\/a><a class=\"tg-social-share tg-twitter\" href=\"https:\/\/twitter.com\/share?url=https%3A%2F%2Ffonds-risq.qc.ca%2Fen%2Fentreprise%2Ffondation-maison-gilles-carle%2F&#038;text=Fondation%20Maison%20Gilles-Carle\"><i class=\"tg-icon-twitter\"><\/i><\/a><a class=\"tg-social-share tg-google-plus\" href=\"https:\/\/plus.google.com\/share?url=https%3A%2F%2Ffonds-risq.qc.ca%2Fen%2Fentreprise%2Ffondation-maison-gilles-carle%2F\"><i class=\"tg-icon-google-plus\"><\/i><\/a><a class=\"tg-social-share tg-pinterest\" href=\"https:\/\/pinterest.com\/pin\/create\/button\/?url=https%3A%2F%2Ffonds-risq.qc.ca%2Fen%2Fentreprise%2Ffondation-maison-gilles-carle%2F&#038;description=Fondation%20Maison%20Gilles-Carle&#038;media=https%3A%2F%2Ffonds-risq.qc.ca%2Fwp-content%2Fuploads%2F2018%2F03%2FChlo%C3%A9Gilles-bonne-r%C3%A9solution_edited.jpg\"><i class=\"tg-icon-pinterest\"><\/i><\/a><\/div><\/div><\/div><div class=\"tg-item-content-holder tg-light image-format\" style=\"background-color:#b7c634\"><span class=\"tg-item-date\">9 March 2018<\/span><h2 class=\"tg-item-title\"><a href=\"https:\/\/fonds-risq.qc.ca\/en\/entreprise\/fondation-maison-gilles-carle\/\" target=\"_self\">Fondation Maison Gilles-Carle<\/a><\/h2><span class=\"tg-cats-holder\"><a class=\"filtres_des_entreprises\" href=\"https:\/\/fonds-risq.qc.ca\/en\/filtres_des_entreprises\/2017-en\/\" rel=\"category\" data-term-id=\"222\"><span class=\"tg-item-term\" >2017<\/span><\/a><span>, <\/span><a class=\"filtres_des_entreprises\" href=\"https:\/\/fonds-risq.qc.ca\/en\/filtres_des_entreprises\/montreal-en\/\" rel=\"category\" data-term-id=\"128\"><span class=\"tg-item-term\" >Montr\u00e9al<\/span><\/a><span>, <\/span><a class=\"filtres_des_entreprises\" href=\"https:\/\/fonds-risq.qc.ca\/en\/filtres_des_entreprises\/npo\/\" rel=\"category\" data-term-id=\"150\"><span class=\"tg-item-term\" >NPO<\/span><\/a><span>, <\/span><a class=\"filtres_des_entreprises\" href=\"https:\/\/fonds-risq.qc.ca\/en\/filtres_des_entreprises\/pre-startup-loan\/\" rel=\"category\" data-term-id=\"147\"><span class=\"tg-item-term\" >Pre-startup loan<\/span><\/a><span>, <\/span><a class=\"filtres_des_entreprises\" href=\"https:\/\/fonds-risq.qc.ca\/en\/filtres_des_entreprises\/services-to-people\/\" rel=\"category\" data-term-id=\"142\"><span class=\"tg-item-term\" >Services to people<\/span><\/a><span>, <\/span><a class=\"filtres_des_entreprises\" href=\"https:\/\/fonds-risq.qc.ca\/en\/filtres_des_entreprises\/pret-pour-aide-technique-en\/\" rel=\"category\" data-term-id=\"146\"><span class=\"tg-item-term\" >Technical assistance loan<\/span><\/a><\/span><p class=\"tg-item-excerpt\">Cr\u00e9\u00e9e en 2009, la Fondation Maison Gilles-Carle a pour mission d'offrir soutien et r\u00e9pit aux aidants en proposant un h\u00e9bergement temporaire de qualit\u00e9 \u00e0 leurs proches. Elle accomplira cette mission principalement avec l\u2019ouverture de...<\/p><div class=\"tg-item-footer\"><a class=\"tg-item-comment\" href=\"https:\/\/fonds-risq.qc.ca\/en\/entreprise\/fondation-maison-gilles-carle\/\"  target=\"_self\">No comment<\/a><span class=\"no-ajaxy to-post-like no-liked empty-heart\" data-post-id=\"4739\" title=\"Like\"><span class=\"to-heart-icon\"><svg xmlns=\"http:\/\/www.w3.org\/2000\/svg\" version=\"1.1\" viewBox=\"0 0 64 64\"><g transform=\"translate(0, 0)\"><path stroke-width=\"6\" stroke-linecap=\"square\" stroke-miterlimit=\"10\" d=\"M1,21c0,20,31,38,31,38s31-18,31-38 c0-8.285-6-16-15-16c-8.285,0-16,5.715-16,14c0-8.285-7.715-14-16-14C7,5,1,12.715,1,21z\"><\/path><\/g><\/svg><\/span><span class=\"to-like-count\">0<\/span><\/span><\/div><\/div><\/div><\/article><!-- The Grid item #350 --><article class=\"tg-item tg-post-4740 kampala f225 f222 f148 f133 f150 f153 f160 f146\" data-row=\"1\" data-col=\"1\"><div class=\"tg-item-inner\"><div class=\"tg-item-media-holder tg-light\"><div class=\"tg-item-media-inner\"><img decoding=\"async\" class=\"tg-item-image\" alt=\"\" width=\"427\" height=\"640\" src=\"https:\/\/fonds-risq.qc.ca\/wp-content\/uploads\/2017\/12\/photo-1.jpg\"><\/div><div class=\"tg-center-holder\"><div class=\"tg-center-inner\"><div class=\"tg-item-overlay\"><\/div><a class=\"tg-link-button\" href=\"https:\/\/fonds-risq.qc.ca\/en\/entreprise\/inter-action-travail\/\" target=\"_self\"><i class=\"tg-icon-link\"><\/i><\/a><\/div><\/div><div class=\"tg-item-decoration\"><div class=\"triangle-down-right\" style=\"border-color:#0097c8\"><\/div><\/div><div class=\"tg-item-share-holder\"><div class=\"triangle-up-left\" style=\"border-color:rgba(22,22,22,0.65)\"><\/div><i class=\"tg-icon-reply\" style=\"color:#ffffff\"><\/i><div class=\"tg-share-icons\"><a class=\"tg-social-share tg-facebook\" href=\"https:\/\/www.facebook.com\/sharer.php?u=https%3A%2F%2Ffonds-risq.qc.ca%2Fen%2Fentreprise%2Finter-action-travail%2F&#038;t=Inter%20Action%20Travail\"><i class=\"tg-icon-facebook\"><\/i><\/a><a class=\"tg-social-share tg-twitter\" href=\"https:\/\/twitter.com\/share?url=https%3A%2F%2Ffonds-risq.qc.ca%2Fen%2Fentreprise%2Finter-action-travail%2F&#038;text=Inter%20Action%20Travail\"><i class=\"tg-icon-twitter\"><\/i><\/a><a class=\"tg-social-share tg-google-plus\" href=\"https:\/\/plus.google.com\/share?url=https%3A%2F%2Ffonds-risq.qc.ca%2Fen%2Fentreprise%2Finter-action-travail%2F\"><i class=\"tg-icon-google-plus\"><\/i><\/a><a class=\"tg-social-share tg-pinterest\" href=\"https:\/\/pinterest.com\/pin\/create\/button\/?url=https%3A%2F%2Ffonds-risq.qc.ca%2Fen%2Fentreprise%2Finter-action-travail%2F&#038;description=Inter%20Action%20Travail&#038;media=https%3A%2F%2Ffonds-risq.qc.ca%2Fwp-content%2Fuploads%2F2017%2F12%2Fphoto-1.jpg\"><i class=\"tg-icon-pinterest\"><\/i><\/a><\/div><\/div><\/div><div class=\"tg-item-content-holder tg-light image-format\" style=\"background-color:#0097c8\"><span class=\"tg-item-date\">5 December 2017<\/span><h2 class=\"tg-item-title\"><a href=\"https:\/\/fonds-risq.qc.ca\/en\/entreprise\/inter-action-travail\/\" target=\"_self\">Inter Action Travail<\/a><\/h2><span class=\"tg-cats-holder\"><a class=\"filtres_des_entreprises\" href=\"https:\/\/fonds-risq.qc.ca\/en\/filtres_des_entreprises\/2014-en\/\" rel=\"category\" data-term-id=\"225\"><span class=\"tg-item-term\" >2014<\/span><\/a><span>, <\/span><a class=\"filtres_des_entreprises\" href=\"https:\/\/fonds-risq.qc.ca\/en\/filtres_des_entreprises\/2017-en\/\" rel=\"category\" data-term-id=\"222\"><span class=\"tg-item-term\" >2017<\/span><\/a><span>, <\/span><a class=\"filtres_des_entreprises\" href=\"https:\/\/fonds-risq.qc.ca\/en\/filtres_des_entreprises\/capitalization-loan\/\" rel=\"category\" data-term-id=\"148\"><span class=\"tg-item-term\" >Capitalization loan<\/span><\/a><span>, <\/span><a class=\"filtres_des_entreprises\" href=\"https:\/\/fonds-risq.qc.ca\/en\/filtres_des_entreprises\/laurentides-en\/\" rel=\"category\" data-term-id=\"133\"><span class=\"tg-item-term\" >Laurentides<\/span><\/a><span>, <\/span><a class=\"filtres_des_entreprises\" href=\"https:\/\/fonds-risq.qc.ca\/en\/filtres_des_entreprises\/npo\/\" rel=\"category\" data-term-id=\"150\"><span class=\"tg-item-term\" >NPO<\/span><\/a><span>, <\/span><a class=\"filtres_des_entreprises\" href=\"https:\/\/fonds-risq.qc.ca\/en\/filtres_des_entreprises\/recycling\/\" rel=\"category\" data-term-id=\"153\"><span class=\"tg-item-term\" >Recycling<\/span><\/a><span>, <\/span><a class=\"filtres_des_entreprises\" href=\"https:\/\/fonds-risq.qc.ca\/en\/filtres_des_entreprises\/ressourcerie-en\/\" rel=\"category\" data-term-id=\"160\"><span class=\"tg-item-term\" >Ressourcerie<\/span><\/a><span>, <\/span><a class=\"filtres_des_entreprises\" href=\"https:\/\/fonds-risq.qc.ca\/en\/filtres_des_entreprises\/pret-pour-aide-technique-en\/\" rel=\"category\" data-term-id=\"146\"><span class=\"tg-item-term\" >Technical assistance loan<\/span><\/a><\/span><p class=\"tg-item-excerpt\">Recyclerie des Mat\u00e9riaux vend des mat\u00e9riaux usag\u00e9s (ou mal aim\u00e9s) \u00e9manant du domaine de la construction, de la r\u00e9novation et de la d\u00e9molition, dans un environnement agr\u00e9able et organis\u00e9. Les mat\u00e9riaux sont vendus tels quels, l\u00e9g\u00e8rement...<\/p><div class=\"tg-item-footer\"><a class=\"tg-item-comment\" href=\"https:\/\/fonds-risq.qc.ca\/en\/entreprise\/inter-action-travail\/\"  target=\"_self\">No comment<\/a><span class=\"no-ajaxy to-post-like no-liked empty-heart\" data-post-id=\"4740\" title=\"Like\"><span class=\"to-heart-icon\"><svg xmlns=\"http:\/\/www.w3.org\/2000\/svg\" version=\"1.1\" viewBox=\"0 0 64 64\"><g transform=\"translate(0, 0)\"><path stroke-width=\"6\" stroke-linecap=\"square\" stroke-miterlimit=\"10\" d=\"M1,21c0,20,31,38,31,38s31-18,31-38 c0-8.285-6-16-15-16c-8.285,0-16,5.715-16,14c0-8.285-7.715-14-16-14C7,5,1,12.715,1,21z\"><\/path><\/g><\/svg><\/span><span class=\"to-like-count\">0<\/span><\/span><\/div><\/div><\/div><\/article><!-- The Grid item #351 --><article class=\"tg-item tg-post-4746 kampala f222 f148 f129 f150 f142\" data-row=\"1\" data-col=\"1\"><div class=\"tg-item-inner\"><div class=\"tg-item-media-holder tg-light\"><div class=\"tg-item-media-inner\"><img decoding=\"async\" class=\"tg-item-image\" alt=\"\" width=\"759\" height=\"329\" src=\"https:\/\/fonds-risq.qc.ca\/wp-content\/uploads\/2017\/11\/Image1.png\"><\/div><div class=\"tg-center-holder\"><div class=\"tg-center-inner\"><div class=\"tg-item-overlay\"><\/div><a class=\"tg-link-button\" href=\"https:\/\/fonds-risq.qc.ca\/en\/entreprise\/pavillon-de-lassuetude\/\" target=\"_self\"><i class=\"tg-icon-link\"><\/i><\/a><\/div><\/div><div class=\"tg-item-decoration\"><div class=\"triangle-down-right\" style=\"border-color:#0097c8\"><\/div><\/div><div class=\"tg-item-share-holder\"><div class=\"triangle-up-left\" style=\"border-color:rgba(22,22,22,0.65)\"><\/div><i class=\"tg-icon-reply\" style=\"color:#ffffff\"><\/i><div class=\"tg-share-icons\"><a class=\"tg-social-share tg-facebook\" href=\"https:\/\/www.facebook.com\/sharer.php?u=https%3A%2F%2Ffonds-risq.qc.ca%2Fen%2Fentreprise%2Fpavillon-de-lassuetude%2F&#038;t=Le%20Pavillon%20de%20l%E2%80%99Assu%C3%A9tude\"><i class=\"tg-icon-facebook\"><\/i><\/a><a class=\"tg-social-share tg-twitter\" href=\"https:\/\/twitter.com\/share?url=https%3A%2F%2Ffonds-risq.qc.ca%2Fen%2Fentreprise%2Fpavillon-de-lassuetude%2F&#038;text=Le%20Pavillon%20de%20l%E2%80%99Assu%C3%A9tude\"><i class=\"tg-icon-twitter\"><\/i><\/a><a class=\"tg-social-share tg-google-plus\" href=\"https:\/\/plus.google.com\/share?url=https%3A%2F%2Ffonds-risq.qc.ca%2Fen%2Fentreprise%2Fpavillon-de-lassuetude%2F\"><i class=\"tg-icon-google-plus\"><\/i><\/a><a class=\"tg-social-share tg-pinterest\" href=\"https:\/\/pinterest.com\/pin\/create\/button\/?url=https%3A%2F%2Ffonds-risq.qc.ca%2Fen%2Fentreprise%2Fpavillon-de-lassuetude%2F&#038;description=Le%20Pavillon%20de%20l%E2%80%99Assu%C3%A9tude&#038;media=https%3A%2F%2Ffonds-risq.qc.ca%2Fwp-content%2Fuploads%2F2017%2F11%2FImage1.png\"><i class=\"tg-icon-pinterest\"><\/i><\/a><\/div><\/div><\/div><div class=\"tg-item-content-holder tg-light image-format\" style=\"background-color:#0097c8\"><span class=\"tg-item-date\">10 November 2017<\/span><h2 class=\"tg-item-title\"><a href=\"https:\/\/fonds-risq.qc.ca\/en\/entreprise\/pavillon-de-lassuetude\/\" target=\"_self\">Le Pavillon de l\u2019Assu\u00e9tude<\/a><\/h2><span class=\"tg-cats-holder\"><a class=\"filtres_des_entreprises\" href=\"https:\/\/fonds-risq.qc.ca\/en\/filtres_des_entreprises\/2017-en\/\" rel=\"category\" data-term-id=\"222\"><span class=\"tg-item-term\" >2017<\/span><\/a><span>, <\/span><a class=\"filtres_des_entreprises\" href=\"https:\/\/fonds-risq.qc.ca\/en\/filtres_des_entreprises\/capitalization-loan\/\" rel=\"category\" data-term-id=\"148\"><span class=\"tg-item-term\" >Capitalization loan<\/span><\/a><span>, <\/span><a class=\"filtres_des_entreprises\" href=\"https:\/\/fonds-risq.qc.ca\/en\/filtres_des_entreprises\/mauricie-en\/\" rel=\"category\" data-term-id=\"129\"><span class=\"tg-item-term\" >Mauricie<\/span><\/a><span>, <\/span><a class=\"filtres_des_entreprises\" href=\"https:\/\/fonds-risq.qc.ca\/en\/filtres_des_entreprises\/npo\/\" rel=\"category\" data-term-id=\"150\"><span class=\"tg-item-term\" >NPO<\/span><\/a><span>, <\/span><a class=\"filtres_des_entreprises\" href=\"https:\/\/fonds-risq.qc.ca\/en\/filtres_des_entreprises\/services-to-people\/\" rel=\"category\" data-term-id=\"142\"><span class=\"tg-item-term\" >Services to people<\/span><\/a><\/span><p class=\"tg-item-excerpt\">Fond\u00e9 en 1997 \u00e0 Shawinigan, Le Pavillon de l\u2019Assu\u00e9tude accueille des personnes \u00e2g\u00e9es de 18 ans et plus aux prises avec une d\u00e9pendance.  Les d\u00e9pendances trait\u00e9es sont celles en lien avec l\u2019alcool, les drogues et le jeu pathologique. Les...<\/p><div class=\"tg-item-footer\"><a class=\"tg-item-comment\" href=\"https:\/\/fonds-risq.qc.ca\/en\/entreprise\/pavillon-de-lassuetude\/\"  target=\"_self\">No comment<\/a><span class=\"no-ajaxy to-post-like no-liked empty-heart\" data-post-id=\"4746\" title=\"Like\"><span class=\"to-heart-icon\"><svg xmlns=\"http:\/\/www.w3.org\/2000\/svg\" version=\"1.1\" viewBox=\"0 0 64 64\"><g transform=\"translate(0, 0)\"><path stroke-width=\"6\" stroke-linecap=\"square\" stroke-miterlimit=\"10\" d=\"M1,21c0,20,31,38,31,38s31-18,31-38 c0-8.285-6-16-15-16c-8.285,0-16,5.715-16,14c0-8.285-7.715-14-16-14C7,5,1,12.715,1,21z\"><\/path><\/g><\/svg><\/span><span class=\"to-like-count\">0<\/span><\/span><\/div><\/div><\/div><\/article><!-- The Grid item #352 --><article class=\"tg-item tg-post-4749 kampala f222 f129 f150 f135 f146\" data-row=\"1\" data-col=\"1\"><div class=\"tg-item-inner\"><div class=\"tg-item-media-holder tg-light\"><div class=\"tg-item-media-inner\"><img decoding=\"async\" class=\"tg-item-image\" alt=\"\" width=\"720\" height=\"960\" src=\"https:\/\/fonds-risq.qc.ca\/wp-content\/uploads\/2017\/11\/Fabrique-de-la-Paroisse-Notre-Dame-de-la-Visitation-2.jpg\"><\/div><div class=\"tg-center-holder\"><div class=\"tg-center-inner\"><div class=\"tg-item-overlay\"><\/div><a class=\"tg-link-button\" href=\"https:\/\/fonds-risq.qc.ca\/en\/entreprise\/fabrique-de-paroisse-dame-de-visitation\/\" target=\"_self\"><i class=\"tg-icon-link\"><\/i><\/a><\/div><\/div><div class=\"tg-item-decoration\"><div class=\"triangle-down-right\" style=\"border-color:#b7c634\"><\/div><\/div><div class=\"tg-item-share-holder\"><div class=\"triangle-up-left\" style=\"border-color:rgba(22,22,22,0.65)\"><\/div><i class=\"tg-icon-reply\" style=\"color:#ffffff\"><\/i><div class=\"tg-share-icons\"><a class=\"tg-social-share tg-facebook\" href=\"https:\/\/www.facebook.com\/sharer.php?u=https%3A%2F%2Ffonds-risq.qc.ca%2Fen%2Fentreprise%2Ffabrique-de-paroisse-dame-de-visitation%2F&#038;t=Fabrique%20de%20la%20Paroisse%20Notre-Dame-de-la-Visitation\"><i class=\"tg-icon-facebook\"><\/i><\/a><a class=\"tg-social-share tg-twitter\" href=\"https:\/\/twitter.com\/share?url=https%3A%2F%2Ffonds-risq.qc.ca%2Fen%2Fentreprise%2Ffabrique-de-paroisse-dame-de-visitation%2F&#038;text=Fabrique%20de%20la%20Paroisse%20Notre-Dame-de-la-Visitation\"><i class=\"tg-icon-twitter\"><\/i><\/a><a class=\"tg-social-share tg-google-plus\" href=\"https:\/\/plus.google.com\/share?url=https%3A%2F%2Ffonds-risq.qc.ca%2Fen%2Fentreprise%2Ffabrique-de-paroisse-dame-de-visitation%2F\"><i class=\"tg-icon-google-plus\"><\/i><\/a><a class=\"tg-social-share tg-pinterest\" href=\"https:\/\/pinterest.com\/pin\/create\/button\/?url=https%3A%2F%2Ffonds-risq.qc.ca%2Fen%2Fentreprise%2Ffabrique-de-paroisse-dame-de-visitation%2F&#038;description=Fabrique%20de%20la%20Paroisse%20Notre-Dame-de-la-Visitation&#038;media=https%3A%2F%2Ffonds-risq.qc.ca%2Fwp-content%2Fuploads%2F2017%2F11%2FFabrique-de-la-Paroisse-Notre-Dame-de-la-Visitation-2.jpg\"><i class=\"tg-icon-pinterest\"><\/i><\/a><\/div><\/div><\/div><div class=\"tg-item-content-holder tg-light image-format\" style=\"background-color:#b7c634\"><span class=\"tg-item-date\">9 November 2017<\/span><h2 class=\"tg-item-title\"><a href=\"https:\/\/fonds-risq.qc.ca\/en\/entreprise\/fabrique-de-paroisse-dame-de-visitation\/\" target=\"_self\">Fabrique de la Paroisse Notre-Dame-de-la-Visitation<\/a><\/h2><span class=\"tg-cats-holder\"><a class=\"filtres_des_entreprises\" href=\"https:\/\/fonds-risq.qc.ca\/en\/filtres_des_entreprises\/2017-en\/\" rel=\"category\" data-term-id=\"222\"><span class=\"tg-item-term\" >2017<\/span><\/a><span>, <\/span><a class=\"filtres_des_entreprises\" href=\"https:\/\/fonds-risq.qc.ca\/en\/filtres_des_entreprises\/mauricie-en\/\" rel=\"category\" data-term-id=\"129\"><span class=\"tg-item-term\" >Mauricie<\/span><\/a><span>, <\/span><a class=\"filtres_des_entreprises\" href=\"https:\/\/fonds-risq.qc.ca\/en\/filtres_des_entreprises\/npo\/\" rel=\"category\" data-term-id=\"150\"><span class=\"tg-item-term\" >NPO<\/span><\/a><span>, <\/span><a class=\"filtres_des_entreprises\" href=\"https:\/\/fonds-risq.qc.ca\/en\/filtres_des_entreprises\/services-en\/\" rel=\"category\" data-term-id=\"135\"><span class=\"tg-item-term\" >Services<\/span><\/a><span>, <\/span><a class=\"filtres_des_entreprises\" href=\"https:\/\/fonds-risq.qc.ca\/en\/filtres_des_entreprises\/pret-pour-aide-technique-en\/\" rel=\"category\" data-term-id=\"146\"><span class=\"tg-item-term\" >Technical assistance loan<\/span><\/a><\/span><p class=\"tg-item-excerpt\">La Fabrique a pour mandat d\u2019administrer et de bien g\u00e9rer les biens de la paroisse de Champlain. Ils souhaitent \u00e9largir leur service en organisant des expositions, des spectacles, des s\u00e9minaires de formations, des cours (yoga,...<\/p><div class=\"tg-item-footer\"><a class=\"tg-item-comment\" href=\"https:\/\/fonds-risq.qc.ca\/en\/entreprise\/fabrique-de-paroisse-dame-de-visitation\/\"  target=\"_self\">No comment<\/a><span class=\"no-ajaxy to-post-like no-liked empty-heart\" data-post-id=\"4749\" title=\"Like\"><span class=\"to-heart-icon\"><svg xmlns=\"http:\/\/www.w3.org\/2000\/svg\" version=\"1.1\" viewBox=\"0 0 64 64\"><g transform=\"translate(0, 0)\"><path stroke-width=\"6\" stroke-linecap=\"square\" stroke-miterlimit=\"10\" d=\"M1,21c0,20,31,38,31,38s31-18,31-38 c0-8.285-6-16-15-16c-8.285,0-16,5.715-16,14c0-8.285-7.715-14-16-14C7,5,1,12.715,1,21z\"><\/path><\/g><\/svg><\/span><span class=\"to-like-count\">0<\/span><\/span><\/div><\/div><\/div><\/article><!-- The Grid item #353 --><article class=\"tg-item tg-post-4754 kampala f224 f134 f150 f156 f146\" data-row=\"1\" data-col=\"1\"><div class=\"tg-item-inner\"><div class=\"tg-item-media-holder tg-light\"><div class=\"tg-item-media-inner\"><img decoding=\"async\" class=\"tg-item-image\" alt=\"\" width=\"883\" height=\"628\" src=\"https:\/\/fonds-risq.qc.ca\/wp-content\/uploads\/2017\/10\/CASG-1.jpg\"><\/div><div class=\"tg-center-holder\"><div class=\"tg-center-inner\"><div class=\"tg-item-overlay\"><\/div><a class=\"tg-link-button\" href=\"https:\/\/fonds-risq.qc.ca\/en\/entreprise\/centre-artistique-lavant-premiere\/\" target=\"_self\"><i class=\"tg-icon-link\"><\/i><\/a><\/div><\/div><div class=\"tg-item-decoration\"><div class=\"triangle-down-right\" style=\"border-color:#b7c634\"><\/div><\/div><div class=\"tg-item-share-holder\"><div class=\"triangle-up-left\" style=\"border-color:rgba(22,22,22,0.65)\"><\/div><i class=\"tg-icon-reply\" style=\"color:#ffffff\"><\/i><div class=\"tg-share-icons\"><a class=\"tg-social-share tg-facebook\" href=\"https:\/\/www.facebook.com\/sharer.php?u=https%3A%2F%2Ffonds-risq.qc.ca%2Fen%2Fentreprise%2Fcentre-artistique-lavant-premiere%2F&#038;t=Centre%20artistique%20l%E2%80%99Avant-Premi%C3%A8re\"><i class=\"tg-icon-facebook\"><\/i><\/a><a class=\"tg-social-share tg-twitter\" href=\"https:\/\/twitter.com\/share?url=https%3A%2F%2Ffonds-risq.qc.ca%2Fen%2Fentreprise%2Fcentre-artistique-lavant-premiere%2F&#038;text=Centre%20artistique%20l%E2%80%99Avant-Premi%C3%A8re\"><i class=\"tg-icon-twitter\"><\/i><\/a><a class=\"tg-social-share tg-google-plus\" href=\"https:\/\/plus.google.com\/share?url=https%3A%2F%2Ffonds-risq.qc.ca%2Fen%2Fentreprise%2Fcentre-artistique-lavant-premiere%2F\"><i class=\"tg-icon-google-plus\"><\/i><\/a><a class=\"tg-social-share tg-pinterest\" href=\"https:\/\/pinterest.com\/pin\/create\/button\/?url=https%3A%2F%2Ffonds-risq.qc.ca%2Fen%2Fentreprise%2Fcentre-artistique-lavant-premiere%2F&#038;description=Centre%20artistique%20l%E2%80%99Avant-Premi%C3%A8re&#038;media=https%3A%2F%2Ffonds-risq.qc.ca%2Fwp-content%2Fuploads%2F2017%2F10%2FCASG-1.jpg\"><i class=\"tg-icon-pinterest\"><\/i><\/a><\/div><\/div><\/div><div class=\"tg-item-content-holder tg-light image-format\" style=\"background-color:#b7c634\"><span class=\"tg-item-date\">20 October 2017<\/span><h2 class=\"tg-item-title\"><a href=\"https:\/\/fonds-risq.qc.ca\/en\/entreprise\/centre-artistique-lavant-premiere\/\" target=\"_self\">Centre artistique l&#8217;Avant-Premi\u00e8re<\/a><\/h2><span class=\"tg-cats-holder\"><a class=\"filtres_des_entreprises\" href=\"https:\/\/fonds-risq.qc.ca\/en\/filtres_des_entreprises\/2016-en\/\" rel=\"category\" data-term-id=\"224\"><span class=\"tg-item-term\" >2016<\/span><\/a><span>, <\/span><a class=\"filtres_des_entreprises\" href=\"https:\/\/fonds-risq.qc.ca\/en\/filtres_des_entreprises\/arts-and-culture\/\" rel=\"category\" data-term-id=\"134\"><span class=\"tg-item-term\" >Arts and culture<\/span><\/a><span>, <\/span><a class=\"filtres_des_entreprises\" href=\"https:\/\/fonds-risq.qc.ca\/en\/filtres_des_entreprises\/npo\/\" rel=\"category\" data-term-id=\"150\"><span class=\"tg-item-term\" >NPO<\/span><\/a><span>, <\/span><a class=\"filtres_des_entreprises\" href=\"https:\/\/fonds-risq.qc.ca\/en\/filtres_des_entreprises\/outaouais-en\/\" rel=\"category\" data-term-id=\"156\"><span class=\"tg-item-term\" >Outaouais<\/span><\/a><span>, <\/span><a class=\"filtres_des_entreprises\" href=\"https:\/\/fonds-risq.qc.ca\/en\/filtres_des_entreprises\/pret-pour-aide-technique-en\/\" rel=\"category\" data-term-id=\"146\"><span class=\"tg-item-term\" >Technical assistance loan<\/span><\/a><\/span><p class=\"tg-item-excerpt\">Depuis 30 ans, l\u2019Avant-Premi\u00e8re s'est \u00e9rig\u00e9e sur la volont\u00e9 d'offrir aux artistes professionnels de l'Outaouais un lieu propice au d\u00e9veloppement d'\u0153uvres originales cr\u00e9\u00e9es et produites par ses acteurs du milieu des arts de la...<\/p><div class=\"tg-item-footer\"><a class=\"tg-item-comment\" href=\"https:\/\/fonds-risq.qc.ca\/en\/entreprise\/centre-artistique-lavant-premiere\/\"  target=\"_self\">No comment<\/a><span class=\"no-ajaxy to-post-like no-liked empty-heart\" data-post-id=\"4754\" title=\"Like\"><span class=\"to-heart-icon\"><svg xmlns=\"http:\/\/www.w3.org\/2000\/svg\" version=\"1.1\" viewBox=\"0 0 64 64\"><g transform=\"translate(0, 0)\"><path stroke-width=\"6\" stroke-linecap=\"square\" stroke-miterlimit=\"10\" d=\"M1,21c0,20,31,38,31,38s31-18,31-38 c0-8.285-6-16-15-16c-8.285,0-16,5.715-16,14c0-8.285-7.715-14-16-14C7,5,1,12.715,1,21z\"><\/path><\/g><\/svg><\/span><span class=\"to-like-count\">0<\/span><\/span><\/div><\/div><\/div><\/article><!-- The Grid item #354 --><article class=\"tg-item tg-post-4757 kampala f222 f148 f151 f157 f135\" data-row=\"1\" data-col=\"1\"><div class=\"tg-item-inner\"><div class=\"tg-item-media-holder tg-light\"><div class=\"tg-item-media-inner\"><img decoding=\"async\" class=\"tg-item-image\" alt=\"\" width=\"2560\" height=\"1920\" src=\"https:\/\/fonds-risq.qc.ca\/wp-content\/uploads\/2017\/09\/IMG_4707-Cr\u00e9dit-Marie-Anne-Perreault-scaled.jpg\"><\/div><div class=\"tg-center-holder\"><div class=\"tg-center-inner\"><div class=\"tg-item-overlay\"><\/div><a class=\"tg-link-button\" href=\"https:\/\/fonds-risq.qc.ca\/en\/entreprise\/tiers-lieu-coop-de-solidarite\/\" target=\"_self\"><i class=\"tg-icon-link\"><\/i><\/a><\/div><\/div><div class=\"tg-item-decoration\"><div class=\"triangle-down-right\" style=\"border-color:#0097c8\"><\/div><\/div><div class=\"tg-item-share-holder\"><div class=\"triangle-up-left\" style=\"border-color:rgba(22,22,22,0.65)\"><\/div><i class=\"tg-icon-reply\" style=\"color:#ffffff\"><\/i><div class=\"tg-share-icons\"><a class=\"tg-social-share tg-facebook\" href=\"https:\/\/www.facebook.com\/sharer.php?u=https%3A%2F%2Ffonds-risq.qc.ca%2Fen%2Fentreprise%2Ftiers-lieu-coop-de-solidarite%2F&#038;t=LE%20TIERS%20LIEU%20COOP%20DE%20SOLIDARIT%C3%89\"><i class=\"tg-icon-facebook\"><\/i><\/a><a class=\"tg-social-share tg-twitter\" href=\"https:\/\/twitter.com\/share?url=https%3A%2F%2Ffonds-risq.qc.ca%2Fen%2Fentreprise%2Ftiers-lieu-coop-de-solidarite%2F&#038;text=LE%20TIERS%20LIEU%20COOP%20DE%20SOLIDARIT%C3%89\"><i class=\"tg-icon-twitter\"><\/i><\/a><a class=\"tg-social-share tg-google-plus\" href=\"https:\/\/plus.google.com\/share?url=https%3A%2F%2Ffonds-risq.qc.ca%2Fen%2Fentreprise%2Ftiers-lieu-coop-de-solidarite%2F\"><i class=\"tg-icon-google-plus\"><\/i><\/a><a class=\"tg-social-share tg-pinterest\" href=\"https:\/\/pinterest.com\/pin\/create\/button\/?url=https%3A%2F%2Ffonds-risq.qc.ca%2Fen%2Fentreprise%2Ftiers-lieu-coop-de-solidarite%2F&#038;description=LE%20TIERS%20LIEU%20COOP%20DE%20SOLIDARIT%C3%89&#038;media=https%3A%2F%2Ffonds-risq.qc.ca%2Fwp-content%2Fuploads%2F2017%2F09%2FIMG_4707-Cr%C3%A9dit-Marie-Anne-Perreault-scaled.jpg\"><i class=\"tg-icon-pinterest\"><\/i><\/a><\/div><\/div><\/div><div class=\"tg-item-content-holder tg-light image-format\" style=\"background-color:#0097c8\"><span class=\"tg-item-date\">6 September 2017<\/span><h2 class=\"tg-item-title\"><a href=\"https:\/\/fonds-risq.qc.ca\/en\/entreprise\/tiers-lieu-coop-de-solidarite\/\" target=\"_self\">LE TIERS LIEU COOP DE SOLIDARIT\u00c9<\/a><\/h2><span class=\"tg-cats-holder\"><a class=\"filtres_des_entreprises\" href=\"https:\/\/fonds-risq.qc.ca\/en\/filtres_des_entreprises\/2017-en\/\" rel=\"category\" data-term-id=\"222\"><span class=\"tg-item-term\" >2017<\/span><\/a><span>, <\/span><a class=\"filtres_des_entreprises\" href=\"https:\/\/fonds-risq.qc.ca\/en\/filtres_des_entreprises\/capitalization-loan\/\" rel=\"category\" data-term-id=\"148\"><span class=\"tg-item-term\" >Capitalization loan<\/span><\/a><span>, <\/span><a class=\"filtres_des_entreprises\" href=\"https:\/\/fonds-risq.qc.ca\/en\/filtres_des_entreprises\/coop-en\/\" rel=\"category\" data-term-id=\"151\"><span class=\"tg-item-term\" >COOP<\/span><\/a><span>, <\/span><a class=\"filtres_des_entreprises\" href=\"https:\/\/fonds-risq.qc.ca\/en\/filtres_des_entreprises\/laval-en\/\" rel=\"category\" data-term-id=\"157\"><span class=\"tg-item-term\" >Laval<\/span><\/a><span>, <\/span><a class=\"filtres_des_entreprises\" href=\"https:\/\/fonds-risq.qc.ca\/en\/filtres_des_entreprises\/services-en\/\" rel=\"category\" data-term-id=\"135\"><span class=\"tg-item-term\" >Services<\/span><\/a><\/span><p class=\"tg-item-excerpt\">Le Tiers Lieu est un espace de travail collaboratif accueillant tout individu ayant le souhait de faire une diff\u00e9rence dans son milieu. Il se veut un lieu o\u00f9 l\u2019individu ayant un projet trouvera les ressources n\u00e9cessaires pour r\u00e9soudre...<\/p><div class=\"tg-item-footer\"><a class=\"tg-item-comment\" href=\"https:\/\/fonds-risq.qc.ca\/en\/entreprise\/tiers-lieu-coop-de-solidarite\/\"  target=\"_self\">No comment<\/a><span class=\"no-ajaxy to-post-like no-liked empty-heart\" data-post-id=\"4757\" title=\"Like\"><span class=\"to-heart-icon\"><svg xmlns=\"http:\/\/www.w3.org\/2000\/svg\" version=\"1.1\" viewBox=\"0 0 64 64\"><g transform=\"translate(0, 0)\"><path stroke-width=\"6\" stroke-linecap=\"square\" stroke-miterlimit=\"10\" d=\"M1,21c0,20,31,38,31,38s31-18,31-38 c0-8.285-6-16-15-16c-8.285,0-16,5.715-16,14c0-8.285-7.715-14-16-14C7,5,1,12.715,1,21z\"><\/path><\/g><\/svg><\/span><span class=\"to-like-count\">0<\/span><\/span><\/div><\/div><\/div><\/article><!-- The Grid item #355 --><article class=\"tg-item tg-post-4761 kampala f222 f223 f151 f170 f128 f146\" data-row=\"1\" data-col=\"1\"><div class=\"tg-item-inner\"><div class=\"tg-item-media-holder tg-light\"><div class=\"tg-item-media-inner\"><img decoding=\"async\" class=\"tg-item-image\" alt=\"\" width=\"1916\" height=\"1860\" src=\"https:\/\/fonds-risq.qc.ca\/wp-content\/uploads\/2017\/06\/IMG_2868.jpg\"><\/div><div class=\"tg-center-holder\"><div class=\"tg-center-inner\"><div class=\"tg-item-overlay\"><\/div><a class=\"tg-link-button\" href=\"https:\/\/fonds-risq.qc.ca\/en\/entreprise\/coop-les-sans-taverne\/\" target=\"_self\"><i class=\"tg-icon-link\"><\/i><\/a><\/div><\/div><div class=\"tg-item-decoration\"><div class=\"triangle-down-right\" style=\"border-color:#b7c634\"><\/div><\/div><div class=\"tg-item-share-holder\"><div class=\"triangle-up-left\" style=\"border-color:rgba(22,22,22,0.65)\"><\/div><i class=\"tg-icon-reply\" style=\"color:#ffffff\"><\/i><div class=\"tg-share-icons\"><a class=\"tg-social-share tg-facebook\" href=\"https:\/\/www.facebook.com\/sharer.php?u=https%3A%2F%2Ffonds-risq.qc.ca%2Fen%2Fentreprise%2Fcoop-les-sans-taverne%2F&#038;t=Coop%20les%20Sans-Taverne\"><i class=\"tg-icon-facebook\"><\/i><\/a><a class=\"tg-social-share tg-twitter\" href=\"https:\/\/twitter.com\/share?url=https%3A%2F%2Ffonds-risq.qc.ca%2Fen%2Fentreprise%2Fcoop-les-sans-taverne%2F&#038;text=Coop%20les%20Sans-Taverne\"><i class=\"tg-icon-twitter\"><\/i><\/a><a class=\"tg-social-share tg-google-plus\" href=\"https:\/\/plus.google.com\/share?url=https%3A%2F%2Ffonds-risq.qc.ca%2Fen%2Fentreprise%2Fcoop-les-sans-taverne%2F\"><i class=\"tg-icon-google-plus\"><\/i><\/a><a class=\"tg-social-share tg-pinterest\" href=\"https:\/\/pinterest.com\/pin\/create\/button\/?url=https%3A%2F%2Ffonds-risq.qc.ca%2Fen%2Fentreprise%2Fcoop-les-sans-taverne%2F&#038;description=Coop%20les%20Sans-Taverne&#038;media=https%3A%2F%2Ffonds-risq.qc.ca%2Fwp-content%2Fuploads%2F2017%2F06%2FIMG_2868.jpg\"><i class=\"tg-icon-pinterest\"><\/i><\/a><\/div><\/div><\/div><div class=\"tg-item-content-holder tg-light image-format\" style=\"background-color:#b7c634\"><span class=\"tg-item-date\">22 June 2017<\/span><h2 class=\"tg-item-title\"><a href=\"https:\/\/fonds-risq.qc.ca\/en\/entreprise\/coop-les-sans-taverne\/\" target=\"_self\">Coop les Sans-Taverne<\/a><\/h2><span class=\"tg-cats-holder\"><a class=\"filtres_des_entreprises\" href=\"https:\/\/fonds-risq.qc.ca\/en\/filtres_des_entreprises\/2017-en\/\" rel=\"category\" data-term-id=\"222\"><span class=\"tg-item-term\" >2017<\/span><\/a><span>, <\/span><a class=\"filtres_des_entreprises\" href=\"https:\/\/fonds-risq.qc.ca\/en\/filtres_des_entreprises\/2018-en\/\" rel=\"category\" data-term-id=\"223\"><span class=\"tg-item-term\" >2018<\/span><\/a><span>, <\/span><a class=\"filtres_des_entreprises\" href=\"https:\/\/fonds-risq.qc.ca\/en\/filtres_des_entreprises\/coop-en\/\" rel=\"category\" data-term-id=\"151\"><span class=\"tg-item-term\" >COOP<\/span><\/a><span>, <\/span><a class=\"filtres_des_entreprises\" href=\"https:\/\/fonds-risq.qc.ca\/en\/filtres_des_entreprises\/craft-brewery\/\" rel=\"category\" data-term-id=\"170\"><span class=\"tg-item-term\" >Craft brewery<\/span><\/a><span>, <\/span><a class=\"filtres_des_entreprises\" href=\"https:\/\/fonds-risq.qc.ca\/en\/filtres_des_entreprises\/montreal-en\/\" rel=\"category\" data-term-id=\"128\"><span class=\"tg-item-term\" >Montr\u00e9al<\/span><\/a><span>, <\/span><a class=\"filtres_des_entreprises\" href=\"https:\/\/fonds-risq.qc.ca\/en\/filtres_des_entreprises\/pret-pour-aide-technique-en\/\" rel=\"category\" data-term-id=\"146\"><span class=\"tg-item-term\" >Technical assistance loan<\/span><\/a><\/span><p class=\"tg-item-excerpt\">Il fut un temps o\u00f9 Pointe-Saint-Charles \u00e9tait le \u00ab quartier aux cent tavernes \u00bb. Aujourd\u2019hui, la coop\u00e9rative de travail les Sans-taverne propose la premi\u00e8re brasserie artisanale du quartier, au c\u0153ur de son B\u00e2timent 7, fabrique...<\/p><div class=\"tg-item-footer\"><a class=\"tg-item-comment\" href=\"https:\/\/fonds-risq.qc.ca\/en\/entreprise\/coop-les-sans-taverne\/\"  target=\"_self\">No comment<\/a><span class=\"no-ajaxy to-post-like no-liked empty-heart\" data-post-id=\"4761\" title=\"Like\"><span class=\"to-heart-icon\"><svg xmlns=\"http:\/\/www.w3.org\/2000\/svg\" version=\"1.1\" viewBox=\"0 0 64 64\"><g transform=\"translate(0, 0)\"><path stroke-width=\"6\" stroke-linecap=\"square\" stroke-miterlimit=\"10\" d=\"M1,21c0,20,31,38,31,38s31-18,31-38 c0-8.285-6-16-15-16c-8.285,0-16,5.715-16,14c0-8.285-7.715-14-16-14C7,5,1,12.715,1,21z\"><\/path><\/g><\/svg><\/span><span class=\"to-like-count\">0<\/span><\/span><\/div><\/div><\/div><\/article><!-- The Grid item #356 --><article class=\"tg-item tg-post-4769 kampala f222 f128 f150 f142 f146\" data-row=\"1\" data-col=\"1\"><div class=\"tg-item-inner\"><div class=\"tg-item-media-holder tg-light\"><div class=\"tg-item-media-inner\"><img decoding=\"async\" class=\"tg-item-image\" alt=\"\" width=\"1200\" height=\"800\" src=\"https:\/\/fonds-risq.qc.ca\/wp-content\/uploads\/2017\/05\/4_grande-v-Une_rose_pour_Virginie.jpg\"><\/div><div class=\"tg-center-holder\"><div class=\"tg-center-inner\"><div class=\"tg-item-overlay\"><\/div><a class=\"tg-link-button\" href=\"https:\/\/fonds-risq.qc.ca\/en\/entreprise\/pimo-promotion-intervention-en-milieu-ouvert\/\" target=\"_self\"><i class=\"tg-icon-link\"><\/i><\/a><\/div><\/div><div class=\"tg-item-decoration\"><div class=\"triangle-down-right\" style=\"border-color:#b7c634\"><\/div><\/div><div class=\"tg-item-share-holder\"><div class=\"triangle-up-left\" style=\"border-color:rgba(22,22,22,0.65)\"><\/div><i class=\"tg-icon-reply\" style=\"color:#ffffff\"><\/i><div class=\"tg-share-icons\"><a class=\"tg-social-share tg-facebook\" href=\"https:\/\/www.facebook.com\/sharer.php?u=https%3A%2F%2Ffonds-risq.qc.ca%2Fen%2Fentreprise%2Fpimo-promotion-intervention-en-milieu-ouvert%2F&#038;t=PIMO%20%28Promotion%20intervention%20en%20milieu%20ouvert%29\"><i class=\"tg-icon-facebook\"><\/i><\/a><a class=\"tg-social-share tg-twitter\" href=\"https:\/\/twitter.com\/share?url=https%3A%2F%2Ffonds-risq.qc.ca%2Fen%2Fentreprise%2Fpimo-promotion-intervention-en-milieu-ouvert%2F&#038;text=PIMO%20%28Promotion%20intervention%20en%20milieu%20ouvert%29\"><i class=\"tg-icon-twitter\"><\/i><\/a><a class=\"tg-social-share tg-google-plus\" href=\"https:\/\/plus.google.com\/share?url=https%3A%2F%2Ffonds-risq.qc.ca%2Fen%2Fentreprise%2Fpimo-promotion-intervention-en-milieu-ouvert%2F\"><i class=\"tg-icon-google-plus\"><\/i><\/a><a class=\"tg-social-share tg-pinterest\" href=\"https:\/\/pinterest.com\/pin\/create\/button\/?url=https%3A%2F%2Ffonds-risq.qc.ca%2Fen%2Fentreprise%2Fpimo-promotion-intervention-en-milieu-ouvert%2F&#038;description=PIMO%20%28Promotion%20intervention%20en%20milieu%20ouvert%29&#038;media=https%3A%2F%2Ffonds-risq.qc.ca%2Fwp-content%2Fuploads%2F2017%2F05%2F4_grande-v-Une_rose_pour_Virginie.jpg\"><i class=\"tg-icon-pinterest\"><\/i><\/a><\/div><\/div><\/div><div class=\"tg-item-content-holder tg-light image-format\" style=\"background-color:#b7c634\"><span class=\"tg-item-date\">10 May 2017<\/span><h2 class=\"tg-item-title\"><a href=\"https:\/\/fonds-risq.qc.ca\/en\/entreprise\/pimo-promotion-intervention-en-milieu-ouvert\/\" target=\"_self\">PIMO (Promotion intervention en milieu ouvert)<\/a><\/h2><span class=\"tg-cats-holder\"><a class=\"filtres_des_entreprises\" href=\"https:\/\/fonds-risq.qc.ca\/en\/filtres_des_entreprises\/2017-en\/\" rel=\"category\" data-term-id=\"222\"><span class=\"tg-item-term\" >2017<\/span><\/a><span>, <\/span><a class=\"filtres_des_entreprises\" href=\"https:\/\/fonds-risq.qc.ca\/en\/filtres_des_entreprises\/montreal-en\/\" rel=\"category\" data-term-id=\"128\"><span class=\"tg-item-term\" >Montr\u00e9al<\/span><\/a><span>, <\/span><a class=\"filtres_des_entreprises\" href=\"https:\/\/fonds-risq.qc.ca\/en\/filtres_des_entreprises\/npo\/\" rel=\"category\" data-term-id=\"150\"><span class=\"tg-item-term\" >NPO<\/span><\/a><span>, <\/span><a class=\"filtres_des_entreprises\" href=\"https:\/\/fonds-risq.qc.ca\/en\/filtres_des_entreprises\/services-to-people\/\" rel=\"category\" data-term-id=\"142\"><span class=\"tg-item-term\" >Services to people<\/span><\/a><span>, <\/span><a class=\"filtres_des_entreprises\" href=\"https:\/\/fonds-risq.qc.ca\/en\/filtres_des_entreprises\/pret-pour-aide-technique-en\/\" rel=\"category\" data-term-id=\"146\"><span class=\"tg-item-term\" >Technical assistance loan<\/span><\/a><\/span><p class=\"tg-item-excerpt\">Promotion intervention en milieu ouvert est un OBNL fond\u00e9 en 1986, qui a pour mission d\u2019offrir des services d\u2019accompagnement individualis\u00e9 en vue d'assurer l\u2019inclusion sociale des adultes ayant une d\u00e9ficience motrice, r\u00e9sidents de...<\/p><div class=\"tg-item-footer\"><a class=\"tg-item-comment\" href=\"https:\/\/fonds-risq.qc.ca\/en\/entreprise\/pimo-promotion-intervention-en-milieu-ouvert\/\"  target=\"_self\">No comment<\/a><span class=\"no-ajaxy to-post-like no-liked empty-heart\" data-post-id=\"4769\" title=\"Like\"><span class=\"to-heart-icon\"><svg xmlns=\"http:\/\/www.w3.org\/2000\/svg\" version=\"1.1\" viewBox=\"0 0 64 64\"><g transform=\"translate(0, 0)\"><path stroke-width=\"6\" stroke-linecap=\"square\" stroke-miterlimit=\"10\" d=\"M1,21c0,20,31,38,31,38s31-18,31-38 c0-8.285-6-16-15-16c-8.285,0-16,5.715-16,14c0-8.285-7.715-14-16-14C7,5,1,12.715,1,21z\"><\/path><\/g><\/svg><\/span><span class=\"to-like-count\">0<\/span><\/span><\/div><\/div><\/div><\/article><!-- The Grid item #357 --><article class=\"tg-item tg-post-4773 kampala f222 f149 f150 f155 f135 f146\" data-row=\"1\" data-col=\"1\"><div class=\"tg-item-inner\"><div class=\"tg-item-media-holder tg-light\"><div class=\"tg-item-media-inner\"><img decoding=\"async\" class=\"tg-item-image\" alt=\"\" width=\"448\" height=\"269\" src=\"https:\/\/fonds-risq.qc.ca\/wp-content\/uploads\/2017\/05\/Patrouille_Eureko_Plaisir.jpg\"><\/div><div class=\"tg-center-holder\"><div class=\"tg-center-inner\"><div class=\"tg-item-overlay\"><\/div><a class=\"tg-link-button\" href=\"https:\/\/fonds-risq.qc.ca\/en\/entreprise\/eureko\/\" target=\"_self\"><i class=\"tg-icon-link\"><\/i><\/a><\/div><\/div><div class=\"tg-item-decoration\"><div class=\"triangle-down-right\" style=\"border-color:#b7c634\"><\/div><\/div><div class=\"tg-item-share-holder\"><div class=\"triangle-up-left\" style=\"border-color:rgba(22,22,22,0.65)\"><\/div><i class=\"tg-icon-reply\" style=\"color:#ffffff\"><\/i><div class=\"tg-share-icons\"><a class=\"tg-social-share tg-facebook\" href=\"https:\/\/www.facebook.com\/sharer.php?u=https%3A%2F%2Ffonds-risq.qc.ca%2Fen%2Fentreprise%2Feureko%2F&#038;t=Eur%C3%AAko%21\"><i class=\"tg-icon-facebook\"><\/i><\/a><a class=\"tg-social-share tg-twitter\" href=\"https:\/\/twitter.com\/share?url=https%3A%2F%2Ffonds-risq.qc.ca%2Fen%2Fentreprise%2Feureko%2F&#038;text=Eur%C3%AAko%21\"><i class=\"tg-icon-twitter\"><\/i><\/a><a class=\"tg-social-share tg-google-plus\" href=\"https:\/\/plus.google.com\/share?url=https%3A%2F%2Ffonds-risq.qc.ca%2Fen%2Fentreprise%2Feureko%2F\"><i class=\"tg-icon-google-plus\"><\/i><\/a><a class=\"tg-social-share tg-pinterest\" href=\"https:\/\/pinterest.com\/pin\/create\/button\/?url=https%3A%2F%2Ffonds-risq.qc.ca%2Fen%2Fentreprise%2Feureko%2F&#038;description=Eur%C3%AAko%21&#038;media=https%3A%2F%2Ffonds-risq.qc.ca%2Fwp-content%2Fuploads%2F2017%2F05%2FPatrouille_Eureko_Plaisir.jpg\"><i class=\"tg-icon-pinterest\"><\/i><\/a><\/div><\/div><\/div><div class=\"tg-item-content-holder tg-light image-format\" style=\"background-color:#b7c634\"><span class=\"tg-item-date\">10 May 2017<\/span><h2 class=\"tg-item-title\"><a href=\"https:\/\/fonds-risq.qc.ca\/en\/entreprise\/eureko\/\" target=\"_self\">Eur\u00eako!<\/a><\/h2><span class=\"tg-cats-holder\"><a class=\"filtres_des_entreprises\" href=\"https:\/\/fonds-risq.qc.ca\/en\/filtres_des_entreprises\/2017-en\/\" rel=\"category\" data-term-id=\"222\"><span class=\"tg-item-term\" >2017<\/span><\/a><span>, <\/span><a class=\"filtres_des_entreprises\" href=\"https:\/\/fonds-risq.qc.ca\/en\/filtres_des_entreprises\/environment\/\" rel=\"category\" data-term-id=\"149\"><span class=\"tg-item-term\" >Environment<\/span><\/a><span>, <\/span><a class=\"filtres_des_entreprises\" href=\"https:\/\/fonds-risq.qc.ca\/en\/filtres_des_entreprises\/npo\/\" rel=\"category\" data-term-id=\"150\"><span class=\"tg-item-term\" >NPO<\/span><\/a><span>, <\/span><a class=\"filtres_des_entreprises\" href=\"https:\/\/fonds-risq.qc.ca\/en\/filtres_des_entreprises\/saguenay-lac-saint-jean-en\/\" rel=\"category\" data-term-id=\"155\"><span class=\"tg-item-term\" >Saguenay-Lac-Saint-Jean<\/span><\/a><span>, <\/span><a class=\"filtres_des_entreprises\" href=\"https:\/\/fonds-risq.qc.ca\/en\/filtres_des_entreprises\/services-en\/\" rel=\"category\" data-term-id=\"135\"><span class=\"tg-item-term\" >Services<\/span><\/a><span>, <\/span><a class=\"filtres_des_entreprises\" href=\"https:\/\/fonds-risq.qc.ca\/en\/filtres_des_entreprises\/pret-pour-aide-technique-en\/\" rel=\"category\" data-term-id=\"146\"><span class=\"tg-item-term\" >Technical assistance loan<\/span><\/a><\/span><p class=\"tg-item-excerpt\">EUR\u00caKO! propose diverses activit\u00e9s ax\u00e9es sur la d\u00e9fense et la promotion d\u2019un environnement sain et l\u2019am\u00e9lioration de la qualit\u00e9 de vie de la collectivit\u00e9. Ses principales activit\u00e9s sont: am\u00e9nagement du territoire et conservation,...<\/p><div class=\"tg-item-footer\"><a class=\"tg-item-comment\" href=\"https:\/\/fonds-risq.qc.ca\/en\/entreprise\/eureko\/\"  target=\"_self\">No comment<\/a><span class=\"no-ajaxy to-post-like no-liked empty-heart\" data-post-id=\"4773\" title=\"Like\"><span class=\"to-heart-icon\"><svg xmlns=\"http:\/\/www.w3.org\/2000\/svg\" version=\"1.1\" viewBox=\"0 0 64 64\"><g transform=\"translate(0, 0)\"><path stroke-width=\"6\" stroke-linecap=\"square\" stroke-miterlimit=\"10\" d=\"M1,21c0,20,31,38,31,38s31-18,31-38 c0-8.285-6-16-15-16c-8.285,0-16,5.715-16,14c0-8.285-7.715-14-16-14C7,5,1,12.715,1,21z\"><\/path><\/g><\/svg><\/span><span class=\"to-like-count\">0<\/span><\/span><\/div><\/div><\/div><\/article><!-- The Grid item #358 --><article class=\"tg-item tg-post-4776 kampala f222 f134 f148 f128 f150\" data-row=\"1\" data-col=\"1\"><div class=\"tg-item-inner\"><div class=\"tg-item-media-holder tg-light\"><div class=\"tg-item-media-inner\"><img decoding=\"async\" class=\"tg-item-image\" alt=\"\" width=\"640\" height=\"427\" src=\"https:\/\/fonds-risq.qc.ca\/wp-content\/uploads\/2017\/05\/Papier16-262-of-723-copie-1.jpeg\"><\/div><div class=\"tg-center-holder\"><div class=\"tg-center-inner\"><div class=\"tg-item-overlay\"><\/div><a class=\"tg-link-button\" href=\"https:\/\/fonds-risq.qc.ca\/en\/entreprise\/association-des-galeries-dart-contemporain-agac\/\" target=\"_self\"><i class=\"tg-icon-link\"><\/i><\/a><\/div><\/div><div class=\"tg-item-decoration\"><div class=\"triangle-down-right\" style=\"border-color:#0097c8\"><\/div><\/div><div class=\"tg-item-share-holder\"><div class=\"triangle-up-left\" style=\"border-color:rgba(22,22,22,0.65)\"><\/div><i class=\"tg-icon-reply\" style=\"color:#ffffff\"><\/i><div class=\"tg-share-icons\"><a class=\"tg-social-share tg-facebook\" href=\"https:\/\/www.facebook.com\/sharer.php?u=https%3A%2F%2Ffonds-risq.qc.ca%2Fen%2Fentreprise%2Fassociation-des-galeries-dart-contemporain-agac%2F&#038;t=Association%20des%20galeries%20d%E2%80%99art%20contemporain%20%28AGAC%29\"><i class=\"tg-icon-facebook\"><\/i><\/a><a class=\"tg-social-share tg-twitter\" href=\"https:\/\/twitter.com\/share?url=https%3A%2F%2Ffonds-risq.qc.ca%2Fen%2Fentreprise%2Fassociation-des-galeries-dart-contemporain-agac%2F&#038;text=Association%20des%20galeries%20d%E2%80%99art%20contemporain%20%28AGAC%29\"><i class=\"tg-icon-twitter\"><\/i><\/a><a class=\"tg-social-share tg-google-plus\" href=\"https:\/\/plus.google.com\/share?url=https%3A%2F%2Ffonds-risq.qc.ca%2Fen%2Fentreprise%2Fassociation-des-galeries-dart-contemporain-agac%2F\"><i class=\"tg-icon-google-plus\"><\/i><\/a><a class=\"tg-social-share tg-pinterest\" href=\"https:\/\/pinterest.com\/pin\/create\/button\/?url=https%3A%2F%2Ffonds-risq.qc.ca%2Fen%2Fentreprise%2Fassociation-des-galeries-dart-contemporain-agac%2F&#038;description=Association%20des%20galeries%20d%E2%80%99art%20contemporain%20%28AGAC%29&#038;media=https%3A%2F%2Ffonds-risq.qc.ca%2Fwp-content%2Fuploads%2F2017%2F05%2FPapier16-262-of-723-copie-1.jpeg\"><i class=\"tg-icon-pinterest\"><\/i><\/a><\/div><\/div><\/div><div class=\"tg-item-content-holder tg-light image-format\" style=\"background-color:#0097c8\"><span class=\"tg-item-date\">5 May 2017<\/span><h2 class=\"tg-item-title\"><a href=\"https:\/\/fonds-risq.qc.ca\/en\/entreprise\/association-des-galeries-dart-contemporain-agac\/\" target=\"_self\">Association des galeries d&#8217;art contemporain (AGAC)<\/a><\/h2><span class=\"tg-cats-holder\"><a class=\"filtres_des_entreprises\" href=\"https:\/\/fonds-risq.qc.ca\/en\/filtres_des_entreprises\/2017-en\/\" rel=\"category\" data-term-id=\"222\"><span class=\"tg-item-term\" >2017<\/span><\/a><span>, <\/span><a class=\"filtres_des_entreprises\" href=\"https:\/\/fonds-risq.qc.ca\/en\/filtres_des_entreprises\/arts-and-culture\/\" rel=\"category\" data-term-id=\"134\"><span class=\"tg-item-term\" >Arts and culture<\/span><\/a><span>, <\/span><a class=\"filtres_des_entreprises\" href=\"https:\/\/fonds-risq.qc.ca\/en\/filtres_des_entreprises\/capitalization-loan\/\" rel=\"category\" data-term-id=\"148\"><span class=\"tg-item-term\" >Capitalization loan<\/span><\/a><span>, <\/span><a class=\"filtres_des_entreprises\" href=\"https:\/\/fonds-risq.qc.ca\/en\/filtres_des_entreprises\/montreal-en\/\" rel=\"category\" data-term-id=\"128\"><span class=\"tg-item-term\" >Montr\u00e9al<\/span><\/a><span>, <\/span><a class=\"filtres_des_entreprises\" href=\"https:\/\/fonds-risq.qc.ca\/en\/filtres_des_entreprises\/npo\/\" rel=\"category\" data-term-id=\"150\"><span class=\"tg-item-term\" >NPO<\/span><\/a><\/span><p class=\"tg-item-excerpt\">L'Association des galeries d'art contemporain (AGAC) est un organisme sans but lucratif cr\u00e9\u00e9 en 1985 dont la mission principale est d'assurer la reconnaissance et la prosp\u00e9rit\u00e9 du march\u00e9 de l'art contemporain au Canada. Elle contribue...<\/p><div class=\"tg-item-footer\"><a class=\"tg-item-comment\" href=\"https:\/\/fonds-risq.qc.ca\/en\/entreprise\/association-des-galeries-dart-contemporain-agac\/\"  target=\"_self\">No comment<\/a><span class=\"no-ajaxy to-post-like no-liked empty-heart\" data-post-id=\"4776\" title=\"Like\"><span class=\"to-heart-icon\"><svg xmlns=\"http:\/\/www.w3.org\/2000\/svg\" version=\"1.1\" viewBox=\"0 0 64 64\"><g transform=\"translate(0, 0)\"><path stroke-width=\"6\" stroke-linecap=\"square\" stroke-miterlimit=\"10\" d=\"M1,21c0,20,31,38,31,38s31-18,31-38 c0-8.285-6-16-15-16c-8.285,0-16,5.715-16,14c0-8.285-7.715-14-16-14C7,5,1,12.715,1,21z\"><\/path><\/g><\/svg><\/span><span class=\"to-like-count\">0<\/span><\/span><\/div><\/div><\/div><\/article><!-- The Grid item #359 --><article class=\"tg-item tg-post-4778 kampala f222 f143 f128 f150 f147\" data-row=\"1\" data-col=\"1\"><div class=\"tg-item-inner\"><div class=\"tg-item-media-holder tg-light\"><div class=\"tg-item-media-inner\"><img decoding=\"async\" class=\"tg-item-image\" alt=\"\" width=\"2560\" height=\"1707\" src=\"https:\/\/fonds-risq.qc.ca\/wp-content\/uploads\/2017\/03\/Photo-Services-Aide-Emploi-1-scaled.jpg\"><\/div><div class=\"tg-center-holder\"><div class=\"tg-center-inner\"><div class=\"tg-item-overlay\"><\/div><a class=\"tg-link-button\" href=\"https:\/\/fonds-risq.qc.ca\/en\/entreprise\/acces-travail-de-montreal\/\" target=\"_self\"><i class=\"tg-icon-link\"><\/i><\/a><\/div><\/div><div class=\"tg-item-decoration\"><div class=\"triangle-down-right\" style=\"border-color:#ee4224\"><\/div><\/div><div class=\"tg-item-share-holder\"><div class=\"triangle-up-left\" style=\"border-color:rgba(22,22,22,0.65)\"><\/div><i class=\"tg-icon-reply\" style=\"color:#ffffff\"><\/i><div class=\"tg-share-icons\"><a class=\"tg-social-share tg-facebook\" href=\"https:\/\/www.facebook.com\/sharer.php?u=https%3A%2F%2Ffonds-risq.qc.ca%2Fen%2Fentreprise%2Facces-travail-de-montreal%2F&#038;t=Acc%C3%A8s-Travail%20de%20Montr%C3%A9al\"><i class=\"tg-icon-facebook\"><\/i><\/a><a class=\"tg-social-share tg-twitter\" href=\"https:\/\/twitter.com\/share?url=https%3A%2F%2Ffonds-risq.qc.ca%2Fen%2Fentreprise%2Facces-travail-de-montreal%2F&#038;text=Acc%C3%A8s-Travail%20de%20Montr%C3%A9al\"><i class=\"tg-icon-twitter\"><\/i><\/a><a class=\"tg-social-share tg-google-plus\" href=\"https:\/\/plus.google.com\/share?url=https%3A%2F%2Ffonds-risq.qc.ca%2Fen%2Fentreprise%2Facces-travail-de-montreal%2F\"><i class=\"tg-icon-google-plus\"><\/i><\/a><a class=\"tg-social-share tg-pinterest\" href=\"https:\/\/pinterest.com\/pin\/create\/button\/?url=https%3A%2F%2Ffonds-risq.qc.ca%2Fen%2Fentreprise%2Facces-travail-de-montreal%2F&#038;description=Acc%C3%A8s-Travail%20de%20Montr%C3%A9al&#038;media=https%3A%2F%2Ffonds-risq.qc.ca%2Fwp-content%2Fuploads%2F2017%2F03%2FPhoto-Services-Aide-Emploi-1-scaled.jpg\"><i class=\"tg-icon-pinterest\"><\/i><\/a><\/div><\/div><\/div><div class=\"tg-item-content-holder tg-light image-format\" style=\"background-color:#ee4224\"><span class=\"tg-item-date\">17 March 2017<\/span><h2 class=\"tg-item-title\"><a href=\"https:\/\/fonds-risq.qc.ca\/en\/entreprise\/acces-travail-de-montreal\/\" target=\"_self\">Acc\u00e8s-Travail de Montr\u00e9al<\/a><\/h2><span class=\"tg-cats-holder\"><a class=\"filtres_des_entreprises\" href=\"https:\/\/fonds-risq.qc.ca\/en\/filtres_des_entreprises\/2017-en\/\" rel=\"category\" data-term-id=\"222\"><span class=\"tg-item-term\" >2017<\/span><\/a><span>, <\/span><a class=\"filtres_des_entreprises\" href=\"https:\/\/fonds-risq.qc.ca\/en\/filtres_des_entreprises\/employability-services\/\" rel=\"category\" data-term-id=\"143\"><span class=\"tg-item-term\" >Employability Services<\/span><\/a><span>, <\/span><a class=\"filtres_des_entreprises\" href=\"https:\/\/fonds-risq.qc.ca\/en\/filtres_des_entreprises\/montreal-en\/\" rel=\"category\" data-term-id=\"128\"><span class=\"tg-item-term\" >Montr\u00e9al<\/span><\/a><span>, <\/span><a class=\"filtres_des_entreprises\" href=\"https:\/\/fonds-risq.qc.ca\/en\/filtres_des_entreprises\/npo\/\" rel=\"category\" data-term-id=\"150\"><span class=\"tg-item-term\" >NPO<\/span><\/a><span>, <\/span><a class=\"filtres_des_entreprises\" href=\"https:\/\/fonds-risq.qc.ca\/en\/filtres_des_entreprises\/pre-startup-loan\/\" rel=\"category\" data-term-id=\"147\"><span class=\"tg-item-term\" >Pre-startup loan<\/span><\/a><\/span><p class=\"tg-item-excerpt\">Cr\u00e9\u00e9 en 1991, Acc\u00e8s-Travail de Montr\u00e9al, en tant qu\u2019organisme \u00e0 but non lucratif, offre des services en recherche d\u2019emploi et en orientation professionnelle aux personnes de l\u2019\u00eele de Montr\u00e9al dans le but de d\u00e9velopper leur...<\/p><div class=\"tg-item-footer\"><a class=\"tg-item-comment\" href=\"https:\/\/fonds-risq.qc.ca\/en\/entreprise\/acces-travail-de-montreal\/\"  target=\"_self\">No comment<\/a><span class=\"no-ajaxy to-post-like no-liked empty-heart\" data-post-id=\"4778\" title=\"Like\"><span class=\"to-heart-icon\"><svg xmlns=\"http:\/\/www.w3.org\/2000\/svg\" version=\"1.1\" viewBox=\"0 0 64 64\"><g transform=\"translate(0, 0)\"><path stroke-width=\"6\" stroke-linecap=\"square\" stroke-miterlimit=\"10\" d=\"M1,21c0,20,31,38,31,38s31-18,31-38 c0-8.285-6-16-15-16c-8.285,0-16,5.715-16,14c0-8.285-7.715-14-16-14C7,5,1,12.715,1,21z\"><\/path><\/g><\/svg><\/span><span class=\"to-like-count\">0<\/span><\/span><\/div><\/div><\/div><\/article><!-- The Grid item #360 --><article class=\"tg-item tg-post-4782 kampala f224 f148 f128 f150 f135\" data-row=\"1\" data-col=\"1\"><div class=\"tg-item-inner\"><div class=\"tg-item-media-holder tg-light\"><div class=\"tg-item-media-inner\"><img decoding=\"async\" class=\"tg-item-image\" alt=\"\" width=\"2048\" height=\"1335\" src=\"https:\/\/fonds-risq.qc.ca\/wp-content\/uploads\/2017\/03\/exterieur1.jpg\"><\/div><div class=\"tg-center-holder\"><div class=\"tg-center-inner\"><div class=\"tg-item-overlay\"><\/div><a class=\"tg-link-button\" href=\"https:\/\/fonds-risq.qc.ca\/en\/entreprise\/theatre-paradoxe\/\" target=\"_self\"><i class=\"tg-icon-link\"><\/i><\/a><\/div><\/div><div class=\"tg-item-decoration\"><div class=\"triangle-down-right\" style=\"border-color:#0097c8\"><\/div><\/div><div class=\"tg-item-share-holder\"><div class=\"triangle-up-left\" style=\"border-color:rgba(22,22,22,0.65)\"><\/div><i class=\"tg-icon-reply\" style=\"color:#ffffff\"><\/i><div class=\"tg-share-icons\"><a class=\"tg-social-share tg-facebook\" href=\"https:\/\/www.facebook.com\/sharer.php?u=https%3A%2F%2Ffonds-risq.qc.ca%2Fen%2Fentreprise%2Ftheatre-paradoxe%2F&#038;t=Th%C3%A9%C3%A2tre%20Paradoxe\"><i class=\"tg-icon-facebook\"><\/i><\/a><a class=\"tg-social-share tg-twitter\" href=\"https:\/\/twitter.com\/share?url=https%3A%2F%2Ffonds-risq.qc.ca%2Fen%2Fentreprise%2Ftheatre-paradoxe%2F&#038;text=Th%C3%A9%C3%A2tre%20Paradoxe\"><i class=\"tg-icon-twitter\"><\/i><\/a><a class=\"tg-social-share tg-google-plus\" href=\"https:\/\/plus.google.com\/share?url=https%3A%2F%2Ffonds-risq.qc.ca%2Fen%2Fentreprise%2Ftheatre-paradoxe%2F\"><i class=\"tg-icon-google-plus\"><\/i><\/a><a class=\"tg-social-share tg-pinterest\" href=\"https:\/\/pinterest.com\/pin\/create\/button\/?url=https%3A%2F%2Ffonds-risq.qc.ca%2Fen%2Fentreprise%2Ftheatre-paradoxe%2F&#038;description=Th%C3%A9%C3%A2tre%20Paradoxe&#038;media=https%3A%2F%2Ffonds-risq.qc.ca%2Fwp-content%2Fuploads%2F2017%2F03%2Fexterieur1.jpg\"><i class=\"tg-icon-pinterest\"><\/i><\/a><\/div><\/div><\/div><div class=\"tg-item-content-holder tg-light image-format\" style=\"background-color:#0097c8\"><span class=\"tg-item-date\">15 March 2017<\/span><h2 class=\"tg-item-title\"><a href=\"https:\/\/fonds-risq.qc.ca\/en\/entreprise\/theatre-paradoxe\/\" target=\"_self\">Th\u00e9\u00e2tre Paradoxe<\/a><\/h2><span class=\"tg-cats-holder\"><a class=\"filtres_des_entreprises\" href=\"https:\/\/fonds-risq.qc.ca\/en\/filtres_des_entreprises\/2016-en\/\" rel=\"category\" data-term-id=\"224\"><span class=\"tg-item-term\" >2016<\/span><\/a><span>, <\/span><a class=\"filtres_des_entreprises\" href=\"https:\/\/fonds-risq.qc.ca\/en\/filtres_des_entreprises\/capitalization-loan\/\" rel=\"category\" data-term-id=\"148\"><span class=\"tg-item-term\" >Capitalization loan<\/span><\/a><span>, <\/span><a class=\"filtres_des_entreprises\" href=\"https:\/\/fonds-risq.qc.ca\/en\/filtres_des_entreprises\/montreal-en\/\" rel=\"category\" data-term-id=\"128\"><span class=\"tg-item-term\" >Montr\u00e9al<\/span><\/a><span>, <\/span><a class=\"filtres_des_entreprises\" href=\"https:\/\/fonds-risq.qc.ca\/en\/filtres_des_entreprises\/npo\/\" rel=\"category\" data-term-id=\"150\"><span class=\"tg-item-term\" >NPO<\/span><\/a><span>, <\/span><a class=\"filtres_des_entreprises\" href=\"https:\/\/fonds-risq.qc.ca\/en\/filtres_des_entreprises\/services-en\/\" rel=\"category\" data-term-id=\"135\"><span class=\"tg-item-term\" >Services<\/span><\/a><\/span><p class=\"tg-item-excerpt\">Le Groupe Paradoxe \u0153uvre depuis plusieurs ann\u00e9es dans le domaine de l\u2019insertion sociale aupr\u00e8s des jeunes adultes de 18 \u00e0 35 ans. L\u2019entreprise offre une formation th\u00e9orique et pratique dans les m\u00e9tiers des arts de la sc\u00e8ne. Depuis...<\/p><div class=\"tg-item-footer\"><a class=\"tg-item-comment\" href=\"https:\/\/fonds-risq.qc.ca\/en\/entreprise\/theatre-paradoxe\/\"  target=\"_self\">No comment<\/a><span class=\"no-ajaxy to-post-like no-liked empty-heart\" data-post-id=\"4782\" title=\"Like\"><span class=\"to-heart-icon\"><svg xmlns=\"http:\/\/www.w3.org\/2000\/svg\" version=\"1.1\" viewBox=\"0 0 64 64\"><g transform=\"translate(0, 0)\"><path stroke-width=\"6\" stroke-linecap=\"square\" stroke-miterlimit=\"10\" d=\"M1,21c0,20,31,38,31,38s31-18,31-38 c0-8.285-6-16-15-16c-8.285,0-16,5.715-16,14c0-8.285-7.715-14-16-14C7,5,1,12.715,1,21z\"><\/path><\/g><\/svg><\/span><span class=\"to-like-count\">0<\/span><\/span><\/div><\/div><\/div><\/article><!-- The Grid item #361 --><article class=\"tg-item tg-post-4788 kampala f224 f148 f136 f128 f150\" data-row=\"1\" data-col=\"1\"><div class=\"tg-item-inner\"><div class=\"tg-item-media-holder tg-light\"><div class=\"tg-item-media-inner\"><img decoding=\"async\" class=\"tg-item-image\" alt=\"\" width=\"858\" height=\"322\" src=\"https:\/\/fonds-risq.qc.ca\/wp-content\/uploads\/2017\/03\/Photo_studio1.png\"><\/div><div class=\"tg-center-holder\"><div class=\"tg-center-inner\"><div class=\"tg-item-overlay\"><\/div><a class=\"tg-link-button\" href=\"https:\/\/fonds-risq.qc.ca\/en\/entreprise\/academiecine-tv\/\" target=\"_self\"><i class=\"tg-icon-link\"><\/i><\/a><\/div><\/div><div class=\"tg-item-decoration\"><div class=\"triangle-down-right\" style=\"border-color:#0097c8\"><\/div><\/div><div class=\"tg-item-share-holder\"><div class=\"triangle-up-left\" style=\"border-color:rgba(22,22,22,0.65)\"><\/div><i class=\"tg-icon-reply\" style=\"color:#ffffff\"><\/i><div class=\"tg-share-icons\"><a class=\"tg-social-share tg-facebook\" href=\"https:\/\/www.facebook.com\/sharer.php?u=https%3A%2F%2Ffonds-risq.qc.ca%2Fen%2Fentreprise%2Facademiecine-tv%2F&#038;t=Acad%C3%A9mieCin%C3%A9.TV\"><i class=\"tg-icon-facebook\"><\/i><\/a><a class=\"tg-social-share tg-twitter\" href=\"https:\/\/twitter.com\/share?url=https%3A%2F%2Ffonds-risq.qc.ca%2Fen%2Fentreprise%2Facademiecine-tv%2F&#038;text=Acad%C3%A9mieCin%C3%A9.TV\"><i class=\"tg-icon-twitter\"><\/i><\/a><a class=\"tg-social-share tg-google-plus\" href=\"https:\/\/plus.google.com\/share?url=https%3A%2F%2Ffonds-risq.qc.ca%2Fen%2Fentreprise%2Facademiecine-tv%2F\"><i class=\"tg-icon-google-plus\"><\/i><\/a><a class=\"tg-social-share tg-pinterest\" href=\"https:\/\/pinterest.com\/pin\/create\/button\/?url=https%3A%2F%2Ffonds-risq.qc.ca%2Fen%2Fentreprise%2Facademiecine-tv%2F&#038;description=Acad%C3%A9mieCin%C3%A9.TV&#038;media=https%3A%2F%2Ffonds-risq.qc.ca%2Fwp-content%2Fuploads%2F2017%2F03%2FPhoto_studio1.png\"><i class=\"tg-icon-pinterest\"><\/i><\/a><\/div><\/div><\/div><div class=\"tg-item-content-holder tg-light image-format\" style=\"background-color:#0097c8\"><span class=\"tg-item-date\">9 March 2017<\/span><h2 class=\"tg-item-title\"><a href=\"https:\/\/fonds-risq.qc.ca\/en\/entreprise\/academiecine-tv\/\" target=\"_self\">Acad\u00e9mieCin\u00e9.TV<\/a><\/h2><span class=\"tg-cats-holder\"><a class=\"filtres_des_entreprises\" href=\"https:\/\/fonds-risq.qc.ca\/en\/filtres_des_entreprises\/2016-en\/\" rel=\"category\" data-term-id=\"224\"><span class=\"tg-item-term\" >2016<\/span><\/a><span>, <\/span><a class=\"filtres_des_entreprises\" href=\"https:\/\/fonds-risq.qc.ca\/en\/filtres_des_entreprises\/capitalization-loan\/\" rel=\"category\" data-term-id=\"148\"><span class=\"tg-item-term\" >Capitalization loan<\/span><\/a><span>, <\/span><a class=\"filtres_des_entreprises\" href=\"https:\/\/fonds-risq.qc.ca\/en\/filtres_des_entreprises\/education-en\/\" rel=\"category\" data-term-id=\"136\"><span class=\"tg-item-term\" >Education<\/span><\/a><span>, <\/span><a class=\"filtres_des_entreprises\" href=\"https:\/\/fonds-risq.qc.ca\/en\/filtres_des_entreprises\/montreal-en\/\" rel=\"category\" data-term-id=\"128\"><span class=\"tg-item-term\" >Montr\u00e9al<\/span><\/a><span>, <\/span><a class=\"filtres_des_entreprises\" href=\"https:\/\/fonds-risq.qc.ca\/en\/filtres_des_entreprises\/npo\/\" rel=\"category\" data-term-id=\"150\"><span class=\"tg-item-term\" >NPO<\/span><\/a><\/span><p class=\"tg-item-excerpt\">Organisme \u00e0 but non lucratif, AcademieCine.TV est un centre virtuel unique de connaissances du milieu de la production cin\u00e9matographique, t\u00e9l\u00e9visuelle, web et \u00e9v\u00e9nementielle, de langue fran\u00e7aise. Depuis plus de 6 ans, AcademieCine.TV...<\/p><div class=\"tg-item-footer\"><a class=\"tg-item-comment\" href=\"https:\/\/fonds-risq.qc.ca\/en\/entreprise\/academiecine-tv\/\"  target=\"_self\">No comment<\/a><span class=\"no-ajaxy to-post-like no-liked empty-heart\" data-post-id=\"4788\" title=\"Like\"><span class=\"to-heart-icon\"><svg xmlns=\"http:\/\/www.w3.org\/2000\/svg\" version=\"1.1\" viewBox=\"0 0 64 64\"><g transform=\"translate(0, 0)\"><path stroke-width=\"6\" stroke-linecap=\"square\" stroke-miterlimit=\"10\" d=\"M1,21c0,20,31,38,31,38s31-18,31-38 c0-8.285-6-16-15-16c-8.285,0-16,5.715-16,14c0-8.285-7.715-14-16-14C7,5,1,12.715,1,21z\"><\/path><\/g><\/svg><\/span><span class=\"to-like-count\">0<\/span><\/span><\/div><\/div><\/div><\/article><!-- The Grid item #362 --><article class=\"tg-item tg-post-4793 kampala f224 f148 f151 f128 f137\" data-row=\"1\" data-col=\"1\"><div class=\"tg-item-inner\"><div class=\"tg-item-media-holder tg-light\"><div class=\"tg-item-media-inner\"><img decoding=\"async\" class=\"tg-item-image\" alt=\"\" width=\"1936\" height=\"1288\" src=\"https:\/\/fonds-risq.qc.ca\/wp-content\/uploads\/2017\/03\/2013-08-07-15.00.55-cr\u00e9dit-Heidi-Quinsey.jpg\"><\/div><div class=\"tg-center-holder\"><div class=\"tg-center-inner\"><div class=\"tg-item-overlay\"><\/div><a class=\"tg-link-button\" href=\"https:\/\/fonds-risq.qc.ca\/en\/entreprise\/en-direct-de-la-ferme-cooperative-de-solidarite\/\" target=\"_self\"><i class=\"tg-icon-link\"><\/i><\/a><\/div><\/div><div class=\"tg-item-decoration\"><div class=\"triangle-down-right\" style=\"border-color:#0097c8\"><\/div><\/div><div class=\"tg-item-share-holder\"><div class=\"triangle-up-left\" style=\"border-color:rgba(22,22,22,0.65)\"><\/div><i class=\"tg-icon-reply\" style=\"color:#ffffff\"><\/i><div class=\"tg-share-icons\"><a class=\"tg-social-share tg-facebook\" href=\"https:\/\/www.facebook.com\/sharer.php?u=https%3A%2F%2Ffonds-risq.qc.ca%2Fen%2Fentreprise%2Fen-direct-de-la-ferme-cooperative-de-solidarite%2F&#038;t=En%20direct%20de%20la%20ferme%2C%20coop%C3%A9rative%20de%20solidarit%C3%A9\"><i class=\"tg-icon-facebook\"><\/i><\/a><a class=\"tg-social-share tg-twitter\" href=\"https:\/\/twitter.com\/share?url=https%3A%2F%2Ffonds-risq.qc.ca%2Fen%2Fentreprise%2Fen-direct-de-la-ferme-cooperative-de-solidarite%2F&#038;text=En%20direct%20de%20la%20ferme%2C%20coop%C3%A9rative%20de%20solidarit%C3%A9\"><i class=\"tg-icon-twitter\"><\/i><\/a><a class=\"tg-social-share tg-google-plus\" href=\"https:\/\/plus.google.com\/share?url=https%3A%2F%2Ffonds-risq.qc.ca%2Fen%2Fentreprise%2Fen-direct-de-la-ferme-cooperative-de-solidarite%2F\"><i class=\"tg-icon-google-plus\"><\/i><\/a><a class=\"tg-social-share tg-pinterest\" href=\"https:\/\/pinterest.com\/pin\/create\/button\/?url=https%3A%2F%2Ffonds-risq.qc.ca%2Fen%2Fentreprise%2Fen-direct-de-la-ferme-cooperative-de-solidarite%2F&#038;description=En%20direct%20de%20la%20ferme%2C%20coop%C3%A9rative%20de%20solidarit%C3%A9&#038;media=https%3A%2F%2Ffonds-risq.qc.ca%2Fwp-content%2Fuploads%2F2017%2F03%2F2013-08-07-15.00.55-cr%C3%A9dit-Heidi-Quinsey.jpg\"><i class=\"tg-icon-pinterest\"><\/i><\/a><\/div><\/div><\/div><div class=\"tg-item-content-holder tg-light image-format\" style=\"background-color:#0097c8\"><span class=\"tg-item-date\">3 March 2017<\/span><h2 class=\"tg-item-title\"><a href=\"https:\/\/fonds-risq.qc.ca\/en\/entreprise\/en-direct-de-la-ferme-cooperative-de-solidarite\/\" target=\"_self\">En direct de la ferme, coop\u00e9rative de solidarit\u00e9<\/a><\/h2><span class=\"tg-cats-holder\"><a class=\"filtres_des_entreprises\" href=\"https:\/\/fonds-risq.qc.ca\/en\/filtres_des_entreprises\/2016-en\/\" rel=\"category\" data-term-id=\"224\"><span class=\"tg-item-term\" >2016<\/span><\/a><span>, <\/span><a class=\"filtres_des_entreprises\" href=\"https:\/\/fonds-risq.qc.ca\/en\/filtres_des_entreprises\/capitalization-loan\/\" rel=\"category\" data-term-id=\"148\"><span class=\"tg-item-term\" >Capitalization loan<\/span><\/a><span>, <\/span><a class=\"filtres_des_entreprises\" href=\"https:\/\/fonds-risq.qc.ca\/en\/filtres_des_entreprises\/coop-en\/\" rel=\"category\" data-term-id=\"151\"><span class=\"tg-item-term\" >COOP<\/span><\/a><span>, <\/span><a class=\"filtres_des_entreprises\" href=\"https:\/\/fonds-risq.qc.ca\/en\/filtres_des_entreprises\/montreal-en\/\" rel=\"category\" data-term-id=\"128\"><span class=\"tg-item-term\" >Montr\u00e9al<\/span><\/a><span>, <\/span><a class=\"filtres_des_entreprises\" href=\"https:\/\/fonds-risq.qc.ca\/en\/filtres_des_entreprises\/retail-business\/\" rel=\"category\" data-term-id=\"137\"><span class=\"tg-item-term\" >Retail business<\/span><\/a><\/span><p class=\"tg-item-excerpt\">En direct de la ferme est une coop\u00e9rative alimentaire de solidarit\u00e9, cr\u00e9\u00e9e \u00e0 Montr\u00e9al, au d\u00e9but du mois de juin 2012, proposant une vari\u00e9t\u00e9 de paniers d\u2019\u00e9picerie complets command\u00e9s en ligne, constitu\u00e9s de fruits et l\u00e9gumes, viandes et...<\/p><div class=\"tg-item-footer\"><a class=\"tg-item-comment\" href=\"https:\/\/fonds-risq.qc.ca\/en\/entreprise\/en-direct-de-la-ferme-cooperative-de-solidarite\/\"  target=\"_self\">No comment<\/a><span class=\"no-ajaxy to-post-like no-liked empty-heart\" data-post-id=\"4793\" title=\"Like\"><span class=\"to-heart-icon\"><svg xmlns=\"http:\/\/www.w3.org\/2000\/svg\" version=\"1.1\" viewBox=\"0 0 64 64\"><g transform=\"translate(0, 0)\"><path stroke-width=\"6\" stroke-linecap=\"square\" stroke-miterlimit=\"10\" d=\"M1,21c0,20,31,38,31,38s31-18,31-38 c0-8.285-6-16-15-16c-8.285,0-16,5.715-16,14c0-8.285-7.715-14-16-14C7,5,1,12.715,1,21z\"><\/path><\/g><\/svg><\/span><span class=\"to-like-count\">0<\/span><\/span><\/div><\/div><\/div><\/article><!-- The Grid item #363 --><article class=\"tg-item tg-post-4796 kampala f148 f151 f128 f158\" data-row=\"1\" data-col=\"1\"><div class=\"tg-item-inner\"><div class=\"tg-item-media-holder tg-light\"><div class=\"tg-item-media-inner\"><img decoding=\"async\" class=\"tg-item-image\" alt=\"\" width=\"700\" height=\"500\" src=\"https:\/\/fonds-risq.qc.ca\/wp-content\/uploads\/2017\/03\/caf\u00e9-large-cr\u00e9dit-Pagaille-caf\u00e9.jpg\"><\/div><div class=\"tg-center-holder\"><div class=\"tg-center-inner\"><div class=\"tg-item-overlay\"><\/div><a class=\"tg-link-button\" href=\"https:\/\/fonds-risq.qc.ca\/en\/entreprise\/pagaille-cafe-cooperative-de-travail\/\" target=\"_self\"><i class=\"tg-icon-link\"><\/i><\/a><\/div><\/div><div class=\"tg-item-decoration\"><div class=\"triangle-down-right\" style=\"border-color:#0097c8\"><\/div><\/div><div class=\"tg-item-share-holder\"><div class=\"triangle-up-left\" style=\"border-color:rgba(22,22,22,0.65)\"><\/div><i class=\"tg-icon-reply\" style=\"color:#ffffff\"><\/i><div class=\"tg-share-icons\"><a class=\"tg-social-share tg-facebook\" href=\"https:\/\/www.facebook.com\/sharer.php?u=https%3A%2F%2Ffonds-risq.qc.ca%2Fen%2Fentreprise%2Fpagaille-cafe-cooperative-de-travail%2F&#038;t=Pagaille%21%20caf%C3%A9-coop%C3%A9rative%20de%20travail\"><i class=\"tg-icon-facebook\"><\/i><\/a><a class=\"tg-social-share tg-twitter\" href=\"https:\/\/twitter.com\/share?url=https%3A%2F%2Ffonds-risq.qc.ca%2Fen%2Fentreprise%2Fpagaille-cafe-cooperative-de-travail%2F&#038;text=Pagaille%21%20caf%C3%A9-coop%C3%A9rative%20de%20travail\"><i class=\"tg-icon-twitter\"><\/i><\/a><a class=\"tg-social-share tg-google-plus\" href=\"https:\/\/plus.google.com\/share?url=https%3A%2F%2Ffonds-risq.qc.ca%2Fen%2Fentreprise%2Fpagaille-cafe-cooperative-de-travail%2F\"><i class=\"tg-icon-google-plus\"><\/i><\/a><a class=\"tg-social-share tg-pinterest\" href=\"https:\/\/pinterest.com\/pin\/create\/button\/?url=https%3A%2F%2Ffonds-risq.qc.ca%2Fen%2Fentreprise%2Fpagaille-cafe-cooperative-de-travail%2F&#038;description=Pagaille%21%20caf%C3%A9-coop%C3%A9rative%20de%20travail&#038;media=https%3A%2F%2Ffonds-risq.qc.ca%2Fwp-content%2Fuploads%2F2017%2F03%2Fcaf%C3%A9-large-cr%C3%A9dit-Pagaille-caf%C3%A9.jpg\"><i class=\"tg-icon-pinterest\"><\/i><\/a><\/div><\/div><\/div><div class=\"tg-item-content-holder tg-light image-format\" style=\"background-color:#0097c8\"><span class=\"tg-item-date\">3 March 2017<\/span><h2 class=\"tg-item-title\"><a href=\"https:\/\/fonds-risq.qc.ca\/en\/entreprise\/pagaille-cafe-cooperative-de-travail\/\" target=\"_self\">Pagaille! caf\u00e9-coop\u00e9rative de travail<\/a><\/h2><span class=\"tg-cats-holder\"><a class=\"filtres_des_entreprises\" href=\"https:\/\/fonds-risq.qc.ca\/en\/filtres_des_entreprises\/capitalization-loan\/\" rel=\"category\" data-term-id=\"148\"><span class=\"tg-item-term\" >Capitalization loan<\/span><\/a><span>, <\/span><a class=\"filtres_des_entreprises\" href=\"https:\/\/fonds-risq.qc.ca\/en\/filtres_des_entreprises\/coop-en\/\" rel=\"category\" data-term-id=\"151\"><span class=\"tg-item-term\" >COOP<\/span><\/a><span>, <\/span><a class=\"filtres_des_entreprises\" href=\"https:\/\/fonds-risq.qc.ca\/en\/filtres_des_entreprises\/montreal-en\/\" rel=\"category\" data-term-id=\"128\"><span class=\"tg-item-term\" >Montr\u00e9al<\/span><\/a><span>, <\/span><a class=\"filtres_des_entreprises\" href=\"https:\/\/fonds-risq.qc.ca\/en\/filtres_des_entreprises\/restaurant\/\" rel=\"category\" data-term-id=\"158\"><span class=\"tg-item-term\" >Restaurant<\/span><\/a><\/span><p class=\"tg-item-excerpt\">Ouvert en 2014 sous forme d\u2019entreprise individuelle, Pagaille! Caf\u00e9 devient en 2016 une coop\u00e9rative de travail comptant cinq membres fondateurs et une dizaine de travailleurs au total. D\u2019abord un caf\u00e9 de quartier ouvert aux jeunes...<\/p><div class=\"tg-item-footer\"><a class=\"tg-item-comment\" href=\"https:\/\/fonds-risq.qc.ca\/en\/entreprise\/pagaille-cafe-cooperative-de-travail\/\"  target=\"_self\">No comment<\/a><span class=\"no-ajaxy to-post-like no-liked empty-heart\" data-post-id=\"4796\" title=\"Like\"><span class=\"to-heart-icon\"><svg xmlns=\"http:\/\/www.w3.org\/2000\/svg\" version=\"1.1\" viewBox=\"0 0 64 64\"><g transform=\"translate(0, 0)\"><path stroke-width=\"6\" stroke-linecap=\"square\" stroke-miterlimit=\"10\" d=\"M1,21c0,20,31,38,31,38s31-18,31-38 c0-8.285-6-16-15-16c-8.285,0-16,5.715-16,14c0-8.285-7.715-14-16-14C7,5,1,12.715,1,21z\"><\/path><\/g><\/svg><\/span><span class=\"to-like-count\">0<\/span><\/span><\/div><\/div><\/div><\/article><!-- The Grid item #364 --><article class=\"tg-item tg-post-4799 kampala f148 f141 f151 f128\" data-row=\"1\" data-col=\"1\"><div class=\"tg-item-inner\"><div class=\"tg-item-media-holder tg-light\"><div class=\"tg-item-media-inner\"><img decoding=\"async\" class=\"tg-item-image\" alt=\"\" width=\"1402\" height=\"940\" src=\"https:\/\/fonds-risq.qc.ca\/wp-content\/uploads\/2017\/03\/Photo-WEBTV.png\"><\/div><div class=\"tg-center-holder\"><div class=\"tg-center-inner\"><div class=\"tg-item-overlay\"><\/div><a class=\"tg-link-button\" href=\"https:\/\/fonds-risq.qc.ca\/en\/entreprise\/webtv-coop\/\" target=\"_self\"><i class=\"tg-icon-link\"><\/i><\/a><\/div><\/div><div class=\"tg-item-decoration\"><div class=\"triangle-down-right\" style=\"border-color:#0097c8\"><\/div><\/div><div class=\"tg-item-share-holder\"><div class=\"triangle-up-left\" style=\"border-color:rgba(22,22,22,0.65)\"><\/div><i class=\"tg-icon-reply\" style=\"color:#ffffff\"><\/i><div class=\"tg-share-icons\"><a class=\"tg-social-share tg-facebook\" href=\"https:\/\/www.facebook.com\/sharer.php?u=https%3A%2F%2Ffonds-risq.qc.ca%2Fen%2Fentreprise%2Fwebtv-coop%2F&#038;t=WEBTV.COOP\"><i class=\"tg-icon-facebook\"><\/i><\/a><a class=\"tg-social-share tg-twitter\" href=\"https:\/\/twitter.com\/share?url=https%3A%2F%2Ffonds-risq.qc.ca%2Fen%2Fentreprise%2Fwebtv-coop%2F&#038;text=WEBTV.COOP\"><i class=\"tg-icon-twitter\"><\/i><\/a><a class=\"tg-social-share tg-google-plus\" href=\"https:\/\/plus.google.com\/share?url=https%3A%2F%2Ffonds-risq.qc.ca%2Fen%2Fentreprise%2Fwebtv-coop%2F\"><i class=\"tg-icon-google-plus\"><\/i><\/a><a class=\"tg-social-share tg-pinterest\" href=\"https:\/\/pinterest.com\/pin\/create\/button\/?url=https%3A%2F%2Ffonds-risq.qc.ca%2Fen%2Fentreprise%2Fwebtv-coop%2F&#038;description=WEBTV.COOP&#038;media=https%3A%2F%2Ffonds-risq.qc.ca%2Fwp-content%2Fuploads%2F2017%2F03%2FPhoto-WEBTV.png\"><i class=\"tg-icon-pinterest\"><\/i><\/a><\/div><\/div><\/div><div class=\"tg-item-content-holder tg-light image-format\" style=\"background-color:#0097c8\"><span class=\"tg-item-date\">2 March 2017<\/span><h2 class=\"tg-item-title\"><a href=\"https:\/\/fonds-risq.qc.ca\/en\/entreprise\/webtv-coop\/\" target=\"_self\">WEBTV.COOP<\/a><\/h2><span class=\"tg-cats-holder\"><a class=\"filtres_des_entreprises\" href=\"https:\/\/fonds-risq.qc.ca\/en\/filtres_des_entreprises\/capitalization-loan\/\" rel=\"category\" data-term-id=\"148\"><span class=\"tg-item-term\" >Capitalization loan<\/span><\/a><span>, <\/span><a class=\"filtres_des_entreprises\" href=\"https:\/\/fonds-risq.qc.ca\/en\/filtres_des_entreprises\/communication-en\/\" rel=\"category\" data-term-id=\"141\"><span class=\"tg-item-term\" >Communication<\/span><\/a><span>, <\/span><a class=\"filtres_des_entreprises\" href=\"https:\/\/fonds-risq.qc.ca\/en\/filtres_des_entreprises\/coop-en\/\" rel=\"category\" data-term-id=\"151\"><span class=\"tg-item-term\" >COOP<\/span><\/a><span>, <\/span><a class=\"filtres_des_entreprises\" href=\"https:\/\/fonds-risq.qc.ca\/en\/filtres_des_entreprises\/montreal-en\/\" rel=\"category\" data-term-id=\"128\"><span class=\"tg-item-term\" >Montr\u00e9al<\/span><\/a><\/span><p class=\"tg-item-excerpt\">WEBTV.COOP est un site Internet, appartenant \u00e0 la Coop de solidarit\u00e9 WEBTV, qui offre aux institutions d\u00e9mocratiques, organisations et groupes d'int\u00e9r\u00eats d\u2019\u00eatre \u00e0 la fois \u00ab solidaires et solitaires \u00bb. Solidaires, en r\u00e9unissant ces...<\/p><div class=\"tg-item-footer\"><a class=\"tg-item-comment\" href=\"https:\/\/fonds-risq.qc.ca\/en\/entreprise\/webtv-coop\/\"  target=\"_self\">No comment<\/a><span class=\"no-ajaxy to-post-like no-liked empty-heart\" data-post-id=\"4799\" title=\"Like\"><span class=\"to-heart-icon\"><svg xmlns=\"http:\/\/www.w3.org\/2000\/svg\" version=\"1.1\" viewBox=\"0 0 64 64\"><g transform=\"translate(0, 0)\"><path stroke-width=\"6\" stroke-linecap=\"square\" stroke-miterlimit=\"10\" d=\"M1,21c0,20,31,38,31,38s31-18,31-38 c0-8.285-6-16-15-16c-8.285,0-16,5.715-16,14c0-8.285-7.715-14-16-14C7,5,1,12.715,1,21z\"><\/path><\/g><\/svg><\/span><span class=\"to-like-count\">0<\/span><\/span><\/div><\/div><\/div><\/article><!-- The Grid item #365 --><article class=\"tg-item tg-post-4825 kampala f224 f148 f150 f155 f135\" data-row=\"1\" data-col=\"1\"><div class=\"tg-item-inner\"><div class=\"tg-item-media-holder tg-light\"><div class=\"tg-item-media-inner\"><img decoding=\"async\" class=\"tg-item-image\" alt=\"\" width=\"1948\" height=\"1297\" src=\"https:\/\/fonds-risq.qc.ca\/wp-content\/uploads\/2017\/03\/Leaugic_04-cr\u00e9dit-Jean-Michel-D\u00e9coste.jpg\"><\/div><div class=\"tg-center-holder\"><div class=\"tg-center-inner\"><div class=\"tg-item-overlay\"><\/div><a class=\"tg-link-button\" href=\"https:\/\/fonds-risq.qc.ca\/en\/entreprise\/1737\/\" target=\"_self\"><i class=\"tg-icon-link\"><\/i><\/a><\/div><\/div><div class=\"tg-item-decoration\"><div class=\"triangle-down-right\" style=\"border-color:#0097c8\"><\/div><\/div><div class=\"tg-item-share-holder\"><div class=\"triangle-up-left\" style=\"border-color:rgba(22,22,22,0.65)\"><\/div><i class=\"tg-icon-reply\" style=\"color:#ffffff\"><\/i><div class=\"tg-share-icons\"><a class=\"tg-social-share tg-facebook\" href=\"https:\/\/www.facebook.com\/sharer.php?u=https%3A%2F%2Ffonds-risq.qc.ca%2Fen%2Fentreprise%2F1737%2F&#038;t=N%C3%A9gawatts%20production%20inc.\"><i class=\"tg-icon-facebook\"><\/i><\/a><a class=\"tg-social-share tg-twitter\" href=\"https:\/\/twitter.com\/share?url=https%3A%2F%2Ffonds-risq.qc.ca%2Fen%2Fentreprise%2F1737%2F&#038;text=N%C3%A9gawatts%20production%20inc.\"><i class=\"tg-icon-twitter\"><\/i><\/a><a class=\"tg-social-share tg-google-plus\" href=\"https:\/\/plus.google.com\/share?url=https%3A%2F%2Ffonds-risq.qc.ca%2Fen%2Fentreprise%2F1737%2F\"><i class=\"tg-icon-google-plus\"><\/i><\/a><a class=\"tg-social-share tg-pinterest\" href=\"https:\/\/pinterest.com\/pin\/create\/button\/?url=https%3A%2F%2Ffonds-risq.qc.ca%2Fen%2Fentreprise%2F1737%2F&#038;description=N%C3%A9gawatts%20production%20inc.&#038;media=https%3A%2F%2Ffonds-risq.qc.ca%2Fwp-content%2Fuploads%2F2017%2F03%2FLeaugic_04-cr%C3%A9dit-Jean-Michel-D%C3%A9coste.jpg\"><i class=\"tg-icon-pinterest\"><\/i><\/a><\/div><\/div><\/div><div class=\"tg-item-content-holder tg-light image-format\" style=\"background-color:#0097c8\"><span class=\"tg-item-date\">2 March 2017<\/span><h2 class=\"tg-item-title\"><a href=\"https:\/\/fonds-risq.qc.ca\/en\/entreprise\/1737\/\" target=\"_self\">N\u00e9gawatts production inc.<\/a><\/h2><span class=\"tg-cats-holder\"><a class=\"filtres_des_entreprises\" href=\"https:\/\/fonds-risq.qc.ca\/en\/filtres_des_entreprises\/2016-en\/\" rel=\"category\" data-term-id=\"224\"><span class=\"tg-item-term\" >2016<\/span><\/a><span>, <\/span><a class=\"filtres_des_entreprises\" href=\"https:\/\/fonds-risq.qc.ca\/en\/filtres_des_entreprises\/capitalization-loan\/\" rel=\"category\" data-term-id=\"148\"><span class=\"tg-item-term\" >Capitalization loan<\/span><\/a><span>, <\/span><a class=\"filtres_des_entreprises\" href=\"https:\/\/fonds-risq.qc.ca\/en\/filtres_des_entreprises\/npo\/\" rel=\"category\" data-term-id=\"150\"><span class=\"tg-item-term\" >NPO<\/span><\/a><span>, <\/span><a class=\"filtres_des_entreprises\" href=\"https:\/\/fonds-risq.qc.ca\/en\/filtres_des_entreprises\/saguenay-lac-saint-jean-en\/\" rel=\"category\" data-term-id=\"155\"><span class=\"tg-item-term\" >Saguenay-Lac-Saint-Jean<\/span><\/a><span>, <\/span><a class=\"filtres_des_entreprises\" href=\"https:\/\/fonds-risq.qc.ca\/en\/filtres_des_entreprises\/services-en\/\" rel=\"category\" data-term-id=\"135\"><span class=\"tg-item-term\" >Services<\/span><\/a><\/span><p class=\"tg-item-excerpt\">N\u00e9 de la volont\u00e9 d\u2019un groupe d\u2019individus de proposer une alternative \u00e0 l\u2019ajout d\u2019\u00e9quipements de production d\u2019\u00e9nergie hydro-\u00e9lectrique, le concept N\u00e9gawatts a vu le jour en 1994. Essentiellement, les objectifs de N\u00e9gawatts sont de...<\/p><div class=\"tg-item-footer\"><a class=\"tg-item-comment\" href=\"https:\/\/fonds-risq.qc.ca\/en\/entreprise\/1737\/\"  target=\"_self\">No comment<\/a><span class=\"no-ajaxy to-post-like no-liked empty-heart\" data-post-id=\"4825\" title=\"Like\"><span class=\"to-heart-icon\"><svg xmlns=\"http:\/\/www.w3.org\/2000\/svg\" version=\"1.1\" viewBox=\"0 0 64 64\"><g transform=\"translate(0, 0)\"><path stroke-width=\"6\" stroke-linecap=\"square\" stroke-miterlimit=\"10\" d=\"M1,21c0,20,31,38,31,38s31-18,31-38 c0-8.285-6-16-15-16c-8.285,0-16,5.715-16,14c0-8.285-7.715-14-16-14C7,5,1,12.715,1,21z\"><\/path><\/g><\/svg><\/span><span class=\"to-like-count\">0<\/span><\/span><\/div><\/div><\/div><\/article><!-- The Grid item #366 --><article class=\"tg-item tg-post-4831 kampala f224 f134 f148 f151 f128\" data-row=\"1\" data-col=\"1\"><div class=\"tg-item-inner\"><div class=\"tg-item-media-holder tg-light\"><div class=\"tg-item-media-inner\"><img decoding=\"async\" class=\"tg-item-image\" alt=\"\" width=\"1080\" height=\"1080\" src=\"https:\/\/fonds-risq.qc.ca\/wp-content\/uploads\/2017\/03\/tournage-cr\u00e9dit-Caroline-Galipeau.jpg\"><\/div><div class=\"tg-center-holder\"><div class=\"tg-center-inner\"><div class=\"tg-item-overlay\"><\/div><a class=\"tg-link-button\" href=\"https:\/\/fonds-risq.qc.ca\/en\/entreprise\/on-est-10-coop-de-solidarite\/\" target=\"_self\"><i class=\"tg-icon-link\"><\/i><\/a><\/div><\/div><div class=\"tg-item-decoration\"><div class=\"triangle-down-right\" style=\"border-color:#0097c8\"><\/div><\/div><div class=\"tg-item-share-holder\"><div class=\"triangle-up-left\" style=\"border-color:rgba(22,22,22,0.65)\"><\/div><i class=\"tg-icon-reply\" style=\"color:#ffffff\"><\/i><div class=\"tg-share-icons\"><a class=\"tg-social-share tg-facebook\" href=\"https:\/\/www.facebook.com\/sharer.php?u=https%3A%2F%2Ffonds-risq.qc.ca%2Fen%2Fentreprise%2Fon-est-10-coop-de-solidarite%2F&#038;t=On%20est%2010%2C%20coop%20de%20solidarit%C3%A9\"><i class=\"tg-icon-facebook\"><\/i><\/a><a class=\"tg-social-share tg-twitter\" href=\"https:\/\/twitter.com\/share?url=https%3A%2F%2Ffonds-risq.qc.ca%2Fen%2Fentreprise%2Fon-est-10-coop-de-solidarite%2F&#038;text=On%20est%2010%2C%20coop%20de%20solidarit%C3%A9\"><i class=\"tg-icon-twitter\"><\/i><\/a><a class=\"tg-social-share tg-google-plus\" href=\"https:\/\/plus.google.com\/share?url=https%3A%2F%2Ffonds-risq.qc.ca%2Fen%2Fentreprise%2Fon-est-10-coop-de-solidarite%2F\"><i class=\"tg-icon-google-plus\"><\/i><\/a><a class=\"tg-social-share tg-pinterest\" href=\"https:\/\/pinterest.com\/pin\/create\/button\/?url=https%3A%2F%2Ffonds-risq.qc.ca%2Fen%2Fentreprise%2Fon-est-10-coop-de-solidarite%2F&#038;description=On%20est%2010%2C%20coop%20de%20solidarit%C3%A9&#038;media=https%3A%2F%2Ffonds-risq.qc.ca%2Fwp-content%2Fuploads%2F2017%2F03%2Ftournage-cr%C3%A9dit-Caroline-Galipeau.jpg\"><i class=\"tg-icon-pinterest\"><\/i><\/a><\/div><\/div><\/div><div class=\"tg-item-content-holder tg-light image-format\" style=\"background-color:#0097c8\"><span class=\"tg-item-date\">1 March 2017<\/span><h2 class=\"tg-item-title\"><a href=\"https:\/\/fonds-risq.qc.ca\/en\/entreprise\/on-est-10-coop-de-solidarite\/\" target=\"_self\">On est 10, coop de solidarit\u00e9<\/a><\/h2><span class=\"tg-cats-holder\"><a class=\"filtres_des_entreprises\" href=\"https:\/\/fonds-risq.qc.ca\/en\/filtres_des_entreprises\/2016-en\/\" rel=\"category\" data-term-id=\"224\"><span class=\"tg-item-term\" >2016<\/span><\/a><span>, <\/span><a class=\"filtres_des_entreprises\" href=\"https:\/\/fonds-risq.qc.ca\/en\/filtres_des_entreprises\/arts-and-culture\/\" rel=\"category\" data-term-id=\"134\"><span class=\"tg-item-term\" >Arts and culture<\/span><\/a><span>, <\/span><a class=\"filtres_des_entreprises\" href=\"https:\/\/fonds-risq.qc.ca\/en\/filtres_des_entreprises\/capitalization-loan\/\" rel=\"category\" data-term-id=\"148\"><span class=\"tg-item-term\" >Capitalization loan<\/span><\/a><span>, <\/span><a class=\"filtres_des_entreprises\" href=\"https:\/\/fonds-risq.qc.ca\/en\/filtres_des_entreprises\/coop-en\/\" rel=\"category\" data-term-id=\"151\"><span class=\"tg-item-term\" >COOP<\/span><\/a><span>, <\/span><a class=\"filtres_des_entreprises\" href=\"https:\/\/fonds-risq.qc.ca\/en\/filtres_des_entreprises\/montreal-en\/\" rel=\"category\" data-term-id=\"128\"><span class=\"tg-item-term\" >Montr\u00e9al<\/span><\/a><\/span><p class=\"tg-item-excerpt\">On est 10 est une coop\u00e9rative de solidarit\u00e9 fond\u00e9e en 2012 par 10 artistes cherchant \u00e0 d\u00e9velopper un r\u00e9seau d'entraide dans le domaine du cin\u00e9ma et de la vid\u00e9o. Depuis, cette initiative aux d\u00e9buts modestes a rendu possible de nombreux...<\/p><div class=\"tg-item-footer\"><a class=\"tg-item-comment\" href=\"https:\/\/fonds-risq.qc.ca\/en\/entreprise\/on-est-10-coop-de-solidarite\/\"  target=\"_self\">No comment<\/a><span class=\"no-ajaxy to-post-like no-liked empty-heart\" data-post-id=\"4831\" title=\"Like\"><span class=\"to-heart-icon\"><svg xmlns=\"http:\/\/www.w3.org\/2000\/svg\" version=\"1.1\" viewBox=\"0 0 64 64\"><g transform=\"translate(0, 0)\"><path stroke-width=\"6\" stroke-linecap=\"square\" stroke-miterlimit=\"10\" d=\"M1,21c0,20,31,38,31,38s31-18,31-38 c0-8.285-6-16-15-16c-8.285,0-16,5.715-16,14c0-8.285-7.715-14-16-14C7,5,1,12.715,1,21z\"><\/path><\/g><\/svg><\/span><span class=\"to-like-count\">0<\/span><\/span><\/div><\/div><\/div><\/article><!-- The Grid item #367 --><article class=\"tg-item tg-post-4833 kampala f224 f157 f150 f135 f146\" data-row=\"1\" data-col=\"1\"><div class=\"tg-item-inner\"><div class=\"tg-item-media-holder tg-light\"><div class=\"tg-item-media-inner\"><img decoding=\"async\" class=\"tg-item-image\" alt=\"\" width=\"1155\" height=\"770\" src=\"https:\/\/fonds-risq.qc.ca\/wp-content\/uploads\/2017\/03\/MG_7398_72dpi_sml.jpg\"><\/div><div class=\"tg-center-holder\"><div class=\"tg-center-inner\"><div class=\"tg-item-overlay\"><\/div><a class=\"tg-link-button\" href=\"https:\/\/fonds-risq.qc.ca\/en\/entreprise\/centre-de-pediatrie-sociale-laval\/\" target=\"_self\"><i class=\"tg-icon-link\"><\/i><\/a><\/div><\/div><div class=\"tg-item-decoration\"><div class=\"triangle-down-right\" style=\"border-color:#b7c634\"><\/div><\/div><div class=\"tg-item-share-holder\"><div class=\"triangle-up-left\" style=\"border-color:rgba(22,22,22,0.65)\"><\/div><i class=\"tg-icon-reply\" style=\"color:#ffffff\"><\/i><div class=\"tg-share-icons\"><a class=\"tg-social-share tg-facebook\" href=\"https:\/\/www.facebook.com\/sharer.php?u=https%3A%2F%2Ffonds-risq.qc.ca%2Fen%2Fentreprise%2Fcentre-de-pediatrie-sociale-laval%2F&#038;t=Centre%20de%20p%C3%A9diatrie%20sociale%20Laval%20%28Projet%20Carrefour%20musical%29\"><i class=\"tg-icon-facebook\"><\/i><\/a><a class=\"tg-social-share tg-twitter\" href=\"https:\/\/twitter.com\/share?url=https%3A%2F%2Ffonds-risq.qc.ca%2Fen%2Fentreprise%2Fcentre-de-pediatrie-sociale-laval%2F&#038;text=Centre%20de%20p%C3%A9diatrie%20sociale%20Laval%20%28Projet%20Carrefour%20musical%29\"><i class=\"tg-icon-twitter\"><\/i><\/a><a class=\"tg-social-share tg-google-plus\" href=\"https:\/\/plus.google.com\/share?url=https%3A%2F%2Ffonds-risq.qc.ca%2Fen%2Fentreprise%2Fcentre-de-pediatrie-sociale-laval%2F\"><i class=\"tg-icon-google-plus\"><\/i><\/a><a class=\"tg-social-share tg-pinterest\" href=\"https:\/\/pinterest.com\/pin\/create\/button\/?url=https%3A%2F%2Ffonds-risq.qc.ca%2Fen%2Fentreprise%2Fcentre-de-pediatrie-sociale-laval%2F&#038;description=Centre%20de%20p%C3%A9diatrie%20sociale%20Laval%20%28Projet%20Carrefour%20musical%29&#038;media=https%3A%2F%2Ffonds-risq.qc.ca%2Fwp-content%2Fuploads%2F2017%2F03%2FMG_7398_72dpi_sml.jpg\"><i class=\"tg-icon-pinterest\"><\/i><\/a><\/div><\/div><\/div><div class=\"tg-item-content-holder tg-light image-format\" style=\"background-color:#b7c634\"><span class=\"tg-item-date\">1 March 2017<\/span><h2 class=\"tg-item-title\"><a href=\"https:\/\/fonds-risq.qc.ca\/en\/entreprise\/centre-de-pediatrie-sociale-laval\/\" target=\"_self\">Centre de p\u00e9diatrie sociale Laval (Projet Carrefour musical)<\/a><\/h2><span class=\"tg-cats-holder\"><a class=\"filtres_des_entreprises\" href=\"https:\/\/fonds-risq.qc.ca\/en\/filtres_des_entreprises\/2016-en\/\" rel=\"category\" data-term-id=\"224\"><span class=\"tg-item-term\" >2016<\/span><\/a><span>, <\/span><a class=\"filtres_des_entreprises\" href=\"https:\/\/fonds-risq.qc.ca\/en\/filtres_des_entreprises\/laval-en\/\" rel=\"category\" data-term-id=\"157\"><span class=\"tg-item-term\" >Laval<\/span><\/a><span>, <\/span><a class=\"filtres_des_entreprises\" href=\"https:\/\/fonds-risq.qc.ca\/en\/filtres_des_entreprises\/npo\/\" rel=\"category\" data-term-id=\"150\"><span class=\"tg-item-term\" >NPO<\/span><\/a><span>, <\/span><a class=\"filtres_des_entreprises\" href=\"https:\/\/fonds-risq.qc.ca\/en\/filtres_des_entreprises\/services-en\/\" rel=\"category\" data-term-id=\"135\"><span class=\"tg-item-term\" >Services<\/span><\/a><span>, <\/span><a class=\"filtres_des_entreprises\" href=\"https:\/\/fonds-risq.qc.ca\/en\/filtres_des_entreprises\/pret-pour-aide-technique-en\/\" rel=\"category\" data-term-id=\"146\"><span class=\"tg-item-term\" >Technical assistance loan<\/span><\/a><\/span><p class=\"tg-item-excerpt\">Actif depuis octobre 2015, le Carrefour musical est un projet d\u2019intervention sociale par la musique d\u00e9di\u00e9 aux enfants et aux jeunes qui r\u00e9sident dans le complexe d\u2019habitations \u00e0 loyer modique de Place St-Martin, \u00e0 Laval. Leur mission...<\/p><div class=\"tg-item-footer\"><a class=\"tg-item-comment\" href=\"https:\/\/fonds-risq.qc.ca\/en\/entreprise\/centre-de-pediatrie-sociale-laval\/\"  target=\"_self\">No comment<\/a><span class=\"no-ajaxy to-post-like no-liked empty-heart\" data-post-id=\"4833\" title=\"Like\"><span class=\"to-heart-icon\"><svg xmlns=\"http:\/\/www.w3.org\/2000\/svg\" version=\"1.1\" viewBox=\"0 0 64 64\"><g transform=\"translate(0, 0)\"><path stroke-width=\"6\" stroke-linecap=\"square\" stroke-miterlimit=\"10\" d=\"M1,21c0,20,31,38,31,38s31-18,31-38 c0-8.285-6-16-15-16c-8.285,0-16,5.715-16,14c0-8.285-7.715-14-16-14C7,5,1,12.715,1,21z\"><\/path><\/g><\/svg><\/span><span class=\"to-like-count\">0<\/span><\/span><\/div><\/div><\/div><\/article><!-- The Grid item #368 --><article class=\"tg-item tg-post-4837 kampala f224 f151 f149 f127 f147\" data-row=\"1\" data-col=\"1\"><div class=\"tg-item-inner\"><div class=\"tg-item-media-holder tg-light\"><div class=\"tg-item-media-inner\"><img decoding=\"async\" class=\"tg-item-image\" alt=\"\" width=\"2560\" height=\"1443\" src=\"https:\/\/fonds-risq.qc.ca\/wp-content\/uploads\/2017\/02\/Damien-JF-02-2017-1-scaled.jpg\"><\/div><div class=\"tg-center-holder\"><div class=\"tg-center-inner\"><div class=\"tg-item-overlay\"><\/div><a class=\"tg-link-button\" href=\"https:\/\/fonds-risq.qc.ca\/en\/entreprise\/cooperative-des-eaux-coop-de-solidarite\/\" target=\"_self\"><i class=\"tg-icon-link\"><\/i><\/a><\/div><\/div><div class=\"tg-item-decoration\"><div class=\"triangle-down-right\" style=\"border-color:#ee4224\"><\/div><\/div><div class=\"tg-item-share-holder\"><div class=\"triangle-up-left\" style=\"border-color:rgba(22,22,22,0.65)\"><\/div><i class=\"tg-icon-reply\" style=\"color:#ffffff\"><\/i><div class=\"tg-share-icons\"><a class=\"tg-social-share tg-facebook\" href=\"https:\/\/www.facebook.com\/sharer.php?u=https%3A%2F%2Ffonds-risq.qc.ca%2Fen%2Fentreprise%2Fcooperative-des-eaux-coop-de-solidarite%2F&#038;t=Coop%C3%A9rative%20des%20eaux%2C%20coop%20de%20solidarit%C3%A9\"><i class=\"tg-icon-facebook\"><\/i><\/a><a class=\"tg-social-share tg-twitter\" href=\"https:\/\/twitter.com\/share?url=https%3A%2F%2Ffonds-risq.qc.ca%2Fen%2Fentreprise%2Fcooperative-des-eaux-coop-de-solidarite%2F&#038;text=Coop%C3%A9rative%20des%20eaux%2C%20coop%20de%20solidarit%C3%A9\"><i class=\"tg-icon-twitter\"><\/i><\/a><a class=\"tg-social-share tg-google-plus\" href=\"https:\/\/plus.google.com\/share?url=https%3A%2F%2Ffonds-risq.qc.ca%2Fen%2Fentreprise%2Fcooperative-des-eaux-coop-de-solidarite%2F\"><i class=\"tg-icon-google-plus\"><\/i><\/a><a class=\"tg-social-share tg-pinterest\" href=\"https:\/\/pinterest.com\/pin\/create\/button\/?url=https%3A%2F%2Ffonds-risq.qc.ca%2Fen%2Fentreprise%2Fcooperative-des-eaux-coop-de-solidarite%2F&#038;description=Coop%C3%A9rative%20des%20eaux%2C%20coop%20de%20solidarit%C3%A9&#038;media=https%3A%2F%2Ffonds-risq.qc.ca%2Fwp-content%2Fuploads%2F2017%2F02%2FDamien-JF-02-2017-1-scaled.jpg\"><i class=\"tg-icon-pinterest\"><\/i><\/a><\/div><\/div><\/div><div class=\"tg-item-content-holder tg-light image-format\" style=\"background-color:#ee4224\"><span class=\"tg-item-date\">28 February 2017<\/span><h2 class=\"tg-item-title\"><a href=\"https:\/\/fonds-risq.qc.ca\/en\/entreprise\/cooperative-des-eaux-coop-de-solidarite\/\" target=\"_self\">Coop\u00e9rative des eaux, coop de solidarit\u00e9<\/a><\/h2><span class=\"tg-cats-holder\"><a class=\"filtres_des_entreprises\" href=\"https:\/\/fonds-risq.qc.ca\/en\/filtres_des_entreprises\/2016-en\/\" rel=\"category\" data-term-id=\"224\"><span class=\"tg-item-term\" >2016<\/span><\/a><span>, <\/span><a class=\"filtres_des_entreprises\" href=\"https:\/\/fonds-risq.qc.ca\/en\/filtres_des_entreprises\/coop-en\/\" rel=\"category\" data-term-id=\"151\"><span class=\"tg-item-term\" >COOP<\/span><\/a><span>, <\/span><a class=\"filtres_des_entreprises\" href=\"https:\/\/fonds-risq.qc.ca\/en\/filtres_des_entreprises\/environment\/\" rel=\"category\" data-term-id=\"149\"><span class=\"tg-item-term\" >Environment<\/span><\/a><span>, <\/span><a class=\"filtres_des_entreprises\" href=\"https:\/\/fonds-risq.qc.ca\/en\/filtres_des_entreprises\/estrie-en\/\" rel=\"category\" data-term-id=\"127\"><span class=\"tg-item-term\" >Estrie<\/span><\/a><span>, <\/span><a class=\"filtres_des_entreprises\" href=\"https:\/\/fonds-risq.qc.ca\/en\/filtres_des_entreprises\/pre-startup-loan\/\" rel=\"category\" data-term-id=\"147\"><span class=\"tg-item-term\" >Pre-startup loan<\/span><\/a><\/span><p class=\"tg-item-excerpt\">La Coop\u00e9rative des eaux est une entreprise de recherche, de d\u00e9veloppement et de commercialisation sp\u00e9cialis\u00e9e en d\u00e9pollution des eaux. L\u2019objectif est de d\u00e9velopper de nouvelles technologies afin de retirer des eaux les polluants de...<\/p><div class=\"tg-item-footer\"><a class=\"tg-item-comment\" href=\"https:\/\/fonds-risq.qc.ca\/en\/entreprise\/cooperative-des-eaux-coop-de-solidarite\/\"  target=\"_self\">No comment<\/a><span class=\"no-ajaxy to-post-like no-liked empty-heart\" data-post-id=\"4837\" title=\"Like\"><span class=\"to-heart-icon\"><svg xmlns=\"http:\/\/www.w3.org\/2000\/svg\" version=\"1.1\" viewBox=\"0 0 64 64\"><g transform=\"translate(0, 0)\"><path stroke-width=\"6\" stroke-linecap=\"square\" stroke-miterlimit=\"10\" d=\"M1,21c0,20,31,38,31,38s31-18,31-38 c0-8.285-6-16-15-16c-8.285,0-16,5.715-16,14c0-8.285-7.715-14-16-14C7,5,1,12.715,1,21z\"><\/path><\/g><\/svg><\/span><span class=\"to-like-count\">0<\/span><\/span><\/div><\/div><\/div><\/article><!-- The Grid item #369 --><article class=\"tg-item tg-post-4841 kampala f224 f226 f134 f132 f150 f147\" data-row=\"1\" data-col=\"1\"><div class=\"tg-item-inner\"><div class=\"tg-item-media-holder tg-light\"><div class=\"tg-item-media-inner\"><img decoding=\"async\" class=\"tg-item-image\" alt=\"\" width=\"1920\" height=\"1080\" src=\"https:\/\/fonds-risq.qc.ca\/wp-content\/uploads\/2017\/02\/image-projet.jpg\"><\/div><div class=\"tg-center-holder\"><div class=\"tg-center-inner\"><div class=\"tg-item-overlay\"><\/div><a class=\"tg-link-button\" href=\"https:\/\/fonds-risq.qc.ca\/en\/entreprise\/centre-des-arts-contemporains-du-quebec-a-sorel-tracy\/\" target=\"_self\"><i class=\"tg-icon-link\"><\/i><\/a><\/div><\/div><div class=\"tg-item-decoration\"><div class=\"triangle-down-right\" style=\"border-color:#ee4224\"><\/div><\/div><div class=\"tg-item-share-holder\"><div class=\"triangle-up-left\" style=\"border-color:rgba(22,22,22,0.65)\"><\/div><i class=\"tg-icon-reply\" style=\"color:#ffffff\"><\/i><div class=\"tg-share-icons\"><a class=\"tg-social-share tg-facebook\" href=\"https:\/\/www.facebook.com\/sharer.php?u=https%3A%2F%2Ffonds-risq.qc.ca%2Fen%2Fentreprise%2Fcentre-des-arts-contemporains-du-quebec-a-sorel-tracy%2F&#038;t=Centre%20des%20arts%20contemporains%20du%20Qu%C3%A9bec%20%C3%A0%20Sorel-Tracy\"><i class=\"tg-icon-facebook\"><\/i><\/a><a class=\"tg-social-share tg-twitter\" href=\"https:\/\/twitter.com\/share?url=https%3A%2F%2Ffonds-risq.qc.ca%2Fen%2Fentreprise%2Fcentre-des-arts-contemporains-du-quebec-a-sorel-tracy%2F&#038;text=Centre%20des%20arts%20contemporains%20du%20Qu%C3%A9bec%20%C3%A0%20Sorel-Tracy\"><i class=\"tg-icon-twitter\"><\/i><\/a><a class=\"tg-social-share tg-google-plus\" href=\"https:\/\/plus.google.com\/share?url=https%3A%2F%2Ffonds-risq.qc.ca%2Fen%2Fentreprise%2Fcentre-des-arts-contemporains-du-quebec-a-sorel-tracy%2F\"><i class=\"tg-icon-google-plus\"><\/i><\/a><a class=\"tg-social-share tg-pinterest\" href=\"https:\/\/pinterest.com\/pin\/create\/button\/?url=https%3A%2F%2Ffonds-risq.qc.ca%2Fen%2Fentreprise%2Fcentre-des-arts-contemporains-du-quebec-a-sorel-tracy%2F&#038;description=Centre%20des%20arts%20contemporains%20du%20Qu%C3%A9bec%20%C3%A0%20Sorel-Tracy&#038;media=https%3A%2F%2Ffonds-risq.qc.ca%2Fwp-content%2Fuploads%2F2017%2F02%2Fimage-projet.jpg\"><i class=\"tg-icon-pinterest\"><\/i><\/a><\/div><\/div><\/div><div class=\"tg-item-content-holder tg-light image-format\" style=\"background-color:#ee4224\"><span class=\"tg-item-date\">28 February 2017<\/span><h2 class=\"tg-item-title\"><a href=\"https:\/\/fonds-risq.qc.ca\/en\/entreprise\/centre-des-arts-contemporains-du-quebec-a-sorel-tracy\/\" target=\"_self\">Centre des arts contemporains du Qu\u00e9bec \u00e0 Sorel-Tracy<\/a><\/h2><span class=\"tg-cats-holder\"><a class=\"filtres_des_entreprises\" href=\"https:\/\/fonds-risq.qc.ca\/en\/filtres_des_entreprises\/2016-en\/\" rel=\"category\" data-term-id=\"224\"><span class=\"tg-item-term\" >2016<\/span><\/a><span>, <\/span><a class=\"filtres_des_entreprises\" href=\"https:\/\/fonds-risq.qc.ca\/en\/filtres_des_entreprises\/2020-en\/\" rel=\"category\" data-term-id=\"226\"><span class=\"tg-item-term\" >2020<\/span><\/a><span>, <\/span><a class=\"filtres_des_entreprises\" href=\"https:\/\/fonds-risq.qc.ca\/en\/filtres_des_entreprises\/arts-and-culture\/\" rel=\"category\" data-term-id=\"134\"><span class=\"tg-item-term\" >Arts and culture<\/span><\/a><span>, <\/span><a class=\"filtres_des_entreprises\" href=\"https:\/\/fonds-risq.qc.ca\/en\/filtres_des_entreprises\/monteregie-en\/\" rel=\"category\" data-term-id=\"132\"><span class=\"tg-item-term\" >Mont\u00e9r\u00e9gie<\/span><\/a><span>, <\/span><a class=\"filtres_des_entreprises\" href=\"https:\/\/fonds-risq.qc.ca\/en\/filtres_des_entreprises\/npo\/\" rel=\"category\" data-term-id=\"150\"><span class=\"tg-item-term\" >NPO<\/span><\/a><span>, <\/span><a class=\"filtres_des_entreprises\" href=\"https:\/\/fonds-risq.qc.ca\/en\/filtres_des_entreprises\/pre-startup-loan\/\" rel=\"category\" data-term-id=\"147\"><span class=\"tg-item-term\" >Pre-startup loan<\/span><\/a><\/span><p class=\"tg-item-excerpt\">Depuis sa fondation en 1983, le centre s\u2019est d\u00e9marqu\u00e9 des autres centres par sa vision de l\u2019art en tant que moyen d\u2019expression mais aussi en tant que levier \u00e9conomique. Son mandat englobe entre autres :\r\n\r\nLes arts visuels et les...<\/p><div class=\"tg-item-footer\"><a class=\"tg-item-comment\" href=\"https:\/\/fonds-risq.qc.ca\/en\/entreprise\/centre-des-arts-contemporains-du-quebec-a-sorel-tracy\/\"  target=\"_self\">No comment<\/a><span class=\"no-ajaxy to-post-like no-liked empty-heart\" data-post-id=\"4841\" title=\"Like\"><span class=\"to-heart-icon\"><svg xmlns=\"http:\/\/www.w3.org\/2000\/svg\" version=\"1.1\" viewBox=\"0 0 64 64\"><g transform=\"translate(0, 0)\"><path stroke-width=\"6\" stroke-linecap=\"square\" stroke-miterlimit=\"10\" d=\"M1,21c0,20,31,38,31,38s31-18,31-38 c0-8.285-6-16-15-16c-8.285,0-16,5.715-16,14c0-8.285-7.715-14-16-14C7,5,1,12.715,1,21z\"><\/path><\/g><\/svg><\/span><span class=\"to-like-count\">0<\/span><\/span><\/div><\/div><\/div><\/article><!-- The Grid item #370 --><article class=\"tg-item tg-post-4843 kampala f224 f128 f150 f147 f135\" data-row=\"1\" data-col=\"1\"><div class=\"tg-item-inner\"><div class=\"tg-item-media-holder tg-light\"><div class=\"tg-item-media-inner\"><img decoding=\"async\" class=\"tg-item-image\" alt=\"\" width=\"2560\" height=\"1869\" src=\"https:\/\/fonds-risq.qc.ca\/wp-content\/uploads\/2017\/02\/RISQ_Photo2_Arpent-scaled.jpg\"><\/div><div class=\"tg-center-holder\"><div class=\"tg-center-inner\"><div class=\"tg-item-overlay\"><\/div><a class=\"tg-link-button\" href=\"https:\/\/fonds-risq.qc.ca\/en\/entreprise\/arpent-actualisation-responsable-perenne-et-novatrice-du-territoire\/\" target=\"_self\"><i class=\"tg-icon-link\"><\/i><\/a><\/div><\/div><div class=\"tg-item-decoration\"><div class=\"triangle-down-right\" style=\"border-color:#ee4224\"><\/div><\/div><div class=\"tg-item-share-holder\"><div class=\"triangle-up-left\" style=\"border-color:rgba(22,22,22,0.65)\"><\/div><i class=\"tg-icon-reply\" style=\"color:#ffffff\"><\/i><div class=\"tg-share-icons\"><a class=\"tg-social-share tg-facebook\" href=\"https:\/\/www.facebook.com\/sharer.php?u=https%3A%2F%2Ffonds-risq.qc.ca%2Fen%2Fentreprise%2Farpent-actualisation-responsable-perenne-et-novatrice-du-territoire%2F&#038;t=ARPENT%20Actualisation%20responsable%20p%C3%A9renne%20et%20novatrice%20du%20territoire\"><i class=\"tg-icon-facebook\"><\/i><\/a><a class=\"tg-social-share tg-twitter\" href=\"https:\/\/twitter.com\/share?url=https%3A%2F%2Ffonds-risq.qc.ca%2Fen%2Fentreprise%2Farpent-actualisation-responsable-perenne-et-novatrice-du-territoire%2F&#038;text=ARPENT%20Actualisation%20responsable%20p%C3%A9renne%20et%20novatrice%20du%20territoire\"><i class=\"tg-icon-twitter\"><\/i><\/a><a class=\"tg-social-share tg-google-plus\" href=\"https:\/\/plus.google.com\/share?url=https%3A%2F%2Ffonds-risq.qc.ca%2Fen%2Fentreprise%2Farpent-actualisation-responsable-perenne-et-novatrice-du-territoire%2F\"><i class=\"tg-icon-google-plus\"><\/i><\/a><a class=\"tg-social-share tg-pinterest\" href=\"https:\/\/pinterest.com\/pin\/create\/button\/?url=https%3A%2F%2Ffonds-risq.qc.ca%2Fen%2Fentreprise%2Farpent-actualisation-responsable-perenne-et-novatrice-du-territoire%2F&#038;description=ARPENT%20Actualisation%20responsable%20p%C3%A9renne%20et%20novatrice%20du%20territoire&#038;media=https%3A%2F%2Ffonds-risq.qc.ca%2Fwp-content%2Fuploads%2F2017%2F02%2FRISQ_Photo2_Arpent-scaled.jpg\"><i class=\"tg-icon-pinterest\"><\/i><\/a><\/div><\/div><\/div><div class=\"tg-item-content-holder tg-light image-format\" style=\"background-color:#ee4224\"><span class=\"tg-item-date\">28 February 2017<\/span><h2 class=\"tg-item-title\"><a href=\"https:\/\/fonds-risq.qc.ca\/en\/entreprise\/arpent-actualisation-responsable-perenne-et-novatrice-du-territoire\/\" target=\"_self\">ARPENT Actualisation responsable p\u00e9renne et novatrice du territoire<\/a><\/h2><span class=\"tg-cats-holder\"><a class=\"filtres_des_entreprises\" href=\"https:\/\/fonds-risq.qc.ca\/en\/filtres_des_entreprises\/2016-en\/\" rel=\"category\" data-term-id=\"224\"><span class=\"tg-item-term\" >2016<\/span><\/a><span>, <\/span><a class=\"filtres_des_entreprises\" href=\"https:\/\/fonds-risq.qc.ca\/en\/filtres_des_entreprises\/montreal-en\/\" rel=\"category\" data-term-id=\"128\"><span class=\"tg-item-term\" >Montr\u00e9al<\/span><\/a><span>, <\/span><a class=\"filtres_des_entreprises\" href=\"https:\/\/fonds-risq.qc.ca\/en\/filtres_des_entreprises\/npo\/\" rel=\"category\" data-term-id=\"150\"><span class=\"tg-item-term\" >NPO<\/span><\/a><span>, <\/span><a class=\"filtres_des_entreprises\" href=\"https:\/\/fonds-risq.qc.ca\/en\/filtres_des_entreprises\/pre-startup-loan\/\" rel=\"category\" data-term-id=\"147\"><span class=\"tg-item-term\" >Pre-startup loan<\/span><\/a><span>, <\/span><a class=\"filtres_des_entreprises\" href=\"https:\/\/fonds-risq.qc.ca\/en\/filtres_des_entreprises\/services-en\/\" rel=\"category\" data-term-id=\"135\"><span class=\"tg-item-term\" >Services<\/span><\/a><\/span><p class=\"tg-item-excerpt\">L\u2019Arpent est une firme d'urbanisme \u00e0 but non-lucratif qui accompagne les acteurs du d\u00e9veloppement urbain et les citoyen(ne)s \u00e0 l\u2019actualisation des territoires suburbains....<\/p><div class=\"tg-item-footer\"><a class=\"tg-item-comment\" href=\"https:\/\/fonds-risq.qc.ca\/en\/entreprise\/arpent-actualisation-responsable-perenne-et-novatrice-du-territoire\/\"  target=\"_self\">No comment<\/a><span class=\"no-ajaxy to-post-like no-liked empty-heart\" data-post-id=\"4843\" title=\"Like\"><span class=\"to-heart-icon\"><svg xmlns=\"http:\/\/www.w3.org\/2000\/svg\" version=\"1.1\" viewBox=\"0 0 64 64\"><g transform=\"translate(0, 0)\"><path stroke-width=\"6\" stroke-linecap=\"square\" stroke-miterlimit=\"10\" d=\"M1,21c0,20,31,38,31,38s31-18,31-38 c0-8.285-6-16-15-16c-8.285,0-16,5.715-16,14c0-8.285-7.715-14-16-14C7,5,1,12.715,1,21z\"><\/path><\/g><\/svg><\/span><span class=\"to-like-count\">0<\/span><\/span><\/div><\/div><\/div><\/article><!-- The Grid item #371 --><article class=\"tg-item tg-post-4860 kampala f224 f128 f150 f147 f135\" data-row=\"1\" data-col=\"1\"><div class=\"tg-item-inner\"><div class=\"tg-item-media-holder tg-light\"><div class=\"tg-item-media-inner\"><img decoding=\"async\" class=\"tg-item-image\" alt=\"\" width=\"910\" height=\"728\" src=\"https:\/\/fonds-risq.qc.ca\/wp-content\/uploads\/2017\/02\/Photo-s\u00e9ance-cr\u00e9ativit\u00e9-2-cr\u00e9dit-Isabelle-Chess\u00e9-Loupy.jpg\"><\/div><div class=\"tg-center-holder\"><div class=\"tg-center-inner\"><div class=\"tg-item-overlay\"><\/div><a class=\"tg-link-button\" href=\"https:\/\/fonds-risq.qc.ca\/en\/entreprise\/dynamiques-convergentes\/\" target=\"_self\"><i class=\"tg-icon-link\"><\/i><\/a><\/div><\/div><div class=\"tg-item-decoration\"><div class=\"triangle-down-right\" style=\"border-color:#ee4224\"><\/div><\/div><div class=\"tg-item-share-holder\"><div class=\"triangle-up-left\" style=\"border-color:rgba(22,22,22,0.65)\"><\/div><i class=\"tg-icon-reply\" style=\"color:#ffffff\"><\/i><div class=\"tg-share-icons\"><a class=\"tg-social-share tg-facebook\" href=\"https:\/\/www.facebook.com\/sharer.php?u=https%3A%2F%2Ffonds-risq.qc.ca%2Fen%2Fentreprise%2Fdynamiques-convergentes%2F&#038;t=Dynamiques%20convergentes\"><i class=\"tg-icon-facebook\"><\/i><\/a><a class=\"tg-social-share tg-twitter\" href=\"https:\/\/twitter.com\/share?url=https%3A%2F%2Ffonds-risq.qc.ca%2Fen%2Fentreprise%2Fdynamiques-convergentes%2F&#038;text=Dynamiques%20convergentes\"><i class=\"tg-icon-twitter\"><\/i><\/a><a class=\"tg-social-share tg-google-plus\" href=\"https:\/\/plus.google.com\/share?url=https%3A%2F%2Ffonds-risq.qc.ca%2Fen%2Fentreprise%2Fdynamiques-convergentes%2F\"><i class=\"tg-icon-google-plus\"><\/i><\/a><a class=\"tg-social-share tg-pinterest\" href=\"https:\/\/pinterest.com\/pin\/create\/button\/?url=https%3A%2F%2Ffonds-risq.qc.ca%2Fen%2Fentreprise%2Fdynamiques-convergentes%2F&#038;description=Dynamiques%20convergentes&#038;media=https%3A%2F%2Ffonds-risq.qc.ca%2Fwp-content%2Fuploads%2F2017%2F02%2FPhoto-s%C3%A9ance-cr%C3%A9ativit%C3%A9-2-cr%C3%A9dit-Isabelle-Chess%C3%A9-Loupy.jpg\"><i class=\"tg-icon-pinterest\"><\/i><\/a><\/div><\/div><\/div><div class=\"tg-item-content-holder tg-light image-format\" style=\"background-color:#ee4224\"><span class=\"tg-item-date\">28 February 2017<\/span><h2 class=\"tg-item-title\"><a href=\"https:\/\/fonds-risq.qc.ca\/en\/entreprise\/dynamiques-convergentes\/\" target=\"_self\">Dynamiques convergentes<\/a><\/h2><span class=\"tg-cats-holder\"><a class=\"filtres_des_entreprises\" href=\"https:\/\/fonds-risq.qc.ca\/en\/filtres_des_entreprises\/2016-en\/\" rel=\"category\" data-term-id=\"224\"><span class=\"tg-item-term\" >2016<\/span><\/a><span>, <\/span><a class=\"filtres_des_entreprises\" href=\"https:\/\/fonds-risq.qc.ca\/en\/filtres_des_entreprises\/montreal-en\/\" rel=\"category\" data-term-id=\"128\"><span class=\"tg-item-term\" >Montr\u00e9al<\/span><\/a><span>, <\/span><a class=\"filtres_des_entreprises\" href=\"https:\/\/fonds-risq.qc.ca\/en\/filtres_des_entreprises\/npo\/\" rel=\"category\" data-term-id=\"150\"><span class=\"tg-item-term\" >NPO<\/span><\/a><span>, <\/span><a class=\"filtres_des_entreprises\" href=\"https:\/\/fonds-risq.qc.ca\/en\/filtres_des_entreprises\/pre-startup-loan\/\" rel=\"category\" data-term-id=\"147\"><span class=\"tg-item-term\" >Pre-startup loan<\/span><\/a><span>, <\/span><a class=\"filtres_des_entreprises\" href=\"https:\/\/fonds-risq.qc.ca\/en\/filtres_des_entreprises\/services-en\/\" rel=\"category\" data-term-id=\"135\"><span class=\"tg-item-term\" >Services<\/span><\/a><\/span><p class=\"tg-item-excerpt\">Dynamiques convergentes se donne pour mission d\u2019animer et de cr\u00e9er des tiers-lieux, des espaces uniques et conviviaux, physiques ou virtuels, de cr\u00e9ativit\u00e9 et de rencontres favorisant la s\u00e9rendipit\u00e9 entre personnes de profils...<\/p><div class=\"tg-item-footer\"><a class=\"tg-item-comment\" href=\"https:\/\/fonds-risq.qc.ca\/en\/entreprise\/dynamiques-convergentes\/\"  target=\"_self\">No comment<\/a><span class=\"no-ajaxy to-post-like no-liked empty-heart\" data-post-id=\"4860\" title=\"Like\"><span class=\"to-heart-icon\"><svg xmlns=\"http:\/\/www.w3.org\/2000\/svg\" version=\"1.1\" viewBox=\"0 0 64 64\"><g transform=\"translate(0, 0)\"><path stroke-width=\"6\" stroke-linecap=\"square\" stroke-miterlimit=\"10\" d=\"M1,21c0,20,31,38,31,38s31-18,31-38 c0-8.285-6-16-15-16c-8.285,0-16,5.715-16,14c0-8.285-7.715-14-16-14C7,5,1,12.715,1,21z\"><\/path><\/g><\/svg><\/span><span class=\"to-like-count\">0<\/span><\/span><\/div><\/div><\/div><\/article><!-- The Grid item #372 --><article class=\"tg-item tg-post-4863 kampala f224 f223 f132 f150 f147 f146 f140\" data-row=\"1\" data-col=\"1\"><div class=\"tg-item-inner\"><div class=\"tg-item-media-holder tg-light\"><div class=\"tg-item-media-inner\"><img decoding=\"async\" class=\"tg-item-image\" alt=\"\" width=\"1920\" height=\"1280\" src=\"https:\/\/fonds-risq.qc.ca\/wp-content\/uploads\/2017\/02\/CVBU2-cr\u00e9dit-Bruno-Chicoine.jpg\"><\/div><div class=\"tg-center-holder\"><div class=\"tg-center-inner\"><div class=\"tg-item-overlay\"><\/div><a class=\"tg-link-button\" href=\"https:\/\/fonds-risq.qc.ca\/en\/entreprise\/centre-de-valorisation-du-bois-urbain\/\" target=\"_self\"><i class=\"tg-icon-link\"><\/i><\/a><\/div><\/div><div class=\"tg-item-decoration\"><div class=\"triangle-down-right\" style=\"border-color:#b7c634\"><\/div><\/div><div class=\"tg-item-share-holder\"><div class=\"triangle-up-left\" style=\"border-color:rgba(22,22,22,0.65)\"><\/div><i class=\"tg-icon-reply\" style=\"color:#ffffff\"><\/i><div class=\"tg-share-icons\"><a class=\"tg-social-share tg-facebook\" href=\"https:\/\/www.facebook.com\/sharer.php?u=https%3A%2F%2Ffonds-risq.qc.ca%2Fen%2Fentreprise%2Fcentre-de-valorisation-du-bois-urbain%2F&#038;t=Centre%20de%20valorisation%20du%20bois%20urbain\"><i class=\"tg-icon-facebook\"><\/i><\/a><a class=\"tg-social-share tg-twitter\" href=\"https:\/\/twitter.com\/share?url=https%3A%2F%2Ffonds-risq.qc.ca%2Fen%2Fentreprise%2Fcentre-de-valorisation-du-bois-urbain%2F&#038;text=Centre%20de%20valorisation%20du%20bois%20urbain\"><i class=\"tg-icon-twitter\"><\/i><\/a><a class=\"tg-social-share tg-google-plus\" href=\"https:\/\/plus.google.com\/share?url=https%3A%2F%2Ffonds-risq.qc.ca%2Fen%2Fentreprise%2Fcentre-de-valorisation-du-bois-urbain%2F\"><i class=\"tg-icon-google-plus\"><\/i><\/a><a class=\"tg-social-share tg-pinterest\" href=\"https:\/\/pinterest.com\/pin\/create\/button\/?url=https%3A%2F%2Ffonds-risq.qc.ca%2Fen%2Fentreprise%2Fcentre-de-valorisation-du-bois-urbain%2F&#038;description=Centre%20de%20valorisation%20du%20bois%20urbain&#038;media=https%3A%2F%2Ffonds-risq.qc.ca%2Fwp-content%2Fuploads%2F2017%2F02%2FCVBU2-cr%C3%A9dit-Bruno-Chicoine.jpg\"><i class=\"tg-icon-pinterest\"><\/i><\/a><\/div><\/div><\/div><div class=\"tg-item-content-holder tg-light image-format\" style=\"background-color:#b7c634\"><span class=\"tg-item-date\">28 February 2017<\/span><h2 class=\"tg-item-title\"><a href=\"https:\/\/fonds-risq.qc.ca\/en\/entreprise\/centre-de-valorisation-du-bois-urbain\/\" target=\"_self\">Centre de valorisation du bois urbain<\/a><\/h2><span class=\"tg-cats-holder\"><a class=\"filtres_des_entreprises\" href=\"https:\/\/fonds-risq.qc.ca\/en\/filtres_des_entreprises\/2016-en\/\" rel=\"category\" data-term-id=\"224\"><span class=\"tg-item-term\" >2016<\/span><\/a><span>, <\/span><a class=\"filtres_des_entreprises\" href=\"https:\/\/fonds-risq.qc.ca\/en\/filtres_des_entreprises\/2018-en\/\" rel=\"category\" data-term-id=\"223\"><span class=\"tg-item-term\" >2018<\/span><\/a><span>, <\/span><a class=\"filtres_des_entreprises\" href=\"https:\/\/fonds-risq.qc.ca\/en\/filtres_des_entreprises\/monteregie-en\/\" rel=\"category\" data-term-id=\"132\"><span class=\"tg-item-term\" >Mont\u00e9r\u00e9gie<\/span><\/a><span>, <\/span><a class=\"filtres_des_entreprises\" href=\"https:\/\/fonds-risq.qc.ca\/en\/filtres_des_entreprises\/npo\/\" rel=\"category\" data-term-id=\"150\"><span class=\"tg-item-term\" >NPO<\/span><\/a><span>, <\/span><a class=\"filtres_des_entreprises\" href=\"https:\/\/fonds-risq.qc.ca\/en\/filtres_des_entreprises\/pre-startup-loan\/\" rel=\"category\" data-term-id=\"147\"><span class=\"tg-item-term\" >Pre-startup loan<\/span><\/a><span>, <\/span><a class=\"filtres_des_entreprises\" href=\"https:\/\/fonds-risq.qc.ca\/en\/filtres_des_entreprises\/pret-pour-aide-technique-en\/\" rel=\"category\" data-term-id=\"146\"><span class=\"tg-item-term\" >Technical assistance loan<\/span><\/a><span>, <\/span><a class=\"filtres_des_entreprises\" href=\"https:\/\/fonds-risq.qc.ca\/en\/filtres_des_entreprises\/wood-furniture\/\" rel=\"category\" data-term-id=\"140\"><span class=\"tg-item-term\" >Wood \/ furniture<\/span><\/a><\/span><p class=\"tg-item-excerpt\">V\u00e9ritable centre de tri et de transformation de la mati\u00e8re ligneuse g\u00e9n\u00e9r\u00e9e par la for\u00eat urbaine, le CVBU pourra \u00e0 terme valoriser des dizaines de milliers d\u2019arbres. Le CVBU permettra \u00e9galement d\u2019assurer un traitement rigoureux de la...<\/p><div class=\"tg-item-footer\"><a class=\"tg-item-comment\" href=\"https:\/\/fonds-risq.qc.ca\/en\/entreprise\/centre-de-valorisation-du-bois-urbain\/\"  target=\"_self\">No comment<\/a><span class=\"no-ajaxy to-post-like no-liked empty-heart\" data-post-id=\"4863\" title=\"Like\"><span class=\"to-heart-icon\"><svg xmlns=\"http:\/\/www.w3.org\/2000\/svg\" version=\"1.1\" viewBox=\"0 0 64 64\"><g transform=\"translate(0, 0)\"><path stroke-width=\"6\" stroke-linecap=\"square\" stroke-miterlimit=\"10\" d=\"M1,21c0,20,31,38,31,38s31-18,31-38 c0-8.285-6-16-15-16c-8.285,0-16,5.715-16,14c0-8.285-7.715-14-16-14C7,5,1,12.715,1,21z\"><\/path><\/g><\/svg><\/span><span class=\"to-like-count\">0<\/span><\/span><\/div><\/div><\/div><\/article><!-- The Grid item #373 --><article class=\"tg-item tg-post-4868 kampala f224 f148 f151 f133 f144\" data-row=\"1\" data-col=\"1\"><div class=\"tg-item-inner\"><div class=\"tg-item-media-holder tg-light\"><div class=\"tg-item-media-inner\"><img decoding=\"async\" class=\"tg-item-image\" alt=\"\" width=\"1900\" height=\"1267\" src=\"https:\/\/fonds-risq.qc.ca\/wp-content\/uploads\/2017\/02\/MG_6778-500-cr\u00e9dit-Marc-Desrosiers-1.jpg\"><\/div><div class=\"tg-center-holder\"><div class=\"tg-center-inner\"><div class=\"tg-item-overlay\"><\/div><a class=\"tg-link-button\" href=\"https:\/\/fonds-risq.qc.ca\/en\/entreprise\/linterval\/\" target=\"_self\"><i class=\"tg-icon-link\"><\/i><\/a><\/div><\/div><div class=\"tg-item-decoration\"><div class=\"triangle-down-right\" style=\"border-color:#0097c8\"><\/div><\/div><div class=\"tg-item-share-holder\"><div class=\"triangle-up-left\" style=\"border-color:rgba(22,22,22,0.65)\"><\/div><i class=\"tg-icon-reply\" style=\"color:#ffffff\"><\/i><div class=\"tg-share-icons\"><a class=\"tg-social-share tg-facebook\" href=\"https:\/\/www.facebook.com\/sharer.php?u=https%3A%2F%2Ffonds-risq.qc.ca%2Fen%2Fentreprise%2Flinterval%2F&#038;t=L%E2%80%99Interval\"><i class=\"tg-icon-facebook\"><\/i><\/a><a class=\"tg-social-share tg-twitter\" href=\"https:\/\/twitter.com\/share?url=https%3A%2F%2Ffonds-risq.qc.ca%2Fen%2Fentreprise%2Flinterval%2F&#038;text=L%E2%80%99Interval\"><i class=\"tg-icon-twitter\"><\/i><\/a><a class=\"tg-social-share tg-google-plus\" href=\"https:\/\/plus.google.com\/share?url=https%3A%2F%2Ffonds-risq.qc.ca%2Fen%2Fentreprise%2Flinterval%2F\"><i class=\"tg-icon-google-plus\"><\/i><\/a><a class=\"tg-social-share tg-pinterest\" href=\"https:\/\/pinterest.com\/pin\/create\/button\/?url=https%3A%2F%2Ffonds-risq.qc.ca%2Fen%2Fentreprise%2Flinterval%2F&#038;description=L%E2%80%99Interval&#038;media=https%3A%2F%2Ffonds-risq.qc.ca%2Fwp-content%2Fuploads%2F2017%2F02%2FMG_6778-500-cr%C3%A9dit-Marc-Desrosiers-1.jpg\"><i class=\"tg-icon-pinterest\"><\/i><\/a><\/div><\/div><\/div><div class=\"tg-item-content-holder tg-light image-format\" style=\"background-color:#0097c8\"><span class=\"tg-item-date\">24 February 2017<\/span><h2 class=\"tg-item-title\"><a href=\"https:\/\/fonds-risq.qc.ca\/en\/entreprise\/linterval\/\" target=\"_self\">L&#8217;Interval<\/a><\/h2><span class=\"tg-cats-holder\"><a class=\"filtres_des_entreprises\" href=\"https:\/\/fonds-risq.qc.ca\/en\/filtres_des_entreprises\/2016-en\/\" rel=\"category\" data-term-id=\"224\"><span class=\"tg-item-term\" >2016<\/span><\/a><span>, <\/span><a class=\"filtres_des_entreprises\" href=\"https:\/\/fonds-risq.qc.ca\/en\/filtres_des_entreprises\/capitalization-loan\/\" rel=\"category\" data-term-id=\"148\"><span class=\"tg-item-term\" >Capitalization loan<\/span><\/a><span>, <\/span><a class=\"filtres_des_entreprises\" href=\"https:\/\/fonds-risq.qc.ca\/en\/filtres_des_entreprises\/coop-en\/\" rel=\"category\" data-term-id=\"151\"><span class=\"tg-item-term\" >COOP<\/span><\/a><span>, <\/span><a class=\"filtres_des_entreprises\" href=\"https:\/\/fonds-risq.qc.ca\/en\/filtres_des_entreprises\/laurentides-en\/\" rel=\"category\" data-term-id=\"133\"><span class=\"tg-item-term\" >Laurentides<\/span><\/a><span>, <\/span><a class=\"filtres_des_entreprises\" href=\"https:\/\/fonds-risq.qc.ca\/en\/filtres_des_entreprises\/leisure-tourism\/\" rel=\"category\" data-term-id=\"144\"><span class=\"tg-item-term\" >Leisure \/ Tourism<\/span><\/a><\/span><p class=\"tg-item-excerpt\">Situ\u00e9 de part et d\u2019autre des municipalit\u00e9s de Saint-Donat et de Sainte-Lucie-des-Laurentides sur les rives du lac Legault et au pied du mont Kaaikop, le site de L\u2019Interval offre une exp\u00e9rience plein air depuis 1950. La mission de la...<\/p><div class=\"tg-item-footer\"><a class=\"tg-item-comment\" href=\"https:\/\/fonds-risq.qc.ca\/en\/entreprise\/linterval\/\"  target=\"_self\">No comment<\/a><span class=\"no-ajaxy to-post-like no-liked empty-heart\" data-post-id=\"4868\" title=\"Like\"><span class=\"to-heart-icon\"><svg xmlns=\"http:\/\/www.w3.org\/2000\/svg\" version=\"1.1\" viewBox=\"0 0 64 64\"><g transform=\"translate(0, 0)\"><path stroke-width=\"6\" stroke-linecap=\"square\" stroke-miterlimit=\"10\" d=\"M1,21c0,20,31,38,31,38s31-18,31-38 c0-8.285-6-16-15-16c-8.285,0-16,5.715-16,14c0-8.285-7.715-14-16-14C7,5,1,12.715,1,21z\"><\/path><\/g><\/svg><\/span><span class=\"to-like-count\">0<\/span><\/span><\/div><\/div><\/div><\/article><!-- The Grid item #374 --><article class=\"tg-item tg-post-4871 kampala f224 f148 f151 f127 f135\" data-row=\"1\" data-col=\"1\"><div class=\"tg-item-inner\"><div class=\"tg-item-media-holder tg-light\"><div class=\"tg-item-media-inner\"><img decoding=\"async\" class=\"tg-item-image\" alt=\"\" width=\"1500\" height=\"1038\" src=\"https:\/\/fonds-risq.qc.ca\/wp-content\/uploads\/2017\/02\/Camillois_salle_web-cr\u00e9dit-Sylvain-Laroche.jpg\"><\/div><div class=\"tg-center-holder\"><div class=\"tg-center-inner\"><div class=\"tg-item-overlay\"><\/div><a class=\"tg-link-button\" href=\"https:\/\/fonds-risq.qc.ca\/en\/entreprise\/cooperative-de-solidarite-destination-saint-camille\/\" target=\"_self\"><i class=\"tg-icon-link\"><\/i><\/a><\/div><\/div><div class=\"tg-item-decoration\"><div class=\"triangle-down-right\" style=\"border-color:#0097c8\"><\/div><\/div><div class=\"tg-item-share-holder\"><div class=\"triangle-up-left\" style=\"border-color:rgba(22,22,22,0.65)\"><\/div><i class=\"tg-icon-reply\" style=\"color:#ffffff\"><\/i><div class=\"tg-share-icons\"><a class=\"tg-social-share tg-facebook\" href=\"https:\/\/www.facebook.com\/sharer.php?u=https%3A%2F%2Ffonds-risq.qc.ca%2Fen%2Fentreprise%2Fcooperative-de-solidarite-destination-saint-camille%2F&#038;t=Coop%C3%A9rative%20de%20solidarit%C3%A9%20Destination%20Saint-Camille\"><i class=\"tg-icon-facebook\"><\/i><\/a><a class=\"tg-social-share tg-twitter\" href=\"https:\/\/twitter.com\/share?url=https%3A%2F%2Ffonds-risq.qc.ca%2Fen%2Fentreprise%2Fcooperative-de-solidarite-destination-saint-camille%2F&#038;text=Coop%C3%A9rative%20de%20solidarit%C3%A9%20Destination%20Saint-Camille\"><i class=\"tg-icon-twitter\"><\/i><\/a><a class=\"tg-social-share tg-google-plus\" href=\"https:\/\/plus.google.com\/share?url=https%3A%2F%2Ffonds-risq.qc.ca%2Fen%2Fentreprise%2Fcooperative-de-solidarite-destination-saint-camille%2F\"><i class=\"tg-icon-google-plus\"><\/i><\/a><a class=\"tg-social-share tg-pinterest\" href=\"https:\/\/pinterest.com\/pin\/create\/button\/?url=https%3A%2F%2Ffonds-risq.qc.ca%2Fen%2Fentreprise%2Fcooperative-de-solidarite-destination-saint-camille%2F&#038;description=Coop%C3%A9rative%20de%20solidarit%C3%A9%20Destination%20Saint-Camille&#038;media=https%3A%2F%2Ffonds-risq.qc.ca%2Fwp-content%2Fuploads%2F2017%2F02%2FCamillois_salle_web-cr%C3%A9dit-Sylvain-Laroche.jpg\"><i class=\"tg-icon-pinterest\"><\/i><\/a><\/div><\/div><\/div><div class=\"tg-item-content-holder tg-light image-format\" style=\"background-color:#0097c8\"><span class=\"tg-item-date\">24 February 2017<\/span><h2 class=\"tg-item-title\"><a href=\"https:\/\/fonds-risq.qc.ca\/en\/entreprise\/cooperative-de-solidarite-destination-saint-camille\/\" target=\"_self\">Coop\u00e9rative de solidarit\u00e9 Destination Saint-Camille<\/a><\/h2><span class=\"tg-cats-holder\"><a class=\"filtres_des_entreprises\" href=\"https:\/\/fonds-risq.qc.ca\/en\/filtres_des_entreprises\/2016-en\/\" rel=\"category\" data-term-id=\"224\"><span class=\"tg-item-term\" >2016<\/span><\/a><span>, <\/span><a class=\"filtres_des_entreprises\" href=\"https:\/\/fonds-risq.qc.ca\/en\/filtres_des_entreprises\/capitalization-loan\/\" rel=\"category\" data-term-id=\"148\"><span class=\"tg-item-term\" >Capitalization loan<\/span><\/a><span>, <\/span><a class=\"filtres_des_entreprises\" href=\"https:\/\/fonds-risq.qc.ca\/en\/filtres_des_entreprises\/coop-en\/\" rel=\"category\" data-term-id=\"151\"><span class=\"tg-item-term\" >COOP<\/span><\/a><span>, <\/span><a class=\"filtres_des_entreprises\" href=\"https:\/\/fonds-risq.qc.ca\/en\/filtres_des_entreprises\/estrie-en\/\" rel=\"category\" data-term-id=\"127\"><span class=\"tg-item-term\" >Estrie<\/span><\/a><span>, <\/span><a class=\"filtres_des_entreprises\" href=\"https:\/\/fonds-risq.qc.ca\/en\/filtres_des_entreprises\/services-en\/\" rel=\"category\" data-term-id=\"135\"><span class=\"tg-item-term\" >Services<\/span><\/a><\/span><p class=\"tg-item-excerpt\">La Coop\u00e9rative de solidarit\u00e9 Destination Saint-Camille est n\u00e9e de l'association d'une dizaine d'organisations et d'entreprises locales qui se sont r\u00e9unies afin d'initier et d'op\u00e9rer un Centre de congr\u00e8s \u00e9clat\u00e9 en milieu rural \u00e0...<\/p><div class=\"tg-item-footer\"><a class=\"tg-item-comment\" href=\"https:\/\/fonds-risq.qc.ca\/en\/entreprise\/cooperative-de-solidarite-destination-saint-camille\/\"  target=\"_self\">No comment<\/a><span class=\"no-ajaxy to-post-like no-liked empty-heart\" data-post-id=\"4871\" title=\"Like\"><span class=\"to-heart-icon\"><svg xmlns=\"http:\/\/www.w3.org\/2000\/svg\" version=\"1.1\" viewBox=\"0 0 64 64\"><g transform=\"translate(0, 0)\"><path stroke-width=\"6\" stroke-linecap=\"square\" stroke-miterlimit=\"10\" d=\"M1,21c0,20,31,38,31,38s31-18,31-38 c0-8.285-6-16-15-16c-8.285,0-16,5.715-16,14c0-8.285-7.715-14-16-14C7,5,1,12.715,1,21z\"><\/path><\/g><\/svg><\/span><span class=\"to-like-count\">0<\/span><\/span><\/div><\/div><\/div><\/article><!-- The Grid item #375 --><article class=\"tg-item tg-post-4876 kampala f224 f148 f151 f128 f137\" data-row=\"1\" data-col=\"1\"><div class=\"tg-item-inner\"><div class=\"tg-item-media-holder tg-light\"><div class=\"tg-item-media-inner\"><img decoding=\"async\" class=\"tg-item-image\" alt=\"\" width=\"960\" height=\"652\" src=\"https:\/\/fonds-risq.qc.ca\/wp-content\/uploads\/2017\/02\/facade-cr\u00e9dit-Sandrine-Bourget-Lapointe.jpg\"><\/div><div class=\"tg-center-holder\"><div class=\"tg-center-inner\"><div class=\"tg-item-overlay\"><\/div><a class=\"tg-link-button\" href=\"https:\/\/fonds-risq.qc.ca\/en\/entreprise\/leuguelionne-librairie-feministe\/\" target=\"_self\"><i class=\"tg-icon-link\"><\/i><\/a><\/div><\/div><div class=\"tg-item-decoration\"><div class=\"triangle-down-right\" style=\"border-color:#0097c8\"><\/div><\/div><div class=\"tg-item-share-holder\"><div class=\"triangle-up-left\" style=\"border-color:rgba(22,22,22,0.65)\"><\/div><i class=\"tg-icon-reply\" style=\"color:#ffffff\"><\/i><div class=\"tg-share-icons\"><a class=\"tg-social-share tg-facebook\" href=\"https:\/\/www.facebook.com\/sharer.php?u=https%3A%2F%2Ffonds-risq.qc.ca%2Fen%2Fentreprise%2Fleuguelionne-librairie-feministe%2F&#038;t=L%E2%80%99Eugu%C3%A9lionne%2C%20librairie%20f%C3%A9ministe\"><i class=\"tg-icon-facebook\"><\/i><\/a><a class=\"tg-social-share tg-twitter\" href=\"https:\/\/twitter.com\/share?url=https%3A%2F%2Ffonds-risq.qc.ca%2Fen%2Fentreprise%2Fleuguelionne-librairie-feministe%2F&#038;text=L%E2%80%99Eugu%C3%A9lionne%2C%20librairie%20f%C3%A9ministe\"><i class=\"tg-icon-twitter\"><\/i><\/a><a class=\"tg-social-share tg-google-plus\" href=\"https:\/\/plus.google.com\/share?url=https%3A%2F%2Ffonds-risq.qc.ca%2Fen%2Fentreprise%2Fleuguelionne-librairie-feministe%2F\"><i class=\"tg-icon-google-plus\"><\/i><\/a><a class=\"tg-social-share tg-pinterest\" href=\"https:\/\/pinterest.com\/pin\/create\/button\/?url=https%3A%2F%2Ffonds-risq.qc.ca%2Fen%2Fentreprise%2Fleuguelionne-librairie-feministe%2F&#038;description=L%E2%80%99Eugu%C3%A9lionne%2C%20librairie%20f%C3%A9ministe&#038;media=https%3A%2F%2Ffonds-risq.qc.ca%2Fwp-content%2Fuploads%2F2017%2F02%2Ffacade-cr%C3%A9dit-Sandrine-Bourget-Lapointe.jpg\"><i class=\"tg-icon-pinterest\"><\/i><\/a><\/div><\/div><\/div><div class=\"tg-item-content-holder tg-light image-format\" style=\"background-color:#0097c8\"><span class=\"tg-item-date\">24 February 2017<\/span><h2 class=\"tg-item-title\"><a href=\"https:\/\/fonds-risq.qc.ca\/en\/entreprise\/leuguelionne-librairie-feministe\/\" target=\"_self\">L&#8217;Eugu\u00e9lionne, librairie f\u00e9ministe<\/a><\/h2><span class=\"tg-cats-holder\"><a class=\"filtres_des_entreprises\" href=\"https:\/\/fonds-risq.qc.ca\/en\/filtres_des_entreprises\/2016-en\/\" rel=\"category\" data-term-id=\"224\"><span class=\"tg-item-term\" >2016<\/span><\/a><span>, <\/span><a class=\"filtres_des_entreprises\" href=\"https:\/\/fonds-risq.qc.ca\/en\/filtres_des_entreprises\/capitalization-loan\/\" rel=\"category\" data-term-id=\"148\"><span class=\"tg-item-term\" >Capitalization loan<\/span><\/a><span>, <\/span><a class=\"filtres_des_entreprises\" href=\"https:\/\/fonds-risq.qc.ca\/en\/filtres_des_entreprises\/coop-en\/\" rel=\"category\" data-term-id=\"151\"><span class=\"tg-item-term\" >COOP<\/span><\/a><span>, <\/span><a class=\"filtres_des_entreprises\" href=\"https:\/\/fonds-risq.qc.ca\/en\/filtres_des_entreprises\/montreal-en\/\" rel=\"category\" data-term-id=\"128\"><span class=\"tg-item-term\" >Montr\u00e9al<\/span><\/a><span>, <\/span><a class=\"filtres_des_entreprises\" href=\"https:\/\/fonds-risq.qc.ca\/en\/filtres_des_entreprises\/retail-business\/\" rel=\"category\" data-term-id=\"137\"><span class=\"tg-item-term\" >Retail business<\/span><\/a><\/span><p class=\"tg-item-excerpt\">L'Eugu\u00e9lionne, librairie f\u00e9ministe, est une coop\u00e9rative de solidarit\u00e9 qui a ouvert ses portes le 15 d\u00e9cembre 2016. La librairie est un lieu de diffusion pour les pens\u00e9es f\u00e9ministes et offre une large s\u00e9lection de livres neufs et...<\/p><div class=\"tg-item-footer\"><a class=\"tg-item-comment\" href=\"https:\/\/fonds-risq.qc.ca\/en\/entreprise\/leuguelionne-librairie-feministe\/\"  target=\"_self\">No comment<\/a><span class=\"no-ajaxy to-post-like no-liked empty-heart\" data-post-id=\"4876\" title=\"Like\"><span class=\"to-heart-icon\"><svg xmlns=\"http:\/\/www.w3.org\/2000\/svg\" version=\"1.1\" viewBox=\"0 0 64 64\"><g transform=\"translate(0, 0)\"><path stroke-width=\"6\" stroke-linecap=\"square\" stroke-miterlimit=\"10\" d=\"M1,21c0,20,31,38,31,38s31-18,31-38 c0-8.285-6-16-15-16c-8.285,0-16,5.715-16,14c0-8.285-7.715-14-16-14C7,5,1,12.715,1,21z\"><\/path><\/g><\/svg><\/span><span class=\"to-like-count\">0<\/span><\/span><\/div><\/div><\/div><\/article><!-- The Grid item #376 --><article class=\"tg-item tg-post-4880 kampala f224 f148 f151 f128 f135 f206\" data-row=\"1\" data-col=\"1\"><div class=\"tg-item-inner\"><div class=\"tg-item-media-holder tg-light\"><div class=\"tg-item-media-inner\"><img decoding=\"async\" class=\"tg-item-image\" alt=\"\" width=\"2560\" height=\"1920\" src=\"https:\/\/fonds-risq.qc.ca\/wp-content\/uploads\/2017\/02\/Photo-activcoop-r\u00e9ception-cr\u00e9dit-Activcoop-scaled.jpg\"><\/div><div class=\"tg-center-holder\"><div class=\"tg-center-inner\"><div class=\"tg-item-overlay\"><\/div><a class=\"tg-link-button\" href=\"https:\/\/fonds-risq.qc.ca\/en\/entreprise\/activcoop\/\" target=\"_self\"><i class=\"tg-icon-link\"><\/i><\/a><\/div><\/div><div class=\"tg-item-decoration\"><div class=\"triangle-down-right\" style=\"border-color:#0097c8\"><\/div><\/div><div class=\"tg-item-share-holder\"><div class=\"triangle-up-left\" style=\"border-color:rgba(22,22,22,0.65)\"><\/div><i class=\"tg-icon-reply\" style=\"color:#ffffff\"><\/i><div class=\"tg-share-icons\"><a class=\"tg-social-share tg-facebook\" href=\"https:\/\/www.facebook.com\/sharer.php?u=https%3A%2F%2Ffonds-risq.qc.ca%2Fen%2Fentreprise%2Factivcoop%2F&#038;t=Activcoop\"><i class=\"tg-icon-facebook\"><\/i><\/a><a class=\"tg-social-share tg-twitter\" href=\"https:\/\/twitter.com\/share?url=https%3A%2F%2Ffonds-risq.qc.ca%2Fen%2Fentreprise%2Factivcoop%2F&#038;text=Activcoop\"><i class=\"tg-icon-twitter\"><\/i><\/a><a class=\"tg-social-share tg-google-plus\" href=\"https:\/\/plus.google.com\/share?url=https%3A%2F%2Ffonds-risq.qc.ca%2Fen%2Fentreprise%2Factivcoop%2F\"><i class=\"tg-icon-google-plus\"><\/i><\/a><a class=\"tg-social-share tg-pinterest\" href=\"https:\/\/pinterest.com\/pin\/create\/button\/?url=https%3A%2F%2Ffonds-risq.qc.ca%2Fen%2Fentreprise%2Factivcoop%2F&#038;description=Activcoop&#038;media=https%3A%2F%2Ffonds-risq.qc.ca%2Fwp-content%2Fuploads%2F2017%2F02%2FPhoto-activcoop-r%C3%A9ception-cr%C3%A9dit-Activcoop-scaled.jpg\"><i class=\"tg-icon-pinterest\"><\/i><\/a><\/div><\/div><\/div><div class=\"tg-item-content-holder tg-light image-format\" style=\"background-color:#0097c8\"><span class=\"tg-item-date\">24 February 2017<\/span><h2 class=\"tg-item-title\"><a href=\"https:\/\/fonds-risq.qc.ca\/en\/entreprise\/activcoop\/\" target=\"_self\">Activcoop<\/a><\/h2><span class=\"tg-cats-holder\"><a class=\"filtres_des_entreprises\" href=\"https:\/\/fonds-risq.qc.ca\/en\/filtres_des_entreprises\/2016-en\/\" rel=\"category\" data-term-id=\"224\"><span class=\"tg-item-term\" >2016<\/span><\/a><span>, <\/span><a class=\"filtres_des_entreprises\" href=\"https:\/\/fonds-risq.qc.ca\/en\/filtres_des_entreprises\/capitalization-loan\/\" rel=\"category\" data-term-id=\"148\"><span class=\"tg-item-term\" >Capitalization loan<\/span><\/a><span>, <\/span><a class=\"filtres_des_entreprises\" href=\"https:\/\/fonds-risq.qc.ca\/en\/filtres_des_entreprises\/coop-en\/\" rel=\"category\" data-term-id=\"151\"><span class=\"tg-item-term\" >COOP<\/span><\/a><span>, <\/span><a class=\"filtres_des_entreprises\" href=\"https:\/\/fonds-risq.qc.ca\/en\/filtres_des_entreprises\/montreal-en\/\" rel=\"category\" data-term-id=\"128\"><span class=\"tg-item-term\" >Montr\u00e9al<\/span><\/a><span>, <\/span><a class=\"filtres_des_entreprises\" href=\"https:\/\/fonds-risq.qc.ca\/en\/filtres_des_entreprises\/services-en\/\" rel=\"category\" data-term-id=\"135\"><span class=\"tg-item-term\" >Services<\/span><\/a><span>, <\/span><a class=\"filtres_des_entreprises\" href=\"https:\/\/fonds-risq.qc.ca\/en\/filtres_des_entreprises\/services-soins-de-sante-en\/\" rel=\"category\" data-term-id=\"206\"><span class=\"tg-item-term\" >Services soins de sant\u00e9<\/span><\/a><\/span><p class=\"tg-item-excerpt\">Activcoop est une coop\u00e9rative de travailleurs interdisciplinaire ax\u00e9e sur la pr\u00e9vention et la r\u00e9adaptation, offrant des services de soins de sant\u00e9 de qualit\u00e9 et une vision communautaire et collective \u00e0 Montr\u00e9al....<\/p><div class=\"tg-item-footer\"><a class=\"tg-item-comment\" href=\"https:\/\/fonds-risq.qc.ca\/en\/entreprise\/activcoop\/\"  target=\"_self\">No comment<\/a><span class=\"no-ajaxy to-post-like no-liked empty-heart\" data-post-id=\"4880\" title=\"Like\"><span class=\"to-heart-icon\"><svg xmlns=\"http:\/\/www.w3.org\/2000\/svg\" version=\"1.1\" viewBox=\"0 0 64 64\"><g transform=\"translate(0, 0)\"><path stroke-width=\"6\" stroke-linecap=\"square\" stroke-miterlimit=\"10\" d=\"M1,21c0,20,31,38,31,38s31-18,31-38 c0-8.285-6-16-15-16c-8.285,0-16,5.715-16,14c0-8.285-7.715-14-16-14C7,5,1,12.715,1,21z\"><\/path><\/g><\/svg><\/span><span class=\"to-like-count\">0<\/span><\/span><\/div><\/div><\/div><\/article><!-- The Grid item #377 --><article class=\"tg-item tg-post-4954 kampala f225 f134 f128 f150 f147\" data-row=\"1\" data-col=\"1\"><div class=\"tg-item-inner\"><div class=\"tg-item-media-holder tg-light\"><div class=\"tg-item-media-inner\"><img decoding=\"async\" class=\"tg-item-image\" alt=\"\" width=\"576\" height=\"427\" src=\"https:\/\/fonds-risq.qc.ca\/wp-content\/uploads\/2017\/02\/Photo-2-MIQ-cr\u00e9dit-Luc-Girard.jpg\"><\/div><div class=\"tg-center-holder\"><div class=\"tg-center-inner\"><div class=\"tg-item-overlay\"><\/div><a class=\"tg-link-button\" href=\"https:\/\/fonds-risq.qc.ca\/en\/entreprise\/musee-de-limprimerie-du-quebec\/\" target=\"_self\"><i class=\"tg-icon-link\"><\/i><\/a><\/div><\/div><div class=\"tg-item-decoration\"><div class=\"triangle-down-right\" style=\"border-color:#ee4224\"><\/div><\/div><div class=\"tg-item-share-holder\"><div class=\"triangle-up-left\" style=\"border-color:rgba(22,22,22,0.65)\"><\/div><i class=\"tg-icon-reply\" style=\"color:#ffffff\"><\/i><div class=\"tg-share-icons\"><a class=\"tg-social-share tg-facebook\" href=\"https:\/\/www.facebook.com\/sharer.php?u=https%3A%2F%2Ffonds-risq.qc.ca%2Fen%2Fentreprise%2Fmusee-de-limprimerie-du-quebec%2F&#038;t=Mus%C3%A9e%20de%20l%E2%80%99imprimerie%20du%20Qu%C3%A9bec\"><i class=\"tg-icon-facebook\"><\/i><\/a><a class=\"tg-social-share tg-twitter\" href=\"https:\/\/twitter.com\/share?url=https%3A%2F%2Ffonds-risq.qc.ca%2Fen%2Fentreprise%2Fmusee-de-limprimerie-du-quebec%2F&#038;text=Mus%C3%A9e%20de%20l%E2%80%99imprimerie%20du%20Qu%C3%A9bec\"><i class=\"tg-icon-twitter\"><\/i><\/a><a class=\"tg-social-share tg-google-plus\" href=\"https:\/\/plus.google.com\/share?url=https%3A%2F%2Ffonds-risq.qc.ca%2Fen%2Fentreprise%2Fmusee-de-limprimerie-du-quebec%2F\"><i class=\"tg-icon-google-plus\"><\/i><\/a><a class=\"tg-social-share tg-pinterest\" href=\"https:\/\/pinterest.com\/pin\/create\/button\/?url=https%3A%2F%2Ffonds-risq.qc.ca%2Fen%2Fentreprise%2Fmusee-de-limprimerie-du-quebec%2F&#038;description=Mus%C3%A9e%20de%20l%E2%80%99imprimerie%20du%20Qu%C3%A9bec&#038;media=https%3A%2F%2Ffonds-risq.qc.ca%2Fwp-content%2Fuploads%2F2017%2F02%2FPhoto-2-MIQ-cr%C3%A9dit-Luc-Girard.jpg\"><i class=\"tg-icon-pinterest\"><\/i><\/a><\/div><\/div><\/div><div class=\"tg-item-content-holder tg-light image-format\" style=\"background-color:#ee4224\"><span class=\"tg-item-date\">24 February 2017<\/span><h2 class=\"tg-item-title\"><a href=\"https:\/\/fonds-risq.qc.ca\/en\/entreprise\/musee-de-limprimerie-du-quebec\/\" target=\"_self\">Mus\u00e9e de l&#8217;imprimerie du Qu\u00e9bec<\/a><\/h2><span class=\"tg-cats-holder\"><a class=\"filtres_des_entreprises\" href=\"https:\/\/fonds-risq.qc.ca\/en\/filtres_des_entreprises\/2014-en\/\" rel=\"category\" data-term-id=\"225\"><span class=\"tg-item-term\" >2014<\/span><\/a><span>, <\/span><a class=\"filtres_des_entreprises\" href=\"https:\/\/fonds-risq.qc.ca\/en\/filtres_des_entreprises\/arts-and-culture\/\" rel=\"category\" data-term-id=\"134\"><span class=\"tg-item-term\" >Arts and culture<\/span><\/a><span>, <\/span><a class=\"filtres_des_entreprises\" href=\"https:\/\/fonds-risq.qc.ca\/en\/filtres_des_entreprises\/montreal-en\/\" rel=\"category\" data-term-id=\"128\"><span class=\"tg-item-term\" >Montr\u00e9al<\/span><\/a><span>, <\/span><a class=\"filtres_des_entreprises\" href=\"https:\/\/fonds-risq.qc.ca\/en\/filtres_des_entreprises\/npo\/\" rel=\"category\" data-term-id=\"150\"><span class=\"tg-item-term\" >NPO<\/span><\/a><span>, <\/span><a class=\"filtres_des_entreprises\" href=\"https:\/\/fonds-risq.qc.ca\/en\/filtres_des_entreprises\/pre-startup-loan\/\" rel=\"category\" data-term-id=\"147\"><span class=\"tg-item-term\" >Pre-startup loan<\/span><\/a><\/span><p class=\"tg-item-excerpt\">Fond\u00e9 en 2007, le Mus\u00e9e de l\u2019imprimerie du Qu\u00e9bec diffuse, promeut et pr\u00e9serve le patrimoine mat\u00e9riel et immat\u00e9riel de l\u2019imprimerie, ses innovations techniques et ses productions artistiques, pour inspirer les artisans, les artistes et...<\/p><div class=\"tg-item-footer\"><a class=\"tg-item-comment\" href=\"https:\/\/fonds-risq.qc.ca\/en\/entreprise\/musee-de-limprimerie-du-quebec\/\"  target=\"_self\">No comment<\/a><span class=\"no-ajaxy to-post-like no-liked empty-heart\" data-post-id=\"4954\" title=\"Like\"><span class=\"to-heart-icon\"><svg xmlns=\"http:\/\/www.w3.org\/2000\/svg\" version=\"1.1\" viewBox=\"0 0 64 64\"><g transform=\"translate(0, 0)\"><path stroke-width=\"6\" stroke-linecap=\"square\" stroke-miterlimit=\"10\" d=\"M1,21c0,20,31,38,31,38s31-18,31-38 c0-8.285-6-16-15-16c-8.285,0-16,5.715-16,14c0-8.285-7.715-14-16-14C7,5,1,12.715,1,21z\"><\/path><\/g><\/svg><\/span><span class=\"to-like-count\">0<\/span><\/span><\/div><\/div><\/div><\/article><!-- The Grid item #378 --><article class=\"tg-item tg-post-4963 kampala f224 f151 f144 f156 f146\" data-row=\"1\" data-col=\"1\"><div class=\"tg-item-inner\"><div class=\"tg-item-media-holder tg-light\"><div class=\"tg-item-media-inner\"><img decoding=\"async\" class=\"tg-item-image\" alt=\"\" width=\"2016\" height=\"1512\" src=\"https:\/\/fonds-risq.qc.ca\/wp-content\/uploads\/2017\/02\/bridge-wedding-promo-cr\u00e9dit-Helen-MacKinnon.jpg\"><\/div><div class=\"tg-center-holder\"><div class=\"tg-center-inner\"><div class=\"tg-item-overlay\"><\/div><a class=\"tg-link-button\" href=\"https:\/\/fonds-risq.qc.ca\/en\/entreprise\/cooperative-de-solidarite-de-la-maison-fairbairn\/\" target=\"_self\"><i class=\"tg-icon-link\"><\/i><\/a><\/div><\/div><div class=\"tg-item-decoration\"><div class=\"triangle-down-right\" style=\"border-color:#B7C634\"><\/div><\/div><div class=\"tg-item-share-holder\"><div class=\"triangle-up-left\" style=\"border-color:rgba(22,22,22,0.65)\"><\/div><i class=\"tg-icon-reply\" style=\"color:#ffffff\"><\/i><div class=\"tg-share-icons\"><a class=\"tg-social-share tg-facebook\" href=\"https:\/\/www.facebook.com\/sharer.php?u=https%3A%2F%2Ffonds-risq.qc.ca%2Fen%2Fentreprise%2Fcooperative-de-solidarite-de-la-maison-fairbairn%2F&#038;t=Coop%C3%A9rative%20de%20solidarit%C3%A9%20de%20la%20Maison%20Fairbairn\"><i class=\"tg-icon-facebook\"><\/i><\/a><a class=\"tg-social-share tg-twitter\" href=\"https:\/\/twitter.com\/share?url=https%3A%2F%2Ffonds-risq.qc.ca%2Fen%2Fentreprise%2Fcooperative-de-solidarite-de-la-maison-fairbairn%2F&#038;text=Coop%C3%A9rative%20de%20solidarit%C3%A9%20de%20la%20Maison%20Fairbairn\"><i class=\"tg-icon-twitter\"><\/i><\/a><a class=\"tg-social-share tg-google-plus\" href=\"https:\/\/plus.google.com\/share?url=https%3A%2F%2Ffonds-risq.qc.ca%2Fen%2Fentreprise%2Fcooperative-de-solidarite-de-la-maison-fairbairn%2F\"><i class=\"tg-icon-google-plus\"><\/i><\/a><a class=\"tg-social-share tg-pinterest\" href=\"https:\/\/pinterest.com\/pin\/create\/button\/?url=https%3A%2F%2Ffonds-risq.qc.ca%2Fen%2Fentreprise%2Fcooperative-de-solidarite-de-la-maison-fairbairn%2F&#038;description=Coop%C3%A9rative%20de%20solidarit%C3%A9%20de%20la%20Maison%20Fairbairn&#038;media=https%3A%2F%2Ffonds-risq.qc.ca%2Fwp-content%2Fuploads%2F2017%2F02%2Fbridge-wedding-promo-cr%C3%A9dit-Helen-MacKinnon.jpg\"><i class=\"tg-icon-pinterest\"><\/i><\/a><\/div><\/div><\/div><div class=\"tg-item-content-holder tg-light image-format\" style=\"background-color:#B7C634\"><span class=\"tg-item-date\">23 February 2017<\/span><h2 class=\"tg-item-title\"><a href=\"https:\/\/fonds-risq.qc.ca\/en\/entreprise\/cooperative-de-solidarite-de-la-maison-fairbairn\/\" target=\"_self\">Coop\u00e9rative de solidarit\u00e9 de la Maison Fairbairn<\/a><\/h2><span class=\"tg-cats-holder\"><a class=\"filtres_des_entreprises\" href=\"https:\/\/fonds-risq.qc.ca\/en\/filtres_des_entreprises\/2016-en\/\" rel=\"category\" data-term-id=\"224\"><span class=\"tg-item-term\" >2016<\/span><\/a><span>, <\/span><a class=\"filtres_des_entreprises\" href=\"https:\/\/fonds-risq.qc.ca\/en\/filtres_des_entreprises\/coop-en\/\" rel=\"category\" data-term-id=\"151\"><span class=\"tg-item-term\" >COOP<\/span><\/a><span>, <\/span><a class=\"filtres_des_entreprises\" href=\"https:\/\/fonds-risq.qc.ca\/en\/filtres_des_entreprises\/leisure-tourism\/\" rel=\"category\" data-term-id=\"144\"><span class=\"tg-item-term\" >Leisure \/ Tourism<\/span><\/a><span>, <\/span><a class=\"filtres_des_entreprises\" href=\"https:\/\/fonds-risq.qc.ca\/en\/filtres_des_entreprises\/outaouais-en\/\" rel=\"category\" data-term-id=\"156\"><span class=\"tg-item-term\" >Outaouais<\/span><\/a><span>, <\/span><a class=\"filtres_des_entreprises\" href=\"https:\/\/fonds-risq.qc.ca\/en\/filtres_des_entreprises\/pret-pour-aide-technique-en\/\" rel=\"category\" data-term-id=\"146\"><span class=\"tg-item-term\" >Technical assistance loan<\/span><\/a><\/span><p class=\"tg-item-excerpt\">Le Centre patrimonial de la Maison Fairbairn a pour mandat la protection et la mise en valeur de l\u2019histoire de la Vall\u00e9e-de-la-Gatineau. Le Centre vous permet de d\u00e9couvrir le patrimoine de la Vall\u00e9e-de-la-Gatineau dans une maison de...<\/p><div class=\"tg-item-footer\"><a class=\"tg-item-comment\" href=\"https:\/\/fonds-risq.qc.ca\/en\/entreprise\/cooperative-de-solidarite-de-la-maison-fairbairn\/\"  target=\"_self\">No comment<\/a><span class=\"no-ajaxy to-post-like no-liked empty-heart\" data-post-id=\"4963\" title=\"Like\"><span class=\"to-heart-icon\"><svg xmlns=\"http:\/\/www.w3.org\/2000\/svg\" version=\"1.1\" viewBox=\"0 0 64 64\"><g transform=\"translate(0, 0)\"><path stroke-width=\"6\" stroke-linecap=\"square\" stroke-miterlimit=\"10\" d=\"M1,21c0,20,31,38,31,38s31-18,31-38 c0-8.285-6-16-15-16c-8.285,0-16,5.715-16,14c0-8.285-7.715-14-16-14C7,5,1,12.715,1,21z\"><\/path><\/g><\/svg><\/span><span class=\"to-like-count\">0<\/span><\/span><\/div><\/div><\/div><\/article><!-- The Grid item #379 --><article class=\"tg-item tg-post-4966 kampala f224 f148 f136 f128 f150\" data-row=\"1\" data-col=\"1\"><div class=\"tg-item-inner\"><div class=\"tg-item-media-holder tg-light\"><div class=\"tg-item-media-inner\"><img decoding=\"async\" class=\"tg-item-image\" alt=\"\" width=\"2560\" height=\"1787\" src=\"https:\/\/fonds-risq.qc.ca\/wp-content\/uploads\/2017\/02\/Photo-Centre-p\u00e9dagogique-Lucien-Guilbault-photo-anonyme-scaled.jpg\"><\/div><div class=\"tg-center-holder\"><div class=\"tg-center-inner\"><div class=\"tg-item-overlay\"><\/div><a class=\"tg-link-button\" href=\"https:\/\/fonds-risq.qc.ca\/en\/entreprise\/cosimu\/\" target=\"_self\"><i class=\"tg-icon-link\"><\/i><\/a><\/div><\/div><div class=\"tg-item-decoration\"><div class=\"triangle-down-right\" style=\"border-color:#0097c8\"><\/div><\/div><div class=\"tg-item-share-holder\"><div class=\"triangle-up-left\" style=\"border-color:rgba(22,22,22,0.65)\"><\/div><i class=\"tg-icon-reply\" style=\"color:#ffffff\"><\/i><div class=\"tg-share-icons\"><a class=\"tg-social-share tg-facebook\" href=\"https:\/\/www.facebook.com\/sharer.php?u=https%3A%2F%2Ffonds-risq.qc.ca%2Fen%2Fentreprise%2Fcosimu%2F&#038;t=COSIMU\"><i class=\"tg-icon-facebook\"><\/i><\/a><a class=\"tg-social-share tg-twitter\" href=\"https:\/\/twitter.com\/share?url=https%3A%2F%2Ffonds-risq.qc.ca%2Fen%2Fentreprise%2Fcosimu%2F&#038;text=COSIMU\"><i class=\"tg-icon-twitter\"><\/i><\/a><a class=\"tg-social-share tg-google-plus\" href=\"https:\/\/plus.google.com\/share?url=https%3A%2F%2Ffonds-risq.qc.ca%2Fen%2Fentreprise%2Fcosimu%2F\"><i class=\"tg-icon-google-plus\"><\/i><\/a><a class=\"tg-social-share tg-pinterest\" href=\"https:\/\/pinterest.com\/pin\/create\/button\/?url=https%3A%2F%2Ffonds-risq.qc.ca%2Fen%2Fentreprise%2Fcosimu%2F&#038;description=COSIMU&#038;media=https%3A%2F%2Ffonds-risq.qc.ca%2Fwp-content%2Fuploads%2F2017%2F02%2FPhoto-Centre-p%C3%A9dagogique-Lucien-Guilbault-photo-anonyme-scaled.jpg\"><i class=\"tg-icon-pinterest\"><\/i><\/a><\/div><\/div><\/div><div class=\"tg-item-content-holder tg-light image-format\" style=\"background-color:#0097c8\"><span class=\"tg-item-date\">22 February 2017<\/span><h2 class=\"tg-item-title\"><a href=\"https:\/\/fonds-risq.qc.ca\/en\/entreprise\/cosimu\/\" target=\"_self\">COSIMU<\/a><\/h2><span class=\"tg-cats-holder\"><a class=\"filtres_des_entreprises\" href=\"https:\/\/fonds-risq.qc.ca\/en\/filtres_des_entreprises\/2016-en\/\" rel=\"category\" data-term-id=\"224\"><span class=\"tg-item-term\" >2016<\/span><\/a><span>, <\/span><a class=\"filtres_des_entreprises\" href=\"https:\/\/fonds-risq.qc.ca\/en\/filtres_des_entreprises\/capitalization-loan\/\" rel=\"category\" data-term-id=\"148\"><span class=\"tg-item-term\" >Capitalization loan<\/span><\/a><span>, <\/span><a class=\"filtres_des_entreprises\" href=\"https:\/\/fonds-risq.qc.ca\/en\/filtres_des_entreprises\/education-en\/\" rel=\"category\" data-term-id=\"136\"><span class=\"tg-item-term\" >Education<\/span><\/a><span>, <\/span><a class=\"filtres_des_entreprises\" href=\"https:\/\/fonds-risq.qc.ca\/en\/filtres_des_entreprises\/montreal-en\/\" rel=\"category\" data-term-id=\"128\"><span class=\"tg-item-term\" >Montr\u00e9al<\/span><\/a><span>, <\/span><a class=\"filtres_des_entreprises\" href=\"https:\/\/fonds-risq.qc.ca\/en\/filtres_des_entreprises\/npo\/\" rel=\"category\" data-term-id=\"150\"><span class=\"tg-item-term\" >NPO<\/span><\/a><\/span><p class=\"tg-item-excerpt\">Fond\u00e9e en 2013, COSIMU est une association d'artistes pluridisciplinaires, p\u00e9dagogues et d\u00e9veloppeurs num\u00e9riques qui se sont donn\u00e9 pour mission de contribuer au d\u00e9veloppement de l'imaginaire et de la cr\u00e9ativit\u00e9 chez les jeunes....<\/p><div class=\"tg-item-footer\"><a class=\"tg-item-comment\" href=\"https:\/\/fonds-risq.qc.ca\/en\/entreprise\/cosimu\/\"  target=\"_self\">No comment<\/a><span class=\"no-ajaxy to-post-like no-liked empty-heart\" data-post-id=\"4966\" title=\"Like\"><span class=\"to-heart-icon\"><svg xmlns=\"http:\/\/www.w3.org\/2000\/svg\" version=\"1.1\" viewBox=\"0 0 64 64\"><g transform=\"translate(0, 0)\"><path stroke-width=\"6\" stroke-linecap=\"square\" stroke-miterlimit=\"10\" d=\"M1,21c0,20,31,38,31,38s31-18,31-38 c0-8.285-6-16-15-16c-8.285,0-16,5.715-16,14c0-8.285-7.715-14-16-14C7,5,1,12.715,1,21z\"><\/path><\/g><\/svg><\/span><span class=\"to-like-count\">0<\/span><\/span><\/div><\/div><\/div><\/article><!-- The Grid item #380 --><article class=\"tg-item tg-post-4968 kampala f224 f148 f143 f150 f155\" data-row=\"1\" data-col=\"1\"><div class=\"tg-item-inner\"><div class=\"tg-item-media-holder tg-light\"><div class=\"tg-item-media-inner\"><img decoding=\"async\" class=\"tg-item-image\" alt=\"\" width=\"2560\" height=\"1920\" src=\"https:\/\/fonds-risq.qc.ca\/wp-content\/uploads\/2017\/02\/IMG_7142-cr\u00e9dit-centre-demployabilit\u00e9-La-Baie-scaled.jpg\"><\/div><div class=\"tg-center-holder\"><div class=\"tg-center-inner\"><div class=\"tg-item-overlay\"><\/div><a class=\"tg-link-button\" href=\"https:\/\/fonds-risq.qc.ca\/en\/entreprise\/centre-demployabilite-de-la-baie\/\" target=\"_self\"><i class=\"tg-icon-link\"><\/i><\/a><\/div><\/div><div class=\"tg-item-decoration\"><div class=\"triangle-down-right\" style=\"border-color:#0097c8\"><\/div><\/div><div class=\"tg-item-share-holder\"><div class=\"triangle-up-left\" style=\"border-color:rgba(22,22,22,0.65)\"><\/div><i class=\"tg-icon-reply\" style=\"color:#ffffff\"><\/i><div class=\"tg-share-icons\"><a class=\"tg-social-share tg-facebook\" href=\"https:\/\/www.facebook.com\/sharer.php?u=https%3A%2F%2Ffonds-risq.qc.ca%2Fen%2Fentreprise%2Fcentre-demployabilite-de-la-baie%2F&#038;t=Centre%20d%E2%80%99employabilit%C3%A9%20de%20La%20Baie\"><i class=\"tg-icon-facebook\"><\/i><\/a><a class=\"tg-social-share tg-twitter\" href=\"https:\/\/twitter.com\/share?url=https%3A%2F%2Ffonds-risq.qc.ca%2Fen%2Fentreprise%2Fcentre-demployabilite-de-la-baie%2F&#038;text=Centre%20d%E2%80%99employabilit%C3%A9%20de%20La%20Baie\"><i class=\"tg-icon-twitter\"><\/i><\/a><a class=\"tg-social-share tg-google-plus\" href=\"https:\/\/plus.google.com\/share?url=https%3A%2F%2Ffonds-risq.qc.ca%2Fen%2Fentreprise%2Fcentre-demployabilite-de-la-baie%2F\"><i class=\"tg-icon-google-plus\"><\/i><\/a><a class=\"tg-social-share tg-pinterest\" href=\"https:\/\/pinterest.com\/pin\/create\/button\/?url=https%3A%2F%2Ffonds-risq.qc.ca%2Fen%2Fentreprise%2Fcentre-demployabilite-de-la-baie%2F&#038;description=Centre%20d%E2%80%99employabilit%C3%A9%20de%20La%20Baie&#038;media=https%3A%2F%2Ffonds-risq.qc.ca%2Fwp-content%2Fuploads%2F2017%2F02%2FIMG_7142-cr%C3%A9dit-centre-demployabilit%C3%A9-La-Baie-scaled.jpg\"><i class=\"tg-icon-pinterest\"><\/i><\/a><\/div><\/div><\/div><div class=\"tg-item-content-holder tg-light image-format\" style=\"background-color:#0097c8\"><span class=\"tg-item-date\">22 February 2017<\/span><h2 class=\"tg-item-title\"><a href=\"https:\/\/fonds-risq.qc.ca\/en\/entreprise\/centre-demployabilite-de-la-baie\/\" target=\"_self\">Centre d&#8217;employabilit\u00e9 de La Baie<\/a><\/h2><span class=\"tg-cats-holder\"><a class=\"filtres_des_entreprises\" href=\"https:\/\/fonds-risq.qc.ca\/en\/filtres_des_entreprises\/2016-en\/\" rel=\"category\" data-term-id=\"224\"><span class=\"tg-item-term\" >2016<\/span><\/a><span>, <\/span><a class=\"filtres_des_entreprises\" href=\"https:\/\/fonds-risq.qc.ca\/en\/filtres_des_entreprises\/capitalization-loan\/\" rel=\"category\" data-term-id=\"148\"><span class=\"tg-item-term\" >Capitalization loan<\/span><\/a><span>, <\/span><a class=\"filtres_des_entreprises\" href=\"https:\/\/fonds-risq.qc.ca\/en\/filtres_des_entreprises\/employability-services\/\" rel=\"category\" data-term-id=\"143\"><span class=\"tg-item-term\" >Employability Services<\/span><\/a><span>, <\/span><a class=\"filtres_des_entreprises\" href=\"https:\/\/fonds-risq.qc.ca\/en\/filtres_des_entreprises\/npo\/\" rel=\"category\" data-term-id=\"150\"><span class=\"tg-item-term\" >NPO<\/span><\/a><span>, <\/span><a class=\"filtres_des_entreprises\" href=\"https:\/\/fonds-risq.qc.ca\/en\/filtres_des_entreprises\/saguenay-lac-saint-jean-en\/\" rel=\"category\" data-term-id=\"155\"><span class=\"tg-item-term\" >Saguenay-Lac-Saint-Jean<\/span><\/a><\/span><p class=\"tg-item-excerpt\">Le Centre d\u2019Employabilit\u00e9 de La Baie (C.E.B.), fond\u00e9 le 26 mai 2000, est un OBNL dont la mission est de venir en aide aux personnes qui souhaitent retourner sur le march\u00e9 du travail n\u2019ayant pas ou peu de formation, ou encore, qui sont...<\/p><div class=\"tg-item-footer\"><a class=\"tg-item-comment\" href=\"https:\/\/fonds-risq.qc.ca\/en\/entreprise\/centre-demployabilite-de-la-baie\/\"  target=\"_self\">No comment<\/a><span class=\"no-ajaxy to-post-like no-liked empty-heart\" data-post-id=\"4968\" title=\"Like\"><span class=\"to-heart-icon\"><svg xmlns=\"http:\/\/www.w3.org\/2000\/svg\" version=\"1.1\" viewBox=\"0 0 64 64\"><g transform=\"translate(0, 0)\"><path stroke-width=\"6\" stroke-linecap=\"square\" stroke-miterlimit=\"10\" d=\"M1,21c0,20,31,38,31,38s31-18,31-38 c0-8.285-6-16-15-16c-8.285,0-16,5.715-16,14c0-8.285-7.715-14-16-14C7,5,1,12.715,1,21z\"><\/path><\/g><\/svg><\/span><span class=\"to-like-count\">0<\/span><\/span><\/div><\/div><\/div><\/article><!-- The Grid item #381 --><article class=\"tg-item tg-post-4976 kampala f224 f223 f148 f144 f128 f150\" data-row=\"1\" data-col=\"1\"><div class=\"tg-item-inner\"><div class=\"tg-item-media-holder tg-light\"><div class=\"tg-item-media-inner\"><img decoding=\"async\" class=\"tg-item-image\" alt=\"\" width=\"1480\" height=\"419\" src=\"https:\/\/fonds-risq.qc.ca\/wp-content\/uploads\/2017\/02\/Logo-1.jpg\"><\/div><div class=\"tg-center-holder\"><div class=\"tg-center-inner\"><div class=\"tg-item-overlay\"><\/div><a class=\"tg-link-button\" href=\"https:\/\/fonds-risq.qc.ca\/en\/entreprise\/festivals-et-evenements-quebec\/\" target=\"_self\"><i class=\"tg-icon-link\"><\/i><\/a><\/div><\/div><div class=\"tg-item-decoration\"><div class=\"triangle-down-right\" style=\"border-color:#0097c8\"><\/div><\/div><div class=\"tg-item-share-holder\"><div class=\"triangle-up-left\" style=\"border-color:rgba(22,22,22,0.65)\"><\/div><i class=\"tg-icon-reply\" style=\"color:#ffffff\"><\/i><div class=\"tg-share-icons\"><a class=\"tg-social-share tg-facebook\" href=\"https:\/\/www.facebook.com\/sharer.php?u=https%3A%2F%2Ffonds-risq.qc.ca%2Fen%2Fentreprise%2Ffestivals-et-evenements-quebec%2F&#038;t=Festivals%20et%20%C3%A9v%C3%A9nements%20Qu%C3%A9bec\"><i class=\"tg-icon-facebook\"><\/i><\/a><a class=\"tg-social-share tg-twitter\" href=\"https:\/\/twitter.com\/share?url=https%3A%2F%2Ffonds-risq.qc.ca%2Fen%2Fentreprise%2Ffestivals-et-evenements-quebec%2F&#038;text=Festivals%20et%20%C3%A9v%C3%A9nements%20Qu%C3%A9bec\"><i class=\"tg-icon-twitter\"><\/i><\/a><a class=\"tg-social-share tg-google-plus\" href=\"https:\/\/plus.google.com\/share?url=https%3A%2F%2Ffonds-risq.qc.ca%2Fen%2Fentreprise%2Ffestivals-et-evenements-quebec%2F\"><i class=\"tg-icon-google-plus\"><\/i><\/a><a class=\"tg-social-share tg-pinterest\" href=\"https:\/\/pinterest.com\/pin\/create\/button\/?url=https%3A%2F%2Ffonds-risq.qc.ca%2Fen%2Fentreprise%2Ffestivals-et-evenements-quebec%2F&#038;description=Festivals%20et%20%C3%A9v%C3%A9nements%20Qu%C3%A9bec&#038;media=https%3A%2F%2Ffonds-risq.qc.ca%2Fwp-content%2Fuploads%2F2017%2F02%2FLogo-1.jpg\"><i class=\"tg-icon-pinterest\"><\/i><\/a><\/div><\/div><\/div><div class=\"tg-item-content-holder tg-light image-format\" style=\"background-color:#0097c8\"><span class=\"tg-item-date\">22 February 2017<\/span><h2 class=\"tg-item-title\"><a href=\"https:\/\/fonds-risq.qc.ca\/en\/entreprise\/festivals-et-evenements-quebec\/\" target=\"_self\">Festivals et \u00e9v\u00e9nements Qu\u00e9bec<\/a><\/h2><span class=\"tg-cats-holder\"><a class=\"filtres_des_entreprises\" href=\"https:\/\/fonds-risq.qc.ca\/en\/filtres_des_entreprises\/2016-en\/\" rel=\"category\" data-term-id=\"224\"><span class=\"tg-item-term\" >2016<\/span><\/a><span>, <\/span><a class=\"filtres_des_entreprises\" href=\"https:\/\/fonds-risq.qc.ca\/en\/filtres_des_entreprises\/2018-en\/\" rel=\"category\" data-term-id=\"223\"><span class=\"tg-item-term\" >2018<\/span><\/a><span>, <\/span><a class=\"filtres_des_entreprises\" href=\"https:\/\/fonds-risq.qc.ca\/en\/filtres_des_entreprises\/capitalization-loan\/\" rel=\"category\" data-term-id=\"148\"><span class=\"tg-item-term\" >Capitalization loan<\/span><\/a><span>, <\/span><a class=\"filtres_des_entreprises\" href=\"https:\/\/fonds-risq.qc.ca\/en\/filtres_des_entreprises\/leisure-tourism\/\" rel=\"category\" data-term-id=\"144\"><span class=\"tg-item-term\" >Leisure \/ Tourism<\/span><\/a><span>, <\/span><a class=\"filtres_des_entreprises\" href=\"https:\/\/fonds-risq.qc.ca\/en\/filtres_des_entreprises\/montreal-en\/\" rel=\"category\" data-term-id=\"128\"><span class=\"tg-item-term\" >Montr\u00e9al<\/span><\/a><span>, <\/span><a class=\"filtres_des_entreprises\" href=\"https:\/\/fonds-risq.qc.ca\/en\/filtres_des_entreprises\/npo\/\" rel=\"category\" data-term-id=\"150\"><span class=\"tg-item-term\" >NPO<\/span><\/a><\/span><p class=\"tg-item-excerpt\">Fond\u00e9 en 1975, Festivals et \u00c9v\u00e9nements Qu\u00e9bec (FEQ) est un organisme \u00e0 but non lucratif \u0153uvrant au sein des industries du loisir et du tourisme et ayant pour mission de regrouper les festivals et \u00e9v\u00e9nements, les promouvoir, les...<\/p><div class=\"tg-item-footer\"><a class=\"tg-item-comment\" href=\"https:\/\/fonds-risq.qc.ca\/en\/entreprise\/festivals-et-evenements-quebec\/\"  target=\"_self\">No comment<\/a><span class=\"no-ajaxy to-post-like no-liked empty-heart\" data-post-id=\"4976\" title=\"Like\"><span class=\"to-heart-icon\"><svg xmlns=\"http:\/\/www.w3.org\/2000\/svg\" version=\"1.1\" viewBox=\"0 0 64 64\"><g transform=\"translate(0, 0)\"><path stroke-width=\"6\" stroke-linecap=\"square\" stroke-miterlimit=\"10\" d=\"M1,21c0,20,31,38,31,38s31-18,31-38 c0-8.285-6-16-15-16c-8.285,0-16,5.715-16,14c0-8.285-7.715-14-16-14C7,5,1,12.715,1,21z\"><\/path><\/g><\/svg><\/span><span class=\"to-like-count\">0<\/span><\/span><\/div><\/div><\/div><\/article><!-- The Grid item #382 --><article class=\"tg-item tg-post-4979 kampala f224 f148 f151 f128 f135\" data-row=\"1\" data-col=\"1\"><div class=\"tg-item-inner\"><div class=\"tg-item-media-holder tg-light\"><div class=\"tg-item-media-inner\"><img decoding=\"async\" class=\"tg-item-image\" alt=\"\" width=\"2560\" height=\"1706\" src=\"https:\/\/fonds-risq.qc.ca\/wp-content\/uploads\/2017\/02\/TempsLibre_1444_RThibodeau-scaled.jpg\"><\/div><div class=\"tg-center-holder\"><div class=\"tg-center-inner\"><div class=\"tg-item-overlay\"><\/div><a class=\"tg-link-button\" href=\"https:\/\/fonds-risq.qc.ca\/en\/entreprise\/cooperative-de-solidarite-temps-libre\/\" target=\"_self\"><i class=\"tg-icon-link\"><\/i><\/a><\/div><\/div><div class=\"tg-item-decoration\"><div class=\"triangle-down-right\" style=\"border-color:#0097c8\"><\/div><\/div><div class=\"tg-item-share-holder\"><div class=\"triangle-up-left\" style=\"border-color:rgba(22,22,22,0.65)\"><\/div><i class=\"tg-icon-reply\" style=\"color:#ffffff\"><\/i><div class=\"tg-share-icons\"><a class=\"tg-social-share tg-facebook\" href=\"https:\/\/www.facebook.com\/sharer.php?u=https%3A%2F%2Ffonds-risq.qc.ca%2Fen%2Fentreprise%2Fcooperative-de-solidarite-temps-libre%2F&#038;t=Coop%C3%A9rative%20de%20solidarit%C3%A9%20Temps%20Libre\"><i class=\"tg-icon-facebook\"><\/i><\/a><a class=\"tg-social-share tg-twitter\" href=\"https:\/\/twitter.com\/share?url=https%3A%2F%2Ffonds-risq.qc.ca%2Fen%2Fentreprise%2Fcooperative-de-solidarite-temps-libre%2F&#038;text=Coop%C3%A9rative%20de%20solidarit%C3%A9%20Temps%20Libre\"><i class=\"tg-icon-twitter\"><\/i><\/a><a class=\"tg-social-share tg-google-plus\" href=\"https:\/\/plus.google.com\/share?url=https%3A%2F%2Ffonds-risq.qc.ca%2Fen%2Fentreprise%2Fcooperative-de-solidarite-temps-libre%2F\"><i class=\"tg-icon-google-plus\"><\/i><\/a><a class=\"tg-social-share tg-pinterest\" href=\"https:\/\/pinterest.com\/pin\/create\/button\/?url=https%3A%2F%2Ffonds-risq.qc.ca%2Fen%2Fentreprise%2Fcooperative-de-solidarite-temps-libre%2F&#038;description=Coop%C3%A9rative%20de%20solidarit%C3%A9%20Temps%20Libre&#038;media=https%3A%2F%2Ffonds-risq.qc.ca%2Fwp-content%2Fuploads%2F2017%2F02%2FTempsLibre_1444_RThibodeau-scaled.jpg\"><i class=\"tg-icon-pinterest\"><\/i><\/a><\/div><\/div><\/div><div class=\"tg-item-content-holder tg-light image-format\" style=\"background-color:#0097c8\"><span class=\"tg-item-date\">22 February 2017<\/span><h2 class=\"tg-item-title\"><a href=\"https:\/\/fonds-risq.qc.ca\/en\/entreprise\/cooperative-de-solidarite-temps-libre\/\" target=\"_self\">Coop\u00e9rative de solidarit\u00e9 Temps Libre<\/a><\/h2><span class=\"tg-cats-holder\"><a class=\"filtres_des_entreprises\" href=\"https:\/\/fonds-risq.qc.ca\/en\/filtres_des_entreprises\/2016-en\/\" rel=\"category\" data-term-id=\"224\"><span class=\"tg-item-term\" >2016<\/span><\/a><span>, <\/span><a class=\"filtres_des_entreprises\" href=\"https:\/\/fonds-risq.qc.ca\/en\/filtres_des_entreprises\/capitalization-loan\/\" rel=\"category\" data-term-id=\"148\"><span class=\"tg-item-term\" >Capitalization loan<\/span><\/a><span>, <\/span><a class=\"filtres_des_entreprises\" href=\"https:\/\/fonds-risq.qc.ca\/en\/filtres_des_entreprises\/coop-en\/\" rel=\"category\" data-term-id=\"151\"><span class=\"tg-item-term\" >COOP<\/span><\/a><span>, <\/span><a class=\"filtres_des_entreprises\" href=\"https:\/\/fonds-risq.qc.ca\/en\/filtres_des_entreprises\/montreal-en\/\" rel=\"category\" data-term-id=\"128\"><span class=\"tg-item-term\" >Montr\u00e9al<\/span><\/a><span>, <\/span><a class=\"filtres_des_entreprises\" href=\"https:\/\/fonds-risq.qc.ca\/en\/filtres_des_entreprises\/services-en\/\" rel=\"category\" data-term-id=\"135\"><span class=\"tg-item-term\" >Services<\/span><\/a><\/span><p class=\"tg-item-excerpt\">Fond\u00e9e en 2015 par des organisations passionn\u00e9es par le d\u00e9veloppement territorial et social, la Coop\u00e9rative de solidarit\u00e9 Temps libre est une structure collective de d\u00e9veloppement immobilier con\u00e7ue pour cr\u00e9er des espaces ouverts,...<\/p><div class=\"tg-item-footer\"><a class=\"tg-item-comment\" href=\"https:\/\/fonds-risq.qc.ca\/en\/entreprise\/cooperative-de-solidarite-temps-libre\/\"  target=\"_self\">No comment<\/a><span class=\"no-ajaxy to-post-like no-liked empty-heart\" data-post-id=\"4979\" title=\"Like\"><span class=\"to-heart-icon\"><svg xmlns=\"http:\/\/www.w3.org\/2000\/svg\" version=\"1.1\" viewBox=\"0 0 64 64\"><g transform=\"translate(0, 0)\"><path stroke-width=\"6\" stroke-linecap=\"square\" stroke-miterlimit=\"10\" d=\"M1,21c0,20,31,38,31,38s31-18,31-38 c0-8.285-6-16-15-16c-8.285,0-16,5.715-16,14c0-8.285-7.715-14-16-14C7,5,1,12.715,1,21z\"><\/path><\/g><\/svg><\/span><span class=\"to-like-count\">0<\/span><\/span><\/div><\/div><\/div><\/article><!-- The Grid item #383 --><article class=\"tg-item tg-post-5034 kampala f224 f130 f151 f154 f146\" data-row=\"1\" data-col=\"1\"><div class=\"tg-item-inner\"><div class=\"tg-item-media-holder tg-light\"><div class=\"tg-item-media-inner\"><img decoding=\"async\" class=\"tg-item-image\" alt=\"\" width=\"400\" height=\"300\" src=\"https:\/\/fonds-risq.qc.ca\/wp-content\/uploads\/2017\/02\/logo-1.png\"><\/div><div class=\"tg-center-holder\"><div class=\"tg-center-inner\"><div class=\"tg-item-overlay\"><\/div><a class=\"tg-link-button\" href=\"https:\/\/fonds-risq.qc.ca\/en\/entreprise\/bleu-ouvert\/\" target=\"_self\"><i class=\"tg-icon-link\"><\/i><\/a><\/div><\/div><div class=\"tg-item-decoration\"><div class=\"triangle-down-right\" style=\"border-color:#b7c634\"><\/div><\/div><div class=\"tg-item-share-holder\"><div class=\"triangle-up-left\" style=\"border-color:rgba(22,22,22,0.65)\"><\/div><i class=\"tg-icon-reply\" style=\"color:#ffffff\"><\/i><div class=\"tg-share-icons\"><a class=\"tg-social-share tg-facebook\" href=\"https:\/\/www.facebook.com\/sharer.php?u=https%3A%2F%2Ffonds-risq.qc.ca%2Fen%2Fentreprise%2Fbleu-ouvert%2F&#038;t=Bleu%20ouvert\"><i class=\"tg-icon-facebook\"><\/i><\/a><a class=\"tg-social-share tg-twitter\" href=\"https:\/\/twitter.com\/share?url=https%3A%2F%2Ffonds-risq.qc.ca%2Fen%2Fentreprise%2Fbleu-ouvert%2F&#038;text=Bleu%20ouvert\"><i class=\"tg-icon-twitter\"><\/i><\/a><a class=\"tg-social-share tg-google-plus\" href=\"https:\/\/plus.google.com\/share?url=https%3A%2F%2Ffonds-risq.qc.ca%2Fen%2Fentreprise%2Fbleu-ouvert%2F\"><i class=\"tg-icon-google-plus\"><\/i><\/a><a class=\"tg-social-share tg-pinterest\" href=\"https:\/\/pinterest.com\/pin\/create\/button\/?url=https%3A%2F%2Ffonds-risq.qc.ca%2Fen%2Fentreprise%2Fbleu-ouvert%2F&#038;description=Bleu%20ouvert&#038;media=https%3A%2F%2Ffonds-risq.qc.ca%2Fwp-content%2Fuploads%2F2017%2F02%2Flogo-1.png\"><i class=\"tg-icon-pinterest\"><\/i><\/a><\/div><\/div><\/div><div class=\"tg-item-content-holder tg-light image-format\" style=\"background-color:#b7c634\"><span class=\"tg-item-date\">17 February 2017<\/span><h2 class=\"tg-item-title\"><a href=\"https:\/\/fonds-risq.qc.ca\/en\/entreprise\/bleu-ouvert\/\" target=\"_self\">Bleu ouvert<\/a><\/h2><span class=\"tg-cats-holder\"><a class=\"filtres_des_entreprises\" href=\"https:\/\/fonds-risq.qc.ca\/en\/filtres_des_entreprises\/2016-en\/\" rel=\"category\" data-term-id=\"224\"><span class=\"tg-item-term\" >2016<\/span><\/a><span>, <\/span><a class=\"filtres_des_entreprises\" href=\"https:\/\/fonds-risq.qc.ca\/en\/filtres_des_entreprises\/capitale-nationale-en\/\" rel=\"category\" data-term-id=\"130\"><span class=\"tg-item-term\" >Capitale-Nationale<\/span><\/a><span>, <\/span><a class=\"filtres_des_entreprises\" href=\"https:\/\/fonds-risq.qc.ca\/en\/filtres_des_entreprises\/coop-en\/\" rel=\"category\" data-term-id=\"151\"><span class=\"tg-item-term\" >COOP<\/span><\/a><span>, <\/span><a class=\"filtres_des_entreprises\" href=\"https:\/\/fonds-risq.qc.ca\/en\/filtres_des_entreprises\/new-information-technologies\/\" rel=\"category\" data-term-id=\"154\"><span class=\"tg-item-term\" >New information technologies<\/span><\/a><span>, <\/span><a class=\"filtres_des_entreprises\" href=\"https:\/\/fonds-risq.qc.ca\/en\/filtres_des_entreprises\/pret-pour-aide-technique-en\/\" rel=\"category\" data-term-id=\"146\"><span class=\"tg-item-term\" >Technical assistance loan<\/span><\/a><\/span><p class=\"tg-item-excerpt\">La coop\u00e9rative Bleu Ouvert privil\u00e9gie la r\u00e9utilisation d\u2019une solution existante ou la mise en commun d\u2019une solution avec plusieurs partenaires pour ainsi procurer un effet de levier \u00e0 la petite entreprise ou l\u2019OBNL, qui seule, n\u2019aurait...<\/p><div class=\"tg-item-footer\"><a class=\"tg-item-comment\" href=\"https:\/\/fonds-risq.qc.ca\/en\/entreprise\/bleu-ouvert\/\"  target=\"_self\">No comment<\/a><span class=\"no-ajaxy to-post-like no-liked empty-heart\" data-post-id=\"5034\" title=\"Like\"><span class=\"to-heart-icon\"><svg xmlns=\"http:\/\/www.w3.org\/2000\/svg\" version=\"1.1\" viewBox=\"0 0 64 64\"><g transform=\"translate(0, 0)\"><path stroke-width=\"6\" stroke-linecap=\"square\" stroke-miterlimit=\"10\" d=\"M1,21c0,20,31,38,31,38s31-18,31-38 c0-8.285-6-16-15-16c-8.285,0-16,5.715-16,14c0-8.285-7.715-14-16-14C7,5,1,12.715,1,21z\"><\/path><\/g><\/svg><\/span><span class=\"to-like-count\">0<\/span><\/span><\/div><\/div><\/div><\/article><!-- The Grid item #384 --><article class=\"tg-item tg-post-5036 kampala f224 f152 f150 f153 f160 f146\" data-row=\"1\" data-col=\"1\"><div class=\"tg-item-inner\"><div class=\"tg-item-media-holder tg-light\"><div class=\"tg-item-media-inner\"><img decoding=\"async\" class=\"tg-item-image\" alt=\"\" width=\"808\" height=\"606\" src=\"https:\/\/fonds-risq.qc.ca\/wp-content\/uploads\/2017\/02\/Cueillette.png\"><\/div><div class=\"tg-center-holder\"><div class=\"tg-center-inner\"><div class=\"tg-item-overlay\"><\/div><a class=\"tg-link-button\" href=\"https:\/\/fonds-risq.qc.ca\/en\/entreprise\/ressourcerie-bellechasse-inc\/\" target=\"_self\"><i class=\"tg-icon-link\"><\/i><\/a><\/div><\/div><div class=\"tg-item-decoration\"><div class=\"triangle-down-right\" style=\"border-color:#b7c634\"><\/div><\/div><div class=\"tg-item-share-holder\"><div class=\"triangle-up-left\" style=\"border-color:rgba(22,22,22,0.65)\"><\/div><i class=\"tg-icon-reply\" style=\"color:#ffffff\"><\/i><div class=\"tg-share-icons\"><a class=\"tg-social-share tg-facebook\" href=\"https:\/\/www.facebook.com\/sharer.php?u=https%3A%2F%2Ffonds-risq.qc.ca%2Fen%2Fentreprise%2Fressourcerie-bellechasse-inc%2F&#038;t=Ressourcerie%20Bellechasse%20inc.\"><i class=\"tg-icon-facebook\"><\/i><\/a><a class=\"tg-social-share tg-twitter\" href=\"https:\/\/twitter.com\/share?url=https%3A%2F%2Ffonds-risq.qc.ca%2Fen%2Fentreprise%2Fressourcerie-bellechasse-inc%2F&#038;text=Ressourcerie%20Bellechasse%20inc.\"><i class=\"tg-icon-twitter\"><\/i><\/a><a class=\"tg-social-share tg-google-plus\" href=\"https:\/\/plus.google.com\/share?url=https%3A%2F%2Ffonds-risq.qc.ca%2Fen%2Fentreprise%2Fressourcerie-bellechasse-inc%2F\"><i class=\"tg-icon-google-plus\"><\/i><\/a><a class=\"tg-social-share tg-pinterest\" href=\"https:\/\/pinterest.com\/pin\/create\/button\/?url=https%3A%2F%2Ffonds-risq.qc.ca%2Fen%2Fentreprise%2Fressourcerie-bellechasse-inc%2F&#038;description=Ressourcerie%20Bellechasse%20inc.&#038;media=https%3A%2F%2Ffonds-risq.qc.ca%2Fwp-content%2Fuploads%2F2017%2F02%2FCueillette.png\"><i class=\"tg-icon-pinterest\"><\/i><\/a><\/div><\/div><\/div><div class=\"tg-item-content-holder tg-light image-format\" style=\"background-color:#b7c634\"><span class=\"tg-item-date\">16 February 2017<\/span><h2 class=\"tg-item-title\"><a href=\"https:\/\/fonds-risq.qc.ca\/en\/entreprise\/ressourcerie-bellechasse-inc\/\" target=\"_self\">Ressourcerie Bellechasse inc.<\/a><\/h2><span class=\"tg-cats-holder\"><a class=\"filtres_des_entreprises\" href=\"https:\/\/fonds-risq.qc.ca\/en\/filtres_des_entreprises\/2016-en\/\" rel=\"category\" data-term-id=\"224\"><span class=\"tg-item-term\" >2016<\/span><\/a><span>, <\/span><a class=\"filtres_des_entreprises\" href=\"https:\/\/fonds-risq.qc.ca\/en\/filtres_des_entreprises\/chaudiere-appalaches-en\/\" rel=\"category\" data-term-id=\"152\"><span class=\"tg-item-term\" >Chaudi\u00e8re-Appalaches<\/span><\/a><span>, <\/span><a class=\"filtres_des_entreprises\" href=\"https:\/\/fonds-risq.qc.ca\/en\/filtres_des_entreprises\/npo\/\" rel=\"category\" data-term-id=\"150\"><span class=\"tg-item-term\" >NPO<\/span><\/a><span>, <\/span><a class=\"filtres_des_entreprises\" href=\"https:\/\/fonds-risq.qc.ca\/en\/filtres_des_entreprises\/recycling\/\" rel=\"category\" data-term-id=\"153\"><span class=\"tg-item-term\" >Recycling<\/span><\/a><span>, <\/span><a class=\"filtres_des_entreprises\" href=\"https:\/\/fonds-risq.qc.ca\/en\/filtres_des_entreprises\/ressourcerie-en\/\" rel=\"category\" data-term-id=\"160\"><span class=\"tg-item-term\" >Ressourcerie<\/span><\/a><span>, <\/span><a class=\"filtres_des_entreprises\" href=\"https:\/\/fonds-risq.qc.ca\/en\/filtres_des_entreprises\/pret-pour-aide-technique-en\/\" rel=\"category\" data-term-id=\"146\"><span class=\"tg-item-term\" >Technical assistance loan<\/span><\/a><\/span><p class=\"tg-item-excerpt\">La Ressourcerie Bellechasse a \u00e9t\u00e9 incorpor\u00e9e en tant qu\u2019organisme sans but lucratif en juillet 2000. Sa mission \u00e9conomique consiste \u00e0 recueillir les encombrants aupr\u00e8s des populations des MRC de Bellechasse et des Etchemins, de...<\/p><div class=\"tg-item-footer\"><a class=\"tg-item-comment\" href=\"https:\/\/fonds-risq.qc.ca\/en\/entreprise\/ressourcerie-bellechasse-inc\/\"  target=\"_self\">No comment<\/a><span class=\"no-ajaxy to-post-like no-liked empty-heart\" data-post-id=\"5036\" title=\"Like\"><span class=\"to-heart-icon\"><svg xmlns=\"http:\/\/www.w3.org\/2000\/svg\" version=\"1.1\" viewBox=\"0 0 64 64\"><g transform=\"translate(0, 0)\"><path stroke-width=\"6\" stroke-linecap=\"square\" stroke-miterlimit=\"10\" d=\"M1,21c0,20,31,38,31,38s31-18,31-38 c0-8.285-6-16-15-16c-8.285,0-16,5.715-16,14c0-8.285-7.715-14-16-14C7,5,1,12.715,1,21z\"><\/path><\/g><\/svg><\/span><span class=\"to-like-count\">0<\/span><\/span><\/div><\/div><\/div><\/article><!-- The Grid item #385 --><article class=\"tg-item tg-post-5039 kampala f221 f134 f148 f133 f150\" data-row=\"1\" data-col=\"1\"><div class=\"tg-item-inner\"><div class=\"tg-item-media-holder tg-light\"><div class=\"tg-item-media-inner\"><img decoding=\"async\" class=\"tg-item-image\" alt=\"\" width=\"432\" height=\"288\" src=\"https:\/\/fonds-risq.qc.ca\/wp-content\/uploads\/2017\/02\/2016-10-16_Le_Zenith-14-David-Kirouac-modifi\u00e9e.jpg\"><\/div><div class=\"tg-center-holder\"><div class=\"tg-center-inner\"><div class=\"tg-item-overlay\"><\/div><a class=\"tg-link-button\" href=\"https:\/\/fonds-risq.qc.ca\/en\/entreprise\/1525\/\" target=\"_self\"><i class=\"tg-icon-link\"><\/i><\/a><\/div><\/div><div class=\"tg-item-decoration\"><div class=\"triangle-down-right\" style=\"border-color:#0097c8\"><\/div><\/div><div class=\"tg-item-share-holder\"><div class=\"triangle-up-left\" style=\"border-color:rgba(22,22,22,0.65)\"><\/div><i class=\"tg-icon-reply\" style=\"color:#ffffff\"><\/i><div class=\"tg-share-icons\"><a class=\"tg-social-share tg-facebook\" href=\"https:\/\/www.facebook.com\/sharer.php?u=https%3A%2F%2Ffonds-risq.qc.ca%2Fen%2Fentreprise%2F1525%2F&#038;t=Le%20Z%C3%A9nith\"><i class=\"tg-icon-facebook\"><\/i><\/a><a class=\"tg-social-share tg-twitter\" href=\"https:\/\/twitter.com\/share?url=https%3A%2F%2Ffonds-risq.qc.ca%2Fen%2Fentreprise%2F1525%2F&#038;text=Le%20Z%C3%A9nith\"><i class=\"tg-icon-twitter\"><\/i><\/a><a class=\"tg-social-share tg-google-plus\" href=\"https:\/\/plus.google.com\/share?url=https%3A%2F%2Ffonds-risq.qc.ca%2Fen%2Fentreprise%2F1525%2F\"><i class=\"tg-icon-google-plus\"><\/i><\/a><a class=\"tg-social-share tg-pinterest\" href=\"https:\/\/pinterest.com\/pin\/create\/button\/?url=https%3A%2F%2Ffonds-risq.qc.ca%2Fen%2Fentreprise%2F1525%2F&#038;description=Le%20Z%C3%A9nith&#038;media=https%3A%2F%2Ffonds-risq.qc.ca%2Fwp-content%2Fuploads%2F2017%2F02%2F2016-10-16_Le_Zenith-14-David-Kirouac-modifi%C3%A9e.jpg\"><i class=\"tg-icon-pinterest\"><\/i><\/a><\/div><\/div><\/div><div class=\"tg-item-content-holder tg-light image-format\" style=\"background-color:#0097c8\"><span class=\"tg-item-date\">16 February 2017<\/span><h2 class=\"tg-item-title\"><a href=\"https:\/\/fonds-risq.qc.ca\/en\/entreprise\/1525\/\" target=\"_self\">Le Z\u00e9nith<\/a><\/h2><span class=\"tg-cats-holder\"><a class=\"filtres_des_entreprises\" href=\"https:\/\/fonds-risq.qc.ca\/en\/filtres_des_entreprises\/2015-en\/\" rel=\"category\" data-term-id=\"221\"><span class=\"tg-item-term\" >2015<\/span><\/a><span>, <\/span><a class=\"filtres_des_entreprises\" href=\"https:\/\/fonds-risq.qc.ca\/en\/filtres_des_entreprises\/arts-and-culture\/\" rel=\"category\" data-term-id=\"134\"><span class=\"tg-item-term\" >Arts and culture<\/span><\/a><span>, <\/span><a class=\"filtres_des_entreprises\" href=\"https:\/\/fonds-risq.qc.ca\/en\/filtres_des_entreprises\/capitalization-loan\/\" rel=\"category\" data-term-id=\"148\"><span class=\"tg-item-term\" >Capitalization loan<\/span><\/a><span>, <\/span><a class=\"filtres_des_entreprises\" href=\"https:\/\/fonds-risq.qc.ca\/en\/filtres_des_entreprises\/laurentides-en\/\" rel=\"category\" data-term-id=\"133\"><span class=\"tg-item-term\" >Laurentides<\/span><\/a><span>, <\/span><a class=\"filtres_des_entreprises\" href=\"https:\/\/fonds-risq.qc.ca\/en\/filtres_des_entreprises\/npo\/\" rel=\"category\" data-term-id=\"150\"><span class=\"tg-item-term\" >NPO<\/span><\/a><\/span><p class=\"tg-item-excerpt\">Fruit d\u2019une collaboration entre La Tribu et l\u2019\u00e9quipe du Cin\u00e9ma Saint-Eustache, Le Z\u00e9nith est un th\u00e9\u00e2tre d\u2019envergure de 712 places situ\u00e9 dans l\u2019enceinte du cin\u00e9ma Saint-Eustache qui a vu le jour en ao\u00fbt 2015. Cette salle moderne,...<\/p><div class=\"tg-item-footer\"><a class=\"tg-item-comment\" href=\"https:\/\/fonds-risq.qc.ca\/en\/entreprise\/1525\/\"  target=\"_self\">No comment<\/a><span class=\"no-ajaxy to-post-like no-liked empty-heart\" data-post-id=\"5039\" title=\"Like\"><span class=\"to-heart-icon\"><svg xmlns=\"http:\/\/www.w3.org\/2000\/svg\" version=\"1.1\" viewBox=\"0 0 64 64\"><g transform=\"translate(0, 0)\"><path stroke-width=\"6\" stroke-linecap=\"square\" stroke-miterlimit=\"10\" d=\"M1,21c0,20,31,38,31,38s31-18,31-38 c0-8.285-6-16-15-16c-8.285,0-16,5.715-16,14c0-8.285-7.715-14-16-14C7,5,1,12.715,1,21z\"><\/path><\/g><\/svg><\/span><span class=\"to-like-count\">0<\/span><\/span><\/div><\/div><\/div><\/article><!-- The Grid item #386 --><article class=\"tg-item tg-post-5042 kampala f221 f131 f148 f151 f138\" data-row=\"1\" data-col=\"1\"><div class=\"tg-item-inner\"><div class=\"tg-item-media-holder tg-light\"><div class=\"tg-item-media-inner\"><img decoding=\"async\" class=\"tg-item-image\" alt=\"\" width=\"876\" height=\"647\" src=\"https:\/\/fonds-risq.qc.ca\/wp-content\/uploads\/2016\/11\/logo-SEMPI.jpg\"><\/div><div class=\"tg-center-holder\"><div class=\"tg-center-inner\"><div class=\"tg-item-overlay\"><\/div><a class=\"tg-link-button\" href=\"https:\/\/fonds-risq.qc.ca\/en\/entreprise\/cooperative-de-travail-sempi\/\" target=\"_self\"><i class=\"tg-icon-link\"><\/i><\/a><\/div><\/div><div class=\"tg-item-decoration\"><div class=\"triangle-down-right\" style=\"border-color:#0097c8\"><\/div><\/div><div class=\"tg-item-share-holder\"><div class=\"triangle-up-left\" style=\"border-color:rgba(22,22,22,0.65)\"><\/div><i class=\"tg-icon-reply\" style=\"color:#ffffff\"><\/i><div class=\"tg-share-icons\"><a class=\"tg-social-share tg-facebook\" href=\"https:\/\/www.facebook.com\/sharer.php?u=https%3A%2F%2Ffonds-risq.qc.ca%2Fen%2Fentreprise%2Fcooperative-de-travail-sempi%2F&#038;t=Coop%C3%A9rative%20de%20travail%20SEMPI\"><i class=\"tg-icon-facebook\"><\/i><\/a><a class=\"tg-social-share tg-twitter\" href=\"https:\/\/twitter.com\/share?url=https%3A%2F%2Ffonds-risq.qc.ca%2Fen%2Fentreprise%2Fcooperative-de-travail-sempi%2F&#038;text=Coop%C3%A9rative%20de%20travail%20SEMPI\"><i class=\"tg-icon-twitter\"><\/i><\/a><a class=\"tg-social-share tg-google-plus\" href=\"https:\/\/plus.google.com\/share?url=https%3A%2F%2Ffonds-risq.qc.ca%2Fen%2Fentreprise%2Fcooperative-de-travail-sempi%2F\"><i class=\"tg-icon-google-plus\"><\/i><\/a><a class=\"tg-social-share tg-pinterest\" href=\"https:\/\/pinterest.com\/pin\/create\/button\/?url=https%3A%2F%2Ffonds-risq.qc.ca%2Fen%2Fentreprise%2Fcooperative-de-travail-sempi%2F&#038;description=Coop%C3%A9rative%20de%20travail%20SEMPI&#038;media=https%3A%2F%2Ffonds-risq.qc.ca%2Fwp-content%2Fuploads%2F2016%2F11%2Flogo-SEMPI.jpg\"><i class=\"tg-icon-pinterest\"><\/i><\/a><\/div><\/div><\/div><div class=\"tg-item-content-holder tg-light image-format\" style=\"background-color:#0097c8\"><span class=\"tg-item-date\">16 February 2017<\/span><h2 class=\"tg-item-title\"><a href=\"https:\/\/fonds-risq.qc.ca\/en\/entreprise\/cooperative-de-travail-sempi\/\" target=\"_self\">Coop\u00e9rative de travail SEMPI<\/a><\/h2><span class=\"tg-cats-holder\"><a class=\"filtres_des_entreprises\" href=\"https:\/\/fonds-risq.qc.ca\/en\/filtres_des_entreprises\/2015-en\/\" rel=\"category\" data-term-id=\"221\"><span class=\"tg-item-term\" >2015<\/span><\/a><span>, <\/span><a class=\"filtres_des_entreprises\" href=\"https:\/\/fonds-risq.qc.ca\/en\/filtres_des_entreprises\/bas-saint-laurent-en\/\" rel=\"category\" data-term-id=\"131\"><span class=\"tg-item-term\" >Bas-Saint-Laurent<\/span><\/a><span>, <\/span><a class=\"filtres_des_entreprises\" href=\"https:\/\/fonds-risq.qc.ca\/en\/filtres_des_entreprises\/capitalization-loan\/\" rel=\"category\" data-term-id=\"148\"><span class=\"tg-item-term\" >Capitalization loan<\/span><\/a><span>, <\/span><a class=\"filtres_des_entreprises\" href=\"https:\/\/fonds-risq.qc.ca\/en\/filtres_des_entreprises\/coop-en\/\" rel=\"category\" data-term-id=\"151\"><span class=\"tg-item-term\" >COOP<\/span><\/a><span>, <\/span><a class=\"filtres_des_entreprises\" href=\"https:\/\/fonds-risq.qc.ca\/en\/filtres_des_entreprises\/housekeeping\/\" rel=\"category\" data-term-id=\"138\"><span class=\"tg-item-term\" >Housekeeping<\/span><\/a><\/span><p class=\"tg-item-excerpt\">L'entreprise existe depuis 1996 et est devenue coop\u00e9rative en 2002. Service d'entretien m\u00e9nager d'\u00e9difices publics, industriels et commerciaux....<\/p><div class=\"tg-item-footer\"><a class=\"tg-item-comment\" href=\"https:\/\/fonds-risq.qc.ca\/en\/entreprise\/cooperative-de-travail-sempi\/\"  target=\"_self\">No comment<\/a><span class=\"no-ajaxy to-post-like no-liked empty-heart\" data-post-id=\"5042\" title=\"Like\"><span class=\"to-heart-icon\"><svg xmlns=\"http:\/\/www.w3.org\/2000\/svg\" version=\"1.1\" viewBox=\"0 0 64 64\"><g transform=\"translate(0, 0)\"><path stroke-width=\"6\" stroke-linecap=\"square\" stroke-miterlimit=\"10\" d=\"M1,21c0,20,31,38,31,38s31-18,31-38 c0-8.285-6-16-15-16c-8.285,0-16,5.715-16,14c0-8.285-7.715-14-16-14C7,5,1,12.715,1,21z\"><\/path><\/g><\/svg><\/span><span class=\"to-like-count\">0<\/span><\/span><\/div><\/div><\/div><\/article><!-- The Grid item #387 --><article class=\"tg-item tg-post-5045 kampala f221 f134 f148 f128 f150\" data-row=\"1\" data-col=\"1\"><div class=\"tg-item-inner\"><div class=\"tg-item-media-holder tg-light\"><div class=\"tg-item-media-inner\"><img decoding=\"async\" class=\"tg-item-image\" alt=\"\" width=\"2560\" height=\"1707\" src=\"https:\/\/fonds-risq.qc.ca\/wp-content\/uploads\/2017\/02\/Boogat-2-scaled.jpg\"><\/div><div class=\"tg-center-holder\"><div class=\"tg-center-inner\"><div class=\"tg-item-overlay\"><\/div><a class=\"tg-link-button\" href=\"https:\/\/fonds-risq.qc.ca\/en\/entreprise\/tohu\/\" target=\"_self\"><i class=\"tg-icon-link\"><\/i><\/a><\/div><\/div><div class=\"tg-item-decoration\"><div class=\"triangle-down-right\" style=\"border-color:#0097c8\"><\/div><\/div><div class=\"tg-item-share-holder\"><div class=\"triangle-up-left\" style=\"border-color:rgba(22,22,22,0.65)\"><\/div><i class=\"tg-icon-reply\" style=\"color:#ffffff\"><\/i><div class=\"tg-share-icons\"><a class=\"tg-social-share tg-facebook\" href=\"https:\/\/www.facebook.com\/sharer.php?u=https%3A%2F%2Ffonds-risq.qc.ca%2Fen%2Fentreprise%2Ftohu%2F&#038;t=TOHU\"><i class=\"tg-icon-facebook\"><\/i><\/a><a class=\"tg-social-share tg-twitter\" href=\"https:\/\/twitter.com\/share?url=https%3A%2F%2Ffonds-risq.qc.ca%2Fen%2Fentreprise%2Ftohu%2F&#038;text=TOHU\"><i class=\"tg-icon-twitter\"><\/i><\/a><a class=\"tg-social-share tg-google-plus\" href=\"https:\/\/plus.google.com\/share?url=https%3A%2F%2Ffonds-risq.qc.ca%2Fen%2Fentreprise%2Ftohu%2F\"><i class=\"tg-icon-google-plus\"><\/i><\/a><a class=\"tg-social-share tg-pinterest\" href=\"https:\/\/pinterest.com\/pin\/create\/button\/?url=https%3A%2F%2Ffonds-risq.qc.ca%2Fen%2Fentreprise%2Ftohu%2F&#038;description=TOHU&#038;media=https%3A%2F%2Ffonds-risq.qc.ca%2Fwp-content%2Fuploads%2F2017%2F02%2FBoogat-2-scaled.jpg\"><i class=\"tg-icon-pinterest\"><\/i><\/a><\/div><\/div><\/div><div class=\"tg-item-content-holder tg-light image-format\" style=\"background-color:#0097c8\"><span class=\"tg-item-date\">16 February 2017<\/span><h2 class=\"tg-item-title\"><a href=\"https:\/\/fonds-risq.qc.ca\/en\/entreprise\/tohu\/\" target=\"_self\">TOHU<\/a><\/h2><span class=\"tg-cats-holder\"><a class=\"filtres_des_entreprises\" href=\"https:\/\/fonds-risq.qc.ca\/en\/filtres_des_entreprises\/2015-en\/\" rel=\"category\" data-term-id=\"221\"><span class=\"tg-item-term\" >2015<\/span><\/a><span>, <\/span><a class=\"filtres_des_entreprises\" href=\"https:\/\/fonds-risq.qc.ca\/en\/filtres_des_entreprises\/arts-and-culture\/\" rel=\"category\" data-term-id=\"134\"><span class=\"tg-item-term\" >Arts and culture<\/span><\/a><span>, <\/span><a class=\"filtres_des_entreprises\" href=\"https:\/\/fonds-risq.qc.ca\/en\/filtres_des_entreprises\/capitalization-loan\/\" rel=\"category\" data-term-id=\"148\"><span class=\"tg-item-term\" >Capitalization loan<\/span><\/a><span>, <\/span><a class=\"filtres_des_entreprises\" href=\"https:\/\/fonds-risq.qc.ca\/en\/filtres_des_entreprises\/montreal-en\/\" rel=\"category\" data-term-id=\"128\"><span class=\"tg-item-term\" >Montr\u00e9al<\/span><\/a><span>, <\/span><a class=\"filtres_des_entreprises\" href=\"https:\/\/fonds-risq.qc.ca\/en\/filtres_des_entreprises\/npo\/\" rel=\"category\" data-term-id=\"150\"><span class=\"tg-item-term\" >NPO<\/span><\/a><\/span><p class=\"tg-item-excerpt\">La TOHU se veut le lieu par excellence de cr\u00e9ation, diffusion, exp\u00e9rimentation et convergence entre arts du cirque, environnement et engagement communautaire en Am\u00e9rique du Nord....<\/p><div class=\"tg-item-footer\"><a class=\"tg-item-comment\" href=\"https:\/\/fonds-risq.qc.ca\/en\/entreprise\/tohu\/\"  target=\"_self\">No comment<\/a><span class=\"no-ajaxy to-post-like no-liked empty-heart\" data-post-id=\"5045\" title=\"Like\"><span class=\"to-heart-icon\"><svg xmlns=\"http:\/\/www.w3.org\/2000\/svg\" version=\"1.1\" viewBox=\"0 0 64 64\"><g transform=\"translate(0, 0)\"><path stroke-width=\"6\" stroke-linecap=\"square\" stroke-miterlimit=\"10\" d=\"M1,21c0,20,31,38,31,38s31-18,31-38 c0-8.285-6-16-15-16c-8.285,0-16,5.715-16,14c0-8.285-7.715-14-16-14C7,5,1,12.715,1,21z\"><\/path><\/g><\/svg><\/span><span class=\"to-like-count\">0<\/span><\/span><\/div><\/div><\/div><\/article><!-- The Grid item #388 --><article class=\"tg-item tg-post-5110 kampala f224 f151 f136 f128 f146\" data-row=\"1\" data-col=\"1\"><div class=\"tg-item-inner\"><div class=\"tg-item-media-holder tg-light\"><div class=\"tg-item-media-inner\"><img decoding=\"async\" class=\"tg-item-image\" alt=\"\" width=\"1200\" height=\"774\" src=\"https:\/\/fonds-risq.qc.ca\/wp-content\/uploads\/2017\/01\/spectacle-credit-institut-ludo.jpg\"><\/div><div class=\"tg-center-holder\"><div class=\"tg-center-inner\"><div class=\"tg-item-overlay\" style=\"background-color:#b7c634\"><\/div><a class=\"tg-link-button\" href=\"https:\/\/fonds-risq.qc.ca\/en\/entreprise\/institut-ludopedagogique-du-quebec\/\" target=\"_self\"><i class=\"tg-icon-link\"><\/i><\/a><\/div><\/div><div class=\"tg-item-decoration\"><div class=\"triangle-down-right\" style=\"border-color:#b7c634\"><\/div><\/div><div class=\"tg-item-share-holder\"><div class=\"triangle-up-left\" style=\"border-color:#b7c634\"><\/div><i class=\"tg-icon-reply\" style=\"color:#ffffff\"><\/i><div class=\"tg-share-icons\"><a class=\"tg-social-share tg-facebook\" href=\"https:\/\/www.facebook.com\/sharer.php?u=https%3A%2F%2Ffonds-risq.qc.ca%2Fen%2Fentreprise%2Finstitut-ludopedagogique-du-quebec%2F&#038;t=Institut%20Ludop%C3%A9dagogique%20du%20Qu%C3%A9bec\"><i class=\"tg-icon-facebook\"><\/i><\/a><a class=\"tg-social-share tg-twitter\" href=\"https:\/\/twitter.com\/share?url=https%3A%2F%2Ffonds-risq.qc.ca%2Fen%2Fentreprise%2Finstitut-ludopedagogique-du-quebec%2F&#038;text=Institut%20Ludop%C3%A9dagogique%20du%20Qu%C3%A9bec\"><i class=\"tg-icon-twitter\"><\/i><\/a><a class=\"tg-social-share tg-google-plus\" href=\"https:\/\/plus.google.com\/share?url=https%3A%2F%2Ffonds-risq.qc.ca%2Fen%2Fentreprise%2Finstitut-ludopedagogique-du-quebec%2F\"><i class=\"tg-icon-google-plus\"><\/i><\/a><a class=\"tg-social-share tg-pinterest\" href=\"https:\/\/pinterest.com\/pin\/create\/button\/?url=https%3A%2F%2Ffonds-risq.qc.ca%2Fen%2Fentreprise%2Finstitut-ludopedagogique-du-quebec%2F&#038;description=Institut%20Ludop%C3%A9dagogique%20du%20Qu%C3%A9bec&#038;media=https%3A%2F%2Ffonds-risq.qc.ca%2Fwp-content%2Fuploads%2F2017%2F01%2Fspectacle-credit-institut-ludo.jpg\"><i class=\"tg-icon-pinterest\"><\/i><\/a><\/div><\/div><\/div><div class=\"tg-item-content-holder tg-light image-format\" style=\"background-color:#b7c634\"><span class=\"tg-item-date\">20 January 2017<\/span><h2 class=\"tg-item-title\"><a href=\"https:\/\/fonds-risq.qc.ca\/en\/entreprise\/institut-ludopedagogique-du-quebec\/\" target=\"_self\">Institut Ludop\u00e9dagogique du Qu\u00e9bec<\/a><\/h2><span class=\"tg-cats-holder\"><a class=\"filtres_des_entreprises\" href=\"https:\/\/fonds-risq.qc.ca\/en\/filtres_des_entreprises\/2016-en\/\" rel=\"category\" data-term-id=\"224\"><span class=\"tg-item-term\" >2016<\/span><\/a><span>, <\/span><a class=\"filtres_des_entreprises\" href=\"https:\/\/fonds-risq.qc.ca\/en\/filtres_des_entreprises\/coop-en\/\" rel=\"category\" data-term-id=\"151\"><span class=\"tg-item-term\" >COOP<\/span><\/a><span>, <\/span><a class=\"filtres_des_entreprises\" href=\"https:\/\/fonds-risq.qc.ca\/en\/filtres_des_entreprises\/education-en\/\" rel=\"category\" data-term-id=\"136\"><span class=\"tg-item-term\" >Education<\/span><\/a><span>, <\/span><a class=\"filtres_des_entreprises\" href=\"https:\/\/fonds-risq.qc.ca\/en\/filtres_des_entreprises\/montreal-en\/\" rel=\"category\" data-term-id=\"128\"><span class=\"tg-item-term\" >Montr\u00e9al<\/span><\/a><span>, <\/span><a class=\"filtres_des_entreprises\" href=\"https:\/\/fonds-risq.qc.ca\/en\/filtres_des_entreprises\/pret-pour-aide-technique-en\/\" rel=\"category\" data-term-id=\"146\"><span class=\"tg-item-term\" >Technical assistance loan<\/span><\/a><\/span><p class=\"tg-item-excerpt\">L\u2019Institut Ludop\u00e9dagogique du Qu\u00e9bec pr\u00e9conise une approche ludique de l\u2019apprentissage. Au-del\u00e0\u00a0de rendre la situation d\u2019apprentissage plus significative, cette approche vise \u00e9galement \u00e0 transmettre \u00e0 l\u2019\u00e9l\u00e8ve une m\u00e9thode de travail et...<\/p><div class=\"tg-item-footer\"><a class=\"tg-item-comment\" href=\"https:\/\/fonds-risq.qc.ca\/en\/entreprise\/institut-ludopedagogique-du-quebec\/\"  target=\"_self\">No comment<\/a><span class=\"no-ajaxy to-post-like no-liked empty-heart\" data-post-id=\"5110\" title=\"Like\"><span class=\"to-heart-icon\"><svg xmlns=\"http:\/\/www.w3.org\/2000\/svg\" version=\"1.1\" viewBox=\"0 0 64 64\"><g transform=\"translate(0, 0)\"><path stroke-width=\"6\" stroke-linecap=\"square\" stroke-miterlimit=\"10\" d=\"M1,21c0,20,31,38,31,38s31-18,31-38 c0-8.285-6-16-15-16c-8.285,0-16,5.715-16,14c0-8.285-7.715-14-16-14C7,5,1,12.715,1,21z\"><\/path><\/g><\/svg><\/span><span class=\"to-like-count\">0<\/span><\/span><\/div><\/div><\/div><\/article><!-- The Grid item #389 --><article class=\"tg-item tg-post-5113 kampala f224 f128 f150 f135 f146\" data-row=\"1\" data-col=\"1\"><div class=\"tg-item-inner\"><div class=\"tg-item-media-holder tg-light\"><div class=\"tg-item-media-inner\"><img decoding=\"async\" class=\"tg-item-image\" alt=\"\" width=\"1200\" height=\"798\" src=\"https:\/\/fonds-risq.qc.ca\/wp-content\/uploads\/2017\/01\/InstitutDesEquilibrecreditMyriamLapointeGagnon.jpg\"><\/div><div class=\"tg-center-holder\"><div class=\"tg-center-inner\"><div class=\"tg-item-overlay\" style=\"background-color:#b7c634\"><\/div><a class=\"tg-link-button\" href=\"https:\/\/fonds-risq.qc.ca\/en\/entreprise\/institut-desequilibres\/\" target=\"_self\"><i class=\"tg-icon-link\"><\/i><\/a><\/div><\/div><div class=\"tg-item-decoration\"><div class=\"triangle-down-right\" style=\"border-color:#b7c634\"><\/div><\/div><div class=\"tg-item-share-holder\"><div class=\"triangle-up-left\" style=\"border-color:#b7c634\"><\/div><i class=\"tg-icon-reply\" style=\"color:#ffffff\"><\/i><div class=\"tg-share-icons\"><a class=\"tg-social-share tg-facebook\" href=\"https:\/\/www.facebook.com\/sharer.php?u=https%3A%2F%2Ffonds-risq.qc.ca%2Fen%2Fentreprise%2Finstitut-desequilibres%2F&#038;t=Institut%20Des%C3%89quilibres\"><i class=\"tg-icon-facebook\"><\/i><\/a><a class=\"tg-social-share tg-twitter\" href=\"https:\/\/twitter.com\/share?url=https%3A%2F%2Ffonds-risq.qc.ca%2Fen%2Fentreprise%2Finstitut-desequilibres%2F&#038;text=Institut%20Des%C3%89quilibres\"><i class=\"tg-icon-twitter\"><\/i><\/a><a class=\"tg-social-share tg-google-plus\" href=\"https:\/\/plus.google.com\/share?url=https%3A%2F%2Ffonds-risq.qc.ca%2Fen%2Fentreprise%2Finstitut-desequilibres%2F\"><i class=\"tg-icon-google-plus\"><\/i><\/a><a class=\"tg-social-share tg-pinterest\" href=\"https:\/\/pinterest.com\/pin\/create\/button\/?url=https%3A%2F%2Ffonds-risq.qc.ca%2Fen%2Fentreprise%2Finstitut-desequilibres%2F&#038;description=Institut%20Des%C3%89quilibres&#038;media=https%3A%2F%2Ffonds-risq.qc.ca%2Fwp-content%2Fuploads%2F2017%2F01%2FInstitutDesEquilibrecreditMyriamLapointeGagnon.jpg\"><i class=\"tg-icon-pinterest\"><\/i><\/a><\/div><\/div><\/div><div class=\"tg-item-content-holder tg-light image-format\" style=\"background-color:#b7c634\"><span class=\"tg-item-date\">20 January 2017<\/span><h2 class=\"tg-item-title\"><a href=\"https:\/\/fonds-risq.qc.ca\/en\/entreprise\/institut-desequilibres\/\" target=\"_self\">Institut Des\u00c9quilibres<\/a><\/h2><span class=\"tg-cats-holder\"><a class=\"filtres_des_entreprises\" href=\"https:\/\/fonds-risq.qc.ca\/en\/filtres_des_entreprises\/2016-en\/\" rel=\"category\" data-term-id=\"224\"><span class=\"tg-item-term\" >2016<\/span><\/a><span>, <\/span><a class=\"filtres_des_entreprises\" href=\"https:\/\/fonds-risq.qc.ca\/en\/filtres_des_entreprises\/montreal-en\/\" rel=\"category\" data-term-id=\"128\"><span class=\"tg-item-term\" >Montr\u00e9al<\/span><\/a><span>, <\/span><a class=\"filtres_des_entreprises\" href=\"https:\/\/fonds-risq.qc.ca\/en\/filtres_des_entreprises\/npo\/\" rel=\"category\" data-term-id=\"150\"><span class=\"tg-item-term\" >NPO<\/span><\/a><span>, <\/span><a class=\"filtres_des_entreprises\" href=\"https:\/\/fonds-risq.qc.ca\/en\/filtres_des_entreprises\/services-en\/\" rel=\"category\" data-term-id=\"135\"><span class=\"tg-item-term\" >Services<\/span><\/a><span>, <\/span><a class=\"filtres_des_entreprises\" href=\"https:\/\/fonds-risq.qc.ca\/en\/filtres_des_entreprises\/pret-pour-aide-technique-en\/\" rel=\"category\" data-term-id=\"146\"><span class=\"tg-item-term\" >Technical assistance loan<\/span><\/a><\/span><p class=\"tg-item-excerpt\">Des\u00c9quilibres offre aux entreprises et organismes qui \u0153uvrent aupr\u00e8s des jeunes un service personnalis\u00e9 et sur mesure d\u2019animations sportives ponctuelles, d\u2019entra\u00eenements et de d\u00e9fis sportifs d\u00e9di\u00e9s aux jeunes....<\/p><div class=\"tg-item-footer\"><a class=\"tg-item-comment\" href=\"https:\/\/fonds-risq.qc.ca\/en\/entreprise\/institut-desequilibres\/\"  target=\"_self\">No comment<\/a><span class=\"no-ajaxy to-post-like no-liked empty-heart\" data-post-id=\"5113\" title=\"Like\"><span class=\"to-heart-icon\"><svg xmlns=\"http:\/\/www.w3.org\/2000\/svg\" version=\"1.1\" viewBox=\"0 0 64 64\"><g transform=\"translate(0, 0)\"><path stroke-width=\"6\" stroke-linecap=\"square\" stroke-miterlimit=\"10\" d=\"M1,21c0,20,31,38,31,38s31-18,31-38 c0-8.285-6-16-15-16c-8.285,0-16,5.715-16,14c0-8.285-7.715-14-16-14C7,5,1,12.715,1,21z\"><\/path><\/g><\/svg><\/span><span class=\"to-like-count\">0<\/span><\/span><\/div><\/div><\/div><\/article><!-- The Grid item #390 --><article class=\"tg-item tg-post-5115 kampala f224 f128 f150 f135 f146\" data-row=\"1\" data-col=\"1\"><div class=\"tg-item-inner\"><div class=\"tg-item-media-holder tg-light\"><div class=\"tg-item-media-inner\"><img decoding=\"async\" class=\"tg-item-image\" alt=\"\" width=\"1217\" height=\"812\" src=\"https:\/\/fonds-risq.qc.ca\/wp-content\/uploads\/2017\/01\/MaisondHaiti.jpg\"><\/div><div class=\"tg-center-holder\"><div class=\"tg-center-inner\"><div class=\"tg-item-overlay\" style=\"background-color:#b7c634\"><\/div><a class=\"tg-link-button\" href=\"https:\/\/fonds-risq.qc.ca\/en\/entreprise\/maison-dhaiti\/\" target=\"_self\"><i class=\"tg-icon-link\"><\/i><\/a><\/div><\/div><div class=\"tg-item-decoration\"><div class=\"triangle-down-right\" style=\"border-color:#b7c634\"><\/div><\/div><div class=\"tg-item-share-holder\"><div class=\"triangle-up-left\" style=\"border-color:#b7c634\"><\/div><i class=\"tg-icon-reply\" style=\"color:#ffffff\"><\/i><div class=\"tg-share-icons\"><a class=\"tg-social-share tg-facebook\" href=\"https:\/\/www.facebook.com\/sharer.php?u=https%3A%2F%2Ffonds-risq.qc.ca%2Fen%2Fentreprise%2Fmaison-dhaiti%2F&#038;t=Maison%20d%E2%80%99Ha%C3%AFti\"><i class=\"tg-icon-facebook\"><\/i><\/a><a class=\"tg-social-share tg-twitter\" href=\"https:\/\/twitter.com\/share?url=https%3A%2F%2Ffonds-risq.qc.ca%2Fen%2Fentreprise%2Fmaison-dhaiti%2F&#038;text=Maison%20d%E2%80%99Ha%C3%AFti\"><i class=\"tg-icon-twitter\"><\/i><\/a><a class=\"tg-social-share tg-google-plus\" href=\"https:\/\/plus.google.com\/share?url=https%3A%2F%2Ffonds-risq.qc.ca%2Fen%2Fentreprise%2Fmaison-dhaiti%2F\"><i class=\"tg-icon-google-plus\"><\/i><\/a><a class=\"tg-social-share tg-pinterest\" href=\"https:\/\/pinterest.com\/pin\/create\/button\/?url=https%3A%2F%2Ffonds-risq.qc.ca%2Fen%2Fentreprise%2Fmaison-dhaiti%2F&#038;description=Maison%20d%E2%80%99Ha%C3%AFti&#038;media=https%3A%2F%2Ffonds-risq.qc.ca%2Fwp-content%2Fuploads%2F2017%2F01%2FMaisondHaiti.jpg\"><i class=\"tg-icon-pinterest\"><\/i><\/a><\/div><\/div><\/div><div class=\"tg-item-content-holder tg-light image-format\" style=\"background-color:#b7c634\"><span class=\"tg-item-date\">20 January 2017<\/span><h2 class=\"tg-item-title\"><a href=\"https:\/\/fonds-risq.qc.ca\/en\/entreprise\/maison-dhaiti\/\" target=\"_self\">Maison d\u2019Ha\u00efti<\/a><\/h2><span class=\"tg-cats-holder\"><a class=\"filtres_des_entreprises\" href=\"https:\/\/fonds-risq.qc.ca\/en\/filtres_des_entreprises\/2016-en\/\" rel=\"category\" data-term-id=\"224\"><span class=\"tg-item-term\" >2016<\/span><\/a><span>, <\/span><a class=\"filtres_des_entreprises\" href=\"https:\/\/fonds-risq.qc.ca\/en\/filtres_des_entreprises\/montreal-en\/\" rel=\"category\" data-term-id=\"128\"><span class=\"tg-item-term\" >Montr\u00e9al<\/span><\/a><span>, <\/span><a class=\"filtres_des_entreprises\" href=\"https:\/\/fonds-risq.qc.ca\/en\/filtres_des_entreprises\/npo\/\" rel=\"category\" data-term-id=\"150\"><span class=\"tg-item-term\" >NPO<\/span><\/a><span>, <\/span><a class=\"filtres_des_entreprises\" href=\"https:\/\/fonds-risq.qc.ca\/en\/filtres_des_entreprises\/services-en\/\" rel=\"category\" data-term-id=\"135\"><span class=\"tg-item-term\" >Services<\/span><\/a><span>, <\/span><a class=\"filtres_des_entreprises\" href=\"https:\/\/fonds-risq.qc.ca\/en\/filtres_des_entreprises\/pret-pour-aide-technique-en\/\" rel=\"category\" data-term-id=\"146\"><span class=\"tg-item-term\" >Technical assistance loan<\/span><\/a><\/span><p class=\"tg-item-excerpt\">La Maison d\u2019Ha\u00efti est un organisme communautaire fond\u00e9 en 1972, d\u00e9di\u00e9 \u00e0 l\u2019\u00e9ducation et \u00e0 l\u2019int\u00e9gration des personnes et des familles immigrantes ainsi qu\u2019\u00e0 la promotion de leur pr\u00e9sence culturelle....<\/p><div class=\"tg-item-footer\"><a class=\"tg-item-comment\" href=\"https:\/\/fonds-risq.qc.ca\/en\/entreprise\/maison-dhaiti\/\"  target=\"_self\">No comment<\/a><span class=\"no-ajaxy to-post-like no-liked empty-heart\" data-post-id=\"5115\" title=\"Like\"><span class=\"to-heart-icon\"><svg xmlns=\"http:\/\/www.w3.org\/2000\/svg\" version=\"1.1\" viewBox=\"0 0 64 64\"><g transform=\"translate(0, 0)\"><path stroke-width=\"6\" stroke-linecap=\"square\" stroke-miterlimit=\"10\" d=\"M1,21c0,20,31,38,31,38s31-18,31-38 c0-8.285-6-16-15-16c-8.285,0-16,5.715-16,14c0-8.285-7.715-14-16-14C7,5,1,12.715,1,21z\"><\/path><\/g><\/svg><\/span><span class=\"to-like-count\">0<\/span><\/span><\/div><\/div><\/div><\/article><!-- The Grid item #391 --><article class=\"tg-item tg-post-5117 kampala f221 f223 f130 f148 f144 f147\" data-row=\"1\" data-col=\"1\"><div class=\"tg-item-inner\"><div class=\"tg-item-media-holder tg-light\"><div class=\"tg-item-media-inner\"><img decoding=\"async\" class=\"tg-item-image\" alt=\"\" width=\"613\" height=\"460\" src=\"https:\/\/fonds-risq.qc.ca\/wp-content\/uploads\/2017\/01\/CVLSactivitehiver2016creditCentrevacancesLacSimon.jpg\"><\/div><div class=\"tg-center-holder\"><div class=\"tg-center-inner\"><div class=\"tg-item-overlay\" style=\"background-color:#ee4224\"><\/div><a class=\"tg-link-button\" href=\"https:\/\/fonds-risq.qc.ca\/en\/entreprise\/centre-vacances-lac-simon\/\" target=\"_self\"><i class=\"tg-icon-link\"><\/i><\/a><\/div><\/div><div class=\"tg-item-decoration\"><div class=\"triangle-down-right\" style=\"border-color:#ee4224\"><\/div><\/div><div class=\"tg-item-share-holder\"><div class=\"triangle-up-left\" style=\"border-color:#ee4224\"><\/div><i class=\"tg-icon-reply\" style=\"color:#ffffff\"><\/i><div class=\"tg-share-icons\"><a class=\"tg-social-share tg-facebook\" href=\"https:\/\/www.facebook.com\/sharer.php?u=https%3A%2F%2Ffonds-risq.qc.ca%2Fen%2Fentreprise%2Fcentre-vacances-lac-simon%2F&#038;t=Centre%20vacances%20Lac%20Simon\"><i class=\"tg-icon-facebook\"><\/i><\/a><a class=\"tg-social-share tg-twitter\" href=\"https:\/\/twitter.com\/share?url=https%3A%2F%2Ffonds-risq.qc.ca%2Fen%2Fentreprise%2Fcentre-vacances-lac-simon%2F&#038;text=Centre%20vacances%20Lac%20Simon\"><i class=\"tg-icon-twitter\"><\/i><\/a><a class=\"tg-social-share tg-google-plus\" href=\"https:\/\/plus.google.com\/share?url=https%3A%2F%2Ffonds-risq.qc.ca%2Fen%2Fentreprise%2Fcentre-vacances-lac-simon%2F\"><i class=\"tg-icon-google-plus\"><\/i><\/a><a class=\"tg-social-share tg-pinterest\" href=\"https:\/\/pinterest.com\/pin\/create\/button\/?url=https%3A%2F%2Ffonds-risq.qc.ca%2Fen%2Fentreprise%2Fcentre-vacances-lac-simon%2F&#038;description=Centre%20vacances%20Lac%20Simon&#038;media=https%3A%2F%2Ffonds-risq.qc.ca%2Fwp-content%2Fuploads%2F2017%2F01%2FCVLSactivitehiver2016creditCentrevacancesLacSimon.jpg\"><i class=\"tg-icon-pinterest\"><\/i><\/a><\/div><\/div><\/div><div class=\"tg-item-content-holder tg-light image-format\" style=\"background-color:#ee4224\"><span class=\"tg-item-date\">20 January 2017<\/span><h2 class=\"tg-item-title\"><a href=\"https:\/\/fonds-risq.qc.ca\/en\/entreprise\/centre-vacances-lac-simon\/\" target=\"_self\">Centre vacances Lac Simon<\/a><\/h2><span class=\"tg-cats-holder\"><a class=\"filtres_des_entreprises\" href=\"https:\/\/fonds-risq.qc.ca\/en\/filtres_des_entreprises\/2015-en\/\" rel=\"category\" data-term-id=\"221\"><span class=\"tg-item-term\" >2015<\/span><\/a><span>, <\/span><a class=\"filtres_des_entreprises\" href=\"https:\/\/fonds-risq.qc.ca\/en\/filtres_des_entreprises\/2018-en\/\" rel=\"category\" data-term-id=\"223\"><span class=\"tg-item-term\" >2018<\/span><\/a><span>, <\/span><a class=\"filtres_des_entreprises\" href=\"https:\/\/fonds-risq.qc.ca\/en\/filtres_des_entreprises\/capitale-nationale-en\/\" rel=\"category\" data-term-id=\"130\"><span class=\"tg-item-term\" >Capitale-Nationale<\/span><\/a><span>, <\/span><a class=\"filtres_des_entreprises\" href=\"https:\/\/fonds-risq.qc.ca\/en\/filtres_des_entreprises\/capitalization-loan\/\" rel=\"category\" data-term-id=\"148\"><span class=\"tg-item-term\" >Capitalization loan<\/span><\/a><span>, <\/span><a class=\"filtres_des_entreprises\" href=\"https:\/\/fonds-risq.qc.ca\/en\/filtres_des_entreprises\/leisure-tourism\/\" rel=\"category\" data-term-id=\"144\"><span class=\"tg-item-term\" >Leisure \/ Tourism<\/span><\/a><span>, <\/span><a class=\"filtres_des_entreprises\" href=\"https:\/\/fonds-risq.qc.ca\/en\/filtres_des_entreprises\/pre-startup-loan\/\" rel=\"category\" data-term-id=\"147\"><span class=\"tg-item-term\" >Pre-startup loan<\/span><\/a><\/span><p class=\"tg-item-excerpt\">La mission du Centre Vacances Lac Simon est d\u2019assurer la p\u00e9rennit\u00e9 et l\u2019accessibilit\u00e9 du site aux familles et personnes d\u00e9munies selon les principes reconnus de d\u00e9veloppement durable. \u00c0 travers cette mission, les objectifs de...<\/p><div class=\"tg-item-footer\"><a class=\"tg-item-comment\" href=\"https:\/\/fonds-risq.qc.ca\/en\/entreprise\/centre-vacances-lac-simon\/\"  target=\"_self\">No comment<\/a><span class=\"no-ajaxy to-post-like no-liked empty-heart\" data-post-id=\"5117\" title=\"Like\"><span class=\"to-heart-icon\"><svg xmlns=\"http:\/\/www.w3.org\/2000\/svg\" version=\"1.1\" viewBox=\"0 0 64 64\"><g transform=\"translate(0, 0)\"><path stroke-width=\"6\" stroke-linecap=\"square\" stroke-miterlimit=\"10\" d=\"M1,21c0,20,31,38,31,38s31-18,31-38 c0-8.285-6-16-15-16c-8.285,0-16,5.715-16,14c0-8.285-7.715-14-16-14C7,5,1,12.715,1,21z\"><\/path><\/g><\/svg><\/span><span class=\"to-like-count\">0<\/span><\/span><\/div><\/div><\/div><\/article><!-- The Grid item #392 --><article class=\"tg-item tg-post-5119 kampala f221 f224 f131 f148 f151 f137\" data-row=\"1\" data-col=\"1\"><div class=\"tg-item-inner\"><div class=\"tg-item-media-holder tg-light\"><div class=\"tg-item-media-inner\"><img decoding=\"async\" class=\"tg-item-image\" alt=\"\" width=\"1200\" height=\"675\" src=\"https:\/\/fonds-risq.qc.ca\/wp-content\/uploads\/2017\/01\/Alina_credit-Boris-Plique.jpg\"><\/div><div class=\"tg-center-holder\"><div class=\"tg-center-inner\"><div class=\"tg-item-overlay\" style=\"background-color:#0097c8\"><\/div><a class=\"tg-link-button\" href=\"https:\/\/fonds-risq.qc.ca\/en\/entreprise\/cooperative-daliments-naturels-alina-de-rimouski\/\" target=\"_self\"><i class=\"tg-icon-link\"><\/i><\/a><\/div><\/div><div class=\"tg-item-decoration\"><div class=\"triangle-down-right\" style=\"border-color:#0097c8\"><\/div><\/div><div class=\"tg-item-share-holder\"><div class=\"triangle-up-left\" style=\"border-color:#0097c8\"><\/div><i class=\"tg-icon-reply\" style=\"color:#ffffff\"><\/i><div class=\"tg-share-icons\"><a class=\"tg-social-share tg-facebook\" href=\"https:\/\/www.facebook.com\/sharer.php?u=https%3A%2F%2Ffonds-risq.qc.ca%2Fen%2Fentreprise%2Fcooperative-daliments-naturels-alina-de-rimouski%2F&#038;t=Coop%C3%A9rative%20d%E2%80%99aliments%20naturels%20Alina%20de%20Rimouski\"><i class=\"tg-icon-facebook\"><\/i><\/a><a class=\"tg-social-share tg-twitter\" href=\"https:\/\/twitter.com\/share?url=https%3A%2F%2Ffonds-risq.qc.ca%2Fen%2Fentreprise%2Fcooperative-daliments-naturels-alina-de-rimouski%2F&#038;text=Coop%C3%A9rative%20d%E2%80%99aliments%20naturels%20Alina%20de%20Rimouski\"><i class=\"tg-icon-twitter\"><\/i><\/a><a class=\"tg-social-share tg-google-plus\" href=\"https:\/\/plus.google.com\/share?url=https%3A%2F%2Ffonds-risq.qc.ca%2Fen%2Fentreprise%2Fcooperative-daliments-naturels-alina-de-rimouski%2F\"><i class=\"tg-icon-google-plus\"><\/i><\/a><a class=\"tg-social-share tg-pinterest\" href=\"https:\/\/pinterest.com\/pin\/create\/button\/?url=https%3A%2F%2Ffonds-risq.qc.ca%2Fen%2Fentreprise%2Fcooperative-daliments-naturels-alina-de-rimouski%2F&#038;description=Coop%C3%A9rative%20d%E2%80%99aliments%20naturels%20Alina%20de%20Rimouski&#038;media=https%3A%2F%2Ffonds-risq.qc.ca%2Fwp-content%2Fuploads%2F2017%2F01%2FAlina_credit-Boris-Plique.jpg\"><i class=\"tg-icon-pinterest\"><\/i><\/a><\/div><\/div><\/div><div class=\"tg-item-content-holder tg-light image-format\" style=\"background-color:#0097c8\"><span class=\"tg-item-date\">20 January 2017<\/span><h2 class=\"tg-item-title\"><a href=\"https:\/\/fonds-risq.qc.ca\/en\/entreprise\/cooperative-daliments-naturels-alina-de-rimouski\/\" target=\"_self\">Coop\u00e9rative d\u2019aliments naturels Alina de Rimouski<\/a><\/h2><span class=\"tg-cats-holder\"><a class=\"filtres_des_entreprises\" href=\"https:\/\/fonds-risq.qc.ca\/en\/filtres_des_entreprises\/2015-en\/\" rel=\"category\" data-term-id=\"221\"><span class=\"tg-item-term\" >2015<\/span><\/a><span>, <\/span><a class=\"filtres_des_entreprises\" href=\"https:\/\/fonds-risq.qc.ca\/en\/filtres_des_entreprises\/2016-en\/\" rel=\"category\" data-term-id=\"224\"><span class=\"tg-item-term\" >2016<\/span><\/a><span>, <\/span><a class=\"filtres_des_entreprises\" href=\"https:\/\/fonds-risq.qc.ca\/en\/filtres_des_entreprises\/bas-saint-laurent-en\/\" rel=\"category\" data-term-id=\"131\"><span class=\"tg-item-term\" >Bas-Saint-Laurent<\/span><\/a><span>, <\/span><a class=\"filtres_des_entreprises\" href=\"https:\/\/fonds-risq.qc.ca\/en\/filtres_des_entreprises\/capitalization-loan\/\" rel=\"category\" data-term-id=\"148\"><span class=\"tg-item-term\" >Capitalization loan<\/span><\/a><span>, <\/span><a class=\"filtres_des_entreprises\" href=\"https:\/\/fonds-risq.qc.ca\/en\/filtres_des_entreprises\/coop-en\/\" rel=\"category\" data-term-id=\"151\"><span class=\"tg-item-term\" >COOP<\/span><\/a><span>, <\/span><a class=\"filtres_des_entreprises\" href=\"https:\/\/fonds-risq.qc.ca\/en\/filtres_des_entreprises\/retail-business\/\" rel=\"category\" data-term-id=\"137\"><span class=\"tg-item-term\" >Retail business<\/span><\/a><\/span><p class=\"tg-item-excerpt\">N\u00e9e dans les ann\u00e9es soixante-dix sur un bucolique rang \u00e0 St-Fabien, la COOP ALINA est aujourd\u2019hui reconnue comme un chef de file en alimentation saine et constitue la plus grande \u00e9picerie sant\u00e9 \u00e0 l'est de Qu\u00e9bec. Elle est d'ailleurs...<\/p><div class=\"tg-item-footer\"><a class=\"tg-item-comment\" href=\"https:\/\/fonds-risq.qc.ca\/en\/entreprise\/cooperative-daliments-naturels-alina-de-rimouski\/\"  target=\"_self\">No comment<\/a><span class=\"no-ajaxy to-post-like no-liked empty-heart\" data-post-id=\"5119\" title=\"Like\"><span class=\"to-heart-icon\"><svg xmlns=\"http:\/\/www.w3.org\/2000\/svg\" version=\"1.1\" viewBox=\"0 0 64 64\"><g transform=\"translate(0, 0)\"><path stroke-width=\"6\" stroke-linecap=\"square\" stroke-miterlimit=\"10\" d=\"M1,21c0,20,31,38,31,38s31-18,31-38 c0-8.285-6-16-15-16c-8.285,0-16,5.715-16,14c0-8.285-7.715-14-16-14C7,5,1,12.715,1,21z\"><\/path><\/g><\/svg><\/span><span class=\"to-like-count\">0<\/span><\/span><\/div><\/div><\/div><\/article><!-- The Grid item #393 --><article class=\"tg-item tg-post-5121 kampala f224 f148 f128 f150 f135\" data-row=\"1\" data-col=\"1\"><div class=\"tg-item-inner\"><div class=\"tg-item-media-holder tg-light\"><div class=\"tg-item-media-inner\"><img decoding=\"async\" class=\"tg-item-image\" alt=\"\" width=\"1200\" height=\"800\" src=\"https:\/\/fonds-risq.qc.ca\/wp-content\/uploads\/2017\/01\/Esplanade_Lancement-HR-59-credit-Michael-Abril.jpg\"><\/div><div class=\"tg-center-holder\"><div class=\"tg-center-inner\"><div class=\"tg-item-overlay\" style=\"background-color:#0097c8\"><\/div><a class=\"tg-link-button\" href=\"https:\/\/fonds-risq.qc.ca\/en\/entreprise\/esplanade-montreal\/\" target=\"_self\"><i class=\"tg-icon-link\"><\/i><\/a><\/div><\/div><div class=\"tg-item-decoration\"><div class=\"triangle-down-right\" style=\"border-color:#0097c8\"><\/div><\/div><div class=\"tg-item-share-holder\"><div class=\"triangle-up-left\" style=\"border-color:#0097c8\"><\/div><i class=\"tg-icon-reply\" style=\"color:#ffffff\"><\/i><div class=\"tg-share-icons\"><a class=\"tg-social-share tg-facebook\" href=\"https:\/\/www.facebook.com\/sharer.php?u=https%3A%2F%2Ffonds-risq.qc.ca%2Fen%2Fentreprise%2Fesplanade-montreal%2F&#038;t=Esplanade%20Montr%C3%A9al\"><i class=\"tg-icon-facebook\"><\/i><\/a><a class=\"tg-social-share tg-twitter\" href=\"https:\/\/twitter.com\/share?url=https%3A%2F%2Ffonds-risq.qc.ca%2Fen%2Fentreprise%2Fesplanade-montreal%2F&#038;text=Esplanade%20Montr%C3%A9al\"><i class=\"tg-icon-twitter\"><\/i><\/a><a class=\"tg-social-share tg-google-plus\" href=\"https:\/\/plus.google.com\/share?url=https%3A%2F%2Ffonds-risq.qc.ca%2Fen%2Fentreprise%2Fesplanade-montreal%2F\"><i class=\"tg-icon-google-plus\"><\/i><\/a><a class=\"tg-social-share tg-pinterest\" href=\"https:\/\/pinterest.com\/pin\/create\/button\/?url=https%3A%2F%2Ffonds-risq.qc.ca%2Fen%2Fentreprise%2Fesplanade-montreal%2F&#038;description=Esplanade%20Montr%C3%A9al&#038;media=https%3A%2F%2Ffonds-risq.qc.ca%2Fwp-content%2Fuploads%2F2017%2F01%2FEsplanade_Lancement-HR-59-credit-Michael-Abril.jpg\"><i class=\"tg-icon-pinterest\"><\/i><\/a><\/div><\/div><\/div><div class=\"tg-item-content-holder tg-light image-format\" style=\"background-color:#0097c8\"><span class=\"tg-item-date\">20 January 2017<\/span><h2 class=\"tg-item-title\"><a href=\"https:\/\/fonds-risq.qc.ca\/en\/entreprise\/esplanade-montreal\/\" target=\"_self\">Esplanade Montr\u00e9al<\/a><\/h2><span class=\"tg-cats-holder\"><a class=\"filtres_des_entreprises\" href=\"https:\/\/fonds-risq.qc.ca\/en\/filtres_des_entreprises\/2016-en\/\" rel=\"category\" data-term-id=\"224\"><span class=\"tg-item-term\" >2016<\/span><\/a><span>, <\/span><a class=\"filtres_des_entreprises\" href=\"https:\/\/fonds-risq.qc.ca\/en\/filtres_des_entreprises\/capitalization-loan\/\" rel=\"category\" data-term-id=\"148\"><span class=\"tg-item-term\" >Capitalization loan<\/span><\/a><span>, <\/span><a class=\"filtres_des_entreprises\" href=\"https:\/\/fonds-risq.qc.ca\/en\/filtres_des_entreprises\/montreal-en\/\" rel=\"category\" data-term-id=\"128\"><span class=\"tg-item-term\" >Montr\u00e9al<\/span><\/a><span>, <\/span><a class=\"filtres_des_entreprises\" href=\"https:\/\/fonds-risq.qc.ca\/en\/filtres_des_entreprises\/npo\/\" rel=\"category\" data-term-id=\"150\"><span class=\"tg-item-term\" >NPO<\/span><\/a><span>, <\/span><a class=\"filtres_des_entreprises\" href=\"https:\/\/fonds-risq.qc.ca\/en\/filtres_des_entreprises\/services-en\/\" rel=\"category\" data-term-id=\"135\"><span class=\"tg-item-term\" >Services<\/span><\/a><\/span><p class=\"tg-item-excerpt\">L\u2019Esplanade, incub\u00e9e par l\u2019Institut du Nouveau Monde, est un acc\u00e9l\u00e9rateur et un espace collaboratif d\u00e9di\u00e9 \u00e0 l\u2019entrepreneuriat et \u00e0 l\u2019innovation sociale situ\u00e9e au c\u0153ur du quartier Mile-Ex....<\/p><div class=\"tg-item-footer\"><a class=\"tg-item-comment\" href=\"https:\/\/fonds-risq.qc.ca\/en\/entreprise\/esplanade-montreal\/\"  target=\"_self\">No comment<\/a><span class=\"no-ajaxy to-post-like no-liked empty-heart\" data-post-id=\"5121\" title=\"Like\"><span class=\"to-heart-icon\"><svg xmlns=\"http:\/\/www.w3.org\/2000\/svg\" version=\"1.1\" viewBox=\"0 0 64 64\"><g transform=\"translate(0, 0)\"><path stroke-width=\"6\" stroke-linecap=\"square\" stroke-miterlimit=\"10\" d=\"M1,21c0,20,31,38,31,38s31-18,31-38 c0-8.285-6-16-15-16c-8.285,0-16,5.715-16,14c0-8.285-7.715-14-16-14C7,5,1,12.715,1,21z\"><\/path><\/g><\/svg><\/span><span class=\"to-like-count\">0<\/span><\/span><\/div><\/div><\/div><\/article><!-- The Grid item #394 --><article class=\"tg-item tg-post-5125 kampala f224 f148 f143 f129 f150\" data-row=\"1\" data-col=\"1\"><div class=\"tg-item-inner\"><div class=\"tg-item-media-holder tg-light\"><div class=\"tg-item-media-inner\"><img decoding=\"async\" class=\"tg-item-image\" alt=\"\" width=\"1200\" height=\"800\" src=\"https:\/\/fonds-risq.qc.ca\/wp-content\/uploads\/2017\/01\/photo-credit-SIT.jpg\"><\/div><div class=\"tg-center-holder\"><div class=\"tg-center-inner\"><div class=\"tg-item-overlay\" style=\"background-color:#0097c8\"><\/div><a class=\"tg-link-button\" href=\"https:\/\/fonds-risq.qc.ca\/en\/entreprise\/s-i-t-service-dintegration-au-travail\/\" target=\"_self\"><i class=\"tg-icon-link\"><\/i><\/a><\/div><\/div><div class=\"tg-item-decoration\"><div class=\"triangle-down-right\" style=\"border-color:#0097c8\"><\/div><\/div><div class=\"tg-item-share-holder\"><div class=\"triangle-up-left\" style=\"border-color:#0097c8\"><\/div><i class=\"tg-icon-reply\" style=\"color:#ffffff\"><\/i><div class=\"tg-share-icons\"><a class=\"tg-social-share tg-facebook\" href=\"https:\/\/www.facebook.com\/sharer.php?u=https%3A%2F%2Ffonds-risq.qc.ca%2Fen%2Fentreprise%2Fs-i-t-service-dintegration-au-travail%2F&#038;t=S.I.T.%20Service%20d%E2%80%99int%C3%A9gration%20au%20travail\"><i class=\"tg-icon-facebook\"><\/i><\/a><a class=\"tg-social-share tg-twitter\" href=\"https:\/\/twitter.com\/share?url=https%3A%2F%2Ffonds-risq.qc.ca%2Fen%2Fentreprise%2Fs-i-t-service-dintegration-au-travail%2F&#038;text=S.I.T.%20Service%20d%E2%80%99int%C3%A9gration%20au%20travail\"><i class=\"tg-icon-twitter\"><\/i><\/a><a class=\"tg-social-share tg-google-plus\" href=\"https:\/\/plus.google.com\/share?url=https%3A%2F%2Ffonds-risq.qc.ca%2Fen%2Fentreprise%2Fs-i-t-service-dintegration-au-travail%2F\"><i class=\"tg-icon-google-plus\"><\/i><\/a><a class=\"tg-social-share tg-pinterest\" href=\"https:\/\/pinterest.com\/pin\/create\/button\/?url=https%3A%2F%2Ffonds-risq.qc.ca%2Fen%2Fentreprise%2Fs-i-t-service-dintegration-au-travail%2F&#038;description=S.I.T.%20Service%20d%E2%80%99int%C3%A9gration%20au%20travail&#038;media=https%3A%2F%2Ffonds-risq.qc.ca%2Fwp-content%2Fuploads%2F2017%2F01%2Fphoto-credit-SIT.jpg\"><i class=\"tg-icon-pinterest\"><\/i><\/a><\/div><\/div><\/div><div class=\"tg-item-content-holder tg-light image-format\" style=\"background-color:#0097c8\"><span class=\"tg-item-date\">20 January 2017<\/span><h2 class=\"tg-item-title\"><a href=\"https:\/\/fonds-risq.qc.ca\/en\/entreprise\/s-i-t-service-dintegration-au-travail\/\" target=\"_self\">S.I.T. Service d&#8217;int\u00e9gration au travail<\/a><\/h2><span class=\"tg-cats-holder\"><a class=\"filtres_des_entreprises\" href=\"https:\/\/fonds-risq.qc.ca\/en\/filtres_des_entreprises\/2016-en\/\" rel=\"category\" data-term-id=\"224\"><span class=\"tg-item-term\" >2016<\/span><\/a><span>, <\/span><a class=\"filtres_des_entreprises\" href=\"https:\/\/fonds-risq.qc.ca\/en\/filtres_des_entreprises\/capitalization-loan\/\" rel=\"category\" data-term-id=\"148\"><span class=\"tg-item-term\" >Capitalization loan<\/span><\/a><span>, <\/span><a class=\"filtres_des_entreprises\" href=\"https:\/\/fonds-risq.qc.ca\/en\/filtres_des_entreprises\/employability-services\/\" rel=\"category\" data-term-id=\"143\"><span class=\"tg-item-term\" >Employability Services<\/span><\/a><span>, <\/span><a class=\"filtres_des_entreprises\" href=\"https:\/\/fonds-risq.qc.ca\/en\/filtres_des_entreprises\/mauricie-en\/\" rel=\"category\" data-term-id=\"129\"><span class=\"tg-item-term\" >Mauricie<\/span><\/a><span>, <\/span><a class=\"filtres_des_entreprises\" href=\"https:\/\/fonds-risq.qc.ca\/en\/filtres_des_entreprises\/npo\/\" rel=\"category\" data-term-id=\"150\"><span class=\"tg-item-term\" >NPO<\/span><\/a><\/span><p class=\"tg-item-excerpt\">Le SIT-Mauricie a pour mission de favoriser l\u2019int\u00e9gration sociale et professionnelle des personnes ayant des probl\u00e8mes de sant\u00e9 mentale. Regroup\u00e9 en Corporation, il compte 5 points de service en Mauricie. Entreprise d\u2019\u00e9conomie sociale...<\/p><div class=\"tg-item-footer\"><a class=\"tg-item-comment\" href=\"https:\/\/fonds-risq.qc.ca\/en\/entreprise\/s-i-t-service-dintegration-au-travail\/\"  target=\"_self\">No comment<\/a><span class=\"no-ajaxy to-post-like no-liked empty-heart\" data-post-id=\"5125\" title=\"Like\"><span class=\"to-heart-icon\"><svg xmlns=\"http:\/\/www.w3.org\/2000\/svg\" version=\"1.1\" viewBox=\"0 0 64 64\"><g transform=\"translate(0, 0)\"><path stroke-width=\"6\" stroke-linecap=\"square\" stroke-miterlimit=\"10\" d=\"M1,21c0,20,31,38,31,38s31-18,31-38 c0-8.285-6-16-15-16c-8.285,0-16,5.715-16,14c0-8.285-7.715-14-16-14C7,5,1,12.715,1,21z\"><\/path><\/g><\/svg><\/span><span class=\"to-like-count\">0<\/span><\/span><\/div><\/div><\/div><\/article><!-- The Grid item #395 --><article class=\"tg-item tg-post-5134 kampala f221 f130 f148 f151 f170\" data-row=\"1\" data-col=\"1\"><div class=\"tg-item-inner\"><div class=\"tg-item-media-holder tg-light\"><div class=\"tg-item-media-inner\"><img decoding=\"async\" class=\"tg-item-image\" alt=\"\" width=\"1240\" height=\"700\" src=\"https:\/\/fonds-risq.qc.ca\/wp-content\/uploads\/2016\/11\/Barberie.jpg\"><\/div><div class=\"tg-center-holder\"><div class=\"tg-center-inner\"><div class=\"tg-item-overlay\" style=\"background-color:#0097c8\"><\/div><a class=\"tg-link-button\" href=\"https:\/\/fonds-risq.qc.ca\/en\/entreprise\/la-barberie\/\" target=\"_self\"><i class=\"tg-icon-link\"><\/i><\/a><\/div><\/div><div class=\"tg-item-decoration\"><div class=\"triangle-down-right\" style=\"border-color:#0097c8\"><\/div><\/div><div class=\"tg-item-share-holder\"><div class=\"triangle-up-left\" style=\"border-color:#0097c8\"><\/div><i class=\"tg-icon-reply\" style=\"color:#ffffff\"><\/i><div class=\"tg-share-icons\"><a class=\"tg-social-share tg-facebook\" href=\"https:\/\/www.facebook.com\/sharer.php?u=https%3A%2F%2Ffonds-risq.qc.ca%2Fen%2Fentreprise%2Fla-barberie%2F&#038;t=La%20Barberie\"><i class=\"tg-icon-facebook\"><\/i><\/a><a class=\"tg-social-share tg-twitter\" href=\"https:\/\/twitter.com\/share?url=https%3A%2F%2Ffonds-risq.qc.ca%2Fen%2Fentreprise%2Fla-barberie%2F&#038;text=La%20Barberie\"><i class=\"tg-icon-twitter\"><\/i><\/a><a class=\"tg-social-share tg-google-plus\" href=\"https:\/\/plus.google.com\/share?url=https%3A%2F%2Ffonds-risq.qc.ca%2Fen%2Fentreprise%2Fla-barberie%2F\"><i class=\"tg-icon-google-plus\"><\/i><\/a><a class=\"tg-social-share tg-pinterest\" href=\"https:\/\/pinterest.com\/pin\/create\/button\/?url=https%3A%2F%2Ffonds-risq.qc.ca%2Fen%2Fentreprise%2Fla-barberie%2F&#038;description=La%20Barberie&#038;media=https%3A%2F%2Ffonds-risq.qc.ca%2Fwp-content%2Fuploads%2F2016%2F11%2FBarberie.jpg\"><i class=\"tg-icon-pinterest\"><\/i><\/a><\/div><\/div><\/div><div class=\"tg-item-content-holder tg-light image-format\" style=\"background-color:#0097c8\"><span class=\"tg-item-date\">18 November 2016<\/span><h2 class=\"tg-item-title\"><a href=\"https:\/\/fonds-risq.qc.ca\/en\/entreprise\/la-barberie\/\" target=\"_self\">La Barberie<\/a><\/h2><span class=\"tg-cats-holder\"><a class=\"filtres_des_entreprises\" href=\"https:\/\/fonds-risq.qc.ca\/en\/filtres_des_entreprises\/2015-en\/\" rel=\"category\" data-term-id=\"221\"><span class=\"tg-item-term\" >2015<\/span><\/a><span>, <\/span><a class=\"filtres_des_entreprises\" href=\"https:\/\/fonds-risq.qc.ca\/en\/filtres_des_entreprises\/capitale-nationale-en\/\" rel=\"category\" data-term-id=\"130\"><span class=\"tg-item-term\" >Capitale-Nationale<\/span><\/a><span>, <\/span><a class=\"filtres_des_entreprises\" href=\"https:\/\/fonds-risq.qc.ca\/en\/filtres_des_entreprises\/capitalization-loan\/\" rel=\"category\" data-term-id=\"148\"><span class=\"tg-item-term\" >Capitalization loan<\/span><\/a><span>, <\/span><a class=\"filtres_des_entreprises\" href=\"https:\/\/fonds-risq.qc.ca\/en\/filtres_des_entreprises\/coop-en\/\" rel=\"category\" data-term-id=\"151\"><span class=\"tg-item-term\" >COOP<\/span><\/a><span>, <\/span><a class=\"filtres_des_entreprises\" href=\"https:\/\/fonds-risq.qc.ca\/en\/filtres_des_entreprises\/craft-brewery\/\" rel=\"category\" data-term-id=\"170\"><span class=\"tg-item-term\" >Craft brewery<\/span><\/a><\/span><p class=\"tg-item-excerpt\">La Barberie, premi\u00e8re entreprise coop\u00e9rative microbrassicole au Qu\u00e9bec, a pour mission de produire et d\u2019offrir des recettes originales et distinctives, avec le souci de d\u00e9mocratiser la bi\u00e8re en d\u00e9veloppant un sentiment de communaut\u00e9....<\/p><div class=\"tg-item-footer\"><a class=\"tg-item-comment\" href=\"https:\/\/fonds-risq.qc.ca\/en\/entreprise\/la-barberie\/\"  target=\"_self\">No comment<\/a><span class=\"no-ajaxy to-post-like no-liked empty-heart\" data-post-id=\"5134\" title=\"Like\"><span class=\"to-heart-icon\"><svg xmlns=\"http:\/\/www.w3.org\/2000\/svg\" version=\"1.1\" viewBox=\"0 0 64 64\"><g transform=\"translate(0, 0)\"><path stroke-width=\"6\" stroke-linecap=\"square\" stroke-miterlimit=\"10\" d=\"M1,21c0,20,31,38,31,38s31-18,31-38 c0-8.285-6-16-15-16c-8.285,0-16,5.715-16,14c0-8.285-7.715-14-16-14C7,5,1,12.715,1,21z\"><\/path><\/g><\/svg><\/span><span class=\"to-like-count\">0<\/span><\/span><\/div><\/div><\/div><\/article><!-- The Grid item #396 --><article class=\"tg-item tg-post-5137 kampala f224 f130 f151 f142 f146\" data-row=\"1\" data-col=\"1\"><div class=\"tg-item-inner\"><div class=\"tg-item-media-holder tg-light\"><div class=\"tg-item-media-inner\"><img decoding=\"async\" class=\"tg-item-image\" alt=\"\" width=\"1240\" height=\"700\" src=\"https:\/\/fonds-risq.qc.ca\/wp-content\/uploads\/2016\/11\/Sabsa.jpg\"><\/div><div class=\"tg-center-holder\"><div class=\"tg-center-inner\"><div class=\"tg-item-overlay\" style=\"background-color:#b7c634\"><\/div><a class=\"tg-link-button\" href=\"https:\/\/fonds-risq.qc.ca\/en\/entreprise\/cooperative-de-solidarite-sabsa\/\" target=\"_self\"><i class=\"tg-icon-link\"><\/i><\/a><\/div><\/div><div class=\"tg-item-decoration\"><div class=\"triangle-down-right\" style=\"border-color:#b7c634\"><\/div><\/div><div class=\"tg-item-share-holder\"><div class=\"triangle-up-left\" style=\"border-color:#b7c634\"><\/div><i class=\"tg-icon-reply\" style=\"color:#ffffff\"><\/i><div class=\"tg-share-icons\"><a class=\"tg-social-share tg-facebook\" href=\"https:\/\/www.facebook.com\/sharer.php?u=https%3A%2F%2Ffonds-risq.qc.ca%2Fen%2Fentreprise%2Fcooperative-de-solidarite-sabsa%2F&#038;t=Coop%C3%A9rative%20de%20solidarit%C3%A9%20SABSA\"><i class=\"tg-icon-facebook\"><\/i><\/a><a class=\"tg-social-share tg-twitter\" href=\"https:\/\/twitter.com\/share?url=https%3A%2F%2Ffonds-risq.qc.ca%2Fen%2Fentreprise%2Fcooperative-de-solidarite-sabsa%2F&#038;text=Coop%C3%A9rative%20de%20solidarit%C3%A9%20SABSA\"><i class=\"tg-icon-twitter\"><\/i><\/a><a class=\"tg-social-share tg-google-plus\" href=\"https:\/\/plus.google.com\/share?url=https%3A%2F%2Ffonds-risq.qc.ca%2Fen%2Fentreprise%2Fcooperative-de-solidarite-sabsa%2F\"><i class=\"tg-icon-google-plus\"><\/i><\/a><a class=\"tg-social-share tg-pinterest\" href=\"https:\/\/pinterest.com\/pin\/create\/button\/?url=https%3A%2F%2Ffonds-risq.qc.ca%2Fen%2Fentreprise%2Fcooperative-de-solidarite-sabsa%2F&#038;description=Coop%C3%A9rative%20de%20solidarit%C3%A9%20SABSA&#038;media=https%3A%2F%2Ffonds-risq.qc.ca%2Fwp-content%2Fuploads%2F2016%2F11%2FSabsa.jpg\"><i class=\"tg-icon-pinterest\"><\/i><\/a><\/div><\/div><\/div><div class=\"tg-item-content-holder tg-light image-format\" style=\"background-color:#b7c634\"><span class=\"tg-item-date\">18 November 2016<\/span><h2 class=\"tg-item-title\"><a href=\"https:\/\/fonds-risq.qc.ca\/en\/entreprise\/cooperative-de-solidarite-sabsa\/\" target=\"_self\">Coop\u00e9rative de solidarit\u00e9 SABSA<\/a><\/h2><span class=\"tg-cats-holder\"><a class=\"filtres_des_entreprises\" href=\"https:\/\/fonds-risq.qc.ca\/en\/filtres_des_entreprises\/2016-en\/\" rel=\"category\" data-term-id=\"224\"><span class=\"tg-item-term\" >2016<\/span><\/a><span>, <\/span><a class=\"filtres_des_entreprises\" href=\"https:\/\/fonds-risq.qc.ca\/en\/filtres_des_entreprises\/capitale-nationale-en\/\" rel=\"category\" data-term-id=\"130\"><span class=\"tg-item-term\" >Capitale-Nationale<\/span><\/a><span>, <\/span><a class=\"filtres_des_entreprises\" href=\"https:\/\/fonds-risq.qc.ca\/en\/filtres_des_entreprises\/coop-en\/\" rel=\"category\" data-term-id=\"151\"><span class=\"tg-item-term\" >COOP<\/span><\/a><span>, <\/span><a class=\"filtres_des_entreprises\" href=\"https:\/\/fonds-risq.qc.ca\/en\/filtres_des_entreprises\/services-to-people\/\" rel=\"category\" data-term-id=\"142\"><span class=\"tg-item-term\" >Services to people<\/span><\/a><span>, <\/span><a class=\"filtres_des_entreprises\" href=\"https:\/\/fonds-risq.qc.ca\/en\/filtres_des_entreprises\/pret-pour-aide-technique-en\/\" rel=\"category\" data-term-id=\"146\"><span class=\"tg-item-term\" >Technical assistance loan<\/span><\/a><\/span><p class=\"tg-item-excerpt\">La cr\u00e9ation de SABSA (Services \u00e0 bas seuil d\u2019accessibilit\u00e9) date de d\u00e9cembre 2011 et r\u00e9sulte de la concertation de cinq membres fondateurs interpell\u00e9s par l\u2019ampleur de l\u2019\u00e9pid\u00e9mie du VHC et du VIH parmi des populations vuln\u00e9rables et...<\/p><div class=\"tg-item-footer\"><a class=\"tg-item-comment\" href=\"https:\/\/fonds-risq.qc.ca\/en\/entreprise\/cooperative-de-solidarite-sabsa\/\"  target=\"_self\">No comment<\/a><span class=\"no-ajaxy to-post-like no-liked empty-heart\" data-post-id=\"5137\" title=\"Like\"><span class=\"to-heart-icon\"><svg xmlns=\"http:\/\/www.w3.org\/2000\/svg\" version=\"1.1\" viewBox=\"0 0 64 64\"><g transform=\"translate(0, 0)\"><path stroke-width=\"6\" stroke-linecap=\"square\" stroke-miterlimit=\"10\" d=\"M1,21c0,20,31,38,31,38s31-18,31-38 c0-8.285-6-16-15-16c-8.285,0-16,5.715-16,14c0-8.285-7.715-14-16-14C7,5,1,12.715,1,21z\"><\/path><\/g><\/svg><\/span><span class=\"to-like-count\">0<\/span><\/span><\/div><\/div><\/div><\/article><!-- The Grid item #397 --><article class=\"tg-item tg-post-5139 kampala f224 f128 f150 f147 f135\" data-row=\"1\" data-col=\"1\"><div class=\"tg-item-inner\"><div class=\"tg-item-media-holder tg-light\"><div class=\"tg-item-media-inner\"><img decoding=\"async\" class=\"tg-item-image\" alt=\"\" width=\"1240\" height=\"700\" src=\"https:\/\/fonds-risq.qc.ca\/wp-content\/uploads\/2016\/11\/ProjetMorse.jpg\"><\/div><div class=\"tg-center-holder\"><div class=\"tg-center-inner\"><div class=\"tg-item-overlay\" style=\"background-color:#ee4224\"><\/div><a class=\"tg-link-button\" href=\"https:\/\/fonds-risq.qc.ca\/en\/entreprise\/projet-morse\/\" target=\"_self\"><i class=\"tg-icon-link\"><\/i><\/a><\/div><\/div><div class=\"tg-item-decoration\"><div class=\"triangle-down-right\" style=\"border-color:#ee4224\"><\/div><\/div><div class=\"tg-item-share-holder\"><div class=\"triangle-up-left\" style=\"border-color:#ee4224\"><\/div><i class=\"tg-icon-reply\" style=\"color:#ffffff\"><\/i><div class=\"tg-share-icons\"><a class=\"tg-social-share tg-facebook\" href=\"https:\/\/www.facebook.com\/sharer.php?u=https%3A%2F%2Ffonds-risq.qc.ca%2Fen%2Fentreprise%2Fprojet-morse%2F&#038;t=Projet%20Morse\"><i class=\"tg-icon-facebook\"><\/i><\/a><a class=\"tg-social-share tg-twitter\" href=\"https:\/\/twitter.com\/share?url=https%3A%2F%2Ffonds-risq.qc.ca%2Fen%2Fentreprise%2Fprojet-morse%2F&#038;text=Projet%20Morse\"><i class=\"tg-icon-twitter\"><\/i><\/a><a class=\"tg-social-share tg-google-plus\" href=\"https:\/\/plus.google.com\/share?url=https%3A%2F%2Ffonds-risq.qc.ca%2Fen%2Fentreprise%2Fprojet-morse%2F\"><i class=\"tg-icon-google-plus\"><\/i><\/a><a class=\"tg-social-share tg-pinterest\" href=\"https:\/\/pinterest.com\/pin\/create\/button\/?url=https%3A%2F%2Ffonds-risq.qc.ca%2Fen%2Fentreprise%2Fprojet-morse%2F&#038;description=Projet%20Morse&#038;media=https%3A%2F%2Ffonds-risq.qc.ca%2Fwp-content%2Fuploads%2F2016%2F11%2FProjetMorse.jpg\"><i class=\"tg-icon-pinterest\"><\/i><\/a><\/div><\/div><\/div><div class=\"tg-item-content-holder tg-light image-format\" style=\"background-color:#ee4224\"><span class=\"tg-item-date\">18 November 2016<\/span><h2 class=\"tg-item-title\"><a href=\"https:\/\/fonds-risq.qc.ca\/en\/entreprise\/projet-morse\/\" target=\"_self\">Projet Morse<\/a><\/h2><span class=\"tg-cats-holder\"><a class=\"filtres_des_entreprises\" href=\"https:\/\/fonds-risq.qc.ca\/en\/filtres_des_entreprises\/2016-en\/\" rel=\"category\" data-term-id=\"224\"><span class=\"tg-item-term\" >2016<\/span><\/a><span>, <\/span><a class=\"filtres_des_entreprises\" href=\"https:\/\/fonds-risq.qc.ca\/en\/filtres_des_entreprises\/montreal-en\/\" rel=\"category\" data-term-id=\"128\"><span class=\"tg-item-term\" >Montr\u00e9al<\/span><\/a><span>, <\/span><a class=\"filtres_des_entreprises\" href=\"https:\/\/fonds-risq.qc.ca\/en\/filtres_des_entreprises\/npo\/\" rel=\"category\" data-term-id=\"150\"><span class=\"tg-item-term\" >NPO<\/span><\/a><span>, <\/span><a class=\"filtres_des_entreprises\" href=\"https:\/\/fonds-risq.qc.ca\/en\/filtres_des_entreprises\/pre-startup-loan\/\" rel=\"category\" data-term-id=\"147\"><span class=\"tg-item-term\" >Pre-startup loan<\/span><\/a><span>, <\/span><a class=\"filtres_des_entreprises\" href=\"https:\/\/fonds-risq.qc.ca\/en\/filtres_des_entreprises\/services-en\/\" rel=\"category\" data-term-id=\"135\"><span class=\"tg-item-term\" >Services<\/span><\/a><\/span><p class=\"tg-item-excerpt\">Centr\u00e9 sur l\u2019exp\u00e9rience collaborative et l\u2019accompagnement en entreprise, PROJET MORSE aide les organisations \u00e0 s\u2019auto-\u00e9valuer, \u00e0 comprendre leur environnement, \u00e0 acqu\u00e9rir des connaissances cl\u00e9s et \u00e0 mettre en oeuvre des solutions...<\/p><div class=\"tg-item-footer\"><a class=\"tg-item-comment\" href=\"https:\/\/fonds-risq.qc.ca\/en\/entreprise\/projet-morse\/\"  target=\"_self\">No comment<\/a><span class=\"no-ajaxy to-post-like no-liked empty-heart\" data-post-id=\"5139\" title=\"Like\"><span class=\"to-heart-icon\"><svg xmlns=\"http:\/\/www.w3.org\/2000\/svg\" version=\"1.1\" viewBox=\"0 0 64 64\"><g transform=\"translate(0, 0)\"><path stroke-width=\"6\" stroke-linecap=\"square\" stroke-miterlimit=\"10\" d=\"M1,21c0,20,31,38,31,38s31-18,31-38 c0-8.285-6-16-15-16c-8.285,0-16,5.715-16,14c0-8.285-7.715-14-16-14C7,5,1,12.715,1,21z\"><\/path><\/g><\/svg><\/span><span class=\"to-like-count\">0<\/span><\/span><\/div><\/div><\/div><\/article><!-- The Grid item #398 --><article class=\"tg-item tg-post-5142 kampala f224 f145 f128 f150 f147\" data-row=\"1\" data-col=\"1\"><div class=\"tg-item-inner\"><div class=\"tg-item-media-holder tg-light\"><div class=\"tg-item-media-inner\"><img decoding=\"async\" class=\"tg-item-image\" alt=\"\" width=\"1240\" height=\"700\" src=\"https:\/\/fonds-risq.qc.ca\/wp-content\/uploads\/2016\/11\/AuLab.jpg\"><\/div><div class=\"tg-center-holder\"><div class=\"tg-center-inner\"><div class=\"tg-item-overlay\" style=\"background-color:#ee4224\"><\/div><a class=\"tg-link-button\" href=\"https:\/\/fonds-risq.qc.ca\/en\/entreprise\/laboratoire-sur-lagriculture-urbaine\/\" target=\"_self\"><i class=\"tg-icon-link\"><\/i><\/a><\/div><\/div><div class=\"tg-item-decoration\"><div class=\"triangle-down-right\" style=\"border-color:#ee4224\"><\/div><\/div><div class=\"tg-item-share-holder\"><div class=\"triangle-up-left\" style=\"border-color:#ee4224\"><\/div><i class=\"tg-icon-reply\" style=\"color:#ffffff\"><\/i><div class=\"tg-share-icons\"><a class=\"tg-social-share tg-facebook\" href=\"https:\/\/www.facebook.com\/sharer.php?u=https%3A%2F%2Ffonds-risq.qc.ca%2Fen%2Fentreprise%2Flaboratoire-sur-lagriculture-urbaine%2F&#038;t=Laboratoire%20sur%20l%E2%80%99agriculture%20urbaine\"><i class=\"tg-icon-facebook\"><\/i><\/a><a class=\"tg-social-share tg-twitter\" href=\"https:\/\/twitter.com\/share?url=https%3A%2F%2Ffonds-risq.qc.ca%2Fen%2Fentreprise%2Flaboratoire-sur-lagriculture-urbaine%2F&#038;text=Laboratoire%20sur%20l%E2%80%99agriculture%20urbaine\"><i class=\"tg-icon-twitter\"><\/i><\/a><a class=\"tg-social-share tg-google-plus\" href=\"https:\/\/plus.google.com\/share?url=https%3A%2F%2Ffonds-risq.qc.ca%2Fen%2Fentreprise%2Flaboratoire-sur-lagriculture-urbaine%2F\"><i class=\"tg-icon-google-plus\"><\/i><\/a><a class=\"tg-social-share tg-pinterest\" href=\"https:\/\/pinterest.com\/pin\/create\/button\/?url=https%3A%2F%2Ffonds-risq.qc.ca%2Fen%2Fentreprise%2Flaboratoire-sur-lagriculture-urbaine%2F&#038;description=Laboratoire%20sur%20l%E2%80%99agriculture%20urbaine&#038;media=https%3A%2F%2Ffonds-risq.qc.ca%2Fwp-content%2Fuploads%2F2016%2F11%2FAuLab.jpg\"><i class=\"tg-icon-pinterest\"><\/i><\/a><\/div><\/div><\/div><div class=\"tg-item-content-holder tg-light image-format\" style=\"background-color:#ee4224\"><span class=\"tg-item-date\">18 November 2016<\/span><h2 class=\"tg-item-title\"><a href=\"https:\/\/fonds-risq.qc.ca\/en\/entreprise\/laboratoire-sur-lagriculture-urbaine\/\" target=\"_self\">Laboratoire sur l\u2019agriculture urbaine<\/a><\/h2><span class=\"tg-cats-holder\"><a class=\"filtres_des_entreprises\" href=\"https:\/\/fonds-risq.qc.ca\/en\/filtres_des_entreprises\/2016-en\/\" rel=\"category\" data-term-id=\"224\"><span class=\"tg-item-term\" >2016<\/span><\/a><span>, <\/span><a class=\"filtres_des_entreprises\" href=\"https:\/\/fonds-risq.qc.ca\/en\/filtres_des_entreprises\/food\/\" rel=\"category\" data-term-id=\"145\"><span class=\"tg-item-term\" >Food<\/span><\/a><span>, <\/span><a class=\"filtres_des_entreprises\" href=\"https:\/\/fonds-risq.qc.ca\/en\/filtres_des_entreprises\/montreal-en\/\" rel=\"category\" data-term-id=\"128\"><span class=\"tg-item-term\" >Montr\u00e9al<\/span><\/a><span>, <\/span><a class=\"filtres_des_entreprises\" href=\"https:\/\/fonds-risq.qc.ca\/en\/filtres_des_entreprises\/npo\/\" rel=\"category\" data-term-id=\"150\"><span class=\"tg-item-term\" >NPO<\/span><\/a><span>, <\/span><a class=\"filtres_des_entreprises\" href=\"https:\/\/fonds-risq.qc.ca\/en\/filtres_des_entreprises\/pre-startup-loan\/\" rel=\"category\" data-term-id=\"147\"><span class=\"tg-item-term\" >Pre-startup loan<\/span><\/a><\/span><p class=\"tg-item-excerpt\">AU\/LAB\u00a0est un laboratoire de recherche, d\u2019innovation et d\u2019intervention en agriculture urbaine aux services de la collectivit\u00e9. Un lieu de r\u00e9flexion sur l\u2019urbanit\u00e9 et l\u2019alimentation....<\/p><div class=\"tg-item-footer\"><a class=\"tg-item-comment\" href=\"https:\/\/fonds-risq.qc.ca\/en\/entreprise\/laboratoire-sur-lagriculture-urbaine\/\"  target=\"_self\">No comment<\/a><span class=\"no-ajaxy to-post-like no-liked empty-heart\" data-post-id=\"5142\" title=\"Like\"><span class=\"to-heart-icon\"><svg xmlns=\"http:\/\/www.w3.org\/2000\/svg\" version=\"1.1\" viewBox=\"0 0 64 64\"><g transform=\"translate(0, 0)\"><path stroke-width=\"6\" stroke-linecap=\"square\" stroke-miterlimit=\"10\" d=\"M1,21c0,20,31,38,31,38s31-18,31-38 c0-8.285-6-16-15-16c-8.285,0-16,5.715-16,14c0-8.285-7.715-14-16-14C7,5,1,12.715,1,21z\"><\/path><\/g><\/svg><\/span><span class=\"to-like-count\">0<\/span><\/span><\/div><\/div><\/div><\/article><!-- The Grid item #399 --><article class=\"tg-item tg-post-5145 kampala f221 f133 f144 f150 f147\" data-row=\"1\" data-col=\"1\"><div class=\"tg-item-inner\"><div class=\"tg-item-media-holder tg-light\"><div class=\"tg-item-media-inner\"><img decoding=\"async\" class=\"tg-item-image\" alt=\"\" width=\"1240\" height=\"700\" src=\"https:\/\/fonds-risq.qc.ca\/wp-content\/uploads\/2016\/11\/Kina8at.jpg\"><\/div><div class=\"tg-center-holder\"><div class=\"tg-center-inner\"><div class=\"tg-item-overlay\" style=\"background-color:#ee4224\"><\/div><a class=\"tg-link-button\" href=\"https:\/\/fonds-risq.qc.ca\/en\/entreprise\/lorganisme-kina8at\/\" target=\"_self\"><i class=\"tg-icon-link\"><\/i><\/a><\/div><\/div><div class=\"tg-item-decoration\"><div class=\"triangle-down-right\" style=\"border-color:#ee4224\"><\/div><\/div><div class=\"tg-item-share-holder\"><div class=\"triangle-up-left\" style=\"border-color:#ee4224\"><\/div><i class=\"tg-icon-reply\" style=\"color:#ffffff\"><\/i><div class=\"tg-share-icons\"><a class=\"tg-social-share tg-facebook\" href=\"https:\/\/www.facebook.com\/sharer.php?u=https%3A%2F%2Ffonds-risq.qc.ca%2Fen%2Fentreprise%2Florganisme-kina8at%2F&#038;t=L%E2%80%99organisme%20Kina8at\"><i class=\"tg-icon-facebook\"><\/i><\/a><a class=\"tg-social-share tg-twitter\" href=\"https:\/\/twitter.com\/share?url=https%3A%2F%2Ffonds-risq.qc.ca%2Fen%2Fentreprise%2Florganisme-kina8at%2F&#038;text=L%E2%80%99organisme%20Kina8at\"><i class=\"tg-icon-twitter\"><\/i><\/a><a class=\"tg-social-share tg-google-plus\" href=\"https:\/\/plus.google.com\/share?url=https%3A%2F%2Ffonds-risq.qc.ca%2Fen%2Fentreprise%2Florganisme-kina8at%2F\"><i class=\"tg-icon-google-plus\"><\/i><\/a><a class=\"tg-social-share tg-pinterest\" href=\"https:\/\/pinterest.com\/pin\/create\/button\/?url=https%3A%2F%2Ffonds-risq.qc.ca%2Fen%2Fentreprise%2Florganisme-kina8at%2F&#038;description=L%E2%80%99organisme%20Kina8at&#038;media=https%3A%2F%2Ffonds-risq.qc.ca%2Fwp-content%2Fuploads%2F2016%2F11%2FKina8at.jpg\"><i class=\"tg-icon-pinterest\"><\/i><\/a><\/div><\/div><\/div><div class=\"tg-item-content-holder tg-light image-format\" style=\"background-color:#ee4224\"><span class=\"tg-item-date\">18 November 2016<\/span><h2 class=\"tg-item-title\"><a href=\"https:\/\/fonds-risq.qc.ca\/en\/entreprise\/lorganisme-kina8at\/\" target=\"_self\">L\u2019organisme Kina8at<\/a><\/h2><span class=\"tg-cats-holder\"><a class=\"filtres_des_entreprises\" href=\"https:\/\/fonds-risq.qc.ca\/en\/filtres_des_entreprises\/2015-en\/\" rel=\"category\" data-term-id=\"221\"><span class=\"tg-item-term\" >2015<\/span><\/a><span>, <\/span><a class=\"filtres_des_entreprises\" href=\"https:\/\/fonds-risq.qc.ca\/en\/filtres_des_entreprises\/laurentides-en\/\" rel=\"category\" data-term-id=\"133\"><span class=\"tg-item-term\" >Laurentides<\/span><\/a><span>, <\/span><a class=\"filtres_des_entreprises\" href=\"https:\/\/fonds-risq.qc.ca\/en\/filtres_des_entreprises\/leisure-tourism\/\" rel=\"category\" data-term-id=\"144\"><span class=\"tg-item-term\" >Leisure \/ Tourism<\/span><\/a><span>, <\/span><a class=\"filtres_des_entreprises\" href=\"https:\/\/fonds-risq.qc.ca\/en\/filtres_des_entreprises\/npo\/\" rel=\"category\" data-term-id=\"150\"><span class=\"tg-item-term\" >NPO<\/span><\/a><span>, <\/span><a class=\"filtres_des_entreprises\" href=\"https:\/\/fonds-risq.qc.ca\/en\/filtres_des_entreprises\/pre-startup-loan\/\" rel=\"category\" data-term-id=\"147\"><span class=\"tg-item-term\" >Pre-startup loan<\/span><\/a><\/span><p class=\"tg-item-excerpt\">L'organisme offre une gamme de produits tr\u00e8s diversifi\u00e9s, tels que des stages sur les enseignements autochtones, des ateliers th\u00e9matiques, des conf\u00e9rences sur des th\u00e8mes culturels, des voyages sur les territoires ancestraux, etc....<\/p><div class=\"tg-item-footer\"><a class=\"tg-item-comment\" href=\"https:\/\/fonds-risq.qc.ca\/en\/entreprise\/lorganisme-kina8at\/\"  target=\"_self\">No comment<\/a><span class=\"no-ajaxy to-post-like no-liked empty-heart\" data-post-id=\"5145\" title=\"Like\"><span class=\"to-heart-icon\"><svg xmlns=\"http:\/\/www.w3.org\/2000\/svg\" version=\"1.1\" viewBox=\"0 0 64 64\"><g transform=\"translate(0, 0)\"><path stroke-width=\"6\" stroke-linecap=\"square\" stroke-miterlimit=\"10\" d=\"M1,21c0,20,31,38,31,38s31-18,31-38 c0-8.285-6-16-15-16c-8.285,0-16,5.715-16,14c0-8.285-7.715-14-16-14C7,5,1,12.715,1,21z\"><\/path><\/g><\/svg><\/span><span class=\"to-like-count\">0<\/span><\/span><\/div><\/div><\/div><\/article><!-- The Grid item #400 --><article class=\"tg-item tg-post-5148 kampala f221 f130 f143 f150 f147\" data-row=\"1\" data-col=\"1\"><div class=\"tg-item-inner\"><div class=\"tg-item-media-holder tg-light\"><div class=\"tg-item-media-inner\"><img decoding=\"async\" class=\"tg-item-image\" alt=\"\" width=\"1240\" height=\"700\" src=\"https:\/\/fonds-risq.qc.ca\/wp-content\/uploads\/2016\/11\/ExpertsEmploi.jpg\"><\/div><div class=\"tg-center-holder\"><div class=\"tg-center-inner\"><div class=\"tg-item-overlay\" style=\"background-color:#ee4224\"><\/div><a class=\"tg-link-button\" href=\"https:\/\/fonds-risq.qc.ca\/en\/entreprise\/experts-emploi-recrutement-et-formation-inc\/\" target=\"_self\"><i class=\"tg-icon-link\"><\/i><\/a><\/div><\/div><div class=\"tg-item-decoration\"><div class=\"triangle-down-right\" style=\"border-color:#ee4224\"><\/div><\/div><div class=\"tg-item-share-holder\"><div class=\"triangle-up-left\" style=\"border-color:#ee4224\"><\/div><i class=\"tg-icon-reply\" style=\"color:#ffffff\"><\/i><div class=\"tg-share-icons\"><a class=\"tg-social-share tg-facebook\" href=\"https:\/\/www.facebook.com\/sharer.php?u=https%3A%2F%2Ffonds-risq.qc.ca%2Fen%2Fentreprise%2Fexperts-emploi-recrutement-et-formation-inc%2F&#038;t=Experts%20Emploi%2C%20recrutement%20et%20formation%20inc.\"><i class=\"tg-icon-facebook\"><\/i><\/a><a class=\"tg-social-share tg-twitter\" href=\"https:\/\/twitter.com\/share?url=https%3A%2F%2Ffonds-risq.qc.ca%2Fen%2Fentreprise%2Fexperts-emploi-recrutement-et-formation-inc%2F&#038;text=Experts%20Emploi%2C%20recrutement%20et%20formation%20inc.\"><i class=\"tg-icon-twitter\"><\/i><\/a><a class=\"tg-social-share tg-google-plus\" href=\"https:\/\/plus.google.com\/share?url=https%3A%2F%2Ffonds-risq.qc.ca%2Fen%2Fentreprise%2Fexperts-emploi-recrutement-et-formation-inc%2F\"><i class=\"tg-icon-google-plus\"><\/i><\/a><a class=\"tg-social-share tg-pinterest\" href=\"https:\/\/pinterest.com\/pin\/create\/button\/?url=https%3A%2F%2Ffonds-risq.qc.ca%2Fen%2Fentreprise%2Fexperts-emploi-recrutement-et-formation-inc%2F&#038;description=Experts%20Emploi%2C%20recrutement%20et%20formation%20inc.&#038;media=https%3A%2F%2Ffonds-risq.qc.ca%2Fwp-content%2Fuploads%2F2016%2F11%2FExpertsEmploi.jpg\"><i class=\"tg-icon-pinterest\"><\/i><\/a><\/div><\/div><\/div><div class=\"tg-item-content-holder tg-light image-format\" style=\"background-color:#ee4224\"><span class=\"tg-item-date\">18 November 2016<\/span><h2 class=\"tg-item-title\"><a href=\"https:\/\/fonds-risq.qc.ca\/en\/entreprise\/experts-emploi-recrutement-et-formation-inc\/\" target=\"_self\">Experts Emploi, recrutement et formation inc.<\/a><\/h2><span class=\"tg-cats-holder\"><a class=\"filtres_des_entreprises\" href=\"https:\/\/fonds-risq.qc.ca\/en\/filtres_des_entreprises\/2015-en\/\" rel=\"category\" data-term-id=\"221\"><span class=\"tg-item-term\" >2015<\/span><\/a><span>, <\/span><a class=\"filtres_des_entreprises\" href=\"https:\/\/fonds-risq.qc.ca\/en\/filtres_des_entreprises\/capitale-nationale-en\/\" rel=\"category\" data-term-id=\"130\"><span class=\"tg-item-term\" >Capitale-Nationale<\/span><\/a><span>, <\/span><a class=\"filtres_des_entreprises\" href=\"https:\/\/fonds-risq.qc.ca\/en\/filtres_des_entreprises\/employability-services\/\" rel=\"category\" data-term-id=\"143\"><span class=\"tg-item-term\" >Employability Services<\/span><\/a><span>, <\/span><a class=\"filtres_des_entreprises\" href=\"https:\/\/fonds-risq.qc.ca\/en\/filtres_des_entreprises\/npo\/\" rel=\"category\" data-term-id=\"150\"><span class=\"tg-item-term\" >NPO<\/span><\/a><span>, <\/span><a class=\"filtres_des_entreprises\" href=\"https:\/\/fonds-risq.qc.ca\/en\/filtres_des_entreprises\/pre-startup-loan\/\" rel=\"category\" data-term-id=\"147\"><span class=\"tg-item-term\" >Pre-startup loan<\/span><\/a><\/span><p class=\"tg-item-excerpt\">Experts Emploi offre aux entreprises d'\u00e9conomie sociale et aux petites ou moyennes entreprises une gamme de services personnalis\u00e9s en recrutement de personnel....<\/p><div class=\"tg-item-footer\"><a class=\"tg-item-comment\" href=\"https:\/\/fonds-risq.qc.ca\/en\/entreprise\/experts-emploi-recrutement-et-formation-inc\/\"  target=\"_self\">No comment<\/a><span class=\"no-ajaxy to-post-like no-liked empty-heart\" data-post-id=\"5148\" title=\"Like\"><span class=\"to-heart-icon\"><svg xmlns=\"http:\/\/www.w3.org\/2000\/svg\" version=\"1.1\" viewBox=\"0 0 64 64\"><g transform=\"translate(0, 0)\"><path stroke-width=\"6\" stroke-linecap=\"square\" stroke-miterlimit=\"10\" d=\"M1,21c0,20,31,38,31,38s31-18,31-38 c0-8.285-6-16-15-16c-8.285,0-16,5.715-16,14c0-8.285-7.715-14-16-14C7,5,1,12.715,1,21z\"><\/path><\/g><\/svg><\/span><span class=\"to-like-count\">0<\/span><\/span><\/div><\/div><\/div><\/article><!-- The Grid item #401 --><article class=\"tg-item tg-post-5151 kampala f225 f151 f128 f147 f135\" data-row=\"1\" data-col=\"1\"><div class=\"tg-item-inner\"><div class=\"tg-item-media-holder tg-light\"><div class=\"tg-item-media-inner\"><img decoding=\"async\" class=\"tg-item-image\" alt=\"\" width=\"1240\" height=\"700\" src=\"https:\/\/fonds-risq.qc.ca\/wp-content\/uploads\/2016\/11\/EnfanceFamille.jpg\"><\/div><div class=\"tg-center-holder\"><div class=\"tg-center-inner\"><div class=\"tg-item-overlay\" style=\"background-color:#ee4224\"><\/div><a class=\"tg-link-button\" href=\"https:\/\/fonds-risq.qc.ca\/en\/entreprise\/cooperative-enfance-famille\/\" target=\"_self\"><i class=\"tg-icon-link\"><\/i><\/a><\/div><\/div><div class=\"tg-item-decoration\"><div class=\"triangle-down-right\" style=\"border-color:#ee4224\"><\/div><\/div><div class=\"tg-item-share-holder\"><div class=\"triangle-up-left\" style=\"border-color:#ee4224\"><\/div><i class=\"tg-icon-reply\" style=\"color:#ffffff\"><\/i><div class=\"tg-share-icons\"><a class=\"tg-social-share tg-facebook\" href=\"https:\/\/www.facebook.com\/sharer.php?u=https%3A%2F%2Ffonds-risq.qc.ca%2Fen%2Fentreprise%2Fcooperative-enfance-famille%2F&#038;t=Coop%C3%A9rative%20Enfance%20Famille\"><i class=\"tg-icon-facebook\"><\/i><\/a><a class=\"tg-social-share tg-twitter\" href=\"https:\/\/twitter.com\/share?url=https%3A%2F%2Ffonds-risq.qc.ca%2Fen%2Fentreprise%2Fcooperative-enfance-famille%2F&#038;text=Coop%C3%A9rative%20Enfance%20Famille\"><i class=\"tg-icon-twitter\"><\/i><\/a><a class=\"tg-social-share tg-google-plus\" href=\"https:\/\/plus.google.com\/share?url=https%3A%2F%2Ffonds-risq.qc.ca%2Fen%2Fentreprise%2Fcooperative-enfance-famille%2F\"><i class=\"tg-icon-google-plus\"><\/i><\/a><a class=\"tg-social-share tg-pinterest\" href=\"https:\/\/pinterest.com\/pin\/create\/button\/?url=https%3A%2F%2Ffonds-risq.qc.ca%2Fen%2Fentreprise%2Fcooperative-enfance-famille%2F&#038;description=Coop%C3%A9rative%20Enfance%20Famille&#038;media=https%3A%2F%2Ffonds-risq.qc.ca%2Fwp-content%2Fuploads%2F2016%2F11%2FEnfanceFamille.jpg\"><i class=\"tg-icon-pinterest\"><\/i><\/a><\/div><\/div><\/div><div class=\"tg-item-content-holder tg-light image-format\" style=\"background-color:#ee4224\"><span class=\"tg-item-date\">18 November 2016<\/span><h2 class=\"tg-item-title\"><a href=\"https:\/\/fonds-risq.qc.ca\/en\/entreprise\/cooperative-enfance-famille\/\" target=\"_self\">Coop\u00e9rative Enfance Famille<\/a><\/h2><span class=\"tg-cats-holder\"><a class=\"filtres_des_entreprises\" href=\"https:\/\/fonds-risq.qc.ca\/en\/filtres_des_entreprises\/2014-en\/\" rel=\"category\" data-term-id=\"225\"><span class=\"tg-item-term\" >2014<\/span><\/a><span>, <\/span><a class=\"filtres_des_entreprises\" href=\"https:\/\/fonds-risq.qc.ca\/en\/filtres_des_entreprises\/coop-en\/\" rel=\"category\" data-term-id=\"151\"><span class=\"tg-item-term\" >COOP<\/span><\/a><span>, <\/span><a class=\"filtres_des_entreprises\" href=\"https:\/\/fonds-risq.qc.ca\/en\/filtres_des_entreprises\/montreal-en\/\" rel=\"category\" data-term-id=\"128\"><span class=\"tg-item-term\" >Montr\u00e9al<\/span><\/a><span>, <\/span><a class=\"filtres_des_entreprises\" href=\"https:\/\/fonds-risq.qc.ca\/en\/filtres_des_entreprises\/pre-startup-loan\/\" rel=\"category\" data-term-id=\"147\"><span class=\"tg-item-term\" >Pre-startup loan<\/span><\/a><span>, <\/span><a class=\"filtres_des_entreprises\" href=\"https:\/\/fonds-risq.qc.ca\/en\/filtres_des_entreprises\/services-en\/\" rel=\"category\" data-term-id=\"135\"><span class=\"tg-item-term\" >Services<\/span><\/a><\/span><p class=\"tg-item-excerpt\">Cr\u00e9\u00e9e en 2003, la Coop\u00e9rative de services EnfanceFamille.org a \u00e9t\u00e9 le premier organisme au Qu\u00e9bec \u00e0 proposer un syst\u00e8me central informatis\u00e9 de gestion des listes d\u2019attente et \u00e0 offrir aux familles des ressources en mati\u00e8re de services...<\/p><div class=\"tg-item-footer\"><a class=\"tg-item-comment\" href=\"https:\/\/fonds-risq.qc.ca\/en\/entreprise\/cooperative-enfance-famille\/\"  target=\"_self\">No comment<\/a><span class=\"no-ajaxy to-post-like no-liked empty-heart\" data-post-id=\"5151\" title=\"Like\"><span class=\"to-heart-icon\"><svg xmlns=\"http:\/\/www.w3.org\/2000\/svg\" version=\"1.1\" viewBox=\"0 0 64 64\"><g transform=\"translate(0, 0)\"><path stroke-width=\"6\" stroke-linecap=\"square\" stroke-miterlimit=\"10\" d=\"M1,21c0,20,31,38,31,38s31-18,31-38 c0-8.285-6-16-15-16c-8.285,0-16,5.715-16,14c0-8.285-7.715-14-16-14C7,5,1,12.715,1,21z\"><\/path><\/g><\/svg><\/span><span class=\"to-like-count\">0<\/span><\/span><\/div><\/div><\/div><\/article><!-- The Grid item #402 --><article class=\"tg-item tg-post-5154 kampala f224 f148 f171 f128 f150 f142\" data-row=\"1\" data-col=\"1\"><div class=\"tg-item-inner\"><div class=\"tg-item-media-holder tg-light\"><div class=\"tg-item-media-inner\"><img decoding=\"async\" class=\"tg-item-image\" alt=\"\" width=\"1240\" height=\"700\" src=\"https:\/\/fonds-risq.qc.ca\/wp-content\/uploads\/2016\/11\/Promis.jpg\"><\/div><div class=\"tg-center-holder\"><div class=\"tg-center-inner\"><div class=\"tg-item-overlay\" style=\"background-color:#0097c8\"><\/div><a class=\"tg-link-button\" href=\"https:\/\/fonds-risq.qc.ca\/en\/entreprise\/promis-promotion-integration-societe-nouvelle\/\" target=\"_self\"><i class=\"tg-icon-link\"><\/i><\/a><\/div><\/div><div class=\"tg-item-decoration\"><div class=\"triangle-down-right\" style=\"border-color:#0097c8\"><\/div><\/div><div class=\"tg-item-share-holder\"><div class=\"triangle-up-left\" style=\"border-color:#0097c8\"><\/div><i class=\"tg-icon-reply\" style=\"color:#ffffff\"><\/i><div class=\"tg-share-icons\"><a class=\"tg-social-share tg-facebook\" href=\"https:\/\/www.facebook.com\/sharer.php?u=https%3A%2F%2Ffonds-risq.qc.ca%2Fen%2Fentreprise%2Fpromis-promotion-integration-societe-nouvelle%2F&#038;t=PROMIS%20%28PROMotion-Int%C3%A9gration-Soci%C3%A9t%C3%A9%20nouvelle%29\"><i class=\"tg-icon-facebook\"><\/i><\/a><a class=\"tg-social-share tg-twitter\" href=\"https:\/\/twitter.com\/share?url=https%3A%2F%2Ffonds-risq.qc.ca%2Fen%2Fentreprise%2Fpromis-promotion-integration-societe-nouvelle%2F&#038;text=PROMIS%20%28PROMotion-Int%C3%A9gration-Soci%C3%A9t%C3%A9%20nouvelle%29\"><i class=\"tg-icon-twitter\"><\/i><\/a><a class=\"tg-social-share tg-google-plus\" href=\"https:\/\/plus.google.com\/share?url=https%3A%2F%2Ffonds-risq.qc.ca%2Fen%2Fentreprise%2Fpromis-promotion-integration-societe-nouvelle%2F\"><i class=\"tg-icon-google-plus\"><\/i><\/a><a class=\"tg-social-share tg-pinterest\" href=\"https:\/\/pinterest.com\/pin\/create\/button\/?url=https%3A%2F%2Ffonds-risq.qc.ca%2Fen%2Fentreprise%2Fpromis-promotion-integration-societe-nouvelle%2F&#038;description=PROMIS%20%28PROMotion-Int%C3%A9gration-Soci%C3%A9t%C3%A9%20nouvelle%29&#038;media=https%3A%2F%2Ffonds-risq.qc.ca%2Fwp-content%2Fuploads%2F2016%2F11%2FPromis.jpg\"><i class=\"tg-icon-pinterest\"><\/i><\/a><\/div><\/div><\/div><div class=\"tg-item-content-holder tg-light image-format\" style=\"background-color:#0097c8\"><span class=\"tg-item-date\">18 November 2016<\/span><h2 class=\"tg-item-title\"><a href=\"https:\/\/fonds-risq.qc.ca\/en\/entreprise\/promis-promotion-integration-societe-nouvelle\/\" target=\"_self\">PROMIS (PROMotion-Int\u00e9gration-Soci\u00e9t\u00e9 nouvelle)<\/a><\/h2><span class=\"tg-cats-holder\"><a class=\"filtres_des_entreprises\" href=\"https:\/\/fonds-risq.qc.ca\/en\/filtres_des_entreprises\/2016-en\/\" rel=\"category\" data-term-id=\"224\"><span class=\"tg-item-term\" >2016<\/span><\/a><span>, <\/span><a class=\"filtres_des_entreprises\" href=\"https:\/\/fonds-risq.qc.ca\/en\/filtres_des_entreprises\/capitalization-loan\/\" rel=\"category\" data-term-id=\"148\"><span class=\"tg-item-term\" >Capitalization loan<\/span><\/a><span>, <\/span><a class=\"filtres_des_entreprises\" href=\"https:\/\/fonds-risq.qc.ca\/en\/filtres_des_entreprises\/lodging\/\" rel=\"category\" data-term-id=\"171\"><span class=\"tg-item-term\" >Lodging<\/span><\/a><span>, <\/span><a class=\"filtres_des_entreprises\" href=\"https:\/\/fonds-risq.qc.ca\/en\/filtres_des_entreprises\/montreal-en\/\" rel=\"category\" data-term-id=\"128\"><span class=\"tg-item-term\" >Montr\u00e9al<\/span><\/a><span>, <\/span><a class=\"filtres_des_entreprises\" href=\"https:\/\/fonds-risq.qc.ca\/en\/filtres_des_entreprises\/npo\/\" rel=\"category\" data-term-id=\"150\"><span class=\"tg-item-term\" >NPO<\/span><\/a><span>, <\/span><a class=\"filtres_des_entreprises\" href=\"https:\/\/fonds-risq.qc.ca\/en\/filtres_des_entreprises\/services-to-people\/\" rel=\"category\" data-term-id=\"142\"><span class=\"tg-item-term\" >Services to people<\/span><\/a><\/span><p class=\"tg-item-excerpt\">Fond\u00e9 il y a 28 ans dans le quartier C\u00f4te-des-Neiges \u00e0 Montr\u00e9al, PROMIS s\u2019affaire \u00e0 actualiser quotidiennement sa mission \u00e0 venir en aide aux personnes immigrantes et r\u00e9fugi\u00e9es \u00e0 travers divers services et projets d\u2019action collective....<\/p><div class=\"tg-item-footer\"><a class=\"tg-item-comment\" href=\"https:\/\/fonds-risq.qc.ca\/en\/entreprise\/promis-promotion-integration-societe-nouvelle\/\"  target=\"_self\">No comment<\/a><span class=\"no-ajaxy to-post-like no-liked empty-heart\" data-post-id=\"5154\" title=\"Like\"><span class=\"to-heart-icon\"><svg xmlns=\"http:\/\/www.w3.org\/2000\/svg\" version=\"1.1\" viewBox=\"0 0 64 64\"><g transform=\"translate(0, 0)\"><path stroke-width=\"6\" stroke-linecap=\"square\" stroke-miterlimit=\"10\" d=\"M1,21c0,20,31,38,31,38s31-18,31-38 c0-8.285-6-16-15-16c-8.285,0-16,5.715-16,14c0-8.285-7.715-14-16-14C7,5,1,12.715,1,21z\"><\/path><\/g><\/svg><\/span><span class=\"to-like-count\">0<\/span><\/span><\/div><\/div><\/div><\/article><!-- The Grid item #403 --><article class=\"tg-item tg-post-5157 kampala f221 f226 f148 f151 f136 f190 f128\" data-row=\"1\" data-col=\"1\"><div class=\"tg-item-inner\"><div class=\"tg-item-media-holder tg-light\"><div class=\"tg-item-media-inner\"><img decoding=\"async\" class=\"tg-item-image\" alt=\"\" width=\"1240\" height=\"700\" src=\"https:\/\/fonds-risq.qc.ca\/wp-content\/uploads\/2016\/11\/CoopMusique.jpg\"><\/div><div class=\"tg-center-holder\"><div class=\"tg-center-inner\"><div class=\"tg-item-overlay\" style=\"background-color:#0097c8\"><\/div><a class=\"tg-link-button\" href=\"https:\/\/fonds-risq.qc.ca\/en\/entreprise\/cooperative-des-professeurs-de-musique-de-montreal\/\" target=\"_self\"><i class=\"tg-icon-link\"><\/i><\/a><\/div><\/div><div class=\"tg-item-decoration\"><div class=\"triangle-down-right\" style=\"border-color:#0097c8\"><\/div><\/div><div class=\"tg-item-share-holder\"><div class=\"triangle-up-left\" style=\"border-color:#0097c8\"><\/div><i class=\"tg-icon-reply\" style=\"color:#ffffff\"><\/i><div class=\"tg-share-icons\"><a class=\"tg-social-share tg-facebook\" href=\"https:\/\/www.facebook.com\/sharer.php?u=https%3A%2F%2Ffonds-risq.qc.ca%2Fen%2Fentreprise%2Fcooperative-des-professeurs-de-musique-de-montreal%2F&#038;t=Coop%C3%A9rative%20des%20professeurs%20de%20musique%20de%20Montr%C3%A9al\"><i class=\"tg-icon-facebook\"><\/i><\/a><a class=\"tg-social-share tg-twitter\" href=\"https:\/\/twitter.com\/share?url=https%3A%2F%2Ffonds-risq.qc.ca%2Fen%2Fentreprise%2Fcooperative-des-professeurs-de-musique-de-montreal%2F&#038;text=Coop%C3%A9rative%20des%20professeurs%20de%20musique%20de%20Montr%C3%A9al\"><i class=\"tg-icon-twitter\"><\/i><\/a><a class=\"tg-social-share tg-google-plus\" href=\"https:\/\/plus.google.com\/share?url=https%3A%2F%2Ffonds-risq.qc.ca%2Fen%2Fentreprise%2Fcooperative-des-professeurs-de-musique-de-montreal%2F\"><i class=\"tg-icon-google-plus\"><\/i><\/a><a class=\"tg-social-share tg-pinterest\" href=\"https:\/\/pinterest.com\/pin\/create\/button\/?url=https%3A%2F%2Ffonds-risq.qc.ca%2Fen%2Fentreprise%2Fcooperative-des-professeurs-de-musique-de-montreal%2F&#038;description=Coop%C3%A9rative%20des%20professeurs%20de%20musique%20de%20Montr%C3%A9al&#038;media=https%3A%2F%2Ffonds-risq.qc.ca%2Fwp-content%2Fuploads%2F2016%2F11%2FCoopMusique.jpg\"><i class=\"tg-icon-pinterest\"><\/i><\/a><\/div><\/div><\/div><div class=\"tg-item-content-holder tg-light image-format\" style=\"background-color:#0097c8\"><span class=\"tg-item-date\">18 November 2016<\/span><h2 class=\"tg-item-title\"><a href=\"https:\/\/fonds-risq.qc.ca\/en\/entreprise\/cooperative-des-professeurs-de-musique-de-montreal\/\" target=\"_self\">Coop\u00e9rative des professeurs de musique de Montr\u00e9al<\/a><\/h2><span class=\"tg-cats-holder\"><a class=\"filtres_des_entreprises\" href=\"https:\/\/fonds-risq.qc.ca\/en\/filtres_des_entreprises\/2015-en\/\" rel=\"category\" data-term-id=\"221\"><span class=\"tg-item-term\" >2015<\/span><\/a><span>, <\/span><a class=\"filtres_des_entreprises\" href=\"https:\/\/fonds-risq.qc.ca\/en\/filtres_des_entreprises\/2020-en\/\" rel=\"category\" data-term-id=\"226\"><span class=\"tg-item-term\" >2020<\/span><\/a><span>, <\/span><a class=\"filtres_des_entreprises\" href=\"https:\/\/fonds-risq.qc.ca\/en\/filtres_des_entreprises\/capitalization-loan\/\" rel=\"category\" data-term-id=\"148\"><span class=\"tg-item-term\" >Capitalization loan<\/span><\/a><span>, <\/span><a class=\"filtres_des_entreprises\" href=\"https:\/\/fonds-risq.qc.ca\/en\/filtres_des_entreprises\/coop-en\/\" rel=\"category\" data-term-id=\"151\"><span class=\"tg-item-term\" >COOP<\/span><\/a><span>, <\/span><a class=\"filtres_des_entreprises\" href=\"https:\/\/fonds-risq.qc.ca\/en\/filtres_des_entreprises\/education-en\/\" rel=\"category\" data-term-id=\"136\"><span class=\"tg-item-term\" >Education<\/span><\/a><span>, <\/span><a class=\"filtres_des_entreprises\" href=\"https:\/\/fonds-risq.qc.ca\/en\/filtres_des_entreprises\/loisirs-divertissement-en\/\" rel=\"category\" data-term-id=\"190\"><span class=\"tg-item-term\" >Loisirs-Divertissement<\/span><\/a><span>, <\/span><a class=\"filtres_des_entreprises\" href=\"https:\/\/fonds-risq.qc.ca\/en\/filtres_des_entreprises\/montreal-en\/\" rel=\"category\" data-term-id=\"128\"><span class=\"tg-item-term\" >Montr\u00e9al<\/span><\/a><\/span><p class=\"tg-item-excerpt\">La Coop\u00e9rative des professeurs de musique est une \u00e9cole de musique qui a \u00e9t\u00e9 fond\u00e9e en 2009. L'entreprise a \u00e9t\u00e9 cr\u00e9\u00e9e pour permettre aux musiciens professionnels d\u2019enseigner leur art tout en \u00e9tant r\u00e9mun\u00e9r\u00e9 justement. La coop\u00e9rative...<\/p><div class=\"tg-item-footer\"><a class=\"tg-item-comment\" href=\"https:\/\/fonds-risq.qc.ca\/en\/entreprise\/cooperative-des-professeurs-de-musique-de-montreal\/\"  target=\"_self\">No comment<\/a><span class=\"no-ajaxy to-post-like no-liked empty-heart\" data-post-id=\"5157\" title=\"Like\"><span class=\"to-heart-icon\"><svg xmlns=\"http:\/\/www.w3.org\/2000\/svg\" version=\"1.1\" viewBox=\"0 0 64 64\"><g transform=\"translate(0, 0)\"><path stroke-width=\"6\" stroke-linecap=\"square\" stroke-miterlimit=\"10\" d=\"M1,21c0,20,31,38,31,38s31-18,31-38 c0-8.285-6-16-15-16c-8.285,0-16,5.715-16,14c0-8.285-7.715-14-16-14C7,5,1,12.715,1,21z\"><\/path><\/g><\/svg><\/span><span class=\"to-like-count\">0<\/span><\/span><\/div><\/div><\/div><\/article><!-- The Grid item #404 --><article class=\"tg-item tg-post-5160 kampala f224 f223 f148 f141 f132 f150 f174 f146\" data-row=\"1\" data-col=\"1\"><div class=\"tg-item-inner\"><div class=\"tg-item-media-holder tg-light\"><div class=\"tg-item-media-inner\"><img decoding=\"async\" class=\"tg-item-image\" alt=\"\" width=\"1240\" height=\"700\" src=\"https:\/\/fonds-risq.qc.ca\/wp-content\/uploads\/2016\/11\/103-3FM.jpg\"><\/div><div class=\"tg-center-holder\"><div class=\"tg-center-inner\"><div class=\"tg-item-overlay\" style=\"background-color:#b7c634\"><\/div><a class=\"tg-link-button\" href=\"https:\/\/fonds-risq.qc.ca\/en\/entreprise\/radio-communautaire-de-la-rive-sud-inc\/\" target=\"_self\"><i class=\"tg-icon-link\"><\/i><\/a><\/div><\/div><div class=\"tg-item-decoration\"><div class=\"triangle-down-right\" style=\"border-color:#b7c634\"><\/div><\/div><div class=\"tg-item-share-holder\"><div class=\"triangle-up-left\" style=\"border-color:#b7c634\"><\/div><i class=\"tg-icon-reply\" style=\"color:#ffffff\"><\/i><div class=\"tg-share-icons\"><a class=\"tg-social-share tg-facebook\" href=\"https:\/\/www.facebook.com\/sharer.php?u=https%3A%2F%2Ffonds-risq.qc.ca%2Fen%2Fentreprise%2Fradio-communautaire-de-la-rive-sud-inc%2F&#038;t=Radio%20communautaire%20de%20la%20Rive-Sud%20inc.\"><i class=\"tg-icon-facebook\"><\/i><\/a><a class=\"tg-social-share tg-twitter\" href=\"https:\/\/twitter.com\/share?url=https%3A%2F%2Ffonds-risq.qc.ca%2Fen%2Fentreprise%2Fradio-communautaire-de-la-rive-sud-inc%2F&#038;text=Radio%20communautaire%20de%20la%20Rive-Sud%20inc.\"><i class=\"tg-icon-twitter\"><\/i><\/a><a class=\"tg-social-share tg-google-plus\" href=\"https:\/\/plus.google.com\/share?url=https%3A%2F%2Ffonds-risq.qc.ca%2Fen%2Fentreprise%2Fradio-communautaire-de-la-rive-sud-inc%2F\"><i class=\"tg-icon-google-plus\"><\/i><\/a><a class=\"tg-social-share tg-pinterest\" href=\"https:\/\/pinterest.com\/pin\/create\/button\/?url=https%3A%2F%2Ffonds-risq.qc.ca%2Fen%2Fentreprise%2Fradio-communautaire-de-la-rive-sud-inc%2F&#038;description=Radio%20communautaire%20de%20la%20Rive-Sud%20inc.&#038;media=https%3A%2F%2Ffonds-risq.qc.ca%2Fwp-content%2Fuploads%2F2016%2F11%2F103-3FM.jpg\"><i class=\"tg-icon-pinterest\"><\/i><\/a><\/div><\/div><\/div><div class=\"tg-item-content-holder tg-light image-format\" style=\"background-color:#b7c634\"><span class=\"tg-item-date\">18 November 2016<\/span><h2 class=\"tg-item-title\"><a href=\"https:\/\/fonds-risq.qc.ca\/en\/entreprise\/radio-communautaire-de-la-rive-sud-inc\/\" target=\"_self\">Radio communautaire de la Rive-Sud inc.<\/a><\/h2><span class=\"tg-cats-holder\"><a class=\"filtres_des_entreprises\" href=\"https:\/\/fonds-risq.qc.ca\/en\/filtres_des_entreprises\/2016-en\/\" rel=\"category\" data-term-id=\"224\"><span class=\"tg-item-term\" >2016<\/span><\/a><span>, <\/span><a class=\"filtres_des_entreprises\" href=\"https:\/\/fonds-risq.qc.ca\/en\/filtres_des_entreprises\/2018-en\/\" rel=\"category\" data-term-id=\"223\"><span class=\"tg-item-term\" >2018<\/span><\/a><span>, <\/span><a class=\"filtres_des_entreprises\" href=\"https:\/\/fonds-risq.qc.ca\/en\/filtres_des_entreprises\/capitalization-loan\/\" rel=\"category\" data-term-id=\"148\"><span class=\"tg-item-term\" >Capitalization loan<\/span><\/a><span>, <\/span><a class=\"filtres_des_entreprises\" href=\"https:\/\/fonds-risq.qc.ca\/en\/filtres_des_entreprises\/communication-en\/\" rel=\"category\" data-term-id=\"141\"><span class=\"tg-item-term\" >Communication<\/span><\/a><span>, <\/span><a class=\"filtres_des_entreprises\" href=\"https:\/\/fonds-risq.qc.ca\/en\/filtres_des_entreprises\/monteregie-en\/\" rel=\"category\" data-term-id=\"132\"><span class=\"tg-item-term\" >Mont\u00e9r\u00e9gie<\/span><\/a><span>, <\/span><a class=\"filtres_des_entreprises\" href=\"https:\/\/fonds-risq.qc.ca\/en\/filtres_des_entreprises\/npo\/\" rel=\"category\" data-term-id=\"150\"><span class=\"tg-item-term\" >NPO<\/span><\/a><span>, <\/span><a class=\"filtres_des_entreprises\" href=\"https:\/\/fonds-risq.qc.ca\/en\/filtres_des_entreprises\/radio-en\/\" rel=\"category\" data-term-id=\"174\"><span class=\"tg-item-term\" >Radio<\/span><\/a><span>, <\/span><a class=\"filtres_des_entreprises\" href=\"https:\/\/fonds-risq.qc.ca\/en\/filtres_des_entreprises\/pret-pour-aide-technique-en\/\" rel=\"category\" data-term-id=\"146\"><span class=\"tg-item-term\" >Technical assistance loan<\/span><\/a><\/span><p class=\"tg-item-excerpt\">Le FM 103,3 est l'unique m\u00e9dia \u00e9lectronique \u00e0 produire des actualit\u00e9s rive-sudoises quotidiennement avec le choix musical francophone le plus important au Qu\u00e9bec. Le contenu culturel et social, ainsi que la programmation divertissante...<\/p><div class=\"tg-item-footer\"><a class=\"tg-item-comment\" href=\"https:\/\/fonds-risq.qc.ca\/en\/entreprise\/radio-communautaire-de-la-rive-sud-inc\/\"  target=\"_self\">No comment<\/a><span class=\"no-ajaxy to-post-like no-liked empty-heart\" data-post-id=\"5160\" title=\"Like\"><span class=\"to-heart-icon\"><svg xmlns=\"http:\/\/www.w3.org\/2000\/svg\" version=\"1.1\" viewBox=\"0 0 64 64\"><g transform=\"translate(0, 0)\"><path stroke-width=\"6\" stroke-linecap=\"square\" stroke-miterlimit=\"10\" d=\"M1,21c0,20,31,38,31,38s31-18,31-38 c0-8.285-6-16-15-16c-8.285,0-16,5.715-16,14c0-8.285-7.715-14-16-14C7,5,1,12.715,1,21z\"><\/path><\/g><\/svg><\/span><span class=\"to-like-count\">0<\/span><\/span><\/div><\/div><\/div><\/article><!-- The Grid item #405 --><article class=\"tg-item tg-post-5162 kampala f221 f224 f148 f173 f128 f150 f135 f146\" data-row=\"1\" data-col=\"1\"><div class=\"tg-item-inner\"><div class=\"tg-item-media-holder tg-light\"><div class=\"tg-item-media-inner\"><img decoding=\"async\" class=\"tg-item-image\" alt=\"\" width=\"1240\" height=\"700\" src=\"https:\/\/fonds-risq.qc.ca\/wp-content\/uploads\/2016\/11\/CPE.jpg\"><\/div><div class=\"tg-center-holder\"><div class=\"tg-center-inner\"><div class=\"tg-item-overlay\" style=\"background-color:#b7c634\"><\/div><a class=\"tg-link-button\" href=\"https:\/\/fonds-risq.qc.ca\/en\/entreprise\/cpe-populaire-st-michel\/\" target=\"_self\"><i class=\"tg-icon-link\"><\/i><\/a><\/div><\/div><div class=\"tg-item-decoration\"><div class=\"triangle-down-right\" style=\"border-color:#b7c634\"><\/div><\/div><div class=\"tg-item-share-holder\"><div class=\"triangle-up-left\" style=\"border-color:#b7c634\"><\/div><i class=\"tg-icon-reply\" style=\"color:#ffffff\"><\/i><div class=\"tg-share-icons\"><a class=\"tg-social-share tg-facebook\" href=\"https:\/\/www.facebook.com\/sharer.php?u=https%3A%2F%2Ffonds-risq.qc.ca%2Fen%2Fentreprise%2Fcpe-populaire-st-michel%2F&#038;t=CPE%20populaire%20St-Michel\"><i class=\"tg-icon-facebook\"><\/i><\/a><a class=\"tg-social-share tg-twitter\" href=\"https:\/\/twitter.com\/share?url=https%3A%2F%2Ffonds-risq.qc.ca%2Fen%2Fentreprise%2Fcpe-populaire-st-michel%2F&#038;text=CPE%20populaire%20St-Michel\"><i class=\"tg-icon-twitter\"><\/i><\/a><a class=\"tg-social-share tg-google-plus\" href=\"https:\/\/plus.google.com\/share?url=https%3A%2F%2Ffonds-risq.qc.ca%2Fen%2Fentreprise%2Fcpe-populaire-st-michel%2F\"><i class=\"tg-icon-google-plus\"><\/i><\/a><a class=\"tg-social-share tg-pinterest\" href=\"https:\/\/pinterest.com\/pin\/create\/button\/?url=https%3A%2F%2Ffonds-risq.qc.ca%2Fen%2Fentreprise%2Fcpe-populaire-st-michel%2F&#038;description=CPE%20populaire%20St-Michel&#038;media=https%3A%2F%2Ffonds-risq.qc.ca%2Fwp-content%2Fuploads%2F2016%2F11%2FCPE.jpg\"><i class=\"tg-icon-pinterest\"><\/i><\/a><\/div><\/div><\/div><div class=\"tg-item-content-holder tg-light image-format\" style=\"background-color:#b7c634\"><span class=\"tg-item-date\">18 November 2016<\/span><h2 class=\"tg-item-title\"><a href=\"https:\/\/fonds-risq.qc.ca\/en\/entreprise\/cpe-populaire-st-michel\/\" target=\"_self\">CPE populaire St-Michel<\/a><\/h2><span class=\"tg-cats-holder\"><a class=\"filtres_des_entreprises\" href=\"https:\/\/fonds-risq.qc.ca\/en\/filtres_des_entreprises\/2015-en\/\" rel=\"category\" data-term-id=\"221\"><span class=\"tg-item-term\" >2015<\/span><\/a><span>, <\/span><a class=\"filtres_des_entreprises\" href=\"https:\/\/fonds-risq.qc.ca\/en\/filtres_des_entreprises\/2016-en\/\" rel=\"category\" data-term-id=\"224\"><span class=\"tg-item-term\" >2016<\/span><\/a><span>, <\/span><a class=\"filtres_des_entreprises\" href=\"https:\/\/fonds-risq.qc.ca\/en\/filtres_des_entreprises\/capitalization-loan\/\" rel=\"category\" data-term-id=\"148\"><span class=\"tg-item-term\" >Capitalization loan<\/span><\/a><span>, <\/span><a class=\"filtres_des_entreprises\" href=\"https:\/\/fonds-risq.qc.ca\/en\/filtres_des_entreprises\/early-childhood\/\" rel=\"category\" data-term-id=\"173\"><span class=\"tg-item-term\" >Early childhood<\/span><\/a><span>, <\/span><a class=\"filtres_des_entreprises\" href=\"https:\/\/fonds-risq.qc.ca\/en\/filtres_des_entreprises\/montreal-en\/\" rel=\"category\" data-term-id=\"128\"><span class=\"tg-item-term\" >Montr\u00e9al<\/span><\/a><span>, <\/span><a class=\"filtres_des_entreprises\" href=\"https:\/\/fonds-risq.qc.ca\/en\/filtres_des_entreprises\/npo\/\" rel=\"category\" data-term-id=\"150\"><span class=\"tg-item-term\" >NPO<\/span><\/a><span>, <\/span><a class=\"filtres_des_entreprises\" href=\"https:\/\/fonds-risq.qc.ca\/en\/filtres_des_entreprises\/services-en\/\" rel=\"category\" data-term-id=\"135\"><span class=\"tg-item-term\" >Services<\/span><\/a><span>, <\/span><a class=\"filtres_des_entreprises\" href=\"https:\/\/fonds-risq.qc.ca\/en\/filtres_des_entreprises\/pret-pour-aide-technique-en\/\" rel=\"category\" data-term-id=\"146\"><span class=\"tg-item-term\" >Technical assistance loan<\/span><\/a><\/span><p class=\"tg-item-excerpt\">Le Centre de la petite enfance populaire St-Michel est \u00e9tabli dans le quartier depuis 1973.  Le CPE a connu plusieurs phases de d\u00e9veloppement. En 1973, 30 enfants fr\u00e9quentent le CPE. Et en 2016, nous retrouvons 220 enfants dans ses...<\/p><div class=\"tg-item-footer\"><a class=\"tg-item-comment\" href=\"https:\/\/fonds-risq.qc.ca\/en\/entreprise\/cpe-populaire-st-michel\/\"  target=\"_self\">No comment<\/a><span class=\"no-ajaxy to-post-like no-liked empty-heart\" data-post-id=\"5162\" title=\"Like\"><span class=\"to-heart-icon\"><svg xmlns=\"http:\/\/www.w3.org\/2000\/svg\" version=\"1.1\" viewBox=\"0 0 64 64\"><g transform=\"translate(0, 0)\"><path stroke-width=\"6\" stroke-linecap=\"square\" stroke-miterlimit=\"10\" d=\"M1,21c0,20,31,38,31,38s31-18,31-38 c0-8.285-6-16-15-16c-8.285,0-16,5.715-16,14c0-8.285-7.715-14-16-14C7,5,1,12.715,1,21z\"><\/path><\/g><\/svg><\/span><span class=\"to-like-count\">0<\/span><\/span><\/div><\/div><\/div><\/article><!-- The Grid item #406 --><article class=\"tg-item tg-post-9028 kampala f221 f148 f151 f128 f137\" data-row=\"1\" data-col=\"1\"><div class=\"tg-item-inner\"><div class=\"tg-item-media-holder tg-light\"><div class=\"tg-item-media-inner\"><img decoding=\"async\" class=\"tg-item-image\" alt=\"\" width=\"1240\" height=\"700\" src=\"https:\/\/fonds-risq.qc.ca\/wp-content\/uploads\/2016\/11\/CoopCoco.jpg\"><\/div><div class=\"tg-center-holder\"><div class=\"tg-center-inner\"><div class=\"tg-item-overlay\" style=\"background-color:#0097c8\"><\/div><a class=\"tg-link-button\" href=\"https:\/\/fonds-risq.qc.ca\/en\/entreprise\/coop-coco-et-calendula\/\" target=\"_self\"><i class=\"tg-icon-link\"><\/i><\/a><\/div><\/div><div class=\"tg-item-decoration\"><div class=\"triangle-down-right\" style=\"border-color:#0097c8\"><\/div><\/div><div class=\"tg-item-share-holder\"><div class=\"triangle-up-left\" style=\"border-color:#0097c8\"><\/div><i class=\"tg-icon-reply\" style=\"color:#ffffff\"><\/i><div class=\"tg-share-icons\"><a class=\"tg-social-share tg-facebook\" href=\"https:\/\/www.facebook.com\/sharer.php?u=https%3A%2F%2Ffonds-risq.qc.ca%2Fen%2Fentreprise%2Fcoop-coco-et-calendula%2F&#038;t=Coop%20Coco%20et%20Calendula\"><i class=\"tg-icon-facebook\"><\/i><\/a><a class=\"tg-social-share tg-twitter\" href=\"https:\/\/twitter.com\/share?url=https%3A%2F%2Ffonds-risq.qc.ca%2Fen%2Fentreprise%2Fcoop-coco-et-calendula%2F&#038;text=Coop%20Coco%20et%20Calendula\"><i class=\"tg-icon-twitter\"><\/i><\/a><a class=\"tg-social-share tg-google-plus\" href=\"https:\/\/plus.google.com\/share?url=https%3A%2F%2Ffonds-risq.qc.ca%2Fen%2Fentreprise%2Fcoop-coco-et-calendula%2F\"><i class=\"tg-icon-google-plus\"><\/i><\/a><a class=\"tg-social-share tg-pinterest\" href=\"https:\/\/pinterest.com\/pin\/create\/button\/?url=https%3A%2F%2Ffonds-risq.qc.ca%2Fen%2Fentreprise%2Fcoop-coco-et-calendula%2F&#038;description=Coop%20Coco%20et%20Calendula&#038;media=https%3A%2F%2Ffonds-risq.qc.ca%2Fwp-content%2Fuploads%2F2016%2F11%2FCoopCoco.jpg\"><i class=\"tg-icon-pinterest\"><\/i><\/a><\/div><\/div><\/div><div class=\"tg-item-content-holder tg-light image-format\" style=\"background-color:#0097c8\"><span class=\"tg-item-date\">18 November 2016<\/span><h2 class=\"tg-item-title\"><a href=\"https:\/\/fonds-risq.qc.ca\/en\/entreprise\/coop-coco-et-calendula\/\" target=\"_self\">Coop Coco et Calendula<\/a><\/h2><span class=\"tg-cats-holder\"><a class=\"filtres_des_entreprises\" href=\"https:\/\/fonds-risq.qc.ca\/en\/filtres_des_entreprises\/2015-en\/\" rel=\"category\" data-term-id=\"221\"><span class=\"tg-item-term\" >2015<\/span><\/a><span>, <\/span><a class=\"filtres_des_entreprises\" href=\"https:\/\/fonds-risq.qc.ca\/en\/filtres_des_entreprises\/capitalization-loan\/\" rel=\"category\" data-term-id=\"148\"><span class=\"tg-item-term\" >Capitalization loan<\/span><\/a><span>, <\/span><a class=\"filtres_des_entreprises\" href=\"https:\/\/fonds-risq.qc.ca\/en\/filtres_des_entreprises\/coop-en\/\" rel=\"category\" data-term-id=\"151\"><span class=\"tg-item-term\" >COOP<\/span><\/a><span>, <\/span><a class=\"filtres_des_entreprises\" href=\"https:\/\/fonds-risq.qc.ca\/en\/filtres_des_entreprises\/montreal-en\/\" rel=\"category\" data-term-id=\"128\"><span class=\"tg-item-term\" >Montr\u00e9al<\/span><\/a><span>, <\/span><a class=\"filtres_des_entreprises\" href=\"https:\/\/fonds-risq.qc.ca\/en\/filtres_des_entreprises\/retail-business\/\" rel=\"category\" data-term-id=\"137\"><span class=\"tg-item-term\" >Retail business<\/span><\/a><\/span><p class=\"tg-item-excerpt\">La Coop Coco et Calendula offre la gamme la plus diversifi\u00e9e de mati\u00e8res premi\u00e8res cosm\u00e9tiques au Qu\u00e9bec, permettant ainsi \u00e0 ses clients de contr\u00f4ler les ingr\u00e9dients qui composent leurs produits quotidiens. Elle offre \u00e9galement un...<\/p><div class=\"tg-item-footer\"><a class=\"tg-item-comment\" href=\"https:\/\/fonds-risq.qc.ca\/en\/entreprise\/coop-coco-et-calendula\/\"  target=\"_self\">No comment<\/a><span class=\"no-ajaxy to-post-like no-liked empty-heart\" data-post-id=\"9028\" title=\"Like\"><span class=\"to-heart-icon\"><svg xmlns=\"http:\/\/www.w3.org\/2000\/svg\" version=\"1.1\" viewBox=\"0 0 64 64\"><g transform=\"translate(0, 0)\"><path stroke-width=\"6\" stroke-linecap=\"square\" stroke-miterlimit=\"10\" d=\"M1,21c0,20,31,38,31,38s31-18,31-38 c0-8.285-6-16-15-16c-8.285,0-16,5.715-16,14c0-8.285-7.715-14-16-14C7,5,1,12.715,1,21z\"><\/path><\/g><\/svg><\/span><span class=\"to-like-count\">0<\/span><\/span><\/div><\/div><\/div><\/article><!-- The Grid item #407 --><article class=\"tg-item tg-post-9033 kampala f221 f134 f148 f128 f150\" data-row=\"1\" data-col=\"1\"><div class=\"tg-item-inner\"><div class=\"tg-item-media-holder tg-light\"><div class=\"tg-item-media-inner\"><img decoding=\"async\" class=\"tg-item-image\" alt=\"\" width=\"1240\" height=\"700\" src=\"https:\/\/fonds-risq.qc.ca\/wp-content\/uploads\/2016\/11\/PrimaDanse.jpg\"><\/div><div class=\"tg-center-holder\"><div class=\"tg-center-inner\"><div class=\"tg-item-overlay\" style=\"background-color:#0097c8\"><\/div><a class=\"tg-link-button\" href=\"https:\/\/fonds-risq.qc.ca\/en\/entreprise\/prima-danse\/\" target=\"_self\"><i class=\"tg-icon-link\"><\/i><\/a><\/div><\/div><div class=\"tg-item-decoration\"><div class=\"triangle-down-right\" style=\"border-color:#0097c8\"><\/div><\/div><div class=\"tg-item-share-holder\"><div class=\"triangle-up-left\" style=\"border-color:#0097c8\"><\/div><i class=\"tg-icon-reply\" style=\"color:#ffffff\"><\/i><div class=\"tg-share-icons\"><a class=\"tg-social-share tg-facebook\" href=\"https:\/\/www.facebook.com\/sharer.php?u=https%3A%2F%2Ffonds-risq.qc.ca%2Fen%2Fentreprise%2Fprima-danse%2F&#038;t=Prima%20Danse\"><i class=\"tg-icon-facebook\"><\/i><\/a><a class=\"tg-social-share tg-twitter\" href=\"https:\/\/twitter.com\/share?url=https%3A%2F%2Ffonds-risq.qc.ca%2Fen%2Fentreprise%2Fprima-danse%2F&#038;text=Prima%20Danse\"><i class=\"tg-icon-twitter\"><\/i><\/a><a class=\"tg-social-share tg-google-plus\" href=\"https:\/\/plus.google.com\/share?url=https%3A%2F%2Ffonds-risq.qc.ca%2Fen%2Fentreprise%2Fprima-danse%2F\"><i class=\"tg-icon-google-plus\"><\/i><\/a><a class=\"tg-social-share tg-pinterest\" href=\"https:\/\/pinterest.com\/pin\/create\/button\/?url=https%3A%2F%2Ffonds-risq.qc.ca%2Fen%2Fentreprise%2Fprima-danse%2F&#038;description=Prima%20Danse&#038;media=https%3A%2F%2Ffonds-risq.qc.ca%2Fwp-content%2Fuploads%2F2016%2F11%2FPrimaDanse.jpg\"><i class=\"tg-icon-pinterest\"><\/i><\/a><\/div><\/div><\/div><div class=\"tg-item-content-holder tg-light image-format\" style=\"background-color:#0097c8\"><span class=\"tg-item-date\">18 November 2016<\/span><h2 class=\"tg-item-title\"><a href=\"https:\/\/fonds-risq.qc.ca\/en\/entreprise\/prima-danse\/\" target=\"_self\">Prima Danse<\/a><\/h2><span class=\"tg-cats-holder\"><a class=\"filtres_des_entreprises\" href=\"https:\/\/fonds-risq.qc.ca\/en\/filtres_des_entreprises\/2015-en\/\" rel=\"category\" data-term-id=\"221\"><span class=\"tg-item-term\" >2015<\/span><\/a><span>, <\/span><a class=\"filtres_des_entreprises\" href=\"https:\/\/fonds-risq.qc.ca\/en\/filtres_des_entreprises\/arts-and-culture\/\" rel=\"category\" data-term-id=\"134\"><span class=\"tg-item-term\" >Arts and culture<\/span><\/a><span>, <\/span><a class=\"filtres_des_entreprises\" href=\"https:\/\/fonds-risq.qc.ca\/en\/filtres_des_entreprises\/capitalization-loan\/\" rel=\"category\" data-term-id=\"148\"><span class=\"tg-item-term\" >Capitalization loan<\/span><\/a><span>, <\/span><a class=\"filtres_des_entreprises\" href=\"https:\/\/fonds-risq.qc.ca\/en\/filtres_des_entreprises\/montreal-en\/\" rel=\"category\" data-term-id=\"128\"><span class=\"tg-item-term\" >Montr\u00e9al<\/span><\/a><span>, <\/span><a class=\"filtres_des_entreprises\" href=\"https:\/\/fonds-risq.qc.ca\/en\/filtres_des_entreprises\/npo\/\" rel=\"category\" data-term-id=\"150\"><span class=\"tg-item-term\" >NPO<\/span><\/a><\/span><p class=\"tg-item-excerpt\">Depuis 2010, Prima Danse est une entreprise d\u2019\u00e9conomie sociale dont la mission est d\u2019utiliser la danse comme moyen d'intervention sociale et comme fa\u00e7on d'adopter un mode de vie sain aupr\u00e8s de diff\u00e9rentes client\u00e8les dites vuln\u00e9rables...<\/p><div class=\"tg-item-footer\"><a class=\"tg-item-comment\" href=\"https:\/\/fonds-risq.qc.ca\/en\/entreprise\/prima-danse\/\"  target=\"_self\">No comment<\/a><span class=\"no-ajaxy to-post-like no-liked empty-heart\" data-post-id=\"9033\" title=\"Like\"><span class=\"to-heart-icon\"><svg xmlns=\"http:\/\/www.w3.org\/2000\/svg\" version=\"1.1\" viewBox=\"0 0 64 64\"><g transform=\"translate(0, 0)\"><path stroke-width=\"6\" stroke-linecap=\"square\" stroke-miterlimit=\"10\" d=\"M1,21c0,20,31,38,31,38s31-18,31-38 c0-8.285-6-16-15-16c-8.285,0-16,5.715-16,14c0-8.285-7.715-14-16-14C7,5,1,12.715,1,21z\"><\/path><\/g><\/svg><\/span><span class=\"to-like-count\">0<\/span><\/span><\/div><\/div><\/div><\/article><!-- The Grid item #408 --><article class=\"tg-item tg-post-9037 kampala f221 f134 f148 f128 f150\" data-row=\"1\" data-col=\"1\"><div class=\"tg-item-inner\"><div class=\"tg-item-media-holder tg-light\"><div class=\"tg-item-media-inner\"><img decoding=\"async\" class=\"tg-item-image\" alt=\"\" width=\"1240\" height=\"700\" src=\"https:\/\/fonds-risq.qc.ca\/wp-content\/uploads\/2016\/11\/FeuxSacre-2.jpg\"><\/div><div class=\"tg-center-holder\"><div class=\"tg-center-inner\"><div class=\"tg-item-overlay\" style=\"background-color:#0097c8\"><\/div><a class=\"tg-link-button\" href=\"https:\/\/fonds-risq.qc.ca\/en\/entreprise\/les-productions-feux-sacres\/\" target=\"_self\"><i class=\"tg-icon-link\"><\/i><\/a><\/div><\/div><div class=\"tg-item-decoration\"><div class=\"triangle-down-right\" style=\"border-color:#0097c8\"><\/div><\/div><div class=\"tg-item-share-holder\"><div class=\"triangle-up-left\" style=\"border-color:#0097c8\"><\/div><i class=\"tg-icon-reply\" style=\"color:#ffffff\"><\/i><div class=\"tg-share-icons\"><a class=\"tg-social-share tg-facebook\" href=\"https:\/\/www.facebook.com\/sharer.php?u=https%3A%2F%2Ffonds-risq.qc.ca%2Fen%2Fentreprise%2Fles-productions-feux-sacres%2F&#038;t=Les%20productions%20Feux%20sacr%C3%A9s\"><i class=\"tg-icon-facebook\"><\/i><\/a><a class=\"tg-social-share tg-twitter\" href=\"https:\/\/twitter.com\/share?url=https%3A%2F%2Ffonds-risq.qc.ca%2Fen%2Fentreprise%2Fles-productions-feux-sacres%2F&#038;text=Les%20productions%20Feux%20sacr%C3%A9s\"><i class=\"tg-icon-twitter\"><\/i><\/a><a class=\"tg-social-share tg-google-plus\" href=\"https:\/\/plus.google.com\/share?url=https%3A%2F%2Ffonds-risq.qc.ca%2Fen%2Fentreprise%2Fles-productions-feux-sacres%2F\"><i class=\"tg-icon-google-plus\"><\/i><\/a><a class=\"tg-social-share tg-pinterest\" href=\"https:\/\/pinterest.com\/pin\/create\/button\/?url=https%3A%2F%2Ffonds-risq.qc.ca%2Fen%2Fentreprise%2Fles-productions-feux-sacres%2F&#038;description=Les%20productions%20Feux%20sacr%C3%A9s&#038;media=https%3A%2F%2Ffonds-risq.qc.ca%2Fwp-content%2Fuploads%2F2016%2F11%2FFeuxSacre-2.jpg\"><i class=\"tg-icon-pinterest\"><\/i><\/a><\/div><\/div><\/div><div class=\"tg-item-content-holder tg-light image-format\" style=\"background-color:#0097c8\"><span class=\"tg-item-date\">18 November 2016<\/span><h2 class=\"tg-item-title\"><a href=\"https:\/\/fonds-risq.qc.ca\/en\/entreprise\/les-productions-feux-sacres\/\" target=\"_self\">Les productions Feux sacr\u00e9s<\/a><\/h2><span class=\"tg-cats-holder\"><a class=\"filtres_des_entreprises\" href=\"https:\/\/fonds-risq.qc.ca\/en\/filtres_des_entreprises\/2015-en\/\" rel=\"category\" data-term-id=\"221\"><span class=\"tg-item-term\" >2015<\/span><\/a><span>, <\/span><a class=\"filtres_des_entreprises\" href=\"https:\/\/fonds-risq.qc.ca\/en\/filtres_des_entreprises\/arts-and-culture\/\" rel=\"category\" data-term-id=\"134\"><span class=\"tg-item-term\" >Arts and culture<\/span><\/a><span>, <\/span><a class=\"filtres_des_entreprises\" href=\"https:\/\/fonds-risq.qc.ca\/en\/filtres_des_entreprises\/capitalization-loan\/\" rel=\"category\" data-term-id=\"148\"><span class=\"tg-item-term\" >Capitalization loan<\/span><\/a><span>, <\/span><a class=\"filtres_des_entreprises\" href=\"https:\/\/fonds-risq.qc.ca\/en\/filtres_des_entreprises\/montreal-en\/\" rel=\"category\" data-term-id=\"128\"><span class=\"tg-item-term\" >Montr\u00e9al<\/span><\/a><span>, <\/span><a class=\"filtres_des_entreprises\" href=\"https:\/\/fonds-risq.qc.ca\/en\/filtres_des_entreprises\/npo\/\" rel=\"category\" data-term-id=\"150\"><span class=\"tg-item-term\" >NPO<\/span><\/a><\/span><p class=\"tg-item-excerpt\">OBNL culturel et autochtone, les Productions Feux Sacr\u00e9s existent depuis 2012 et ont pour mission de faire rayonner les artistes autochtones, tout en favorisant leur d\u00e9veloppement professionnel, social et \u00e9conomique....<\/p><div class=\"tg-item-footer\"><a class=\"tg-item-comment\" href=\"https:\/\/fonds-risq.qc.ca\/en\/entreprise\/les-productions-feux-sacres\/\"  target=\"_self\">No comment<\/a><span class=\"no-ajaxy to-post-like no-liked empty-heart\" data-post-id=\"9037\" title=\"Like\"><span class=\"to-heart-icon\"><svg xmlns=\"http:\/\/www.w3.org\/2000\/svg\" version=\"1.1\" viewBox=\"0 0 64 64\"><g transform=\"translate(0, 0)\"><path stroke-width=\"6\" stroke-linecap=\"square\" stroke-miterlimit=\"10\" d=\"M1,21c0,20,31,38,31,38s31-18,31-38 c0-8.285-6-16-15-16c-8.285,0-16,5.715-16,14c0-8.285-7.715-14-16-14C7,5,1,12.715,1,21z\"><\/path><\/g><\/svg><\/span><span class=\"to-like-count\">0<\/span><\/span><\/div><\/div><\/div><\/article><!-- The Grid item #409 --><article class=\"tg-item tg-post-9042 kampala f221 f130 f148 f151 f170\" data-row=\"1\" data-col=\"1\"><div class=\"tg-item-inner\"><div class=\"tg-item-media-holder tg-light\"><div class=\"tg-item-media-inner\"><img decoding=\"async\" class=\"tg-item-image\" alt=\"\" width=\"1240\" height=\"700\" src=\"https:\/\/fonds-risq.qc.ca\/wp-content\/uploads\/2016\/11\/GrandsBois.jpg\"><\/div><div class=\"tg-center-holder\"><div class=\"tg-center-inner\"><div class=\"tg-item-overlay\" style=\"background-color:#0097c8\"><\/div><a class=\"tg-link-button\" href=\"https:\/\/fonds-risq.qc.ca\/en\/entreprise\/microbrasserie-les-grands-bois\/\" target=\"_self\"><i class=\"tg-icon-link\"><\/i><\/a><\/div><\/div><div class=\"tg-item-decoration\"><div class=\"triangle-down-right\" style=\"border-color:#0097c8\"><\/div><\/div><div class=\"tg-item-share-holder\"><div class=\"triangle-up-left\" style=\"border-color:#0097c8\"><\/div><i class=\"tg-icon-reply\" style=\"color:#ffffff\"><\/i><div class=\"tg-share-icons\"><a class=\"tg-social-share tg-facebook\" href=\"https:\/\/www.facebook.com\/sharer.php?u=https%3A%2F%2Ffonds-risq.qc.ca%2Fen%2Fentreprise%2Fmicrobrasserie-les-grands-bois%2F&#038;t=Microbrasserie%20Les%20Grands%20Bois\"><i class=\"tg-icon-facebook\"><\/i><\/a><a class=\"tg-social-share tg-twitter\" href=\"https:\/\/twitter.com\/share?url=https%3A%2F%2Ffonds-risq.qc.ca%2Fen%2Fentreprise%2Fmicrobrasserie-les-grands-bois%2F&#038;text=Microbrasserie%20Les%20Grands%20Bois\"><i class=\"tg-icon-twitter\"><\/i><\/a><a class=\"tg-social-share tg-google-plus\" href=\"https:\/\/plus.google.com\/share?url=https%3A%2F%2Ffonds-risq.qc.ca%2Fen%2Fentreprise%2Fmicrobrasserie-les-grands-bois%2F\"><i class=\"tg-icon-google-plus\"><\/i><\/a><a class=\"tg-social-share tg-pinterest\" href=\"https:\/\/pinterest.com\/pin\/create\/button\/?url=https%3A%2F%2Ffonds-risq.qc.ca%2Fen%2Fentreprise%2Fmicrobrasserie-les-grands-bois%2F&#038;description=Microbrasserie%20Les%20Grands%20Bois&#038;media=https%3A%2F%2Ffonds-risq.qc.ca%2Fwp-content%2Fuploads%2F2016%2F11%2FGrandsBois.jpg\"><i class=\"tg-icon-pinterest\"><\/i><\/a><\/div><\/div><\/div><div class=\"tg-item-content-holder tg-light image-format\" style=\"background-color:#0097c8\"><span class=\"tg-item-date\">18 November 2016<\/span><h2 class=\"tg-item-title\"><a href=\"https:\/\/fonds-risq.qc.ca\/en\/entreprise\/microbrasserie-les-grands-bois\/\" target=\"_self\">Microbrasserie Les Grands Bois<\/a><\/h2><span class=\"tg-cats-holder\"><a class=\"filtres_des_entreprises\" href=\"https:\/\/fonds-risq.qc.ca\/en\/filtres_des_entreprises\/2015-en\/\" rel=\"category\" data-term-id=\"221\"><span class=\"tg-item-term\" >2015<\/span><\/a><span>, <\/span><a class=\"filtres_des_entreprises\" href=\"https:\/\/fonds-risq.qc.ca\/en\/filtres_des_entreprises\/capitale-nationale-en\/\" rel=\"category\" data-term-id=\"130\"><span class=\"tg-item-term\" >Capitale-Nationale<\/span><\/a><span>, <\/span><a class=\"filtres_des_entreprises\" href=\"https:\/\/fonds-risq.qc.ca\/en\/filtres_des_entreprises\/capitalization-loan\/\" rel=\"category\" data-term-id=\"148\"><span class=\"tg-item-term\" >Capitalization loan<\/span><\/a><span>, <\/span><a class=\"filtres_des_entreprises\" href=\"https:\/\/fonds-risq.qc.ca\/en\/filtres_des_entreprises\/coop-en\/\" rel=\"category\" data-term-id=\"151\"><span class=\"tg-item-term\" >COOP<\/span><\/a><span>, <\/span><a class=\"filtres_des_entreprises\" href=\"https:\/\/fonds-risq.qc.ca\/en\/filtres_des_entreprises\/craft-brewery\/\" rel=\"category\" data-term-id=\"170\"><span class=\"tg-item-term\" >Craft brewery<\/span><\/a><\/span><p class=\"tg-item-excerpt\">Situ\u00e9e \u00e0 Saint-Casimir, dans un ancien cin\u00e9ma datant de 1946, la microbrasserie Les Grands Bois produit depuis cette ann\u00e9e des bi\u00e8res artisanales de grande qualit\u00e9 et au go\u00fbt unique ! En plus d\u2019accueillir les visiteurs dans une...<\/p><div class=\"tg-item-footer\"><a class=\"tg-item-comment\" href=\"https:\/\/fonds-risq.qc.ca\/en\/entreprise\/microbrasserie-les-grands-bois\/\"  target=\"_self\">No comment<\/a><span class=\"no-ajaxy to-post-like no-liked empty-heart\" data-post-id=\"9042\" title=\"Like\"><span class=\"to-heart-icon\"><svg xmlns=\"http:\/\/www.w3.org\/2000\/svg\" version=\"1.1\" viewBox=\"0 0 64 64\"><g transform=\"translate(0, 0)\"><path stroke-width=\"6\" stroke-linecap=\"square\" stroke-miterlimit=\"10\" d=\"M1,21c0,20,31,38,31,38s31-18,31-38 c0-8.285-6-16-15-16c-8.285,0-16,5.715-16,14c0-8.285-7.715-14-16-14C7,5,1,12.715,1,21z\"><\/path><\/g><\/svg><\/span><span class=\"to-like-count\">0<\/span><\/span><\/div><\/div><\/div><\/article><!-- The Grid item #410 --><article class=\"tg-item tg-post-9047 kampala f221 f148 f129 f150 f174\" data-row=\"1\" data-col=\"1\"><div class=\"tg-item-inner\"><div class=\"tg-item-media-holder tg-light\"><div class=\"tg-item-media-inner\"><img decoding=\"async\" class=\"tg-item-image\" alt=\"\" width=\"1240\" height=\"700\" src=\"https:\/\/fonds-risq.qc.ca\/wp-content\/uploads\/2016\/11\/RadioShawi.jpg\"><\/div><div class=\"tg-center-holder\"><div class=\"tg-center-inner\"><div class=\"tg-item-overlay\" style=\"background-color:#0097c8\"><\/div><a class=\"tg-link-button\" href=\"https:\/\/fonds-risq.qc.ca\/en\/entreprise\/radio-shawinigan\/\" target=\"_self\"><i class=\"tg-icon-link\"><\/i><\/a><\/div><\/div><div class=\"tg-item-decoration\"><div class=\"triangle-down-right\" style=\"border-color:#0097c8\"><\/div><\/div><div class=\"tg-item-share-holder\"><div class=\"triangle-up-left\" style=\"border-color:#0097c8\"><\/div><i class=\"tg-icon-reply\" style=\"color:#ffffff\"><\/i><div class=\"tg-share-icons\"><a class=\"tg-social-share tg-facebook\" href=\"https:\/\/www.facebook.com\/sharer.php?u=https%3A%2F%2Ffonds-risq.qc.ca%2Fen%2Fentreprise%2Fradio-shawinigan%2F&#038;t=Radio%20Shawinigan\"><i class=\"tg-icon-facebook\"><\/i><\/a><a class=\"tg-social-share tg-twitter\" href=\"https:\/\/twitter.com\/share?url=https%3A%2F%2Ffonds-risq.qc.ca%2Fen%2Fentreprise%2Fradio-shawinigan%2F&#038;text=Radio%20Shawinigan\"><i class=\"tg-icon-twitter\"><\/i><\/a><a class=\"tg-social-share tg-google-plus\" href=\"https:\/\/plus.google.com\/share?url=https%3A%2F%2Ffonds-risq.qc.ca%2Fen%2Fentreprise%2Fradio-shawinigan%2F\"><i class=\"tg-icon-google-plus\"><\/i><\/a><a class=\"tg-social-share tg-pinterest\" href=\"https:\/\/pinterest.com\/pin\/create\/button\/?url=https%3A%2F%2Ffonds-risq.qc.ca%2Fen%2Fentreprise%2Fradio-shawinigan%2F&#038;description=Radio%20Shawinigan&#038;media=https%3A%2F%2Ffonds-risq.qc.ca%2Fwp-content%2Fuploads%2F2016%2F11%2FRadioShawi.jpg\"><i class=\"tg-icon-pinterest\"><\/i><\/a><\/div><\/div><\/div><div class=\"tg-item-content-holder tg-light image-format\" style=\"background-color:#0097c8\"><span class=\"tg-item-date\">18 November 2016<\/span><h2 class=\"tg-item-title\"><a href=\"https:\/\/fonds-risq.qc.ca\/en\/entreprise\/radio-shawinigan\/\" target=\"_self\">Radio Shawinigan<\/a><\/h2><span class=\"tg-cats-holder\"><a class=\"filtres_des_entreprises\" href=\"https:\/\/fonds-risq.qc.ca\/en\/filtres_des_entreprises\/2015-en\/\" rel=\"category\" data-term-id=\"221\"><span class=\"tg-item-term\" >2015<\/span><\/a><span>, <\/span><a class=\"filtres_des_entreprises\" href=\"https:\/\/fonds-risq.qc.ca\/en\/filtres_des_entreprises\/capitalization-loan\/\" rel=\"category\" data-term-id=\"148\"><span class=\"tg-item-term\" >Capitalization loan<\/span><\/a><span>, <\/span><a class=\"filtres_des_entreprises\" href=\"https:\/\/fonds-risq.qc.ca\/en\/filtres_des_entreprises\/mauricie-en\/\" rel=\"category\" data-term-id=\"129\"><span class=\"tg-item-term\" >Mauricie<\/span><\/a><span>, <\/span><a class=\"filtres_des_entreprises\" href=\"https:\/\/fonds-risq.qc.ca\/en\/filtres_des_entreprises\/npo\/\" rel=\"category\" data-term-id=\"150\"><span class=\"tg-item-term\" >NPO<\/span><\/a><span>, <\/span><a class=\"filtres_des_entreprises\" href=\"https:\/\/fonds-risq.qc.ca\/en\/filtres_des_entreprises\/radio-en\/\" rel=\"category\" data-term-id=\"174\"><span class=\"tg-item-term\" >Radio<\/span><\/a><\/span><p class=\"tg-item-excerpt\">Le FM 92,9 CFUT est la radio communautaire du centre de la Mauricie.  De par son rayonnement, elle peut rejoindre pr\u00e8s de 100\u00a0000 auditeurs de Trois-Rivi\u00e8res \u00e0 St-Tite \u2013 Le 92.9 privil\u00e9gie l\u2019information locale et r\u00e9gionale. On y...<\/p><div class=\"tg-item-footer\"><a class=\"tg-item-comment\" href=\"https:\/\/fonds-risq.qc.ca\/en\/entreprise\/radio-shawinigan\/\"  target=\"_self\">No comment<\/a><span class=\"no-ajaxy to-post-like no-liked empty-heart\" data-post-id=\"9047\" title=\"Like\"><span class=\"to-heart-icon\"><svg xmlns=\"http:\/\/www.w3.org\/2000\/svg\" version=\"1.1\" viewBox=\"0 0 64 64\"><g transform=\"translate(0, 0)\"><path stroke-width=\"6\" stroke-linecap=\"square\" stroke-miterlimit=\"10\" d=\"M1,21c0,20,31,38,31,38s31-18,31-38 c0-8.285-6-16-15-16c-8.285,0-16,5.715-16,14c0-8.285-7.715-14-16-14C7,5,1,12.715,1,21z\"><\/path><\/g><\/svg><\/span><span class=\"to-like-count\">0<\/span><\/span><\/div><\/div><\/div><\/article><!-- The Grid item #411 --><article class=\"tg-item tg-post-9052 kampala f221 f148 f143 f128 f150\" data-row=\"1\" data-col=\"1\"><div class=\"tg-item-inner\"><div class=\"tg-item-media-holder tg-light\"><div class=\"tg-item-media-inner\"><img decoding=\"async\" class=\"tg-item-image\" alt=\"\" width=\"1240\" height=\"700\" src=\"https:\/\/fonds-risq.qc.ca\/wp-content\/uploads\/2016\/11\/BoulotVers.jpg\"><\/div><div class=\"tg-center-holder\"><div class=\"tg-center-inner\"><div class=\"tg-item-overlay\" style=\"background-color:#0097c8\"><\/div><a class=\"tg-link-button\" href=\"https:\/\/fonds-risq.qc.ca\/en\/entreprise\/le-boulot-vers\/\" target=\"_self\"><i class=\"tg-icon-link\"><\/i><\/a><\/div><\/div><div class=\"tg-item-decoration\"><div class=\"triangle-down-right\" style=\"border-color:#0097c8\"><\/div><\/div><div class=\"tg-item-share-holder\"><div class=\"triangle-up-left\" style=\"border-color:#0097c8\"><\/div><i class=\"tg-icon-reply\" style=\"color:#ffffff\"><\/i><div class=\"tg-share-icons\"><a class=\"tg-social-share tg-facebook\" href=\"https:\/\/www.facebook.com\/sharer.php?u=https%3A%2F%2Ffonds-risq.qc.ca%2Fen%2Fentreprise%2Fle-boulot-vers%2F&#038;t=Le%20Boulot%20vers%E2%80%A6\"><i class=\"tg-icon-facebook\"><\/i><\/a><a class=\"tg-social-share tg-twitter\" href=\"https:\/\/twitter.com\/share?url=https%3A%2F%2Ffonds-risq.qc.ca%2Fen%2Fentreprise%2Fle-boulot-vers%2F&#038;text=Le%20Boulot%20vers%E2%80%A6\"><i class=\"tg-icon-twitter\"><\/i><\/a><a class=\"tg-social-share tg-google-plus\" href=\"https:\/\/plus.google.com\/share?url=https%3A%2F%2Ffonds-risq.qc.ca%2Fen%2Fentreprise%2Fle-boulot-vers%2F\"><i class=\"tg-icon-google-plus\"><\/i><\/a><a class=\"tg-social-share tg-pinterest\" href=\"https:\/\/pinterest.com\/pin\/create\/button\/?url=https%3A%2F%2Ffonds-risq.qc.ca%2Fen%2Fentreprise%2Fle-boulot-vers%2F&#038;description=Le%20Boulot%20vers%E2%80%A6&#038;media=https%3A%2F%2Ffonds-risq.qc.ca%2Fwp-content%2Fuploads%2F2016%2F11%2FBoulotVers.jpg\"><i class=\"tg-icon-pinterest\"><\/i><\/a><\/div><\/div><\/div><div class=\"tg-item-content-holder tg-light image-format\" style=\"background-color:#0097c8\"><span class=\"tg-item-date\">18 November 2016<\/span><h2 class=\"tg-item-title\"><a href=\"https:\/\/fonds-risq.qc.ca\/en\/entreprise\/le-boulot-vers\/\" target=\"_self\">Le Boulot vers&#8230;<\/a><\/h2><span class=\"tg-cats-holder\"><a class=\"filtres_des_entreprises\" href=\"https:\/\/fonds-risq.qc.ca\/en\/filtres_des_entreprises\/2015-en\/\" rel=\"category\" data-term-id=\"221\"><span class=\"tg-item-term\" >2015<\/span><\/a><span>, <\/span><a class=\"filtres_des_entreprises\" href=\"https:\/\/fonds-risq.qc.ca\/en\/filtres_des_entreprises\/capitalization-loan\/\" rel=\"category\" data-term-id=\"148\"><span class=\"tg-item-term\" >Capitalization loan<\/span><\/a><span>, <\/span><a class=\"filtres_des_entreprises\" href=\"https:\/\/fonds-risq.qc.ca\/en\/filtres_des_entreprises\/employability-services\/\" rel=\"category\" data-term-id=\"143\"><span class=\"tg-item-term\" >Employability Services<\/span><\/a><span>, <\/span><a class=\"filtres_des_entreprises\" href=\"https:\/\/fonds-risq.qc.ca\/en\/filtres_des_entreprises\/montreal-en\/\" rel=\"category\" data-term-id=\"128\"><span class=\"tg-item-term\" >Montr\u00e9al<\/span><\/a><span>, <\/span><a class=\"filtres_des_entreprises\" href=\"https:\/\/fonds-risq.qc.ca\/en\/filtres_des_entreprises\/npo\/\" rel=\"category\" data-term-id=\"150\"><span class=\"tg-item-term\" >NPO<\/span><\/a><\/span><p class=\"tg-item-excerpt\">Depuis 1983, Le Boulot vers\u2026 a contribu\u00e9 \u00e0 l\u2019insertion durable de plus de 3000 jeunes \u00e2g\u00e9s de 16 \u00e0 25 ans dans la soci\u00e9t\u00e9 et sur le march\u00e9 du travail. Des jeunes provenant principalement du quartier Hochelaga-Maisonneuve, auxquels se...<\/p><div class=\"tg-item-footer\"><a class=\"tg-item-comment\" href=\"https:\/\/fonds-risq.qc.ca\/en\/entreprise\/le-boulot-vers\/\"  target=\"_self\">No comment<\/a><span class=\"no-ajaxy to-post-like no-liked empty-heart\" data-post-id=\"9052\" title=\"Like\"><span class=\"to-heart-icon\"><svg xmlns=\"http:\/\/www.w3.org\/2000\/svg\" version=\"1.1\" viewBox=\"0 0 64 64\"><g transform=\"translate(0, 0)\"><path stroke-width=\"6\" stroke-linecap=\"square\" stroke-miterlimit=\"10\" d=\"M1,21c0,20,31,38,31,38s31-18,31-38 c0-8.285-6-16-15-16c-8.285,0-16,5.715-16,14c0-8.285-7.715-14-16-14C7,5,1,12.715,1,21z\"><\/path><\/g><\/svg><\/span><span class=\"to-like-count\">0<\/span><\/span><\/div><\/div><\/div><\/article><!-- The Grid item #412 --><article class=\"tg-item tg-post-9057 kampala f221 f139 f128 f150 f146\" data-row=\"1\" data-col=\"1\"><div class=\"tg-item-inner\"><div class=\"tg-item-media-holder tg-light\"><div class=\"tg-item-media-inner\"><img decoding=\"async\" class=\"tg-item-image\" alt=\"\" width=\"1277\" height=\"473\" src=\"https:\/\/fonds-risq.qc.ca\/wp-content\/uploads\/2016\/11\/Photo-Protec-terre.png\"><\/div><div class=\"tg-center-holder\"><div class=\"tg-center-inner\"><div class=\"tg-item-overlay\" style=\"background-color:#b7c634\"><\/div><a class=\"tg-link-button\" href=\"https:\/\/fonds-risq.qc.ca\/en\/entreprise\/protec-terre\/\" target=\"_self\"><i class=\"tg-icon-link\"><\/i><\/a><\/div><\/div><div class=\"tg-item-decoration\"><div class=\"triangle-down-right\" style=\"border-color:#b7c634\"><\/div><\/div><div class=\"tg-item-share-holder\"><div class=\"triangle-up-left\" style=\"border-color:#b7c634\"><\/div><i class=\"tg-icon-reply\" style=\"color:#ffffff\"><\/i><div class=\"tg-share-icons\"><a class=\"tg-social-share tg-facebook\" href=\"https:\/\/www.facebook.com\/sharer.php?u=https%3A%2F%2Ffonds-risq.qc.ca%2Fen%2Fentreprise%2Fprotec-terre%2F&#038;t=Protec-Terre\"><i class=\"tg-icon-facebook\"><\/i><\/a><a class=\"tg-social-share tg-twitter\" href=\"https:\/\/twitter.com\/share?url=https%3A%2F%2Ffonds-risq.qc.ca%2Fen%2Fentreprise%2Fprotec-terre%2F&#038;text=Protec-Terre\"><i class=\"tg-icon-twitter\"><\/i><\/a><a class=\"tg-social-share tg-google-plus\" href=\"https:\/\/plus.google.com\/share?url=https%3A%2F%2Ffonds-risq.qc.ca%2Fen%2Fentreprise%2Fprotec-terre%2F\"><i class=\"tg-icon-google-plus\"><\/i><\/a><a class=\"tg-social-share tg-pinterest\" href=\"https:\/\/pinterest.com\/pin\/create\/button\/?url=https%3A%2F%2Ffonds-risq.qc.ca%2Fen%2Fentreprise%2Fprotec-terre%2F&#038;description=Protec-Terre&#038;media=https%3A%2F%2Ffonds-risq.qc.ca%2Fwp-content%2Fuploads%2F2016%2F11%2FPhoto-Protec-terre.png\"><i class=\"tg-icon-pinterest\"><\/i><\/a><\/div><\/div><\/div><div class=\"tg-item-content-holder tg-light image-format\" style=\"background-color:#b7c634\"><span class=\"tg-item-date\">17 November 2016<\/span><h2 class=\"tg-item-title\"><a href=\"https:\/\/fonds-risq.qc.ca\/en\/entreprise\/protec-terre\/\" target=\"_self\">Protec-Terre<\/a><\/h2><span class=\"tg-cats-holder\"><a class=\"filtres_des_entreprises\" href=\"https:\/\/fonds-risq.qc.ca\/en\/filtres_des_entreprises\/2015-en\/\" rel=\"category\" data-term-id=\"221\"><span class=\"tg-item-term\" >2015<\/span><\/a><span>, <\/span><a class=\"filtres_des_entreprises\" href=\"https:\/\/fonds-risq.qc.ca\/en\/filtres_des_entreprises\/agriculture-en\/\" rel=\"category\" data-term-id=\"139\"><span class=\"tg-item-term\" >Agriculture<\/span><\/a><span>, <\/span><a class=\"filtres_des_entreprises\" href=\"https:\/\/fonds-risq.qc.ca\/en\/filtres_des_entreprises\/montreal-en\/\" rel=\"category\" data-term-id=\"128\"><span class=\"tg-item-term\" >Montr\u00e9al<\/span><\/a><span>, <\/span><a class=\"filtres_des_entreprises\" href=\"https:\/\/fonds-risq.qc.ca\/en\/filtres_des_entreprises\/npo\/\" rel=\"category\" data-term-id=\"150\"><span class=\"tg-item-term\" >NPO<\/span><\/a><span>, <\/span><a class=\"filtres_des_entreprises\" href=\"https:\/\/fonds-risq.qc.ca\/en\/filtres_des_entreprises\/pret-pour-aide-technique-en\/\" rel=\"category\" data-term-id=\"146\"><span class=\"tg-item-term\" >Technical assistance loan<\/span><\/a><\/span><p class=\"tg-item-excerpt\">OBNL cr\u00e9\u00e9 en 1999 \u00e0 la suite du constat de d\u00e9gradation acc\u00e9l\u00e9r\u00e9e du domaine agricole au Qu\u00e9bec et de la n\u00e9cessit\u00e9 d\u2019associer les consommateurs aux producteurs pour y faire face....<\/p><div class=\"tg-item-footer\"><a class=\"tg-item-comment\" href=\"https:\/\/fonds-risq.qc.ca\/en\/entreprise\/protec-terre\/\"  target=\"_self\">No comment<\/a><span class=\"no-ajaxy to-post-like no-liked empty-heart\" data-post-id=\"9057\" title=\"Like\"><span class=\"to-heart-icon\"><svg xmlns=\"http:\/\/www.w3.org\/2000\/svg\" version=\"1.1\" viewBox=\"0 0 64 64\"><g transform=\"translate(0, 0)\"><path stroke-width=\"6\" stroke-linecap=\"square\" stroke-miterlimit=\"10\" d=\"M1,21c0,20,31,38,31,38s31-18,31-38 c0-8.285-6-16-15-16c-8.285,0-16,5.715-16,14c0-8.285-7.715-14-16-14C7,5,1,12.715,1,21z\"><\/path><\/g><\/svg><\/span><span class=\"to-like-count\">0<\/span><\/span><\/div><\/div><\/div><\/article><!-- The Grid item #413 --><article class=\"tg-item tg-post-9062 kampala f221 f134 f128 f150 f146\" data-row=\"1\" data-col=\"1\"><div class=\"tg-item-inner\"><div class=\"tg-item-media-holder tg-light\"><div class=\"tg-item-media-inner\"><img decoding=\"async\" class=\"tg-item-image\" alt=\"\" width=\"1240\" height=\"700\" src=\"https:\/\/fonds-risq.qc.ca\/wp-content\/uploads\/2016\/11\/CirqueHorsPiste.jpg\"><\/div><div class=\"tg-center-holder\"><div class=\"tg-center-inner\"><div class=\"tg-item-overlay\" style=\"background-color:#b7c634\"><\/div><a class=\"tg-link-button\" href=\"https:\/\/fonds-risq.qc.ca\/en\/entreprise\/cirque-hors-piste\/\" target=\"_self\"><i class=\"tg-icon-link\"><\/i><\/a><\/div><\/div><div class=\"tg-item-decoration\"><div class=\"triangle-down-right\" style=\"border-color:#b7c634\"><\/div><\/div><div class=\"tg-item-share-holder\"><div class=\"triangle-up-left\" style=\"border-color:#b7c634\"><\/div><i class=\"tg-icon-reply\" style=\"color:#ffffff\"><\/i><div class=\"tg-share-icons\"><a class=\"tg-social-share tg-facebook\" href=\"https:\/\/www.facebook.com\/sharer.php?u=https%3A%2F%2Ffonds-risq.qc.ca%2Fen%2Fentreprise%2Fcirque-hors-piste%2F&#038;t=Cirque%20Hors%20Piste\"><i class=\"tg-icon-facebook\"><\/i><\/a><a class=\"tg-social-share tg-twitter\" href=\"https:\/\/twitter.com\/share?url=https%3A%2F%2Ffonds-risq.qc.ca%2Fen%2Fentreprise%2Fcirque-hors-piste%2F&#038;text=Cirque%20Hors%20Piste\"><i class=\"tg-icon-twitter\"><\/i><\/a><a class=\"tg-social-share tg-google-plus\" href=\"https:\/\/plus.google.com\/share?url=https%3A%2F%2Ffonds-risq.qc.ca%2Fen%2Fentreprise%2Fcirque-hors-piste%2F\"><i class=\"tg-icon-google-plus\"><\/i><\/a><a class=\"tg-social-share tg-pinterest\" href=\"https:\/\/pinterest.com\/pin\/create\/button\/?url=https%3A%2F%2Ffonds-risq.qc.ca%2Fen%2Fentreprise%2Fcirque-hors-piste%2F&#038;description=Cirque%20Hors%20Piste&#038;media=https%3A%2F%2Ffonds-risq.qc.ca%2Fwp-content%2Fuploads%2F2016%2F11%2FCirqueHorsPiste.jpg\"><i class=\"tg-icon-pinterest\"><\/i><\/a><\/div><\/div><\/div><div class=\"tg-item-content-holder tg-light image-format\" style=\"background-color:#b7c634\"><span class=\"tg-item-date\">17 November 2016<\/span><h2 class=\"tg-item-title\"><a href=\"https:\/\/fonds-risq.qc.ca\/en\/entreprise\/cirque-hors-piste\/\" target=\"_self\">Cirque Hors Piste<\/a><\/h2><span class=\"tg-cats-holder\"><a class=\"filtres_des_entreprises\" href=\"https:\/\/fonds-risq.qc.ca\/en\/filtres_des_entreprises\/2015-en\/\" rel=\"category\" data-term-id=\"221\"><span class=\"tg-item-term\" >2015<\/span><\/a><span>, <\/span><a class=\"filtres_des_entreprises\" href=\"https:\/\/fonds-risq.qc.ca\/en\/filtres_des_entreprises\/arts-and-culture\/\" rel=\"category\" data-term-id=\"134\"><span class=\"tg-item-term\" >Arts and culture<\/span><\/a><span>, <\/span><a class=\"filtres_des_entreprises\" href=\"https:\/\/fonds-risq.qc.ca\/en\/filtres_des_entreprises\/montreal-en\/\" rel=\"category\" data-term-id=\"128\"><span class=\"tg-item-term\" >Montr\u00e9al<\/span><\/a><span>, <\/span><a class=\"filtres_des_entreprises\" href=\"https:\/\/fonds-risq.qc.ca\/en\/filtres_des_entreprises\/npo\/\" rel=\"category\" data-term-id=\"150\"><span class=\"tg-item-term\" >NPO<\/span><\/a><span>, <\/span><a class=\"filtres_des_entreprises\" href=\"https:\/\/fonds-risq.qc.ca\/en\/filtres_des_entreprises\/pret-pour-aide-technique-en\/\" rel=\"category\" data-term-id=\"146\"><span class=\"tg-item-term\" >Technical assistance loan<\/span><\/a><\/span><p class=\"tg-item-excerpt\">Cirque Hors Piste offre aux personnes ayant un parcours de vie marginalis\u00e9 un espace alternatif et inclusif de cr\u00e9ation. L\u2019organisme favorise l\u2019apprentissage individuel et collectif par le biais des arts du cirque....<\/p><div class=\"tg-item-footer\"><a class=\"tg-item-comment\" href=\"https:\/\/fonds-risq.qc.ca\/en\/entreprise\/cirque-hors-piste\/\"  target=\"_self\">No comment<\/a><span class=\"no-ajaxy to-post-like no-liked empty-heart\" data-post-id=\"9062\" title=\"Like\"><span class=\"to-heart-icon\"><svg xmlns=\"http:\/\/www.w3.org\/2000\/svg\" version=\"1.1\" viewBox=\"0 0 64 64\"><g transform=\"translate(0, 0)\"><path stroke-width=\"6\" stroke-linecap=\"square\" stroke-miterlimit=\"10\" d=\"M1,21c0,20,31,38,31,38s31-18,31-38 c0-8.285-6-16-15-16c-8.285,0-16,5.715-16,14c0-8.285-7.715-14-16-14C7,5,1,12.715,1,21z\"><\/path><\/g><\/svg><\/span><span class=\"to-like-count\">0<\/span><\/span><\/div><\/div><\/div><\/article><!-- The Grid item #414 --><article class=\"tg-item tg-post-9067 kampala f221 f224 f136 f128 f150 f147 f146\" data-row=\"1\" data-col=\"1\"><div class=\"tg-item-inner\"><div class=\"tg-item-media-holder tg-light\"><div class=\"tg-item-media-inner\"><img decoding=\"async\" class=\"tg-item-image\" alt=\"\" width=\"1240\" height=\"700\" src=\"https:\/\/fonds-risq.qc.ca\/wp-content\/uploads\/2016\/11\/CarrefourDuPain.jpg\"><\/div><div class=\"tg-center-holder\"><div class=\"tg-center-inner\"><div class=\"tg-item-overlay\" style=\"background-color:#ee4224\"><\/div><a class=\"tg-link-button\" href=\"https:\/\/fonds-risq.qc.ca\/en\/entreprise\/carrefour-du-pain\/\" target=\"_self\"><i class=\"tg-icon-link\"><\/i><\/a><\/div><\/div><div class=\"tg-item-decoration\"><div class=\"triangle-down-right\" style=\"border-color:#ee4224\"><\/div><\/div><div class=\"tg-item-share-holder\"><div class=\"triangle-up-left\" style=\"border-color:#ee4224\"><\/div><i class=\"tg-icon-reply\" style=\"color:#ffffff\"><\/i><div class=\"tg-share-icons\"><a class=\"tg-social-share tg-facebook\" href=\"https:\/\/www.facebook.com\/sharer.php?u=https%3A%2F%2Ffonds-risq.qc.ca%2Fen%2Fentreprise%2Fcarrefour-du-pain%2F&#038;t=Carrefour%20du%20Pain\"><i class=\"tg-icon-facebook\"><\/i><\/a><a class=\"tg-social-share tg-twitter\" href=\"https:\/\/twitter.com\/share?url=https%3A%2F%2Ffonds-risq.qc.ca%2Fen%2Fentreprise%2Fcarrefour-du-pain%2F&#038;text=Carrefour%20du%20Pain\"><i class=\"tg-icon-twitter\"><\/i><\/a><a class=\"tg-social-share tg-google-plus\" href=\"https:\/\/plus.google.com\/share?url=https%3A%2F%2Ffonds-risq.qc.ca%2Fen%2Fentreprise%2Fcarrefour-du-pain%2F\"><i class=\"tg-icon-google-plus\"><\/i><\/a><a class=\"tg-social-share tg-pinterest\" href=\"https:\/\/pinterest.com\/pin\/create\/button\/?url=https%3A%2F%2Ffonds-risq.qc.ca%2Fen%2Fentreprise%2Fcarrefour-du-pain%2F&#038;description=Carrefour%20du%20Pain&#038;media=https%3A%2F%2Ffonds-risq.qc.ca%2Fwp-content%2Fuploads%2F2016%2F11%2FCarrefourDuPain.jpg\"><i class=\"tg-icon-pinterest\"><\/i><\/a><\/div><\/div><\/div><div class=\"tg-item-content-holder tg-light image-format\" style=\"background-color:#ee4224\"><span class=\"tg-item-date\">17 November 2016<\/span><h2 class=\"tg-item-title\"><a href=\"https:\/\/fonds-risq.qc.ca\/en\/entreprise\/carrefour-du-pain\/\" target=\"_self\">Carrefour du Pain<\/a><\/h2><span class=\"tg-cats-holder\"><a class=\"filtres_des_entreprises\" href=\"https:\/\/fonds-risq.qc.ca\/en\/filtres_des_entreprises\/2015-en\/\" rel=\"category\" data-term-id=\"221\"><span class=\"tg-item-term\" >2015<\/span><\/a><span>, <\/span><a class=\"filtres_des_entreprises\" href=\"https:\/\/fonds-risq.qc.ca\/en\/filtres_des_entreprises\/2016-en\/\" rel=\"category\" data-term-id=\"224\"><span class=\"tg-item-term\" >2016<\/span><\/a><span>, <\/span><a class=\"filtres_des_entreprises\" href=\"https:\/\/fonds-risq.qc.ca\/en\/filtres_des_entreprises\/education-en\/\" rel=\"category\" data-term-id=\"136\"><span class=\"tg-item-term\" >Education<\/span><\/a><span>, <\/span><a class=\"filtres_des_entreprises\" href=\"https:\/\/fonds-risq.qc.ca\/en\/filtres_des_entreprises\/montreal-en\/\" rel=\"category\" data-term-id=\"128\"><span class=\"tg-item-term\" >Montr\u00e9al<\/span><\/a><span>, <\/span><a class=\"filtres_des_entreprises\" href=\"https:\/\/fonds-risq.qc.ca\/en\/filtres_des_entreprises\/npo\/\" rel=\"category\" data-term-id=\"150\"><span class=\"tg-item-term\" >NPO<\/span><\/a><span>, <\/span><a class=\"filtres_des_entreprises\" href=\"https:\/\/fonds-risq.qc.ca\/en\/filtres_des_entreprises\/pre-startup-loan\/\" rel=\"category\" data-term-id=\"147\"><span class=\"tg-item-term\" >Pre-startup loan<\/span><\/a><span>, <\/span><a class=\"filtres_des_entreprises\" href=\"https:\/\/fonds-risq.qc.ca\/en\/filtres_des_entreprises\/pret-pour-aide-technique-en\/\" rel=\"category\" data-term-id=\"146\"><span class=\"tg-item-term\" >Technical assistance loan<\/span><\/a><\/span><p class=\"tg-item-excerpt\">Le Carrefour du Pain a vu le jour en mai 2016. Il s\u2019agit d\u2019une entreprise d\u2019\u00e9conomie sociale et d\u2019un plateau de travail qui a pour mission d\u2019initier des jeunes au m\u00e9tier de la boulangerie et d\u2019acqu\u00e9rir les comp\u00e9tences requises pour...<\/p><div class=\"tg-item-footer\"><a class=\"tg-item-comment\" href=\"https:\/\/fonds-risq.qc.ca\/en\/entreprise\/carrefour-du-pain\/\"  target=\"_self\">No comment<\/a><span class=\"no-ajaxy to-post-like no-liked empty-heart\" data-post-id=\"9067\" title=\"Like\"><span class=\"to-heart-icon\"><svg xmlns=\"http:\/\/www.w3.org\/2000\/svg\" version=\"1.1\" viewBox=\"0 0 64 64\"><g transform=\"translate(0, 0)\"><path stroke-width=\"6\" stroke-linecap=\"square\" stroke-miterlimit=\"10\" d=\"M1,21c0,20,31,38,31,38s31-18,31-38 c0-8.285-6-16-15-16c-8.285,0-16,5.715-16,14c0-8.285-7.715-14-16-14C7,5,1,12.715,1,21z\"><\/path><\/g><\/svg><\/span><span class=\"to-like-count\">0<\/span><\/span><\/div><\/div><\/div><\/article><!-- The Grid item #415 --><article class=\"tg-item tg-post-9077 kampala f224 f148 f128 f150 f135\" data-row=\"1\" data-col=\"1\"><div class=\"tg-item-inner\"><div class=\"tg-item-media-holder tg-light\"><div class=\"tg-item-media-inner\"><img decoding=\"async\" class=\"tg-item-image\" alt=\"\" width=\"1240\" height=\"700\" src=\"https:\/\/fonds-risq.qc.ca\/wp-content\/uploads\/2016\/11\/INM.jpg\"><\/div><div class=\"tg-center-holder\"><div class=\"tg-center-inner\"><div class=\"tg-item-overlay\" style=\"background-color:#0097c8\"><\/div><a class=\"tg-link-button\" href=\"https:\/\/fonds-risq.qc.ca\/en\/entreprise\/institut-du-nouveau-monde\/\" target=\"_self\"><i class=\"tg-icon-link\"><\/i><\/a><\/div><\/div><div class=\"tg-item-decoration\"><div class=\"triangle-down-right\" style=\"border-color:#0097c8\"><\/div><\/div><div class=\"tg-item-share-holder\"><div class=\"triangle-up-left\" style=\"border-color:#0097c8\"><\/div><i class=\"tg-icon-reply\" style=\"color:#ffffff\"><\/i><div class=\"tg-share-icons\"><a class=\"tg-social-share tg-facebook\" href=\"https:\/\/www.facebook.com\/sharer.php?u=https%3A%2F%2Ffonds-risq.qc.ca%2Fen%2Fentreprise%2Finstitut-du-nouveau-monde%2F&#038;t=Institut%20du%20Nouveau%20Monde\"><i class=\"tg-icon-facebook\"><\/i><\/a><a class=\"tg-social-share tg-twitter\" href=\"https:\/\/twitter.com\/share?url=https%3A%2F%2Ffonds-risq.qc.ca%2Fen%2Fentreprise%2Finstitut-du-nouveau-monde%2F&#038;text=Institut%20du%20Nouveau%20Monde\"><i class=\"tg-icon-twitter\"><\/i><\/a><a class=\"tg-social-share tg-google-plus\" href=\"https:\/\/plus.google.com\/share?url=https%3A%2F%2Ffonds-risq.qc.ca%2Fen%2Fentreprise%2Finstitut-du-nouveau-monde%2F\"><i class=\"tg-icon-google-plus\"><\/i><\/a><a class=\"tg-social-share tg-pinterest\" href=\"https:\/\/pinterest.com\/pin\/create\/button\/?url=https%3A%2F%2Ffonds-risq.qc.ca%2Fen%2Fentreprise%2Finstitut-du-nouveau-monde%2F&#038;description=Institut%20du%20Nouveau%20Monde&#038;media=https%3A%2F%2Ffonds-risq.qc.ca%2Fwp-content%2Fuploads%2F2016%2F11%2FINM.jpg\"><i class=\"tg-icon-pinterest\"><\/i><\/a><\/div><\/div><\/div><div class=\"tg-item-content-holder tg-light image-format\" style=\"background-color:#0097c8\"><span class=\"tg-item-date\">17 November 2016<\/span><h2 class=\"tg-item-title\"><a href=\"https:\/\/fonds-risq.qc.ca\/en\/entreprise\/institut-du-nouveau-monde\/\" target=\"_self\">Institut du Nouveau Monde<\/a><\/h2><span class=\"tg-cats-holder\"><a class=\"filtres_des_entreprises\" href=\"https:\/\/fonds-risq.qc.ca\/en\/filtres_des_entreprises\/2016-en\/\" rel=\"category\" data-term-id=\"224\"><span class=\"tg-item-term\" >2016<\/span><\/a><span>, <\/span><a class=\"filtres_des_entreprises\" href=\"https:\/\/fonds-risq.qc.ca\/en\/filtres_des_entreprises\/capitalization-loan\/\" rel=\"category\" data-term-id=\"148\"><span class=\"tg-item-term\" >Capitalization loan<\/span><\/a><span>, <\/span><a class=\"filtres_des_entreprises\" href=\"https:\/\/fonds-risq.qc.ca\/en\/filtres_des_entreprises\/montreal-en\/\" rel=\"category\" data-term-id=\"128\"><span class=\"tg-item-term\" >Montr\u00e9al<\/span><\/a><span>, <\/span><a class=\"filtres_des_entreprises\" href=\"https:\/\/fonds-risq.qc.ca\/en\/filtres_des_entreprises\/npo\/\" rel=\"category\" data-term-id=\"150\"><span class=\"tg-item-term\" >NPO<\/span><\/a><span>, <\/span><a class=\"filtres_des_entreprises\" href=\"https:\/\/fonds-risq.qc.ca\/en\/filtres_des_entreprises\/services-en\/\" rel=\"category\" data-term-id=\"135\"><span class=\"tg-item-term\" >Services<\/span><\/a><\/span><p class=\"tg-item-excerpt\">L\u2019id\u00e9e de l\u2019Institut du Nouveau Monde remonte au printemps 2003 et elle \u00e9mane d\u2019un groupe d\u2019universitaires r\u00e9unis par MM. G\u00e9rard Bouchard et Michel Venne. Organisation sans but lucratif, ayant le statut d\u2019organisme de bienfaisance,...<\/p><div class=\"tg-item-footer\"><a class=\"tg-item-comment\" href=\"https:\/\/fonds-risq.qc.ca\/en\/entreprise\/institut-du-nouveau-monde\/\"  target=\"_self\">No comment<\/a><span class=\"no-ajaxy to-post-like no-liked empty-heart\" data-post-id=\"9077\" title=\"Like\"><span class=\"to-heart-icon\"><svg xmlns=\"http:\/\/www.w3.org\/2000\/svg\" version=\"1.1\" viewBox=\"0 0 64 64\"><g transform=\"translate(0, 0)\"><path stroke-width=\"6\" stroke-linecap=\"square\" stroke-miterlimit=\"10\" d=\"M1,21c0,20,31,38,31,38s31-18,31-38 c0-8.285-6-16-15-16c-8.285,0-16,5.715-16,14c0-8.285-7.715-14-16-14C7,5,1,12.715,1,21z\"><\/path><\/g><\/svg><\/span><span class=\"to-like-count\">0<\/span><\/span><\/div><\/div><\/div><\/article><!-- The Grid item #416 --><article class=\"tg-item tg-post-9082 kampala f224 f148 f138 f128 f150\" data-row=\"1\" data-col=\"1\"><div class=\"tg-item-inner\"><div class=\"tg-item-media-holder tg-light\"><div class=\"tg-item-media-inner\"><img decoding=\"async\" class=\"tg-item-image\" alt=\"\" width=\"1240\" height=\"700\" src=\"https:\/\/fonds-risq.qc.ca\/wp-content\/uploads\/2016\/11\/Coup-Balai.jpg\"><\/div><div class=\"tg-center-holder\"><div class=\"tg-center-inner\"><div class=\"tg-item-overlay\" style=\"background-color:#0097c8\"><\/div><a class=\"tg-link-button\" href=\"https:\/\/fonds-risq.qc.ca\/en\/entreprise\/coup-de-balai-inc\/\" target=\"_self\"><i class=\"tg-icon-link\"><\/i><\/a><\/div><\/div><div class=\"tg-item-decoration\"><div class=\"triangle-down-right\" style=\"border-color:#0097c8\"><\/div><\/div><div class=\"tg-item-share-holder\"><div class=\"triangle-up-left\" style=\"border-color:#0097c8\"><\/div><i class=\"tg-icon-reply\" style=\"color:#ffffff\"><\/i><div class=\"tg-share-icons\"><a class=\"tg-social-share tg-facebook\" href=\"https:\/\/www.facebook.com\/sharer.php?u=https%3A%2F%2Ffonds-risq.qc.ca%2Fen%2Fentreprise%2Fcoup-de-balai-inc%2F&#038;t=Coup%20de%20balai%20inc.\"><i class=\"tg-icon-facebook\"><\/i><\/a><a class=\"tg-social-share tg-twitter\" href=\"https:\/\/twitter.com\/share?url=https%3A%2F%2Ffonds-risq.qc.ca%2Fen%2Fentreprise%2Fcoup-de-balai-inc%2F&#038;text=Coup%20de%20balai%20inc.\"><i class=\"tg-icon-twitter\"><\/i><\/a><a class=\"tg-social-share tg-google-plus\" href=\"https:\/\/plus.google.com\/share?url=https%3A%2F%2Ffonds-risq.qc.ca%2Fen%2Fentreprise%2Fcoup-de-balai-inc%2F\"><i class=\"tg-icon-google-plus\"><\/i><\/a><a class=\"tg-social-share tg-pinterest\" href=\"https:\/\/pinterest.com\/pin\/create\/button\/?url=https%3A%2F%2Ffonds-risq.qc.ca%2Fen%2Fentreprise%2Fcoup-de-balai-inc%2F&#038;description=Coup%20de%20balai%20inc.&#038;media=https%3A%2F%2Ffonds-risq.qc.ca%2Fwp-content%2Fuploads%2F2016%2F11%2FCoup-Balai.jpg\"><i class=\"tg-icon-pinterest\"><\/i><\/a><\/div><\/div><\/div><div class=\"tg-item-content-holder tg-light image-format\" style=\"background-color:#0097c8\"><span class=\"tg-item-date\">17 November 2016<\/span><h2 class=\"tg-item-title\"><a href=\"https:\/\/fonds-risq.qc.ca\/en\/entreprise\/coup-de-balai-inc\/\" target=\"_self\">Coup de balai inc.<\/a><\/h2><span class=\"tg-cats-holder\"><a class=\"filtres_des_entreprises\" href=\"https:\/\/fonds-risq.qc.ca\/en\/filtres_des_entreprises\/2016-en\/\" rel=\"category\" data-term-id=\"224\"><span class=\"tg-item-term\" >2016<\/span><\/a><span>, <\/span><a class=\"filtres_des_entreprises\" href=\"https:\/\/fonds-risq.qc.ca\/en\/filtres_des_entreprises\/capitalization-loan\/\" rel=\"category\" data-term-id=\"148\"><span class=\"tg-item-term\" >Capitalization loan<\/span><\/a><span>, <\/span><a class=\"filtres_des_entreprises\" href=\"https:\/\/fonds-risq.qc.ca\/en\/filtres_des_entreprises\/housekeeping\/\" rel=\"category\" data-term-id=\"138\"><span class=\"tg-item-term\" >Housekeeping<\/span><\/a><span>, <\/span><a class=\"filtres_des_entreprises\" href=\"https:\/\/fonds-risq.qc.ca\/en\/filtres_des_entreprises\/montreal-en\/\" rel=\"category\" data-term-id=\"128\"><span class=\"tg-item-term\" >Montr\u00e9al<\/span><\/a><span>, <\/span><a class=\"filtres_des_entreprises\" href=\"https:\/\/fonds-risq.qc.ca\/en\/filtres_des_entreprises\/npo\/\" rel=\"category\" data-term-id=\"150\"><span class=\"tg-item-term\" >NPO<\/span><\/a><\/span><p class=\"tg-item-excerpt\">Coup de balai est une entreprise d\u2019\u00e9conomie sociale d\u2019aide \u00e0 domicile qui a comme mission d\u2019offrir des services de qualit\u00e9 et cr\u00e9er des emplois permanent et valorisant....<\/p><div class=\"tg-item-footer\"><a class=\"tg-item-comment\" href=\"https:\/\/fonds-risq.qc.ca\/en\/entreprise\/coup-de-balai-inc\/\"  target=\"_self\">No comment<\/a><span class=\"no-ajaxy to-post-like no-liked empty-heart\" data-post-id=\"9082\" title=\"Like\"><span class=\"to-heart-icon\"><svg xmlns=\"http:\/\/www.w3.org\/2000\/svg\" version=\"1.1\" viewBox=\"0 0 64 64\"><g transform=\"translate(0, 0)\"><path stroke-width=\"6\" stroke-linecap=\"square\" stroke-miterlimit=\"10\" d=\"M1,21c0,20,31,38,31,38s31-18,31-38 c0-8.285-6-16-15-16c-8.285,0-16,5.715-16,14c0-8.285-7.715-14-16-14C7,5,1,12.715,1,21z\"><\/path><\/g><\/svg><\/span><span class=\"to-like-count\">0<\/span><\/span><\/div><\/div><\/div><\/article><!-- The Grid item #417 --><article class=\"tg-item tg-post-9087 kampala f224 f134 f148 f128 f150\" data-row=\"1\" data-col=\"1\"><div class=\"tg-item-inner\"><div class=\"tg-item-media-holder tg-light\"><div class=\"tg-item-media-inner\"><img decoding=\"async\" class=\"tg-item-image\" alt=\"\" width=\"1240\" height=\"700\" src=\"https:\/\/fonds-risq.qc.ca\/wp-content\/uploads\/2016\/11\/TortueBerlue-Img.jpg\"><\/div><div class=\"tg-center-holder\"><div class=\"tg-center-inner\"><div class=\"tg-item-overlay\" style=\"background-color:#0097c8\"><\/div><a class=\"tg-link-button\" href=\"https:\/\/fonds-risq.qc.ca\/en\/entreprise\/theatre-tortue-berlue\/\" target=\"_self\"><i class=\"tg-icon-link\"><\/i><\/a><\/div><\/div><div class=\"tg-item-decoration\"><div class=\"triangle-down-right\" style=\"border-color:#0097c8\"><\/div><\/div><div class=\"tg-item-share-holder\"><div class=\"triangle-up-left\" style=\"border-color:#0097c8\"><\/div><i class=\"tg-icon-reply\" style=\"color:#ffffff\"><\/i><div class=\"tg-share-icons\"><a class=\"tg-social-share tg-facebook\" href=\"https:\/\/www.facebook.com\/sharer.php?u=https%3A%2F%2Ffonds-risq.qc.ca%2Fen%2Fentreprise%2Ftheatre-tortue-berlue%2F&#038;t=Th%C3%A9%C3%A2tre%20Tortue%20Berlue\"><i class=\"tg-icon-facebook\"><\/i><\/a><a class=\"tg-social-share tg-twitter\" href=\"https:\/\/twitter.com\/share?url=https%3A%2F%2Ffonds-risq.qc.ca%2Fen%2Fentreprise%2Ftheatre-tortue-berlue%2F&#038;text=Th%C3%A9%C3%A2tre%20Tortue%20Berlue\"><i class=\"tg-icon-twitter\"><\/i><\/a><a class=\"tg-social-share tg-google-plus\" href=\"https:\/\/plus.google.com\/share?url=https%3A%2F%2Ffonds-risq.qc.ca%2Fen%2Fentreprise%2Ftheatre-tortue-berlue%2F\"><i class=\"tg-icon-google-plus\"><\/i><\/a><a class=\"tg-social-share tg-pinterest\" href=\"https:\/\/pinterest.com\/pin\/create\/button\/?url=https%3A%2F%2Ffonds-risq.qc.ca%2Fen%2Fentreprise%2Ftheatre-tortue-berlue%2F&#038;description=Th%C3%A9%C3%A2tre%20Tortue%20Berlue&#038;media=https%3A%2F%2Ffonds-risq.qc.ca%2Fwp-content%2Fuploads%2F2016%2F11%2FTortueBerlue-Img.jpg\"><i class=\"tg-icon-pinterest\"><\/i><\/a><\/div><\/div><\/div><div class=\"tg-item-content-holder tg-light image-format\" style=\"background-color:#0097c8\"><span class=\"tg-item-date\">17 November 2016<\/span><h2 class=\"tg-item-title\"><a href=\"https:\/\/fonds-risq.qc.ca\/en\/entreprise\/theatre-tortue-berlue\/\" target=\"_self\">Th\u00e9\u00e2tre Tortue Berlue<\/a><\/h2><span class=\"tg-cats-holder\"><a class=\"filtres_des_entreprises\" href=\"https:\/\/fonds-risq.qc.ca\/en\/filtres_des_entreprises\/2016-en\/\" rel=\"category\" data-term-id=\"224\"><span class=\"tg-item-term\" >2016<\/span><\/a><span>, <\/span><a class=\"filtres_des_entreprises\" href=\"https:\/\/fonds-risq.qc.ca\/en\/filtres_des_entreprises\/arts-and-culture\/\" rel=\"category\" data-term-id=\"134\"><span class=\"tg-item-term\" >Arts and culture<\/span><\/a><span>, <\/span><a class=\"filtres_des_entreprises\" href=\"https:\/\/fonds-risq.qc.ca\/en\/filtres_des_entreprises\/capitalization-loan\/\" rel=\"category\" data-term-id=\"148\"><span class=\"tg-item-term\" >Capitalization loan<\/span><\/a><span>, <\/span><a class=\"filtres_des_entreprises\" href=\"https:\/\/fonds-risq.qc.ca\/en\/filtres_des_entreprises\/montreal-en\/\" rel=\"category\" data-term-id=\"128\"><span class=\"tg-item-term\" >Montr\u00e9al<\/span><\/a><span>, <\/span><a class=\"filtres_des_entreprises\" href=\"https:\/\/fonds-risq.qc.ca\/en\/filtres_des_entreprises\/npo\/\" rel=\"category\" data-term-id=\"150\"><span class=\"tg-item-term\" >NPO<\/span><\/a><\/span><p class=\"tg-item-excerpt\">Tortue Berlue, c\u2019est avant tout un th\u00e9\u00e2tre mobile nich\u00e9 dans un autobus qui a pour mission d\u2019offrir des spectacles visant \u00e0 d\u00e9velopper les habilet\u00e9s sociales des enfants de 4 \u00e0 8 ans. La compagnie souhaite rendre la culture accessible...<\/p><div class=\"tg-item-footer\"><a class=\"tg-item-comment\" href=\"https:\/\/fonds-risq.qc.ca\/en\/entreprise\/theatre-tortue-berlue\/\"  target=\"_self\">No comment<\/a><span class=\"no-ajaxy to-post-like no-liked empty-heart\" data-post-id=\"9087\" title=\"Like\"><span class=\"to-heart-icon\"><svg xmlns=\"http:\/\/www.w3.org\/2000\/svg\" version=\"1.1\" viewBox=\"0 0 64 64\"><g transform=\"translate(0, 0)\"><path stroke-width=\"6\" stroke-linecap=\"square\" stroke-miterlimit=\"10\" d=\"M1,21c0,20,31,38,31,38s31-18,31-38 c0-8.285-6-16-15-16c-8.285,0-16,5.715-16,14c0-8.285-7.715-14-16-14C7,5,1,12.715,1,21z\"><\/path><\/g><\/svg><\/span><span class=\"to-like-count\">0<\/span><\/span><\/div><\/div><\/div><\/article><!-- The Grid item #418 --><article class=\"tg-item tg-post-9092 kampala f221 f134 f148 f128 f150\" data-row=\"1\" data-col=\"1\"><div class=\"tg-item-inner\"><div class=\"tg-item-media-holder tg-light\"><div class=\"tg-item-media-inner\"><img decoding=\"async\" class=\"tg-item-image\" alt=\"\" width=\"2000\" height=\"1335\" src=\"https:\/\/fonds-risq.qc.ca\/wp-content\/uploads\/2016\/11\/grand-costumier.jpg\"><\/div><div class=\"tg-center-holder\"><div class=\"tg-center-inner\"><div class=\"tg-item-overlay\" style=\"background-color:#0097c8\"><\/div><a class=\"tg-link-button\" href=\"https:\/\/fonds-risq.qc.ca\/en\/entreprise\/le-grand-costumier\/\" target=\"_self\"><i class=\"tg-icon-link\"><\/i><\/a><\/div><\/div><div class=\"tg-item-decoration\"><div class=\"triangle-down-right\" style=\"border-color:#0097c8\"><\/div><\/div><div class=\"tg-item-share-holder\"><div class=\"triangle-up-left\" style=\"border-color:#0097c8\"><\/div><i class=\"tg-icon-reply\" style=\"color:#ffffff\"><\/i><div class=\"tg-share-icons\"><a class=\"tg-social-share tg-facebook\" href=\"https:\/\/www.facebook.com\/sharer.php?u=https%3A%2F%2Ffonds-risq.qc.ca%2Fen%2Fentreprise%2Fle-grand-costumier%2F&#038;t=Le%20Grand%20Costumier\"><i class=\"tg-icon-facebook\"><\/i><\/a><a class=\"tg-social-share tg-twitter\" href=\"https:\/\/twitter.com\/share?url=https%3A%2F%2Ffonds-risq.qc.ca%2Fen%2Fentreprise%2Fle-grand-costumier%2F&#038;text=Le%20Grand%20Costumier\"><i class=\"tg-icon-twitter\"><\/i><\/a><a class=\"tg-social-share tg-google-plus\" href=\"https:\/\/plus.google.com\/share?url=https%3A%2F%2Ffonds-risq.qc.ca%2Fen%2Fentreprise%2Fle-grand-costumier%2F\"><i class=\"tg-icon-google-plus\"><\/i><\/a><a class=\"tg-social-share tg-pinterest\" href=\"https:\/\/pinterest.com\/pin\/create\/button\/?url=https%3A%2F%2Ffonds-risq.qc.ca%2Fen%2Fentreprise%2Fle-grand-costumier%2F&#038;description=Le%20Grand%20Costumier&#038;media=https%3A%2F%2Ffonds-risq.qc.ca%2Fwp-content%2Fuploads%2F2016%2F11%2Fgrand-costumier.jpg\"><i class=\"tg-icon-pinterest\"><\/i><\/a><\/div><\/div><\/div><div class=\"tg-item-content-holder tg-light image-format\" style=\"background-color:#0097c8\"><span class=\"tg-item-date\">17 November 2016<\/span><h2 class=\"tg-item-title\"><a href=\"https:\/\/fonds-risq.qc.ca\/en\/entreprise\/le-grand-costumier\/\" target=\"_self\">Le Grand Costumier<\/a><\/h2><span class=\"tg-cats-holder\"><a class=\"filtres_des_entreprises\" href=\"https:\/\/fonds-risq.qc.ca\/en\/filtres_des_entreprises\/2015-en\/\" rel=\"category\" data-term-id=\"221\"><span class=\"tg-item-term\" >2015<\/span><\/a><span>, <\/span><a class=\"filtres_des_entreprises\" href=\"https:\/\/fonds-risq.qc.ca\/en\/filtres_des_entreprises\/arts-and-culture\/\" rel=\"category\" data-term-id=\"134\"><span class=\"tg-item-term\" >Arts and culture<\/span><\/a><span>, <\/span><a class=\"filtres_des_entreprises\" href=\"https:\/\/fonds-risq.qc.ca\/en\/filtres_des_entreprises\/capitalization-loan\/\" rel=\"category\" data-term-id=\"148\"><span class=\"tg-item-term\" >Capitalization loan<\/span><\/a><span>, <\/span><a class=\"filtres_des_entreprises\" href=\"https:\/\/fonds-risq.qc.ca\/en\/filtres_des_entreprises\/montreal-en\/\" rel=\"category\" data-term-id=\"128\"><span class=\"tg-item-term\" >Montr\u00e9al<\/span><\/a><span>, <\/span><a class=\"filtres_des_entreprises\" href=\"https:\/\/fonds-risq.qc.ca\/en\/filtres_des_entreprises\/npo\/\" rel=\"category\" data-term-id=\"150\"><span class=\"tg-item-term\" >NPO<\/span><\/a><\/span><p class=\"tg-item-excerpt\">Le Grand Costumier est une entreprise d\u2019\u00e9conomie sociale et un OBNL dont la mission vise \u00e0 pr\u00e9server l\u2019int\u00e9grit\u00e9 de la collection re\u00e7ue de Radio-Canada, \u00e0 la bonifier et \u00e0 en faire la gestion au b\u00e9n\u00e9fice de la cr\u00e9ation artistique. Il...<\/p><div class=\"tg-item-footer\"><a class=\"tg-item-comment\" href=\"https:\/\/fonds-risq.qc.ca\/en\/entreprise\/le-grand-costumier\/\"  target=\"_self\">No comment<\/a><span class=\"no-ajaxy to-post-like no-liked empty-heart\" data-post-id=\"9092\" title=\"Like\"><span class=\"to-heart-icon\"><svg xmlns=\"http:\/\/www.w3.org\/2000\/svg\" version=\"1.1\" viewBox=\"0 0 64 64\"><g transform=\"translate(0, 0)\"><path stroke-width=\"6\" stroke-linecap=\"square\" stroke-miterlimit=\"10\" d=\"M1,21c0,20,31,38,31,38s31-18,31-38 c0-8.285-6-16-15-16c-8.285,0-16,5.715-16,14c0-8.285-7.715-14-16-14C7,5,1,12.715,1,21z\"><\/path><\/g><\/svg><\/span><span class=\"to-like-count\">0<\/span><\/span><\/div><\/div><\/div><\/article><!-- The Grid item #419 --><article class=\"tg-item tg-post-9097 kampala f221 f148 f177 f127 f150 f135\" data-row=\"1\" data-col=\"1\"><div class=\"tg-item-inner\"><div class=\"tg-item-media-holder tg-light\"><div class=\"tg-item-media-inner\"><img decoding=\"async\" class=\"tg-item-image\" alt=\"\" width=\"2048\" height=\"1365\" src=\"https:\/\/fonds-risq.qc.ca\/wp-content\/uploads\/2016\/11\/Photo-Vieux-clocher-Magog.jpg\"><\/div><div class=\"tg-center-holder\"><div class=\"tg-center-inner\"><div class=\"tg-item-overlay\" style=\"background-color:#0097c8\"><\/div><a class=\"tg-link-button\" href=\"https:\/\/fonds-risq.qc.ca\/en\/entreprise\/le-vieux-clocher-de-magog\/\" target=\"_self\"><i class=\"tg-icon-link\"><\/i><\/a><\/div><\/div><div class=\"tg-item-decoration\"><div class=\"triangle-down-right\" style=\"border-color:#0097c8\"><\/div><\/div><div class=\"tg-item-share-holder\"><div class=\"triangle-up-left\" style=\"border-color:#0097c8\"><\/div><i class=\"tg-icon-reply\" style=\"color:#ffffff\"><\/i><div class=\"tg-share-icons\"><a class=\"tg-social-share tg-facebook\" href=\"https:\/\/www.facebook.com\/sharer.php?u=https%3A%2F%2Ffonds-risq.qc.ca%2Fen%2Fentreprise%2Fle-vieux-clocher-de-magog%2F&#038;t=Le%20Vieux%20Clocher%20de%20Magog\"><i class=\"tg-icon-facebook\"><\/i><\/a><a class=\"tg-social-share tg-twitter\" href=\"https:\/\/twitter.com\/share?url=https%3A%2F%2Ffonds-risq.qc.ca%2Fen%2Fentreprise%2Fle-vieux-clocher-de-magog%2F&#038;text=Le%20Vieux%20Clocher%20de%20Magog\"><i class=\"tg-icon-twitter\"><\/i><\/a><a class=\"tg-social-share tg-google-plus\" href=\"https:\/\/plus.google.com\/share?url=https%3A%2F%2Ffonds-risq.qc.ca%2Fen%2Fentreprise%2Fle-vieux-clocher-de-magog%2F\"><i class=\"tg-icon-google-plus\"><\/i><\/a><a class=\"tg-social-share tg-pinterest\" href=\"https:\/\/pinterest.com\/pin\/create\/button\/?url=https%3A%2F%2Ffonds-risq.qc.ca%2Fen%2Fentreprise%2Fle-vieux-clocher-de-magog%2F&#038;description=Le%20Vieux%20Clocher%20de%20Magog&#038;media=https%3A%2F%2Ffonds-risq.qc.ca%2Fwp-content%2Fuploads%2F2016%2F11%2FPhoto-Vieux-clocher-Magog.jpg\"><i class=\"tg-icon-pinterest\"><\/i><\/a><\/div><\/div><\/div><div class=\"tg-item-content-holder tg-light image-format\" style=\"background-color:#0097c8\"><span class=\"tg-item-date\">17 November 2016<\/span><h2 class=\"tg-item-title\"><a href=\"https:\/\/fonds-risq.qc.ca\/en\/entreprise\/le-vieux-clocher-de-magog\/\" target=\"_self\">Le Vieux Clocher de Magog<\/a><\/h2><span class=\"tg-cats-holder\"><a class=\"filtres_des_entreprises\" href=\"https:\/\/fonds-risq.qc.ca\/en\/filtres_des_entreprises\/2015-en\/\" rel=\"category\" data-term-id=\"221\"><span class=\"tg-item-term\" >2015<\/span><\/a><span>, <\/span><a class=\"filtres_des_entreprises\" href=\"https:\/\/fonds-risq.qc.ca\/en\/filtres_des_entreprises\/capitalization-loan\/\" rel=\"category\" data-term-id=\"148\"><span class=\"tg-item-term\" >Capitalization loan<\/span><\/a><span>, <\/span><a class=\"filtres_des_entreprises\" href=\"https:\/\/fonds-risq.qc.ca\/en\/filtres_des_entreprises\/culture-en\/\" rel=\"category\" data-term-id=\"177\"><span class=\"tg-item-term\" >Culture<\/span><\/a><span>, <\/span><a class=\"filtres_des_entreprises\" href=\"https:\/\/fonds-risq.qc.ca\/en\/filtres_des_entreprises\/estrie-en\/\" rel=\"category\" data-term-id=\"127\"><span class=\"tg-item-term\" >Estrie<\/span><\/a><span>, <\/span><a class=\"filtres_des_entreprises\" href=\"https:\/\/fonds-risq.qc.ca\/en\/filtres_des_entreprises\/npo\/\" rel=\"category\" data-term-id=\"150\"><span class=\"tg-item-term\" >NPO<\/span><\/a><span>, <\/span><a class=\"filtres_des_entreprises\" href=\"https:\/\/fonds-risq.qc.ca\/en\/filtres_des_entreprises\/services-en\/\" rel=\"category\" data-term-id=\"135\"><span class=\"tg-item-term\" >Services<\/span><\/a><\/span><p class=\"tg-item-excerpt\">Le Vieux Clocher de Magog a connu de multiples vocations depuis sa construction en 1881. Sa vocation culturelle s\u2019est impos\u00e9e au cours des ann\u00e9es 1970 et l\u2019histoire de la salle de spectacles que l\u2019on conna\u00eet aujourd\u2019hui a d\u00e9but\u00e9...<\/p><div class=\"tg-item-footer\"><a class=\"tg-item-comment\" href=\"https:\/\/fonds-risq.qc.ca\/en\/entreprise\/le-vieux-clocher-de-magog\/\"  target=\"_self\">No comment<\/a><span class=\"no-ajaxy to-post-like no-liked empty-heart\" data-post-id=\"9097\" title=\"Like\"><span class=\"to-heart-icon\"><svg xmlns=\"http:\/\/www.w3.org\/2000\/svg\" version=\"1.1\" viewBox=\"0 0 64 64\"><g transform=\"translate(0, 0)\"><path stroke-width=\"6\" stroke-linecap=\"square\" stroke-miterlimit=\"10\" d=\"M1,21c0,20,31,38,31,38s31-18,31-38 c0-8.285-6-16-15-16c-8.285,0-16,5.715-16,14c0-8.285-7.715-14-16-14C7,5,1,12.715,1,21z\"><\/path><\/g><\/svg><\/span><span class=\"to-like-count\">0<\/span><\/span><\/div><\/div><\/div><\/article><\/div><\/div><!-- The Grid Wrapper End --><\/div><\/div><\/div><\/div><\/div><\/section>\n","protected":false},"excerpt":{"rendered":"[vc_empty_space height=\"300px\"][vc_empty_space height=\"64px\"][vc_empty_space]LE VIEUX CLOCHER DE MAGOG [vc_empty_space height=\"16px\"]Estrie Culture \/ Services Pr\u00eat de capitalisation OBNL [vc_empty_space]Pr\u00e9sentation de l&#8217;entreprise [vc_empty_space height=\"16px\"]Le Vieux Clocher de Magog a connu de multiples vocations depuis sa construction en 1881. Sa vocation culturelle s\u2019est impos\u00e9e au cours des ann\u00e9es 1970 et l\u2019histoire de la salle de spectacles que l\u2019on conna\u00eet...","protected":false},"author":2,"featured_media":0,"parent":5054,"menu_order":0,"comment_status":"closed","ping_status":"closed","template":"","meta":{"inline_featured_image":false,"footnotes":""},"class_list":["post-5056","page","type-page","status-publish","hentry"],"yoast_head":"<!-- This site is optimized with the Yoast SEO plugin v27.5 - https:\/\/yoast.com\/product\/yoast-seo-wordpress\/ -->\n<title>Business portraits - Fonds RISQ<\/title>\n<meta name=\"robots\" content=\"index, follow, max-snippet:-1, max-image-preview:large, max-video-preview:-1\" \/>\n<link rel=\"canonical\" href=\"https:\/\/fonds-risq.qc.ca\/en\/our-impact\/business-portraits\/\" \/>\n<meta property=\"og:locale\" content=\"en_US\" \/>\n<meta property=\"og:type\" content=\"article\" \/>\n<meta property=\"og:title\" content=\"Business portraits - Fonds RISQ\" \/>\n<meta property=\"og:url\" content=\"https:\/\/fonds-risq.qc.ca\/en\/our-impact\/business-portraits\/\" \/>\n<meta property=\"og:site_name\" content=\"Fonds RISQ\" \/>\n<meta property=\"article:publisher\" content=\"https:\/\/www.facebook.com\/R%c3%a9seau-dinvestissement-social-du-Qu%c3%a9bec-1025562200821724\/?fref=ts\" \/>\n<meta property=\"article:modified_time\" content=\"2022-05-18T18:11:33+00:00\" \/>\n<meta name=\"twitter:card\" content=\"summary_large_image\" \/>\n<meta name=\"twitter:label1\" content=\"Est. reading time\" \/>\n\t<meta name=\"twitter:data1\" content=\"1 minute\" \/>\n<script type=\"application\/ld+json\" class=\"yoast-schema-graph\">{\"@context\":\"https:\\\/\\\/schema.org\",\"@graph\":[{\"@type\":\"WebPage\",\"@id\":\"https:\\\/\\\/fonds-risq.qc.ca\\\/en\\\/our-impact\\\/business-portraits\\\/\",\"url\":\"https:\\\/\\\/fonds-risq.qc.ca\\\/en\\\/our-impact\\\/business-portraits\\\/\",\"name\":\"Business portraits - Fonds RISQ\",\"isPartOf\":{\"@id\":\"https:\\\/\\\/fonds-risq.qc.ca\\\/#website\"},\"datePublished\":\"2016-11-07T16:18:00+00:00\",\"dateModified\":\"2022-05-18T18:11:33+00:00\",\"breadcrumb\":{\"@id\":\"https:\\\/\\\/fonds-risq.qc.ca\\\/en\\\/our-impact\\\/business-portraits\\\/#breadcrumb\"},\"inLanguage\":\"en-US\",\"potentialAction\":[{\"@type\":\"ReadAction\",\"target\":[\"https:\\\/\\\/fonds-risq.qc.ca\\\/en\\\/our-impact\\\/business-portraits\\\/\"]}]},{\"@type\":\"BreadcrumbList\",\"@id\":\"https:\\\/\\\/fonds-risq.qc.ca\\\/en\\\/our-impact\\\/business-portraits\\\/#breadcrumb\",\"itemListElement\":[{\"@type\":\"ListItem\",\"position\":1,\"name\":\"Accueil\",\"item\":\"https:\\\/\\\/fonds-risq.qc.ca\\\/en\\\/\"},{\"@type\":\"ListItem\",\"position\":2,\"name\":\"Our impact\",\"item\":\"https:\\\/\\\/fonds-risq.qc.ca\\\/en\\\/our-impact\\\/\"},{\"@type\":\"ListItem\",\"position\":3,\"name\":\"Business portraits\"}]},{\"@type\":\"WebSite\",\"@id\":\"https:\\\/\\\/fonds-risq.qc.ca\\\/#website\",\"url\":\"https:\\\/\\\/fonds-risq.qc.ca\\\/\",\"name\":\"Fonds RISQ\",\"description\":\"R\u00e9seau d&#039;investissement social du Qu\u00e9bec\",\"publisher\":{\"@id\":\"https:\\\/\\\/fonds-risq.qc.ca\\\/#organization\"},\"potentialAction\":[{\"@type\":\"SearchAction\",\"target\":{\"@type\":\"EntryPoint\",\"urlTemplate\":\"https:\\\/\\\/fonds-risq.qc.ca\\\/?s={search_term_string}\"},\"query-input\":{\"@type\":\"PropertyValueSpecification\",\"valueRequired\":true,\"valueName\":\"search_term_string\"}}],\"inLanguage\":\"en-US\"},{\"@type\":\"Organization\",\"@id\":\"https:\\\/\\\/fonds-risq.qc.ca\\\/#organization\",\"name\":\"Fonds-RISQ\",\"url\":\"https:\\\/\\\/fonds-risq.qc.ca\\\/\",\"logo\":{\"@type\":\"ImageObject\",\"inLanguage\":\"en-US\",\"@id\":\"https:\\\/\\\/fonds-risq.qc.ca\\\/#\\\/schema\\\/logo\\\/image\\\/\",\"url\":\"https:\\\/\\\/fonds-risq.qc.ca\\\/wp-content\\\/uploads\\\/2017\\\/03\\\/RISQ-RGB.png\",\"contentUrl\":\"https:\\\/\\\/fonds-risq.qc.ca\\\/wp-content\\\/uploads\\\/2017\\\/03\\\/RISQ-RGB.png\",\"width\":542,\"height\":269,\"caption\":\"Fonds-RISQ\"},\"image\":{\"@id\":\"https:\\\/\\\/fonds-risq.qc.ca\\\/#\\\/schema\\\/logo\\\/image\\\/\"},\"sameAs\":[\"https:\\\/\\\/www.facebook.com\\\/R\u00e9seau-dinvestissement-social-du-Qu\u00e9bec-1025562200821724\\\/?fref=ts\",\"https:\\\/\\\/www.linkedin.com\\\/company-beta\\\/2465762\\\/\"]}]}<\/script>\n<!-- \/ Yoast SEO plugin. -->","yoast_head_json":{"title":"Business portraits - Fonds RISQ","robots":{"index":"index","follow":"follow","max-snippet":"max-snippet:-1","max-image-preview":"max-image-preview:large","max-video-preview":"max-video-preview:-1"},"canonical":"https:\/\/fonds-risq.qc.ca\/en\/our-impact\/business-portraits\/","og_locale":"en_US","og_type":"article","og_title":"Business portraits - Fonds RISQ","og_url":"https:\/\/fonds-risq.qc.ca\/en\/our-impact\/business-portraits\/","og_site_name":"Fonds RISQ","article_publisher":"https:\/\/www.facebook.com\/R%c3%a9seau-dinvestissement-social-du-Qu%c3%a9bec-1025562200821724\/?fref=ts","article_modified_time":"2022-05-18T18:11:33+00:00","twitter_card":"summary_large_image","twitter_misc":{"Est. reading time":"1 minute"},"schema":{"@context":"https:\/\/schema.org","@graph":[{"@type":"WebPage","@id":"https:\/\/fonds-risq.qc.ca\/en\/our-impact\/business-portraits\/","url":"https:\/\/fonds-risq.qc.ca\/en\/our-impact\/business-portraits\/","name":"Business portraits - Fonds RISQ","isPartOf":{"@id":"https:\/\/fonds-risq.qc.ca\/#website"},"datePublished":"2016-11-07T16:18:00+00:00","dateModified":"2022-05-18T18:11:33+00:00","breadcrumb":{"@id":"https:\/\/fonds-risq.qc.ca\/en\/our-impact\/business-portraits\/#breadcrumb"},"inLanguage":"en-US","potentialAction":[{"@type":"ReadAction","target":["https:\/\/fonds-risq.qc.ca\/en\/our-impact\/business-portraits\/"]}]},{"@type":"BreadcrumbList","@id":"https:\/\/fonds-risq.qc.ca\/en\/our-impact\/business-portraits\/#breadcrumb","itemListElement":[{"@type":"ListItem","position":1,"name":"Accueil","item":"https:\/\/fonds-risq.qc.ca\/en\/"},{"@type":"ListItem","position":2,"name":"Our impact","item":"https:\/\/fonds-risq.qc.ca\/en\/our-impact\/"},{"@type":"ListItem","position":3,"name":"Business portraits"}]},{"@type":"WebSite","@id":"https:\/\/fonds-risq.qc.ca\/#website","url":"https:\/\/fonds-risq.qc.ca\/","name":"Fonds RISQ","description":"R\u00e9seau d&#039;investissement social du Qu\u00e9bec","publisher":{"@id":"https:\/\/fonds-risq.qc.ca\/#organization"},"potentialAction":[{"@type":"SearchAction","target":{"@type":"EntryPoint","urlTemplate":"https:\/\/fonds-risq.qc.ca\/?s={search_term_string}"},"query-input":{"@type":"PropertyValueSpecification","valueRequired":true,"valueName":"search_term_string"}}],"inLanguage":"en-US"},{"@type":"Organization","@id":"https:\/\/fonds-risq.qc.ca\/#organization","name":"Fonds-RISQ","url":"https:\/\/fonds-risq.qc.ca\/","logo":{"@type":"ImageObject","inLanguage":"en-US","@id":"https:\/\/fonds-risq.qc.ca\/#\/schema\/logo\/image\/","url":"https:\/\/fonds-risq.qc.ca\/wp-content\/uploads\/2017\/03\/RISQ-RGB.png","contentUrl":"https:\/\/fonds-risq.qc.ca\/wp-content\/uploads\/2017\/03\/RISQ-RGB.png","width":542,"height":269,"caption":"Fonds-RISQ"},"image":{"@id":"https:\/\/fonds-risq.qc.ca\/#\/schema\/logo\/image\/"},"sameAs":["https:\/\/www.facebook.com\/R\u00e9seau-dinvestissement-social-du-Qu\u00e9bec-1025562200821724\/?fref=ts","https:\/\/www.linkedin.com\/company-beta\/2465762\/"]}]}},"_links":{"self":[{"href":"https:\/\/fonds-risq.qc.ca\/en\/wp-json\/wp\/v2\/pages\/5056","targetHints":{"allow":["GET"]}}],"collection":[{"href":"https:\/\/fonds-risq.qc.ca\/en\/wp-json\/wp\/v2\/pages"}],"about":[{"href":"https:\/\/fonds-risq.qc.ca\/en\/wp-json\/wp\/v2\/types\/page"}],"author":[{"embeddable":true,"href":"https:\/\/fonds-risq.qc.ca\/en\/wp-json\/wp\/v2\/users\/2"}],"replies":[{"embeddable":true,"href":"https:\/\/fonds-risq.qc.ca\/en\/wp-json\/wp\/v2\/comments?post=5056"}],"version-history":[{"count":0,"href":"https:\/\/fonds-risq.qc.ca\/en\/wp-json\/wp\/v2\/pages\/5056\/revisions"}],"up":[{"embeddable":true,"href":"https:\/\/fonds-risq.qc.ca\/en\/wp-json\/wp\/v2\/pages\/5054"}],"wp:attachment":[{"href":"https:\/\/fonds-risq.qc.ca\/en\/wp-json\/wp\/v2\/media?parent=5056"}],"curies":[{"name":"wp","href":"https:\/\/api.w.org\/{rel}","templated":true}]}}